{"id":2286,"date":"2022-04-22T15:28:19","date_gmt":"2022-04-22T13:28:19","guid":{"rendered":"https:\/\/dev-vqf.creatives.com\/?page_id=2286"},"modified":"2023-12-15T07:00:24","modified_gmt":"2023-12-15T06:00:24","slug":"sorunuzu-sorun","status":"publish","type":"page","link":"https:\/\/www.violencequefaire.ch\/tr\/sorunuzu-sorun\/","title":{"rendered":"Sorunuzu sorun"},"content":{"rendered":"<div class=\"wpb-content-wrapper\"><p>[vc_row][vc_column]<section class='vqf_section_block text_n_media_block'><div class='vqf_container'><div class='vqf_row'><div class='vqf_full_col'><h2>SORUNUZU SORUN<\/h2><\/div><div><div class='vqf_fixed_width_text'><p>\u015eiddet ma\u011fduru veya faili misiniz, yoksa etraf\u0131n\u0131zda ev i\u00e7i \u015fiddet olan birini tan\u0131yor musunuz? Ac\u0131 \u00e7ekenlerle yaln\u0131z kalmay\u0131n.<\/p><br \/>\n<p>Zor ve ac\u0131 verici bir durum ya\u015f\u0131yorsunuz. Kendinizi yaln\u0131z ve \u00e7aresiz hissediyorsunuz. Bir sorunuz var m\u0131, bilgileri ka\u00e7\u0131r\u0131yor musunuz veya sadece ne oldu\u011funu s\u00f6ylemek mi istiyorsunuz? Deneyimli profesyoneller sizi dinleyecek ve bu sitede size yan\u0131t verecek.<\/p><br \/>\n<p>violencequefaire.ch web sitesi \u0130svi\u00e7re\u2019de yay\u0131nlanm\u0131\u015ft\u0131r. Yaln\u0131zca \u0130svi\u00e7re\u2019de ikamet eden internet kullan\u0131c\u0131lar\u0131 ki\u015fiselle\u015ftirilmi\u015f bir yan\u0131t alabilir.<\/p><br \/>\n<p>Fransa\u2019da yararl\u0131 adresler bulmak i\u00e7in, \u201cSolidarit\u00e9 Femmes Birli\u011fi\u201d (Kad\u0131n Dayan\u0131\u015fma Derne\u011fi), INAVEM veya 3919 numaral\u0131 \u00fccretsiz telefon ile ileti\u015fim kurabilirsiniz. \u015eiddet i\u015fleyenler i\u00e7in FNACAV size yard\u0131mc\u0131 olabilir.<\/p><br \/>\n<p>Avrupa a\u011f DALGASI, size yak\u0131n olan ve isterseniz durumunuza somut yard\u0131m sa\u011flayabilecek organizasyonlar\u0131n ileti\u015fim bilgilerini bulman\u0131za yard\u0131mc\u0131 olmak i\u00e7in de mevcuttur.<\/p><\/div><\/div><\/div><div class='vqf_accordion_block'><div class='accordion_item'><div class='accordion_header'><span class='title'>Ki\u015fisel tavsiye<\/span><\/div><div class='accordion_body'><div class='acc_body_inner'><div class='vqf_fixed_width_text'><p>violencequefaire.ch y\u0131l\u0131nda, sizi ilgilendiren t\u00fcm sorular\u0131, aile i\u00e7i \u015fiddet ma\u011fdurlar\u0131na ve faillerine yard\u0131m etme konusunda uzman ki\u015filere anonim olarak sorabilirsiniz. Onlar\u0131n deneyimleri, durumunuzun karma\u015f\u0131kl\u0131\u011f\u0131n\u0131 anlamalar\u0131na ve sizi desteklemelerine olanak tan\u0131r. Size \u00f6zel ba\u011flam\u0131n\u0131za g\u00f6re uyarlanan tavsiye alacaks\u0131n\u0131z.<\/p><\/div><\/div><\/div><\/div><div class='accordion_item'><div class='accordion_header'><span class='title'>Durumunuz en fazla dikkati \u00e7ekiyor<\/span><\/div><div class='accordion_body'><div class='acc_body_inner'><div class='vqf_fixed_width_text'><p>Sizin durumunuzun o kadar k\u00f6t\u00fc olmad\u0131\u011f\u0131n\u0131 ve \u201cger\u00e7ekten ihtiyac\u0131 olan\u201d ki\u015filere yer b\u0131rakman\u0131z gerekti\u011fini d\u00fc\u015f\u00fcnebilirsiniz. Durumunuzun di\u011ferleri kadar \u00f6nemli oldu\u011funu bilin. Bu site, \u015fiddet olaylar\u0131ndan etkilenen herkes i\u00e7in, size adamak i\u00e7in zaman\u0131m\u0131z var.<\/p><\/div><\/div><\/div><\/div><div class='accordion_item'><div class='accordion_header'><span class='title'>\u0130svi\u00e7re\u2019de bir g\u00f6\u00e7men ve yasal bir sorunuz var<\/span><\/div><div class='accordion_body'><div class='acc_body_inner'><div class='vqf_fixed_width_text'><p>Bir \u0130svi\u00e7re g\u00f6\u00e7meni iseniz, \u00e7iftinizde \u015fiddet ile ya\u015f\u0131yorsunuz ve size baz\u0131 yasal \u00f6neriler mi almak istiyorsunuz? Bizimle ileti\u015fime ge\u00e7mekte \u00e7ekinmeyin.<br \/>\n<br \/>\n- Bern kantonu i\u00e7in<br \/>\nMerkez sosyal protestan (CSP) \u2013 info@csp-beju.ch<br \/>\n<br \/>\n- Fribourg kantonu i\u00e7in:<br \/>\nCCSI\/SOS-info@ccsi-fr.ch<br \/>\nCaritas-info@caritas-fr.ch<br \/>\n<br \/>\n- Cenevre kantonu i\u00e7in:<br \/>\nMerkez sosyal protestan (CSP) \u2013 info@csp-ge.ch<br \/>\n<br \/>\n- Jura kantonu i\u00e7in:<br \/>\nMerkez sosyal protestan (CSP) \u2013 consultation@csp-beju.ch<br \/>\n<br \/>\n- Neuch\u00e2tel kantonu i\u00e7in:<br \/>\nCaritas-caritas.neuchatel@ne.ch<br \/>\n<br \/>\n- Valais kantonu i\u00e7in:<br \/>\nMerkez Suisse-Immigr\u00e9s-csivs@bluewin.ch<br \/>\n<br \/>\n- Vaud kantonu i\u00e7in:<br \/>\nThe Fraternit\u00e9 du Center sosyal testi (CSP) \u2013 frat@csp-vd.ch<\/p><\/div><\/div><\/div><\/div><div class='accordion_item'><div class='accordion_header'><span class='title'>Nas\u0131l soru sorars\u0131n\u0131z<\/span><\/div><div class='accordion_body'><div class='acc_body_inner'><div class='vqf_fixed_width_text'><p>Bir soru sormak i\u00e7in sitemize bir kullan\u0131c\u0131 ad\u0131 ve parola ile kaydolman\u0131z yeterli. Hizmet \u00fccretsizdir. Hen\u00fcz eri\u015fiminiz yoksa, a\u015fa\u011f\u0131daki Espace Perso\u2019ya (ki\u015fisel alan) kaydolabilirsiniz. \u00c7ok basit ve \u00e7ok h\u0131zl\u0131. Daha sonra sorunuzu sorabilirsiniz ve size en iyi zamanda yan\u0131t verece\u011fiz. Genellikle yan\u0131t s\u00fcremiz \u00fc\u00e7 i\u015f g\u00fcnd\u00fcr, Ancak, Frans\u0131zca d\u0131\u015f\u0131ndaki dillerde sorulan sorular biraz daha uzun s\u00fcrebilir. Yan\u0131t\u0131m\u0131z\u0131 g\u00f6rmek i\u00e7in, kullan\u0131c\u0131 ad\u0131n\u0131zla hesab\u0131n\u0131zda oturum a\u00e7man\u0131z ve ard\u0131ndan \u201cMon Compte\u201d (Hesab\u0131m) d\u00fc\u011fmesini t\u0131klatman\u0131z gerekir.<\/p><\/div><\/div><\/div><\/div><div class='accordion_item'><div class='accordion_header'><span class='title'>Bu dillerde soru sorabilirsiniz<\/span><\/div><div class='accordion_body'><div class='acc_body_inner'><div class='vqf_fixed_width_text'><p>- Almanca<br \/>\n- \u0130ngilizce \u2013 \u0130ngilizce<br \/>\n- Ses\/ses\/ses\/ses\/ses\/ses\/ses\/ses\/ses\/ses\/ses\/ses\/ses\/ses\/ses\/ses<br \/>\n- Espa\u00f1ol \u2013 \u0130spanyolca<br \/>\n- Italiano \u2013 \u0130talyanca<br \/>\n- Polski \u2013 Leh\u00e7e<br \/>\n- Portekizce<br \/>\n- Bosanski-hrvatski-srpski-Bosnal\u0131\/H\u0131rvat\u00e7a\/S\u0131rp\u00e7a<br \/>\n- Soomaali \u2013 Somali<br \/>\n- Tamil<br \/>\n- T\u00fcrk\u00e7e \u2013 T\u00fcrk\u00e7e<\/p><\/div><\/div><\/div><\/div><\/div><\/div><\/section>[\/vc_column][\/vc_row]<\/p>\n<\/div>","protected":false},"excerpt":{"rendered":"<p>[vc_row][vc_column][\/vc_column][\/vc_row]<\/p>\n","protected":false},"author":16,"featured_media":0,"parent":0,"menu_order":0,"comment_status":"closed","ping_status":"closed","template":"","meta":{"_acf_changed":false,"footnotes":""},"class_list":["post-2286","page","type-page","status-publish","hentry"],"acf":[],"yoast_head":"<!-- This site is optimized with the Yoast SEO plugin v27.3 - https:\/\/yoast.com\/product\/yoast-seo-wordpress\/ -->\n<title>Sorunuzu sorun &#8226; Violence que faire ?<\/title>\n<meta name=\"robots\" content=\"index, follow, max-snippet:-1, max-image-preview:large, max-video-preview:-1\" \/>\n<link rel=\"canonical\" href=\"https:\/\/www.violencequefaire.ch\/tr\/sorunuzu-sorun\/\" \/>\n<meta property=\"og:locale\" content=\"tr_TR\" \/>\n<meta property=\"og:type\" content=\"article\" \/>\n<meta property=\"og:title\" content=\"Sorunuzu sorun &#8226; Violence que faire ?\" \/>\n<meta property=\"og:description\" content=\"[vc_row][vc_column][\/vc_column][\/vc_row]\" \/>\n<meta property=\"og:url\" content=\"https:\/\/www.violencequefaire.ch\/tr\/sorunuzu-sorun\/\" \/>\n<meta property=\"og:site_name\" content=\"Violence que faire ?\" \/>\n<meta property=\"article:modified_time\" content=\"2023-12-15T06:00:24+00:00\" \/>\n<meta name=\"twitter:card\" content=\"summary_large_image\" \/>\n<meta name=\"twitter:label1\" content=\"Tahmini okuma s\u00fcresi\" \/>\n\t<meta name=\"twitter:data1\" content=\"1 dakika\" \/>\n<script type=\"application\/ld+json\" class=\"yoast-schema-graph\">{\"@context\":\"https:\\\/\\\/schema.org\",\"@graph\":[{\"@type\":\"WebPage\",\"@id\":\"https:\\\/\\\/www.violencequefaire.ch\\\/tr\\\/sorunuzu-sorun\\\/\",\"url\":\"https:\\\/\\\/www.violencequefaire.ch\\\/tr\\\/sorunuzu-sorun\\\/\",\"name\":\"Sorunuzu sorun &#8226; Violence que faire ?\",\"isPartOf\":{\"@id\":\"https:\\\/\\\/www.violencequefaire.ch\\\/tr\\\/#website\"},\"datePublished\":\"2022-04-22T13:28:19+00:00\",\"dateModified\":\"2023-12-15T06:00:24+00:00\",\"breadcrumb\":{\"@id\":\"https:\\\/\\\/www.violencequefaire.ch\\\/tr\\\/sorunuzu-sorun\\\/#breadcrumb\"},\"inLanguage\":\"tr\",\"potentialAction\":[{\"@type\":\"ReadAction\",\"target\":[\"https:\\\/\\\/www.violencequefaire.ch\\\/tr\\\/sorunuzu-sorun\\\/\"]}]},{\"@type\":\"BreadcrumbList\",\"@id\":\"https:\\\/\\\/www.violencequefaire.ch\\\/tr\\\/sorunuzu-sorun\\\/#breadcrumb\",\"itemListElement\":[{\"@type\":\"ListItem\",\"position\":1,\"name\":\"Ev\",\"item\":\"https:\\\/\\\/www.violencequefaire.ch\\\/tr\\\/\"},{\"@type\":\"ListItem\",\"position\":2,\"name\":\"Sorunuzu sorun\"}]},{\"@type\":\"WebSite\",\"@id\":\"https:\\\/\\\/www.violencequefaire.ch\\\/tr\\\/#website\",\"url\":\"https:\\\/\\\/www.violencequefaire.ch\\\/tr\\\/\",\"name\":\"Violence que faire\",\"description\":\"Des sp\u00e9cialistes r\u00e9pondent personnellement \u00e0 vos questions anonymes sur la violence au sein du couple.\",\"publisher\":{\"@id\":\"https:\\\/\\\/www.violencequefaire.ch\\\/tr\\\/#organization\"},\"alternateName\":\"Violenza Cosa Fare\",\"potentialAction\":[{\"@type\":\"SearchAction\",\"target\":{\"@type\":\"EntryPoint\",\"urlTemplate\":\"https:\\\/\\\/www.violencequefaire.ch\\\/tr\\\/?s={search_term_string}\"},\"query-input\":{\"@type\":\"PropertyValueSpecification\",\"valueRequired\":true,\"valueName\":\"search_term_string\"}}],\"inLanguage\":\"tr\"},{\"@type\":\"Organization\",\"@id\":\"https:\\\/\\\/www.violencequefaire.ch\\\/tr\\\/#organization\",\"name\":\"Violence que faire ?\",\"url\":\"https:\\\/\\\/www.violencequefaire.ch\\\/tr\\\/\",\"logo\":{\"@type\":\"ImageObject\",\"inLanguage\":\"tr\",\"@id\":\"https:\\\/\\\/www.violencequefaire.ch\\\/tr\\\/#\\\/schema\\\/logo\\\/image\\\/\",\"url\":\"https:\\\/\\\/www.violencequefaire.ch\\\/wp-content\\\/uploads\\\/2022\\\/04\\\/VQF_LOGO_neutre.jpg\",\"contentUrl\":\"https:\\\/\\\/www.violencequefaire.ch\\\/wp-content\\\/uploads\\\/2022\\\/04\\\/VQF_LOGO_neutre.jpg\",\"width\":253,\"height\":376,\"caption\":\"Violence que faire ?\"},\"image\":{\"@id\":\"https:\\\/\\\/www.violencequefaire.ch\\\/tr\\\/#\\\/schema\\\/logo\\\/image\\\/\"}}]}<\/script>\n<!-- \/ Yoast SEO plugin. -->","yoast_head_json":{"title":"Sorunuzu sorun &#8226; Violence que faire ?","robots":{"index":"index","follow":"follow","max-snippet":"max-snippet:-1","max-image-preview":"max-image-preview:large","max-video-preview":"max-video-preview:-1"},"canonical":"https:\/\/www.violencequefaire.ch\/tr\/sorunuzu-sorun\/","og_locale":"tr_TR","og_type":"article","og_title":"Sorunuzu sorun &#8226; Violence que faire ?","og_description":"[vc_row][vc_column][\/vc_column][\/vc_row]","og_url":"https:\/\/www.violencequefaire.ch\/tr\/sorunuzu-sorun\/","og_site_name":"Violence que faire ?","article_modified_time":"2023-12-15T06:00:24+00:00","twitter_card":"summary_large_image","twitter_misc":{"Tahmini okuma s\u00fcresi":"1 dakika"},"schema":{"@context":"https:\/\/schema.org","@graph":[{"@type":"WebPage","@id":"https:\/\/www.violencequefaire.ch\/tr\/sorunuzu-sorun\/","url":"https:\/\/www.violencequefaire.ch\/tr\/sorunuzu-sorun\/","name":"Sorunuzu sorun &#8226; Violence que faire ?","isPartOf":{"@id":"https:\/\/www.violencequefaire.ch\/tr\/#website"},"datePublished":"2022-04-22T13:28:19+00:00","dateModified":"2023-12-15T06:00:24+00:00","breadcrumb":{"@id":"https:\/\/www.violencequefaire.ch\/tr\/sorunuzu-sorun\/#breadcrumb"},"inLanguage":"tr","potentialAction":[{"@type":"ReadAction","target":["https:\/\/www.violencequefaire.ch\/tr\/sorunuzu-sorun\/"]}]},{"@type":"BreadcrumbList","@id":"https:\/\/www.violencequefaire.ch\/tr\/sorunuzu-sorun\/#breadcrumb","itemListElement":[{"@type":"ListItem","position":1,"name":"Ev","item":"https:\/\/www.violencequefaire.ch\/tr\/"},{"@type":"ListItem","position":2,"name":"Sorunuzu sorun"}]},{"@type":"WebSite","@id":"https:\/\/www.violencequefaire.ch\/tr\/#website","url":"https:\/\/www.violencequefaire.ch\/tr\/","name":"Violence que faire","description":"Des sp\u00e9cialistes r\u00e9pondent personnellement \u00e0 vos questions anonymes sur la violence au sein du couple.","publisher":{"@id":"https:\/\/www.violencequefaire.ch\/tr\/#organization"},"alternateName":"Violenza Cosa Fare","potentialAction":[{"@type":"SearchAction","target":{"@type":"EntryPoint","urlTemplate":"https:\/\/www.violencequefaire.ch\/tr\/?s={search_term_string}"},"query-input":{"@type":"PropertyValueSpecification","valueRequired":true,"valueName":"search_term_string"}}],"inLanguage":"tr"},{"@type":"Organization","@id":"https:\/\/www.violencequefaire.ch\/tr\/#organization","name":"Violence que faire ?","url":"https:\/\/www.violencequefaire.ch\/tr\/","logo":{"@type":"ImageObject","inLanguage":"tr","@id":"https:\/\/www.violencequefaire.ch\/tr\/#\/schema\/logo\/image\/","url":"https:\/\/www.violencequefaire.ch\/wp-content\/uploads\/2022\/04\/VQF_LOGO_neutre.jpg","contentUrl":"https:\/\/www.violencequefaire.ch\/wp-content\/uploads\/2022\/04\/VQF_LOGO_neutre.jpg","width":253,"height":376,"caption":"Violence que faire ?"},"image":{"@id":"https:\/\/www.violencequefaire.ch\/tr\/#\/schema\/logo\/image\/"}}]}},"_links":{"self":[{"href":"https:\/\/www.violencequefaire.ch\/tr\/wp-json\/wp\/v2\/pages\/2286","targetHints":{"allow":["GET"]}}],"collection":[{"href":"https:\/\/www.violencequefaire.ch\/tr\/wp-json\/wp\/v2\/pages"}],"about":[{"href":"https:\/\/www.violencequefaire.ch\/tr\/wp-json\/wp\/v2\/types\/page"}],"author":[{"embeddable":true,"href":"https:\/\/www.violencequefaire.ch\/tr\/wp-json\/wp\/v2\/users\/16"}],"replies":[{"embeddable":true,"href":"https:\/\/www.violencequefaire.ch\/tr\/wp-json\/wp\/v2\/comments?post=2286"}],"version-history":[{"count":5,"href":"https:\/\/www.violencequefaire.ch\/tr\/wp-json\/wp\/v2\/pages\/2286\/revisions"}],"predecessor-version":[{"id":5497,"href":"https:\/\/www.violencequefaire.ch\/tr\/wp-json\/wp\/v2\/pages\/2286\/revisions\/5497"}],"wp:attachment":[{"href":"https:\/\/www.violencequefaire.ch\/tr\/wp-json\/wp\/v2\/media?parent=2286"}],"curies":[{"name":"wp","href":"https:\/\/api.w.org\/{rel}","templated":true}]}}