{"id":2250,"date":"2022-03-25T15:06:46","date_gmt":"2022-03-25T14:06:46","guid":{"rendered":"https:\/\/dev-vqf.creatives.com\/?page_id=2250"},"modified":"2023-12-15T07:08:13","modified_gmt":"2023-12-15T06:08:13","slug":"cocuklar","status":"publish","type":"page","link":"https:\/\/www.violencequefaire.ch\/tr\/cocuklar\/","title":{"rendered":"\u00c7ocuklar"},"content":{"rendered":"<div class=\"wpb-content-wrapper\"><p>[vc_row][vc_column]<section class='vqf_section_block block_background'><div class='vqf_container'><div class='vqf_row'><div class='vqf_full_col'><h2>\u00c7OCUKLAR \u015e\u0130DDETE G\u00d6R\u00dcYOR<\/h2><div class='vqf_fixed_width_text'>\u015eiddet ortam\u0131nda ya\u015fayan \u00e7ocuklar \u015fiddetten zarar g\u00f6r\u00fcrler, k\u00f6t\u00fc etkilenirler. Anla\u015f\u0131lmaz ve \u00f6ng\u00f6r\u00fclmez \u015fiddet patlamalar\u0131 kar\u015f\u0131s\u0131nda \u00e7ocuklar allak bullak olurlar. Bu \u201caile s\u0131rr\u0131n\u0131n\u201d y\u00fck\u00fc \u00e7ocuklarda \u00fcz\u00fcnt\u00fc, duygusal \u0131zd\u0131rap, kayg\u0131 ve emniyetsizlik duygusu yarat\u0131r.<\/p>\n<p>Genelde \u00e7ocuklar \u015fiddetten kendilerini su\u00e7lu ve durumu d\u00fczeltmekle sorumlu hissederler.<\/p>\n<p>Dolay\u0131s\u0131yla farkl\u0131 rahats\u0131zl\u0131klar ba\u015f g\u00f6sterir: yata\u011fa idrar yapma, uyku sorunlar\u0131, yemek sorunlar\u0131, kar\u0131n, ba\u015f a\u011fr\u0131lar\u0131, sald\u0131rganl\u0131k, i\u00e7ine kapanma, veya \u00f6\u011frenme zorluklar\u0131.<\/p>\n<p>\u00d6zellikle bebekler tehlike alt\u0131ndad\u0131rlar \u00e7\u00fcnk\u00fc anneye at\u0131lan dayak onlara da gelir.<\/p>\n<p>Sald\u0131r\u0131lar\u0131n h\u00fck\u00fcm s\u00fcrd\u00fcg\u00fc aile ortam\u0131nda ya\u015fayan \u00e7ocuklar\u0131n \u015fiddeti s\u0131randan bir \u015fey gibi g\u00f6rme riskleri vard\u0131r. Bu durum \u00e7ocuklar\u0131 \u015fiddetin kabul edilebilir bir davran\u0131\u015f oldu\u011funa inanmaya s\u00fcr\u00fckler.<\/p>\n<p>Bir yak\u0131n\u0131n\u0131za (aileden biri \/ bir arkada\u015f) veya profesyonel biriyle konu\u015farak \u015fiddeti \u00f6nleyebilirsiniz.<\/p>\n<p>Yaln\u0131z kalmay\u0131n.<\/div><\/div><\/div><\/div><\/section>[\/vc_column][\/vc_row]<\/p>\n<\/div>","protected":false},"excerpt":{"rendered":"<p>[vc_row][vc_column][\/vc_column][\/vc_row]<\/p>\n","protected":false},"author":16,"featured_media":0,"parent":0,"menu_order":0,"comment_status":"closed","ping_status":"closed","template":"","meta":{"_acf_changed":false,"footnotes":""},"class_list":["post-2250","page","type-page","status-publish","hentry"],"acf":[],"yoast_head":"<!-- This site is optimized with the Yoast SEO plugin v27.3 - https:\/\/yoast.com\/product\/yoast-seo-wordpress\/ -->\n<title>\u00c7ocuklar &#8226; Violence que faire ?<\/title>\n<meta name=\"robots\" content=\"index, follow, max-snippet:-1, max-image-preview:large, max-video-preview:-1\" \/>\n<link rel=\"canonical\" href=\"https:\/\/www.violencequefaire.ch\/tr\/cocuklar\/\" \/>\n<meta property=\"og:locale\" content=\"tr_TR\" \/>\n<meta property=\"og:type\" content=\"article\" \/>\n<meta property=\"og:title\" content=\"\u00c7ocuklar &#8226; Violence que faire ?\" \/>\n<meta property=\"og:description\" content=\"[vc_row][vc_column][\/vc_column][\/vc_row]\" \/>\n<meta property=\"og:url\" content=\"https:\/\/www.violencequefaire.ch\/tr\/cocuklar\/\" \/>\n<meta property=\"og:site_name\" content=\"Violence que faire ?\" \/>\n<meta property=\"article:modified_time\" content=\"2023-12-15T06:08:13+00:00\" \/>\n<meta name=\"twitter:card\" content=\"summary_large_image\" \/>\n<meta name=\"twitter:label1\" content=\"Tahmini okuma s\u00fcresi\" \/>\n\t<meta name=\"twitter:data1\" content=\"1 dakika\" \/>\n<script type=\"application\/ld+json\" class=\"yoast-schema-graph\">{\"@context\":\"https:\\\/\\\/schema.org\",\"@graph\":[{\"@type\":\"WebPage\",\"@id\":\"https:\\\/\\\/www.violencequefaire.ch\\\/tr\\\/cocuklar\\\/\",\"url\":\"https:\\\/\\\/www.violencequefaire.ch\\\/tr\\\/cocuklar\\\/\",\"name\":\"\u00c7ocuklar &#8226; Violence que faire ?\",\"isPartOf\":{\"@id\":\"https:\\\/\\\/www.violencequefaire.ch\\\/tr\\\/#website\"},\"datePublished\":\"2022-03-25T14:06:46+00:00\",\"dateModified\":\"2023-12-15T06:08:13+00:00\",\"breadcrumb\":{\"@id\":\"https:\\\/\\\/www.violencequefaire.ch\\\/tr\\\/cocuklar\\\/#breadcrumb\"},\"inLanguage\":\"tr\",\"potentialAction\":[{\"@type\":\"ReadAction\",\"target\":[\"https:\\\/\\\/www.violencequefaire.ch\\\/tr\\\/cocuklar\\\/\"]}]},{\"@type\":\"BreadcrumbList\",\"@id\":\"https:\\\/\\\/www.violencequefaire.ch\\\/tr\\\/cocuklar\\\/#breadcrumb\",\"itemListElement\":[{\"@type\":\"ListItem\",\"position\":1,\"name\":\"Ev\",\"item\":\"https:\\\/\\\/www.violencequefaire.ch\\\/tr\\\/\"},{\"@type\":\"ListItem\",\"position\":2,\"name\":\"\u00c7ocuklar\"}]},{\"@type\":\"WebSite\",\"@id\":\"https:\\\/\\\/www.violencequefaire.ch\\\/tr\\\/#website\",\"url\":\"https:\\\/\\\/www.violencequefaire.ch\\\/tr\\\/\",\"name\":\"Violence que faire\",\"description\":\"Des sp\u00e9cialistes r\u00e9pondent personnellement \u00e0 vos questions anonymes sur la violence au sein du couple.\",\"publisher\":{\"@id\":\"https:\\\/\\\/www.violencequefaire.ch\\\/tr\\\/#organization\"},\"alternateName\":\"Violenza Cosa Fare\",\"potentialAction\":[{\"@type\":\"SearchAction\",\"target\":{\"@type\":\"EntryPoint\",\"urlTemplate\":\"https:\\\/\\\/www.violencequefaire.ch\\\/tr\\\/?s={search_term_string}\"},\"query-input\":{\"@type\":\"PropertyValueSpecification\",\"valueRequired\":true,\"valueName\":\"search_term_string\"}}],\"inLanguage\":\"tr\"},{\"@type\":\"Organization\",\"@id\":\"https:\\\/\\\/www.violencequefaire.ch\\\/tr\\\/#organization\",\"name\":\"Violence que faire ?\",\"url\":\"https:\\\/\\\/www.violencequefaire.ch\\\/tr\\\/\",\"logo\":{\"@type\":\"ImageObject\",\"inLanguage\":\"tr\",\"@id\":\"https:\\\/\\\/www.violencequefaire.ch\\\/tr\\\/#\\\/schema\\\/logo\\\/image\\\/\",\"url\":\"https:\\\/\\\/www.violencequefaire.ch\\\/wp-content\\\/uploads\\\/2022\\\/04\\\/VQF_LOGO_neutre.jpg\",\"contentUrl\":\"https:\\\/\\\/www.violencequefaire.ch\\\/wp-content\\\/uploads\\\/2022\\\/04\\\/VQF_LOGO_neutre.jpg\",\"width\":253,\"height\":376,\"caption\":\"Violence que faire ?\"},\"image\":{\"@id\":\"https:\\\/\\\/www.violencequefaire.ch\\\/tr\\\/#\\\/schema\\\/logo\\\/image\\\/\"}}]}<\/script>\n<!-- \/ Yoast SEO plugin. -->","yoast_head_json":{"title":"\u00c7ocuklar &#8226; Violence que faire ?","robots":{"index":"index","follow":"follow","max-snippet":"max-snippet:-1","max-image-preview":"max-image-preview:large","max-video-preview":"max-video-preview:-1"},"canonical":"https:\/\/www.violencequefaire.ch\/tr\/cocuklar\/","og_locale":"tr_TR","og_type":"article","og_title":"\u00c7ocuklar &#8226; Violence que faire ?","og_description":"[vc_row][vc_column][\/vc_column][\/vc_row]","og_url":"https:\/\/www.violencequefaire.ch\/tr\/cocuklar\/","og_site_name":"Violence que faire ?","article_modified_time":"2023-12-15T06:08:13+00:00","twitter_card":"summary_large_image","twitter_misc":{"Tahmini okuma s\u00fcresi":"1 dakika"},"schema":{"@context":"https:\/\/schema.org","@graph":[{"@type":"WebPage","@id":"https:\/\/www.violencequefaire.ch\/tr\/cocuklar\/","url":"https:\/\/www.violencequefaire.ch\/tr\/cocuklar\/","name":"\u00c7ocuklar &#8226; Violence que faire ?","isPartOf":{"@id":"https:\/\/www.violencequefaire.ch\/tr\/#website"},"datePublished":"2022-03-25T14:06:46+00:00","dateModified":"2023-12-15T06:08:13+00:00","breadcrumb":{"@id":"https:\/\/www.violencequefaire.ch\/tr\/cocuklar\/#breadcrumb"},"inLanguage":"tr","potentialAction":[{"@type":"ReadAction","target":["https:\/\/www.violencequefaire.ch\/tr\/cocuklar\/"]}]},{"@type":"BreadcrumbList","@id":"https:\/\/www.violencequefaire.ch\/tr\/cocuklar\/#breadcrumb","itemListElement":[{"@type":"ListItem","position":1,"name":"Ev","item":"https:\/\/www.violencequefaire.ch\/tr\/"},{"@type":"ListItem","position":2,"name":"\u00c7ocuklar"}]},{"@type":"WebSite","@id":"https:\/\/www.violencequefaire.ch\/tr\/#website","url":"https:\/\/www.violencequefaire.ch\/tr\/","name":"Violence que faire","description":"Des sp\u00e9cialistes r\u00e9pondent personnellement \u00e0 vos questions anonymes sur la violence au sein du couple.","publisher":{"@id":"https:\/\/www.violencequefaire.ch\/tr\/#organization"},"alternateName":"Violenza Cosa Fare","potentialAction":[{"@type":"SearchAction","target":{"@type":"EntryPoint","urlTemplate":"https:\/\/www.violencequefaire.ch\/tr\/?s={search_term_string}"},"query-input":{"@type":"PropertyValueSpecification","valueRequired":true,"valueName":"search_term_string"}}],"inLanguage":"tr"},{"@type":"Organization","@id":"https:\/\/www.violencequefaire.ch\/tr\/#organization","name":"Violence que faire ?","url":"https:\/\/www.violencequefaire.ch\/tr\/","logo":{"@type":"ImageObject","inLanguage":"tr","@id":"https:\/\/www.violencequefaire.ch\/tr\/#\/schema\/logo\/image\/","url":"https:\/\/www.violencequefaire.ch\/wp-content\/uploads\/2022\/04\/VQF_LOGO_neutre.jpg","contentUrl":"https:\/\/www.violencequefaire.ch\/wp-content\/uploads\/2022\/04\/VQF_LOGO_neutre.jpg","width":253,"height":376,"caption":"Violence que faire ?"},"image":{"@id":"https:\/\/www.violencequefaire.ch\/tr\/#\/schema\/logo\/image\/"}}]}},"_links":{"self":[{"href":"https:\/\/www.violencequefaire.ch\/tr\/wp-json\/wp\/v2\/pages\/2250","targetHints":{"allow":["GET"]}}],"collection":[{"href":"https:\/\/www.violencequefaire.ch\/tr\/wp-json\/wp\/v2\/pages"}],"about":[{"href":"https:\/\/www.violencequefaire.ch\/tr\/wp-json\/wp\/v2\/types\/page"}],"author":[{"embeddable":true,"href":"https:\/\/www.violencequefaire.ch\/tr\/wp-json\/wp\/v2\/users\/16"}],"replies":[{"embeddable":true,"href":"https:\/\/www.violencequefaire.ch\/tr\/wp-json\/wp\/v2\/comments?post=2250"}],"version-history":[{"count":3,"href":"https:\/\/www.violencequefaire.ch\/tr\/wp-json\/wp\/v2\/pages\/2250\/revisions"}],"predecessor-version":[{"id":5499,"href":"https:\/\/www.violencequefaire.ch\/tr\/wp-json\/wp\/v2\/pages\/2250\/revisions\/5499"}],"wp:attachment":[{"href":"https:\/\/www.violencequefaire.ch\/tr\/wp-json\/wp\/v2\/media?parent=2250"}],"curies":[{"name":"wp","href":"https:\/\/api.w.org\/{rel}","templated":true}]}}