{"id":2229,"date":"2022-03-25T15:03:20","date_gmt":"2022-03-25T14:03:20","guid":{"rendered":"https:\/\/dev-vqf.creatives.com\/?page_id=2229"},"modified":"2023-12-15T07:12:21","modified_gmt":"2023-12-15T06:12:21","slug":"isvicrede-bir-gocmensiniz-ve-yasal-bir-sorunuz-var","status":"publish","type":"page","link":"https:\/\/www.violencequefaire.ch\/tr\/isvicrede-bir-gocmensiniz-ve-yasal-bir-sorunuz-var\/","title":{"rendered":"\u0130svi\u00e7re&#8217;de bir g\u00f6\u00e7mensiniz ve yasal bir sorunuz var"},"content":{"rendered":"<div class=\"wpb-content-wrapper\"><p>[vc_row][vc_column]<section class='vqf_section_block'><div class='vqf_container'><div class='vqf_row'><div class='vqf_full_col'><h2>\u0130SVI\u00c7RE\u2019DE BIR G\u00d6\u00c7MENSINIZ VE YASAL BIR SORUNUZ VAR<\/h2><\/div><\/div><\/div><\/section>[\/vc_column][\/vc_row][vc_row][vc_column]<section class='vqf_section_block block_background'><div class='vqf_container'><div class='vqf_row'><div class='vqf_full_col'><h2>Tan\u0131m<\/h2><div class='vqf_fixed_width_text'>\u0130svi\u00e7re\u2019de g\u00f6\u00e7mensiniz, \u00e7iftler aras\u0131 \u015fiddet g\u00f6r\u00fcyorsunuz ve hukuksal alanda sorular\u0131n\u0131z var. Asa\u011f\u0131daki yerlerle irtibata ge\u00e7mekten ka\u00e7\u0131nmay\u0131n.<\/p>\n<ul class=\"contact-juridiques-immigre\">\n<li>Bern kantonu i\u00e7in:<br \/>\n<a href=\"https:\/\/csp.ch\/berne-jura\/\" target=\"_blanc\" rel=\"noopener\">CSP protestan sosyal merkezi<\/a>\u00a0\u2013\u00a0<a href=\"mailto:info@%63%73p-bej%75%2ech\">info@csp-beju.ch<\/a><\/li>\n<li>Fribourg (Friburg) kantonu i\u00e7in:<br \/>\n<a href=\"http:\/\/ccsi-fr.ch\/fr_FR\/\" target=\"_blanc\" rel=\"noopener\">Le CCSI\/SOS<\/a><a href=\"mailto:info@%63a%72i%74as-%66r%2ech\">\u00a0\u2013\u00a0<\/a><a href=\"mailto:i%6ef%6f@cc%73%69-%66r%2ec%68\">info@ccsi-fr.ch<\/a><a href=\"mailto:info@%63a%72i%74as-%66r%2ech\"><br \/>\n<\/a><a href=\"http:\/\/www.caritas-fribourg.ch\/nous-trouver\" target=\"_blanc\" rel=\"noopener\">Caritas<\/a><a href=\"mailto:info@%63a%72i%74as-%66r%2ech\">\u00a0\u2013\u00a0<\/a><a href=\"mailto:info@%63a%72i%74as-%66r%2ech\">info@caritas-fr.ch<\/a><\/li>\n<li>Gen\u00e8ve (Cenevre) kantonu i\u00e7in:<br \/>\n<a href=\"https:\/\/csp.ch\/geneve\/\" target=\"_blanc\" rel=\"noopener\">CSP protestan sosyal merkezi<\/a><a href=\"mailto:info@cs%70-%67e%2ech\">\u00a0\u2013\u00a0<\/a><a href=\"mailto:info@cs%70-%67e%2ech\">info@csp-ge.ch<\/a><\/li>\n<li>Jura (J\u00fcra) kantonu i\u00e7in:<br \/>\n<a href=\"https:\/\/csp.ch\/berne-jura\/\" target=\"_blanc\" rel=\"noopener\">CSP protestan sosyal merkezi<\/a><a href=\"mailto:%63onsultati%6fn@csp-b%65%6au%2ech\">\u00a0\u2013\u00a0<\/a><a href=\"mailto:%63onsultati%6fn@csp-b%65%6au%2ech\">consultation@csp-beju.ch<\/a><\/li>\n<li>Neuch\u00e2tel (N\u00f6\u015fatel) Kantonu i\u00e7in:<br \/>\n<a href=\"https:\/\/www.caritas-neuchatel.ch\/contact\" target=\"_blanc\" rel=\"noopener\">Caritas<\/a><a href=\"mailto:c%61ritas.n%65%75c%68a%74el@%6ee%2ech\">\u00a0\u2013\u00a0<\/a><a href=\"mailto:c%61ritas.n%65%75c%68a%74el@%6ee%2ech\">caritas.neuchatel@ne.ch<\/a><\/li>\n<li>Valais (Vale) Kantonu i\u00e7in:<br \/>\n<a href=\"http:\/\/www.csivs.ch\/permanence-juridique-et-sociale\" target=\"_blanc\" rel=\"noopener\">\u0130svi\u00e7re g\u00f6\u00e7menler merkezi<\/a><a href=\"mailto:c%73ivs@%62lu%65w%69n%2e%63h\">\u00a0\u2013\u00a0<\/a><a href=\"mailto:c%73ivs@%62lu%65w%69n%2e%63h\">csivs@bluewin.ch<\/a><\/li>\n<li>Vaud (Vo) kantonu i\u00e7in:<br \/>\n<a href=\"https:\/\/csp.ch\/vaud\/services\/questions-de-migration\/\" target=\"_blanc\" rel=\"noopener\">CSP-Fraternit\u00e9 (Karde\u015flik): Sosyal prostestan merkezi<\/a><a href=\"mailto:%66%72at@c%73%70%2dvd%2ec%68\">\u00a0\u2013\u00a0<\/a><a href=\"mailto:%66%72at@c%73%70%2dvd%2ec%68\">frat@csp-vd.ch<\/a><\/li>\n<\/ul>\n<p><\/div><\/div><\/div><\/div><\/section>[\/vc_column][\/vc_row]<\/p>\n<\/div>","protected":false},"excerpt":{"rendered":"<p>[vc_row][vc_column][\/vc_column][\/vc_row][vc_row][vc_column][\/vc_column][\/vc_row]<\/p>\n","protected":false},"author":16,"featured_media":0,"parent":0,"menu_order":0,"comment_status":"closed","ping_status":"closed","template":"templates\/psychologique.php","meta":{"_acf_changed":false,"footnotes":""},"class_list":["post-2229","page","type-page","status-publish","hentry"],"acf":[],"yoast_head":"<!-- This site is optimized with the Yoast SEO plugin v27.3 - https:\/\/yoast.com\/product\/yoast-seo-wordpress\/ -->\n<title>\u0130svi\u00e7re&#039;de bir g\u00f6\u00e7mensiniz ve yasal bir sorunuz var &#8226; Violence que faire ?<\/title>\n<meta name=\"robots\" content=\"index, follow, max-snippet:-1, max-image-preview:large, max-video-preview:-1\" \/>\n<link rel=\"canonical\" href=\"https:\/\/www.violencequefaire.ch\/tr\/isvicrede-bir-gocmensiniz-ve-yasal-bir-sorunuz-var\/\" \/>\n<meta property=\"og:locale\" content=\"tr_TR\" \/>\n<meta property=\"og:type\" content=\"article\" \/>\n<meta property=\"og:title\" content=\"\u0130svi\u00e7re&#039;de bir g\u00f6\u00e7mensiniz ve yasal bir sorunuz var &#8226; Violence que faire ?\" \/>\n<meta property=\"og:description\" content=\"[vc_row][vc_column][\/vc_column][\/vc_row][vc_row][vc_column][\/vc_column][\/vc_row]\" \/>\n<meta property=\"og:url\" content=\"https:\/\/www.violencequefaire.ch\/tr\/isvicrede-bir-gocmensiniz-ve-yasal-bir-sorunuz-var\/\" \/>\n<meta property=\"og:site_name\" content=\"Violence que faire ?\" \/>\n<meta property=\"article:modified_time\" content=\"2023-12-15T06:12:21+00:00\" \/>\n<meta name=\"twitter:card\" content=\"summary_large_image\" \/>\n<meta name=\"twitter:label1\" content=\"Tahmini okuma s\u00fcresi\" \/>\n\t<meta name=\"twitter:data1\" content=\"1 dakika\" \/>\n<script type=\"application\/ld+json\" class=\"yoast-schema-graph\">{\"@context\":\"https:\\\/\\\/schema.org\",\"@graph\":[{\"@type\":\"WebPage\",\"@id\":\"https:\\\/\\\/www.violencequefaire.ch\\\/tr\\\/isvicrede-bir-gocmensiniz-ve-yasal-bir-sorunuz-var\\\/\",\"url\":\"https:\\\/\\\/www.violencequefaire.ch\\\/tr\\\/isvicrede-bir-gocmensiniz-ve-yasal-bir-sorunuz-var\\\/\",\"name\":\"\u0130svi\u00e7re'de bir g\u00f6\u00e7mensiniz ve yasal bir sorunuz var &#8226; Violence que faire ?\",\"isPartOf\":{\"@id\":\"https:\\\/\\\/www.violencequefaire.ch\\\/tr\\\/#website\"},\"datePublished\":\"2022-03-25T14:03:20+00:00\",\"dateModified\":\"2023-12-15T06:12:21+00:00\",\"breadcrumb\":{\"@id\":\"https:\\\/\\\/www.violencequefaire.ch\\\/tr\\\/isvicrede-bir-gocmensiniz-ve-yasal-bir-sorunuz-var\\\/#breadcrumb\"},\"inLanguage\":\"tr\",\"potentialAction\":[{\"@type\":\"ReadAction\",\"target\":[\"https:\\\/\\\/www.violencequefaire.ch\\\/tr\\\/isvicrede-bir-gocmensiniz-ve-yasal-bir-sorunuz-var\\\/\"]}]},{\"@type\":\"BreadcrumbList\",\"@id\":\"https:\\\/\\\/www.violencequefaire.ch\\\/tr\\\/isvicrede-bir-gocmensiniz-ve-yasal-bir-sorunuz-var\\\/#breadcrumb\",\"itemListElement\":[{\"@type\":\"ListItem\",\"position\":1,\"name\":\"Ev\",\"item\":\"https:\\\/\\\/www.violencequefaire.ch\\\/tr\\\/\"},{\"@type\":\"ListItem\",\"position\":2,\"name\":\"\u0130svi\u00e7re&rsquo;de bir g\u00f6\u00e7mensiniz ve yasal bir sorunuz var\"}]},{\"@type\":\"WebSite\",\"@id\":\"https:\\\/\\\/www.violencequefaire.ch\\\/tr\\\/#website\",\"url\":\"https:\\\/\\\/www.violencequefaire.ch\\\/tr\\\/\",\"name\":\"Violence que faire\",\"description\":\"Des sp\u00e9cialistes r\u00e9pondent personnellement \u00e0 vos questions anonymes sur la violence au sein du couple.\",\"publisher\":{\"@id\":\"https:\\\/\\\/www.violencequefaire.ch\\\/tr\\\/#organization\"},\"alternateName\":\"Violenza Cosa Fare\",\"potentialAction\":[{\"@type\":\"SearchAction\",\"target\":{\"@type\":\"EntryPoint\",\"urlTemplate\":\"https:\\\/\\\/www.violencequefaire.ch\\\/tr\\\/?s={search_term_string}\"},\"query-input\":{\"@type\":\"PropertyValueSpecification\",\"valueRequired\":true,\"valueName\":\"search_term_string\"}}],\"inLanguage\":\"tr\"},{\"@type\":\"Organization\",\"@id\":\"https:\\\/\\\/www.violencequefaire.ch\\\/tr\\\/#organization\",\"name\":\"Violence que faire ?\",\"url\":\"https:\\\/\\\/www.violencequefaire.ch\\\/tr\\\/\",\"logo\":{\"@type\":\"ImageObject\",\"inLanguage\":\"tr\",\"@id\":\"https:\\\/\\\/www.violencequefaire.ch\\\/tr\\\/#\\\/schema\\\/logo\\\/image\\\/\",\"url\":\"https:\\\/\\\/www.violencequefaire.ch\\\/wp-content\\\/uploads\\\/2022\\\/04\\\/VQF_LOGO_neutre.jpg\",\"contentUrl\":\"https:\\\/\\\/www.violencequefaire.ch\\\/wp-content\\\/uploads\\\/2022\\\/04\\\/VQF_LOGO_neutre.jpg\",\"width\":253,\"height\":376,\"caption\":\"Violence que faire ?\"},\"image\":{\"@id\":\"https:\\\/\\\/www.violencequefaire.ch\\\/tr\\\/#\\\/schema\\\/logo\\\/image\\\/\"}}]}<\/script>\n<!-- \/ Yoast SEO plugin. -->","yoast_head_json":{"title":"\u0130svi\u00e7re'de bir g\u00f6\u00e7mensiniz ve yasal bir sorunuz var &#8226; Violence que faire ?","robots":{"index":"index","follow":"follow","max-snippet":"max-snippet:-1","max-image-preview":"max-image-preview:large","max-video-preview":"max-video-preview:-1"},"canonical":"https:\/\/www.violencequefaire.ch\/tr\/isvicrede-bir-gocmensiniz-ve-yasal-bir-sorunuz-var\/","og_locale":"tr_TR","og_type":"article","og_title":"\u0130svi\u00e7re'de bir g\u00f6\u00e7mensiniz ve yasal bir sorunuz var &#8226; Violence que faire ?","og_description":"[vc_row][vc_column][\/vc_column][\/vc_row][vc_row][vc_column][\/vc_column][\/vc_row]","og_url":"https:\/\/www.violencequefaire.ch\/tr\/isvicrede-bir-gocmensiniz-ve-yasal-bir-sorunuz-var\/","og_site_name":"Violence que faire ?","article_modified_time":"2023-12-15T06:12:21+00:00","twitter_card":"summary_large_image","twitter_misc":{"Tahmini okuma s\u00fcresi":"1 dakika"},"schema":{"@context":"https:\/\/schema.org","@graph":[{"@type":"WebPage","@id":"https:\/\/www.violencequefaire.ch\/tr\/isvicrede-bir-gocmensiniz-ve-yasal-bir-sorunuz-var\/","url":"https:\/\/www.violencequefaire.ch\/tr\/isvicrede-bir-gocmensiniz-ve-yasal-bir-sorunuz-var\/","name":"\u0130svi\u00e7re'de bir g\u00f6\u00e7mensiniz ve yasal bir sorunuz var &#8226; Violence que faire ?","isPartOf":{"@id":"https:\/\/www.violencequefaire.ch\/tr\/#website"},"datePublished":"2022-03-25T14:03:20+00:00","dateModified":"2023-12-15T06:12:21+00:00","breadcrumb":{"@id":"https:\/\/www.violencequefaire.ch\/tr\/isvicrede-bir-gocmensiniz-ve-yasal-bir-sorunuz-var\/#breadcrumb"},"inLanguage":"tr","potentialAction":[{"@type":"ReadAction","target":["https:\/\/www.violencequefaire.ch\/tr\/isvicrede-bir-gocmensiniz-ve-yasal-bir-sorunuz-var\/"]}]},{"@type":"BreadcrumbList","@id":"https:\/\/www.violencequefaire.ch\/tr\/isvicrede-bir-gocmensiniz-ve-yasal-bir-sorunuz-var\/#breadcrumb","itemListElement":[{"@type":"ListItem","position":1,"name":"Ev","item":"https:\/\/www.violencequefaire.ch\/tr\/"},{"@type":"ListItem","position":2,"name":"\u0130svi\u00e7re&rsquo;de bir g\u00f6\u00e7mensiniz ve yasal bir sorunuz var"}]},{"@type":"WebSite","@id":"https:\/\/www.violencequefaire.ch\/tr\/#website","url":"https:\/\/www.violencequefaire.ch\/tr\/","name":"Violence que faire","description":"Des sp\u00e9cialistes r\u00e9pondent personnellement \u00e0 vos questions anonymes sur la violence au sein du couple.","publisher":{"@id":"https:\/\/www.violencequefaire.ch\/tr\/#organization"},"alternateName":"Violenza Cosa Fare","potentialAction":[{"@type":"SearchAction","target":{"@type":"EntryPoint","urlTemplate":"https:\/\/www.violencequefaire.ch\/tr\/?s={search_term_string}"},"query-input":{"@type":"PropertyValueSpecification","valueRequired":true,"valueName":"search_term_string"}}],"inLanguage":"tr"},{"@type":"Organization","@id":"https:\/\/www.violencequefaire.ch\/tr\/#organization","name":"Violence que faire ?","url":"https:\/\/www.violencequefaire.ch\/tr\/","logo":{"@type":"ImageObject","inLanguage":"tr","@id":"https:\/\/www.violencequefaire.ch\/tr\/#\/schema\/logo\/image\/","url":"https:\/\/www.violencequefaire.ch\/wp-content\/uploads\/2022\/04\/VQF_LOGO_neutre.jpg","contentUrl":"https:\/\/www.violencequefaire.ch\/wp-content\/uploads\/2022\/04\/VQF_LOGO_neutre.jpg","width":253,"height":376,"caption":"Violence que faire ?"},"image":{"@id":"https:\/\/www.violencequefaire.ch\/tr\/#\/schema\/logo\/image\/"}}]}},"_links":{"self":[{"href":"https:\/\/www.violencequefaire.ch\/tr\/wp-json\/wp\/v2\/pages\/2229","targetHints":{"allow":["GET"]}}],"collection":[{"href":"https:\/\/www.violencequefaire.ch\/tr\/wp-json\/wp\/v2\/pages"}],"about":[{"href":"https:\/\/www.violencequefaire.ch\/tr\/wp-json\/wp\/v2\/types\/page"}],"author":[{"embeddable":true,"href":"https:\/\/www.violencequefaire.ch\/tr\/wp-json\/wp\/v2\/users\/16"}],"replies":[{"embeddable":true,"href":"https:\/\/www.violencequefaire.ch\/tr\/wp-json\/wp\/v2\/comments?post=2229"}],"version-history":[{"count":2,"href":"https:\/\/www.violencequefaire.ch\/tr\/wp-json\/wp\/v2\/pages\/2229\/revisions"}],"predecessor-version":[{"id":5503,"href":"https:\/\/www.violencequefaire.ch\/tr\/wp-json\/wp\/v2\/pages\/2229\/revisions\/5503"}],"wp:attachment":[{"href":"https:\/\/www.violencequefaire.ch\/tr\/wp-json\/wp\/v2\/media?parent=2229"}],"curies":[{"name":"wp","href":"https:\/\/api.w.org\/{rel}","templated":true}]}}