{"id":2144,"date":"2022-03-25T14:59:01","date_gmt":"2022-03-25T13:59:01","guid":{"rendered":"https:\/\/dev-vqf.creatives.com\/?page_id=2144"},"modified":"2023-12-13T09:15:30","modified_gmt":"2023-12-13T08:15:30","slug":"cfare-eshte-dhuna","status":"publish","type":"page","link":"https:\/\/www.violencequefaire.ch\/sq\/cfare-eshte-dhuna\/","title":{"rendered":"\u00c7far\u00eb \u00ebsht\u00eb dhuna?"},"content":{"rendered":"<div class=\"wpb-content-wrapper\"><p>[vc_row][vc_column]<section class='vqf_section_block'><div class='vqf_container'><div class='vqf_row'><div class='vqf_full_col'><h2>NGAT\u00cbRRES\u00cb APP DHUN\u00cb?<\/h2><div class='vqf_fixed_width_text'><p>Shumic\u00ebs s\u00eb \u00e7ifteve iu ndodh her\u00eb pas here t\u00eb ngat\u00ebrrohen me njeri-tjetrin. Mes partner\u00ebve ndodh q\u00eb t\u00eb ket\u00eb zem\u00ebrim, pa pasur ndonj\u00eb pasoj\u00eb domosdoshm\u00ebrisht negative. Dhuna n\u00eb jet\u00ebn bashk\u00ebshortore \u00ebsht\u00eb nj\u00eb gj\u00eb tjet\u00ebr. Dhuna ka efekt shkat\u00ebrrues mbi t\u00eb gjith\u00eb an\u00ebtar\u00ebt e familjes. Kur ushtrohet dhun\u00eb, respekti p\u00ebr tjetrin dhe barazia mes partner\u00ebve zhduket.<\/p>\n<p>Dhuna n\u00eb jet\u00ebn bashk\u00ebshortore shfaqet n\u00eb jet\u00ebn e nj\u00eb \u00e7ifti t\u00eb martuar, por edhe kur ata bashk\u00ebjetojn\u00eb. Dhuna mund t\u00eb shfaqet q\u00eb n\u00eb fillim t\u00eb nj\u00eb marr\u00ebdh\u00ebnieje, pas disa vitesh jete t\u00eb p\u00ebrbashk\u00ebt apo n\u00eb momentin e ndarjes.<\/p><\/div><div class='vqf_intra_links_block innerpage_intra_links'><div class='inner_row'><\/div><\/div><\/div><\/div><\/div><\/section>[\/vc_column][\/vc_row][vc_row el_id=&#8221;cycle&#8221;][vc_column]<section class='vqf_section_block media_n_text_block' id=''><div class='vqf_container'><div class='vqf_row'><div class='vqf_full_col'><h2>CIKLI I DHUN\u00cbS<\/h2><\/div><div class='vqf_fixed_width_text'><p>Dhuna shfaqet n\u00eb form\u00eb cikli. N\u00eb shumic\u00ebn e rasteve, me kalimin e koh\u00ebs, episodet e dhun\u00ebs b\u00ebhen gjithnj\u00eb e m\u00eb t\u00eb shpeshta dhe sulmet gjithnj\u00eb e m\u00eb t\u00eb r\u00ebnda. N\u00ebse nuk nd\u00ebrmerret asgj\u00eb p\u00ebr nd\u00ebrprerjen e dhun\u00ebs, ky shkall\u00ebzim mund t\u00eb arrij\u00eb deri aty sa t\u00eb shkaktoj\u00eb plag\u00eb t\u00eb rrezikshme p\u00ebr jet\u00ebn, d\u00ebmtime t\u00eb pariparueshme, deri n\u00eb vrasje t\u00eb viktim\u00ebs.<\/p><\/div><div class='left_media_block'><div class='media_box'><img src='https:\/\/www.violencequefaire.ch\/wp-content\/uploads\/2022\/05\/Infographie_cycleviolence.jpg'><\/div><\/div><div class='right_text_block'><div class='vqf_text_carousel_with_cta'><div class='owl-carousel owl-theme'><div class='item'><div class='text_item'><h4>1. Tensioni rritet<\/h4><p>Komunikimi nd\u00ebrpritet, partner\/i\/ja, i\/e dhunsh(\u00eb)m\/e ka v\u00ebshtir\u00ebsi t\u00eb shpreh\u00eb ndjenjat dhe kund\u00ebrshtimet e tij\/saj. I mbledh pak\u00ebnaq\u00ebsit\u00eb ose d\u00ebshiron t\u00eb kontrolloj\u00eb gjith\u00e7ka dhe kund\u00ebrshton bisedimet. Viktima i kap shenjat e dhun\u00ebs dhe fillon t\u00eb ket\u00eb frik\u00eb<\/p><a href='https:\/\/sitemanager.violencequefaire.ch\/' class='vqf_outline_cta'>bej nje pyetje<\/a><\/div><\/div><div class='item'><div class='text_item'><h4>2. Incidenti i dhunsh\u00ebm<\/h4><p>Partner\/i\/ja i\/e dhunsh(\u00eb)m\/e shpreh dhunshm\u00ebrin\u00eb e cila b\u00ebhet gjithnj\u00eb e m\u00eb madhe. Viktima e z\u00ebn\u00eb n\u00eb kurth, e trembur dhe e pafuqishme, ka prirje t\u2019u p\u00ebrshtatet k\u00ebrkesave t\u00eb partner\/it\/es.<\/p><a href='https:\/\/sitemanager.violencequefaire.ch\/' class='vqf_outline_cta'>bej nje pyetje<\/a><\/div><\/div><div class='item'><div class='text_item'><h4>3. Pajtimi<\/h4><p>Partner\/i\/ja i\/e dhunsh(\u00eb)m\/e k\u00ebrkon falje, premton se nuk do t\u00eb p\u00ebrs\u00ebritet m\u00eb, b\u00ebn gjith\u00e7ka q\u00eb t`i falet gabimi. Viktima fillon t\u2019i besoj\u00eb dhe pranon k\u00ebrkes\u00ebn e tij\/saj p\u00ebr falje.\n\nAi\/ajo zvog\u00eblon aktet e dhunshme, i justifikon ato, flet p\u00ebr shkaqe t\u00eb jashtme (stresi\u2026) ose e akuzon viktim\u00ebn. Viktima fillon t\u00eb dyshoj\u00eb tek vetvetja, ndjehet me faj dhe mendon se \u00ebsht\u00eb ai\/ajo q\u00eb duhet t\u00eb ndryshoj\u00eb.<\/p><a href='https:\/\/sitemanager.violencequefaire.ch\/' class='vqf_outline_cta'>bej nje pyetje<\/a><\/div><\/div><div class='item'><div class='text_item'><h4>4. Qet\u00ebsia<\/h4><p>Kriza harrohet. Sjelljet e dhunshme ndalen p\u00ebr pak koh\u00eb. Kjo \u00ebsht\u00eb faza e \u00ab muajit t\u00eb mjaltit \u00bb, por kjo nuk zgjat shum\u00eb. N\u00ebse asgj\u00eb s\u2019nd\u00ebrmerret, spiralja e dhun\u00ebs, rifillon. <\/p><a href='https:\/\/sitemanager.violencequefaire.ch\/' class='vqf_outline_cta'>bej nje pyetje<\/a><\/div><\/div><\/div><\/div><\/div><\/div><\/div><\/section>[\/vc_column][\/vc_row]<\/p>\n<\/div>","protected":false},"excerpt":{"rendered":"<p>[vc_row][vc_column][\/vc_column][\/vc_row][vc_row el_id=&#8221;cycle&#8221;][vc_column][\/vc_column][\/vc_row]<\/p>\n","protected":false},"author":16,"featured_media":0,"parent":0,"menu_order":0,"comment_status":"closed","ping_status":"closed","template":"","meta":{"_acf_changed":false,"footnotes":""},"class_list":["post-2144","page","type-page","status-publish","hentry"],"acf":[],"yoast_head":"<!-- This site is optimized with the Yoast SEO plugin v27.3 - https:\/\/yoast.com\/product\/yoast-seo-wordpress\/ -->\n<title>\u00c7far\u00eb \u00ebsht\u00eb dhuna? &#8226; Violence que faire ?<\/title>\n<meta name=\"robots\" content=\"index, follow, max-snippet:-1, max-image-preview:large, max-video-preview:-1\" \/>\n<link rel=\"canonical\" href=\"https:\/\/www.violencequefaire.ch\/sq\/cfare-eshte-dhuna\/\" \/>\n<meta property=\"og:locale\" content=\"sq_AL\" \/>\n<meta property=\"og:type\" content=\"article\" \/>\n<meta property=\"og:title\" content=\"\u00c7far\u00eb \u00ebsht\u00eb dhuna? &#8226; Violence que faire ?\" \/>\n<meta property=\"og:description\" content=\"[vc_row][vc_column][\/vc_column][\/vc_row][vc_row el_id=&#8221;cycle&#8221;][vc_column][\/vc_column][\/vc_row]\" \/>\n<meta property=\"og:url\" content=\"https:\/\/www.violencequefaire.ch\/sq\/cfare-eshte-dhuna\/\" \/>\n<meta property=\"og:site_name\" content=\"Violence que faire ?\" \/>\n<meta property=\"article:modified_time\" content=\"2023-12-13T08:15:30+00:00\" \/>\n<meta name=\"twitter:card\" content=\"summary_large_image\" \/>\n<meta name=\"twitter:label1\" content=\"Est. reading time\" \/>\n\t<meta name=\"twitter:data1\" content=\"1 minute\" \/>\n<script type=\"application\/ld+json\" class=\"yoast-schema-graph\">{\"@context\":\"https:\\\/\\\/schema.org\",\"@graph\":[{\"@type\":\"WebPage\",\"@id\":\"https:\\\/\\\/www.violencequefaire.ch\\\/sq\\\/cfare-eshte-dhuna\\\/\",\"url\":\"https:\\\/\\\/www.violencequefaire.ch\\\/sq\\\/cfare-eshte-dhuna\\\/\",\"name\":\"\u00c7far\u00eb \u00ebsht\u00eb dhuna? &#8226; Violence que faire ?\",\"isPartOf\":{\"@id\":\"https:\\\/\\\/www.violencequefaire.ch\\\/sq\\\/#website\"},\"datePublished\":\"2022-03-25T13:59:01+00:00\",\"dateModified\":\"2023-12-13T08:15:30+00:00\",\"breadcrumb\":{\"@id\":\"https:\\\/\\\/www.violencequefaire.ch\\\/sq\\\/cfare-eshte-dhuna\\\/#breadcrumb\"},\"inLanguage\":\"sq-AL\",\"potentialAction\":[{\"@type\":\"ReadAction\",\"target\":[\"https:\\\/\\\/www.violencequefaire.ch\\\/sq\\\/cfare-eshte-dhuna\\\/\"]}]},{\"@type\":\"BreadcrumbList\",\"@id\":\"https:\\\/\\\/www.violencequefaire.ch\\\/sq\\\/cfare-eshte-dhuna\\\/#breadcrumb\",\"itemListElement\":[{\"@type\":\"ListItem\",\"position\":1,\"name\":\"Home\",\"item\":\"https:\\\/\\\/www.violencequefaire.ch\\\/sq\\\/\"},{\"@type\":\"ListItem\",\"position\":2,\"name\":\"\u00c7far\u00eb \u00ebsht\u00eb dhuna?\"}]},{\"@type\":\"WebSite\",\"@id\":\"https:\\\/\\\/www.violencequefaire.ch\\\/sq\\\/#website\",\"url\":\"https:\\\/\\\/www.violencequefaire.ch\\\/sq\\\/\",\"name\":\"Violence que faire\",\"description\":\"Des sp\u00e9cialistes r\u00e9pondent personnellement \u00e0 vos questions anonymes sur la violence au sein du couple.\",\"publisher\":{\"@id\":\"https:\\\/\\\/www.violencequefaire.ch\\\/sq\\\/#organization\"},\"alternateName\":\"Violenza Cosa Fare\",\"potentialAction\":[{\"@type\":\"SearchAction\",\"target\":{\"@type\":\"EntryPoint\",\"urlTemplate\":\"https:\\\/\\\/www.violencequefaire.ch\\\/sq\\\/?s={search_term_string}\"},\"query-input\":{\"@type\":\"PropertyValueSpecification\",\"valueRequired\":true,\"valueName\":\"search_term_string\"}}],\"inLanguage\":\"sq-AL\"},{\"@type\":\"Organization\",\"@id\":\"https:\\\/\\\/www.violencequefaire.ch\\\/sq\\\/#organization\",\"name\":\"Violence que faire ?\",\"url\":\"https:\\\/\\\/www.violencequefaire.ch\\\/sq\\\/\",\"logo\":{\"@type\":\"ImageObject\",\"inLanguage\":\"sq-AL\",\"@id\":\"https:\\\/\\\/www.violencequefaire.ch\\\/sq\\\/#\\\/schema\\\/logo\\\/image\\\/\",\"url\":\"https:\\\/\\\/www.violencequefaire.ch\\\/wp-content\\\/uploads\\\/2022\\\/04\\\/VQF_LOGO_neutre.jpg\",\"contentUrl\":\"https:\\\/\\\/www.violencequefaire.ch\\\/wp-content\\\/uploads\\\/2022\\\/04\\\/VQF_LOGO_neutre.jpg\",\"width\":253,\"height\":376,\"caption\":\"Violence que faire ?\"},\"image\":{\"@id\":\"https:\\\/\\\/www.violencequefaire.ch\\\/sq\\\/#\\\/schema\\\/logo\\\/image\\\/\"}}]}<\/script>\n<!-- \/ Yoast SEO plugin. -->","yoast_head_json":{"title":"\u00c7far\u00eb \u00ebsht\u00eb dhuna? &#8226; Violence que faire ?","robots":{"index":"index","follow":"follow","max-snippet":"max-snippet:-1","max-image-preview":"max-image-preview:large","max-video-preview":"max-video-preview:-1"},"canonical":"https:\/\/www.violencequefaire.ch\/sq\/cfare-eshte-dhuna\/","og_locale":"sq_AL","og_type":"article","og_title":"\u00c7far\u00eb \u00ebsht\u00eb dhuna? &#8226; Violence que faire ?","og_description":"[vc_row][vc_column][\/vc_column][\/vc_row][vc_row el_id=&#8221;cycle&#8221;][vc_column][\/vc_column][\/vc_row]","og_url":"https:\/\/www.violencequefaire.ch\/sq\/cfare-eshte-dhuna\/","og_site_name":"Violence que faire ?","article_modified_time":"2023-12-13T08:15:30+00:00","twitter_card":"summary_large_image","twitter_misc":{"Est. reading time":"1 minute"},"schema":{"@context":"https:\/\/schema.org","@graph":[{"@type":"WebPage","@id":"https:\/\/www.violencequefaire.ch\/sq\/cfare-eshte-dhuna\/","url":"https:\/\/www.violencequefaire.ch\/sq\/cfare-eshte-dhuna\/","name":"\u00c7far\u00eb \u00ebsht\u00eb dhuna? &#8226; Violence que faire ?","isPartOf":{"@id":"https:\/\/www.violencequefaire.ch\/sq\/#website"},"datePublished":"2022-03-25T13:59:01+00:00","dateModified":"2023-12-13T08:15:30+00:00","breadcrumb":{"@id":"https:\/\/www.violencequefaire.ch\/sq\/cfare-eshte-dhuna\/#breadcrumb"},"inLanguage":"sq-AL","potentialAction":[{"@type":"ReadAction","target":["https:\/\/www.violencequefaire.ch\/sq\/cfare-eshte-dhuna\/"]}]},{"@type":"BreadcrumbList","@id":"https:\/\/www.violencequefaire.ch\/sq\/cfare-eshte-dhuna\/#breadcrumb","itemListElement":[{"@type":"ListItem","position":1,"name":"Home","item":"https:\/\/www.violencequefaire.ch\/sq\/"},{"@type":"ListItem","position":2,"name":"\u00c7far\u00eb \u00ebsht\u00eb dhuna?"}]},{"@type":"WebSite","@id":"https:\/\/www.violencequefaire.ch\/sq\/#website","url":"https:\/\/www.violencequefaire.ch\/sq\/","name":"Violence que faire","description":"Des sp\u00e9cialistes r\u00e9pondent personnellement \u00e0 vos questions anonymes sur la violence au sein du couple.","publisher":{"@id":"https:\/\/www.violencequefaire.ch\/sq\/#organization"},"alternateName":"Violenza Cosa Fare","potentialAction":[{"@type":"SearchAction","target":{"@type":"EntryPoint","urlTemplate":"https:\/\/www.violencequefaire.ch\/sq\/?s={search_term_string}"},"query-input":{"@type":"PropertyValueSpecification","valueRequired":true,"valueName":"search_term_string"}}],"inLanguage":"sq-AL"},{"@type":"Organization","@id":"https:\/\/www.violencequefaire.ch\/sq\/#organization","name":"Violence que faire ?","url":"https:\/\/www.violencequefaire.ch\/sq\/","logo":{"@type":"ImageObject","inLanguage":"sq-AL","@id":"https:\/\/www.violencequefaire.ch\/sq\/#\/schema\/logo\/image\/","url":"https:\/\/www.violencequefaire.ch\/wp-content\/uploads\/2022\/04\/VQF_LOGO_neutre.jpg","contentUrl":"https:\/\/www.violencequefaire.ch\/wp-content\/uploads\/2022\/04\/VQF_LOGO_neutre.jpg","width":253,"height":376,"caption":"Violence que faire ?"},"image":{"@id":"https:\/\/www.violencequefaire.ch\/sq\/#\/schema\/logo\/image\/"}}]}},"_links":{"self":[{"href":"https:\/\/www.violencequefaire.ch\/sq\/wp-json\/wp\/v2\/pages\/2144","targetHints":{"allow":["GET"]}}],"collection":[{"href":"https:\/\/www.violencequefaire.ch\/sq\/wp-json\/wp\/v2\/pages"}],"about":[{"href":"https:\/\/www.violencequefaire.ch\/sq\/wp-json\/wp\/v2\/types\/page"}],"author":[{"embeddable":true,"href":"https:\/\/www.violencequefaire.ch\/sq\/wp-json\/wp\/v2\/users\/16"}],"replies":[{"embeddable":true,"href":"https:\/\/www.violencequefaire.ch\/sq\/wp-json\/wp\/v2\/comments?post=2144"}],"version-history":[{"count":9,"href":"https:\/\/www.violencequefaire.ch\/sq\/wp-json\/wp\/v2\/pages\/2144\/revisions"}],"predecessor-version":[{"id":5305,"href":"https:\/\/www.violencequefaire.ch\/sq\/wp-json\/wp\/v2\/pages\/2144\/revisions\/5305"}],"wp:attachment":[{"href":"https:\/\/www.violencequefaire.ch\/sq\/wp-json\/wp\/v2\/media?parent=2144"}],"curies":[{"name":"wp","href":"https:\/\/api.w.org\/{rel}","templated":true}]}}