{"id":2275,"date":"2022-04-22T15:28:19","date_gmt":"2022-04-22T13:28:19","guid":{"rendered":"https:\/\/dev-vqf.creatives.com\/?page_id=2275"},"modified":"2023-12-14T11:54:24","modified_gmt":"2023-12-14T10:54:24","slug":"weydii-suaal","status":"publish","type":"page","link":"https:\/\/www.violencequefaire.ch\/so\/weydii-suaal\/","title":{"rendered":"Weydii su&#8217;aal"},"content":{"rendered":"<div class=\"wpb-content-wrapper\"><p>[vc_row][vc_column]<section class='vqf_section_block text_n_media_block'><div class='vqf_container'><div class='vqf_row'><div class='vqf_full_col'><h2>WEYDII SU\u2019AAL<\/h2><\/div><div><div class='vqf_fixed_width_text'><p>Ma tahay dhibane ama dembiilaha rabshada, mise ma taqaan qof agtaada ah oo leh rabshad qoys? Keligaa ha la joogin dhibaatadaada.<\/p><br \/>\n<p>Waxaad ku nooshahay xaalad adag oo xanuun badan. Waxaad dareemeysaa cidlo iyo cidlo la\u2019aan. Su\u2019aal ma qabtaa, miyaad seegtay macluumaadka, mise waxaad rabtaa inaad sheegto waxa aad ku sugan tahay? Xirfadlayaasha khibradda leh ayaa ku dhegaysan doona oo kaaga jawaabi doona boggan.<\/p><br \/>\n<p>Website-kaviolquefaire.ch wuxuu ku yaalaa Switzerland. Kaliya isticmaalayaasha intarneedka ee degan Switzerland ayaa heli kara jawaab shaqsiyeed.<\/p><br \/>\n<p>Si aad u hesho ciwaanno faa\u2019iido leh gudaha Faransiiska, waxaad la xiriiri kartaa \u201cAssociation Solidarit\u00e9 Femmes\u201d (Ururka Wadajirka Haweenka), INAVEM ama lambarka bilaashka ah 3919. Kuwa rabshadaha sameeya, FNACAV waxay diyaar u tahay inay ku caawiso.<\/p><br \/>\n<p>Shabakadda Yurub ee WAVE ayaa sidoo kale diyaar u ah inay kaa caawiso sidii aad u heli lahayd macluumaadka xiriirka ururada kugu dhow kuwaas oo ku siin kara caawimaad la taaban karo xaaladdaada haddii aad rabto.<\/p><\/div><\/div><\/div><div class='vqf_accordion_block'><div class='accordion_item'><div class='accordion_header'><span class='title'>Talo qofeed<\/span><\/div><div class='accordion_body'><div class='acc_body_inner'><div class='vqf_fixed_width_text'><p>Onviolquefaire.ch, waxaad si qarsoodi ah u waydiin kartaa dhammaan su\u2019aalaha adiga khuseeya dadka ku takhasusay caawinta dhibanayaasha iyo dembiilayaasha rabshadaha qoyska. Khibraddoodu waxay u oggolaanaysaa inay fahmaan kakanaanta xaaladdaada oo ay ku taageeraan. Waxaad heli doontaa talo lagugula taliyay, oo ku habboon xaaladdaada gaarka ah.<\/p><\/div><\/div><\/div><\/div><div class='accordion_item'><div class='accordion_header'><span class='title'>Xaaladaadu waxay helaysaa dareenka ugu badan<\/span><\/div><div class='accordion_body'><div class='acc_body_inner'><div class='vqf_fixed_width_text'><p>Waxaa laga yaabaa inaad u malaynayso in xaaladdaadu aanay aad u xunayn, oo ay tahay inaad meel uga tagto kuwa \u201cruntii u baahan\u201d. Ogow in xaaladaadu ay muhiim u tahay sida dadka kale. Goobtan waxaa loogu talagalay dhammaan kuwa ay saameeyeen rabshadaha, waxaan haysanaa waqti aan kuugu hurno adiga.<\/p><\/div><\/div><\/div><\/div><div class='accordion_item'><div class='accordion_header'><span class='title'>Waxaad tahay soo galooti ku sugan Switzerland, waxaanad qabtaa su\u2019aal sharci<\/span><\/div><div class='accordion_body'><div class='acc_body_inner'><div class='vqf_fixed_width_text'><p>Waxaad tahay soo galooti Swiss ah, waxaad la nooshahay lamaanahaaga rabshad, waxaadna jeclaan lahayd talo sharci? Xor baad u tahay inaad nala soo xidhiidho.<br \/>\n<br \/>\n- Gobolka Bern<br \/>\nXarunta mudaharaadka bulshada (CSP) \u2013 info@csp-beju.ch<br \/>\n<br \/>\n- Gobolka Fribourg:<br \/>\nCCSI \/ SOS \u2013 info@ccsi-fr.ch<br \/>\nCaritas \u2013 info@caritas-fr.ch<br \/>\n<br \/>\n- Gobolka Geneva:<br \/>\nXarunta mudaharaadka bulshada (CSP) \u2013 info@csp-ge.ch<br \/>\n<br \/>\n- Gobolka Jura:<br \/>\nXarunta mudaharaadka bulshada (CSP) \u2013 consultation@csp-beju.ch<br \/>\n<br \/>\n- Gobolka Neuch\u00e2tel:<br \/>\nCaritas \u2013 caritas.neuchatel@ne.ch<br \/>\n<br \/>\n- Gobolka Valais:<br \/>\nXarunta Suisse \u2013 Immigr\u00e9s \u2013 csivs@bluewin.ch<br \/>\n<br \/>\n- Gobolka Vaud:<br \/>\nMudaharaadka bulshada ee Fraternit\u00e9 du Center (CSP) \u2013 frat@csp-vd.ch<\/p><\/div><\/div><\/div><\/div><div class='accordion_item'><div class='accordion_header'><span class='title'>Sida su\u2019aal loo weydiiyo<\/span><\/div><div class='accordion_body'><div class='acc_body_inner'><div class='vqf_fixed_width_text'><p>Si aad su\u2019aal u weydiiso, kaliya iska diwaangeli boggayaga adigoo isticmaalaya magaca isticmaalaha iyo erayga sirta ah. Adeeggu waa bilaash. Haddii aadan weli marin, waxaad iska diiwaan gelin kartaa Espace Perso (goobta gaarka ah) ee hoose. Waa mid aad u fudud oo aad u degdeg badan. Kadib waxaad waydiin kartaa su\u2019aashaada waxaanu kuugu jawaabi doonaa wakhtiga ugu fiican. Caadi ahaan, wakhtiga jawaabtayadu waa saddex maalmood oo shaqo, si kastaba ha ahaatee, su\u2019aalaha ku saabsan luqadaha aan Faransiiska ahayn, waxay qaadan kartaa wax yar ka dheer. Si aad u aragto jawaabtayada, waxaad u baahan tahay inaad gasho akoonkaaga adigoo isticmaalaya magacaaga isticmaale kadibna dhagsii \u201cMon compte\u201d (My Account).<\/p><\/div><\/div><\/div><\/div><div class='accordion_item'><div class='accordion_header'><span class='title'>Waxaad ku weydiin kartaa su\u2019aal luqadahan<\/span><\/div><div class='accordion_body'><div class='acc_body_inner'><div class='vqf_fixed_width_text'><p>- Deutsch \u2013 Jarmal<br \/>\n- Ingiriisi \u2013 Ingiriis<br \/>\n- \u0627\u0644\u0644\u063a\u0629 \u0627\u0644\u0639\u0631\u0628\u064a\u0629- Carabi<br \/>\n- Espa\u00f1ol \u2013 Isbaanish<br \/>\n- Italiano \u2013 Talyaani<br \/>\n- Polski \u2013 Polish<br \/>\n- Portugu\u00e9s \u2013 Boortaqiis<br \/>\n- Bosanski-hrvatski-srpski \u2013 Boosniiyaan \/ Croatian \/ Serbian<br \/>\n- Soomaali \u2013 Somali<br \/>\n- \u0ba4\u0bae\u0bbf\u0bb4\u0bcd \u2013 Tamil<br \/>\n- Turkce \u2013 Turki<\/p><\/div><\/div><\/div><\/div><\/div><\/div><\/section>[\/vc_column][\/vc_row]<\/p>\n<\/div>","protected":false},"excerpt":{"rendered":"<p>[vc_row][vc_column][\/vc_column][\/vc_row]<\/p>\n","protected":false},"author":16,"featured_media":0,"parent":0,"menu_order":0,"comment_status":"closed","ping_status":"closed","template":"","meta":{"_acf_changed":false,"footnotes":""},"class_list":["post-2275","page","type-page","status-publish","hentry"],"acf":[],"yoast_head":"<!-- This site is optimized with the Yoast SEO plugin v27.3 - https:\/\/yoast.com\/product\/yoast-seo-wordpress\/ -->\n<title>Weydii su&#039;aal &#8226; Violence que faire ?<\/title>\n<meta name=\"robots\" content=\"index, follow, max-snippet:-1, max-image-preview:large, max-video-preview:-1\" \/>\n<link rel=\"canonical\" href=\"https:\/\/www.violencequefaire.ch\/so\/weydii-suaal\/\" \/>\n<meta property=\"og:locale\" content=\"so_SO\" \/>\n<meta property=\"og:type\" content=\"article\" \/>\n<meta property=\"og:title\" content=\"Weydii su&#039;aal &#8226; Violence que faire ?\" \/>\n<meta property=\"og:description\" content=\"[vc_row][vc_column][\/vc_column][\/vc_row]\" \/>\n<meta property=\"og:url\" content=\"https:\/\/www.violencequefaire.ch\/so\/weydii-suaal\/\" \/>\n<meta property=\"og:site_name\" content=\"Violence que faire ?\" \/>\n<meta property=\"article:modified_time\" content=\"2023-12-14T10:54:24+00:00\" \/>\n<meta name=\"twitter:card\" content=\"summary_large_image\" \/>\n<meta name=\"twitter:label1\" content=\"Est. reading time\" \/>\n\t<meta name=\"twitter:data1\" content=\"1 minute\" \/>\n<script type=\"application\/ld+json\" class=\"yoast-schema-graph\">{\"@context\":\"https:\\\/\\\/schema.org\",\"@graph\":[{\"@type\":\"WebPage\",\"@id\":\"https:\\\/\\\/www.violencequefaire.ch\\\/so\\\/weydii-suaal\\\/\",\"url\":\"https:\\\/\\\/www.violencequefaire.ch\\\/so\\\/weydii-suaal\\\/\",\"name\":\"Weydii su'aal &#8226; Violence que faire ?\",\"isPartOf\":{\"@id\":\"https:\\\/\\\/www.violencequefaire.ch\\\/so\\\/#website\"},\"datePublished\":\"2022-04-22T13:28:19+00:00\",\"dateModified\":\"2023-12-14T10:54:24+00:00\",\"breadcrumb\":{\"@id\":\"https:\\\/\\\/www.violencequefaire.ch\\\/so\\\/weydii-suaal\\\/#breadcrumb\"},\"inLanguage\":\"so-SO\",\"potentialAction\":[{\"@type\":\"ReadAction\",\"target\":[\"https:\\\/\\\/www.violencequefaire.ch\\\/so\\\/weydii-suaal\\\/\"]}]},{\"@type\":\"BreadcrumbList\",\"@id\":\"https:\\\/\\\/www.violencequefaire.ch\\\/so\\\/weydii-suaal\\\/#breadcrumb\",\"itemListElement\":[{\"@type\":\"ListItem\",\"position\":1,\"name\":\"Home\",\"item\":\"https:\\\/\\\/www.violencequefaire.ch\\\/so\\\/\"},{\"@type\":\"ListItem\",\"position\":2,\"name\":\"Weydii su&#8217;aal\"}]},{\"@type\":\"WebSite\",\"@id\":\"https:\\\/\\\/www.violencequefaire.ch\\\/so\\\/#website\",\"url\":\"https:\\\/\\\/www.violencequefaire.ch\\\/so\\\/\",\"name\":\"Violence que faire\",\"description\":\"Des sp\u00e9cialistes r\u00e9pondent personnellement \u00e0 vos questions anonymes sur la violence au sein du couple.\",\"publisher\":{\"@id\":\"https:\\\/\\\/www.violencequefaire.ch\\\/so\\\/#organization\"},\"alternateName\":\"Violenza Cosa Fare\",\"potentialAction\":[{\"@type\":\"SearchAction\",\"target\":{\"@type\":\"EntryPoint\",\"urlTemplate\":\"https:\\\/\\\/www.violencequefaire.ch\\\/so\\\/?s={search_term_string}\"},\"query-input\":{\"@type\":\"PropertyValueSpecification\",\"valueRequired\":true,\"valueName\":\"search_term_string\"}}],\"inLanguage\":\"so-SO\"},{\"@type\":\"Organization\",\"@id\":\"https:\\\/\\\/www.violencequefaire.ch\\\/so\\\/#organization\",\"name\":\"Violence que faire ?\",\"url\":\"https:\\\/\\\/www.violencequefaire.ch\\\/so\\\/\",\"logo\":{\"@type\":\"ImageObject\",\"inLanguage\":\"so-SO\",\"@id\":\"https:\\\/\\\/www.violencequefaire.ch\\\/so\\\/#\\\/schema\\\/logo\\\/image\\\/\",\"url\":\"https:\\\/\\\/www.violencequefaire.ch\\\/wp-content\\\/uploads\\\/2022\\\/04\\\/VQF_LOGO_neutre.jpg\",\"contentUrl\":\"https:\\\/\\\/www.violencequefaire.ch\\\/wp-content\\\/uploads\\\/2022\\\/04\\\/VQF_LOGO_neutre.jpg\",\"width\":253,\"height\":376,\"caption\":\"Violence que faire ?\"},\"image\":{\"@id\":\"https:\\\/\\\/www.violencequefaire.ch\\\/so\\\/#\\\/schema\\\/logo\\\/image\\\/\"}}]}<\/script>\n<!-- \/ Yoast SEO plugin. -->","yoast_head_json":{"title":"Weydii su'aal &#8226; Violence que faire ?","robots":{"index":"index","follow":"follow","max-snippet":"max-snippet:-1","max-image-preview":"max-image-preview:large","max-video-preview":"max-video-preview:-1"},"canonical":"https:\/\/www.violencequefaire.ch\/so\/weydii-suaal\/","og_locale":"so_SO","og_type":"article","og_title":"Weydii su'aal &#8226; Violence que faire ?","og_description":"[vc_row][vc_column][\/vc_column][\/vc_row]","og_url":"https:\/\/www.violencequefaire.ch\/so\/weydii-suaal\/","og_site_name":"Violence que faire ?","article_modified_time":"2023-12-14T10:54:24+00:00","twitter_card":"summary_large_image","twitter_misc":{"Est. reading time":"1 minute"},"schema":{"@context":"https:\/\/schema.org","@graph":[{"@type":"WebPage","@id":"https:\/\/www.violencequefaire.ch\/so\/weydii-suaal\/","url":"https:\/\/www.violencequefaire.ch\/so\/weydii-suaal\/","name":"Weydii su'aal &#8226; Violence que faire ?","isPartOf":{"@id":"https:\/\/www.violencequefaire.ch\/so\/#website"},"datePublished":"2022-04-22T13:28:19+00:00","dateModified":"2023-12-14T10:54:24+00:00","breadcrumb":{"@id":"https:\/\/www.violencequefaire.ch\/so\/weydii-suaal\/#breadcrumb"},"inLanguage":"so-SO","potentialAction":[{"@type":"ReadAction","target":["https:\/\/www.violencequefaire.ch\/so\/weydii-suaal\/"]}]},{"@type":"BreadcrumbList","@id":"https:\/\/www.violencequefaire.ch\/so\/weydii-suaal\/#breadcrumb","itemListElement":[{"@type":"ListItem","position":1,"name":"Home","item":"https:\/\/www.violencequefaire.ch\/so\/"},{"@type":"ListItem","position":2,"name":"Weydii su&#8217;aal"}]},{"@type":"WebSite","@id":"https:\/\/www.violencequefaire.ch\/so\/#website","url":"https:\/\/www.violencequefaire.ch\/so\/","name":"Violence que faire","description":"Des sp\u00e9cialistes r\u00e9pondent personnellement \u00e0 vos questions anonymes sur la violence au sein du couple.","publisher":{"@id":"https:\/\/www.violencequefaire.ch\/so\/#organization"},"alternateName":"Violenza Cosa Fare","potentialAction":[{"@type":"SearchAction","target":{"@type":"EntryPoint","urlTemplate":"https:\/\/www.violencequefaire.ch\/so\/?s={search_term_string}"},"query-input":{"@type":"PropertyValueSpecification","valueRequired":true,"valueName":"search_term_string"}}],"inLanguage":"so-SO"},{"@type":"Organization","@id":"https:\/\/www.violencequefaire.ch\/so\/#organization","name":"Violence que faire ?","url":"https:\/\/www.violencequefaire.ch\/so\/","logo":{"@type":"ImageObject","inLanguage":"so-SO","@id":"https:\/\/www.violencequefaire.ch\/so\/#\/schema\/logo\/image\/","url":"https:\/\/www.violencequefaire.ch\/wp-content\/uploads\/2022\/04\/VQF_LOGO_neutre.jpg","contentUrl":"https:\/\/www.violencequefaire.ch\/wp-content\/uploads\/2022\/04\/VQF_LOGO_neutre.jpg","width":253,"height":376,"caption":"Violence que faire ?"},"image":{"@id":"https:\/\/www.violencequefaire.ch\/so\/#\/schema\/logo\/image\/"}}]}},"_links":{"self":[{"href":"https:\/\/www.violencequefaire.ch\/so\/wp-json\/wp\/v2\/pages\/2275","targetHints":{"allow":["GET"]}}],"collection":[{"href":"https:\/\/www.violencequefaire.ch\/so\/wp-json\/wp\/v2\/pages"}],"about":[{"href":"https:\/\/www.violencequefaire.ch\/so\/wp-json\/wp\/v2\/types\/page"}],"author":[{"embeddable":true,"href":"https:\/\/www.violencequefaire.ch\/so\/wp-json\/wp\/v2\/users\/16"}],"replies":[{"embeddable":true,"href":"https:\/\/www.violencequefaire.ch\/so\/wp-json\/wp\/v2\/comments?post=2275"}],"version-history":[{"count":6,"href":"https:\/\/www.violencequefaire.ch\/so\/wp-json\/wp\/v2\/pages\/2275\/revisions"}],"predecessor-version":[{"id":5447,"href":"https:\/\/www.violencequefaire.ch\/so\/wp-json\/wp\/v2\/pages\/2275\/revisions\/5447"}],"wp:attachment":[{"href":"https:\/\/www.violencequefaire.ch\/so\/wp-json\/wp\/v2\/media?parent=2275"}],"curies":[{"name":"wp","href":"https:\/\/api.w.org\/{rel}","templated":true}]}}