{"id":5584,"date":"2023-11-07T12:29:00","date_gmt":"2023-11-07T11:29:00","guid":{"rendered":"https:\/\/new.violencequefaire.ch\/new-home\/"},"modified":"2025-10-05T11:58:23","modified_gmt":"2025-10-05T09:58:23","slug":"new-home","status":"publish","type":"page","link":"https:\/\/www.violencequefaire.ch\/pt-pt\/","title":{"rendered":"Homepage Creatives"},"content":{"rendered":"<div class=\"wpb-content-wrapper\"><p>[vc_row][vc_column]<section class='homepage_hero_block'><div class='bg_layer'><img src='https:\/\/www.violencequefaire.ch\/wp-content\/themes\/vqf\/assets\/img\/green_bg.jpg' alt=''><\/div><div class='txt_layer'><div class='vqf_container'><div class='vqf_row'><div class='left_text_block'><h1>VIOL\u00caNCIA O QUE FAZER?<\/h1><p class='hero_subtitle'>Pessoas especializadas respondem de forma pessoal e an\u00f3nima \u00e0s suas perguntas sobre a viol\u00eancia entre casais.<\/p><div class='avl_service'><p><span class='txt_bold'>Em caso de emerg\u00eancia: <\/span>Pol\u00edcia: <span class='txt_bold'>117<\/span> | Ambul\u00e2ncia: <span class='txt_bold'>144<\/span><\/p><\/div><\/div><div class='right_cta'><div class='right_block_inner'><div class='cta_block'><div class='cta_block_inner'><a href='https:\/\/www.violencequefaire.ch\/pt-pt\/fazer-uma-pergunta\/' aria-label='Fazer uma pergunta'><\/a><div class='title'><span>Fazer uma pergunta<\/span><\/div><span class='info'>Servi\u00e7o totalmente an\u00f3nimo e aconselhamento profissional personalizado. Respostas no prazo de 3 dias \u00fateis. <\/span><\/div><\/div><div class='cta_block'><div class='cta_block_inner'><a href='https:\/\/www.violencequefaire.ch\/pt-pt\/aceder-as-perguntas-e-respostas-publicas\/' aria-label='Perguntas p\u00fablicas'><\/a><div class='title'><span>Perguntas p\u00fablicas<\/span><\/div><span class='info'>Publicamos de forma totalmente an\u00f3nima as perguntas e as nossas respostas, para que possam ser \u00fateis a outras pessoas.<\/span><\/div><\/div><div class='cta_block'><div class='cta_block_inner'><a href='https:\/\/www.violencequefaire.ch\/pt-pt\/encontrar-ajuda\/' aria-label='Encontrar ajuda'><\/a><div class='title'><span>Encontrar ajuda<\/span><\/div><span class='info'>Lista de especialistas perto de si.<\/span><\/div><\/div><\/div><\/div><\/div><\/div><\/div><\/section>[\/vc_column][\/vc_row][vc_row][vc_column]<section class='vqf_section_block'><div class='vqf_container'><div class='vqf_row'><div class='vqf_full_col'><h2>O que \u00e9 a viol\u00eancia entre casais?<\/h2><div class='vqf_fixed_width_text'><p>Em alguns casais, a viol\u00eancia come\u00e7a com socos, noutros \u00e9 exercida a n\u00edvel psicol\u00f3gico. No entanto, na maioria dos casos, as diferentes formas de viol\u00eancia coexistem e, com o tempo, conduzem a uma escalada cada vez mais perigosa.<\/p>\n<p>Muitas vezes, as pessoas envolvidas n\u00e3o conseguem reconhecer e exprimir em palavras o que est\u00e1 a acontecer. Leia mais sobre as diferentes formas de viol\u00eancia:<\/p><\/div><div class='vqf_intra_links_block'><div class='inner_row'><div class='intra_link_col'><div class='intra_link_item'><a href='https:\/\/www.violencequefaire.ch\/pt-pt\/violencia-no-casal\/tipos-de-violencia\/violencia-psicologica\/' aria-label='Psicol\u00f3gica'><\/a><div class='intra_item_inner'><div class='intra_body'><span class='intra_title'>Psicol\u00f3gica<\/span><p class='intra_info'>insidiosa e mal compreendida, inclui insultos ofensivos, humilha\u00e7\u00f5es, controlo coercivo e amea\u00e7as.<\/p><\/div><div class='intra_footer'><img src='https:\/\/www.violencequefaire.ch\/wp-content\/themes\/vqf\/assets\/img\/icons\/arrow_black.svg' alt=''><\/div><\/div><\/div><\/div><div class='intra_link_col'><div class='intra_link_item'><a href='https:\/\/www.violencequefaire.ch\/pt-pt\/violencia-fisica\/' aria-label='F\u00edsica'><\/a><div class='intra_item_inner'><div class='intra_body'><span class='intra_title'>F\u00edsica<\/span><p class='intra_info'>Quando a pessoa violenta perde o controlo sobre a rela\u00e7\u00e3o, pode tornar-se brutal, come\u00e7ar a bater e passar \u00e0 coa\u00e7\u00e3o f\u00edsica.<\/p><\/div><div class='intra_footer'><img src='https:\/\/www.violencequefaire.ch\/wp-content\/themes\/vqf\/assets\/img\/icons\/arrow_black.svg' alt=''><\/div><\/div><\/div><\/div><div class='intra_link_col'><div class='intra_link_item'><a href='https:\/\/www.violencequefaire.ch\/pt-pt\/violencia-sexual\/' aria-label='Sexual'><\/a><div class='intra_item_inner'><div class='intra_body'><span class='intra_title'>Sexual<\/span><p class='intra_info'>Esta \u00e9 a forma mais escondida de viol\u00eancia conjugal e relacional, incluindo humilha\u00e7\u00e3o, abuso, imposi\u00e7\u00e3o de actos sexuais, viola\u00e7\u00e3o... <\/p><\/div><div class='intra_footer'><img src='https:\/\/www.violencequefaire.ch\/wp-content\/themes\/vqf\/assets\/img\/icons\/arrow_black.svg' alt=''><\/div><\/div><\/div><\/div><div class='intra_link_col'><div class='intra_link_item'><a href='https:\/\/www.violencequefaire.ch\/pt-pt\/violencia-economica\/' aria-label='Econ\u00f3mica'><\/a><div class='intra_item_inner'><div class='intra_body'><span class='intra_title'>Econ\u00f3mica<\/span><p class='intra_info'>Restringir a autonomia financeira do parceiro com a inten\u00e7\u00e3o de a manter sob maior controlo.<\/p><\/div><div class='intra_footer'><img src='https:\/\/www.violencequefaire.ch\/wp-content\/themes\/vqf\/assets\/img\/icons\/arrow_black.svg' alt=''><\/div><\/div><\/div><\/div><\/div><\/div><div class='vqf_fixed_width_text'><p>A viol\u00eancia afecta todas as classes sociais, todas as origens culturais e todos os tipos de casais (casais heterossexuais, casais homosexuais ou outros casais LGBTQIA+).<\/p><\/div><\/div><\/div><\/div><\/section>[\/vc_column][\/vc_row][vc_row][vc_column]<section class='vqf_section_block podcast_carousel_block'><div class='vqf_container'><div class='vqf_row'><div class='vqf_full_col'><h2>Descubra os nossos podcasts<\/h2><\/div><\/div><\/div><div class='vqf_slider_container'><div class='owl-carousel owl-theme'><div class='item'><div class='podcast_item'><a href='https:\/\/www.violencequefaire.ch\/pt-pt\/podcast\/episodio-1-violencia-invisivel\/'><\/a><div class='bg_layer'><img src='https:\/\/www.violencequefaire.ch\/wp-content\/uploads\/2022\/04\/episode1_couverture.jpg' alt=''><\/div><div class='inner'><div class='img_block'><img src='https:\/\/www.violencequefaire.ch\/wp-content\/uploads\/2022\/04\/episode1_couverture.jpg' alt=''><\/div><div class='podcast_info'><span class='episode_name'>EPIS\u00d3DIO <\/span><h5 class='episode_title'> VIOL\u00caNCIA INVIS\u00cdVEL<\/h5><span class='podcast_author'><strong>Viol\u00eancia psicol\u00f3gica e econ\u00f3mica<\/strong><\/span><\/div><\/div><\/div><\/div><div class='item'><div class='podcast_item'><a href='https:\/\/www.violencequefaire.ch\/pt-pt\/podcast\/episodio-2-em-choque\/'><\/a><div class='bg_layer'><img src='https:\/\/www.violencequefaire.ch\/wp-content\/uploads\/2022\/04\/episode2_couverture.jpg' alt=''><\/div><div class='inner'><div class='img_block'><img src='https:\/\/www.violencequefaire.ch\/wp-content\/uploads\/2022\/04\/episode2_couverture.jpg' alt=''><\/div><div class='podcast_info'><span class='episode_name'>EPIS\u00d3DIO <\/span><h5 class='episode_title'> EM CHOQUE<\/h5><span class='podcast_author'><strong>VIOL\u00caNCIA FISICA E SEXUAL<\/strong><br \/>\r\n<br \/>\r\nEspecialista: Aline Cuche<\/span><\/div><\/div><\/div><\/div><div class='item'><div class='podcast_item'><a href='https:\/\/www.violencequefaire.ch\/pt-pt\/podcast\/episodio-3-enfrentar-a-justica\/'><\/a><div class='bg_layer'><img src='https:\/\/www.violencequefaire.ch\/wp-content\/uploads\/2022\/04\/episode3_couverture.jpg' alt=''><\/div><div class='inner'><div class='img_block'><img src='https:\/\/www.violencequefaire.ch\/wp-content\/uploads\/2022\/04\/episode3_couverture.jpg' alt=''><\/div><div class='podcast_info'><span class='episode_name'>EPIS\u00d3DIO <\/span><h5 class='episode_title'> ENFRENTAR A JUSTI\u00c7A<\/h5><span class='podcast_author'><h3>A viol\u00eancia no casal na perspetiva do direito su\u00ed\u00e7o<\/h3><br \/>\r\nEspecialista: Martine Lachat Clerc<\/span><\/div><\/div><\/div><\/div><div class='item'><div class='podcast_item'><a href='https:\/\/www.violencequefaire.ch\/pt-pt\/podcast\/episodio-4-infancia-em-suspenso\/'><\/a><div class='bg_layer'><img src='https:\/\/www.violencequefaire.ch\/wp-content\/uploads\/2022\/04\/episode4_couverture.jpg' alt=''><\/div><div class='inner'><div class='img_block'><img src='https:\/\/www.violencequefaire.ch\/wp-content\/uploads\/2022\/04\/episode4_couverture.jpg' alt=''><\/div><div class='podcast_info'><span class='episode_name'>EPIS\u00d3DIO <\/span><h5 class='episode_title'> INF\u00c2NCIA EM SUSPENSO<\/h5><span class='podcast_author'><h3>O impacto da viol\u00eancia no casal e nos filhos e netos<\/h3><br \/>\r\nEspecialista: Philippe Bigler<\/span><\/div><\/div><\/div><\/div><div class='item'><div class='podcast_item'><a href='https:\/\/www.violencequefaire.ch\/pt-pt\/podcast\/episode-5-genre-et-violences-partie-1\/'><\/a><div class='bg_layer'><img src='https:\/\/www.violencequefaire.ch\/wp-content\/uploads\/2022\/04\/episode5_couverture.jpg' alt=''><\/div><div class='inner'><div class='img_block'><img src='https:\/\/www.violencequefaire.ch\/wp-content\/uploads\/2022\/04\/episode5_couverture.jpg' alt=''><\/div><div class='podcast_info'><span class='episode_name'>EPIS\u00d3DIO <\/span><h5 class='episode_title'> G\u00c9NERO E VIOL\u00caNCIA (PARTE 1)<\/h5><span class='podcast_author'><h3>A constru\u00e7\u00e3o de hierarquias de g\u00e9nero<\/h3><br \/>\r\nEspecialista: Marta Roca i Escoda<\/span><\/div><\/div><\/div><\/div><div class='item'><div class='podcast_item'><a href='https:\/\/www.violencequefaire.ch\/pt-pt\/podcast\/episode-6-genre-et-violences-partie-2\/'><\/a><div class='bg_layer'><img src='https:\/\/www.violencequefaire.ch\/wp-content\/uploads\/2022\/04\/episode6_couverture.jpg' alt=''><\/div><div class='inner'><div class='img_block'><img src='https:\/\/www.violencequefaire.ch\/wp-content\/uploads\/2022\/04\/episode6_couverture.jpg' alt=''><\/div><div class='podcast_info'><span class='episode_name'>EPIS\u00d3DIO <\/span><h5 class='episode_title'> G\u00c9NERO E VIOL\u00caNCIA (PARTE 2)<\/h5><span class='podcast_author'><h3>Viol\u00eancia em casais LGBTQIA+<\/h3><br \/>\r\nEspecialista: Amanda Terzidis<\/span><\/div><\/div><\/div><\/div><div class='item'><div class='podcast_item'><a href='https:\/\/www.violencequefaire.ch\/pt-pt\/podcast\/episodio-7-violencia-e-migracao\/'><\/a><div class='bg_layer'><img src='https:\/\/www.violencequefaire.ch\/wp-content\/uploads\/2022\/04\/episode7_couverture.jpg' alt=''><\/div><div class='inner'><div class='img_block'><img src='https:\/\/www.violencequefaire.ch\/wp-content\/uploads\/2022\/04\/episode7_couverture.jpg' alt=''><\/div><div class='podcast_info'><span class='episode_name'>EPIS\u00d3DIO <\/span><h5 class='episode_title'> VIOL\u00caNCIA E MIGRA\u00c7\u00c3O<\/h5><span class='podcast_author'><h3>Imigrantes e v\u00edtimas de viol\u00eancia no seio do casal: que ajuda \u00e9 poss\u00edvel?<\/h3><br \/>\r\nEspecialita: Chlo\u00e9 Maire<\/span><\/div><\/div><\/div><\/div><div class='item'><div class='podcast_item'><a href='https:\/\/www.violencequefaire.ch\/pt-pt\/podcast\/episodio-8-desaprender-a-violencia\/'><\/a><div class='bg_layer'><img src='https:\/\/www.violencequefaire.ch\/wp-content\/uploads\/2022\/04\/episode8_couverture.jpg' alt=''><\/div><div class='inner'><div class='img_block'><img src='https:\/\/www.violencequefaire.ch\/wp-content\/uploads\/2022\/04\/episode8_couverture.jpg' alt=''><\/div><div class='podcast_info'><span class='episode_name'>EPIS\u00d3DIO <\/span><h5 class='episode_title'> DESAPRENDER A VIOL\u00caNCIA<\/h5><span class='podcast_author'><h3>O recurso \u00e0 viol\u00eancia nos casais: que mudan\u00e7as s\u00e3o poss\u00edveis?<\/h3><br \/>\r\nEspecialita: Annick Bavaud<\/span><\/div><\/div><\/div><\/div><div class='item'><div class='podcast_item'><a href='https:\/\/www.violencequefaire.ch\/pt-pt\/podcast\/episode-9-violences-et-handicap\/'><\/a><div class='bg_layer'><img src='https:\/\/www.violencequefaire.ch\/wp-content\/uploads\/2025\/10\/Post-carre.png' alt=''><\/div><div class='inner'><div class='img_block'><img src='https:\/\/www.violencequefaire.ch\/wp-content\/uploads\/2025\/10\/Post-carre.png' alt=''><\/div><div class='podcast_info'><span class='episode_name'>EPIS\u00d3DIO <\/span><h5 class='episode_title'> VIOL\u00caNCIA E DEFICI\u00caNCIA<\/h5><span class='podcast_author'><p><b>\u00a0VIOLENCES ET HANDICAP- LA VIOLENCE AU SEIN DU COUPLE CHEZ LES PERSONNES EN SITUATION DE HANDICAP<\/b><\/p><br \/>\n<p>Experte: Giada Besomi<\/p><br \/>\n<br \/>\n<!-- wp:paragraph --><br \/>\n<p><\/p><br \/>\n<!-- \/wp:paragraph --><\/span><\/div><\/div><\/div><\/div><\/div><\/div><\/section>[\/vc_column][\/vc_row]<\/p>\n<\/div>","protected":false},"excerpt":{"rendered":"<p>[vc_row][vc_column][\/vc_column][\/vc_row][vc_row][vc_column][\/vc_column][\/vc_row][vc_row][vc_column][\/vc_column][\/vc_row]<\/p>\n","protected":false},"author":16,"featured_media":0,"parent":0,"menu_order":0,"comment_status":"closed","ping_status":"closed","template":"templates\/home.php","meta":{"_acf_changed":false,"footnotes":""},"class_list":["post-5584","page","type-page","status-publish","hentry"],"acf":[],"yoast_head":"<!-- This site is optimized with the Yoast SEO plugin v27.3 - https:\/\/yoast.com\/product\/yoast-seo-wordpress\/ -->\n<title>Homepage Creatives &#8226; Violence que faire ?<\/title>\n<meta name=\"robots\" content=\"index, follow, max-snippet:-1, max-image-preview:large, max-video-preview:-1\" \/>\n<link rel=\"canonical\" href=\"https:\/\/www.violencequefaire.ch\/pt-pt\/\" \/>\n<meta property=\"og:locale\" content=\"pt_PT\" \/>\n<meta property=\"og:type\" content=\"article\" \/>\n<meta property=\"og:title\" content=\"Homepage Creatives &#8226; Violence que faire ?\" \/>\n<meta property=\"og:description\" content=\"[vc_row][vc_column][\/vc_column][\/vc_row][vc_row][vc_column][\/vc_column][\/vc_row][vc_row][vc_column][\/vc_column][\/vc_row]\" \/>\n<meta property=\"og:url\" content=\"https:\/\/www.violencequefaire.ch\/pt-pt\/\" \/>\n<meta property=\"og:site_name\" content=\"Violence que faire ?\" \/>\n<meta property=\"article:modified_time\" content=\"2025-10-05T09:58:23+00:00\" \/>\n<meta name=\"twitter:card\" content=\"summary_large_image\" \/>\n<meta name=\"twitter:label1\" content=\"Tempo estimado de leitura\" \/>\n\t<meta name=\"twitter:data1\" content=\"1 minuto\" \/>\n<script type=\"application\/ld+json\" class=\"yoast-schema-graph\">{\"@context\":\"https:\\\/\\\/schema.org\",\"@graph\":[{\"@type\":\"WebPage\",\"@id\":\"https:\\\/\\\/www.violencequefaire.ch\\\/pt-pt\\\/\",\"url\":\"https:\\\/\\\/www.violencequefaire.ch\\\/pt-pt\\\/\",\"name\":\"Homepage Creatives &#8226; Violence que faire ?\",\"isPartOf\":{\"@id\":\"https:\\\/\\\/www.violencequefaire.ch\\\/pt-pt\\\/#website\"},\"datePublished\":\"2023-11-07T11:29:00+00:00\",\"dateModified\":\"2025-10-05T09:58:23+00:00\",\"breadcrumb\":{\"@id\":\"https:\\\/\\\/www.violencequefaire.ch\\\/pt-pt\\\/#breadcrumb\"},\"inLanguage\":\"pt-PT\",\"potentialAction\":[{\"@type\":\"ReadAction\",\"target\":[\"https:\\\/\\\/www.violencequefaire.ch\\\/pt-pt\\\/\"]}]},{\"@type\":\"BreadcrumbList\",\"@id\":\"https:\\\/\\\/www.violencequefaire.ch\\\/pt-pt\\\/#breadcrumb\",\"itemListElement\":[{\"@type\":\"ListItem\",\"position\":1,\"name\":\"In\u00edcio\",\"item\":\"https:\\\/\\\/www.violencequefaire.ch\\\/pt-pt\\\/\"},{\"@type\":\"ListItem\",\"position\":2,\"name\":\"Homepage Creatives\"}]},{\"@type\":\"WebSite\",\"@id\":\"https:\\\/\\\/www.violencequefaire.ch\\\/pt-pt\\\/#website\",\"url\":\"https:\\\/\\\/www.violencequefaire.ch\\\/pt-pt\\\/\",\"name\":\"Violence que faire\",\"description\":\"Des sp\u00e9cialistes r\u00e9pondent personnellement \u00e0 vos questions anonymes sur la violence au sein du couple.\",\"publisher\":{\"@id\":\"https:\\\/\\\/www.violencequefaire.ch\\\/pt-pt\\\/#organization\"},\"alternateName\":\"Violenza Cosa Fare\",\"potentialAction\":[{\"@type\":\"SearchAction\",\"target\":{\"@type\":\"EntryPoint\",\"urlTemplate\":\"https:\\\/\\\/www.violencequefaire.ch\\\/pt-pt\\\/?s={search_term_string}\"},\"query-input\":{\"@type\":\"PropertyValueSpecification\",\"valueRequired\":true,\"valueName\":\"search_term_string\"}}],\"inLanguage\":\"pt-PT\"},{\"@type\":\"Organization\",\"@id\":\"https:\\\/\\\/www.violencequefaire.ch\\\/pt-pt\\\/#organization\",\"name\":\"Violence que faire ?\",\"url\":\"https:\\\/\\\/www.violencequefaire.ch\\\/pt-pt\\\/\",\"logo\":{\"@type\":\"ImageObject\",\"inLanguage\":\"pt-PT\",\"@id\":\"https:\\\/\\\/www.violencequefaire.ch\\\/pt-pt\\\/#\\\/schema\\\/logo\\\/image\\\/\",\"url\":\"https:\\\/\\\/www.violencequefaire.ch\\\/wp-content\\\/uploads\\\/2022\\\/04\\\/VQF_LOGO_neutre.jpg\",\"contentUrl\":\"https:\\\/\\\/www.violencequefaire.ch\\\/wp-content\\\/uploads\\\/2022\\\/04\\\/VQF_LOGO_neutre.jpg\",\"width\":253,\"height\":376,\"caption\":\"Violence que faire ?\"},\"image\":{\"@id\":\"https:\\\/\\\/www.violencequefaire.ch\\\/pt-pt\\\/#\\\/schema\\\/logo\\\/image\\\/\"}}]}<\/script>\n<!-- \/ Yoast SEO plugin. -->","yoast_head_json":{"title":"Homepage Creatives &#8226; Violence que faire ?","robots":{"index":"index","follow":"follow","max-snippet":"max-snippet:-1","max-image-preview":"max-image-preview:large","max-video-preview":"max-video-preview:-1"},"canonical":"https:\/\/www.violencequefaire.ch\/pt-pt\/","og_locale":"pt_PT","og_type":"article","og_title":"Homepage Creatives &#8226; Violence que faire ?","og_description":"[vc_row][vc_column][\/vc_column][\/vc_row][vc_row][vc_column][\/vc_column][\/vc_row][vc_row][vc_column][\/vc_column][\/vc_row]","og_url":"https:\/\/www.violencequefaire.ch\/pt-pt\/","og_site_name":"Violence que faire ?","article_modified_time":"2025-10-05T09:58:23+00:00","twitter_card":"summary_large_image","twitter_misc":{"Tempo estimado de leitura":"1 minuto"},"schema":{"@context":"https:\/\/schema.org","@graph":[{"@type":"WebPage","@id":"https:\/\/www.violencequefaire.ch\/pt-pt\/","url":"https:\/\/www.violencequefaire.ch\/pt-pt\/","name":"Homepage Creatives &#8226; Violence que faire ?","isPartOf":{"@id":"https:\/\/www.violencequefaire.ch\/pt-pt\/#website"},"datePublished":"2023-11-07T11:29:00+00:00","dateModified":"2025-10-05T09:58:23+00:00","breadcrumb":{"@id":"https:\/\/www.violencequefaire.ch\/pt-pt\/#breadcrumb"},"inLanguage":"pt-PT","potentialAction":[{"@type":"ReadAction","target":["https:\/\/www.violencequefaire.ch\/pt-pt\/"]}]},{"@type":"BreadcrumbList","@id":"https:\/\/www.violencequefaire.ch\/pt-pt\/#breadcrumb","itemListElement":[{"@type":"ListItem","position":1,"name":"In\u00edcio","item":"https:\/\/www.violencequefaire.ch\/pt-pt\/"},{"@type":"ListItem","position":2,"name":"Homepage Creatives"}]},{"@type":"WebSite","@id":"https:\/\/www.violencequefaire.ch\/pt-pt\/#website","url":"https:\/\/www.violencequefaire.ch\/pt-pt\/","name":"Violence que faire","description":"Des sp\u00e9cialistes r\u00e9pondent personnellement \u00e0 vos questions anonymes sur la violence au sein du couple.","publisher":{"@id":"https:\/\/www.violencequefaire.ch\/pt-pt\/#organization"},"alternateName":"Violenza Cosa Fare","potentialAction":[{"@type":"SearchAction","target":{"@type":"EntryPoint","urlTemplate":"https:\/\/www.violencequefaire.ch\/pt-pt\/?s={search_term_string}"},"query-input":{"@type":"PropertyValueSpecification","valueRequired":true,"valueName":"search_term_string"}}],"inLanguage":"pt-PT"},{"@type":"Organization","@id":"https:\/\/www.violencequefaire.ch\/pt-pt\/#organization","name":"Violence que faire ?","url":"https:\/\/www.violencequefaire.ch\/pt-pt\/","logo":{"@type":"ImageObject","inLanguage":"pt-PT","@id":"https:\/\/www.violencequefaire.ch\/pt-pt\/#\/schema\/logo\/image\/","url":"https:\/\/www.violencequefaire.ch\/wp-content\/uploads\/2022\/04\/VQF_LOGO_neutre.jpg","contentUrl":"https:\/\/www.violencequefaire.ch\/wp-content\/uploads\/2022\/04\/VQF_LOGO_neutre.jpg","width":253,"height":376,"caption":"Violence que faire ?"},"image":{"@id":"https:\/\/www.violencequefaire.ch\/pt-pt\/#\/schema\/logo\/image\/"}}]}},"_links":{"self":[{"href":"https:\/\/www.violencequefaire.ch\/pt-pt\/wp-json\/wp\/v2\/pages\/5584","targetHints":{"allow":["GET"]}}],"collection":[{"href":"https:\/\/www.violencequefaire.ch\/pt-pt\/wp-json\/wp\/v2\/pages"}],"about":[{"href":"https:\/\/www.violencequefaire.ch\/pt-pt\/wp-json\/wp\/v2\/types\/page"}],"author":[{"embeddable":true,"href":"https:\/\/www.violencequefaire.ch\/pt-pt\/wp-json\/wp\/v2\/users\/16"}],"replies":[{"embeddable":true,"href":"https:\/\/www.violencequefaire.ch\/pt-pt\/wp-json\/wp\/v2\/comments?post=5584"}],"version-history":[{"count":11,"href":"https:\/\/www.violencequefaire.ch\/pt-pt\/wp-json\/wp\/v2\/pages\/5584\/revisions"}],"predecessor-version":[{"id":11800,"href":"https:\/\/www.violencequefaire.ch\/pt-pt\/wp-json\/wp\/v2\/pages\/5584\/revisions\/11800"}],"wp:attachment":[{"href":"https:\/\/www.violencequefaire.ch\/pt-pt\/wp-json\/wp\/v2\/media?parent=5584"}],"curies":[{"name":"wp","href":"https:\/\/api.w.org\/{rel}","templated":true}]}}