{"id":12707,"date":"2026-07-06T11:04:30","date_gmt":"2026-07-06T09:04:30","guid":{"rendered":"https:\/\/www.violencequefaire.ch\/seniors\/"},"modified":"2026-09-03T10:57:13","modified_gmt":"2026-09-03T08:57:13","slug":"seniors","status":"publish","type":"page","link":"https:\/\/www.violencequefaire.ch\/pt-pt\/seniors\/","title":{"rendered":"Violences &#038; seniors"},"content":{"rendered":"<div class=\"wpb-content-wrapper\"><p>[vc_row][vc_column]<section class='vqf_section_block orange_button_block orange_absolute_btn block_background'><div class='vqf_container'><div class='vqf_row'><div class='vqf_full_col'><a href=https:\/\/www.violencequefaire.ch\/texte-simplifie-seniors\/ class='orange_button'><span>Texte Simplifi\u00e9<\/span><img src='https:\/\/www.violencequefaire.ch\/wp-content\/themes\/vqf\/assets\/img\/icons\/arrow_black.svg' alt=''><\/a><\/div><\/div><\/div><\/section><section class='vqf_section_block text_n_media_block podcast_media block_background'><div class='vqf_container'><div class='vqf_row'><div class='left_text_block'><h2>Violence et seniors<\/h2><div class='vqf_fixed_width_text'><p><strong>Violences et seniors \u2013 \u00ab Des violences invisibilis\u00e9es ! \u00bb<\/strong><\/p>\n<p>Les couples seniors sont \u00e9galement concern\u00e9s par la violence conjugale, qu\u2019elle soit psychologique, physique, sexuelle ou \u00e9conomique. Pourtant, les personnes de 65 ans et plus font encore rarement appel aux ressources d\u2019aide. Ces violences restent largement m\u00e9connues et invisibilis\u00e9es, notamment en raison de l\u2019isolement social et des ressources qui ne sont pas toujours adapt\u00e9es aux r\u00e9alit\u00e9s des seniors.<\/p>\n<p>Au cours de la derni\u00e8re d\u00e9cennie, 20 % des victimes de f\u00e9minicides en Suisse \u00e9taient \u00e0 l\u2019\u00e2ge de la retraite, ce qui en fait le groupe le plus touch\u00e9. Dans deux tiers des cas, l\u2019auteur \u00e9tait un proche, conjoint ou ex-conjoint.<\/p>\n<p>Il n\u2019est pas toujours facile de savoir vers qui se tourner. Certaines personnes seniors connaissent peu les offres d\u2019aide existantes ou rencontrent des difficult\u00e9s \u00e0 y acc\u00e9der, notamment en raison d\u2019une mobilit\u00e9 ou d\u2019une autonomie r\u00e9duite. Tout d\u2019abord, le manque de campagnes de pr\u00e9vention et l\u2019acc\u00e8s limit\u00e9 aux informations, notamment en ligne, renforcent ces obstacles. Les personnes ayant un parcours migratoire peuvent \u00e9galement \u00eatre confront\u00e9es \u00e0 des barri\u00e8res linguistiques, \u00e0 la complexit\u00e9 administrative, aux in\u00e9galit\u00e9s \u00e9conomiques ou \u00e0 l\u2019isolement social. Par ailleurs, certaines structures et offres ne sont par ailleurs pas suffisamment accessibles aux personnes seniors. Les h\u00e9bergements d\u2019urgence peuvent n\u00e9cessiter une ind\u00e9pendance au quotidien, tandis que les consultations ont souvent lieu sur place, ce qui peut constituer un frein pour les personnes ayant des difficult\u00e9s de mobilit\u00e9 ou d\u2019autonomie.<\/p>\n<p>Une \u00e9tude du centre de comp\u00e9tence national <em>Vieillesse sans Violence<\/em> souligne l\u2019importance de mieux conna\u00eetre ces obstacles et les ressources sp\u00e9cifiques aux seniors, afin de favoriser la sortie de la violence et de permettre aux professionnel-les et \u00e0 l\u2019entourage de mieux d\u00e9tecter ces situations.<\/p>\n<p>Si certains comportements de votre partenaire vous mettent mal \u00e0 l\u2019aise, vous font peur, vous isolent ou vous donnent le sentiment de ne plus pouvoir d\u00e9cider librement, il est l\u00e9gitime de vous questionner et d\u2019en parler. Vous pouvez \u00e9galement chercher de l\u2019aide si vos propres comportements ou ceux d\u2019une personne de votre entourage vous inqui\u00e8tent.<\/p><\/div><div class='vqf_accordion_block'><div class='accordion_item'><div class='accordion_header'><span class='title'>Non-reconnaissance de la violence<\/span><\/div><div class='accordion_body'><div class='acc_body_inner'><div class='vqf_fixed_width_text'><p>\u2022\tVous avez peut-\u00eatre l\u2019impression que le mot \u201cviolence\u201d est trop fort pour d\u00e9crire ce que vous vivez, surtout s\u2019il n\u2019y a pas de coups. Pourtant, les humiliations, les insultes, les menaces, le contr\u00f4le de l\u2019argent, l\u2019isolement, les rapports sexuels impos\u00e9s ou encore le contr\u00f4le de vos d\u00e9placements peuvent aussi constituer des violences.<br \/>\n<br \/>\n\u2022\tLes repr\u00e9sentations sociales et culturelles, ont notamment eu tendance \u00e0 se focaliser sur la violence domestique physique, invisibilisant ainsi les autres formes de violence que l\u2019on peut subir ou auxquelles l\u2019on a recours.<br \/>\n<br \/>\n\u2022\tCertaines normes g\u00e9n\u00e9rationnelles et sociales contribuent \u00e9galement \u00e0 banaliser et \u00e0 normaliser diff\u00e9rentes formes de violence. <br \/>\n<\/p><\/div><\/div><\/div><\/div><div class='accordion_item'><div class='accordion_header'><span class='title'>Normes g\u00e9n\u00e9rationnelles et le \u00ab devoir conjugal \u00bb<\/span><\/div><div class='accordion_body'><div class='acc_body_inner'><div class='vqf_fixed_width_text'><p>\u2022\tCertaines personnes ont grandi avec l\u2019id\u00e9e qu\u2019un mariage doit durer toute la vie, que les probl\u00e8mes de couple doivent rester dans la famille ou encore qu\u2019il ne faut pas \u201cdire du mal\u201d de son ou sa partenaire. Ces croyances peuvent rendre plus difficile le fait de reconna\u00eetre les violences et d\u2019en parler.<br \/>\n<br \/>\n\u2022\tDes aspects g\u00e9n\u00e9rationnels et culturels peuvent \u00e9galement impacter notre d\u00e9finition de ce qu\u2019est la violence sexuelle, voire l\u2019invisibiliser. <br \/>\n<br \/>\n\u2022\tBeaucoup de personnes ont \u00e9galement grandi avec l\u2019id\u00e9e que le mariage est un engagement pour la vie, qu\u2019il faut pr\u00e9server l\u2019unit\u00e9 familiale \u00e0 tout prix.<br \/>\n<br \/>\n\u2022\tCeci a pour cons\u00e9quence par exemple de r\u00e9gler ses probl\u00e8mes en famille, se marier pour le meilleur et pour le pire, consid\u00e9rer le mari comme le chef de famille, avoir peur du \u00ab qu\u2019en dira-t-on \u00bb, et de ne pas dire du mal des d\u00e9funt\u00b7es. Parler de violences au sein du couple fait souvent \u00e9merger un conflit de loyaut\u00e9 envers l\u2019auteur ou la famille.<br \/>\n <br \/>\n\u2022\tBeaucoup de personnes ont grandi avec l\u2019id\u00e9e que le mariage ou le simple fait d\u2019\u00eatre en couple constitue un consentement et un engagement \u00e0 des rapports sexuels. La notion du devoir conjugal est largement r\u00e9pandue, et a pour effet de normaliser, voire de banaliser le viol.<br \/>\n<br \/>\n\u2022\t\u00catre mari\u00e9\u00b7e ou en couple ne signifie jamais consentir automatiquement \u00e0 des relations sexuelles. Le consentement reste n\u00e9cessaire, quel que soit l\u2019\u00e2ge ou la dur\u00e9e de la relation.<br \/>\n<br \/>\n\u2022\tCes \u00e9l\u00e9ments invisibilisent la violence et la normalisent. Cela peut \u00e9galement avoir comme cons\u00e9quence de culpabiliser la personne victime et de l\u2019isoler davantage.<br \/>\n<br \/>\n\u2022\tIl est d\u2019autant plus difficile de reconna\u00eetre la violence et de l\u00e9gitimer son ressenti lorsque l\u2019entourage valorise ces croyances et ces normes. Avoir peur de ne pas \u00eatre compris\u00b7e peut \u00e9galement d\u00e9courager une personne de parler ou de se questionner sur son v\u00e9cu.<br \/>\n<br \/>\n<\/p><\/div><\/div><\/div><\/div><div class='accordion_item'><div class='accordion_header'><span class='title'>Contr\u00f4le coercitif et isolement social<\/span><\/div><div class='accordion_body'><div class='acc_body_inner'><div class='vqf_fixed_width_text'><p>\u2022\tDans le cas d\u2019une perte progressive des liens sociaux et de l\u2019autonomie, l\u2019id\u00e9e de demander de l\u2019aide ou de quitter le domicile peut sembler insurmontable. Avec l\u2019avanc\u00e9e en \u00e2ge, certaines personnes peuvent voir leur r\u00e9seau social se r\u00e9duire : d\u00e9part \u00e0 la retraite, d\u00e9c\u00e8s de proches, probl\u00e8mes de mobilit\u00e9 ou perte d\u2019autonomie. Cet isolement peut limiter les possibilit\u00e9s de demander de l\u2019aide. <br \/>\n<br \/>\n\u2022\tLes liens sociaux sont essentiels dans la protection contre un contr\u00f4le coercitif et sont souvent vis\u00e9s par l\u2019auteur\u00b7e qui exerce ce contr\u00f4le pour isoler davantage la personne victime et renforcer son emprise. L\u2019isolement social constitue ainsi un important facteur de risque et de vuln\u00e9rabilit\u00e9. <br \/>\n<\/p><\/div><\/div><\/div><\/div><div class='accordion_item'><div class='accordion_header'><span class='title'>Honte et culpabilit\u00e9<\/span><\/div><div class='accordion_body'><div class='acc_body_inner'><div class='vqf_fixed_width_text'><p>\u2022\tLorsque la violence dure depuis longtemps, voire plusieurs d\u00e9cennies, en parler peut s\u2019av\u00e9rer difficile. Plusieurs personnes nomment un sentiment de honte ou de culpabilit\u00e9 \u00e0 briser le silence autour de ce qu\u2019elles vivent. <br \/>\n<br \/>\n\u2022\tDans les petites communes, par exemple, o\u00f9 l\u2019anonymat est d\u2019avantage limit\u00e9, certaines victimes peuvent craindre le regard des autres ou que leur situation soit connue par leur entourage ou leur famille.<br \/>\n<br \/>\n\u2022\tL\u2019entourage qui vit des situations similaires et banalise la violence peut parfois renforcer la culpabilit\u00e9 ou le sentiment de ne \u00ab pas r\u00e9ussir \u00bb son mariage ou de ne pas \u00eatre \u00ab un\u00b7e bon\u00b7ne \u00e9poux\u00b7se \u00bb. Dans ce contexte, il peut \u00eatre particuli\u00e8rement difficile de sortir du silence. De plus, dans des dynamiques d\u2019emprise au sein du couple, il est fr\u00e9quent qu\u2019\u00e0 travers les rabaissements, les insultes, la peur constante ou impr\u00e9visible, le silence soit renforc\u00e9 et peut amener la personne \u00e0 douter de ses propres ressentis ou se sentir responsable des agressions et de s\u2019y adapter. Certaines personnes ressentent notamment de la honte dans ce cycle de la violence, en ne sachant pas pourquoi elles restent ou reviennent vers une personne qui les fait souffrir. <br \/>\n<br \/>\n\u2022\tRessentir de la honte ou de la culpabilit\u00e9 est fr\u00e9quent lorsqu\u2019on vit des violences. Pourtant, la responsabilit\u00e9 de la violence appartient toujours \u00e0 la personne qui y a recours.<br \/>\n<\/p><\/div><\/div><\/div><\/div><div class='accordion_item'><div class='accordion_header'><span class='title'>D\u00e9pendance financi\u00e8re et de soins<\/span><\/div><div class='accordion_body'><div class='acc_body_inner'><div class='vqf_fixed_width_text'><p>\u2022\tAvec l\u2019avanc\u00e9e en \u00e2ge, certaines personnes peuvent devenir davantage d\u00e9pendantes de leur partenaire, notamment financi\u00e8rement ou pour certains soins et gestes du quotidien. Cette d\u00e9pendance peut rendre plus difficile la possibilit\u00e9 de demander de l\u2019aide ou de s\u2019\u00e9loigner d\u2019une relation violente. Le contr\u00f4le coercitif, qui consiste \u00e0 rendre une personne d\u00e9pendante pour des raisons psychologiques, financi\u00e8res ou de sant\u00e9, peut \u00eatre renforc\u00e9 \u00e0 l\u2019\u00e2ge avanc\u00e9, lorsque certaines vuln\u00e9rabilit\u00e9s sont accentu\u00e9es.<br \/>\n<br \/>\n\u2022\tLes in\u00e9galit\u00e9s se creusent davantage pour les femmes : le fait de s\u2019occuper du foyer et des enfants, ainsi que l\u2019in\u00e9galit\u00e9 salariale durant les ann\u00e9es d\u2019activit\u00e9 professionnelle r\u00e9duisent drastiquement la pension \u00e0 la retraite. Cet \u00e9cart peut ainsi renforcer la d\u00e9pendance et les violences \u00e9conomiques. <br \/>\n<\/p><\/div><\/div><\/div><\/div><div class='accordion_item'><div class='accordion_header'><span class='title'>Pourquoi est-il parfois difficile de demander de l\u2019aide ou de partir ?<\/span><\/div><div class='accordion_body'><div class='acc_body_inner'><div class='vqf_fixed_width_text'><p>\u2022\tDemander de l\u2019aide ne signifie pas forc\u00e9ment devoir quitter imm\u00e9diatement son domicile ou mettre fin \u00e0 sa relation. Il est possible de parler de sa situation et d\u2019explorer les diff\u00e9rentes possibilit\u00e9s \u00e0 son rythme.<br \/>\n<br \/>\n\u2022\tBeaucoup n\u2019osent pas partir d\u2019une relation empreinte de violence, car elles et ils se disent que c\u2019est trop tard, que \u00e7a n\u2019en vaut plus la peine. Apr\u00e8s des ann\u00e9es d\u2019adaptation \u00e0 des comportements agressifs, certaines personnes ressentent une appr\u00e9hension \u00e0 l\u2019id\u00e9e de partir.<br \/>\n<br \/>\n\u2022\tCertain\u00b7es personnes \u00e9voquent \u00e9galement un sentiment de manquer de force pour entreprendre des d\u00e9marches juridiques ou administratives. <br \/>\n<br \/>\n\u2022\tLes probl\u00e8mes de sant\u00e9 et la d\u00e9pendance financi\u00e8re envers le\u00b7la conjoint\u00b7e renforcent une emprise du\/de la partenaire et la peur de ne pas pouvoir partir de la relation. <br \/>\n<br \/>\n\u2022\tCertain\u00b7es craignent de perdre le contr\u00f4le de la situation et devoir quitter le domicile, que la violence s\u2019aggrave ou de devoir aller en EMS.<br \/>\n<br \/>\n\u2022\tLa difficult\u00e9 d\u2019en parler et de trouver des ressources adapt\u00e9es aux besoins sp\u00e9cifiques en lien avec les besoins financiers, de soins, voire psychiques sont des freins importants qui d\u00e9couragent des d\u00e9marches de recherche d\u2019aide.<br \/>\n<br \/>\n\u2022\tLes proches sont souvent une ressource consid\u00e9rable pour \u00e0 la fois identifier la violence au sein du couple, puis pour rechercher des solutions d\u2019accompagnement.<br \/>\n<\/p><\/div><\/div><\/div><\/div><div class='accordion_item'><div class='accordion_header'><span class='title'>Vous \u00eates inquiet\u00b7\u00e8te pour une personne seniore de votre entourage ?<\/span><\/div><div class='accordion_body'><div class='acc_body_inner'><div class='vqf_fixed_width_text'><p>\u2022\tQuelques signes peuvent alerter : isolement, contr\u00f4le du\/de la partenaire (p.ex. ne peut pas se v\u00eatir comme elle\/il le souhaite, ne peut pas faire ce qu\u2019elle\/il veut), banaliser la violence envers sa\/son partenaire (p.ex. par des blagues d\u00e9nigrantes, ou sur le fait de blesser ou abuser de la personne).<br \/>\n<br \/>\n\u2022\tSouvent, il est n\u00e9cessaire de briser le silence qui entoure la violence. Il faut parfois oser demander comment va la relation en g\u00e9n\u00e9ral, comment se passent les conflits ou si la personne s\u2019est d\u00e9j\u00e0 sentie en danger par exemple. <br \/>\n<br \/>\n\u2022\tUne personne qui vit des violences au sein de son couple traverse une situation difficile et douloureuse, qui peut s\u2019accompagner de peur, de honte ou d\u2019un sentiment de solitude. Pour ouvrir le dialogue, il est important d\u2019offrir une \u00e9coute bienveillante, non-jugeante et qui respecte le rythme de la personne. Mettre la pression sur la victime, et la faire culpabiliser sont des r\u00e9actions \u00e0 \u00e9viter, car elles peuvent davantage l\u2019isoler. <br \/>\n<br \/>\n\u2022\tIl convient de condamner les actes de violence, tout en maintenant le lien.  Lui montrer votre \u00e9coute et votre soutien sans lui imposer des conditions (p.ex. \u00ab Tu dois la\/le quitter \u00bb) sont un moyen pr\u00e9cieux de l\u2019accompagner \u00e0 son rythme et de lui offrir un endroit s\u00fbr.<br \/>\n<br \/>\n\u2022\tLe r\u00f4le de t\u00e9moin est un r\u00f4le cl\u00e9 mais \u00e9galement d\u00e9licat et peut \u00eatre difficile \u00e0 assumer par moment. Il est ainsi important de ne pas porter cela seul\u00b7e et d\u2019\u00eatre entour\u00e9\u00b7e pour pouvoir en parler en toute confidence.<br \/>\n<\/p><\/div><\/div><\/div><\/div><div class='accordion_item'><div class='accordion_header'><span class='title'>Ressources d'aide pour seniors<\/span><\/div><div class='accordion_body'><div class='acc_body_inner'><div class='vqf_fixed_width_text'><p><a href=\"https:\/\/www.violencequefaire.ch\/trouver-de-laide\/?canton=0&age=199&type=0&type_aide=0&mots-cles=\">Cliquez ici pour retrouver les ressources<\/a><\/p><\/div><\/div><\/div><\/div><\/div><\/div><div class='right_media_block'><div class='media_box'><div class='podcast_col'><div class='podcast_item'><a href='https:\/\/www.violencequefaire.ch\/pt-pt\/podcast\/episode-10-violences-et-seniors\/'><\/a><div class='bg_layer'><img src='https:\/\/www.violencequefaire.ch\/wp-content\/uploads\/2026\/06\/Post-carre.png' alt=''><\/div><div class='inner'><div class='img_block'><img src='https:\/\/www.violencequefaire.ch\/wp-content\/uploads\/2026\/06\/Post-carre.png' alt=''><\/div><div class='podcast_info'><span class='episode_name'><strong>LA VIOLENCE AU SEIN DU COUPLE CHEZ LES PERSONNES \u00c2G\u00c9ES<\/strong>\n\nExperte: Delphine Roulet Schwab<\/span><h5 class='episode_title'>\u00c9PISODE 10 &#8211; VIOLENCES ET SENIORS<\/h5><span class='podcast_author'>Experte: <\/span><\/div><\/div><\/div><\/div><\/div><div class=\"flyer_box\"><a href=\"mailto:contact@violencequefaire.ch?subject=Commande%20de%20Flyers%20Seniors&#038;body=Nom:%0D%0APr\u00e9nom:%0D%0ASoci\u00e9t\u00e9:%0D%0ANombre%20de%20Flyers:%0D%0AAdresse:\" target=\"_blank\" class=\"flyer_link\"><img decoding=\"async\" src=\"https:\/\/www.violencequefaire.ch\/wp-content\/uploads\/2026\/07\/Screenshot-2026-07-10-154145.png\" alt=\"\"><\/a><a class=\"flyer_btn\" href=\"mailto:contact@violencequefaire.ch?subject=Commande%20de%20Flyers%20Seniors&#038;body=Nom:%0D%0APr\u00e9nom:%0D%0ASoci\u00e9t\u00e9:%0D%0ANombre%20de%20Flyers:%0D%0AAdresse:\" target=\"_self\">Commander gratuitement des flyers ><\/a><\/div><\/div><\/div><\/div><\/section>[\/vc_column][\/vc_row][vc_row][vc_column]<section class='vqf_section_block'><div class='vqf_container'><div class='vqf_row'><div class='vqf_full_col'><div class='vqf_fixed_width_text'><\/p>\n<p><iframe loading=\"lazy\" title=\"1\/3 Violence de couple chez les seniors\" width=\"500\" height=\"281\" src=\"https:\/\/www.youtube.com\/embed\/CH7aqYg0a1M?feature=oembed\" frameborder=\"0\" allow=\"accelerometer; autoplay; clipboard-write; encrypted-media; gyroscope; picture-in-picture; web-share\" referrerpolicy=\"strict-origin-when-cross-origin\" allowfullscreen><\/iframe><\/p>\n<p><\/div><\/div><\/div><\/div><\/section>[\/vc_column][\/vc_row]<\/p>\n<\/div>","protected":false},"excerpt":{"rendered":"<p>[vc_row][vc_column][\/vc_column][\/vc_row][vc_row][vc_column][\/vc_column][\/vc_row]<\/p>\n","protected":false},"author":15,"featured_media":0,"parent":0,"menu_order":0,"comment_status":"closed","ping_status":"closed","template":"","meta":{"_acf_changed":false,"footnotes":""},"class_list":["post-12707","page","type-page","status-publish","hentry"],"acf":[],"yoast_head":"<!-- This site is optimized with the Yoast SEO plugin v28.2 - https:\/\/yoast.com\/product\/yoast-seo-wordpress\/ -->\n<title>Violences &amp; seniors &#8226; Violence que faire ?<\/title>\n<meta name=\"description\" content=\"Les couples seniors sont \u00e9galement affect\u00e9s par la violence conjugale, qu\u2019elle soit psychologique, physique, sexuelle ou \u00e9conomique. Malgr\u00e9 qu\u2019ils repr\u00e9sentent un cinqui\u00e8me de la population, face \u00e0 la violence, les hommes et les femmes de 64 ans et plus font rarement appel aux ressources d\u2019aide.\" \/>\n<meta name=\"robots\" content=\"index, follow, max-snippet:-1, max-image-preview:large, max-video-preview:-1\" \/>\n<link rel=\"canonical\" href=\"https:\/\/www.violencequefaire.ch\/pt-pt\/seniors\/\" \/>\n<meta property=\"og:locale\" content=\"pt_PT\" \/>\n<meta property=\"og:type\" content=\"article\" \/>\n<meta property=\"og:title\" content=\"Violences &amp; seniors &#8226; Violence que faire ?\" \/>\n<meta property=\"og:description\" content=\"Les couples seniors sont \u00e9galement affect\u00e9s par la violence conjugale, qu\u2019elle soit psychologique, physique, sexuelle ou \u00e9conomique. Malgr\u00e9 qu\u2019ils repr\u00e9sentent un cinqui\u00e8me de la population, face \u00e0 la violence, les hommes et les femmes de 64 ans et plus font rarement appel aux ressources d\u2019aide.\" \/>\n<meta property=\"og:url\" content=\"https:\/\/www.violencequefaire.ch\/pt-pt\/seniors\/\" \/>\n<meta property=\"og:site_name\" content=\"Violence que faire ?\" \/>\n<meta property=\"article:modified_time\" content=\"2026-09-03T08:57:13+00:00\" \/>\n<meta name=\"twitter:card\" content=\"summary_large_image\" \/>\n<meta name=\"twitter:label1\" content=\"Tempo estimado de leitura\" \/>\n\t<meta name=\"twitter:data1\" content=\"14 minutos\" \/>\n<script type=\"application\/ld+json\" class=\"yoast-schema-graph\">{\"@context\":\"https:\\\/\\\/schema.org\",\"@graph\":[{\"@type\":\"WebPage\",\"@id\":\"https:\\\/\\\/www.violencequefaire.ch\\\/pt-pt\\\/seniors\\\/\",\"url\":\"https:\\\/\\\/www.violencequefaire.ch\\\/pt-pt\\\/seniors\\\/\",\"name\":\"Violences & seniors &#8226; Violence que faire ?\",\"isPartOf\":{\"@id\":\"https:\\\/\\\/www.violencequefaire.ch\\\/pt-pt\\\/#website\"},\"datePublished\":\"2026-07-06T09:04:30+00:00\",\"dateModified\":\"2026-09-03T08:57:13+00:00\",\"description\":\"Les couples seniors sont \u00e9galement affect\u00e9s par la violence conjugale, qu\u2019elle soit psychologique, physique, sexuelle ou \u00e9conomique. Malgr\u00e9 qu\u2019ils repr\u00e9sentent un cinqui\u00e8me de la population, face \u00e0 la violence, les hommes et les femmes de 64 ans et plus font rarement appel aux ressources d\u2019aide.\",\"breadcrumb\":{\"@id\":\"https:\\\/\\\/www.violencequefaire.ch\\\/pt-pt\\\/seniors\\\/#breadcrumb\"},\"inLanguage\":\"pt-PT\",\"potentialAction\":[{\"@type\":\"ReadAction\",\"target\":[\"https:\\\/\\\/www.violencequefaire.ch\\\/pt-pt\\\/seniors\\\/\"]}]},{\"@type\":\"BreadcrumbList\",\"@id\":\"https:\\\/\\\/www.violencequefaire.ch\\\/pt-pt\\\/seniors\\\/#breadcrumb\",\"itemListElement\":[{\"@type\":\"ListItem\",\"position\":1,\"name\":\"In\u00edcio\",\"item\":\"https:\\\/\\\/www.violencequefaire.ch\\\/pt-pt\\\/\"},{\"@type\":\"ListItem\",\"position\":2,\"name\":\"Violences &#038; seniors\"}]},{\"@type\":\"WebSite\",\"@id\":\"https:\\\/\\\/www.violencequefaire.ch\\\/pt-pt\\\/#website\",\"url\":\"https:\\\/\\\/www.violencequefaire.ch\\\/pt-pt\\\/\",\"name\":\"Violence que faire\",\"description\":\"Des sp\u00e9cialistes r\u00e9pondent personnellement \u00e0 vos questions anonymes sur la violence au sein du couple.\",\"publisher\":{\"@id\":\"https:\\\/\\\/www.violencequefaire.ch\\\/pt-pt\\\/#organization\"},\"alternateName\":\"Violenza Cosa Fare\",\"potentialAction\":[{\"@type\":\"SearchAction\",\"target\":{\"@type\":\"EntryPoint\",\"urlTemplate\":\"https:\\\/\\\/www.violencequefaire.ch\\\/pt-pt\\\/?s={search_term_string}\"},\"query-input\":{\"@type\":\"PropertyValueSpecification\",\"valueRequired\":true,\"valueName\":\"search_term_string\"}}],\"inLanguage\":\"pt-PT\"},{\"@type\":\"Organization\",\"@id\":\"https:\\\/\\\/www.violencequefaire.ch\\\/pt-pt\\\/#organization\",\"name\":\"Violence que faire ?\",\"url\":\"https:\\\/\\\/www.violencequefaire.ch\\\/pt-pt\\\/\",\"logo\":{\"@type\":\"ImageObject\",\"inLanguage\":\"pt-PT\",\"@id\":\"https:\\\/\\\/www.violencequefaire.ch\\\/pt-pt\\\/#\\\/schema\\\/logo\\\/image\\\/\",\"url\":\"https:\\\/\\\/www.violencequefaire.ch\\\/wp-content\\\/uploads\\\/2022\\\/04\\\/VQF_LOGO_neutre.jpg\",\"contentUrl\":\"https:\\\/\\\/www.violencequefaire.ch\\\/wp-content\\\/uploads\\\/2022\\\/04\\\/VQF_LOGO_neutre.jpg\",\"width\":253,\"height\":376,\"caption\":\"Violence que faire ?\"},\"image\":{\"@id\":\"https:\\\/\\\/www.violencequefaire.ch\\\/pt-pt\\\/#\\\/schema\\\/logo\\\/image\\\/\"}}]}<\/script>\n<!-- \/ Yoast SEO plugin. -->","yoast_head_json":{"title":"Violences & seniors &#8226; Violence que faire ?","description":"Les couples seniors sont \u00e9galement affect\u00e9s par la violence conjugale, qu\u2019elle soit psychologique, physique, sexuelle ou \u00e9conomique. Malgr\u00e9 qu\u2019ils repr\u00e9sentent un cinqui\u00e8me de la population, face \u00e0 la violence, les hommes et les femmes de 64 ans et plus font rarement appel aux ressources d\u2019aide.","robots":{"index":"index","follow":"follow","max-snippet":"max-snippet:-1","max-image-preview":"max-image-preview:large","max-video-preview":"max-video-preview:-1"},"canonical":"https:\/\/www.violencequefaire.ch\/pt-pt\/seniors\/","og_locale":"pt_PT","og_type":"article","og_title":"Violences & seniors &#8226; Violence que faire ?","og_description":"Les couples seniors sont \u00e9galement affect\u00e9s par la violence conjugale, qu\u2019elle soit psychologique, physique, sexuelle ou \u00e9conomique. Malgr\u00e9 qu\u2019ils repr\u00e9sentent un cinqui\u00e8me de la population, face \u00e0 la violence, les hommes et les femmes de 64 ans et plus font rarement appel aux ressources d\u2019aide.","og_url":"https:\/\/www.violencequefaire.ch\/pt-pt\/seniors\/","og_site_name":"Violence que faire ?","article_modified_time":"2026-09-03T08:57:13+00:00","twitter_card":"summary_large_image","twitter_misc":{"Tempo estimado de leitura":"14 minutos"},"schema":{"@context":"https:\/\/schema.org","@graph":[{"@type":"WebPage","@id":"https:\/\/www.violencequefaire.ch\/pt-pt\/seniors\/","url":"https:\/\/www.violencequefaire.ch\/pt-pt\/seniors\/","name":"Violences & seniors &#8226; Violence que faire ?","isPartOf":{"@id":"https:\/\/www.violencequefaire.ch\/pt-pt\/#website"},"datePublished":"2026-07-06T09:04:30+00:00","dateModified":"2026-09-03T08:57:13+00:00","description":"Les couples seniors sont \u00e9galement affect\u00e9s par la violence conjugale, qu\u2019elle soit psychologique, physique, sexuelle ou \u00e9conomique. Malgr\u00e9 qu\u2019ils repr\u00e9sentent un cinqui\u00e8me de la population, face \u00e0 la violence, les hommes et les femmes de 64 ans et plus font rarement appel aux ressources d\u2019aide.","breadcrumb":{"@id":"https:\/\/www.violencequefaire.ch\/pt-pt\/seniors\/#breadcrumb"},"inLanguage":"pt-PT","potentialAction":[{"@type":"ReadAction","target":["https:\/\/www.violencequefaire.ch\/pt-pt\/seniors\/"]}]},{"@type":"BreadcrumbList","@id":"https:\/\/www.violencequefaire.ch\/pt-pt\/seniors\/#breadcrumb","itemListElement":[{"@type":"ListItem","position":1,"name":"In\u00edcio","item":"https:\/\/www.violencequefaire.ch\/pt-pt\/"},{"@type":"ListItem","position":2,"name":"Violences &#038; seniors"}]},{"@type":"WebSite","@id":"https:\/\/www.violencequefaire.ch\/pt-pt\/#website","url":"https:\/\/www.violencequefaire.ch\/pt-pt\/","name":"Violence que faire","description":"Des sp\u00e9cialistes r\u00e9pondent personnellement \u00e0 vos questions anonymes sur la violence au sein du couple.","publisher":{"@id":"https:\/\/www.violencequefaire.ch\/pt-pt\/#organization"},"alternateName":"Violenza Cosa Fare","potentialAction":[{"@type":"SearchAction","target":{"@type":"EntryPoint","urlTemplate":"https:\/\/www.violencequefaire.ch\/pt-pt\/?s={search_term_string}"},"query-input":{"@type":"PropertyValueSpecification","valueRequired":true,"valueName":"search_term_string"}}],"inLanguage":"pt-PT"},{"@type":"Organization","@id":"https:\/\/www.violencequefaire.ch\/pt-pt\/#organization","name":"Violence que faire ?","url":"https:\/\/www.violencequefaire.ch\/pt-pt\/","logo":{"@type":"ImageObject","inLanguage":"pt-PT","@id":"https:\/\/www.violencequefaire.ch\/pt-pt\/#\/schema\/logo\/image\/","url":"https:\/\/www.violencequefaire.ch\/wp-content\/uploads\/2022\/04\/VQF_LOGO_neutre.jpg","contentUrl":"https:\/\/www.violencequefaire.ch\/wp-content\/uploads\/2022\/04\/VQF_LOGO_neutre.jpg","width":253,"height":376,"caption":"Violence que faire ?"},"image":{"@id":"https:\/\/www.violencequefaire.ch\/pt-pt\/#\/schema\/logo\/image\/"}}]}},"_links":{"self":[{"href":"https:\/\/www.violencequefaire.ch\/pt-pt\/wp-json\/wp\/v2\/pages\/12707","targetHints":{"allow":["GET"]}}],"collection":[{"href":"https:\/\/www.violencequefaire.ch\/pt-pt\/wp-json\/wp\/v2\/pages"}],"about":[{"href":"https:\/\/www.violencequefaire.ch\/pt-pt\/wp-json\/wp\/v2\/types\/page"}],"author":[{"embeddable":true,"href":"https:\/\/www.violencequefaire.ch\/pt-pt\/wp-json\/wp\/v2\/users\/15"}],"replies":[{"embeddable":true,"href":"https:\/\/www.violencequefaire.ch\/pt-pt\/wp-json\/wp\/v2\/comments?post=12707"}],"version-history":[{"count":1,"href":"https:\/\/www.violencequefaire.ch\/pt-pt\/wp-json\/wp\/v2\/pages\/12707\/revisions"}],"predecessor-version":[{"id":12712,"href":"https:\/\/www.violencequefaire.ch\/pt-pt\/wp-json\/wp\/v2\/pages\/12707\/revisions\/12712"}],"wp:attachment":[{"href":"https:\/\/www.violencequefaire.ch\/pt-pt\/wp-json\/wp\/v2\/media?parent=12707"}],"curies":[{"name":"wp","href":"https:\/\/api.w.org\/{rel}","templated":true}]}}