{"id":10904,"date":"2022-03-24T12:21:11","date_gmt":"2022-03-24T11:21:11","guid":{"rendered":"https:\/\/www.violencequefaire.ch\/podcasts\/"},"modified":"2025-10-05T13:48:31","modified_gmt":"2025-10-05T11:48:31","slug":"podcasts","status":"publish","type":"page","link":"https:\/\/www.violencequefaire.ch\/pt-pt\/recursos-e-campanhas\/podcasts\/","title":{"rendered":"Podcast"},"content":{"rendered":"<div class=\"wpb-content-wrapper\"><p>[vc_row][vc_column]<section class='vqf_section_block text_n_media_block'><div class='vqf_container'><div class='vqf_row'><div class='vqf_full_col'><h2>\u201cPOUSSI\u00c8RE\u201d<\/h2><\/div><div><div class='vqf_fixed_width_text'><p>Em 2021, por ocasi\u00e3o do seu 15.\u00ba anivers\u00e1rio, a Associa\u00e7\u00e3o VIOLENCE QUE FAIRE criou e lan\u00e7ou o podcast de sensibiliza\u00e7\u00e3o \u201cPoussi\u00e8re&#8221;.<br \/><br \/>\nO objetivo deste podcast \u00e9 dar a palavra a pessoas que viveram situa\u00e7\u00f5es de viol\u00eancia nas rela\u00e7\u00f5es e articular os seus testemunhos com os contributos de especialistas nas \u00e1reas espec\u00edficas das suas hist\u00f3rias. Cada epis\u00f3dio tem uma dura\u00e7\u00e3o de cerca de quinze minutos e aborda um tema espec\u00edfico em torno da viol\u00eancia nas rela\u00e7\u00f5es. \u201cP\u00f3\u201d visa promover a compreens\u00e3o dos diferentes tipos de viol\u00eancia nas rela\u00e7\u00f5es de casal (f\u00edsica, econ\u00f3mica, psicol\u00f3gica e sexual) e as suas especificidades. Todos os epis\u00f3dios do podcast &#8220;P\u00f3&#8221; podem ser consultados nesta p\u00e1gina. Os epis\u00f3dios est\u00e3o apenas em franc\u00eas.<\/p><\/div><\/div><\/div><div class='vqf_accordion_block'><div class='accordion_item'><div class='accordion_header'><span class='title'>PORQU\u00ca \"POUSSI\u00c8RE\u201d?<\/span><\/div><div class='accordion_body'><div class='acc_body_inner'><div class='vqf_fixed_width_text'><p>O p\u00f3 \u00e9 constitu\u00eddo por microfibras de tudo o que faz parte do nosso quotidiano. Acumulam-se discretamente, sem que nos apercebamos. Quando acabamos por o ver, significa que j\u00e1 l\u00e1 est\u00e1 h\u00e1 muito tempo e em grandes quantidades. Uma \u00fanica microfibra, no entanto, mede apenas menos de 500 micr\u00f3metros. Mas se se acumular, pode rapidamente cobrir grandes \u00e1reas.<br \/>\n<br \/>\nTal como a imagem do p\u00f3, a viol\u00eancia nas rela\u00e7\u00f5es \u00e9 progressiva e muitas vezes escondida. Na maioria dos casos, a viol\u00eancia nos casais instala-se pouco a pouco numa rela\u00e7\u00e3o que, muitas vezes, come\u00e7ou bem.<\/p><\/div><\/div><\/div><\/div><div class='accordion_item'><div class='accordion_header'><span class='title'>RAZ\u00c3O DE SER<\/span><\/div><div class='accordion_body'><div class='acc_body_inner'><div class='vqf_fixed_width_text'><p>Uma em cada cinco mulheres na Su\u00ed\u00e7a \u00e9 v\u00edtima de viol\u00eancia f\u00edsica e\/ou sexual por parte do seu parceiro durante a sua vida. 40 por cento s\u00e3o afectadas por viol\u00eancia psicol\u00f3gica (Fonte: estudo de Gillioz et al. 1997, p\u00e1gina 10 da Ficha Informativa A4 da FOU).  Em 2020, a pol\u00edcia registou 20 123 crimes de viol\u00eancia dom\u00e9stica, incluindo 89 homic\u00eddios ou tentativas de homic\u00eddio. A grande maioria destes crimes (73,5%) \u00e9 cometida no \u00e2mbito de uma rela\u00e7\u00e3o atual ou anterior e as v\u00edtimas s\u00e3o sobretudo mulheres (num casal atual: 76,1%; entre ex-companheiros: 78,7%). <br \/>\n<br \/>\nEmbora estas estat\u00edsticas mostrem que a maioria das v\u00edtimas de viol\u00eancia dom\u00e9stica s\u00e3o mulheres, os homens ou as pessoas n\u00e3o bin\u00e1rias tamb\u00e9m podem ser v\u00edtimas, tal como as mulheres ou as pessoas n\u00e3o bin\u00e1rias podem ser perpetradores de viol\u00eancia. <br \/>\nO website www.violencequefaire.ch e o seu servi\u00e7o de aconselhamento online destinam-se a todas as pessoas que vivem na Su\u00ed\u00e7a e que s\u00e3o confrontadas com situa\u00e7\u00f5es de viol\u00eancia nas rela\u00e7\u00f5es, independentemente da sua idade, orienta\u00e7\u00e3o sexual ou identidade de g\u00e9nero.<\/p><\/div><\/div><\/div><\/div><\/div><\/div><\/section>[\/vc_column][\/vc_row][vc_row][vc_column]<section class='vqf_section_block'><div class='vqf_container'><div class='vqf_row'><div class='vqf_full_col'><h2><\/h2><div class='podcast_row'><div class='podcast_col'><div class='podcast_item'><a href='https:\/\/www.violencequefaire.ch\/pt-pt\/podcast\/episodio-1-violencia-invisivel\/'><\/a><div class='bg_layer'><img src='https:\/\/www.violencequefaire.ch\/wp-content\/uploads\/2022\/04\/episode1_couverture.jpg' alt=''><\/div><div class='inner'><div class='img_block'><img src='https:\/\/www.violencequefaire.ch\/wp-content\/uploads\/2022\/04\/episode1_couverture.jpg' alt=''><\/div><div class='podcast_info'><span class='episode_name'>EPIS\u00d3DIO <\/span><h5 class='episode_title'> VIOL\u00caNCIA INVIS\u00cdVEL<\/h5><span class='podcast_author'><strong>Viol\u00eancia psicol\u00f3gica e econ\u00f3mica<\/strong><\/span><\/div><\/div><\/div><\/div><div class='podcast_col'><div class='podcast_item'><a href='https:\/\/www.violencequefaire.ch\/pt-pt\/podcast\/episodio-2-em-choque\/'><\/a><div class='bg_layer'><img src='https:\/\/www.violencequefaire.ch\/wp-content\/uploads\/2022\/04\/episode2_couverture.jpg' alt=''><\/div><div class='inner'><div class='img_block'><img src='https:\/\/www.violencequefaire.ch\/wp-content\/uploads\/2022\/04\/episode2_couverture.jpg' alt=''><\/div><div class='podcast_info'><span class='episode_name'>EPIS\u00d3DIO <\/span><h5 class='episode_title'> EM CHOQUE<\/h5><span class='podcast_author'><strong>VIOL\u00caNCIA FISICA E SEXUAL<\/strong><br \/>\r\n<br \/>\r\nEspecialista: Aline Cuche<\/span><\/div><\/div><\/div><\/div><div class='podcast_col'><div class='podcast_item'><a href='https:\/\/www.violencequefaire.ch\/pt-pt\/podcast\/episodio-3-enfrentar-a-justica\/'><\/a><div class='bg_layer'><img src='https:\/\/www.violencequefaire.ch\/wp-content\/uploads\/2022\/04\/episode3_couverture.jpg' alt=''><\/div><div class='inner'><div class='img_block'><img src='https:\/\/www.violencequefaire.ch\/wp-content\/uploads\/2022\/04\/episode3_couverture.jpg' alt=''><\/div><div class='podcast_info'><span class='episode_name'>EPIS\u00d3DIO <\/span><h5 class='episode_title'> ENFRENTAR A JUSTI\u00c7A<\/h5><span class='podcast_author'><h3>A viol\u00eancia no casal na perspetiva do direito su\u00ed\u00e7o<\/h3><br \/>\r\nEspecialista: Martine Lachat Clerc<\/span><\/div><\/div><\/div><\/div><div class='podcast_col'><div class='podcast_item'><a href='https:\/\/www.violencequefaire.ch\/pt-pt\/podcast\/episodio-4-infancia-em-suspenso\/'><\/a><div class='bg_layer'><img src='https:\/\/www.violencequefaire.ch\/wp-content\/uploads\/2022\/04\/episode4_couverture.jpg' alt=''><\/div><div class='inner'><div class='img_block'><img src='https:\/\/www.violencequefaire.ch\/wp-content\/uploads\/2022\/04\/episode4_couverture.jpg' alt=''><\/div><div class='podcast_info'><span class='episode_name'>EPIS\u00d3DIO <\/span><h5 class='episode_title'> INF\u00c2NCIA EM SUSPENSO<\/h5><span class='podcast_author'><h3>O impacto da viol\u00eancia no casal e nos filhos e netos<\/h3><br \/>\r\nEspecialista: Philippe Bigler<\/span><\/div><\/div><\/div><\/div><div class='podcast_col'><div class='podcast_item'><a href='https:\/\/www.violencequefaire.ch\/pt-pt\/podcast\/episode-5-genre-et-violences-partie-1\/'><\/a><div class='bg_layer'><img src='https:\/\/www.violencequefaire.ch\/wp-content\/uploads\/2022\/04\/episode5_couverture.jpg' alt=''><\/div><div class='inner'><div class='img_block'><img src='https:\/\/www.violencequefaire.ch\/wp-content\/uploads\/2022\/04\/episode5_couverture.jpg' alt=''><\/div><div class='podcast_info'><span class='episode_name'>EPIS\u00d3DIO <\/span><h5 class='episode_title'> G\u00c9NERO E VIOL\u00caNCIA (PARTE 1)<\/h5><span class='podcast_author'><h3>A constru\u00e7\u00e3o de hierarquias de g\u00e9nero<\/h3><br \/>\r\nEspecialista: Marta Roca i Escoda<\/span><\/div><\/div><\/div><\/div><div class='podcast_col'><div class='podcast_item'><a href='https:\/\/www.violencequefaire.ch\/pt-pt\/podcast\/episode-6-genre-et-violences-partie-2\/'><\/a><div class='bg_layer'><img src='https:\/\/www.violencequefaire.ch\/wp-content\/uploads\/2022\/04\/episode6_couverture.jpg' alt=''><\/div><div class='inner'><div class='img_block'><img src='https:\/\/www.violencequefaire.ch\/wp-content\/uploads\/2022\/04\/episode6_couverture.jpg' alt=''><\/div><div class='podcast_info'><span class='episode_name'>EPIS\u00d3DIO <\/span><h5 class='episode_title'> G\u00c9NERO E VIOL\u00caNCIA (PARTE 2)<\/h5><span class='podcast_author'><h3>Viol\u00eancia em casais LGBTQIA+<\/h3><br \/>\r\nEspecialista: Amanda Terzidis<\/span><\/div><\/div><\/div><\/div><div class='podcast_col'><div class='podcast_item'><a href='https:\/\/www.violencequefaire.ch\/pt-pt\/podcast\/episodio-7-violencia-e-migracao\/'><\/a><div class='bg_layer'><img src='https:\/\/www.violencequefaire.ch\/wp-content\/uploads\/2022\/04\/episode7_couverture.jpg' alt=''><\/div><div class='inner'><div class='img_block'><img src='https:\/\/www.violencequefaire.ch\/wp-content\/uploads\/2022\/04\/episode7_couverture.jpg' alt=''><\/div><div class='podcast_info'><span class='episode_name'>EPIS\u00d3DIO <\/span><h5 class='episode_title'> VIOL\u00caNCIA E MIGRA\u00c7\u00c3O<\/h5><span class='podcast_author'><h3>Imigrantes e v\u00edtimas de viol\u00eancia no seio do casal: que ajuda \u00e9 poss\u00edvel?<\/h3><br \/>\r\nEspecialita: Chlo\u00e9 Maire<\/span><\/div><\/div><\/div><\/div><div class='podcast_col'><div class='podcast_item'><a href='https:\/\/www.violencequefaire.ch\/pt-pt\/podcast\/episodio-8-desaprender-a-violencia\/'><\/a><div class='bg_layer'><img src='https:\/\/www.violencequefaire.ch\/wp-content\/uploads\/2022\/04\/episode8_couverture.jpg' alt=''><\/div><div class='inner'><div class='img_block'><img src='https:\/\/www.violencequefaire.ch\/wp-content\/uploads\/2022\/04\/episode8_couverture.jpg' alt=''><\/div><div class='podcast_info'><span class='episode_name'>EPIS\u00d3DIO <\/span><h5 class='episode_title'> DESAPRENDER A VIOL\u00caNCIA<\/h5><span class='podcast_author'><h3>O recurso \u00e0 viol\u00eancia nos casais: que mudan\u00e7as s\u00e3o poss\u00edveis?<\/h3><br \/>\r\nEspecialita: Annick Bavaud<\/span><\/div><\/div><\/div><\/div><div class='podcast_col'><div class='podcast_item'><a href='https:\/\/www.violencequefaire.ch\/pt-pt\/podcast\/episode-9-violences-et-handicap\/'><\/a><div class='bg_layer'><img src='https:\/\/www.violencequefaire.ch\/wp-content\/uploads\/2025\/10\/Post-carre.png' alt=''><\/div><div class='inner'><div class='img_block'><img src='https:\/\/www.violencequefaire.ch\/wp-content\/uploads\/2025\/10\/Post-carre.png' alt=''><\/div><div class='podcast_info'><span class='episode_name'>EPIS\u00d3DIO <\/span><h5 class='episode_title'> VIOL\u00caNCIA E DEFICI\u00caNCIA<\/h5><span class='podcast_author'><p><b>\u00a0VIOLENCES ET HANDICAP- LA VIOLENCE AU SEIN DU COUPLE CHEZ LES PERSONNES EN SITUATION DE HANDICAP<\/b><\/p><br \/>\n<p>Experte: Giada Besomi<\/p><br \/>\n<br \/>\n<!-- wp:paragraph --><br \/>\n<p><\/p><br \/>\n<!-- \/wp:paragraph --><\/span><\/div><\/div><\/div><\/div><\/div><\/div><\/div><\/div><\/section>[\/vc_column][\/vc_row]<\/p>\n<\/div>","protected":false},"excerpt":{"rendered":"<p>[vc_row][vc_column][\/vc_column][\/vc_row][vc_row][vc_column][\/vc_column][\/vc_row]<\/p>\n","protected":false},"author":16,"featured_media":0,"parent":11013,"menu_order":0,"comment_status":"closed","ping_status":"closed","template":"","meta":{"_acf_changed":false,"footnotes":""},"class_list":["post-10904","page","type-page","status-publish","hentry"],"acf":[],"yoast_head":"<!-- This site is optimized with the Yoast SEO plugin v27.3 - https:\/\/yoast.com\/product\/yoast-seo-wordpress\/ -->\n<title>Podcast &#8226; Violence que faire ?<\/title>\n<meta name=\"robots\" content=\"index, follow, max-snippet:-1, max-image-preview:large, max-video-preview:-1\" \/>\n<link rel=\"canonical\" href=\"https:\/\/www.violencequefaire.ch\/pt-pt\/recursos-e-campanhas\/podcasts\/\" \/>\n<meta property=\"og:locale\" content=\"pt_PT\" \/>\n<meta property=\"og:type\" content=\"article\" \/>\n<meta property=\"og:title\" content=\"Podcast &#8226; Violence que faire ?\" \/>\n<meta property=\"og:description\" content=\"[vc_row][vc_column][\/vc_column][\/vc_row][vc_row][vc_column][\/vc_column][\/vc_row]\" \/>\n<meta property=\"og:url\" content=\"https:\/\/www.violencequefaire.ch\/pt-pt\/recursos-e-campanhas\/podcasts\/\" \/>\n<meta property=\"og:site_name\" content=\"Violence que faire ?\" \/>\n<meta property=\"article:modified_time\" content=\"2025-10-05T11:48:31+00:00\" \/>\n<meta name=\"twitter:card\" content=\"summary_large_image\" \/>\n<meta name=\"twitter:label1\" content=\"Tempo estimado de leitura\" \/>\n\t<meta name=\"twitter:data1\" content=\"1 minuto\" \/>\n<script type=\"application\/ld+json\" class=\"yoast-schema-graph\">{\"@context\":\"https:\\\/\\\/schema.org\",\"@graph\":[{\"@type\":\"WebPage\",\"@id\":\"https:\\\/\\\/www.violencequefaire.ch\\\/pt-pt\\\/recursos-e-campanhas\\\/podcasts\\\/\",\"url\":\"https:\\\/\\\/www.violencequefaire.ch\\\/pt-pt\\\/recursos-e-campanhas\\\/podcasts\\\/\",\"name\":\"Podcast &#8226; Violence que faire ?\",\"isPartOf\":{\"@id\":\"https:\\\/\\\/www.violencequefaire.ch\\\/pt-pt\\\/#website\"},\"datePublished\":\"2022-03-24T11:21:11+00:00\",\"dateModified\":\"2025-10-05T11:48:31+00:00\",\"breadcrumb\":{\"@id\":\"https:\\\/\\\/www.violencequefaire.ch\\\/pt-pt\\\/recursos-e-campanhas\\\/podcasts\\\/#breadcrumb\"},\"inLanguage\":\"pt-PT\",\"potentialAction\":[{\"@type\":\"ReadAction\",\"target\":[\"https:\\\/\\\/www.violencequefaire.ch\\\/pt-pt\\\/recursos-e-campanhas\\\/podcasts\\\/\"]}]},{\"@type\":\"BreadcrumbList\",\"@id\":\"https:\\\/\\\/www.violencequefaire.ch\\\/pt-pt\\\/recursos-e-campanhas\\\/podcasts\\\/#breadcrumb\",\"itemListElement\":[{\"@type\":\"ListItem\",\"position\":1,\"name\":\"In\u00edcio\",\"item\":\"https:\\\/\\\/www.violencequefaire.ch\\\/pt-pt\\\/\"},{\"@type\":\"ListItem\",\"position\":2,\"name\":\"Recursos e campanhas\",\"item\":\"https:\\\/\\\/www.violencequefaire.ch\\\/pt-pt\\\/recursos-e-campanhas\\\/\"},{\"@type\":\"ListItem\",\"position\":3,\"name\":\"Podcast\"}]},{\"@type\":\"WebSite\",\"@id\":\"https:\\\/\\\/www.violencequefaire.ch\\\/pt-pt\\\/#website\",\"url\":\"https:\\\/\\\/www.violencequefaire.ch\\\/pt-pt\\\/\",\"name\":\"Violence que faire\",\"description\":\"Des sp\u00e9cialistes r\u00e9pondent personnellement \u00e0 vos questions anonymes sur la violence au sein du couple.\",\"publisher\":{\"@id\":\"https:\\\/\\\/www.violencequefaire.ch\\\/pt-pt\\\/#organization\"},\"alternateName\":\"Violenza Cosa Fare\",\"potentialAction\":[{\"@type\":\"SearchAction\",\"target\":{\"@type\":\"EntryPoint\",\"urlTemplate\":\"https:\\\/\\\/www.violencequefaire.ch\\\/pt-pt\\\/?s={search_term_string}\"},\"query-input\":{\"@type\":\"PropertyValueSpecification\",\"valueRequired\":true,\"valueName\":\"search_term_string\"}}],\"inLanguage\":\"pt-PT\"},{\"@type\":\"Organization\",\"@id\":\"https:\\\/\\\/www.violencequefaire.ch\\\/pt-pt\\\/#organization\",\"name\":\"Violence que faire ?\",\"url\":\"https:\\\/\\\/www.violencequefaire.ch\\\/pt-pt\\\/\",\"logo\":{\"@type\":\"ImageObject\",\"inLanguage\":\"pt-PT\",\"@id\":\"https:\\\/\\\/www.violencequefaire.ch\\\/pt-pt\\\/#\\\/schema\\\/logo\\\/image\\\/\",\"url\":\"https:\\\/\\\/www.violencequefaire.ch\\\/wp-content\\\/uploads\\\/2022\\\/04\\\/VQF_LOGO_neutre.jpg\",\"contentUrl\":\"https:\\\/\\\/www.violencequefaire.ch\\\/wp-content\\\/uploads\\\/2022\\\/04\\\/VQF_LOGO_neutre.jpg\",\"width\":253,\"height\":376,\"caption\":\"Violence que faire ?\"},\"image\":{\"@id\":\"https:\\\/\\\/www.violencequefaire.ch\\\/pt-pt\\\/#\\\/schema\\\/logo\\\/image\\\/\"}}]}<\/script>\n<!-- \/ Yoast SEO plugin. -->","yoast_head_json":{"title":"Podcast &#8226; Violence que faire ?","robots":{"index":"index","follow":"follow","max-snippet":"max-snippet:-1","max-image-preview":"max-image-preview:large","max-video-preview":"max-video-preview:-1"},"canonical":"https:\/\/www.violencequefaire.ch\/pt-pt\/recursos-e-campanhas\/podcasts\/","og_locale":"pt_PT","og_type":"article","og_title":"Podcast &#8226; Violence que faire ?","og_description":"[vc_row][vc_column][\/vc_column][\/vc_row][vc_row][vc_column][\/vc_column][\/vc_row]","og_url":"https:\/\/www.violencequefaire.ch\/pt-pt\/recursos-e-campanhas\/podcasts\/","og_site_name":"Violence que faire ?","article_modified_time":"2025-10-05T11:48:31+00:00","twitter_card":"summary_large_image","twitter_misc":{"Tempo estimado de leitura":"1 minuto"},"schema":{"@context":"https:\/\/schema.org","@graph":[{"@type":"WebPage","@id":"https:\/\/www.violencequefaire.ch\/pt-pt\/recursos-e-campanhas\/podcasts\/","url":"https:\/\/www.violencequefaire.ch\/pt-pt\/recursos-e-campanhas\/podcasts\/","name":"Podcast &#8226; Violence que faire ?","isPartOf":{"@id":"https:\/\/www.violencequefaire.ch\/pt-pt\/#website"},"datePublished":"2022-03-24T11:21:11+00:00","dateModified":"2025-10-05T11:48:31+00:00","breadcrumb":{"@id":"https:\/\/www.violencequefaire.ch\/pt-pt\/recursos-e-campanhas\/podcasts\/#breadcrumb"},"inLanguage":"pt-PT","potentialAction":[{"@type":"ReadAction","target":["https:\/\/www.violencequefaire.ch\/pt-pt\/recursos-e-campanhas\/podcasts\/"]}]},{"@type":"BreadcrumbList","@id":"https:\/\/www.violencequefaire.ch\/pt-pt\/recursos-e-campanhas\/podcasts\/#breadcrumb","itemListElement":[{"@type":"ListItem","position":1,"name":"In\u00edcio","item":"https:\/\/www.violencequefaire.ch\/pt-pt\/"},{"@type":"ListItem","position":2,"name":"Recursos e campanhas","item":"https:\/\/www.violencequefaire.ch\/pt-pt\/recursos-e-campanhas\/"},{"@type":"ListItem","position":3,"name":"Podcast"}]},{"@type":"WebSite","@id":"https:\/\/www.violencequefaire.ch\/pt-pt\/#website","url":"https:\/\/www.violencequefaire.ch\/pt-pt\/","name":"Violence que faire","description":"Des sp\u00e9cialistes r\u00e9pondent personnellement \u00e0 vos questions anonymes sur la violence au sein du couple.","publisher":{"@id":"https:\/\/www.violencequefaire.ch\/pt-pt\/#organization"},"alternateName":"Violenza Cosa Fare","potentialAction":[{"@type":"SearchAction","target":{"@type":"EntryPoint","urlTemplate":"https:\/\/www.violencequefaire.ch\/pt-pt\/?s={search_term_string}"},"query-input":{"@type":"PropertyValueSpecification","valueRequired":true,"valueName":"search_term_string"}}],"inLanguage":"pt-PT"},{"@type":"Organization","@id":"https:\/\/www.violencequefaire.ch\/pt-pt\/#organization","name":"Violence que faire ?","url":"https:\/\/www.violencequefaire.ch\/pt-pt\/","logo":{"@type":"ImageObject","inLanguage":"pt-PT","@id":"https:\/\/www.violencequefaire.ch\/pt-pt\/#\/schema\/logo\/image\/","url":"https:\/\/www.violencequefaire.ch\/wp-content\/uploads\/2022\/04\/VQF_LOGO_neutre.jpg","contentUrl":"https:\/\/www.violencequefaire.ch\/wp-content\/uploads\/2022\/04\/VQF_LOGO_neutre.jpg","width":253,"height":376,"caption":"Violence que faire ?"},"image":{"@id":"https:\/\/www.violencequefaire.ch\/pt-pt\/#\/schema\/logo\/image\/"}}]}},"_links":{"self":[{"href":"https:\/\/www.violencequefaire.ch\/pt-pt\/wp-json\/wp\/v2\/pages\/10904","targetHints":{"allow":["GET"]}}],"collection":[{"href":"https:\/\/www.violencequefaire.ch\/pt-pt\/wp-json\/wp\/v2\/pages"}],"about":[{"href":"https:\/\/www.violencequefaire.ch\/pt-pt\/wp-json\/wp\/v2\/types\/page"}],"author":[{"embeddable":true,"href":"https:\/\/www.violencequefaire.ch\/pt-pt\/wp-json\/wp\/v2\/users\/16"}],"replies":[{"embeddable":true,"href":"https:\/\/www.violencequefaire.ch\/pt-pt\/wp-json\/wp\/v2\/comments?post=10904"}],"version-history":[{"count":4,"href":"https:\/\/www.violencequefaire.ch\/pt-pt\/wp-json\/wp\/v2\/pages\/10904\/revisions"}],"predecessor-version":[{"id":11815,"href":"https:\/\/www.violencequefaire.ch\/pt-pt\/wp-json\/wp\/v2\/pages\/10904\/revisions\/11815"}],"up":[{"embeddable":true,"href":"https:\/\/www.violencequefaire.ch\/pt-pt\/wp-json\/wp\/v2\/pages\/11013"}],"wp:attachment":[{"href":"https:\/\/www.violencequefaire.ch\/pt-pt\/wp-json\/wp\/v2\/media?parent=10904"}],"curies":[{"name":"wp","href":"https:\/\/api.w.org\/{rel}","templated":true}]}}