{"id":9595,"date":"2022-03-25T13:32:07","date_gmt":"2022-03-25T12:32:07","guid":{"rendered":"https:\/\/www.violencequefaire.ch\/?page_id=9595"},"modified":"2024-10-08T10:21:02","modified_gmt":"2024-10-08T08:21:02","slug":"a-proposito-dellassociazione-2","status":"publish","type":"page","link":"https:\/\/www.violencequefaire.ch\/it\/a-proposito-dellassociazione-2\/","title":{"rendered":"A proposito dell\u2019Associazione"},"content":{"rendered":"<div class=\"wpb-content-wrapper\"><p>[vc_row][vc_column]<section class='vqf_section_block'><div class='vqf_container'><div class='vqf_row'><div class='vqf_full_col'><h2>Ritratto<\/h2><div class='vqf_fixed_width_text'>VIOLENZA COSA FARE \u00e8 un\u2019associazione svizzera romanda senza scopo di lucro riconosciuta come ente di utilit\u00e0 pubblica. L\u2019Associazione si impegna nei confronti di tutte le persone che vivono in Svizzera e sono coinvolte da situazioni di violenza nelle relazioni di coppia, sia perch\u00e9 la subiscono o perch\u00e9 la agiscono o sono persone conoscenti o della cerchia di contatti (familiari o professionali) oppure testimoni e qualunque sia la loro et\u00e0, nazionalit\u00e0, situazione economica e di status migratorio, e qualunque sia l\u2019orientamento sessuale e l\u2019identit\u00e0 di genere.<\/p>\n<p>Tramite il suo sito internet <a href=\"http:\/\/violenzachefare.ch\/\">violenzacosafare.ch<\/a>, l\u2019Associazione offre una piattaforma ricca di informazioni che mirano ad aiutare, orientare ed incoraggiare ogni persona coinvolta da situazioni di violenza all\u2019interno di una relazione di coppia affinch\u00e9 possa rompere il silenzio. Queste informazioni possono essere molto utili anche a chi interviene professionalmente a contatto con persone coinvolte.<\/p>\n<p>Il sito propone un servizio di consulenza online professionale, anonimo, personalizzato e gratuito, che risponde entro tre giorni lavorativi.<br \/>\nQuesto servizio \u00e8 assicurato da persone professioniste di alcune istituzioni partner Solidarit\u00e9 Femmes Bienne (BE), Solidarit\u00e9 Femmes \u2013 Centre LAVI FR (FR), EX-pression (FR), Point du Jour (VS), Centre d\u2019accueil MalleyPrairie (VD), Centre Pr\u00e9vention de l\u2019Ale (VD), Centre LAVI VD (VD), Service d\u2019aide aux victimes \u2013 Centre LAVI e Solidarit\u00e9 Femmes (NE), Fondation l\u2019EssentiElles (VS). Una persona professionista specializzata, assunta dall\u2019Associazione, va a sostegno dell\u2019\u00e9quipe.<\/div><\/div><\/div><\/div><\/section>[\/vc_column][\/vc_row][vc_row][vc_column]<section class='vqf_section_block block_background'><div class='vqf_container'><div class='vqf_row'><div class='vqf_full_col'><h2>Storia<\/h2><div class='vqf_fixed_width_text'>Tre istituzioni del Canton Vaud attive nell\u2019ambito della violenza all\u2019interno delle relazioni di coppia hanno deciso di unirsi nel 2006 per creare l\u2019Associazione svizzera romanda Vivre sans Violence. La nuova associazione, formata dal centro d\u2019accoglienza MalleyPrairie (CMP), l\u2019Ufficio per la parit\u00e0 di genere del Canton Vaud\u00a0 (BEFH) e il servizio ViFa ha iniziato a gestire due siti internet: violencequefaire per persone adulte e comeva per giovani.<\/p>\n<p>Nel 2016, per semplificare la sua comunicazione, l\u2019Associazione Vivre sans Violence ha cambiato nome ed \u00e8 stata rinominata VIOLENCE QUE FAIRE (VIOLENZA COSA FARE) e i due siti internet sono stati fusi in uno soltanto.<\/div><\/div><\/div><\/div><\/section>[\/vc_column][\/vc_row][vc_row][vc_column]<section class='vqf_section_block'><div class='vqf_container'><div class='vqf_row'><div class='vqf_full_col'><div class='vqf_intra_links_block'><div class='inner_row'><div class='intra_link_col'><div class='intra_link_item'><a href='https:\/\/www.violencequefaire.ch\/it\/a-proposito-dellassociazione-2\/il-team-violence-que-faire\/' aria-label='A proposito dell\u2019Associazione'><\/a><div class='intra_item_inner'><div class='intra_body'><span class='intra_title'>A proposito dell\u2019Associazione<\/span><p class='intra_info'>Il team di VIOLENCE COSA FAIRE informa, consiglia e offre supporto a tutte le persone coinvolte nella violenza nelle relazioni di coppia.<\/p><\/div><div class='intra_footer'><img src='https:\/\/www.violencequefaire.ch\/wp-content\/themes\/vqf\/assets\/img\/icons\/arrow_black.svg' alt=''><\/div><\/div><\/div><\/div><div class='intra_link_col'><div class='intra_link_item'><a href='https:\/\/www.violencequefaire.ch\/it\/documenti-2\/' aria-label='Documenti'><\/a><div class='intra_item_inner'><div class='intra_body'><span class='intra_title'>Documenti<\/span><p class='intra_info'>Trovate i rapporti di attivit\u00e0 di VIOLENCE COSA FARE, cos\u00ec come la sua rassegna stampa annuale.<\/p><\/div><div class='intra_footer'><img src='https:\/\/www.violencequefaire.ch\/wp-content\/themes\/vqf\/assets\/img\/icons\/arrow_black.svg' alt=''><\/div><\/div><\/div><\/div><div class='intra_link_col'><div class='intra_link_item'><a href='https:\/\/www.violencequefaire.ch\/it\/sostenerci\/#tab_1' aria-label='Sostenerci'><\/a><div class='intra_item_inner'><div class='intra_body'><span class='intra_title'>Sostenerci<\/span><p class='intra_info'>Date forza alla lotta contro la violenza nelle relazioni di coppia. Potete associarvi o fare una donazione per sostenere l'associazione nei suoi progetti.<\/p><\/div><div class='intra_footer'><img src='https:\/\/www.violencequefaire.ch\/wp-content\/themes\/vqf\/assets\/img\/icons\/arrow_black.svg' alt=''><\/div><\/div><\/div><\/div><\/div><\/div><\/div><\/div><\/div><\/section>[\/vc_column][\/vc_row][vc_row][vc_column]<section class='vqf_section_block'><div class='vqf_container'><div class='vqf_row'><div class='vqf_full_col'><h2>Missione<\/h2><div class='vqf_fixed_width_text'><\/p>\n<ul>\n<li>Informare, consigliare, e prevenire la violenza nella relazione di coppia e offrire un sostegno a tutte le persone coinvolte. Incoraggiare a reagire e a rompere il silenzio.<\/li>\n<li>Collaborare e interagire con le diverse istituzioni attive nell\u2019ambito della violenza all\u2019interno delle relazioni di coppia nella Svizzera romanda in una visione politica coordinata e integrata.<\/li>\n<\/ul>\n<p><\/div><\/div><\/div><\/div><\/section>[\/vc_column][\/vc_row][vc_row][vc_column]<section class='vqf_section_block text_n_media_block block_background'><div class='vqf_container'><div class='vqf_row'><div class='vqf_full_col'><h2>Attivit\u00e0<\/h2><\/div><div><div class='vqf_fixed_width_text'><\/div><\/div><\/div><div class='vqf_accordion_block'><div class='accordion_item'><div class='accordion_header'><span class='title'>Informazioni online<\/span><\/div><div class='accordion_body'><div class='acc_body_inner'><div class='vqf_fixed_width_text'><p>Vengono proposte informazioni online sul sito www.violenzachefare.ch per tutte le persone coinvolte dalla violenza nelle relazioni di coppia. Si tratta di facilitare una presa di coscienza e di incoraggiare a reagire e prendere contatto per avviare una procedura presso le istituzioni specializzate della Svizzera italiana e romanda. <\/p><\/div><\/div><\/div><\/div><div class='accordion_item'><div class='accordion_header'><span class='title'>Consigli online<\/span><\/div><div class='accordion_body'><div class='acc_body_inner'><div class='vqf_fixed_width_text'><p>Consigli e suggerimenti accessibili facilmente per chi subisce e per chi agisce violenza, ma anche per le persone vicine, della cerchia di contatti. C\u2019\u00e8 la possibilit\u00e0 di porre domande in modo del tutto anonimo in merito alle situazioni di violenza nelle relazioni di coppia. E viene garantita una risposta personalizzata entro breve tempo. Con il consenso della persona utente, la domanda e la risposta possono essere pubblicate in modo confidenziale e anonimo.<\/p><\/div><\/div><\/div><\/div><div class='accordion_item'><div class='accordion_header'><span class='title'>Prevenzione<\/span><\/div><div class='accordion_body'><div class='acc_body_inner'><div class='vqf_fixed_width_text'><p>Vengono organizzate attivit\u00e0 di promozione delle iniziative dell\u2019Associazione e di sensibilizzazione alla problematica presso il grande pubblico, presso le organizzazioni attive sul campo e le istanze politiche.<\/p><\/div><\/div><\/div><\/div><div class='accordion_item'><div class='accordion_header'><span class='title'>Lavoro in rete<\/span><\/div><div class='accordion_body'><div class='acc_body_inner'><div class='vqf_fixed_width_text'><p>Promozione di scambi e di collaborazioni tra le istituzioni dei Cantoni della Svizzera romanda, lavoro in rete a livello federale come per esempio nella \u201cRete Convenzione di Istanbul\u201d e per la campagna dei \u201c16 giorni contro le violenze di genere\u201d, e ricerca di nuove collaborazioni e scambi nella Svizzera italiana.<\/p><\/div><\/div><\/div><\/div><\/div><\/div><\/section>[\/vc_column][\/vc_row][vc_row][vc_column]<section class='vqf_section_block text_n_media_block'><div class='vqf_container'><div class='vqf_row'><div class='vqf_full_col'><h2>Valori<\/h2><\/div><div><div class='vqf_fixed_width_text'><\/div><\/div><\/div><div class='vqf_accordion_block'><div class='accordion_item'><div class='accordion_header'><span class='title'>Rispetto, parit\u00e0 e integrit\u00e0 nelle relazioni di coppia<\/span><\/div><div class='accordion_body'><div class='acc_body_inner'><div class='vqf_fixed_width_text'><p>Che sia a livello psichico, fisico, sessuale o economico<\/p><\/div><\/div><\/div><\/div><div class='accordion_item'><div class='accordion_header'><span class='title'>Incoraggiamento di comportamenti responsabili<\/span><\/div><div class='accordion_body'><div class='acc_body_inner'><div class='vqf_fixed_width_text'><p>Coerenza con il quadro legale svizzero \u2013 delle persone coinvolte da situazioni di violenza nelle relazioni di coppia, soprattutto per quanto concerne minori che si trovano a viverle.<\/p><\/div><\/div><\/div><\/div><div class='accordion_item'><div class='accordion_header'><span class='title'>Approccio integrato<\/span><\/div><div class='accordion_body'><div class='acc_body_inner'><div class='vqf_fixed_width_text'><p>Riconoscimento della necessit\u00e0 e pertinenza di un approccio integrato. Le violenze nelle relazioni di coppia e le loro conseguenze non possono essere affrontate e gestite da una sola istanza. Da un lato, perch\u00e9 sia la persona che \u00e8 vittima sia quella che agisce violenza sono coinvolte. Ma spesso ci sono anche minori, bambine e bambini o adolescenti che vivono quelle situazioni e ne subiscono un impatto diretto. D\u2019altra parte, i bisogni sono molteplici (protezione, salute, alloggio, sostegno psicologico, finanziario, \u2026). Un approccio integrato permette ai differenti enti attivi in questa problematica complessa di riflettere insieme alle collaborazioni interistituzionali e alle possibili piste di azione per tutte le persone coinvolte (vittime e persone che subiscono o agiscono violenza, conoscenti e testimoni di violenza nelle relazioni di coppia). <\/p><\/div><\/div><\/div><\/div><div class='accordion_item'><div class='accordion_header'><span class='title'>Indipendenza e neutralit\u00e0<\/span><\/div><div class='accordion_body'><div class='acc_body_inner'><div class='vqf_fixed_width_text'><p>VIOLENZA COSA FARE \u00e8 un\u2019associazione senza scopo di lucro, neutra dal punto di vista politico e religioso, cio\u00e8 apartitica e aconfessionale.<\/p><\/div><\/div><\/div><\/div><div class='accordion_item'><div class='accordion_header'><span class='title'>Professionalit\u00e0 <\/span><\/div><div class='accordion_body'><div class='acc_body_inner'><div class='vqf_fixed_width_text'><p>Trattamento delle domande formulate da internauti e da chi naviga sul sito, con risposte da parte di persone specializzate e professioniste dell\u2019ambito delle violenze nelle relazioni di coppia.<\/p><\/div><\/div><\/div><\/div><div class='accordion_item'><div class='accordion_header'><span class='title'>Garanzia dell\u2019anonimato<\/span><\/div><div class='accordion_body'><div class='acc_body_inner'><div class='vqf_fixed_width_text'><p>Per chiunque faccia ricorso al servizio di consulenza e risposta online www.violenzacosafare.ch<\/p><\/div><\/div><\/div><\/div><\/div><\/div><\/section>[\/vc_column][\/vc_row][vc_row][vc_column]<section class='vqf_section_block text_n_media_block'><div class='vqf_container'><div class='vqf_row'><div class='vqf_full_col'><h2>Statuti<\/h2><\/div><div><div class='vqf_fixed_width_text'><p>Preambolo<\/p><br \/>\n<p>Nel 2006 tre organizzazioni del Canton Vaud attive nella prevenzione delle violenze nelle relazioni di coppia (ossia il centro d\u2019accoglienza MalleyPrairie &#8211; CMP, l\u2019Ufficio per la parit\u00e0 di genere del Canton Vaud &#8211; BEFH e il servizio ViFa) hanno creato l\u2019associazione Vivre sans Violence. Nel 2016 la nuova Associazione \u00e8 poi stata rinominata VIOLENCE QUE FAIRE &#8211; VIOLENZA COSA FARE. La missione dell\u2019Associazione \u00e8 la prevenzione della violenza nelle relazioni di coppia. E per violenza nelle relazioni di coppia, si intende ogni forma di violenza (psicologica, fisica, sessuale o economica) che viene agita all\u2019interno di una relazione di coppia.<\/p><br \/>\n<p>L\u2019Associazione costituisce un ente complementare alle diverse organizzazioni romande attive in questo ambito e rappresenta un\u2019occasione di scambio tra di esse. A tale scopo, gestisce un sito internet che offre informazioni e consigli rivolti a tutte le person\u00e9 coinvolte da situazioni di violenza nelle relazioni di coppia. Il sito comprende anche un servizio interattivo che \u00e8 una novit\u00e0, pionieristica in area francofona, che permette alle persone utenti del web di porre delle domande in modo anonimo e di ottenere delle risposte personalizzate da parte di persone specializzate nell\u2019ambito in questione.<\/p><br \/>\n<p>L\u2019Associazione lavora in partenariato con organizzazioni pubbliche e private.<\/p><\/div><\/div><\/div><div class='vqf_accordion_block'><div class='accordion_item'><div class='accordion_header'><span class='title'>1. Nome e sede<\/span><\/div><div class='accordion_body'><div class='acc_body_inner'><div class='vqf_fixed_width_text'><p>Con il nome Associazione VIOLENCE QUE FAIRE - VIOLENZA CHE FARE (qui di seguito, l\u2019Associazione ), viene costituita un\u2019associazione di durata illimitata indipendente da ogni appartenenza politica, religiosa o filosofica, e senza scopo di lucro, retta dai presenti Statuti e dagli articoli 60 e seguenti del Codice civile. La sede dell\u2019Associazione si trova presso l\u2019indirizzo del segretariato.<\/p><\/div><\/div><\/div><\/div><div class='accordion_item'><div class='accordion_header'><span class='title'>2. Missione<\/span><\/div><div class='accordion_body'><div class='acc_body_inner'><div class='vqf_fixed_width_text'><p>L\u2019Associazione ha come missione principale l\u2019informazione e la prevenzione in merito alla violenza nelle relazioni di coppia, cos\u00ec come il sostegno alle persone coinvolte. L\u2019Associazione favorisce lo scambio e la collaborazione tra le istituzioni romande attive nell\u2019ambito della violenza nelle relazioni di coppia. Per realizzare questi obiettivi, l\u2019Associazione assicura lo sviluppo, l\u2019aggiornamento e la promozione del sito internet www.violenzachefare.ch che si rivolge alle persone adulte e giovani. Questo sito propone informazioni a tutte le persone coinvolte dalla tematica. Inoltre offre un sostegno e consigli alle persone che subiscono o che agiscono violenza, cos\u00ec come alle persone della cerchia di contatti e testimoni, attraverso un servizio di risposta online.<\/p><\/div><\/div><\/div><\/div><div class='accordion_item'><div class='accordion_header'><span class='title'>3. Servizio di consulenza<\/span><\/div><div class='accordion_body'><div class='acc_body_inner'><div class='vqf_fixed_width_text'><p>Grazie al servizio di consulenza su internet, l\u2019Associazione offre alle persone internaute una prima possibilit\u00e0 di contatto per favorire una presa di coscienza e incoraggiare, se necessario, una procedura successiva presso le istituzioni specializzate dei cantoni romandi. Il servizio di consulenza permette alle persone che hanno subito e a quelle che hanno agito violenza, cos\u00ec come alle persone della cerchia di contatti di porre domande in merito a situazioni di violenza nelle relazioni di coppia rivolgendosi a persone specializzate. Viene garantita una risposta personalizzata entro un breve termine, e questo servizio \u00e8 garantito in modo assolutamente anonimo e confidenziale. La consulenza \u00e8 assicurata da persone professioniste, esperte nell\u2019ambito della violenza nelle relazioni di coppia. L\u2019Associazione forma queste persone in modo apposito sulle specificit\u00e0 della consulenza online.<\/p><\/div><\/div><\/div><\/div><div class='accordion_item'><div class='accordion_header'><span class='title'>4. Persone e organizzazioni associate<\/span><\/div><div class='accordion_body'><div class='acc_body_inner'><div class='vqf_fixed_width_text'><p>All\u2019Associazione si pu\u00f2 aderire in modo individuale (persone associate) e collettivo (organizzazioni associate). Pu\u00f2 associarsi in modo individuale ogni persona interessata alla problematica della violenza nelle relazioni di coppia, ad eccezione delle persone che lavorano con un contratto per l\u2019Associazione. Pu\u00f2 associarsi tramite adesione collettiva ogni organizzazione privata o pubblica attiva nell\u2019ambito della violenza nelle relazioni di coppia o interessata alla tematica. L\u2019ammissione e l\u2019esclusione di persone ed organizzazioni associate sono di competenza del Comitato. Le dimissioni dall\u2019Associazione devono essere annunciate al Comitato con due mesi di preavviso.<\/p><\/div><\/div><\/div><\/div><div class='accordion_item'><div class='accordion_header'><span class='title'>5. Risorse<\/span><\/div><div class='accordion_body'><div class='acc_body_inner'><div class='vqf_fixed_width_text'><p>Le risorse dell\u2019Associazione provengono dalle quote sociali delle persone e organizzazioni associate, dalle sovvenzioni, dalle donazioni o dai lasciti, cos\u00ec come da ogni altro ricavo o contributo. L\u2019Associazione risponde in modo autonomo dei propri debiti, che sono garantiti dal suo capitale sociale.<\/p><\/div><\/div><\/div><\/div><div class='accordion_item'><div class='accordion_header'><span class='title'>6. Quote<\/span><\/div><div class='accordion_body'><div class='acc_body_inner'><div class='vqf_fixed_width_text'><p>Le quote sono percepite annualmente, il loro ammontare \u00e8 fissato dall\u2019Assemblea generale su proposta del Comitato. In caso di mancato pagamento della quota annuale per due anni consecutivi, la persona associata \u00e8 esclusa dall\u2019Associazione su decisione del Comitato. Il Comitato ha la competenza per esonerare dal pagamento delle quote alcune organizzazioni che sono associate attraverso le adesioni collettive, se forniscono prestazioni in natura all\u2019Associazione, in particolare se assicurano parte della consulenza online.<\/p><\/div><\/div><\/div><\/div><div class='accordion_item'><div class='accordion_header'><span class='title'>7. Struttura<\/span><\/div><div class='accordion_body'><div class='acc_body_inner'><div class='vqf_fixed_width_text'><p>Gli organi dell\u2019Associazione sono: l\u2019Assemblea generale, il Comitato. Inoltre, l\u2019Associazione si dota di un Segretariato, incaricato della sua gestione amministrativa<\/p><\/div><\/div><\/div><\/div><div class='accordion_item'><div class='accordion_header'><span class='title'>8. Assemblea generale<\/span><\/div><div class='accordion_body'><div class='acc_body_inner'><div class='vqf_fixed_width_text'><p>a) Composizione<br \/>\n <br \/>\nL\u2019Assemblea generale \u00e8 l\u2019organo supremo dell\u2019Associazione. \u00c8 composta dall\u2019insieme di tutte le persone e le organizzazioni associate.<br \/>\n <br \/>\nb) Convocazione<br \/>\n <br \/>\nL\u2019Assemblea ordinaria \u00e8 convocata dal Comitato una volta all\u2019anno. Altre Assemblee straordinarie possono essere convocate in caso di bisogno dal Comitato oppure su domanda della met\u00e0 delle persone associate tramite adesione individuale, o di tre organizzazioni associate. La convocazione e l\u2019ordine del giorno devono essere inviati almeno tre settimane in anticipo.<br \/>\n <br \/>\nc) Competenze<br \/>\n <br \/>\nL\u2019Assemblea generale ha le competenze seguenti:<br \/>\n <br \/>\nDecidere degli obiettivi che figurano all\u2019ordine del giorno e di ogni proposta giunta al Segretariato almeno 10 giorni prima dell\u2019Assemblea generale;<br \/>\n Approvare i conti e i budget;<br \/>\n Dare scarico al Comitato;<br \/>\n Prendere atto dei rapporti di attivit\u00e0;<br \/>\n Eleggere e revocare le persone membre del Comitato e della Presidenza dell\u2019Associazione;<br \/>\n Fissare l\u2019ammontare delle quote;<br \/>\n Determinare gli obiettivi annuali dell\u2019Associazione;<br \/>\n Modificare gli statuti dell\u2019Associazione;<br \/>\n Sciogliere l\u2019Associazione.<br \/>\n <br \/>\nd) Funzionamento<br \/>\n <br \/>\nOgni organizzazione associata tramite adesione collettiva dispone di cinque voti, attribuiti alla persona che la rappresenta. Una persona non pu\u00f2 rappresentare pi\u00f9 di una sola organizzazione associata. Ogni persona associata tramite adesione individuale dispone di un voto. Le votazioni si fanno per alzata di mano. Le decisioni dell\u2019Assemblea generale sono prese a maggioranza semplice delle persone votanti, tranne quelle che portano sulle modifiche degli statuti e lo scioglimento dell\u2019Associazione, le quali necessitano della maggioranza dei 2\/3. In caso di parit\u00e0, la voce della Presidenza \u00e8 determinante. Il Segretariato partecipa all\u2019Assemblea generale e pu\u00f2 esprimersi anche con un voto consultivo. Le persone e organizzazioni associate non possono esercitare il loro diritto di voto nelle decisioni che concernono un tema dell\u2019Associazione nel caso in cui sono parte in causa.<br \/>\n<\/p><\/div><\/div><\/div><\/div><div class='accordion_item'><div class='accordion_header'><span class='title'>9. Comitato<\/span><\/div><div class='accordion_body'><div class='acc_body_inner'><div class='vqf_fixed_width_text'><p>a) Composizione<br \/>\n <br \/>\nIl Comitato si compone di cinque o 10 persone al massimo, membre dell\u2019Associazione, di cui una Presidenza (unica o doppia), e viene eletto dall\u2019Assemblea generale. Se possibile, delle persone professioniste che lavorano o che sono attive nelle organizzazioni che hanno fondato l\u2019Associazione fanno parte del Comitato. Il Comitato nomina al suo interno una persona per la Vice-Presidenza e una persona responsabile dei conti. Le persone del Comitato esercitano il loro mandato in modo benevolo. Le spese possono essere rimborsate.<br \/>\n <br \/>\nb) Competenze<br \/>\n <br \/>\nIl Comitato \u00e8 competente per tutte le questioni che non sono esplicitamente riservate, per statuto, ad un altro organo. In particolare ha le seguenti competenze:<br \/>\n <br \/>\nStabilire i budget e tenere i conti;<br \/>\n Realizzare gli obiettivi annuali fissati dell\u2019Assemblea generale;<br \/>\n Ammettere ed escludere persone e organizzazioni dall\u2019Associazione;<br \/>\n Adottare i regolamenti necessari al funzionamento dell\u2019Associazione; <br \/>\nConvocare l\u2019Assemblea generale e stabilire l\u2019ordine del giorno;<br \/>\n Concludere e sciogliere contratti di lavoro, in particolare per le persone responsabili del Segretariato e i contratti di mandato per le persone o organizzazioni responsabili della consulenza;<br \/>\n Supervisionare l\u2019attivit\u00e0 del Segretariato; <br \/>\nAppoggiare il Segretariato nella ricerca di fondi.<br \/>\n <br \/>\nc) Funzionamento<br \/>\n <br \/>\nIl Comitato si riunisce ogni volta che necessario ma almeno una volta al trimestre. Il Segretariato convoca il Comitato e fissa l\u2019ordine del giorno con la Presidenza. Le decisioni del Comitato sono prese a maggioranza semplice delle persone votanti, tranne per le prese di posizione pubbliche, le ammissioni e le esclusioni di persone e organizzazioni associate per le quali \u00e8 necessaria una maggioranza qualificata dei 2\/3. In caso di parit\u00e0, il voto della Presidenza della riunione \u00e8 determinante. Il Segretariato partecipa alle riunioni del Comitato e pu\u00f2 esprimersi anche con un voto consultivo. In caso di necessit\u00e0, una consultazione delle persone membre del Comitato pu\u00f2 essere effettuata per iscritto.<br \/>\n<\/p><\/div><\/div><\/div><\/div><div class='accordion_item'><div class='accordion_header'><span class='title'>10. Coordinamento<\/span><\/div><div class='accordion_body'><div class='acc_body_inner'><div class='vqf_fixed_width_text'><p>Il Coordinamento ha le responsabilit\u00e0 seguenti:<br \/>\n <br \/>\n- Gestione amministrativa dell\u2019Associazione;<br \/>\n - Ricerca di finanziamenti con il sostegno del Comitato;<br \/>\n - Seguire la gestione tecnica del sito e del suo sviluppo;<br \/>\n - Contatti con le organizzazioni ed enti partner;<br \/>\n - Comunicazioni e relazioni pubbliche;<br \/>\n - Condurre e\/o partecipare ai diversi gruppi di lavoro istituiti;<br \/>\n - Sviluppo dell\u2019Associazione all\u2019interno della rete;<br \/>\n - Condotta del personale. Organizzare e ripartire i compiti del personale assunto. Il Comitato stabilisce un cahier des charges;<br \/>\n - Ogni altro compito delegato dal Comitato.<br \/>\n <br \/>\nLa persona che assume il ruolo di coordinamento non pu\u00f2 essere membra dell\u2019Associazione.<br \/>\n<\/p><\/div><\/div><\/div><\/div><div class='accordion_item'><div class='accordion_header'><span class='title'>11. Contabilit\u00e0<\/span><\/div><div class='accordion_body'><div class='acc_body_inner'><div class='vqf_fixed_width_text'><p>L\u2019Associazione tiene una contabilit\u00e0 scritta, la cui verifica \u00e8 assicurata da una persona professionista, a cui viene dato un mandato apposito, che sia riconosciuta come revisora-esperta dall\u2019Autorit\u00e0 Federale di sorveglianza in materia di revisioni.<\/p><\/div><\/div><\/div><\/div><div class='accordion_item'><div class='accordion_header'><span class='title'>12. Rappresentanza dell\u2019Associazione<\/span><\/div><div class='accordion_body'><div class='acc_body_inner'><div class='vqf_fixed_width_text'><p>Verso terze parti, l\u2019Associazione \u00e8 impegnata in modo valido attraverso una doppia firma collettiva: quella della Presidenza (e in caso di co-Presidenza \u00e8 sufficiente una sola firma) o della Vice-Presidenza da una parte, e quella di una persona membra del Comitato dall\u2019altra. <\/p><\/div><\/div><\/div><\/div><div class='accordion_item'><div class='accordion_header'><span class='title'>13. Scioglimento<\/span><\/div><div class='accordion_body'><div class='acc_body_inner'><div class='vqf_fixed_width_text'><p>L\u2019Associazione pu\u00f2 essere sciolta su decisione di un\u2019Assemblea generale straordinaria convocata con un anticipo di 30 giorni, in modo specifico con questo scopo. Un quorum del 60% delle persone e organizzazioni associate \u00e8 necessario per deliberare. La decisione di scioglimento deve essere presa a maggioranza qualificata di 2\/3 dei voti esprimibili presenti. In caso di scioglimento e dopo aver chiuso ogni debito, l\u2019Associazione versa tutti i suoi averi a un\u2019organizzazione svizzera che persegue obiettivi simili, nel rispetto delle disposizioni legali in merito alle sovvenzioni concesse dalle collettivit\u00e0 pubbliche. <\/p><\/div><\/div><\/div><\/div><div class='accordion_item'><div class='accordion_header'><span class='title'>14. Entrata in vigore<\/span><\/div><div class='accordion_body'><div class='acc_body_inner'><div class='vqf_fixed_width_text'><p>Questi statuti annullano e sostituiscono gli statuti adottati dall\u2019Assemblea generale costitutiva del 19 gennaio 2006, modificati il 21 giugno 2006, il 1 ottobre 2009, il 23 maggio 2013, il 17 febbraio 2016, il 15 giugno 2017 e il 6 giugno 2018. Questi statuti entrano in vigore il 30 maggio 2021.<\/p><\/div><\/div><\/div><\/div><\/div><\/div><\/section>[\/vc_column][\/vc_row]<\/p>\n<\/div>","protected":false},"excerpt":{"rendered":"<p>[vc_row][vc_column][\/vc_column][\/vc_row][vc_row][vc_column][\/vc_column][\/vc_row][vc_row][vc_column][\/vc_column][\/vc_row][vc_row][vc_column][\/vc_column][\/vc_row][vc_row][vc_column][\/vc_column][\/vc_row][vc_row][vc_column][\/vc_column][\/vc_row][vc_row][vc_column][\/vc_column][\/vc_row]<\/p>\n","protected":false},"author":16,"featured_media":0,"parent":0,"menu_order":0,"comment_status":"closed","ping_status":"closed","template":"","meta":{"_acf_changed":false,"footnotes":""},"class_list":["post-9595","page","type-page","status-publish","hentry"],"acf":[],"yoast_head":"<!-- This site is optimized with the Yoast SEO plugin v27.3 - https:\/\/yoast.com\/product\/yoast-seo-wordpress\/ -->\n<title>A proposito dell\u2019Associazione &#8226; Violence que faire ?<\/title>\n<meta name=\"robots\" content=\"index, follow, max-snippet:-1, max-image-preview:large, max-video-preview:-1\" \/>\n<link rel=\"canonical\" href=\"https:\/\/www.violencequefaire.ch\/it\/a-proposito-dellassociazione-2\/\" \/>\n<meta property=\"og:locale\" content=\"it_IT\" \/>\n<meta property=\"og:type\" content=\"article\" \/>\n<meta property=\"og:title\" content=\"A proposito dell\u2019Associazione &#8226; Violence que faire ?\" \/>\n<meta property=\"og:description\" content=\"[vc_row][vc_column][\/vc_column][\/vc_row][vc_row][vc_column][\/vc_column][\/vc_row][vc_row][vc_column][\/vc_column][\/vc_row][vc_row][vc_column][\/vc_column][\/vc_row][vc_row][vc_column][\/vc_column][\/vc_row][vc_row][vc_column][\/vc_column][\/vc_row][vc_row][vc_column][\/vc_column][\/vc_row]\" \/>\n<meta property=\"og:url\" content=\"https:\/\/www.violencequefaire.ch\/it\/a-proposito-dellassociazione-2\/\" \/>\n<meta property=\"og:site_name\" content=\"Violence que faire ?\" \/>\n<meta property=\"article:modified_time\" content=\"2024-10-08T08:21:02+00:00\" \/>\n<meta name=\"twitter:card\" content=\"summary_large_image\" \/>\n<meta name=\"twitter:label1\" content=\"Tempo di lettura stimato\" \/>\n\t<meta name=\"twitter:data1\" content=\"3 minuti\" \/>\n<script type=\"application\/ld+json\" class=\"yoast-schema-graph\">{\"@context\":\"https:\\\/\\\/schema.org\",\"@graph\":[{\"@type\":\"WebPage\",\"@id\":\"https:\\\/\\\/www.violencequefaire.ch\\\/it\\\/a-proposito-dellassociazione-2\\\/\",\"url\":\"https:\\\/\\\/www.violencequefaire.ch\\\/it\\\/a-proposito-dellassociazione-2\\\/\",\"name\":\"A proposito dell\u2019Associazione &#8226; Violence que faire ?\",\"isPartOf\":{\"@id\":\"https:\\\/\\\/www.violencequefaire.ch\\\/it\\\/#website\"},\"datePublished\":\"2022-03-25T12:32:07+00:00\",\"dateModified\":\"2024-10-08T08:21:02+00:00\",\"breadcrumb\":{\"@id\":\"https:\\\/\\\/www.violencequefaire.ch\\\/it\\\/a-proposito-dellassociazione-2\\\/#breadcrumb\"},\"inLanguage\":\"it-IT\",\"potentialAction\":[{\"@type\":\"ReadAction\",\"target\":[\"https:\\\/\\\/www.violencequefaire.ch\\\/it\\\/a-proposito-dellassociazione-2\\\/\"]}]},{\"@type\":\"BreadcrumbList\",\"@id\":\"https:\\\/\\\/www.violencequefaire.ch\\\/it\\\/a-proposito-dellassociazione-2\\\/#breadcrumb\",\"itemListElement\":[{\"@type\":\"ListItem\",\"position\":1,\"name\":\"Home Page\",\"item\":\"https:\\\/\\\/www.violencequefaire.ch\\\/it\\\/\"},{\"@type\":\"ListItem\",\"position\":2,\"name\":\"A proposito dell\u2019Associazione\"}]},{\"@type\":\"WebSite\",\"@id\":\"https:\\\/\\\/www.violencequefaire.ch\\\/it\\\/#website\",\"url\":\"https:\\\/\\\/www.violencequefaire.ch\\\/it\\\/\",\"name\":\"Violence que faire\",\"description\":\"Specialisti rispondono personalmente alle vostre domande anonime sulla violenza all&#039;interno della coppia.\",\"publisher\":{\"@id\":\"https:\\\/\\\/www.violencequefaire.ch\\\/it\\\/#organization\"},\"alternateName\":\"Violenza Cosa Fare\",\"potentialAction\":[{\"@type\":\"SearchAction\",\"target\":{\"@type\":\"EntryPoint\",\"urlTemplate\":\"https:\\\/\\\/www.violencequefaire.ch\\\/it\\\/?s={search_term_string}\"},\"query-input\":{\"@type\":\"PropertyValueSpecification\",\"valueRequired\":true,\"valueName\":\"search_term_string\"}}],\"inLanguage\":\"it-IT\"},{\"@type\":\"Organization\",\"@id\":\"https:\\\/\\\/www.violencequefaire.ch\\\/it\\\/#organization\",\"name\":\"Violence que faire ?\",\"url\":\"https:\\\/\\\/www.violencequefaire.ch\\\/it\\\/\",\"logo\":{\"@type\":\"ImageObject\",\"inLanguage\":\"it-IT\",\"@id\":\"https:\\\/\\\/www.violencequefaire.ch\\\/it\\\/#\\\/schema\\\/logo\\\/image\\\/\",\"url\":\"https:\\\/\\\/www.violencequefaire.ch\\\/wp-content\\\/uploads\\\/2022\\\/04\\\/VQF_LOGO_neutre.jpg\",\"contentUrl\":\"https:\\\/\\\/www.violencequefaire.ch\\\/wp-content\\\/uploads\\\/2022\\\/04\\\/VQF_LOGO_neutre.jpg\",\"width\":253,\"height\":376,\"caption\":\"Violence que faire ?\"},\"image\":{\"@id\":\"https:\\\/\\\/www.violencequefaire.ch\\\/it\\\/#\\\/schema\\\/logo\\\/image\\\/\"}}]}<\/script>\n<!-- \/ Yoast SEO plugin. -->","yoast_head_json":{"title":"A proposito dell\u2019Associazione &#8226; Violence que faire ?","robots":{"index":"index","follow":"follow","max-snippet":"max-snippet:-1","max-image-preview":"max-image-preview:large","max-video-preview":"max-video-preview:-1"},"canonical":"https:\/\/www.violencequefaire.ch\/it\/a-proposito-dellassociazione-2\/","og_locale":"it_IT","og_type":"article","og_title":"A proposito dell\u2019Associazione &#8226; Violence que faire ?","og_description":"[vc_row][vc_column][\/vc_column][\/vc_row][vc_row][vc_column][\/vc_column][\/vc_row][vc_row][vc_column][\/vc_column][\/vc_row][vc_row][vc_column][\/vc_column][\/vc_row][vc_row][vc_column][\/vc_column][\/vc_row][vc_row][vc_column][\/vc_column][\/vc_row][vc_row][vc_column][\/vc_column][\/vc_row]","og_url":"https:\/\/www.violencequefaire.ch\/it\/a-proposito-dellassociazione-2\/","og_site_name":"Violence que faire ?","article_modified_time":"2024-10-08T08:21:02+00:00","twitter_card":"summary_large_image","twitter_misc":{"Tempo di lettura stimato":"3 minuti"},"schema":{"@context":"https:\/\/schema.org","@graph":[{"@type":"WebPage","@id":"https:\/\/www.violencequefaire.ch\/it\/a-proposito-dellassociazione-2\/","url":"https:\/\/www.violencequefaire.ch\/it\/a-proposito-dellassociazione-2\/","name":"A proposito dell\u2019Associazione &#8226; Violence que faire ?","isPartOf":{"@id":"https:\/\/www.violencequefaire.ch\/it\/#website"},"datePublished":"2022-03-25T12:32:07+00:00","dateModified":"2024-10-08T08:21:02+00:00","breadcrumb":{"@id":"https:\/\/www.violencequefaire.ch\/it\/a-proposito-dellassociazione-2\/#breadcrumb"},"inLanguage":"it-IT","potentialAction":[{"@type":"ReadAction","target":["https:\/\/www.violencequefaire.ch\/it\/a-proposito-dellassociazione-2\/"]}]},{"@type":"BreadcrumbList","@id":"https:\/\/www.violencequefaire.ch\/it\/a-proposito-dellassociazione-2\/#breadcrumb","itemListElement":[{"@type":"ListItem","position":1,"name":"Home Page","item":"https:\/\/www.violencequefaire.ch\/it\/"},{"@type":"ListItem","position":2,"name":"A proposito dell\u2019Associazione"}]},{"@type":"WebSite","@id":"https:\/\/www.violencequefaire.ch\/it\/#website","url":"https:\/\/www.violencequefaire.ch\/it\/","name":"Violence que faire","description":"Specialisti rispondono personalmente alle vostre domande anonime sulla violenza all&#039;interno della coppia.","publisher":{"@id":"https:\/\/www.violencequefaire.ch\/it\/#organization"},"alternateName":"Violenza Cosa Fare","potentialAction":[{"@type":"SearchAction","target":{"@type":"EntryPoint","urlTemplate":"https:\/\/www.violencequefaire.ch\/it\/?s={search_term_string}"},"query-input":{"@type":"PropertyValueSpecification","valueRequired":true,"valueName":"search_term_string"}}],"inLanguage":"it-IT"},{"@type":"Organization","@id":"https:\/\/www.violencequefaire.ch\/it\/#organization","name":"Violence que faire ?","url":"https:\/\/www.violencequefaire.ch\/it\/","logo":{"@type":"ImageObject","inLanguage":"it-IT","@id":"https:\/\/www.violencequefaire.ch\/it\/#\/schema\/logo\/image\/","url":"https:\/\/www.violencequefaire.ch\/wp-content\/uploads\/2022\/04\/VQF_LOGO_neutre.jpg","contentUrl":"https:\/\/www.violencequefaire.ch\/wp-content\/uploads\/2022\/04\/VQF_LOGO_neutre.jpg","width":253,"height":376,"caption":"Violence que faire ?"},"image":{"@id":"https:\/\/www.violencequefaire.ch\/it\/#\/schema\/logo\/image\/"}}]}},"_links":{"self":[{"href":"https:\/\/www.violencequefaire.ch\/it\/wp-json\/wp\/v2\/pages\/9595","targetHints":{"allow":["GET"]}}],"collection":[{"href":"https:\/\/www.violencequefaire.ch\/it\/wp-json\/wp\/v2\/pages"}],"about":[{"href":"https:\/\/www.violencequefaire.ch\/it\/wp-json\/wp\/v2\/types\/page"}],"author":[{"embeddable":true,"href":"https:\/\/www.violencequefaire.ch\/it\/wp-json\/wp\/v2\/users\/16"}],"replies":[{"embeddable":true,"href":"https:\/\/www.violencequefaire.ch\/it\/wp-json\/wp\/v2\/comments?post=9595"}],"version-history":[{"count":8,"href":"https:\/\/www.violencequefaire.ch\/it\/wp-json\/wp\/v2\/pages\/9595\/revisions"}],"predecessor-version":[{"id":10049,"href":"https:\/\/www.violencequefaire.ch\/it\/wp-json\/wp\/v2\/pages\/9595\/revisions\/10049"}],"wp:attachment":[{"href":"https:\/\/www.violencequefaire.ch\/it\/wp-json\/wp\/v2\/media?parent=9595"}],"curies":[{"name":"wp","href":"https:\/\/api.w.org\/{rel}","templated":true}]}}