{"id":2756,"date":"2022-04-22T15:28:19","date_gmt":"2022-04-22T13:28:19","guid":{"rendered":"https:\/\/dev-vqf.creatives.com\/?page_id=2756"},"modified":"2023-12-13T11:47:58","modified_gmt":"2023-12-13T10:47:58","slug":"postavi-pitanje","status":"publish","type":"page","link":"https:\/\/www.violencequefaire.ch\/hr\/postavi-pitanje\/","title":{"rendered":"Postavi pitanje"},"content":{"rendered":"<div class=\"wpb-content-wrapper\"><p>[vc_row][vc_column]<section class='vqf_section_block text_n_media_block'><div class='vqf_container'><div class='vqf_row'><div class='vqf_full_col'><h2>POSTAVI PITANJE<\/h2><\/div><div><div class='vqf_fixed_width_text'><p>Da li ste \u017ertva ili po\u010dinilac nasilja ili poznajete nekoga oko sebe ko ima nasilja u porodici? Nemojte ostati sami sa svojom patnjom.<\/p><br \/>\n<p>\u017divite u te\u0161koj, bolnoj situaciji. Osje\u0107ate se usamljeno i bespomo\u0107no. Imate li pitanje, nedostaje li vam informacija ili samo \u017eelite re\u0107i kroz \u0161ta prolazite? Iskusni profesionalci \u0107e vas saslu\u0161ati i odgovoriti na ovoj stranici.<\/p><br \/>\n<p>Web stranica violencequefaire.ch nalazi se u \u0160vicarskoj. Samo korisnici interneta koji borave u \u0160vicarskoj mogu dobiti personalizirani odgovor.<\/p><br \/>\n<p>Da biste prona\u0161li korisne adrese u Francuskoj, mo\u017eete kontaktirati \u201c<a href=\"http:\/\/www.solidaritefemmes.org\/\" target=\"_blanc\" rel=\"noopener\">Association Solidarit\u00e9 Femmes<\/a>\u201d (Udru\u017eenje \u017eena solidarnosti),\u00a0<a href=\"http:\/\/www.france-victimes.fr\/\" target=\"_blanc\" rel=\"noopener\">INAVEM<\/a>\u00a0ili besplatni broj 3919. Za one koji po\u010dine nasilje,\u00a0<a href=\"http:\/\/www.fnacav.fr\/\" target=\"_blanc\" rel=\"noopener\">FNACAV<\/a>\u00a0stoji na raspolaganju za pomo\u0107.<\/p><br \/>\n<p>The\u00a0<a href=\"https:\/\/www.wave-network.org\/find-help\/\" target=\"blanc\" rel=\"noopener\">European network WAVE<\/a>\u00a0je tako\u0111er dostupna da vam pomogne da prona\u0111ete kontakt informacije za organizacije koje su vam bliske koje vam mogu pru\u017eiti konkretnu pomo\u0107 za va\u0161u situaciju ako \u017eelite.<\/p><\/div><\/div><\/div><div class='vqf_accordion_block'><div class='accordion_item'><div class='accordion_header'><span class='title'>Li\u010dni savjet<\/span><\/div><div class='accordion_body'><div class='acc_body_inner'><div class='vqf_fixed_width_text'><p>Na violencequefaire.ch mo\u017eete anonimno postaviti sva pitanja koja vas zanimaju osobama specijalizovanim za pomo\u0107 \u017ertvama i po\u010diniteljima nasilja u porodici. Njihovo iskustvo im omogu\u0107ava da shvate slo\u017eenost va\u0161e situacije i da vam pru\u017ee podr\u0161ku. Dobit \u0107ete savjete prilago\u0111ene va\u0161em konkretnom kontekstu.<\/p><\/div><\/div><\/div><\/div><div class='accordion_item'><div class='accordion_header'><span class='title'>Va\u0161a situacija privla\u010di najve\u0107u pa\u017enju<\/span><\/div><div class='accordion_body'><div class='acc_body_inner'><div class='vqf_fixed_width_text'><p>Mo\u017eda mislite da va\u0161a situacija i nije tako lo\u0161a, da morate ostaviti mjesta za one kojima je \u201ezaista potrebno\u201c. Znajte da je va\u0161a situacija va\u017ena kao i druga. Ova stranica je za sve one koji su pogo\u0111eni nasiljem, imamo vremena da se posvetimo vama.<\/p><\/div><\/div><\/div><\/div><div class='accordion_item'><div class='accordion_header'><span class='title'>Vi ste imigrant u \u0160vicarskoj i imate pravno pitanje<\/span><\/div><div class='accordion_body'><div class='acc_body_inner'><div class='vqf_fixed_width_text'><p>Vi ste se doselili u \u0160vajcarsku, \u017eivite u paru trpe\u0107i nasilje i hteli biste odgovore na razna pravna pitanja ? Nemojte oklevati da se obratite slede\u0107im ustanovama :<br \/>\n<br \/>\n- Kanton Bern:<br \/>\nLe Centre social protestant (CSP) \u2013 info@csp-beju.ch<br \/>\n- Kanton Fribur:<br \/>\nLe CCSI\/SOS \u2013 info@ccsi-fr.ch<br \/>\nCaritas \u2013 info@caritas-fr.ch<br \/>\n- Kanton \u017deneva:<br \/>\nLe Centre social protestant (CSP) \u2013 info@csp-ge.ch<br \/>\n- Kanton Jura:<br \/>\nLe Centre social protestant (CSP) \u2013 consultation@csp-beju.ch<br \/>\n- Kanton Noj\u0161atel:<br \/>\nCaritas \u2013 caritas.neuchatel@ne.ch<br \/>\n- Kanton Vale:<br \/>\nLe Centre Suisse \u2013 Immigr\u00e9s \u2013 csivs@bluewin.ch<br \/>\n- Kanton Vo:<br \/>\nLa Fraternit\u00e9 du Centre social protestant (CSP) \u2013 frat@csp-vd.ch<\/p><\/div><\/div><\/div><\/div><div class='accordion_item'><div class='accordion_header'><span class='title'>Kako postaviti pitanje<\/span><\/div><div class='accordion_body'><div class='acc_body_inner'><div class='vqf_fixed_width_text'><p>Da biste postavili pitanje, samo se registrirajte na na\u0161oj stranici sa korisni\u010dkim imenom i lozinkom. Usluga je besplatna. Ako jo\u0161 nemate pristup, mo\u017eete se registrovati u Espace Perso (li\u010dni prostor) ispod. Vrlo je jednostavno i vrlo brzo. Tada mo\u017eete postaviti svoje pitanje, a mi \u0107emo vam odgovoriti u najboljem roku. Obi\u010dno je na\u0161e vrijeme za odgovor tri radna dana, me\u0111utim, za pitanja na jezicima koji nisu francuski, mo\u017ee potrajati malo du\u017ee. Da biste vidjeli na\u0161 odgovor, potrebno je da se prijavite na svoj ra\u010dun sa svojim korisni\u010dkim imenom, a zatim kliknete na \u201cMon compte\u201d (Moj ra\u010dun).<\/p><\/div><\/div><\/div><\/div><div class='accordion_item'><div class='accordion_header'><span class='title'>Mo\u017eete postaviti pitanje na ovim jezicima<\/span><\/div><div class='accordion_body'><div class='acc_body_inner'><div class='vqf_fixed_width_text'><p>- Deutsch \u2013 German<br \/>\n- English \u2013 English<br \/>\n- \u0627\u0644\u0644\u063a\u0629 \u0627\u0644\u0639\u0631\u0628\u064a\u0629- Arabic<br \/>\n- Espa\u00f1ol \u2013 Spanish<br \/>\n- Italiano \u2013 Italian<br \/>\n- Polski \u2013 Polish<br \/>\n- Portugu\u00e9s \u2013 Portuguese<br \/>\n- Bosanski-hrvatski-srpski \u2013 Bosnian \/ Croatian \/ Serbian<br \/>\n- Soomaali \u2013 Somali<br \/>\n- \u0ba4\u0bae\u0bbf\u0bb4\u0bcd \u2013 Tamil<br \/>\n- T\u00fcrk\u00e7e \u2013 Turkish<\/p><\/div><\/div><\/div><\/div><\/div><\/div><\/section>[\/vc_column][\/vc_row]<\/p>\n<\/div>","protected":false},"excerpt":{"rendered":"<p>[vc_row][vc_column][\/vc_column][\/vc_row]<\/p>\n","protected":false},"author":16,"featured_media":0,"parent":0,"menu_order":0,"comment_status":"closed","ping_status":"closed","template":"","meta":{"_acf_changed":false,"footnotes":""},"class_list":["post-2756","page","type-page","status-publish","hentry"],"acf":[],"yoast_head":"<!-- This site is optimized with the Yoast SEO plugin v27.3 - https:\/\/yoast.com\/product\/yoast-seo-wordpress\/ -->\n<title>Postavi pitanje &#8226; Violence que faire ?<\/title>\n<meta name=\"robots\" content=\"index, follow, max-snippet:-1, max-image-preview:large, max-video-preview:-1\" \/>\n<link rel=\"canonical\" href=\"https:\/\/www.violencequefaire.ch\/hr\/postavi-pitanje\/\" \/>\n<meta property=\"og:locale\" content=\"hr_HR\" \/>\n<meta property=\"og:type\" content=\"article\" \/>\n<meta property=\"og:title\" content=\"Postavi pitanje &#8226; Violence que faire ?\" \/>\n<meta property=\"og:description\" content=\"[vc_row][vc_column][\/vc_column][\/vc_row]\" \/>\n<meta property=\"og:url\" content=\"https:\/\/www.violencequefaire.ch\/hr\/postavi-pitanje\/\" \/>\n<meta property=\"og:site_name\" content=\"Violence que faire ?\" \/>\n<meta property=\"article:modified_time\" content=\"2023-12-13T10:47:58+00:00\" \/>\n<meta name=\"twitter:card\" content=\"summary_large_image\" \/>\n<meta name=\"twitter:label1\" content=\"Procijenjeno vrijeme \u010ditanja\" \/>\n\t<meta name=\"twitter:data1\" content=\"1 minuta\" \/>\n<script type=\"application\/ld+json\" class=\"yoast-schema-graph\">{\"@context\":\"https:\\\/\\\/schema.org\",\"@graph\":[{\"@type\":\"WebPage\",\"@id\":\"https:\\\/\\\/www.violencequefaire.ch\\\/hr\\\/postavi-pitanje\\\/\",\"url\":\"https:\\\/\\\/www.violencequefaire.ch\\\/hr\\\/postavi-pitanje\\\/\",\"name\":\"Postavi pitanje &#8226; Violence que faire ?\",\"isPartOf\":{\"@id\":\"https:\\\/\\\/www.violencequefaire.ch\\\/hr\\\/#website\"},\"datePublished\":\"2022-04-22T13:28:19+00:00\",\"dateModified\":\"2023-12-13T10:47:58+00:00\",\"breadcrumb\":{\"@id\":\"https:\\\/\\\/www.violencequefaire.ch\\\/hr\\\/postavi-pitanje\\\/#breadcrumb\"},\"inLanguage\":\"hr\",\"potentialAction\":[{\"@type\":\"ReadAction\",\"target\":[\"https:\\\/\\\/www.violencequefaire.ch\\\/hr\\\/postavi-pitanje\\\/\"]}]},{\"@type\":\"BreadcrumbList\",\"@id\":\"https:\\\/\\\/www.violencequefaire.ch\\\/hr\\\/postavi-pitanje\\\/#breadcrumb\",\"itemListElement\":[{\"@type\":\"ListItem\",\"position\":1,\"name\":\"Home\",\"item\":\"https:\\\/\\\/www.violencequefaire.ch\\\/hr\\\/\"},{\"@type\":\"ListItem\",\"position\":2,\"name\":\"Postavi pitanje\"}]},{\"@type\":\"WebSite\",\"@id\":\"https:\\\/\\\/www.violencequefaire.ch\\\/hr\\\/#website\",\"url\":\"https:\\\/\\\/www.violencequefaire.ch\\\/hr\\\/\",\"name\":\"Violence que faire\",\"description\":\"Des sp\u00e9cialistes r\u00e9pondent personnellement \u00e0 vos questions anonymes sur la violence au sein du couple.\",\"publisher\":{\"@id\":\"https:\\\/\\\/www.violencequefaire.ch\\\/hr\\\/#organization\"},\"alternateName\":\"Violenza Cosa Fare\",\"potentialAction\":[{\"@type\":\"SearchAction\",\"target\":{\"@type\":\"EntryPoint\",\"urlTemplate\":\"https:\\\/\\\/www.violencequefaire.ch\\\/hr\\\/?s={search_term_string}\"},\"query-input\":{\"@type\":\"PropertyValueSpecification\",\"valueRequired\":true,\"valueName\":\"search_term_string\"}}],\"inLanguage\":\"hr\"},{\"@type\":\"Organization\",\"@id\":\"https:\\\/\\\/www.violencequefaire.ch\\\/hr\\\/#organization\",\"name\":\"Violence que faire ?\",\"url\":\"https:\\\/\\\/www.violencequefaire.ch\\\/hr\\\/\",\"logo\":{\"@type\":\"ImageObject\",\"inLanguage\":\"hr\",\"@id\":\"https:\\\/\\\/www.violencequefaire.ch\\\/hr\\\/#\\\/schema\\\/logo\\\/image\\\/\",\"url\":\"https:\\\/\\\/www.violencequefaire.ch\\\/wp-content\\\/uploads\\\/2022\\\/04\\\/VQF_LOGO_neutre.jpg\",\"contentUrl\":\"https:\\\/\\\/www.violencequefaire.ch\\\/wp-content\\\/uploads\\\/2022\\\/04\\\/VQF_LOGO_neutre.jpg\",\"width\":253,\"height\":376,\"caption\":\"Violence que faire ?\"},\"image\":{\"@id\":\"https:\\\/\\\/www.violencequefaire.ch\\\/hr\\\/#\\\/schema\\\/logo\\\/image\\\/\"}}]}<\/script>\n<!-- \/ Yoast SEO plugin. -->","yoast_head_json":{"title":"Postavi pitanje &#8226; Violence que faire ?","robots":{"index":"index","follow":"follow","max-snippet":"max-snippet:-1","max-image-preview":"max-image-preview:large","max-video-preview":"max-video-preview:-1"},"canonical":"https:\/\/www.violencequefaire.ch\/hr\/postavi-pitanje\/","og_locale":"hr_HR","og_type":"article","og_title":"Postavi pitanje &#8226; Violence que faire ?","og_description":"[vc_row][vc_column][\/vc_column][\/vc_row]","og_url":"https:\/\/www.violencequefaire.ch\/hr\/postavi-pitanje\/","og_site_name":"Violence que faire ?","article_modified_time":"2023-12-13T10:47:58+00:00","twitter_card":"summary_large_image","twitter_misc":{"Procijenjeno vrijeme \u010ditanja":"1 minuta"},"schema":{"@context":"https:\/\/schema.org","@graph":[{"@type":"WebPage","@id":"https:\/\/www.violencequefaire.ch\/hr\/postavi-pitanje\/","url":"https:\/\/www.violencequefaire.ch\/hr\/postavi-pitanje\/","name":"Postavi pitanje &#8226; Violence que faire ?","isPartOf":{"@id":"https:\/\/www.violencequefaire.ch\/hr\/#website"},"datePublished":"2022-04-22T13:28:19+00:00","dateModified":"2023-12-13T10:47:58+00:00","breadcrumb":{"@id":"https:\/\/www.violencequefaire.ch\/hr\/postavi-pitanje\/#breadcrumb"},"inLanguage":"hr","potentialAction":[{"@type":"ReadAction","target":["https:\/\/www.violencequefaire.ch\/hr\/postavi-pitanje\/"]}]},{"@type":"BreadcrumbList","@id":"https:\/\/www.violencequefaire.ch\/hr\/postavi-pitanje\/#breadcrumb","itemListElement":[{"@type":"ListItem","position":1,"name":"Home","item":"https:\/\/www.violencequefaire.ch\/hr\/"},{"@type":"ListItem","position":2,"name":"Postavi pitanje"}]},{"@type":"WebSite","@id":"https:\/\/www.violencequefaire.ch\/hr\/#website","url":"https:\/\/www.violencequefaire.ch\/hr\/","name":"Violence que faire","description":"Des sp\u00e9cialistes r\u00e9pondent personnellement \u00e0 vos questions anonymes sur la violence au sein du couple.","publisher":{"@id":"https:\/\/www.violencequefaire.ch\/hr\/#organization"},"alternateName":"Violenza Cosa Fare","potentialAction":[{"@type":"SearchAction","target":{"@type":"EntryPoint","urlTemplate":"https:\/\/www.violencequefaire.ch\/hr\/?s={search_term_string}"},"query-input":{"@type":"PropertyValueSpecification","valueRequired":true,"valueName":"search_term_string"}}],"inLanguage":"hr"},{"@type":"Organization","@id":"https:\/\/www.violencequefaire.ch\/hr\/#organization","name":"Violence que faire ?","url":"https:\/\/www.violencequefaire.ch\/hr\/","logo":{"@type":"ImageObject","inLanguage":"hr","@id":"https:\/\/www.violencequefaire.ch\/hr\/#\/schema\/logo\/image\/","url":"https:\/\/www.violencequefaire.ch\/wp-content\/uploads\/2022\/04\/VQF_LOGO_neutre.jpg","contentUrl":"https:\/\/www.violencequefaire.ch\/wp-content\/uploads\/2022\/04\/VQF_LOGO_neutre.jpg","width":253,"height":376,"caption":"Violence que faire ?"},"image":{"@id":"https:\/\/www.violencequefaire.ch\/hr\/#\/schema\/logo\/image\/"}}]}},"_links":{"self":[{"href":"https:\/\/www.violencequefaire.ch\/hr\/wp-json\/wp\/v2\/pages\/2756","targetHints":{"allow":["GET"]}}],"collection":[{"href":"https:\/\/www.violencequefaire.ch\/hr\/wp-json\/wp\/v2\/pages"}],"about":[{"href":"https:\/\/www.violencequefaire.ch\/hr\/wp-json\/wp\/v2\/types\/page"}],"author":[{"embeddable":true,"href":"https:\/\/www.violencequefaire.ch\/hr\/wp-json\/wp\/v2\/users\/16"}],"replies":[{"embeddable":true,"href":"https:\/\/www.violencequefaire.ch\/hr\/wp-json\/wp\/v2\/comments?post=2756"}],"version-history":[{"count":5,"href":"https:\/\/www.violencequefaire.ch\/hr\/wp-json\/wp\/v2\/pages\/2756\/revisions"}],"predecessor-version":[{"id":5320,"href":"https:\/\/www.violencequefaire.ch\/hr\/wp-json\/wp\/v2\/pages\/2756\/revisions\/5320"}],"wp:attachment":[{"href":"https:\/\/www.violencequefaire.ch\/hr\/wp-json\/wp\/v2\/media?parent=2756"}],"curies":[{"name":"wp","href":"https:\/\/api.w.org\/{rel}","templated":true}]}}