{"id":5600,"date":"2023-11-07T12:29:00","date_gmt":"2023-11-07T11:29:00","guid":{"rendered":"https:\/\/new.violencequefaire.ch\/new-home\/"},"modified":"2025-10-15T09:38:20","modified_gmt":"2025-10-15T07:38:20","slug":"new-home","status":"publish","type":"page","link":"https:\/\/www.violencequefaire.ch\/es\/","title":{"rendered":"Homepage Creatives"},"content":{"rendered":"<div class=\"wpb-content-wrapper\"><p>[vc_row][vc_column]<section class='homepage_hero_block'><div class='bg_layer'><img src='https:\/\/www.violencequefaire.ch\/wp-content\/themes\/vqf\/assets\/img\/green_bg.jpg' alt=''><\/div><div class='txt_layer'><div class='vqf_container'><div class='vqf_row'><div class='left_text_block'><h1>VIOLENCIA, \u00bfQU\u00c9 HACER?<\/h1><p class='hero_subtitle'>Ser v\u00edctima de violencia o recurrir a ella nunca est\u00e1 bien<\/p>\n<p>VIOLENCE QUE FAIRE es una asociaci\u00f3n que pretende prevenir la violencia dom\u00e9stica y ofrece asesoramiento y apoyo a cualquier persona interesada<\/p><div class='avl_service'><p><span class='txt_bold'>En caso de emergencia: <\/span>Polic\u00eda: <span class='txt_bold'>117<\/span> | Ambulancia: <span class='txt_bold'>144<\/span><\/p><\/div><\/div><div class='right_cta'><div class='right_block_inner'><div class='cta_block'><div class='cta_block_inner'><a href='https:\/\/www.violencequefaire.ch\/es\/hacer-una-pregunta\/' aria-label='Hacer una pregunta'><\/a><div class='title'><span>Hacer una pregunta<\/span><\/div><span class='info'>Servicio completamente an\u00f3nimo y asesoramiento profesional personalizado. Respondemos en un plazo de tan solo 3 d\u00edas laborables.\n<\/span><\/div><\/div><div class='cta_block'><div class='cta_block_inner'><a href='https:\/\/www.violencequefaire.ch\/es\/preguntas-de-los-internautas\/' aria-label='Las preguntas p\u00fablicas'><\/a><div class='title'><span>Las preguntas p\u00fablicas<\/span><\/div><span class='info'>Publicamos de forma totalmente an\u00f3nima las preguntas y nuestras respuestas, para que puedan ser \u00fatiles a otras personas.<\/span><\/div><\/div><div class='cta_block'><div class='cta_block_inner'><a href='https:\/\/www.violencequefaire.ch\/es\/preguntas-de-los-internautas\/' aria-label='Encontrar ayuda'><\/a><div class='title'><span>Encontrar ayuda<\/span><\/div><span class='info'>Lista de personas especializadas cerca de ti.<\/span><\/div><\/div><\/div><\/div><\/div><\/div><\/div><\/section>[\/vc_column][\/vc_row][vc_row][vc_column][vc_column_text css=\u00bb\u00bb][\/vc_column_text][\/vc_column][\/vc_row][vc_row][vc_column]<section class='vqf_section_block'><div class='vqf_container'><div class='vqf_row'><div class='vqf_full_col'><h2>\u00bfQu\u00e9 es la violencia de pareja?<\/h2><div class='vqf_fixed_width_text'><p>En algunas parejas, la violencia comienza con golpes, en otras se ejerce a nivel psicol\u00f3gico. Sin embargo, en la mayor\u00eda de los casos, las diferentes formas de violencia se van sumando con el paso del tiempo y conducen a una escalada cada vez m\u00e1s peligrosa.<\/p>\n<p>A menudo, las personas involucradas no son capaces de comprender y de expresar con palabras lo que les est\u00e1 pasando. Para saber m\u00e1s sobre las diferentes formas de violencia:<\/p><\/div><div class='vqf_intra_links_block'><div class='inner_row'><div class='intra_link_col'><div class='intra_link_item'><a href='https:\/\/www.violencequefaire.ch\/es\/violencia-psicologica\/' aria-label='Psicol\u00f3gica'><\/a><div class='intra_item_inner'><div class='intra_body'><span class='intra_title'>Psicol\u00f3gica<\/span><p class='intra_info'> Sutil y poco conocida, incluye palabras denigrantes, humillaciones, control y amenazas.<\/p><\/div><div class='intra_footer'><img src='https:\/\/www.violencequefaire.ch\/wp-content\/themes\/vqf\/assets\/img\/icons\/arrow_black.svg' alt=''><\/div><\/div><\/div><\/div><div class='intra_link_col'><div class='intra_link_item'><a href='https:\/\/www.violencequefaire.ch\/es\/violencia-fisica\/' aria-label='F\u00edsica'><\/a><div class='intra_item_inner'><div class='intra_body'><span class='intra_title'>F\u00edsica<\/span><p class='intra_info'>Cuando la persona violenta pierde el control de la relaci\u00f3n, puede volverse brutal, empezar a golpear y pasar a la coacci\u00f3n f\u00edsica.<\/p><\/div><div class='intra_footer'><img src='https:\/\/www.violencequefaire.ch\/wp-content\/themes\/vqf\/assets\/img\/icons\/arrow_black.svg' alt=''><\/div><\/div><\/div><\/div><div class='intra_link_col'><div class='intra_link_item'><a href='https:\/\/www.violencequefaire.ch\/es\/violencia-sexual\/' aria-label='Sexual'><\/a><div class='intra_item_inner'><div class='intra_body'><span class='intra_title'>Sexual<\/span><p class='intra_info'>Es la forma m\u00e1s oculta de violencia conyugal y de pareja, incluye humillaciones y maltrato, imposici\u00f3n de actos sexuales, violaciones...<\/p><\/div><div class='intra_footer'><img src='https:\/\/www.violencequefaire.ch\/wp-content\/themes\/vqf\/assets\/img\/icons\/arrow_black.svg' alt=''><\/div><\/div><\/div><\/div><div class='intra_link_col'><div class='intra_link_item'><a href='https:\/\/www.violencequefaire.ch\/es\/violencia-economica\/' aria-label='Econ\u00f3mica'><\/a><div class='intra_item_inner'><div class='intra_body'><span class='intra_title'>Econ\u00f3mica<\/span><p class='intra_info'>Restringir la autonom\u00eda financiera de la otra persona con la intenci\u00f3n de mantenerla m\u00e1s bajo control.<\/p><\/div><div class='intra_footer'><img src='https:\/\/www.violencequefaire.ch\/wp-content\/themes\/vqf\/assets\/img\/icons\/arrow_black.svg' alt=''><\/div><\/div><\/div><\/div><\/div><\/div><div class='vqf_fixed_width_text'><p>La violencia afecta a todas las clases sociales, a todos los or\u00edgenes culturales y a todos los tipos de parejas (parejas heterosexuales, parejas de mujeres, parejas de hombres u otras parejas LGBTQIA+).<\/p><\/div><\/div><\/div><\/div><\/section>[\/vc_column][\/vc_row][vc_row][vc_column]<section class='vqf_section_block block_background text_n_media_block youtube_shorts_media'><div class='vqf_container'><div class='vqf_row'><div class='left_text_block'><h2>J\u2019avais 16 ans ...<\/h2><div class='vqf_fixed_width_text'><\/p>\n<ul>\n<li>parce que la violence appara\u00eet souvent d\u00e8s les premi\u00e8res relations amoureuses,<\/li>\n<li>parce qu\u2019elle d\u00e9bute souvent par de la violence psychologique,<\/li>\n<li>parce qu\u2019il est souvent difficile de l\u2019identifier,<\/li>\n<\/ul>\n<p>La campagne \u00ab j\u2019avais 16 ans\u2026 \u00bb s\u2019adresse aux jeunes, qu\u2019iels soient victimes auteur-e-x-s ou t\u00e9moins de violences psychologiques au sein d\u2019une relation amoureuse.<\/div><ul class='social_media_icon'><li><a href='' aria-label='TikTok'><img src='https:\/\/www.violencequefaire.ch\/wp-content\/uploads\/2023\/12\/tiktok.svg' alt='TikTok icon' ><\/a><\/li><li><a href='https:\/\/www.instagram.com\/violencequefaire\/?hl=fr' aria-label='Instagram'><img src='https:\/\/www.violencequefaire.ch\/wp-content\/uploads\/2023\/12\/instagram.svg'  alt='Instagram icon'><\/a><\/li><\/ul><\/div><div class='right_media_block'><div class='media_box'><iframe src='https:\/\/www.youtube.com\/embed\/LawImP4aR-U' frameborder='0'><\/iframe><\/div><\/div><\/div><\/div><\/section>[\/vc_column][\/vc_row][vc_row][vc_column]<section class='vqf_section_block podcast_carousel_block'><div class='vqf_container'><div class='vqf_row'><div class='vqf_full_col'><h2>Descubre nuestro p\u00f3dcast<\/h2><\/div><\/div><\/div><div class='vqf_slider_container'><div class='owl-carousel owl-theme'><div class='item'><div class='podcast_item'><a href='https:\/\/www.violencequefaire.ch\/es\/podcast\/episode-1-violences-invisibles-les-violences-psychologiques-et-economiques\/'><\/a><div class='bg_layer'><img src='https:\/\/www.violencequefaire.ch\/wp-content\/uploads\/2022\/04\/episode1_couverture.jpg' alt=''><\/div><div class='inner'><div class='img_block'><img src='https:\/\/www.violencequefaire.ch\/wp-content\/uploads\/2022\/04\/episode1_couverture.jpg' alt=''><\/div><div class='podcast_info'><span class='episode_name'>EPISODIO 1<\/span><h5 class='episode_title'>IA INVISIBLE<\/h5><span class='podcast_author'><strong>La v<em>iolencia <\/em>psicol\u00f3gica y econ\u00f3mica<\/strong><\/span><\/div><\/div><\/div><\/div><div class='item'><div class='podcast_item'><a href='https:\/\/www.violencequefaire.ch\/es\/podcast\/episode-3-face-a-la-justice-2\/'><\/a><div class='bg_layer'><img src='https:\/\/www.violencequefaire.ch\/wp-content\/uploads\/2022\/04\/episode2_couverture.jpg' alt=''><\/div><div class='inner'><div class='img_block'><img src='https:\/\/www.violencequefaire.ch\/wp-content\/uploads\/2022\/04\/episode2_couverture.jpg' alt=''><\/div><div class='podcast_info'><span class='episode_name'>EPISODIO 2<\/span><h5 class='episode_title'>EN ESTADO DE SHOCK<\/h5><span class='podcast_author'><strong>La violencia f\u00edsica y sexual<\/strong><br \/>\r\n<br \/>\r\nExperta: Aline Cuche<\/span><\/div><\/div><\/div><\/div><div class='item'><div class='podcast_item'><a href='https:\/\/www.violencequefaire.ch\/es\/podcast\/les-violences-au-sein-du-couple-vues-par-le-droit-suisse\/'><\/a><div class='bg_layer'><img src='https:\/\/www.violencequefaire.ch\/wp-content\/uploads\/2022\/04\/episode3_couverture.jpg' alt=''><\/div><div class='inner'><div class='img_block'><img src='https:\/\/www.violencequefaire.ch\/wp-content\/uploads\/2022\/04\/episode3_couverture.jpg' alt=''><\/div><div class='podcast_info'><span class='episode_name'>EPISODIO 3<\/span><h5 class='episode_title'>ANTE LA JUSTICIA<\/h5><span class='podcast_author'><strong>La violencia de pareja desde el punto de vista del derecho suizo<\/strong><br \/>\r\n<br \/>\r\nExperta: Martine Lachat Clerc<\/span><\/div><\/div><\/div><\/div><div class='item'><div class='podcast_item'><a href='https:\/\/www.violencequefaire.ch\/es\/podcast\/episode-3-face-a-la-justice\/'><\/a><div class='bg_layer'><img src='https:\/\/www.violencequefaire.ch\/wp-content\/uploads\/2022\/04\/episode4_couverture.jpg' alt=''><\/div><div class='inner'><div class='img_block'><img src='https:\/\/www.violencequefaire.ch\/wp-content\/uploads\/2022\/04\/episode4_couverture.jpg' alt=''><\/div><div class='podcast_info'><span class='episode_name'>EPISODIO 4<\/span><h5 class='episode_title'>INFANCIA INTERRUMPIDA<\/h5><span class='podcast_author'><h3>El impacto de la violencia dom\u00e9stica en los ni\u00f1os<\/h3><br \/>\r\nExpert: Philippe Bigler<\/span><\/div><\/div><\/div><\/div><div class='item'><div class='podcast_item'><a href='https:\/\/www.violencequefaire.ch\/es\/podcast\/episode-5-genre-et-violences-partie-1\/'><\/a><div class='bg_layer'><img src='https:\/\/www.violencequefaire.ch\/wp-content\/uploads\/2022\/04\/episode5_couverture.jpg' alt=''><\/div><div class='inner'><div class='img_block'><img src='https:\/\/www.violencequefaire.ch\/wp-content\/uploads\/2022\/04\/episode5_couverture.jpg' alt=''><\/div><div class='podcast_info'><span class='episode_name'>EPISODIO 5<\/span><h5 class='episode_title'>G\u00c9NERO Y VIOLENCIA (PARTE 1)<\/h5><span class='podcast_author'><strong>La construcci\u00f3n de las jerarqu\u00edas mujer-hombre<\/strong><br \/>\r\n<br \/>\r\nExperta: Marta Roca i Escoda<\/span><\/div><\/div><\/div><\/div><div class='item'><div class='podcast_item'><a href='https:\/\/www.violencequefaire.ch\/es\/podcast\/episode-6-genre-et-violences-partie-2\/'><\/a><div class='bg_layer'><img src='https:\/\/www.violencequefaire.ch\/wp-content\/uploads\/2022\/04\/episode6_couverture.jpg' alt=''><\/div><div class='inner'><div class='img_block'><img src='https:\/\/www.violencequefaire.ch\/wp-content\/uploads\/2022\/04\/episode6_couverture.jpg' alt=''><\/div><div class='podcast_info'><span class='episode_name'>EPISODIO 6<\/span><h5 class='episode_title'>G\u00c9NERO Y VIOLENCIA (PARTE 2)<\/h5><span class='podcast_author'><strong>La violencia en las parejas LGBTQIA+<\/strong><br \/>\r\n<br \/>\r\nExperta: Amanda Terzidis<\/span><\/div><\/div><\/div><\/div><div class='item'><div class='podcast_item'><a href='https:\/\/www.violencequefaire.ch\/es\/podcast\/episode-7-violences-et-migration\/'><\/a><div class='bg_layer'><img src='https:\/\/www.violencequefaire.ch\/wp-content\/uploads\/2022\/04\/episode7_couverture.jpg' alt=''><\/div><div class='inner'><div class='img_block'><img src='https:\/\/www.violencequefaire.ch\/wp-content\/uploads\/2022\/04\/episode7_couverture.jpg' alt=''><\/div><div class='podcast_info'><span class='episode_name'>EPISODIO 7<\/span><h5 class='episode_title'>VIOLENCIA Y MIGRACI\u00d3N<\/h5><span class='podcast_author'><strong>Inmigrantes y v\u00edctimas de violencia de pareja: \u00bfqu\u00e9 tipo de ayuda se puede obtener?<\/strong><br \/>\r\n<br \/>\r\nExperta: Chlo\u00e9 Maire<\/span><\/div><\/div><\/div><\/div><div class='item'><div class='podcast_item'><a href='https:\/\/www.violencequefaire.ch\/es\/podcast\/episode-8-desapprendre-la-violence\/'><\/a><div class='bg_layer'><img src='https:\/\/www.violencequefaire.ch\/wp-content\/uploads\/2022\/04\/episode8_couverture.jpg' alt=''><\/div><div class='inner'><div class='img_block'><img src='https:\/\/www.violencequefaire.ch\/wp-content\/uploads\/2022\/04\/episode8_couverture.jpg' alt=''><\/div><div class='podcast_info'><span class='episode_name'>EPISODIO 8<\/span><h5 class='episode_title'>DESAPRENDER LA VIOLENCIA<\/h5><span class='podcast_author'><strong>Recurrir a la violencia en la pareja: \u00bfqu\u00e9 cambios son posibles?<\/strong><br \/>\r\n<br \/>\r\nExperta: Annick Bavaud<\/span><\/div><\/div><\/div><\/div><div class='item'><div class='podcast_item'><a href='https:\/\/www.violencequefaire.ch\/es\/podcast\/episode-9-violences-et-handicap\/'><\/a><div class='bg_layer'><img src='https:\/\/www.violencequefaire.ch\/wp-content\/uploads\/2025\/10\/Post-carre.png' alt=''><\/div><div class='inner'><div class='img_block'><img src='https:\/\/www.violencequefaire.ch\/wp-content\/uploads\/2025\/10\/Post-carre.png' alt=''><\/div><div class='podcast_info'><span class='episode_name'>EPISODIO 9<\/span><h5 class='episode_title'>VIOLENCIA Y DISCAPACIDAD<\/h5><span class='podcast_author'><p><b>\u00a0VIOLENCES ET HANDICAP- LA VIOLENCE AU SEIN DU COUPLE CHEZ LES PERSONNES EN SITUATION DE HANDICAP<\/b><\/p><br \/>\n<p>Experte: Giada Besomi<\/p><br \/>\n<br \/>\n<!-- wp:paragraph --><br \/>\n<p><\/p><br \/>\n<!-- \/wp:paragraph --><\/span><\/div><\/div><\/div><\/div><\/div><\/div><\/section>[\/vc_column][\/vc_row]<\/p>\n<\/div>","protected":false},"excerpt":{"rendered":"<p>[vc_row][vc_column][\/vc_column][\/vc_row][vc_row][vc_column][vc_column_text css=\u00bb\u00bb][\/vc_column_text][\/vc_column][\/vc_row][vc_row][vc_column][\/vc_column][\/vc_row][vc_row][vc_column][\/vc_column][\/vc_row][vc_row][vc_column][\/vc_column][\/vc_row]<\/p>\n","protected":false},"author":16,"featured_media":0,"parent":0,"menu_order":0,"comment_status":"closed","ping_status":"closed","template":"templates\/home.php","meta":{"_acf_changed":false,"footnotes":""},"class_list":["post-5600","page","type-page","status-publish","hentry"],"acf":[],"yoast_head":"<!-- This site is optimized with the Yoast SEO plugin v27.3 - https:\/\/yoast.com\/product\/yoast-seo-wordpress\/ -->\n<title>Homepage Creatives &#8226; Violence que faire ?<\/title>\n<meta name=\"robots\" content=\"index, follow, max-snippet:-1, max-image-preview:large, max-video-preview:-1\" \/>\n<link rel=\"canonical\" href=\"https:\/\/www.violencequefaire.ch\/es\/\" \/>\n<meta property=\"og:locale\" content=\"es_ES\" \/>\n<meta property=\"og:type\" content=\"article\" \/>\n<meta property=\"og:title\" content=\"Homepage Creatives &#8226; Violence que faire ?\" \/>\n<meta property=\"og:description\" content=\"[vc_row][vc_column][\/vc_column][\/vc_row][vc_row][vc_column][vc_column_text css=\u00bb\u00bb][\/vc_column_text][\/vc_column][\/vc_row][vc_row][vc_column][\/vc_column][\/vc_row][vc_row][vc_column][\/vc_column][\/vc_row][vc_row][vc_column][\/vc_column][\/vc_row]\" \/>\n<meta property=\"og:url\" content=\"https:\/\/www.violencequefaire.ch\/es\/\" \/>\n<meta property=\"og:site_name\" content=\"Violence que faire ?\" \/>\n<meta property=\"article:modified_time\" content=\"2025-10-15T07:38:20+00:00\" \/>\n<meta name=\"twitter:card\" content=\"summary_large_image\" \/>\n<meta name=\"twitter:label1\" content=\"Tiempo de lectura\" \/>\n\t<meta name=\"twitter:data1\" content=\"2 minutos\" \/>\n<script type=\"application\/ld+json\" class=\"yoast-schema-graph\">{\"@context\":\"https:\\\/\\\/schema.org\",\"@graph\":[{\"@type\":\"WebPage\",\"@id\":\"https:\\\/\\\/www.violencequefaire.ch\\\/es\\\/\",\"url\":\"https:\\\/\\\/www.violencequefaire.ch\\\/es\\\/\",\"name\":\"Homepage Creatives &#8226; Violence que faire ?\",\"isPartOf\":{\"@id\":\"https:\\\/\\\/www.violencequefaire.ch\\\/es\\\/#website\"},\"datePublished\":\"2023-11-07T11:29:00+00:00\",\"dateModified\":\"2025-10-15T07:38:20+00:00\",\"breadcrumb\":{\"@id\":\"https:\\\/\\\/www.violencequefaire.ch\\\/es\\\/#breadcrumb\"},\"inLanguage\":\"es\",\"potentialAction\":[{\"@type\":\"ReadAction\",\"target\":[\"https:\\\/\\\/www.violencequefaire.ch\\\/es\\\/\"]}]},{\"@type\":\"BreadcrumbList\",\"@id\":\"https:\\\/\\\/www.violencequefaire.ch\\\/es\\\/#breadcrumb\",\"itemListElement\":[{\"@type\":\"ListItem\",\"position\":1,\"name\":\"Inicio\",\"item\":\"https:\\\/\\\/www.violencequefaire.ch\\\/es\\\/\"},{\"@type\":\"ListItem\",\"position\":2,\"name\":\"Homepage Creatives\"}]},{\"@type\":\"WebSite\",\"@id\":\"https:\\\/\\\/www.violencequefaire.ch\\\/es\\\/#website\",\"url\":\"https:\\\/\\\/www.violencequefaire.ch\\\/es\\\/\",\"name\":\"Violence que faire\",\"description\":\"Des sp\u00e9cialistes r\u00e9pondent personnellement \u00e0 vos questions anonymes sur la violence au sein du couple.\",\"publisher\":{\"@id\":\"https:\\\/\\\/www.violencequefaire.ch\\\/es\\\/#organization\"},\"alternateName\":\"Violenza Cosa Fare\",\"potentialAction\":[{\"@type\":\"SearchAction\",\"target\":{\"@type\":\"EntryPoint\",\"urlTemplate\":\"https:\\\/\\\/www.violencequefaire.ch\\\/es\\\/?s={search_term_string}\"},\"query-input\":{\"@type\":\"PropertyValueSpecification\",\"valueRequired\":true,\"valueName\":\"search_term_string\"}}],\"inLanguage\":\"es\"},{\"@type\":\"Organization\",\"@id\":\"https:\\\/\\\/www.violencequefaire.ch\\\/es\\\/#organization\",\"name\":\"Violence que faire ?\",\"url\":\"https:\\\/\\\/www.violencequefaire.ch\\\/es\\\/\",\"logo\":{\"@type\":\"ImageObject\",\"inLanguage\":\"es\",\"@id\":\"https:\\\/\\\/www.violencequefaire.ch\\\/es\\\/#\\\/schema\\\/logo\\\/image\\\/\",\"url\":\"https:\\\/\\\/www.violencequefaire.ch\\\/wp-content\\\/uploads\\\/2022\\\/04\\\/VQF_LOGO_neutre.jpg\",\"contentUrl\":\"https:\\\/\\\/www.violencequefaire.ch\\\/wp-content\\\/uploads\\\/2022\\\/04\\\/VQF_LOGO_neutre.jpg\",\"width\":253,\"height\":376,\"caption\":\"Violence que faire ?\"},\"image\":{\"@id\":\"https:\\\/\\\/www.violencequefaire.ch\\\/es\\\/#\\\/schema\\\/logo\\\/image\\\/\"}}]}<\/script>\n<!-- \/ Yoast SEO plugin. -->","yoast_head_json":{"title":"Homepage Creatives &#8226; Violence que faire ?","robots":{"index":"index","follow":"follow","max-snippet":"max-snippet:-1","max-image-preview":"max-image-preview:large","max-video-preview":"max-video-preview:-1"},"canonical":"https:\/\/www.violencequefaire.ch\/es\/","og_locale":"es_ES","og_type":"article","og_title":"Homepage Creatives &#8226; Violence que faire ?","og_description":"[vc_row][vc_column][\/vc_column][\/vc_row][vc_row][vc_column][vc_column_text css=\u00bb\u00bb][\/vc_column_text][\/vc_column][\/vc_row][vc_row][vc_column][\/vc_column][\/vc_row][vc_row][vc_column][\/vc_column][\/vc_row][vc_row][vc_column][\/vc_column][\/vc_row]","og_url":"https:\/\/www.violencequefaire.ch\/es\/","og_site_name":"Violence que faire ?","article_modified_time":"2025-10-15T07:38:20+00:00","twitter_card":"summary_large_image","twitter_misc":{"Tiempo de lectura":"2 minutos"},"schema":{"@context":"https:\/\/schema.org","@graph":[{"@type":"WebPage","@id":"https:\/\/www.violencequefaire.ch\/es\/","url":"https:\/\/www.violencequefaire.ch\/es\/","name":"Homepage Creatives &#8226; Violence que faire ?","isPartOf":{"@id":"https:\/\/www.violencequefaire.ch\/es\/#website"},"datePublished":"2023-11-07T11:29:00+00:00","dateModified":"2025-10-15T07:38:20+00:00","breadcrumb":{"@id":"https:\/\/www.violencequefaire.ch\/es\/#breadcrumb"},"inLanguage":"es","potentialAction":[{"@type":"ReadAction","target":["https:\/\/www.violencequefaire.ch\/es\/"]}]},{"@type":"BreadcrumbList","@id":"https:\/\/www.violencequefaire.ch\/es\/#breadcrumb","itemListElement":[{"@type":"ListItem","position":1,"name":"Inicio","item":"https:\/\/www.violencequefaire.ch\/es\/"},{"@type":"ListItem","position":2,"name":"Homepage Creatives"}]},{"@type":"WebSite","@id":"https:\/\/www.violencequefaire.ch\/es\/#website","url":"https:\/\/www.violencequefaire.ch\/es\/","name":"Violence que faire","description":"Des sp\u00e9cialistes r\u00e9pondent personnellement \u00e0 vos questions anonymes sur la violence au sein du couple.","publisher":{"@id":"https:\/\/www.violencequefaire.ch\/es\/#organization"},"alternateName":"Violenza Cosa Fare","potentialAction":[{"@type":"SearchAction","target":{"@type":"EntryPoint","urlTemplate":"https:\/\/www.violencequefaire.ch\/es\/?s={search_term_string}"},"query-input":{"@type":"PropertyValueSpecification","valueRequired":true,"valueName":"search_term_string"}}],"inLanguage":"es"},{"@type":"Organization","@id":"https:\/\/www.violencequefaire.ch\/es\/#organization","name":"Violence que faire ?","url":"https:\/\/www.violencequefaire.ch\/es\/","logo":{"@type":"ImageObject","inLanguage":"es","@id":"https:\/\/www.violencequefaire.ch\/es\/#\/schema\/logo\/image\/","url":"https:\/\/www.violencequefaire.ch\/wp-content\/uploads\/2022\/04\/VQF_LOGO_neutre.jpg","contentUrl":"https:\/\/www.violencequefaire.ch\/wp-content\/uploads\/2022\/04\/VQF_LOGO_neutre.jpg","width":253,"height":376,"caption":"Violence que faire ?"},"image":{"@id":"https:\/\/www.violencequefaire.ch\/es\/#\/schema\/logo\/image\/"}}]}},"_links":{"self":[{"href":"https:\/\/www.violencequefaire.ch\/es\/wp-json\/wp\/v2\/pages\/5600","targetHints":{"allow":["GET"]}}],"collection":[{"href":"https:\/\/www.violencequefaire.ch\/es\/wp-json\/wp\/v2\/pages"}],"about":[{"href":"https:\/\/www.violencequefaire.ch\/es\/wp-json\/wp\/v2\/types\/page"}],"author":[{"embeddable":true,"href":"https:\/\/www.violencequefaire.ch\/es\/wp-json\/wp\/v2\/users\/16"}],"replies":[{"embeddable":true,"href":"https:\/\/www.violencequefaire.ch\/es\/wp-json\/wp\/v2\/comments?post=5600"}],"version-history":[{"count":8,"href":"https:\/\/www.violencequefaire.ch\/es\/wp-json\/wp\/v2\/pages\/5600\/revisions"}],"predecessor-version":[{"id":11834,"href":"https:\/\/www.violencequefaire.ch\/es\/wp-json\/wp\/v2\/pages\/5600\/revisions\/11834"}],"wp:attachment":[{"href":"https:\/\/www.violencequefaire.ch\/es\/wp-json\/wp\/v2\/media?parent=5600"}],"curies":[{"name":"wp","href":"https:\/\/api.w.org\/{rel}","templated":true}]}}