{"id":12123,"date":"2025-11-18T08:57:28","date_gmt":"2025-11-18T07:57:28","guid":{"rendered":"https:\/\/www.violencequefaire.ch\/violence-handicap\/"},"modified":"2025-11-21T11:02:36","modified_gmt":"2025-11-21T10:02:36","slug":"violencia-discapacidad","status":"publish","type":"page","link":"https:\/\/www.violencequefaire.ch\/es\/violencia-discapacidad\/","title":{"rendered":"Violencia y discapacidad"},"content":{"rendered":"<div class=\"wpb-content-wrapper\"><p>[vc_row][vc_column]<section class='vqf_section_block text_n_media_block podcast_media block_background'><div class='vqf_container'><div class='vqf_row'><div class='left_text_block'><h2>Violencia y discapacidad<\/h2><div class='vqf_fixed_width_text'><p><strong>\u00ab No es invisible, es ignorada \u00bb<\/strong><\/p>\n<p>La violencia en la pareja afecta a muchas personas, y las cifras muestran que las mujeres son las principales v\u00edctimas. Las mujeres con discapacidad est\u00e1n particularmente expuestas y enfrentan desaf\u00edos espec\u00edficos que aumentan su vulnerabilidad y aislamiento.<\/p>\n<p>Seg\u00fan la Organizaci\u00f3n Mundial de la Salud (OMS), <em>\u00ab<\/em><em>Se considera que una persona tiene discapacidad cuando una o varias funciones f\u00edsicas, mentales, intelectuales o sensoriales est\u00e1n alteradas, de manera temporal o permanente, limitando su autonom\u00eda o su participaci\u00f3n en la vida social.\u00bb<\/em><\/p>\n<p>En Suiza, aunque el 22 % de la poblaci\u00f3n (es decir, una de cada cinco personas) vive con una discapacidad, es extremadamente dif\u00edcil encontrar estad\u00edsticas nacionales fiables sobre las violencias sufridas por las personas con discapacidad. El propio Consejo Federal reconoci\u00f3, en un informe de 2023, que el conocimiento sobre este tema es <em>\u00abmuy limitado\u00bb<\/em> y que no existe <em>\u00abninguna base de datos representativa\u00bb<\/em> sobre la violencia dom\u00e9stica dirigida a personas con discapacidad.<\/p>\n<p>Estudios internacionales estiman que las mujeres con discapacidad corren un riesgo hasta diez veces mayor de sufrir violencia sexual. Seg\u00fan Naciones Unidas (2023), las mujeres con discapacidad tienen entre <strong>dos y tres veces<\/strong> m\u00e1s probabilidades de ser v\u00edctimas de violencia por parte de su pareja.<\/p>\n<p><a href=\"https:\/\/www.violencequefaire.ch\/es\/\"><strong>violencequefaire.ch<\/strong><\/a> cuenta con un equipo de especialistas sensibilizad.x.s a las cuestiones relacionadas con la discapacidad y la violencia en la pareja<\/p><\/div><div class='vqf_accordion_block'><div class='accordion_item'><div class='accordion_header'><span class='title'>Es dif\u00edcil hablar de ello <\/span><\/div><div class='accordion_body'><div class='acc_body_inner'><div class='vqf_fixed_width_text'><p>Para las personas que sufren violencia en la pareja, nunca es f\u00e1cil hablar de ello ni pedir ayuda. Diversos obst\u00e1culos hacen que este paso sea a\u00fan m\u00e1s dif\u00edcil para las personas con discapacidad:<br \/>\n\u2022\tMayor dependencia de la persona que ejerce la violencia (para los cuidados, la movilidad, la comunicaci\u00f3n, las finanzas\u2026)<br \/>\n\u2022\tFalta de conocimiento sobre discapacidad por parte de profesionales de la salud, la justicia o los servicios sociales<br \/>\n\u2022\tAccesibilidad limitada a lugares de acogida, l\u00edneas de atenci\u00f3n o alojamientos de emergencia<br \/>\n\u2022\tMiedo a no ser cre\u00edda\/o, especialmente en personas con discapacidad ps\u00edquica, intelectual o sensorial<br \/>\n\u2022\tDificultades de comunicaci\u00f3n por falta de int\u00e9rpretes, herramientas adaptadas o formaci\u00f3n en comunicaci\u00f3n inclusiva<br \/>\n<\/p><\/div><\/div><\/div><\/div><div class='accordion_item'><div class='accordion_header'><span class='title'>Violencias m\u00faltiples y espec\u00edficas <\/span><\/div><div class='accordion_body'><div class='acc_body_inner'><div class='vqf_fixed_width_text'><p>\u2022\tLa violencia en la pareja puede tomar diferentes formas: psicol\u00f3gica, f\u00edsica, sexual y econ\u00f3mica. A estas formas se pueden a\u00f1adir violencias m\u00e9dicas o relacionadas con los cuidados, por ejemplo cuando la pareja se niega a proporcionar los cuidados necesarios (esconder medicamentos, ignorar o minimizar el dolor, no dar suficiente comida, descuidar intencionadamente necesidades b\u00e1sicas) o cuando los proporciona de manera brusca o da\u00f1ina (como forzar una ducha fr\u00eda, peinar de forma violenta, etc.).<br \/>\nLas vulnerabilidades asociadas a la discapacidad pueden agravar las violencias, ya que ofrecen a la persona que ejerce la violencia medios adicionales de control, poder y coerci\u00f3n.<br \/>\n\u2022\tLa falta de formaci\u00f3n y sensibilizaci\u00f3n del personal de salud, social y justicia puede tambi\u00e9n exponer a las personas a violencia institucional, especialmente en el momento de acoger su relato de violencia.<br \/>\n<\/p><\/div><\/div><\/div><\/div><div class='accordion_item'><div class='accordion_header'><span class='title'>No est\u00e1s sola\/o <\/span><\/div><div class='accordion_body'><div class='acc_body_inner'><div class='vqf_fixed_width_text'><p>En violencequefaire.ch, especialistas en el \u00e1mbito de la violencia dom\u00e9stica responden a tus preguntas escritas de forma an\u00f3nima en un plazo de tres d\u00edas laborables. Romper el silencio es un primer paso para detener el ciclo de la violencia.<br \/>\nEste sitio ha sido creado para permitirte hablar de tu situaci\u00f3n con total seguridad y acompa\u00f1arte en tus primeros pasos para salir de la violencia. Aqu\u00ed encontrar\u00e1s escucha por escrito, apoyo y consejos personalizados seg\u00fan tus necesidades.<br \/>\n<\/p><\/div><\/div><\/div><\/div><\/div><\/div><div class='right_media_block'><div class='media_box'><div class='podcast_col'><div class='podcast_item'><a href='https:\/\/www.violencequefaire.ch\/es\/podcast\/episode-9-violences-et-handicap\/'><\/a><div class='bg_layer'><img src='https:\/\/www.violencequefaire.ch\/wp-content\/uploads\/2025\/10\/Post-carre.png' alt=''><\/div><div class='inner'><div class='img_block'><img src='https:\/\/www.violencequefaire.ch\/wp-content\/uploads\/2025\/10\/Post-carre.png' alt=''><\/div><div class='podcast_info'><span class='episode_name'><p><b>\u00a0VIOLENCES ET HANDICAP- LA VIOLENCE AU SEIN DU COUPLE CHEZ LES PERSONNES EN SITUATION DE HANDICAP<\/b><\/p>\n<p>Experte: Giada Besomi<\/p>\n\n<!-- wp:paragraph -->\n<p><\/p>\n<!-- \/wp:paragraph --><\/span><h5 class='episode_title'>EPISODIO 9 &#8211; VIOLENCIA Y DISCAPACIDAD<\/h5><span class='podcast_author'>Experte: <\/span><\/div><\/div><\/div><\/div><\/div><\/div><\/div><\/div><\/section>[\/vc_column][\/vc_row]<\/p>\n<\/div>","protected":false},"excerpt":{"rendered":"<p>[vc_row][vc_column][\/vc_column][\/vc_row]<\/p>\n","protected":false},"author":6,"featured_media":0,"parent":0,"menu_order":0,"comment_status":"closed","ping_status":"closed","template":"","meta":{"_acf_changed":false,"footnotes":""},"class_list":["post-12123","page","type-page","status-publish","hentry"],"acf":[],"yoast_head":"<!-- This site is optimized with the Yoast SEO plugin v27.3 - https:\/\/yoast.com\/product\/yoast-seo-wordpress\/ -->\n<title>Violencia y discapacidad &#8226; Violence que faire ?<\/title>\n<meta name=\"description\" content=\"La violencia de pareja tambi\u00e9n afecta a personas con discapacidad. Encuentra apoyo, escucha y acompa\u00f1amiento seguro.\" \/>\n<meta name=\"robots\" content=\"index, follow, max-snippet:-1, max-image-preview:large, max-video-preview:-1\" \/>\n<link rel=\"canonical\" href=\"https:\/\/www.violencequefaire.ch\/es\/violencia-discapacidad\/\" \/>\n<meta property=\"og:locale\" content=\"es_ES\" \/>\n<meta property=\"og:type\" content=\"article\" \/>\n<meta property=\"og:title\" content=\"Violencia y discapacidad &#8226; Violence que faire ?\" \/>\n<meta property=\"og:description\" content=\"La violencia de pareja tambi\u00e9n afecta a personas con discapacidad. Encuentra apoyo, escucha y acompa\u00f1amiento seguro.\" \/>\n<meta property=\"og:url\" content=\"https:\/\/www.violencequefaire.ch\/es\/violencia-discapacidad\/\" \/>\n<meta property=\"og:site_name\" content=\"Violence que faire ?\" \/>\n<meta property=\"article:modified_time\" content=\"2025-11-21T10:02:36+00:00\" \/>\n<meta name=\"twitter:card\" content=\"summary_large_image\" \/>\n<meta name=\"twitter:label1\" content=\"Tiempo de lectura\" \/>\n\t<meta name=\"twitter:data1\" content=\"2 minutos\" \/>\n<script type=\"application\/ld+json\" class=\"yoast-schema-graph\">{\"@context\":\"https:\\\/\\\/schema.org\",\"@graph\":[{\"@type\":\"WebPage\",\"@id\":\"https:\\\/\\\/www.violencequefaire.ch\\\/es\\\/violencia-discapacidad\\\/\",\"url\":\"https:\\\/\\\/www.violencequefaire.ch\\\/es\\\/violencia-discapacidad\\\/\",\"name\":\"Violencia y discapacidad &#8226; Violence que faire ?\",\"isPartOf\":{\"@id\":\"https:\\\/\\\/www.violencequefaire.ch\\\/es\\\/#website\"},\"datePublished\":\"2025-11-18T07:57:28+00:00\",\"dateModified\":\"2025-11-21T10:02:36+00:00\",\"description\":\"La violencia de pareja tambi\u00e9n afecta a personas con discapacidad. Encuentra apoyo, escucha y acompa\u00f1amiento seguro.\",\"breadcrumb\":{\"@id\":\"https:\\\/\\\/www.violencequefaire.ch\\\/es\\\/violencia-discapacidad\\\/#breadcrumb\"},\"inLanguage\":\"es\",\"potentialAction\":[{\"@type\":\"ReadAction\",\"target\":[\"https:\\\/\\\/www.violencequefaire.ch\\\/es\\\/violencia-discapacidad\\\/\"]}]},{\"@type\":\"BreadcrumbList\",\"@id\":\"https:\\\/\\\/www.violencequefaire.ch\\\/es\\\/violencia-discapacidad\\\/#breadcrumb\",\"itemListElement\":[{\"@type\":\"ListItem\",\"position\":1,\"name\":\"Inicio\",\"item\":\"https:\\\/\\\/www.violencequefaire.ch\\\/es\\\/\"},{\"@type\":\"ListItem\",\"position\":2,\"name\":\"Violencia y discapacidad\"}]},{\"@type\":\"WebSite\",\"@id\":\"https:\\\/\\\/www.violencequefaire.ch\\\/es\\\/#website\",\"url\":\"https:\\\/\\\/www.violencequefaire.ch\\\/es\\\/\",\"name\":\"Violence que faire\",\"description\":\"Des sp\u00e9cialistes r\u00e9pondent personnellement \u00e0 vos questions anonymes sur la violence au sein du couple.\",\"publisher\":{\"@id\":\"https:\\\/\\\/www.violencequefaire.ch\\\/es\\\/#organization\"},\"alternateName\":\"Violenza Cosa Fare\",\"potentialAction\":[{\"@type\":\"SearchAction\",\"target\":{\"@type\":\"EntryPoint\",\"urlTemplate\":\"https:\\\/\\\/www.violencequefaire.ch\\\/es\\\/?s={search_term_string}\"},\"query-input\":{\"@type\":\"PropertyValueSpecification\",\"valueRequired\":true,\"valueName\":\"search_term_string\"}}],\"inLanguage\":\"es\"},{\"@type\":\"Organization\",\"@id\":\"https:\\\/\\\/www.violencequefaire.ch\\\/es\\\/#organization\",\"name\":\"Violence que faire ?\",\"url\":\"https:\\\/\\\/www.violencequefaire.ch\\\/es\\\/\",\"logo\":{\"@type\":\"ImageObject\",\"inLanguage\":\"es\",\"@id\":\"https:\\\/\\\/www.violencequefaire.ch\\\/es\\\/#\\\/schema\\\/logo\\\/image\\\/\",\"url\":\"https:\\\/\\\/www.violencequefaire.ch\\\/wp-content\\\/uploads\\\/2022\\\/04\\\/VQF_LOGO_neutre.jpg\",\"contentUrl\":\"https:\\\/\\\/www.violencequefaire.ch\\\/wp-content\\\/uploads\\\/2022\\\/04\\\/VQF_LOGO_neutre.jpg\",\"width\":253,\"height\":376,\"caption\":\"Violence que faire ?\"},\"image\":{\"@id\":\"https:\\\/\\\/www.violencequefaire.ch\\\/es\\\/#\\\/schema\\\/logo\\\/image\\\/\"}}]}<\/script>\n<!-- \/ Yoast SEO plugin. -->","yoast_head_json":{"title":"Violencia y discapacidad &#8226; Violence que faire ?","description":"La violencia de pareja tambi\u00e9n afecta a personas con discapacidad. Encuentra apoyo, escucha y acompa\u00f1amiento seguro.","robots":{"index":"index","follow":"follow","max-snippet":"max-snippet:-1","max-image-preview":"max-image-preview:large","max-video-preview":"max-video-preview:-1"},"canonical":"https:\/\/www.violencequefaire.ch\/es\/violencia-discapacidad\/","og_locale":"es_ES","og_type":"article","og_title":"Violencia y discapacidad &#8226; Violence que faire ?","og_description":"La violencia de pareja tambi\u00e9n afecta a personas con discapacidad. Encuentra apoyo, escucha y acompa\u00f1amiento seguro.","og_url":"https:\/\/www.violencequefaire.ch\/es\/violencia-discapacidad\/","og_site_name":"Violence que faire ?","article_modified_time":"2025-11-21T10:02:36+00:00","twitter_card":"summary_large_image","twitter_misc":{"Tiempo de lectura":"2 minutos"},"schema":{"@context":"https:\/\/schema.org","@graph":[{"@type":"WebPage","@id":"https:\/\/www.violencequefaire.ch\/es\/violencia-discapacidad\/","url":"https:\/\/www.violencequefaire.ch\/es\/violencia-discapacidad\/","name":"Violencia y discapacidad &#8226; Violence que faire ?","isPartOf":{"@id":"https:\/\/www.violencequefaire.ch\/es\/#website"},"datePublished":"2025-11-18T07:57:28+00:00","dateModified":"2025-11-21T10:02:36+00:00","description":"La violencia de pareja tambi\u00e9n afecta a personas con discapacidad. Encuentra apoyo, escucha y acompa\u00f1amiento seguro.","breadcrumb":{"@id":"https:\/\/www.violencequefaire.ch\/es\/violencia-discapacidad\/#breadcrumb"},"inLanguage":"es","potentialAction":[{"@type":"ReadAction","target":["https:\/\/www.violencequefaire.ch\/es\/violencia-discapacidad\/"]}]},{"@type":"BreadcrumbList","@id":"https:\/\/www.violencequefaire.ch\/es\/violencia-discapacidad\/#breadcrumb","itemListElement":[{"@type":"ListItem","position":1,"name":"Inicio","item":"https:\/\/www.violencequefaire.ch\/es\/"},{"@type":"ListItem","position":2,"name":"Violencia y discapacidad"}]},{"@type":"WebSite","@id":"https:\/\/www.violencequefaire.ch\/es\/#website","url":"https:\/\/www.violencequefaire.ch\/es\/","name":"Violence que faire","description":"Des sp\u00e9cialistes r\u00e9pondent personnellement \u00e0 vos questions anonymes sur la violence au sein du couple.","publisher":{"@id":"https:\/\/www.violencequefaire.ch\/es\/#organization"},"alternateName":"Violenza Cosa Fare","potentialAction":[{"@type":"SearchAction","target":{"@type":"EntryPoint","urlTemplate":"https:\/\/www.violencequefaire.ch\/es\/?s={search_term_string}"},"query-input":{"@type":"PropertyValueSpecification","valueRequired":true,"valueName":"search_term_string"}}],"inLanguage":"es"},{"@type":"Organization","@id":"https:\/\/www.violencequefaire.ch\/es\/#organization","name":"Violence que faire ?","url":"https:\/\/www.violencequefaire.ch\/es\/","logo":{"@type":"ImageObject","inLanguage":"es","@id":"https:\/\/www.violencequefaire.ch\/es\/#\/schema\/logo\/image\/","url":"https:\/\/www.violencequefaire.ch\/wp-content\/uploads\/2022\/04\/VQF_LOGO_neutre.jpg","contentUrl":"https:\/\/www.violencequefaire.ch\/wp-content\/uploads\/2022\/04\/VQF_LOGO_neutre.jpg","width":253,"height":376,"caption":"Violence que faire ?"},"image":{"@id":"https:\/\/www.violencequefaire.ch\/es\/#\/schema\/logo\/image\/"}}]}},"_links":{"self":[{"href":"https:\/\/www.violencequefaire.ch\/es\/wp-json\/wp\/v2\/pages\/12123","targetHints":{"allow":["GET"]}}],"collection":[{"href":"https:\/\/www.violencequefaire.ch\/es\/wp-json\/wp\/v2\/pages"}],"about":[{"href":"https:\/\/www.violencequefaire.ch\/es\/wp-json\/wp\/v2\/types\/page"}],"author":[{"embeddable":true,"href":"https:\/\/www.violencequefaire.ch\/es\/wp-json\/wp\/v2\/users\/6"}],"replies":[{"embeddable":true,"href":"https:\/\/www.violencequefaire.ch\/es\/wp-json\/wp\/v2\/comments?post=12123"}],"version-history":[{"count":4,"href":"https:\/\/www.violencequefaire.ch\/es\/wp-json\/wp\/v2\/pages\/12123\/revisions"}],"predecessor-version":[{"id":12171,"href":"https:\/\/www.violencequefaire.ch\/es\/wp-json\/wp\/v2\/pages\/12123\/revisions\/12171"}],"wp:attachment":[{"href":"https:\/\/www.violencequefaire.ch\/es\/wp-json\/wp\/v2\/media?parent=12123"}],"curies":[{"name":"wp","href":"https:\/\/api.w.org\/{rel}","templated":true}]}}