{"id":11369,"date":"2024-09-23T13:17:21","date_gmt":"2024-09-23T11:17:21","guid":{"rendered":"https:\/\/www.violencequefaire.ch\/tests\/"},"modified":"2025-09-16T18:05:19","modified_gmt":"2025-09-16T16:05:19","slug":"tests","status":"publish","type":"page","link":"https:\/\/www.violencequefaire.ch\/es\/tests\/","title":{"rendered":"Tests"},"content":{"rendered":"<div class=\"wpb-content-wrapper\"><p>[vc_row][vc_column]<section class='vqf_section_block only_for_tab'><div class='vqf_container'><div class='vqf_row'><div class='vqf_full_col'><h2><\/h2><div class='vqf_tabs'><ul class='tab_btns'><li data-tab='tab_1' class='actv_tab'><span>Sufro violencia<\/span><\/li><li data-tab='tab_2'><span>Me comporto de manera violenta<\/span><\/li><li data-tab='tab_3'><span>Soy testigo de violencia<\/span><\/li><li data-tab='tab_4'><span>Soy joven<\/span><\/li><\/ul><\/div><\/div><\/div><\/div><\/section>[vc_row_inner el_id=\u00bbtab_1&#8243; el_class=\u00bbtab_container_item\u00bb][vc_column_inner]<section class='vqf_section_block'><div class='vqf_container'><div class='vqf_row'><div class='vqf_full_col'><h2>Test: \u00bfTengo una relaci\u00f3n sana?<\/h2><div class='vqf_intra_links_block innerpage_intra_links'><div class='inner_row'><div class='intra_link_col'><div class='intra_link_item'><a href='https:\/\/www.violencequefaire.ch\/es\/tests\/test-mythes-et-realites\/' aria-label='Mitos y realidades'><\/a><div class='intra_item_inner'><div class='intra_body'><span class='intra_title'>Mitos y realidades<\/span><p class='intra_info'>Commencer le test<\/p><\/div><div class='intra_footer'><img src='https:\/\/www.violencequefaire.ch\/wp-content\/themes\/vqf\/assets\/img\/icons\/arrow_black.svg' alt=''><\/div><\/div><\/div><\/div><div class='intra_link_col'><div class='intra_link_item'><a href='https:\/\/www.violencequefaire.ch\/es\/tests\/test-suis-je-concerne-e-x-par-la-violence\/' aria-label='\u00bfTengo una relaci\u00f3n sana?'><\/a><div class='intra_item_inner'><div class='intra_body'><span class='intra_title'>\u00bfTengo una relaci\u00f3n sana?<\/span><p class='intra_info'>Commencer le test<\/p><\/div><div class='intra_footer'><img src='https:\/\/www.violencequefaire.ch\/wp-content\/themes\/vqf\/assets\/img\/icons\/arrow_black.svg' alt=''><\/div><\/div><\/div><\/div><div class='intra_link_col'><div class='intra_link_item'><a href='https:\/\/www.violencequefaire.ch\/es\/tests\/test-la-violence-a-t-elle-vraiment-cesse\/' aria-label='\u00bfLa violencia ha cesado realmente?'><\/a><div class='intra_item_inner'><div class='intra_body'><span class='intra_title'>\u00bfLa violencia ha cesado realmente?<\/span><p class='intra_info'>Commencer le test<\/p><\/div><div class='intra_footer'><img src='https:\/\/www.violencequefaire.ch\/wp-content\/themes\/vqf\/assets\/img\/icons\/arrow_black.svg' alt=''><\/div><\/div><\/div><\/div><\/div><\/div><\/div><\/div><\/div><\/section>[\/vc_column_inner][\/vc_row_inner][vc_row_inner el_id=\u00bbtab_2&#8243; el_class=\u00bbtab_container_item\u00bb][vc_column_inner]<section class='vqf_section_block'><div class='vqf_container'><div class='vqf_row'><div class='vqf_full_col'><h2>test: \u00bfMe comporto de manera violenta?<\/h2><div class='vqf_intra_links_block innerpage_intra_links'><div class='inner_row'><div class='intra_link_col'><div class='intra_link_item'><a href='https:\/\/www.violencequefaire.ch\/es\/tests\/test-mythes-et-realites-jai-recours-a-la-violence\/' aria-label='Mitos y realidades'><\/a><div class='intra_item_inner'><div class='intra_body'><span class='intra_title'>Mitos y realidades<\/span><p class='intra_info'>Commencer le test<\/p><\/div><div class='intra_footer'><img src='https:\/\/www.violencequefaire.ch\/wp-content\/themes\/vqf\/assets\/img\/icons\/arrow_black.svg' alt=''><\/div><\/div><\/div><\/div><div class='intra_link_col'><div class='intra_link_item'><a href='https:\/\/www.violencequefaire.ch\/es\/tests\/test-ai-je-des-comportements-violents\/' aria-label='Test: \u00bfMe comporto de manera violenta?'><\/a><div class='intra_item_inner'><div class='intra_body'><span class='intra_title'>Test: \u00bfMe comporto de manera violenta?<\/span><p class='intra_info'>Commencer le test<\/p><\/div><div class='intra_footer'><img src='https:\/\/www.violencequefaire.ch\/wp-content\/themes\/vqf\/assets\/img\/icons\/arrow_black.svg' alt=''><\/div><\/div><\/div><\/div><\/div><\/div><\/div><\/div><\/div><\/section>[\/vc_column_inner][\/vc_row_inner][vc_row_inner el_id=\u00bbtab_3&#8243; el_class=\u00bbtab_container_item\u00bb][vc_column_inner]<section class='vqf_section_block'><div class='vqf_container'><div class='vqf_row'><div class='vqf_full_col'><h2>Test: Soy testigo de violencia<\/h2><div class='vqf_intra_links_block innerpage_intra_links'><div class='inner_row'><div class='intra_link_col'><div class='intra_link_item'><a href='https:\/\/www.violencequefaire.ch\/es\/tests\/test-mythes-et-realites-2\/' aria-label='Test: Mitos y realidades'><\/a><div class='intra_item_inner'><div class='intra_body'><span class='intra_title'>Test: Mitos y realidades<\/span><p class='intra_info'>Commencer le test<\/p><\/div><div class='intra_footer'><img src='https:\/\/www.violencequefaire.ch\/wp-content\/themes\/vqf\/assets\/img\/icons\/arrow_black.svg' alt=''><\/div><\/div><\/div><\/div><\/div><\/div><\/div><\/div><\/div><\/section>[\/vc_column_inner][\/vc_row_inner][vc_row_inner el_id=\u00bbtab_4&#8243; el_class=\u00bbtab_container_item\u00bb][vc_column_inner]<section class='vqf_section_block'><div class='vqf_container'><div class='vqf_row'><div class='vqf_full_col'><h2>Test: Soy joven<\/h2><div class='vqf_intra_links_block innerpage_intra_links'><div class='inner_row'><div class='intra_link_col'><div class='intra_link_item'><a href='https:\/\/www.violencequefaire.ch\/es\/tests\/test-mythes-et-realites-jeunes\/' aria-label='Test: Mitos y realidades'><\/a><div class='intra_item_inner'><div class='intra_body'><span class='intra_title'>Test: Mitos y realidades<\/span><p class='intra_info'>Commencer le test<\/p><\/div><div class='intra_footer'><img src='https:\/\/www.violencequefaire.ch\/wp-content\/themes\/vqf\/assets\/img\/icons\/arrow_black.svg' alt=''><\/div><\/div><\/div><\/div><div class='intra_link_col'><div class='intra_link_item'><a href='https:\/\/www.violencequefaire.ch\/es\/tests\/test-toi-ton-couple-ca-va\/' aria-label='\u00bfY t\u00fa, tu relaci\u00f3n, va bien?'><\/a><div class='intra_item_inner'><div class='intra_body'><span class='intra_title'>\u00bfY t\u00fa, tu relaci\u00f3n, va bien?<\/span><p class='intra_info'>Commencer le test<\/p><\/div><div class='intra_footer'><img src='https:\/\/www.violencequefaire.ch\/wp-content\/themes\/vqf\/assets\/img\/icons\/arrow_black.svg' alt=''><\/div><\/div><\/div><\/div><div class='intra_link_col'><div class='intra_link_item'><a href='https:\/\/www.violencequefaire.ch\/es\/tests\/test-ai-je-des-comportements-violents-2\/' aria-label='Test \u2013 \u00bfTengo un comportamiento violento hacia mi pareja?'><\/a><div class='intra_item_inner'><div class='intra_body'><span class='intra_title'>Test \u2013 \u00bfTengo un comportamiento violento hacia mi pareja?<\/span><p class='intra_info'>Commencer le test<\/p><\/div><div class='intra_footer'><img src='https:\/\/www.violencequefaire.ch\/wp-content\/themes\/vqf\/assets\/img\/icons\/arrow_black.svg' alt=''><\/div><\/div><\/div><\/div><div class='intra_link_col'><div class='intra_link_item'><a href='https:\/\/www.violencequefaire.ch\/es\/tests\/test-sais-tu-reconnaitre-les-differentes-formes-de-violences\/' aria-label='Test: \u00bfSabes reconocer las diferentes formas de violencia?'><\/a><div class='intra_item_inner'><div class='intra_body'><span class='intra_title'>Test: \u00bfSabes reconocer las diferentes formas de violencia?<\/span><p class='intra_info'>Commencer le test<\/p><\/div><div class='intra_footer'><img src='https:\/\/www.violencequefaire.ch\/wp-content\/themes\/vqf\/assets\/img\/icons\/arrow_black.svg' alt=''><\/div><\/div><\/div><\/div><\/div><\/div><\/div><\/div><\/div><\/section>[\/vc_column_inner][\/vc_row_inner][\/vc_column][\/vc_row]<\/p>\n<\/div>","protected":false},"excerpt":{"rendered":"<p>[vc_row][vc_column][vc_row_inner el_id=\u00bbtab_1&#8243; el_class=\u00bbtab_container_item\u00bb][vc_column_inner][\/vc_column_inner][\/vc_row_inner][vc_row_inner el_id=\u00bbtab_2&#8243; el_class=\u00bbtab_container_item\u00bb][vc_column_inner][\/vc_column_inner][\/vc_row_inner][vc_row_inner el_id=\u00bbtab_3&#8243; el_class=\u00bbtab_container_item\u00bb][vc_column_inner][\/vc_column_inner][\/vc_row_inner][vc_row_inner el_id=\u00bbtab_4&#8243; el_class=\u00bbtab_container_item\u00bb][vc_column_inner][\/vc_column_inner][\/vc_row_inner][\/vc_column][\/vc_row]<\/p>\n","protected":false},"author":16,"featured_media":0,"parent":0,"menu_order":0,"comment_status":"closed","ping_status":"closed","template":"","meta":{"_acf_changed":false,"footnotes":""},"class_list":["post-11369","page","type-page","status-publish","hentry"],"acf":[],"yoast_head":"<!-- This site is optimized with the Yoast SEO plugin v27.3 - https:\/\/yoast.com\/product\/yoast-seo-wordpress\/ -->\n<title>Tests &#8226; Violence que faire ?<\/title>\n<meta name=\"description\" content=\"Victime, auteur ou t\u00e9moin de violence, vous n&#039;\u00eates pas s\u00fbr? Tu es jeune et tu te poses des questions? Testez vous avec nos diff\u00e9rents tests.\" \/>\n<meta name=\"robots\" content=\"index, follow, max-snippet:-1, max-image-preview:large, max-video-preview:-1\" \/>\n<link rel=\"canonical\" href=\"https:\/\/www.violencequefaire.ch\/es\/tests\/\" \/>\n<meta property=\"og:locale\" content=\"es_ES\" \/>\n<meta property=\"og:type\" content=\"article\" \/>\n<meta property=\"og:title\" content=\"Tests &#8226; Violence que faire ?\" \/>\n<meta property=\"og:description\" content=\"Victime, auteur ou t\u00e9moin de violence, vous n&#039;\u00eates pas s\u00fbr? Tu es jeune et tu te poses des questions? Testez vous avec nos diff\u00e9rents tests.\" \/>\n<meta property=\"og:url\" content=\"https:\/\/www.violencequefaire.ch\/es\/tests\/\" \/>\n<meta property=\"og:site_name\" content=\"Violence que faire ?\" \/>\n<meta property=\"article:modified_time\" content=\"2025-09-16T16:05:19+00:00\" \/>\n<meta name=\"twitter:card\" content=\"summary_large_image\" \/>\n<meta name=\"twitter:label1\" content=\"Tiempo de lectura\" \/>\n\t<meta name=\"twitter:data1\" content=\"1 minuto\" \/>\n<script type=\"application\/ld+json\" class=\"yoast-schema-graph\">{\"@context\":\"https:\\\/\\\/schema.org\",\"@graph\":[{\"@type\":\"WebPage\",\"@id\":\"https:\\\/\\\/www.violencequefaire.ch\\\/es\\\/tests\\\/\",\"url\":\"https:\\\/\\\/www.violencequefaire.ch\\\/es\\\/tests\\\/\",\"name\":\"Tests &#8226; Violence que faire ?\",\"isPartOf\":{\"@id\":\"https:\\\/\\\/www.violencequefaire.ch\\\/es\\\/#website\"},\"datePublished\":\"2024-09-23T11:17:21+00:00\",\"dateModified\":\"2025-09-16T16:05:19+00:00\",\"description\":\"Victime, auteur ou t\u00e9moin de violence, vous n'\u00eates pas s\u00fbr? Tu es jeune et tu te poses des questions? Testez vous avec nos diff\u00e9rents tests.\",\"breadcrumb\":{\"@id\":\"https:\\\/\\\/www.violencequefaire.ch\\\/es\\\/tests\\\/#breadcrumb\"},\"inLanguage\":\"es\",\"potentialAction\":[{\"@type\":\"ReadAction\",\"target\":[\"https:\\\/\\\/www.violencequefaire.ch\\\/es\\\/tests\\\/\"]}]},{\"@type\":\"BreadcrumbList\",\"@id\":\"https:\\\/\\\/www.violencequefaire.ch\\\/es\\\/tests\\\/#breadcrumb\",\"itemListElement\":[{\"@type\":\"ListItem\",\"position\":1,\"name\":\"Inicio\",\"item\":\"https:\\\/\\\/www.violencequefaire.ch\\\/es\\\/\"},{\"@type\":\"ListItem\",\"position\":2,\"name\":\"Tests\"}]},{\"@type\":\"WebSite\",\"@id\":\"https:\\\/\\\/www.violencequefaire.ch\\\/es\\\/#website\",\"url\":\"https:\\\/\\\/www.violencequefaire.ch\\\/es\\\/\",\"name\":\"Violence que faire\",\"description\":\"Des sp\u00e9cialistes r\u00e9pondent personnellement \u00e0 vos questions anonymes sur la violence au sein du couple.\",\"publisher\":{\"@id\":\"https:\\\/\\\/www.violencequefaire.ch\\\/es\\\/#organization\"},\"alternateName\":\"Violenza Cosa Fare\",\"potentialAction\":[{\"@type\":\"SearchAction\",\"target\":{\"@type\":\"EntryPoint\",\"urlTemplate\":\"https:\\\/\\\/www.violencequefaire.ch\\\/es\\\/?s={search_term_string}\"},\"query-input\":{\"@type\":\"PropertyValueSpecification\",\"valueRequired\":true,\"valueName\":\"search_term_string\"}}],\"inLanguage\":\"es\"},{\"@type\":\"Organization\",\"@id\":\"https:\\\/\\\/www.violencequefaire.ch\\\/es\\\/#organization\",\"name\":\"Violence que faire ?\",\"url\":\"https:\\\/\\\/www.violencequefaire.ch\\\/es\\\/\",\"logo\":{\"@type\":\"ImageObject\",\"inLanguage\":\"es\",\"@id\":\"https:\\\/\\\/www.violencequefaire.ch\\\/es\\\/#\\\/schema\\\/logo\\\/image\\\/\",\"url\":\"https:\\\/\\\/www.violencequefaire.ch\\\/wp-content\\\/uploads\\\/2022\\\/04\\\/VQF_LOGO_neutre.jpg\",\"contentUrl\":\"https:\\\/\\\/www.violencequefaire.ch\\\/wp-content\\\/uploads\\\/2022\\\/04\\\/VQF_LOGO_neutre.jpg\",\"width\":253,\"height\":376,\"caption\":\"Violence que faire ?\"},\"image\":{\"@id\":\"https:\\\/\\\/www.violencequefaire.ch\\\/es\\\/#\\\/schema\\\/logo\\\/image\\\/\"}}]}<\/script>\n<!-- \/ Yoast SEO plugin. -->","yoast_head_json":{"title":"Tests &#8226; Violence que faire ?","description":"Victime, auteur ou t\u00e9moin de violence, vous n'\u00eates pas s\u00fbr? Tu es jeune et tu te poses des questions? Testez vous avec nos diff\u00e9rents tests.","robots":{"index":"index","follow":"follow","max-snippet":"max-snippet:-1","max-image-preview":"max-image-preview:large","max-video-preview":"max-video-preview:-1"},"canonical":"https:\/\/www.violencequefaire.ch\/es\/tests\/","og_locale":"es_ES","og_type":"article","og_title":"Tests &#8226; Violence que faire ?","og_description":"Victime, auteur ou t\u00e9moin de violence, vous n'\u00eates pas s\u00fbr? Tu es jeune et tu te poses des questions? Testez vous avec nos diff\u00e9rents tests.","og_url":"https:\/\/www.violencequefaire.ch\/es\/tests\/","og_site_name":"Violence que faire ?","article_modified_time":"2025-09-16T16:05:19+00:00","twitter_card":"summary_large_image","twitter_misc":{"Tiempo de lectura":"1 minuto"},"schema":{"@context":"https:\/\/schema.org","@graph":[{"@type":"WebPage","@id":"https:\/\/www.violencequefaire.ch\/es\/tests\/","url":"https:\/\/www.violencequefaire.ch\/es\/tests\/","name":"Tests &#8226; Violence que faire ?","isPartOf":{"@id":"https:\/\/www.violencequefaire.ch\/es\/#website"},"datePublished":"2024-09-23T11:17:21+00:00","dateModified":"2025-09-16T16:05:19+00:00","description":"Victime, auteur ou t\u00e9moin de violence, vous n'\u00eates pas s\u00fbr? Tu es jeune et tu te poses des questions? Testez vous avec nos diff\u00e9rents tests.","breadcrumb":{"@id":"https:\/\/www.violencequefaire.ch\/es\/tests\/#breadcrumb"},"inLanguage":"es","potentialAction":[{"@type":"ReadAction","target":["https:\/\/www.violencequefaire.ch\/es\/tests\/"]}]},{"@type":"BreadcrumbList","@id":"https:\/\/www.violencequefaire.ch\/es\/tests\/#breadcrumb","itemListElement":[{"@type":"ListItem","position":1,"name":"Inicio","item":"https:\/\/www.violencequefaire.ch\/es\/"},{"@type":"ListItem","position":2,"name":"Tests"}]},{"@type":"WebSite","@id":"https:\/\/www.violencequefaire.ch\/es\/#website","url":"https:\/\/www.violencequefaire.ch\/es\/","name":"Violence que faire","description":"Des sp\u00e9cialistes r\u00e9pondent personnellement \u00e0 vos questions anonymes sur la violence au sein du couple.","publisher":{"@id":"https:\/\/www.violencequefaire.ch\/es\/#organization"},"alternateName":"Violenza Cosa Fare","potentialAction":[{"@type":"SearchAction","target":{"@type":"EntryPoint","urlTemplate":"https:\/\/www.violencequefaire.ch\/es\/?s={search_term_string}"},"query-input":{"@type":"PropertyValueSpecification","valueRequired":true,"valueName":"search_term_string"}}],"inLanguage":"es"},{"@type":"Organization","@id":"https:\/\/www.violencequefaire.ch\/es\/#organization","name":"Violence que faire ?","url":"https:\/\/www.violencequefaire.ch\/es\/","logo":{"@type":"ImageObject","inLanguage":"es","@id":"https:\/\/www.violencequefaire.ch\/es\/#\/schema\/logo\/image\/","url":"https:\/\/www.violencequefaire.ch\/wp-content\/uploads\/2022\/04\/VQF_LOGO_neutre.jpg","contentUrl":"https:\/\/www.violencequefaire.ch\/wp-content\/uploads\/2022\/04\/VQF_LOGO_neutre.jpg","width":253,"height":376,"caption":"Violence que faire ?"},"image":{"@id":"https:\/\/www.violencequefaire.ch\/es\/#\/schema\/logo\/image\/"}}]}},"_links":{"self":[{"href":"https:\/\/www.violencequefaire.ch\/es\/wp-json\/wp\/v2\/pages\/11369","targetHints":{"allow":["GET"]}}],"collection":[{"href":"https:\/\/www.violencequefaire.ch\/es\/wp-json\/wp\/v2\/pages"}],"about":[{"href":"https:\/\/www.violencequefaire.ch\/es\/wp-json\/wp\/v2\/types\/page"}],"author":[{"embeddable":true,"href":"https:\/\/www.violencequefaire.ch\/es\/wp-json\/wp\/v2\/users\/16"}],"replies":[{"embeddable":true,"href":"https:\/\/www.violencequefaire.ch\/es\/wp-json\/wp\/v2\/comments?post=11369"}],"version-history":[{"count":11,"href":"https:\/\/www.violencequefaire.ch\/es\/wp-json\/wp\/v2\/pages\/11369\/revisions"}],"predecessor-version":[{"id":11486,"href":"https:\/\/www.violencequefaire.ch\/es\/wp-json\/wp\/v2\/pages\/11369\/revisions\/11486"}],"wp:attachment":[{"href":"https:\/\/www.violencequefaire.ch\/es\/wp-json\/wp\/v2\/media?parent=11369"}],"curies":[{"name":"wp","href":"https:\/\/api.w.org\/{rel}","templated":true}]}}