{"id":11147,"date":"2022-03-25T13:32:07","date_gmt":"2022-03-25T12:32:07","guid":{"rendered":"https:\/\/www.violencequefaire.ch\/a-propos-2\/"},"modified":"2025-10-29T09:23:35","modified_gmt":"2025-10-29T08:23:35","slug":"acerca-de-la-asociacion","status":"publish","type":"page","link":"https:\/\/www.violencequefaire.ch\/es\/acerca-de-la-asociacion\/","title":{"rendered":"Acerca de la asociaci\u00f3n"},"content":{"rendered":"<div class=\"wpb-content-wrapper\"><p>[vc_row][vc_column]<section class='vqf_section_block'><div class='vqf_container'><div class='vqf_row'><div class='vqf_full_col'><h2>\u00bfQui\u00e9nes somos?<\/h2><div class='vqf_fixed_width_text'>VIOLENCE QUE FAIRE es una asociaci\u00f3n de la Suiza franc\u00f3fona sin \u00e1nimo de lucro reconocida como entidad de utilidad p\u00fablica. La asociaci\u00f3n trabaja con todas las personas que viven en Suiza y que se ven involucradas en situaciones de violencia de pareja, ya sea porque la sufren o porque la ejercen, o porque son personas conocidas o de su c\u00edrculo de contactos (familiares o profesionales) o testigos, independientemente de su edad, nacionalidad, situaci\u00f3n econ\u00f3mica y estatus migratorio, orientaci\u00f3n sexual e identidad de g\u00e9nero.<\/p>\n<p>A trav\u00e9s de la p\u00e1gina violencequefaire.ch, la asociaci\u00f3n ofrece una plataforma repleta de informaci\u00f3n destinada a ayudar, orientar y animar a todas las personas involucradas en situaciones de violencia de pareja para que puedan romper el silencio. Esta informaci\u00f3n tambi\u00e9n es de gran utilidad para las personas que, profesionalmente, est\u00e1n en contacto con personas involucradas.<br \/>\nLa p\u00e1gina web ofrece un servicio de asesoramiento en l\u00ednea profesional, an\u00f3nimo, personalizado y gratuito, que responde en un plazo de tres d\u00edas laborables.<\/p>\n<p>Este servicio est\u00e1 garantizado por profesionales de algunas instituciones asociadas: Solidarit\u00e9 Femmes Bienne (BE), Solidarit\u00e9 Femmes \u2013 Centre LAVI FR (FR), EX-pression (FR), Point du Jour (VS), Centre d&#8217;accueil MalleyPrairie (VD), Centre Pr\u00e9vention de l&#8217;Ale (VD), Centre LAVI VD (VD), Service d&#8217;aide aux victimes \u2013 Centre LAVI y Solidarit\u00e9 Femmes (NE), Fondation l&#8217;EssentiElles (VS). Una persona profesional especializada, contratada por la Asociaci\u00f3n, trabaja para reforzar el equipo.<\/div><\/div><\/div><\/div><\/section>[\/vc_column][\/vc_row][vc_row][vc_column]<section class='vqf_section_block block_background'><div class='vqf_container'><div class='vqf_row'><div class='vqf_full_col'><h2>Historia<\/h2><div class='vqf_fixed_width_text'>Tres instituciones del cant\u00f3n de Vaud activas en el \u00e1mbito de la violencia de pareja decidieron unirse en 2006 para crear la asociaci\u00f3n suiza romanda Vivre sans Violence. La asociaci\u00f3n, formada por el centro de acogida MalleyPrairie (CMP), la Oficina para la Igualdad de G\u00e9nero del Cant\u00f3n de Vaud y el servicio ViFa, comenz\u00f3 a gestionar dos sitios web: violencequefaire para personas adultas y comeva para j\u00f3venes.<\/p>\n<p>En 2016, para simplificar su comunicaci\u00f3n, la asociaci\u00f3n Vivre sans Violence pas\u00f3 a llamarse VIOLENCE QUE FAIRE (VIOLENCIA QU\u00c9 HACER) y las dos p\u00e1ginas web se fusionaron en una sola.<\/p>\n<p>Organizaci\u00f3n<\/p>\n<p>El equipo de VIOLENCE QUE FAIRE informa, aconseja y ofrece apoyo a todas las personas afectadas por situaciones de violencia de pareja.<br \/>\nDocumentos<\/p>\n<p>Aqu\u00ed encontrar\u00e1 los informes de actividad de VIOLENCE QUE FAIRE y su revista de prensa anual.<\/p>\n<p>Ap\u00f3yanos<\/p>\n<p>Da m\u00e1s peso a la lucha contra la violencia de pareja. Puedes unirte a la asociaci\u00f3n o hacer una donaci\u00f3n para apoyar nuestros proyectos.<\/div><\/div><\/div><\/div><\/section>[\/vc_column][\/vc_row][vc_row][vc_column]<section class='vqf_section_block'><div class='vqf_container'><div class='vqf_row'><div class='vqf_full_col'><div class='vqf_intra_links_block'><div class='inner_row'><div class='intra_link_col'><div class='intra_link_item'><a href='https:\/\/www.violencequefaire.ch\/equipe-vqf\/' aria-label='Organisation '><\/a><div class='intra_item_inner'><div class='intra_body'><span class='intra_title'>Organisation <\/span><p class='intra_info'>L'\u00e9quipe de VIOLENCE QUE FAIRE informe, conseille et offre un soutien \u00e0 toutes les personnes concern\u00e9es par la violence au sein du couple. <\/p><\/div><div class='intra_footer'><img src='https:\/\/www.violencequefaire.ch\/wp-content\/themes\/vqf\/assets\/img\/icons\/arrow_black.svg' alt=''><\/div><\/div><\/div><\/div><div class='intra_link_col'><div class='intra_link_item'><a href='https:\/\/www.violencequefaire.ch\/medias\/' aria-label='Documents '><\/a><div class='intra_item_inner'><div class='intra_body'><span class='intra_title'>Documents <\/span><p class='intra_info'>Retrouvez les rapports d'activit\u00e9s de VIOLENCE QUE FAIRE ainsi que sa revue de presse annuelle. <\/p><\/div><div class='intra_footer'><img src='https:\/\/www.violencequefaire.ch\/wp-content\/themes\/vqf\/assets\/img\/icons\/arrow_black.svg' alt=''><\/div><\/div><\/div><\/div><div class='intra_link_col'><div class='intra_link_item'><a href='https:\/\/www.violencequefaire.ch\/es\/apoyanos\/' aria-label='Nous soutenir '><\/a><div class='intra_item_inner'><div class='intra_body'><span class='intra_title'>Nous soutenir <\/span><p class='intra_info'>Donnez du poids \u00e0 la lutte contre les violences dans les relations de couple. Vous pouvez devenir membre ou faire un don afin de soutenir l'association dans ses projets. <\/p><\/div><div class='intra_footer'><img src='https:\/\/www.violencequefaire.ch\/wp-content\/themes\/vqf\/assets\/img\/icons\/arrow_black.svg' alt=''><\/div><\/div><\/div><\/div><\/div><\/div><\/div><\/div><\/div><\/section>[\/vc_column][\/vc_row][vc_row][vc_column]<section class='vqf_section_block'><div class='vqf_container'><div class='vqf_row'><div class='vqf_full_col'><h2>Misi\u00f3n<\/h2><div class='vqf_fixed_width_text'><\/p>\n<ul>\n<li>Informar, asesorar y prevenir la violencia de pareja y ofrecer apoyo a todas las personas involucradas. Animar a reaccionar y romper el silencio.<\/li>\n<li>Colaborar e interactuar con las diferentes instituciones activas en el \u00e1mbito de la violencia de pareja en la Suiza franc\u00f3fona en una visi\u00f3n pol\u00edtica coordinada e integrada.<\/li>\n<\/ul>\n<p><\/div><\/div><\/div><\/div><\/section>[\/vc_column][\/vc_row][vc_row][vc_column]<section class='vqf_section_block text_n_media_block block_background'><div class='vqf_container'><div class='vqf_row'><div class='vqf_full_col'><h2>Actividades<\/h2><\/div><div><div class='vqf_fixed_width_text'><\/div><\/div><\/div><div class='vqf_accordion_block'><div class='accordion_item'><div class='accordion_header'><span class='title'>Informaci\u00f3n en l\u00ednea<\/span><\/div><div class='accordion_body'><div class='acc_body_inner'><div class='vqf_fixed_width_text'><p>Se ofrece informaci\u00f3n en l\u00ednea en la web http:\/\/www.violencequefaire.ch\/es para todas las personas afectadas por la violencia de pareja. El objetivo es facilitar la toma de conciencia, animar a reaccionar y a ponerse en contacto para iniciar un procedimiento en las instituciones especializadas de la Suiza italiana y francesa.<br \/>\n<\/p><\/div><\/div><\/div><\/div><div class='accordion_item'><div class='accordion_header'><span class='title'>Consejos en l\u00ednea<\/span><\/div><div class='accordion_body'><div class='acc_body_inner'><div class='vqf_fixed_width_text'><p>Consejos y sugerencias f\u00e1cilmente accesibles para quienes sufren o ejercen violencia, pero tambi\u00e9n para las personas cercanas. Existe la posibilidad de hacer preguntas de forma totalmente an\u00f3nima sobre situaciones de violencia de pareja. Respondemos de manera personalizada en poco tiempo. Con el consentimiento de la persona usuaria, la pregunta y la respuesta pueden publicarse de forma confidencial y an\u00f3nima.<\/p><\/div><\/div><\/div><\/div><div class='accordion_item'><div class='accordion_header'><span class='title'>Prevenci\u00f3n<\/span><\/div><div class='accordion_body'><div class='acc_body_inner'><div class='vqf_fixed_width_text'><p>Se organizan actividades para promover las iniciativas de la asociaci\u00f3n y sensibilizar al p\u00fablico en general, a las organizaciones activas sobre el terreno y a las instancias pol\u00edticas sobre esta problem\u00e1tica.<br \/>\n<\/p><\/div><\/div><\/div><\/div><div class='accordion_item'><div class='accordion_header'><span class='title'>Trabajo en red<\/span><\/div><div class='accordion_body'><div class='acc_body_inner'><div class='vqf_fixed_width_text'><p>Promoci\u00f3n del intercambio y la colaboraci\u00f3n entre las instituciones de los cantones de la Suiza franc\u00f3fona, trabajo en red a nivel federal como, por ejemplo, en la \u00abRed del Convenio de Estambul\u00bb y para la campa\u00f1a de los \u00ab16 d\u00edas contra la violencia de g\u00e9nero\u00bb, y b\u00fasqueda de nuevas colaboraciones e intercambios en la Suiza italiana.<\/p><\/div><\/div><\/div><\/div><\/div><\/div><\/section>[\/vc_column][\/vc_row][vc_row][vc_column]<section class='vqf_section_block text_n_media_block'><div class='vqf_container'><div class='vqf_row'><div class='vqf_full_col'><h2>Valores<\/h2><\/div><div><div class='vqf_fixed_width_text'><\/div><\/div><\/div><div class='vqf_accordion_block'><div class='accordion_item'><div class='accordion_header'><span class='title'>Respeto, igualdad e integridad en las relaciones de pareja.<\/span><\/div><div class='accordion_body'><div class='acc_body_inner'><div class='vqf_fixed_width_text'><p>Ya sea a nivel psicol\u00f3gico, f\u00edsico, sexual o econ\u00f3mico.<\/p><\/div><\/div><\/div><\/div><div class='accordion_item'><div class='accordion_header'><span class='title'>Fomento de comportamientos responsables.<\/span><\/div><div class='accordion_body'><div class='acc_body_inner'><div class='vqf_fixed_width_text'><p>En conformidad con el marco legal suizo de las personas involucradas en situaciones de violencia de pareja, especialmente en lo que respecta a los\/as menores que las viven.<br \/>\n<\/p><\/div><\/div><\/div><\/div><div class='accordion_item'><div class='accordion_header'><span class='title'>Enfoque integrado.<\/span><\/div><div class='accordion_body'><div class='acc_body_inner'><div class='vqf_fixed_width_text'><p>Reconocimiento de la necesidad y pertinencia de un enfoque integrado. La violencia de pareja y sus consecuencias no pueden ser abordadas y gestionadas por una sola instancia. Por un lado, porque tanto la persona que es v\u00edctima como la que ejerce la violencia est\u00e1n involucradas. Pero a menudo tambi\u00e9n hay menores, ni\u00f1os\/as o adolescentes que viven esas situaciones y sufren un impacto directo. Por otro lado, las necesidades son m\u00faltiples (protecci\u00f3n, salud, alojamiento, apoyo psicol\u00f3gico, financiero, etc.). Un enfoque integrado permite a las diferentes entidades activas en esta compleja problem\u00e1tica reflexionar conjuntamente sobre las colaboraciones interinstitucionales y las posibles v\u00edas de acci\u00f3n para todas las personas involucradas (v\u00edctimas y personas que sufren o ejercen violencia, conocidos y testigos de violencia de pareja).<br \/>\n<\/p><\/div><\/div><\/div><\/div><div class='accordion_item'><div class='accordion_header'><span class='title'>Independencia y neutralidad<\/span><\/div><div class='accordion_body'><div class='acc_body_inner'><div class='vqf_fixed_width_text'><p>VIOLENCE QUE FAIRE es una asociaci\u00f3n sin \u00e1nimo de lucro, neutral desde el punto de vista pol\u00edtico y religioso, es decir, apartidista y aconfesional.<br \/>\n<\/p><\/div><\/div><\/div><\/div><div class='accordion_item'><div class='accordion_header'><span class='title'>Profesionalidad<\/span><\/div><div class='accordion_body'><div class='acc_body_inner'><div class='vqf_fixed_width_text'><p>Tratamiento de las preguntas formuladas por los\/as internautas y por quienes navegan por la web, con respuestas de personas especializadas y profesionales en el \u00e1mbito de la violencia de pareja.<br \/>\n<\/p><\/div><\/div><\/div><\/div><div class='accordion_item'><div class='accordion_header'><span class='title'>Garant\u00eda de anonimato<\/span><\/div><div class='accordion_body'><div class='acc_body_inner'><div class='vqf_fixed_width_text'><p>Para cualquier persona que utilice el servicio de asesoramiento en l\u00ednea www.violencequefaire.ch<\/p><\/div><\/div><\/div><\/div><\/div><\/div><\/section>[\/vc_column][\/vc_row][vc_row][vc_column]<section class='vqf_section_block text_n_media_block'><div class='vqf_container'><div class='vqf_row'><div class='vqf_full_col'><h2>Estatutos<\/h2><\/div><div><div class='vqf_fixed_width_text'><p>Pre\u00e1mbulo<br \/><br \/>\nEn 2006, tres organizaciones del cant\u00f3n de Vaud activas en la prevenci\u00f3n de la violencia de pareja (el centro de acogida MalleyPrairie &#8211; CMP, la Oficina para la Igualdad de G\u00e9nero del Cant\u00f3n de Vaud y el servicio ViFa) crearon la asociaci\u00f3n Vivre sans Violence. En 2016, la asociaci\u00f3n pas\u00f3 a llamarse VIOLENCE QUE FAIRE (VIOLENCIA QU\u00c9 HACER). La misi\u00f3n de la asociaci\u00f3n es prevenir la violencia en las relaciones de pareja. Y por violencia de pareja se entiende cualquier forma de violencia (psicol\u00f3gica, f\u00edsica, sexual o econ\u00f3mica) que se ejerza dentro de una relaci\u00f3n de pareja.<br \/><br \/>\nLa asociaci\u00f3n constituye un organismo complementario a las diversas organizaciones de la Suiza franc\u00f3fona activas en este \u00e1mbito y representa un espacio de intercambio entre ellas. Para ello, gestiona una p\u00e1gina web que ofrece informaci\u00f3n y consejos dirigidos a todas las personas involucradas en situaciones de violencia de pareja. La p\u00e1gina tambi\u00e9n incluye un servicio interactivo novedoso, pionero en el \u00e1rea franc\u00f3fona, que permite a cualquier internauta hacer preguntas de forma an\u00f3nima y obtener respuestas personalizadas de personas especializadas en el tema en cuesti\u00f3n.<br \/><br \/>\nLa asociaci\u00f3n trabaja en colaboraci\u00f3n con organizaciones p\u00fablicas y privadas.<\/p><br \/>\n<p><\/p><\/div><\/div><\/div><div class='vqf_accordion_block'><div class='accordion_item'><div class='accordion_header'><span class='title'>1. Nombre y sede<\/span><\/div><div class='accordion_body'><div class='acc_body_inner'><div class='vqf_fixed_width_text'><p>Con el nombre de Asociaci\u00f3n VIOLENCE QUE FAIRE (VIOLENCIA QU\u00c9 HACER) (en adelante, \u00abla asociaci\u00f3n\u00bb), se constituye una asociaci\u00f3n de duraci\u00f3n ilimitada, independiente de cualquier afiliaci\u00f3n pol\u00edtica, religiosa o filos\u00f3fica, y sin \u00e1nimo de lucro, regida por los presentes Estatutos y por los art\u00edculos 60 y siguientes del C\u00f3digo Civil. La sede de la asociaci\u00f3n se encuentra en la direcci\u00f3n de la secretar\u00eda.<\/p><\/div><\/div><\/div><\/div><div class='accordion_item'><div class='accordion_header'><span class='title'>2. Misi\u00f3n<\/span><\/div><div class='accordion_body'><div class='acc_body_inner'><div class='vqf_fixed_width_text'><p>La principal misi\u00f3n de la asociaci\u00f3n es informar y prevenir sobre la violencia de pareja, as\u00ed como apoyar a las personas afectadas. La asociaci\u00f3n promueve el intercambio y la colaboraci\u00f3n entre las instituciones de la Suiza franc\u00f3fona que trabajan en el \u00e1mbito de la violencia de pareja. Para lograr estos objetivos, la asociaci\u00f3n garantiza el desarrollo, la actualizaci\u00f3n y la promoci\u00f3n de la p\u00e1gina web www.violencequefaire.ch, dirigido a adultos y j\u00f3venes. Este sitio ofrece informaci\u00f3n a todas las personas afectadas por este asunto. Adem\u00e1s, ofrece apoyo y asesoramiento a las personas que sufren o ejercen violencia, as\u00ed como a las cercanas y testigos, a trav\u00e9s de un servicio de respuesta en l\u00ednea.<\/p><\/div><\/div><\/div><\/div><div class='accordion_item'><div class='accordion_header'><span class='title'>3. Servicio de asesoramiento<\/span><\/div><div class='accordion_body'><div class='acc_body_inner'><div class='vqf_fixed_width_text'><p>Gracias al servicio de asesoramiento en Internet, la asociaci\u00f3n ofrece a cualquier internauta una primera posibilidad de contacto para favorecer la toma de conciencia y fomentar, si fuera necesario, un procedimiento posterior en las instituciones especializadas de los cantones de la Suiza franc\u00f3fona. El servicio de asesoramiento permite a las personas que han sufrido y a las que han ejercido violencia, as\u00ed como a las personas de su entorno, plantear preguntas sobre situaciones de violencia de pareja a personas especializadas. Se te formular\u00e1 una respuesta personalizada en un plazo breve, y este servicio garantiza la confidencialidad y el anonimato. La asesor\u00eda est\u00e1 a cargo de profesionales especialistas en la violencia de pareja. La Asociaci\u00f3n forma a estas personas espec\u00edficamente en las particularidades de la asesor\u00eda en l\u00ednea.<\/p><\/div><\/div><\/div><\/div><div class='accordion_item'><div class='accordion_header'><span class='title'>4. Personas y organizaciones asociadas<\/span><\/div><div class='accordion_body'><div class='acc_body_inner'><div class='vqf_fixed_width_text'><p>Se puede afiliar a la Asociaci\u00f3n de forma individual (personas asociadas) y colectiva (organizaciones asociadas). Puede afiliarse de forma individual cualquier persona interesada en la problem\u00e1tica de la violencia de pareja, a excepci\u00f3n de las personas que trabajan con un contrato para la Asociaci\u00f3n. Toda organizaci\u00f3n privada o p\u00fablica activa en el \u00e1mbito de la violencia de pareja o interesada en el tema puede asociarse mediante adhesi\u00f3n colectiva. La admisi\u00f3n y exclusi\u00f3n de personas y organizaciones asociadas es competencia del comit\u00e9. La renuncia a la Asociaci\u00f3n debe ser anunciada al comit\u00e9 con dos meses de antelaci\u00f3n.<br \/>\n<\/p><\/div><\/div><\/div><\/div><div class='accordion_item'><div class='accordion_header'><span class='title'>5. Recursos<\/span><\/div><div class='accordion_body'><div class='acc_body_inner'><div class='vqf_fixed_width_text'><p>Los recursos de la asociaci\u00f3n provienen de las cuotas de las personas y organizaciones asociadas, de subvenciones, donaciones o legados, as\u00ed como de cualquier otro ingreso o contribuci\u00f3n. La asociaci\u00f3n responde de forma aut\u00f3noma de sus deudas, que est\u00e1n garantizadas por su capital social.<\/p><\/div><\/div><\/div><\/div><div class='accordion_item'><div class='accordion_header'><span class='title'>6. Cuotas<\/span><\/div><div class='accordion_body'><div class='acc_body_inner'><div class='vqf_fixed_width_text'><p>Las cuotas se perciben anualmente, su importe lo fija la asamblea general a propuesta del comit\u00e9. En caso de impago de la cuota anual durante dos a\u00f1os consecutivos, la persona asociada ser\u00e1 excluida de la Asociaci\u00f3n por decisi\u00f3n del comit\u00e9. El Comit\u00e9 tiene la facultad de eximir del pago de las cuotas a algunas organizaciones asociadas a trav\u00e9s de adhesiones colectivas, si prestan servicios en especie a la Asociaci\u00f3n, en particular si se encargan de una parte de la consulta en l\u00ednea.<br \/>\n<\/p><\/div><\/div><\/div><\/div><div class='accordion_item'><div class='accordion_header'><span class='title'>7. Estructura<\/span><\/div><div class='accordion_body'><div class='acc_body_inner'><div class='vqf_fixed_width_text'><p>Los \u00f3rganos de la Asociaci\u00f3n son: la Asamblea General y el comit\u00e9. Adem\u00e1s, la asociaci\u00f3n cuenta con una secretar\u00eda, encargada de su gesti\u00f3n administrativa.<\/p><\/div><\/div><\/div><\/div><div class='accordion_item'><div class='accordion_header'><span class='title'>8.  Asamblea general<\/span><\/div><div class='accordion_body'><div class='acc_body_inner'><div class='vqf_fixed_width_text'><p>a) Composici\u00f3n <br \/>\n<br \/>\nLa asamblea general es el \u00f3rgano supremo de la asociaci\u00f3n. Est\u00e1 compuesta por el conjunto de todas las personas y organizaciones asociadas.<br \/>\n<br \/>\nb) Convocatoria<br \/>\n<br \/>\nLa asamblea ordinaria es convocada por el comit\u00e9 una vez al a\u00f1o. Otras asambleas extraordinarias pueden ser convocadas en caso de necesidad por el comit\u00e9 o a petici\u00f3n de la mitad de las personas asociadas a trav\u00e9s de la adhesi\u00f3n individual, o de tres organizaciones asociadas. La convocatoria y el orden del d\u00eda deben enviarse con al menos tres semanas de antelaci\u00f3n.<br \/>\n<br \/>\nc) Competencias<br \/>\nLa Asamblea General tiene las siguientes competencias: <br \/>\n<br \/>\nDecidir sobre los objetivos que figuran en el orden del d\u00eda y sobre cualquier propuesta que llegue a la secretar\u00eda al menos 10 d\u00edas antes de la asamblea general;<br \/>\nAprobar las cuentas y los presupuestos;<br \/>\nDar de alta al comit\u00e9;<br \/>\nTomar nota de los informes de actividad;<br \/>\nElegir y revocar a los miembros del comit\u00e9 y de la presidencia de la asociaci\u00f3n;<br \/>\nFijar el importe de las cuotas;<br \/>\nDeterminar los objetivos anuales de la Asociaci\u00f3n;<br \/>\nModificar los estatutos de la Asociaci\u00f3n;<br \/>\nDisolver la Asociaci\u00f3n.<br \/>\n<br \/>\nd) Funcionamiento<br \/>\nCada organizaci\u00f3n asociada mediante adhesi\u00f3n colectiva dispone de cinco votos, atribuidos a la persona que la representa. Una persona no puede representar a m\u00e1s de una organizaci\u00f3n asociada. Cada persona asociada mediante adhesi\u00f3n individual dispone de un voto. Las votaciones se realizan a mano alzada. Las decisiones de la asamblea general se toman por mayor\u00eda simple de los votantes, excepto las que se refieren a modificaciones de los estatutos y a la disoluci\u00f3n de la asociaci\u00f3n, que requieren una mayor\u00eda de 2\/3. En caso de empate, la voz de la presidencia es decisiva. La secretar\u00eda participa en la asamblea general y puede expresarse tambi\u00e9n con voto consultivo. Las personas y organizaciones asociadas no pueden ejercer su derecho de voto en las decisiones que afecten a un tema de la asociaci\u00f3n en caso de que sean parte interesada.<\/p><\/div><\/div><\/div><\/div><div class='accordion_item'><div class='accordion_header'><span class='title'>9. Comit\u00e9<\/span><\/div><div class='accordion_body'><div class='acc_body_inner'><div class='vqf_fixed_width_text'><p>a) Composici\u00f3n<br \/>\n<br \/>\nEl comit\u00e9 est\u00e1 compuesto por cinco o diez personas como m\u00e1ximo, miembros de la asociaci\u00f3n, de las cuales una presidencia (\u00fanica o doble), y es elegido por la asamblea general. En la medida de lo posible, el comit\u00e9 est\u00e1 formado por profesionales que trabajan o est\u00e1n activos en las organizaciones que han fundado la asociaci\u00f3n. El comit\u00e9 nombra de entre sus miembros a una persona para la vicepresidencia y a una persona responsable de las cuentas. Las personas del comit\u00e9 ejercen su mandato de forma voluntaria. Los gastos pueden ser reembolsados.<br \/>\n<br \/>\nb) Competencias<br \/>\nEl comit\u00e9 es competente para todas las cuestiones que no est\u00e9n expl\u00edcitamente reservadas, por estatutos, a otro \u00f3rgano. En particular, tiene las siguientes competencias:<br \/>\nEstablecer los presupuestos y llevar las cuentas;<br \/>\nRealizar los objetivos anuales fijados por la asamblea general;<br \/>\nAdmitir y excluir a personas y organizaciones de la asociaci\u00f3n;<br \/>\nAdoptar los reglamentos necesarios para el funcionamiento de la asociaci\u00f3n;<br \/>\nConvocar la asamblea general y establecer el orden del d\u00eda;<br \/>\nCelebrar y rescindir contratos de trabajo, en particular para las personas responsables de la secretar\u00eda, y contratos de mandato para las personas u organizaciones responsables de la asesor\u00eda en l\u00ednea;<br \/>\nSupervisar la actividad de la secretar\u00eda; <br \/>\nApoyar a la secretar\u00eda en la b\u00fasqueda de fondos.<br \/>\n<br \/>\nc) Funcionamiento<br \/>\n<br \/>\nEl comit\u00e9 se re\u00fane siempre que sea necesario, pero al menos una vez por trimestre. La secretar\u00eda convoca al comit\u00e9 y fija el orden del d\u00eda con la presidencia. Las decisiones del comit\u00e9 se toman por mayor\u00eda simple de los votantes, excepto en el caso de las tomas de posici\u00f3n p\u00fablicas, las admisiones y exclusiones de personas y organizaciones asociadas, para las que se requiere una mayor\u00eda cualificada de 2\/3. En caso de empate, el voto de la presidencia de la reuni\u00f3n es decisivo. La secretar\u00eda participa en las reuniones del comit\u00e9 y puede expresarse tambi\u00e9n con voto consultivo. En caso de necesidad, se puede realizar una consulta por escrito a los miembros del comit\u00e9.<\/p><\/div><\/div><\/div><\/div><div class='accordion_item'><div class='accordion_header'><span class='title'>10. Coordinaci\u00f3n<\/span><\/div><div class='accordion_body'><div class='acc_body_inner'><div class='vqf_fixed_width_text'><p>La coordinaci\u00f3n tiene las siguientes responsabilidades:<br \/>\n<br \/>\n- Gesti\u00f3n administrativa de la asociaci\u00f3n;<br \/>\n- B\u00fasqueda de financiaci\u00f3n con el apoyo del comit\u00e9;<br \/>\n- Seguimiento de la gesti\u00f3n t\u00e9cnica del sitio y su desarrollo;<br \/>\n- Contactos con las organizaciones y entidades asociadas;<br \/>\n- Comunicaciones y relaciones p\u00fablicas;<br \/>\n- Dirigir y\/o participar en los diferentes grupos de trabajo establecidos;<br \/>\n- Desarrollo de la asociaci\u00f3n dentro de la red;<br \/>\n- Direcci\u00f3n del personal. Organizar y distribuir las tareas del personal contratado. El comit\u00e9 establece un pliego de condiciones;<br \/>\n- Cualquier otra tarea delegada por el comit\u00e9.<br \/>\n<br \/>\nLa persona que asume la funci\u00f3n de coordinaci\u00f3n no puede ser miembro de la asociaci\u00f3n.<\/p><\/div><\/div><\/div><\/div><div class='accordion_item'><div class='accordion_header'><span class='title'>11. Contabilidad<\/span><\/div><div class='accordion_body'><div class='acc_body_inner'><div class='vqf_fixed_width_text'><p>La asociaci\u00f3n lleva una contabilidad escrita, cuya verificaci\u00f3n est\u00e1 a cargo de un profesional reconocido como auditor experto por la Autoridad Federal de Supervisi\u00f3n en materia de auditor\u00edas.<\/p><\/div><\/div><\/div><\/div><div class='accordion_item'><div class='accordion_header'><span class='title'>12. Representaci\u00f3n de la asociaci\u00f3n<\/span><\/div><div class='accordion_body'><div class='acc_body_inner'><div class='vqf_fixed_width_text'><p>La asociaci\u00f3n est\u00e1 v\u00e1lidamente comprometida con terceros mediante una doble firma colectiva: la de la presidencia (y en caso de copresidencia basta con una sola firma) o la persona que, encargada de la vicepresidencia, por un lado, y la de un miembro del comit\u00e9 por otro.<\/p><\/div><\/div><\/div><\/div><div class='accordion_item'><div class='accordion_header'><span class='title'>13. Disoluci\u00f3n<\/span><\/div><div class='accordion_body'><div class='acc_body_inner'><div class='vqf_fixed_width_text'><p>La asociaci\u00f3n puede disolverse por decisi\u00f3n de una asamblea general extraordinaria convocada con 30 d\u00edas de antelaci\u00f3n, espec\u00edficamente con este prop\u00f3sito. Se requiere un cu\u00f3rum del 60 % de las personas y organizaciones asociadas para deliberar. La decisi\u00f3n de disoluci\u00f3n debe tomarse por mayor\u00eda cualificada de 2\/3 de los votos expresados presentes. En caso de disoluci\u00f3n y tras saldar todas las deudas, la asociaci\u00f3n transferir\u00e1 todos sus activos a una organizaci\u00f3n suiza con objetivos similares, respetando las disposiciones legales relativas a las subvenciones concedidas por las autoridades p\u00fablicas.<\/p><\/div><\/div><\/div><\/div><div class='accordion_item'><div class='accordion_header'><span class='title'>14. Entrada en vigor<\/span><\/div><div class='accordion_body'><div class='acc_body_inner'><div class='vqf_fixed_width_text'><p>Estos estatutos anulan y sustituyen a los estatutos adoptados por la Asamblea General Constitutiva del 19 de enero de 2006, modificados el 21 de junio de 2006, el 1 de octubre de 2009, el 23 de mayo de 2013, el 17 de febrero de 2016, el 15 de junio de 2017 y el 6 de junio de 2018. Estos estatutos entrar\u00e1n en vigor el 30 de mayo de 2021.<\/p><\/div><\/div><\/div><\/div><\/div><\/div><\/section>[\/vc_column][\/vc_row]<\/p>\n<\/div>","protected":false},"excerpt":{"rendered":"<p>[vc_row][vc_column][\/vc_column][\/vc_row][vc_row][vc_column][\/vc_column][\/vc_row][vc_row][vc_column][\/vc_column][\/vc_row][vc_row][vc_column][\/vc_column][\/vc_row][vc_row][vc_column][\/vc_column][\/vc_row][vc_row][vc_column][\/vc_column][\/vc_row][vc_row][vc_column][\/vc_column][\/vc_row]<\/p>\n","protected":false},"author":16,"featured_media":0,"parent":0,"menu_order":0,"comment_status":"closed","ping_status":"closed","template":"","meta":{"_acf_changed":false,"footnotes":""},"class_list":["post-11147","page","type-page","status-publish","hentry"],"acf":[],"yoast_head":"<!-- This site is optimized with the Yoast SEO plugin v27.3 - https:\/\/yoast.com\/product\/yoast-seo-wordpress\/ -->\n<title>Acerca de la asociaci\u00f3n &#8226; Violence que faire ?<\/title>\n<meta name=\"robots\" content=\"index, follow, max-snippet:-1, max-image-preview:large, max-video-preview:-1\" \/>\n<link rel=\"canonical\" href=\"https:\/\/www.violencequefaire.ch\/es\/acerca-de-la-asociacion\/\" \/>\n<meta property=\"og:locale\" content=\"es_ES\" \/>\n<meta property=\"og:type\" content=\"article\" \/>\n<meta property=\"og:title\" content=\"Acerca de la asociaci\u00f3n &#8226; Violence que faire ?\" \/>\n<meta property=\"og:description\" content=\"[vc_row][vc_column][\/vc_column][\/vc_row][vc_row][vc_column][\/vc_column][\/vc_row][vc_row][vc_column][\/vc_column][\/vc_row][vc_row][vc_column][\/vc_column][\/vc_row][vc_row][vc_column][\/vc_column][\/vc_row][vc_row][vc_column][\/vc_column][\/vc_row][vc_row][vc_column][\/vc_column][\/vc_row]\" \/>\n<meta property=\"og:url\" content=\"https:\/\/www.violencequefaire.ch\/es\/acerca-de-la-asociacion\/\" \/>\n<meta property=\"og:site_name\" content=\"Violence que faire ?\" \/>\n<meta property=\"article:modified_time\" content=\"2025-10-29T08:23:35+00:00\" \/>\n<meta name=\"twitter:card\" content=\"summary_large_image\" \/>\n<meta name=\"twitter:label1\" content=\"Tiempo de lectura\" \/>\n\t<meta name=\"twitter:data1\" content=\"3 minutos\" \/>\n<script type=\"application\/ld+json\" class=\"yoast-schema-graph\">{\"@context\":\"https:\\\/\\\/schema.org\",\"@graph\":[{\"@type\":\"WebPage\",\"@id\":\"https:\\\/\\\/www.violencequefaire.ch\\\/es\\\/acerca-de-la-asociacion\\\/\",\"url\":\"https:\\\/\\\/www.violencequefaire.ch\\\/es\\\/acerca-de-la-asociacion\\\/\",\"name\":\"Acerca de la asociaci\u00f3n &#8226; Violence que faire ?\",\"isPartOf\":{\"@id\":\"https:\\\/\\\/www.violencequefaire.ch\\\/es\\\/#website\"},\"datePublished\":\"2022-03-25T12:32:07+00:00\",\"dateModified\":\"2025-10-29T08:23:35+00:00\",\"breadcrumb\":{\"@id\":\"https:\\\/\\\/www.violencequefaire.ch\\\/es\\\/acerca-de-la-asociacion\\\/#breadcrumb\"},\"inLanguage\":\"es\",\"potentialAction\":[{\"@type\":\"ReadAction\",\"target\":[\"https:\\\/\\\/www.violencequefaire.ch\\\/es\\\/acerca-de-la-asociacion\\\/\"]}]},{\"@type\":\"BreadcrumbList\",\"@id\":\"https:\\\/\\\/www.violencequefaire.ch\\\/es\\\/acerca-de-la-asociacion\\\/#breadcrumb\",\"itemListElement\":[{\"@type\":\"ListItem\",\"position\":1,\"name\":\"Inicio\",\"item\":\"https:\\\/\\\/www.violencequefaire.ch\\\/es\\\/\"},{\"@type\":\"ListItem\",\"position\":2,\"name\":\"Acerca de la asociaci\u00f3n\"}]},{\"@type\":\"WebSite\",\"@id\":\"https:\\\/\\\/www.violencequefaire.ch\\\/es\\\/#website\",\"url\":\"https:\\\/\\\/www.violencequefaire.ch\\\/es\\\/\",\"name\":\"Violence que faire\",\"description\":\"Des sp\u00e9cialistes r\u00e9pondent personnellement \u00e0 vos questions anonymes sur la violence au sein du couple.\",\"publisher\":{\"@id\":\"https:\\\/\\\/www.violencequefaire.ch\\\/es\\\/#organization\"},\"alternateName\":\"Violenza Cosa Fare\",\"potentialAction\":[{\"@type\":\"SearchAction\",\"target\":{\"@type\":\"EntryPoint\",\"urlTemplate\":\"https:\\\/\\\/www.violencequefaire.ch\\\/es\\\/?s={search_term_string}\"},\"query-input\":{\"@type\":\"PropertyValueSpecification\",\"valueRequired\":true,\"valueName\":\"search_term_string\"}}],\"inLanguage\":\"es\"},{\"@type\":\"Organization\",\"@id\":\"https:\\\/\\\/www.violencequefaire.ch\\\/es\\\/#organization\",\"name\":\"Violence que faire ?\",\"url\":\"https:\\\/\\\/www.violencequefaire.ch\\\/es\\\/\",\"logo\":{\"@type\":\"ImageObject\",\"inLanguage\":\"es\",\"@id\":\"https:\\\/\\\/www.violencequefaire.ch\\\/es\\\/#\\\/schema\\\/logo\\\/image\\\/\",\"url\":\"https:\\\/\\\/www.violencequefaire.ch\\\/wp-content\\\/uploads\\\/2022\\\/04\\\/VQF_LOGO_neutre.jpg\",\"contentUrl\":\"https:\\\/\\\/www.violencequefaire.ch\\\/wp-content\\\/uploads\\\/2022\\\/04\\\/VQF_LOGO_neutre.jpg\",\"width\":253,\"height\":376,\"caption\":\"Violence que faire ?\"},\"image\":{\"@id\":\"https:\\\/\\\/www.violencequefaire.ch\\\/es\\\/#\\\/schema\\\/logo\\\/image\\\/\"}}]}<\/script>\n<!-- \/ Yoast SEO plugin. -->","yoast_head_json":{"title":"Acerca de la asociaci\u00f3n &#8226; Violence que faire ?","robots":{"index":"index","follow":"follow","max-snippet":"max-snippet:-1","max-image-preview":"max-image-preview:large","max-video-preview":"max-video-preview:-1"},"canonical":"https:\/\/www.violencequefaire.ch\/es\/acerca-de-la-asociacion\/","og_locale":"es_ES","og_type":"article","og_title":"Acerca de la asociaci\u00f3n &#8226; Violence que faire ?","og_description":"[vc_row][vc_column][\/vc_column][\/vc_row][vc_row][vc_column][\/vc_column][\/vc_row][vc_row][vc_column][\/vc_column][\/vc_row][vc_row][vc_column][\/vc_column][\/vc_row][vc_row][vc_column][\/vc_column][\/vc_row][vc_row][vc_column][\/vc_column][\/vc_row][vc_row][vc_column][\/vc_column][\/vc_row]","og_url":"https:\/\/www.violencequefaire.ch\/es\/acerca-de-la-asociacion\/","og_site_name":"Violence que faire ?","article_modified_time":"2025-10-29T08:23:35+00:00","twitter_card":"summary_large_image","twitter_misc":{"Tiempo de lectura":"3 minutos"},"schema":{"@context":"https:\/\/schema.org","@graph":[{"@type":"WebPage","@id":"https:\/\/www.violencequefaire.ch\/es\/acerca-de-la-asociacion\/","url":"https:\/\/www.violencequefaire.ch\/es\/acerca-de-la-asociacion\/","name":"Acerca de la asociaci\u00f3n &#8226; Violence que faire ?","isPartOf":{"@id":"https:\/\/www.violencequefaire.ch\/es\/#website"},"datePublished":"2022-03-25T12:32:07+00:00","dateModified":"2025-10-29T08:23:35+00:00","breadcrumb":{"@id":"https:\/\/www.violencequefaire.ch\/es\/acerca-de-la-asociacion\/#breadcrumb"},"inLanguage":"es","potentialAction":[{"@type":"ReadAction","target":["https:\/\/www.violencequefaire.ch\/es\/acerca-de-la-asociacion\/"]}]},{"@type":"BreadcrumbList","@id":"https:\/\/www.violencequefaire.ch\/es\/acerca-de-la-asociacion\/#breadcrumb","itemListElement":[{"@type":"ListItem","position":1,"name":"Inicio","item":"https:\/\/www.violencequefaire.ch\/es\/"},{"@type":"ListItem","position":2,"name":"Acerca de la asociaci\u00f3n"}]},{"@type":"WebSite","@id":"https:\/\/www.violencequefaire.ch\/es\/#website","url":"https:\/\/www.violencequefaire.ch\/es\/","name":"Violence que faire","description":"Des sp\u00e9cialistes r\u00e9pondent personnellement \u00e0 vos questions anonymes sur la violence au sein du couple.","publisher":{"@id":"https:\/\/www.violencequefaire.ch\/es\/#organization"},"alternateName":"Violenza Cosa Fare","potentialAction":[{"@type":"SearchAction","target":{"@type":"EntryPoint","urlTemplate":"https:\/\/www.violencequefaire.ch\/es\/?s={search_term_string}"},"query-input":{"@type":"PropertyValueSpecification","valueRequired":true,"valueName":"search_term_string"}}],"inLanguage":"es"},{"@type":"Organization","@id":"https:\/\/www.violencequefaire.ch\/es\/#organization","name":"Violence que faire ?","url":"https:\/\/www.violencequefaire.ch\/es\/","logo":{"@type":"ImageObject","inLanguage":"es","@id":"https:\/\/www.violencequefaire.ch\/es\/#\/schema\/logo\/image\/","url":"https:\/\/www.violencequefaire.ch\/wp-content\/uploads\/2022\/04\/VQF_LOGO_neutre.jpg","contentUrl":"https:\/\/www.violencequefaire.ch\/wp-content\/uploads\/2022\/04\/VQF_LOGO_neutre.jpg","width":253,"height":376,"caption":"Violence que faire ?"},"image":{"@id":"https:\/\/www.violencequefaire.ch\/es\/#\/schema\/logo\/image\/"}}]}},"_links":{"self":[{"href":"https:\/\/www.violencequefaire.ch\/es\/wp-json\/wp\/v2\/pages\/11147","targetHints":{"allow":["GET"]}}],"collection":[{"href":"https:\/\/www.violencequefaire.ch\/es\/wp-json\/wp\/v2\/pages"}],"about":[{"href":"https:\/\/www.violencequefaire.ch\/es\/wp-json\/wp\/v2\/types\/page"}],"author":[{"embeddable":true,"href":"https:\/\/www.violencequefaire.ch\/es\/wp-json\/wp\/v2\/users\/16"}],"replies":[{"embeddable":true,"href":"https:\/\/www.violencequefaire.ch\/es\/wp-json\/wp\/v2\/comments?post=11147"}],"version-history":[{"count":6,"href":"https:\/\/www.violencequefaire.ch\/es\/wp-json\/wp\/v2\/pages\/11147\/revisions"}],"predecessor-version":[{"id":12048,"href":"https:\/\/www.violencequefaire.ch\/es\/wp-json\/wp\/v2\/pages\/11147\/revisions\/12048"}],"wp:attachment":[{"href":"https:\/\/www.violencequefaire.ch\/es\/wp-json\/wp\/v2\/media?parent=11147"}],"curies":[{"name":"wp","href":"https:\/\/api.w.org\/{rel}","templated":true}]}}