{"id":11142,"date":"2024-01-24T08:56:00","date_gmt":"2024-01-24T07:56:00","guid":{"rendered":"https:\/\/www.violencequefaire.ch\/nous-soutenir\/"},"modified":"2025-10-22T10:58:43","modified_gmt":"2025-10-22T08:58:43","slug":"apoyanos","status":"publish","type":"page","link":"https:\/\/www.violencequefaire.ch\/es\/apoyanos\/","title":{"rendered":"Ap\u00f3yanos"},"content":{"rendered":"<div class=\"wpb-content-wrapper\"><p>[vc_row][vc_column]<section class='vqf_section_block text_n_media_block'><div class='vqf_container'><div class='vqf_row'><div class='vqf_full_col'><h2>Hazte miembro<\/h2><\/div><div><div class='vqf_fixed_width_text'><p>Al afiliarte a la asociaci\u00f3n VIOLENCE QUE FAIRE, est\u00e1s apoyando los objetivos de la asociaci\u00f3n, animas al equipo a continuar con sus actividades y puedes comprometerte a su lado. Con tu apoyo, estar\u00e1s dando m\u00e1s peso a la lucha contra la violencia de pareja. Si te haces miembro, recibir\u00e1s los boletines de la asociaci\u00f3n que te informan principalmente sobre nuestras acciones y sobre la problem\u00e1tica de la violencia de pareja. Tambi\u00e9n podr\u00e1s intervenir en la asamblea general y participar en las decisiones importantes sobre la asociaci\u00f3n. \u00a1Gracias a tu adhesi\u00f3n nos ayudas a continuar nuestro compromiso sobre el terreno y a lanzar nuevos proyectos!<\/p><\/div><\/div><\/div><div class='vqf_accordion_block'><div class='accordion_item'><div class='accordion_header'><span class='title'>\u00bfPor qu\u00e9 hacerse miembro?<\/span><\/div><div class='accordion_body'><div class='acc_body_inner'><div class='vqf_fixed_width_text'><p>Al unirte a la asociaci\u00f3n VIOLENCE QUE FAIRE, apoyas los objetivos de la asociaci\u00f3n, animas al equipo a continuar con sus actividades y puedes comprometerse a su lado. Con tu apoyo, estar\u00e1s dando m\u00e1s peso a la lucha contra la violencia de pareja.<br \/>\n<br \/>\nSi te haces miembro, recibir\u00e1s los boletines de la Asociaci\u00f3n que te informan principalmente sobre nuestras acciones y sobre la problem\u00e1tica de la violencia de pareja. Tambi\u00e9n podr\u00e1s intervenir en la asamblea general y participar en las decisiones importantes sobre la asociaci\u00f3n.<br \/>\n<br \/>\n\u00a1Con tu adhesi\u00f3n, nos ayudas a continuar nuestro compromiso sobre el terreno y a lanzar nuevos proyectos!<br \/>\n<\/p><\/div><\/div><\/div><\/div><div class='accordion_item'><div class='accordion_header'><span class='title'>\u00bfC\u00f3mo hacerse miembro?<\/span><\/div><div class='accordion_body'><div class='acc_body_inner'><div class='vqf_fixed_width_text'><p>Si sientes que los problemas tratados por VIOLENCE QUE FAIRE te conciernen y quieres apoyarnos y unirte, puedes ponerte en contacto con la secretar\u00eda en el +41 (0)21 311 95 33 o escribir un correo electr\u00f3nico con tus datos de contacto a la direcci\u00f3n contact@violencequefaire.ch.<br \/>\nRecibir\u00e1s un bolet\u00edn de adhesi\u00f3n y documentaci\u00f3n sobre nuestra asociaci\u00f3n.<br \/>\nTambi\u00e9n puedes afiliarte directamente a trav\u00e9s del formulario en l\u00ednea que aparece a continuaci\u00f3n haciendo clic directamente en \u00abHazte miembro\u00bb.<br \/>\n<br \/>\nHay tres tipos de afiliaci\u00f3n:<br \/>\n<br \/>\nIndividual (cuota anual de 30 CHF)<br \/>\nPareja (cuota anual de 50 CHF)<br \/>\nColectiva* (cuota anual de 100 CHF)<br \/>\n* organizaciones privadas o p\u00fablicas<br \/>\n<br \/>\nTu afiliaci\u00f3n ser\u00e1 efectiva en cuanto recibas la confirmaci\u00f3n.<\/p><\/div><\/div><\/div><\/div><\/div><\/div><\/section>[\/vc_column][\/vc_row][vc_row][vc_column]<section class='vqf_section_block only_for_tab'><div class='vqf_container'><div class='vqf_row'><div class='vqf_full_col'><h2><\/h2><div class='vqf_tabs'><ul class='tab_btns'><li data-tab='tab_1' class='actv_tab'><span>Hacer una donaci\u00f3n<\/span><\/li><li data-tab='tab_2'><span>Hazte miembro<\/span><\/li><\/ul><\/div><\/div><\/div><\/div><\/section>[vc_row_inner el_id=\u00bbtab_1&#8243; el_class=\u00bbtab_container_item\u00bb][vc_column_inner]<section class='vqf_section_block text_n_media_block'><div class='vqf_container'><div class='vqf_row'><div class='vqf_full_col'><h2>Ay\u00fadanos a responder a las preguntas m\u00e1s urgentes<\/h2><\/div><div class='left_text_block'><div class='vqf_fixed_width_text'><p><\/p><br \/>\n<p>La Asociaci\u00f3n VIOLENCE QUE FAIRE gestiona de forma regular y diaria su servicio de asesoramiento online gratuito y an\u00f3nimo. Su objetivo es llegar y ayudar a un n\u00famero cada vez mayor de personas que viven situaciones de violencia de pareja. Para lograrlo, la asociaci\u00f3n presta gran atenci\u00f3n al desarrollo constante de su p\u00e1gina web para responder a las necesidades de las personas especialmente vulnerables ante la violencia de pareja.<\/p><br \/>\n<p><\/p><\/div><\/div><div class='right_media_block'><div class='media_box'><iframe width='560' height='315' src='https:\/\/www.youtube.com\/embed\/3rBkT0GTgVs' title='YouTube video player' frameborder='0' allow='accelerometer; autoplay; clipboard-write; encrypted-media; gyroscope; picture-in-picture; web-share' allowfullscreen><\/iframe><\/div><\/div><\/div><div class='vqf_accordion_block'><div class='accordion_item'><div class='accordion_header'><span class='title'>Hacer una donaci\u00f3n<\/span><\/div><div class='accordion_body'><div class='acc_body_inner'><div class='vqf_fixed_width_text'><p>Association Violence que faire<br \/>\nRue du Midi 8<br \/>\n1003 Lausana<br \/>\nCCP: 17-512222-3<br \/>\nIBAN: CH58 0900 0000 1751 2222 3<br \/>\n<\/p><\/div><\/div><\/div><\/div><div class='accordion_item'><div class='accordion_header'><span class='title'>Apoyo profesional y personalizado<\/span><\/div><div class='accordion_body'><div class='acc_body_inner'><div class='vqf_fixed_width_text'><p>Objetivo: Romper el silencio en torno a la violencia<br \/>\n<br \/>\nA menudo aisladas, con miedo y verg\u00fcenza, las personas v\u00edctimas de violencia de pareja pueden tener dificultades para expresar con palabras lo que est\u00e1n viviendo, para reconocerse como v\u00edctimas y para dar el paso hacia los servicios de ayuda especializados. Del mismo modo, es muy dif\u00edcil para las personas que ejercen violencia admitir sus actos y pedir ayuda. O para que las personas cercanas, que est\u00e1n al corriente de lo que sucede, sepan c\u00f3mo actuar en esta situaci\u00f3n.<br \/>\nSi no se hace nada para ponerle fin, los episodios de violencia tienden a ser m\u00e1s frecuentes y las agresiones m\u00e1s graves. Romper el silencio y el aislamiento es un primer paso indispensable para detener la din\u00e1mica de la violencia de pareja. Se trata, pues, de facilitar este primer paso para romper el silencio, para abordar la situaci\u00f3n lo antes posible. <br \/>\nAl ayudar a romper el silencio, el servicio de asesoramiento en l\u00ednea violencequefaire.ch permite anticipar y facilitar la gesti\u00f3n de las situaciones y el acompa\u00f1amiento de las personas. Y reducir de este modo las consecuencias de la violencia.<br \/>\n<br \/>\nCada d\u00eda, cerca de 300 personas visitan la p\u00e1gina web para encontrar informaci\u00f3n sobre la violencia. El equipo de violencequefaire.ch responde, de media, a m\u00e1s de 400 internautas al a\u00f1o.<br \/>\n<br \/>\nCon una donaci\u00f3n de 90 CHF, permites que una pareja (de j\u00f3venes, personas adultas, con o sin hijos\/as) rompa el ciclo de la violencia y d\u00e9 el primer paso para recuperar el bienestar y la seguridad.<br \/>\nCoste: 100 000 CHF al a\u00f1o<br \/>\n<\/p><\/div><\/div><\/div><\/div><div class='accordion_item'><div class='accordion_header'><span class='title'>Desarrollo de la p\u00e1gina web violencequefaire.ch: accesibilidad y versi\u00f3n multiling\u00fce<\/span><\/div><div class='accordion_body'><div class='acc_body_inner'><div class='vqf_fixed_width_text'><p>Objetivo para 2024: Expandir el servicio de asesoramiento en l\u00ednea para aquellas personas que viven en la Suiza franc\u00f3fona y que se sienten m\u00e1s c\u00f3modas con otro idioma que no sea el franc\u00e9s. Esto conlleva traducir toda la p\u00e1gina web en distintos idiomas y, a continuaci\u00f3n, formar a personas especializadas para trabajar con estos idiomas y as\u00ed poder responder a las preguntas en l\u00ednea. Adem\u00e1s, VIOLENCE QUE FAIRE pretende hacer accesible su p\u00e1gina web a las personas con discapacidad visual mediante la instalaci\u00f3n de un programa espec\u00edfico. <br \/>\n<br \/>\nCoste total estimado: 86 000 CHF.<\/p><\/div><\/div><\/div><\/div><\/div><\/div><\/section>[\/vc_column_inner][\/vc_row_inner][vc_row_inner el_id=\u00bbtab_2&#8243; el_class=\u00bbtab_container_item\u00bb][vc_column_inner][vc_raw_html]JTNDaWZyYW1lJTIwc3JjJTNEJTIyaHR0cHMlM0ElMkYlMkZkb2NzLmdvb2dsZS5jb20lMkZmb3JtcyUyRmQlMkYxdkItUldWa2NpYWhpRkNKeWVOU1p6QjdrNXlmLUZKS2hHTmhvamhEMDZwYyUyRnZpZXdmb3JtJTNGZW1iZWRkZWQlM0R0cnVlJTIyJTIwbWFyZ2lud2lkdGglM0QlMjIwJTIyJTIwbWFyZ2luaGVpZ2h0JTNEJTIyMCUyMiUyMHdpZHRoJTNEJTIyMTAwJTI1JTIyJTIwaGVpZ2h0JTNEJTIyNzAwJTIyJTIwZnJhbWVib3JkZXIlM0QlMjIwJTIyJTIwc3R5bGUlM0QlMjJtYXJnaW4tdG9wJTNBJTIwNDBweCUzQiUyMiUzRUNoYXJnZW1lbnQlMjBlbiUyMGNvdXJzJUUyJTgwJUE2JTNDJTJGaWZyYW1lJTNF[\/vc_raw_html][\/vc_column_inner][\/vc_row_inner][\/vc_column][\/vc_row][vc_row][vc_column]<div class='vqf_container'><div class='vqf_row'><div class='vqf_full_col'><h2>Gracias<\/h2><p>VIOLENCE QUE FAIRE desea agradecer a los cantones de Suiza franc\u00f3fona, a la Oficina Federal de la Igualdad entre Mujeres y Hombres (BFEG), a la Fundaci\u00f3n OAK, as\u00ed como a todas las personas que apoyan a la Asociaci\u00f3n y colaboran en sus actividades.<br \/>\nGracias al apoyo de los organismos p\u00fablicos subvencionadores y de los donantes \u2014ya sea para proyectos espec\u00edficos o sin contraprestaci\u00f3n concreta\u2014, VIOLENCE QUE FAIRE puede ofrecer un servicio de calidad y llevar a cabo acciones de sensibilizaci\u00f3n a nivel de la Suiza franc\u00f3fona.<\/p><div class='vqf_logo_blocks'><div class='vqf_logo_block_item'><div class='logo_title'><h5>Subvenciones cantonales<\/h5><\/div><div class='vqf_logo_row'><div class='logo_col'><img src='https:\/\/www.violencequefaire.ch\/wp-content\/uploads\/2024\/01\/Logo-VD.jpg'><\/div><div class='logo_col'><img src='https:\/\/www.violencequefaire.ch\/wp-content\/uploads\/2024\/01\/Logo-GE.jpg'><\/div><div class='logo_col'><img src='https:\/\/www.violencequefaire.ch\/wp-content\/uploads\/2024\/01\/Logo-VS.png'><\/div><div class='logo_col'><img src='https:\/\/www.violencequefaire.ch\/wp-content\/uploads\/2024\/01\/Logo-FR.png'><\/div><div class='logo_col'><img src='https:\/\/www.violencequefaire.ch\/wp-content\/uploads\/2024\/01\/Logo-NE.png'><\/div><div class='logo_col'><img src='https:\/\/www.violencequefaire.ch\/wp-content\/uploads\/2024\/01\/Logo-BE.jpg'><\/div><div class='logo_col'><img src='https:\/\/www.violencequefaire.ch\/wp-content\/uploads\/2024\/01\/Logo-JU.gif'><\/div><\/div><\/div><\/div><\/div><\/div><\/div><div class='vqf_container'><div class='vqf_row'><div class='vqf_full_col'><h2><\/h2><p><\/p><div class='vqf_logo_blocks'><div class='vqf_logo_block_item'><div class='logo_title'><h5>Subvenciones federales<\/h5><\/div><div class='vqf_logo_row'><div class='logo_col'><img src='https:\/\/www.violencequefaire.ch\/wp-content\/uploads\/2024\/01\/Logo-BFEG.png'><\/div><\/div><\/div><\/div><\/div><\/div><\/div><div class='vqf_container'><div class='vqf_row'><div class='vqf_full_col'><h2><\/h2><p><\/p><div class='vqf_logo_blocks'><div class='vqf_logo_block_item'><div class='logo_title'><h5>Donaciones de organizaciones privadas<\/h5><\/div><div class='vqf_logo_row'><div class='logo_col'><img src='https:\/\/www.violencequefaire.ch\/wp-content\/uploads\/2024\/01\/Logo-OAK.png'><\/div><\/div><\/div><\/div><\/div><\/div><\/div>[\/vc_column][\/vc_row]<\/p>\n<\/div>","protected":false},"excerpt":{"rendered":"<p>[vc_row][vc_column][\/vc_column][\/vc_row][vc_row][vc_column][vc_row_inner el_id=\u00bbtab_1&#8243; el_class=\u00bbtab_container_item\u00bb][vc_column_inner][\/vc_column_inner][\/vc_row_inner][vc_row_inner el_id=\u00bbtab_2&#8243; el_class=\u00bbtab_container_item\u00bb][vc_column_inner][vc_raw_html]JTNDaWZyYW1lJTIwc3JjJTNEJTIyaHR0cHMlM0ElMkYlMkZkb2NzLmdvb2dsZS5jb20lMkZmb3JtcyUyRmQlMkYxdkItUldWa2NpYWhpRkNKeWVOU1p6QjdrNXlmLUZKS2hHTmhvamhEMDZwYyUyRnZpZXdmb3JtJTNGZW1iZWRkZWQlM0R0cnVlJTIyJTIwbWFyZ2lud2lkdGglM0QlMjIwJTIyJTIwbWFyZ2luaGVpZ2h0JTNEJTIyMCUyMiUyMHdpZHRoJTNEJTIyMTAwJTI1JTIyJTIwaGVpZ2h0JTNEJTIyNzAwJTIyJTIwZnJhbWVib3JkZXIlM0QlMjIwJTIyJTIwc3R5bGUlM0QlMjJtYXJnaW4tdG9wJTNBJTIwNDBweCUzQiUyMiUzRUNoYXJnZW1lbnQlMjBlbiUyMGNvdXJzJUUyJTgwJUE2JTNDJTJGaWZyYW1lJTNF[\/vc_raw_html][\/vc_column_inner][\/vc_row_inner][\/vc_column][\/vc_row][vc_row][vc_column][\/vc_column][\/vc_row]<\/p>\n","protected":false},"author":16,"featured_media":0,"parent":0,"menu_order":0,"comment_status":"closed","ping_status":"closed","template":"","meta":{"_acf_changed":false,"footnotes":""},"class_list":["post-11142","page","type-page","status-publish","hentry"],"acf":[],"yoast_head":"<!-- This site is optimized with the Yoast SEO plugin v27.3 - https:\/\/yoast.com\/product\/yoast-seo-wordpress\/ -->\n<title>Ap\u00f3yanos &#8226; Violence que faire ?<\/title>\n<meta name=\"description\" content=\"Nous soutenir, d\u00e9couvrez comment et pourquoi devenir membre de violence que faire? Merci aux personnes et institutions qui nous soutiennent.\" \/>\n<meta name=\"robots\" content=\"index, follow, max-snippet:-1, max-image-preview:large, max-video-preview:-1\" \/>\n<link rel=\"canonical\" href=\"https:\/\/www.violencequefaire.ch\/es\/apoyanos\/\" \/>\n<meta property=\"og:locale\" content=\"es_ES\" \/>\n<meta property=\"og:type\" content=\"article\" \/>\n<meta property=\"og:title\" content=\"Ap\u00f3yanos &#8226; Violence que faire ?\" \/>\n<meta property=\"og:description\" content=\"Nous soutenir, d\u00e9couvrez comment et pourquoi devenir membre de violence que faire? Merci aux personnes et institutions qui nous soutiennent.\" \/>\n<meta property=\"og:url\" content=\"https:\/\/www.violencequefaire.ch\/es\/apoyanos\/\" \/>\n<meta property=\"og:site_name\" content=\"Violence que faire ?\" \/>\n<meta property=\"article:modified_time\" content=\"2025-10-22T08:58:43+00:00\" \/>\n<meta name=\"twitter:card\" content=\"summary_large_image\" \/>\n<meta name=\"twitter:label1\" content=\"Tiempo de lectura\" \/>\n\t<meta name=\"twitter:data1\" content=\"2 minutos\" \/>\n<script type=\"application\/ld+json\" class=\"yoast-schema-graph\">{\"@context\":\"https:\\\/\\\/schema.org\",\"@graph\":[{\"@type\":\"WebPage\",\"@id\":\"https:\\\/\\\/www.violencequefaire.ch\\\/es\\\/apoyanos\\\/\",\"url\":\"https:\\\/\\\/www.violencequefaire.ch\\\/es\\\/apoyanos\\\/\",\"name\":\"Ap\u00f3yanos &#8226; Violence que faire ?\",\"isPartOf\":{\"@id\":\"https:\\\/\\\/www.violencequefaire.ch\\\/es\\\/#website\"},\"datePublished\":\"2024-01-24T07:56:00+00:00\",\"dateModified\":\"2025-10-22T08:58:43+00:00\",\"description\":\"Nous soutenir, d\u00e9couvrez comment et pourquoi devenir membre de violence que faire? Merci aux personnes et institutions qui nous soutiennent.\",\"breadcrumb\":{\"@id\":\"https:\\\/\\\/www.violencequefaire.ch\\\/es\\\/apoyanos\\\/#breadcrumb\"},\"inLanguage\":\"es\",\"potentialAction\":[{\"@type\":\"ReadAction\",\"target\":[\"https:\\\/\\\/www.violencequefaire.ch\\\/es\\\/apoyanos\\\/\"]}]},{\"@type\":\"BreadcrumbList\",\"@id\":\"https:\\\/\\\/www.violencequefaire.ch\\\/es\\\/apoyanos\\\/#breadcrumb\",\"itemListElement\":[{\"@type\":\"ListItem\",\"position\":1,\"name\":\"Inicio\",\"item\":\"https:\\\/\\\/www.violencequefaire.ch\\\/es\\\/\"},{\"@type\":\"ListItem\",\"position\":2,\"name\":\"Ap\u00f3yanos\"}]},{\"@type\":\"WebSite\",\"@id\":\"https:\\\/\\\/www.violencequefaire.ch\\\/es\\\/#website\",\"url\":\"https:\\\/\\\/www.violencequefaire.ch\\\/es\\\/\",\"name\":\"Violence que faire\",\"description\":\"Des sp\u00e9cialistes r\u00e9pondent personnellement \u00e0 vos questions anonymes sur la violence au sein du couple.\",\"publisher\":{\"@id\":\"https:\\\/\\\/www.violencequefaire.ch\\\/es\\\/#organization\"},\"alternateName\":\"Violenza Cosa Fare\",\"potentialAction\":[{\"@type\":\"SearchAction\",\"target\":{\"@type\":\"EntryPoint\",\"urlTemplate\":\"https:\\\/\\\/www.violencequefaire.ch\\\/es\\\/?s={search_term_string}\"},\"query-input\":{\"@type\":\"PropertyValueSpecification\",\"valueRequired\":true,\"valueName\":\"search_term_string\"}}],\"inLanguage\":\"es\"},{\"@type\":\"Organization\",\"@id\":\"https:\\\/\\\/www.violencequefaire.ch\\\/es\\\/#organization\",\"name\":\"Violence que faire ?\",\"url\":\"https:\\\/\\\/www.violencequefaire.ch\\\/es\\\/\",\"logo\":{\"@type\":\"ImageObject\",\"inLanguage\":\"es\",\"@id\":\"https:\\\/\\\/www.violencequefaire.ch\\\/es\\\/#\\\/schema\\\/logo\\\/image\\\/\",\"url\":\"https:\\\/\\\/www.violencequefaire.ch\\\/wp-content\\\/uploads\\\/2022\\\/04\\\/VQF_LOGO_neutre.jpg\",\"contentUrl\":\"https:\\\/\\\/www.violencequefaire.ch\\\/wp-content\\\/uploads\\\/2022\\\/04\\\/VQF_LOGO_neutre.jpg\",\"width\":253,\"height\":376,\"caption\":\"Violence que faire ?\"},\"image\":{\"@id\":\"https:\\\/\\\/www.violencequefaire.ch\\\/es\\\/#\\\/schema\\\/logo\\\/image\\\/\"}}]}<\/script>\n<!-- \/ Yoast SEO plugin. -->","yoast_head_json":{"title":"Ap\u00f3yanos &#8226; Violence que faire ?","description":"Nous soutenir, d\u00e9couvrez comment et pourquoi devenir membre de violence que faire? Merci aux personnes et institutions qui nous soutiennent.","robots":{"index":"index","follow":"follow","max-snippet":"max-snippet:-1","max-image-preview":"max-image-preview:large","max-video-preview":"max-video-preview:-1"},"canonical":"https:\/\/www.violencequefaire.ch\/es\/apoyanos\/","og_locale":"es_ES","og_type":"article","og_title":"Ap\u00f3yanos &#8226; Violence que faire ?","og_description":"Nous soutenir, d\u00e9couvrez comment et pourquoi devenir membre de violence que faire? Merci aux personnes et institutions qui nous soutiennent.","og_url":"https:\/\/www.violencequefaire.ch\/es\/apoyanos\/","og_site_name":"Violence que faire ?","article_modified_time":"2025-10-22T08:58:43+00:00","twitter_card":"summary_large_image","twitter_misc":{"Tiempo de lectura":"2 minutos"},"schema":{"@context":"https:\/\/schema.org","@graph":[{"@type":"WebPage","@id":"https:\/\/www.violencequefaire.ch\/es\/apoyanos\/","url":"https:\/\/www.violencequefaire.ch\/es\/apoyanos\/","name":"Ap\u00f3yanos &#8226; Violence que faire ?","isPartOf":{"@id":"https:\/\/www.violencequefaire.ch\/es\/#website"},"datePublished":"2024-01-24T07:56:00+00:00","dateModified":"2025-10-22T08:58:43+00:00","description":"Nous soutenir, d\u00e9couvrez comment et pourquoi devenir membre de violence que faire? Merci aux personnes et institutions qui nous soutiennent.","breadcrumb":{"@id":"https:\/\/www.violencequefaire.ch\/es\/apoyanos\/#breadcrumb"},"inLanguage":"es","potentialAction":[{"@type":"ReadAction","target":["https:\/\/www.violencequefaire.ch\/es\/apoyanos\/"]}]},{"@type":"BreadcrumbList","@id":"https:\/\/www.violencequefaire.ch\/es\/apoyanos\/#breadcrumb","itemListElement":[{"@type":"ListItem","position":1,"name":"Inicio","item":"https:\/\/www.violencequefaire.ch\/es\/"},{"@type":"ListItem","position":2,"name":"Ap\u00f3yanos"}]},{"@type":"WebSite","@id":"https:\/\/www.violencequefaire.ch\/es\/#website","url":"https:\/\/www.violencequefaire.ch\/es\/","name":"Violence que faire","description":"Des sp\u00e9cialistes r\u00e9pondent personnellement \u00e0 vos questions anonymes sur la violence au sein du couple.","publisher":{"@id":"https:\/\/www.violencequefaire.ch\/es\/#organization"},"alternateName":"Violenza Cosa Fare","potentialAction":[{"@type":"SearchAction","target":{"@type":"EntryPoint","urlTemplate":"https:\/\/www.violencequefaire.ch\/es\/?s={search_term_string}"},"query-input":{"@type":"PropertyValueSpecification","valueRequired":true,"valueName":"search_term_string"}}],"inLanguage":"es"},{"@type":"Organization","@id":"https:\/\/www.violencequefaire.ch\/es\/#organization","name":"Violence que faire ?","url":"https:\/\/www.violencequefaire.ch\/es\/","logo":{"@type":"ImageObject","inLanguage":"es","@id":"https:\/\/www.violencequefaire.ch\/es\/#\/schema\/logo\/image\/","url":"https:\/\/www.violencequefaire.ch\/wp-content\/uploads\/2022\/04\/VQF_LOGO_neutre.jpg","contentUrl":"https:\/\/www.violencequefaire.ch\/wp-content\/uploads\/2022\/04\/VQF_LOGO_neutre.jpg","width":253,"height":376,"caption":"Violence que faire ?"},"image":{"@id":"https:\/\/www.violencequefaire.ch\/es\/#\/schema\/logo\/image\/"}}]}},"_links":{"self":[{"href":"https:\/\/www.violencequefaire.ch\/es\/wp-json\/wp\/v2\/pages\/11142","targetHints":{"allow":["GET"]}}],"collection":[{"href":"https:\/\/www.violencequefaire.ch\/es\/wp-json\/wp\/v2\/pages"}],"about":[{"href":"https:\/\/www.violencequefaire.ch\/es\/wp-json\/wp\/v2\/types\/page"}],"author":[{"embeddable":true,"href":"https:\/\/www.violencequefaire.ch\/es\/wp-json\/wp\/v2\/users\/16"}],"replies":[{"embeddable":true,"href":"https:\/\/www.violencequefaire.ch\/es\/wp-json\/wp\/v2\/comments?post=11142"}],"version-history":[{"count":5,"href":"https:\/\/www.violencequefaire.ch\/es\/wp-json\/wp\/v2\/pages\/11142\/revisions"}],"predecessor-version":[{"id":11918,"href":"https:\/\/www.violencequefaire.ch\/es\/wp-json\/wp\/v2\/pages\/11142\/revisions\/11918"}],"wp:attachment":[{"href":"https:\/\/www.violencequefaire.ch\/es\/wp-json\/wp\/v2\/media?parent=11142"}],"curies":[{"name":"wp","href":"https:\/\/api.w.org\/{rel}","templated":true}]}}