{"id":11122,"date":"2022-03-24T12:21:11","date_gmt":"2022-03-24T11:21:11","guid":{"rendered":"https:\/\/www.violencequefaire.ch\/podcasts\/"},"modified":"2025-09-02T12:22:49","modified_gmt":"2025-09-02T10:22:49","slug":"podcasts","status":"publish","type":"page","link":"https:\/\/www.violencequefaire.ch\/es\/podcasts\/","title":{"rendered":"Podcast"},"content":{"rendered":"<div class=\"wpb-content-wrapper\"><p>[vc_row][vc_column]<section class='vqf_section_block text_n_media_block'><div class='vqf_container'><div class='vqf_row'><div class='vqf_full_col'><h2>POUSSI\u00c8RE \u2013 (POLVO)<\/h2><\/div><div><div class='vqf_fixed_width_text'><p>En 2021, con motivo de su 15\u00ba aniversario, la asociaci\u00f3n VIOLENCE QUE FAIRE cre\u00f3 y lanz\u00f3 el podcast de sensibilizaci\u00f3n <strong>Poussi\u00e8re (Polvo)<\/strong>.<\/p><br \/>\n<p>El objetivo de este podcast es dar la palabra a personas que han sufrido violencia de pareja y articular sus testimonios con las contribuciones de personas expertas en este campo. Cada episodio dura unos quince minutos y trata un tema concreto relacionado con la violencia de pareja. <strong>Poussi\u00e8re<\/strong> pretende favorecer la comprensi\u00f3n de los diferentes tipos de violencia de pareja (f\u00edsica, econ\u00f3mica, psicol\u00f3gica y sexual) y los problemas espec\u00edficos que conllevan. Todos los episodios del podcast <strong>Poussi\u00e8re<\/strong> se encuentran en esta p\u00e1gina. Los episodios est\u00e1n disponibles \u00fanicamente en franc\u00e9s.<\/p><\/div><\/div><\/div><div class='vqf_accordion_block'><div class='accordion_item'><div class='accordion_header'><span class='title'>\u00bfPOR QU\u00c9 Poussi\u00e8re?<\/span><\/div><div class='accordion_body'><div class='acc_body_inner'><div class='vqf_fixed_width_text'><p>El polvo est\u00e1 formado por microfibras de todo lo que compone nuestro d\u00eda a d\u00eda. Estas se acumulan discretamente, sin que nos demos cuenta. Cuando empezamos a verlo, significa que ya lleva mucho tiempo ah\u00ed y en grandes cantidades. Sin embargo, una sola microfibra mide menos de 500 micr\u00f3metros. Pero si se acumulan, pueden cubrir r\u00e1pidamente grandes superficies.<br \/>\n<br \/>\nAl igual que el polvo, la violencia de pareja es progresiva y a menudo oculta. En la mayor\u00eda de los casos, la violencia de pareja se va infiltrando poco a poco en una relaci\u00f3n que hab\u00eda empezado bien.<br \/>\n<\/p><\/div><\/div><\/div><\/div><div class='accordion_item'><div class='accordion_header'><span class='title'>RAZ\u00d3N DE SER<\/span><\/div><div class='accordion_body'><div class='acc_body_inner'><div class='vqf_fixed_width_text'><p>En Suiza, una de cada cinco mujeres es v\u00edctima de violencia f\u00edsica y\/o sexual por parte de su pareja a lo largo de su vida. Y el 40 % sufre violencia psicol\u00f3gica (Fuente: estudio de Gillioz et al. 1997, p\u00e1gina 10 de la ficha informativa A4 del BFEG (Oficina Federal para la Igualdad de g\u00e9nero)). En 2020, la polic\u00eda registr\u00f3 20 123 infracciones en el \u00e1mbito de la violencia dom\u00e9stica, de las cuales 89 fueron asesinatos o intentos de asesinato. La gran mayor\u00eda de estas infracciones (73,5 %) se cometen en una relaci\u00f3n de pareja actual o pasada y las v\u00edctimas son principalmente mujeres (en una pareja actual: 76,1 %; entre exparejas: 78,7 %). Aunque las estad\u00edsticas muestran claramente que las mujeres son las m\u00e1s afectadas por la violencia de pareja, los hombres o las personas no binarias tambi\u00e9n pueden serlo. Del mismo modo, las mujeres y las personas no binarias tambi\u00e9n pueden actuar con violencia.<br \/>\n<br \/>\nLa p\u00e1gina web www.violencequefaire.ch y su servicio de asesoramiento en l\u00ednea est\u00e1n dirigidos a todas las personas que viven en Suiza romanda y se enfrentan a situaciones de violencia de pareja, independientemente de su edad, orientaci\u00f3n sexual o identidad de g\u00e9nero.<br \/>\n<\/p><\/div><\/div><\/div><\/div><\/div><\/div><\/section>[\/vc_column][\/vc_row][vc_row][vc_column]<section class='vqf_section_block'><div class='vqf_container'><div class='vqf_row'><div class='vqf_full_col'><h2><\/h2><div class='podcast_row'><div class='podcast_col'><div class='podcast_item'><a href='https:\/\/www.violencequefaire.ch\/es\/podcast\/episode-1-violences-invisibles-les-violences-psychologiques-et-economiques\/'><\/a><div class='bg_layer'><img src='https:\/\/www.violencequefaire.ch\/wp-content\/uploads\/2022\/04\/episode1_couverture.jpg' alt=''><\/div><div class='inner'><div class='img_block'><img src='https:\/\/www.violencequefaire.ch\/wp-content\/uploads\/2022\/04\/episode1_couverture.jpg' alt=''><\/div><div class='podcast_info'><span class='episode_name'>EPISODIO 1<\/span><h5 class='episode_title'>IA INVISIBLE<\/h5><span class='podcast_author'><strong>La v<em>iolencia <\/em>psicol\u00f3gica y econ\u00f3mica<\/strong><\/span><\/div><\/div><\/div><\/div><div class='podcast_col'><div class='podcast_item'><a href='https:\/\/www.violencequefaire.ch\/es\/podcast\/episode-3-face-a-la-justice-2\/'><\/a><div class='bg_layer'><img src='https:\/\/www.violencequefaire.ch\/wp-content\/uploads\/2022\/04\/episode2_couverture.jpg' alt=''><\/div><div class='inner'><div class='img_block'><img src='https:\/\/www.violencequefaire.ch\/wp-content\/uploads\/2022\/04\/episode2_couverture.jpg' alt=''><\/div><div class='podcast_info'><span class='episode_name'>EPISODIO 2<\/span><h5 class='episode_title'>EN ESTADO DE SHOCK<\/h5><span class='podcast_author'><strong>La violencia f\u00edsica y sexual<\/strong><br \/>\r\n<br \/>\r\nExperta: Aline Cuche<\/span><\/div><\/div><\/div><\/div><div class='podcast_col'><div class='podcast_item'><a href='https:\/\/www.violencequefaire.ch\/es\/podcast\/les-violences-au-sein-du-couple-vues-par-le-droit-suisse\/'><\/a><div class='bg_layer'><img src='https:\/\/www.violencequefaire.ch\/wp-content\/uploads\/2022\/04\/episode3_couverture.jpg' alt=''><\/div><div class='inner'><div class='img_block'><img src='https:\/\/www.violencequefaire.ch\/wp-content\/uploads\/2022\/04\/episode3_couverture.jpg' alt=''><\/div><div class='podcast_info'><span class='episode_name'>EPISODIO 3<\/span><h5 class='episode_title'>ANTE LA JUSTICIA<\/h5><span class='podcast_author'><strong>La violencia de pareja desde el punto de vista del derecho suizo<\/strong><br \/>\r\n<br \/>\r\nExperta: Martine Lachat Clerc<\/span><\/div><\/div><\/div><\/div><div class='podcast_col'><div class='podcast_item'><a href='https:\/\/www.violencequefaire.ch\/es\/podcast\/episode-3-face-a-la-justice\/'><\/a><div class='bg_layer'><img src='https:\/\/www.violencequefaire.ch\/wp-content\/uploads\/2022\/04\/episode4_couverture.jpg' alt=''><\/div><div class='inner'><div class='img_block'><img src='https:\/\/www.violencequefaire.ch\/wp-content\/uploads\/2022\/04\/episode4_couverture.jpg' alt=''><\/div><div class='podcast_info'><span class='episode_name'>EPISODIO 4<\/span><h5 class='episode_title'>INFANCIA INTERRUMPIDA<\/h5><span class='podcast_author'><h3>El impacto de la violencia dom\u00e9stica en los ni\u00f1os<\/h3><br \/>\r\nExpert: Philippe Bigler<\/span><\/div><\/div><\/div><\/div><div class='podcast_col'><div class='podcast_item'><a href='https:\/\/www.violencequefaire.ch\/es\/podcast\/episode-5-genre-et-violences-partie-1\/'><\/a><div class='bg_layer'><img src='https:\/\/www.violencequefaire.ch\/wp-content\/uploads\/2022\/04\/episode5_couverture.jpg' alt=''><\/div><div class='inner'><div class='img_block'><img src='https:\/\/www.violencequefaire.ch\/wp-content\/uploads\/2022\/04\/episode5_couverture.jpg' alt=''><\/div><div class='podcast_info'><span class='episode_name'>EPISODIO 5<\/span><h5 class='episode_title'>G\u00c9NERO Y VIOLENCIA (PARTE 1)<\/h5><span class='podcast_author'><strong>La construcci\u00f3n de las jerarqu\u00edas mujer-hombre<\/strong><br \/>\r\n<br \/>\r\nExperta: Marta Roca i Escoda<\/span><\/div><\/div><\/div><\/div><div class='podcast_col'><div class='podcast_item'><a href='https:\/\/www.violencequefaire.ch\/es\/podcast\/episode-6-genre-et-violences-partie-2\/'><\/a><div class='bg_layer'><img src='https:\/\/www.violencequefaire.ch\/wp-content\/uploads\/2022\/04\/episode6_couverture.jpg' alt=''><\/div><div class='inner'><div class='img_block'><img src='https:\/\/www.violencequefaire.ch\/wp-content\/uploads\/2022\/04\/episode6_couverture.jpg' alt=''><\/div><div class='podcast_info'><span class='episode_name'>EPISODIO 6<\/span><h5 class='episode_title'>G\u00c9NERO Y VIOLENCIA (PARTE 2)<\/h5><span class='podcast_author'><strong>La violencia en las parejas LGBTQIA+<\/strong><br \/>\r\n<br \/>\r\nExperta: Amanda Terzidis<\/span><\/div><\/div><\/div><\/div><div class='podcast_col'><div class='podcast_item'><a href='https:\/\/www.violencequefaire.ch\/es\/podcast\/episode-7-violences-et-migration\/'><\/a><div class='bg_layer'><img src='https:\/\/www.violencequefaire.ch\/wp-content\/uploads\/2022\/04\/episode7_couverture.jpg' alt=''><\/div><div class='inner'><div class='img_block'><img src='https:\/\/www.violencequefaire.ch\/wp-content\/uploads\/2022\/04\/episode7_couverture.jpg' alt=''><\/div><div class='podcast_info'><span class='episode_name'>EPISODIO 7<\/span><h5 class='episode_title'>VIOLENCIA Y MIGRACI\u00d3N<\/h5><span class='podcast_author'><strong>Inmigrantes y v\u00edctimas de violencia de pareja: \u00bfqu\u00e9 tipo de ayuda se puede obtener?<\/strong><br \/>\r\n<br \/>\r\nExperta: Chlo\u00e9 Maire<\/span><\/div><\/div><\/div><\/div><div class='podcast_col'><div class='podcast_item'><a href='https:\/\/www.violencequefaire.ch\/es\/podcast\/episode-8-desapprendre-la-violence\/'><\/a><div class='bg_layer'><img src='https:\/\/www.violencequefaire.ch\/wp-content\/uploads\/2022\/04\/episode8_couverture.jpg' alt=''><\/div><div class='inner'><div class='img_block'><img src='https:\/\/www.violencequefaire.ch\/wp-content\/uploads\/2022\/04\/episode8_couverture.jpg' alt=''><\/div><div class='podcast_info'><span class='episode_name'>EPISODIO 8<\/span><h5 class='episode_title'>DESAPRENDER LA VIOLENCIA<\/h5><span class='podcast_author'><strong>Recurrir a la violencia en la pareja: \u00bfqu\u00e9 cambios son posibles?<\/strong><br \/>\r\n<br \/>\r\nExperta: Annick Bavaud<\/span><\/div><\/div><\/div><\/div><div class='podcast_col'><div class='podcast_item'><a href='https:\/\/www.violencequefaire.ch\/es\/podcast\/episode-9-violences-et-handicap\/'><\/a><div class='bg_layer'><img src='https:\/\/www.violencequefaire.ch\/wp-content\/uploads\/2025\/10\/Post-carre.png' alt=''><\/div><div class='inner'><div class='img_block'><img src='https:\/\/www.violencequefaire.ch\/wp-content\/uploads\/2025\/10\/Post-carre.png' alt=''><\/div><div class='podcast_info'><span class='episode_name'>EPISODIO 9<\/span><h5 class='episode_title'>VIOLENCIA Y DISCAPACIDAD<\/h5><span class='podcast_author'><p><b>\u00a0VIOLENCES ET HANDICAP- LA VIOLENCE AU SEIN DU COUPLE CHEZ LES PERSONNES EN SITUATION DE HANDICAP<\/b><\/p><br \/>\n<p>Experte: Giada Besomi<\/p><br \/>\n<br \/>\n<!-- wp:paragraph --><br \/>\n<p><\/p><br \/>\n<!-- \/wp:paragraph --><\/span><\/div><\/div><\/div><\/div><\/div><\/div><\/div><\/div><\/section>[\/vc_column][\/vc_row]<\/p>\n<\/div>","protected":false},"excerpt":{"rendered":"<p>[vc_row][vc_column][\/vc_column][\/vc_row][vc_row][vc_column][\/vc_column][\/vc_row]<\/p>\n","protected":false},"author":16,"featured_media":0,"parent":0,"menu_order":0,"comment_status":"closed","ping_status":"closed","template":"","meta":{"_acf_changed":false,"footnotes":""},"class_list":["post-11122","page","type-page","status-publish","hentry"],"acf":[],"yoast_head":"<!-- This site is optimized with the Yoast SEO plugin v27.3 - https:\/\/yoast.com\/product\/yoast-seo-wordpress\/ -->\n<title>Podcast &#8226; Violence que faire ?<\/title>\n<meta name=\"robots\" content=\"index, follow, max-snippet:-1, max-image-preview:large, max-video-preview:-1\" \/>\n<link rel=\"canonical\" href=\"https:\/\/www.violencequefaire.ch\/es\/podcasts\/\" \/>\n<meta property=\"og:locale\" content=\"es_ES\" \/>\n<meta property=\"og:type\" content=\"article\" \/>\n<meta property=\"og:title\" content=\"Podcast &#8226; Violence que faire ?\" \/>\n<meta property=\"og:description\" content=\"[vc_row][vc_column][\/vc_column][\/vc_row][vc_row][vc_column][\/vc_column][\/vc_row]\" \/>\n<meta property=\"og:url\" content=\"https:\/\/www.violencequefaire.ch\/es\/podcasts\/\" \/>\n<meta property=\"og:site_name\" content=\"Violence que faire ?\" \/>\n<meta property=\"article:modified_time\" content=\"2025-09-02T10:22:49+00:00\" \/>\n<meta name=\"twitter:card\" content=\"summary_large_image\" \/>\n<meta name=\"twitter:label1\" content=\"Tiempo de lectura\" \/>\n\t<meta name=\"twitter:data1\" content=\"1 minuto\" \/>\n<script type=\"application\/ld+json\" class=\"yoast-schema-graph\">{\"@context\":\"https:\\\/\\\/schema.org\",\"@graph\":[{\"@type\":\"WebPage\",\"@id\":\"https:\\\/\\\/www.violencequefaire.ch\\\/es\\\/podcasts\\\/\",\"url\":\"https:\\\/\\\/www.violencequefaire.ch\\\/es\\\/podcasts\\\/\",\"name\":\"Podcast &#8226; Violence que faire ?\",\"isPartOf\":{\"@id\":\"https:\\\/\\\/www.violencequefaire.ch\\\/es\\\/#website\"},\"datePublished\":\"2022-03-24T11:21:11+00:00\",\"dateModified\":\"2025-09-02T10:22:49+00:00\",\"breadcrumb\":{\"@id\":\"https:\\\/\\\/www.violencequefaire.ch\\\/es\\\/podcasts\\\/#breadcrumb\"},\"inLanguage\":\"es\",\"potentialAction\":[{\"@type\":\"ReadAction\",\"target\":[\"https:\\\/\\\/www.violencequefaire.ch\\\/es\\\/podcasts\\\/\"]}]},{\"@type\":\"BreadcrumbList\",\"@id\":\"https:\\\/\\\/www.violencequefaire.ch\\\/es\\\/podcasts\\\/#breadcrumb\",\"itemListElement\":[{\"@type\":\"ListItem\",\"position\":1,\"name\":\"Inicio\",\"item\":\"https:\\\/\\\/www.violencequefaire.ch\\\/es\\\/\"},{\"@type\":\"ListItem\",\"position\":2,\"name\":\"Podcast\"}]},{\"@type\":\"WebSite\",\"@id\":\"https:\\\/\\\/www.violencequefaire.ch\\\/es\\\/#website\",\"url\":\"https:\\\/\\\/www.violencequefaire.ch\\\/es\\\/\",\"name\":\"Violence que faire\",\"description\":\"Des sp\u00e9cialistes r\u00e9pondent personnellement \u00e0 vos questions anonymes sur la violence au sein du couple.\",\"publisher\":{\"@id\":\"https:\\\/\\\/www.violencequefaire.ch\\\/es\\\/#organization\"},\"alternateName\":\"Violenza Cosa Fare\",\"potentialAction\":[{\"@type\":\"SearchAction\",\"target\":{\"@type\":\"EntryPoint\",\"urlTemplate\":\"https:\\\/\\\/www.violencequefaire.ch\\\/es\\\/?s={search_term_string}\"},\"query-input\":{\"@type\":\"PropertyValueSpecification\",\"valueRequired\":true,\"valueName\":\"search_term_string\"}}],\"inLanguage\":\"es\"},{\"@type\":\"Organization\",\"@id\":\"https:\\\/\\\/www.violencequefaire.ch\\\/es\\\/#organization\",\"name\":\"Violence que faire ?\",\"url\":\"https:\\\/\\\/www.violencequefaire.ch\\\/es\\\/\",\"logo\":{\"@type\":\"ImageObject\",\"inLanguage\":\"es\",\"@id\":\"https:\\\/\\\/www.violencequefaire.ch\\\/es\\\/#\\\/schema\\\/logo\\\/image\\\/\",\"url\":\"https:\\\/\\\/www.violencequefaire.ch\\\/wp-content\\\/uploads\\\/2022\\\/04\\\/VQF_LOGO_neutre.jpg\",\"contentUrl\":\"https:\\\/\\\/www.violencequefaire.ch\\\/wp-content\\\/uploads\\\/2022\\\/04\\\/VQF_LOGO_neutre.jpg\",\"width\":253,\"height\":376,\"caption\":\"Violence que faire ?\"},\"image\":{\"@id\":\"https:\\\/\\\/www.violencequefaire.ch\\\/es\\\/#\\\/schema\\\/logo\\\/image\\\/\"}}]}<\/script>\n<!-- \/ Yoast SEO plugin. -->","yoast_head_json":{"title":"Podcast &#8226; Violence que faire ?","robots":{"index":"index","follow":"follow","max-snippet":"max-snippet:-1","max-image-preview":"max-image-preview:large","max-video-preview":"max-video-preview:-1"},"canonical":"https:\/\/www.violencequefaire.ch\/es\/podcasts\/","og_locale":"es_ES","og_type":"article","og_title":"Podcast &#8226; Violence que faire ?","og_description":"[vc_row][vc_column][\/vc_column][\/vc_row][vc_row][vc_column][\/vc_column][\/vc_row]","og_url":"https:\/\/www.violencequefaire.ch\/es\/podcasts\/","og_site_name":"Violence que faire ?","article_modified_time":"2025-09-02T10:22:49+00:00","twitter_card":"summary_large_image","twitter_misc":{"Tiempo de lectura":"1 minuto"},"schema":{"@context":"https:\/\/schema.org","@graph":[{"@type":"WebPage","@id":"https:\/\/www.violencequefaire.ch\/es\/podcasts\/","url":"https:\/\/www.violencequefaire.ch\/es\/podcasts\/","name":"Podcast &#8226; Violence que faire ?","isPartOf":{"@id":"https:\/\/www.violencequefaire.ch\/es\/#website"},"datePublished":"2022-03-24T11:21:11+00:00","dateModified":"2025-09-02T10:22:49+00:00","breadcrumb":{"@id":"https:\/\/www.violencequefaire.ch\/es\/podcasts\/#breadcrumb"},"inLanguage":"es","potentialAction":[{"@type":"ReadAction","target":["https:\/\/www.violencequefaire.ch\/es\/podcasts\/"]}]},{"@type":"BreadcrumbList","@id":"https:\/\/www.violencequefaire.ch\/es\/podcasts\/#breadcrumb","itemListElement":[{"@type":"ListItem","position":1,"name":"Inicio","item":"https:\/\/www.violencequefaire.ch\/es\/"},{"@type":"ListItem","position":2,"name":"Podcast"}]},{"@type":"WebSite","@id":"https:\/\/www.violencequefaire.ch\/es\/#website","url":"https:\/\/www.violencequefaire.ch\/es\/","name":"Violence que faire","description":"Des sp\u00e9cialistes r\u00e9pondent personnellement \u00e0 vos questions anonymes sur la violence au sein du couple.","publisher":{"@id":"https:\/\/www.violencequefaire.ch\/es\/#organization"},"alternateName":"Violenza Cosa Fare","potentialAction":[{"@type":"SearchAction","target":{"@type":"EntryPoint","urlTemplate":"https:\/\/www.violencequefaire.ch\/es\/?s={search_term_string}"},"query-input":{"@type":"PropertyValueSpecification","valueRequired":true,"valueName":"search_term_string"}}],"inLanguage":"es"},{"@type":"Organization","@id":"https:\/\/www.violencequefaire.ch\/es\/#organization","name":"Violence que faire ?","url":"https:\/\/www.violencequefaire.ch\/es\/","logo":{"@type":"ImageObject","inLanguage":"es","@id":"https:\/\/www.violencequefaire.ch\/es\/#\/schema\/logo\/image\/","url":"https:\/\/www.violencequefaire.ch\/wp-content\/uploads\/2022\/04\/VQF_LOGO_neutre.jpg","contentUrl":"https:\/\/www.violencequefaire.ch\/wp-content\/uploads\/2022\/04\/VQF_LOGO_neutre.jpg","width":253,"height":376,"caption":"Violence que faire ?"},"image":{"@id":"https:\/\/www.violencequefaire.ch\/es\/#\/schema\/logo\/image\/"}}]}},"_links":{"self":[{"href":"https:\/\/www.violencequefaire.ch\/es\/wp-json\/wp\/v2\/pages\/11122","targetHints":{"allow":["GET"]}}],"collection":[{"href":"https:\/\/www.violencequefaire.ch\/es\/wp-json\/wp\/v2\/pages"}],"about":[{"href":"https:\/\/www.violencequefaire.ch\/es\/wp-json\/wp\/v2\/types\/page"}],"author":[{"embeddable":true,"href":"https:\/\/www.violencequefaire.ch\/es\/wp-json\/wp\/v2\/users\/16"}],"replies":[{"embeddable":true,"href":"https:\/\/www.violencequefaire.ch\/es\/wp-json\/wp\/v2\/comments?post=11122"}],"version-history":[{"count":1,"href":"https:\/\/www.violencequefaire.ch\/es\/wp-json\/wp\/v2\/pages\/11122\/revisions"}],"predecessor-version":[{"id":11125,"href":"https:\/\/www.violencequefaire.ch\/es\/wp-json\/wp\/v2\/pages\/11122\/revisions\/11125"}],"wp:attachment":[{"href":"https:\/\/www.violencequefaire.ch\/es\/wp-json\/wp\/v2\/media?parent=11122"}],"curies":[{"name":"wp","href":"https:\/\/api.w.org\/{rel}","templated":true}]}}