{"id":11108,"date":"2022-03-25T15:06:35","date_gmt":"2022-03-25T14:06:35","guid":{"rendered":"https:\/\/www.violencequefaire.ch\/lgbtiq\/"},"modified":"2025-10-29T17:04:00","modified_gmt":"2025-10-29T16:04:00","slug":"lgbtiq","status":"publish","type":"page","link":"https:\/\/www.violencequefaire.ch\/es\/lgbtiq\/","title":{"rendered":"LGBTIQA+"},"content":{"rendered":"<div class=\"wpb-content-wrapper\"><p>[vc_row][vc_column]<section class='vqf_section_block text_n_media_block podcast_media block_background'><div class='vqf_container'><div class='vqf_row'><div class='left_text_block'><h2>Violencia en las parejas LGBTQIA+<\/h2><div class='vqf_fixed_width_text'><p><\/p>\n<p>Para poner fin a la violencia de pareja y poder ayudar a las personas involucradas, es indispensable que se hable de ella y se haga visible.<\/p>\n<p>Durante mucho tiempo, este fen\u00f3meno permaneci\u00f3 encerrado en la esfera privada, pero con el paso de los a\u00f1os se ha convertido en un tema de debate p\u00fablico. Esto se debe sobre todo al compromiso de los movimientos feministas, que han puesto de relieve la situaci\u00f3n espec\u00edfica de las mujeres frente a la violencia que sufren por parte de sus parejas masculinas.<\/p>\n<p>Actualmente, la violencia en las parejas heterosexuales es objeto de investigaci\u00f3n y cobertura medi\u00e1tica; es la m\u00e1s destacada en los programas de prevenci\u00f3n y en las pol\u00edticas p\u00fablicas. Pero la violencia de pareja tambi\u00e9n puede afectar a las personas LGBTQIA+ y es importante que se sientan libres, legitimadas y tengan la confianza necesaria para contactar con los servicios de ayuda existentes y romper el silencio.<\/p>\n<p>Del mismo modo, las personas especializadas en este campo deben disponer de las herramientas y la informaci\u00f3n necesarias para tener en cuenta las especificidades del proceso de las personas LGBTQIA+.<\/p>\n<p>www.violenzachefare.ch cuenta con un equipo de personas especializadas en cuestiones de violencia de pareja LGBTQIA+.<\/p>\n<p><\/p><\/div><div class='vqf_accordion_block'><div class='accordion_item'><div class='accordion_header'><span class='title'>Discriminaci\u00f3n basada en la orientaci\u00f3n sexual y afectiva o en la identidad de g\u00e9nero<\/span><\/div><div class='accordion_body'><div class='acc_body_inner'><div class='vqf_fixed_width_text'><p>Al tener que hacer frente a muchas formas de discriminaci\u00f3n en nuestra sociedad, las personas LGBTQIA+ corren un mayor riesgo de sufrir diferentes formas de violencia a lo largo de su vida (desigualdad de derechos ante el matrimonio y la adopci\u00f3n, discriminaci\u00f3n en el mercado laboral, en el \u00e1mbito escolar y en los servicios sanitarios, rechazo por parte de la familia, agresiones f\u00edsicas y sexuales, insultos, falta o ausencia de representaci\u00f3n, etc.). Este contexto particular puede generar dificultades espec\u00edficas para las personas LGBTQIA+ que se enfrentan a una situaci\u00f3n de violencia de pareja. Por lo tanto, es a\u00fan m\u00e1s dif\u00edcil reaccionar y pedir ayuda.<\/p><\/div><\/div><\/div><\/div><div class='accordion_item'><div class='accordion_header'><span class='title'>Es dif\u00edcil hablar de ello<\/span><\/div><div class='accordion_body'><div class='acc_body_inner'><div class='vqf_fixed_width_text'><p>Nunca es f\u00e1cil para las v\u00edctimas o para quienes ejercen violencia en las relaciones de pareja hablar de ello con las personas de su alrededor y pedir ayuda. Muchos factores hacen que este paso resulte a\u00fan m\u00e1s dif\u00edcil para las personas LGBTQIA+.<br \/>\n<br \/>\n- Las personas cercanas, conocidos y familiares, no siempre est\u00e1n al tanto de la relaci\u00f3n. Hablar de la violencia significa tener que salir del armario ante la familia, las amistades o ante la gente del trabajo.<br \/>\n-Cuando se decide pedir la ayuda de profesionales, es necesario revelar la propia orientaci\u00f3n sexual o afectiva y\/o la propia identidad de g\u00e9nero a los servicios de ayuda y a la justicia. Esto puede resultar un freno. <br \/>\n- La persona que ejerce la violencia tambi\u00e9n conoce a las amistades de la v\u00edctima. Eso hace que la gente cercana prefiera mantener cierta distancia con respecto a esta situaci\u00f3n para no ponerse del lado de nadie. Por lo tanto, encontrar personas de confianza en las que apoyarse puede resultar dif\u00edcil.<br \/>\n- Las personas LGBTQIA+ pueden sentirse especialmente aisladas si se enfrentan a la violencia en la relaci\u00f3n de pareja.<br \/>\n<br \/>\nNo todas las personas que trabajan en los servicios sociales, sanitarios o jur\u00eddicos est\u00e1n suficientemente formadas para acoger a las personas LGBTQIA+, esto puede tener consecuencias significativas en la calidad de la atenci\u00f3n y el acompa\u00f1amiento de las personas involucradas. Adem\u00e1s, muy a menudo las acciones de sensibilizaci\u00f3n y prevenci\u00f3n para el p\u00fablico en general se dirigen \u00fanicamente a las personas heterosexuales y cisg\u00e9nero. Estos factores pueden contribuir a que las personas LGBTQIA+ est\u00e9n menos informadas y\/o se sientan menos c\u00f3modas y\/o menos legitimadas para pedir ayuda profesional y romper el silencio.<br \/>\n<br \/>\nwww.violenzachefare.ch dispone de un equipo de personas especializadas en cuestiones de violencia en parejas LGBTQIA+. <br \/>\n<\/p><\/div><\/div><\/div><\/div><div class='accordion_item'><div class='accordion_header'><span class='title'>Violencia espec\u00edfica<\/span><\/div><div class='accordion_body'><div class='acc_body_inner'><div class='vqf_fixed_width_text'><p>La violencia de pareja puede adoptar diversas formas (f\u00edsica, psicol\u00f3gica, sexual o econ\u00f3mica).<br \/>\n<br \/>\nEn particular, puede manifestarse en forma de amenaza de \u00abrevelar\u00bb la orientaci\u00f3n sexual o afectiva y\/o la identidad de g\u00e9nero y\/o la relaci\u00f3n (salir del armario a la fuerza), lo que puede tener graves consecuencias emocionales, profesionales y familiares, dependiendo del contexto de la persona involucrada.<\/p><\/div><\/div><\/div><\/div><div class='accordion_item'><div class='accordion_header'><span class='title'>Parejas con hijos\/as<\/span><\/div><div class='accordion_body'><div class='acc_body_inner'><div class='vqf_fixed_width_text'><p>Para cualquier persona, LGBTQIA+ o no, la llegada de un\/a hijo\/a es un acontecimiento que puede modificar la din\u00e1mica de la pareja y provocar o revelar tensiones y divergencias entre los miembros de la pareja. No te a\u00edsles y no te quedes solo\/a.<br \/>\n<br \/>\nAunque el derecho suizo permita actualmente la adopci\u00f3n conjunta o la adopci\u00f3n del hijo\/a de la pareja o esposo\/a, sigue habiendo muchas situaciones en las que solo la figura parental biol\u00f3gica y no la otra (padre o madre no estatutario\/a) es la \u00fanica persona inmediatamente reconocida jur\u00eddicamente como padre\/madre por las autoridades suizas, especialmente en las relaciones internacionales en caso de gestaci\u00f3n por cuenta ajena o durante todo el proceso de adopci\u00f3n. En estos casos, la ausencia de reconocimiento jur\u00eddico de la otra persona (padre o madre no estatuario\/a) crea una asimetr\u00eda dentro de la pareja. Esto puede provocar un sentimiento de inseguridad en la figura parental no reconocida o incluso crear una relaci\u00f3n de poder entre la figura parental reconocida por la ley y la que no lo es.<br \/>\nEn caso de violencia, la figura parental no reconocida puede temer ser separada de sus hijos\/as si pide ayuda o presenta una denuncia.<br \/>\n<br \/>\nLas \u00abfamilias arco\u00edris\u00bb tambi\u00e9n pueden tener la impresi\u00f3n de que deben ser a\u00fan m\u00e1s perfectas que las dem\u00e1s para evitar cr\u00edticas. En este contexto, tambi\u00e9n puede ser dif\u00edcil hablar de disfunciones en la pareja. <\/p><\/div><\/div><\/div><\/div><\/div><\/div><div class='right_media_block'><div class='media_box'><div class='podcast_col'><div class='podcast_item'><a href='https:\/\/www.violencequefaire.ch\/es\/podcast\/episode-6-genre-et-violences-partie-2\/'><\/a><div class='bg_layer'><img src='https:\/\/www.violencequefaire.ch\/wp-content\/uploads\/2022\/04\/episode6_couverture.jpg' alt=''><\/div><div class='inner'><div class='img_block'><img src='https:\/\/www.violencequefaire.ch\/wp-content\/uploads\/2022\/04\/episode6_couverture.jpg' alt=''><\/div><div class='podcast_info'><span class='episode_name'><strong>La violencia en las parejas LGBTQIA+<\/strong>\r\n\r\nExperta: Amanda Terzidis<\/span><h5 class='episode_title'>EPISODIO 6 &#8211; G\u00c9NERO Y VIOLENCIA (PARTE 2)<\/h5><span class='podcast_author'>Experte: Amanda Terzidis<\/span><\/div><\/div><\/div><\/div><\/div><\/div><\/div><\/div><\/section>[\/vc_column][\/vc_row]<\/p>\n<\/div>","protected":false},"excerpt":{"rendered":"<p>[vc_row][vc_column][\/vc_column][\/vc_row]<\/p>\n","protected":false},"author":16,"featured_media":0,"parent":0,"menu_order":0,"comment_status":"closed","ping_status":"closed","template":"","meta":{"_acf_changed":false,"footnotes":""},"class_list":["post-11108","page","type-page","status-publish","hentry"],"acf":[],"yoast_head":"<!-- This site is optimized with the Yoast SEO plugin v27.3 - https:\/\/yoast.com\/product\/yoast-seo-wordpress\/ -->\n<title>LGBTIQA+ &#8226; Violence que faire ?<\/title>\n<meta name=\"robots\" content=\"index, follow, max-snippet:-1, max-image-preview:large, max-video-preview:-1\" \/>\n<link rel=\"canonical\" href=\"https:\/\/www.violencequefaire.ch\/es\/lgbtiq\/\" \/>\n<meta property=\"og:locale\" content=\"es_ES\" \/>\n<meta property=\"og:type\" content=\"article\" \/>\n<meta property=\"og:title\" content=\"LGBTIQA+ &#8226; Violence que faire ?\" \/>\n<meta property=\"og:description\" content=\"[vc_row][vc_column][\/vc_column][\/vc_row]\" \/>\n<meta property=\"og:url\" content=\"https:\/\/www.violencequefaire.ch\/es\/lgbtiq\/\" \/>\n<meta property=\"og:site_name\" content=\"Violence que faire ?\" \/>\n<meta property=\"article:modified_time\" content=\"2025-10-29T16:04:00+00:00\" \/>\n<meta name=\"twitter:card\" content=\"summary_large_image\" \/>\n<meta name=\"twitter:label1\" content=\"Tiempo de lectura\" \/>\n\t<meta name=\"twitter:data1\" content=\"1 minuto\" \/>\n<script type=\"application\/ld+json\" class=\"yoast-schema-graph\">{\"@context\":\"https:\\\/\\\/schema.org\",\"@graph\":[{\"@type\":\"WebPage\",\"@id\":\"https:\\\/\\\/www.violencequefaire.ch\\\/es\\\/lgbtiq\\\/\",\"url\":\"https:\\\/\\\/www.violencequefaire.ch\\\/es\\\/lgbtiq\\\/\",\"name\":\"LGBTIQA+ &#8226; Violence que faire ?\",\"isPartOf\":{\"@id\":\"https:\\\/\\\/www.violencequefaire.ch\\\/es\\\/#website\"},\"datePublished\":\"2022-03-25T14:06:35+00:00\",\"dateModified\":\"2025-10-29T16:04:00+00:00\",\"breadcrumb\":{\"@id\":\"https:\\\/\\\/www.violencequefaire.ch\\\/es\\\/lgbtiq\\\/#breadcrumb\"},\"inLanguage\":\"es\",\"potentialAction\":[{\"@type\":\"ReadAction\",\"target\":[\"https:\\\/\\\/www.violencequefaire.ch\\\/es\\\/lgbtiq\\\/\"]}]},{\"@type\":\"BreadcrumbList\",\"@id\":\"https:\\\/\\\/www.violencequefaire.ch\\\/es\\\/lgbtiq\\\/#breadcrumb\",\"itemListElement\":[{\"@type\":\"ListItem\",\"position\":1,\"name\":\"Inicio\",\"item\":\"https:\\\/\\\/www.violencequefaire.ch\\\/es\\\/\"},{\"@type\":\"ListItem\",\"position\":2,\"name\":\"LGBTIQA+\"}]},{\"@type\":\"WebSite\",\"@id\":\"https:\\\/\\\/www.violencequefaire.ch\\\/es\\\/#website\",\"url\":\"https:\\\/\\\/www.violencequefaire.ch\\\/es\\\/\",\"name\":\"Violence que faire\",\"description\":\"Des sp\u00e9cialistes r\u00e9pondent personnellement \u00e0 vos questions anonymes sur la violence au sein du couple.\",\"publisher\":{\"@id\":\"https:\\\/\\\/www.violencequefaire.ch\\\/es\\\/#organization\"},\"alternateName\":\"Violenza Cosa Fare\",\"potentialAction\":[{\"@type\":\"SearchAction\",\"target\":{\"@type\":\"EntryPoint\",\"urlTemplate\":\"https:\\\/\\\/www.violencequefaire.ch\\\/es\\\/?s={search_term_string}\"},\"query-input\":{\"@type\":\"PropertyValueSpecification\",\"valueRequired\":true,\"valueName\":\"search_term_string\"}}],\"inLanguage\":\"es\"},{\"@type\":\"Organization\",\"@id\":\"https:\\\/\\\/www.violencequefaire.ch\\\/es\\\/#organization\",\"name\":\"Violence que faire ?\",\"url\":\"https:\\\/\\\/www.violencequefaire.ch\\\/es\\\/\",\"logo\":{\"@type\":\"ImageObject\",\"inLanguage\":\"es\",\"@id\":\"https:\\\/\\\/www.violencequefaire.ch\\\/es\\\/#\\\/schema\\\/logo\\\/image\\\/\",\"url\":\"https:\\\/\\\/www.violencequefaire.ch\\\/wp-content\\\/uploads\\\/2022\\\/04\\\/VQF_LOGO_neutre.jpg\",\"contentUrl\":\"https:\\\/\\\/www.violencequefaire.ch\\\/wp-content\\\/uploads\\\/2022\\\/04\\\/VQF_LOGO_neutre.jpg\",\"width\":253,\"height\":376,\"caption\":\"Violence que faire ?\"},\"image\":{\"@id\":\"https:\\\/\\\/www.violencequefaire.ch\\\/es\\\/#\\\/schema\\\/logo\\\/image\\\/\"}}]}<\/script>\n<!-- \/ Yoast SEO plugin. -->","yoast_head_json":{"title":"LGBTIQA+ &#8226; Violence que faire ?","robots":{"index":"index","follow":"follow","max-snippet":"max-snippet:-1","max-image-preview":"max-image-preview:large","max-video-preview":"max-video-preview:-1"},"canonical":"https:\/\/www.violencequefaire.ch\/es\/lgbtiq\/","og_locale":"es_ES","og_type":"article","og_title":"LGBTIQA+ &#8226; Violence que faire ?","og_description":"[vc_row][vc_column][\/vc_column][\/vc_row]","og_url":"https:\/\/www.violencequefaire.ch\/es\/lgbtiq\/","og_site_name":"Violence que faire ?","article_modified_time":"2025-10-29T16:04:00+00:00","twitter_card":"summary_large_image","twitter_misc":{"Tiempo de lectura":"1 minuto"},"schema":{"@context":"https:\/\/schema.org","@graph":[{"@type":"WebPage","@id":"https:\/\/www.violencequefaire.ch\/es\/lgbtiq\/","url":"https:\/\/www.violencequefaire.ch\/es\/lgbtiq\/","name":"LGBTIQA+ &#8226; Violence que faire ?","isPartOf":{"@id":"https:\/\/www.violencequefaire.ch\/es\/#website"},"datePublished":"2022-03-25T14:06:35+00:00","dateModified":"2025-10-29T16:04:00+00:00","breadcrumb":{"@id":"https:\/\/www.violencequefaire.ch\/es\/lgbtiq\/#breadcrumb"},"inLanguage":"es","potentialAction":[{"@type":"ReadAction","target":["https:\/\/www.violencequefaire.ch\/es\/lgbtiq\/"]}]},{"@type":"BreadcrumbList","@id":"https:\/\/www.violencequefaire.ch\/es\/lgbtiq\/#breadcrumb","itemListElement":[{"@type":"ListItem","position":1,"name":"Inicio","item":"https:\/\/www.violencequefaire.ch\/es\/"},{"@type":"ListItem","position":2,"name":"LGBTIQA+"}]},{"@type":"WebSite","@id":"https:\/\/www.violencequefaire.ch\/es\/#website","url":"https:\/\/www.violencequefaire.ch\/es\/","name":"Violence que faire","description":"Des sp\u00e9cialistes r\u00e9pondent personnellement \u00e0 vos questions anonymes sur la violence au sein du couple.","publisher":{"@id":"https:\/\/www.violencequefaire.ch\/es\/#organization"},"alternateName":"Violenza Cosa Fare","potentialAction":[{"@type":"SearchAction","target":{"@type":"EntryPoint","urlTemplate":"https:\/\/www.violencequefaire.ch\/es\/?s={search_term_string}"},"query-input":{"@type":"PropertyValueSpecification","valueRequired":true,"valueName":"search_term_string"}}],"inLanguage":"es"},{"@type":"Organization","@id":"https:\/\/www.violencequefaire.ch\/es\/#organization","name":"Violence que faire ?","url":"https:\/\/www.violencequefaire.ch\/es\/","logo":{"@type":"ImageObject","inLanguage":"es","@id":"https:\/\/www.violencequefaire.ch\/es\/#\/schema\/logo\/image\/","url":"https:\/\/www.violencequefaire.ch\/wp-content\/uploads\/2022\/04\/VQF_LOGO_neutre.jpg","contentUrl":"https:\/\/www.violencequefaire.ch\/wp-content\/uploads\/2022\/04\/VQF_LOGO_neutre.jpg","width":253,"height":376,"caption":"Violence que faire ?"},"image":{"@id":"https:\/\/www.violencequefaire.ch\/es\/#\/schema\/logo\/image\/"}}]}},"_links":{"self":[{"href":"https:\/\/www.violencequefaire.ch\/es\/wp-json\/wp\/v2\/pages\/11108","targetHints":{"allow":["GET"]}}],"collection":[{"href":"https:\/\/www.violencequefaire.ch\/es\/wp-json\/wp\/v2\/pages"}],"about":[{"href":"https:\/\/www.violencequefaire.ch\/es\/wp-json\/wp\/v2\/types\/page"}],"author":[{"embeddable":true,"href":"https:\/\/www.violencequefaire.ch\/es\/wp-json\/wp\/v2\/users\/16"}],"replies":[{"embeddable":true,"href":"https:\/\/www.violencequefaire.ch\/es\/wp-json\/wp\/v2\/comments?post=11108"}],"version-history":[{"count":4,"href":"https:\/\/www.violencequefaire.ch\/es\/wp-json\/wp\/v2\/pages\/11108\/revisions"}],"predecessor-version":[{"id":12046,"href":"https:\/\/www.violencequefaire.ch\/es\/wp-json\/wp\/v2\/pages\/11108\/revisions\/12046"}],"wp:attachment":[{"href":"https:\/\/www.violencequefaire.ch\/es\/wp-json\/wp\/v2\/media?parent=11108"}],"curies":[{"name":"wp","href":"https:\/\/api.w.org\/{rel}","templated":true}]}}