{"id":9222,"date":"2022-03-24T12:21:11","date_gmt":"2022-03-24T11:21:11","guid":{"rendered":"https:\/\/www.violencequefaire.ch\/podcasts\/"},"modified":"2024-12-23T14:58:29","modified_gmt":"2024-12-23T13:58:29","slug":"podcast-domestic-abuse-violence","status":"publish","type":"page","link":"https:\/\/www.violencequefaire.ch\/en\/podcast-domestic-abuse-violence\/","title":{"rendered":"Podcast"},"content":{"rendered":"<div class=\"wpb-content-wrapper\"><p>[vc_row][vc_column]<section class='vqf_section_block text_n_media_block'><div class='vqf_container'><div class='vqf_row'><div class='vqf_full_col'><h2>POUSSI\u00c8RE (DUST)<\/h2><\/div><div><div class='vqf_fixed_width_text'><p><span data-contrast=\"auto\">In 2021, on the occasion of its 15th anniversary, the association <\/span><span data-contrast=\"auto\">VIOLENCE QUE FAIRE <\/span><span data-contrast=\"auto\">created and launched the public awareness podcast Poussi\u00e8re.<\/span><span data-ccp-props=\"{&quot;201341983&quot;:0,&quot;335559739&quot;:160,&quot;335559740&quot;:259}\">\u00a0<\/span><\/p><br \/>\n<p><span data-contrast=\"auto\">The aim of the podcast is to give a voice to survivors of domestic abuse and combine their stories with contributions from experts in the field. Each episode is approximately 15 minutes long and focuses on a topic related to domestic abuse. Poussi\u00e8re aims to raise awareness of the different types of domestic abuse<\/span><span data-contrast=\"auto\"> such as <\/span><span data-contrast=\"auto\">physical, economic, psychological and sexual<\/span><span data-contrast=\"auto\">,<\/span><span data-contrast=\"auto\"> and the specific issues involved. All episodes of the Poussi\u00e8re podcast are available on this page<\/span><span data-contrast=\"auto\"> and it <\/span><span data-contrast=\"auto\">is only available in French.\u00a0<\/span><\/p><\/div><\/div><\/div><div class='vqf_accordion_block'><div class='accordion_item'><div class='accordion_header'><span class='title'>Why call it 'Dust' (Poussi\u00e8re)? <\/span><\/div><div class='accordion_body'><div class='acc_body_inner'><div class='vqf_fixed_width_text'><p>Dust is made up of the microfibres of everything in our daily lives. It accumulates unnoticed but by the time it becomes visible, it\u2019s formed a large pile. A single fibre of dust measures less than 500 micrometres, but when it builds up it can quickly cover large areas. <br \/>\n<br \/>\nLike dust, domestic abuse is gradual and often hidden. Abuse can creep into a relationship that started off well. <\/p><\/div><\/div><\/div><\/div><div class='accordion_item'><div class='accordion_header'><span class='title'>Why does VIOLENCE QUE FAIRE exist? <\/span><\/div><div class='accordion_body'><div class='acc_body_inner'><div class='vqf_fixed_width_text'><p>In Switzerland, one woman in five is physically and\/or sexually abused by her partner at some point in her life. Approximately 40% suffer psychological abuse (source: study by Gillioz et al. 1997, page 10 of BFEG information sheet A4). In 2020, the police recorded 20,123 domestic violence offences, including 89 homicides or attempted homicides. The vast majority (73.5%) of these offences were committed within a current or former relationship and the majority of victims were women (current couple: 76.1%, former couple: 78.7%). Although these statistics show that the majority of domestic violence victims are women, men or non-binary people can also be victims, just as women or non-binary people can be perpetrators. <br \/>\nThe website www.violencequefaire.ch and its online counselling service are intended for anyone living in French-speaking Switzerland who is confronted with domestic abuse, regardless of age, sexual orientation or gender identity. <\/p><\/div><\/div><\/div><\/div><\/div><\/div><\/section>[\/vc_column][\/vc_row][vc_row][vc_column]<section class='vqf_section_block'><div class='vqf_container'><div class='vqf_row'><div class='vqf_full_col'><h2><\/h2><div class='podcast_row'><div class='podcast_col'><div class='podcast_item'><a href='https:\/\/www.violencequefaire.ch\/en\/podcast\/episode-1-violences-invisibles-les-violences-psychologiques-et-economiques\/'><\/a><div class='bg_layer'><img src='https:\/\/www.violencequefaire.ch\/wp-content\/uploads\/2022\/04\/episode1_couverture.jpg' alt=''><\/div><div class='inner'><div class='img_block'><img src='https:\/\/www.violencequefaire.ch\/wp-content\/uploads\/2022\/04\/episode1_couverture.jpg' alt=''><\/div><div class='podcast_info'><span class='episode_name'>EPISODE 1 <\/span><h5 class='episode_title'>INVISIBLE ABUSE<\/h5><span class='podcast_author'><strong>Psychological and economic abuse<\/strong><br \/>\n<br \/>\nExpert: Emmanuel Escard<\/span><\/div><\/div><\/div><\/div><div class='podcast_col'><div class='podcast_item'><a href='https:\/\/www.violencequefaire.ch\/en\/podcast\/episode-3-face-a-la-justice-2\/'><\/a><div class='bg_layer'><img src='https:\/\/www.violencequefaire.ch\/wp-content\/uploads\/2022\/04\/episode2_couverture.jpg' alt=''><\/div><div class='inner'><div class='img_block'><img src='https:\/\/www.violencequefaire.ch\/wp-content\/uploads\/2022\/04\/episode2_couverture.jpg' alt=''><\/div><div class='podcast_info'><span class='episode_name'>EPISODE 2 <\/span><h5 class='episode_title'>SHOCK<\/h5><span class='podcast_author'><strong>Physical and sexual abuse<\/strong><br \/>\n<br \/>\nExpert: Aline Cuche<\/span><\/div><\/div><\/div><\/div><div class='podcast_col'><div class='podcast_item'><a href='https:\/\/www.violencequefaire.ch\/en\/podcast\/278\/'><\/a><div class='bg_layer'><img src='https:\/\/www.violencequefaire.ch\/wp-content\/uploads\/2022\/04\/episode3_couverture.jpg' alt=''><\/div><div class='inner'><div class='img_block'><img src='https:\/\/www.violencequefaire.ch\/wp-content\/uploads\/2022\/04\/episode3_couverture.jpg' alt=''><\/div><div class='podcast_info'><span class='episode_name'>EPISODE 3 <\/span><h5 class='episode_title'>COURT PROCEEDINGS<\/h5><span class='podcast_author'><strong>Domestic abuse under Swiss law<\/strong><br \/>\n<br \/>\nExpert: Martine Lachat Clerc<\/span><\/div><\/div><\/div><\/div><div class='podcast_col'><div class='podcast_item'><a href='https:\/\/www.violencequefaire.ch\/en\/podcast\/episode-3-face-a-la-justice\/'><\/a><div class='bg_layer'><img src='https:\/\/www.violencequefaire.ch\/wp-content\/uploads\/2022\/04\/episode4_couverture.jpg' alt=''><\/div><div class='inner'><div class='img_block'><img src='https:\/\/www.violencequefaire.ch\/wp-content\/uploads\/2022\/04\/episode4_couverture.jpg' alt=''><\/div><div class='podcast_info'><span class='episode_name'>EPISODE 4 <\/span><h5 class='episode_title'>A CHILDHOOD IN LIMBO<\/h5><span class='podcast_author'><strong>The impact of domestic abuse on children<\/strong><br \/>\n<br \/>\nExpert: Philippe Bigler<\/span><\/div><\/div><\/div><\/div><div class='podcast_col'><div class='podcast_item'><a href='https:\/\/www.violencequefaire.ch\/en\/podcast\/episode-5-genre-et-violences-partie-1\/'><\/a><div class='bg_layer'><img src='https:\/\/www.violencequefaire.ch\/wp-content\/uploads\/2022\/04\/episode5_couverture.jpg' alt=''><\/div><div class='inner'><div class='img_block'><img src='https:\/\/www.violencequefaire.ch\/wp-content\/uploads\/2022\/04\/episode5_couverture.jpg' alt=''><\/div><div class='podcast_info'><span class='episode_name'>EPISODE 5 <\/span><h5 class='episode_title'>GENDER AND ABUSE (PART 1)<\/h5><span class='podcast_author'><strong>Male-female power dynamics<\/strong><br \/>\n<br \/>\nExpert: Marta Roca i Escoda<\/span><\/div><\/div><\/div><\/div><div class='podcast_col'><div class='podcast_item'><a href='https:\/\/www.violencequefaire.ch\/en\/podcast\/episode-6-genre-et-violences-partie-2\/'><\/a><div class='bg_layer'><img src='https:\/\/www.violencequefaire.ch\/wp-content\/uploads\/2022\/04\/episode6_couverture.jpg' alt=''><\/div><div class='inner'><div class='img_block'><img src='https:\/\/www.violencequefaire.ch\/wp-content\/uploads\/2022\/04\/episode6_couverture.jpg' alt=''><\/div><div class='podcast_info'><span class='episode_name'>EPISODE 6 <\/span><h5 class='episode_title'>GENDER AND ABUSE (PART 2)<\/h5><span class='podcast_author'><strong>Abuse in LGBTQI+ relationships<\/strong><br \/>\n<br \/>\nExpert: Amanda Terzidis<\/span><\/div><\/div><\/div><\/div><div class='podcast_col'><div class='podcast_item'><a href='https:\/\/www.violencequefaire.ch\/en\/podcast\/episode-7-violences-et-migration\/'><\/a><div class='bg_layer'><img src='https:\/\/www.violencequefaire.ch\/wp-content\/uploads\/2022\/04\/episode7_couverture.jpg' alt=''><\/div><div class='inner'><div class='img_block'><img src='https:\/\/www.violencequefaire.ch\/wp-content\/uploads\/2022\/04\/episode7_couverture.jpg' alt=''><\/div><div class='podcast_info'><span class='episode_name'>EPISODE 7 <\/span><h5 class='episode_title'>ABUSE AND MIGRATION<\/h5><span class='podcast_author'><strong>If you are an immigrant and a victim of domestic abuse, what help is available?<\/strong><br \/>\n<br \/>\nExpert: Chlo\u00e9 Maire<\/span><\/div><\/div><\/div><\/div><div class='podcast_col'><div class='podcast_item'><a href='https:\/\/www.violencequefaire.ch\/en\/podcast\/episode-8-desapprendre-la-violence\/'><\/a><div class='bg_layer'><img src='https:\/\/www.violencequefaire.ch\/wp-content\/uploads\/2022\/04\/episode8_couverture.jpg' alt=''><\/div><div class='inner'><div class='img_block'><img src='https:\/\/www.violencequefaire.ch\/wp-content\/uploads\/2022\/04\/episode8_couverture.jpg' alt=''><\/div><div class='podcast_info'><span class='episode_name'>EPISODE 8 <\/span><h5 class='episode_title'>UNLEARNING VIOLENT BEHAVIOUR<\/h5><span class='podcast_author'><strong>Resorting to domestic abuse: How can we change?<\/strong><br \/>\n<br \/>\nExpert: Annick Bavaud<\/span><\/div><\/div><\/div><\/div><div class='podcast_col'><div class='podcast_item'><a href='https:\/\/www.violencequefaire.ch\/en\/podcast\/episode-9-violences-et-handicap\/'><\/a><div class='bg_layer'><img src='https:\/\/www.violencequefaire.ch\/wp-content\/uploads\/2025\/10\/Post-carre.png' alt=''><\/div><div class='inner'><div class='img_block'><img src='https:\/\/www.violencequefaire.ch\/wp-content\/uploads\/2025\/10\/Post-carre.png' alt=''><\/div><div class='podcast_info'><span class='episode_name'>\u00c9PISODE 9<\/span><h5 class='episode_title'>VIOLENCE AND DISABILITY<\/h5><span class='podcast_author'><p><b>\u00a0VIOLENCES ET HANDICAP- LA VIOLENCE AU SEIN DU COUPLE CHEZ LES PERSONNES EN SITUATION DE HANDICAP<\/b><\/p><br \/>\n<p>Experte: Giada Besomi<\/p><br \/>\n<br \/>\n<!-- wp:paragraph --><br \/>\n<p><\/p><br \/>\n<!-- \/wp:paragraph --><\/span><\/div><\/div><\/div><\/div><\/div><\/div><\/div><\/div><\/section>[\/vc_column][\/vc_row]<\/p>\n<\/div>","protected":false},"excerpt":{"rendered":"<p>[vc_row][vc_column][\/vc_column][\/vc_row][vc_row][vc_column][\/vc_column][\/vc_row]<\/p>\n","protected":false},"author":16,"featured_media":0,"parent":0,"menu_order":0,"comment_status":"closed","ping_status":"closed","template":"","meta":{"_acf_changed":false,"footnotes":""},"class_list":["post-9222","page","type-page","status-publish","hentry"],"acf":[],"yoast_head":"<!-- This site is optimized with the Yoast SEO plugin v27.3 - https:\/\/yoast.com\/product\/yoast-seo-wordpress\/ -->\n<title>Podcast &#8226; Violence que faire ?<\/title>\n<meta name=\"description\" content=\"Discover our information and awareness-raising podcast on domestic violence. 8 episodes dealing with 8 specific themes\" \/>\n<meta name=\"robots\" content=\"index, follow, max-snippet:-1, max-image-preview:large, max-video-preview:-1\" \/>\n<link rel=\"canonical\" href=\"https:\/\/www.violencequefaire.ch\/en\/podcast-domestic-abuse-violence\/\" \/>\n<meta property=\"og:locale\" content=\"en_US\" \/>\n<meta property=\"og:type\" content=\"article\" \/>\n<meta property=\"og:title\" content=\"Podcast &#8226; Violence que faire ?\" \/>\n<meta property=\"og:description\" content=\"Discover our information and awareness-raising podcast on domestic violence. 8 episodes dealing with 8 specific themes\" \/>\n<meta property=\"og:url\" content=\"https:\/\/www.violencequefaire.ch\/en\/podcast-domestic-abuse-violence\/\" \/>\n<meta property=\"og:site_name\" content=\"Violence que faire ?\" \/>\n<meta property=\"article:modified_time\" content=\"2024-12-23T13:58:29+00:00\" \/>\n<meta name=\"twitter:card\" content=\"summary_large_image\" \/>\n<meta name=\"twitter:label1\" content=\"Est. reading time\" \/>\n\t<meta name=\"twitter:data1\" content=\"1 minute\" \/>\n<script type=\"application\/ld+json\" class=\"yoast-schema-graph\">{\"@context\":\"https:\\\/\\\/schema.org\",\"@graph\":[{\"@type\":\"WebPage\",\"@id\":\"https:\\\/\\\/www.violencequefaire.ch\\\/en\\\/podcast-domestic-abuse-violence\\\/\",\"url\":\"https:\\\/\\\/www.violencequefaire.ch\\\/en\\\/podcast-domestic-abuse-violence\\\/\",\"name\":\"Podcast &#8226; Violence que faire ?\",\"isPartOf\":{\"@id\":\"https:\\\/\\\/www.violencequefaire.ch\\\/en\\\/#website\"},\"datePublished\":\"2022-03-24T11:21:11+00:00\",\"dateModified\":\"2024-12-23T13:58:29+00:00\",\"description\":\"Discover our information and awareness-raising podcast on domestic violence. 8 episodes dealing with 8 specific themes\",\"breadcrumb\":{\"@id\":\"https:\\\/\\\/www.violencequefaire.ch\\\/en\\\/podcast-domestic-abuse-violence\\\/#breadcrumb\"},\"inLanguage\":\"en-US\",\"potentialAction\":[{\"@type\":\"ReadAction\",\"target\":[\"https:\\\/\\\/www.violencequefaire.ch\\\/en\\\/podcast-domestic-abuse-violence\\\/\"]}]},{\"@type\":\"BreadcrumbList\",\"@id\":\"https:\\\/\\\/www.violencequefaire.ch\\\/en\\\/podcast-domestic-abuse-violence\\\/#breadcrumb\",\"itemListElement\":[{\"@type\":\"ListItem\",\"position\":1,\"name\":\"Home\",\"item\":\"https:\\\/\\\/www.violencequefaire.ch\\\/en\\\/\"},{\"@type\":\"ListItem\",\"position\":2,\"name\":\"Podcast\"}]},{\"@type\":\"WebSite\",\"@id\":\"https:\\\/\\\/www.violencequefaire.ch\\\/en\\\/#website\",\"url\":\"https:\\\/\\\/www.violencequefaire.ch\\\/en\\\/\",\"name\":\"Violence que faire\",\"description\":\"Des sp\u00e9cialistes r\u00e9pondent personnellement \u00e0 vos questions anonymes sur la violence au sein du couple.\",\"publisher\":{\"@id\":\"https:\\\/\\\/www.violencequefaire.ch\\\/en\\\/#organization\"},\"alternateName\":\"Violenza Cosa Fare\",\"potentialAction\":[{\"@type\":\"SearchAction\",\"target\":{\"@type\":\"EntryPoint\",\"urlTemplate\":\"https:\\\/\\\/www.violencequefaire.ch\\\/en\\\/?s={search_term_string}\"},\"query-input\":{\"@type\":\"PropertyValueSpecification\",\"valueRequired\":true,\"valueName\":\"search_term_string\"}}],\"inLanguage\":\"en-US\"},{\"@type\":\"Organization\",\"@id\":\"https:\\\/\\\/www.violencequefaire.ch\\\/en\\\/#organization\",\"name\":\"Violence que faire ?\",\"url\":\"https:\\\/\\\/www.violencequefaire.ch\\\/en\\\/\",\"logo\":{\"@type\":\"ImageObject\",\"inLanguage\":\"en-US\",\"@id\":\"https:\\\/\\\/www.violencequefaire.ch\\\/en\\\/#\\\/schema\\\/logo\\\/image\\\/\",\"url\":\"https:\\\/\\\/www.violencequefaire.ch\\\/wp-content\\\/uploads\\\/2022\\\/04\\\/VQF_LOGO_neutre.jpg\",\"contentUrl\":\"https:\\\/\\\/www.violencequefaire.ch\\\/wp-content\\\/uploads\\\/2022\\\/04\\\/VQF_LOGO_neutre.jpg\",\"width\":253,\"height\":376,\"caption\":\"Violence que faire ?\"},\"image\":{\"@id\":\"https:\\\/\\\/www.violencequefaire.ch\\\/en\\\/#\\\/schema\\\/logo\\\/image\\\/\"}}]}<\/script>\n<!-- \/ Yoast SEO plugin. -->","yoast_head_json":{"title":"Podcast &#8226; Violence que faire ?","description":"Discover our information and awareness-raising podcast on domestic violence. 8 episodes dealing with 8 specific themes","robots":{"index":"index","follow":"follow","max-snippet":"max-snippet:-1","max-image-preview":"max-image-preview:large","max-video-preview":"max-video-preview:-1"},"canonical":"https:\/\/www.violencequefaire.ch\/en\/podcast-domestic-abuse-violence\/","og_locale":"en_US","og_type":"article","og_title":"Podcast &#8226; Violence que faire ?","og_description":"Discover our information and awareness-raising podcast on domestic violence. 8 episodes dealing with 8 specific themes","og_url":"https:\/\/www.violencequefaire.ch\/en\/podcast-domestic-abuse-violence\/","og_site_name":"Violence que faire ?","article_modified_time":"2024-12-23T13:58:29+00:00","twitter_card":"summary_large_image","twitter_misc":{"Est. reading time":"1 minute"},"schema":{"@context":"https:\/\/schema.org","@graph":[{"@type":"WebPage","@id":"https:\/\/www.violencequefaire.ch\/en\/podcast-domestic-abuse-violence\/","url":"https:\/\/www.violencequefaire.ch\/en\/podcast-domestic-abuse-violence\/","name":"Podcast &#8226; Violence que faire ?","isPartOf":{"@id":"https:\/\/www.violencequefaire.ch\/en\/#website"},"datePublished":"2022-03-24T11:21:11+00:00","dateModified":"2024-12-23T13:58:29+00:00","description":"Discover our information and awareness-raising podcast on domestic violence. 8 episodes dealing with 8 specific themes","breadcrumb":{"@id":"https:\/\/www.violencequefaire.ch\/en\/podcast-domestic-abuse-violence\/#breadcrumb"},"inLanguage":"en-US","potentialAction":[{"@type":"ReadAction","target":["https:\/\/www.violencequefaire.ch\/en\/podcast-domestic-abuse-violence\/"]}]},{"@type":"BreadcrumbList","@id":"https:\/\/www.violencequefaire.ch\/en\/podcast-domestic-abuse-violence\/#breadcrumb","itemListElement":[{"@type":"ListItem","position":1,"name":"Home","item":"https:\/\/www.violencequefaire.ch\/en\/"},{"@type":"ListItem","position":2,"name":"Podcast"}]},{"@type":"WebSite","@id":"https:\/\/www.violencequefaire.ch\/en\/#website","url":"https:\/\/www.violencequefaire.ch\/en\/","name":"Violence que faire","description":"Des sp\u00e9cialistes r\u00e9pondent personnellement \u00e0 vos questions anonymes sur la violence au sein du couple.","publisher":{"@id":"https:\/\/www.violencequefaire.ch\/en\/#organization"},"alternateName":"Violenza Cosa Fare","potentialAction":[{"@type":"SearchAction","target":{"@type":"EntryPoint","urlTemplate":"https:\/\/www.violencequefaire.ch\/en\/?s={search_term_string}"},"query-input":{"@type":"PropertyValueSpecification","valueRequired":true,"valueName":"search_term_string"}}],"inLanguage":"en-US"},{"@type":"Organization","@id":"https:\/\/www.violencequefaire.ch\/en\/#organization","name":"Violence que faire ?","url":"https:\/\/www.violencequefaire.ch\/en\/","logo":{"@type":"ImageObject","inLanguage":"en-US","@id":"https:\/\/www.violencequefaire.ch\/en\/#\/schema\/logo\/image\/","url":"https:\/\/www.violencequefaire.ch\/wp-content\/uploads\/2022\/04\/VQF_LOGO_neutre.jpg","contentUrl":"https:\/\/www.violencequefaire.ch\/wp-content\/uploads\/2022\/04\/VQF_LOGO_neutre.jpg","width":253,"height":376,"caption":"Violence que faire ?"},"image":{"@id":"https:\/\/www.violencequefaire.ch\/en\/#\/schema\/logo\/image\/"}}]}},"_links":{"self":[{"href":"https:\/\/www.violencequefaire.ch\/en\/wp-json\/wp\/v2\/pages\/9222","targetHints":{"allow":["GET"]}}],"collection":[{"href":"https:\/\/www.violencequefaire.ch\/en\/wp-json\/wp\/v2\/pages"}],"about":[{"href":"https:\/\/www.violencequefaire.ch\/en\/wp-json\/wp\/v2\/types\/page"}],"author":[{"embeddable":true,"href":"https:\/\/www.violencequefaire.ch\/en\/wp-json\/wp\/v2\/users\/16"}],"replies":[{"embeddable":true,"href":"https:\/\/www.violencequefaire.ch\/en\/wp-json\/wp\/v2\/comments?post=9222"}],"version-history":[{"count":3,"href":"https:\/\/www.violencequefaire.ch\/en\/wp-json\/wp\/v2\/pages\/9222\/revisions"}],"predecessor-version":[{"id":10216,"href":"https:\/\/www.violencequefaire.ch\/en\/wp-json\/wp\/v2\/pages\/9222\/revisions\/10216"}],"wp:attachment":[{"href":"https:\/\/www.violencequefaire.ch\/en\/wp-json\/wp\/v2\/media?parent=9222"}],"curies":[{"name":"wp","href":"https:\/\/api.w.org\/{rel}","templated":true}]}}