{"id":8738,"date":"2022-03-24T12:03:09","date_gmt":"2022-03-24T11:03:09","guid":{"rendered":"https:\/\/www.violencequefaire.ch\/trouver-de-laide\/"},"modified":"2025-01-22T16:53:17","modified_gmt":"2025-01-22T15:53:17","slug":"how-to-find-the-help-you-need","status":"publish","type":"page","link":"https:\/\/www.violencequefaire.ch\/en\/how-to-find-the-help-you-need\/","title":{"rendered":"How to find the help you need"},"content":{"rendered":"<div class=\"wpb-content-wrapper\"><p>[vc_row][vc_column]<form method='GET'><section class='vqf_section_block block_background'><div class='vqf_container'><div class='vqf_row'><div class='vqf_full_col'><div class='filter_row'><div class='vqf_filter_dropdown'><select name='canton' class='form-control'><option value='0'>canton<\/option><option value='43'>Bern<\/option><option value='44'>Fribourg<\/option><option value='45'>Geneva<\/option><option value='47'>Jura<\/option><option value='46'>Neuch\u00e2tel<\/option><option value='57'>Switzerland<\/option><option value='56'>Ticino<\/option><option value='33'>Valais<\/option><option value='32'>Vaud<\/option><\/select><\/div><div class='vqf_filter_dropdown'><select name='type' class='form-control'><option value='0'>Relationship to violence<\/option><option value='227'>You suffer\/know someone who suffers from intimate partner violence<\/option><option value='228'>Do you use\/know someone who uses intimate partner violence?<\/option><option value='201'>You are faced with a situation of forced marriage<\/option><option value='202'>You are, or you know, a young person (-18) who is experiencing domestic abuse<\/option><\/select><\/div><div class='vqf_filter_dropdown'><select name='type_aide' class='form-control'><option value='0'>type of help<\/option><option value='141'>Interview, consultation, social support<\/option><option value='142'>Listening and advice<\/option><option value='143'>Medical report<\/option><option value='144'>Psychotherapeutic consultation<\/option><option value='226'>Other<\/option><option value='51'>Hosting<\/option><option value='139'>Legal advice<\/option><option value='140'>Legal advice on your residence permit<\/option><\/select><\/div><div class='vqf_filter_search'><input type='text' class='form-control' name='mots-cles' placeholder='Search by keyword  ' value=''><button><img src='https:\/\/www.violencequefaire.ch\/wp-content\/themes\/vqf\/assets\/img\/icons\/search_warning.svg' alt=''><\/button><\/div><div class='vqf_filter_submit'><input type='submit' class='button' value='Validate' \/><\/div><\/div><\/form><div class='vqf_accordion_block'><div class='accordion_item'><div class='accordion_header'><span class=\"title\">Bern<\/span><\/div><div class='accordion_body'><div class='acc_body_inner'><div class='vqf_fixed_width_text'><div class=\"faq-canton\"><strong>Beratungsstelle f\u00fcr sexuelle Gesundheit und Familienplanung \/ Service de consultation en sant\u00e9 sexuelle et planning familial<\/strong><br \/>Spitalzentrum Biel<br \/>\r\nFrauenklinik<br \/>\r\nVogelsang 84<br \/>\r\n2501 Biel<br \/>\r\n+41 32 324 24 15<br \/>\r\n<a href=\"mailto:familienplanung@szb-chb.ch\">familienplanung@szb-chb.ch<\/a><br \/>\r\n<a href=\"https:\/\/www.spitalzentrum-biel.ch\/patienten-besucher\/medizinisches-angebot\/gynaekologie\/angebot\/beratungsstelle-fuer-sexuelle-gesundheit\/\" target=\"_blank\" rel=\"noopener\">site web<\/a><\/div><div class=\"faq-canton\"><strong>Bureau de l&#8217;\u00e9galit\u00e9 entre la femme et l&#8217;homme (BEFH) \/ Kantonale Fachstelle f\u00fcr die Gleichstellung von Frauen und M\u00e4nnern (FGS)<\/strong><br \/>Postgasse 68<br \/>\r\n3000 Bern<br \/>\r\n+41 31 633 75 77<br \/>\r\n<a href=\"mailto:info.fgs@sta.be.ch\">info.fgs@sta.be.ch<\/a><br \/>\r\n<a href=\"http:\/\/www.be.ch\/egalite\" target=\"_blank\" rel=\"noopener\">site web<\/a><\/div><div class=\"faq-canton\"><strong>Caritas &#8211; Bern<\/strong><br \/>Eigerplatz 5<br \/>\r\nPostfach<br \/>\r\n3000 Bern 14<br \/>\r\n+41 31 378 60 00<br \/>\r\n<a href=\"mailto:info@caritas-bern.ch\">info@caritas-bern.ch<\/a><br \/>\r\n<a href=\"https:\/\/www.caritas-bern.ch\/\" target=\"_blank\" rel=\"noopener\">site web<\/a><\/div><div class=\"faq-canton\"><strong>Centres LAVI &#8211; Berne \/ Beratungstelle Opferhilfe Bern<\/strong><br \/><a href=\"mailto:beratungsstelle@opferhilfe-bern.ch\">beratungsstelle@opferhilfe-bern.ch<\/a><br \/>\r\n<a href=\"https:\/\/www.opferhilfe-bern.ch\/de\" target=\"_blank\" rel=\"noopener\">Webseite<\/a><br \/>\r\n<br \/>\r\nBeratungstelle Opferhilfe Bern<br \/>\r\nSeftigenstrasse 41<br \/>\r\n3007 Bern<br \/>\r\n+41 31 370 30 70<br \/>\r\n<br \/>\r\nService d\u2019aide aux victimes Bienne<br \/>\r\nRue de l\u2019argent 4<br \/>\r\n2502 Bienne<br \/>\r\n+41 32 322 56 33<br \/>\r\n<a href=\"mailto:sav@centrelavi-bienne.ch\">sav@centrelavi-bienne.ch<\/a><\/div><div class=\"faq-canton\"><strong>Centre de sant\u00e9 sexuelle &#8211; Planning familial<\/strong><br \/>H\u00f4pital du Jura Bernois<br \/>\r\nM\u00e9dicentre Tavannes<br \/>\r\nGrand-rue 32<br \/>\r\nCP 249<br \/>\r\n2710 Tavannes<br \/>\r\n+41 32 482 67 37<br \/>\r\n<a href=\"mailto:sante-sexuelle@hjbe.ch\">sante-sexuelle@hjbe.ch<\/a><br \/>\r\n<a href=\"http:\/\/www.medicentre-tavannes.ch\/prestationsmedicales\/m%C3%A9decine-sp%C3%A9cialis%C3%A9e.html\" target=\"_blank\" rel=\"noopener\">site web<\/a><\/div><div class=\"faq-canton\"><strong>CSP Berne-Jura<\/strong><br \/>Rue Centrale 59<br \/>\r\n2740 Moutier<br \/>\r\n+41 32 493 32 21<br \/>\r\n<a href=\"mailto:info@csp-beju.ch\">info@csp-beju.ch<\/a><br \/>\r\n<a href=\"https:\/\/csp.ch\/berne-jura\/\" target=\"_blank\" rel=\"noopener\">site web<\/a><\/div><div class=\"faq-canton\"><strong>Fachstelle Gewalt Bern Information, Consultation, Th\u00e9rapie<\/strong><br \/>Seilerstrasse 25<br \/>\r\n3001 Bern<br \/>\r\n+41 31 381 75 06<br \/>\r\n<a href=\"mailto:info@fachstellegewalt.ch\">info@fachstellegewalt.ch<\/a><br \/>\r\n<a href=\"https:\/\/www.fachstellegewalt.ch\/fr\/\" target=\"_blank\" rel=\"noopener\">Webseite<\/a><\/div><div class=\"faq-canton\"><strong>Frauenzentrale BE<\/strong><br \/>Zeughausgasse 14<br \/>\r\n3011 Bern<br \/>\r\n+41 31 311 72 02<br \/>\r\n<a href=\"mailto:sekretariat@frauenzentralebern.ch\">sekretariat@frauenzentralebern.ch<\/a><br \/>\r\n<a href=\"http:\/\/www.frauenzentralebern.ch\/\" target=\"_blank\" rel=\"noopener\">Webseite<\/a><\/div><div class=\"faq-canton\"><strong>Lantana &#8211; Fachstelle Opferhilfe bei sexueller Gewalt<\/strong><br \/>Aarbergergasse 36<br \/>\r\n3011 Bern<br \/>\r\n+41 31 313 14 00<br \/>\r\n<a href=\"mailto:info@stiftung-gegen-gewalt.ch\">info@stiftung-gegen-gewalt.ch<\/a><br \/>\r\n<a href=\"http:\/\/stiftung-gegen-gewalt.ch\/wsp\/de\/fachstellen\/lantanabern\/\" target=\"_blank\" rel=\"noopener\">Webseite<\/a><\/div><div class=\"faq-canton\"><strong>Office cantonal des mineurs \/ Kantonales Jugendamt<\/strong><br \/>Hallerstrasse 5<br \/>\r\nCP 2592<br \/>\r\n3001 Berne<br \/>\r\n+41 31 633 76 33<br \/>\r\n<a href=\"mailto:kja@jgk.be.ch\">kja@jgk.be.ch<\/a><br \/>\r\n<a href=\"https:\/\/www.jgk.be.ch\/jgk\/fr\/index\/direktion\/organisation\/kja.html\" target=\"_blank\" rel=\"noopener\">site web<\/a><\/div><div class=\"faq-canton\"><strong>Service de contact de la police, pour les femmes victimes de violence sexuelle \/ Kontaktstelle der Polizei f\u00fcr F\u00e4lle von sexueller Gewalt gegen Frauen<\/strong><br \/>+41 31 332 77 77<br \/>\r\n<a href=\"https:\/\/www.police.be.ch\/police\/fr\/index\/Notfall\/notfall.html\" target=\"_blank\" rel=\"noopener\">site web<\/a><\/div><div class=\"faq-canton\"><strong>Service pour les auteur-e-s de violence conjugale (SAVC)<\/strong><br \/>CNP- Centre Neuch\u00e2telois de Psychiatrie<br \/>\r\nPr\u00e9fagier, CH- 2074 Marin-Epagnier<br \/>\r\n+41 58 717 40 11<br \/>\r\n<strong><a href=\"mailto:info@fondation-fava.ch\">savc@cnp.ch<\/a><\/strong><br \/>\r\n<a href=\"https:\/\/www.cnp.ch\/couples-et-familles\/\">site web<\/a><br \/>\r\n<br \/>\r\n&nbsp;<\/div><div class=\"faq-canton\"><strong>Solidarit\u00e9 femmes BIEL\/BIENNE &#038; REGION &#8211; Centre LAVI (centre de consultation et maison d\u2019accueil) pour femmes et enfants concern\u00e9-e-s par la violence domestique<\/strong><br \/>Rue du Contr\u00f4le 12<br \/>\r\n2503 Biel\/Bienne<br \/>\r\n+41 32 322 03 44<br \/>\r\n<a href=\"mailto:info@solfemmes.ch\">info@solfemmes.ch<\/a><br \/>\r\n<a href=\"http:\/\/www.solfemmes.ch\/\" target=\"_blank\" rel=\"noopener\">site web<\/a><\/div><div class=\"faq-canton\"><strong>Vista- Fachstelle Opferhilfe bei sexualisierter und h\u00e4uslicher Gewalt<\/strong><br \/>B\u00e4lliz 49<br \/>\r\n3600 Thun<br \/>\r\n+41 33 225 05 60<br \/>\r\n<a href=\"mailto:info@vista-thun.ch\">info@vista-thun.ch<\/a><br \/>\r\n<a href=\"http:\/\/stiftung-gegen-gewalt.ch\/wsp\/de\/fachstellen\/vista\/\">Webseite<\/a><\/div><div class=\"faq-canton\"><strong>Zentrum f\u00fcr sexuelle Gesundheit  Universit\u00e4tsklinik f\u00fcr Frauenheilkunde<\/strong><br \/>Theodor-Kocher-Haus<br \/>\r\nFriedb\u00fchlstrasse 19<br \/>\r\n3010 Bern<br \/>\r\n+41 31 632 12 60<br \/>\r\n<a href=\"http:\/\/www.frauenheilkunde.insel.ch\/de\/unser-angebot\/zentrum-fuer-sexuelle-gesundheit\/\" target=\"_blank\" rel=\"noopener\">Webseite<\/a><\/div><div class=\"faq-canton\"><strong>CSP Centre social protestant<\/strong><br \/>Rue Centrale 59<br \/>\r\n2740 Moutier<br \/>\r\n+41 32 493 32 21<br \/>\r\n<a href=\"mailto:info@csp-beju.ch\">info@csp-beju.ch<\/a><br \/>\r\n<a href=\"https:\/\/csp.ch\/berne-jura\/\" target=\"_blank\" rel=\"noopener\">site web<\/a><\/div><div class=\"faq-canton\"><strong>Appel d&#8217;Air &#8211; Pro Junior Arc jurassien<\/strong><br \/>Rue des Sablons 48<br \/>\r\n2000 Neuch\u00e2tel<br \/>\r\n+41 32 724 46 45<br \/>\r\n<a href=\"mailto:appeldair@proju-arc.ch\"><span class=\"ContentControl SCXW143742934 BCX2\" role=\"group\" aria-label=\"Contr\u00f4le de contenu de texte enrichi\"><span class=\"TextRun SCXW143742934 BCX2\" lang=\"FR-CH\" xml:lang=\"FR-CH\" data-contrast=\"auto\"><span class=\"NormalTextRun SCXW143742934 BCX2\">appeldair@proju-arc.ch<\/span><\/span><\/span><\/a><br \/>\r\n<a href=\"https:\/\/appel-dair.ch\">site web<\/a><\/div><div class=\"faq-canton\"><strong>Service pour Auteur-e-s de Violence Conjugale<\/strong><br \/>CNP<br \/>\r\n2074 Marin-Epagnier<br \/>\r\n+41 32 886 80 08<br \/>\r\n<a href=\"mailto:savc@cnp.ch\">savc@cnp.ch<\/a><br \/>\r\n<a href=\"https:\/\/www.cnp.ch\/soins-et-prestations\/adultes\/consultation-ambulatoire\/\" target=\"_blank\" rel=\"noopener\">site web<\/a><\/div><div class=\"faq-canton\"><strong>Groupe de protection de l&#8217;enfant \/ Kinderschutzgruppe &#8211; Inselspital Bern<\/strong><br \/>Kinderkliniken - Inselspital<br \/>\r\n3010 Bern<br \/>\r\n+41 31 632 94 86 (Sekretariat) \/ +41 31 632 21 11 (Notfall)<br \/>\r\n<a href=\"http:\/\/www.kinderklinik.insel.ch\/de\/unser-angebot\/kinderschutz\" target=\"_blank\" rel=\"noopener\">Webseite<\/a><\/div><div class=\"faq-canton\"><strong>ciao.ch<\/strong><br \/><a href=\"http:\/\/ciao.ch\" target=\"_blank\" rel=\"noopener\">site web<\/a><\/div><div class=\"faq-canton\"><strong>ont\u00e9coute.ch<\/strong><br \/><a href=\"http:\/\/www.ontecoute.ch\" target=\"_blank\" rel=\"noopener\">site web<\/a><\/div><div class=\"faq-canton\"><strong>Fondation AGNODICE \ud83c\udff3\ufe0f\u200d\ud83c\udf08<\/strong><br \/>La Fondation Agnodice accueille, oriente et conseille les mineur-e-x-s en transition ou en questionnement de genre, et propose un accompagnement familial autour de cette th\u00e9matique<br \/>\r\nAvenue de la Gare 17<br \/>\r\n1003 Lausanne<br \/>\r\n+41 79 855 78 42 (disponibilit\u00e9 aussi sur Whatsapp)<br \/>\r\n<a href=\"mailto:info@agnodice.ch\">info@agnodice.ch<\/a><br \/>\r\n<a href=\"https:\/\/agnodice.ch\/\" target=\"_blank\" rel=\"noopener\">site web<\/a><\/div><div class=\"faq-canton\"><strong>aide-aux-victimes.ch<\/strong><br \/>https:\/\/www.aide-aux-victimes.ch\/fr\/<\/div><\/div><\/div><\/div><\/div><div class='accordion_item'><div class='accordion_header'><span class=\"title\">Fribourg<\/span><\/div><div class='accordion_body'><div class='acc_body_inner'><div class='vqf_fixed_width_text'><div class=\"faq-canton\"><strong>Alter-Ego &#8211; Association pour la pr\u00e9vention de la maltraitance envers les personnes \u00e2g\u00e9es<\/strong><br \/>T\u00e9l. 0848 00 13 13<br \/>\r\n- FR, GE, JU, NE, TI, VD : lundi au vendredi de 9h \u00e0 12h et de 14h \u00e0 17h<br \/>\r\n- VS\u00a0: lundi au vendredi de 8h \u00e0 12h et de 13h30 \u00e0 17h<br \/>\r\n<a href=\"https:\/\/alter-ego.ch\/\" target=\"_blank\" rel=\"noopener\">www.alter-ego.ch<\/a><\/div><div class=\"faq-canton\"><strong>Bureau de l&#8217;\u00e9galit\u00e9 hommes-femmes et de la famille (BEF)<\/strong><br \/>Rue de la Poste 1<br \/>\r\n1701 Fribourg<br \/>\r\n026 305 23 86<br \/>\r\n<a href=\"http:\/\/www.fr.ch\/bef\" target=\"_blank\" rel=\"noopener\">www.fr.ch\/bef<\/a><\/div><div class=\"faq-canton\"><strong>Caritas &#8211; Fribourg<\/strong><br \/>Rue de Morat 8<br \/>\r\n1700 Fribourg<br \/>\r\n+41 26 321 18 54<br \/>\r\n<a href=\"mailto:info@caritas-fr.ch\">info@caritas-fr.ch<\/a><br \/>\r\n<a href=\"http:\/\/www.caritas-fribourg.ch\/\" target=\"_blank\" rel=\"noopener\">site web<\/a><\/div><div class=\"faq-canton\"><strong>Centre de consultation LAVI pour enfants et hommes &#8211; Fribourg<\/strong><br \/>Boulevard de P\u00e9rolles 18A<br \/>\r\nCP 1463<br \/>\r\n1701 Fribourg<br \/>\r\n+41 26 305 15 80<br \/>\r\n<a href=\"mailto:lavi-ohg@fr.ch\">lavi-ohg@fr.ch<\/a><br \/>\r\n<a href=\"https:\/\/www.fr.ch\/sej\/vie-quotidienne\/en-cas-de-difficultes\/centre-de-consultation-lavi-pour-enfants-hommes-et-victimes-de-la-circulation\" target=\"_blank\" rel=\"noopener\">site web<\/a><\/div><div class=\"faq-canton\"><strong>Centre de Contact Suisse-sse-s Immigr\u00e9-e-s \/ CCSI Fribourg<\/strong><br \/>Rue des Alpes 11<br \/>\r\n1701 Fribourg<br \/>\r\n+41 26 424 21 25<br \/>\r\n<a href=\"mailto:info@ccsi-fr.ch\">info@ccsi-fr.ch<\/a><br \/>\r\n<a href=\"https:\/\/ccsi-fr.ch\/\" target=\"_blank\" rel=\"noopener\">site web<\/a><\/div><div class=\"faq-canton\"><strong>Centre de p\u00e9dopsychiatrie (RFSM Fribourg)<\/strong><br \/>Chemin des Mazots 2<br \/>\r\n1700 Fribourg<br \/>\r\n+41 26 305 30 50<br \/>\r\n<a href=\"https:\/\/www.rfsm.ch\/nos-prestations\/enfants-et-adolescents\" target=\"_blank\" rel=\"noopener\">site web<\/a><\/div><div class=\"faq-canton\"><strong>espacefemmes-frauenraum<\/strong><br \/>Rue Saint-Pierre 10<br \/>\r\n1700 Fribourg<br \/>\r\n+41 26 424 59 24<br \/>\r\n<a href=\"mailto:info@espacefemmes.org\">info@espacefemmes.org<\/a><br \/>\r\n<a href=\"http:\/\/www.espacefemmes.org\/\" target=\"_blank\" rel=\"noopener\">site web<\/a><\/div><div class=\"faq-canton\"><strong>EX-pression<\/strong><br \/>Route de la Vignettaz 48<br \/>\r\n1700 Fribourg<br \/>\r\n+41 848 08 08 08<br \/>\r\n<a href=\"mailto:info@ex-pression.ch\">info@ex-pression.ch<\/a><br \/>\r\n<a href=\"http:\/\/www.ex-pression.ch\/\" target=\"_blank\" rel=\"noopener\">site web<\/a><\/div><div class=\"faq-canton\"><strong>H\u00f4pital fribourgeois &#8211; Service des urgences du site Fribourg<\/strong><br \/>HFR Fribourg - H\u00f4pital cantonal<br \/>\r\nChemin des Pensionnats 2-6<br \/>\r\n1752 Villars-sur-Gl\u00e2ne<br \/>\r\n+41 26 306 30 00<br \/>\r\n<a href=\"mailto:secr.urgences@h-fr.ch\">secr.urgences@h-fr.ch<\/a><br \/>\r\n<a href=\"https:\/\/www.h-fr.ch\/nos-specialites\/nos-specialites-medicales\/urgences\/taux-doccupation-des-urgences\" target=\"_blank\" rel=\"noopener\">site web<\/a><\/div><div class=\"faq-canton\"><strong>Office familial Fribourg &#8211; secteur As&#8217;trame Fribourg<\/strong><br \/>Avenue de la Gare 14<br \/>\r\n1700 Fribourg<br \/>\r\n+41 26 322 10 14<br \/>\r\n<a href=\"mailto:info@officefamilial.ch\"><span class=\"ContentControl SCXW40277384 BCX2\" role=\"group\" aria-label=\"Contr\u00f4le de contenu de texte enrichi\"><span class=\"TextRun SCXW40277384 BCX2\" lang=\"FR-CH\" xml:lang=\"FR-CH\" data-contrast=\"auto\"><span class=\"NormalTextRun SCXW40277384 BCX2\">info@officefamilial.ch<\/span><\/span><\/span><\/a><br \/>\r\n<a href=\"http:\/\/www.officefamilial.ch\/\" target=\"_blank\" rel=\"noopener\">site web<\/a><\/div><div class=\"faq-canton\"><strong>Service de l&#8217;enfance et de la jeunesse (SEJ)<\/strong><br \/>Boulevard de P\u00e9rolles 24<br \/>\r\nCP 1463<br \/>\r\n1701 Fribourg<br \/>\r\n+41 26 305 15 30<br \/>\r\n<a href=\"https:\/\/www.fr.ch\/sej\" target=\"_blank\" rel=\"noopener\">site web<\/a><\/div><div class=\"faq-canton\"><strong>Solidarit\u00e9 femmes \/ Centres LAVI &#8211; Fribourg<\/strong><br \/>+41 26 322 22 02<br \/>\r\n<a href=\"mailto:info@sf-lavi.ch\"><span aria-label=\"Contr\u00f4le de contenu de texte enrichi\"><span data-contrast=\"auto\">info@sf-lavi.ch<\/span><\/span><\/a><br \/>\r\n<a href=\"http:\/\/www.sf-lavi.ch\/\" target=\"_blank\" rel=\"noopener\">site web<\/a><br \/>\r\n<br \/>\r\nAntenne de Fribourg<br \/>\r\nRue de Lausanne 91<br \/>\r\n<br \/>\r\nAntenne de Bulle<br \/>\r\nRue de Gruy\u00e8re 106<\/div><div class=\"faq-canton\"><strong>Juris Conseil Junior<\/strong><br \/>Case Postale 3125<br \/>\r\n1211 Gen\u00e8ve 3<br \/>\r\n+41 22 310 22 22<br \/>\r\n<a href=\"http:\/\/www.jcj.ch\/\" target=\"_blank\" rel=\"noopener\">site web<\/a><\/div><div class=\"faq-canton\"><strong>Les Klamydia&#8217;s \ud83c\udff3\ufe0f\u200d\ud83c\udf08<\/strong><br \/>Association pour la sant\u00e9 sexuelle des femmes qui aiment les femmes<br \/>\r\nlesklamydias@gmail.com<br \/>\r\n<a href=\"http:\/\/www.klamydias.ch\" target=\"_blank\" rel=\"noopener\">site web<\/a><\/div><div class=\"faq-canton\"><strong>Sarigai \ud83c\udff3\ufe0f\u200d\ud83c\udf08<\/strong><br \/>Notre association est ouverte \u00e0 toute personne concern\u00e9e par des questions li\u00e9es \u00e0 l\u2019orientation sexuelle ou \u00e0 l\u2019identit\u00e9 de genre.<br \/>\r\nRue du Tilleul 21<br \/>\r\n1700 Fribourg<br \/>\r\n+41 79 870 91 23<br \/>\r\n<a href=\"mailto:sarigai@sarigai.ch\">sarigai@sarigai.ch<\/a><br \/>\r\n<a href=\"http:\/\/www.sarigai.ch\" target=\"_blank\" rel=\"noopener\">site web<\/a><\/div><div class=\"faq-canton\"><strong>Groupe de protection de l&#8217;enfant \/ Kinderschutzgruppe &#8211; Inselspital Bern<\/strong><br \/>Kinderkliniken - Inselspital<br \/>\r\n3010 Bern<br \/>\r\n+41 31 632 94 86 (Sekretariat) \/ +41 31 632 21 11 (Notfall)<br \/>\r\n<a href=\"http:\/\/www.kinderklinik.insel.ch\/de\/unser-angebot\/kinderschutz\" target=\"_blank\" rel=\"noopener\">Webseite<\/a><\/div><div class=\"faq-canton\"><strong>ciao.ch<\/strong><br \/><a href=\"http:\/\/ciao.ch\" target=\"_blank\" rel=\"noopener\">site web<\/a><\/div><div class=\"faq-canton\"><strong>ont\u00e9coute.ch<\/strong><br \/><a href=\"http:\/\/www.ontecoute.ch\" target=\"_blank\" rel=\"noopener\">site web<\/a><\/div><div class=\"faq-canton\"><strong>Fondation AGNODICE \ud83c\udff3\ufe0f\u200d\ud83c\udf08<\/strong><br \/>La Fondation Agnodice accueille, oriente et conseille les mineur-e-x-s en transition ou en questionnement de genre, et propose un accompagnement familial autour de cette th\u00e9matique<br \/>\r\nAvenue de la Gare 17<br \/>\r\n1003 Lausanne<br \/>\r\n+41 79 855 78 42 (disponibilit\u00e9 aussi sur Whatsapp)<br \/>\r\n<a href=\"mailto:info@agnodice.ch\">info@agnodice.ch<\/a><br \/>\r\n<a href=\"https:\/\/agnodice.ch\/\" target=\"_blank\" rel=\"noopener\">site web<\/a><\/div><div class=\"faq-canton\"><strong>aide-aux-victimes.ch<\/strong><br \/>https:\/\/www.aide-aux-victimes.ch\/fr\/<\/div><\/div><\/div><\/div><\/div><div class='accordion_item'><div class='accordion_header'><span class=\"title\">Geneva<\/span><\/div><div class='accordion_body'><div class='acc_body_inner'><div class='vqf_fixed_width_text'><div class=\"faq-canton\"><strong>Alter-Ego &#8211; Association pour la pr\u00e9vention de la maltraitance envers les personnes \u00e2g\u00e9es<\/strong><br \/>T\u00e9l. 0848 00 13 13<br \/>\r\n- FR, GE, JU, NE, TI, VD : lundi au vendredi de 9h \u00e0 12h et de 14h \u00e0 17h<br \/>\r\n- VS\u00a0: lundi au vendredi de 8h \u00e0 12h et de 13h30 \u00e0 17h<br \/>\r\n<a href=\"https:\/\/alter-ego.ch\/\" target=\"_blank\" rel=\"noopener\">www.alter-ego.ch<\/a><\/div><div class=\"faq-canton\"><strong>VIRES<\/strong><br \/>L\u2019association VIRES op\u00e8re dans le champ des violences conjugales et domestiques \u00e0 Gen\u00e8ve. Elle vient en aide aux couple et aux familles par l\u2019aide aux personnes auteures de violences.<br \/>\r\n<br \/>\r\nRue Ernest-Pictet 10-12<br \/>\r\n1203 Gen\u00e8ve<br \/>\r\n+41 22 328 44 33<br \/>\r\n+41 78 765 30 14<br \/>\r\n<a href=\"mailto:vires@bluewin.ch\">vires@bluewin.ch<\/a><br \/>\r\n<a href=\"http:\/\/www.vires.ch\/\" target=\"_blank\" rel=\"noopener\">site web<\/a><\/div><div class=\"faq-canton\"><strong>Association Viol-Secours<\/strong><br \/>Place des Charmilles 3<br \/>\r\n1203 Gen\u00e8ve<br \/>\r\n+41 22 345 20 20<br \/>\r\n<a href=\"mailto:permanence@viol-secours.ch\"><span class=\"ContentControl SCXW5299362 BCX2\" role=\"group\" aria-label=\"Contr\u00f4le de contenu de texte enrichi\"><span class=\"TextRun SCXW5299362 BCX2\" lang=\"FR-CH\" xml:lang=\"FR-CH\" data-contrast=\"auto\"><span class=\"NormalTextRun SCXW5299362 BCX2\">permanence@viol-secours.ch<\/span><\/span><\/span><\/a><br \/>\r\n<a href=\"http:\/\/www.viol-secours.ch\/\" target=\"_blank\" rel=\"noopener\">site web<\/a><\/div><div class=\"faq-canton\"><strong>Unit\u00e9 interdisciplinaire de m\u00e9decine et de pr\u00e9vention de la violence (UIMPV) \u2013 H\u00f4pitaux Universitaires de Gen\u00e8ve<\/strong><br \/>Boulevard de la Cluse 75<br \/>\r\n1205 Gen\u00e8ve<br \/>\r\n+41 22 372 96 41<br \/>\r\n<a href=\"mailto:uimpv.violences@hcuge.ch\"><span class=\"ContentControl SCXW77537829 BCX2\" role=\"group\" aria-label=\"Contr\u00f4le de contenu de texte enrichi\"><span class=\"TextRun SCXW77537829 BCX2\" lang=\"FR-CH\" xml:lang=\"FR-CH\" data-contrast=\"none\"><span class=\"NormalTextRun SCXW77537829 BCX2\" data-ccp-charstyle=\"Style2\">uimpv.violences@hcuge.ch<\/span><\/span><\/span><\/a><br \/>\r\n<a href=\"http:\/\/hug.plus\/uimpv\">site web<\/a><\/div><div class=\"faq-canton\"><strong>Unit\u00e9 de sant\u00e9 sexuelle et planning familial<\/strong><br \/>Boulevard de la Cluse 47<br \/>\r\n1205 Gen\u00e8ve<br \/>\r\n+41 22 372 55 00<br \/>\r\n<a href=\"http:\/\/www.hug.ch\/sante-sexuelle-planning-familial\" target=\"_blank\" rel=\"noopener\">site web<\/a><\/div><div class=\"faq-canton\"><strong>SOS Femmes<\/strong><br \/>Rue de la Madeleine 10<br \/>\r\n1204 Gen\u00e8ve<br \/>\r\n+41 22 311 22 22<br \/>\r\n<a href=\"http:\/\/www.sosfemmes.ch\/\" target=\"_blank\" rel=\"noopener\">site web<\/a><\/div><div class=\"faq-canton\"><strong>Service de Protection des Mineurs<\/strong><br \/>Bd St-Georges 16<br \/>\r\nCP 75<br \/>\r\n1211 Gen\u00e8ve 8<br \/>\r\n+41 22 546 10 00<br \/>\r\n<a href=\"https:\/\/www.ge.ch\/organisation\/pole-protection-enfance-jeunesse\" target=\"_blank\" rel=\"noopener\">site web<\/a><\/div><div class=\"faq-canton\"><strong>Point jeunes \u2013 Hospice g\u00e9n\u00e9ral (HG)<\/strong><br \/>Rue des Glacis-de-Rive 12<br \/>\r\n1207 Gen\u00e8ve<br \/>\r\n+41 22 420 55 55<br \/>\r\n<a href=\"mailto:pointjeunes@hospicegeneral.ch\">pointjeunes@hospicegeneral.ch<\/a><br \/>\r\n<a href=\"https:\/\/www.hospicegeneral.ch\/fr\/point-jeunes-hospice-general\" target=\"_blank\" rel=\"noopener\">site web<\/a><\/div><div class=\"faq-canton\"><strong>Pharos-Gen\u00e8ve \/ Soutien aux hommes victimes de violences conjugales<\/strong><br \/>Rue du Stand, 40<br \/>\r\n1204 Gen\u00e8ve<br \/>\r\n+41 22 736 13 13<br \/>\r\n(contact possible via le site)<br \/>\r\n<a href=\"http:\/\/www.pharos-geneve.ch\/\" target=\"_blank\" rel=\"noopener\">site web<\/a><\/div><div class=\"faq-canton\"><strong>Hospice g\u00e9n\u00e9ral<\/strong><br \/>Cours de Rive 12<br \/>\r\nCP3360<br \/>\r\n1211 Gen\u00e8ve<br \/>\r\n+41 22 420 52 00<br \/>\r\n<a href=\"mailto:contact@hospicegeneral.ch\">contact@hospicegeneral.ch<\/a><br \/>\r\n<a href=\"http:\/\/www.hospicegeneral.ch\/\" target=\"_blank\" rel=\"noopener\">site web<\/a><\/div><div class=\"faq-canton\"><strong>Le Pertuis<\/strong><br \/>Route du Grand-Lancy 159<br \/>\r\n1213 Onex<br \/>\r\n+41 22 309 57 28<br \/>\r\n<a href=\"mailto:pertuis@foj.ch\">pertuis@foj.ch<\/a><br \/>\r\n<a href=\"https:\/\/www.foj.ch\/foyers\/le-pertuis\/\" target=\"_blank\" rel=\"noopener\">site web<\/a><\/div><div class=\"faq-canton\"><strong>F-Information<\/strong><br \/>Rue de la Servette 67<br \/>\r\n1202 Gen\u00e8ve<br \/>\r\n+41 22 740 31 00<br \/>\r\n<a href=\"mailto:femmes@f-information.org\">femmes@f-information.org<\/a><br \/>\r\n<a href=\"http:\/\/www.f-information.org\/\" target=\"_blank\" rel=\"noopener\">site web<\/a><\/div><div class=\"faq-canton\"><strong>Consultation pour familles et couples (HUG)<\/strong><br \/>Rue de Lyon 89 - 5\u00e8me \u00e9tage<br \/>\r\n1203 Gen\u00e8ve<br \/>\r\n+41 22 382 33 01<br \/>\r\n<a href=\"http:\/\/www.hug.ch\/consultation\/consultation-psychotherapeutique-pour-familles\" target=\"_blank\" rel=\"noopener\">site web<\/a><\/div><div class=\"faq-canton\"><strong>CTAS &#8211; Centre Th\u00e9rapeutique Traumatismes Agressions Sexuelles<\/strong><br \/>Rue Jacques-Dalphin 36<br \/>\r\n1227 Carouge<br \/>\r\n+41 22 800 08 50<br \/>\r\n<a href=\"mailto:ctas@bluewin.ch\">ctas@bluewin.ch<\/a><br \/>\r\n<a href=\"http:\/\/www.ctas.ch\/\" target=\"_blank\" rel=\"noopener\">site web<\/a><\/div><div class=\"faq-canton\"><strong>Centre LAVI &#8211; Gen\u00e8ve<\/strong><br \/>Boulevard Saint-Georges 72<br \/>\r\n1205 Gen\u00e8ve<br \/>\r\n+41 22 320 01 02<br \/>\r\n(formulaire de contact disponible sur le site)<br \/>\r\n<a href=\"http:\/\/www.centrelavi-ge.ch\/\" target=\"_blank\" rel=\"noopener\">site web<\/a><\/div><div class=\"faq-canton\"><strong>Bureau pour la promotion de l&#8217;\u00e9galit\u00e9 entre femmes et hommes et de pr\u00e9vention des violences domestiques<\/strong><br \/>8, Rue du 31-D\u00e9cembre<br \/>\r\n1207 Gen\u00e8ve<br \/>\r\n+41 22 388 74 50<br \/>\r\n<a href=\"mailto:egalite@etat.ge.ch\">egalite@etat.ge.ch<\/a><br \/>\r\n<a href=\"https:\/\/www.ge.ch\/dossier\/promouvoir-egalite\" target=\"_blank\" rel=\"noopener\">site web<\/a><\/div><div class=\"faq-canton\"><strong>AVVEC &#8211; Aide aux Victimes de Violence En Couple<\/strong><br \/>Rue de Montchoisy 46<br \/>\r\n1207 Gen\u00e8ve<br \/>\r\n+41 22 797 10 10<br \/>\r\n<a href=\"mailto:info@avvec.ch\">info@avvec.ch<\/a><br \/>\r\n<a href=\"http:\/\/www.avvec.ch\/\" target=\"_blank\" rel=\"noopener\">site web<\/a><\/div><div class=\"faq-canton\"><strong>Face \u00e0 Face<\/strong><br \/>Rue Voltaire 16<br \/>\r\n1201 Gen\u00e8ve<br \/>\r\n+41 22 345 12 15<br \/>\r\n+41 78 811 91 17<br \/>\r\n<a href=\"mailto:info@face-a-face.info\">info@face-a-face.info<\/a><br \/>\r\n<a href=\"http:\/\/www.face-a-face.info\/\" target=\"_blank\" rel=\"noopener\">site web<\/a><\/div><div class=\"faq-canton\"><strong>Appartenances &#8211; Gen\u00e8ve<\/strong><br \/>Bd Saint-Georges 72<br \/>\r\n1205 Gen\u00e8ve<br \/>\r\n+41 22 781 02 05<br \/>\r\n<a href=\"mailto:appartenances@appartenances-ge.ch\">appartenances@appartenances-ge.ch<\/a><br \/>\r\n<a href=\"http:\/\/www.appartenances-ge.ch\/\" target=\"_blank\" rel=\"noopener\">site web<\/a><\/div><div class=\"faq-canton\"><strong>Ligne t\u00e9l\u00e9phonique &#8211; Urgences Violences domestiques<\/strong><br \/>Gen\u00e8ve<br \/>\r\n+41 840 110 110<\/div><div class=\"faq-canton\"><strong>Juris Conseil Junior<\/strong><br \/>Case Postale 3125<br \/>\r\n1211 Gen\u00e8ve 3<br \/>\r\n+41 22 310 22 22<br \/>\r\n<a href=\"http:\/\/www.jcj.ch\/\" target=\"_blank\" rel=\"noopener\">site web<\/a><\/div><div class=\"faq-canton\"><strong>Malatavie<\/strong><br \/>+41 22 372 42 42 (ligne Ados 24h\/24) \/ <span class=\"ContentControl SCXW97534512 BCX2\" role=\"group\" aria-label=\"Contr\u00f4le de contenu de texte enrichi\"><a class=\"Hyperlink SCXW97534512 BCX2\" href=\"mailto:preventionsuicide@hcuge.ch\" target=\"_blank\" rel=\"noreferrer noopener\"><span class=\"TextRun Underlined SCXW97534512 BCX2\" lang=\"FR-CH\" xml:lang=\"FR-CH\" data-contrast=\"none\"><span class=\"NormalTextRun SCXW97534512 BCX2\" data-ccp-charstyle=\"Hyperlink\">preventionsuicide@hcuge.ch<\/span><\/span><\/a><\/span><br \/>\r\n+41 22 372 48 57 (secr\u00e9tariat) \/<a href=\"mailto:malatavie.spea@hcuge.ch\"><span class=\"ContentControl SCXW97534512 BCX2\" role=\"group\" aria-label=\"Contr\u00f4le de contenu de texte enrichi\"><span class=\"TextRun SCXW97534512 BCX2\" lang=\"FR-CH\" xml:lang=\"FR-CH\" data-contrast=\"auto\"><span class=\"NormalTextRun ContextualSpellingAndGrammarErrorV2Themed GrammarErrorHighlight SCXW97534512 BCX2\">malatavie.spea@hcuge.ch<\/span><\/span><\/span><\/a><br \/>\r\n<a href=\"http:\/\/www.malatavie.ch\/\" target=\"_blank\" rel=\"noopener\">site web Malatavie<\/a><br \/>\r\n<a href=\"https:\/\/www.hug.ch\/psychiatrie-enfant-adolescent\/malatavie-unite-crise-pour-ados\" target=\"_blank\" rel=\"noopener\">page web unit\u00e9 Malatavie HUG<\/a><br \/>\r\n<br \/>\r\n<span class=\"ContentControl SCXW191330913 BCX2\" role=\"group\" aria-label=\"Paragraphe de contr\u00f4le de contenu de texte enrichi\"><span class=\"TextRun SCXW191330913 BCX2\" lang=\"FR-CH\" xml:lang=\"FR-CH\" data-contrast=\"none\"><span class=\"NormalTextRun SCXW191330913 BCX2\" data-ccp-charstyle=\"Style7\" data-ccp-charstyle-defn=\"{&quot;ObjectId&quot;:&quot;bc61cadd-b156-4922-b46b-c8d0cd83999b|66&quot;,&quot;ClassId&quot;:1073872969,&quot;Properties&quot;:[469775450,&quot;Style7&quot;,201340122,&quot;1&quot;,134233614,&quot;true&quot;,469778129,&quot;Style7&quot;,335572020,&quot;1&quot;,134224900,&quot;false&quot;,201342447,&quot;5&quot;,201342448,&quot;1&quot;,469777841,&quot;TSTAR&quot;,469777842,&quot;&quot;,469777843,&quot;Calibri&quot;,469777844,&quot;TSTAR&quot;,469769226,&quot;TSTAR,Calibri&quot;,335551500,&quot;7961870&quot;,268442635,&quot;20&quot;,469778324,&quot;Default Paragraph Font&quot;]}\">MALATAVIE Pr\u00e9vention et Soins Ambulatoires<\/span><\/span><\/span><span class=\"ContentControl SCXW191330913 BCX2\" role=\"group\" aria-label=\"Paragraphe de contr\u00f4le de contenu de texte enrichi\"><span class=\"TextRun SCXW191330913 BCX2\" lang=\"FR-CH\" xml:lang=\"FR-CH\" data-contrast=\"none\"><span class=\"NormalTextRun SCXW191330913 BCX2\" data-ccp-charstyle=\"Style7\" data-ccp-charstyle-defn=\"{&quot;ObjectId&quot;:&quot;bc61cadd-b156-4922-b46b-c8d0cd83999b|66&quot;,&quot;ClassId&quot;:1073872969,&quot;Properties&quot;:[469775450,&quot;Style7&quot;,201340122,&quot;1&quot;,134233614,&quot;true&quot;,469778129,&quot;Style7&quot;,335572020,&quot;1&quot;,134224900,&quot;false&quot;,201342447,&quot;5&quot;,201342448,&quot;1&quot;,469777841,&quot;TSTAR&quot;,469777842,&quot;&quot;,469777843,&quot;Calibri&quot;,469777844,&quot;TSTAR&quot;,469769226,&quot;TSTAR,Calibri&quot;,335551500,&quot;7961870&quot;,268442635,&quot;20&quot;,469778324,&quot;Default Paragraph Font&quot;]}\"> (12-25 ans)<\/span><\/span><\/span><br \/>\r\nAvenue de Beau-S\u00e9jour 20<br \/>\r\n1206 Gen\u00e8ve<br \/>\r\n<br \/>\r\n<span class=\"ContentControl SCXW194339388 BCX2\" role=\"group\" aria-label=\"Paragraphe de contr\u00f4le de contenu de texte enrichi\"><span class=\"TextRun SCXW194339388 BCX2\" lang=\"FR-CH\" xml:lang=\"FR-CH\" data-contrast=\"none\"><span class=\"NormalTextRun SCXW194339388 BCX2\" data-ccp-charstyle=\"Style7\" data-ccp-charstyle-defn=\"{&quot;ObjectId&quot;:&quot;bc61cadd-b156-4922-b46b-c8d0cd83999b|66&quot;,&quot;ClassId&quot;:1073872969,&quot;Properties&quot;:[469775450,&quot;Style7&quot;,201340122,&quot;1&quot;,134233614,&quot;true&quot;,469778129,&quot;Style7&quot;,335572020,&quot;1&quot;,134224900,&quot;false&quot;,201342447,&quot;5&quot;,201342448,&quot;1&quot;,469777841,&quot;TSTAR&quot;,469777842,&quot;&quot;,469777843,&quot;Calibri&quot;,469777844,&quot;TSTAR&quot;,469769226,&quot;TSTAR,Calibri&quot;,335551500,&quot;7961870&quot;,268442635,&quot;20&quot;,469778324,&quot;Default Paragraph Font&quot;]}\">MALATAVIE Soins Hospitaliers<\/span><\/span><\/span><span class=\"ContentControl SCXW194339388 BCX2\" role=\"group\" aria-label=\"Paragraphe de contr\u00f4le de contenu de texte enrichi\"><span class=\"TextRun SCXW194339388 BCX2\" lang=\"FR-CH\" xml:lang=\"FR-CH\" data-contrast=\"none\"><span class=\"NormalTextRun SCXW194339388 BCX2\" data-ccp-charstyle=\"Style7\" data-ccp-charstyle-defn=\"{&quot;ObjectId&quot;:&quot;bc61cadd-b156-4922-b46b-c8d0cd83999b|66&quot;,&quot;ClassId&quot;:1073872969,&quot;Properties&quot;:[469775450,&quot;Style7&quot;,201340122,&quot;1&quot;,134233614,&quot;true&quot;,469778129,&quot;Style7&quot;,335572020,&quot;1&quot;,134224900,&quot;false&quot;,201342447,&quot;5&quot;,201342448,&quot;1&quot;,469777841,&quot;TSTAR&quot;,469777842,&quot;&quot;,469777843,&quot;Calibri&quot;,469777844,&quot;TSTAR&quot;,469769226,&quot;TSTAR,Calibri&quot;,335551500,&quot;7961870&quot;,268442635,&quot;20&quot;,469778324,&quot;Default Paragraph Font&quot;]}\"> (13-18 ans)<\/span><\/span><\/span><br \/>\r\nChemin de Thury 1<br \/>\r\n1206 Gen\u00e8ve<\/div><div class=\"faq-canton\"><strong>Les Klamydia&#8217;s \ud83c\udff3\ufe0f\u200d\ud83c\udf08<\/strong><br \/>Association pour la sant\u00e9 sexuelle des femmes qui aiment les femmes<br \/>\r\nlesklamydias@gmail.com<br \/>\r\n<a href=\"http:\/\/www.klamydias.ch\" target=\"_blank\" rel=\"noopener\">site web<\/a><\/div><div class=\"faq-canton\"><strong>Checkpoint Gen\u00e8ve (Service de Dialogai) \ud83c\udff3\ufe0f\u200d\ud83c\udf08<\/strong><br \/>Avenue du Grand Pr\u00e9 9<br \/>\r\n+41 22 906 40 30<br \/>\r\n<a href=\"mailto:secretariat.checkpoint@dialogai.org\">secretariat.checkpoint@dialogai.org<\/a><\/div><div class=\"faq-canton\"><strong>Le Refuge Gen\u00e8ve (Service de Dialogai) \ud83c\udff3\ufe0f\u200d\ud83c\udf08<\/strong><br \/>Le refuge Gen\u00e8ve est un service social qui vise \u00e0 aider les jeunes LGBTIQ+ \u00e0 s\u2019affirmer et d\u00e9velopper leur pouvoir d\u2019agir. Ce travail s\u2019effectue \u00e0 travers des entretiens individuels et\/ou de famille, des espaces collectifs et des \u00e9changes d\u2019exp\u00e9riences positives. Nous soutenons les jeunes dans toutes leurs dimensions individuelles, relationnelles et collectives.<br \/>\r\nRue de la Navigation 11<br \/>\r\n1201 Gen\u00e8ve<br \/>\r\n+41 22 906 40 35<br \/>\r\n<a href=\"mailto:accueil@refuge-geneve.ch\">accueil@refuge-geneve.ch<\/a><br \/>\r\n<a href=\"https:\/\/refuge-geneve.ch\/\" target=\"_blank\" rel=\"noopener\">site web<\/a><\/div><div class=\"faq-canton\"><strong>ciao.ch<\/strong><br \/><a href=\"http:\/\/ciao.ch\" target=\"_blank\" rel=\"noopener\">site web<\/a><\/div><div class=\"faq-canton\"><strong>ont\u00e9coute.ch<\/strong><br \/><a href=\"http:\/\/www.ontecoute.ch\" target=\"_blank\" rel=\"noopener\">site web<\/a><\/div><div class=\"faq-canton\"><strong>Fondation AGNODICE \ud83c\udff3\ufe0f\u200d\ud83c\udf08<\/strong><br \/>La Fondation Agnodice accueille, oriente et conseille les mineur-e-x-s en transition ou en questionnement de genre, et propose un accompagnement familial autour de cette th\u00e9matique<br \/>\r\nAvenue de la Gare 17<br \/>\r\n1003 Lausanne<br \/>\r\n+41 79 855 78 42 (disponibilit\u00e9 aussi sur Whatsapp)<br \/>\r\n<a href=\"mailto:info@agnodice.ch\">info@agnodice.ch<\/a><br \/>\r\n<a href=\"https:\/\/agnodice.ch\/\" target=\"_blank\" rel=\"noopener\">site web<\/a><\/div><div class=\"faq-canton\"><strong>CSP Centre social protestant &#8211; Gen\u00e8ve<\/strong><br \/><a href=\"mailto:info@csp-ge.ch\">info@csp-ge.ch<\/a><\/div><div class=\"faq-canton\"><strong>Centre de contact Suisses-Immigr\u00e9s (CCSI) &#8211; Gen\u00e8ve<\/strong><br \/>25 Route des Acacias<br \/>\r\n1227\u00a0 Gen\u00e8ve<br \/>\r\n+41 22 304 48 60<br \/>\r\n<a href=\"https:\/\/ccsi.ch\/\" target=\"_blank\" rel=\"noopener\">www.ccsi.ch<\/a><\/div><div class=\"faq-canton\"><strong>aide-aux-victimes.ch<\/strong><br \/>https:\/\/www.aide-aux-victimes.ch\/fr\/<\/div><div class=\"faq-canton\"><strong>Fondation Au Coeur des Grottes<\/strong><br \/>Rue de l\u2019Industrie 14<br \/>\r\n1201 Gen\u00e8ve<br \/>\r\n+41 22 338 24 80<br \/>\r\n<a href=\"mailto:info@coeur.ch\">info@coeur.ch<\/a><br \/>\r\n<a href=\"http:\/\/www.coeur.ch\/\" target=\"_blank\" rel=\"noopener\">site web<\/a><\/div><div class=\"faq-canton\"><strong>Consultation m\u00e9dico-l\u00e9gale pour adultes victimes de violences<\/strong><br \/>Ouvert du lundi au vendredi, de <strong>8h \u00e0 12h<\/strong> et de <strong>14h \u00e0 16h<\/strong>. Les week-ends et jours f\u00e9ri\u00e9s de <strong>8h \u00e0 12h<\/strong>. Consultation <strong>gratuite<\/strong> et <strong>confidentielle.<\/strong><br \/>\r\n<br \/>\r\nCette consultation ne concerne pas les violences sexuelles. Les victimes de violences sexuelles doivent s'adresser aux urgences gyn\u00e9co-obst\u00e9tricales pour les femmes situ\u00e9es \u00e0 la Maternit\u00e9 des HUG et aux urgences adultes pour les hommes.<br \/>\r\n<br \/>\r\nRue Jean-Violette 29<br \/>\r\n1205 Gen\u00e8ve<br \/>\r\n+41 22 372 15 00<\/div><\/div><\/div><\/div><\/div><div class='accordion_item'><div class='accordion_header'><span class=\"title\">Jura<\/span><\/div><div class='accordion_body'><div class='acc_body_inner'><div class='vqf_fixed_width_text'><div class=\"faq-canton\"><strong>Alter-Ego &#8211; Association pour la pr\u00e9vention de la maltraitance envers les personnes \u00e2g\u00e9es<\/strong><br \/>T\u00e9l. 0848 00 13 13<br \/>\r\n- FR, GE, JU, NE, TI, VD : lundi au vendredi de 9h \u00e0 12h et de 14h \u00e0 17h<br \/>\r\n- VS\u00a0: lundi au vendredi de 8h \u00e0 12h et de 13h30 \u00e0 17h<br \/>\r\n<a href=\"https:\/\/alter-ego.ch\/\" target=\"_blank\" rel=\"noopener\">www.alter-ego.ch<\/a><\/div><div class=\"faq-canton\"><strong>CSP Berne-Jura<\/strong><br \/>Rue Centrale 59<br \/>\r\n2740 Moutier<br \/>\r\n+41 32 493 32 21<br \/>\r\n<a href=\"mailto:info@csp-beju.ch\">info@csp-beju.ch<\/a><br \/>\r\n<a href=\"https:\/\/csp.ch\/berne-jura\/\" target=\"_blank\" rel=\"noopener\">site web<\/a><\/div><div class=\"faq-canton\"><strong>Service pour les auteur-e-s de violence conjugale (SAVC)<\/strong><br \/>CNP- Centre Neuch\u00e2telois de Psychiatrie<br \/>\r\nPr\u00e9fagier, CH- 2074 Marin-Epagnier<br \/>\r\n+41 58 717 40 11<br \/>\r\n<strong><a href=\"mailto:info@fondation-fava.ch\">savc@cnp.ch<\/a><\/strong><br \/>\r\n<a href=\"https:\/\/www.cnp.ch\/couples-et-familles\/\">site web<\/a><br \/>\r\n<br \/>\r\n&nbsp;<\/div><div class=\"faq-canton\"><strong>Caritas &#8211; Jura<\/strong><br \/>Rue du Temple 19<br \/>\r\n2800 Del\u00e9mont<br \/>\r\n+41 32 421 35 60<br \/>\r\n<a href=\"mailto:caritas.jura@caritas-jura.ch\">caritas.jura@caritas-jura.ch<\/a><br \/>\r\n<a href=\"http:\/\/www.caritas-jura.ch\/\" target=\"_blank\" rel=\"noopener\">site web<\/a><\/div><div class=\"faq-canton\"><strong>Centre LAVI &#8211; Jura<\/strong><br \/>Quai de la Sorne 22<br \/>\r\n2800 Del\u00e9mont<br \/>\r\n+41 32 420 81 00<br \/>\r\n<a href=\"mailto:lavi@ssrju.ch\">lavi@ssrju.ch<\/a><br \/>\r\n<a href=\"https:\/\/www.jura.ch\/DIN\/SAS\/Aide-aux-victimes-maltraitance\/Aide-aux-victimes.html\" target=\"_blank\" rel=\"noopener\">site web<\/a><\/div><div class=\"faq-canton\"><strong>Centre de sant\u00e9 sexuelle &#8211; planning familial JURA<\/strong><br \/>Rue Moli\u00e8re 13<br \/>\r\n2800 Del\u00e9mont<br \/>\r\n+41 32 422 34 44<br \/>\r\n<a href=\"mailto:secretariat@santesexuellejura.ch\">secretariat@santesexuellejura.ch <\/a><br \/>\r\n<a href=\"http:\/\/www.santesexuellejura.ch\/\" target=\"_blank\" rel=\"noopener\">site web<\/a><\/div><div class=\"faq-canton\"><strong>Centre m\u00e9dico-psychologique pour enfants et adolescents<\/strong><br \/>Faubourg des Capucins 20<br \/>\r\n2800 Del\u00e9mont<br \/>\r\n+41 32 420 51 80<br \/>\r\n<a href=\"mailto:secr.cmpea@jura.ch\">secr.cmpea@jura.ch<\/a><br \/>\r\n<a href=\"https:\/\/www.jura.ch\/DES\/SSA\/Centre-medico-psychologique-CMP\/Centre-medico-psychologique-CMP.html\" target=\"_blank\" rel=\"noopener\">site web<\/a><\/div><div class=\"faq-canton\"><strong>CSP Centre social protestant<\/strong><br \/>Rue Centrale 59<br \/>\r\n2740 Moutier<br \/>\r\n+41 32 493 32 21<br \/>\r\n<a href=\"mailto:info@csp-beju.ch\">info@csp-beju.ch<\/a><br \/>\r\n<a href=\"https:\/\/csp.ch\/berne-jura\/\" target=\"_blank\" rel=\"noopener\">site web<\/a><\/div><div class=\"faq-canton\"><strong>D\u00e9l\u00e9gu\u00e9e \u00e0 l&#8217;\u00e9galit\u00e9 entre femmes et hommes<\/strong><br \/>rue de la Pr\u00e9fecture 12<br \/>\r\n2800 Del\u00e9mont<br \/>\r\n+41 32 420 79 00<br \/>\r\n<a href=\"mailto:egalite@jura.ch\">egalite@jura.ch<\/a><br \/>\r\n<a href=\"http:\/\/www.jura.ch\/egalite\" target=\"_blank\" rel=\"noopener\">site web<\/a><\/div><div class=\"faq-canton\"><strong>Police cantonale<\/strong><br \/>Pr\u00e9s-Roses 1<br \/>\r\n2800 Del\u00e9mont<br \/>\r\n+41 32 420 65 65<br \/>\r\n<a href=\"mailto:infopolice@jura.ch\">infopolice@jura.ch<\/a><br \/>\r\n<a href=\"https:\/\/www.jura.ch\/police\" target=\"_blank\" rel=\"noopener\">site web<\/a><\/div><div class=\"faq-canton\"><strong>Service de renseignements juridique<\/strong><br \/>Rue de la Justice 2<br \/>\r\n2800 Del\u00e9mont<br \/>\r\n+41 32 420 56 20<br \/>\r\n<a href=\"mailto:secr.rdd@jura.ch\">secr.rdd@jura.ch<\/a><br \/>\r\n<a href=\"https:\/\/www.jura.ch\/JUST\/Renseignements-juridiques\/Service-de-renseignements-juridiques.html\" target=\"_blank\" rel=\"noopener\">site web<\/a><\/div><div class=\"faq-canton\"><strong>Service social r\u00e9gional d&#8217;Ajoie et du Clos-du-Doubs<\/strong><br \/>Rue de la Chaumont 13<br \/>\r\n2900 Porrentruy<br \/>\r\n+41 32 420 78 00<br \/>\r\n<a href=\"mailto:contact.ssra@ssrju.ch\">contact.ssra@ssrju.ch<\/a><br \/>\r\n<a href=\"http:\/\/www.ssrju.ch\/index.html\" target=\"_blank\" rel=\"noopener\">site web<\/a><\/div><div class=\"faq-canton\"><strong>Service social r\u00e9gional de Del\u00e9mont<\/strong><br \/>Rue de la Jeunesse 1<br \/>\r\n2800 Del\u00e9mont<br \/>\r\n+41 32 420 72 72<br \/>\r\n<a href=\"mailto:contact.ssrd@ssrju.ch\">contact.ssrd@ssrju.ch<\/a><br \/>\r\n<a href=\"http:\/\/www.ssrju.ch\/index.html\" target=\"_blank\" rel=\"noopener\">site web<\/a><\/div><div class=\"faq-canton\"><strong>Service social r\u00e9gional des Franches-Montagnes<\/strong><br \/>Rue des Perri\u00e8res 1<br \/>\r\nCP 46<br \/>\r\n2340 Le Noirmont<br \/>\r\n+41 32 420 78 50<br \/>\r\n<a href=\"mailto:contact.ssrfm@ssrju.ch\">contact.ssrfm@ssrju.ch<\/a><br \/>\r\n<a href=\"http:\/\/www.ssrju.ch\/index.html\" target=\"_blank\" rel=\"noopener\">site web<\/a><\/div><div class=\"faq-canton\"><strong>Appel d&#8217;Air &#8211; Pro Junior Arc jurassien<\/strong><br \/>Rue des Sablons 48<br \/>\r\n2000 Neuch\u00e2tel<br \/>\r\n+41 32 724 46 45<br \/>\r\n<a href=\"mailto:appeldair@proju-arc.ch\"><span class=\"ContentControl SCXW143742934 BCX2\" role=\"group\" aria-label=\"Contr\u00f4le de contenu de texte enrichi\"><span class=\"TextRun SCXW143742934 BCX2\" lang=\"FR-CH\" xml:lang=\"FR-CH\" data-contrast=\"auto\"><span class=\"NormalTextRun SCXW143742934 BCX2\">appeldair@proju-arc.ch<\/span><\/span><\/span><\/a><br \/>\r\n<a href=\"https:\/\/appel-dair.ch\">site web<\/a><\/div><div class=\"faq-canton\"><strong>Service pour Auteur-e-s de Violence Conjugale<\/strong><br \/>CNP<br \/>\r\n2074 Marin-Epagnier<br \/>\r\n+41 32 886 80 08<br \/>\r\n<a href=\"mailto:savc@cnp.ch\">savc@cnp.ch<\/a><br \/>\r\n<a href=\"https:\/\/www.cnp.ch\/soins-et-prestations\/adultes\/consultation-ambulatoire\/\" target=\"_blank\" rel=\"noopener\">site web<\/a><\/div><div class=\"faq-canton\"><strong>Les Klamydia&#8217;s \ud83c\udff3\ufe0f\u200d\ud83c\udf08<\/strong><br \/>Association pour la sant\u00e9 sexuelle des femmes qui aiment les femmes<br \/>\r\nlesklamydias@gmail.com<br \/>\r\n<a href=\"http:\/\/www.klamydias.ch\" target=\"_blank\" rel=\"noopener\">site web<\/a><\/div><div class=\"faq-canton\"><strong>ciao.ch<\/strong><br \/><a href=\"http:\/\/ciao.ch\" target=\"_blank\" rel=\"noopener\">site web<\/a><\/div><div class=\"faq-canton\"><strong>ont\u00e9coute.ch<\/strong><br \/><a href=\"http:\/\/www.ontecoute.ch\" target=\"_blank\" rel=\"noopener\">site web<\/a><\/div><div class=\"faq-canton\"><strong>Fondation AGNODICE \ud83c\udff3\ufe0f\u200d\ud83c\udf08<\/strong><br \/>La Fondation Agnodice accueille, oriente et conseille les mineur-e-x-s en transition ou en questionnement de genre, et propose un accompagnement familial autour de cette th\u00e9matique<br \/>\r\nAvenue de la Gare 17<br \/>\r\n1003 Lausanne<br \/>\r\n+41 79 855 78 42 (disponibilit\u00e9 aussi sur Whatsapp)<br \/>\r\n<a href=\"mailto:info@agnodice.ch\">info@agnodice.ch<\/a><br \/>\r\n<a href=\"https:\/\/agnodice.ch\/\" target=\"_blank\" rel=\"noopener\">site web<\/a><\/div><div class=\"faq-canton\"><strong>aide-aux-victimes.ch<\/strong><br \/>https:\/\/www.aide-aux-victimes.ch\/fr\/<\/div><\/div><\/div><\/div><\/div><div class='accordion_item'><div class='accordion_header'><span class=\"title\">Neuch\u00e2tel<\/span><\/div><div class='accordion_body'><div class='acc_body_inner'><div class='vqf_fixed_width_text'><div class=\"faq-canton\"><strong>SAVI (Service d&#8217;aide aux victimes) \/ centres LAVI &#8211; Neuch\u00e2tel &#038; Solidarit\u00e9 Femmes<\/strong><br \/>+41 32 889 66 49 Consultation<br \/>\r\n+41 32 886 46 36 Permanence violence domestiques<br \/>\r\n<a href=\"mailto:savi.ne@ne.ch\">savi.ne@ne.ch<\/a><br \/>\r\n<a href=\"https:\/\/savi-ne.ch\/\" target=\"_blank\" rel=\"noopener\">site web<\/a><br \/>\r\n<br \/>\r\nAntenne de Chaux-de-Fonds<br \/>\r\nRue Daniel Jean-Richard 43<br \/>\r\n2301 La Chaux-de-Fonds<br \/>\r\n<br \/>\r\nAntenne de Neuch\u00e2tel<br \/>\r\nRue J.L. de Pourtal\u00e8s 1<br \/>\r\nCP 2050<br \/>\r\n2001 Neuch\u00e2tel<\/div><div class=\"faq-canton\"><strong>Alter-Ego &#8211; Association pour la pr\u00e9vention de la maltraitance envers les personnes \u00e2g\u00e9es<\/strong><br \/>T\u00e9l. 0848 00 13 13<br \/>\r\n- FR, GE, JU, NE, TI, VD : lundi au vendredi de 9h \u00e0 12h et de 14h \u00e0 17h<br \/>\r\n- VS\u00a0: lundi au vendredi de 8h \u00e0 12h et de 13h30 \u00e0 17h<br \/>\r\n<a href=\"https:\/\/alter-ego.ch\/\" target=\"_blank\" rel=\"noopener\">www.alter-ego.ch<\/a><\/div><div class=\"faq-canton\"><strong>Office de protection de l&#8217;enfant<\/strong><br \/><a href=\"mailto:ope.direction@ne.ch\">ope.direction@ne.ch <\/a><br \/>\r\n<a href=\"https:\/\/www.ne.ch\/autorites\/DFDS\/SPAJ\/protection-enfant\/Pages\/accueil.aspx\">site web<\/a><br \/>\r\n<br \/>\r\nLittoral EST \/ Val-de-Ruz<br \/>\r\nFaubourg de l'h\u00f4pital 36<br \/>\r\n2000 Neuch\u00e2tel<br \/>\r\n+41 32 889 66 40<br \/>\r\n<br \/>\r\nLittoral OUEST \/ Val-de-Travers<br \/>\r\nQuai Philippe Godet 5<br \/>\r\n2000 Neuch\u00e2tel<br \/>\r\n+41 32 889 86 65<br \/>\r\n<br \/>\r\nMontagnes neuch\u00e2teloises<br \/>\r\nRocher 7<br \/>\r\n2300 La Chaux-de-Fonds<br \/>\r\n+41 32 889 66 45<\/div><div class=\"faq-canton\"><strong>Service pour les auteur-e-s de violence conjugale (SAVC)<\/strong><br \/>CNP- Centre Neuch\u00e2telois de Psychiatrie<br \/>\r\nPr\u00e9fagier, CH- 2074 Marin-Epagnier<br \/>\r\n+41 58 717 40 11<br \/>\r\n<strong><a href=\"mailto:info@fondation-fava.ch\">savc@cnp.ch<\/a><\/strong><br \/>\r\n<a href=\"https:\/\/www.cnp.ch\/couples-et-familles\/\">site web<\/a><br \/>\r\n<br \/>\r\n&nbsp;<\/div><div class=\"faq-canton\"><strong>Juris Conseil Junior<\/strong><br \/>Case Postale 3125<br \/>\r\n1211 Gen\u00e8ve 3<br \/>\r\n+41 22 310 22 22<br \/>\r\n<a href=\"http:\/\/www.jcj.ch\/\" target=\"_blank\" rel=\"noopener\">site web<\/a><\/div><div class=\"faq-canton\"><strong>Caritas &#8211; Neuch\u00e2tel<\/strong><br \/>Vieux-Ch\u00e2tel 4, Case Postale 209<br \/>\r\n2002 Neuch\u00e2tel 2<br \/>\r\n+41 32 886 80 70<br \/>\r\n<a href=\"mailto:caritas.neuchatel@ne.ch\">caritas.neuchatel@ne.ch<\/a><br \/>\r\n<a href=\"http:\/\/www.caritas-neuchatel.ch\/\" target=\"_blank\" rel=\"noopener\">site web<\/a><\/div><div class=\"faq-canton\"><strong>Centre neuch\u00e2telois de psychiatrie (CNP) &#8211; Enfants et adolescents<\/strong><br \/>+41 32 755 15 00<br \/>\r\n<a href=\"https:\/\/www.cnp.ch\/soins-et-prestations\/enfants-et-adolescents\/\" target=\"_blank\" rel=\"noopener\">site web<\/a><\/div><div class=\"faq-canton\"><strong>CSP Centre Social Protestant<\/strong><br \/>Rue des Parcs 11<br \/>\r\n2002 Neuch\u00e2tel<br \/>\r\n+41 32 886 91 00<br \/>\r\n<a href=\"mailto:csp.neuchatel@ne.ch\">csp.neuchatel@ne.ch<\/a><br \/>\r\n<a href=\"https:\/\/csp.ch\/neuchatel\/\" target=\"_blank\" rel=\"noopener\">site web<\/a><\/div><div class=\"faq-canton\"><strong>FADS \u2013 Fondation en faveur des adultes en difficult\u00e9s sociales<\/strong><br \/>+41 32 886 89 40<br \/>\r\n<a href=\"mailto:fads@ne.ch\">fads@ne.ch<\/a><br \/>\r\n<a href=\"http:\/\/fads-ne.ch\/\" target=\"_blank\" rel=\"noopener\">site web<\/a><br \/>\r\n<br \/>\r\nH\u00e9bergement Feu-Vert<br \/>\r\nRue Fritz-Courvoisier 27<br \/>\r\n2300 La Chaux-de-Fonds<br \/>\r\n<a href=\"mailto:hebergement.feu-vert@ne.ch\"><span class=\"ContentControl SCXW259680749 BCX2\" role=\"group\" aria-label=\"Paragraphe de contr\u00f4le de contenu de texte enrichi\"><span class=\"TextRun SCXW259680749 BCX2\" lang=\"FR-CH\" xml:lang=\"FR-CH\" data-contrast=\"none\"><span class=\"NormalTextRun SCXW259680749 BCX2\" data-ccp-charstyle=\"Style7\" data-ccp-charstyle-defn=\"{&quot;ObjectId&quot;:&quot;c4f62ddb-72ab-4ae1-914e-c77afa1739f4|66&quot;,&quot;ClassId&quot;:1073872969,&quot;Properties&quot;:[469775450,&quot;Style7&quot;,201340122,&quot;1&quot;,134233614,&quot;true&quot;,469778129,&quot;Style7&quot;,335572020,&quot;1&quot;,134224900,&quot;false&quot;,201342447,&quot;5&quot;,201342448,&quot;1&quot;,469777841,&quot;TSTAR&quot;,469777842,&quot;&quot;,469777843,&quot;Calibri&quot;,469777844,&quot;TSTAR&quot;,469769226,&quot;TSTAR,Calibri&quot;,335551500,&quot;7961870&quot;,268442635,&quot;20&quot;,469778324,&quot;Default Paragraph Font&quot;]}\">hebergement.feu-vert@ne.ch<\/span><\/span><\/span><\/a><br \/>\r\n<br \/>\r\nH\u00e9bergement du Rocher<br \/>\r\nRue du Rocher 8<br \/>\r\n2000 Neuch\u00e2tel<br \/>\r\n<span class=\"ContentControl SCXW104032489 BCX2\" role=\"group\" aria-label=\"Paragraphe de contr\u00f4le de contenu de texte enrichi\"><a class=\"Hyperlink SCXW104032489 BCX2\" href=\"mailto:hebergement.rocher@ne.ch\" target=\"_blank\" rel=\"noreferrer noopener\"><span class=\"TextRun Underlined SCXW104032489 BCX2\" lang=\"FR-CH\" xml:lang=\"FR-CH\" data-contrast=\"none\"><span class=\"NormalTextRun SCXW104032489 BCX2\" data-ccp-charstyle=\"Hyperlink\">hebergement.rocher@ne.ch<\/span><\/span><\/a><\/span><br \/>\r\n<br \/>\r\nFoyer du Pr\u00e9barreau<br \/>\r\nChemin des Trois-Portes 31<br \/>\r\n2000 Neuch\u00e2tel<br \/>\r\n<span class=\"ContentControl SCXW66845593 BCX2\" role=\"group\" aria-label=\"Paragraphe de contr\u00f4le de contenu de texte enrichi\"><a class=\"Hyperlink SCXW66845593 BCX2\" href=\"mailto:foyer.prebarreau@ne.ch\" target=\"_blank\" rel=\"noreferrer noopener\"><span class=\"TextRun Underlined SCXW66845593 BCX2\" lang=\"FR-CH\" xml:lang=\"FR-CH\" data-contrast=\"none\"><span class=\"NormalTextRun SCXW66845593 BCX2\" data-ccp-charstyle=\"Hyperlink\">foyer.prebarreau@ne.ch<\/span><\/span><\/a><\/span><\/div><div class=\"faq-canton\"><strong>Ordre des avocats neuch\u00e2telois (OAN)<\/strong><br \/><a href=\"mailto:info@oan.ch\">info@oan.ch<\/a><br \/>\r\n<a href=\"http:\/\/www.oan.ch\/\" target=\"_blank\" rel=\"noopener\">site web<\/a><\/div><div class=\"faq-canton\"><strong>Appel d&#8217;Air &#8211; Pro Junior Arc jurassien<\/strong><br \/>Rue des Sablons 48<br \/>\r\n2000 Neuch\u00e2tel<br \/>\r\n+41 32 724 46 45<br \/>\r\n<a href=\"mailto:appeldair@proju-arc.ch\"><span class=\"ContentControl SCXW143742934 BCX2\" role=\"group\" aria-label=\"Contr\u00f4le de contenu de texte enrichi\"><span class=\"TextRun SCXW143742934 BCX2\" lang=\"FR-CH\" xml:lang=\"FR-CH\" data-contrast=\"auto\"><span class=\"NormalTextRun SCXW143742934 BCX2\">appeldair@proju-arc.ch<\/span><\/span><\/span><\/a><br \/>\r\n<a href=\"https:\/\/appel-dair.ch\">site web<\/a><\/div><div class=\"faq-canton\"><strong>Service pour Auteur-e-s de Violence Conjugale<\/strong><br \/>CNP<br \/>\r\n2074 Marin-Epagnier<br \/>\r\n+41 32 886 80 08<br \/>\r\n<a href=\"mailto:savc@cnp.ch\">savc@cnp.ch<\/a><br \/>\r\n<a href=\"https:\/\/www.cnp.ch\/soins-et-prestations\/adultes\/consultation-ambulatoire\/\" target=\"_blank\" rel=\"noopener\">site web<\/a><\/div><div class=\"faq-canton\"><strong>Les Klamydia&#8217;s \ud83c\udff3\ufe0f\u200d\ud83c\udf08<\/strong><br \/>Association pour la sant\u00e9 sexuelle des femmes qui aiment les femmes<br \/>\r\nlesklamydias@gmail.com<br \/>\r\n<a href=\"http:\/\/www.klamydias.ch\" target=\"_blank\" rel=\"noopener\">site web<\/a><\/div><div class=\"faq-canton\"><strong>Le Refuge-Neuch\u00e2tel \ud83c\udff3\ufe0f\u200d\ud83c\udf08<\/strong><br \/>Le Refuge-Neuch\u00e2tel est un espace d\u2019accueil et d\u2019accompagnement des jeunes LGBTIQ+ et de leur entourage ainsi qu\u2019un centre d\u2019expertise des th\u00e9matiques trans*.<br \/>\r\nSablons 50<br \/>\r\n2000 Neuch\u00e2tel<br \/>\r\n+41 77 489 49 07<br \/>\r\n<a href=\"mailto:refuge-neuchatel@outlook.com\">refuge-neuchatel@outlook.com<\/a><br \/>\r\n<a href=\"http:\/\/www.refuge-neuchatel.ch\" target=\"_blank\" rel=\"noopener\">site web<\/a><\/div><div class=\"faq-canton\"><strong>Togayther \ud83c\udff3\ufe0f\u200d\ud83c\udf08<\/strong><br \/>Togayther est l\u2019association LGBTIQ+ du canton de Neuch\u00e2tel. Elle milite pour les droits des personnes LGBTIQ+ et organise des \u00e9v\u00e9nements et activit\u00e9s pour les personnes concern\u00e9es et des conf\u00e9rences pour sensibiliser le grand public.<br \/>\r\nSablons 48<br \/>\r\n2000 Neuch\u00e2tel<br \/>\r\n+41 77 488 25 10<br \/>\r\n<a href=\"mailto:info@togayther.ch\">info@togayther.ch<\/a><br \/>\r\n<a href=\"http:\/\/www.togayther.ch\" target=\"_blank\" rel=\"noopener\">site web<\/a><\/div><div class=\"faq-canton\"><strong>ciao.ch<\/strong><br \/><a href=\"http:\/\/ciao.ch\" target=\"_blank\" rel=\"noopener\">site web<\/a><\/div><div class=\"faq-canton\"><strong>ont\u00e9coute.ch<\/strong><br \/><a href=\"http:\/\/www.ontecoute.ch\" target=\"_blank\" rel=\"noopener\">site web<\/a><\/div><div class=\"faq-canton\"><strong>Fondation AGNODICE \ud83c\udff3\ufe0f\u200d\ud83c\udf08<\/strong><br \/>La Fondation Agnodice accueille, oriente et conseille les mineur-e-x-s en transition ou en questionnement de genre, et propose un accompagnement familial autour de cette th\u00e9matique<br \/>\r\nAvenue de la Gare 17<br \/>\r\n1003 Lausanne<br \/>\r\n+41 79 855 78 42 (disponibilit\u00e9 aussi sur Whatsapp)<br \/>\r\n<a href=\"mailto:info@agnodice.ch\">info@agnodice.ch<\/a><br \/>\r\n<a href=\"https:\/\/agnodice.ch\/\" target=\"_blank\" rel=\"noopener\">site web<\/a><\/div><div class=\"faq-canton\"><strong>aide-aux-victimes.ch<\/strong><br \/>https:\/\/www.aide-aux-victimes.ch\/fr\/<\/div><\/div><\/div><\/div><\/div><div class='accordion_item'><div class='accordion_header'><span class=\"title\">Switzerland<\/span><\/div><div class='accordion_body'><div class='acc_body_inner'><div class='vqf_fixed_width_text'><div class=\"faq-canton\"><strong>F\u00e9d\u00e9ration des maisons d&#8217;accueil &#8211; Suisse<\/strong><br \/><a href=\"https:\/\/frauenhaus-schweiz.ch\/fr\/page-daccueil\" target=\"_blank\" rel=\"noopener\">site web<\/a><\/div><div class=\"faq-canton\"><strong>Centres LAVI &#8211; Suisse<\/strong><br \/><a href=\"http:\/\/www.aide-aux-victimes.ch\/\" target=\"_blank\" rel=\"noopener\">site web<\/a><\/div><div class=\"faq-canton\"><strong>M\u00e4nner gegen M\u00e4nner-Gewalt<\/strong><br \/><a href=\"http:\/\/www.gewaltberatung.org\/\" target=\"_blank\" rel=\"noopener\">Webseite<\/a><\/div><div class=\"faq-canton\"><strong>H\u00e9bergement d&#8217;urgence<\/strong><br \/>+41 800 880 480<\/div><div class=\"faq-canton\"><strong>Service contre les mariages forc\u00e9s &#8211; Centre de comp\u00e9tence f\u00e9d\u00e9ral<\/strong><br \/>+41 800 800 007 (helpline gratuite)<br \/>\r\n<a href=\"mailto:info@mariageforce.ch\">info@mariageforce.ch<\/a><br \/>\r\n<a href=\"http:\/\/www.mariageforce.ch\" target=\"_blank\" rel=\"noopener\">site web<\/a><\/div><div class=\"faq-canton\"><strong>Pro Juventute &#8211; Conseils aux Parents<\/strong><br \/>+41 58 261 61 61<br \/>\r\n<br \/>\r\n<a href=\"mailto:conseilsauxparents@projuventute.ch\">conseilsauxparents@projuventute.ch<\/a><br \/>\r\n<br \/>\r\n<a href=\"http:\/\/www.projuventute.ch\" target=\"_blank\" rel=\"noopener\">site web<\/a><\/div><div class=\"faq-canton\"><strong>Pro Juventute &#8211; 147.ch<\/strong><br \/>147<br \/>\r\n<br \/>\r\n<a href=\"mailto:conseils@147.ch\">conseils@147.ch<\/a><br \/>\r\n<br \/>\r\n<a href=\"http:\/\/www.projuventute.ch\" target=\"_blank\" rel=\"noopener\">site web Pro Juventute<\/a><br \/>\r\n<br \/>\r\n<a href=\"https:\/\/www.147.ch\/fr\/\" target=\"_blank\" rel=\"noopener\">site web 147<\/a><\/div><div class=\"faq-canton\"><strong>aide-aux-victimes.ch<\/strong><br \/>https:\/\/www.aide-aux-victimes.ch\/fr\/<\/div><\/div><\/div><\/div><\/div><div class='accordion_item'><div class='accordion_header'><span class=\"title\">Ticino<\/span><\/div><div class='accordion_body'><div class='acc_body_inner'><div class='vqf_fixed_width_text'><div class=\"faq-canton\"><strong>Alter-Ego &#8211; Association pour la pr\u00e9vention de la maltraitance envers les personnes \u00e2g\u00e9es<\/strong><br \/>T\u00e9l. 0848 00 13 13<br \/>\r\n- FR, GE, JU, NE, TI, VD : lundi au vendredi de 9h \u00e0 12h et de 14h \u00e0 17h<br \/>\r\n- VS\u00a0: lundi au vendredi de 8h \u00e0 12h et de 13h30 \u00e0 17h<br \/>\r\n<a href=\"https:\/\/alter-ego.ch\/\" target=\"_blank\" rel=\"noopener\">www.alter-ego.ch<\/a><\/div><div class=\"faq-canton\"><strong>aide-aux-victimes.ch<\/strong><br \/>https:\/\/www.aide-aux-victimes.ch\/fr\/<\/div><div class=\"faq-canton\"><strong>Associazione consultorio delle donne &#8211; il consultorio<\/strong><br \/>Via Vignola 14, 6900 Lugano<br \/>\r\nOrari di apertura al pubblico: luned\u00ec e gioved\u00ec: 9:30 \u2013 18:00, marted\u00ec: 13:00 \u2013 18:00, mercoled\u00ec e venerd\u00ec: 9:30 \u2013 13:30<br \/>\r\nTelefono: 091 972 68 68<br \/>\r\nEmail : consultorio@bluewin.ch<br \/>\r\n<a href=\"https:\/\/consultoriodelledonne.ch\/\">Website<\/a><br \/>\r\n<br \/>\r\n&nbsp;<br \/>\r\n<br \/>\r\n&nbsp;<\/div><div class=\"faq-canton\"><strong>Associazione Consultorio delle donne &#8211; casa delle donne<\/strong><br \/><div class=\"faq-canton\"><br \/>\r\n<div><br \/>\r\n<div class=\"faq-canton\">Indirizzo: struttura a indirizzo riservato<br \/>\r\nReperibili 24h\/24, 7 giorni su 7<br \/>\r\nTelefono servizio: 076 248 09 94<br \/>\r\nTelefono emergenze: 078 624 90 70<br \/>\r\nEmail :<a rel=\"noreferrer\">\u00a0consultorio@bluewin.ch<\/a><br \/>\r\n<a href=\"https:\/\/consultoriodelledonne.ch\/\">Website<\/a><\/div><br \/>\r\n<\/div><br \/>\r\n<\/div><\/div><div class=\"faq-canton\"><strong>Associazione Arm\u00f2nia &#8211; Consultorio Alissa<\/strong><br \/>Il Consultorio Alissa offre consulenza e ascolto a donne e uomini che incontrano difficolt\u00e0 nella relazione di coppia o all\u2019interno della famiglia.<br \/>\r\nVia San Giovanni 7, 6500 Bellinzona<br \/>\r\nOrario di apertura : marted\u00ec 9.00 \u2013 13.00, 13.30 \u2013 17.30 e venerd\u00ec 9.00 \u2013 13.00<br \/>\r\nTelefono : 091 826 13 75<br \/>\r\n<a href=\"mailto:consultorio.alissa@bluewin.ch\">consultorio.alissa@bluewin.ch<\/a><br \/>\r\n<a href=\"https:\/\/www.associazionearmonia.ch\/consultorio-alissa\/\">pagina web<\/a><br \/>\r\n<br \/>\r\n&nbsp;<\/div><div class=\"faq-canton\"><strong>Associaziona Arm\u00f2nia &#8211; Casa Arm\u00f2nia<\/strong><br \/>Casa Arm\u00f2nia \u00e8 una struttura protetta che ospita donne confrontate con situazioni conflittuali, legati a tutte le forme di violenza domestica. La Casa \u00e8 aperta anche ai figli delle ospiti.<br \/>\r\nindirizzo protetto<br \/>\r\npicchetto telefonico attivo 24h\/24h<br \/>\r\nTelefono : 0848 33 47 33<br \/>\r\n<a href=\"mailto:casa.armonia@bluewin.ch\">casa.armonia@bluewin.ch<\/a><br \/>\r\n<a href=\"https:\/\/www.associazionearmonia.ch\/casa-armonia\/\">pagina web<\/a><\/div><div class=\"faq-canton\"><strong>Consultori di Salute Sessuale EOC<\/strong><br \/>Consulenza, informazioni e sostegno sui temi della salute sessuale e riproduttiva. Orientamento verso i servizi del territorio a seconda dei bisogni specifici.<br \/>\r\nConsultorio di Salute Sessuale EOC, Ospedale Regionale di Bellinzona, 091 811 92 32<br \/>\r\nConsultorio di Salute Sessuale EOC, Ospedale Regionale di Locarno, 091 811 45 51<br \/>\r\nConsultorio di Salute Sessuale EOC, Ospedale Regionale di Lugano, 091 811 61 48<br \/>\r\nConsultorio di Salute Sessuale EOC, Ospedale Regionale di Mendrisio, 091 811 36 50<br \/>\r\n<a href=\"http:\/\/www.eoc.ch\/coss\">pagina web<\/a><br \/>\r\n<br \/>\r\n&nbsp;<\/div><div class=\"faq-canton\"><strong>Ciao Table<\/strong><br \/>Ciao Table, in collaborazione con Auto Aiuto Ticino, offre Gruppi di auto-aiuto con accompagnamento professionale psicologico: sostegno e aiuto professionale sono offerti a familiari e amiche-i di chi subisce prepotenze o violenze. Un secondo gruppo accoglie familiari e amiche-i di chi agisce violenze. \u00a0Un terzo gruppo di auto-aiuto \u00e8 dedicato alle persone che subiscono prepotenze o violenze.<br \/>\r\nWhatsApp (solo messaggi) +41799136804<br \/>\r\n<a href=\"mailto:ciaotable@protonmail.com\">ciaotable@protonmail.com <\/a><\/div><div class=\"faq-canton\"><strong>Associazione Arm\u00f2nia &#8211; Consultorio Alissa<\/strong><br \/>Il Consultorio Alissa offre consulenza e ascolto a donne e uomini che incontrano difficolt\u00e0 nella relazione di coppia o all\u2019interno della famiglia.<br \/>\r\n<span data-olk-copy-source=\"MessageBody\">Via San Giovanni 7, 6500 Bellinzona<\/span><br \/>\r\n<span data-olk-copy-source=\"MessageBody\">Orario di apertura : marted\u00ec 9.00 \u2013 13.00, 13.30 \u2013 17.30 e venerd\u00ec 9.00 \u2013 13.00<\/span><br \/>\r\nTelefono : 091 826 13 75<br \/>\r\n<a href=\"mailto:consultorio.alissa@bluewin.ch\">consultorio.alissa@bluewin.ch<\/a><br \/>\r\n<a href=\"https:\/\/www.associazionearmonia.ch\/consultorio-alissa\/\">Website<\/a><\/div><\/div><\/div><\/div><\/div><div class='accordion_item'><div class='accordion_header'><span class=\"title\">Valais<\/span><\/div><div class='accordion_body'><div class='acc_body_inner'><div class='vqf_fixed_width_text'><div class=\"faq-canton\"><strong>Alter-Ego &#8211; Association pour la pr\u00e9vention de la maltraitance envers les personnes \u00e2g\u00e9es<\/strong><br \/>T\u00e9l. 0848 00 13 13<br \/>\r\n- FR, GE, JU, NE, TI, VD : lundi au vendredi de 9h \u00e0 12h et de 14h \u00e0 17h<br \/>\r\n- VS\u00a0: lundi au vendredi de 8h \u00e0 12h et de 13h30 \u00e0 17h<br \/>\r\n<a href=\"https:\/\/alter-ego.ch\/\" target=\"_blank\" rel=\"noopener\">www.alter-ego.ch<\/a><\/div><div class=\"faq-canton\"><strong>Pharos-Gen\u00e8ve \/ Soutien aux hommes victimes de violences conjugales<\/strong><br \/>Rue du Stand, 40<br \/>\r\n1204 Gen\u00e8ve<br \/>\r\n+41 22 736 13 13<br \/>\r\n(contact possible via le site)<br \/>\r\n<a href=\"http:\/\/www.pharos-geneve.ch\/\" target=\"_blank\" rel=\"noopener\">site web<\/a><\/div><div class=\"faq-canton\"><strong>Association ESPAS (Espace de Soutien et de Pr\u00e9vention &#8211; Abus Sexuels)<\/strong><br \/>+41 848 515 000<br \/>\r\n<a href=\"mailto:soutien@espas.info\">soutien@espas.info<\/a><br \/>\r\n<a href=\"http:\/\/www.espas.info\/\" target=\"_blank\" rel=\"noopener\">site web<\/a><br \/>\r\n<br \/>\r\nAntenne vaudoise<br \/>\r\nRue Centrale 7<br \/>\r\n1003 Lausanne<br \/>\r\n<br \/>\r\nAntenne valaisanne<br \/>\r\nRuelle du midi 10<br \/>\r\n1950 Sion<\/div><div class=\"faq-canton\"><strong>Association valaisanne interpr\u00e9tariat communautaire (AVIC)<\/strong><br \/>Av. de la Gare 5<br \/>\r\n1950 Sion<br \/>\r\n+41 79 794 69 21<br \/>\r\n<a href=\"mailto:info@interpretavic.ch\">info@interpretavic.ch<\/a><br \/>\r\n<a href=\"http:\/\/www.interpretavic.ch\/\" target=\"_blank\" rel=\"noopener\">site web<\/a><\/div><div class=\"faq-canton\"><strong>Beratung und sozialtherapeutische Betreuung<\/strong><br \/>Beratungsraum<br \/>\r\nBrig-Glis<br \/>\r\n+41 79 308 84 05<br \/>\r\n<a href=\"mailto:christian.bayard@smzo.ch\">christian.bayard@smzo.ch<\/a><br \/>\r\n<a href=\"https:\/\/www.haeuslichegewalt-vs.ch\/de\/beratung-sozialtherapeutische-betreuung-40.html\" target=\"_blank\" rel=\"noopener\">Webseite<\/a><\/div><div class=\"faq-canton\"><strong>Alternative-Violence (Caritas Valais)<\/strong><br \/>Antenne romande<br \/>\r\nRue de Lo\u00e8che 19<br \/>\r\n1950 Sion<br \/>\r\n+41 27 322 99 86<br \/>\r\n<a href=\"mailto:alternative-violence@caritas-valais.ch\">alternative-violence@caritas-valais.ch<\/a><br \/>\r\n<a href=\"https:\/\/www.caritas-valais.ch\/fr\/depasser-violence-2.html\">site web<\/a><br \/>\r\n<br \/>\r\nAntenne haut-valais<br \/>\r\nMatzenweg 2<br \/>\r\n3900 Brig<br \/>\r\n+41 27 924 88 02<br \/>\r\n<a href=\"mailto:gewaltberatung@caritas-wallis.ch\">gewaltberatung@caritas-wallis.ch <\/a><br \/>\r\n<a href=\"https:\/\/www.caritas-valais.ch\/fr\/gewalt-beratung-oberwallis-216.html\">Webseite<\/a><\/div><div class=\"faq-canton\"><strong>Centre pour le d\u00e9veloppement et la th\u00e9rapie de l&#8217;enfant et l&#8217;adolescent-e (CDTEA) \/ Zentrum f\u00fcr Entwicklung und Therapie des Kindes und Jugendlichen (ZET)<\/strong><br \/><a href=\"mailto:scj@admin.vs.ch\">scj@admin.vs.ch<\/a><br \/>\r\n<a href=\"http:\/\/www.vs.ch\/web\/scj\/cdtea\" target=\"_blank\" rel=\"noopener\">site web<\/a><\/div><div class=\"faq-canton\"><strong>F\u00e9d\u00e9ration valaisanne des centres SIPE (Sexualit\u00e9, Information, Pr\u00e9vention, Education)<\/strong><br \/><a href=\"http:\/\/www.sipe-vs.ch\/\" target=\"_blank\" rel=\"noopener\">site web<\/a><br \/>\r\n<br \/>\r\nSIPE Monthey<br \/>\r\nAvenue du Pont 5<br \/>\r\n+41 24 471 00 13<br \/>\r\n<a href=\"mailto:monthey@sipe-vs.ch\">monthey@sipe-vs.ch<\/a><br \/>\r\n<br \/>\r\nSIPE Martigny<br \/>\r\nAvenue de la Gare 38<br \/>\r\n+41 27 722 66 80<br \/>\r\n<a href=\"mailto:martigny@sipe-vs.ch\">martigny@sipe-vs.ch<\/a><br \/>\r\n<br \/>\r\nSIPE Sion<br \/>\r\nRue de l'Industrie 10<br \/>\r\n+41 27 323 46 48<br \/>\r\n<a href=\"mailto:sion@sipe-vs.ch\">sion@sipe-vs.ch<\/a><br \/>\r\n<br \/>\r\nSIPE Sierre<br \/>\r\nRue Rainer-Maria-Rilke 4<br \/>\r\n+41 27 455 58 18<br \/>\r\n<a href=\"mailto:sierre@sipe-vs.ch\">sierre@sipe-vs.ch<\/a><br \/>\r\n<br \/>\r\nSIPE Brig<br \/>\r\nMatzenweg 2<br \/>\r\n+41 27 923 93 13<br \/>\r\n<a href=\"mailto:brig@sipe-vs.ch\">brig@sipe-vs.ch<\/a><\/div><div class=\"faq-canton\"><strong>Centre Suisse-Immigr\u00e9s<\/strong><br \/>Avenue de Tourbillon 34<br \/>\r\n1950 Sion<br \/>\r\n+41 27 323 12 16<br \/>\r\n<a href=\"mailto:csivs@bluewin.ch\">csivs@bluewin.ch<\/a><br \/>\r\n<a href=\"https:\/\/csivs.ch\/\">site web<\/a><\/div><div class=\"faq-canton\"><strong>Centres de comp\u00e9tences en psychiatrie et psychoth\u00e9rapie (CCPP) de l&#8217;h\u00f4pital du Valais<\/strong><br \/>+41 800 012 210<br \/>\r\n<a href=\"https:\/\/www.hopitalduvalais.ch\/fr\/disciplines-medicales\/disciplines-de-a-a-z\/psychiatrie-et-psychotherapie.html\" target=\"_blank\" rel=\"noopener\">site web<\/a><\/div><div class=\"faq-canton\"><strong>Forum Migration Oberwallis (FMO)<\/strong><br \/>Terbinerstrasse 3 - Postfach 181<br \/>\r\n3930 Visp<br \/>\r\n+41 27 946 82 85<br \/>\r\n<a href=\"mailto:info@forum-migration.ch\">info@forum-migration.ch<\/a><br \/>\r\n<a href=\"http:\/\/forum-migration.ch\/\" target=\"_blank\" rel=\"noopener\">site web<\/a><\/div><div class=\"faq-canton\"><strong>Office cantonal de l&#8217;\u00e9galit\u00e9 et de la famille \/ Kantonales Amt f\u00fcr Gleichstellung und Familie<\/strong><br \/>Avenue de la Gare 33<br \/>\r\n1950 Sion<br \/>\r\n027 606 21 20<br \/>\r\n<a href=\"mailto:egalite-famille@admin.vs.ch\">egalite-famille@admin.vs.ch<\/a><br \/>\r\n<a href=\"http:\/\/www.egalite-famille.ch\/\" target=\"_blank\" rel=\"noopener\">site web<\/a><\/div><div class=\"faq-canton\"><strong>Office pour la protection de l&#8217;enfant du Canton du Valais<\/strong><br \/><a href=\"mailto:ope@admin.vs.ch\">ope@admin.vs.ch<\/a><br \/>\r\n<a href=\"https:\/\/www.vs.ch\/web\/scj\/ope\" target=\"_blank\" rel=\"noopener\">site web<\/a><br \/>\r\n<br \/>\r\nOPE de Sion<br \/>\r\nAvenue Ritz 29<br \/>\r\n1950 Sion<br \/>\r\n+41 27 \u00a0606 48 40<br \/>\r\n<br \/>\r\nOPE de Sierre<br \/>\r\nAvenue Max-Huber 2<br \/>\r\n3960 Sierre<br \/>\r\n+41 27 606 98 61<br \/>\r\n<br \/>\r\nOPE de Martigny<br \/>\r\nRue d'Octodure 10b<br \/>\r\n1920 Martigny<br \/>\r\n+41 27 606 98 31<br \/>\r\n<br \/>\r\nOPE de \u00a0Monthey<br \/>\r\nAvenue du Simplon 32A<br \/>\r\n1870 Monthey<br \/>\r\n+41 27 606 98 01<br \/>\r\n<br \/>\r\nOPE de Brig<br \/>\r\nBahnhofplatz 1, 2. Stock<br \/>\r\n3900 Brig<br \/>\r\n+41 27 606 99 50<br \/>\r\n<br \/>\r\nOPE de Visp<br \/>\r\nPflanzettastrasse 9<br \/>\r\n3930 Visp<br \/>\r\n+41 27 \u00a0606 99 \u00a010<\/div><div class=\"faq-canton\"><strong>Centres LAVI &#8211; Valais \/ Opferhilfeberatung Wallis<\/strong><br \/>Centre de consultation LAVI Valais romand<br \/>\r\nRue des Vergers 1<br \/>\r\n1950 Sion<br \/>\r\n+41 27 607 31 00<br \/>\r\n<a href=\"http:\/\/www.vs.ch\/web\/sas\/lavi-beneficiaires\" target=\"_blank\" rel=\"noopener\">site web<\/a><br \/>\r\n<br \/>\r\nOpferhilfeberatung Oberwallis<br \/>\r\nGliseralle 10<br \/>\r\n3902 Brig-Glis<br \/>\r\n+41 27 946 85 32<br \/>\r\n<a href=\"mailto:opferhilfeberatung@oberwallis.ch\">opferhilfeberatung@oberwallis.ch<\/a><br \/>\r\n<a href=\"https:\/\/www.vs.ch\/de\/web\/sas\/leistungsempfanger\" target=\"_blank\" rel=\"noopener\">Webseite<\/a><\/div><div class=\"faq-canton\"><strong>Permanence juridique de l\u2019Ordre des avocats valaisans<\/strong><br \/>Rue de la Dent-Blanche 8<br \/>\r\n1950 Sion<br \/>\r\n<a href=\"http:\/\/www.oavs.ch\/\" target=\"_blank\" rel=\"noopener\">site web<\/a><\/div><div class=\"faq-canton\"><strong>R\u00e9seau valaisan d&#8217;intervention contre les violences \/ Wallizer Netzwerk gegen h\u00e4usliche Gewalt<\/strong><br \/><a href=\"https:\/\/www.violences-domestiques.ch\">site web<\/a><\/div><div class=\"faq-canton\"><strong>Station f\u00fcr Psychiatrie, Psychotherapie und Psychosomatik<\/strong><br \/>24h-Notfalldienst<br \/>\r\n+41 27 604 33 33<br \/>\r\n<a href=\"https:\/\/www.hopitalduvalais.ch\/de\/unsere-fachbereiche\/fachbereiche-von-a-bis-z\/psychiatrie-und-psychotherapie.html\" target=\"_blank\" rel=\"noopener\">site web<\/a><\/div><div class=\"faq-canton\"><strong>Verein Unterschlupf<\/strong><br \/>Postfach 686<br \/>\r\n3900 Brig<br \/>\r\n+41 79 628 87 80<br \/>\r\n<a href=\"mailto:info@unterschlupf.ch\">info@unterschlupf.ch<\/a><br \/>\r\n<a href=\"http:\/\/www.unterschlupf.ch\">Webseite<\/a><\/div><div class=\"faq-canton\"><strong>Psychiatriezentrum Oberwallis (PZO)<\/strong><br \/>Spitalzentrum Oberwallis<br \/>\r\n\u00dcberlandstr. 14<br \/>\r\n3900 Brig<br \/>\r\n+41 27 604 36 50<br \/>\r\n<a href=\"mailto:szo.pzo@hopitalvs.ch\">szo.pzo@hopitalvs.ch<\/a><br \/>\r\n<a href=\"http:\/\/www.spitalvs.ch\" target=\"_blank\" rel=\"noopener\">site web<\/a><\/div><div class=\"faq-canton\"><strong>Les Klamydia&#8217;s \ud83c\udff3\ufe0f\u200d\ud83c\udf08<\/strong><br \/>Association pour la sant\u00e9 sexuelle des femmes qui aiment les femmes<br \/>\r\nlesklamydias@gmail.com<br \/>\r\n<a href=\"http:\/\/www.klamydias.ch\" target=\"_blank\" rel=\"noopener\">site web<\/a><\/div><div class=\"faq-canton\"><strong>Alpagai \ud83c\udff3\ufe0f\u200d\ud83c\udf08<\/strong><br \/><span aria-label=\"Paragraphe de contr\u00f4le de contenu de texte enrichi\">Alpagai est l\u2019association valaisanne LGBTQI+. Nous soutenons toutes les personnes concern\u00e9es par les questions d\u2019orientation sexuelle et affective, d\u2019identit\u00e9 de genre ou d\u2019expression de genre, et leurs proches.<\/span><br \/>\r\nAvenue Ritz 33 - rez inf\u00e9rieur<br \/>\r\n1950 Sion<br \/>\r\n+41 79 426 63 22<br \/>\r\n<a href=\"mailto:contact@alpagai.ch\">contact@alpagai.ch<\/a><br \/>\r\n<a href=\"http:\/\/www.alpagai.ch\/\" target=\"_blank\" rel=\"noopener\">site web<\/a><\/div><div class=\"faq-canton\"><strong>Groupe de protection de l&#8217;enfant \/ Kinderschutzgruppe &#8211; Inselspital Bern<\/strong><br \/>Kinderkliniken - Inselspital<br \/>\r\n3010 Bern<br \/>\r\n+41 31 632 94 86 (Sekretariat) \/ +41 31 632 21 11 (Notfall)<br \/>\r\n<a href=\"http:\/\/www.kinderklinik.insel.ch\/de\/unser-angebot\/kinderschutz\" target=\"_blank\" rel=\"noopener\">Webseite<\/a><\/div><div class=\"faq-canton\"><strong>ciao.ch<\/strong><br \/><a href=\"http:\/\/ciao.ch\" target=\"_blank\" rel=\"noopener\">site web<\/a><\/div><div class=\"faq-canton\"><strong>ont\u00e9coute.ch<\/strong><br \/><a href=\"http:\/\/www.ontecoute.ch\" target=\"_blank\" rel=\"noopener\">site web<\/a><\/div><div class=\"faq-canton\"><strong>Fondation AGNODICE \ud83c\udff3\ufe0f\u200d\ud83c\udf08<\/strong><br \/>La Fondation Agnodice accueille, oriente et conseille les mineur-e-x-s en transition ou en questionnement de genre, et propose un accompagnement familial autour de cette th\u00e9matique<br \/>\r\nAvenue de la Gare 17<br \/>\r\n1003 Lausanne<br \/>\r\n+41 79 855 78 42 (disponibilit\u00e9 aussi sur Whatsapp)<br \/>\r\n<a href=\"mailto:info@agnodice.ch\">info@agnodice.ch<\/a><br \/>\r\n<a href=\"https:\/\/agnodice.ch\/\" target=\"_blank\" rel=\"noopener\">site web<\/a><\/div><div class=\"faq-canton\"><strong>aide-aux-victimes.ch<\/strong><br \/>https:\/\/www.aide-aux-victimes.ch\/fr\/<\/div><div class=\"faq-canton\"><strong>Fondation FAVA<\/strong><br \/>Accueil de toute personne 24h\/24, avec ou sans enfants, victimes de violences domestiques (physique, sexuelle, psychologique, \u00e9conomique ou social), en situation d'urgence pour leur offrir \u00e9coute et s\u00e9curit\u00e9.<br \/>\n<br \/>\nPlace Centrale 2<br \/>\n1950 Sion<br \/>\n+41 27 562 03 03<br \/>\n<strong><a href=\"mailto:info@fondation-fava.ch\">info@fondation-fava.ch<\/a><\/strong><br \/>\n<a href=\"https:\/\/fondation-fava.ch\/\">site web<\/a><\/div><div class=\"faq-canton\"><strong>Unit\u00e9 de m\u00e9decine des violences de l&#8217;Institut Central des H\u00f4pitaux du Valais<\/strong><br \/>Examen physique pour \u00e9tablir un constat m\u00e9dical pour faire valoir ses droit. Accueil et prise en charge en fran\u00e7ais et allemand par un-e infirmier-\u00e8re sp\u00e9cialis\u00e9-e. Service qui s'adresse aux personnes d\u00e8s 16 ans.<br \/>\r\n<br \/>\r\nB\u00e2timent Bonne Eau 18,<br \/>\r\n<br \/>\r\nRue St-Charles 14<br \/>\r\n<br \/>\r\n3960 Sierre<br \/>\r\n<br \/>\r\n+41 27 603 63 70<br \/>\r\n<strong><a href=\"mailto:ich.violences@hopitalvs.ch\">ich.violences@hopitalvs.ch<\/a><\/strong><br \/>\r\n<a href=\"https:\/\/www.hopitalduvalais.ch\/disciplines-medicales\/consultations\/consultation\/violences-182\">site web<\/a><\/div><\/div><\/div><\/div><\/div><div class='accordion_item'><div class='accordion_header'><span class=\"title\">Vaud<\/span><\/div><div class='accordion_body'><div class='acc_body_inner'><div class='vqf_fixed_width_text'><div class=\"faq-canton\"><strong>Centres LAVI &#8211; Vaud<\/strong><br \/><a href=\"http:\/\/www.profa.ch\/services-2\/centre-lavi\/\" target=\"_blank\" rel=\"noopener\">site web<\/a><br \/>\r\n<br \/>\r\nCentre LAVI Lausanne<br \/>\r\nrue du Grand-Pont 2bis<br \/>\r\n1003 Lausanne<br \/>\r\n+41 21 631 03 00<br \/>\r\n<br \/>\r\nCentre LAVI Aigle<br \/>\r\nRue du Molage 36<br \/>\r\n1860 Aigle<br \/>\r\n+41 21 631 03 04<br \/>\r\n<br \/>\r\nCentre LAVI Yverdon-les-Bains<br \/>\r\nRue de la Plaine 2<br \/>\r\n1400 Yverdons-les-Bains<br \/>\r\n+41 21 631 03 08<\/div><div class=\"faq-canton\"><strong>Alter-Ego &#8211; Association pour la pr\u00e9vention de la maltraitance envers les personnes \u00e2g\u00e9es<\/strong><br \/>T\u00e9l. 0848 00 13 13<br \/>\r\n- FR, GE, JU, NE, TI, VD : lundi au vendredi de 9h \u00e0 12h et de 14h \u00e0 17h<br \/>\r\n- VS\u00a0: lundi au vendredi de 8h \u00e0 12h et de 13h30 \u00e0 17h<br \/>\r\n<a href=\"https:\/\/alter-ego.ch\/\" target=\"_blank\" rel=\"noopener\">www.alter-ego.ch<\/a><\/div><div class=\"faq-canton\"><strong>Pharos-Gen\u00e8ve \/ Soutien aux hommes victimes de violences conjugales<\/strong><br \/>Rue du Stand, 40<br \/>\r\n1204 Gen\u00e8ve<br \/>\r\n+41 22 736 13 13<br \/>\r\n(contact possible via le site)<br \/>\r\n<a href=\"http:\/\/www.pharos-geneve.ch\/\" target=\"_blank\" rel=\"noopener\">site web<\/a><\/div><div class=\"faq-canton\"><strong>Juris Conseil Junior<\/strong><br \/>Case Postale 3125<br \/>\r\n1211 Gen\u00e8ve 3<br \/>\r\n+41 22 310 22 22<br \/>\r\n<a href=\"http:\/\/www.jcj.ch\/\" target=\"_blank\" rel=\"noopener\">site web<\/a><\/div><div class=\"faq-canton\"><strong>Action \u00e9ducative en Milieu ouvert AEMO<\/strong><br \/>Chemin des Champs-Courbes 25 A<br \/>\r\n1024 Ecublens<br \/>\r\n+41 21 651 04 04<br \/>\r\n<a href=\"mailto:Aemo.vaud@fijf.ch\">Aemo.vaud@fijf.ch<\/a><br \/>\r\n<a href=\"https:\/\/www.fjfnet.ch\/aemo-4\/\" target=\"_blank\" rel=\"noopener\">site web<\/a><\/div><div class=\"faq-canton\"><strong>Association Appartenances &#8211; Vaud<\/strong><br \/><a href=\"mailto:info@appartenances.ch\">info@appartenances.ch<\/a><br \/>\r\n<a href=\"http:\/\/www.appartenances.ch\/\" target=\"_blank\" rel=\"noopener\">site web<\/a><br \/>\r\n<br \/>\r\nAppartenances Lausanne<br \/>\r\nRue des Terreaux 10<br \/>\r\n1003 Lausanne<br \/>\r\n+41 21 341 12 50<br \/>\r\n<br \/>\r\nAppartenances Vevey<br \/>\r\nRue des Communaux 2a<br \/>\r\n1800 Vevey<br \/>\r\n+41 21 922 45 23<br \/>\r\n<br \/>\r\nAppartenances Yverdon<br \/>\r\nRue des P\u00eacheurs 8E<br \/>\r\n1400 Yverdon<br \/>\r\n+41 24 426 03 36<\/div><div class=\"faq-canton\"><strong>Association ESPAS (Espace de Soutien et de Pr\u00e9vention &#8211; Abus Sexuels)<\/strong><br \/>+41 848 515 000<br \/>\r\n<a href=\"mailto:soutien@espas.info\">soutien@espas.info<\/a><br \/>\r\n<a href=\"http:\/\/www.espas.info\/\" target=\"_blank\" rel=\"noopener\">site web<\/a><br \/>\r\n<br \/>\r\nAntenne vaudoise<br \/>\r\nRue Centrale 7<br \/>\r\n1003 Lausanne<br \/>\r\n<br \/>\r\nAntenne valaisanne<br \/>\r\nRuelle du midi 10<br \/>\r\n1950 Sion<\/div><div class=\"faq-canton\"><strong>Avocats ressources en mati\u00e8re de violences domestiques<\/strong><br \/>Rue de Bourg 47-49<br \/>\r\nCP 5927<br \/>\r\n1002 Lausanne<br \/>\r\n+41 21 317 50 80<br \/>\r\n<a href=\"mailto:info@arvd.ch\">info@arvd.ch<\/a><br \/>\r\n<a href=\"http:\/\/www.arvd.ch\/\" target=\"_blank\" rel=\"noopener\">site web<\/a><\/div><div class=\"faq-canton\"><strong>Bureau de l&#8217;\u00e9galit\u00e9 entre les hommes et les femmes<\/strong><br \/>Rue Caroline 11<br \/>\r\n1014 Lausanne<br \/>\r\n+41 21 316 61 24<br \/>\r\n<a href=\"mailto:info.befh@vd.ch\">info.befh@vd.ch<\/a><br \/>\r\n<a href=\"http:\/\/www.egalite.vd.ch\/\" target=\"_blank\" rel=\"noopener\">site web<\/a><\/div><div class=\"faq-canton\"><strong>Bureau Information Femmes<\/strong><br \/>Avenue Eglantine 6<br \/>\r\n1006 Lausanne<br \/>\r\n+41 21 320 04 04<br \/>\r\n<a href=\"mailto:info@bif-vd.ch\">info@bif-vd.ch<\/a><br \/>\r\n<a href=\"http:\/\/www.bif-vd.ch\/\" target=\"_blank\" rel=\"noopener\">site web<\/a><\/div><div class=\"faq-canton\"><strong>Caritas &#8211; Vaud<\/strong><br \/>Chemin de la Colline 11<br \/>\r\n1007 Lausanne<br \/>\r\n+41 21 317 59 80<br \/>\r\n<a href=\"mailto:info@caritas-vaud.ch\">info@caritas-vaud.ch<\/a><br \/>\r\n<a href=\"http:\/\/www.caritas-vaud.ch\/\" target=\"_blank\" rel=\"noopener\">site web<\/a><\/div><div class=\"faq-canton\"><strong>Centre d&#8217;accueil MalleyPrairie<\/strong><br \/>Chemin de la Prairie 34<br \/>\r\n1007 Lausanne<br \/>\r\n+41 21 620 76 76<br \/>\r\n<a href=\"mailto:info@malleyprairie.ch\">info@malleyprairie.ch<\/a><br \/>\r\n<a href=\"http:\/\/www.malleyprairie.ch\/\" target=\"_blank\" rel=\"noopener\">site web<\/a><\/div><div class=\"faq-canton\"><strong>Les Bor\u00e9ales\/DP-CHUV<\/strong><br \/>Av. Recordon 40<br \/>\r\n1004 Lausanne<br \/>\r\n+41 21 314 66 33<br \/>\r\n<a href=\"mailto:consultation.recordon@chuv.ch\">consultation.recordon@chuv.ch<\/a><br \/>\r\n<a href=\"http:\/\/www.chuv.ch\/psychiatrie\/fiches-psychiatrie_details.htm?fiche_id=318\" target=\"_blank\" rel=\"noopener\">site web<\/a><\/div><div class=\"faq-canton\"><strong>Centre sociaux r\u00e9gionaux (CSR) c\/o Direction g\u00e9n\u00e9rale de la coh\u00e9sion sociale<\/strong><br \/>B\u00e2timent administratif de la Pontaise<br \/>\r\nAv. des Casernes 2<br \/>\r\n1014 Lausanne<br \/>\r\n+41 21 316 52 21<br \/>\r\n<a href=\"mailto:info.dgcs@vd.ch\">info.dgcs@vd.ch<\/a><br \/>\r\n<a href=\"http:\/\/www.vd.ch\/toutes-les-autorites\/departements\/departement-de-la-sante-et-de-laction-sociale-dsas\/direction-generale-de-la-cohesion-sociale-dgcs\" target=\"_blank\" rel=\"noopener\">site web<\/a><\/div><div class=\"faq-canton\"><strong>Centre Universitaire Romand de M\u00e9decine L\u00e9gale CURMP \/ Unit\u00e9 de M\u00e9decine des violences<\/strong><br \/>Ch. de la Vuillette 4<br \/>\r\n1000 Lausanne 25<br \/>\r\n+41 21 314 70 70<br \/>\r\n<a href=\"http:\/\/www.curml.ch\/\" target=\"_blank\" rel=\"noopener\">site web<\/a><\/div><div class=\"faq-canton\"><strong>Fondation PROFA &#8211; Consultation de couple et de sexologie<\/strong><br \/>+41 21 631 01 62<br \/>\r\n(Contact possible via le formulaire sur le site)<br \/>\r\n<a href=\"https:\/\/www.profa.ch\/ccs\">site web<\/a><br \/>\r\n<br \/>\r\nLausanne<br \/>\r\nAvenue Georgette 1<br \/>\r\n1003 Lausanne<br \/>\r\n<br \/>\r\nRenens<br \/>\r\nRue de Lausanne 21<br \/>\r\n1020 Renens<br \/>\r\n<br \/>\r\nMorges<br \/>\r\nGrand Rue 79<br \/>\r\n1110 Morges<br \/>\r\n<br \/>\r\nNyon<br \/>\r\nRue des Marchandises 17<br \/>\r\n1260 Nyon<br \/>\r\n<br \/>\r\nVevey<br \/>\r\nAvenue du G\u00e9n\u00e9ral Guisan 30<br \/>\r\n1800 Vevey<br \/>\r\n<br \/>\r\nAigle<br \/>\r\nRue du Molage 36<br \/>\r\n1860 Aigle<\/div><div class=\"faq-canton\"><strong>Centre Pr\u00e9vention de l&#8217;Ale &#8211; Fondation MalleyPrairie<\/strong><br \/>Rue de l'Ale 30<br \/>\r\n1003 Lausanne<br \/>\r\n+41 21 321 24 00<br \/>\r\n<a href=\"mailto:info@prevention-ale.ch\">info@prevention-ale.ch<\/a><br \/>\r\n<a href=\"http:\/\/www.prevention-ale.ch\/\" target=\"_blank\" rel=\"noopener\">site web<\/a><\/div><div class=\"faq-canton\"><strong>CSP Centre social protestant VAUD<\/strong><br \/>Rue Beau-S\u00e9jour 28<br \/>\r\n1003 Lausanne<br \/>\r\n+41 21 560 60 60<br \/>\r\n<a href=\"mailto:couple@csp-vd.ch\">couple@csp-vd.ch<\/a><br \/>\r\n<a href=\"https:\/\/csp.ch\/vaud\/\" target=\"_blank\" rel=\"noopener\">site web<\/a><\/div><div class=\"faq-canton\"><strong>La Fraternit\u00e9 \u2013 Centre Social Protestant<\/strong><br \/>Place Arlaud 2<br \/>\r\n1003 Lausanne<br \/>\r\n+41 21 213 03 53<br \/>\r\n<a href=\"mailto:frat@csp-vd.ch\">frat@csp-vd.ch<\/a><br \/>\r\n<a href=\"http:\/\/www.csp.ch\/fraternite\" target=\"_blank\" rel=\"noopener\">site web<\/a><\/div><div class=\"faq-canton\"><strong>Ordre des Avocats Vaudois (AOV)<\/strong><br \/>Rue du Grand-Ch\u00eane 8<br \/>\r\n1002 Lausanne<br \/>\r\n+41 21 320 20 60<br \/>\r\n<a href=\"mailto:info@oav.ch\">info@oav.ch<\/a><br \/>\r\n<a href=\"http:\/\/www.oav.ch\/\" target=\"_blank\" rel=\"noopener\">site web<\/a><\/div><div class=\"faq-canton\"><strong>SAJE &#8211; Service d&#8217;Aide Juridique aux Exil\u00e9-e-s<\/strong><br \/>Rue Enning 4<br \/>\r\nCP 7359<br \/>\r\n1002 Lausanne<br \/>\r\n+41 21 351 25 51<br \/>\r\n<a href=\"mailto:info.saje@eper.ch\">info.saje@eper.ch<\/a><br \/>\r\n<a href=\"https:\/\/www.eper.ch\/project-explorer\/service-daide-juridique-aux-exile-e-s-saje\">site web<\/a><\/div><div class=\"faq-canton\"><strong>Union des femmes (Maison de la femme)<\/strong><br \/>Av. Eglantine 6<br \/>\r\n1006 Lausanne<br \/>\r\n+41 21 323 33 22<br \/>\r\n<a href=\"http:\/\/www.maisondelafemme.ch\/\" target=\"_blank\" rel=\"noopener\">site web<\/a><\/div><div class=\"faq-canton\"><strong>Unit\u00e9 de M\u00e9decine des Violences<\/strong><br \/>+41 21 314 00 60<br \/>\r\n<a href=\"mailto:umv.secretariat@chuv.ch\">umv.secretariat@chuv.ch<\/a><br \/>\r\n<a href=\"https:\/\/www.curml.ch\/node\/16\" target=\"_blank\" rel=\"noopener\">site web<\/a><br \/>\r\n<br \/>\r\nCHUV - Lausanne<br \/>\r\nRue du Bugnon 46, 1011 Lausanne<br \/>\r\n<br \/>\r\nH\u00f4pital d'Yverdon-les-Bains<br \/>\r\nRue d'Entremonts 11, 1400 Yverdon-les-Bains<br \/>\r\n<br \/>\r\nHRC - H\u00f4pital Riviera-Chablais<br \/>\r\nRte du Vieux S\u00e9quoia 20, 1847 Rennaz<br \/>\r\n<br \/>\r\nNyon<br \/>\r\nAv. Reverdil 8<\/div><div class=\"faq-canton\"><strong>Urgences de m\u00e9decine 24H\/24<\/strong><br \/>Policlinique m\u00e9dicale universitaire (PMU)<br \/>\r\nRue du Bugnon 44<br \/>\r\n1011 Lausanne<br \/>\r\n+41 21 314 60 60<br \/>\r\n<a href=\"http:\/\/www.pmu-lausanne.ch\/\" target=\"_blank\" rel=\"noopener\">site web<\/a><\/div><div class=\"faq-canton\"><strong>Urgences gyn\u00e9cologiques et accouchements 24h\/24<\/strong><br \/>Maternit\u00e9 du CHUV - Av. Pierre-Decker 2<br \/>\r\n1011 Lausanne<br \/>\r\n+41 21 314 34 10<br \/>\r\n<a href=\"mailto:dgog.info@chuv.ch\">dgog.info@chuv.ch<\/a><br \/>\r\n<a href=\"http:\/\/www.chuv.ch\/fr\/dfme\/dfme-home\/femme-mere\/urgences\/\" target=\"_blank\" rel=\"noopener\">site web<\/a><\/div><div class=\"faq-canton\"><strong>Direction g\u00e9n\u00e9rale de l\u2019enfance et de la jeunesse<\/strong><br \/>+41 21 316 53 53<br \/>\r\n<a href=\"mailto:info.dgej@vd.ch\">info.dgej@vd.ch<\/a>\u200b<br \/>\r\n<a href=\"http:\/\/:www.vd.ch\/dgej\" target=\"_blank\" rel=\"noopener\">site web<\/a><br \/>\r\n<br \/>\r\nOFFICE R\u00c9GIONAL DE PROTECTION DES MINEURS DU NORD VAUDOIS<br \/>\r\nAv. Haldimand 39<br \/>\r\n1400\u202fYverdon-les-Bains<br \/>\r\n+41 24 557 66 00<br \/>\r\n<br \/>\r\nOFFICE R\u00c9GIONAL DE PROTECTION DES MINEURS DE L'EST<br \/>\r\nGrand'Rue 90<br \/>\r\nCase postale\u202f1447<br \/>\r\n1820\u202fMontreux 1<br \/>\r\n+41 21 557 94 69<br \/>\r\n<br \/>\r\nOFFICE R\u00c9GIONAL DE PROTECTION DES MINEURS DU CENTRE<br \/>\r\nAv. des Casernes 2 B\u00e2timent administratif de la Pontaise<br \/>\r\n1014\u202fLausanne<br \/>\r\n+41 21 316 53 10<br \/>\r\n<br \/>\r\nOFFICE R\u00c9GIONAL DE PROTECTION DES MINEURS DE L'OUEST<br \/>\r\nRue de l'H\u00f4pital 5<br \/>\r\nCase postale\u202f1046<br \/>\r\n1180\u202fRolle<br \/>\r\n+41 21 557 53 17<\/div><div class=\"faq-canton\"><strong>Les Klamydia&#8217;s \ud83c\udff3\ufe0f\u200d\ud83c\udf08<\/strong><br \/>Association pour la sant\u00e9 sexuelle des femmes qui aiment les femmes<br \/>\r\nlesklamydias@gmail.com<br \/>\r\n<a href=\"http:\/\/www.klamydias.ch\" target=\"_blank\" rel=\"noopener\">site web<\/a><\/div><div class=\"faq-canton\"><strong>Le Refuge Gen\u00e8ve (Service de Dialogai) \ud83c\udff3\ufe0f\u200d\ud83c\udf08<\/strong><br \/>Le refuge Gen\u00e8ve est un service social qui vise \u00e0 aider les jeunes LGBTIQ+ \u00e0 s\u2019affirmer et d\u00e9velopper leur pouvoir d\u2019agir. Ce travail s\u2019effectue \u00e0 travers des entretiens individuels et\/ou de famille, des espaces collectifs et des \u00e9changes d\u2019exp\u00e9riences positives. Nous soutenons les jeunes dans toutes leurs dimensions individuelles, relationnelles et collectives.<br \/>\r\nRue de la Navigation 11<br \/>\r\n1201 Gen\u00e8ve<br \/>\r\n+41 22 906 40 35<br \/>\r\n<a href=\"mailto:accueil@refuge-geneve.ch\">accueil@refuge-geneve.ch<\/a><br \/>\r\n<a href=\"https:\/\/refuge-geneve.ch\/\" target=\"_blank\" rel=\"noopener\">site web<\/a><\/div><div class=\"faq-canton\"><strong>VOGAY \ud83c\udff3\ufe0f\u200d\ud83c\udf08<\/strong><br \/>Association vaudoise pour la diversit\u00e9 sexuelle et de genre<br \/>\r\nRue P\u00e9pinet 1<br \/>\r\n+41 21 555 20 10<br \/>\r\n<a href=\"mailto:info@vogay.ch\">info@vogay.ch<\/a><br \/>\r\n<a href=\"http:\/\/www.vogay.ch\" target=\"_blank\" rel=\"noopener\">site web<\/a><\/div><div class=\"faq-canton\"><strong>ciao.ch<\/strong><br \/><a href=\"http:\/\/ciao.ch\" target=\"_blank\" rel=\"noopener\">site web<\/a><\/div><div class=\"faq-canton\"><strong>ont\u00e9coute.ch<\/strong><br \/><a href=\"http:\/\/www.ontecoute.ch\" target=\"_blank\" rel=\"noopener\">site web<\/a><\/div><div class=\"faq-canton\"><strong>Fondation AGNODICE \ud83c\udff3\ufe0f\u200d\ud83c\udf08<\/strong><br \/>La Fondation Agnodice accueille, oriente et conseille les mineur-e-x-s en transition ou en questionnement de genre, et propose un accompagnement familial autour de cette th\u00e9matique<br \/>\r\nAvenue de la Gare 17<br \/>\r\n1003 Lausanne<br \/>\r\n+41 79 855 78 42 (disponibilit\u00e9 aussi sur Whatsapp)<br \/>\r\n<a href=\"mailto:info@agnodice.ch\">info@agnodice.ch<\/a><br \/>\r\n<a href=\"https:\/\/agnodice.ch\/\" target=\"_blank\" rel=\"noopener\">site web<\/a><\/div><div class=\"faq-canton\"><strong>Bureau cantonal pour l&#8217;int\u00e9gration des \u00e9trangers et la pr\u00e9vention du racisme<\/strong><br \/>Avenue de S\u00e9velin 46<br \/>\r\n1014 Lausanne<br \/>\r\n+41 21 316 49 59<br \/>\r\n<a href=\"mailto:amina.benkais-benbrahim@vd.ch\">info.integration@vd.ch<\/a><\/div><div class=\"faq-canton\"><strong>aide-aux-victimes.ch<\/strong><br \/>https:\/\/www.aide-aux-victimes.ch\/fr\/<\/div><\/div><\/div><\/div><\/div><\/div><\/div><\/div><\/div><\/section>[\/vc_column][\/vc_row]<\/p>\n<\/div>","protected":false},"excerpt":{"rendered":"<p>[vc_row][vc_column][\/vc_column][\/vc_row]<\/p>\n","protected":false},"author":16,"featured_media":0,"parent":0,"menu_order":0,"comment_status":"closed","ping_status":"closed","template":"","meta":{"_acf_changed":false,"footnotes":""},"class_list":["post-8738","page","type-page","status-publish","hentry"],"acf":[],"yoast_head":"<!-- This site is optimized with the Yoast SEO plugin v27.3 - https:\/\/yoast.com\/product\/yoast-seo-wordpress\/ -->\n<title>How to find the help you need &#8226; Violence que faire ?<\/title>\n<meta name=\"description\" content=\"All the useful addresses to find help. Contact the support centers according to your needs. Don&#039;t hesitate to ask us your question\" \/>\n<meta name=\"robots\" content=\"index, follow, max-snippet:-1, max-image-preview:large, max-video-preview:-1\" \/>\n<link rel=\"canonical\" href=\"https:\/\/www.violencequefaire.ch\/en\/how-to-find-the-help-you-need\/\" \/>\n<meta property=\"og:locale\" content=\"en_US\" \/>\n<meta property=\"og:type\" content=\"article\" \/>\n<meta property=\"og:title\" content=\"How to find the help you need &#8226; Violence que faire ?\" \/>\n<meta property=\"og:description\" content=\"All the useful addresses to find help. Contact the support centers according to your needs. Don&#039;t hesitate to ask us your question\" \/>\n<meta property=\"og:url\" content=\"https:\/\/www.violencequefaire.ch\/en\/how-to-find-the-help-you-need\/\" \/>\n<meta property=\"og:site_name\" content=\"Violence que faire ?\" \/>\n<meta property=\"article:modified_time\" content=\"2025-01-22T15:53:17+00:00\" \/>\n<meta name=\"twitter:card\" content=\"summary_large_image\" \/>\n<meta name=\"twitter:label1\" content=\"Est. reading time\" \/>\n\t<meta name=\"twitter:data1\" content=\"1 minute\" \/>\n<script type=\"application\/ld+json\" class=\"yoast-schema-graph\">{\"@context\":\"https:\\\/\\\/schema.org\",\"@graph\":[{\"@type\":\"WebPage\",\"@id\":\"https:\\\/\\\/www.violencequefaire.ch\\\/en\\\/how-to-find-the-help-you-need\\\/\",\"url\":\"https:\\\/\\\/www.violencequefaire.ch\\\/en\\\/how-to-find-the-help-you-need\\\/\",\"name\":\"How to find the help you need &#8226; Violence que faire ?\",\"isPartOf\":{\"@id\":\"https:\\\/\\\/www.violencequefaire.ch\\\/en\\\/#website\"},\"datePublished\":\"2022-03-24T11:03:09+00:00\",\"dateModified\":\"2025-01-22T15:53:17+00:00\",\"description\":\"All the useful addresses to find help. Contact the support centers according to your needs. Don't hesitate to ask us your question\",\"breadcrumb\":{\"@id\":\"https:\\\/\\\/www.violencequefaire.ch\\\/en\\\/how-to-find-the-help-you-need\\\/#breadcrumb\"},\"inLanguage\":\"en-US\",\"potentialAction\":[{\"@type\":\"ReadAction\",\"target\":[\"https:\\\/\\\/www.violencequefaire.ch\\\/en\\\/how-to-find-the-help-you-need\\\/\"]}]},{\"@type\":\"BreadcrumbList\",\"@id\":\"https:\\\/\\\/www.violencequefaire.ch\\\/en\\\/how-to-find-the-help-you-need\\\/#breadcrumb\",\"itemListElement\":[{\"@type\":\"ListItem\",\"position\":1,\"name\":\"Home\",\"item\":\"https:\\\/\\\/www.violencequefaire.ch\\\/en\\\/\"},{\"@type\":\"ListItem\",\"position\":2,\"name\":\"How to find the help you need\"}]},{\"@type\":\"WebSite\",\"@id\":\"https:\\\/\\\/www.violencequefaire.ch\\\/en\\\/#website\",\"url\":\"https:\\\/\\\/www.violencequefaire.ch\\\/en\\\/\",\"name\":\"Violence que faire\",\"description\":\"Des sp\u00e9cialistes r\u00e9pondent personnellement \u00e0 vos questions anonymes sur la violence au sein du couple.\",\"publisher\":{\"@id\":\"https:\\\/\\\/www.violencequefaire.ch\\\/en\\\/#organization\"},\"alternateName\":\"Violenza Cosa Fare\",\"potentialAction\":[{\"@type\":\"SearchAction\",\"target\":{\"@type\":\"EntryPoint\",\"urlTemplate\":\"https:\\\/\\\/www.violencequefaire.ch\\\/en\\\/?s={search_term_string}\"},\"query-input\":{\"@type\":\"PropertyValueSpecification\",\"valueRequired\":true,\"valueName\":\"search_term_string\"}}],\"inLanguage\":\"en-US\"},{\"@type\":\"Organization\",\"@id\":\"https:\\\/\\\/www.violencequefaire.ch\\\/en\\\/#organization\",\"name\":\"Violence que faire ?\",\"url\":\"https:\\\/\\\/www.violencequefaire.ch\\\/en\\\/\",\"logo\":{\"@type\":\"ImageObject\",\"inLanguage\":\"en-US\",\"@id\":\"https:\\\/\\\/www.violencequefaire.ch\\\/en\\\/#\\\/schema\\\/logo\\\/image\\\/\",\"url\":\"https:\\\/\\\/www.violencequefaire.ch\\\/wp-content\\\/uploads\\\/2022\\\/04\\\/VQF_LOGO_neutre.jpg\",\"contentUrl\":\"https:\\\/\\\/www.violencequefaire.ch\\\/wp-content\\\/uploads\\\/2022\\\/04\\\/VQF_LOGO_neutre.jpg\",\"width\":253,\"height\":376,\"caption\":\"Violence que faire ?\"},\"image\":{\"@id\":\"https:\\\/\\\/www.violencequefaire.ch\\\/en\\\/#\\\/schema\\\/logo\\\/image\\\/\"}}]}<\/script>\n<!-- \/ Yoast SEO plugin. -->","yoast_head_json":{"title":"How to find the help you need &#8226; Violence que faire ?","description":"All the useful addresses to find help. Contact the support centers according to your needs. Don't hesitate to ask us your question","robots":{"index":"index","follow":"follow","max-snippet":"max-snippet:-1","max-image-preview":"max-image-preview:large","max-video-preview":"max-video-preview:-1"},"canonical":"https:\/\/www.violencequefaire.ch\/en\/how-to-find-the-help-you-need\/","og_locale":"en_US","og_type":"article","og_title":"How to find the help you need &#8226; Violence que faire ?","og_description":"All the useful addresses to find help. Contact the support centers according to your needs. Don't hesitate to ask us your question","og_url":"https:\/\/www.violencequefaire.ch\/en\/how-to-find-the-help-you-need\/","og_site_name":"Violence que faire ?","article_modified_time":"2025-01-22T15:53:17+00:00","twitter_card":"summary_large_image","twitter_misc":{"Est. reading time":"1 minute"},"schema":{"@context":"https:\/\/schema.org","@graph":[{"@type":"WebPage","@id":"https:\/\/www.violencequefaire.ch\/en\/how-to-find-the-help-you-need\/","url":"https:\/\/www.violencequefaire.ch\/en\/how-to-find-the-help-you-need\/","name":"How to find the help you need &#8226; Violence que faire ?","isPartOf":{"@id":"https:\/\/www.violencequefaire.ch\/en\/#website"},"datePublished":"2022-03-24T11:03:09+00:00","dateModified":"2025-01-22T15:53:17+00:00","description":"All the useful addresses to find help. Contact the support centers according to your needs. Don't hesitate to ask us your question","breadcrumb":{"@id":"https:\/\/www.violencequefaire.ch\/en\/how-to-find-the-help-you-need\/#breadcrumb"},"inLanguage":"en-US","potentialAction":[{"@type":"ReadAction","target":["https:\/\/www.violencequefaire.ch\/en\/how-to-find-the-help-you-need\/"]}]},{"@type":"BreadcrumbList","@id":"https:\/\/www.violencequefaire.ch\/en\/how-to-find-the-help-you-need\/#breadcrumb","itemListElement":[{"@type":"ListItem","position":1,"name":"Home","item":"https:\/\/www.violencequefaire.ch\/en\/"},{"@type":"ListItem","position":2,"name":"How to find the help you need"}]},{"@type":"WebSite","@id":"https:\/\/www.violencequefaire.ch\/en\/#website","url":"https:\/\/www.violencequefaire.ch\/en\/","name":"Violence que faire","description":"Des sp\u00e9cialistes r\u00e9pondent personnellement \u00e0 vos questions anonymes sur la violence au sein du couple.","publisher":{"@id":"https:\/\/www.violencequefaire.ch\/en\/#organization"},"alternateName":"Violenza Cosa Fare","potentialAction":[{"@type":"SearchAction","target":{"@type":"EntryPoint","urlTemplate":"https:\/\/www.violencequefaire.ch\/en\/?s={search_term_string}"},"query-input":{"@type":"PropertyValueSpecification","valueRequired":true,"valueName":"search_term_string"}}],"inLanguage":"en-US"},{"@type":"Organization","@id":"https:\/\/www.violencequefaire.ch\/en\/#organization","name":"Violence que faire ?","url":"https:\/\/www.violencequefaire.ch\/en\/","logo":{"@type":"ImageObject","inLanguage":"en-US","@id":"https:\/\/www.violencequefaire.ch\/en\/#\/schema\/logo\/image\/","url":"https:\/\/www.violencequefaire.ch\/wp-content\/uploads\/2022\/04\/VQF_LOGO_neutre.jpg","contentUrl":"https:\/\/www.violencequefaire.ch\/wp-content\/uploads\/2022\/04\/VQF_LOGO_neutre.jpg","width":253,"height":376,"caption":"Violence que faire ?"},"image":{"@id":"https:\/\/www.violencequefaire.ch\/en\/#\/schema\/logo\/image\/"}}]}},"_links":{"self":[{"href":"https:\/\/www.violencequefaire.ch\/en\/wp-json\/wp\/v2\/pages\/8738","targetHints":{"allow":["GET"]}}],"collection":[{"href":"https:\/\/www.violencequefaire.ch\/en\/wp-json\/wp\/v2\/pages"}],"about":[{"href":"https:\/\/www.violencequefaire.ch\/en\/wp-json\/wp\/v2\/types\/page"}],"author":[{"embeddable":true,"href":"https:\/\/www.violencequefaire.ch\/en\/wp-json\/wp\/v2\/users\/16"}],"replies":[{"embeddable":true,"href":"https:\/\/www.violencequefaire.ch\/en\/wp-json\/wp\/v2\/comments?post=8738"}],"version-history":[{"count":1,"href":"https:\/\/www.violencequefaire.ch\/en\/wp-json\/wp\/v2\/pages\/8738\/revisions"}],"predecessor-version":[{"id":8874,"href":"https:\/\/www.violencequefaire.ch\/en\/wp-json\/wp\/v2\/pages\/8738\/revisions\/8874"}],"wp:attachment":[{"href":"https:\/\/www.violencequefaire.ch\/en\/wp-json\/wp\/v2\/media?parent=8738"}],"curies":[{"name":"wp","href":"https:\/\/api.w.org\/{rel}","templated":true}]}}