{"id":3164,"date":"2022-03-24T12:03:09","date_gmt":"2022-03-24T11:03:09","guid":{"rendered":"https:\/\/dev-vqf.creatives.com\/fragen-von-internetnutzern\/"},"modified":"2023-12-13T13:29:36","modified_gmt":"2023-12-13T12:29:36","slug":"fragen-von-internetnutzern","status":"publish","type":"page","link":"https:\/\/www.violencequefaire.ch\/de\/fragen-von-internetnutzern\/","title":{"rendered":"Fragen von Internetnutzern"},"content":{"rendered":"<div class=\"wpb-content-wrapper\"><p>[vc_row][vc_column]<form method='GET'><section class='vqf_section_block block_background'><div class='vqf_container'><div class='vqf_row'><div class='vqf_full_col'><h2>Fragen von Internetnutzern<\/h2><div class='filter_row'><div class='vqf_filter_dropdown'><select name='age' class='form-control'><option value='0'>Votre \u00e2ge<\/option><\/select><\/div><div class='vqf_filter_dropdown'><select name='type' class='form-control'><option value='0'>Type de violence<\/option><\/select><\/div><div class='vqf_filter_dropdown'><select name='rapport' class='form-control'><option value='0'>Cat\u00e9gorie<\/option><\/select><\/div><div class='vqf_filter_search'><input type='text' class='form-control' name='mots-cles' placeholder='Rechercher par mot-cl\u00e9(s)' value='' \/><button><img src='https:\/\/www.violencequefaire.ch\/wp-content\/themes\/vqf\/assets\/img\/icons\/search_warning.svg' alt=''><\/button><\/div><div class='vqf_filter_submit'><input type='submit' class='button' value='Valider' \/><\/div><\/div><\/form>[vc_column_text]<\/p>\n<p style=\"text-align: center;\"><a class=\"button\" href=\"http:\/\/sitemanager.violencequefaire.ch\">Posez votre question<\/a><\/p>\n<p>[\/vc_column_text]<div class='vqf_question_answer_accordion_block'><div class='qa_acc_item'><span class='acc_toggler'><\/span><div class='item_header'><h3>Je souhaite fuir, mais c&#8217;est un bon p\u00e8re<h3><div class='vqf_fixed_width_text'><p>08 octobre 2023 - Ele... Bonsoir, Mon conjoint s'est montr\u00e9 violent avec moi ce soir. Il ne m'a pas frapp\u00e9 mais alors qu'on se disputait devant mon enfant j'ai voulu partir et prendre mon enfant pour stopper cette situation. Il...<\/p><\/div><\/div><div class='item_body'><div class='quesion_response_block'><div class='question'><h5>Question<\/h5><div class='vqf_fixed_width_text'><p>08 octobre 2023 - Ele...<div class=\"page\"><div class=\"layoutArea\"><div class=\"column\"><br \/>\r\n<br \/>\r\nBonsoir,<br \/>\r\n<br \/>\r\nMon conjoint s'est montr\u00e9 violent avec moi ce soir. Il ne m'a pas frapp\u00e9 mais alors qu'on se disputait devant mon enfant j'ai voulu partir et prendre mon enfant pour stopper cette situation. Il m'a retenu tellement fort par les poignets que j'en ai des bleus maintenant et a essay\u00e9 de m'arracher ma fille des bras ce qui lui a fait \u00e9galement mal \u00e0 elle.<br \/>\r\n<br \/>\r\nJ'ai essay\u00e9 de m'enfuire avec la voiture mais il est mont\u00e9 \u00e9galement dans la voiture et \u00e0 tent\u00e9 de prendre ma fille de son si\u00e8ge auto. Heureusement des voisins sont intervenus et j'ai r\u00e9ussi \u00e0 me r\u00e9fugier chez eux avec mes enfants. Il s'\u00e9tait d\u00e9j\u00e0 montr\u00e9 violent dans le pass\u00e9 de la m\u00eame fa\u00e7on mais c'\u00e9tait il y a 5 ans et \u00e0 part des cris depuis, il ne m'avait pas de nouveau fait mal jusqu'\u00e0 ce soir. Je me sens perdue, je ne sais pas quoi faire ni ce que j'ai envie de faire. La raison me dirait de fuire mais il est un bon p\u00e8re et je n'ai pas envie que mes enfants grandissent sans p\u00e8re. Et je ne suis pas s\u00fbre de vouloir quand m\u00eame le quitter.<br \/>\r\n<br \/>\r\nComment lui faire r\u00e9aliser qu'il est violent et comment le persuader d'aller voir des professionnels pour g\u00e9rer sa col\u00e8re ? Est-ce que des th\u00e9rapies de couples peuvent fonctionner pour cela? Est-ce qu'il faut quand m\u00eame que je porte plainte pour garder une trace de ce qu'il s'est pass\u00e9 au cas o\u00f9 il recommencerait ?<br \/>\r\n<br \/>\r\nMerci d'avance, je me sens perdue ce soir<br \/>\r\n<br \/>\r\n<strong><\/p><\/div><\/div><div class='response'><h5>Response<\/h5><div class='vqf_fixed_width_text'><p>\u00a0<\/strong><br \/>\r\n<p style=\"text-align: justify;\"><br \/>\r\nBonjour Madame,<\/p><br \/>\r\n<p style=\"text-align: justify;\">Vous nous \u00e9crivez que vous vivez une situation difficile avec votre mari. Suite \u00e0 une dispute, vous souhaitiez vous \u00e9loigner avec votre fille. Votre mari a essay\u00e9 de vous en emp\u00eacher en vous serrant le bras et en essayant \u00e0 plusieurs reprises de prendre votre enfant. Vous avez pu trouver refuge chez des voisins. Vous aviez v\u00e9cu une sc\u00e8ne similaire il y a 5 ans. Sinon il n\u2019y a pas de violence physique mais des cris. Vous ne savez pas qu\u2019elle est la bonne d\u00e9cision \u00e0 prendre dans votre situation, fuir ou permettre \u00e0 vos enfants de rester avec leur p\u00e8re. Vous demandez aussi si des th\u00e9rapies peuvent aider votre mari et aider le couple afin d\u2019am\u00e9liorer la situation ou si d\u2019autres d\u00e9marches seraient b\u00e9n\u00e9fiques, par exemple porter plainte.<\/p><br \/>\r\n<p style=\"text-align: justify;\">Tout d\u2019abord nous vous f\u00e9licitons de nous avoir contact\u00e9, c\u2019est s\u00fbrement un pas courageux. Briser le silence est un premier levier pour sortir d\u2019une situation de violence.<\/p><br \/>\r\n<p style=\"text-align: justify;\">Dans votre r\u00e9cit, vous relevez qu\u2019\u00e0 deux reprises il y a eu de la violence physique. Le fait de vous emp\u00eacher de partir peut \u00e9galement \u00eatre assimil\u00e9e \u00e0 de la contrainte. Vous mentionnez \u00e9galement qu\u2019il y a des cris. Les cris selon l\u2019intensit\u00e9, la fr\u00e9quence, le but vis\u00e9 peuvent \u00eatre consid\u00e9r\u00e9s comme de la violence psychologique.<\/p><br \/>\r\n<p style=\"text-align: justify;\">Y a-t-il des menaces\u00a0? des insultes\u00a0? une volont\u00e9 d\u2019intimidation\u00a0? Une prise de pouvoir\u00a0? Souvent la violence physique arrive sur un fond de violence psychologique. Une relation d\u2019emprise peut se mettre en place. Nous vous invitons \u00e0 lire notre rubrique concernant le\u00a0<a href=\"https:\/\/dev-vqf.creatives.com\/la-violence-cest-quoi\/#cycle\" target=\"_blank\" rel=\"noopener\">cycle de la violence\u00a0<\/a>qui explique ce m\u00e9canisme dans lequel vous vous reconna\u00eetrez peut-\u00eatre.<\/p><br \/>\r\n<p style=\"text-align: justify;\">Des actes de violences peuvent avoir des r\u00e9percussions lourdes sur la victime et \u00e9galement sur les enfants qui y sont expos\u00e9s. Vous nous dites d\u2019ailleurs que votre mari a bless\u00e9 votre fille en essayant de la prendre. La question de savoir ce qui est le mieux pour les enfants \u2026 rester ou partir est difficile. On observe cependant que des enfants qui sont expos\u00e9s \u00e0 des violences m\u00eame si les violences ne sont pas dirig\u00e9es directement vers eux sont touch\u00e9s. Parfois une s\u00e9paration permet de les prot\u00e9ger. L\u2019enfant peut toutefois conserver en principe le droit d\u2019avoir des relations avec les deux parents s\u2019ils ne sont pas en danger avec l\u2019un d\u2019entre eux.<\/p><br \/>\r\n<p style=\"text-align: justify;\">Vous dites que vous \u00eates ambivalente sur le fait de quitter ou non votre mari. C\u2019est un sentiment bien compr\u00e9hensible. Il y a des actes inacceptables qui se sont pass\u00e9s, mais vous reconnaissez aussi qu\u2019il y a d\u2019autres choses qui sont positives. Nous vous invitons \u00e0 r\u00e9fl\u00e9chir avec un-e professionnel-le aux freins pour aller vers une s\u00e9paration et aussi aux moteurs qui vous pousseraient \u00e0 entreprendre des d\u00e9marches. \u00a0Vous pourrez aussi clarifier ce que vous ne tol\u00e9rerez plus, et quel changement semble possible et n\u00e9cessaire pour que la poursuite de la vie commune soit possible. Le\u00a0<a href=\"https:\/\/malleyprairie.ch\/\" target=\"_blank\" rel=\"noopener\">centre MalleyPrairie<\/a>\u00a0propose des suivis individuels pour toute personne qui vit une situation de violence.<\/p><br \/>\r\n<p style=\"text-align: justify;\">Dans une relation de couple, vous \u00eates deux. Est-ce que votre mari est pr\u00eat \u00e0 changer quelque chose\u00a0? \u00e0 reconna\u00eetre sa part de violence\u00a0? \u00e0 discuter avec un professionnel\u00a0? S\u2019il ne souhaite rien entreprendre, il est difficile\u00a0d'envisager\u00a0que la situation se modifie. S\u2019il est pr\u00eat \u00e0 se remettre aussi en question et \u00e0 avancer, il peut prendre contact avec le\u00a0<a href=\"https:\/\/prevention-ale.ch\/\" target=\"_blank\" rel=\"noopener\">Centre Pr\u00e9vention de l\u2019Ale<\/a>\u00a0qui propose un suivi sp\u00e9cialis\u00e9 pour trouver des alternatives aux actes de violence.<\/p><br \/>\r\n<p style=\"text-align: justify;\">Le centre MalleyPrairie propose \u00e9galement des<a href=\"https:\/\/fondationmalleyprairie.ch\/quand-le-conflit-deborde-suivi-de-couple\/\" target=\"_blank\" rel=\"noopener\">\u00a0suivis de couple.<\/a>\u00a0Des th\u00e9rapies de couple sont indiqu\u00e9es si vous vous sentez assez forte pour dire ce que vous pensez et mettre les difficult\u00e9s sur la table sans en prendre toute la responsabilit\u00e9. Dans des situations dans lesquelles l\u2019emprise et trop forte, des consultations de couple ne sont pas forc\u00e9ment conseill\u00e9es.<\/p><br \/>\r\n<p style=\"text-align: justify;\">Nous vous invitons aussi \u00e0 \u00eatre attentive \u00e0 vos enfants. Ont-ils besoin de soutien par rapport \u00e0 ce qu\u2019ils vivent\u00a0? Un suivi par des professionnel-le-s peut aussi \u00eatre indiqu\u00e9 pour qu\u2019ils puissent d\u00e9poser leur v\u00e9cu et \u00eatre soutenus.<\/p><br \/>\r\n<p style=\"text-align: justify;\">Par rapport \u00e0 la plainte, les violences sont en effet interdites par\u00a0<a href=\"https:\/\/dev-vqf.creatives.com\/la-violence-cest-quoi\/#loi\" target=\"_blank\" rel=\"noopener\">la loi<\/a>\u00a0et vous avez le droit de porter plainte. Ce qui nous semble important est de faire un constat de coups et blessures. Vous pouvez vous rendre \u00e0\u00a0<a href=\"https:\/\/www.curml.ch\/prestations-de-lunite-de-medecine-des-violences-umv\" target=\"_blank\" rel=\"noopener\">l\u2019unit\u00e9 de m\u00e9decine des violences<\/a>\u00a0du CHUV. Cela ne vous oblige pas \u00e0 porter plainte, mais ce document reste et peut \u00eatre tr\u00e8s important si un jour vous souhaitez porter plainte.\u00a0 Il peut \u00eatre difficile de porter plainte si vous souhaitez continuer la vie commune. Mais cela peut aussi mettre une certaine pression pour dire que certains gestes ne sont pas tol\u00e9rables. Nous vous invitons \u00e0 en discuter avec un-e intervenant-e soit \u00e0 MalleyPrairie soit au<a href=\"https:\/\/www.profa.ch\/lavi\" target=\"_blank\" rel=\"noopener\">\u00a0centre LAVI<\/a>\u00a0qui pourra vous expliquer la proc\u00e9dure, discuter avec vous de vos attentes par rapport \u00e0 un d\u00e9p\u00f4t de plainte et vous soutenir si vous allez dans\u00a0cette\u00a0d\u00e9marche.<\/p><br \/>\r\n<p style=\"text-align: justify;\">En esp\u00e9rant que ces quelques pistes vous auront aid\u00e9e, nous vous souhaitons beaucoup de courage et restons \u00e0 votre disposition pour d'autres questions.&lt;\/p<\/p><\/div><\/div><\/div><\/div><\/div><\/div><\/div><\/div><div class='qa_acc_item'><span class='acc_toggler'><\/span><div class='item_header'><h3>Un couple proche se bagarre devant leurs enfants<h3><div class='vqf_fixed_width_text'><p>03 octobre 2023 - Fie... C\u2019est une situation complexe : il n\u2019y a pas une victime et un agresseur mais deux personnes en conflit qui se bagarrent et s\u2019insultent devant leurs enfants en bas \u00e2ge. Ils sont en plein d\u00e9ni...<\/p><\/div><\/div><div class='item_body'><div class='quesion_response_block'><div class='question'><h5>Question<\/h5><div class='vqf_fixed_width_text'><p>03 octobre 2023 - Fie...<div class=\"page\"><div class=\"layoutArea\"><div class=\"column\"><br \/>\r\nC\u2019est une situation complexe : il n\u2019y a pas une victime et un agresseur mais deux personnes en conflit qui se bagarrent et s\u2019insultent devant leurs enfants en bas \u00e2ge. Ils sont en plein d\u00e9ni et chacun accuse l\u2019autre. Je me fais du souci pour les enfants.<br \/>\r\n<br \/>\r\n<strong><\/p><\/div><\/div><div class='response'><h5>Response<\/h5><div class='vqf_fixed_width_text'><p>\u00a0<\/strong><br \/>\r\n<br \/>\r\nBonjour,<br \/>\r\n<br \/>\r\nNous vous remercions pour votre message.\u00a0<span class=\"TextRun SCXW243431839 BCX8\" lang=\"FR-CH\" xml:lang=\"FR-CH\" data-contrast=\"none\"><span class=\"NormalTextRun SCXW243431839 BCX8\"><span data-contrast=\"none\">Nous saluons votre d\u00e9marche de prendre contact avec nous, vous vous sentez concern\u00e9e et soucieuse du bien-\u00eatre des enfants de vos proches. Nous comprenons qu'il n'est pas facile de r\u00e9agir quand on est\u00a0<\/span><a href=\"https:\/\/dev-vqf.creatives.com\/la-violence-dans-le-couple\/je\/temoin\/\" target=\"_blank\" rel=\"noopener\"><span data-contrast=\"none\">t\u00e9moin<\/span><\/a><span data-contrast=\"none\">, on se sent souvent mal \u00e0 l\u2019aise et d\u00e9muni-e.<\/span><\/span><\/span><br \/>\r\n<br \/>\r\n<span class=\"TextRun SCXW243431839 BCX8\" lang=\"FR-CH\" xml:lang=\"FR-CH\" data-contrast=\"none\"><span class=\"NormalTextRun SCXW243431839 BCX8\"><span data-contrast=\"none\">Dans des situations de conflit perp\u00e9tuel, il arrive que, dans un reflexe de protection ou en r\u00e9action \u00e0 la peur ou \u00e0 l\u2019impuissance, les deux partenaires exercent mutuellement des formes de violence. Le couple se retrouve ainsi dans une position\u00a0<strong>d\u2019escalade de violence<\/strong>\u00a0dans laquelle peuvent se retrouver \u00e9galement\u00a0<a href=\"https:\/\/dev-vqf.creatives.com\/fr\/informations\/enfants-violence\" target=\"_blank\" rel=\"noopener\">les enfants<\/a>. Vous faites ainsi bien de vous inqui\u00e9ter pour eux. En effet,<strong>\u00a0grandir dans un climat de violence constante est n\u00e9faste pour leur d\u00e9veloppement.\u00a0<\/strong><\/span><\/span><\/span><br \/>\r\n<br \/>\r\n<span class=\"TextRun SCXW243431839 BCX8\" lang=\"FR-CH\" xml:lang=\"FR-CH\" data-contrast=\"none\"><span class=\"NormalTextRun SCXW243431839 BCX8\"><span data-contrast=\"none\">Comme vous mentionnez qu'il s'agit d'un couple de proches, peut-\u00eatre pourriez vous leur indiquer votre inqui\u00e9tude et leur proposer de se faire aider en leur posant, ensemble ou s\u00e9par\u00e9ment, des questions comme:\u00a0<\/span><\/span><\/span><br \/>\r\n<ul><br \/>\r\n \t<li><span class=\"TextRun SCXW243431839 BCX8\" lang=\"FR-CH\" xml:lang=\"FR-CH\" data-contrast=\"none\"><span class=\"NormalTextRun SCXW243431839 BCX8\"><span data-contrast=\"none\">Comment aimeriez-vous vous sentir dans une relation ?<\/span><\/span><\/span><\/li><br \/>\r\n \t<li>Que pourriez-vous faire pour que cela change ?<\/li><br \/>\r\n<\/ul><br \/>\r\nVous pourriez \u00e9galement leur proposer d'\u00e9couter\u00a0<a href=\"https:\/\/dev-vqf.creatives.com\/podcast\/episode-3-face-a-la-justice\/\" target=\"_blank\" rel=\"noopener\">notre podcast<\/a>\u00a0qui concerne l'impact qu'a la violence sur les enfants. Peut-\u00eatre que cela leur permettra de prendre conscience de la situation. Si sentez que cela peut faire sens pour eux, vous pouvez leur proposer de se rendre \u00e0 une\u00a0<a href=\"https:\/\/www.hug.ch\/specialites-psychiatriques\/programme-couples-et-familles\" target=\"_blank\" rel=\"noopener\">consultation psychoth\u00e9rapeutique de couple<\/a>\u00a0aux HUG. Cela leur permettrait sans doute d'apaiser les tensions et de recevoir de l'aide et des conseils par des professionel-le-s du domaine.<br \/>\r\n<br \/>\r\nNous esp\u00e9rons avoir pu vous donner des pistes utiles et nous souhaitons que la situation s\u2019am\u00e9liore rapidement pour cette famille. Nous restons \u00e0 disposition, si besoin pour toutes autres questions. Nous vous transmettons nos meilleures salutations.<\/div><\/div><\/div><\/div><\/div><\/div><\/div><\/div><div class='qa_acc_item'><span class='acc_toggler'><\/span><div class='item_header'><h3>Ma meilleure amie est victime de violence physique et psychologique<h3><div class='vqf_fixed_width_text'><p>05 octobre 2023 - Ano... Ma meilleure amie vit de la violence physique ( rarement mais \u00e7a arrive ) et psychologique mais je ne sais pas comment faire pour l'aider. C la premiere fois qu'elle me dit ne pas se...<\/p><\/div><\/div><div class='item_body'><div class='quesion_response_block'><div class='question'><h5>Question<\/h5><div class='vqf_fixed_width_text'><p>05 octobre 2023 - Ano...<div class=\"page\"><div class=\"layoutArea\"><div class=\"column\"><br \/>\r\nMa meilleure amie vit de la violence physique ( rarement mais \u00e7a arrive ) et psychologique mais je ne sais pas comment faire pour l'aider. C la premiere fois qu'elle me dit ne pas se sentir en securite<br \/>\r\n<br \/>\r\n<strong><\/p><\/div><\/div><div class='response'><h5>Response<\/h5><div class='vqf_fixed_width_text'><p>\u00a0<\/strong><br \/>\r\n<br \/>\r\nBonjour,<br \/>\r\n<br \/>\r\nVous nous \u00e9crivez concernant votre meilleure amie qui subit de la violence physique et psychologique, car vous souhaitez lui apporter votre aide et vous vous inqui\u00e9tez qu'elle ne se sente plus en s\u00e9curit\u00e9.<br \/>\r\n<br \/>\r\nLe fait que la situation de votre amie vous inqui\u00e8te t\u00e9moigne de votre implication dans votre amiti\u00e9, et votre aide ainsi que votre \u00e9coute repr\u00e9sentent un soutien pr\u00e9cieux.<br \/>\r\n<br \/>\r\nLes\u00a0<a href=\"https:\/\/dev-vqf.creatives.com\/temoin\/\" target=\"_blank\" rel=\"noopener\">personnes proches<\/a>\u00a0de vitcimes de violences peuvent parfois se sentir d\u00e9munies en tant que t\u00e9moin, et nous comprenons qu'il n'est pas facile de savoir comment agir pour venir en aide \u00e0 la personne victime. Nous vous f\u00e9licitons pour votre d\u00e9marche, et de votre volont\u00e9 d'apporter un soutien \u00e0 votre amie.<br \/>\r\n<br \/>\r\nNous ne savons pas de quelle personne elle subit des violences (partenaire, famille, milieu du travail, etc...), mais les informations qui vont suivre s'appliquent dans tous les cas.<br \/>\r\n<br \/>\r\nSi vous \u00eates d'accord, nous nous permettons de vous apporter quelques renseignements sur la loi en Suisse concernant les violences. Vous mentionnez des\u00a0<a href=\"https:\/\/dev-vqf.creatives.com\/la-violence-physique\/\" target=\"_blank\" rel=\"noopener\">violences physiques<\/a>\u00a0qui sont, et cela d\u00e8s le premier \u00e9pisode, interdites par\u00a0<a href=\"https:\/\/dev-vqf.creatives.com\/la-violence-cest-quoi\/#loi\" target=\"_blank\" rel=\"noopener\">la loi<\/a>,\u00a0certains actes pouvant \u00eatre poursuivis d'office. Cela signifie que si votre amie souhaite agir par rapport \u00e0 sa situation, elle pourrait poser une plainte p\u00e9nale aupr\u00e8s de la police dans un d\u00e9lai de trois mois apr\u00e8s les faits. Il peut cependant s'av\u00e9rer difficile pour une personne victime de violences de se mettre en mouvement pour initier un changement. Votre soutien pourrait s'av\u00e9rer pr\u00e9cieux pour l'encourager et la soutenir dans ce sens.<br \/>\r\n<br \/>\r\nEn effet, les personnes victimes de violences peuvent \u00eatre prises dans un cercle vicieux qui se nomme le\u00a0<a href=\"https:\/\/dev-vqf.creatives.com\/la-violence-cest-quoi\/#cycle\" target=\"_blank\" rel=\"noopener\">cycle de la violence<\/a>, et peuvent se retrouver sous emprise de l'auteur. Cela rejoint peut-\u00eatre les\u00a0<a href=\"https:\/\/dev-vqf.creatives.com\/la-violence-psychologique\/\" target=\"_blank\" rel=\"noopener\">violences psychologiques<\/a>\u00a0dont vous parlez. Ce type de violences\u00a0est souvent difficile \u00e0 identifier, elle\u00a0peut cependant marquer une personne tout autant que les violences psychologiques.<br \/>\r\n<br \/>\r\nEst-ce que votre amie a d\u00e9j\u00e0 manifest\u00e9 une envie d'\u00eatre aid\u00e9e?<br \/>\r\n<br \/>\r\nVous \u00eates certainement la personne la mieux plac\u00e9e pour amorcer cette discussion, et le cas \u00e9ch\u00e9ant la soutenir dans une demande d'aide ext\u00e9rieure. Si vous le permettez, nous vous transmettons quelques lieux qui pourraient \u00eatre utiles \u00e0 votre amie.<br \/>\r\n<br \/>\r\nSi elle le souhaite, elle peut contacter le\u00a0<a href=\"http:\/\/centrelavi-ge.ch\/\" target=\"_blank\" rel=\"noopener\">Centre LAVI\u00a0<\/a>de Gen\u00e8ve, ou encore l'association\u00a0<a href=\"https:\/\/www.avvec.ch\/fr\" target=\"_blank\" rel=\"noopener\">AVVEC<\/a>\u00a0qui s'adresse sp\u00e9cifiquement \u00e0 la violence conjugale. Elle pourra ainsi\u00a0\u00eatre re\u00e7ue\u00a0de mani\u00e8re\u00a0<strong>confidentielle<\/strong>\u00a0et\u00a0<strong>gratuite\u00a0<\/strong>par des professionnel-le-x-s qui pourront \u00e9valuer sa situation, et lui apporter leur aide.<br \/>\r\n<br \/>\r\nSi, par contre, votre amie ne se sent pas encore pr\u00eate \u00e0 entamer ce genre de d\u00e9marches,\u00a0vous pouvez lui parler du\u00a0site\u00a0<a href=\"https:\/\/dev-vqf.creatives.com\/\">www.violencequefaire.ch<\/a>, elle pourrait ainsi se renseigner par th\u00e8me sur sa situation, ainsi qu'\u00e9couter les diff\u00e9rents\u00a0<a href=\"https:\/\/dev-vqf.creatives.com\/podcasts\/\" target=\"_blank\" rel=\"noopener\">podcast<\/a>. Cela pourrait lui permettre de r\u00e9fl\u00e9chir \u00e0 sa situation.<br \/>\r\n<br \/>\r\nNous esp\u00e9rons vous avoir apport\u00e9 quelques pistes concernant la situation de votre amie, et nous restons \u00e0 votre disposition, ainsi qu'\u00e0 celle de votre amie si vous avez d'autres questions<\/div><\/div><\/div><\/div><\/div><\/div><\/div><\/div><div class='qa_acc_item'><span class='acc_toggler'><\/span><div class='item_header'><h3>Mon beau-p\u00e8re est violent avec ma m\u00e8re<h3><div class='vqf_fixed_width_text'><p>02 octobre 2023 - Pe... J'ai 14 ans et j'interviens parfois pour la d\u00e9fendre. Je bouscule et je frappe. J'ai de la peine \u00e0 me contr\u00f4ler quand \u00e7a touche \u00e0 ma famille. Que se passera-t'il si je d\u00e9pose plainte? Quelles...<\/p><\/div><\/div><div class='item_body'><div class='quesion_response_block'><div class='question'><h5>Question<\/h5><div class='vqf_fixed_width_text'><p>02 octobre 2023 - Pe...<div class=\"page\"><div class=\"layoutArea\"><div class=\"column\"><br \/>\r\n<br \/>\r\nJ'ai 14 ans et j'interviens parfois pour la d\u00e9fendre. Je bouscule et je frappe. J'ai de la peine \u00e0 me contr\u00f4ler quand \u00e7a touche \u00e0 ma famille.<br \/>\r\n<br \/>\r\nQue se passera-t'il si je d\u00e9pose plainte? Quelles cons\u00e9quences? J'ai peur que \u00e7a pose des probl\u00e8mes \u00e0 ma m\u00e8re et que je ne puisse plus vivre avec elle. Que me conseillez-vous?<br \/>\r\n<br \/>\r\n<strong><\/p><\/div><\/div><div class='response'><h5>Response<\/h5><div class='vqf_fixed_width_text'><p>\u00a0<\/strong><br \/>\r\n<p style=\"text-align: justify;\">Bonjour,<\/p><br \/>\r\n<p style=\"text-align: justify;\">Nous te remercions pour ta question. Nous sommes inquiet-e-s par rapport \u00e0 ta situation. Tu n'es pas seul et nous allons essayer de t'aiguiller au mieux.<\/p><br \/>\r\n<p style=\"text-align: justify;\">Tout d'abord, nous nous permettons de te dire que tu n'es en aucun responsable de ce qui se passe dans le couple de ta m\u00e8re et de ton beau-p\u00e8re. Personne ne devrait \u00eatre confront\u00e9-e directement ou \u00eatre t\u00e9moin de violence et encore moins les enfants. La violence au sein d'une relation de couple est\u00a0<a href=\"https:\/\/dev-vqf.creatives.com\/la-violence-cest-quoi\/#loi\" target=\"_blank\" rel=\"noopener\">interdite par la loi<\/a>\u00a0en Suisse. Rien ne la justifie, pas m\u00eame la consommation d'alcool.<\/p><br \/>\r\n<p style=\"text-align: justify;\">Nous imaginons que cette situation doit \u00eatre tr\u00e8s difficile pour toi et\u00a0<strong>il est important que tu fasses attention \u00e0 toi. Tu n'as pas \u00e0 porter seul cette situation<\/strong>. As-tu pu parler de ce qui se passe \u00e0 la maison \u00e0 un-e adulte de confiance de ton entourage?\u00a0 Si cela est possible pour toi et si tu le souhaites, tu pourrais partager ta situation avec un-e membre de ta famille, un-e enseignant-e, l'infirmier-e scolaire ou encore ton\/ta m\u00e9decin afin de trouver du soutien dans ce que tu vis.<\/p><br \/>\r\n<p style=\"text-align: justify;\">Pour r\u00e9pondre \u00e0 ta question sur les cons\u00e9quences d'un d\u00e9p\u00f4t de plainte, nous ne pouvons malheureusement pas le faire avec pr\u00e9cision, car cela d\u00e9pend des situations et nous n'avons que peu d'informations sur la tienne. Nous\u00a0t\u2019encourageons cependant \u00e0 prendre contact avec un\u00a0<a href=\"https:\/\/www.profa.ch\/lavi\" target=\"_blank\" rel=\"noopener\">centre d\u2019aide aux victimes<\/a>\u00a0pour te soutenir.\u00a0Les\u00a0<strong>centres LAVI\u00a0<\/strong>(<strong>L<\/strong>oi d\u2019<strong>A<\/strong>ide aux\u00a0<strong>V<\/strong>ictimes d\u2019<strong>I<\/strong>nfractions) proposent des\u00a0consultations\u00a0<strong>gratuites<\/strong>\u00a0et\u00a0<strong>confidentielles<\/strong>\u00a0pour toute personne ayant \u00e9t\u00e9 victime ou proche d'un-e victime de diff\u00e9rentes formes de violences, qu'elle soient physiques,\u00a0sexuelles\u00a0ou psychiques (menaces graves). Ces violences peuvent avoir \u00e9t\u00e9 agies au sein de la famille comme dans d\u2019autres contextes. Les professionnel-le-s de l\u2019aide aux victimes pourront t'\u00e9couter et te renseigner si tu as des questions d\u2019ordre juridique, psychologique et social.\u00a0Leur aide est\u00a0<strong>confidentielle<\/strong>,\u00a0<strong>gratuite<\/strong>\u00a0et\u00a0<strong>anonyme<\/strong>, cela signifie aussi que tu ne recevras en aucun cas\u00a0de lettre ou facture \u00e0 la maison et que cela ne t'oblige pas non plus \u00e0 porter plainte si ce n'est pas ce que tu souhaites. Dans le canton de Vaud, les centres LAVI se trouvent \u00e0 Lausanne, Yverdon-les-Bains, Aigle et Nyon. Tu peux joindre la centrale au\u00a0<strong>021 631 03 00<\/strong>\u00a0afin de convenir d'un rendez-vous. Tu peux \u00e9galement y aller accompagn\u00e9 d'une personne de confiance si cela est plus confortable pour toi. Tu peux aussi\u00a0peux encourager ta m\u00e8re \u00e0 s'adresser \u00e0 ce centre, elle pourra y trouver de l'aide.<\/p><br \/>\r\n<p style=\"text-align: justify;\">Si une nouvelle sc\u00e8ne de violence devait \u00e0 nouveau se produire,\u00a0<strong>n'h\u00e9site surtout pas \u00e0 appeler la police<\/strong>\u00a0au\u00a0<strong>117<\/strong>\u00a0afin qu'elle puisse intervenir et vous prot\u00e9ger toi et ta m\u00e8re. Selon la situation, ton beau-p\u00e8re pourra m\u00eame \u00eatre expuls\u00e9 temporairement du domicile.<\/p><br \/>\r\n<p style=\"text-align: justify;\">Nous esp\u00e9rons que tu poursuivras ta d\u00e9marche et t\u2019encourageons \u00e0 utiliser les ressources que nous te proposons. Nous souhaitons que toi et ta maman retrouviez un climat serain. Notre porte reste ouverte en cas d\u2019autres questions ou si tu souhaites nous donner des nouvelles. Prends bien soin de toi et courage.<\/p><\/div><\/div><\/div><\/div><\/div><\/div><\/div><\/div><div class='qa_acc_item'><span class='acc_toggler'><\/span><div class='item_header'><h3>L&#8217;ex de mon amie la menace de mourir \u00e0 chaque fois qu&#8217;elle essaie de partir<h3><div class='vqf_fixed_width_text'><p>01 octobre 2023 - La... Bonjour, j'ai une amie victime de violences morales par son ex qui n'accepte pas la situation et qui agi toujours comme si il \u00e9tait toujours en couple avec elle... Elle essaie de le quitter seulement...<\/p><\/div><\/div><div class='item_body'><div class='quesion_response_block'><div class='question'><h5>Question<\/h5><div class='vqf_fixed_width_text'><p>01 octobre 2023 - La...<div class=\"page\"><div class=\"layoutArea\"><div class=\"column\"><br \/>\r\nBonjour,<br \/>\r\n<br \/>\r\nj'ai une amie victime de violences morales par son ex qui n'accepte pas la situation et qui agi toujours comme si il \u00e9tait toujours en couple avec elle... Elle essaie de le quitter seulement il la menace de se donner la mort \u00e0 chaque fois qu'elle essaie de partir... Je suis inqui\u00e8te pour mon amie qui sombre dans le n\u00e9ant petit \u00e0 petit \u00e0 cause de cet ex toxique...<br \/>\r\n<br \/>\r\nQue pourrais-je faire pour aider mon amie \u00e0 avancer dans sa vie..?<br \/>\r\n<br \/>\r\n<strong><\/p><\/div><\/div><div class='response'><h5>Response<\/h5><div class='vqf_fixed_width_text'><p>\u00a0<\/strong><br \/>\r\n<br \/>\r\n<p style=\"text-align: justify;\">Bonjour Madame,<\/p><br \/>\r\n<p style=\"text-align: justify;\">Vous vous inqui\u00e9tez pour une amie qui vit des violences morales de la part de son ex. Elle aimerait le quitter, mais il menace de se donner la mort. Cette situation p\u00e8se sur votre amie qui n\u2019arrive pas \u00e0 avancer et va mal.<\/p><br \/>\r\n<p style=\"text-align: justify;\">Tout d\u2019abord nous vous f\u00e9licitons de nous avoir \u00e9crit, ce n\u2019est jamais facile d\u2019\u00eatre t\u00e9moin de situation de violence. Mais l\u2019entourage est pr\u00e9cieux pour d\u00e9tecter la violence et soutenir les personnes qui en sont victimes. Votre amie s\u2019est confi\u00e9e \u00e0 vous. Votre \u00e9coute et votre pr\u00e9sence sont d\u00e9j\u00e0 s\u00fbrement d\u2019une grande aide pour elle. Briser le silence est d\u00e9j\u00e0 un premier important.\u00a0Il faut parfois du temps pour sortir d'une situation d'emprise. Ce n'est pas toujours facile \u00e0 accepter par l'entourage. Votre amie sait cependant que vous \u00eates l\u00e0 si elle en a besoin,<\/p><br \/>\r\n<p style=\"text-align: justify;\">\u00a0La\u00a0<a href=\"https:\/\/dev-vqf.creatives.com\/la-violence-psychologique\/\" target=\"_blank\" rel=\"noopener\">violence psychologique<\/a>\u00a0est souvent insidieuse, pas toujours facile \u00e0 identifier par les personnes qui la subissent et l\u2019entourage. Elle s\u2019inscrit souvent dans une prise de contr\u00f4le d\u2019un partenaire sur l\u2019autre. Elle peut se manifester pas des insultes, des rabaissements, g\u00e9n\u00e9rer des sentiments de culpabilit\u00e9, crier, manifester une jalousie extr\u00eame, etc. Les menaces font \u00e9galement partie de cette forme de violence et notamment les menaces au suicide.<\/p><br \/>\r\n<p style=\"text-align: justify;\">Ces violences peuvent avoir des impacts graves sur la victime\u00a0: perte de confiance, baisse de l\u2019estime de soi, probl\u00e8mes de sommeil, d\u2019alimentation, isolement, \u00e9tat anxieux.<\/p><br \/>\r\n<p style=\"text-align: justify;\">Est-ce que votre amie est soutenue par un-e psychoth\u00e9rapeute\u00a0? Un tel soutien, pourrait lui permettre de se renforcer, de d\u00e9crypter les m\u00e9canismes qui sont en jeux dans le couple, telle que l\u2019emprise, de travailler sur des sentiments de culpabilit\u00e9 et peut-\u00eatre de pouvoir prendre de la distance par rapport au chantage au suicide.<\/p><br \/>\r\n<p style=\"text-align: justify;\">Est-ce que son partenaire serait pr\u00eat \u00e0 discuter avec un-e professionnel-le, tel un-e conseiller-\u00e8re conjugale \/ m\u00e9diateur-trice\u00a0? Une m\u00e9diation n\u2019est pas toujours indiqu\u00e9e dans une situation de violence conjugale si des ph\u00e9nom\u00e8nes d\u2019emprise sont pr\u00e9sents dans le couple. Mais si votre amie se sent assez forte pour dire ce qu\u2019elle vit, ose confronter son partenaire et que ce dernier est aussi d\u2019accord avec une telle d\u00e9marche, cela peut permettre de clarifier si la poursuite de la vie de couple est possible dans des conditions acceptables ou s\u2019il est pr\u00e9f\u00e9rable d\u2019aller vers une s\u00e9paration.<\/p><br \/>\r\n<p style=\"text-align: justify;\">Vous pouvez aussi l'orienter vers le\u00a0<a href=\"https:\/\/www.jura.ch\/DIN\/SAS\/Aide-aux-victimes-maltraitance\/Aide-aux-victimes-de-maltraitance.html\" target=\"_blank\" rel=\"noopener\">centre LAVI<\/a>. Un.une intervenant.e pourra \u00e9valuer avec elle sa situation, lui proposer une \u00e9coute, r\u00e9fl\u00e9chir ensemble aux d\u00e9marches possibles.<\/p><br \/>\r\n<p style=\"text-align: justify;\">De votre c\u00f4t\u00e9, si vous en avez l'occasion, vous pouvez interroger votre amie, que conseillerait-elle \u00e0 une personne qui vit une telle situation. Si une connaissance lui confiait un tel v\u00e9cu, que lui dirait-il\u00a0? Arriver \u00e0 se d\u00e9centrer peut aussi lui donner une autre perspective sur son v\u00e9cu. Il est aussi possible de lui demander d\u2019imaginer comment elle se voit dans un mois, dans un an, dans 5 ans\u00a0? toujours avec lui\u00a0? quel projet de vie\u00a0? de couple\u00a0? quelle image du couple\u00a0? Et quel serait le premier pas qu\u2019elle peut faire pour aller vers son projet.<\/p><br \/>\r\n<p style=\"text-align: justify;\">Vous pouvez bien s\u00fbr aussi lui proposer de regarder notre site et notamment le chapitre sur les violences psychologiques.<\/p><br \/>\r\n<p style=\"text-align: justify;\">Et si elle se sent en danger, elle doit appeler la police au 117.<\/p><br \/>\r\n<p style=\"text-align: justify;\">Nous vous encourageaons aussi \u00e0 prendre soin de vous et \u00e0 chercher de l'aide si cette situation vous p\u00e8se trop.<\/p><br \/>\r\n<p style=\"text-align: justify;\">Nous esp\u00e9rons que ces quelques lignes vous ont apport\u00e9 des pistes et n\u2019h\u00e9sitez pas \u00e0 nous r\u00e9\u00e9crire si vous avez encore des questions.<\/p><\/div><\/div><\/div><\/div><\/div><\/div><\/div><\/div><div class='qa_acc_item'><span class='acc_toggler'><\/span><div class='item_header'><h3>Est-ce de ma faute ?<h3><div class='vqf_fixed_width_text'><p>29 septembre 2023 - Mim... Bonjour, mon copain est alcoolique et chaque soir je subis de la violence verbale et des critiques sur le repas ou simplement quand je parle de ma journ\u00e9e ou demande qu'il me laisse manger tranquillement...<\/p><\/div><\/div><div class='item_body'><div class='quesion_response_block'><div class='question'><h5>Question<\/h5><div class='vqf_fixed_width_text'><p>29 septembre 2023 - Mim...<div class=\"page\"><div class=\"layoutArea\"><div class=\"column\"><br \/>\r\n<br \/>\r\nBonjour,<br \/>\r\n<br \/>\r\nmon copain est alcoolique et chaque soir je subis de la violence verbale et des critiques sur le repas ou simplement quand je parle de ma journ\u00e9e ou demande qu'il me laisse manger tranquillement car j'ai mal en avalant les aliments depuis quelques temps et des br\u00fblures d'estomac.<br \/>\r\n<br \/>\r\nIl me dit qu'il boit \u00e0 cause de moi et du faite que je ne peux pas avoir d'enfant. Est-ce de ma faute ? Je suis perdue...<br \/>\r\n<br \/>\r\n<strong><\/p><\/div><\/div><div class='response'><h5>Response<\/h5><div class='vqf_fixed_width_text'><p>\u00a0<\/strong><br \/>\r\n<br \/>\r\nBonjour,<br \/>\r\n<p style=\"text-align: justify;\">Vous avez bien fait\u00a0de prendre contact avec nous, il s'agit l\u00e0 d'un premier pas\u00a0<strong>tr\u00e8s courageux<\/strong>\u00a0et nous vous remercions de votre confiance, nous imaginons bien qu'il n'a pas \u00e9t\u00e9 facile de nous \u00e9crire.\u00a0<strong>Vous n'\u00eates pas seule<\/strong>, nous allons essayer de vous aiguiller.<\/p><br \/>\r\n<p style=\"text-align: justify;\">Les violences verbales, les critiques constantes, les rabaissements et le fait de vous tenir responsable de sa d\u00e9pendance \u00e0 l'alcool ou de ne pas pouvoir avoir d'enfant : les agissements de votre partenaire sont de\u00a0<a href=\"https:\/\/dev-vqf.creatives.com\/la-violence-psychologique\/\" target=\"_blank\" rel=\"noopener\">la violence psychologique<\/a>. La violence psychologique\u00a0est\u00a0<strong>difficile \u00e0 reconna\u00eetre,<\/strong>\u00a0car elle ne laisse pas traces sur le corps. Un grand nombre de victimes ont l\u2019impression que ces comportements ne sont pas assez graves, car ils ne refl\u00e8tent pas cette image de \u00ab\u00a0femme battue\u00a0\u00bb, mais la violence psychologique a pourtant de\u00a0<a href=\"https:\/\/dev-vqf.creatives.com\/la-violence-dans-le-couple\/la-violence-cest-quoi\/#consequences\" target=\"_blank\" rel=\"noopener\">lourdes cons\u00e9quences sur la sant\u00e9 psychique et physique<\/a>\u00a0des victimes.\u00a0<strong>Les r\u00e9actions physiques que vous d\u00e9crivez,<\/strong>\u00a0comme les br\u00fblures d'estomac,<strong>\u00a0sont tout \u00e0 fait normales dans une situation qui ne l'est pas.\u00a0<\/strong>Votre corps r\u00e9agit vraisemblablement \u00e0\u00a0<strong>un sentiment d\u2019ins\u00e9curit\u00e9 important<\/strong>\u00a0\u00e0 cause des violences psychologiques subies r\u00e9guli\u00e8rement<strong>.<\/strong>\u00a0Ce sont des actes qui sont\u00a0<a href=\"https:\/\/dev-vqf.creatives.com\/la-violence-dans-le-couple\/la-violence-cest-quoi\/#loi\" target=\"_blank\" rel=\"noopener\"><strong>graves<\/strong><\/a>\u00a0et qui ne sont\u00a0pas tol\u00e9rables,\u00a0<strong>quel que soit le contexte et le comportement de la victime<\/strong>. En effet, la violence va atteindre peu \u00e0 peu l'estime de soi des personnes victimes, car le partenaire violent va rejetter la faute sur celles-ci afin qu'elles se sentent coupables et responsables. Les victimes se retrouvent d'ailleurs souvent prises\u00a0dans\u00a0<a href=\"https:\/\/dev-vqf.creatives.com\/la-violence-dans-le-couple\/la-violence-cest-quoi\/#cycle\" target=\"_blank\" rel=\"noopener\">une dynamique relationnelle que l\u2019on appelle le :\u00ab\u00a0Cycle de la violence\u00a0\u00bb.<\/a>\u00a0Cela peut engendrer chez elle des comportements tr\u00e8s ambivalents \u00e0 l\u2019\u00e9gard de son conjoint. Nous savons qu\u2019avec le temps, la spirale de la violence a tendance \u00e0 se produire\u00a0<strong>de plus en plus fr\u00e9quemment et \u00e0 augmenter en intensit\u00e9.\u00a0<\/strong>Pour r\u00e9pondre \u00e0 votre question<strong>, la violence que vous subissez n'est en aucun cas de votre faute.\u00a0<\/strong>\u00a0Vous \u00eates bel et bien\u00a0<strong>victime<\/strong>\u00a0de ces actes et m\u00eame si\u00a0<a href=\"https:\/\/dev-vqf.creatives.com\/la-violence-cest-quoi\/#origine\" target=\"_blank\" rel=\"noopener\">l\u2019expression de la violence peut \u00eatre facilit\u00e9e par la consommation d\u2019alcool<\/a>, cela ne justifie aucunement les violences dont vous \u00eates victime. Nous nous permettons de vous conseiller\u00a0<a href=\"https:\/\/dev-vqf.creatives.com\/podcast\/episode-1-violences-invisibles-les-violences-psychologiques-et-economiques\/\" target=\"_blank\" rel=\"noopener\">notre podcast<\/a>\u00a0sur les violences psychologiques. Peut-\u00eatre que celui-ci pourra vous aider \u00e0 y voir plus clair.<\/p><br \/>\r\n<p style=\"text-align: justify;\">Si vous le voulez bien, nous pouvons \u00e9galement vous proposer quelques questions \u00e0 titre de r\u00e9flexion\u00a0:<\/p><br \/>\r\n<br \/>\r\n<ul style=\"text-align: justify;\"><br \/>\r\n \t<li>Comment aimeriez-vous vous sentir en relation\u00a0? De quoi auriez-vous besoin pour ceci\u00a0?<\/li><br \/>\r\n \t<li>Quelles sont les limites que vous pourriez vous offrir pour assurer votre protection et votre respect\u00a0?<\/li><br \/>\r\n \t<li>Si une amie vous faisait part d'une situation similaire, comment r\u00e9agieriez-vous\u00a0 ?<\/li><br \/>\r\n<\/ul><br \/>\r\n<p style=\"text-align: justify;\">Si cela fait sens pour vous, nous nous permettons de vous proposer quelques r\u00e9f\u00e9rences qui ont pu aider d\u2019autres personnes dans une situation similaire \u00e0 la v\u00f4tre. Il est tr\u00e8s difficile de briser une situation de violence sans soutien ext\u00e9rieur et, dans ces situations,\u00a0<strong>il est important de pouvoir s'entourer et de\u00a0ne pas rester\u00a0seule<\/strong>\u00a0afin de demander du soutien et des conseils aupr\u00e8s de professionnel-le-s sp\u00e9cialistes de la probl\u00e9matique.<\/p><br \/>\r\n<p style=\"text-align: justify;\"><strong>Si vous resentez le besoin de parler des violences que vous subissez et de vous sentir soutenue par un-e professionnel-le<\/strong>, vous pouvez contacter le\u00a0<a href=\"https:\/\/malleyprairie.ch\/\" target=\"_blank\" rel=\"noopener\"><strong>Centre Malley Prairie<\/strong><\/a><strong>.\u00a0<\/strong>Il s'agit d<strong>'<\/strong>un centre d'accueil pour les personnes\u00a0qui sont confront\u00e9-e-s \u00e0 des violences domestiques dans le canton de Vaud.<strong>\u00a0<\/strong>Ce centre propose\u00a0des<a href=\"https:\/\/malleyprairie.ch\/ambulatoire\/\" target=\"_blank\" rel=\"noopener\">\u00a0consultations en ambulatoires<\/a>\u00a0pouvant avoir lieu dans diff\u00e9rents lieux du canton. Il s'agit de consultations\u00a0<strong>gratuites\u00a0et\u00a0confidentielles\u00a0<\/strong>avec un-e professionnel-le qui pourra vous apporter une \u00e9coute, un soutien et des conseils. Si cette d\u00e9marche fait sens pour vous, vous pouvez les joindre par t\u00e9l\u00e9phone au\u00a0<strong>(021) 620 76 76 du lundi au vendredi de 08h00 \u00e0 12h00 et de 14h00 \u00e0 18h00\u00a0<\/strong>pour vous renseigner ou pour prendre rendez-vous. Si cela est plus facile pour vous, vous pouvez tout \u00e0 fait vous faire accompagner par une personne de confiance.<\/p><br \/>\r\n<p style=\"text-align: justify;\">Nous esp\u00e9rons avoir pu vous\u00a0aider dans votre r\u00e9flexion et \u00e0 vous sentir un peu moins perdue. Nous restons bien entendu \u00e0 votre enti\u00e8re disposition si vous aviez d'autres questions ou si vous souhaitiez nous donner de vos nouvelles dans quelques temps. Nous vous adressons nos\u00a0meilleures pens\u00e9es.<\/p><br \/>\r\n&nbsp;<\/div><\/div><\/div><\/div><\/div><\/div><\/div><\/div><div class='qa_acc_item'><span class='acc_toggler'><\/span><div class='item_header'><h3>Est-ce que je vis de la violence psychologique ?<h3><div class='vqf_fixed_width_text'><p>28 septembre 2023 - Pru... Je me questionne par rapport \u00e0 mon mari si je vis une situation de violence psychologique tr\u00e8s subtile! Envers mes enfants aussi! Quoi faire? Nous avons d\u00e9j\u00e0 beaucoup consult\u00e9 et personne m\u2019a alert\u00e9 \u00e0 son...<\/p><\/div><\/div><div class='item_body'><div class='quesion_response_block'><div class='question'><h5>Question<\/h5><div class='vqf_fixed_width_text'><p>28 septembre 2023 - Pru...<div class=\"page\"><div class=\"layoutArea\"><div class=\"column\"><br \/>\r\n<br \/>\r\nJe me questionne par rapport \u00e0 mon mari si je vis une situation de violence psychologique tr\u00e8s subtile! Envers mes enfants aussi! Quoi faire? Nous avons d\u00e9j\u00e0 beaucoup consult\u00e9 et personne m\u2019a alert\u00e9 \u00e0 son sujet.<br \/>\r\n<br \/>\r\n<strong><\/p><\/div><\/div><div class='response'><h5>Response<\/h5><div class='vqf_fixed_width_text'><p>\u00a0<\/strong><br \/>\r\n<p style=\"text-align: justify;\">Bonjour,<\/p><br \/>\r\n<p style=\"text-align: justify;\"><span class=\"TextRun SCXW53324336 BCX8\" lang=\"FR-CH\" xml:lang=\"FR-CH\" data-contrast=\"none\"><span class=\"NormalTextRun SCXW53324336 BCX8\">Vous avez bien fait de prendre contact avec nous. En effet, il n\u2019est pas toujours \u00e9vident de diff\u00e9rencier un conflit de l\u2019ordre de la \u00ab normalit\u00e9 \u00bb d\u2019un \u00e9pisode de violence. Au sein d\u2019un couple, comme dans toute autre relation, des conflits peuvent appara\u00eetre. Dans ces cas, deux personnes, qui se trouvent sur un pied d\u2019\u00e9galit\u00e9, peuvent s\u2019exprimer librement et faire valoir leur point de vue.\u00a0<\/span><span class=\"NormalTextRun SpellingErrorV2Themed SCXW53324336 BCX8\">Chacun-e<\/span><span class=\"NormalTextRun SCXW53324336 BCX8\">\u00a0tente d\u2019avoir raison sur le sujet de la dispute et les partenaires essaient ensuite de trouver un compromis. Au contraire, lorsqu\u2019il y a de la violence dans le couple, la relation est asym\u00e9trique.\u00a0<\/span><span class=\"NormalTextRun ContextualSpellingAndGrammarErrorV2Themed SCXW53324336 BCX8\">La<\/span><span class=\"NormalTextRun SCXW53324336 BCX8\">\u00a0ou le partenaire en position \u00ab dominante \u00bb imposera la solution. L\u2019autre partenaire ressentira alors de la peur et une certaine forme de soumission. De plus,\u00a0<\/span><\/span><a class=\"Hyperlink SCXW53324336 BCX8\" href=\"https:\/\/dev-vqf.creatives.com\/la-violence-psychologique\/\" target=\"_blank\" rel=\"noreferrer noopener\"><span class=\"TextRun Underlined SCXW53324336 BCX8\" lang=\"FR-CH\" xml:lang=\"FR-CH\" data-contrast=\"none\"><span class=\"NormalTextRun SCXW53324336 BCX8\" data-ccp-charstyle=\"Hyperlink\">la violence psychologique<\/span><\/span><\/a><span class=\"TextRun SCXW53324336 BCX8\" lang=\"FR-CH\" xml:lang=\"FR-CH\" data-contrast=\"none\"><span class=\"NormalTextRun SCXW53324336 BCX8\">\u00a0est plus subtile et difficile \u00e0 reconna\u00eetre. Il peut s'agir de mots d\u00e9nigrants, d'insultes, de contr\u00f4le des choix de l'autre partenaire ou encore de menaces. Cependant, bien qu\u2019elle ne laisse pas de traces directement visibles, elle peut avoir d\u2019importantes\u00a0<\/span><\/span><a class=\"Hyperlink SCXW53324336 BCX8\" href=\"https:\/\/dev-vqf.creatives.com\/la-violence-cest-quoi\/#consequences\" target=\"_blank\" rel=\"noreferrer noopener\"><span class=\"TextRun Underlined SCXW53324336 BCX8\" lang=\"FR-CH\" xml:lang=\"FR-CH\" data-contrast=\"none\"><span class=\"NormalTextRun SCXW53324336 BCX8\" data-ccp-charstyle=\"Hyperlink\">cons\u00e9quences<\/span><\/span><\/a><span class=\"TextRun SCXW53324336 BCX8\" lang=\"FR-CH\" xml:lang=\"FR-CH\" data-contrast=\"none\"><span class=\"NormalTextRun SCXW53324336 BCX8\">\u00a0sur les personnes qui la subissent. Si rien n\u2019est entrepris pour briser\u00a0<\/span><\/span><a class=\"Hyperlink SCXW53324336 BCX8\" href=\"https:\/\/dev-vqf.creatives.com\/la-violence-cest-quoi\/#cycle\" target=\"_blank\" rel=\"noreferrer noopener\"><span class=\"TextRun Underlined SCXW53324336 BCX8\" lang=\"FR-CH\" xml:lang=\"FR-CH\" data-contrast=\"none\"><span class=\"NormalTextRun SCXW53324336 BCX8\" data-ccp-charstyle=\"Hyperlink\">le cycle de la violence<\/span><\/span><\/a><span class=\"TextRun SCXW53324336 BCX8\" lang=\"FR-CH\" xml:lang=\"FR-CH\" data-contrast=\"none\"><span class=\"NormalTextRun SCXW53324336 BCX8\">, les \u00e9pisodes de violence ont tendance \u00e0 se rapprocher dans le temps et \u00e0 augmenter en intensit\u00e9.\u00a0<\/span><\/span><span class=\"TextRun SCXW53324336 BCX8\" lang=\"FR-CH\" xml:lang=\"FR-CH\" data-contrast=\"none\"><span class=\"NormalTextRun SCXW53324336 BCX8\">\u00a0Ne n'avons que peu d'informations sur ce que vous vivez et il nous est ainsi difficile de vous dire si ce que vous vivez est bien de la violence psychologique. Afin de mieux pouvoir d\u00e9finir si ce que vous vivez au sein de votre couple est de la violence, si vous le voulez, nous vous recommandons de faire\u00a0<\/span><\/span><a class=\"Hyperlink SCXW53324336 BCX8\" href=\"https:\/\/dev-vqf.creatives.com\/mythes-et-realites\/\" target=\"_blank\" rel=\"noreferrer noopener\"><span class=\"TextRun Underlined SCXW53324336 BCX8\" lang=\"FR-CH\" xml:lang=\"FR-CH\" data-contrast=\"none\"><span class=\"NormalTextRun SCXW53324336 BCX8\" data-ccp-charstyle=\"Hyperlink\">notre test \u00ab suis-je concern\u00e9e par la violence \u00bb<\/span><\/span><\/a>\u00a0et d'\u00e9couter\u00a0<a href=\"https:\/\/dev-vqf.creatives.com\/podcast\/episode-1-violences-invisibles-les-violences-psychologiques-et-economiques\/\" target=\"_blank\" rel=\"noopener\">notre podcast\u00a0<\/a>sur la violence psychologique, peut-\u00eatre que ces \u00e9l\u00e9ments pourront vous \u00e9clairer sur votre situation.<\/p><br \/>\r\n<p style=\"text-align: justify;\">Pour approfondir le sujet, il vous serait \u00e9glament possible de prendre contact avec le\u00a0<a href=\"https:\/\/savi-ne.ch\/\" target=\"_blank\" rel=\"noopener\"><strong>SAVI<\/strong>\u00a0<\/a>de Neuch\u00e2tel pour recevoir soutien, conseils et orientations. Des professionnel-l-e-s du domaine seront \u00e0 votre \u00e9coute et pourront \u00e9valuer avec vous les besoins li\u00e9s \u00e0 votre situation. Les prestations y sont\u00a0<strong>gratuites et confidentielles<\/strong>. Si cela fait sens pour vous, vous pouvez les joindre au\u00a0<strong>032 889 66 49\u00a0<\/strong>ou par mail \u00e0<strong>\u00a0<a href=\"mailto:savi.ne@ne.ch\">savi.ne@ne.ch<\/a>.<\/strong><\/p><br \/>\r\n<p style=\"text-align: justify;\">En esp\u00e9rant avoir r\u00e9pondu au mieux \u00e0 votre demande, nous restons bien entendu \u00e0 votre disposition si vous souhaitiez nous donner des informations suppl\u00e9mentaires sur votre situation ou si vous aviez d'autres questions. Nous vous adressons nos meilleurs messages.<\/p><\/div><\/div><\/div><\/div><\/div><\/div><\/div><\/div><div class='qa_acc_item'><span class='acc_toggler'><\/span><div class='item_header'><h3>Mon mari a-t-il le droit de m&#8217;interdire de sortir de chez moi ?<h3><div class='vqf_fixed_width_text'><p>16 septembre 2023 - Tri... Bonjour, Mon mari menace de me mettre \u00e0 la porte si je me rends \u00e0 une f\u00eate \u00e0 laquelle j'ai \u00e9t\u00e9 invit\u00e9e. Depuis 2ans que nous sommes mari\u00e9s et je me sens priv\u00e9e de libert\u00e9....<\/p><\/div><\/div><div class='item_body'><div class='quesion_response_block'><div class='question'><h5>Question<\/h5><div class='vqf_fixed_width_text'><p>16 septembre 2023 - Tri...<div class=\"page\"><div class=\"layoutArea\"><div class=\"column\"><br \/>\r\n<br \/>\r\nBonjour,<br \/>\r\n<br \/>\r\nMon mari menace de me mettre \u00e0 la porte si je me rends \u00e0 une f\u00eate \u00e0 laquelle j'ai \u00e9t\u00e9 invit\u00e9e. Depuis 2ans que nous sommes mari\u00e9s et je me sens priv\u00e9e de libert\u00e9. Je n'ai pas d'amis en Suisse, seulement mon travail, nos enfants et des voisins que je c\u00f4toie... Est-ce une forme de violence ?<br \/>\r\n<br \/>\r\nJe me sens malheureuse car je ne peux pas m'\u00e9panouir dans ces conditions. Le pire est que lui, ne s'est pas arr\u00eat\u00e9 de vivre. Il va et vient quand et comme il veut. La plupart du temps, j'ignore o\u00f9. Il menace de divorcer quand je lui dit qu'\u00e9tant donn\u00e9 que je ne peux pas m'absenter sans son accord, ce sera d\u00e9sormais r\u00e9ciproque....Que faire ? A t-il le droit de me priver et me faire du chantage?<br \/>\r\n<br \/>\r\nIl sait que je ne peux pas sortir au risque de ne pas pouvoir rentrer chez nous et me s\u00e9parer de mes enfants...<br \/>\r\n<br \/>\r\n<strong><\/p><\/div><\/div><div class='response'><h5>Response<\/h5><div class='vqf_fixed_width_text'><p>\u00a0<\/strong><br \/>\r\n<br \/>\r\n<p style=\"font-weight: 400; text-align: justify;\">Bonjour,<\/p><br \/>\r\n<p style=\"font-weight: 400; text-align: justify;\">Votre mari vous menace de vous mettre \u00e0 la porte si vous vous rendez \u00e0 une f\u00eate \u00e0 laquelle vous avez \u00e9t\u00e9 invit\u00e9e. Depuis que vous vous \u00eates mari\u00e9s, vous vous sentez priv\u00e9e de libert\u00e9 et d\u2019amiti\u00e9s en \u00e9tant circonscrite \u00e0 votre travail, vos enfants ainsi qu\u2019\u00e0 quelques voisins alors que votre \u00e9poux a pr\u00e9serv\u00e9 sa propre libert\u00e9. Vous vous demandez si ce que vous vivez est une forme de violence, s\u2019il a effectivement le droit de vous faire des privations ainsi que du chantage. Vous vous sentez malheureuse et n\u2019arrivez pas \u00e0 vous \u00e9panouir dans ces conditions. Vous aimeriez trouver une solution afin de sortir de cette situation.<\/p><br \/>\r\n<p style=\"font-weight: 400; text-align: justify;\">Comme vous l\u2019avez-vous-m\u00eame formul\u00e9, ce que vous vivez est effectivement une situation de violence et plus pr\u00e9cis\u00e9ment de\u00a0<a href=\"https:\/\/dev-vqf.creatives.com\/la-violence-psychologique\/\" target=\"_blank\" rel=\"noopener\">violence psychologique<\/a>. Subtile et difficile \u00e0 identifier celle-ci peut se manifester de multiples mani\u00e8res au travers de propos ou d\u2019actes rabaissants, d\u2019humiliations, d\u2019insultes ou encore d\u2019intimidations. Dans le contexte que vous d\u00e9crivez les menaces, le chantage, l\u2019isolement social et le contr\u00f4le de vos relations constituent de la violence et non un quelconque droit que votre mari pourrait avoir sur vous.<\/p><br \/>\r\n<p style=\"font-weight: 400; text-align: justify;\">La violence dans le couple fonctionne sous la forme d\u2019un cycle, le\u00a0<a href=\"https:\/\/dev-vqf.creatives.com\/la-violence-cest-quoi\/\" target=\"_blank\" rel=\"noopener\">cycle de la violence<\/a>, qui a tendance \u00e0 voir son rythme acc\u00e9l\u00e9rer et s\u2019intensifier si rien n\u2019est entrepris pour le rompre. Il est important de r\u00e9agir, comme vous le faites en prenant contact avec nous, car cette violence peut s\u2019aggraver et avoir de graves cons\u00e9quences sur la sant\u00e9 physique et psychologique ainsi que l\u2019estime de soi de la victime.<\/p><br \/>\r\n<p style=\"font-weight: 400; text-align: justify;\">Pour votre information, en Suisse, la violence au sein du couple est\u00a0<strong>interdite par la loi<\/strong>. Certains actes sont poursuivis d\u2019office une fois qu\u2019ils sont annonc\u00e9s \u00e0 la police, tandis que d\u2019autres ne seront poursuivis que si la victime d\u00e9cide de porter plainte. Nous vous recommandons d\u2019\u00e9couter\u00a0<a href=\"https:\/\/dev-vqf.creatives.com\/podcast\/278\/\" target=\"_blank\" rel=\"noopener\">cet \u00e9pisode<\/a>\u00a0de podcast afin d\u2019avoir plus d\u2019informations \u00e0 ce sujet.<\/p><br \/>\r\n<p style=\"font-weight: 400; text-align: justify;\">Vous pourriez \u00e9galement prendre contact avec le\u00a0<strong><a href=\"https:\/\/savi-ne.ch\/\">Service d\u2019aide aux victimes<\/a><\/strong>\u00a0(<strong>032 889 66 49\u00a0<\/strong>ou<strong>\u00a0savi.ne@ne.ch<\/strong>) du canton de Neuch\u00e2tel, celui-ci vient en aide aux personnes victimes de violence domestique en proposant une\u00a0<strong>\u00e9coute<\/strong>\u00a0attentive, l\u2019<strong>aide\u00a0<\/strong>appropri\u00e9e \u00e0 la situation, des\u00a0<strong>informations\u00a0<\/strong>compl\u00e9mentaires ainsi qu\u2019une connaissance \u00e9tendue de ses\u00a0<strong>droits<\/strong>.<\/p><br \/>\r\n<p style=\"font-weight: 400; text-align: justify;\">Sans avoir plus d\u2019informations par rapport \u00e0 votre relation, nous nous demandons s\u2019il existe \u00e9galement un d\u00e9s\u00e9quilibre et d\u2019autres enjeux, en termes de statut de s\u00e9jour par exemple. Dans des relations o\u00f9 l\u2019une des deux personnes est arriv\u00e9e en Suisse au travers de sa relation de couple, il peut arriver qu\u2019il se cr\u00e9e un rapport de pouvoir o\u00f9 la personne avec le statut de s\u00e9jour le plus \u00ab\u00a0stable\u00a0\u00bb se permettra d\u2019utiliser ceci afin de contraindre l\u2019autre \u00e0 agir comme elle le d\u00e9sire.<\/p><br \/>\r\n<p style=\"font-weight: 400; text-align: justify;\">Si ceci vous concerne, il est possible de se tourner vers le\u00a0<a href=\"https:\/\/csp.ch\/neuchatel\/services\/questions-juridiques\/\" target=\"_blank\" rel=\"noopener\">CSP<\/a>\u00a0(Centre social protestant) - une institution priv\u00e9e qui offre des services d\u2019aide sociale, juridique ou encore conjugale aux personnes en difficult\u00e9. Une aide gratuite ou \u00e0 petits prix qui vous permettra d\u2019\u00eatre mieux renseign\u00e9e sur vos droits en les contactant au\u00a0<strong>032 886 91 00<\/strong>\u00a0ou par\u00a0<a href=\"mailto:csp.neuchatel@ne.ch\" target=\"_blank\" rel=\"noopener\">mail<\/a>.<\/p><br \/>\r\n<p style=\"font-weight: 400; text-align: justify;\">En esp\u00e9rant avoir r\u00e9pondu au mieux \u00e0 vos questions, nous restons bien entendu \u00e0 votre disposition si vous avez des questions ou besoin d\u2019informations compl\u00e9mentaires.<\/p><br \/>\r\n<br \/>\r\n<\/div><br \/>\r\n<\/div><br \/>\r\n<\/div><\/div><\/div><\/div><\/div><\/div><div class='qa_acc_item'><span class='acc_toggler'><\/span><div class='item_header'><h3>I need professional help<h3><div class='vqf_fixed_width_text'><p>11 septembre 2023 - So... I speak English and I am looking for support. I was effected by physical, psychological, emotional and sexual abuse. I managed to get out of the situation physically and distance myself but it's affecting me...<\/p><\/div><\/div><div class='item_body'><div class='quesion_response_block'><div class='question'><h5>Question<\/h5><div class='vqf_fixed_width_text'><p>11 septembre 2023 - So...<div class=\"page\"><div class=\"layoutArea\"><div class=\"column\"><br \/>\r\n<br \/>\r\nI speak English and I am looking for support. I was effected by physical, psychological, emotional and sexual abuse. I managed to get out of the situation physically and distance myself but it's affecting me emotionally and psychologically and I need professional help.<br \/>\r\n<br \/>\r\n<strong><\/p><\/div><\/div><div class='response'><h5>Response<\/h5><div class='vqf_fixed_width_text'><p>\u00a0<\/strong><br \/>\r\n<br \/>\r\n<p style=\"font-weight: 400; text-align: justify;\">Hello,<\/p><br \/>\r\n<p style=\"font-weight: 400; text-align: justify;\">You\u2019ve lived through a tremendous amount of abuse and managed to get out of that situation. You\u2019re now struggling with how this is still affecting you both emotionally and psychologically and have turned to us to get some clues as in how to have access to professional help.<\/p><br \/>\r\n<p style=\"font-weight: 400; text-align: justify;\">We would like to begin by congratulating you, giving yourself the means to get out of such a damaging relationship is an extremely arduous task. It\u2019s an important and meaningful step to take but the one that you\u2019re taking as of now, asking for help with what's to come, is both brave and smart.<\/p><br \/>\r\n<p style=\"font-weight: 400; text-align: justify;\">If you haven\u2019t had any contact with them yet, we\u2019d suggest that you get in touch with a counselling service. Those work under the\u00a0<a href=\"https:\/\/www.opferhilfe-schweiz.ch\/en\/what-is-victim-support\/who-can-benefit-victim-support\/\" target=\"_blank\" rel=\"noopener\">Victim Support Act<\/a>, LAVI (Loi f\u00e9d\u00e9rale sur l\u2019aide aux victimes d\u2019infrations) in french or OHG (Opferhilfegesetz) in german. This law is specific to people who have suffered direct harm to their physical, psychological or sexual integrity. Under the Victim Support Act, victims are entitled to\u00a0<strong>assistance<\/strong>\u00a0from counselling services from professionals on several matters whether they\u2019d be\u00a0<strong>legal<\/strong>,\u00a0<strong>financial<\/strong>,\u00a0<strong>social<\/strong>\u00a0or\u00a0<strong>psychological<\/strong>.<\/p><br \/>\r\n<p style=\"font-weight: 400; text-align: justify;\">In the Canton of Valais, there are two\u00a0<a href=\"https:\/\/www.vs.ch\/web\/sas\/lavi-contacts\" target=\"_blank\" rel=\"noopener\">counselling services<\/a>\u00a0in either\u00a0<strong>Sion<\/strong>,\u00a0<strong>Maison Sant\u00e9 Chablais de Collombey-Muraz (027 607 31 00)\u00a0<\/strong>or\u00a0<strong>Brig-Glis (027 946 85 32)<\/strong>. They all offer the possibility of either consulting over the phone or arrange an appointment depending on what makes you the most comfortable.<\/p><br \/>\r\n<p style=\"font-weight: 400; text-align: justify;\">Also, since 2021 the costs of psychotherapy are primarily covered by the Swiss compulsory health insurance. We thus suggest that, if you\u2019re open to it, you turn to your physician and ask for a medical prescription. Having a space dedicate to talking about what you\u2019ve lived through and getting some tools to deal with it might be key to your healing process.<\/p><br \/>\r\n<p style=\"font-weight: 400; text-align: justify;\">We\u2019re hoping that these will put on you on the trail of the help that you\u2019re seeking. We naturally remain at your disposal for further questions, thank you for your trust and wish you the best.<\/p><br \/>\r\n<br \/>\r\n<\/div><br \/>\r\n<\/div><br \/>\r\n<\/div><\/div><\/div><\/div><\/div><\/div><div class='qa_acc_item'><span class='acc_toggler'><\/span><div class='item_header'><h3>Je suis \u00e0 la recherche d&#8217;un groupe de soutien dans le canton de Vaud<h3><div class='vqf_fixed_width_text'><p>27 ao\u00fbt 2023 - Pau... Bonjour, j'ai quitt\u00e9 il y a peu une relation toxique dans laquelle j'\u00e9tais maltrait\u00e9e psychologiquement. Je suis \u00e0 la recherche de groupe de soutien ou de partage qui concernent ce sujet dans le canton de...<\/p><\/div><\/div><div class='item_body'><div class='quesion_response_block'><div class='question'><h5>Question<\/h5><div class='vqf_fixed_width_text'><p>27 ao\u00fbt 2023 - Pau...<div class=\"page\"><div class=\"layoutArea\"><div class=\"column\"><br \/>\r\n<br \/>\r\nBonjour,<br \/>\r\n<br \/>\r\nj'ai quitt\u00e9 il y a peu une relation toxique dans laquelle j'\u00e9tais maltrait\u00e9e psychologiquement. Je suis \u00e0 la recherche de groupe de soutien ou de partage qui concernent ce sujet dans le canton de Vaud. Cela existe-t-il ?<br \/>\r\n<br \/>\r\n<strong><\/p><\/div><\/div><div class='response'><h5>Response<\/h5><div class='vqf_fixed_width_text'><p>\u00a0<\/strong><br \/>\r\n<br \/>\r\nBonjour,<br \/>\r\n<br \/>\r\nVous \u00eates \u00e0 la recherche d'un groupe de partage dans le canton de Vaud, afin de pouvoir \u00eatre soutenue apr\u00e8s les violences psychologiques que vous avez v\u00e9cues.<br \/>\r\n<br \/>\r\nVous pouvez tout d'abord \u00eatre fi\u00e8re de vous, car sortir d'une relation remplie de\u00a0<a href=\"https:\/\/dev-vqf.creatives.com\/la-violence-psychologique\/\" target=\"_blank\" rel=\"noopener\">violences psychologique<\/a>s r\u00e9guli\u00e8rement m\u00eal\u00e9es d'emprise n'est souvent pas chose facile.<br \/>\r\n<br \/>\r\nPour r\u00e9pondre \u00e0 votre question, dans le canton de Vaud, le\u00a0<a href=\"https:\/\/malleyprairie.ch\/ambulatoire\/\" target=\"_blank\" rel=\"noopener\">Centre Malley Prairie<\/a>\u00a0organise un groupe de soutien pour les femmes victimes ou ayant \u00e9t\u00e9 victimes de violences au sein du couple. Ce dernier a lieu toutes les deux semaines et est destin\u00e9 \u00e0\u00a0<strong>favoriser le partage des v\u00e9cus autour de la probl\u00e9matique<\/strong>\u00a0de la violence. Pour participer au groupe, un entretien pr\u00e9alable est n\u00e9cessaire avec l\u2019une des animatrices. Il vous suffit de les appeler au\u00a0<strong>021 620 76 76\u00a0<\/strong>pour prendre rendez-vous.<br \/>\r\n<br \/>\r\nEn esp\u00e9rant que cette d\u00e9marche vous aidera, nous restons\u00a0 \u00e0 votre enti\u00e8re disposition si vous aviez d'autres questions et nous vous adressons nos meilleurs messages.<br \/>\r\n<br \/>\r\n<\/div><br \/>\r\n<\/div><br \/>\r\n<\/div><\/div><\/div><\/div><\/div><\/div><div class='qa_acc_item'><span class='acc_toggler'><\/span><div class='item_header'><h3>Comment ne plus avoir de comportements agressifs ?<h3><div class='vqf_fixed_width_text'><p>20 ao\u00fbt 2023 - Jo... Bonjour, Je peux me montrer parfois agressif et violent verbalement \u00e0 l'encontre de ma conjointe et je lui ai m\u00eame lancer ma casquette dessus hier. Ces acc\u00e8s de col\u00e8res sont plus fr\u00e9quents et plus prononc\u00e9s...<\/p><\/div><\/div><div class='item_body'><div class='quesion_response_block'><div class='question'><h5>Question<\/h5><div class='vqf_fixed_width_text'><p>20 ao\u00fbt 2023 - Jo...<br \/>\r\n<br \/>\r\nBonjour,<br \/>\r\n<br \/>\r\nJe peux me montrer parfois agressif et violent verbalement \u00e0 l'encontre de ma conjointe et je lui ai m\u00eame lancer ma casquette dessus hier. Ces acc\u00e8s de col\u00e8res sont plus fr\u00e9quents et plus prononc\u00e9s lors ce que j'ai bu de l'alcool mais peuvent aussi se produire en \u00e9tant sobre.<br \/>\r\n<br \/>\r\nQue puis je faire pour que cela s'arr\u00eate avant que cela ne devienne plus grave?<br \/>\r\n<h4><\/h4><br \/>\r\n<h4><\/p><\/div><\/div><div class='response'><h5>Response<\/h5><div class='vqf_fixed_width_text'><p><\/h4><div class=\"page\"><div class=\"layoutArea\"><div class=\"column\"><br \/>\r\n<p style=\"text-align: justify;\">Bonjour,<\/p><br \/>\r\n<p style=\"text-align: justify;\">Tout d\u2019abord, nous tenons \u00e0 souligner votre d\u00e9marche de prise de contact au sujet de la violence verbale que vous agissez \u00e0 l'encontre de votre conjointe. De plus, vous d\u00e9crivez avoir \u00e9t\u00e9 jusqu\u2019\u00e0 lancer votre casquette sur elle ce qui peut \u00eatre consid\u00e9r\u00e9 comme une forme de violence physique. Vous prenez ce geste au s\u00e9rieux et souhaitez mettre un terme \u00e0 la violence avant que cela ne s\u2019aggrave encore.<\/p><br \/>\r\n<p style=\"text-align: justify;\">Comme vous le remarquez la consommation d\u2019alcool est un facteur de risque du recours \u00e0 la violence puisqu\u2019elle r\u00e9duit la capacit\u00e9 de ma\u00eetrise de soi et augmente l\u2019impulsivit\u00e9. Cependant, cette consommation n\u2019est pas la cause de la violence agie puisque celle-ci se produit \u00e9galement lorsque vous \u00eates sobre. Les comportements de violence que vous agissez en l\u2019absence et sous l\u2019influence de l\u2019alcool sont de votre responsabilit\u00e9. Nous nous permettons de vous demander quel r\u00f4le joue votre consommation d\u2019alcool dans votre vie\u00a0? Est-ce un moyen de d\u00e9charger les tensions du quotidien ou les tensions de votre relation de couple ?<\/p><br \/>\r\n<p style=\"text-align: justify;\">Dans un premier temps, il est important de pouvoir veiller \u00e0 votre consommation d\u2019alcool comme elle augmente le risque de violence. Ensuite, il est n\u00e9cessaire de comprendre ce qui se passe en vous avant et pendant vos acc\u00e8s de col\u00e8res qui m\u00e8nent \u00e0 des actes de violence afin de trouver les meilleurs moyens pour ne pas les reproduire. Des aides professionnelles existent. Dans le canton de Fribourg, nous vous conseillons de prendre contact avec l\u2019<a href=\"http:\/\/www.ex-pression.ch\/fr\" target=\"_blank\" rel=\"noopener\">association EX-pression<\/a>\u00a0\u00e0\u00a0<a href=\"http:\/\/www.ex-pression.ch\/fr\" target=\"_blank\" rel=\"noopener\">info@ex-pression.ch\u00a0<\/a>ou au\u00a0<strong>848 08 08 08<\/strong>. Cette association propose un accompagnement sp\u00e9cialis\u00e9 visant \u00e0 trouver des solutions et des alternatives aux comportements violents.<\/p><br \/>\r\n<p style=\"text-align: justify;\">N\u2019h\u00e9sitez pas \u00e0 nous recontacter si vous en ressentez le besoin ou si vous avez d\u2019autres questions.<\/p><br \/>\r\n<br \/>\r\n<\/div><br \/>\r\n<\/div><br \/>\r\n<\/div><\/div><\/div><\/div><\/div><\/div><div class='qa_acc_item'><span class='acc_toggler'><\/span><div class='item_header'><h3>Un enfant se confie sur les violences entre ses parents<h3><div class='vqf_fixed_width_text'><p>18 ao\u00fbt 2023 - Bru... Bonjour, j\u2019ai trouver recroqueville et en Larmes un enfant seul dans la Cour. Il m\u2019a partager l\u2019alcoolisme de son P\u00e8re et qu\u2019elle avait eu tr\u00e8s Peur car il avait tapper tr\u00e8s fort maman \u00e0 la...<\/p><\/div><\/div><div class='item_body'><div class='quesion_response_block'><div class='question'><h5>Question<\/h5><div class='vqf_fixed_width_text'><p>18 ao\u00fbt 2023 - Bru...<br \/>\r\n<br \/>\r\nBonjour,<br \/>\r\n<br \/>\r\nj\u2019ai trouver recroqueville et en Larmes un enfant seul dans la Cour. Il m\u2019a partager l\u2019alcoolisme de son P\u00e8re et qu\u2019elle avait eu tr\u00e8s Peur car il avait tapper tr\u00e8s fort maman \u00e0 la t\u00eate (qui venait de subir une op\u00e9ration \u00e0 la t\u00eate). Il m\u2019as dit qu\u2019il avait failli la tuer. J\u2019ai Transmis avec l\u2019accord de l\u2019enfant a l\u2019enseignante. Je lui ai dit qu\u2019il Pouvait venir sans autre me parler. Je fais quoi? Est ce que je dois d\u00e9noncer? Service de l\u2019enfance? Est ce que je dois dire que je suis l\u00e0 \u00e0 la maman si besoin? Merci pour votre retour<br \/>\r\n<br \/>\r\n<h4><\/p><\/div><\/div><div class='response'><h5>Response<\/h5><div class='vqf_fixed_width_text'><p><\/h4><div class=\"page\"><div class=\"layoutArea\"><div class=\"column\"><br \/>\r\n<p style=\"text-align: justify;\"><span style=\"font-family: 'DIN Next Light',serif; color: #333333;\">Bonjour,\u00a0<\/span><\/p><br \/>\r\n<p style=\"font-variant-ligatures: normal; font-variant-caps: normal; orphans: 2; text-align: justify; widows: 2; -webkit-text-stroke-width: 0px; text-decoration-thickness: initial; text-decoration-style: initial; text-decoration-color: initial; word-spacing: 0px;\"><span style=\"font-family: 'DIN Next Light',serif; color: #333333;\">Vous nous faites part de la situation d'un enfant qui est venu se confier aupr\u00e8s de vous dans une cours de r\u00e9cr\u00e9ation. Elle a pu vous parler des probl\u00e8mes d'alcoolisme de son p\u00e8re et\u00a0d'un acte de\u00a0<strong><span style=\"font-family: 'DIN Next Light',serif;\">violence grave<\/span><\/strong>\u00a0que\u00a0sa m\u00e8re a subi de ce dernier. Vous vous questionnez sur ce que vous devriez faire pour aider cet enfant : appeler le service de protection de l'enfant, parler avec la maman de cet enfant ou d\u00e9noncer la situation.\u00a0<\/span><\/p><br \/>\r\n<p style=\"font-variant-ligatures: normal; font-variant-caps: normal; orphans: 2; text-align: justify; widows: 2; -webkit-text-stroke-width: 0px; text-decoration-thickness: initial; text-decoration-style: initial; text-decoration-color: initial; word-spacing: 0px;\"><span style=\"font-family: 'DIN Next Light',serif; color: #333333;\">Tout d'abord, nous\u00a0tenons \u00e0 saluer votre d\u00e9marche\u00a0de nous \u00e9crire, cela d\u00e9montre le souci que vous avez pour cet enfant. Nous comprenons qu'il n'est pas facile de r\u00e9agir quand on est\u00a0<a href=\"https:\/\/dev-vqf.creatives.com\/temoin\/\">t\u00e9moin<\/a>\u00a0<\/span>Il est toujours perturbant d'entendre ce genre de r\u00e9cit et encore plus de la part d'un-e mineur-e qui est \u00e9galement\u00a0<strong><span style=\"font-family: 'DIN Next Light',serif;\">victime<\/span><\/strong>\u00a0de cette violence. On se sent souvent mal \u00e0 l\u2019aise et d\u00e9muni-e. On ne veut pas se m\u00ealer de la vie des autres et on a peur de ne pas dire ce qu'il faut. Mais la violence est destructrice et la\u00a0<a href=\"https:\/\/sitemanager.violencequefaire.ch\/sitemanager\/loi\" target=\"_blank\" rel=\"noopener\">loi<\/a>\u00a0l\u2019interdit et les\u00a0<a href=\"https:\/\/dev-vqf.creatives.com\/la-violence-cest-quoi\/#consequences\" target=\"_blank\" rel=\"noopener\">cons\u00e9quences<\/a>\u00a0peuvent \u00eatre graves.\u00a0Les enfants qui assistent directement \u00e0 des sc\u00e8nes de violence sont affect\u00e9s. Le climat de peur et d\u2019ins\u00e9curit\u00e9 dans lequel se trouvent leurs\u00a0parents les traumatise et les fragilise.<\/p><br \/>\r\n<p style=\"font-variant-ligatures: normal; font-variant-caps: normal; orphans: 2; text-align: justify; widows: 2; -webkit-text-stroke-width: 0px; text-decoration-thickness: initial; text-decoration-style: initial; text-decoration-color: initial; word-spacing: 0px;\"><span style=\"font-family: 'DIN Next Light',serif; color: #333333;\">Ce que vous nous d\u00e9crivez est une situation de\u00a0<a href=\"https:\/\/dev-vqf.creatives.com\/la-violence-physique\/\" target=\"_blank\" rel=\"noopener\">violence physique<\/a>\u00a0et il est en effet important de mettre en place un soutien pour cette famille. Nous vous remercions d'avoir pris le temps d'\u00e9couter ce mineur et d'avoir averti l'enseignante. Suite \u00e0 votre signalement, elle est dans l'obligation d'avertir sa direction et cette derni\u00e8re doit faire une d\u00e9nonciation \u00e0\u00a0<a href=\"https:\/\/www.vs.ch\/web\/sjsj\/autorites-de-protection-de-l-enfant-et-de-l-adulte1\" target=\"_blank\" rel=\"noopener\">l'APEA<\/a>\u00a0(Autorit\u00e9 de Protection de l'Enfant et de l'Adulte) de votre r\u00e9gion. Cette autorit\u00e9 pourra par la suite, si besoin,\u00a0mandater\u00a0<a href=\"https:\/\/www.vs.ch\/web\/scj\/ope\" target=\"_blank\" rel=\"noopener\">OPE<\/a>\u00a0(l'Office de Protection\u00a0 de l'Enfant) qui fera une expertise de la situation. Nous vous conseillons donc de reprendre contact avec l'enseignante afin de de lui demander si elle a pu en parler avec sa hi\u00e9rarchie. Vous pouvez \u00e9galement le faire vous en prenant directement contact avec la direction de l'\u00e9tablissement de\u00a0 cet enfant.\u00a0<\/span><\/p><br \/>\r\n<p style=\"font-variant-ligatures: normal; font-variant-caps: normal; orphans: 2; text-align: justify; widows: 2; -webkit-text-stroke-width: 0px; text-decoration-thickness: initial; text-decoration-style: initial; text-decoration-color: initial; word-spacing: 0px;\"><span style=\"font-family: 'DIN Next Light',serif; color: #333333;\">Ensuite, apr\u00e8s discussion et accord de votre hi\u00e9rarchie et si vous vous sentez suffisamment \u00e0 l'aise, vous pourriez prendre contact avec la maman pour lui expliquer ce que son enfant a partag\u00e9 avec vous. Il\u00a0<\/span><span style=\"font-family: 'DIN Next Light',serif; color: #333333;\">est important de lui rappeler la loi<\/span><span style=\"font-family: 'DIN Next Light',serif; color: #333333;\">. Les infractions au sein du couple telles que les violences physiques sont des infractions p\u00e9nales. E<\/span><span style=\"font-family: 'DIN Next Light',serif; color: #333333;\">lle peut donc se rendre \u00e0 un poste de police pour<strong><span style=\"font-family: 'DIN Next Light',serif;\">\u00a0porter plainte<\/span><\/strong>\u00a0contre son conjoint. Il est important de lui expliquer qu'elle n'est pas dans l'obligation de\u00a0faire cette d\u00e9marche si cela est difficile pour elle.\u00a0De plus, nous pensons qu'il serait vraiment important qu'elle puisse appeler la police au\u00a0<strong><span style=\"font-family: 'DIN Next Light',serif;\">117<\/span><\/strong>\u00a0si une telle situation de violence devait \u00e0 nouveau arriver.\u00a0Monsieur peut \u00eatre expuls\u00e9 imm\u00e9diatement du domicile pour 7 jours au moins et 14 jours<\/span><span style=\"font-family: 'DIN Next Light',serif; color: #333333;\">. Madame peut \u00e9galement appeler\u00a0<\/span><a href=\"https:\/\/sitemanager.violencequefaire.ch\/sitemanager\/l'unit%C3%A9%20de%20m%C3%A9decine%20des%20violences\"><span style=\"font-family: 'DIN Next Light',serif;\">l'unit\u00e9 de m\u00e9decine des violences<\/span><\/a><span style=\"font-family: 'DIN Next Light',serif; color: #333333;\">\u00a0au\u00a0<strong><span style=\"font-family: 'DIN Next Light',serif;\">027 603 63 70\u00a0<\/span><\/strong>\u00e0 Sierre afin de\u00a0\u00a0faire une attestation de coups et blessures qui peut \u00eatre faite jusqu'\u00e0 72heures apr\u00e8s les faits. Les professionnel-le-s de la sant\u00e9 pr\u00e9sents pourront l'\u00e9couter,\u00a0elle\u00a0b\u00e9n\u00e9ficiera\u00a0\u00e9galement d'un examen clinique et de la r\u00e9daction d\u2019un constat m\u00e9dical pour faire valoir\u00a0ses\u00a0droits. Il est important de s'y rendre afin qu'elle puisse par la suite\u00a0se\u00a0faire reconna\u00eetre juridiquement comme\u00a0victime.\u00a0<\/span><\/p><br \/>\r\n<p style=\"font-variant-ligatures: normal; font-variant-caps: normal; orphans: 2; text-align: justify; widows: 2; -webkit-text-stroke-width: 0px; text-decoration-thickness: initial; text-decoration-style: initial; text-decoration-color: initial; word-spacing: 0px;\"><span style=\"font-family: 'DIN Next Light',serif; color: #333333;\">Il serait aussi int\u00e9ressant de la diriger vers un<\/span><span style=\"font-family: 'DIN Next Light',serif; color: #333333;\">\u00a0<a href=\"https:\/\/www.vs.ch\/web\/sas\/lavi-beneficiaires\" target=\"_blank\" rel=\"noopener\">Centre LAVI<\/a>\u00a0qui propose une aide aux victimes d'abus (violences physiques, sexuelles et menaces de mort)\u00a0<strong><span style=\"font-family: 'DIN Next Light',serif;\">.\u00a0<\/span><\/strong>\u00a0En Valais, la LAVI<\/span><span style=\"font-family: 'DIN Next Light',serif; color: #333333;\">\u00a0 est atteignable au\u00a0<strong><span style=\"font-family: 'DIN Next Light',serif;\">027 607 31 00<\/span><\/strong>, elle est pr\u00e9sente dans trois lieux de consultations, \u00e0 Brig, Sion et Collombey-Muraz. Leurs consultations sont\u00a0<strong><span style=\"font-family: 'DIN Next Light',serif;\">gratuites et confidentielles<\/span><\/strong>. Les intervenant\u00b7e\u00b7s LAVI pourront l'accompagner et l'adresser vers un\u00b7e psychoth\u00e9rapeute ou un\u00b7e avocat\u00b7e.\u00a0<\/span><\/p><br \/>\r\n<p style=\"font-variant-ligatures: normal; font-variant-caps: normal; orphans: 2; text-align: justify; widows: 2; -webkit-text-stroke-width: 0px; text-decoration-thickness: initial; text-decoration-style: initial; text-decoration-color: initial; word-spacing: 0px;\">Vous pouvez aussi lui expliquer que si besoin\u00a0<span style=\"font-family: 'DIN Next Light',serif; color: #333333;\">le Centre LAVI pourra lui financer, si elle le d\u00e9sire, un h\u00e9bergement d'urgence pour\u00a0elle\u00a0et\u00a0son enfant qui peut aller jusqu'\u00e0 35 jours renouvelables. Il en existe trois\u00a0dans le\u00a0Valais romand.\u00a0<a href=\"https:\/\/accueil-aurore.ch\/\" target=\"_blank\" rel=\"noopener\">L'Accueil Aurore<\/a>\u00a0<\/span><span style=\"font-family: 'DIN Next Light',serif; color: #333333;\">\u00e0 Sion,\u00a0<a href=\"https:\/\/pointdujour.ch\/\" target=\"_blank\" rel=\"noopener\">Le Point du Jour<\/a><\/span><span style=\"font-family: 'DIN Next Light',serif; color: #333333;\">\u00a0dans la r\u00e9gion de Martigny et\u00a0<a href=\"http:\/\/www.lessentielles.ch\/\" target=\"_blank\" rel=\"noopener\">La structure de la Fondation l'EssentiElles<\/a>\u00a0<\/span><span style=\"font-family: 'DIN Next Light',serif; color: #333333;\">pour la r\u00e9gion du Chablais.\u00a0Elle\u00a0pourra prendre le temps de penser \u00e0\u00a0elle\u00a0sans avoir peur de subir de la violence. Les professionnel-le-s pr\u00e9sents seront \u00e0\u00a0son\u00a0\u00e9coute et l'aideront \u00e9galement pour les d\u00e9marches administratives. Ces lieux sont des espaces cach\u00e9s,\u00a0s\u00e9curis\u00e9s\u00a0et bienveillants. Si\u00a0madame\u00a0a\u00a0besoin d'un\u00a0<strong><span style=\"font-family: 'DIN Next Light',serif;\">h\u00e9bergement d'urgence<\/span><\/strong>\u00a0rapidement avec son enfant,\u00a0vous pouvez lui expliquer\u00a0qu'il lui est possible d'appeler les structures sans passer\u00a0au pr\u00e9alable par\u00a0le Centre LAVI. La personne qui les accueillera\u00a0fera le lien avec\u00a0la LAVI\u00a0par la suite.<\/span><\/p><br \/>\r\n<p style=\"text-align: justify;\"><span style=\"font-family: 'DIN Next Light',serif; color: #333333;\">Nous esp\u00e9rons avoir pu vous donner des pistes utiles dans vos r\u00e9flexions et nous souhaitons que la situation s'am\u00e9liore\u00a0rapidement pour cet enfant et sa maman. Nous restons \u00e0 disposition si besoin pour toutes autres questions de votre part\u00a0ou simplement pour\u00a0nous donner\u00a0de\u00a0leurs\u00a0nouvelles si vous le souhaitez.<\/span><\/p><br \/>\r\n<br \/>\r\n<\/div><br \/>\r\n<\/div><br \/>\r\n<\/div><\/div><\/div><\/div><\/div><\/div><div class='qa_acc_item'><span class='acc_toggler'><\/span><div class='item_header'><h3>Violences psychologiques et garde d&#8217;enfant<h3><div class='vqf_fixed_width_text'><p>17 ao\u00fbt 2023 - Em... Bonjour, quels sont les moyens d'action (civils, p\u00e9naux) si on est victime de violence psychologique et verbale? C'est mon cas, avec de la pression \u00e9conomique (pression sur mon taux de travail). Et quelques objets cass\u00e9s...<\/p><\/div><\/div><div class='item_body'><div class='quesion_response_block'><div class='question'><h5>Question<\/h5><div class='vqf_fixed_width_text'><p>17 ao\u00fbt 2023 - Em...<br \/>\r\n<br \/>\r\nBonjour,<br \/>\r\n<br \/>\r\nquels sont les moyens d'action (civils, p\u00e9naux) si on est victime de violence psychologique et verbale?<br \/>\r\n<br \/>\r\nC'est mon cas, avec de la pression \u00e9conomique (pression sur mon taux de travail). Et quelques objets cass\u00e9s par l'auteur des violences.... Et puis ume gifle qui a fait chuter notre emfant..... Actuellement je vis (encore) avec mon conjoint, auteur des violences mais je ne sais pas encore comment m'en sortir. Pour ce qui est de la garde de l'enfant eu avec l'auteur des violences, quels sont les chances d'obtenir une garde exclusive si je quitte mon conjoint?<br \/>\r\n<br \/>\r\nJe ne me vois pas quitter mon conjoint et ne pas savoir ce que vit mon jeune enfant s'il est parfois gard\u00e9 par son p\u00e8re.... Merci de votre aide.<br \/>\r\n<h4><\/h4><br \/>\r\n<h4><\/p><\/div><\/div><div class='response'><h5>Response<\/h5><div class='vqf_fixed_width_text'><p><\/h4><div class=\"page\"><div class=\"layoutArea\"><div class=\"column\"><br \/>\r\n<br \/>\r\n\u00a0Bonjour,<br \/>\r\n<br \/>\r\nNous vous remercions pour votre message. Vous nous demandez des renseignements autour de vos droits et devoirs s\u2019agissant de votre enfant alors que vous subissez des violences physiques, psychologiques et \u00e9conomiques de la part de son p\u00e8re.<br \/>\r\n<br \/>\r\nVotre message ne nous dit pas si vous \u00eates mari\u00e9e ou si vous vivez en concubinage. Quoiqu\u2019il en soit et \u00e9tant donn\u00e9 les violences v\u00e9cues, vous seriez en droit de demander une\u00a0<a href=\"https:\/\/www.vd.ch\/themes\/justice\/la-justice-civile\/divorce-mesures-protectrices-de-lunion-conjugale-separation\" target=\"_blank\" rel=\"noopener\">s\u00e9paration unilat\u00e9rale<\/a>. Elle peut \u00eatre demand\u00e9e au\u00a0<a href=\"https:\/\/www.vd.ch\/toutes-les-autorites\/ordre-judiciaire-vaudois-ojv\/tribunaux-darrondissement\" target=\"_blank\" rel=\"noopener\">Tribunal civil de votre arrondissement<\/a>\u00a0lorsque la vie commune n\u2019est plus possible pour des questions de violences, de consommations et\/ou de maladie psychique. Cette demande peut \u00eatre faite via un\u00a0<a href=\"https:\/\/www.vd.ch\/themes\/justice\/la-justice-civile\/divorce-mesures-protectrices-de-lunion-conjugale-separation\" target=\"_blank\" rel=\"noopener\">formulaire en ligne<\/a>, ce sont les\u00a0<strong>mesures de protections de l\u2019union conjugale<\/strong>. Lors de cette s\u00e9paration unilat\u00e9rale provisoire, le \/ la Juge devra statuer sur qui des conjoints peut rester dans l\u2019appartement commun, qui a la garde de l\u2019enfant et envisager les droits de visite du parent non gardien.<br \/>\r\n<br \/>\r\nLes moments de s\u00e9paration pouvant \u00eatre des moments de regain de violences, nous vous conseillerions vivement de\u00a0<strong>vous mettre en protection<\/strong>\u00a0aupr\u00e8s de tierces personnes si cela est possible ou en foyer si aucune autre solution n\u2019est envisageable. Dans le canton de Vaud, le\u00a0<a href=\"https:\/\/malleyprairie.ch\/\" target=\"_blank\" rel=\"noopener\">Centre Malley Prairie<\/a>\u00a0peut accueillir les femmes et les enfants confront\u00e9s \u00e0 des violences domestiques. Vous pouvez les joindre au num\u00e9ro suivant\u00a0:\u00a0<strong>(021) 620-76-76<\/strong>. Ce centre propose du reste \u00e9galement des\u00a0<a href=\"https:\/\/malleyprairie.ch\/ambulatoire\/\" target=\"_blank\" rel=\"noopener\">consultations en ambulatoire<\/a>\u00a0dans diff\u00e9rents lieux du canton de Vaud. Les consultations sont\u00a0<strong>gratuites et confidentielles.<\/strong>\u00a0Les professionnel-le-s seront \u00e0 votre \u00e9coute et sauront vous donner des conseils avis\u00e9s.<br \/>\r\n<br \/>\r\nNous comprenons votre peur \u00e0 l\u2019id\u00e9e de vous s\u00e9parer du p\u00e8re de votre enfant et de ne pas savoir ce que votre enfant pourrait vivre comme violences de sa part.<br \/>\r\n<br \/>\r\nA cet \u00e9gard, nous n\u2019avons pas compris si votre enfant ou vous qui aviez r\u00e9ceptionn\u00e9 la gifle de votre conjoint, faisant chuter votre enfant. Quoiqu\u2019il en soit,\u00a0<strong>la violence est interdite par la loi<\/strong>\u00a0et vous seriez en droit d\u2019appeler\u00a0<strong>la police au 117<\/strong>\u00a0au prochain \u00e9pisode de violence subie. Il faut savoir que certains actes comme la violence physique mais aussi les menaces sont\u00a0<strong>poursuivies d\u2019office sur le plan p\u00e9nal<\/strong>. Cela voudrait dire que si la police devait intervenir dans votre foyer, une proc\u00e9dure p\u00e9nale serait automatiquement engag\u00e9e. La police serait \u00e9galement en droit d\u2019<a href=\"https:\/\/www.vd.ch\/fileadmin\/user_upload\/themes\/vie_privee\/ViolenceDomestique\/pdf\/1_Fiche_28CC_CCLVD.pdf\" target=\"_blank\" rel=\"noopener\">expulser votre conjoint de l\u2019appartement<\/a>, ceci\u00a0<strong>jusqu\u2019\u00e0 une audience de validation de la mesure d\u2019expulsion par un-e Juge<\/strong>. C\u2019est une mesure de protection pour les personnes qui sont victimes. Lors de cette expulsion, votre conjoint aurait l\u2019interdiction d\u2019entrer en contact avec vous et votre enfant jusqu\u2019\u00e0 l\u2019audience o\u00f9 vous pourriez prendre la d\u00e9cision de s\u00e9paration unilat\u00e9rale.<br \/>\r\n<br \/>\r\nPour davantage de renseignements sur les\u00a0<strong>moyens d\u2019actions au p\u00e9nal,<\/strong>\u00a0vous pouvez joindre un centre d\u2019aide aux victimes d\u2019infractions, un\u00a0<a href=\"https:\/\/www.aide-aux-victimes.ch\/fr\/ou-puis-je-trouver-de-laide\/\" target=\"_blank\" rel=\"noopener\">centre LAVI.<\/a>\u00a0Pour le canton de Vaud, il faut composer le\u00a0<strong>(021) 631-03-00.<\/strong><br \/>\r\n<br \/>\r\n<a href=\"https:\/\/www.vd.ch\/toutes-les-autorites\/departements\/departement-de-la-jeunesse-de-lenvironnement-et-de-la-securite-djes\/direction-generale-de-lenfance-et-de-la-jeunesse-dgej\" target=\"_blank\" rel=\"noopener\">Le service protection des mineurs (DGEJ)<\/a>\u00a0peut aussi r\u00e9pondre \u00e0 vos questions autour des droits et devoirs du p\u00e8re de votre enfant. Vous pouvez \u00e9galement les appeler de mani\u00e8re anonyme si cela est plus confortable pour vous \u00e0 ce stade. Lorsqu'un parent craint que les droits de visite ne soient pas conformes au bon d\u00e9veloppement d'un enfant et que certaines violences sont pr\u00e9sentes, un droit de visite dans un lieu m\u00e9diatis\u00e9 peut aussi \u00eatre organis\u00e9.<br \/>\r\n<br \/>\r\nPour finir, nous vous sugg\u00e9rons \u00e9galement de pouvoir vous confier \u00e0 la \/ au p\u00e9diatre de votre enfant qui sera sans doute aussi de bons conseils.<br \/>\r\n<br \/>\r\nNous esp\u00e9rons avoir pu vous donner quelques pistes de r\u00e9flexion et restons bien entendu \u00e0 votre enti\u00e8re disposition.<br \/>\r\n<br \/>\r\n<\/div><br \/>\r\n<\/div><br \/>\r\n<\/div><\/div><\/div><\/div><\/div><\/div><div class='qa_acc_item'><span class='acc_toggler'><\/span><div class='item_header'><h3>Mon ex me harc\u00e8le avec des e-mails<h3><div class='vqf_fixed_width_text'><p>13 ao\u00fbt 2023 - Que... Bonjour, Il y a un an et demi mon ex me quittait. Il revient pourtant de fa\u00e7on r\u00e9guli\u00e8re mais espac\u00e9 dans le temps dans mon espace en m'envoyant des emails. Je l'ai bloqu\u00e9 sur tous...<\/p><\/div><\/div><div class='item_body'><div class='quesion_response_block'><div class='question'><h5>Question<\/h5><div class='vqf_fixed_width_text'><p>13 ao\u00fbt 2023 - Que...<br \/>\r\n<br \/>\r\nBonjour,<br \/>\r\n<br \/>\r\nIl y a un an et demi mon ex me quittait. Il revient pourtant de fa\u00e7on r\u00e9guli\u00e8re mais espac\u00e9 dans le temps dans mon espace en m'envoyant des emails. Je l'ai bloqu\u00e9 sur tous les autres moyens de me joindre et il ne conna\u00eet pas mon adresse. Je lui ai clairement signifi\u00e9 que je ne veux plus qu'il me contacte mais il est impossible de bloquer ses emails et j'en re\u00e7ois donc encore. D'un autre c\u00f4t\u00e9, je suis rassur\u00e9e de voir ses mails pour pouvoir mesurer o\u00f9 il en est et anticiper la suite. Je ne r\u00e9ponds en tout cas plus. Je voudrais savoir s'il y avait une autre d\u00e9marche \u00e0 consid\u00e9rer pour m'assurer qu'il me retire de ses pr\u00e9occupations et me laisse vivre en paix. Auriez-vous des conseils ? J'aimerais que son ombre se retire de ma vie. Je ne trouve pas normal de payer ma psy pour r\u00e9gler mes craintes et angoisses face \u00e0 un comportement malsain de la part de cette personne, de devoir porter seule la responsabilit\u00e9 de ne plus me faire affecter et ne plus \u00eatre autant d\u00e9stabilis\u00e9e par lui. Merci de consid\u00e9rer ma demande, et me donner des pistes utiles. Cordialement<br \/>\r\n<h4><\/h4><br \/>\r\n<h4><\/p><\/div><\/div><div class='response'><h5>Response<\/h5><div class='vqf_fixed_width_text'><p><\/h4><div class=\"page\"><div class=\"layoutArea\"><div class=\"column\"><br \/>\r\nBonjour,<br \/>\r\n<br \/>\r\nVous nous \u00e9crivez car votre ex-partenaire vous envoie r\u00e9guli\u00e8rement des mails alors que vous lui avez clairement demand\u00e9 d'arr\u00eater de vous contacter. Vous aimeriez retrouver de l'apaisement dans votre vie.<br \/>\r\n<br \/>\r\nVous avez bien fait de nous \u00e9crire, la situation de que vous vivez est difficile.<strong>\u00a0Vous n'\u00eates pas seule.<\/strong><br \/>\r\n<br \/>\r\nNous n'avons que peu d'informations concernant les contenus des e-mails que vous envoie votre ex-partenaire, nous allons toutefois essayer de vous donner des pistes afin que votre situation s'am\u00e9liore.<br \/>\r\n<br \/>\r\nUne solution pourrait \u00eatre de d\u00e9vier les e-mails provenant de l'adresse mail qu'il utilise dans un dossier annexe. Cela veut dire que vous recevrez toujours les e-mails, mais que vous ne les verriez plus car ils seraient directement transf\u00e9r\u00e9s dans un dossier. Cela lasserait peut-\u00eatre votre ex-partenaire de voir que ses e-mails ne re\u00e7oivent aucune r\u00e9ponse.<br \/>\r\n<br \/>\r\nSi cela fait sens pour vous, vous pourriez \u00e9galement r\u00e9it\u00e9rer votre souhait de ne plus \u00eatre contact\u00e9e par lui et que de toute mani\u00e8re, vous ne lui r\u00e9pondrez plus du tout. Cela vous permettrait une nouvelle fois de fixer vos limites et de lui faire entendre que cet acharnement ne sert \u00e0 rien.<br \/>\r\n<br \/>\r\nComme mentionn\u00e9e pr\u00e9c\u00e9demment, nous n'en savons que tr\u00e8s peu sur le contenu de ces messages. Vous \u00e9crivez que vous avez peur face \u00e0 un \"comportement malsain\" de cette personne. Vous semblez en effet \u00eatre sur le qui-vive, dans l'anticipation de quelque chose qui pourrait vous arriver. Est-ce \u00e0 cause de la fr\u00e9quence des messages ? Est-ce li\u00e9 \u00e0 leur contenu ? Prof\u00e8re-t-il des menaces contre vous ? Peut-\u00eatre et si vous le voulez bien, pouvez-vous nous en dire plus sur ce qui vous affecte, sur vos craintes et vos angoisses.\u00a0Il nous manque malheureusement ces \u00e9l\u00e9ments pour vous rediriger au mieux.<br \/>\r\n<br \/>\r\n<strong>Si les messages sont inqui\u00e9tants de par leur contenu<\/strong>, nous nous permettons de vous proposer quelques adresses utiles auxquelles vous pourriez vous r\u00e9f\u00e9rer.<br \/>\r\n<br \/>\r\nVous pourriez en premier lieu contacter la police au\u00a0<strong>117<\/strong>\u00a0ou vous rendre dans un commissariat. La police a la possibilit\u00e9 de prendre des mesures imm\u00e9diates qui peuvent permettre\u00a0 de mettre fin au stalking.<br \/>\r\n<br \/>\r\nVous pourriez \u00e9galement demander conseil dans un\u00a0centre LAVI (<strong>L<\/strong>oi sur l'<strong>A<\/strong>ide aux\u00a0<strong>V<\/strong>ictimes d'<strong>I<\/strong>nfractions). Ces centres offrent des consultations<strong>\u00a0gratuites et confidentielles<\/strong>\u00a0pour toute personne ayant subi des violences physiques, sexuelles ou psychiques (menaces graves). En entretien, vous pourrez obtenir des informations d\u2019ordre juridique, psychologique et social par des sp\u00e9cialistes du domaine. Ces entretiens sont\u00a0<strong>gratuits et confidentiels.<\/strong>\u00a0Dans le canton de Berne, vous pouvez contacter le\u00a0<a href=\"https:\/\/www.opferhilfe-bern.ch\/fr\" target=\"_blank\" rel=\"noopener\">Centre LAVI de Berne<\/a>\u00a0au\u00a0<strong>031 370 30 70\u00a0<\/strong>ou celui de\u00a0<a href=\"https:\/\/solfemmes.ch\/index.php\/fr\/\" target=\"_blank\" rel=\"noopener\">Bienne<\/a>\u00a0au\u00a0<strong>032 322 56 33.<\/strong><br \/>\r\n<br \/>\r\nNous esp\u00e9rons que ces orientations pourront vous donner quelques pistes.\u00a0Nous restons\u00a0 \u00e0\u00a0 disposition si vous aviez d'autres questions ou si vous souhaitiez nous donner plus d'informations sur votre situation. Nous vous adressons nos meilleurs messages.<br \/>\r\n<br \/>\r\n<\/div><br \/>\r\n<\/div><br \/>\r\n<\/div><\/div><\/div><\/div><\/div><\/div><div class='qa_acc_item'><span class='acc_toggler'><\/span><div class='item_header'><h3>Un ami est victime de violences physiques et verbales<h3><div class='vqf_fixed_width_text'><p>24 juillet 2023 - ali... Bonjour, Un ami tr\u00e8s proche est victime r\u00e9guli\u00e8rement de la violence physique et verbale de sa femme. Il n\u2019ose pas le dire car il a donn\u00e9 un coup une seule fois en voulant se d\u00e9fendre...<\/p><\/div><\/div><div class='item_body'><div class='quesion_response_block'><div class='question'><h5>Question<\/h5><div class='vqf_fixed_width_text'><p>24 juillet 2023 - ali...<br \/>\r\n<br \/>\r\nBonjour, Un ami tr\u00e8s proche est victime r\u00e9guli\u00e8rement de la violence physique et verbale de sa femme. Il n\u2019ose pas le dire car il a donn\u00e9 un coup une seule fois en voulant se d\u00e9fendre lors d\u2019un grand \u00e9pisode d\u2019humiliation et de violence. En voulant l\u2019aider j\u2019ai fait des recherches sur internet et je n\u2019ai pas trouver de structure pour les hommes. Que faire pour l\u2019aider \u00e0 sortir de cela?<br \/>\r\n<h4><\/h4><br \/>\r\n<h4><\/p><\/div><\/div><div class='response'><h5>Response<\/h5><div class='vqf_fixed_width_text'><p><\/h4><br \/>\r\nBonjour,<br \/>\r\n<div class=\"page\"><br \/>\r\n<div class=\"layoutArea\"><br \/>\r\n<div class=\"column\"><br \/>\r\n<p style=\"font-weight: 400; text-align: justify;\">Un ami proche est victime de\u00a0<a href=\"https:\/\/dev-vqf.creatives.com\/la-violence-physique\/\" target=\"_blank\" rel=\"noopener\">violences physiques<\/a>\u00a0et\u00a0<a href=\"https:\/\/dev-vqf.creatives.com\/la-violence-psychologique\/\" target=\"_blank\" rel=\"noopener\">psychiques<\/a>\u00a0de la part de sa femme. Celui-ci craint d\u2019en parler de peur que cela se retourne contre lui. En effet, il a une fois port\u00e9 un coup \u00e0 sa femme, en r\u00e9action \u00e0 la violence subie. Pourtant, votre ami a d\u00e9j\u00e0 fait le pas de se confier \u00e0 vous, ceci d\u00e9montre une grande marque de confiance \u00e0 votre \u00e9gard et briser le silence est une \u00e9tape importante pour sortir du\u00a0<a href=\"https:\/\/dev-vqf.creatives.com\/la-violence-cest-quoi\/#cycle\" target=\"_blank\" rel=\"noopener\">cycle de la violence<\/a>.<\/p><br \/>\r\n<p style=\"font-weight: 400; text-align: justify;\">Inqui\u00e8te par ce que vit votre ami, vous cherchez \u00e0 lui venir en aide afin qu\u2019il trouve des solutions pour se lib\u00e9rer de cette situation aux\u00a0<a href=\"https:\/\/dev-vqf.creatives.com\/la-violence-cest-quoi\/#consequences\" target=\"_blank\" rel=\"noopener\">cons\u00e9quences n\u00e9gatives<\/a>\u00a0(notamment la violence r\u00e9actionnelle). Vous avez bien fait de nous contacter. Il est effectivement difficile de se retrouver face \u00e0 ce genre de situation et de savoir comment r\u00e9agir au mieux. Vous vous souciez du bien-\u00eatre de votre ami et nous aimerions vous remercier de ne pas fermer les yeux sur les violences qu\u2019il subit.<\/p><br \/>\r\n<p style=\"font-weight: 400; text-align: justify;\">Si vous le voulez bien, nous pouvons vous proposer quelques ressources ayant \u00e9t\u00e9 utiles \u00e0 d\u2019autres personnes dans une situation similaire. Vous pouvez lui proposer de contacter des associations venant en aide aux personnes concern\u00e9es par la violence conjugale. Dans le canton de Vaud, il peut contacter\u00a0<a href=\"https:\/\/malleyprairie.ch\" target=\"_blank\" rel=\"noopener\">le Centre d\u2019accueil MalleyPrairie<\/a>\u00a0\u00e0 Lausanne qui offre des consultations gratuites et confidentielles aux personnes qui vivent de la violence au sein du couple. Atteignables au\u00a0<strong>021 620 76 76<\/strong>\u00a0(du lundi au vendredi de 08 \u00e0 12h puis de 14h \u00e0 18h). A Gen\u00e8ve,\u00a0<a href=\"https:\/\/www.pharos-geneve.ch\/pharos\/association\/\" target=\"_blank\" rel=\"noopener\">l\u2019association Pharos<\/a>\u00a0est sp\u00e9cialis\u00e9e dans le soutien des\u00a0<strong>hommes victimes de violence conjugale<\/strong>. Il peut les contacter au\u00a0<strong>022 736 13 13<\/strong>\u00a0ou se rendre \u00e0 leur permanence sans rendez-vous tous les jeudis de 17h \u00e0 19 h \u00e0 l\u2019adresse suivante\u00a0: 40 rue du Stand, 1204 Gen\u00e8ve. Des professionnel\u00b7le\u00b7s pourront l\u2019\u00e9couter et lui donner des informations par rapport aux diff\u00e9rentes possibilit\u00e9s qui s\u2019offrent \u00e0 lui. Finalement, vous pourriez lui parler du site\u00a0<a href=\"https:\/\/dev-vqf.creatives.com\" target=\"_blank\" rel=\"noopener\">www.violencequefaire.ch<\/a>\u00a0afin qu\u2019il aille le consulter par lui-m\u00eame. Vous pouvez aussi lui proposer de l\u2019accompagner pour faire les d\u00e9marches qu\u2019il choisit d\u2019entreprendre.<\/p><br \/>\r\n<p style=\"font-weight: 400; text-align: justify;\">Il est \u00e9galement probable que votre ami vive des \u00e9motions comme de la peur, de la honte ou de la culpabilit\u00e9. Il peut alors \u00eatre compliqu\u00e9 pour de se livrer ouvertement. Il est n\u00e9cessaire de respecter son rythme et de se montrer disponible. Ainsi, lorsqu\u2019il se sentira pr\u00eat, il saura qu\u2019il peut compter sur votre soutien.<\/p><br \/>\r\n<p style=\"font-weight: 400; text-align: justify;\">Finalement, nous vous recommandons de consulter\u00a0<a href=\"https:\/\/dev-vqf.creatives.com\/temoin\/\" target=\"_blank\" rel=\"noopener\">la section pour l\u2019entourage<\/a>\u00a0de notre site, vous y trouverez de nombreuses informations pouvant vous aider \u00e0 accompagner votre ami de mani\u00e8re ad\u00e9quate. Nous esp\u00e9rons que ces quelques pistes vous seront aidantes et que votre ami trouvera la force de surmonter les obstacles afin d\u2019entreprendre les d\u00e9marches n\u00e9cessaires. Nous restons \u00e0 disposition si vous avez d\u2019autres questions ou si vous souhaitez simplement nous donner des nouvelles de la situation. Prenez bien soin de vous.<\/p><br \/>\r\n<br \/>\r\n<\/div><br \/>\r\n<\/div><br \/>\r\n<\/div><\/div><\/div><\/div><\/div><\/div><div class='qa_acc_item'><span class='acc_toggler'><\/span><div class='item_header'><h3>Violence conjugale en tant que personne \u00e9trang\u00e8re: quelle aide trouver ?<h3><div class='vqf_fixed_width_text'><p>09 juillet 2023 - Cla... Bonsoir, je subis depuis un bon moment des violences conjugales mais \u00e9tant donn\u00e9 que je suis \u00e9trang\u00e8re et que j\u2019ai une fille j\u2019ai peur d\u2019avertir la police ou autre\u2026 Comment vous pouvez m\u2019aider , pour...<\/p><\/div><\/div><div class='item_body'><div class='quesion_response_block'><div class='question'><h5>Question<\/h5><div class='vqf_fixed_width_text'><p>09 juillet 2023 - Cla...<br \/>\r\n<br \/>\r\nBonsoir,<br \/>\r\n<br \/>\r\nje subis depuis un bon moment des violences conjugales mais \u00e9tant donn\u00e9 que je suis \u00e9trang\u00e8re et que j\u2019ai une fille j\u2019ai peur d\u2019avertir la police ou autre\u2026<br \/>\r\n<br \/>\r\nComment vous pouvez m\u2019aider , pour combien de temps. Si jamais je travaille mais j\u2019ai pas un grand salaire<br \/>\r\n<h4><\/p><\/div><\/div><div class='response'><h5>Response<\/h5><div class='vqf_fixed_width_text'><p><\/h4><br \/>\r\n<div class=\"page\"><br \/>\r\n<div class=\"layoutArea\"><br \/>\r\n<div class=\"column\"><br \/>\r\n<p style=\"text-align: justify;\">Bonjour Madame,<\/p><br \/>\r\n<p style=\"text-align: justify;\">Vous nous faites part de violences conjugales et de votre crainte de solliciter un service telle que la police. Vous nous demandez quelle aide est possible au vu de votre situation personnelle.<\/p><br \/>\r\n<p style=\"text-align: justify;\">Vous mentionnez subir des violences conjugales. Nous ne savons pas exactement de quel\u00a0<a href=\"https:\/\/dev-vqf.creatives.com\/la-violence-cest-quoi\/\" target=\"_blank\" rel=\"noopener\">type(s) de violence<\/a>\u00a0il s\u2019agit \u2013 psychologique, physique, sexuelle ou \u00e9conomique, mais pouvons vous pr\u00e9ciser que certaines de ces violences sont des infractions punies par\u00a0<a href=\"https:\/\/dev-vqf.creatives.com\/la-violence-cest-quoi\/#loi\" target=\"_blank\" rel=\"noopener\">la loi<\/a>. Si vous nous le permettez, nous vous transmettons ici quelques informations qui ont pu \u00eatre utiles \u00e0 des personnes dans des situations similaires \u00e0 la v\u00f4tre. Les infractions qui sont punies par la loi sont par exemple les injures (poursuivies uniquement sur plainte), la violence sexuelle, les menaces graves ou encore la contrainte, (poursuivies d\u2019office). La violence physique est punie d\u2019office par la loi lorsqu\u2019elle est r\u00e9p\u00e9t\u00e9e et se d\u00e9roule dans le cadre d\u2019une relation de couple ou contre les enfants. Lorsque rien n'est entrepris, la violence au sein du couple s'inscrit souvent dans le\u00a0<a href=\"https:\/\/dev-vqf.creatives.com\/la-violence-cest-quoi\/#cycle\" target=\"_blank\" rel=\"noopener\">cycle de la violence<\/a>. Vous dites avoir peur et pouvez peut-\u00eatre aussi ressentir de la culpabilit\u00e9 ou encore de l\u2019isolement; toutes ces r\u00e9actions sont normales face \u00e0 une situation qui ne l'est pas. Il est difficile de sortir de cette dynamique, surtout quand la violence est \u00e9tablie depuis longtemps\u00a0; il est donc\u00a0<strong>important de ne pas rester seule et de trouver de l\u2019aide<\/strong>.<\/p><br \/>\r\n<p style=\"text-align: justify;\">La police peut \u00eatre contact\u00e9e au num\u00e9ro\u00a0<strong>117<\/strong>\u00a0en tout temps et par tout-e citoyen-ne, qu\u2019il soit d\u2019origine \u00e9trang\u00e8re ou non. Dans votre message, vous n'indiquez cependant pas si vous disposez\u00a0<a href=\"https:\/\/ccsi.ch\/aide-et-information\/en-cas-de-controle-par-la-police\/\" target=\"_blank\" rel=\"noopener\">d'une autorisation de s\u00e9jour valable ou non<\/a>.<\/p><br \/>\r\n<p style=\"text-align: justify;\">En cas de danger si la violence est constat\u00e9e, la police peut d\u00e9cider d\u2019expulser du domicile la personne auteure de violence pour une p\u00e9riode d\u00e9termin\u00e9e, afin de prot\u00e9ger la ou les personnes victimes. Les agent-e-s de police sont sp\u00e9cifiquement form\u00e9-e-s pour ce genre d\u2019intervention.<\/p><br \/>\r\n<p style=\"text-align: justify;\">Pour vous accompagner dans les d\u00e9marches possibles, il existe dans tous les cantons des\u00a0<strong>centres d\u2019aide aux victimes<\/strong>. Les centres LAVI (<strong>L<\/strong>oi sur l'<strong>A<\/strong>ide aux\u00a0<strong>V<\/strong>ictimes d<strong>'I<\/strong>nfractions) offrent des\u00a0<strong>consultations gratuites et confidentielles<\/strong>\u00a0pour toute personne ayant subi des violences physiques, sexuelles ou psychiques (menaces graves) sur sol suisse ou \u00e0 l\u2019\u00e9tranger lorsque la personne \u00e9tait domicili\u00e9e en Suisse. Les sp\u00e9cialistes peuvent vous proposer un temps d\u2019\u00e9coute et des informations d\u2019ordre juridique, psychologique et social. Dans le canton de Fribourg, vous pouvez contacter le Centre de consultation LAVI pour femmes,\u00a0<a href=\"https:\/\/www.sf-lavi.ch\/\" target=\"_blank\" rel=\"noopener\">Solidarit\u00e9 Femmes<\/a>, au\u00a0<strong>026 322 22 02<\/strong>\u00a0pour demander ce conseil. A noter que Solidarit\u00e9 Femmes peut aussi fournir un h\u00e9bergement d\u2019urgence pour vous et votre fille en cas de besoin. Votre fille pourrait aussi ressentir le besoin de s\u2019exprimer sur son v\u00e9cu\u00a0; elle peut aussi prendre rendez-vous pour elle au m\u00eame endroit si elle est majeure. Si elle est mineure, l\u2019accueil des enfants dans votre canton se fait au\u00a0<a href=\"https:\/\/www.fr.ch\/vie-quotidienne\/en-cas-de-difficultes\/centre-de-consultation-lavi-pour-enfants-hommes-et-victimes-de-la-circulation\" target=\"_blank\" rel=\"noopener\">Centre de consultation LAVI<\/a>, Boulevard de P\u00e9rolles 18A, 1701 Fribourg. Un premier contact est n\u00e9cessaire au\u00a0<strong>026 305 15 80<\/strong>\u00a0afin de fixer un rendez-vous.<\/p><br \/>\r\n<p style=\"text-align: justify;\">Les enfants sont en effet souvent affect\u00e9s par la violence conjugale\u00a0: ils peuvent se sentir responsables, anxieux ou encore \u00e9prouver des difficult\u00e9s dans leurs besoins quotidiens (sommeil, alimentation, etc.). Si votre fille est mineure, il serait important que vous puissiez partager votre situation avec son-sa p\u00e9diatre qui pourra \u00eatre attentif-ve \u00e0 son d\u00e9veloppement, \u00e0 ses besoins et vous conseiller au mieux.<\/p><br \/>\r\n<p style=\"text-align: justify;\">Concernant votre situation personnelle, nous pouvons encore vous sugg\u00e9rer les adresses suivantes:<\/p><br \/>\r\n<br \/>\r\n<ul style=\"text-align: justify;\"><br \/>\r\n \t<li>En cas de question financi\u00e8re, vous pouvez solliciter l'aide sociale de votre canton; vous trouvez une\u00a0<a href=\"https:\/\/www.fr.ch\/sites\/default\/files\/2023-07\/liste-des-services-sociaux-regionaux-du-canton-de-fribourg.pdf\" target=\"_blank\" rel=\"noopener\">liste des services disponibles<\/a>\u00a0selon votre r\u00e9gion.<\/li><br \/>\r\n \t<li>En cas de question par rapport \u00e0 votre statut de s\u00e9jour, le\u00a0<a href=\"https:\/\/ccsi-fr.ch\/\" target=\"_blank\" rel=\"noopener\">Centre de Contact Suisse-Immigr\u00e9s (CCSI)<\/a>\u00a0peut \u00eatre contact\u00e9 au\u00a0<strong>026 424 21 25\u00a0<\/strong>et propose des consultations sans rendez-vous \u00e0 moindre co\u00fbt \u00e0 Fribourg et \u00e0 Bulle.<\/li><br \/>\r\n \t<li>De mani\u00e8re plus g\u00e9n\u00e9rale, le service\u00a0<a href=\"https:\/\/www.fr.ch\/dsas\/fpt\" target=\"_blank\" rel=\"noopener\">Fribourg pour Tous<\/a>, atteignable au<strong>\u00a0<\/strong><span class=\"hiddenMobile\"><strong>0848 246 246<\/strong>,<\/span>\u00a0propose des informations gratuites et confidentielles et peut vous orienter vers le service le plus ad\u00e9quat par rapport \u00e0 vos besoins.<\/li><br \/>\r\n<\/ul><br \/>\r\n<p style=\"text-align: justify;\">Enfin, nous vous proposons ces questions \u00e0 titre de r\u00e9flexion\u00a0:<\/p><br \/>\r\n<br \/>\r\n<ul style=\"text-align: justify;\"><br \/>\r\n \t<li>De quoi avez-vous besoin pour vous sentir en s\u00e9curit\u00e9\u00a0?<\/li><br \/>\r\n \t<li>Comment envisagez-vous la suite\u00a0?<\/li><br \/>\r\n<\/ul><br \/>\r\n<p style=\"text-align: justify;\">Vous avez fait un pas important aujourd\u2019hui en nous contactant. Nous vous encourageons \u00e0 poursuivre ce chemin en sollicitant des personnes de confiance autour de vous et l\u2019aide des services existants, car il est essentiel d\u2019\u00eatre entour\u00e9e dans votre situation.<\/p><br \/>\r\n<p style=\"text-align: justify;\">Nous esp\u00e9rons avoir pu vous offrir quelques pistes de r\u00e9ponse et restons \u00e0 votre disposition si vous souhaitez apporter des compl\u00e9ments ou avez d\u2019autres questions.<\/p><br \/>\r\n<br \/>\r\n<\/div><br \/>\r\n<\/div><br \/>\r\n<\/div><\/div><\/div><\/div><\/div><\/div><div class='qa_acc_item'><span class='acc_toggler'><\/span><div class='item_header'><h3>Une amie est sous emprise psychologique<h3><div class='vqf_fixed_width_text'><p>10 juillet 2023 - Les... Comment faire pour que notre amie prenne conscience que sa situation amoureuse n\u2019est ni viable ni saine ?<\/p><\/div><\/div><div class='item_body'><div class='quesion_response_block'><div class='question'><h5>Question<\/h5><div class='vqf_fixed_width_text'><p>10 juillet 2023 - Les...<br \/>\r\n<br \/>\r\nComment faire pour que notre amie prenne conscience que sa situation amoureuse n\u2019est ni viable ni saine ?<br \/>\r\n<h4><\/p><\/div><\/div><div class='response'><h5>Response<\/h5><div class='vqf_fixed_width_text'><p><\/h4><br \/>\r\n<div class=\"page\"><br \/>\r\n<div class=\"layoutArea\"><br \/>\r\n<div class=\"column\"><br \/>\r\n<p style=\"text-align: justify;\">Bonjour,<\/p><br \/>\r\n<p style=\"text-align: justify;\">Nous saluons\u00a0votre d\u00e9marche de prendre\u00a0contact avec nous. Vous \u00eates pr\u00e9occup\u00e9-e-s par la situation de votre amie, vous vous sentez concern\u00e9-e-s et soucieux de son bien-\u00eatre. Nous avons peu d'informations sur la situation de votre amie, si vous le souhaitez, vous pourriez nous en dire plus dans un second message, notre r\u00e9ponse sera alors plus compl\u00e8te.<\/p><br \/>\r\n<p style=\"text-align: justify;\">Nous comprenons qu'il n'est pas facile de r\u00e9agir quand on est\u00a0<a href=\"https:\/\/dev-vqf.creatives.com\/la-violence-dans-le-couple\/je\/temoin\/\" target=\"_blank\" rel=\"noopener\">t\u00e9moin<\/a>, on se sent souvent mal \u00e0 l\u2019aise et d\u00e9muni-e. Mais la violence est destructrice et souvent les victimes ne savent pas comment en sortir car elles\u00a0sont prises dans ce que l'on appelle le\u00a0<a href=\"https:\/\/dev-vqf.creatives.com\/la-violence-dans-le-couple\/la-violence-cest-quoi\/#cycle\" target=\"_blank\" rel=\"noopener\">cycle de la violence<\/a>\u00a0qui entra\u00eene de nombreuses\u00a0<a href=\"https:\/\/dev-vqf.creatives.com\/la-violence-dans-le-couple\/la-violence-cest-quoi\/#cycle\" target=\"_blank\" rel=\"noopener\">cons\u00e9quences<\/a>\u00a0sur leur sant\u00e9 psychologique et physique. Ce cycle engendre une relation d'emprise, un contr\u00f4le de l'auteur-e sur la victime des violences, qui bien souvent ne r\u00e9alise pas la dangerosit\u00e9 de la situation et emp\u00eache toute prise de d\u00e9cision, comme il est peut \u00eatre le cas dans la courte description que vous nous faite.<\/p><br \/>\r\n<p style=\"text-align: justify;\">Nous imaginons bien que ce n'est pas une d\u00e9marche facile, mais il est important de\u00a0<strong>ne pas rester neutre et de se\u00a0positionner contre toute forme de violence<\/strong>\u00a0car cette derni\u00e8re repr\u00e9sente\u00a0<strong>un r\u00e9el danger<\/strong>\u00a0pour les personnes impliqu\u00e9es.\u00a0Dans la mesure du possible, garder le lien avec votre amie en vous rendant disponible quand elle vous sollicite pour parler ou pour se prot\u00e9ger est une aide importante que vous lui offrez.\u00a0\u00a0<a href=\"https:\/\/dev-vqf.creatives.com\/la-violence-dans-le-couple\/la-violence-cest-quoi\/\" target=\"_blank\" rel=\"noopener\">Dans votre message vous ne sp\u00e9cifier pas les actes de violences dont votre amie est victimes\u00a0<\/a>mais, quels qu'ils soient,\u00a0la situation est innaceptable. Les actes de violences sont<a href=\"https:\/\/dev-vqf.creatives.com\/la-violence-dans-le-couple\/la-violence-cest-quoi\/#loi\" target=\"_blank\" rel=\"noopener\">\u00a0r\u00e9pr\u00e9hensibles par la loi\u00a0et certains sont poursuivis d'office<\/a>.<\/p><br \/>\r\n<p style=\"text-align: justify;\">Nous vous transmettons ce que nous avons pu observer aupr\u00e8s d'autres personnes dans des relations de couples enpruntes de violences. Il est important de respecter son cheminement et\u00a0<strong>de ne pas la brusquer<\/strong>. Le but \u00e9tant de conserver le lien que vous avez avec elle tout en tentant de la mettre en \"mouvement\" afin qu'elle puisse se prot\u00e9ger le moment voulu et solliciter votre aide concr\u00e8te. Vous ne pouvez pas agir \u00e0 sa place, mais vous pouvez lui signifier que vous \u00eates l\u00e0 pour elle sans jugement quant \u00e0 ses choix (continuer la relation ou y mettre un terme).<\/p><br \/>\r\n<p style=\"text-align: justify;\">Une mani\u00e8re d'aborder le sujet, pourrait \u00eatre de lui faire \u00e9couter\u00a0<strong><a href=\"https:\/\/dev-vqf.creatives.com\/podcast\/episode-1-violences-invisibles-les-violences-psychologiques-et-economiques\/\" target=\"_blank\" rel=\"noopener\">notre podcast<\/a><\/strong>\u00a0concernant la violence psychologique ou lui montrer\u00a0<strong><a href=\"https:\/\/www.instagram.com\/violencequefaire\/\" target=\"_blank\" rel=\"noopener\">notre page Instagram<\/a>,\u00a0<\/strong>o\u00f9 de nombreux t\u00e9moignages de personnes ayant v\u00e9cu de la violence psychologique sont mis en avant, tout comme une campagne afin d'aider les proches de victimes de violence\u00a0afin de les aider \u00e0 agir du mieux possible.<\/p><br \/>\r\n<p style=\"text-align: justify;\"><span style=\"font-family: 'DIN Next Light',serif; color: #333333;\">Nous nous permettons de vous transmettre des adresses du canton de Neuch\u00e2tel qui ont pu \u00eatre utiles \u00e0 d'autres personnes subissant ou ayant subi des violences au sein du couple. Vous pourrez ainsi orienter votre amie pour qu\u2019elle puisse chercher de l'aide et s'entourer de sp\u00e9cialistes\u00a0<strong>quand elle se sentira pr\u00eate.\u00a0<\/strong><\/span>Dans le canton de Neuch\u00e2tel, il existe le\u00a0<a href=\"https:\/\/savi-ne.ch\/victime-au-sens-de-la-lavi\/\" target=\"_blank\" rel=\"noopener\">Service d'aide aux victimes<\/a>\u00a0(SAVI). Ces professionnel-le-s sont des\u00a0<strong>sp\u00e9cialistes des questions autour des violences au sein du couple<\/strong>. Pour les joindre, votre amie peut soit les appeler au\u00a0<a title=\"T\u00e9l.\" href=\"tel:032 889 66 49\">032 889 66 49<\/a>\u00a0soit leur \u00e9crire un email \u00e0\u00a0\u00a0<a href=\"mailto:savi.ne@ne.ch\">savi.ne@ne.ch<\/a>.\u00a0Ils \/ elles proposent des\u00a0<strong>consultations gratuites et confidentielles<\/strong>.<\/p><br \/>\r\n<p style=\"text-align: justify;\">Nous esp\u00e9rons que ces orientations pourront vous donner quelques pistes.\u00a0Nous restons bien entendu \u00e0 votre enti\u00e8re disposition si vous aviez d'autres questions ou si vous souhaitiez nous donner plus d'informations sur la situation sp\u00e9cifique de votre amie. Nous vous adressons nos meilleurs messages.<\/p><br \/>\r\n<br \/>\r\n<\/div><br \/>\r\n<\/div><br \/>\r\n<\/div><\/div><\/div><\/div><\/div><\/div><div class='qa_acc_item'><span class='acc_toggler'><\/span><div class='item_header'><h3>Suis-je une personne violente ?<h3><div class='vqf_fixed_width_text'><p>08 juillet 2023 - Ila... Ce soir j\u2019ai cri\u00e9 sur mon mari, mes filles et casse un verre. J\u2019ai senti que cela allait me d\u00e9fouler et me faire du bien. \u00c7a a \u00e9t\u00e9 partiellement le cas. Cela ne m\u2019\u00e9tait jamais...<\/p><\/div><\/div><div class='item_body'><div class='quesion_response_block'><div class='question'><h5>Question<\/h5><div class='vqf_fixed_width_text'><p>08 juillet 2023 - Ila...<br \/>\r\n<br \/>\r\nCe soir j\u2019ai cri\u00e9 sur mon mari, mes filles et casse un verre. J\u2019ai senti que cela allait me d\u00e9fouler et me faire du bien. \u00c7a a \u00e9t\u00e9 partiellement le cas. Cela ne m\u2019\u00e9tait jamais arriv\u00e9, je suis une personne plut\u00f4t calme mais je sens quand mon mari et moi sommes en d\u00e9saccord que je monte sans pouvoir me freiner ou du moins j\u2019y arrive un moment mais j\u2019\u00e9clate plus tard, avec plut\u00f4t des disputes entre nous.<br \/>\r\n<br \/>\r\nMais ce soir j\u2019ai fait \u00e7a et il me dit que je suis violente. J\u2019ai tr\u00e8s peur qu\u2019il ait raison et que je sois une personne qui ne sait pas g\u00e9rer la col\u00e8re. Qu\u2019est ce que vous en pensez?<br \/>\r\n<h4><\/p><\/div><\/div><div class='response'><h5>Response<\/h5><div class='vqf_fixed_width_text'><p><\/h4><br \/>\r\n<div class=\"page\"><br \/>\r\n<div class=\"layoutArea\"><br \/>\r\n<div class=\"column\"><br \/>\r\n<p style=\"text-align: justify;\">Bonjour,<\/p><br \/>\r\n<p style=\"text-align: justify;\">Vous nous demandez si votre comportement, notamment lorsque vous \u00eates en col\u00e8re, sont de comportements violents. Vous souhaitez comprendre si vous \u00eates une personne qui a des difficult\u00e9s \u00e0 g\u00e9rer la col\u00e8re.<\/p><br \/>\r\n<p style=\"text-align: justify;\">Nous pensons que tout comportement utilisant intentionnellement la force \u00e0 l\u2019encontre des autres ou de soi-m\u00eame, et qui implique une atteinte possible pour l\u2019autre est une violence. Ind\u00e9pendamment de l\u2019intensit\u00e9, la fr\u00e9quence et les formes de comportements exerc\u00e9s. Dans ce sens le fait de crier et d\u2019endommager des objets est \u00e9galement une forme de violence \u00e0 l\u2019encontre de votre mari et de vos filles. Il y a \u00e9galement un impact certain sur eux, ne serait-ce que la peur que votre comportement a pu engendrer et qui reste dans les esprits de chacun-e.<\/p><br \/>\r\n<p style=\"text-align: justify;\">Pour que ces comportements ne se reproduisent plus, une compr\u00e9hension des causes et des contenus reste n\u00e9anmoins importante \u00e0 faire. Lors des mont\u00e9es de col\u00e8re alors, il est indispensable que vous en compreniez mieux l\u2019origine, non seulement sur les faits que vous constatez, mais surtout sur le \u00ab\u00a0pourquoi\u00a0\u00bb les diff\u00e9rents \u00e9v\u00e9nements peuvent vous percuter et g\u00e9n\u00e9rer dans votre int\u00e9rieur de telles r\u00e9actions. Il est alors possible d\u2019aller \u00e0 l\u2019origine du probl\u00e8me pour trouver des solutions concr\u00e8tes sans \u00eatre exclusivement sous l\u2019emprise des \u00e9motions. Le fait que vous \u00eates habituellement plut\u00f4t calme peut expliquer une mont\u00e9e irr\u00e9pr\u00e9ssible de col\u00e8re si justement elle n\u2019a pas pu \u00eatre prise en compte. L\u2019apaisement momentan\u00e9e que vous avez pu ressentir lors de votre \u00e9clatement de col\u00e8re, parle probablement en faveur d\u2019une retenue difficile qui est soulag\u00e9e par son expression du moment.<\/p><br \/>\r\n<p style=\"text-align: justify;\">Nous constatons que souvent, lorsque nous vivons des sentiments de col\u00e8re que nous vivons \u00e9galement un sentiment subjectif d\u2019injustice, de quelque chose qui nous apparait comme imm\u00e9rit\u00e9, voire arbitrairement adress\u00e9. Est-ce le cas pour vous\u00a0?<\/p><br \/>\r\n<p style=\"text-align: justify;\">Bien que les \u00e9l\u00e9ments de compr\u00e9hension ne justifient pas les actes de violence, vous pouvez trouver des pistes plus concr\u00e8tes pour avancer en identifiant mieux l\u2019origine de vos ressentis et en trouvant des outils de gestion de vos \u00e9motions. Peut-\u00eatre que vous pourriez chercher d\u2019autres formes plus constructives qui ne soient pas \u00e0 l\u2019encontre de votre famille pour laisser \u00e9merger vos sentiments. La col\u00e8re devient ainsi un bon indicateur, reste \u00e0 pouvoir la ma\u00eetriser au profit d\u2019autres comportements plus constructifs.<\/p><br \/>\r\n<p style=\"text-align: justify;\">N\u2019avoir pas su g\u00e9rer une situation de col\u00e8re ne fait pas de vous une personne col\u00e9rique, mais c\u2019est un signal important \u00e0 ne pas n\u00e9gliger. Nous vous f\u00e9licitons d'avoir pris au s\u00e9rieux le questionnement personnel que votre comportement implique, il s\u2019agit \u00e0 pr\u00e9sent de trouver d\u2019autres solutions et ne perdez pas courage.<\/p><br \/>\r\n<p style=\"text-align: justify;\">N'h\u00e9sitez pas \u00e0 nous solliciter si vous avez d'autres questions.<\/p><br \/>\r\n<br \/>\r\n<\/div><br \/>\r\n<\/div><br \/>\r\n<\/div><\/div><\/div><\/div><\/div><\/div><div class='qa_acc_item'><span class='acc_toggler'><\/span><div class='item_header'><h3>Je re\u00e7ois des messages d&#8217;insultes de mon ex-conjoint<h3><div class='vqf_fixed_width_text'><p>08 juillet 2023 - SO... Bonjour, Je me suis s\u00e9par\u00e9e du p\u00e8re de mes enfants avec qui je suis rest\u00e9e 15 ans. Je suis partie car je ne me sentais pas respect\u00e9e... il m'a souvent menti et je me suis...<\/p><\/div><\/div><div class='item_body'><div class='quesion_response_block'><div class='question'><h5>Question<\/h5><div class='vqf_fixed_width_text'><p>08 juillet 2023 - SO...<br \/>\r\n<br \/>\r\nBonjour,<br \/>\r\n<br \/>\r\nJe me suis s\u00e9par\u00e9e du p\u00e8re de mes enfants avec qui je suis rest\u00e9e 15 ans. Je suis partie car je ne me sentais pas respect\u00e9e... il m'a souvent menti et je me suis sentie plusieurs fois manipul\u00e9e. Depuis, je re\u00e7ois r\u00e9guli\u00e8rement des messages d'insultes sur moi mes amis mes fr\u00e9quentations mes choix.<br \/>\r\n<br \/>\r\nJe suis partie en lui laissant tout la maison la voiture car il n'a pas de revenu. Pour qu'il me laisse tranquille, au calme. Et chaque fois il revient avec des insultes. Quoi que je fasse c'est retourn\u00e9 contre moi avec des mots violents. J'ai peur de faire des d\u00e9marches avec une avocate car je sais qu'il va super mal r\u00e9agir. J'ai peur pour mes enfants. Pas physiquement... mais psychologiquement. Depuis hier il.imagine que je suis en couple avec un autre homme.. et c'est horrible ce qu'il m'envoie. Alors que c'est v\u00e9ritablement qu'un ami.<br \/>\r\n<br \/>\r\n<h4><\/p><\/div><\/div><div class='response'><h5>Response<\/h5><div class='vqf_fixed_width_text'><p><\/h4><div class=\"page\"><div class=\"layoutArea\"><div class=\"column\"><br \/>\r\n<br \/>\r\nBonjour,<br \/>\r\n<br \/>\r\nDepuis que vous \u00eates s\u00e9par\u00e9e de votre ex-conjoint, vous recevez r\u00e9guli\u00e8rement des messages d'insultes vous concernant ou concernant vos choix de fr\u00e9quentation. Vous avez peur pour vous et vos enfants des cons\u00e9quences psychologiques de cette violence.\u00a0D'un c\u00f4t\u00e9, pour vous pr\u00e9munir des violences de votre conjoint vous souhaiteriez engager des d\u00e9marches juridiques, mais d'un autre, vous craignez sa r\u00e9action.<br \/>\r\n<br \/>\r\nNous vous remercions pour votre message. Nous saluons votre d\u00e9marche courageuse de vouloir retrouver un climat sain, sans violence. En effet, il est important pour vos enfants et vous-m\u00eame que vous puissiez \u00eatre \u00e0 l'abri de futurs actes de violences.<br \/>\r\n<br \/>\r\nBien que nous ne pouvons pas nous prononcer \u00e0 votre place sur ce qu'il convient de faire dans votre situation, nous pouvons vous donner quelques conseils. La\u00a0<a href=\"https:\/\/dev-vqf.creatives.com\/la-violence-dans-le-couple\/la-violence-psychologique\/\" target=\"_blank\" rel=\"noopener\">violence psychologique,<\/a>\u00a0comme les insultes ou le contr\u00f4le, est difficile \u00e0 reconna\u00eetre car elle ne laisse pas traces sur le corps, mais elle peut avoir pourtant de\u00a0<a href=\"https:\/\/dev-vqf.creatives.com\/la-violence-dans-le-couple\/la-violence-cest-quoi\/#consequences\" target=\"_blank\" rel=\"noopener\"><strong>lourdes cons\u00e9quences<\/strong>\u00a0sur\u00a0la sant\u00e9 psychique et physique<\/a>\u00a0des victimes ; une perte d'estime de soi, un isolement ou encore un \u00e9tat d'alerte permanent. Les<strong>\u00a0<a href=\"https:\/\/dev-vqf.creatives.com\/la-violence-cest-quoi\/#consequences\" target=\"_blank\" rel=\"noopener\">enfants sont eux aussi des victimes<\/a>\u00a0<\/strong>dans les situations de violence au sein du couple, m\u00eame quand il est s\u00e9par\u00e9, et il est ainsi important de les prot\u00e9ger et de les s\u00e9curiser. Nous percevons dans votre message que vous en faites d'ailleurs une priorit\u00e9. Dans ces situations, il est essentiel de pouvoir s'entourer et de\u00a0<strong>ne pas rester seule, d\u00e9marche que vous entreprenez aujourd'hui en nous \u00e9crivant<\/strong>.<br \/>\r\n<br \/>\r\nLa violence psychologique est donc grave et certains actes sont\u00a0<strong><a href=\"https:\/\/dev-vqf.creatives.com\/la-violence-cest-quoi\/#loi\" target=\"_blank\" rel=\"noopener\">punissables par la loi<\/a>.<\/strong>\u00a0Les insultes ou l'utilisation abusive d'un moyen de communication sont des actes poursuivis sur plainte,<strong>\u00a0le d\u00e9lai pour d\u00e9poser celle-ci est de trois mois.\u00a0<\/strong>Dans votre cas, vous pourriez d\u00e9poser plainte dans les trois mois apr\u00e8s la derni\u00e8re infraction. Si cette d\u00e9marche fait sens pour vous, nous vous conseillons de conserver les SMS de votre ex-conjoint ou tout autre \u00e9l\u00e9ment comme preuves afin d'appuyer votre dossier en cas de jugement.\u00a0Nous comprenons bien qu'entamer une proc\u00e9dure juridique\u00a0<strong>n'est jamais facile<\/strong>. Qu'est-ce qui pourrait faciliter cette prise de d\u00e9cision (se prot\u00e9ger via un d\u00e9pot de plainte) ?<br \/>\r\n<p style=\"text-align: justify;\">Si vous le souhaitez, nous vous transmettons des adresses qui ont pu \u00eatre utiles \u00e0 d'autres personnes dans des situations similaires \u00e0 la v\u00f4tre. Avez-vous d\u00e9j\u00e0 song\u00e9 \u00e0 prendre contact avec le\u00a0<a href=\"https:\/\/savi-ne.ch\/victime-au-sens-de-la-lavi\/\" target=\"_blank\" rel=\"noopener\">Service d'aide aux victimes<\/a>\u00a0(SAVI)\u00a0dans le canton de Neuch\u00e2tel ? Ces professionnel-le-s sont des\u00a0<strong>sp\u00e9cialistes des questions autour des violences conjugales<\/strong>. Pour les joindre, vous pouvez soit les appeler au\u00a0<a title=\"T\u00e9l.\" href=\"tel:032 889 66 49\">032 889 66 49<\/a>\u00a0soit leur \u00e9crire un email \u00e0\u00a0\u00a0<a href=\"mailto:savi.ne@ne.ch\">savi.ne@ne.ch<\/a>\u00a0 si cela est plus confortable pour vous. Ils \/ elles proposent des\u00a0<strong>consultations gratuites et confidentielles<\/strong>. Vous pouvez les contacter\u00a0<strong>m\u00eame si vous n'avez pas l'intention de portez plainte<\/strong>, afin de recevoir des conseils et un soutien dans votre situation.<\/p><br \/>\r\n<p style=\"text-align: justify;\">Il existe \u00e9galement une ligne d'\u00e9coute\u00a0<strong>violence domestique au 032 886 46 36<\/strong>\u00a0qui est ouverte tous les jours de\u00a0<strong>14h00 \u00e0 21h00<\/strong>, sauf le\u00a0<strong>samedi de 9h00 \u00e0 12h00<\/strong>\u00a0et le\u00a0<strong>dimanche de 18h00 \u00e0 21h00<\/strong>.<\/p><br \/>\r\n<p style=\"text-align: justify;\">Nous esp\u00e9rons vivement que vous trouverez l'\u00e9coute n\u00e9cessaire et restons bien entendu \u00e0 votre enti\u00e8re disposition si vous aviez d'autres questions ou si vous souhaitiez nous donner de vos nouvelles dans quelques temps.<\/p><br \/>\r\n<br \/>\r\n<\/div><br \/>\r\n<\/div><br \/>\r\n<\/div><\/div><\/div><\/div><\/div><\/div><div class='qa_acc_item'><span class='acc_toggler'><\/span><div class='item_header'><h3>Il y a eu de la violence des deux c\u00f4t\u00e9s, je me sens perdue.<h3><div class='vqf_fixed_width_text'><p>04 juillet 2023 - Pla... Je me suis f\u00e2ch\u00e9e par rapport \u00e0 quelque chose ou je n\u2019\u00e9tais pas d\u2019accord, et o\u00f9 on s\u2019est mal compris avec mon ami. Ensuite il n\u2019avait pas envie de se f\u00e2cher pour b\u00eatises, ce que...<\/p><\/div><\/div><div class='item_body'><div class='quesion_response_block'><div class='question'><h5>Question<\/h5><div class='vqf_fixed_width_text'><p>04 juillet 2023 - Pla...<br \/>\r\n<br \/>\r\nJe me suis f\u00e2ch\u00e9e par rapport \u00e0 quelque chose ou je n\u2019\u00e9tais pas d\u2019accord, et o\u00f9 on s\u2019est mal compris avec mon ami. Ensuite il n\u2019avait pas envie de se f\u00e2cher pour b\u00eatises, ce que je comprends et il me l\u2019a dit puis \u00e7a la \u00e9nerv\u00e9 car j\u2019\u00e9tais f\u00e2ch\u00e9e. Ensuite, une heure plus tard, je retourne vers lui pour lui demander si je peux lui parler 5 minutes, et il me dit directement non. Je m\u2019excuse alors et lui dit que je suis d\u00e9sol\u00e9e de m\u2019\u00eatre f\u00e2ch\u00e9e pour si peu, et que je trouverais bien d\u2019en parler ou qu\u2019il me dise si il ne pourrait en parler que demain, les choses se sont escalad\u00e9, et j\u2019ai ressenti beaucoup de col\u00e8re de sa part, j\u2019aurais du le laisser tranquille.<br \/>\r\n<br \/>\r\nEnsuite il est venu vers moi en me parlant de haut et en me regardant de fa\u00e7on que je ne sais d\u00e9crire mais voil\u00e0 j\u2019avoue \u00e7a m\u2019a fait peur\u2026 et j\u2019ai commenc\u00e9 \u00e0 me sentir toute petite car en fait il m\u2019engueulait\u2026 peut-\u00eatre que effectivement je me suis montr\u00e9e trop insistante et qu\u2019il a du ressentir de l\u2019agressivit\u00e9 de ma part\u2026 pour ensuite se d\u00e9fendre de la sorte et s\u2019avancer vers moi comme \u00e7a\u2026 me sentant coinc\u00e9e je l\u2019ai pouss\u00e9 d\u2019une main sur le torse et je m\u2019en veux\u2026 \u00e7a la encore bien plus \u00e9nerv\u00e9. Il a continu\u00e9 \u00e0 me regarder de haut et la je lui ai dit encore une fois d\u2019arr\u00eater en repoussant sa t\u00eate avec la mienne\u2026 encore une fois une attitude qui ne me ressemble pas\u2026 il a dit \u00ab\u00a0mais regarde nous on est ridicules\u00a0\u00bb.<br \/>\r\n<br \/>\r\nEnsuite j\u2019ai ferm\u00e9 la porte de la chambre, et qq minutes plus tard il est sorti de la maison. Je crois que dans cette situation il y a eu violence des deux c\u00f4t\u00e9s\u2026 Je ne sais juste pas comment g\u00e9rer. Quand il est revenu on a discut\u00e9, je lui ai dit que je voulais apprendre \u00e0 g\u00e9rer mon \u00e9motion de col\u00e8re car je ne supportais pas que \u00e7a parte comme \u00e7a, donc si je devais apprendre \u00e0 g\u00e9rer je le ferais. De son c\u00f4t\u00e9, il a \u00e9voqu\u00e9 diff\u00e9rentes choses, dont le fait qu\u2019il ne supportait pas que je puisse penser qu\u2019il \u00e9tait violent envers moi car il ne me ferait jamais de mal. Et qu\u2019il voulait qu\u2019on aille voir quelqu\u2019un car il ne voulait pas que ce soit mal interpr\u00e9ter. Ce que je trouve tout \u00e0 fait bien\u2026 J\u2019avoue \u00eatre un peu perdue.<br \/>\r\n<h4><\/p><\/div><\/div><div class='response'><h5>Response<\/h5><div class='vqf_fixed_width_text'><p><\/h4><br \/>\r\n<div class=\"page\"><br \/>\r\n<div class=\"layoutArea\"><br \/>\r\n<div class=\"column\"><br \/>\r\n<p style=\"text-align: justify;\">Bonjour,<\/p><br \/>\r\n<p style=\"text-align: justify;\">Tout d'abord, nous tenons \u00e0 nous excuser, car notre site a re\u00e7u de tr\u00e8s nombreuses questions ces derni\u00e8res semaines et\u00a0il ne nous a pas \u00e9t\u00e9 possible de respecter le d\u00e9lai de r\u00e9ponse de trois jours ouvrables.<\/p><br \/>\r\n<p style=\"text-align: justify;\">Vous nous \u00e9crivez car lors d'une dispute avec votre partenaire, vous n'avez pas r\u00e9ussi \u00e0 dialoguer calmement. Il vous a regard\u00e9 d'une fa\u00e7on qui vous a fait peur et vous l'avez pouss\u00e9 \u00e0 deux reprises. Vous avez l'impression qu'il y a eu de la violence des deux c\u00f4t\u00e9s et ne savez pas comment g\u00e9rer la situation.<\/p><br \/>\r\n<p style=\"text-align: justify;\">Nous saluons\u00a0votre d\u00e9marche de prendre\u00a0contact avec nous. La ligne entre violence conjugale et conflit de couple est parfois fine et votre r\u00e9flexion d\u00e9montre que vous en \u00eates d\u00e9j\u00e0 bien consciente. Si vous le permettez, nous vous transmettons quelques informations concernant la violence au sein du couple afin de vous donner certaines cl\u00e9s pour r\u00e9ussir \u00e0 identifier si votre situation s'apparente plut\u00f4t au conflit ou \u00e0 la violence.<\/p><br \/>\r\n<p style=\"text-align: justify;\">La violence c'est plus qu'une dispute entre deux partenaires. C'est quand il n'y a plus de respect, quand l'un-e des deux dirige tout, fait peur \u00e0 l'autre ou l'attaque par ses gestes ou ses paroles. L'un-e des partenaires souhaite avoir le pouvoir sur l'autre et tout est pr\u00e9texte pour l'obtenir. Ici, la relation de couple est in\u00e9galitaire, la victime a peur, honte, doute d'elle-m\u00eame etc... La violence au sein du couple peut prendre\u00a0<strong>diverses formes<\/strong>, comme la violence\u00a0<a href=\"https:\/\/dev-vqf.creatives.com\/la-violence-dans-le-couple\/la-violence-physique\/\" target=\"_blank\" rel=\"noopener\">physique<\/a>\u00a0(agression physique, gifle,...), sexuelle, \u00e9conomique ou\u00a0<a href=\"https:\/\/dev-vqf.creatives.com\/la-violence-dans-le-couple\/la-violence-psychologique\/\" target=\"_blank\" rel=\"noopener\">psychologique<\/a>. Cette derni\u00e8re est constitu\u00e9e d'insultes et de d\u00e9nigrements r\u00e9p\u00e9t\u00e9s, de contr\u00f4le des faits et gestes de la\/du partenaire, ou bien de\u00a0menaces et d'intimidations. Toutes les violences au sein du couple sont\u00a0<strong>graves<\/strong>\u00a0et\u00a0<strong><a href=\"https:\/\/dev-vqf.creatives.com\/la-violence-dans-le-couple\/la-violence-cest-quoi\/#loi\" target=\"_blank\" rel=\"noopener\">punies par la loi<\/a>\u00a0en Suisse<\/strong>. Certaines violences sont poursuivies d'office, et d'autres sur plainte. La violence au sein du couple a \u00e9galement la particularit\u00e9 de fonctionner sous la forme d'un cycle appel\u00e9 \"<a href=\"https:\/\/dev-vqf.creatives.com\/la-violence-dans-le-couple\/la-violence-cest-quoi\/#cycle\" target=\"_blank\" rel=\"noopener\">le cycle de la\u00a0violence<\/a>\". Ce m\u00e9canisme qui se r\u00e9p\u00e8te engendre un risque d\u2019augmentation de la violence, qui a pour cons\u00e9quence\u00a0d'engendrer de la peur, de la confusion, de la perte de confiance et d\u2019estime de soi. Ces sympt\u00f4mes emp\u00eachent ou rendent plus difficile toute prise de d\u00e9cision. En effet, les cons\u00e9quences de la violence sur la sant\u00e9 physique et mentale de la\u00a0<a href=\"https:\/\/dev-vqf.creatives.com\/la-violence-dans-le-couple\/la-violence-cest-quoi\/#consequences\" target=\"_blank\" rel=\"noopener\">victime<\/a>, mais aussi de\u00a0<a href=\"https:\/\/dev-vqf.creatives.com\/la-violence-dans-le-couple\/la-violence-cest-quoi\/#consequences\" target=\"_blank\" rel=\"noopener\">l'auteur-e,<\/a>\u00a0sont importantes et peuvent \u00eatre tr\u00e8s graves. Ces explications font-elles \u00e9cho \u00e0 votre situation ?<\/p><br \/>\r\n<p style=\"text-align: justify;\">Dans une situation de conflit au sein du couple, qui peut elle aussi parfois d\u00e9g\u00e9n\u00e9rer en actes de violences de part et d'autre, il ne s'agit pas de prendre le pouvoir sur l'autre mais d'avoir raison sur le sujet du conflit. Ici, il n'y a pas l'installation d'une dynamique tel que le cycle de la violence et seuls certains sujets pr\u00e9cis sont sources de conflits. Les partenaires se sentent par contre libre d'exprimer leurs opinions respectives.<\/p><br \/>\r\n<p style=\"text-align: justify;\">Ce qui diff\u00e9rencie donc un conflit de couple d'une situation de violence au sein du couple, c'est\u00a0<strong>l'intention de la personne qui recourt \u00e0 la violence<\/strong>. Dans les deux cas, la violence est destructrice et interdite par la loi. Cependant, les moyens d'y mettre un terme sont diff\u00e9rents si l'on se trouve dans l'une ou l'autre de ces situations.<\/p><br \/>\r\n<p style=\"text-align: justify;\">Comme vous le d\u00e9crivez bien, d\u00e9m\u00ealer qui subit quoi dans des interactions o\u00f9 des violences sont agies par chaque partenaire peut \u00eatre complexe et entra\u00eener parfois le sentiment d\u2019\u00eatre d\u00e9muni-e ou confus-e.\u00a0<strong>\u00catre soutenue pour mener cette r\u00e9flexion est important.<\/strong><\/p><br \/>\r\n<p style=\"text-align: justify;\">Dans votre message vous faites r\u00e9f\u00e9rence \u00e0 un suivi th\u00e9rapeutique personnel, ainsi qu\u2019\u00e0 un suivi de couple, que vous pourriez solliciter et investir afin d\u2019en arriver \u00e0 questionner votre propre marge d\u2019action dans les situations de violence, dans votre gestion de vos \u00e9motions. Si vous souhaitez aller plus loin dans cette r\u00e9flexion et trouver des moyens pour instaurer un changement qui vous convienne, les professionnel-le-s de l'<a href=\"http:\/\/www.ex-pression.ch\/fr\" target=\"_blank\" rel=\"noopener\">Association EX-pression\u00a0<\/a><span style=\"font-family: 'DIN Next Light',serif; color: #333333;\">peuvent vous proposer un espace individuel et confidentiel de discussion. Vous pouvez les contacter au\u00a0<strong>0848 08 08 08<\/strong>\u00a0ou par email \u00e0\u00a0<\/span><a class=\"mailto \" href=\"mailto:info@ex-pression.ch\">info@ex-pression.ch<\/a>\u00a0pour un premier rendez-vous lors duquel vous pourrez pr\u00e9senter la situation que vous vivez puis d\u00e9cider si vous souhaitez ou non poursuivre une d\u00e9marche.<\/p><br \/>\r\n<p style=\"text-align: justify;\">Si cela fait sens pour vous, vous pouvez \u00e9galement contacter<a href=\"https:\/\/www.officefamilial.ch\/fr\/services\/consultation-conjugale-et-familiale\/notre-offre\" target=\"_blank\" rel=\"noopener\">\u00a0l'Office familial<\/a>\u00a0de Fribourg qui propose des consultations conjugales\u00a0accessibles \u00e0 toute personne qui se questionne sur sa dynamique relationnelle et est \u00e0 la recherche d\u2019un \u00e9quilibre plus satisfaisant. Vous pouvez les atteindre au\u00a0<strong>026 322 10 14.<\/strong><\/p><br \/>\r\n<p style=\"text-align: justify;\">Nous esp\u00e9rons que ces orientations pourront vous donner quelques pistes.\u00a0Nous restons bien entendu \u00e0 votre enti\u00e8re disposition si vous aviez d'autres questions ou si vous souhaitiez nous donner de vos nouvelles dans quelques temps. Nous vous adressons nos cordiales salutations.<\/p><br \/>\r\n<br \/>\r\n<\/div><br \/>\r\n<\/div><br \/>\r\n<\/div><\/div><\/div><\/div><\/div><\/div><div class='qa_acc_item'><span class='acc_toggler'><\/span><div class='item_header'><h3>Ma cousine subit des violences psychologiques<h3><div class='vqf_fixed_width_text'><p>02 juillet 2023 - Joj... Bonjour Ma cousine s\u2019est confi\u00e9e hier sur une situation qui dure depuis plusieurs mois\/ann\u00e9es au sein de son couple. Son mari exerce une emprise sur elle et utilise r\u00e9guli\u00e8rement des violences psychologiques (rabaissement, insultes). Elle...<\/p><\/div><\/div><div class='item_body'><div class='quesion_response_block'><div class='question'><h5>Question<\/h5><div class='vqf_fixed_width_text'><p>02 juillet 2023 - Joj...<br \/>\r\n<br \/>\r\nBonjour<br \/>\r\n<br \/>\r\nMa cousine s\u2019est confi\u00e9e hier sur une situation qui dure depuis plusieurs mois\/ann\u00e9es au sein de son couple. Son mari exerce une emprise sur elle et utilise r\u00e9guli\u00e8rement des violences psychologiques (rabaissement, insultes). Elle a 2 enfants. Je lui ai demand\u00e9 si elle se sentait en danger, elle ne le pense pas. Comment puis-je l\u2019aider?<br \/>\r\n<br \/>\r\nQu\u2019est-il possible de faire pour elle. Elle ne peut quitter la maison, car elle exerce en tant que maman de jour chez elle et ne peut se permettre de perdre ce salaire. J\u2019ai peur de me m\u00ealer de choses qui ne me regarde pas mais j\u2019ai aussi peur de ne pas l\u2019aider et la laisser tomber. Merci pour votre aide.<br \/>\r\n<h4><\/h4><br \/>\r\n<h4><\/p><\/div><\/div><div class='response'><h5>Response<\/h5><div class='vqf_fixed_width_text'><p><\/h4><br \/>\r\n<div class=\"page\"><br \/>\r\n<div class=\"layoutArea\"><br \/>\r\n<div class=\"column\"><br \/>\r\n<br \/>\r\nBonjour Madame,<br \/>\r\n<br \/>\r\nVous avez re\u00e7u les confidences de votre cousine qui vit une relation difficile avec son conjoint depuis longtemps. Elle subit de la violence psychologique avec des rabaissements et des insultes. Comme elle est maman de jour, c\u2019est difficile de partir du domicile sans perdre son emploi. Vous vous sentez d\u00e9munie dans l'aide que vous pourriez lui apporter.<br \/>\r\n<br \/>\r\nTout d\u2019abord, nous saluons le soin et la protection que vous souhaitez apporter \u00e0 votre cousine et les d\u00e9marches que vous entreprenez en nous \u00e9crivant. Il n\u2019est jamais facile de recevoir de telles confidences et de savoir comment r\u00e9agir. Cependant dans de nombreuses situations, le soutien de l\u2019entourage est tr\u00e8s important. Notre rubrique sur\u00a0<a href=\"https:\/\/dev-vqf.creatives.com\/temoin\/\" target=\"_blank\" rel=\"noopener\">les t\u00e9moins\u00a0<\/a>peut d\u00e9j\u00e0 vous donner quelques pistes.<br \/>\r\n<br \/>\r\nLa violence peut prendre diff\u00e9rentes formes. Les insultes, rabaissement, menaces, contraintes font partie de la\u00a0<a href=\"https:\/\/dev-vqf.creatives.com\/la-violence-psychologique\/\" target=\"_blank\" rel=\"noopener\">violence psychologique<\/a>. Les violences psychologiques sont interdites au sein du couple et certaines sont punissables sur plainte (notamment les injures).<br \/>\r\n<br \/>\r\nLa violence psychologique peut avoir des\u00a0<strong>cons\u00e9quences\u00a0<\/strong>sur la sant\u00e9 physique et psychique des victimes. La perte de confiance en soi, le doute, la culpabilisation, l\u2019isolement, la perte de rep\u00e8res sont des \u00e9l\u00e9ments qui reviennent fr\u00e9quemment. Les enfants qui vivent dans un contexte de violence conjugales sont aussi victimes de cette situation.<br \/>\r\n<br \/>\r\nBriser le silence est souvent un premier pas important. Le fait que votre cousine ait pu vous parler est s\u00fbrement tr\u00e8s pr\u00e9cieux pour elle et montre un grand lien de confiance. Il est important de ne pas \u00eatre trop insistant, ni jugeant mais de montrer une disponibilit\u00e9 si elle souhaite en parler et qu\u2019elle sache que vous \u00eates l\u00e0 au moment o\u00f9 elle en aurait besoin.<br \/>\r\n<br \/>\r\nIl peut \u00eatre important pour votre cousine de conna\u00eetre ses droits en cas de s\u00e9paration notamment par rapport au logement et aux questions financi\u00e8res. Cela lui permettra alors d\u2019avoir plus d\u2019\u00e9l\u00e9ments concrets pour prendre des d\u00e9cisions. Elle pourrait prendre contact avec le centre\u00a0<a href=\"https:\/\/malleyprairie.ch\/\" target=\"_blank\" rel=\"noopener\">MalleyPrairie<\/a>. \u00a0Des intervenant-e-s pourront lui donner des informations g\u00e9n\u00e9rales, \u00e9valuer avec elle sa situation et lui proposer de r\u00e9fl\u00e9chir ensemble aux diff\u00e9rentes possibilit\u00e9s qui s\u2019offrent \u00e0 elle. Ce sont des entretiens qui sont gratuits et confidentiels.<br \/>\r\n<br \/>\r\nSi elle est ouverte \u00e0 un \u00e9change, il peut \u00eatre int\u00e9ressant de l\u2019interroger\u00a0en essayant d\u2019ext\u00e9rioriser sa situation\u00a0: \u00ab\u00a0Et si ta meilleure amie te racontait la m\u00eame chose que ce que tu vis, est-ce que tu trouverais cela normal ? comment r\u00e9agirais-tu\u00a0?\u00a0que lui conseillerais-tu\u00a0?\u00bb<br \/>\r\n<br \/>\r\nSi c\u2019est possible lors de votre \u00e9change, vous pouvez profiter de la sensibiliser au fait que des enfants qui vivent dans un contexte de violence conjugale sont \u00e9galement victimes et qu\u2019ils ont peut-\u00eatre besoin de soutien.<br \/>\r\n<br \/>\r\nLa violence conjugale m\u00e8ne souvent \u00e0 de l\u2019isolement. Alors tout ce qui permet de sortir de l\u2019isolement, de favoriser la confiance en elle, de faire connaissance avec d\u2019autres personnes seront autant des facteurs qui peuvent augmenter sa protection et lui permettront peut-\u00eatre de faire des d\u00e9marches quand elle sera pr\u00eate.<br \/>\r\n<br \/>\r\nEt bien s\u00fbr, vous pouvez lui rappeler que si elle se sent en danger \u00e0 un moment donn\u00e9, elle doit appeler la police au\u00a0<strong>117<\/strong>.<br \/>\r\n<br \/>\r\nEn esp\u00e9rant avoir pu vous r\u00e9pondre au mieux, nous restons \u00e0 votre disposition si vous avez besoin de compl\u00e9ments d'informations ou si vous avez d'autres questions.<br \/>\r\n<br \/>\r\n<\/div><br \/>\r\n<\/div><br \/>\r\n<\/div><\/div><\/div><\/div><\/div><\/div><div class='qa_acc_item'><span class='acc_toggler'><\/span><div class='item_header'><h3>Comment se remettre d&#8217;une situation d&#8217;emprise ?<h3><div class='vqf_fixed_width_text'><p>29 juin 2023 - Fre... Bonjour, Je vous avez \u00e9crit le 18 janvier 2023 concernant ma relation de couple. Je subissais des formes de violences psychologiques qui a force m'ont rendues malheureuse. J'ai quitt\u00e9 cette relation mais mon partenaire n'accepte...<\/p><\/div><\/div><div class='item_body'><div class='quesion_response_block'><div class='question'><h5>Question<\/h5><div class='vqf_fixed_width_text'><p>29 juin 2023 - Fre...<br \/>\r\n<br \/>\r\nBonjour,<br \/>\r\n<br \/>\r\nJe vous avez \u00e9crit le 18 janvier 2023 concernant ma relation de couple. Je subissais des formes de violences psychologiques qui a force m'ont rendues malheureuse. J'ai quitt\u00e9 cette relation mais mon partenaire n'accepte pas cette d\u00e9cision. Je suis retourn\u00e9e avec lui, mais j'\u00e9tais trop bless\u00e9e par les violences du pass\u00e9 pour lui pardonner et j'avais trop peur que cela recommence. Je l'ai quitt\u00e9 une nouvelle fois. Cela n'a pas \u00e9t\u00e9 facile car il n'accepte vraiment pas cette d\u00e9cision. Il s'est mis dans tous ses \u00e9tats : pleurs, cris, a insist\u00e9 pour que je change d'avis etc. Heureusement que mes parents \u00e9taient pr\u00e9sents et ont pu prendre le relais. Bref, je voulais sinc\u00e8rement vous remercier.<br \/>\r\n<br \/>\r\nVotre r\u00e9ponse m'a aid\u00e9 \u00e0 me positionner et \u00e0 \u00e9cout\u00e9 cette petite voix en moi qui m'a pouss\u00e9e \u00e0 sortir de cette relation toxique.<br \/>\r\n<br \/>\r\nIl continue de m'harceler en m'appelant en appel masqu\u00e9 et m'a d\u00e9j\u00e0 suivi une fois en voiture.<br \/>\r\n<br \/>\r\nJe sais que je peux contacter la police, mais quelles sont les r\u00e9elles possibilit\u00e9s ?<br \/>\r\n<br \/>\r\nAussi, je me sens beaucoup mieux, mais parfois je culpabilise encore. Comment se remettre d'une relation d'emprise ? Merci d'avance !<br \/>\r\n<h4><\/h4><br \/>\r\n<h4><\/p><\/div><\/div><div class='response'><h5>Response<\/h5><div class='vqf_fixed_width_text'><p><\/h4><br \/>\r\n<p style=\"text-align: justify;\">Bonjour,<\/p><br \/>\r\n<p style=\"text-align: justify;\">Vous nous avez d\u00e9j\u00e0 \u00e9crit en janvier concernant votre relation o\u00f9 vous subissiez des violences psychologiques. Vous avez d\u00e9sormais quitt\u00e9 votre ex-compagnon et celui-ci n'accepte pas votre d\u00e9cision, il continue \u00e0 vous harceler via appels masqu\u00e9s et il vous a suivi en voiture. Vous souhaiteriez savoir quelles sont les possibilit\u00e9s en cas d'appel \u00e0\u00a0la police. Vous nous demandez \u00e9galement comment il est possible de se remettre d'une relation d'emprise.<\/p><br \/>\r\n<p style=\"text-align: justify;\">Nous vous remercions pour votre retour qui nous touche beaucoup, nous sommes heureux-euses de savoir que vous avez \u00e9cout\u00e9 votre \"petite voix\" qui vous a pouss\u00e9 \u00e0 sortir de la violence, nous savons \u00e0 quel point cela demande de l'\u00e9nergie et un bonne dose de courage. Nous imaginons bien que cela n'a pas \u00e9t\u00e9 facile, la violence ne se terminant pas toujours apr\u00e8s la s\u00e9paration. Le soutien des proches est, comme vous l'\u00e9crivez, tr\u00e8s important afin de ne pas s'isoler et de pouvoir \u00eatre soutenu-e dans les d\u00e9marches.<\/p><br \/>\r\n<br \/>\r\n<div class=\"page\"><br \/>\r\n<div class=\"layoutArea\"><br \/>\r\n<div class=\"column\"><br \/>\r\n<p style=\"text-align: justify;\"><a href=\"https:\/\/www.guidesocial.ch\/recherche\/fiche\/generatepdfAll\/42#:~:text=Selon%20l%27article%20179septies%20du,puni%20d%27une%20amende%22.\" target=\"_blank\" rel=\"noopener\">Le \"stalking\" est une forme de harc\u00e8lement lorsqu'une personne porte une attention\u00a0obsessionnelle envers une autre et peut inclure le fait de suivre ou de surveiller la victime, suscitant la peur et portant atteinte \u00e0 son int\u00e9grit\u00e9\u00a0physique ou psychique.\u00a0<\/a>Il ne constitue pas une infraction p\u00e9nale, mais des actes individuels de harc\u00e8lement peuvent \u00eatre consid\u00e9r\u00e9s comme des\u00a0infractions et \u00eatre d\u00e9nonc\u00e9s, comme par exemple l\u2019utilisation abusive d\u2019une installation de t\u00e9l\u00e9communication (<strong>art. 179\u00a0<\/strong>du Code p\u00e9nal suisse). C'est pourquoi nous vous invitons \u00e0\u00a0<strong>garder et rassembler \u00e0 un endroit toutes les preuves de ce harc\u00e8lement<\/strong>. Vous pourriez par la suite d\u00e9poser une\u00a0plainte p\u00e9nale contre lui afin de vous prot\u00e9ger, ou bien demander au juge des interdictions de vous approcher, de votre lieu de travail ou de votre domicile.<\/p><br \/>\r\n<p style=\"text-align: justify;\">Afin de vous informer sur ces d\u00e9marches, nous vous conseillons de contacter un Centre LAVI : il existe dans<span class=\"apple-converted-space\">\u00a0<\/span><a href=\"https:\/\/www.aide-aux-victimes.ch\/fr\/ou-puis-je-trouver-de-laide\/\" target=\"_blank\" rel=\"noopener\">chaque canton un ou plusieurs centres LAVI<\/a>, qui sont les centres d'aide aux victimes d'infractions. Les<span class=\"apple-converted-space\">\u00a0<\/span><strong>consultations sont gratuites et confidentielles<\/strong><span class=\"apple-converted-space\">\u00a0<\/span>pour toute personne ayant \u00e9t\u00e9 confront\u00e9e \u00e0 des violences physiques, sexuelles ou psychiques (menaces graves). Le harc\u00e8lement que vous mentionnez vous donne \u00e9galement le droit \u00e0 de telles prestations. Dans le canton de Vaud, vous pouvez\u00a0les contacter au num\u00e9ro<span class=\"apple-converted-space\">\u00a0<\/span><strong>021 631 03 00<\/strong><span class=\"apple-converted-space\">\u00a0<\/span>afin de convenir d'un rendez-vous \u00e0 Lausanne, Yverdon-les-Bains ou Aigle. Vous pourriez ainsi \u00eatre inform\u00e9e de vous droits et des proc\u00e9dures juridiques possibles,\u00a0recevoir du soutien psychologique, juridique, social. Vous pouvez tout \u00e0 fait\u00a0venir accompagn\u00e9e d'une personne de confiance si vous\u00a0le souhaitez.<\/p><br \/>\r\n<p style=\"text-align: justify;\">Nous tenons \u00e0 vous rappeler que si votre compagnon vous harc\u00e8le \u00e0 nouveau et si vous avez peur, vous pouvez en tout temps appeler\u00a0la police au\u00a0<strong>117<\/strong>.<\/p><br \/>\r\n<p style=\"text-align: justify;\">Vous \u00e9crivez que vous ressentez parfois de la culpabilit\u00e9 : il s'agit d'<strong>une r\u00e9action tout \u00e0 fait normale face \u00e0 une situation de violence qui ne l'est\u00a0pas.<\/strong>\u00a0Se remettre d'une relation d'emprise peut prendre du temps, et nous vous encourageons \u00e0 avoir\u00a0<strong>une espace de parole bienveillant<\/strong>\u00a0o\u00f9 vous pourriez parler de votre v\u00e9cu\u00a0et entamer une reconstruction : la th\u00e9rapie peut permettre un tel cheminement, par exemple avec un-e psychoth\u00e9rapeute de votre choix ou alors en contactant\u00a0<a href=\"https:\/\/malleyprairie.ch\/ambulatoire\/\" target=\"_blank\" rel=\"noopener\">le Centre Malley Prairie qui propose des consultations en ambulatoire.<\/a><\/p><br \/>\r\n<p style=\"text-align: justify;\">Nous esp\u00e9rons de tout coeur que vous puissiez retrouver votre s\u00e9r\u00e9nit\u00e9 et nous saluons \u00e0 nouveau le courage dont vous avez fait preuve en sortant de cette relation violente. Notre porte reste toujours ouverte si vous avez une nouvelle question ou si vous souhaitez nous donner de vos nouvelles dans quelques temps. Nous vous adressons nos meilleures salutations.<\/p><br \/>\r\n<br \/>\r\n<\/div><br \/>\r\n<\/div><br \/>\r\n<\/div><\/div><\/div><\/div><\/div><\/div><div class='qa_acc_item'><span class='acc_toggler'><\/span><div class='item_header'><h3>Je subis des violences psychologiques et physiques de la part de ma compagne<h3><div class='vqf_fixed_width_text'><p>26 juin 2023 - Bl... Bonjour, je vous \u00e9cris car je sais plus quoi faire je suis papa d'une fille bient\u00f4t 2 et je suis victime de violence psychologique et depuis aujourd'hui physique. \u00c7a commence par des insultes et me...<\/p><\/div><\/div><div class='item_body'><div class='quesion_response_block'><div class='question'><h5>Question<\/h5><div class='vqf_fixed_width_text'><p>26 juin 2023 - Bl...<br \/>\r\n<br \/>\r\nBonjour,<br \/>\r\n<br \/>\r\nje vous \u00e9cris car je sais plus quoi faire je suis papa d'une fille bient\u00f4t 2 et je suis victime de violence psychologique et depuis aujourd'hui physique.<br \/>\r\n<br \/>\r\n\u00c7a commence par des insultes et me dire que je sais rien faire et que je suis un gros con une merde et un bon \u00e0 rien et que j'ai qu'\u00e0 aller me me mettre sous un train et qu'elle veut me tuer, et aujourd'hui en voiture elle m'a agresser en me griffant et me pinc\u00e9 jusqu'au sang je sais plus quoi faire ?<br \/>\r\n<h4><\/h4><br \/>\r\n<h4><\/p><\/div><\/div><div class='response'><h5>Response<\/h5><div class='vqf_fixed_width_text'><p><\/h4><br \/>\r\n<p style=\"text-align: justify;\">Bonjour,<\/p><br \/>\r\n<p style=\"text-align: justify;\">Vous \u00eates papa d'une fille de 2 ans et votre compagne vous insulte et vous menace, elle a r\u00e9cemment utilis\u00e9 de la violence physique \u00e0 votre encontre. Vous ne savez plus quoi faire.<\/p><br \/>\r\n<p style=\"text-align: justify;\">La situation que vous d\u00e9crivez est bien de la\u00a0<a href=\"https:\/\/dev-vqf.creatives.com\/la-violence-psychologique\/\" target=\"_blank\" rel=\"noopener\">violence psychologique<\/a>\u00a0ainsi que\u00a0<a href=\"https:\/\/dev-vqf.creatives.com\/la-violence-physique\/\" target=\"_blank\" rel=\"noopener\">physique<\/a>\u00a0(pincements, griffures). Les insultes r\u00e9p\u00e9t\u00e9es, les d\u00e9nigrements, rabaissements et menaces sont des actes de violence psychologique qui\u00a0<strong>font tr\u00e8s mal<\/strong>, m\u00eame si elles ne laissent pas de marques sur le corps. Elles\u00a0plongent les victimes dans la peur, la honte, l'isolement (de la famille, des ami-es), et ont\u00a0<strong>des cons\u00e9quences n\u00e9fastes sur la sant\u00e9 des personnes concern\u00e9es<\/strong>\u00a0- que ce soit pour<a href=\"https:\/\/dev-vqf.creatives.com\/la-violence-cest-quoi\/#consequences\" target=\"_blank\" rel=\"noopener\">\u00a0la victime<\/a>,\u00a0<a href=\"https:\/\/dev-vqf.creatives.com\/la-violence-cest-quoi\/#consequences\" target=\"_blank\" rel=\"noopener\">l'auteur-e\u00a0<\/a>ou\u00a0<a href=\"https:\/\/dev-vqf.creatives.com\/la-violence-cest-quoi\/#consequences\" target=\"_blank\" rel=\"noopener\">les enfants.\u00a0<\/a>Ces\u00a0derniers sont affect\u00e9s par un tel climat de violence et d'ins\u00e9curit\u00e9, ils sont fragilis\u00e9s par de tels actes de violence et\u00a0<strong>doivent \u00eatre prot\u00e9g\u00e9s<\/strong>.<\/p><br \/>\r\n<p style=\"text-align: justify;\">Nous saluons votre d\u00e9marche de nous \u00e9crire car il s'agit l\u00e0 d'<strong>un premier pas important<\/strong>\u00a0afin de sortir du silence et de la violence.<\/p><br \/>\r\n<p style=\"text-align: justify;\">Si vous nous le permettez, nous vous transmettons ici quelques informations sur la violence conjugale qui sont souvent utiles \u00e0 des personnes dans des situations similaires \u00e0 la v\u00f4tre.<\/p><br \/>\r\n<p style=\"text-align: justify;\">La violence au sein du couple fonctionne sous la forme d'un cycle (<a href=\"https:\/\/dev-vqf.creatives.com\/la-violence-cest-quoi\/#cycle\" target=\"_blank\" rel=\"noopener\">\"le cycle de la violence\"<\/a>),\u00a0avec des \u00e9pisodes de tensions et violence, qui redescendent ensuite avec culpabilisation de la victime, puis une p\u00e9riode de \"lune de miel\", et un nouveau recommencement des violences.\u00a0<strong>Sans soutien ext\u00e9rieur, il est difficile de briser ce cycle.<\/strong>\u00a0Est-ce que ces \u00e9l\u00e9ments font \u00e9cho \u00e0 votre situation?\u00a0En Suisse, la violence au sein du couple est\u00a0<a href=\"https:\/\/dev-vqf.creatives.com\/la-violence-cest-quoi\/#loi\" target=\"_blank\" rel=\"noopener\">interdite par la loi<\/a>, elle est\u00a0<strong>grave<\/strong>\u00a0et la plupart des\u00a0actes de violence sont sanctionn\u00e9s par le droit p\u00e9nal : certaines violences sont poursuivies\u00a0<strong>sur plainte<\/strong>\u00a0(les injures, les violences physiques ne laissant pas de traces, par exemple) et d'autres sont\u00a0<strong>poursuivies d'office<\/strong>\u00a0(les menaces de mort, les violences physiques laissant des traces, par exemple).<\/p><br \/>\r\n<p style=\"text-align: justify;\">Vous vivez\u00a0<strong>une situation difficile<\/strong>\u00a0et nous aimerions vous transmettre qu'il est important, pour votre sant\u00e9 et celle de votre\u00a0fille, que\u00a0<strong>vous ne restiez pas seul<\/strong>\u00a0et que vous puissiez \u00eatre\u00a0<strong>accompagn\u00e9 par des professionnel-les<\/strong>. Vous pourriez \u00e9galement, si vous vous sentez \u00e0 l'aise, essayer d'en parler \u00e0 une personne de confiance (un-e ami-e, coll\u00e8gue, membre de la famille) afin de\u00a0<strong>sortir de l'isolement qui entoure souvent les personnes victimes de violence au sein du couple<\/strong>.<\/p><br \/>\r\n<p style=\"text-align: justify;\">La violence au sein du couple touche principalement les femmes mais aussi parfois les hommes et vous n'\u00eates pas le seul homme \u00e0 \u00eatre victime de faits similaires. Il est parfois\u00a0<strong>tr\u00e8s difficile pour les hommes victimes de violence de se livrer, de peur d'\u00eatre jug\u00e9s, moqu\u00e9s, ou pas crus<\/strong>. Des professionnel-les sp\u00e9cialis\u00e9-es dans la violence au sein du couple sont l\u00e0 pour vous soutenir et vous \u00e9couter avec\u00a0<strong>bienveillance<\/strong>. Vous pourriez, dans\u00a0<strong>un espace confidentiel<\/strong>, poser vos questions et \u00eatre \u00e9paul\u00e9 dans des d\u00e9marches qui visent \u00e0 briser le cycle de la violence et permettre, nous l'esp\u00e9rons, de retrouver de la s\u00e9r\u00e9nit\u00e9 au sein de votre foyer.<\/p><br \/>\r\n<p style=\"text-align: justify;\">Si vous \u00eates enclin \u00e0 une telle d\u00e9marche, dans le canton de Vaud, nous vous encourageons \u00e0\u00a0prendre contact avec le<span class=\"apple-converted-space\">\u00a0<\/span><a href=\"https:\/\/malleyprairie.ch\/\" target=\"_blank\" rel=\"noopener\">Centre Malley Prairie<\/a>\u00a0qui s'adresse \u00e0 toute personne (homme ou femme) victime de violence au sein du couple ou dans la famille. Il\u00a0propose<span class=\"apple-converted-space\">\u00a0<\/span><a href=\"https:\/\/malleyprairie.ch\/ambulatoire\/\" target=\"_blank\" rel=\"noopener\">des consultations en ambulatoire<\/a><span class=\"apple-converted-space\">\u00a0<\/span><strong>gratuites et confidentielles<\/strong>\u00a0avec des professionnel-les sp\u00e9cialis\u00e9-es qui pourront\u00a0vous\u00a0\u00e9couter et vous aider avec bienveillance et ce dans le but d\u2019essayer de\u00a0<strong>trouver des alternatives ou des informations pour tenter de\u00a0rem\u00e9dier \u00e0 la violence.<\/strong>\u00a0Cette consultation ne vous engage en aucun cas \u00e0 des d\u00e9marches juridiques.\u00a0Ces consultations peuvent avoir lieu dans diff\u00e9rents lieux du canton. Afin d'avoir des renseignements et\/ou pour prendre rendez-vous, leurs \u00e9quipes sont joignables au\u00a0<strong>021 620 76 76.<\/strong><\/p><br \/>\r\n<p style=\"text-align: justify;\">Nous esp\u00e9rons avoir pu vous renseigner, notre porte reste toujours ouverte si vous souhaitez nous \u00e9crire \u00e0 nouveau en cas de nouvelle question ou pour nous donner de vos nouvelles dans quelques temps. Avec nos meilleures salutations.<\/p><\/p><\/div><\/div><\/div><\/div><\/div><div class='qa_acc_item'><span class='acc_toggler'><\/span><div class='item_header'><h3>Une connaissance subit de la violence de la part de son ex-compagnon<h3><div class='vqf_fixed_width_text'><p>19 juin 2023 - Lo... Bonjour, J ai une connaissance qui vit un vrai calvaires depuis un bon bout de temps. Son ex compagnon, qui vit encore avec elle avec ses filles, la maltraite \u00e0 longueur de journ\u00e9e et elle...<\/p><\/div><\/div><div class='item_body'><div class='quesion_response_block'><div class='question'><h5>Question<\/h5><div class='vqf_fixed_width_text'><p>19 juin 2023 - Lo...<br \/>\r\n<br \/>\r\nBonjour,<br \/>\r\n<br \/>\r\nJ ai une connaissance qui vit un vrai calvaires depuis un bon bout de temps. Son ex compagnon, qui vit encore avec elle avec ses filles, la maltraite \u00e0 longueur de journ\u00e9e et elle n ose rien faire par peur des repr\u00e9sailles car il peut devenir violent physiquement. Que puis je faire?<br \/>\r\n<h4><\/h4><br \/>\r\n<h4><\/p><\/div><\/div><div class='response'><h5>Response<\/h5><div class='vqf_fixed_width_text'><p><\/h4><br \/>\r\n<p style=\"text-align: justify;\">Bonjour,<\/p><br \/>\r\n<p style=\"text-align: justify;\">Vous nous \u00e9crivez car l\u2019une de vos connaissances vit un \u00ab\u00a0vrai calvaire\u00a0\u00bb. Son ex-compagnon la maltraite \u00e0 longueur de journ\u00e9e et elle ne peut rien faire au risque de repr\u00e9sailles de violence physique. Vous nous demandez ce que vous pouvez faire.<\/p><br \/>\r\n<p style=\"text-align: justify;\">Vous parlez de maltraitance, mais nous avons peu d\u2019\u00e9l\u00e9ments sur le type de violence que cette personne subie ni le lien que vous avez avec elle.<\/p><br \/>\r\n<p style=\"text-align: justify;\">Comme vous avez pu le constater, il peut \u00eatre compliqu\u00e9 d\u2019agir dans ce genre de situation qui plus est s\u2019il y a un risque de passage \u00e0 l\u2019acte violent. Si cette personne se trouve dans un\u00a0<a href=\"https:\/\/dev-vqf.creatives.com\/la-violence-dans-le-couple\/la-violence-cest-quoi\/#cycle\" target=\"_blank\" rel=\"noopener\">cycle de violence conjugale<\/a>, il est difficile d\u2019en sortir seule, m\u00eame apr\u00e8s la s\u00e9paration, d\u2019autant plus lorsque le compagnon reste sous le m\u00eame toit. Pour ces personnes victimes, il est important de pouvoir compter sur des personnes ext\u00e9rieures \u00e0 la relation pour s\u2019en sortir.<strong>\u00a0C\u2019est pourquoi avoir une position d\u2019\u00e9coute et de soutien est primordiale<\/strong>. Le maintien du lien avec vous est n\u00e9cessaire, le risque \u00e9tant que cette personne s'isole ou soit isol\u00e9e par son ex-partenaire. Le but \u00e9tant de conserver le lien que vous avez avec cette personne tout en tentant de la mettre en \"mouvement\", afin qu'elle puisse se prot\u00e9ger elle et ses enfants. En effet, vivre dans un contexte de violence conjugale peut impacter le d\u00e9veloppement des enfants.<\/p><br \/>\r\n<p style=\"text-align: justify;\">Nous nous permettons de vous transmettre des adresses du canton Vaud qui ont pu \u00eatre utiles \u00e0 d'autres personnes subissant ou ayant subi des violences au sein du couple. Vous pourrez ainsi orienter votre connaissance pour qu\u2019elle puisse chercher de l'aide et s'entourer de sp\u00e9cialistes.<\/p><br \/>\r\n<p style=\"text-align: justify;\">Sur le Canton de Vaud, le\u00a0<a href=\"https:\/\/malleyprairie.ch\/\" target=\"_blank\" rel=\"noopener\">Centre d\u2019accueil Malley Prairie<\/a>\u00a0joignable au\u00a0<strong>021 620 76 76<\/strong>\u00a0est sp\u00e9cialis\u00e9 dans l\u2019accompagnement de personnes victimes de violence conjugale ainsi que leur enfant. Les intervenant\u00b7e\u00b7s peuvent se d\u00e9placer \u00e0 domicile et un h\u00e9bergement est possible sur Lausanne.<\/p><br \/>\r\n<p style=\"text-align: justify;\">Le\u00a0<a href=\"https:\/\/www.profa.ch\/services-2\/centre-lavi\/\" target=\"_blank\" rel=\"noopener\">Centre LAVI<\/a>\u00a0peut \u00eatre atteint au\u00a0<strong>021 631 03 00<\/strong>\u00a0et soutient \u00e9galement les personnes victimes sur les plans psychologique, juridique ou de protection. Les entretiens sont gratuits et confidentiels. Leurs bureaux se trouvent \u00e0 Aigle, Lausanne, Nyon et Yverdon-les-bains.<\/p><br \/>\r\n<p style=\"text-align: justify;\">L<a href=\"https:\/\/www.curml.ch\/prestations-de-lunite-de-medecine-des-violences-umv\" target=\"_blank\" rel=\"noopener\">'Unit\u00e9 de m\u00e9decine des violences du CHUV\u00a0<\/a>est \u00e9galement une adresse importante en cas de violences physiques et\/ou sexuelles. Cette unit\u00e9 pourrait effectuer, en toute gratuit\u00e9 et confidentialit\u00e9, un constat m\u00e9dical de coups et blessures. Ce document est pr\u00e9cieux si un jour elle d\u00e9cidait de porter plainte. Il est possible de prendre rendez-vous rapidement apr\u00e8s les violences subies, aux num\u00e9ros suivants\u00a0:<\/p><br \/>\r\n<br \/>\r\n<ul style=\"text-align: justify;\"><br \/>\r\n \t<li>Lausanne\u00a0:\u00a0<strong>021 314 00 60<\/strong><\/li><br \/>\r\n \t<li>Yverdon-les-Bains\u00a0:\u00a0<strong>024 424 42 20<\/strong><\/li><br \/>\r\n \t<li>Rennaz\u00a0:\u00a0<strong>058 773 64 77<\/strong><\/li><br \/>\r\n \t<li>Nyon\u00a0:\u00a0<strong>021 314 08 51<\/strong><\/li><br \/>\r\n<\/ul><br \/>\r\n<p style=\"text-align: justify;\">Comme cette personne a des enfants et que nous ne savons pas si la s\u00e9paration a \u00e9t\u00e9 officialis\u00e9e sur le plan l\u00e9gal, elle peut contacter le service juridique du \u00a0<a href=\"https:\/\/csp.ch\/vaud\/services\/questions-de-couple\/\" target=\"_blank\" rel=\"noopener\">Centre social protestant<\/a>\u00a0au\u00a0<strong>021 560 60 70<\/strong>\u00a0pour \u00eatre renseign\u00e9e. Des personnes form\u00e9es y travaillent et peuvent accompagner dans les d\u00e9marches \u00e0 effectuer en ce sens.<\/p><br \/>\r\n<p style=\"text-align: justify;\">Concernant les filles, si elles sont mineures, il serait judicieux que votre connaissance puisse parler de sa situation avec le-la p\u00e9diatre. Le-la m\u00e9decin pourra \u00eatre attentif-ve aux d\u00e9veloppements des enfants et solliciter au besoin l'\u00e9quipe du\u00a0<a href=\"https:\/\/www.chuv.ch\/fr\/dfme\/dfme-home\/enfants-famille\/specialites-medicales\/maltraitance-can-team\/?msclkid=e7175e3fa6c211ec8e1382eaaa47ff92\" target=\"_blank\" rel=\"noopener\">CAN team<\/a>\u00a0qui est sp\u00e9cialis\u00e9e dans la pr\u00e9vention, la d\u00e9tection et l'accompagnement des enfants vivant de la violence ou dans un contexte de violence.<\/p><br \/>\r\n<p style=\"text-align: justify;\">Pour en revenir \u00e0 votre r\u00f4le, si vous \u00eates t\u00e9moin d\u2019une sc\u00e8ne de violence, vous pouvez appeler la police au\u00a0<strong>117<\/strong>. En effet, la violence conjugale, m\u00eame avec un ex-compagnon, est compos\u00e9e\u00a0<a href=\"https:\/\/dev-vqf.creatives.com\/la-violence-dans-le-couple\/la-violence-cest-quoi\/#loi\" target=\"_blank\" rel=\"noopener\">d\u2019infractions punies par la loi<\/a>. Une partie de celles-ci sont poursuivies d\u2019office. Suite \u00e0 un appel \u00e0 la police, diff\u00e9rentes proc\u00e9dures peuvent s\u2019ouvrir: expulsion du domicile pour la personne auteure, d\u00e9p\u00f4t de plainte et possibilit\u00e9 s\u00e9paration. Des mesures de protection peuvent \u00eatre mises en place pour prot\u00e9ger la personne victime et ses enfants. Cette personne peut \u00e9galement les appeler lors du moment de crise par elle-m\u00eame ou se rendre dans n\u2019importe quel poste de police pour d\u00e9poser plainte pour la violence v\u00e9cue.<\/p><br \/>\r\n<p style=\"text-align: justify;\">Nous esp\u00e9rons que vous avez trouv\u00e9 dans ces orientations des \u00e9l\u00e9ments d\u2019aide pour votre connaissance. Nous restons bien entendu \u00e0 votre disposition si vous avez besoin de compl\u00e9ments d\u2019information.<\/p><\/p><\/div><\/div><\/div><\/div><\/div><div class='qa_acc_item'><span class='acc_toggler'><\/span><div class='item_header'><h3>Je suis t\u00e9moin de violence entre mes parents<h3><div class='vqf_fixed_width_text'><p>16 juin 2023 - Tat... bonjour, Tout d\u2019abord un grand merci de rendre cet \u00e9change possible et d\u2019\u00eatre \u00e0 notre \u00e9coute. Je vous contacte car depuis plusieurs mois je suis t\u00e9moin de violence entre mes deux parents. Ils ne s\u2019entendent...<\/p><\/div><\/div><div class='item_body'><div class='quesion_response_block'><div class='question'><h5>Question<\/h5><div class='vqf_fixed_width_text'><p>16 juin 2023 - Tat...<br \/>\r\n<br \/>\r\nbonjour,<br \/>\r\n<br \/>\r\nTout d\u2019abord un grand merci de rendre cet \u00e9change possible et d\u2019\u00eatre \u00e0 notre \u00e9coute.<br \/>\r\n<br \/>\r\nJe vous contacte car depuis plusieurs mois je suis t\u00e9moin de violence entre mes deux parents. Ils ne s\u2019entendent plus et le moindre sujet devient source de conflits. Il n\u2019y a absolument aucune violence physique mais bien psychique dans le sens ou il y a un \u00e9puisement chronique et cela repr\u00e9sente un risque pour eux-m\u00eame. Le probl\u00e8me c\u2019est que ni l\u2019un ni l\u2019autre ne reconna\u00eet avoir besoin d\u2019aide pour sortir de cette situation.<br \/>\r\n<br \/>\r\nJ\u2019ai propos\u00e9 plusieurs id\u00e9es (th\u00e9rapie de couple, psychologue, s\u00e9paration, etc.. ) mais aucun des deux estime avoir besoin de cette aide et que finalement la source du probl\u00e8me ne vient pas de soi mais de l\u2019autre. C\u2019est pourquoi je sollicite votre aide afin que vous puissiez peut-\u00eatre m\u2019aider \u00e0 leur faire comprendre qu\u2019une aide externe est n\u00e9cessaire et leurs feraient le plus grand bien.<br \/>\r\n<br \/>\r\nAuriez-vous des pistes \u00e0 me proposer ? Je vous remercie du fond du coeur pour votre aide Salutations<br \/>\r\n<h4><\/h4><br \/>\r\n<h4><\/p><\/div><\/div><div class='response'><h5>Response<\/h5><div class='vqf_fixed_width_text'><p><\/h4><br \/>\r\n<p style=\"text-align: justify;\">Bonjour,<\/p><br \/>\r\n<p style=\"text-align: justify;\">Vous \u00eates t\u00e9moins depuis plusieurs mois de violence psychologique entre vos deux parents qui se disputent continuellement sans qu'ils reconnaissent avoir besoin d'aide. Vous avez pourtant essay\u00e9 de leur proposer l'aide de professionnel-le-s, sans succ\u00e8s. Vous sollicitez notre aide afin qu'ils puissent r\u00e9aliser qu'une aide externe est n\u00e9cessaire afin de sortir de la violence.<\/p><br \/>\r\n<p style=\"text-align: justify;\">Nous souhaitons tout d'abord saluer les d\u00e9marches que vous avez d\u00e9j\u00e0 entreprises afin d'aider vos parents (leur proposer des aides ext\u00e9rieures, parler avec eux,...), il s'agit l\u00e0 d'<strong>une ressource pr\u00e9cieuse<\/strong>\u00a0et ils ont de la chance de vous avoir \u00e0 leurs c\u00f4t\u00e9s.<\/p><br \/>\r\n<p style=\"text-align: justify;\">La violence au sein du couple fonctionne sous la forme d'un cycle, \"<a href=\"https:\/\/dev-vqf.creatives.com\/la-violence-cest-quoi\/#cycle\" target=\"_blank\" rel=\"noopener\">le cycle de la violence<\/a>\", qui a la particularit\u00e9\u00a0<strong>d'augmenter en intensit\u00e9 et en fr\u00e9quence si rien n'est entrepris pour le briser.<\/strong>\u00a0Les\u00a0<a href=\"https:\/\/dev-vqf.creatives.com\/la-violence-psychologique\/\" target=\"_blank\" rel=\"noopener\">violences psychologiques<\/a>\u00a0sont constitu\u00e9es de disputes fr\u00e9quentes, d'insultes \u00e0 r\u00e9p\u00e9tition, de cris, de d\u00e9nigrements, de menaces, de contr\u00f4le d'un-e partenaire sur l'autre. Il y a un risque \u00e9lev\u00e9 que ces violences s'intensifient\u00a0et s'accompagnent de violences\u00a0<a href=\"https:\/\/dev-vqf.creatives.com\/la-violence-physique\/\" target=\"_blank\" rel=\"noopener\">physiques<\/a>, d'o\u00f9 l'importance de pouvoir b\u00e9n\u00e9ficier\u00a0de l'aide de professionnel-les.<\/p><br \/>\r\n<p style=\"text-align: justify;\">Comme vous l'\u00e9crivez tr\u00e8s bien,\u00a0<strong>la violence psychologique est tout autant nocive que les autres formes de violence<\/strong>\u00a0et entra\u00eene\u00a0<a href=\"https:\/\/dev-vqf.creatives.com\/la-violence-cest-quoi\/#consequences\" target=\"_blank\" rel=\"noopener\">des cons\u00e9quences graves<\/a>, un \u00e9puisement chronique et de mani\u00e8re g\u00e9n\u00e9rale\u00a0<strong>un risque pour la\u00a0personne victime et auteure.<\/strong>\u00a0Dans certains couples enfin, il arrive \u00e9galement que les deux partenaires recourent \u00e0 la violence comme moyen courant de r\u00e9gler les conflits et, dans ce cas, les partenaires peuvent \u00eatre aid\u00e9-e-s \u00e0 double titre: en tant que victime et en tant que personne recourant \u00e0 la violence.<\/p><br \/>\r\n<p style=\"text-align: justify;\">En tant que\u00a0<a href=\"https:\/\/dev-vqf.creatives.com\/temoin\/\" target=\"_blank\" rel=\"noopener\">t\u00e9moin de ces violences<\/a>, votre situation est tr\u00e8s d\u00e9licate, d'autant plus que vos parents refusent toute aide ext\u00e9rieure. En effet, seules les personnes concern\u00e9es par la violence peuvent choisir de faire le pas de demander de l'aide afin de briser le cycle de la violence. Nous pouvons n\u00e9anmoins vous proposer de leur parler s\u00e9par\u00e9ment dans un endroit \"neutre\" (dans un caf\u00e9, lors d'une promenade,...) et de leur montrer notre r\u00e9ponse si vous le souhaitez, ainsi que notre site internet, o\u00f9 ils\u00a0pourront trouver des informations utiles sur la violence au sein du couple.<\/p><br \/>\r\n<p style=\"text-align: justify;\">Nous imaginons bien \u00e0 quel point il est difficile d'\u00eatre t\u00e9moin de ces violences et de se sentir impuissant, nous ne savons pas si vous avez d\u00e9j\u00e0 eu l'opportunit\u00e9 de le faire mais il nous para\u00eet important de pouvoir leur parler, s\u00e9par\u00e9ment, de ce que cela provoque chez vous d'\u00eatre t\u00e9moin de ces violences. Dire \u00e0 vos parents que vous vous sentez impuissant face \u00e0 leurs conflits, que vous \u00eates travers\u00e9 par des \u00e9motions fortes et que vous \u00eates inquiet pour eux peut \u00eatre\u00a0<strong>un moyen de susciter une r\u00e9action de leur part<\/strong>. Souvent les personnes directement concern\u00e9es par la violence, ne sont pas conscientes de l'impact que cela provoque \u00e9galement sur les enfants t\u00e9moins (m\u00eame s'ils sont adultes!).<\/p><br \/>\r\n<p style=\"text-align: justify;\">Nous avons compris dans votre message qu'aucun des deux n'est pr\u00eat \u00e0 entamer des d\u00e9marches aupr\u00e8s d'un organisme sp\u00e9cialis\u00e9 ni reconna\u00eet \u00eatre auteur-e\/victime de violence. Ainsi, au moment voulu, vous pourriez leur transmettre le contact de\u00a0<a href=\"https:\/\/www.officefamilial.ch\/fr\/services\/consultation-conjugale-et-familiale\/notre-offre\" target=\"_blank\" rel=\"noopener\">l'Office familial du canton de Fribourg<\/a>, qui propose un service d'\u00e9coute, de soutien et de conseils lors de conflits conjugaux et familiaux. Leurs \u00e9quipes sont joignables au\u00a0<strong>026 322 10 14<\/strong>\u00a0pour tout renseignement et\/ou prise de rendez-vous.<\/p><br \/>\r\n<p style=\"text-align: justify;\">Nous esp\u00e9rons avoir pu vous aider dans votre r\u00e9flexion, nous restons \u00e0 votre disposition si vous avez une nouvelle question ou si vous souhaitez nous donner des nouvelles dans quelques temps. Avec nos meilleures salutations.<\/p><\/p><\/div><\/div><\/div><\/div><\/div><div class='qa_acc_item'><span class='acc_toggler'><\/span><div class='item_header'><h3>Une connaissance est victime de violence \u00e9conomique et psychologique<h3><div class='vqf_fixed_width_text'><p>14 juin 2023 - Ky... Bonjour, Ma femme, d'origine russe, a fait connaissance d'une compatriote (que je nommerai Yana, la quarantaine) qu'elle rencontre d\u00e9sormais r\u00e9guli\u00e8rement. Yana est mari\u00e9e et habite \u00e0 Lausanne. Elle n'a pas acc\u00e8s \u00e0 des fonds. Elle...<\/p><\/div><\/div><div class='item_body'><div class='quesion_response_block'><div class='question'><h5>Question<\/h5><div class='vqf_fixed_width_text'><p>14 juin 2023 - Ky...<br \/>\r\n<br \/>\r\nBonjour,<br \/>\r\n<br \/>\r\nMa femme, d'origine russe, a fait connaissance d'une compatriote (que je nommerai Yana, la quarantaine) qu'elle rencontre d\u00e9sormais r\u00e9guli\u00e8rement. Yana est mari\u00e9e et habite \u00e0 Lausanne. Elle n'a pas acc\u00e8s \u00e0 des fonds. Elle n'a pas acc\u00e8s \u00e0 des soins, que son mari lui refuse. Actuellement, Yana est malade. Ma femme lui fait remarquer que sa situation s'apparente \u00e0 celle d'une prison. Or, Yana refuse toute aide, probablement honteuse de sa situation pr\u00e9caire mais aussi en ins\u00e9curit\u00e9 vis-\u00e0-vis de son mari, et de sa situation personnelle dont j'ignore si elle est r\u00e9guli\u00e8re (niveau visa, \u00e9tablissement). Elle a aussi peut-\u00eatre peur de la r\u00e9action de son mari en cas de d\u00e9nonciation. J'ignore s'il est violent physiquement. Mais je crois comprendre qu'il est violent psychologiquement. Yana a en outre sollicit\u00e9 ma femme pour lui acheter des vitamines, vu qu'elle ne peut pas. Cette situation nous r\u00e9volte et nous inqui\u00e8te, mais nous ne savons pas comment nous y prendre pour lui faire prendre conscience de la situation de soumission dans laquelle elle se trouve, qui met d\u00e9sormais de facto sa sant\u00e9 en danger. Mais elle n'accepte pas l'aide de ma femme.<br \/>\r\n<br \/>\r\nPourriez-vous \u00e9clairer notre lanterne ? A noter qu'il n'y a pas d'urgence vitale en jeu \u00e0 l'heure actuelle. Meilleures salutations<br \/>\r\n<h4><\/h4><br \/>\r\n<h4><\/p><\/div><\/div><div class='response'><h5>Response<\/h5><div class='vqf_fixed_width_text'><p><\/h4><br \/>\r\n<p style=\"text-align: justify;\">Bonjour,<\/p><br \/>\r\n<p style=\"text-align: justify;\">Votre femme a fait connaissance d'une compatriote russe (Yana) qui est mari\u00e9e et dont le mari refuse l'acc\u00e8s \u00e0 des soins et \u00e0 son argent. Elle refuse toute aide de votre femme, vous \u00e9mettez l'hypoth\u00e8se d'une possible crainte de sa part concernant sa situation (visa, \u00e9tablissement) ou alors par crainte de son mari. Vous ne savez pas s'il est violent physiquement mais vous savez qu'il est violent psychologiquement. Vous et votre femme \u00eates tr\u00e8s inquiet-es pour elle et ne savez pas comment l'aider ni comment lui faire prendre conscience de la gravit\u00e9 de la situation.<\/p><br \/>\r\n<p style=\"text-align: justify;\">La situation que vous d\u00e9crivez est en effet\u00a0<strong>pr\u00e9occupante<\/strong>\u00a0et il semblerait que Yana soit victime de violence\u00a0<a href=\"https:\/\/dev-vqf.creatives.com\/la-violence-economique\/\" target=\"_blank\" rel=\"noopener\">\u00e9conomique<\/a>\u00a0et\u00a0<a href=\"https:\/\/dev-vqf.creatives.com\/la-violence-psychologique\/\" target=\"_blank\" rel=\"noopener\">psychologique<\/a>. La violence au sein du couple fonctionne sous la forme d'un\u00a0<a href=\"https:\/\/dev-vqf.creatives.com\/la-violence-cest-quoi\/#cycle\" target=\"_blank\" rel=\"noopener\">cycle de la violence<\/a>, qui a tendance \u00e0\u00a0<strong>augmenter en intensit\u00e9 et en fr\u00e9quence<\/strong>\u00a0s'il n'est pas bris\u00e9. Pour ce faire, un soutien externe de professionnel-le-s est important.<\/p><br \/>\r\n<p style=\"text-align: justify;\">\u00catre\u00a0<a href=\"https:\/\/dev-vqf.creatives.com\/temoin\/\" target=\"_blank\" rel=\"noopener\">t\u00e9moin de violence au sein du couple<\/a>\u00a0est une position d\u00e9licate, notamment lorsque la victime ne se rend elle-m\u00eame pas compte du danger, ou alors lorsqu'elle n'est pas pr\u00eate ou ne souhaite pas entamer des d\u00e9marches pour se prot\u00e9ger, ou encore lorsqu'elle retourne vers le conjoint auteur de violence. Il s'agit l\u00e0 des\u00a0<a href=\"https:\/\/dev-vqf.creatives.com\/la-violence-cest-quoi\/#consequences\" target=\"_blank\" rel=\"noopener\">cons\u00e9quences<\/a>\u00a0de l'engrenage de la violence, ou cycle de la violence. Il est \u00e9galement difficile d'\u00eatre t\u00e9moin car<strong>\u00a0il n'est pas possible d'agir \u00e0 la place de la victime, elle seule peut d\u00e9cider de se prot\u00e9ger et comment.<\/strong>\u00a0En se confiant \u00e0 votre femme et en lui demandant de l'aide, Yana a d\u00e9montr\u00e9 avoir une grande confiance en elle ; votre femme peut lui apporter un soutien pr\u00e9cieux en l'\u00e9coutant et en la soutenant dans\u00a0ses besoins. En effet, il est important qu'elle puisse \u00eatre\u00a0entour\u00e9e pour trouver du soutien et la force n\u00e9cessaire.<\/p><br \/>\r\n<p style=\"text-align: justify;\">Afin de lui faire prendre conscience de la gravit\u00e9 des violences, votre femme pourrait lui rappeler qu'en Suisse\u00a0<a href=\"https:\/\/dev-vqf.creatives.com\/la-violence-cest-quoi\/#loi\" target=\"_blank\" rel=\"noopener\">la violence au sein du couple est grave et interdite par la loi<\/a>\u00a0et que des professionnel-le-s sont l\u00e0 pour l'\u00e9couter,\u00a0<strong>gratuitement<\/strong>\u00a0et en toute\u00a0<strong>confidentialit\u00e9<\/strong>, et qu'il est important qu'elle puisse demander de l'aide -\u00a0 quel que soit sa situation financi\u00e8re et son visa. Pour aller plus loin, nous vous encourageons \u00e0 lui faire part de\u00a0<a href=\"https:\/\/dev-vqf.creatives.com\" target=\"_blank\" rel=\"noopener\">notre site internet<\/a>\u00a0ainsi que des adresses utiles suivantes, votre femme peut tout \u00e0 fait l'accompagner aux rendez-vous si Yana le souhaite.<\/p><br \/>\r\n<p style=\"text-align: justify;\">Dans le canton de Vaud, Yana pourrait prendre\u00a0contact avec la Fraternit\u00e9 du<a href=\"https:\/\/csp.ch\/vaud\/services\/questions-de-migration\/\" target=\"_blank\" rel=\"noopener\">\u00a0Centre Social Protestant<\/a>: il s'adresse \u00e0 toute personne \u00e9trang\u00e8re ou suisse (quel que soit la religion) qui a des questions concernant la migration, le permis de s\u00e9jour, la s\u00e9paration ou le divorce. Elle pourrait y recevoir une aide et un soutien concernant sa situation m\u00e9dicale, financi\u00e8re, mais surtout concernant les violences qu'elle subit quotidiennement. Les professionnel-le-s\u00a0sont joignables au num\u00e9ro:<span class=\"apple-converted-space\"><strong>\u00a0021 560 60 60<\/strong><\/span><span class=\"apple-converted-space\">\u00a0<\/span>pour une consultation\u00a0<strong>gratuite<\/strong>\u00a0et\u00a0<strong>confidentielle.\u00a0<\/strong>Nous l'invitons \u00e0 pr\u00e9ciser d\u00e8s le premier contact qu'elle est victime de violence au sein du couple. De plus, le Centre Social Protestant s'adresse \u00e9galement \u00e0 des personnes sans papier et il n'y a aucun risque de d\u00e9nonciation \u00e0 la police, que ce soit pour ses papiers ou pour les violences.<\/p><br \/>\r\n<p style=\"font-weight: 400; text-align: justify;\">Dans le canton de Vaud, elle pourrait \u00e9galement\u00a0trouver du soutien aupr\u00e8s d'<a href=\"https:\/\/www.aide-aux-victimes.ch\/fr\/ou-puis-je-trouver-de-laide\/\" target=\"_blank\" rel=\"noopener\">un Centre LAVI<\/a>.\u00a0Les intervenant-e-s proposent des\u00a0<strong>entretiens gratuits et confidentiels<\/strong>\u00a0<strong>pour toutes personnes \u00e9tant confront\u00e9es \u00e0 des violences domestiques<\/strong>. \u00a0Dans le canton de Vaud, les professionnel-le-s sont joignables\u00a0au num\u00e9ro:\u00a0<strong>021 631 03 00\u00a0<\/strong>afin de convenir d'un rendez-vous \u00e0 Lausanne, Yverdon-les-Bains ou Aigle.<\/p><br \/>\r\n<p style=\"font-weight: 400; text-align: justify;\">Au besoin, le\u00a0<a href=\"https:\/\/malleyprairie.ch\" target=\"_blank\" rel=\"noopener\">Centre Malley Prairie<\/a>\u00a0\u00e0 Lausanne\u00a0dispose d'un foyer d'accueil d'urgence pour femmes et enfants confront\u00e9s \u00e0 la violence domestique si elle ne se sent plus en s\u00e9curit\u00e9 dans sa\u00a0maison.\u00a0Leurs \u00e9quipes proposent un\u00a0<strong>lieu s\u00e9cure<\/strong>\u00a0mais aussi\u00a0<strong>un suivi psychosocial adapt\u00e9 aux besoins des victimes<\/strong>. Il est \u00e9galement possible de demander\u00a0<a href=\"https:\/\/malleyprairie.ch\/ambulatoire\/\" target=\"_blank\" rel=\"noopener\">une consultation ambulatoire<\/a>\u00a0avec un-e professionnel-le qui pourra l'\u00e9couter et la soutenir dans ses d\u00e9marches.<\/p><br \/>\r\n<p style=\"font-weight: 400; text-align: justify;\">Nous esp\u00e9rons avoir pu vous aider \u00e0 y voir plus clair et esp\u00e9rons de tout coeur que la situation de Yana s'arrangera et qu'elle pourra retrouver de la s\u00e9r\u00e9nit\u00e9. Nous restons \u00e0 votre enti\u00e8re disposition si vous avez une nouvelle question ou si vous souhaitez nous donner des nouvelles de Yana dans quelques temps.<\/p><\/p><\/div><\/div><\/div><\/div><\/div><div class='qa_acc_item'><span class='acc_toggler'><\/span><div class='item_header'><h3>J&#8217;ai besoin d&#8217;aide pour partir de la maison<h3><div class='vqf_fixed_width_text'><p>22 mai 2023 - Ti... Comment trouver de l\u2019aide pour que je puisse partir de la maison ? j\u2019ai besoin de guidance pour partir vite. besoin d\u2019aide pour trouver des solutions . je ne suis pas financi\u00e8rement ind\u00e9pendante.<\/p><\/div><\/div><div class='item_body'><div class='quesion_response_block'><div class='question'><h5>Question<\/h5><div class='vqf_fixed_width_text'><p>22 mai 2023 - Ti...<br \/>\r\n<br \/>\r\nComment trouver de l\u2019aide pour que je puisse partir de la maison ? j\u2019ai besoin de guidance pour partir vite. besoin d\u2019aide pour trouver des solutions . je ne suis pas financi\u00e8rement ind\u00e9pendante.<br \/>\r\n<h4><\/h4><br \/>\r\n<h4><\/p><\/div><\/div><div class='response'><h5>Response<\/h5><div class='vqf_fixed_width_text'><p><\/h4><br \/>\r\n<p style=\"text-align: justify;\">Bonjour,<\/p><br \/>\r\n<p style=\"text-align: justify;\">Vous expliquez \u00eatre vicitme de violences psychologiques et vous souhaitez pouvoir rapidement partir\u00a0 de chez vous.\u00a0En nous \u00e9crivant, vous avez fait un premier pas vers le changement que vous d\u00e9sirez pour vous-m\u00eame et saluons votre d\u00e9marche. En effet,\u00a0 La\u00a0<a href=\"https:\/\/dev-vqf.creatives.com\/la-violence-dans-le-couple\/la-violence-psychologique\/\">violence psychologique\u00a0<\/a>est difficile \u00e0 reconna\u00eetre car elle ne laisse pas traces sur le corps, mais elle peut avoir pourtant de\u00a0<a href=\"https:\/\/dev-vqf.creatives.com\/la-violence-dans-le-couple\/la-violence-cest-quoi\/#consequences\" target=\"_blank\" rel=\"noopener\">lourdes cons\u00e9quences sur\u00a0la sant\u00e9 psychique et physique<\/a>\u00a0des victimes. Dans ces situations, il\u00a0est important de pouvoir s'entourer et de\u00a0<strong>ne pas rester seule, d\u00e9marche que vous entreprenez aujourd'hui en nous \u00e9crivant<\/strong>.<\/p><br \/>\r\n<p style=\"text-align: justify;\">Pour r\u00e9pondre \u00e0 votre demande d'orientation, nous allons vous transmettre les diff\u00e9rentes adresses possibles dans le canton de Vaud.<\/p><br \/>\r\n<p class=\"s5\" style=\"text-align: justify;\"><span class=\"s4\">Nous vous proposons tout d'abord une adresse qui a pu \u00eatre utile \u00e0 des personnes se trouvant dans une situation similaire \u00e0 la votre.\u00a0<strong>Si vous resentez le besoin de parler des violences que vous avez v\u00e9cues, de vous sentir soutenue par un-e professionnel-le ou\/et d'\u00eatre h\u00e9berg\u00e9e quelques temps<\/strong>, vous pouvez contacter le<span class=\"apple-converted-space\">\u00a0<a href=\"https:\/\/malleyprairie.ch\/hebergement\/\" target=\"_blank\" rel=\"noopener\">Centre d'accueil MalleyPrairie<\/a><\/span><strong>.\u00a0<\/strong>Il s'agit d<strong>'<\/strong>un centre d'accueil pour les personnes<span class=\"apple-converted-space\">\u00a0<\/span>qui sont confront\u00e9-e-s \u00e0 des violences domestiques dans le canton de Vaud.<strong>\u00a0<\/strong>Ce centre propose\u00a0des<a href=\"https:\/\/malleyprairie.ch\/ambulatoire\/\" target=\"_blank\" rel=\"noopener\">\u00a0consultations en ambulatoires<\/a>\u00a0pouvant avoir lieu dans diff\u00e9rents lieux du canton. Il s'agit de consultations\u00a0<strong>gratuites\u00a0et\u00a0confidentielles\u00a0<\/strong>avec un-e professionnel-le qui pourra vous apporter une \u00e9coute, un soutien et des conseils. Si cette d\u00e9marche fait sens pour vous, vous pouvez les joindre par t\u00e9l\u00e9phone au\u00a0<strong>(021) 620 76 76 du lundi au vendredi de 08h00 \u00e0 12h00 et de 14h00 \u00e0 18h00\u00a0<\/strong>pour vous renseigner ou pour prendre rendez-vous. Le Centre propose \u00e9galement\u00a0<strong>un h\u00e9bergement d'urgence<\/strong>\u00a0si vous en ressentez le besoin. Cette d\u00e9marche pourrait vous aider\u00a0\u00e0 mettre en place\u00a0<strong>de nouvelles conditions de vie<\/strong>\u00a0en dehors de l\u2019emprise et de la violence.<\/span><\/p><br \/>\r\n<br \/>\r\n<div class=\"row\"><footer class=\"footer col-12 mt-5 mt-xl-6 pt-xl-4\"><br \/>\r\n<div class=\"row mt-xl-6\"><br \/>\r\n<div class=\"col-12 col-md-4 mt-5 mt-xl-0\"><span class=\"s4\">Aussi, vous mentionnez le fait que vous n'\u00eates pas financi\u00e8rement ind\u00e9pendante, mais la situation \u00e9conomique ne devrait<strong>\u00a0jamais \u00eatre un frein pour sortir de la violence<\/strong>. C'est pourquoi nous nous permettons \u00e9galement de vous proposer de vous adresser au<strong><a href=\"https:\/\/www.vd.ch\/themes\/aides-financieres-et-soutien-social\/informations-et-accompagnement-personnel\/titre-par-defaut\">\u00a0<\/a><a href=\"https:\/\/www.vd.ch\/themes\/aides-financieres-et-soutien-social\/informations-et-accompagnement-personnel\/titre-par-defaut\" target=\"_blank\" rel=\"noopener\">programme \" Vaud\u00a0pour vous\"<\/a><\/strong>.\u00a0Ce programme\u00a0permet aux personnes se trouvant dans une situation n\u00e9cessitant un soutien financier, comme lors d'une s\u00e9paration, d'\u00eatre inform\u00e9es et accompagn\u00e9es. Ce service\u00a0<strong>gratuit\u00a0<\/strong>pourra vous aiguiller sur les\u00a0<strong>aides financi\u00e8res\u00a0auxquelles vous pourriez peut-\u00eatre avoir droit et vous permettre de savoir comment y acc\u00e9der.<\/strong><\/span><\/div><br \/>\r\n<\/div><br \/>\r\n<\/footer><\/div><br \/>\r\n<p class=\"s5\" style=\"text-align: justify;\"><span class=\"s4\">Nous esp\u00e9rons que ces orientations pourront vous donner quelques pistes.\u00a0Nous restons bien entendu \u00e0 votre enti\u00e8re disposition si vous aviez d'autres questions ou si vous souhaitiez nous donner de vos nouvelles dans quelques temps. Nous vous adressons nos cordiales salutations.\u00a0<\/span><\/p><\/p><\/div><\/div><\/div><\/div><\/div><div class='qa_acc_item'><span class='acc_toggler'><\/span><div class='item_header'><h3>J&#8217;ai exerc\u00e9 de la violence, comment changer ?<h3><div class='vqf_fixed_width_text'><p>20 mai 2023 - Cha... Bonjour, J\u2019ai besoin de votre aide. J\u2019ai \u00e9t\u00e9 violent avec les gens que j\u2019aime le plus (ma m\u00e8re, mon fr\u00e8re quand j\u2019\u00e9tais ado, et r\u00e9cemment ma femme). J\u2019essaie de comprendre les causes de cela. L\u2019explication...<\/p><\/div><\/div><div class='item_body'><div class='quesion_response_block'><div class='question'><h5>Question<\/h5><div class='vqf_fixed_width_text'><p>20 mai 2023 - Cha...<br \/>\r\n<br \/>\r\nBonjour,<br \/>\r\n<br \/>\r\nJ\u2019ai besoin de votre aide. J\u2019ai \u00e9t\u00e9 violent avec les gens que j\u2019aime le plus (ma m\u00e8re, mon fr\u00e8re quand j\u2019\u00e9tais ado, et r\u00e9cemment ma femme). J\u2019essaie de comprendre les causes de cela. L\u2019explication la plus plausible est que j\u2019ai une tr\u00e8s faible estime de moi \u00e0 cause de mon p\u00e8re, qui n\u2019a fait que me rabaisser pendant toute mon enfance. J\u2019ai parfois l\u2019impression que ma femme se moque de moi ou ne me comprend pas, ce qui me blesse beaucoup et me rend parfois hors de moi. J\u2019ai beau \u00eatre conscient de mon probl\u00e8me, \u00e9couter des podcasts sur le narcissisme ou lire sur le sujet, je n\u2019ai pas l\u2019impression que je puisse soigner cette blessure profonde simplement en comprenant les causes et en ayant la volont\u00e9 de changer.<br \/>\r\n<br \/>\r\nQuelles pourraient \u00eatre les actions concr\u00e8tes \u00e0 mettre en place pour gu\u00e9rir ?<br \/>\r\n<br \/>\r\nUn grand merci d\u2019avance<br \/>\r\n<h4><\/h4><br \/>\r\n<h4><\/p><\/div><\/div><div class='response'><h5>Response<\/h5><div class='vqf_fixed_width_text'><p><\/h4><br \/>\r\n<p style=\"text-align: justify;\">Bonjour Monsieur,<\/p><br \/>\r\n<p style=\"text-align: justify;\">Premi\u00e8rement, nous tenons \u00e0 souligner la d\u00e9marche entreprise en nous \u00e9crivant. Reconna\u00eetre le fait d\u2019avoir besoin d\u2019une aide ext\u00e9rieure est un premier pas vers le changement.<\/p><br \/>\r\n<p style=\"text-align: justify;\">Vous nous expliquez recourire \u00e0 la violence aupr\u00e8s des personnes que vous aimez le plus notamment votre femme. Ces actes de violence se produisent depuis longtemps.<\/p><br \/>\r\n<p style=\"text-align: justify;\">Vous \u00eates d\u00e9j\u00e0 parvenu \u00e0 identifier certaines origines \u00e0 la violence que vous pouvez exercer comme une faible estime de vous-m\u00eame que vous mettez en lien avec le fait d\u2019avoir \u00e9t\u00e9 rabaiss\u00e9 par votre p\u00e8re durant l\u2019enfance. En effet, vivre dans un\u00a0<a href=\"https:\/\/dev-vqf.creatives.com\/la-violence-cest-quoi\/#origine\" target=\"_blank\" rel=\"noopener\">climat de violence dans l\u2019enfance<\/a>\u00a0augmente le risque de le reproduire \u00e0 l\u2019\u00e2ge adulte.<\/p><br \/>\r\n<p style=\"text-align: justify;\">D\u2019autre part, vous remarquez que cela vous arrive \u00e9galement de vous sentir bless\u00e9 et mal compris par votre femme ce qui vous met en col\u00e8re et fait agir de la violence.<\/p><br \/>\r\n<p style=\"text-align: justify;\">Vous avez raison de penser que comprendre les racines de la violence et avoir la volont\u00e9 de changer ne suffisent pas. Les \u00e9tapes du changement sont multiples et complexes. La reconnaissance du fait que la violence est un probl\u00e8me fait partie du d\u00e9but du processus.<\/p><br \/>\r\n<p style=\"text-align: justify;\">Ensuite, viennent plusieurs \u00e9tapes importantes, \u00e0 savoir\u00a0: \u00a0la reconnaissance des actes de violence exerc\u00e9s, la compr\u00e9hension de l\u2019impact de cette violence sur les personnes qui l\u2019ont subie, la reconnaissance de sa pleine responsabilit\u00e9 de ses actes et finalement le d\u00e9veloppement de strat\u00e9gies alternatives \u00e0 ces comportements de violence. Le but \u00e9tant, sur le long terme, de diminuer le risque de r\u00e9cidive.<\/p><br \/>\r\n<p style=\"text-align: justify;\">Ce processus ne peut se faire seul. C\u2019est pour cette raison que nous vous encourageons vivement \u00e0 prendre contact avec un service sp\u00e9cialis\u00e9. Pour le canton de Vaud, le\u00a0<a href=\"https:\/\/prevention-ale.ch\/\" target=\"_blank\" rel=\"noopener\">Centre Pr\u00e9vention de l\u2019Ale<\/a>\u00a0(CPAle) au\u00a0<strong>021\/321.24.00\u00a0<\/strong>ou par courriel \u00e0\u00a0<strong>info@prevention-ale.ch<\/strong>\u00a0est l\u2019organisme sp\u00e9cialis\u00e9 pour soutenir les personnes dans votre situation. Des professionnel-le-s pourront vous proposer une premi\u00e8re rencontre non payante qui vous permettra de pr\u00e9senter votre situation en d\u00e9tail. Par la suite, ils vous accompagneront dans le d\u00e9veloppement de nouvelles strat\u00e9gies permettant la gestion de ces situations dans le respect de votre femme et de vous-m\u00eame.<\/p><br \/>\r\n<p style=\"text-align: justify;\">Nous esp\u00e9rons que notre r\u00e9ponse vous apporte une partie de l\u2019aide que vous recherchez. N\u2019h\u00e9sitez pas \u00e0 nous r\u00e9\u00e9crire si vous avez d\u2019autres questions ou si vous souhaitez nous donner des nouvelles.<\/p><\/p><\/div><\/div><\/div><\/div><\/div><div class='qa_acc_item'><span class='acc_toggler'><\/span><div class='item_header'><h3>Violence aupr\u00e8s d&#8217;une connaissance<h3><div class='vqf_fixed_width_text'><p>16 mai 2023 - Mer... Bonjour, La soeur d'un de mes bons amis se fait violement frapp\u00e9 par un homme qu'elle fr\u00e9quente. J'aimerais savoir comment l'aider. Elle ne parle pas beaucoup \u00e0 son fr\u00e8re car elle \u00e0 peur que son...<\/p><\/div><\/div><div class='item_body'><div class='quesion_response_block'><div class='question'><h5>Question<\/h5><div class='vqf_fixed_width_text'><p>16 mai 2023 - Mer...<br \/>\r\n<br \/>\r\nBonjour,<br \/>\r\n<br \/>\r\nLa soeur d'un de mes bons amis se fait violement frapp\u00e9 par un homme qu'elle fr\u00e9quente. J'aimerais savoir comment l'aider. Elle ne parle pas beaucoup \u00e0 son fr\u00e8re car elle \u00e0 peur que son fr\u00e8re devienne fou et qu'il cherche \u00e0 se venger sur l'homme qu'elle fr\u00e9quente.<br \/>\r\n<br \/>\r\nQue faire ? Merci pour vos id\u00e9es<br \/>\r\n<h4><\/p><\/div><\/div><div class='response'><h5>Response<\/h5><div class='vqf_fixed_width_text'><p><\/h4><br \/>\r\nBonjour,<br \/>\r\n<br \/>\r\nNous saluons\u00a0votre d\u00e9marche de prendre\u00a0contact avec nous. En effet, la situation de la soeur de votre ami est pr\u00e9occupante et vous vous sentez concern\u00e9 et soucieux de son bien-\u00eatre.<span style=\"font-family: 'DIN Next Light',serif; color: #333333;\">\u00a0Nous comprenons qu'il n'est pas facile de r\u00e9agir quand on est\u00a0<\/span><a href=\"https:\/\/dev-vqf.creatives.com\/la-violence-dans-le-couple\/je\/temoin\/\" target=\"_blank\" rel=\"noopener\">t\u00e9moin<\/a>, on se sent souvent mal \u00e0 l\u2019aise et d\u00e9muni-e. Mais la violence est destructrice et souvent les victimes ne savent pas comment en sortir car elles\u00a0sont prises dans ce que l'on appelle le\u00a0<a href=\"https:\/\/dev-vqf.creatives.com\/la-violence-dans-le-couple\/la-violence-cest-quoi\/#cycle\" target=\"_blank\" rel=\"noopener\">cycle de la violence<\/a>\u00a0qui entra\u00eene de nombreuses\u00a0<a href=\"https:\/\/dev-vqf.creatives.com\/la-violence-dans-le-couple\/la-violence-cest-quoi\/#cycle\" target=\"_blank\" rel=\"noopener\">cons\u00e9quences<\/a>\u00a0sur leur sant\u00e9 psychologique et physique. Nous imaginons bien que ce n'est pas une d\u00e9marche facile, mais il est important de\u00a0<strong>ne pas rester neutre et de se\u00a0positionner contre toute forme de violence<\/strong>\u00a0car cette derni\u00e8re repr\u00e9sente\u00a0<strong>un r\u00e9el danger<\/strong>\u00a0pour les personnes impliqu\u00e9es. En nous \u00e9crivant aujourd'hui, vous entrez en action et nous vous remercions beaucoup pour cela.<br \/>\r\n<br \/>\r\nTout d'abord,\u00a0<strong>en cas d\u2019urgence, il est important de rappeler \u00e0 la soeur de votre ami qu\u2019elle peut faire appel \u00e0 la police en appelant le 117 afin de recevoir une protection imm\u00e9diate.\u00a0<\/strong>Si vous ou son fr\u00e8re deviez \u00eatre t\u00e9moin d'une sc\u00e8ne de violence,\u00a0<strong>il est \u00e9galement de votre devoir de les appeler.<\/strong><br \/>\r\n<br \/>\r\nVous dites qu'elle a de la peine \u00e0 parler \u00e0 son fr\u00e8re, mais il semblerait qu'elle ait pu vous en parler. Vous avez donc un bon lien de confiance, ce qui est d\u00e9j\u00e0 une<strong>\u00a0ressource pr\u00e9cieuse<\/strong>.<br \/>\r\n<br \/>\r\nSi vous le permettez, nous vous transmettons ce que nous avons pu observer aupr\u00e8s d'autres personnes dans des situations similaires \u00e0 celle de votre connaissance. Il est important pour vous et son fr\u00e8re de respecter son cheminement et\u00a0<strong>de ne pas la brusquer<\/strong>. Le but \u00e9tant de conserver le lien que vous avez avec elle tout en tentant de la mettre en \"mouvement\" afin qu'elle puisse se prot\u00e9ger le moment voulu et solliciter votre aide concr\u00e8te. Vous ne pouvez pas agir \u00e0 sa place, mais vous pouvez lui signifier que vous \u00eates l\u00e0 pour elle sans jugement quant \u00e0 ses choix (continuer la relation ou y mettre un terme). Nous vous proposons quelques pistes que vous pourrez lui communiquer lorsque vous sentirez qu'elle est pr\u00eate \u00e0 entreprendre les d\u00e9marches n\u00e9c\u00e9ssaires pour sortir de cette situation de violence.<br \/>\r\n<br \/>\r\nSi vous nous le permettez, nous vous transmettons d\u00e9j\u00e0 quelques informations au niveau du cadre l\u00e9gal en Suisse. Vous nous expliquez que la soeur de votre ami est violemment frapp\u00e9e par son partenaire. La\u00a0<a href=\"https:\/\/dev-vqf.creatives.com\/la-violence-dans-le-couple\/la-violence-physique\/\" target=\"_blank\" rel=\"noopener\">violence physique<\/a>\u00a0qui est\u00a0<a href=\"https:\/\/dev-vqf.creatives.com\/la-violence-dans-le-couple\/la-violence-cest-quoi\/#loi\" target=\"_blank\" rel=\"noopener\">interdite par la loi<\/a>. Certains actes sont\u00a0<strong>poursuivis d'office<\/strong>\u00a0comme par exemple les violences physiques graves qui laissent des traces.\u00a0Les infractions poursuivies d'office sont celles qui ne n\u00e9cessitent pas le d\u00e9p\u00f4t d'une plainte formelle pour qu'une enqu\u00eate soit ouverte\u00a0; il s'agit souvent des infractions les plus graves. Il suffit que l'infraction potentielle ait \u00e9t\u00e9 port\u00e9e \u00e0 la connaissance de l'autorit\u00e9 par un tiers, cela peut donc \u00eatre fait par vous, pour que celle-ci puisse ouvrir une enqu\u00eate.\u00a0<span style=\"font-family: 'DIN Next Light',serif; color: #333333;\">Si les violences physiques que subit la soeur de votre amie\u00a0<strong>ne sont pas poursuivies d'office<\/strong>\u00a0comme les insultes ou les violences physiques isol\u00e9es, une\u00a0<strong>plainte p\u00e9nale<\/strong>\u00a0peut \u00eatre d\u00e9pos\u00e9e par la victime \u00e0 la police dans un d\u00e9lai de trois mois apr\u00e8s les \u00e9v\u00e9nements.\u00a0Selon la gravit\u00e9 des faits, l'auteur-e\u00a0<\/span><span style=\"font-family: 'DIN Next Light',serif; color: #333333;\">peut \u00eatre expuls\u00e9 du domicile conjugale entre 7 et 14 jours.\u00a0<\/span><br \/>\r\n<br \/>\r\n<span style=\"font-family: 'DIN Next Light',serif; color: #333333;\">Comme vous mentionnez des violences physiques, il serait important que votre connaissance puisse faire rapidement\u00a0<strong>un constat m\u00e9dical<\/strong>\u00a0qui lui permettrait d'avoir une documentation des blessures en cas de proc\u00e9dure judiciaire.\u00a0<strong>Le constat ne l'oblige cependant en aucun cas \u00e0 porter plainte.<\/strong>\u00a0En Valais, les constats se font sur rendez-vous \u00e0 l'Unit\u00e9 de m\u00e9decine des violences de l'H\u00f4pital du Valais \u00e0 Sierre (027 603 63 70) ou au centre hospitalier de Rennaz (058 773 64 77).\u00a0La consultation est confidentielle et gratuite.<\/span><br \/>\r\n<br \/>\r\n<span style=\"font-family: 'DIN Next Light',serif; color: #333333;\">Dans sa situation, la soeur de votre ami pourrait certainement b\u00e9n\u00e9ficier des droits accord\u00e9s par la Loi f\u00e9d\u00e9rale sur l'aide aux victimes d'infraction, la\u00a0<strong><span style=\"font-family: 'DIN Next Light',serif;\">LAVI.<\/span><\/strong>\u00a0En Valais, le\u00a0<a href=\"https:\/\/www.vs.ch\/web\/sas\/lavi-contacts\" target=\"_blank\" rel=\"noopener\">Centre LAVI<\/a>\u00a0 est atteignable au\u00a0<strong><span style=\"font-family: 'DIN Next Light',serif;\">027 607 31 00<\/span><\/strong>, il est pr\u00e9sent dans trois lieux de consultations, \u00e0 Brig, Sion et Collombey-Muraz. Leurs consultations sont\u00a0<strong><span style=\"font-family: 'DIN Next Light',serif;\">gratuites et confidentielles<\/span><\/strong>. Ce centre a pour mission d\u2019apporter aux victimes d\u2019infractions et\/ou \u00e0 leurs proches une aide\u00a0<strong>psychologique, juridique, sociale et mat\u00e9rielle<\/strong>. Un premier rendez-vous permettrait une \u00e9valuation plus compl\u00e8te de\u00a0sa\u00a0situation et\u00a0<strong>cela ne l'oblige en aucun cas \u00e0 porter plainte<\/strong>\u00a0si ce n'est pas ce qu'elle souhaite. Comme vous \u00eates proches, vous pourriez sans autre l'accompagner dans cette d\u00e9marche si elle en ressent le besoin et si vous \u00eates pr\u00eat \u00e0 cela.\u00a0\u00a0\u00a0<\/span><br \/>\r\n<br \/>\r\n<span style=\"font-family: 'DIN Next Light',serif; color: #333333;\">La soeur de votre ami peut \u00e9galement prendre contact avec la\u00a0\u00a0<a href=\"https:\/\/sitemanager.violencequefaire.ch\/sitemanager\/Fondation%20l'EssentiElles\" target=\"_blank\" rel=\"noopener\">Fondation l'EssentiElles<\/a>\u00a0qui l'accompagnera et conseillera de mani\u00e8re\u00a0<strong><span style=\"font-family: 'DIN Next Light',serif;\">confidentielle et gratuite<\/span><\/strong>. Vous pouvez \u00e9galement \u00eatre pr\u00e9sent dans cette d\u00e9marche si elle le d\u00e9sire et vous aussi. Les professionnel-le-s peuvent \u00eatre atteint-e-s durant les heures de bureau au\u00a0<strong><span style=\"font-family: 'DIN Next Light',serif;\">079 320 90 70<\/span><\/strong>. Vous pouvez parler de votre situation par t\u00e9l\u00e9phone ou en\u00a0pr\u00e9sentiel avec un-e intervenant-e sp\u00e9cialiste des violences domestiques qui saura vous \u00e9couter et vous aiguiller.\u00a0<\/span><br \/>\r\n<br \/>\r\n<span style=\"font-family: 'DIN Next Light',serif; color: #333333;\">De plus, si elle a\u00a0besoin\u00a0<strong>d'un h\u00e9bergement<\/strong>, la Fondation l'EssentiElles ou la LAVI peuvent proposer une solution d'accueil dans la r\u00e9gion du Chablais\u00a0de Sion et de Martigny qui peut durer jusqu'\u00e0 35 jours (renouvelables selon les situations). Durant cette p\u00e9riode, les d\u00e9marches\u00a0<strong>juridiques et\u00a0administratives<\/strong>\u00a0 pourront \u00eatre entam\u00e9es avec le soutien des professionnels\u00b7les de la structure.<\/span><br \/>\r\n<br \/>\r\n<span style=\"font-family: 'DIN Next Light',serif; color: #333333;\">Enfin, une autre piste serait de lui parler du site\u00a0<a href=\"https:\/\/dev-vqf.creatives.com\/\" target=\"_blank\" rel=\"noopener\">violencequefaire<\/a>, afin qu'elle puisse se renseigner sur les m\u00e9canismes de la violence au sein du couple. Parfois, cette \u00e9tape est plus facile dans un premier temps pour prendre conscience de la gravit\u00e9 de sa situation.<br \/>\r\n<\/span><br \/>\r\n<br \/>\r\nNous esp\u00e9rons que notre r\u00e9ponse vous aura aid\u00e9 et que la situation pourra s'am\u00e9liorer. Nous restons bien s\u00fbr \u00e0 votre enti\u00e8re disposition si vous aviez d'autres questions et vous adressons nos meilleurs messages.<\/p><\/div><\/div><\/div><\/div><\/div><div class='qa_acc_item'><span class='acc_toggler'><\/span><div class='item_header'><h3>J&#8217;entends des cris et des objets qui tombent chez mes voisins<h3><div class='vqf_fixed_width_text'><p>11 mai 2023 - una... j'habite depuis deux mois dans un immeuble et \u00e0 l'appartement au dessus, j'entends souvent des cris, des objets qui tombent, des pleurs, portes qui claquent, etc... sauvent le soir (22h a 2h) plusieurs fois par...<\/p><\/div><\/div><div class='item_body'><div class='quesion_response_block'><div class='question'><h5>Question<\/h5><div class='vqf_fixed_width_text'><p>11 mai 2023 - una...<br \/>\r\n<br \/>\r\nj'habite depuis deux mois dans un immeuble et \u00e0 l'appartement au dessus, j'entends souvent des cris, des objets qui tombent, des pleurs, portes qui claquent, etc... sauvent le soir (22h a 2h) plusieurs fois par semaine. ne voulant pas rendre la situation pire, j'ai choisis de ne pas appeler la police mais je ne sais pas quoi faire...<br \/>\r\n<h4><\/p><\/div><\/div><div class='response'><h5>Response<\/h5><div class='vqf_fixed_width_text'><p><\/h4><br \/>\r\n<p style=\"text-align: justify;\">Bonjour,<\/p><br \/>\r\n<p style=\"text-align: justify;\">Vous habitez depuis deux mois dans un immeuble dans lequel vous entendez des cris, des objets qui tombent, des pleurs, etc. dans l'appartement au dessus. Vous\u00a0avez choisi de ne pas appeler la police afin de ne pas empirer la situation mais vous ne savez pas quoi faire.<\/p><br \/>\r\n<p style=\"text-align: justify;\">Nous vous remercions pour votre question et pour votre pr\u00e9ccupation pour vos voisins. Il s'agit toujours d'<a href=\"https:\/\/dev-vqf.creatives.com\/la-violence-dans-le-couple\/je\/temoin\/\" target=\"_blank\" rel=\"noopener\">une question difficile pour le voisinage de savoir s'il faut intervenir et de quelle mani\u00e8re<\/a>\u00a0et c'est pourquoi nous saluons votre d\u00e9marche de vous renseigner sur ce qu'il est possible de faire dans une telle situation.<\/p><br \/>\r\n<p style=\"text-align: justify;\">M\u00eame dans le doute, la piste la plus appropri\u00e9e serait d'appeler\u00a0<strong>la police<\/strong>\u00a0aux prochains cris qui vous interpellent et de\u00a0<strong>continuer \u00e0 les appeler<\/strong>\u00a0si les disputes continuent m\u00eame apr\u00e8s l'intervention de la police.\u00a0Joignable<strong>\u00a024h\/24\u00a0<\/strong>au num\u00e9ro<strong>\u00a0117,\u00a0<\/strong>elle pourra se d\u00e9placer afin de faire un constat de\u00a0la situation et comprendre ce qu'il se passe chez vos voisin-es. Les personnes impliqu\u00e9es\u00a0seront entendues s\u00e9par\u00e9ment. En\u00a0cas de violence au sein du couple et en fonction de leur \u00e9valuation de la gravit\u00e9 des violences,<strong>\u00a0<\/strong>la police\u00a0pourra prendre la d\u00e9cision\u00a0d'<a href=\"https:\/\/solfemmes.ch\/index.php\/fr\/themes\/bases-legales?start=2\" target=\"_blank\" rel=\"noopener\">expulser temporairement l'auteur-e \u00a0du\u00a0domicile et l'interdire de rentrer en contact avec la victime<\/a>\u00a0afin de la prot\u00e9ger, et ce jusqu'\u00e0 l'audience de validation de cette mesure d'expulsion au Tribunal Civil.\u00a0La police transmettra aussi \u00e0 la victime et \u00e0 l\u2019auteur-e des informations sur les offres d\u2019entretien, de programmes socio-\u00e9ducatifs et de consultations th\u00e9rapeutiques.<\/p><br \/>\r\n<p style=\"text-align: justify;\">Nous imaginons bien que ce n'est pas une d\u00e9marche facile, mais il est important de\u00a0<strong>ne pas rester neutre et de se\u00a0positionner contre toute forme de violence<\/strong>\u00a0car cette derni\u00e8re repr\u00e9sente\u00a0<strong>un r\u00e9el danger<\/strong>\u00a0pour les personnes impliqu\u00e9es.<\/p><br \/>\r\n<p style=\"text-align: justify;\">Dans un deuxi\u00e8me temps, si vous vous sentez \u00e0 l'aise et m\u00eame si vous ne la connaissez pas, vous pouvez aussi essayer de parler \u00e0 la victime, en lui demandant par exemple comment elle va et en lui faisant part de vos inqui\u00e9tudes. Vous pouvez par exemple lui donner le lien de\u00a0<a href=\"https:\/\/dev-vqf.creatives.com\" target=\"_blank\" rel=\"noopener\">notre site internet<\/a>, ou alors lui dire qu'en cas de probl\u00e8mes \u00e0 la maison elle peut se rendre \u00e0 la maison d'accueil et au centre de consultation\u00a0<a href=\"https:\/\/solfemmes.ch\/index.php\/fr\/\" target=\"_blank\" rel=\"noopener\">Solidarit\u00e9 Femmes<\/a>.\u00a0Vous pouvez aussi simplement lui indiquer qu'elle n'est pas seule et que vous \u00eates l\u00e0 pour elle si elle a besoin d'aide ; cela peut para\u00eetre banal, mais peut \u00eatre un \u00e9norme\u00a0soutien\u00a0pour quelqu'un qui vit de la violence au sein de son foyer.<\/p><br \/>\r\n<p style=\"text-align: justify;\">Nous esp\u00e9rons que notre r\u00e9ponse vous aura aid\u00e9e et que la situation pourra s'am\u00e9liorer. Nous restons bien s\u00fbr \u00e0 votre enti\u00e8re disposition si vous aviez d'autres questions et vous adressons nos meilleurs messages.<\/p><\/p><\/div><\/div><\/div><\/div><\/div><div class='qa_acc_item'><span class='acc_toggler'><\/span><div class='item_header'><h3>Violence conjugale<h3><div class='vqf_fixed_width_text'><p>10\u00a0 mai 2023 - yas... Bonjour, Je me permets de vous contacter car ma s\u0153ur subit des violences conjugales (verbales et physiques). Elle est alg\u00e9rienne et arriv\u00e9e en Suisse en Octobre 2022, elle est titulaire d'un permis de s\u00e9jour B...<\/p><\/div><\/div><div class='item_body'><div class='quesion_response_block'><div class='question'><h5>Question<\/h5><div class='vqf_fixed_width_text'><p>10\u00a0 mai 2023 - yas...<br \/>\r\n<br \/>\r\nBonjour,<br \/>\r\n<br \/>\r\nJe me permets de vous contacter car ma s\u0153ur subit des violences conjugales (verbales et physiques). Elle est alg\u00e9rienne et arriv\u00e9e en Suisse en Octobre 2022, elle est titulaire d'un permis de s\u00e9jour B (regroupement familiale) sauf qu'elle a peur d'aller voir la police par crainte de lui retirer son permis de s\u00e9jour.<br \/>\r\n<br \/>\r\nPourriez-vous svp me pr\u00e9ciser ce que ma s\u0153ur risque si elle d\u00e9pose plainte? Si elle demande le divorce, est-ce qu'elle risque de perdre son permis de s\u00e9jour?<br \/>\r\n<br \/>\r\nCordialement<br \/>\r\n<h4><\/p><\/div><\/div><div class='response'><h5>Response<\/h5><div class='vqf_fixed_width_text'><p><\/h4><br \/>\r\n<p style=\"text-align: justify;\">Bonjour,<\/p><br \/>\r\n<p style=\"text-align: justify;\">Vous vous inqui\u00e9tez pour votre soeur qui subit des violences au sein de son couple. Titulaire d'un permis B par regroupement familiale, votre soeur craint de perdre son permis si elle s'adresse \u00e0 la police ou si elle divorce.<\/p><br \/>\r\n<p style=\"text-align: justify;\">Les violences au sein du couple sont interdites par\u00a0<a href=\"https:\/\/dev-vqf.creatives.com\/la-violence-dans-le-couple\/la-violence-cest-quoi\/#loi\" target=\"_blank\" rel=\"noopener\">la loi<\/a>\u00a0en Suisse.\u00a0Les violences physiques agies au sein d\u2019un couple peuvent \u00eatre\u00a0<strong>poursuivies d\u2019office.<\/strong>\u00a0A savoir que d\u00e8s qu\u2019une autorit\u00e9 p\u00e9nale a connaissance de violences agies au sein d\u2019un couple, elle doit agir,\u00a0<strong>ind\u00e9pendamment du souhait de la victime<\/strong>. Quand la police est avertie, elle peut intervenir sur site et\u00a0<strong>expulser temporairement<\/strong>\u00a0<strong>du domicile l\u2019auteur-e des faits<\/strong>. C\u2019est une\u00a0<strong>mesure civile de protection<\/strong>\u00a0pour la personne qui en est victime. L\u2019auteur-e a l\u2019interdiction de revenir au domicile (les cl\u00e9s sont retir\u00e9es par la police) ou de prendre contact avec la victime jusqu\u2019\u00e0 une audience de validation de cette mesure d\u2019expulsion au tribunal civil. Lors de cette audience quelques jours apr\u00e8s l\u2019expulsion de l\u2019auteur-e, la personne qui est victime peut d\u00e9cider si elle souhaite que le conjoint expuls\u00e9\u00a0revienne au domicile ou si elle souhaite une s\u00e9paration temporaire. Lors de cette audience et si la personne victime souhaite une s\u00e9paration m\u00eame temporaire, le\/la Juge peut statuer sur qui du couple a l'attribution de l'appartement familial, de m\u00eame que la garde des enfants. Une pension et des droits de visite pour l'autre parent non gardien est aussi discut\u00e9e.\u00a0<strong>En parall\u00e8le une proc\u00e9dure p\u00e9nale est activ\u00e9e, que la victime ait d\u00e9pos\u00e9 plainte p\u00e9nale ou non.\u00a0<\/strong><\/p><br \/>\r\nConcernant votre question sur les cons\u00e9quences sur son permis de s\u00e9jour si elle divorce, nous ne sommes pas ici comp\u00e9tent-e-s pour vous r\u00e9pondre avec pr\u00e9cision. Au niveau de la loi,\u00a0<a href=\"https:\/\/www.fedlex.admin.ch\/eli\/cc\/2007\/758\/fr#art_50\" target=\"_blank\" rel=\"noopener\">L'article 50 de la loi f\u00e9d\u00e9rale sur les \u00e9trangers<\/a>\u00a0pr\u00e9voit que le droit \u00e0 une autorisation de s\u00e9jour subsite si l'union conjugale a dur\u00e9 au moins 3 ans et que l'int\u00e9gration du\/de la conjoint-e est r\u00e9ussie. Cet article pr\u00e9voit aussi que l'autorisation subsiste \"pour des raisons personnelles majeures\", notamment lorsque le ou la conjoint-e est victime de violences conjugales. Malgr\u00e9 le fait que cette loi existe, l'autorisation de s\u00e9jour n'est pas \"automatique\" et d\u00e9pend de l'appr\u00e9ciation des autorit\u00e9s qui peuvent demander de prouver \"l'intensit\u00e9\" des violences subies. Ainsi, il est crucial que votre soeur puisse se faire accompagner et conseiller pr\u00e9cis\u00e9ment par\u00a0<a href=\"https:\/\/csp.ch\/berne-jura\/%20\" target=\"_blank\" rel=\"noopener\">le Centre Social Protestant du canton de\u00a0Berne<\/a>: il s'adresse \u00e0 toute personne \u00e9trang\u00e8re ou suisse qui a des questions concernant la migration, le permis de s\u00e9jour, la s\u00e9paration ou le divorce. Leurs \u00e9quipes organisent des permanences collectives ainsi que des rendez-vous individuels dans plusieurs lieux du canton, votre soeur pourrait\u00a0<a href=\"https:\/\/csp.ch\/berne-jura\/contact\/\" target=\"_blank\" rel=\"noopener\">choisir un lieu proche de chez elle.<\/a>\u00a0Pour des informations ou prise de rendez-vous, elle peut les appeler au\u00a0<strong>032 493 32 21<\/strong><span class=\"apple-converted-space\">\u00a0pour Moutier,\u00a0<strong>032 486 91 00<\/strong>\u00a0pour Tramelan, et\u00a0<strong>032 493 32 21<\/strong>\u00a0pour Bienne. Afin qu'elle obtienne rapidement un rendez-vous, nous recommandons \u00e0 votre soeur d'indiquer au t\u00e9l\u00e9phone qu'elle subit des violences conjugales.<br \/>\r\n<\/span><br \/>\r\n<p style=\"text-align: justify;\">Nous esp\u00e9rons que cette orientation pourra aider votre soeur \u00e0 trouver les r\u00e9ponses \u00e0 ses questions. Nous restons bien entendu \u00e0 votre enti\u00e8re disposition si vous aviez d'autres questions ou si vous souhaitiez nous donner de vos nouvelles dans quelques temps. Nous vous adressons nos cordiales salutations.<\/p><\/p><\/div><\/div><\/div><\/div><\/div><div class='qa_acc_item'><span class='acc_toggler'><\/span><div class='item_header'><h3>Suspicion de violence domestique sur un patient<h3><div class='vqf_fixed_width_text'><p>10\u00a0 mai 2023 - CS... Je suis une professionnel de sant\u00e9 \u00e0 l'h\u00f4pital et je suspects que mon patient subi de la violence \u00e0 la maison. Que puis-je faire? Merci<\/p><\/div><\/div><div class='item_body'><div class='quesion_response_block'><div class='question'><h5>Question<\/h5><div class='vqf_fixed_width_text'><p>10\u00a0 mai 2023 - CS...<br \/>\r\n<br \/>\r\nJe suis une professionnel de sant\u00e9 \u00e0 l'h\u00f4pital et je suspects que mon patient subi de la violence \u00e0 la maison. Que puis-je faire? Merci<br \/>\r\n<h4><\/h4><br \/>\r\n<h4><\/p><\/div><\/div><div class='response'><h5>Response<\/h5><div class='vqf_fixed_width_text'><p><\/h4><br \/>\r\n<p style=\"font-weight: 400; text-align: justify;\">Bonjour Madame,<\/p><br \/>\r\n<p style=\"font-weight: 400; text-align: justify;\">Vous suspectez que l\u2019un de vos patient subit de la violence domestique et vous nous demander conseil afin de savoir ce que vous pouvez faire. Vous avez bien fait de prendre vos soup\u00e7ons au s\u00e9rieux et de nous contacter car les professionnel\u00b7le\u00b7s de la sant\u00e9 sont au premier plan pour d\u00e9tecter la violence puis orienter la personne victime vers les services sp\u00e9cialis\u00e9s. Cependant, il est souvent tout autant d\u00e9licat pour la ou le professionnel\u00b7le d\u2019aborder la question (manque de connaissance, peur d\u2019offenser la personne, etc) que pour la personne victime (peur, honte, etc). Pourtant, les \u00e9tudes montrent que la majorit\u00e9 des victimes sont favorables au d\u00e9pistage de la violence domestique par les professionnel\u00b7le\u00b7s de la sant\u00e9. Aborder la question, demande n\u00e9anmoins de pouvoir r\u00e9pondre aux besoins des personnes subissant de la violence. De mani\u00e8re g\u00e9n\u00e9rale, les r\u00e9ponses adapt\u00e9es sont celles qui l\u00e9gitiment le v\u00e9cu de la personne, la prennent au s\u00e9rieux, qui reconnaissent ses droits et besoins et qui accompagnent vers l'aide n\u00e9cessaire.<\/p><br \/>\r\n<p style=\"font-weight: 400; text-align: justify;\">Plus concr\u00e8tement, voici quelques outils qui peuvent vous aider \u00e0 entrer en mati\u00e8re\u00a0:<\/p><br \/>\r\n<br \/>\r\n<ul style=\"text-align: justify;\"><br \/>\r\n \t<li><strong>D\u00e9tecter la violence\u00a0:\u00a0<\/strong>Vivre dans un contexte de violence peut entra\u00eener\u00a0<a href=\"https:\/\/dev-vqf.creatives.com\/la-violence-dans-le-couple\/la-violence-cest-quoi\/#consequences\" target=\"_blank\" rel=\"noopener\">des cons\u00e9quences multiples et graves sur l\u2019\u00e9tat de sant\u00e9<\/a>. Des plaintes vagues, des sympt\u00f4mes chroniques sans explications physique, des probl\u00e8mes psychosomatiques, des blessures qui ne correspondent pas \u00e0 l\u2019explication donn\u00e9e ou un isolement social sont des exemples de signaux d\u2019alerte \u00e0 consid\u00e9rer.\u00a0<strong>Oser questionner<\/strong>\u00a0d\u00e9licatement, sans jugement et de mani\u00e8re confidentiel (hors pr\u00e9sence du ou de la partenaire) permet d\u2019offrir la possibilit\u00e9 \u00e0 la personne de briser le silence. Vous pouvez lui demander, par exemple\u00a0:<\/li><br \/>\r\n<\/ul><br \/>\r\n<p style=\"font-weight: 400; text-align: justify; padding-left: 30px;\">-Parfois, lorsque des personnes rencontrent des difficult\u00e9s comme les v\u00f4tres, on se rend \u00a0 \u00a0 \u00a0 compte qu\u2019elles ont des probl\u00e8mes \u00e0 la maison. Est-ce votre cas\u00a0?<\/p><br \/>\r\n<p style=\"font-weight: 400; text-align: justify; padding-left: 30px;\">-Comment d\u00e9cririez-vous la relation avec votre partenaire\u00a0? Comment \u00e7a se passe quand vous vous disputez\u00a0?<\/p><br \/>\r\n<p style=\"font-weight: 400; text-align: justify; padding-left: 30px;\">\u00a0-Est-ce que votre partenaire essaie de vous contr\u00f4ler\u00a0? Avez-vous parfois peur de ce que votre partenaire pourrait dire ou faire\u00a0?<\/p><br \/>\r\n<p style=\"font-weight: 400; text-align: justify; padding-left: 30px;\">Si la personne de d\u00e9clare aucune violence mais que vos doutes persistent, vous pouvez toujours lui dire que vous \u00eates inqui\u00e8te, lui donner des adresses utiles et lui communiquer que vous restez disponible si elle souhaite en parler plus tard. Nous vous conseillons \u00e9galement de garder une trace de vos soup\u00e7ons et observations dans le dossier.<\/p><br \/>\r\n<br \/>\r\n<ul style=\"text-align: justify;\"><br \/>\r\n \t<li><strong>Offrir un message clair de soutien\u00a0:<\/strong>\u00a0Lorsqu\u2019une personne subissant des violences se confie sur ce qu\u2019elle vit, il est important de prendre la violence au s\u00e9rieux, sans la minimiser, la justifier ou la banaliser. Il est n\u00e9cessaire de rappeler que\u00a0<a href=\"https:\/\/dev-vqf.creatives.com\/la-violence-dans-le-couple\/la-violence-cest-quoi\/#loi\" target=\"_blank\" rel=\"noopener\">la violence est interdite par la loi<\/a>\u00a0et que la seule personne responsable est celle qui commet les actes de violence.<\/li><br \/>\r\n<\/ul><br \/>\r\n<ul style=\"text-align: justify;\"><br \/>\r\n \t<li><strong>Traiter la situation\u00a0:\u00a0<\/strong>Votre r\u00f4le n\u2019est pas de traiter la violence ni d\u2019assumer la pleine responsabilit\u00e9 de la prise en charge de la situation de violence. Il est important de respecter vos limites personnelles et professionnelles. Cependant, vous pouvez agir un bout en tant que professionnel\u00b7le\u00b7s de la sant\u00e9 puis orienter vers les services sp\u00e9cialis\u00e9s. N\u2019h\u00e9sitez pas \u00e0 demander du soutien \u00e0 vos coll\u00e8gues ou \u00e0 votre hi\u00e9rarchie. Sortir de la violence domestique est un processus souvent long et difficile, il est n\u00e9cessaire d\u2019accompagner la personne victime en respectant ses choix et son rythme.<\/li><br \/>\r\n<\/ul><br \/>\r\n<ul style=\"text-align: justify;\"><br \/>\r\n \t<li><strong>Informer\u00a0et prot\u00e9ger :\u00a0<\/strong>Il est utile d\u2019informer la personne de ses droits (<a href=\"https:\/\/dev-vqf.creatives.com\/la-violence-dans-le-couple\/je\/victime\/\" target=\"_blank\" rel=\"noopener\">voir la section \u00ab\u00a0vos droits\u00a0\u00bb<\/a>) et de l\u2019existence des services d\u2019aide sp\u00e9cialis\u00e9s. Elle peut s\u2019adresser au centre d\u2019aide aux victime\u00a0<a href=\"https:\/\/www.profa.ch\/lavi\" target=\"_blank\" rel=\"noopener\">un centre d\u2019aide au victime (centre LAVI)<\/a>. Dans le canton de Vaud, il existe trois antennes joignables par t\u00e9l\u00e9phone :\u00a0<strong>centre LAVI Aigle 021 631 03 04, centre LAVI Lausanne 021 631 03 00, centre LAVI Yverdon 021 631 03 08<\/strong>. Les consultations sont gratuites et anonymes. Des professionnel\u00b7le\u00b7s pourront l\u2019\u00e9couter, l\u2019informer sur ses droits et sur les diff\u00e9rentes possibilit\u00e9s d\u2019aide. Si votre patient le souhaite, un h\u00e9bergement d'urgence peut \u00e9galement \u00eatre organis\u00e9\u00a0afin d\u2019\u00eatre en s\u00e9curit\u00e9 et de prendre du recul sur sa situation.<\/li><br \/>\r\n<\/ul><br \/>\r\n<p style=\"text-align: justify;\">Finalement, nous vous invitons \u00e0 consulter\u00a0<a href=\"https:\/\/dev-vqf.creatives.com\/la-violence-dans-le-couple\/je\/temoin\/\" target=\"_blank\" rel=\"noopener\">la section \u00ab\u00a0pour l\u2019entourage\u00a0\u00bb<\/a>\u00a0de notre site qui vous apportera des informations compl\u00e9mentaires. En effet, ces situations peuvent \u00e9galement \u00eatre difficiles \u00e9motionnellement pour les t\u00e9moins. Nous vous invitons \u00e0 \u00e9couter vos ressentis et prendre soin de vous.<\/p><br \/>\r\n<p style=\"font-weight: 400; text-align: justify;\">Nous esp\u00e9rons que notre r\u00e9ponse vous sera aidante et nous vous souhaitons bon courage dans le soutien de votre patient. N\u2019h\u00e9sitez pas \u00e0 nous r\u00e9\u00e9crire si vous avez d\u2019autres questions ou pour nous donner des nouvelles de la situation. Nos meilleures salutations.<\/p><\/p><\/div><\/div><\/div><\/div><\/div><div class='qa_acc_item'><span class='acc_toggler'><\/span><div class='item_header'><h3>Je suis en d\u00e9tresse<h3><div class='vqf_fixed_width_text'><p>05\u00a0 mai 2023 - A... Je vis une situation tr\u00e8s compliqu\u00e9e. Mari\u00e9e depuis 15ans avec un homme possessif. Je n'arrive pas \u00e0 m'en sortir, j'\u00e9prouve une profonde tristesse et je n'ai plus envie de continuer. J'en ai marre de souffrir...<\/p><\/div><\/div><div class='item_body'><div class='quesion_response_block'><div class='question'><h5>Question<\/h5><div class='vqf_fixed_width_text'><p>05\u00a0 mai 2023 - A...<br \/>\r\n<br \/>\r\nJe vis une situation tr\u00e8s compliqu\u00e9e. Mari\u00e9e depuis 15ans avec un homme possessif. Je n'arrive pas \u00e0 m'en sortir, j'\u00e9prouve une profonde tristesse et je n'ai plus envie de continuer. J'en ai marre de souffrir mais je n'ai pas la force de m'en sortir. Je suis s\u00fbre qu'il finira par me tuer.<br \/>\r\n<h4><\/h4><br \/>\r\n<h4><\/p><\/div><\/div><div class='response'><h5>Response<\/h5><div class='vqf_fixed_width_text'><p><\/h4><br \/>\r\n<p style=\"text-align: justify;\">Bonjour Madame,<\/p><br \/>\r\n<p style=\"text-align: justify;\">Vous \u00eates mari\u00e9e depuis 15 ans avec un homme possessif et vous n'arrivez pas \u00e0 vous en sortir, vous en avez marre de souffrir mais n'avez plus de force, vous \u00eates certaine que votre mari finira par vous tuer.<\/p><br \/>\r\n<p style=\"text-align: justify;\"><strong>Votre message nous inqui\u00e8te beaucoup<\/strong>, vous avez bien fait de nous contacter. Nous tenons tout particuli\u00e8rement \u00e0 insister sur le fait que\u00a0<strong>vous n'\u00eates pas seule.<\/strong>\u00a0Des professionnel-les sont l\u00e0 pour vous \u00e9pauler et vous encourager \u00e0 en sortir. Nous \u00e9crire est d\u00e9j\u00e0 un premier pas important et nous saluons\u00a0<strong>votre<\/strong>\u00a0<strong>courage<\/strong>\u00a0d'avoir pris contact avec nous.<\/p><br \/>\r\n<p style=\"text-align: justify;\">La violence au sein du couple peut prendre diff\u00e9rentes formes, elle peut \u00eatre\u00a0<a href=\"https:\/\/dev-vqf.creatives.com\/la-violence-dans-le-couple\/la-violence-psychologique\/\" target=\"_blank\" rel=\"noopener\">psychologique<\/a>,\u00a0<a href=\"https:\/\/dev-vqf.creatives.com\/la-violence-dans-le-couple\/la-violence-physique\/\" target=\"_blank\" rel=\"noopener\">physique<\/a>,\u00a0<a href=\"https:\/\/dev-vqf.creatives.com\/la-violence-dans-le-couple\/la-violence-sexuelle\/\" target=\"_blank\" rel=\"noopener\">sexuelle<\/a>\u00a0ou\u00a0<a href=\"https:\/\/dev-vqf.creatives.com\/la-violence-dans-le-couple\/la-violence-economique\/\" target=\"_blank\" rel=\"noopener\">\u00e9conomique<\/a>.\u00a0La\u00a0<a href=\"https:\/\/dev-vqf.creatives.com\/la-violence-dans-le-couple\/la-violence-psychologique\/\" target=\"_blank\" rel=\"noopener\">violence psychologique\u00a0<\/a>est difficile \u00e0 reconna\u00eetre car elle ne laisse pas traces sur le corps, mais elle a pourtant de\u00a0<a href=\"https:\/\/dev-vqf.creatives.com\/la-violence-dans-le-couple\/la-violence-cest-quoi\/#consequences\" target=\"_blank\" rel=\"noopener\">lourdes cons\u00e9quences sur\u00a0la sant\u00e9 psychique et physique<\/a>\u00a0des victimes. Elle est constitu\u00e9e de propos d\u00e9nigrants r\u00e9p\u00e9t\u00e9s, d'insultes, d'humiliations, de menaces, ou encore de contr\u00f4le et de harc\u00e8lement de la victime, nier ses choix ou l'intimider. Ce sont des actes qui sont\u00a0<strong><a href=\"https:\/\/dev-vqf.creatives.com\/la-violence-dans-le-couple\/la-violence-cest-quoi\/#loi\" target=\"_blank\" rel=\"noopener\">graves<\/a><\/strong>\u00a0et qui ne sont\u00a0<strong>pas tol\u00e9rables<\/strong>, quel que soit le contexte et le comportement de la victime. La violence peut \u00eatre tr\u00e8s subtile, et va atteindre\u00a0peu \u00e0 peu l'estime de soi des personnes victimes au fur et \u00e0 mesure du\u00a0<a href=\"https:\/\/dev-vqf.creatives.com\/la-violence-dans-le-couple\/la-violence-cest-quoi\/#cycle\" target=\"_blank\" rel=\"noopener\">cycle des violences<\/a>.\u00a0Dans ces situations, il\u00a0est important de pouvoir s'entourer et de\u00a0<strong>ne pas rester seul-e<\/strong>.<\/p><br \/>\r\n<p style=\"text-align: justify;\">Nous nous permettons de vous poser quelques questions introspectives:<\/p><br \/>\r\n<br \/>\r\n<ul style=\"text-align: justify;\"><br \/>\r\n \t<li style=\"text-align: justify;\">De quoi avez-vous besoin?<\/li><br \/>\r\n \t<li style=\"text-align: justify;\">Qu'est-ce qui vous fait penser qu'il finira par vous tuer?<\/li><br \/>\r\n \t<li style=\"text-align: justify;\">Quelles sont vos ressources (ami-es, famille,...) qui pourraient vous aider dans cette situation?<\/li><br \/>\r\n \t<li style=\"text-align: justify;\">En avez-vous parl\u00e9 \u00e0 quelqu'un de confiance?<\/li><br \/>\r\n<\/ul><br \/>\r\n<p style=\"text-align: justify;\">En Valais, il existe la\u00a0<a href=\"https:\/\/sitemanager.violencequefaire.ch\/sitemanager\/Fondation%20l'EssentiElles\" target=\"_blank\" rel=\"noopener\">Fondation l'EssentiElles<\/a>\u00a0qui accompagne et conseille de mani\u00e8re confidentielle et gratuite les victimes de<span class=\"apple-converted-space\">\u00a0<\/span><a href=\"https:\/\/sitemanager.violencequefaire.ch\/sitemanager\/violence%20psychologique\" target=\"_blank\" rel=\"noopener\">violence psychologique<\/a>\u00a0et\u00a0<a href=\"https:\/\/dev-vqf.creatives.com\/la-violence-dans-le-couple\/la-violence-economique\/\" target=\"_blank\" rel=\"noopener\">\u00e9conomique<\/a>. Vous pouvez les atteindre durant les heures de bureau au<span class=\"apple-converted-space\">\u00a0<\/span><strong>079 320 90 70<\/strong>. Vous pouvez parler de votre situation par t\u00e9l\u00e9phone ou en\u00a0pr\u00e9sentiel avec une professionnelle sp\u00e9cialiste des violences domestiques qui saura vous \u00e9couter et \u00a0vous accompagner dans toutes vos d\u00e9marches. Cette Fondation organise \u00e9galement des groupes de parole 8 \u00e0 10 fois par ann\u00e9e et propose des soutiens avec des th\u00e9rapeutes. Il est aussi tout \u00e0 fait possible de quitter votre domicile afin d'avoir un peu de r\u00e9pit pour pouvoir r\u00e9fl\u00e9chir \u00e0 votre situation et aux solutions qui s'offrent \u00e0 vous ;\u00a0<strong>si vous avez besoin d'un h\u00e9bergement, la Fondation offre une solution d'accueil dans la r\u00e9gion du Chablais,<\/strong>\u00a0elle collabore \u00e9galement avec les deux autres h\u00e9bergements du canton romand \u00e0 Sion et dans la r\u00e9gion de Martigny. N'h\u00e9sitez pas \u00e0 prendre contact avec cette derni\u00e8re afin d'\u00eatre soutenue dans votre situation.<\/p><br \/>\r\n<p style=\"text-align: justify;\">Dans le cas de violence physique ou sexuelle, le Centre LAVI, joignable au<span class=\"apple-converted-space\">\u00a0<\/span><strong>027 607 31 00<\/strong>, peut vous soutenir sur les plans\u00a0<strong>psychologique<\/strong>,\u00a0<strong>juridique<\/strong>\u00a0ou de\u00a0<strong>protection<\/strong>. Diff\u00e9rents lieux de consultation existent sur le canton du Valais, ainsi, vous pouvez trouver des bureaux \u00e0 Sion, Collombey-Murat et Birgue. Les entretiens avec les professionnel-le-s du Centre LAVI sont\u00a0<strong>gratuits<\/strong>\u00a0et\u00a0<strong>confidentiels<\/strong>. Vous trouverez plus d\u2019informations sur leur<span class=\"apple-converted-space\">\u00a0<\/span><a href=\"https:\/\/www.vs.ch\/web\/sas\/lavi-beneficiaires\" target=\"_blank\" rel=\"noopener\">site internet<\/a>.<\/p><br \/>\r\n<p style=\"text-align: justify;\">La<span class=\"apple-converted-space\">\u00a0<\/span><a href=\"https:\/\/www.violences-domestiques.ch\/fr\/\" target=\"_blank\" rel=\"noopener\">plateforme valaisanne<\/a><span class=\"apple-converted-space\">\u00a0<\/span>contre la violence domestique a \u00e9galement une ligne t\u00e9l\u00e9phonique (<strong>027 607 31 00<\/strong>) o\u00f9 vous pourrez trouver des orientations de soutien suppl\u00e9mentaires.<\/p><br \/>\r\n<p style=\"text-align: justify;\">A tout moment, si vous avez besoin de parler, vous pouvez contacter la\u00a0<a href=\"https:\/\/www.143.ch\/fr\/\" target=\"_blank\" rel=\"noopener\">Main Tendue<\/a>, qui r\u00e9pond\u00a0<strong>au<\/strong>\u00a0<strong>num\u00e9ro<\/strong>\u00a0<strong>143<\/strong>, 24\/34h et 7\/7j et qui propose une \u00e9coute bienveillante et confidentielle.<\/p><br \/>\r\n<p style=\"text-align: justify;\">Nous esp\u00e9rons avoir pu vous donner un peu de force pour pouvoir contacter l'une de ses ressources. Notre porte reste toujours ouverte si vous avez une nouvelle question ou si vous souhaitez nous donner de vos nouvelles. Avec nos meilleures pens\u00e9es.<\/p><\/p><\/div><\/div><\/div><\/div><\/div><div class='qa_acc_item'><span class='acc_toggler'><\/span><div class='item_header'><h3>Suis-je victime de violences psychologiques ?<h3><div class='vqf_fixed_width_text'><p>28 avril 2023 - Sy... Bonjour, une probl\u00e9matique me trouble : est-il possible que je sois victime de violences psychologiques de la part de mon mari sans m'en rendre compte ? Divers t\u00e9moignages dans le m\u00eame sens commencent \u00e0 m'interpeler....<\/p><\/div><\/div><div class='item_body'><div class='quesion_response_block'><div class='question'><h5>Question<\/h5><div class='vqf_fixed_width_text'><p>28 avril 2023 - Sy...<br \/>\r\n<br \/>\r\nBonjour, une probl\u00e9matique me trouble : est-il possible que je sois victime de violences psychologiques de la part de mon mari sans m'en rendre compte ? Divers t\u00e9moignages dans le m\u00eame sens commencent \u00e0 m'interpeler. Merci beaucoup de votre r\u00e9ponse.<br \/>\r\n<h4><\/h4><br \/>\r\n<h4><\/p><\/div><\/div><div class='response'><h5>Response<\/h5><div class='vqf_fixed_width_text'><p><\/h4><br \/>\r\n<p style=\"text-align: justify;\">Bonjour,<\/p><br \/>\r\n<p style=\"text-align: justify;\">Vous aimeriez savoir s'il est\u00a0possible que vous soyiez victime de violence psychologique de votre mari sans vous rendre compte.<\/p><br \/>\r\n<p style=\"text-align: justify;\">Vous avez bien fait de nous \u00e9crire. En effet,\u00a0<strong>il est tout \u00e0 fait possible d'\u00eatre victime de violence psychologique sans s'en rendre compte<\/strong>.<\/p><br \/>\r\n<p style=\"text-align: justify;\">La\u00a0<a href=\"https:\/\/dev-vqf.creatives.com\/la-violence-dans-le-couple\/la-violence-psychologique\/\" target=\"_blank\" rel=\"noopener\">violence psychologique\u00a0<\/a>est difficile \u00e0 reconna\u00eetre car elle ne laisse pas traces sur le corps, mais elle a pourtant de\u00a0<a href=\"https:\/\/dev-vqf.creatives.com\/la-violence-dans-le-couple\/la-violence-cest-quoi\/#consequences\" target=\"_blank\" rel=\"noopener\">lourdes cons\u00e9quences sur\u00a0la sant\u00e9 psychique et physique<\/a>\u00a0des victimes. Elle est constitu\u00e9e de propos d\u00e9nigrants r\u00e9p\u00e9t\u00e9s, d'insultes, d'humiliations, de menaces, ou encore de contr\u00f4le et de harc\u00e8lement de la victime, nier ses choix ou l'intimider. Ce sont des actes qui sont\u00a0<strong><a href=\"https:\/\/dev-vqf.creatives.com\/la-violence-dans-le-couple\/la-violence-cest-quoi\/#loi\" target=\"_blank\" rel=\"noopener\">graves<\/a><\/strong>\u00a0et qui ne sont\u00a0<strong>pas tol\u00e9rables<\/strong>, quel que soit le contexte et le comportement de la victime. La violence peut \u00eatre tr\u00e8s subtile, et va atteindre\u00a0peu \u00e0 peu l'estime de soi des personnes victimes au fur et \u00e0 mesure du\u00a0<a href=\"https:\/\/dev-vqf.creatives.com\/la-violence-dans-le-couple\/la-violence-cest-quoi\/#cycle\" target=\"_blank\" rel=\"noopener\">cycle des violences<\/a>. Dans ces situations, il\u00a0est important de pouvoir s'entourer et de\u00a0<strong>ne pas rester seul-e<\/strong>.<\/p><br \/>\r\n<p style=\"text-align: justify;\">Est-ce que quelques uns de ces \u00e9l\u00e9ments fait \u00e9cho \u00e0 votre situation? Si vous le souhaitez, vous pouvez aussi effectuer\u00a0<a href=\"https:\/\/dev-vqf.creatives.com\/la-violence-dans-le-couple\/mythes-et-realites\/\" target=\"_blank\" rel=\"noopener\">notre test \"Suis-je concern\u00e9-e par la violence?\"\u00a0<\/a>.\u00a0<strong>Des professionnel-les sont \u00e9galement disponibles pour vous \u00e9couter et comprendre avec vous si vous vivez bien de la violence<\/strong>.<\/p><br \/>\r\n<p style=\"text-align: justify;\">Dans le canton de Gen\u00e8ve, il existe l'association<span class=\"apple-converted-space\">\u00a0<\/span><a href=\"https:\/\/www.avvec.ch\/fr\" target=\"_blank\" rel=\"noopener\">Aide aux Victimes de Violences en Couple (AVVEC)<\/a>. Elle propose une<span class=\"apple-converted-space\">\u00a0<\/span><strong>permanence t\u00e9l\u00e9phonique\u00a0<\/strong>les lundis, mardis jeudis et vendredis de 14h \u00e0 17h au num\u00e9ro\u00a0<strong>022 797 10 10.<\/strong>\u00a0Elle s'engage aussi \u00e0 organiser une<span class=\"apple-converted-space\">\u00a0<\/span><strong>s\u00e9ance d'information<\/strong><span class=\"apple-converted-space\">\u00a0<\/span>collective tous les jeudis de 9h \u00e0 10h dans leurs locaux \u00e0\u00a0<em>Rue Montchoisy 46 (Gen\u00e8ve)<\/em>. Pour finir, elle offre une<span class=\"apple-converted-space\">\u00a0<\/span><strong>permanence<span class=\"apple-converted-space\">\u00a0<\/span>sans rendez-vous<span class=\"apple-converted-space\">\u00a0<\/span><\/strong>tous les mardis entre 16h et 18h. Des professionnel-les vous accueilleront\u00a0<strong>en toute confidentialit\u00e9 et gratuitement<\/strong>.<\/p><br \/>\r\n<p style=\"text-align: justify;\">Nous nous permettons aussi de vous poser quelques questions r\u00e9flexives:<\/p><br \/>\r\n<br \/>\r\n<ul style=\"text-align: justify;\"><br \/>\r\n \t<li style=\"text-align: justify;\">Qu'est-ce qui vous interpelle dans les t\u00e9moignages que vous mentionnez dans votre question?<\/li><br \/>\r\n \t<li style=\"text-align: justify;\">Avez-vous d\u00e9j\u00e0 eu ces doutes auparavant?<\/li><br \/>\r\n \t<li style=\"text-align: justify;\">Est-ce que vous en avez parl\u00e9 \u00e0 quelqu'un de confiance?<\/li><br \/>\r\n<\/ul><br \/>\r\n<p style=\"text-align: justify;\">Nous esp\u00e9rons que ces orientations pourront vous donner quelques pistes et vous aider dans votre r\u00e9flexion. Nous restons bien entendu \u00e0 votre enti\u00e8re disposition si vous aviez d'autres questions ou si vous souhaitiez nous donner de vos nouvelles dans quelques temps. Nous vous adressons nos cordiales salutations.<\/p><\/p><\/div><\/div><\/div><\/div><\/div><div class='qa_acc_item'><span class='acc_toggler'><\/span><div class='item_header'><h3>Quelles aides \u00e9conomiques pour partir ?<h3><div class='vqf_fixed_width_text'><p>25 avril 2023 - Mar... Bonjour, Je me suis install\u00e9e en suisse avec mon conjoint il y\u2019a plus de 3ans, nous avions d\u00e9j\u00e0 un enfant et il s\u2019agissait d\u2019un regroupement familial. Il a toujours eu un caract\u00e8re sanguin et il...<\/p><\/div><\/div><div class='item_body'><div class='quesion_response_block'><div class='question'><h5>Question<\/h5><div class='vqf_fixed_width_text'><p>25 avril 2023 - Mar...<br \/>\r\n<br \/>\r\nBonjour,<br \/>\r\n<br \/>\r\nJe me suis install\u00e9e en suisse avec mon conjoint il y\u2019a plus de 3ans, nous avions d\u00e9j\u00e0 un enfant et il s\u2019agissait d\u2019un regroupement familial. Il a toujours eu un caract\u00e8re sanguin et il ne mesure pas la port\u00e9e de ses mots mais son comportement s\u2019est empir\u00e9 lorsque nous avons eu notre deuxi\u00e8me enfant.<br \/>\r\n<br \/>\r\nJ\u2019ai non seulement subis un contr\u00f4le \u00e9conomique, j\u2019ai du arr\u00eat\u00e9 de travailler en m\u2019installant en suisse et il refusait de me donnait de l\u2019argent, ou alors de tr\u00e8s petite somme pour les courses alimentaires. il s\u2019est montr\u00e9 de plus en plus grossier et irrespectueux \u00e0 mon encontre, allant jusqu\u2019\u00e0 me hurler dessus sans raison apparente.<br \/>\r\n<br \/>\r\nIl y\u2019a quelques jours j\u2019ai trouv\u00e9 dans son t\u00e9l\u00e9phone une vid\u00e9o de lui ayant un rapport sexuel avec une autre femme. C\u2019en est trop pour moi. Toutes ces choses ont finit par me d\u00e9truire psychologiquement et \u00e9motionnellement.<br \/>\r\n<br \/>\r\nJe travaille depuis peu seulement \u00e0 mi temps, je ne pense pas que cela soit suffisamment pour me permettre de partir\u2026 existe t\u2019il des solutions, des aides pour me permettre de faciliter la transition ? Je sais que la suisse n\u2019est pas mon pays de naissance mais mes enfants s\u2019y sentent bien et moi aussi\u2026<br \/>\r\n<br \/>\r\nMerci d\u2019avance pour le temps que vous m\u2019accorderez, je me sens si seule et perdue.<br \/>\r\n<h4><\/h4><br \/>\r\n<h4><\/p><\/div><\/div><div class='response'><h5>Response<\/h5><div class='vqf_fixed_width_text'><p><\/h4><br \/>\r\n<p style=\"text-align: justify;\">Bonjour,<\/p><br \/>\r\n<p style=\"text-align: justify;\">Apr\u00e8s plusieurs ann\u00e9es de violences psychologiques et \u00e9conomiques de la part de votre mari et apr\u00e8s avoir d\u00e9couvert l'infid\u00e9lit\u00e9 de ce dernier, vous avez pris la d\u00e9cision de quitter votre mari. Vous souhaitez retrouver votre libert\u00e9 et autonomie financi\u00e8re et \u00e9lever en toute s\u00e9r\u00e9nit\u00e9 vos enfants. Travaillant \u00e0 temps partiel depuis peu, vous souhaitez connaitre les aides financi\u00e8res existantes afin de vous permettre de partir et faciliter cette \u00e9tape. Vous souhaitez y voir plus claire dans votre situation actuelle et vous sentir entour\u00e9e. Nous entendons que cette phase de vie est difficile pour vous et que vous auriez besoin d'aide.<\/p><br \/>\r\n<p style=\"text-align: justify;\">En nous \u00e9crivant, vous avez fait un premier pas vers le changement que vous d\u00e9sirez pour vous-m\u00eame et saluons votre d\u00e9marche.<\/p><br \/>\r\n<p style=\"text-align: justify;\"><span data-contrast=\"auto\">Concernant votre besoin d\u2019\u00eatre inform\u00e9e sur les aides financi\u00e8res auxquelles vous avez droit, nous vous proposons de vous adresser au<strong><a href=\"https:\/\/www.vd.ch\/themes\/aides-financieres-et-soutien-social\/informations-et-accompagnement-personnel\/titre-par-defaut\">\u00a0<\/a><a href=\"https:\/\/www.vd.ch\/themes\/aides-financieres-et-soutien-social\/informations-et-accompagnement-personnel\/titre-par-defaut\" target=\"_blank\" rel=\"noopener\">programme \" Vaud\u00a0pour vous\"<\/a>\u00a0<\/strong>qui permet aux personnes se trouvant dans une situation n\u00e9cessitant un soutien financier, comme lors d'une s\u00e9paration, d'\u00eatre inform\u00e9es et accompagn\u00e9es. Ce service\u00a0<strong>gratuit\u00a0<\/strong>pourra vous aiguiller sur les\u00a0<strong>prestations auxquelles vous avez droit et vous permettre de savoir comment y acc\u00e9der.<\/strong><\/span><\/p><br \/>\r\n<p style=\"text-align: justify;\"><span data-contrast=\"auto\">Aussi, nous vous proposons une autre adresse qui a pu \u00eatre utile \u00e0 des personnes se trouvant dans une situation similaire \u00e0 la votre.\u00a0<strong>Si vous resentez le besoin de parler des violences que vous avez v\u00e9cues et de vous sentir soutenue par un-e professionnel-le<\/strong>, vous pouvez contacter le<span class=\"apple-converted-space\">\u00a0<\/span><strong><a href=\"https:\/\/malleyprairie.ch\/\" target=\"_blank\" rel=\"noopener\">Centre Malley Prairie<\/a>.\u00a0<\/strong>Il s'agit d<strong>'<\/strong>un centre d'accueil pour les personnes<span class=\"apple-converted-space\">\u00a0<\/span>qui sont confront\u00e9-e-s \u00e0 des violences domestiques dans le canton de Vaud.<strong>\u00a0<\/strong>Ce centre propose\u00a0des<a href=\"https:\/\/malleyprairie.ch\/ambulatoire\/\" target=\"_blank\" rel=\"noopener\">\u00a0consultations en ambulatoires<\/a>\u00a0pouvant avoir lieu dans diff\u00e9rents lieux du canton. Il s'agit de consultations\u00a0<strong>gratuites\u00a0et\u00a0confidentielles\u00a0<\/strong>avec un-e professionnel-le qui pourra vous apporter une \u00e9coute, un soutien et des conseils. Si cette d\u00e9marche fait sens pour vous, vous pouvez les joindre par t\u00e9l\u00e9phone au\u00a0<strong>(021) 620 76 76 du lundi au vendredi de 08h00 \u00e0 12h00 et de 14h00 \u00e0 18h00\u00a0<\/strong>pour vous renseigner ou pour prendre rendez-vous.\u00a0<\/span><\/p><br \/>\r\n<p style=\"font-weight: 400; text-align: justify;\">Nous esp\u00e9rons que ces orientations pourront vous donner quelques pistes et vous permettre d'\u00eatre soutenue dans votre processus de s\u00e9paration.\u00a0Nous restons bien entendu \u00e0 votre enti\u00e8re disposition si vous aviez d'autres questions ou si vous souhaitiez nous donner de vos nouvelles dans quelques temps. Nous vous adressons nos cordiales salutations.<\/p><\/p><\/div><\/div><\/div><\/div><\/div><div class='qa_acc_item'><span class='acc_toggler'><\/span><div class='item_header'><h3>Je subis de la violence psychologique et \u00e9conomique<h3><div class='vqf_fixed_width_text'><p>24 avril 2023 - Mas... Mon mari ne cesse de m insulter et de me rabaisser systematiquement. Je ne travaille pas car il a voulu que j eleve les enfants. Je subis une violence psychologique et economique, je n ai...<\/p><\/div><\/div><div class='item_body'><div class='quesion_response_block'><div class='question'><h5>Question<\/h5><div class='vqf_fixed_width_text'><p>24 avril 2023 - Mas...<br \/>\r\n<br \/>\r\nMon mari ne cesse de m insulter et de me rabaisser systematiquement. Je ne travaille pas car il a voulu que j eleve les enfants. Je subis une violence psychologique et economique, je n ai pas de compte et n a jamais su combien il y a avait sur son compte.<br \/>\r\n<br \/>\r\nIl vient de faire une demande de divorce et insiste en me mena\u00e7ant que je dois signer sinon cela risquerait d\u2019aller mal pour moi. Hier vers minuit il a frapp\u00e9 tellement fort sur la table qu\u2019il a r\u00e9veill\u00e9 les enfants qui \u00e9taient t\u00e9tanis\u00e9s. Il m\u2019a insult\u00e9e par tous les mots possibles et imaginable et ce, devant les enfants.<br \/>\r\n<br \/>\r\nQue dois-je faire? Dois-je signer pour \u00eatre en s\u00e9curit\u00e9?<br \/>\r\n<h4><\/h4><br \/>\r\n<h4><\/p><\/div><\/div><div class='response'><h5>Response<\/h5><div class='vqf_fixed_width_text'><p><\/h4><br \/>\r\n<p style=\"text-align: justify;\">Bonjour Madame,<\/p><br \/>\r\n<p style=\"text-align: justify;\">Votre mari ne cesse de vous insulter et de vous rabaisser, vous subissez \u00e9galement de la violence \u00e9conomique, vous n'avez pas de compte en banque et n'avez pas acc\u00e8s aux ressources financi\u00e8res du foyer. Face \u00e0 sa demande de divorce et ses menaces, vous ne savez pas quoi faire. Vous avez \u00e0 coeur le bien-\u00eatre et la s\u00e9curit\u00e9 de vos enfants et de vous m\u00eame. Vous \u00eates dans une p\u00e9riode o\u00f9 vous auriez besoin de plus d'ind\u00e9pendance et de s\u00e9r\u00e9nit\u00e9.<\/p><br \/>\r\n<p style=\"text-align: justify;\">Nous nous permettons de vous poser dans un premier temps quelques questions auxquelles vous \u00eates libre de nous r\u00e9pondre en nous posant une deuxi\u00e8me question:<\/p><br \/>\r\n<br \/>\r\n<ul><br \/>\r\n \t<li style=\"text-align: justify;\">Comment vous \u00eates vous sentie face \u00e0 cette demande de divorce de votre mari ?<\/li><br \/>\r\n \t<li style=\"text-align: justify;\">Comment vous \u00eates vous sentie face au r\u00e9veil en pleine nuit de vos enfants du fait des agissements de votre mari?<\/li><br \/>\r\n \t<li style=\"text-align: justify;\">Qu'est-ce que vous vous souhaiteriez actuellement ?<\/li><br \/>\r\n \t<li style=\"text-align: justify;\">Qu'est-ce qui pourrait faciliter votre prise de d\u00e9cision face \u00e0 la demande de divorce de votre mari?<\/li><br \/>\r\n<\/ul><br \/>\r\n<p style=\"text-align: justify;\">Concernant la demande de divorce, vous avez le droit d'attendre avant de signer si c'est ce que vous souhaitez, votre mari ne peut pas vous obliger \u00e0 signer quoique ce soit. Aussi, rien ne justifie les\u00a0<a href=\"https:\/\/dev-vqf.creatives.com\/la-violence-dans-le-couple\/la-violence-psychologique\/\" target=\"_blank\" rel=\"noopener\">violences psychologiques<\/a>\u00a0et\u00a0<a href=\"https:\/\/dev-vqf.creatives.com\/la-violence-dans-le-couple\/la-violence-economique\/\" target=\"_blank\" rel=\"noopener\">\u00e9conomiques<\/a>\u00a0que vous subissez.<\/p><br \/>\r\n<p style=\"text-align: justify;\">Si vous nous le permettez, nous vous transmettons tout d'abord quelques informations puis quelques ressources d'aides qui ont pu \u00eatre utiles \u00e0 d'autres personnes dans des situations similaires \u00e0 la v\u00f4tre.<\/p><br \/>\r\n<p style=\"text-align: justify;\">En Suisse, les violences au sein du couple sont\u00a0<a href=\"https:\/\/dev-vqf.creatives.com\/la-violence-dans-le-couple\/la-violence-cest-quoi\/#loi\" target=\"_blank\" rel=\"noopener\">interdites par la loi<\/a>.\u00a0Ces violences ont des\u00a0<a href=\"https:\/\/dev-vqf.creatives.com\/la-violence-dans-le-couple\/la-violence-cest-quoi\/#consequences\" target=\"_blank\" rel=\"noopener\">r\u00e9percussions sur la sant\u00e9 mentale et physique<\/a>, mais \u00e9galement sur celles des\u00a0<a href=\"https:\/\/dev-vqf.creatives.com\/la-violence-dans-le-couple\/la-violence-cest-quoi\/#consequences\" target=\"_blank\" rel=\"noopener\">enfants<\/a>\u00a0t\u00e9moins<strong>.\u00a0<\/strong><\/p><br \/>\r\n<p class=\"s5\" style=\"text-align: justify;\"><span class=\"s4\">En cas de nouvelle sc\u00e8ne de violences, si vous avez peur pour votre s\u00e9curit\u00e9 et\/ou celle de vos enfants<\/span><span class=\"s4\">, vous avez le droit d'appeler \u00e0 tout moment sans h\u00e9siter la police au<\/span><span class=\"s4\">\u00a0<\/span><strong><span class=\"s7\">117<\/span><\/strong><span class=\"s4\">. Celle-ci pourra venir au domicile afin d'\u00e9valuer la situation et vous aider. Si vous ne vous sentez pas bien et vous avez besoin d'une aide urgente,\u00a0<\/span><span class=\"s4\">vous pouvez contacter l'<\/span><a href=\"https:\/\/www.unisante.ch\/fr\/unisante\/actualites\/lequipe-mobile-durgences-sociales-rejoint-unisante\" target=\"_blank\" rel=\"noopener\"><span class=\"s6\">EMUS, l'Equipe Mobile d'Urgences Sociales<\/span><\/a><span class=\"s4\">, qui peut quant \u00e0 elle se d\u00e9placer<\/span><span class=\"s4\">\u00a0<\/span><span class=\"s7\">24h\/24<\/span><span class=\"s4\">\u00a0<\/span><span class=\"s4\">de<\/span><span class=\"s4\">\u00a0<\/span><span class=\"s7\">mani\u00e8re gratuite<\/span><span class=\"s4\">\u00a0<\/span><span class=\"s4\">dans tout le canton de Vaud. Ils et elles\u00a0peuvent venir chez vous et s'entretenir avec<\/span><span class=\"s4\">\u00a0<\/span><span class=\"s4\">vous\u00a0dans l'urgence mais aussi dans un cadre s\u00e9cure.\u00a0<\/span><\/p><br \/>\r\n<p class=\"s5\" style=\"text-align: justify;\"><span class=\"s4\">Une autre option, afin de\u00a0vous prot\u00e9ger de la violence subie et\/ou d'\u00eatre accompagn\u00e9e par des professionnel-le-s du domaine des violences au sein du couple, il est possible de prendre contact avec le<\/span><span class=\"s4\">\u00a0<\/span><a href=\"https:\/\/malleyprairie.ch\/\" target=\"_blank\" rel=\"noopener\"><span class=\"s6\">Centre Malley Prairie<\/span><\/a><span class=\"s4\">. Le Centre Malley Prairie est\u00a0<strong>un<\/strong><\/span><strong><span class=\"s4\">\u00a0<\/span><span class=\"s7\">foyer d'accueil d'urgence pour les femmes et les<\/span><span class=\"s4\">\u00a0<\/span><span class=\"s7\">enfants<\/span><span class=\"s4\">\u00a0<\/span><\/strong><span class=\"s4\"><strong>qui sont confront\u00e9s \u00e0 des violences domestiques<\/strong>. Vous pouvez vous y rendre\u00a0<strong>24\/24h et 7\/7j<\/strong>\u00a0avec vos enfants si vous ne vous sentez pas en s\u00e9curit\u00e9 chez vous,\u00a0<strong>vous avez le droit d'y amener vos enfants.<\/strong>\u00a0Ce foyer\u00a0propose \u00e9galement<\/span><span class=\"s4\">\u00a0<\/span><a href=\"https:\/\/malleyprairie.ch\/ambulatoire\/\" target=\"_blank\" rel=\"noopener\"><span class=\"s6\">des consultations en ambulatoire<\/span><\/a><span class=\"s6\">s<\/span>\u00a0<span class=\"s4\">qui sont<\/span>\u00a0<span class=\"s7\"><strong>gratuites<\/strong>\u00a0et\u00a0<strong>confidentielles<\/strong><\/span><span class=\"s4\">. Ces consultations itin\u00e9rantes peuvent avoir lieu dans diff\u00e9rents lieux du canton. Lors de ces consultations, un-e professionnel-le du domaine des violences conjugales pourra vous fournir\u00a0<strong>une \u00e9coute bienveillante et une aide adapt\u00e9e \u00e0 vos besoins.<\/strong>\u00a0Cette aide peut \u00eatre sociale, psychologique ou juridique. Par exemple, un-e professionnel-les pourra\u00a0<strong>vous renseigner gratuitement sur vos droits concernant la proc\u00e9dure de divorce et ceci afin que vous puissiez prendre la d\u00e9cision de signer ou non le document<\/strong>\u00a0apr\u00e8s avoir re\u00e7u les informations n\u00e9cessaires. Vous pouvez les joindre au\u00a0<\/span><span class=\"s7\"><strong>021 620 76 76<\/strong>.<\/span><\/p><br \/>\r\n<p class=\"s5\" style=\"text-align: justify;\"><span class=\"s7\">Aussi, dans le canton de Vaud, ainsi que dans tous les cantons, il existe\u00a0<a href=\"https:\/\/www.aide-aux-victimes.ch\/fr\/\" target=\"_blank\" rel=\"noopener\">un ou plusieurs centres d\u2019aides aux victimes.<\/a>\u00a0Les\u00a0<strong>centres LAVI<\/strong>\u00a0(<strong>L<\/strong>oi d\u2019<strong>A<\/strong>ide aux\u00a0<strong>V<\/strong>ictimes d\u2019<strong>I<\/strong>nfractions) proposent des\u00a0consultations\u00a0<strong>gratuites<\/strong>\u00a0et\u00a0<strong>confidentielles<\/strong>\u00a0pour toutes personnes ayant \u00e9t\u00e9 victime de diff\u00e9rentes formes de violences qu\u2019elles aient \u00e9t\u00e9 physiques, sexuelles ou psychiques. Les professionnel-le-s de l\u2019aide aux victimes pourront prendre un\u00a0<strong>temps d\u2019\u00e9coute\u00a0<\/strong>et\u00a0vous\u00a0<strong>renseigner sur les questions d\u2019ordre juridique, psychologique et social,\u00a0<\/strong>notamment concernant\u00a0<strong>vos droits dans le cadre de la\u00a0proc\u00e9dure de divorce<\/strong>.\u00a0<a href=\"https:\/\/www.aide-aux-victimes.ch\/fr\/ou-puis-je-trouver-de-laide\/\" target=\"_blank\" rel=\"noopener\">Il existe plusieurs centres dans le canton de Vaud<\/a>, vous pouvez les contacter par t\u00e9l\u00e9phone ou par email.<br \/>\r\n<\/span><\/p><br \/>\r\n<p style=\"text-align: justify;\">Nous esp\u00e9rons que notre r\u00e9ponse a pu vous apporter quelques pistes. Notre porte reste toujours ouverte si vous aviez d'autres questions ou si vous souhaitiez nous donner de vos nouvelles dans quelques temps. Nous vous souhaitons beaucoup de courage pour la suite et nous vous adressons nos meilleures\u00a0salutations.<\/p><\/p><\/div><\/div><\/div><\/div><\/div><div class='qa_acc_item'><span class='acc_toggler'><\/span><div class='item_header'><h3>Ma meilleure amie est sous emprise, comment l&#8217;aider ?<h3><div class='vqf_fixed_width_text'><p>24 avril 2023 - Lau... Que peut-on faire quand une amie continue de fr\u00e9quenter son ex copine qui l\u2019a gifl\u00e9e et bouscul\u00e9e devant tout le monde en soir\u00e9e ? Mon amie a conscience de la gravit\u00e9 de la situation mais...<\/p><\/div><\/div><div class='item_body'><div class='quesion_response_block'><div class='question'><h5>Question<\/h5><div class='vqf_fixed_width_text'><p>24 avril 2023 - Lau...<br \/>\r\n<br \/>\r\nQue peut-on faire quand une amie continue de fr\u00e9quenter son ex copine qui l\u2019a gifl\u00e9e et bouscul\u00e9e devant tout le monde en soir\u00e9e ?<br \/>\r\n<br \/>\r\nMon amie a conscience de la gravit\u00e9 de la situation mais affirme \u00eatre sous l\u2019emprise de son ex. Elle dit \u00eatre encore amoureuse d\u2019elle. Elle n\u2019ose pas couper court \u00e0 leur relation car elle a peur de sa r\u00e9action (de se faire frapper).<br \/>\r\n<h4><\/h4><br \/>\r\n<h4><\/p><\/div><\/div><div class='response'><h5>Response<\/h5><div class='vqf_fixed_width_text'><p><\/h4><br \/>\r\n<p style=\"text-align: justify;\"><span style=\"font-family: 'DIN Next Light',serif; color: #333333;\">Bonjour Madame,\u00a0<\/span><\/p><br \/>\r\n<p style=\"font-variant-ligatures: normal; font-variant-caps: normal; text-align: justify; -webkit-text-stroke-width: 0px; text-decoration-thickness: initial; text-decoration-style: initial; text-decoration-color: initial; word-spacing: 0px;\"><span style=\"font-family: 'DIN Next Light',serif; color: #333333;\">Vous nous transmettez une situation dans laquelle vous vous\u00a0inqui\u00e9tez pour votre meilleure amie qui continue de fr\u00e9quenter son ex-copine alors qu'elle vit de la violence physique de sa part.<\/span><\/p><br \/>\r\n<p style=\"font-variant-ligatures: normal; font-variant-caps: normal; text-align: justify; -webkit-text-stroke-width: 0px; text-decoration-thickness: initial; text-decoration-style: initial; text-decoration-color: initial; word-spacing: 0px;\"><span style=\"font-family: 'DIN Next Light',serif; color: #333333;\">Le bien \u00eatre et la s\u00e9curit\u00e9 de votre amie vous tiennent \u00e0 coeur. Votre amiti\u00e9 et votre \u00e9coute sont d\u00e9j\u00e0 des soutiens pr\u00e9cieux pour elle. Nous comprenons qu'il \u00a0ne soit pas facile de savoir comment r\u00e9agir quand on est\u00a0<a href=\"https:\/\/dev-vqf.creatives.com\/la-violence-dans-le-couple\/je\/temoin\/\" target=\"_blank\" rel=\"noopener\">t\u00e9moin<\/a>. On se sent souvent mal \u00e0 l\u2019aise et d\u00e9muni-e. Et pourtant la violence \u00e9tant destructrice, il souvent difficile d'en sortir seul-e. Les proches comme vous sont donc extr\u00eamement pr\u00e9cieux pour les personnes victimes.<br \/>\r\n<\/span><\/p><br \/>\r\n<p style=\"font-variant-ligatures: normal; font-variant-caps: normal; text-align: justify; -webkit-text-stroke-width: 0px; text-decoration-thickness: initial; text-decoration-style: initial; text-decoration-color: initial; word-spacing: 0px;\"><span style=\"font-family: 'DIN Next Light',serif; color: #333333;\">Si vous nous le permettez, nous vous transmettons d\u00e9j\u00e0 quelques informations au niveau du cadre l\u00e9gal en Suisse. Votre amie est victime de\u00a0<a href=\"https:\/\/dev-vqf.creatives.com\/la-violence-dans-le-couple\/la-violence-physique\/\" target=\"_blank\" rel=\"noopener\">violence physique<\/a>, ce qui est\u00a0<a href=\"https:\/\/dev-vqf.creatives.com\/la-violence-dans-le-couple\/la-violence-cest-quoi\/#loi\" target=\"_blank\" rel=\"noopener\">interdit par la loi<\/a>. Certains actes sont poursuivis d'office comme les violences physiques graves qui laissent des traces. Votre amie, dans sa situation pourrait d\u00e9poser plainte la police. Elle a un d\u00e9lai de trois mois apr\u00e8s les faits pour le faire. Toutefois, comme vous l'expliquez, elle est sous emprise et il lui est difficile\u00a0de couper la relation. Elle vit donc \u00e9galement de la\u00a0<a href=\"https:\/\/dev-vqf.creatives.com\/la-violence-dans-le-couple\/la-violence-psychologique\/\" target=\"_blank\" rel=\"noopener\">violence psychologique<\/a>\u00a0 qui a pour\u00a0<a href=\"https:\/\/dev-vqf.creatives.com\/la-violence-dans-le-couple\/la-violence-cest-quoi\/#cycle\" target=\"_blank\" rel=\"noopener\">cons\u00e9quence<\/a>\u00a0une atteinte profonde de l'estime de soi et de la\u00a0sant\u00e9\u00a0des victimes.\u00a0Elle se retrouve dans ce que l'on appelle le\u00a0<a href=\"https:\/\/dev-vqf.creatives.com\/la-violence-dans-le-couple\/la-violence-cest-quoi\/#cycle\" target=\"_blank\" rel=\"noopener\">cycle de la violence<\/a>. Elle esp\u00e8re que la situation va se calmer comme elle ressent toujours des sentiments pour elle.\u00a0<\/span><\/p><br \/>\r\n<p style=\"font-variant-ligatures: normal; font-variant-caps: normal; text-align: justify; -webkit-text-stroke-width: 0px; text-decoration-thickness: initial; text-decoration-style: initial; text-decoration-color: initial; word-spacing: 0px;\"><span style=\"font-family: 'DIN Next Light', serif;\"><span style=\"font-family: 'DIN Next Light',serif; color: #333333;\">Nous pouvons imaginer que votre amie a besoin d'\u00eatre \u00e9cout\u00e9e dans ce qu'elle vit avec son ex-compagne, le lien que vous avez avec elle est donc extr\u00eamement pr\u00e9cieux et constitue d\u00e9j\u00e0 une sorte de \"filet de s\u00e9curit\u00e9\". En cas de besoin, elle se sentira \u00e0 l'aise pour vous solliciter. Vous connaissez bien votre amie et \u00eates donc la mieux plac\u00e9e pour sentir quand ce sera le bon moment pour lui proposer une aide ext\u00e9rieure concr\u00e8te. \u00c0 ce moment l\u00e0, vous pourriez lui proposer d'appeler le\u00a0<a href=\"https:\/\/www.profa.ch\/lavi\" target=\"_blank\" rel=\"noopener\">Centre LAVI<\/a>\u00a0(Loi sur l'Aide aux Victimes d'Infractions) du canton de Vaud. Il y a plusieurs antennes selon la r\u00e9gion o\u00f9 elle se situe. Elle pourra\u00a0\u00eatre re\u00e7ue par des professionnel-le-s\u00a0<strong>gratuitement\u00a0<\/strong><\/span><strong>et de mani\u00e8re confidentielle<\/strong>. Ce centre a pour mission d\u2019apporter aux victimes d\u2019infractions et\/ou \u00e0 leurs proches une aide\u00a0<strong>psychologique, juridique, sociale et mat\u00e9rielle<\/strong>. Un premier rendez-vous permettrait une \u00e9valuation plus compl\u00e8te de\u00a0sa\u00a0situation. Comme vous \u00eates proche, vous pouvez lui proposer de l'accompagner dans cette d\u00e9marche si vous le souhaitez.\u00a0<\/span><\/p><br \/>\r\n<p style=\"font-variant-ligatures: normal; font-variant-caps: normal; text-align: justify; -webkit-text-stroke-width: 0px; text-decoration-thickness: initial; text-decoration-style: initial; text-decoration-color: initial; word-spacing: 0px;\"><span style=\"font-family: 'DIN Next Light',serif; color: #333333;\">Pour creuser les pistes possibles afin de\u00a0la\u00a0prot\u00e9ger des agissements de\u00a0son\u00a0ex-conjointe, il est possible \u00e9galement de s\u2019adresser au\u00a0\u00a0<a href=\"https:\/\/malleyprairie.ch\/\" target=\"_blank\" rel=\"noopener\">Centre Malley Prairie<\/a>\u00a0qui offre des consultations en ambulatoires \u00e9galement\u00a0<strong>gratuites et confidentielles<\/strong>\u00a0pour toutes les personnes victimes de violences au sein du couple, dans une\u00a0ancienne union comme c'est le cas pour votre amie\u00a0ou dans la famille.<strong>\u00a0<\/strong>Elle\u00a0pourra\u00a0les joindre au\u00a0<strong><span style=\"font-family: 'DIN Next Light',serif;\">021 620-76-76\u00a0<\/span><\/strong>afin de convenir d'un rendez-vous<strong><span style=\"font-family: 'DIN Next Light',serif;\">.\u00a0<\/span><\/strong>Cela lui permettra de rencontrer des intervenant-e-s qui pourront l'aider \u00e0 comprendre cette emprise et \u00e0 travailler sur ce lien qui la garde dans un sentiment de peur. Vous pouvez \u00e9galement lui proposer de l'aider dans cette d\u00e9marche.\u00a0<\/span><\/p><br \/>\r\n<p style=\"font-variant-ligatures: normal; font-variant-caps: normal; text-align: justify; -webkit-text-stroke-width: 0px; text-decoration-thickness: initial; text-decoration-style: initial; text-decoration-color: initial; word-spacing: 0px;\"><span style=\"font-family: 'DIN Next Light',serif; color: #333333;\">Enfin, une autre piste si vous sentez que votre amie n'est pas (encore) pr\u00eate \u00e0 solliciter une aide ext\u00e9rieure serait de lui parler du site\u00a0<a href=\"https:\/\/dev-vqf.creatives.com\">www.violencequefaire.ch<\/a>. Lire les informations sur le site, qui propose entre autre un\u00a0<a href=\"https:\/\/dev-vqf.creatives.com\/podcasts\/\" target=\"_blank\" rel=\"noopener\">podcast<\/a>\u00a0permet parfois d\u00e9j\u00e0 de r\u00e9fl\u00e9chir \u00e0 ce que l'on vit au sein de son couple.<\/span><\/p><br \/>\r\n<p style=\"font-variant-ligatures: normal; font-variant-caps: normal; text-align: justify; -webkit-text-stroke-width: 0px; text-decoration-thickness: initial; text-decoration-style: initial; text-decoration-color: initial; word-spacing: 0px;\"><span style=\"font-family: 'DIN Next Light',serif; color: #333333;\">Nous esp\u00e9rons avoir pu vous donner des pistes utiles et nous souhaitons que la situation s'am\u00e9liore\u00a0rapidement pour votre amie. Nous restons \u00e0 disposition si besoin pour toutes autres questions de votre part.<\/span><\/p><\/p><\/div><\/div><\/div><\/div><\/div><div class='qa_acc_item'><span class='acc_toggler'><\/span><div class='item_header'><h3>Violence verbale dans le couple et logement: quels droits ?<h3><div class='vqf_fixed_width_text'><p>24 avril 2023 - Lau... Madame, Monsieur, Je vis en couple avec un homme qui pr\u00e9sente diff\u00e9rentes formes de d\u00e9pendances : alcool et drogues. Il ne travaille pas depuis un certain temps (hormis une activit\u00e9 sur quelques heures\/semaine) et se...<\/p><\/div><\/div><div class='item_body'><div class='quesion_response_block'><div class='question'><h5>Question<\/h5><div class='vqf_fixed_width_text'><p>24 avril 2023 - Lau...<br \/>\r\n<br \/>\r\nMadame, Monsieur,<br \/>\r\n<br \/>\r\nJe vis en couple avec un homme qui pr\u00e9sente diff\u00e9rentes formes de d\u00e9pendances : alcool et drogues. Il ne travaille pas depuis un certain temps (hormis une activit\u00e9 sur quelques heures\/semaine) et se trouve donc \u00e0 la maison toute la journ\u00e9e. Lorsqu'il consomme de l'alcool (ou parfois de la coca\u00efne ou de la MDMA), il peut se montrer irascible et \u00eatre violent dans ses paroles. Nous avons emm\u00e9nag\u00e9 ensemble il y a une ann\u00e9e et la situation s'est d\u00e9grad\u00e9e depuis le d\u00e9but de l'ann\u00e9e. J'en arrive \u00e0 un point o\u00f9 je ne peux plus -et ne veux plus- vivre ce stress permanent de me demander dans quel \u00e9tat il sera lorsque je rentre. Cela a des effets sur mon sommeil, m'occasionne beaucoup de stress. J'ai d\u00e9j\u00e0 tent\u00e9 de lui parler de s\u00e9paration \u00e0 plusieurs reprises mais il ne veut pas entrer en mati\u00e8re.<br \/>\r\n<br \/>\r\nA noter que nous vivons gr\u00e2ce \u00e0 mon salaire et que j'ai la charge financi\u00e8re de toutes nos d\u00e9penses (le bail est uniquement \u00e0 mon nom). Je veux me respecter et mettre un terme \u00e0 notre relation. Cependant, je crains de lui parler seule car je redoute sa r\u00e9action et pense qu'il refuserait de me rendre les cl\u00e9s et de partir de l'appartement. J'ai donc fait appel \u00e0 mon p\u00e8re pour qu'il soit pr\u00e9sent lorsque je lui parlerais.<br \/>\r\n<br \/>\r\nMa question est de savoir quels sont mes droits dans la situation o\u00f9 il refuserait de partir et rendre les cl\u00e9s? Si j'appelle la police, est-ce qu'ils interviendraient?<br \/>\r\n<br \/>\r\nMerci d'avance pour votre r\u00e9ponse et vos conseils.<br \/>\r\n<br \/>\r\nAvec mes remerciements et mes meilleures salutations.<br \/>\r\n<h4><\/h4><br \/>\r\n<h4><\/p><\/div><\/div><div class='response'><h5>Response<\/h5><div class='vqf_fixed_width_text'><p><\/h4><br \/>\r\n<p style=\"text-align: justify;\">Bonjour,<\/p><br \/>\r\n<p style=\"text-align: justify;\">Vous nous faites part de la probl\u00e9matique d\u2019addictions de votre compagnon qui se montre par ailleurs violent dans ses paroles. Cette situation vous affecte et vous t\u00e9moignez de votre besoin de changement. Vous souhaitez mettre un terme \u00e0 cette relation et craignez sa r\u00e9action. Vous nous demandez quels sont vos droits par rapport \u00e0 votre logement et dans quelle mesure la police peut intervenir.<\/p><br \/>\r\n<p style=\"text-align: justify;\">Vous faites bien de nous \u00e9crire, car il est essentiel de ne pas rester seule dans cette situation qui impacte votre sant\u00e9 physique et psychique.<\/p><br \/>\r\n<p style=\"text-align: justify;\">Tout d\u2019abord, la violence verbale que vous subissez de la part de votre compagnon rel\u00e8ve de la<a href=\"https:\/\/dev-vqf.creatives.com\/la-violence-dans-le-couple\/la-violence-psychologique\/\" target=\"_blank\" rel=\"noopener\">\u00a0violence psychologique<\/a>. Elle peut \u00eatre difficile \u00e0 rep\u00e9rer, car ce type de violence peut s\u2019exercer parfois de mani\u00e8re subtile. Cela peut se manifester par des d\u00e9nigrements, des insultes, de l\u2019intimidation ou encore des menaces. Certains de ces comportements sont punis par la loi en Suisse, \u00e0 savoir par le Code p\u00e9nal\u00a0; c\u2019est notamment le cas des injures (poursuivies sur plainte) et des menaces graves (poursuivies d\u2019office). Selon les formes de cette violence, vous pourriez donc entreprendre des d\u00e9marches pour porter plainte si vous le souhaitiez. Pour une \u00e9valuation \u00e0 ce propos et des conseils d\u2019ordre psychosociaux, vous pouvez vous adresser au\u00a0<a href=\"https:\/\/www.profa.ch\/lavi\" target=\"_blank\" rel=\"noopener\">Centre LAVI (<strong>L<\/strong>oi f\u00e9d\u00e9rale d\u2019<strong>A<\/strong>ide aux\u00a0<strong>V<\/strong>ictimes d\u2019<strong>I<\/strong>nfractions) du Canton Vaud<\/a>\u00a0joignable au 021 631 03 00, du lundi au vendredi, de 9h \u00e0 12h et de 14h \u00e0 17h. Ce service propose des consultations gratuites et confidentielles \u00e0 Lausanne, Aigle, Yverdon-les-Bains ou Nyon \u00e0 votre convenance. Le\u00a0<a href=\"https:\/\/malleyprairie.ch\/\" target=\"_blank\" rel=\"noopener\">Centre Malley Prairie<\/a>, sp\u00e9cialis\u00e9 dans l\u2019accompagnement des personnes victimes de violence conjugale, est \u00e9galement disponible au 021 620 76 76 pour des rendez-vous gratuits et confidentiels dans votre r\u00e9gion ou encore un groupe de soutien.<\/p><br \/>\r\n<p style=\"text-align: justify;\">A\u00a0la question relative \u00e0 votre logement, nous ne pouvons pas y r\u00e9pondre pr\u00e9cis\u00e9ment, car cela varie selon diff\u00e9rents param\u00e8tres tels que l\u2019adresse l\u00e9gale de votre compagnon, les accords initiaux convenus avec ce dernier ou encore votre g\u00e9rance. Le droit du bail est une question complexe et nous vous encourageons \u00e0 v\u00e9rifier vos droits avec un organisme sp\u00e9cialis\u00e9. Dans le canton de Vaud, vous pouvez vous adresser au\u00a0<a href=\"https:\/\/csp.ch\/vaud\/services\/questions-juridiques\/\" target=\"_blank\" rel=\"noopener\">Centre social protestant<\/a>\u00a0qui r\u00e9pond par t\u00e9l\u00e9phone au 021 560 60 60<strong>\u00a0<\/strong>et dispose d\u2019une permanence juridique sur place \u00e0 Lausanne ou Renens. Vous pouvez \u00e9galement solliciter l\u2019<a href=\"https:\/\/oav.ch\/\" target=\"_blank\" rel=\"noopener\">Ordre des avocats vaudois<\/a>\u00a0pour une consultation juridique sur place via leur permanence, par t\u00e9l\u00e9phone ou en ligne.<\/p><br \/>\r\n<p style=\"text-align: justify;\">Concernant votre derni\u00e8re question, la police pourrait intervenir si vous la contactiez concernant les violences que vous subissez. En effet, si les agents avaient connaissance d\u2019infractions p\u00e9nales graves (telles que des menaces contre votre int\u00e9grit\u00e9) lors de leur passage, ils pourraient d\u00e9cider de l\u2019expulsion imm\u00e9diate de votre compagnon \u00e0 titre de mesure d\u2019urgence pour votre protection. Sur le canton de Vaud, cette expulsion doit \u00eatre confirm\u00e9e ensuite par le Tribunal d\u2019arrondissement de votre r\u00e9gion et peut \u00eatre prononc\u00e9e pour une p\u00e9riode de 30 jours au maximum.<\/p><br \/>\r\n<p style=\"text-align: justify;\">Nous vous proposons enfin quelques questions en guise de r\u00e9flexion\u00a0:<\/p><br \/>\r\n<br \/>\r\n<ul style=\"text-align: justify;\"><br \/>\r\n \t<li>De quoi avez-vous besoin pour vous sentir mieux\u00a0?<\/li><br \/>\r\n \t<li>Quelles ressources pouvez-vous mobiliser pour garantir votre s\u00e9curit\u00e9 \u00e0 l\u2019avenir\u00a0?<\/li><br \/>\r\n<\/ul><br \/>\r\n<p style=\"text-align: justify;\">Nous esp\u00e9rons avoir r\u00e9pondu \u00e0 vos attentes par cette r\u00e9ponse et restons \u00e0 disposition en cas de questions compl\u00e9mentaires.<\/p><br \/>\r\n<p style=\"text-align: justify;\">Avec nos meilleures salutations.<\/p><\/p><\/div><\/div><\/div><\/div><\/div><div class='qa_acc_item'><span class='acc_toggler'><\/span><div class='item_header'><h3>Violence conjugale, comment aider une personne \u00e0 en sortir ?<h3><div class='vqf_fixed_width_text'><p>17 avril 2023 - Cha... Comment sortir une personne victime de violence dans son couple ?<\/p><\/div><\/div><div class='item_body'><div class='quesion_response_block'><div class='question'><h5>Question<\/h5><div class='vqf_fixed_width_text'><p>17 avril 2023 - Cha...<br \/>\r\n<br \/>\r\nComment sortir une personne victime de violence dans son couple ?<br \/>\r\n<h4><\/h4><br \/>\r\n<h4><\/p><\/div><\/div><div class='response'><h5>Response<\/h5><div class='vqf_fixed_width_text'><p><\/h4><br \/>\r\n<p style=\"text-align: justify;\">Bonjour,<\/p><br \/>\r\n<p style=\"text-align: justify;\">Vous vous questionnez sur les possibilit\u00e9s d\u2019aider une personne victime de violence dans son couple \u00e0 sortir de cette relation.<\/p><br \/>\r\n<p style=\"text-align: justify;\">Nous avons peu d\u2019\u00e9l\u00e9ments sur le type de violence que cette personne subi, ni le lien que vous avez avec elle. Nous supposons qu\u2019il s\u2019agit d\u2019une personne qui vous est proche\u00a0?<\/p><br \/>\r\n<p style=\"text-align: justify;\">Comme vous avez pu le constater, il peut \u00eatre compliqu\u00e9 d\u2019agir dans ce genre de situation. Si cette personne se trouve dans un\u00a0<a href=\"https:\/\/dev-vqf.creatives.com\/la-violence-dans-le-couple\/la-violence-cest-quoi\/#cycle\" target=\"_blank\" rel=\"noopener\">cycle de violence conjugale<\/a>, il est difficile d\u2019en sortir seule. Selon l\u2019\u00e9tape du cycle, le discours de la victime peut varier face \u00e0 son agresseur\u00b7e.\u00a0<a href=\"https:\/\/dev-vqf.creatives.com\/la-violence-dans-le-couple\/je\/temoin\/\" target=\"_blank\" rel=\"noopener\">Pour ces personnes victimes, il est important de pouvoir compter sur des personnes ext\u00e9rieures \u00e0 la relation pour s\u2019en sortir.<\/a><strong>\u00a0C\u2019est pourquoi avoir une position d\u2019\u00e9coute et de soutien est primordiale<\/strong>. Le maintien du lien avec vous est particuli\u00e8rement important, le risque \u00e9tant que cette personne s'isole ou soit isol\u00e9e par son partenaire. Cependant, le choix de poursuivre cette relation lui appartient et il est important pour vous de le respecter et de ne pas la brusquer. Le but \u00e9tant de conserver le lien que vous avez avec cette personne tout en tentant de la mettre en \"mouvement\" afin qu'elle puisse se prot\u00e9ger.<\/p><br \/>\r\n<p style=\"text-align: justify;\">Nous nous permettons de vous transmettre des adresses du canton Vaud qui ont pu \u00eatre utiles \u00e0 d'autres personnes subissant des violences au sein du couple. Vous pourrez ainsi orienter cette personne le moment o\u00f9 vous sentirez qu'elle pr\u00eate \u00e0 rechercher de l'aide et \u00e0 s'entourer de sp\u00e9cialistes.<\/p><br \/>\r\n<p style=\"text-align: justify;\">Sur le Canton de Vaud, le\u00a0<a href=\"https:\/\/malleyprairie.ch\/\" target=\"_blank\" rel=\"noopener\">Centre d\u2019accueil Malley Prairie<\/a>\u00a0joignable au\u00a0<strong>021 620 76 76<\/strong>\u00a0est sp\u00e9cialis\u00e9 dans l\u2019accompagnement de personnes victimes de violence conjugale, un h\u00e9bergement d'urgence est aussi possible.<\/p><br \/>\r\n<p style=\"text-align: justify;\">Le\u00a0<a href=\"https:\/\/www.profa.ch\/services-2\/centre-lavi\/\" target=\"_blank\" rel=\"noopener\">Centre LAVI<\/a>\u00a0peut \u00eatre atteint au\u00a0<strong>021 631 03 00<\/strong>\u00a0et soutient \u00e9galement les personnes victimes sur les plans psychologique, juridique ou de protection. Les entretiens sont gratuits et confidentiels. Leurs bureaux se trouvent \u00e0 Aigle, Lausanne, Nyon et Yverdon-les-Bains.<\/p><br \/>\r\n<p style=\"text-align: justify;\">L<a href=\"https:\/\/www.curml.ch\/prestations-de-lunite-de-medecine-des-violences-umv\" target=\"_blank\" rel=\"noopener\">'Unit\u00e9 de m\u00e9decine des violences\u00a0<\/a>est \u00e9galement une adresse importante en cas de violences physiques et\/ou sexuelles. Cette unit\u00e9 pourrait effectuer, en toute gratuit\u00e9 et confidentialit\u00e9, un constat m\u00e9dical de coups et blessures. Ce document est pr\u00e9cieux si un jour la victime\u00a0d\u00e9ciderait de porter plainte. Il est possible de prendre rendez-vous rapidement apr\u00e8s les violences subies, aux num\u00e9ros suivants\u00a0:<\/p><br \/>\r\n<br \/>\r\n<ul style=\"text-align: justify;\"><br \/>\r\n \t<li><strong>Lausanne\u00a0<\/strong>:\u00a0021 314 00 60<\/li><br \/>\r\n \t<li><strong>Yverdon-les-Bains\u00a0<\/strong>:\u00a0024 424 42 20<\/li><br \/>\r\n \t<li><strong>Rennaz<\/strong>\u00a0:\u00a0058 773 64 77<\/li><br \/>\r\n \t<li><strong>Nyon<\/strong>\u00a0:\u00a0021 314 08 51<\/li><br \/>\r\n<\/ul><br \/>\r\n<p style=\"text-align: justify;\">Si cette personne est mari\u00e9e ou si elle a des enfants avec, elle peut contacter le service juridique du \u00a0<a href=\"https:\/\/csp.ch\/vaud\/services\/questions-de-couple\/\" target=\"_blank\" rel=\"noopener\">Centre social protestant<\/a>\u00a0au\u00a0<strong>021 560 60 70<\/strong>\u00a0pour \u00eatre renseign\u00e9e quant \u00e0 une s\u00e9paration. Des personnes form\u00e9es y travaillent et peuvent accompagner dans les d\u00e9marches \u00e0 effectuer en ce sens.<\/p><br \/>\r\n<p style=\"text-align: justify;\">Pour en revenir \u00e0 votre r\u00f4le, si vous \u00eates t\u00e9moin d\u2019une sc\u00e8ne de violence, vous pouvez appeler la police au\u00a0<strong>117<\/strong>. En effet, la violence conjugale est compos\u00e9e\u00a0<a href=\"https:\/\/dev-vqf.creatives.com\/la-violence-dans-le-couple\/la-violence-cest-quoi\/#loi\" target=\"_blank\" rel=\"noopener\">d\u2019infractions punies par la loi<\/a>. Une partie de celles-ci sont poursuivies d\u2019office. Suite \u00e0 un appel \u00e0 la police, diff\u00e9rentes proc\u00e9dures peuvent s\u2019ouvrir: expulsion du domicile pour la personne auteure, d\u00e9p\u00f4t de plainte et possibilit\u00e9 s\u00e9paration. Des mesures de protection peuvent \u00eatre mises en place pour prot\u00e9ger la personne victime. Cette personne peut \u00e9galement les appeler sans h\u00e9siter lors du moment de crise afin de se prot\u00e9ger,\u00a0ou se rendre dans n\u2019importe quel poste de police pour d\u00e9poser plainte pour la violence v\u00e9cue.<\/p><br \/>\r\n<p style=\"text-align: justify;\">Nous esp\u00e9rons que vous avez trouv\u00e9 dans ces orientations des \u00e9l\u00e9ments d\u2019aide. Nous restons bien entendu \u00e0 votre disposition si vous avez besoin de compl\u00e9ments d\u2019information. Avec nos meilleures salutations.<\/p><\/p><\/div><\/div><\/div><\/div><\/div><div class='qa_acc_item'><span class='acc_toggler'><\/span><div class='item_header'><h3>Recherche d&#8217;adresses<h3><div class='vqf_fixed_width_text'><p>10 avril 2023 - YD... Bonjour , Depuis la naissance de mon fils j'ai beaucoup de mal \u00e0 contenir ma violence. Je la redirige toujours mais je ne veux pas que mon fils grandisse avec les m\u00eames acte que j'ai...<\/p><\/div><\/div><div class='item_body'><div class='quesion_response_block'><div class='question'><h5>Question<\/h5><div class='vqf_fixed_width_text'><p>10 avril 2023 - YD...<br \/>\r\n<br \/>\r\nBonjour , Depuis la naissance de mon fils j'ai beaucoup de mal \u00e0 contenir ma violence. Je la redirige toujours mais je ne veux pas que mon fils grandisse avec les m\u00eames acte que j'ai vu. C'est de la pr\u00e9vention car je n'ai jamis battus ni mon fils ni ma femme mais n'aimerai pas que \u00e7a arrive. \u00c0 qui puis-je m'adresser? Que puis-je entreprendre pour apprendre \u00e0 m'en d\u00e9faire ? Merci.beaucoup<br \/>\r\n<h4><\/h4><br \/>\r\n<h4><\/p><\/div><\/div><div class='response'><h5>Response<\/h5><div class='vqf_fixed_width_text'><p><\/h4><br \/>\r\n<p style=\"text-align: justify;\">Bonjour Monsieur,<\/p><br \/>\r\n<p style=\"text-align: justify;\">Nous avons bien re\u00e7u votre message qui a retenu toute notre attention. Le fait que vous ayez pu nous \u00e9crire constitue un pas tr\u00e8s important et nous relevons le courage que vous d\u00e9montrez en nous contactant.<\/p><br \/>\r\n<p style=\"text-align: justify;\">Vous nous dites avoir du mal \u00e0 contenir votre\u00a0<a href=\"https:\/\/dev-vqf.creatives.com\/la-violence-dans-le-couple\/la-violence-cest-quoi\/\" target=\"_blank\" rel=\"noopener\">violence<\/a>\u00a0depuis la naissance de votre fils, que vous arrivez \u00e0 la rediriger mais que c\u2019est une situation difficile et que vous ne voulez pas que votre fils grandisse dans ces conditions.<\/p><br \/>\r\n<p style=\"text-align: justify;\">Reconna\u00eetre la pr\u00e9sence de la violence dans votre vie familiale est un premier pas essentiel et n\u00e9cessaire pour tout changement.\u00a0<a href=\"https:\/\/dev-vqf.creatives.com\/la-violence-dans-le-couple\/je\/auteur\/\" target=\"_blank\" rel=\"noopener\">Entreprendre une d\u00e9marche<\/a>\u00a0pour apprendre \u00e0 vous d\u00e9faire de ces comportements violents est une marque de consid\u00e9ration importante \u00e0 l\u2019\u00e9gard de votre femme et votre fils.<\/p><br \/>\r\n<p style=\"text-align: justify;\"><strong>La\u00a0<\/strong><strong>violence<\/strong><strong>\u00a0n'est pas une fatalit\u00e9, des solutions existent<\/strong>.\u00a0Nous vous encourageons vivement \u00e0 prendre contact avec un service sp\u00e9cialis\u00e9. Pour le canton de Vaud, il s'agit du\u00a0<a href=\"https:\/\/prevention-ale.ch\/\" target=\"_blank\" rel=\"noopener\">Centre Pr\u00e9vention de l\u2019Ale<\/a>\u00a0(CPAle) que vous pouvez contacter par t\u00e9l\u00e9phone au\u00a0<strong>021\/321.24.00\u00a0<\/strong>ou par email \u00e0\u00a0<a href=\"mailto:info@prevention-ale.ch\">info@prevention-ale.ch<\/a>.\u00a0Des professionnel-les pourront vous proposer une premi\u00e8re rencontre non payante qui vous permettra de pr\u00e9senter votre situation en d\u00e9tail et de d\u00e9velopper des strat\u00e9gies afin de g\u00e9rer ces situations dans le respect de votre femme, votre fils et de vous-m\u00eame.<\/p><br \/>\r\n<p style=\"text-align: justify;\">N'h\u00e9sitez pas \u00e0 nous \u00e9crire \u00e0 nouveau si vous souhaitez nous\u00a0donner davantage de pr\u00e9cisions, si vous avez une nouvelle question ou pour nous informer des nouvelles sur l'\u00e9volution de votre situation. Nous vous souhaitons le meilleur pour la suite.<\/p><\/p><\/div><\/div><\/div><\/div><\/div><div class='qa_acc_item'><span class='acc_toggler'><\/span><div class='item_header'><h3>Est-ce que ce que j&#8217;ai subi est bien un viol ?<h3><div class='vqf_fixed_width_text'><p>08 mars 2023 - Lem... Bonjour, Il y a quelques ann\u00e9es, lors d'un voyage, j'ai subit des attouchements et une p\u00e9n\u00e9tration que je ne souhaitais pas, mais je n'ai pas r\u00e9ussi \u00e0 dire non, j'\u00e9tais fig\u00e9e\/mes pens\u00e9es ne marchaient plus...<\/p><\/div><\/div><div class='item_body'><div class='quesion_response_block'><div class='question'><h5>Question<\/h5><div class='vqf_fixed_width_text'><p>08 mars 2023 - Lem...<br \/>\r\n<br \/>\r\nBonjour, Il y a quelques ann\u00e9es, lors d'un voyage, j'ai subit des attouchements et une p\u00e9n\u00e9tration que je ne souhaitais pas, mais je n'ai pas r\u00e9ussi \u00e0 dire non, j'\u00e9tais fig\u00e9e\/mes pens\u00e9es ne marchaient plus correctement pour me faire me lever et partir. Ce qui est bizarre est que j'ai continu\u00e9 \u00e0 parler \u00e0 la personne apr\u00e8s et que ce n'est qu'un an plus tard que je me suis rendue compte que \u00e7a n'avait jamais \u00e9t\u00e9 ok pour moi. Pr\u00e9cision : j'ai appris par apr\u00e8s que cet homme \u00e9tait bien plus \u00e2g\u00e9 que moi, ce que je ne savais pas avant et qui m'a \u00e9norm\u00e9ment choqu\u00e9e et d\u00e9go\u00fbt\u00e9e sur le moment. Lorsque j'en ai parl\u00e9, un an et demi plus tard, \u00e0 une psy qui me suivait depuis plusieurs ann\u00e9es, elle m'a dit qu'il ne fallait pas dire que c'\u00e9tait un viol puisque je n'avais pas dit non, qu'il m'avait peut-\u00eatre manipul\u00e9e mais que ce n'\u00e9tait pas un viol. On n'en a jamais reparl\u00e9 depuis et je n'ose pas aborder le sujet avec apr\u00e8s sa premi\u00e8re r\u00e9action, que j'ai ressentie comme peu compr\u00e9hensive. Depuis peu, n\u00e9anmoins, c'est consid\u00e9r\u00e9 comme tel en Suisse, et \u00e7a m'aide \u00e0 reconna\u00eetre que \u00e7a a \u00e9t\u00e9 violent pour moi. Je suis actuellement en couple hetero et je me sens respect\u00e9e et jai une vie sexuelle assez \u00e9panouie, mais j'ai encore souvent des moments ou je revis un toucher \/ revois une image et \u00e7a me bloque compl\u00e8tement ensuite, me d\u00e9go\u00fbte et me crispe. J'aimerais beaucoup pouvoir en parler mieux et apprendre \u00e0 me r\u00e9approprier mon corps et mes sensations, pour ne plus avoir ces blocages tr\u00e8s g\u00eanants. Jai aussi v\u00e9cu beaucoup de honte et d'humiliation quand je m'en suis rendue compte, \u00e7a a \u00e9t\u00e9 un moment tr\u00e8s difficile. Je crois que d'en parler m'aiderait \u00e0 apaiser les pens\u00e9es que j'ai encore avec \u00e7a. Est-ce que vous savez o\u00f9 est-ce que je peux avoir une consultation ? Est-ce que vous jugez l\u00e9gitime d'apr\u00e8s ce que j'ai v\u00e9cu ? Je vous remercie<br \/>\r\n<h4><\/h4><br \/>\r\n<h4><\/p><\/div><\/div><div class='response'><h5>Response<\/h5><div class='vqf_fixed_width_text'><p><\/h4><br \/>\r\n<p style=\"text-align: justify;\">Bonjour,<\/p><br \/>\r\n<p style=\"text-align: justify;\">Il y a trois ans lors d'un voyage vous avez subi des attouchements et un p\u00e9n\u00e9tration non-souhait\u00e9s et vous n'avez pas r\u00e9ussi \u00e0 dire non. Vous vous \u00eates rendue compte plus tard que cet homme \u00e9tait beaucoup plus \u00e2g\u00e9 que vous et que vous n'avez jamais \u00e9t\u00e9 ok par rapport \u00e0 ce qu'il s'est pass\u00e9. Vous vous \u00eates sentie choqu\u00e9e et d\u00e9go\u00fbt\u00e9e. Votre psychologue vous a dit qu'il ne s'agissait pas d'un viol et d\u00e8s lors vous n'osez plus aborder le sujet avec elle. Vous avez encore des flash-backs qui vous bloquent et crispent et souhaiteriez en parler \u00e0 un-e professionnel-le afin de vous r\u00e9approprier votre corps et vos sensations mais \u00e9galement afin d'apaiser vos pens\u00e9es. Vous nous demandez o\u00f9 est-ce que vous pourriez demander de l'aide et si c'est l\u00e9gitime.<\/p><br \/>\r\n<p style=\"text-align: justify;\">Vous avez bien fait de nous \u00e9crire :\u00a0<strong>ce que vous avez v\u00e9cu est bien un viol, votre consentement n'a pas \u00e9t\u00e9 respect\u00e9<\/strong>. Celui-ci n'est pas toujours verbal et peut \u00eatre retir\u00e9 \u00e0 tout moment, il est de la responsabilit\u00e9 de chacun-e des partenaires de s'assurer du consentement du\/de la partenaire. En Suisse, un viol consiste en une p\u00e9n\u00e9tration d'un p\u00e9nis dans un vagin avec menace, violence, pression psychologique ou contrainte (<a href=\"https:\/\/www.fedlex.admin.ch\/eli\/cc\/54\/757_781_799\/fr#art_190\" target=\"_blank\" rel=\"noopener\">art. 190 CP<\/a>),\u00a0tandis que les autres formes de violence sont consid\u00e9r\u00e9es comme des contraintes sexuelles (<a href=\"https:\/\/www.fedlex.admin.ch\/eli\/cc\/54\/757_781_799\/fr#art_189\" target=\"_blank\" rel=\"noopener\">art. 189 CP<\/a>). Ces articles sont en r\u00e9vision \u00e0 l'heure actuelle afin de tenir entre autre compte de l'effet de sid\u00e9ration. Comme vous le d\u00e9crivez, lors de\u00a0<a href=\"https:\/\/dev-vqf.creatives.com\/la-violence-dans-le-couple\/la-violence-sexuelle\/\" target=\"_blank\" rel=\"noopener\">violence sexuelle<\/a>\u00a0il est courant que les victimes se figent et ne r\u00e9agissent pas, ou se retrouvent\u00a0\u00ab en-dehors \u00bb de leur\u00a0corps, comme si elles regardaient la sc\u00e8ne de l\u2019ext\u00e9rieur,\u00a0ce qui va conduire\u00a0\u00e0 des sentiments de culpabilit\u00e9 chez les victimes. Cependant,\u00a0<strong>il s'agit d'un\u00a0<a href=\"https:\/\/www.amnesty.ch\/fr\/themes\/droits-des-femmes\/violence-sexuelle\/docs\/une-reaction-completement-normale\" target=\"_blank\" rel=\"noopener\">effet de sid\u00e9ration<\/a>, qui est une r\u00e9action physique tout \u00e0 fait normale dans une situation qui ne l'est pas.<br \/>\r\n<\/strong><\/p><br \/>\r\n<p style=\"text-align: justify;\">Nous sommes navr\u00e9-es de la r\u00e9action inad\u00e9quate de votre\u00a0psychologue, qui n'a pas su reconna\u00eetre les violences subies comme un viol, ni vous \u00e9couter et r\u00e9agir de mani\u00e8re compr\u00e9hensive. Il est important que vous puissiez \u00eatre suivie par un-e professionnel-le form\u00e9-e dans le domaine des violences sexuelles et qui saura vous \u00e9couter et vous aider dans votre processus de reconstruction, il n'est jamais trop tard pour cela. Vous d\u00e9crivez tr\u00e8s bien dans votre messages les cons\u00e9quences que peuvent avoir des violences sexuelles sur la sant\u00e9 psychique de la victime et\u00a0<strong>vous \u00eates tout \u00e0 fait l\u00e9gitime de demander de l'aide \u00e0 des professionnel-les.\u00a0<\/strong><\/p><br \/>\r\n<p style=\"text-align: justify;\">Vous pouvez contacter l'Association\u00a0<a href=\"https:\/\/viol-secours.ch\/\" target=\"_blank\" rel=\"noopener\">Viol Secours<\/a>\u00a0qui propose une aide confidentielle \u00e0 toute personnes ayant \u00e9t\u00e9 victime de violences sexuelles. Leur \u00e9quipe propose une permanence psychosociale, il s'agit d'un accompagnement sp\u00e9cialis\u00e9 afin de vous aider \u00e0 vous r\u00e9approprier votre corps, vos \u00e9motions ou\/et votre autonomie.\u00a0La permanence est disponible\u00a0<strong>par t\u00e9l\u00e9phone au +41 (0)22 345 20 20<\/strong>, par courriel\u00a0<a href=\"mailto:permanence@viol-secours.ch\">permanence@viol-secours.ch<\/a>\u00a0ou en pr\u00e9sentiel \u00e0 Gen\u00e8ve (Place des Charmilles 3 \u2014 1203 Gen\u00e8ve). Si cela peut aussi vous int\u00e9resser, l'Association propose \u00e9galement des\u00a0<a href=\"https:\/\/viol-secours.ch\/groupes-de-parole\/\" target=\"_blank\" rel=\"noopener\">groupes de parole<\/a>\u00a0qui permettent de s'exprimer et d'\u00e9changer avec d'autres personnes concern\u00e9es dans un cadre s\u00e9cure et bienveillant.<\/p><br \/>\r\n<p style=\"text-align: justify;\">Vous pouvez \u00e9galement contacter un Centre LAVI proche de votre domicile. Les Centre LAVI sont\u00a0<a href=\"https:\/\/www.aide-aux-victimes.ch\/fr\/\" target=\"_blank\" rel=\"noopener\">des centres d'aide pour les personnes \u00e9tant ou ayant \u00e9t\u00e9 victimes d'infractions au code p\u00e9nal suisse<\/a>, comme c'est votre cas. Des professionnel-les sp\u00e9cialis\u00e9-es dans le domaine pourront vous \u00e9couter afin que vous ayez un espace pour raconter ce que vous avez v\u00e9cu, vous aider \u00e0 surmonter vos traumatismes et\/ou vous apporter une aide suppl\u00e9mentaire, par exemple un soutien psychologique. Il existe\u00a0<a href=\"https:\/\/www.aide-aux-victimes.ch\/fr\/ou-puis-je-trouver-de-laide\/\" target=\"_blank\" rel=\"noopener\">plusieurs centres\u00a0dans le canton de Vaud<\/a>\u00a0; \u00e0 Aigle, Lausanne et Yverdon-les-Bains, vous pouvez les contacter par t\u00e9l\u00e9phone ou par e-mail et voir avec eux pour prendre un rendez-vous en pr\u00e9sentiel ou alors s'il est possible de le faire au d\u00e9but \u00e0 distance.<\/p><br \/>\r\n<p style=\"text-align: justify;\">Nous esp\u00e9rons avoir pu vous\u00a0aider dans votre r\u00e9flexion. Nous restons bien entendu \u00e0 votre enti\u00e8re disposition si vous aviez d'autres questions ou si vous souhaitiez nous donner de vos nouvelles dans quelques temps. Nous vous adressons nos cordiales salutations.<\/p><br \/>\r\n&nbsp;<\/p><\/div><\/div><\/div><\/div><\/div><div class='qa_acc_item'><span class='acc_toggler'><\/span><div class='item_header'><h3>Est-ce que vous aidez aussi les femmes qui ont des probl\u00e8mes avec leur ex-conjoint ?<h3><div class='vqf_fixed_width_text'><p>17 mars 2023 - M... Bonsoir, Je lance une bouteille \u00e0 la mer, ne sachant plus quoi faire ni ou m\u2019orienter pour avoir de l\u2019aide et ou en parler. Je me suis dit que votre site, qui m\u2019a \u00e9t\u00e9 tr\u00e8s...<\/p><\/div><\/div><div class='item_body'><div class='quesion_response_block'><div class='question'><h5>Question<\/h5><div class='vqf_fixed_width_text'><p>17 mars 2023 - M...<br \/>\r\n<br \/>\r\nBonsoir, Je lance une bouteille \u00e0 la mer, ne sachant plus quoi faire ni ou m\u2019orienter pour avoir de l\u2019aide et ou en parler. Je me suis dit que votre site, qui m\u2019a \u00e9t\u00e9 tr\u00e8s inspirant serait peut-\u00eatre le bon endroit pour sauter le premier pas en toute confiance et anonymat. Je vous avoue que je ne suis pas s\u00fbr d\u2019\u00eatre au bon endroit d\u2019une part car selon moi je ne suis pas une femme battue \u00e0 proprement parler et de l\u2019autre parce-que j\u2019ai l\u2019impression de ne pas avoir le droit d'en parler car l\u2019eau \u00e0 pass\u00e9 les ponts bien m\u00eame que l\u2019acharnement, l\u2019harc\u00e8lement et le chantage r\u00e8gne encore\u2026 ( encore une fois selon moi ). J\u2019ai vu que votre site \u00e9tait surtout destiner au femme qui ont des probl\u00e8mes avec leur conjoint mais aider vous aussi celle qui en on avec leur ex conjoint ? ( \u00c0 savoir qu\u2019il y a un enfant au milieu et une autorit\u00e9 parentale conjointe) Si non auriez-vous une adresse, un confr\u00e8re \u00e0 qui je pourrais parler\/ demander de l'aide et une \u00e9coute ? Je vous remercie d'avance pour votre r\u00e9ponse.<br \/>\r\n<h4><\/h4><br \/>\r\n<h4><\/p><\/div><\/div><div class='response'><h5>Response<\/h5><div class='vqf_fixed_width_text'><p><\/h4><br \/>\r\nBonjour,<br \/>\r\n<br \/>\r\nVous \u00eates s\u00e9par\u00e9e de votre ex-conjoint avec qui vous avez un enfant et vous \u00eates toujours victime d'acharnement, de harc\u00e8lement ou encore de chantage de sa part. Vous ne savez pas \u00e0 qui vous adresser et avez des doutes sur votre l\u00e9gitimit\u00e9, car le temps a pass\u00e9 et vous ne vous consid\u00e9rez pas comme une femme \"battue\".<br \/>\r\n<br \/>\r\nVous avez tr\u00e8s bien fait de nous \u00e9crire, et laissez nous commencer par vous dire que vous \u00eates tout \u00e0 fait <strong>l\u00e9gitime<\/strong>\u00a0et que vous avez frapp\u00e9 \u00e0 la bonne porte.\u00a0<a href=\"https:\/\/dev-vqf.creatives.com\/\" target=\"_blank\" rel=\"noopener\">Violence Que Faire<\/a>\u00a0s'adresse \u00e0 toute personne \u00e9tant victime, auteure ou t\u00e9moin de violence au sein du couple, qu'il s'agisse d'une relation actuelle ou pass\u00e9e. En effet,\u00a0<strong>toute violence est interdite, elles ne sont\u00a0pas \u00e0 minimiser\u00a0et personne n'a \u00e0 les subir.\u00a0<\/strong><br \/>\r\n<br \/>\r\nVous ne subissez peut-\u00eatre pas de violence physique, mais l'acharnement, le chantage ou le harc\u00e8lement sont des comportements de<strong>\u00a0<a href=\"https:\/\/dev-vqf.creatives.com\/la-violence-dans-le-couple\/la-violence-psychologique\/\" target=\"_blank\" rel=\"noopener\">violence psychologique<\/a><\/strong>. Ce sont les violences\u00a0<strong>les moins visibles<\/strong>, elles ne laissent pas de traces et elles\u00a0<strong>atteignent grandement les personnes qui les subissent<\/strong>. Les personnes qui les endurent ne se sentent souvent pas l\u00e9gitimes \u00e0 demander de l'aide car elles ont l'impression que ces situations ne sont pas \"assez graves\".\u00a0Pourtant, ces comportements ont des\u00a0<a href=\"https:\/\/dev-vqf.creatives.com\/la-violence-dans-le-couple\/la-violence-cest-quoi\/#consequences\" target=\"_blank\" rel=\"noopener\">r\u00e9percussions importantes<\/a>\u00a0sur la sant\u00e9 de la victime et\u00a0<strong>ne doivent pas \u00eatre minimis\u00e9s\u00a0<\/strong>:<strong>\u00a0<\/strong>une<strong>\u00a0<\/strong>baisse de la confiance en soi, un doute sur la perception de la situation, un isolement ou un sentiment de culpabilit\u00e9 d\u00e9coulent de la violence subie et sont\u00a0<strong>des signes de l'impact n\u00e9faste de la violence sur la sant\u00e9 mentale et physique de la victime tout comme pour<a href=\"https:\/\/dev-vqf.creatives.com\/la-violence-dans-le-couple\/la-violence-cest-quoi\/#consequences\" target=\"_blank\" rel=\"noopener\">\u00a0ses enfants<\/a>.<\/strong>\u00a0Dans ces situations, demander de l'aide \u00e0 des professionnel-les est un premier pas important.<br \/>\r\n<br \/>\r\n<strong>Nous vous conseillons vivement de contacter\u00a0<a href=\"https:\/\/www.avvec.ch\/fr\" target=\"_blank\" rel=\"noopener\">l'Association d'Aide aux Victimes de Violence dans le Couple<\/a>\u00a0(AVVEC) \u00e0 Gen\u00e8ve<\/strong>. Leurs \u00e9quipes\u00a0sauront vous \u00e9couter et vous conseiller en fonction de vos besoins. L'association propose\u00a0<strong>une permanence sans rendez-vous<\/strong>\u00a0tous les mardis\u00a0entre 16h et 18h dans leurs\u00a0locaux (rue de Montchoisy\u00a046, Gen\u00e8ve) mais \u00e9galement\u00a0<strong>une permanence t\u00e9l\u00e9phonique<\/strong>\u00a0au\u00a0<strong>022 797 10 10<\/strong>\u00a0le\u00a0lundi, mardi, jeudi\u00a0&amp;\u00a0vendredi de 14h \u00e0 17h. Vous pouvez \u00e9galement prendre rendez-vous pour\u00a0<a href=\"https:\/\/www.avvec.ch\/fr\/aide\/jai-besoin-daide\/entretiens-individuels\" target=\"_blank\" rel=\"noopener\">une consultation individuelle<\/a>\u00a0avec un-e professionnelle. Toutes ces prestations sont\u00a0<strong>confidentielles<\/strong>\u00a0et\u00a0<strong>gratuites<\/strong>.<br \/>\r\n<br \/>\r\nNous esp\u00e9rons avoir pu vous renseigner au mieux. Nous restons bien entendu \u00e0 votre enti\u00e8re disposition si vous aviez d'autres questions ou si vous souhaitiez nous donner de vos nouvelles dans quelques temps. Nous vous adressons nos cordiales salutations.<br \/>\r\n<p style=\"text-align: justify;\"><\/p><\/p><\/div><\/div><\/div><\/div><\/div><div class='qa_acc_item'><span class='acc_toggler'><\/span><div class='item_header'><h3>J&#8217;ai besoin d&#8217;aide pour sortir d&#8217;une relation toxique<h3><div class='vqf_fixed_width_text'><p>12 mars 2023 - Kit... Bonjour je besoin de sortir d\u2019 une relation toxique et violent, mais je n\u2019arrive \u00e0 le faire toute seule. O\u00f9 je peux trouver soutien en canton du valais ?<\/p><\/div><\/div><div class='item_body'><div class='quesion_response_block'><div class='question'><h5>Question<\/h5><div class='vqf_fixed_width_text'><p>12 mars 2023 - Kit...<br \/>\r\n<br \/>\r\nBonjour je besoin de sortir d\u2019 une relation toxique et violent, mais je n\u2019arrive \u00e0 le faire toute seule. O\u00f9 je peux trouver soutien en canton du valais ?<br \/>\r\n<h4><\/h4><br \/>\r\n<h4><\/p><\/div><\/div><div class='response'><h5>Response<\/h5><div class='vqf_fixed_width_text'><p><\/h4><br \/>\r\n<p style=\"text-align: justify;\">Bonjour,<\/p><br \/>\r\n<p style=\"text-align: justify;\">Vous avez besoin de sortir d'une relation toxique et violente et souhaitez savoir \u00e0 qui demander de l'aide dans le canton du Valais.<\/p><br \/>\r\n<p style=\"text-align: justify;\">Vous avez bien fait de nous \u00e9crire,\u00a0<strong>vous n'\u00eates pas seule<\/strong>. Des professionnel-es sont l\u00e0 pour vous soutenir et vous \u00e9pauler dans votre processus de s\u00e9paration. Sortir d'une relation violente demande beaucoup de courage, vous avez d\u00e9j\u00e0 fait un premier pas important en nous \u00e9crivant. Nous vous encourageons \u00e0 continuer vos d\u00e9marches et \u00e0 vous entourer de professionnel-les sp\u00e9cialis\u00e9-es dans le domaine des violences au sein du couple.<\/p><br \/>\r\n<p style=\"text-align: justify;\">Nous n'avons pas de d\u00e9tails sur les violences que vous subissez.\u00a0<strong>Si vous vous sentez\u00a0en danger, vous pouvez sans h\u00e9siter appeler la police au 117 qui viendra vous prot\u00e9ger 24\/24h et 7\/7j.<\/strong>\u00a0En fonction des violences, la police peut \u00e9galement expulser du domicile l'auteur-e des violences.<\/p><br \/>\r\n<p style=\"text-align: justify;\">En Valais, il existe la\u00a0<a href=\"http:\/\/www.lessentielles.ch\/\" target=\"_blank\" rel=\"noopener\">Fondation l'EssentiElles<\/a>\u00a0qui accompagne et conseille de mani\u00e8re confidentielle et gratuite les victimes de violence au sein du couple, et sp\u00e9cifiquement de<span class=\"apple-converted-space\">\u00a0<\/span><a href=\"https:\/\/dev-vqf.creatives.com\/la-violence-dans-le-couple\/la-violence-psychologique\/\" target=\"_blank\" rel=\"noopener\">violence psychologique<\/a>. Vous pouvez les atteindre durant les heures de bureau au<span class=\"apple-converted-space\">\u00a0<\/span><strong>079 320 90 70<\/strong>. Vous pouvez parler de votre situation par t\u00e9l\u00e9phone ou en\u00a0pr\u00e9sentiel avec une professionnelle sp\u00e9cialiste des violences domestiques qui saura vous \u00e9couter et vous aiguiller. Cette Fondation organise \u00e9galement des groupes de parole 8 \u00e0 10 fois par ann\u00e9e et propose des soutiens avec des th\u00e9rapeutes.\u00a0Si vous avez besoin d'un h\u00e9bergement, la Fondation offre une solution d'accueil dans la r\u00e9gion du Chablais, elle collabore \u00e9galement avec les deux autres h\u00e9bergements du canton romand \u00e0 Sion et dans la r\u00e9gion de Martigny. N'h\u00e9sitez pas \u00e0 prendre contact avec cette derni\u00e8re afin d'\u00eatre soutenue dans votre situation.<\/p><br \/>\r\n<p style=\"text-align: justify;\">Le\u00a0<a href=\"https:\/\/www.aide-aux-victimes.ch\/fr\/ou-puis-je-trouver-de-laide\/\" target=\"_blank\" rel=\"noopener\">Centre LAVI<\/a>\u00a0du canton du Valais,\u00a0joignable au<span class=\"apple-converted-space\">\u00a0<\/span><strong>027 607 31 00<\/strong>, peut vous soutenir sur les plans psychologique, juridique ou de protection.\u00a0<a href=\"https:\/\/www.aide-aux-victimes.ch\/fr\/ou-puis-je-trouver-de-laide\/\" target=\"_blank\" rel=\"noopener\">Diff\u00e9rents lieux de consultation<\/a>\u00a0existent sur le canton du Valais, ainsi, vous pouvez trouver des bureaux \u00e0 Sion, Collombey-Murat et Brig. Les entretiens avec les professionnel-les du Centre LAVI sont gratuits et confidentiels. Vous trouverez plus d\u2019informations sur leur<span class=\"apple-converted-space\">\u00a0<\/span><a href=\"https:\/\/www.vs.ch\/web\/sas\/lavi-beneficiaires\" target=\"_blank\" rel=\"noopener\">site internet<\/a>.<\/p><br \/>\r\n<p style=\"text-align: justify;\">La<span class=\"apple-converted-space\">\u00a0<\/span><a href=\"https:\/\/www.violences-domestiques.ch\/fr\/\" target=\"_blank\" rel=\"noopener\">plateforme valaisanne<span class=\"apple-converted-space\">\u00a0<\/span>contre la violence domestique\u00a0<\/a>a \u00e9galement une ligne t\u00e9l\u00e9phonique (<strong>027 606 21 20<\/strong>) o\u00f9 vous pourrez trouver des orientations de soutien suppl\u00e9mentaires.<\/p><br \/>\r\n<p style=\"text-align: justify;\">Nous esp\u00e9rons que ces orientations pourront vous aider \u00e0 sortir de votre relation et trouver de la s\u00e9r\u00e9nit\u00e9.\u00a0Nous restons bien entendu \u00e0 votre enti\u00e8re disposition si vous souhaitez nous poser une nouvelle question ou si vous souhaitez nous donner de vos nouvelles dans quelque temps. Nous vous adressons nos cordiales salutations.<\/p><br \/>\r\n&nbsp;<\/p><\/div><\/div><\/div><\/div><\/div><div class='qa_acc_item'><span class='acc_toggler'><\/span><div class='item_header'><h3>Violence verbale et physique avec mes conjoints<h3><div class='vqf_fixed_width_text'><p>05 mars 2023 - KF... Bonjour, Je voudrais me confier. Je suis une femme et j'ai un probl\u00e8me de violence dans mes relations amoureuses. En y r\u00e9fl\u00e9chissant, je crois que j' eu des r\u00e9actions violentes dans toutes mes relations s\u00e9rieuses,...<\/p><\/div><\/div><div class='item_body'><div class='quesion_response_block'><div class='question'><h5>Question<\/h5><div class='vqf_fixed_width_text'><p>05 mars 2023 - KF...<br \/>\r\n<br \/>\r\nBonjour, Je voudrais me confier. Je suis une femme et j'ai un probl\u00e8me de violence dans mes relations amoureuses. En y r\u00e9fl\u00e9chissant, je crois que j' eu des r\u00e9actions violentes dans toutes mes relations s\u00e9rieuses, mais j'ai cru que c'\u00e9tait parce que je n'avais pas trouv\u00e9 \"la bonne personne\". Souvent, je frappais ou poussais l'autre, qui ne se d\u00e9fendait pas. Des fois je me suis frapp\u00e9e moi m\u00eame devant l'autre. En ce moment je suis en train de construire une relation avec un homme et j'ai commenc\u00e9 \u00e0 \u00eatre de plus en plus violente verbalement et physiquement quand je me sens trahie par lui. Je ne peux donc plus penser que \u00e7a arrivait seulement avec les mauvaises personnes car j'essaie de construire qqch avec cet homme. Aujourd'hui je suis en \u00e9tat de choc parce que j'ai \u00e9t\u00e9 tr\u00e8s tr\u00e8s violente, mais comme il fait deux fois mon poids je ne lui ai pas fait vraiment mal. Je pense que mon recours \u00e0 la violence est li\u00e9 \u00e0 un sentiment d'impuissance, ma col\u00e8re est telle que je ne me ma\u00eetrise plus. Je ressens une grande honte apr\u00e8s et je ne comprends pas ce comportement. Je suis en train de r\u00e9aliser que j'ai un probl\u00e8me de violence chronique car \u00e7a revient dans toutes mes relations. Je vais en parler \u00e0 ma psychologue. Merci pour votre travail pour les personnes qui ont des probl\u00e8mes de violences.<br \/>\r\n<h4><\/h4><br \/>\r\n<h4><\/p><\/div><\/div><div class='response'><h5>Response<\/h5><div class='vqf_fixed_width_text'><p><\/h4><br \/>\r\nBonjour,<br \/>\r\n<br \/>\r\nVous nous confiez votre utilisation de la violence dans votre relation amoureuse et en particulier vous \u00eates marqu\u00e9e par l\u2019apparition de la violence dans votre relation actuelle. Vous vous questionnez sur vos comportements notamment par leurs r\u00e9p\u00e9titions.<br \/>\r\n<br \/>\r\nNous vous remercions d\u2019avoir pos\u00e9 ici votre propre exp\u00e9rience. Nous pensons que votre questionnement est pertinent \u00e0 la lumi\u00e8re de ce que vous nous d\u00e9crivez. En effet nous constatons dans ce domaine que les faits de violence dans un couple ont tendance \u00e0 se r\u00e9p\u00e9ter dans un cycle qui est \u00e0 la fois de plus en plus rapide et souvent de plus en plus intense. Il devient alors indispensable d\u2019agir et r\u00e9fl\u00e9chir \u00e0 ses comportements pour trouver des solutions comme vous \u00eates en train de faire.<br \/>\r\n<br \/>\r\nNous comprenons que le constat d\u2019une utilisation r\u00e9guli\u00e8re de la violence puisse \u00eatre choquant. Une partie du probl\u00e8me peut \u00eatre probablement abord\u00e9e sous l\u2019angle de la gestion de vos ressentis. Les r\u00e9actions de col\u00e8re ou d\u2019agressivit\u00e9 d\u00e9mesur\u00e9e par exemple sont \u00e9vitables et il est possible d'apprendre \u00e0 les anticiper et \u00e0 les g\u00e9rer d\u2019une mani\u00e8re plus constructive. Qu\u2019est-ce que vous n\u2019arrivez pas \u00e0 exprimer en mots et qui semble ne se manifester que par des coups\u00a0? R\u00e9agissez-vous en interpr\u00e9tant les agirs de votre partenaire pour vous prot\u00e9ger\u00a0?<br \/>\r\n<br \/>\r\nPeut-\u00eatre qu\u2019en identifiant plus pr\u00e9cis\u00e9ment a posteriori vos besoins ou vos souhaits vous arriverez \u00e0 formuler des demandes \u00e0 votre compagnon ainsi qu\u2019\u00e0 acc\u00e9der \u00e0 une meilleure ma\u00eetrise de vous-m\u00eame qui ne vous fasse pas sentir impuissante. De m\u00eame, un partage \u00e0 des moments bien moins charg\u00e9s d\u2019\u00e9motions pourrait vous permettre de comprendre autrement les propos de votre partenaire. La col\u00e8re devient ainsi un bon indicateur de besoins en manque de r\u00e9ponse, reste \u00e0 pouvoir la ma\u00eetriser au profit d\u2019autres comportements plus constructifs.<br \/>\r\n<br \/>\r\nNous vous soutenons dans votre recherche et nous pensons qu\u2019en parler \u00e0 votre psychologue vous permettra \u00e9galement de trouver compr\u00e9hension et une aide \u00e0 r\u00e9soudre votre conflit et \u00e0 ne plus mettre en p\u00e9ril votre relation de couple.<br \/>\r\n<br \/>\r\nNous restons \u00e0 disposition si vous avez des questions ou d\u2019autres besoins. Bon courage.<br \/>\r\n<br \/>\r\n&nbsp;<\/p><\/div><\/div><\/div><\/div><\/div><div class='qa_acc_item'><span class='acc_toggler'><\/span><div class='item_header'><h3>Une amie subit des violences psychologiques de la part de son conjoint et je ne sais pas quoi faire pour l&#8217;aider<h3><div class='vqf_fixed_width_text'><p>24 f\u00e9vrier 2023 - Hed... Bonjour, J'ai l'une de mes amies qui est victime de violences psychologiques de la part de son conjoint. Ils sont ensemble depuis quelques ann\u00e9es et tout au long de leur histoire, il lui a inflig\u00e9...<\/p><\/div><\/div><div class='item_body'><div class='quesion_response_block'><div class='question'><h5>Question<\/h5><div class='vqf_fixed_width_text'><p>24 f\u00e9vrier 2023 - Hed...<br \/>\r\n<br \/>\r\nBonjour, J'ai l'une de mes amies qui est victime de violences psychologiques de la part de son conjoint. Ils sont ensemble depuis quelques ann\u00e9es et tout au long de leur histoire, il lui a inflig\u00e9 des violences psychologiques, parfois extr\u00eames. C'est Madame Punching Ball ! Chantages, exclusions, rabaissements, insultes, demandes douteuses, ... il joue sur ses \"faiblesses\" pour l'atteindre et lui faire mal. Il sait tr\u00e8s bien comment faire d'ailleurs et comment tout obtenir d'elle. On l'appelle Docteur Jekyle et Mister Hyde car il peut \u00eatre tout \u00e0 fait charmant et quelques heures\/jours apr\u00e8s, la traiter comme une moins que rien, sans raison. Le probl\u00e8me, c'est qu'elle est consciente de tout \u00e7a et du fait qu'elle devrait partir mais elle en est incapable. Elle le voit comme une \u00e2me bris\u00e9e avec une histoire personnelle affreuse, jonch\u00e9e de trahisons, d'abandons, ... Elle est persuad\u00e9e qu'elle peut le sauver et lui prouver que l'amour peut tout gu\u00e9rir... Lui, bien que suivi par un psychiatre, ne se prend pas en charge, ni ses probl\u00e8mes. Il ne fait rien pour aller mieux et se complait dans son mal-\u00eatre qui devient identitaire pour lui. Il ne fait que de se \"tasser\" avec des m\u00e9dicaments type somnif\u00e8res dont il a des r\u00e9serves ph\u00e9nom\u00e9nales. Elle a m\u00eame peur qu'il \"flic\" tout ce qui se passe sur son t\u00e9l\u00e9phone. Du coup, on doit faire attention \u00e0 ce qu'on se dit, o\u00f9 on l'\u00e9crit et bien choisir nos messageries pour se parler (voire effacer certains messages). Il a isol\u00e9 mon amie qui ne se laisse plus vivre pour autre chose que pour lui. Elle a perdu des amis, des \u00eatres qu'elle aimait profond\u00e9ment et ne s'autorise plus rien, sous peine d'avoir des probl\u00e8mes avec lui. Fini les sorties, fini les restaurants entre amis. Elle n'a pas le droit d'exister sans lui. Elle marche sur des \u0153ufs en permanence et s'efface compl\u00e8tement pour \u00e9viter tout probl\u00e8me avec lui mais il trouve toujours un pr\u00e9texte, \"vrai\" ou non. Nous sommes un petit groupe d'amies proches qui arrivons \u00e0 rester autour d'elle pour la soutenir mais nous avons peur de la perdre, dans tous les sens du terme, et ne savons plus quoi faire... Nous avons peur pour elle. On se rend bien compte que les histoires reviennent toujours mais elle ne retient que le fait que lors des p\u00e9riodes \"joyeuses\/heureuses\", tout va bien et qu'il est \"parfait pour elle\". Elle va se \"souvenir\" que tout allait bien il y a quelques jours mais pas qu'il y a un mois, il lui faisait encore des probl\u00e8mes\/histoires\/menaces\/... Je suis perdue et je ne sais plus comment faire pour l'aider \u00e0 sortir de cette relation toxique. J'ai peur de la perdre. Pouvez-vous m'aider ou m'aiguiller ? Merci d'avance pour votre aide.<br \/>\r\n<h4><\/h4><br \/>\r\n<h4><\/p><\/div><\/div><div class='response'><h5>Response<\/h5><div class='vqf_fixed_width_text'><p><\/h4><br \/>\r\n<p style=\"text-align: justify;\">Bonjour,<\/p><br \/>\r\n<p style=\"text-align: justify;\">L'une de vos amies subit de la violence psychologique de la part de son conjoint, avec qui elle est depuis plusieurs ann\u00e9es. Depuis le d\u00e9but de leur histoire, votre amie est victime de chantages, d'exclusions, de rabaissements, d'insultes, etc. Il peut se montrer tr\u00e8s charmant et changer rapidement, devenant alors violent et manipulant votre amie pour lui faire du mal. Votre amie se rend compte des violences mais est incapable de partir, elle pense pouvoir sauver son conjoint de ses blessures personnelles. Son conjoint est par ailleurs suivi par un psychiatre mais cela n'am\u00e9liore pas la situation. Votre amie est isol\u00e9e socialement et contr\u00f4l\u00e9e par son conjoint (messages, appels t\u00e9l\u00e9phoniques). Vous et un groupe d'amies \u00eates rest\u00e9es autour d'elles mais vous ne savez plus quoi faire et avez peur de la perdre.<\/p><br \/>\r\n<p style=\"text-align: justify;\">Vous avez bien fait de nous \u00e9crire, la situation de votre amie est en effet\u00a0<strong>pr\u00e9occupante<\/strong>. Les actes que vous nous relatez s'inscrivent bien dans de la\u00a0<a href=\"https:\/\/dev-vqf.creatives.com\/la-violence-dans-le-couple\/la-violence-psychologique\/\" target=\"_blank\" rel=\"noopener\">violence psychologique<\/a>:\u00a0cette derni\u00e8re est sournoise et s\u2019installe peu \u00e0 peu dans le couple par le biais du \"<a href=\"https:\/\/dev-vqf.creatives.com\/la-violence-dans-le-couple\/la-violence-cest-quoi\/#cycle\" target=\"_blank\" rel=\"noopener\">cycle de la violence<\/a>\", que vous d\u00e9crivez tr\u00e8s bien dans votre message. Il s'agit de 4 phases de la violence, avec une p\u00e9riode \"lune de miel\", vous la mentionnez lorsque\u00a0vous d\u00e9crivez des p\u00e9riodes o\u00f9 le conjoint de votre amie est \"parfait pour elle\", des \"p\u00e9riodes joyeuses\/heureuses\". Pourtant,\u00a0sans aide ext\u00e9rieure pour briser ce cycle,\u00a0les violences se r\u00e9p\u00e8tent de plus en plus fr\u00e9quemment et, en se r\u00e9p\u00e9tant, engendrent un risque d\u2019augmentation de la violence et c\u2019est ainsi que l\u2019auteur peut\u00a0<strong>amplifier son emprise<\/strong>\u00a0tout en\u00a0annihilant l\u2019identit\u00e9 de la victime. Nous retrouvons bien ces \u00e9l\u00e9ments dans votre question lorsque vous \u00e9crivez qu'elle s'efface, qu'elle n'existe plus sans lui, mais \u00e9galement qu'il exerce un contr\u00f4le sur elle,\u00a0notamment de\u00a0ses fr\u00e9quentations par le biais des moyens de communication.<\/p><br \/>\r\n<p style=\"text-align: justify;\"><a href=\"https:\/\/dev-vqf.creatives.com\/la-violence-dans-le-couple\/la-violence-cest-quoi\/#consequences\" target=\"_blank\" rel=\"noopener\">Les cons\u00e9quences de cette emprise ou contr\u00f4le engendrent de\u00a0la peur, de la confusion, de la perte de confiance et d\u2019estime de soi.<\/a>\u00a0Ces sympt\u00f4mes emp\u00eachent ou rendent\u00a0<strong>plus difficiles toute prise de d\u00e9cision<\/strong>, d'autant plus que la victime est souvent isol\u00e9e par son\/sa conjoint\/e, comme vous le d\u00e9crivez aussi\u00a0dans votre question. Cet\u00a0<strong>isolement<\/strong>\u00a0est souvent l'une des mani\u00e8res pour l'auteur-e de contr\u00f4ler son emprise sur la victime et rend les d\u00e9marches d'aide plus difficiles. Dans ce cas de figure,\u00a0votre pr\u00e9sence et votre constante pr\u00e9occupation pour votre amie\u00a0sont des\u00a0<strong>ressources\u00a0pr\u00e9cieuses<\/strong>.<\/p><br \/>\r\n<p style=\"text-align: justify;\">Pourtant, il est toujours tr\u00e8s\u00a0<a href=\"https:\/\/dev-vqf.creatives.com\/la-violence-dans-le-couple\/je\/temoin\/\" target=\"_blank\" rel=\"noopener\">difficile pour l'entourage<\/a>\u00a0de savoir comment agir. Il\u00a0se sent souvent\u00a0<strong>d\u00e9muni,<\/strong>\u00a0<strong>impuissant.\u00a0<\/strong>Vous dites ne plus savoir quoi faire pour l'aider \u00e0 sortir de cette relation, et nous vous comprenons tout \u00e0 fait.\u00a0<a href=\"https:\/\/dev-vqf.creatives.com\/la-violence-dans-le-couple\/je\/temoin\/\" target=\"_blank\" rel=\"noopener\">Une section de notre site internet est enti\u00e8rement d\u00e9di\u00e9e \u00e0 ce r\u00f4le de \"t\u00e9moin\",<\/a>\u00a0nous vous encourageons \u00e0 y jeter un oeil car cela pourrait vous \u00eatre utile et faire \u00e9cho \u00e0 votre situation.<\/p><br \/>\r\n<p style=\"text-align: justify;\">Nous tenons particuli\u00e8rement \u00e0 saluer votre d\u00e9marche de nous contacter, ceci t\u00e9moigne de vos inqui\u00e9tudes et de votre envie de soutenir votre amie.\u00a0<strong>Il est tr\u00e8s important que votre amie ne reste pas seule dans cette situation<\/strong>. Le fait qu\u2019elle vous en parle et qu\u2019elle a pris conscience de sa situation est d\u00e9j\u00e0 un premier pas tr\u00e8s important de sa part. Le deuxi\u00e8me pas serait celui de demander de l'aide et d'entreprendre des d\u00e9marches afin de se prot\u00e9ger des violences. Cependant, elle seule peut d\u00e9cider de les entreprendre et\u00a0<strong>ce choix ne peut pas \u00eatre pris \u00e0 sa place<\/strong>.<\/p><br \/>\r\n<p style=\"text-align: justify;\">Afin de l'encourager \u00e0 demander de l'aide, peut-\u00eatre pourriez-vous lui donner le lien de notre site? Au moment que vous jugerez opportun, vous pourriez \u00e0 nouveau\u00a0<strong>lui faire part de vos inqui\u00e9tudes<\/strong>\u00a0pour sa s\u00e9curit\u00e9 psychique et physique, en mentionnant qu\u2019elle a la possibilit\u00e9 de chercher de l\u2019aide\u00a0<strong>aupr\u00e8s de services sp\u00e9cialis\u00e9s.<\/strong>\u00a0Si cela peut la rassurer, vous pouvez \u00e9galement lui dire que consulter ces services d'aide ne l'obligent ni \u00e0 porter plainte contre son conjoint, ni \u00e0 une s\u00e9paration.<\/p><br \/>\r\n<p style=\"text-align: justify;\">Dans\u00a0le canton de Gen\u00e8ve, elle pourrait prendre contact avec l'association<span class=\"apple-converted-space\">\u00a0d'<\/span><a href=\"https:\/\/www.avvec.ch\/fr\" target=\"_blank\" rel=\"noopener\">Aide aux Victimes de Violences en Couple (AVVEC)<\/a>\u00a0qui apporte un soutien psycho-social aux victimes ainsi que des informations pratiques, juridiques et sociales utiles.\u00a0Elle propose une<span class=\"apple-converted-space\">\u00a0<\/span><strong>permanence t\u00e9l\u00e9phonique\u00a0<\/strong>les lundis, mardis jeudis et vendredis de 14h \u00e0 17h au num\u00e9ro<strong>\u00a0(022) 797- 10-10\u00a0<\/strong>ainsi qu'une<strong>\u00a0permanence dans leurs locaux\u00a0<\/strong>(Rue de Montchoisy\u00a046) tous les mardis\u00a0entre 16h et 18h.\u00a0Elle s'engage aussi \u00e0 organiser une<span class=\"apple-converted-space\">\u00a0<\/span><strong>s\u00e9ance d'information<\/strong><span class=\"apple-converted-space\">\u00a0<\/span>collective tous les jeudis \u00e0 9h dans leurs locaux. Pour finir, elle propose \u00e9galement des\u00a0<a href=\"https:\/\/www.avvec.ch\/fr\/aide\/jai-besoin-daide\/entretiens-individuels\" target=\"_blank\" rel=\"noopener\">s\u00e9ances individuelles\u00a0<\/a>avec un-e professionnel-le du domaine des violences domestiques qui pourra\u00a0<strong>\u00e9couter votre amie<\/strong>\u00a0et la\u00a0<strong>conseiller selon ses besoins et \u00e0 son rythme\u00a0<\/strong>tout en lui proposant<strong>\u00a0des solutions adapt\u00e9es.<\/strong>\u00a0Toutes ces prestations sont\u00a0<strong>confidentielles<\/strong>\u00a0et\u00a0<strong>gratuites<\/strong>.\u00a0Nous esp\u00e9rons que l'une des modalit\u00e9s propos\u00e9es ci-dessus pourrait convenir \u00e0 votre amie pour une premi\u00e8re approche, en sachant que vous pourriez lui proposer de l'accompagner si cela peut la rassurer.<\/p><br \/>\r\n<p style=\"text-align: justify;\">Par ailleurs, cette association permet aussi\u00a0<a href=\"https:\/\/www.avvec.ch\/fr\/aide\/je-souhaite-aider-quelquun\" target=\"_blank\" rel=\"noopener\">aux proches des victimes<\/a>\u00a0d'avoir un espace o\u00f9 se confier et demander de l'aide, vous pouvez les contacter sans h\u00e9siter en cas de besoin.<\/p><br \/>\r\n<p style=\"text-align: justify;\">La violence sous toutes ses formes \u00e9tant\u00a0<a href=\"https:\/\/dev-vqf.creatives.com\/la-violence-dans-le-couple\/la-violence-cest-quoi\/#loi\" target=\"_blank\" rel=\"noopener\">interdite par la loi<\/a>, votre amie a toute l\u00e9gitimit\u00e9 de vouloir s\u2019en prot\u00e9ger et vous pourriez\u00a0\u00e9galement prendre la d\u00e9cision de signaler la situation de votre amie \u00e0 la police si vous sentez qu'elle est en danger. En effet, quiconque a connaissance de violences conjugales au sein d'un couple\u00a0<strong>peut d\u00e9noncer la situation<\/strong>\u00a0\u00e0 une autorit\u00e9 p\u00e9nale,\u00a0\u00e0 savoir \u00e0\u00a0la police (via le num\u00e9ro du\u00a0<strong>117<\/strong>) ou\u00a0directement au\u00a0<a href=\"https:\/\/www.vd.ch\/toutes-les-autorites\/ministere-public\/ministeres-publics-darrondissement\" target=\"_blank\" rel=\"noopener\">Minist\u00e8re Public qui d\u00e9pend de leur arrondissement<\/a>\u00a0par \u00e9crit.\u00a0A\u00a0noter que si une sc\u00e8ne de violence \u00e9clate, vous \u00eates \/ elle est vivement encourag\u00e9e \u00e0 appeler la police au\u00a0<strong>117<\/strong>\u00a0ceci 24h\/24 afin qu\u2019elle puisse intervenir et prot\u00e9ger les victimes.<\/p><br \/>\r\n<p style=\"text-align: justify;\">Nous tenons \u00e0 souligner \u00e0 nouveau l'importance d'\u00e9couter vos ressentis et de prendre soin de vous. Nous esp\u00e9rons que notre r\u00e9ponse vous aura aid\u00e9e et que la situation pourra s\u2019am\u00e9liorer. N\u2019h\u00e9sitez pas \u00e0 nous \u00e9crire \u00e0 nouveau si vous avez d\u2019autres questions ou si vous souhaitez nous donner des nouvelles de la situation. Avec nos meilleures salutations.<\/p><br \/>\r\n&nbsp;<\/p><\/div><\/div><\/div><\/div><\/div><div class='qa_acc_item'><span class='acc_toggler'><\/span><div class='item_header'><h3>Violences Psychologiques<h3><div class='vqf_fixed_width_text'><p>18 janvier 2023 - Swi... Bonjour, Je me pose beaucoup de questions concernant mon couple. Ces derniers temps, nous avons beaucoup de conflits, presque \u00e0 chaque fois qu\u2019on se voit. Lors de ces disputes, mon conjoint rabaisse mes opinions, ne...<\/p><\/div><\/div><div class='item_body'><div class='quesion_response_block'><div class='question'><h5>Question<\/h5><div class='vqf_fixed_width_text'><p>18 janvier 2023 - Swi...<br \/>\r\n<br \/>\r\nBonjour, Je me pose beaucoup de questions concernant mon couple. Ces derniers temps, nous avons beaucoup de conflits, presque \u00e0 chaque fois qu\u2019on se voit. Lors de ces disputes, mon conjoint rabaisse mes opinions, ne se remets pas en question (c\u2019est moi le probl\u00e8me), critique ma famille et mes fr\u00e9quentations\u2026 C\u2019est souvent lui qui s\u2019\u00e9nerve apr\u00e8s un \u00ab\u00a0acte manqu\u00e9\u00a0\u00bb de ma part\u2026 selon lui, je devrais faire plus d\u2019 efforts pour qu\u2019il arr\u00eate de s\u2019\u00e9nerver. Cela me semble \u00eatre une forme de violence psychologique m\u00eame si c\u2019est s\u00fbrement involontaire, j\u2019ai l\u2019impression que mon conjoint veut contr\u00f4ler ma vie car je cite, \u00ab\u00a0il sait mieux que moi ce qui est mieux pour moi.\u00a0\u00bb Je pense \u00e0 rompre cette relation car je me sens malheureuse et j\u2019ai l\u2019impression de m\u2019\u00eatre perdue. J\u2019ai malgr\u00e9 moi encore espoir que cette situation change mais uniquement \u00e0 condition qu\u2019il r\u00e9alise que son comportement est n\u00e9faste pour notre relation. Puis-je r\u00e9ellement esp\u00e9rer un changement ? Existe-il des groupes de paroles pour les auteurs de violences psychologiques ? Des th\u00e9rapies ?<br \/>\r\n<br \/>\r\n&nbsp;<br \/>\r\n<h4><\/p><\/div><\/div><div class='response'><h5>Response<\/h5><div class='vqf_fixed_width_text'><p><\/h4><br \/>\r\n<p style=\"text-align: justify;\">Bonjour,<\/p><br \/>\r\n<p style=\"text-align: justify;\">Vous nous \u00e9crivez car vous vous posez des questions sur votre couple : vous avez beaucoup de conflits et votre conjoint s'\u00e9nerve contre vous et vous rabaisse ainsi que votre famille et vos fr\u00e9quentations. Vous \u00eates malheureuse et vous pensez rompre, mais vous esp\u00e9rez qu'il change. Vous souhaitez savoir s'il peut r\u00e9ellement changer et s'il existe des aides pour les auteur\u00b7es de violence psychologique.<\/p><br \/>\r\n<p style=\"text-align: justify;\">Les actes que vous d\u00e9crivez sont en effet des formes de\u00a0<a href=\"https:\/\/dev-vqf.creatives.com\/la-violence-dans-le-couple\/la-violence-psychologique\/\" target=\"_blank\" rel=\"noopener\">violence psychologique<\/a>.\u00a0Dans votre message, vous d\u00e9crivez bien comment\u00a0elle peut prendre des formes diverses et comment elle vise \u00e0 avoir le\u00a0<strong>contr\u00f4le<\/strong>\u00a0du ou de la partenaire. En\u00a0<strong>rabaissant<\/strong>,\u00a0<strong>insultant<\/strong>\u00a0et\u00a0<strong>critiquant<\/strong>, mais aussi en\u00a0<strong>niant les choix\u00a0<\/strong>de l'autre (comme lorsque votre conjoint vous dit qu'il sait mieux que vous ce qui est bien pour vous, vous emp\u00eachant alors de faire vos propres choix). L'<strong>isolement<\/strong>\u00a0est aussi une forme de la violence psychologique, lorsque l'auteur\u00b7e critique les ami\u00b7es ou la famille de son ou sa conjoint\u00b7e, surveille ses sorties ou exige sa pr\u00e9sence: il s'agit de vouloir\u00a0<strong>poss\u00e9der<\/strong>\u00a0l'autre.<\/p><br \/>\r\n<p style=\"text-align: justify;\">Ces m\u00e9canismes sont difficiles \u00e0 percevoir car l'auteur\u00b7e de violence va\u00a0<strong>culpabiliser<\/strong>\u00a0la victime et lui donner la responsabilit\u00e9, comme vous le d\u00e9crivez bien \"je devrais faire plus d'efforts pour qu'il arr\u00eate de s'\u00e9nerver\" ou \"c'est moi le probl\u00e8me\". Cependant,\u00a0<strong>quoique vous fassiez, rien ne justifie la violence et vous n'en \u00eates pas responsable,\u00a0<\/strong>seule la personne usant de violence est responsable de ses actes.<\/p><br \/>\r\n<p style=\"text-align: justify;\">Lorsque\u00a0vous \u00e9crivez que vous \u00eates malheureuse et que vous avez l'impression de vous \u00eatre perdue, nous le comprenons tr\u00e8s bien car il s'agit des\u00a0<a href=\"https:\/\/dev-vqf.creatives.com\/la-violence-dans-le-couple\/la-violence-cest-quoi\/#consequences\" target=\"_blank\" rel=\"noopener\">cons\u00e9quences<\/a>\u00a0de la violence psychologique qui va, entre autres, isoler et faire perdre la capacit\u00e9 de choisir pour soi. Elle\u00a0prend la forme d'un\u00a0<a href=\"https:\/\/dev-vqf.creatives.com\/la-violence-dans-le-couple\/la-violence-cest-quoi\/#cycle\" target=\"_blank\" rel=\"noopener\">cycle<\/a>\u00a0et a tendance \u00e0\u00a0<strong>se r\u00e9p\u00e9ter de plus en plus fort et fr\u00e9quemment<\/strong>\u00a0si rien n'est entrepris pour le briser.<\/p><br \/>\r\n<p style=\"text-align: justify;\">Vous avez bien fait de nous \u00e9crire, il s'agit d'un premier pas important afin de retrouver une\u00a0<strong>vie sereine.\u00a0<\/strong>Nous allons vous donner quelques\u00a0conseils afin de vous r\u00e9pondre.<\/p><br \/>\r\n<p style=\"text-align: justify;\">Vous \u00e9crivez que vous pensez \u00e0 rompre, mais vous avez encore l'espoir qu'il change et r\u00e9alise que son comportement est n\u00e9faste pour votre relation. Nous ne pouvons bien s\u00fbr pas choisir \u00e0 votre place, mais nous vous invitons \u00e0 suivre votre instinct, votre \"petite voix\" int\u00e9rieure qui vous guide et qui vous fait ressentir des signaux d'alerte, par exemple lorsque\u00a0vos limites sont d\u00e9pass\u00e9es ou lorsque vous n'\u00eates pas bien dans une situation. Vous nous dites vous sentir perdue : s'\u00e9couter est une mani\u00e8re de se retrouver soi-m\u00eame, de se reconnecter avec ses propres d\u00e9sirs et envies.<\/p><br \/>\r\n<p style=\"text-align: justify;\">Pour vous r\u00e9pondre concernant votre conjoint, oui, il est possible qu'une personne auteure de violence change, toutefois cela prend du temps, une prise de conscience de la gravit\u00e9 de ses actes et une condamnation claire de la violence. Si votre conjoint\u00a0d\u00e9cide de se responsabiliser, il peut diminuer ses comportements de violence, voire les arr\u00eater. Cela n\u00e9cessite un travail individuel avant tout et c\u2019est pourquoi nous lui conseillons de faire appel au\u00a0<a href=\"http:\/\/www.prevention-ale.ch\" target=\"_blank\" rel=\"noopener\">Centre de Pr\u00e9vention de l\u2019Ale<\/a>\u00a0(<strong>021 321 24 00<\/strong>) pour suivre une th\u00e9rapie (<a href=\"https:\/\/prevention-ale.ch\/suivi-individuel-ou-groupe\/\" target=\"_blank\" rel=\"noopener\">individuelle ou en groupe<\/a>) de son c\u00f4t\u00e9 s\u2019il tient \u00e0 ne plus se comporter de mani\u00e8re violente\u00a0avec vous. Les entretiens sont confidentiels et le premier est gratuit.\u00a0Il peut \u00e9galement nous \u00e9crire s\u2019il pr\u00e9f\u00e8re se d\u00e9voiler via l\u2019anonymat dans un premier temps.<\/p><br \/>\r\n<p style=\"text-align: justify;\">Nous vous invitons \u00e9galement \u00e0 ne pas rester seule avec vos \u00e9motions : avez-vous quelqu'un de confiance avec qui discuter de vos questionnements (famille, coll\u00e8gue, ami-es,...) ?<\/p><br \/>\r\n<p style=\"text-align: justify;\">Vous pouvez \u00e9galement contacter le\u00a0<a href=\"https:\/\/malleyprairie.ch\" target=\"_blank\" rel=\"noopener\">Centre Malley Prairie<\/a>\u00a0\u00e0 Lausanne, qui s'adresse aux femmes victimes de violence au sein du couple, en leur t\u00e9l\u00e9phonant au\u00a0<strong>021 620 76 76<\/strong>. Le Centre\u00a0propose des\u00a0<a href=\"https:\/\/malleyprairie.ch\/ambulatoire\/\" target=\"_blank\" rel=\"noopener\">entretiens ambulatoires<\/a>\u00a0dans plusieurs lieux du canton, lors de ces consultations un-e professionnel-le vous \u00e9coute et vous conseille\u00a0en fonction de vos besoins. La s\u00e9paration est\u00a0un\u00a0moment douloureux, qui comprend des risques d'augmentation des violences. Dans le cas o\u00f9 vous d\u00e9cideriez de vous s\u00e9parer, nous pensons qu'il serait important\u00a0de contacter des professionnel\u00b7les. Cette aide est\u00a0<strong>confidentielle<\/strong>\u00a0et\u00a0<strong>gratuite<\/strong>.<\/p><br \/>\r\n<p style=\"text-align: justify;\">Nous esp\u00e9rons avoir pu r\u00e9pondre \u00e0 votre question, notre porte reste toujours ouverte si vous souhaitez nous r\u00e9\u00e9crire ou nous donner de vos nouvelles. Nous vous adressons nos meilleures pens\u00e9es.<\/p><br \/>\r\n&nbsp;<\/p><\/div><\/div><\/div><\/div><\/div><div class='qa_acc_item'><span class='acc_toggler'><\/span><div class='item_header'><h3>Main courante<h3><div class='vqf_fixed_width_text'><p>25 d\u00e9cembre 2022 - Tro... Mon conjoint, duquel je me suis s\u00e9par\u00e9e, mais nous vivons encore sous le m\u00eame toit en attendant que je puisse d\u00e9m\u00e9nager dans mon nouvel appartement en f\u00e9vrier, m a pouss\u00e9e tr\u00e8s fort plusieurs fois et...<\/p><\/div><\/div><div class='item_body'><div class='quesion_response_block'><div class='question'><h5>Question<\/h5><div class='vqf_fixed_width_text'><p>25 d\u00e9cembre 2022 - Tro...<br \/>\r\n<br \/>\r\nMon conjoint, duquel je me suis s\u00e9par\u00e9e, mais nous vivons encore sous le m\u00eame toit en attendant que je puisse d\u00e9m\u00e9nager dans mon nouvel appartement en f\u00e9vrier, m a pouss\u00e9e tr\u00e8s fort plusieurs fois et a faillit me casser un doigt . Il avait trop bu et nous a fait tr\u00e8s peur \u00e0 ma fille et \u00e0 moi. Je suis maintenant en s\u00e9curit\u00e9 chez ma m\u00e8re avec ma fille mais je me demandais si poser une main courante existait et ce que \u00e7a engendrait? Car la question de la garde de la petite se pose et je ne veux pas non plus exag\u00e9rer les sanctions \u00e0 l encontre de mon ex conjoint.. bref j aurais besoin de savoir ce que je peux faire ou non et quelles sont les cons\u00e9quences pour lui pour la suite etc..<br \/>\r\n<br \/>\r\n&nbsp;<br \/>\r\n<h4><\/p><\/div><\/div><div class='response'><h5>Response<\/h5><div class='vqf_fixed_width_text'><p><\/h4><br \/>\r\nBonjour Madame,<br \/>\r\n<br \/>\r\nVous nous \u00e9crivez suite \u00e0 des violences physiques agies par votre ex-conjoint tout r\u00e9cemment. Vous-m\u00eame et votre fille avez \u00e9t\u00e9 effray\u00e9es. Vous nous dites \u00eatre s\u00e9par\u00e9e mais vous vivez encore sous le m\u00eame toit en attendant d'int\u00e9grer votre nouvel apparement en f\u00e9vrier. Actuellement en s\u00e9curit\u00e9, vous vous demandez si d\u00e9poser une main courante est possible. Vous nous questionnez sur les \u00e9ventuelles r\u00e9percussions que cela engendrerait pour votre ex-compagnon sachant que la garde\/les droits de visite de votre fille se d\u00e9finiront\u00a0tr\u00e8s prochainement.<br \/>\r\n<br \/>\r\nNous vous remercions pour votre question. Il faut savoir que les moments de s\u00e9paration sont\u00a0<strong>souvent des moments \u00e0 haute tension<\/strong>\u00a0et dont le\u00a0<strong>regain de violences<\/strong>\u00a0est malheureusement assez courant. Nous sommes soulag\u00e9-e-s de lire que votre fille et vous-m\u00eames \u00eates maintenant\u00a0<strong>en s\u00e9curit\u00e9.<\/strong>\u00a0Nous esp\u00e9rons que vous pourrez rester chez votre m\u00e8re jusqu'\u00e0 l'entr\u00e9e dans votre propre appartement. Si cela ne devait pas \u00eatre possible, vous pouvez toujours demander une admission\u00a0<a href=\"https:\/\/malleyprairie.ch\" target=\"_blank\" rel=\"noopener\">au foyer de Malley Prairie<\/a>\u00a0en les appelant au\u00a0<strong>(021) 620-76-76.<\/strong>\u00a0Malley Prairie est effectivement un\u00a0<strong>foyer d'accueil pour toutes femmes et enfants confront\u00e9s \u00e0 de la violence\u00a0domestique n\u00e9cessitant une mise en protection.<\/strong>\u00a0Ils et elles proposent du reste aussi des\u00a0<a href=\"https:\/\/malleyprairie.ch\/ambulatoire\/\" target=\"_blank\" rel=\"noopener\">consultations en ambulatoire<\/a>\u00a0dans plusieurs r\u00e9gions du canton afin d'avoir des conseils avis\u00e9s au sujet de la difficile th\u00e9matique des violences conjugales. Ces consultations sont\u00a0<strong>non payantes et limit\u00e9es dans le temps<\/strong>.<br \/>\r\n<br \/>\r\nPour r\u00e9pondre \u00e0 votre question, il n'existe pas de \"<em>main courante<\/em>\" \u00e0 proprement parl\u00e9 en Suisse. Si vous vous rendez dans un poste de police pour expliquer les derniers faits en date (et les \u00e9ventuelles violences ant\u00e9rieures?), la police\u00a0<strong>devrait signaler la situation au Minist\u00e8re Public comp\u00e9tent<\/strong>. Effectivement, depuis plusieurs ann\u00e9es maintenant la violence conjugale est poursuivie d'office. C'est \u00e0 dire que du moment qu'une autorit\u00e9 p\u00e9nale a connaissance des violences agies au sein d'un couple, elle doit signaler les faits \u00e0 l'instance sup\u00e9rieure. La violence dans le couple \u00e9tant consid\u00e9r\u00e9e comme grave,\u00a0<strong>les autorit\u00e9s p\u00e9nales peuvent poursuivre la plupart des atteintes m\u00eame si la victime ne d\u00e9pose pas plainte p\u00e9nale<\/strong>. \u00a0Le fait de d\u00e9poser plainte p\u00e9nale permet toutefois \u00e0 la victime de\u00a0<strong>b\u00e9n\u00e9ficier de certains droits<\/strong>\u00a0dans la proc\u00e9dure p\u00e9nale comme le fait de demander la non-confrontation avec l'auteur-e ou d'\u00eatre accompagn\u00e9-e par une personne de confiance par exemple. Dans le cas d'une poursuite d'office comme d'une plainte d\u00e9pos\u00e9e, le Minist\u00e8re Public vous convoquerait dans ce cas dans les 2 mois environ. Le ou la Procureur-e en charge de votre dossier rappelerait \u00e0 Monsieur le caract\u00e8re totalement ill\u00e9gal de ses agissements,\u00a0<strong>la violence \u00e9tant interdite par la loi<\/strong>. Il ou elle proposerait probablement en fin d'audience\u00a0<strong>une suspension de la plainte<\/strong>, \u00e0 savoir que la proc\u00e9dure est comme \"gel\u00e9e\" pendant 6 mois mais peut \u00eatre r\u00e9activ\u00e9e \u00e0 tout moment\u00a0en cas de r\u00e9cidive de Monsieur. Sans nouvelles violences agies \u00e0 votre encontre\u00a0et apr\u00e8s 6 mois, l'affaire est class\u00e9e. A contrario, si Monsieur r\u00e9cidive et que vous informez \u00a0le\/la Procureur-e, Monsieur risque une condamnation. Si de nouvelles violences devaient malheureusement arriver apr\u00e8s les 6 mois,\u00a0vous pourriez cependant toujours signaler la situation voire d\u00e9poser une nouvelle plainte p\u00e9nale.<br \/>\r\n<br \/>\r\nSi vous souhaitez avoir davantage d'informations autour du volet p\u00e9nal, vous pouvez consulter\u00a0<a href=\"https:\/\/www.aide-aux-victimes.ch\/fr\/ou-puis-je-trouver-de-laide\/\" target=\"_blank\" rel=\"noopener\">le centre LAVI de votre choix<\/a>. Le centre LAVI est la\u00a0<strong>Loi\u00a0d'Aide aux Victimes d'Infractions<\/strong>. Dans le canton de Vaud, les professionnel-le-s peuvent vous recevoir \u00e0 Lausanne, Aigle ou Yverdon-les-Bains. Un seul num\u00e9ro pour les joindre et fixer une\u00a0<strong>consultation gratuite et confidentielle<\/strong>:\u00a0<strong>(021) 631-03-00<\/strong>.<br \/>\r\n<br \/>\r\nNous esp\u00e9rons que ces informations pourront vous \u00eatre utiles dans la d\u00e9cision que vous souhaiterez prendre. Nous vous souhaitons tout le meilleur pour le d\u00e9marrage d'une nouvelle \u00e9tape de votre vie et restons bien entendu \u00e0 votre enti\u00e8re disposition si vous souhaitiez nous donner de vos nouvelles dans quelques temps. Cordialement.<\/p><\/div><\/div><\/div><\/div><\/div><div class='qa_acc_item'><span class='acc_toggler'><\/span><div class='item_header'><h3>Que faire contre les petites remarques qui blessent ?<h3><div class='vqf_fixed_width_text'><p>08 d\u00e9cembre 2022 - Em... Je ne dirais pas que il y a n\u2019importe quel type de violences, mais je me prends toujours des petites remarques ici et l\u00e0 qui me blesse si je suis de mauvaise humeur. Il aime...<\/p><\/div><\/div><div class='item_body'><div class='quesion_response_block'><div class='question'><h5>Question<\/h5><div class='vqf_fixed_width_text'><p>08 d\u00e9cembre 2022 - Em...<br \/>\r\n<br \/>\r\nJe ne dirais pas que il y a n\u2019importe quel type de violences, mais je me prends toujours des petites remarques ici et l\u00e0 qui me blesse si je suis de mauvaise humeur. Il aime \u00e9norm\u00e9ment le fait que je ne prends jamais ces choses au s\u00e9rieux donc j\u2019ai peur de lui en parler et qu\u2019il pense que je suis sensible - autre que \u00e7a on parle de tout et de rien sans probl\u00e8me.<br \/>\r\n<br \/>\r\n&nbsp;<br \/>\r\n<h4><\/p><\/div><\/div><div class='response'><h5>Response<\/h5><div class='vqf_fixed_width_text'><p><\/h4><br \/>\r\nBonjour,<br \/>\r\n<br \/>\r\nTu nous \u00e9cris car tu aimerais savoir que faire face \u00e0 des remarques d\u00e9sobligeantes qui te touchent. Tu as peur de lui en parler et qu'il puisse croire que tu es sensible. Tu nous dis qu'autrement vous parlez de nombreux sujets ensemble.<br \/>\r\n<br \/>\r\nNous te remercions pour ta question. Si les remarques \u00e0 ton attention te blessent, c'est sans doute parce qu'elles peuvent repr\u00e9senter possiblement de la\u00a0<a href=\"https:\/\/dev-vqf.creatives.com\/la-violence-dans-le-couple\/la-violence-psychologique\/\" target=\"_blank\" rel=\"noopener\">violence psychologique.<\/a>\u00a0La violence psychologique est tr\u00e8s\u00a0<strong>difficile \u00e0 d\u00e9tecter<\/strong>\u00a0car elle ne se voit pas,\u00a0<strong>elle est subtile.<\/strong>\u00a0Ces sont des violences qui ne laissent pas de traces physiques mais qui\u00a0<strong>atteignent grandement l'estime de soi au fil du temps<\/strong>.\u00a0Il existe dans la violence psychologique des violences dites\u00a0<strong>actives<\/strong>\u00a0et d'autres dites\u00a0<strong>passives<\/strong>. Tu ne nous donnes pas d'exemples concrets des remarques qu'il te fait. Nous allons te donner des exemples de violences psychologiques afin que tu puisses peut-\u00eatre mieux te situer et savoir si tu en es victime ou non.<br \/>\r\n<br \/>\r\nLes violences actives sont par exemple des\u00a0<strong>rabaissements, des<\/strong>\u00a0<strong>humiliations, des injures, des critiques, des moqueries, le fait d'imposer des choses, contr\u00f4ler, nier les choix de l'autre.<\/strong>\u00a0Concernant les violences dites passives ca seraient des comportements comme\u00a0<strong>ignorer, bouder, ne pas r\u00e9pondre<\/strong>\u00a0\u00e0 l'autre par exemple.<br \/>\r\n<br \/>\r\nTu nous dis qu'il\u00a0aime le fait que tu ne prennes pas ses remarques au s\u00e9rieux. Nous nous permettons de te poser quelques questions \u00e0 titre purement introspectif:<br \/>\r\n<ul><br \/>\r\n \t<li>Penses-tu qu'il se rend compte que cela te blesses?<\/li><br \/>\r\n \t<li>Selon toi, quelles intentions a-t-il lorsqu'il agit de la sorte?<\/li><br \/>\r\n \t<li>En quoi \u00eatre consid\u00e9r\u00e9e comme quelqu'un de sensible serait difficile pour toi?<\/li><br \/>\r\n \t<li>Que pensent tes ami-e-s ? Ont-ils ou ont-elles d\u00e9j\u00e0 assist\u00e9 \u00e0 des remarques qu'il t'a fait?<\/li><br \/>\r\n<\/ul><br \/>\r\nNous pensons qu'il est important que tu puisses discuter avec lui de ce que tu ressens en lui amenant des exemples concrets de ce qui te blesse. Si en parler est trop confrontant, tu peux peut-\u00eatre imaginer lui \u00e9crire. Quoiqu'il en soit, nous pensons qu'il est n\u00e9cessaire, pour \u00e9voluer dans une\u00a0<strong>relation<\/strong>\u00a0<strong>saine et \u00e9galitaire<\/strong>, que tu puisses\u00a0<strong>poser tes<\/strong>\u00a0<strong>propres limites, faire confiance \u00e0 tes ressentis en d\u00e9finissant ce que tu peux\/veux<\/strong>\u00a0<strong>accepter et ce que tu ne peux\/veux pas<\/strong>, car il y a des cons\u00e9quences: tu te sens bless\u00e9e. Ecoute-toi.<br \/>\r\n<br \/>\r\nNous esp\u00e9rons avoir pu t'aider et nous restons bien entendu \u00e0 ton enti\u00e8re disposition si tu avais d'autres questions. Cordialement.<\/p><\/div><\/div><\/div><\/div><\/div><div class='qa_acc_item'><span class='acc_toggler'><\/span><div class='item_header'><h3>Violence physique et morale<h3><div class='vqf_fixed_width_text'><p>01 d\u00e9cembre 2022 - Ka... Je me retrouve souvent \u00e0 dormir dans la rue \u00e0 cause des humeurs de mon partenaire. Est-t\u2019il possible de trouver un logement dans la ville o\u00f9 j'habite pour ne pas perdre mon travail ?<\/p><\/div><\/div><div class='item_body'><div class='quesion_response_block'><div class='question'><h5>Question<\/h5><div class='vqf_fixed_width_text'><p>01 d\u00e9cembre 2022 - Ka...<br \/>\r\n<br \/>\r\nJe me retrouve souvent \u00e0 dormir dans la rue \u00e0 cause des humeurs de mon partenaire. Est-t\u2019il possible de trouver un logement dans la ville o\u00f9 j'habite pour ne pas perdre mon travail ?<br \/>\r\n<h4><\/h4><br \/>\r\n<h4><\/p><\/div><\/div><div class='response'><h5>Response<\/h5><div class='vqf_fixed_width_text'><p><\/h4><br \/>\r\nBonjour Madame,<br \/>\r\n<br \/>\r\nNous vous remercions pour votre question tr\u00e8s succinte. Des suites des violences subies par votre partenaire, vous vous retrouvez souvent mise \u00e0 la rue. Vous cherchez \u00e0 vous mettre en s\u00e9curit\u00e9 en nous demandant un lieu o\u00f9 dormir pour pouvoir assurer votre travail les lendemains.<br \/>\r\n<br \/>\r\nNous sommes pein\u00e9-e-s de lire que vous devez \"souvent dormir dans la rue\". Vous faites tr\u00e8s bien de nous \u00e9crire et de rechercher de l'aide au plus vite car\u00a0<strong>la violence est interdite et punissable par la loi<\/strong>. Personne n'a \u00e0 la subir.\u00a0<strong>Vous avez des droits<\/strong>.<br \/>\r\n<br \/>\r\nLa\u00a0fondation\u00a0<a href=\"http:\/\/www.lessentielles.ch\" target=\"_blank\" rel=\"noopener\">L'EssentiELLES<\/a>\u00a0est une fondation valaisanne r\u00e9pondante pour toute personne victime de violences domestiques. Les professionnel-le-s sont\u00a0joignables au num\u00e9ro suivant:\u00a0<strong>(079) 320-98-70.\u00a0<\/strong>Ils et elles proposent<strong>\u00a0des entretiens gratuits et confidentiels\u00a0<\/strong>via\u00a0une \u00e9coute active et professionnelle. Des\u00a0prestations de\u00a0<strong>s\u00e9ances de groupe<\/strong>\u00a0existent \u00e9galement pour les personnes int\u00e9ress\u00e9es. Pour vous r\u00e9pondre pr\u00e9cis\u00e9ment, ces professionnel-le-s\u00a0<strong>peuvent aussi mettre \u00e0 disposition des chambres pour les personnes en recherche de s\u00e9curit\u00e9.<\/strong><br \/>\r\n<br \/>\r\nComme vous subissez des\u00a0<a href=\"https:\/\/dev-vqf.creatives.com\/la-violence-dans-le-couple\/la-violence-psychologique\/\" target=\"_blank\" rel=\"noopener\">violences psychologiques<\/a>\u00a0et\u00a0des\u00a0<a href=\"https:\/\/dev-vqf.creatives.com\/la-violence-dans-le-couple\/la-violence-physique\/\" target=\"_blank\" rel=\"noopener\">actes de violences physiques<\/a>, vous pouvez \u00e9galement contacter le\u00a0<a href=\"https:\/\/www.vs.ch\/web\/sas\/lavi-contacts\" target=\"_blank\" rel=\"noopener\">Centre LAVI<\/a>\u00a0qui est le\u00a0<strong>Centre d'Aide aux Victimes d'Infractions<\/strong>.\u00a0<a href=\"https:\/\/www.aide-aux-victimes.ch\/fr\/\" target=\"_blank\" rel=\"noopener\">Il existe un ou plusieurs Centres LAVI par canton<\/a>. Vous pouvez contacter le centre LAVI de votre choix. Dans le canton du Valais, les centres sont situ\u00e9s \u00e0\u00a0<strong>Collombey-Muraz<\/strong>,\u00a0<strong>Sion<\/strong>\u00a0(027 607-31-00\u00a0) ou\u00a0<strong>Brig<\/strong>\u00a0(027 946 -85-32). Ils proposent une\u00a0<strong>\u00e9coute gratuite et confidentielle<\/strong>. Ils peuvent \u00e9galement vous donner des conseils juridiques voir vous orienter au besoin aupr\u00e8s d'un-e avocat-e pour une demande de s\u00e9paration et\/ou des informations sur une \u00e9ventuelle proc\u00e9dure p\u00e9nale.\u00a0<strong>Ils vous renseigneront aussi sur vos droits et sur les lieux o\u00f9 vous pouvez vous mettre en s\u00e9curit\u00e9. La LAVI peut financer, selon les cas, un certain nombre de nuit\u00e9es dans un foyer ou \u00e0 l'h\u00f4tel.<\/strong><br \/>\r\n<br \/>\r\nBien entendu et dans le cas o\u00f9 votre partenaire devait r\u00e9cidiver, vous \u00eates aussi en droit d'appeler la<strong>\u00a0police au 117, ceci 24h\/24.<\/strong><br \/>\r\n<br \/>\r\nN'h\u00e9sitez pas \u00e0 nous contacter si vous souhaitez nous donner des nouvelles dans quelques temps ou nous poser d'autres questions. Nous vous adressons nos cordiales salutations.<\/p><\/div><\/div><\/div><\/div><\/div><div class='qa_acc_item'><span class='acc_toggler'><\/span><div class='item_header'><h3>Violence domestique et animale<h3><div class='vqf_fixed_width_text'><p>01 d\u00e9cembre 2022 - Dja... Existe-t-il des foyers d\u2019urgence qui acceptent que la \/les victimes puissent emmener leur.s animal domestique ?<\/p><\/div><\/div><div class='item_body'><div class='quesion_response_block'><div class='question'><h5>Question<\/h5><div class='vqf_fixed_width_text'><p>01 d\u00e9cembre 2022 - Dja...<br \/>\r\n<br \/>\r\nExiste-t-il des foyers d\u2019urgence qui acceptent que la \/les victimes puissent emmener leur.s animal domestique ?<br \/>\r\n<h4><\/h4><br \/>\r\n<h4><\/p><\/div><\/div><div class='response'><h5>Response<\/h5><div class='vqf_fixed_width_text'><p><\/h4><br \/>\r\nBonjour Madame,<br \/>\r\n<br \/>\r\nNous vous remercions pour votre question. Vous cherchez visiblement \u00e0 vous mettre \u00e0 l'abri de violences subies, ceci avec possiblement d'autres membres de la famille mais \u00e9galement votre animal de compagnie. Vous faites bien de recherchez de l'aide et de nous \u00e9crire pour savoir o\u00f9 vous pourriez trouver refuge.<br \/>\r\n<br \/>\r\nPour r\u00e9pondre \u00e0 votre question tr\u00e8s pr\u00e9cise, il existe du c\u00f4t\u00e9 de Gen\u00e8ve plusieurs foyers qui accueillent des personnes victimes de violences conjugales ainsi que leur-s enfant-s. A savoir,\u00a0le\u00a0<a href=\"https:\/\/coeur.ch\" target=\"_blank\" rel=\"noopener\">Foyer au Coeur des Grottes<\/a>\u00a0(<strong>022 338-24-80<\/strong>)\u00a0situ\u00e9 derri\u00e8re la gare Cornavin, le\u00a0<a href=\"https:\/\/foyerarabelle.ch\" target=\"_blank\" rel=\"noopener\">Foyer Arabelle<\/a>\u00a0du c\u00f4t\u00e9 du Grand-Lancy (<strong>022 792-70-84<\/strong>),\u00a0mais aussi\u00a0<a href=\"https:\/\/www.foj.ch\/foyers\/le-pertuis\/\" target=\"_blank\" rel=\"noopener\">le Foyer le Pertuis<\/a>,\u00a0<strong>foyer d'accueil d'urgence, 24h\/24<\/strong>\u00a0situ\u00e9 du c\u00f4t\u00e9 de Onex (<strong>022 309-57-28<\/strong>).<br \/>\r\n<br \/>\r\nA notre connaissance, les foyers Arabelle et au Coeur des Grottes ne peuvent pas accueillir d'animaux car ce sont des foyers d'une taille moyenne voire importante, accueillant beaucoup d'enfants et devant r\u00e9pondre \u00e0 certains crit\u00e8res de s\u00e9curit\u00e9 et d'hygi\u00e8ne\u00a0. Cependant et toujours \u00e0 notre connaissance, le Foyer le Pertuis, soumis \u00e9galement aux m\u00eames restrictions bien s\u00fbr,\u00a0<strong>peut par contre se montrer\u00a0<\/strong><strong>ouvert \u00e0 la discussion<\/strong>\u00a0car c'est un\u00a0<strong>foyer de petite taille<\/strong>\u00a0(une 10aine de personnes maximum avec les enfants) et qui a, \u00e0 sa disposition,\u00a0<strong>un jardin<\/strong>. L'\u00e9quipe \u00e9ducative peut\u00a0faire remonter \u00e0 sa Direction une demande exceptionnelle qui sera soumise, dans le cas positif, \u00a0\u00e0 certaines conditions. Afin d'\u00e9claircir tout doute,\u00a0<strong>nous vous conseillerions vivement de les appeler et de venir directement aux informations.<\/strong><br \/>\r\n<br \/>\r\nBien entendu et m\u00eame si cela peut \u00eatre tr\u00e8s douloureux pour vous et pour d'autres membres de la famille, il y a toujours d'autres solutions<strong>\u00a0temporaires<\/strong>\u00a0comme celles de demander \u00e0 son entourage de pouvoir garder son animal de compagnie ou de demander une pension \u00e0 la\u00a0<a href=\"https:\/\/sgpa.ch\/pension\/\" target=\"_blank\" rel=\"noopener\">SGPA\u00a0<\/a>ou\u00a0\u00e0\u00a0<a href=\"https:\/\/www.sos-chats.ch\" target=\"_blank\" rel=\"noopener\">SOS Chats<\/a>.<br \/>\r\n<br \/>\r\nDans le cas de\u00a0<strong>violences physiques et\/ou de menaces graves<\/strong>, il y a bien s\u00fbr toujours la possibilit\u00e9 d'appeler la police au\u00a0<strong>117, ceci 24h\/24.<\/strong>\u00a0Elle peut intervenir sur site et prendre la d\u00e9cision d'<strong>expulser imm\u00e9diatement du domicile conjugal l'auteur-e des violences domestiques<\/strong>, ceci pendant quelques jours et\u00a0<strong>jusqu'\u00e0 une audience de validation de la mesure d'expulsion<\/strong>. Dans l'intervalle, la personne expuls\u00e9e a l'interdiction de revenir au domicile et\/ou de prendre contact avec les autres membres de la famille. C'est une<strong>\u00a0mesure civile de protection<\/strong>\u00a0pour les personnes qui ont \u00e9t\u00e9 victimes de violences. Lors de l'audience au tribunal civil, une s\u00e9paration peut \u00eatre demand\u00e9e et le\/la Juge peut d\u00e9cider qui reste au domicile, qui a la garde des enfants versus se prononce sur les droits de visite de l'autre parent non-gardien et qui doit une \u00e9ventuelle pension \u00e0 l'autre conjoint-e. Le couple peut aussi d\u00e9cider de se remettre ensemble sous certaines conditions afin de stopper le cycle de la violence.<br \/>\r\n<br \/>\r\nBien entendu et dans le cas o\u00f9 vous souhaiteriez nous en dire plus sur votre situation actuelle, nous restons \u00e0 votre enti\u00e8re disposition. Nous esp\u00e9rons que vous serez tr\u00e8s rapidement tous et toutes en s\u00e9curit\u00e9. Nous vous \u00a0adressons nos cordiales salutations.<\/p><\/div><\/div><\/div><\/div><\/div><div class='qa_acc_item'><span class='acc_toggler'><\/span><div class='item_header'><h3>J&#8217;ai l&#8217;impression que mon conjoint est violent psychologiquement, mais je ne suis m\u00eame pas s\u00fbre<h3><div class='vqf_fixed_width_text'><p>02 novembre 2022 - Tim... Bonjour, Je vis une relation tr\u00e8s compliqu\u00e9e et j'ai l'impression que mon conjoint est violent psychologiquement mais je ne suis m\u00eame pas s\u00fbre. Il me r\u00e9p\u00e8te que je suis folle et que j'invente les probl\u00e8mes....<\/p><\/div><\/div><div class='item_body'><div class='quesion_response_block'><div class='question'><h5>Question<\/h5><div class='vqf_fixed_width_text'><p>02 novembre 2022 - Tim...<br \/>\r\n<br \/>\r\nBonjour, Je vis une relation tr\u00e8s compliqu\u00e9e et j'ai l'impression que mon conjoint est violent psychologiquement mais je ne suis m\u00eame pas s\u00fbre. Il me r\u00e9p\u00e8te que je suis folle et que j'invente les probl\u00e8mes. Je ne me suis jamais sentie aussi mal dans une relation. J'aimerais savoir s'il existe des groupes de parole sur lausanne et dans la r\u00e9gion sur cette th\u00e9matique ? J'ai besoin de reprendre confiance en moi pour pouvoir avoir la force de le quitter<br \/>\r\n<h4><\/h4><br \/>\r\n<h4><\/p><\/div><\/div><div class='response'><h5>Response<\/h5><div class='vqf_fixed_width_text'><p><\/h4><br \/>\r\nBonjour Madame,<br \/>\r\n<br \/>\r\nVous pensez vivre des violences psychologiques mais vous en \u00eates pas s\u00fbre.\u00a0Vous aimeriez savoir s'il existe un lieu de groupe de paroles sur Lausanne ou r\u00e9gion autour de cette probl\u00e9matique afin de pouvoir en parler et trouver la force\u00a0de quitter votre compagnon.<br \/>\r\n<br \/>\r\nVous faites bien de nous \u00e9crire et de rechercher de l'aide. C'est souvent en s'entourant qu'on trouve la force et le courage, base n\u00e9cessaire pour aller mieux et sortir d'une relation in\u00e9galitaire et malsaine. Si vous ne vous \u00eates jamais sentie aussi mal dans une relation c'est sans doute parce qu'il y a une bonne raison. Vous ne donnez pas d'exemples concrets s'agissant des violences subies mais vous pourriez,\u00a0<strong>si vous le souhaitez et que cela vous semble n\u00e9cessaire<\/strong>, toujours faire le\u00a0<a href=\"https:\/\/dev-vqf.creatives.com\/la-violence-dans-le-couple\/mythes-et-realites\/\" target=\"_blank\" rel=\"noopener\">test<\/a>\u00a0sur le site\u00a0<a href=\"https:\/\/dev-vqf.creatives.com\">www.violencequefaire.ch<\/a>\u00a0pour v\u00e9rifier que vous \u00eates bien victime dans votre relation de couple.<br \/>\r\n<br \/>\r\nPour r\u00e9pondre \u00e0 votre question pr\u00e9cise, le\u00a0<a href=\"https:\/\/malleyprairie.ch\" target=\"_blank\" rel=\"noopener\">Centre Malley Prairie<\/a>\u00a0est un foyer d'accueil d'urgence dans le canton de Vaud pour femmes et enfants confront\u00e9s \u00e0 des violences domestiques mais il propose \u00e9galement\u00a0<a href=\"https:\/\/malleyprairie.ch\/ambulatoire\/\" target=\"_blank\" rel=\"noopener\">des consultations en ambulatoires<\/a>\u00a0et un\u00a0<a href=\"https:\/\/malleyprairie.ch\/ambulatoire\/\" target=\"_blank\" rel=\"noopener\">groupe de paroles en quinzaine<\/a>. Les deux prestations sont des\u00a0<strong>prestations gratuites et confidentielles<\/strong>. Pour pouvoir participer au groupe,\u00a0<strong>un entretien pr\u00e9alable<\/strong>\u00a0<strong>est n\u00e9cessaire<\/strong>\u00a0avec l\u2019une des animatrices. Il suffit de les\u00a0appeler pour\u00a0<strong>prendre rendez-vous<\/strong>. Pour plus d'informations, vous pouvez les joindre au num\u00e9ro\u00a0<strong>(021)\u00a0620-76-76<\/strong>.<br \/>\r\n<br \/>\r\nNous esp\u00e9rons que vous pourrez profiter des \u00e9changes et de la force partag\u00e9e dans ce groupe de parole pour aller de l'avant dans votre souhait de mettre un terme \u00e0 votre relation. N'h\u00e9sitez pas \u00e0 nous recontacter si vous avez d'autres questions ou si vous souhaitiez nous donner des nouvelles d'ici quelques temps.\u00a0Cordialement.<\/p><\/div><\/div><\/div><\/div><\/div><div class='qa_acc_item'><span class='acc_toggler'><\/span><div class='item_header'><h3>Mon p\u00e8re est impulsif\/agressif envers ma m\u00e8re, que dois-je faire ?<h3><div class='vqf_fixed_width_text'><p>23 septembre 2022 - Nat... Bonjour, Je vous \u00e9cris car depuis plusieurs ann\u00e9es mon p\u00e8re est agressif\/violent envers ma m\u00e8re (insultes lors de disputes, bousculades, coups, etc). Il est tr\u00e8s impulsif depuis toujours mais derni\u00e8rement ma m\u00e8re m'a confirm\u00e9 que...<\/p><\/div><\/div><div class='item_body'><div class='quesion_response_block'><div class='question'><h5>Question<\/h5><div class='vqf_fixed_width_text'><p>23 septembre 2022 - Nat...<br \/>\r\n<br \/>\r\nBonjour, Je vous \u00e9cris car depuis plusieurs ann\u00e9es mon p\u00e8re est agressif\/violent envers ma m\u00e8re (insultes lors de disputes, bousculades, coups, etc). Il est tr\u00e8s impulsif depuis toujours mais derni\u00e8rement ma m\u00e8re m'a confirm\u00e9 que lorsqu'il \u00e9tait \u00e9nerv\u00e9 et notamment sous l'emprise de l'alcool, il \u00e9tait violent avec elle. Lorsque les situations agressives se pr\u00e9sentent en ma pr\u00e9sence je calme mon p\u00e8re et \u00e7a passe mais je ne sais pas ce qui se passe lorsque je ne suis pas l\u00e0 et je ne sais pas quoi faire pour aider ma m\u00e8re car elle l'aime et elle me dit que c'est uniquement lorsqu'il boit. Je sais que mon p\u00e8re n'est pas une mauvaise personne et que lorsqu'il est agressif il n'est pas lui m\u00eame donc je me sens impuissante face \u00e0 une telle situation. Merci d'avance pour votre aide.<br \/>\r\n<h4><\/h4><br \/>\r\n<h4><\/p><\/div><\/div><div class='response'><h5>Response<\/h5><div class='vqf_fixed_width_text'><p><\/h4><br \/>\r\nBonjour Madame,<br \/>\r\n<br \/>\r\nVous nous dites que depuis plusieurs ann\u00e9es votre p\u00e8re agi des violences envers votre m\u00e8re, de la violence psychologique mais aussi de la violence physique, ceci d'autant plus quand il est sous l'emprise de l'alcool. Quand vous \u00eates pr\u00e9sente, vous arrivez \u00e0 faire baisser la tension et \u00e0 le calmer. Vous aimereriez savoir comment assurer la protection de votre m\u00e8re quand elle se retrouve seule avec lui. Elle dit toujours l'aimer et que la violence explose surtout\u00a0lorsqu'il consomme. Vous vous sentez d\u00e9munie, prisonni\u00e8re de ces aveux et recherchez des outils pour les aider.<br \/>\r\n<br \/>\r\nNous vous remercions pour votre message. Il est\u00a0<a href=\"https:\/\/dev-vqf.creatives.com\/la-violence-dans-le-couple\/je\/temoin\/\" target=\"_blank\" rel=\"noopener\">toujours difficile pour une personne de l'entourage<\/a>\u00a0de faire face \u00e0 une situation de violence,\u00a0<strong>de surplus lorsqu'on parle de ses propres parents<\/strong>. On se retrouve\u00a0<strong>impuissant-e, d\u00e9muni-e<\/strong>\u00a0et l'on ressent des\u00a0<strong>\u00e9motions tr\u00e8s partag\u00e9es<\/strong>. Mais il faut savoir que la violence est\u00a0<strong>destructice et interdite par la loi suisse<\/strong>. Vous faites bien de rechercher de l'aide et de l'information pour vous entourer.<br \/>\r\n<br \/>\r\nVous faites mention \"<em>d'injures\"<\/em>\u00a0qui repr\u00e9sentent des\u00a0<a href=\"https:\/\/dev-vqf.creatives.com\/la-violence-dans-le-couple\/la-violence-psychologique\/\" target=\"_blank\" rel=\"noopener\">violences psychologiques<\/a>\u00a0mais aussi de \"<em>bousculades\"<\/em>\u00a0et de \"<em>coups<\/em>\". Puis votre m\u00e8re vous a transmis qu'il se montrait aussi \"<em>violent\u00a0<\/em>\" avec elle. Il faut savoir que les bousculades repr\u00e9sentent\u00a0<strong>d\u00e9j\u00e0<\/strong>\u00a0une forme de\u00a0<a href=\"https:\/\/dev-vqf.creatives.com\/la-violence-dans-le-couple\/la-violence-physique\/\" target=\"_blank\" rel=\"noopener\">violence physique<\/a>. Ce sont\u00a0<strong>des voies de<\/strong>\u00a0<strong>fait<\/strong>\u00a0au niveau juridique (art. 126 du code p\u00e9nal suisse). Votre m\u00e8re serait\u00a0<strong>en droit de faire appel \u00e0 la police au num\u00e9ro du 117<\/strong>\u00a0lors de ces actes de violences physiques ou de menaces graves agies par votre p\u00e8re. La police peut intervenir sur site et au besoin,\u00a0<strong>expulser du domicile conjugal votre p\u00e8re<\/strong>, ceci pour quelques jours jusqu'\u00e0 une\u00a0<strong>audience de validation de la mesure d'expulsion au tribunal civil de leur arrondissement<\/strong>. C'est une\u00a0<strong>mesure imm\u00e9diate de protection<\/strong>\u00a0pour les personnes qui sont victimes. Cela permet aussi de\u00a0<strong>cr\u00e9er un \"electrochoc\"<\/strong>\u00a0aupr\u00e8s de la personne auteure et esp\u00e9rer\u00a0<strong>induire une certaine prise de conscience aupr\u00e8s d'elle<\/strong>.\u00a0\u00a0Lors de l'audience de validation de la mesure d'expulsion, qui a lieu quelques jours plus tard, votre m\u00e8re pourrait d\u00e9cider\u00a0<strong>si elle souhaite que votre p\u00e8re revienne au domicile ou si elle souhaite se diriger vers une demande de s\u00e9paration<\/strong>. Nous avons compris que votre m\u00e8re a toujours des sentiments amoureux envers votre p\u00e8re. Si elle souhaite reprendre la vie conjugale commune, elle pourrait demander \u00e0 votre p\u00e8re\u00a0<strong>certaines conditions,<\/strong>\u00a0comme par exemple d'<strong>entamer un suivi par rapport \u00e0 son addiction\u00a0<\/strong>et\/ou de rechercher de\u00a0<strong>l'aide psychoth\u00e9rapeutique externe<\/strong>\u00a0par exemple. Il\u00a0est important de\u00a0<strong>cr\u00e9er un changement<\/strong>\u00a0dans la dynamique de couple autrement le\u00a0<a href=\"https:\/\/dev-vqf.creatives.com\/la-violence-dans-le-couple\/la-violence-cest-quoi\/#cycle\" target=\"_blank\" rel=\"noopener\">cycle de la violence conjugale<\/a>\u00a0risque de reprendre de plus belle.<br \/>\r\n<br \/>\r\nSur le plan de la justice p\u00e9nale, les actes d\u00e9crits comme\u00a0<strong>les voies de faits \u00e0 de r\u00e9it\u00e9r\u00e9es reprises<\/strong>\u00a0sont des\u00a0<strong>actes poursuivis d'office<\/strong>\u00a0dans le cadre des violences conjugales, c'est-\u00e0-dire sans que votre m\u00e8re n'ait \u00e0 d\u00e9poser plainte. Cela signifique que votre m\u00e8re ou toute personne qui a connaissance des violences dans leur couple pourrait\u00a0<strong>d\u00e9noncer la situation au niveau p\u00e9nal,<\/strong>\u00a0aupr\u00e8s de la police ou du Minist\u00e8re Public de leur arrondissement.\u00a0Pour une premi\u00e8re d\u00e9nonciation ou plainte p\u00e9nale, et selon les actes commis, cela abouti g\u00e9n\u00e9ralement \u00e0 une\u00a0<strong>suspension de la plainte.\u00a0<\/strong>Cela veut dire que\u00a0la justice a un regard sur le couple de vos parents\u00a0<strong>pendant 6 mois.<\/strong>\u00a0En l'absence de nouveaux actes de violences sur cette p\u00e9riode, la plainte est ensuite class\u00e9e.<br \/>\r\n<br \/>\r\nFaire\u00a0appel \u00e0 la police est une d\u00e9marche tr\u00e8s difficile et qui\u00a0<strong>n\u00e9cessite beaucoup de courage<\/strong>. Votre m\u00e8re pourrait aussi trouver du soutien aupr\u00e8s du\u00a0<a href=\"https:\/\/www.jura.ch\/DIN\/SAS\/Aide-aux-victimes-maltraitance.html\" target=\"_blank\" rel=\"noopener\">Centre LAVI, le centre d'Aide aux Victimes d'Infractions<\/a>. Les professionnel-le-s proposent des\u00a0<strong>consultations gratuites et confidentielles<\/strong>\u00a0pour toutes personnes victimes de violences physiques, sexuelles ou psychiques. Dans le canton du Jura, le Centre LAVI est situ\u00e9\u00a0<strong>\u00e0 Del\u00e9mont<\/strong>\u00a0et est joignable au num\u00e9ro\u00a0<strong>(032) 420-81-00<\/strong>\u00a0ou par email \u00e0\u00a0<a href=\"mailto:lavi@ssrju.ch\">lavi@ssrju.ch<\/a>. Votre m\u00e8re pourrait aussi consulter\u00a0<a href=\"https:\/\/www.aide-aux-victimes.ch\/fr\/ou-puis-je-trouver-de-laide\/\" target=\"_blank\" rel=\"noopener\">le centre LAVI de son choix<\/a>\u00a0dans n'importe quel canton.<strong>\u00a0Vous-m\u00eames en tant que proche de<\/strong>\u00a0<strong>victime LAVI avez les m\u00eames droits<\/strong>\u00a0que votre m\u00e8re et pourriez aussi les consulter ind\u00e9pendement d'elle. Les professionnel-le-s peuvent proposer autant du\u00a0<strong>soutien sur les plans juridiques, psychologiques que social.\u00a0<\/strong>Selon les situations, les professionnel-le-s du Centre LAVI peuvent aussi orienter la victime aupr\u00e8s de th\u00e9rapeutes ou d'avocat-e \u00e0 l'ext\u00e9rieur du centre. Ces frais peuvent \u00eatre pris en charge par leur service. Nous vous invitons \u00e0 les joindre pour plus d'informations sur les modalit\u00e9s de\u00a0leurs prestations.<br \/>\r\n<br \/>\r\nNous esp\u00e9rons avoir pu vous donner de l'information utile \u00e0 la protection de votre m\u00e8re. Nous restons bien entendu disponible si vous aviez d'autres questions ou si vous souhaitiez nous donner des nouvelles dans quelques temps.<br \/>\r\n<br \/>\r\n&nbsp;<\/p><\/div><\/div><\/div><\/div><\/div><div class='qa_acc_item'><span class='acc_toggler'><\/span><div class='item_header'><h3>Mon amie subit des agressions de son ex. Comment l&#8217;aider ?<h3><div class='vqf_fixed_width_text'><p>29 ao\u00fbt - Gig... Bonjour, mon amie subit depuis plusieurs ann\u00e9es des agressions verbales de la part de son ex mari qui ne cesse de la harceler, de la rabaisser, de lui r\u00e9clamer de l'argent et j'en passe, mon amie...<\/p><\/div><\/div><div class='item_body'><div class='quesion_response_block'><div class='question'><h5>Question<\/h5><div class='vqf_fixed_width_text'><p>29 ao\u00fbt - Gig...<br \/>\r\n<br \/>\r\nBonjour, mon amie subit depuis plusieurs ann\u00e9es des agressions verbales de la part de son ex mari qui ne cesse de la harceler, de la rabaisser, de lui r\u00e9clamer de l'argent et j'en passe, mon amie a besoin d'aide car elle est a bout.<br \/>\r\n<br \/>\r\nQue doit-elle faire pour que \u00e7a cesse, o\u00f9 peut-elle s'adresser ?<br \/>\r\n<h4><\/h4><br \/>\r\n<h4><\/p><\/div><\/div><div class='response'><h5>Response<\/h5><div class='vqf_fixed_width_text'><p><\/h4><br \/>\r\n<p style=\"text-align: justify;\">Bonjour Monsieur,<\/p><br \/>\r\n<p style=\"text-align: justify;\">Vous nous \u00e9crivez \u00e0 propos de votre amie, qui subit des agressions de la part de son ex-mari, en nous demandant ce qu\u2019elle peut faire pour que cela cesse.<\/p><br \/>\r\n<p style=\"text-align: justify;\">Apr\u00e8s plusieurs ann\u00e9es o\u00f9, selon votre description, votre compagne vit une situation de violences\u00a0<a href=\"https:\/\/dev-vqf.creatives.com\/la-violence-dans-le-couple\/la-violence-psychologique\/\" target=\"_blank\" rel=\"noopener\">psychologiques\u00a0<\/a>et\u00a0<a href=\"https:\/\/dev-vqf.creatives.com\/la-violence-dans-le-couple\/la-violence-economique\/\" target=\"_blank\" rel=\"noopener\">\u00e9conomiques<\/a>, il est possible pour elle d\u2019entreprendre des changements.<\/p><br \/>\r\n<p style=\"text-align: justify;\">De se mettre en mouvement peut s\u2019av\u00e9rer difficile pour elle et votre aide peut lui \u00eatre pr\u00e9cieuse. Le premier pas pourrait \u00eatre la prise de conscience qu\u2019il lui est possible de r\u00e9agir pour se lib\u00e9rer du harc\u00e8lement de son ex-mari et qu\u2019elle a des moyens de\u00a0<a href=\"https:\/\/dev-vqf.creatives.com\/trouver-de-laide\/\" target=\"_blank\" rel=\"noopener\">se faire aider<\/a>\u00a0lorsqu\u2019elle ne trouve pas de solution.<\/p><br \/>\r\n<p style=\"text-align: justify;\">Pour cela, elle peut s\u2019adresser au\u00a0<a href=\"https:\/\/malleyprairie.ch\/\" target=\"_blank\" rel=\"noopener\">Centre MalleyPrairie<\/a>, en prenant rendez-vous au 021 620 76 76 pour une\u00a0<a href=\"https:\/\/malleyprairie.ch\/ambulatoire\/\" target=\"_blank\" rel=\"noopener\">consultation ambulatoire<\/a>\u00a0dans sa r\u00e9gion. La prestation est non payante et confidentielle. Lors des entretiens, elle pourra \u00e9voquer avec pr\u00e9cision ce qu\u2019elle vit et elle trouvera des informations relatives aux probl\u00e9matiques amen\u00e9es.<\/p><br \/>\r\n<p style=\"text-align: justify;\">Nous tenons \u00e0 vous rappeler qu'il est \u00e9galement important de respecter le rythme de votre amie : sortir d'une situation de violence prend du temps, et chacun-e avance diff\u00e9remment. Ne pas la presser tout en lui montrant votre soutien\u00a0<a href=\"https:\/\/dev-vqf.creatives.com\/la-violence-dans-le-couple\/je\/temoin\/\" target=\"_blank\" rel=\"noopener\">n'est pas une d\u00e9marche facile,<\/a>\u00a0et nous vous remercions pour l\u2019accompagnement que vous apportez \u00e0 votre amie.<\/p><br \/>\r\n<p style=\"text-align: justify;\">Nous esp\u00e9rons que votre aide l\u2019am\u00e8nera \u00e0 entreprendre des changements, pour qu\u2019ils puissent lui apporter un apaisement. Avec nos meilleures pens\u00e9es.<\/p><\/p><\/div><\/div><\/div><\/div><\/div><div class='qa_acc_item'><span class='acc_toggler'><\/span><div class='item_header'><h3>Je suis devenu agressif envers ma femme<h3><div class='vqf_fixed_width_text'><p>17 ao\u00fbt 2022 - Laz... Bonjour, Je vous \u00e9cris pour vous demander d\u2019aide. Suite aux certaines circonstances et probl\u00e8mes de sant\u00e9 je suis devenue tr\u00e8s agressif avec ma femme qui ne fais que rester toujours de mes c\u00f4t\u00e9s. Elle commence...<\/p><\/div><\/div><div class='item_body'><div class='quesion_response_block'><div class='question'><h5>Question<\/h5><div class='vqf_fixed_width_text'><p>17 ao\u00fbt 2022 - Laz...<br \/>\r\n<br \/>\r\nBonjour, Je vous \u00e9cris pour vous demander d\u2019aide. Suite aux certaines circonstances et probl\u00e8mes de sant\u00e9 je suis devenue tr\u00e8s agressif avec ma femme qui ne fais que rester toujours de mes c\u00f4t\u00e9s. Elle commence \u00e0 avoir peur de moi et moi aussi je ne me retrouve pas. On veut faire les choses justes pour pouvoir continuer \u00e0 ensemble et nous avons besoins des sp\u00e9cialistes. Merci de nous contacter.<br \/>\r\n<h4><\/h4><br \/>\r\n<h4><\/p><\/div><\/div><div class='response'><h5>Response<\/h5><div class='vqf_fixed_width_text'><p><\/h4><br \/>\r\nBonjour Monsieur,<br \/>\r\n<br \/>\r\nVous t\u00e9moignez dans votre message de votre souhait de mettre fin \u00e0 votre agressivit\u00e9 envers votre femme et \u00e0 la peur que vous constatez que cela lui inspire. Nous contacter est une <strong>d\u00e9marche courageuse et<\/strong>\u00a0<strong>importante<\/strong>. En effet, quelles que soient les\u00a0<a href=\"https:\/\/dev-vqf.creatives.com\/la-violence-dans-le-couple\/la-violence-cest-quoi\/\" target=\"_blank\" rel=\"noopener\">formes\u00a0<\/a>que prend votre agressivit\u00e9, elle cr\u00e9e de la souffrance, pour votre femme mais aussi pour vous.<br \/>\r\n<br \/>\r\nPour vous accompagner dans votre intention de pouvoir continuer ensemble, les professionnel-le-s du\u00a0<a href=\"https:\/\/prevention-ale.ch\/\" target=\"_blank\" rel=\"noopener\">Centre Pr\u00e9vention de l\u2019Ale<\/a>\u00a0\u00e0 Lausanne peuvent vous proposer, dans un premier temps individuellement, un\u00a0<strong>espace confidentiel de soutien et de r\u00e9flexion<\/strong>. Vous pouvez les contacter par t\u00e9l\u00e9phone au\u00a0<strong>021 321-24-00<\/strong>\u00a0ou par email\u00a0<a href=\"mailto:info@prevention-ale.ch\">info@prevention-ale.ch<\/a>\u00a0pour fixer un premier entretien d\u2019accueil.<br \/>\r\n<br \/>\r\nNous vous souhaitons une belle suite et restons volontiers \u00e0 disposition pour r\u00e9pondre \u00e0 d\u2019autres questions.<br \/>\r\n<br \/>\r\nBien cordialement.<\/p><\/div><\/div><\/div><\/div><\/div><div class='qa_acc_item'><span class='acc_toggler'><\/span><div class='item_header'><h3>Comment sortir d&#8217;un bail \u00e0 loyer solidaire si son partenaire refuse de signer la r\u00e9siliation?<h3><div class='vqf_fixed_width_text'><p>17 mai 2022 - Pix... Bonjour, Je vis avec mon partenaire dans un bail \u00e0 loyer solidaire et je subis des violences psychologiques, rarement physiques. C'est du contr\u00f4le, des insultes, menaces de mort, humiliation, manipulation principalement. Avec mon partenaire, nous...<\/p><\/div><\/div><div class='item_body'><div class='quesion_response_block'><div class='question'><h5>Question<\/h5><div class='vqf_fixed_width_text'><p>17 mai 2022 - Pix...<br \/>\r\n<br \/>\r\nBonjour,<br \/>\r\n<br \/>\r\nJe vis avec mon partenaire dans un bail \u00e0 loyer solidaire et je subis des violences psychologiques, rarement physiques. C'est du contr\u00f4le, des insultes, menaces de mort, humiliation, manipulation principalement. Avec mon partenaire, nous \u00e9tions d'accord pour r\u00e9silier le bail \u00e0 loyer dans les d\u00e9lais l\u00e9gaux. Au dernier moment il pique une \u00e9ni\u00e8me crise de nerf et ne veut plus r\u00e9silier le bail et ceci \u00e0 2 semaine du d\u00e9lai l\u00e9gal qui est possible qu'une fois par ann\u00e9e civique. Il s'est d\u00e9j\u00e0 d\u00e9sist\u00e9 il y a 8 mois car nous \u00e9tions en r\u00e9siliation de bail hors d\u00e9lai. Ceci malgr\u00e9 que j'avais trouv\u00e9 un locataire solvable... Si je donne ma r\u00e9siliation seule, elle n'est pas valable. Je ne sais que faire pour fuire cette situation qui me d\u00e9truit chaque jour. Quitter le logement oui mais je suis co-responsable de celui-ci yc du loyer. Je vous remercie par avance pour votre r\u00e9ponse. Cordialement<br \/>\r\n<br \/>\r\n&nbsp;<br \/>\r\n<h4><\/p><\/div><\/div><div class='response'><h5>Response<\/h5><div class='vqf_fixed_width_text'><p><\/h4><br \/>\r\nBonjour Madame,<br \/>\r\n<br \/>\r\nVous nous expliquez subir des violences psychologiques et physiques de la part de votre partenaire avec qui vous habitez. Vous \u00e9tiez d'accord tous les deux de r\u00e9silier votre bail dans les d\u00e9lais l\u00e9gaux mais il revient sur sa d\u00e9cision suite \u00e0 une nouvelle crise, ceci deux semaines seulement avant le d\u00e9lai l\u00e9gal de r\u00e9siliation de votre bail. Vous ne savez que faire puisque vous \u00eates co-signataire et donc co-solidaire dudit bail. Cette situation vous d\u00e9truit et\u00a0vous aimeriez savoir comment sortir de cette impasse.<br \/>\r\n<br \/>\r\nNous vous remercions pour votre question qui semble effectivement toucher un point administratif important dans une situation de violences conjugales.<br \/>\r\n<br \/>\r\nAvant cela, nous vous sugg\u00e9rons quelques questions \u00e0 titre auto-r\u00e9flexif: que pensez-vous que votre partenaire cherche \u00e0 faire ou \u00e0 atteindre en refusant de r\u00e9silier le bail? Dans votre dynamique de couple, que risque-t-il \u00e0 l'inverse de perdre en signant cette r\u00e9siliation? Votre message ne le dit pas clairement, mais \u00eates-vous dans une d\u00e9marche claire de s\u00e9paration? Quels seraient selon vous les cas de figures o\u00f9 votre partenaire pourrait \u00e0 nouveau revenir sur sa d\u00e9cision initiale et ainsi vous lib\u00e9rer de votre bail \u00e0 loyer?<br \/>\r\n<br \/>\r\nSi cela n'est pas encore fait, nous vous sugg\u00e9rons vivement de prendre des informations aupr\u00e8s de l'association des locataires du c\u00f4t\u00e9 de Fribourg, \u00e0 l'\u00a0<a href=\"https:\/\/www.asloca.ch\/fribourg\/\" target=\"_blank\" rel=\"noopener\">ASLOCA<\/a>. C'est une association qui s'engage pour la d\u00e9fense des locataires dans le canton de Fribourg. Les points de consultations sur le canton sont \u00e0 <strong>Fribourg, Bulle et Romont<\/strong>. Pour pouvoir b\u00e9n\u00e9ficier de leurs prestations, il faut s'abord s'affilier en ligne et devenir membre. Une permanance t\u00e9l\u00e9phonique pour les membres r\u00e9pond les lundi, mardi et jeudi au<strong>\u00a00848 818 800<\/strong>. Des rendez-vous en pr\u00e9sence est aussi possible. Si les d\u00e9saccords avec les g\u00e9rances sont g\u00e9n\u00e9ralement un des motifs principaux de consultation, ces professionnel-l-e-s sauront sans doute vous \u00e9pauler quant \u00e0 votre question pr\u00e9cise et trouver des pistes de solution.<br \/>\r\n<br \/>\r\nPuisque vous faites mention de <a href=\"https:\/\/dev-vqf.creatives.com\/fr\/informations\/violence\/psychologique\" target=\"_blank\" rel=\"noopener\">violences psychologiques<\/a> et de <a href=\"https:\/\/dev-vqf.creatives.com\/fr\/informations\/violence\/physique\" target=\"_blank\" rel=\"noopener\">violences physiques<\/a>, vous \u00eates aussi en droit de vous renseigner aupr\u00e8s de n'importe quel <a href=\"https:\/\/www.aide-aux-victimes.ch\/fr\/ou-puis-je-trouver-de-laide\/\" target=\"_blank\" rel=\"noopener\">centre d'aide aux victimes d'infractions en Suisse (LAVI).<\/a>\u00a0Les centres LAVI acceuillent toute personnes victimes de violences physiques, sexuelles ou psychiques quand on \u00e9voque des menaces importantes. Les consutlations sont <strong>gratuites et confidentielles<\/strong>. Des conseils juridiques vous seront aussi donn\u00e9s, voir vous pourriez b\u00e9n\u00e9ficier d'une garantie de prise en charge pour consulter au besoin un avocat. Pour le canton de Fribourg, un seul num\u00e9ro:\u00a0<strong>026 322 22 02. <\/strong><br \/>\r\n<br \/>\r\nParfois, un courrier formel r\u00e9dig\u00e9 par un-e avocat-e peut aussi faire l'effet escompt\u00e9, celui d'un levier, d'un changement. S'il n'accepte pas de vous lib\u00e9rer du bail, vous pourriez toujours lui rappeler par \u00e9crit que les violences physiques et les menaces sont interdites par la loi suisse et que vous vous r\u00e9servez le droit de d\u00e9poser une plainte p\u00e9nale contre lui.<br \/>\r\n<br \/>\r\nNous esp\u00e9rons que vous puissiez \u00eatre rapidement lib\u00e9r\u00e9e de l'appartement qui vous lie encore \u00e0 lui. N'h\u00e9sitez pas \u00e0 nous \u00e9crire si vous souhaitiez d'autres informations ou nous tenir au courant de l'avanc\u00e9e de votre situation.<\/p><\/div><\/div><\/div><\/div><\/div><div class='qa_acc_item'><span class='acc_toggler'><\/span><div class='item_header'><h3>Tout quitter en risquant la culpabilit\u00e9 de d\u00e9truire ma famille?<h3><div class='vqf_fixed_width_text'><p>16 mai 2022 - Ale... Bonjour je subis de la violence psychologique, cris , menace me faire rabaisser, le probl\u00e8me est que j'ai des enfants que j'aime et qui ne voient pas \u00e7a ... Et je m'en voudrais de tout...<\/p><\/div><\/div><div class='item_body'><div class='quesion_response_block'><div class='question'><h5>Question<\/h5><div class='vqf_fixed_width_text'><p>16 mai 2022 - Ale...<br \/>\r\n<br \/>\r\nBonjour<br \/>\r\n<br \/>\r\nje subis de la violence psychologique, cris , menace me faire rabaisser, le probl\u00e8me est que j'ai des enfants que j'aime et qui ne voient pas \u00e7a ...<br \/>\r\n<br \/>\r\nEt je m'en voudrais de tout quitter de d\u00e9truire une famille ....<br \/>\r\n<br \/>\r\n&nbsp;<br \/>\r\n<h4><\/p><\/div><\/div><div class='response'><h5>Response<\/h5><div class='vqf_fixed_width_text'><p><\/h4><br \/>\r\nBonjour Madame,<br \/>\r\n<br \/>\r\nVous nous exposez \u00eatre victime de violence psychique et craindre de vous sentir coupable de bouleverser la famille si vous quittiez \"tout\", car vos enfants n'ont peut-\u00eatre pas conscience de la maltraitance et pourraient \u00e9ventuellement vous reprocher votre d\u00e9cision?<br \/>\r\n<br \/>\r\nNous comprenons bien que vous vous sentez dans un dilemme entre fuir la violence pour vous prot\u00e9ger et rester pour pr\u00e9server la famille, les enfants. Une telle ambivalence est l\u00e9gitime dans les situations de violences conjugales, toutefois elle engendre de la souffrance. Nous saluons donc le courage dont vous faites preuve en nous \u00e9crivant. Nous valorisons aussi la pertinence de le faire pour ne pas rester seule dans ce contexte bien complexe.<br \/>\r\n<br \/>\r\nLa <a href=\"https:\/\/dev-vqf.creatives.com\/fr\/informations\/violence\/psychologique\" target=\"_blank\" rel=\"noopener\">violence psychologique<\/a> est <strong>invisible et sournoise<\/strong> mais elle n'en est pas moins r\u00e9elle, tout comme <a href=\"https:\/\/dev-vqf.creatives.com\/fr\/informations\/consequences\/pour-les-victimes\" target=\"_blank\" rel=\"noopener\">ses cons\u00e9quences<\/a>. Sans qu'ils ne s'en rendent peut-\u00eatre compte actuellement, elle est un risque aussi pour<a href=\"https:\/\/dev-vqf.creatives.com\/fr\/informations\/enfants-violence\" target=\"_blank\" rel=\"noopener\"> les enfants<\/a>. Il est important de souligner que <strong>la violence, quelque soit sa forme, est interdite par la loi\u00a0<\/strong>et que ce n'est pas vous le probl\u00e8me, mais\u00a0bien la pr\u00e9sence de la violence.<br \/>\r\n<br \/>\r\nEn nous contactant, est-ce que vous recherchez des pistes de compr\u00e9hension, du soutien ou alors une validation que ce que vous vivez n'est effectivement pas \"normal\"? Vous \u00eates au bon endroit et c'est possible, si vous le souhaitez, de nous en dire davantage afin de vous orienter au mieux.<br \/>\r\n<br \/>\r\nSi vous vous sentez pr\u00eate, vous pouvez poursuivre votre cheminement en prenant contact avec les professionnel-l-e-s du <a href=\"https:\/\/malleyprairie.ch\/\" target=\"_blank\" rel=\"noopener\">Centre d'accueil MalleyPrairie<\/a> au <strong>(021)620-76-76<\/strong>. C'est un lieu propice pour parler de votre situation, que ce soit par t\u00e9l\u00e9phone ou sur RDV. Des entretiens ambulatoires ont lieu dans divers endroits du canton. Nous vous rassurons que c'est <strong>gratuit et confidentiel<\/strong>.<br \/>\r\n<br \/>\r\nNous esp\u00e9rons avoir pu vous apporter des informations utiles et restons \u00e0 disposition pour recevoir des pr\u00e9cisions de votre part ou simplement de vos nouvelles. Bonne chance \u00e0 vous pour la suite.<br \/>\r\n<br \/>\r\nMeilleurs messages.<\/p><\/div><\/div><\/div><\/div><\/div><div class='qa_acc_item'><span class='acc_toggler'><\/span><div class='item_header'><h3>Il m\u2019humilie et me dit que je ne prends pas les bonnes d\u00e9cisions<h3><div class='vqf_fixed_width_text'><p>16 mai 2022 - MVB... Bonjour, Je suis allemande et j'habite en Suisse depuis 2017. J'ai un enfant qui a 4 ans. Son papa est du Cameroun. Nous sommes s\u00e9par\u00e9s depuis mars 2019 \u00e0 cause des diff\u00e9rences culturelles et aussi...<\/p><\/div><\/div><div class='item_body'><div class='quesion_response_block'><div class='question'><h5>Question<\/h5><div class='vqf_fixed_width_text'><p>16 mai 2022 - MVB...<br \/>\r\n<br \/>\r\nBonjour,<br \/>\r\n<br \/>\r\nJe suis allemande et j'habite en Suisse depuis 2017. J'ai un enfant qui a 4 ans. Son papa est du Cameroun. Nous sommes s\u00e9par\u00e9s depuis mars 2019 \u00e0 cause des diff\u00e9rences culturelles et aussi parce qu'il ne me respete pas et il veut me faire croire que je ne fais pas les choses correctement comme m\u00e8re.<br \/>\r\n<br \/>\r\nNotre fils a une surdit\u00e9 moyenne \u00e0 s\u00e9v\u00e8re \u00e0 cause d'une mutation g\u00e9n\u00e9tique. Il a des appareils auditifs.C'\u00e9tait assez dur tout le diagnostic et ce n'est pas toujours facile parce que par cons\u00e9quent il n'apprend et ne parle pas comme un enfant entendant parce qu'il a besoin de plus de temps. Son p\u00e8re n'arr\u00eate pas de m'humilier et de m'envoyer des messages pour me dire que j'ai besoin d'aide et que je ne prends pas de bonnes d\u00e9cisions pour notre fils. J'avais pens\u00e9 de retourner en Allemagne parce que me famille est l\u00e0-bas mais vu que c'est difficile pour un enfant malentendant d'apprendre et parler au m\u00eame temps plusieurs langues, j'h\u00e9site et en plus le p\u00e8re de notre fils n'est pas d'accord. Si je d\u00e9cide de rester en Suisse, pour que mon fils ait du contact r\u00e9gulier avec son p\u00e8re, j'ai peur que son p\u00e8re n'arr\u00eate jamais de me traiter mal et de m'envoyer des messages intimidants.<br \/>\r\n<br \/>\r\nDans ma vie, Il s'agit tout seulement de cet homme qui me prend toute l'energie que j'ai nornalemsnt besoin pour mon fils<br \/>\r\n<br \/>\r\nEst-ce que vous pouvez m'aider comment je peux me prot\u00e9ger mieux contre ses attaques verbales et sa maltraitance psychologique? (La maltraitance psychologique a \u00e9t\u00e9 aussi confirm\u00e9e par une psychologue qui travaille \u00e0 la garderie de notre fils).<br \/>\r\n<br \/>\r\nEn vous remerciant beaucoup d'avance,je vous envoie mes meilleures salutations<br \/>\r\n<br \/>\r\n&nbsp;<br \/>\r\n<h4><\/p><\/div><\/div><div class='response'><h5>Response<\/h5><div class='vqf_fixed_width_text'><p><\/h4><br \/>\r\nBonjour Madame<br \/>\r\nS\u00e9par\u00e9e du p\u00e8re de votre enfant depuis 2019, ce dernier vous humilie sans cesse, tout en vous adressant des messages d\u00e9nigrants \u00e0 propos de l\u2019attention que vous portez \u00e0 votre fils de 4 ans, atteint d\u2019une surdit\u00e9 s\u00e9v\u00e8re. Vous vous sentez d\u00e9valoris\u00e9e par rapport \u00e0 vos comp\u00e9tences maternelles et \u00eates ambivalent quant \u00e0 la meilleure d\u00e9cision \u00e0 prendre pour vous et votre fils.<br \/>\r\nLes agissements de votre ex compagnon vous prennent votre \u00e9nergie et vous mettent devant un choix complexe, qui ressemble \u00e0 ceci ; rejoindre votre famille en Allemagne et confronter votre fils \u00e0 la difficult\u00e9 d\u2019apprendre une nouvelle langue ou rester en Suisse pour que votre fils puisse continuer \u00e0 voir r\u00e9guli\u00e8rement son p\u00e8re et craindre que cette proximit\u00e9 g\u00e9ographique avec lui fasse perdurer la situation actuelle.<br \/>\r\nCe que vous vivez est difficile pour vous et il est bien normal que vous cherchiez \u00e0 vous prot\u00e9ger des <a href=\"https:\/\/dev-vqf.creatives.com\/fr\/informations\/violence\/psychologique\" target=\"_blank\" rel=\"noopener\">violences verbales et psychologiques<\/a> de votre ex tout en prenant soin de votre fils. Nous vous f\u00e9licitons non seulement pour le r\u00f4le que vous jouez aupr\u00e8s de lui, pour la protection que vous lui apportez et que vous d\u00e9sirez renforcer.<br \/>\r\nNous vous soumettons quelques questions pour aborder les changements que vous souhaiteriez:<br \/>\r\n<br \/>\r\n<br \/>\r\n <li>A quoi verriez-vous que votre d\u00e9m\u00e9nagement aupr\u00e8s de votre famille en Allemagne, avec les cons\u00e9quences que cela aurait pour votre enfant, puisse \u00eatre b\u00e9n\u00e9fique pour vous et votre fils\u00a0?<\/li><br \/>\r\n <li>Quel pourrait \u00eatre l'effet d'un d\u00e9placement sur les attaques verbales de votre ex\u00a0?<\/li><br \/>\r\n <li>Quelle importance mettez-vous dans la relation que votre fils tisse avec son p\u00e8re\u00a0?<\/li><br \/>\r\n <li>Comment pourriez-vous l\u00e9gitimer votre r\u00f4le de m\u00e8re pour ne plus \u00eatre affect\u00e9e par les m\u00e9disances de Monsieur\u00a0?<\/li><br \/>\r\n <li>Combien de crit\u00e8res positifs seraient n\u00e9cessaires pour que vous puissiez prendre une d\u00e9cision qui vous convienne ?<\/li><br \/>\r\n<br \/>\r\n<p style=\"text-align: justify;\">Vous avez certainement des r\u00e9ponses \u00e0 apporter \u00e0 ces diff\u00e9rentes questions et il vous est possible de les partager directement avec <a href=\"https:\/\/dev-vqf.creatives.com\/fr\/victimes\/adresses-utiles\" target=\"_blank\" rel=\"noopener\">des professionnel-le-s<\/a> \u00e0 votre disposition pour en d\u00e9battre et vous soutenir dans ce que vous d\u00e9sirez. Si vous le souhaitez, vous pourriez vous adresser au <a href=\"https:\/\/malleyprairie.ch\/\" target=\"_blank\" rel=\"noopener\">Centre MalleyPrairie<\/a> qui propose des <a href=\"https:\/\/malleyprairie.ch\/ambulatoire\/\" target=\"_blank\" rel=\"noopener\">entretiens ambulatoires<\/a> non payants \u00e0 Lausanne ou dans diff\u00e9rentes r\u00e9gions du canton de Vaud.<br \/>\r\n<p style=\"text-align: justify;\">Nous esp\u00e9rons que notre regard sur votre situation vous accompagnera vers les changements souhait\u00e9s et qu\u2019ils puissent vous emmener vers un apaisement.<br \/>\r\n<p style=\"text-align: justify;\">A votre disposition pour d\u2019autres questions de votre part et\/ou pour continuer d'\u00e9changer avec nous directement au sujet de votre questionnement si vous le souhaitez. Nous vous adressons notre soutien et nous vous souhaitons le meilleur pour vous et votre enfant.<\/p><\/div><\/div><\/div><\/div><\/div><div class='qa_acc_item'><span class='acc_toggler'><\/span><div class='item_header'><h3>J&#8217;ai \u00e9t\u00e9 violent avec ma partenaire dont je suis amoureux: comment envisager la suite ?<h3><div class='vqf_fixed_width_text'><p>16 mai 2022 - Pse... Bonjour, Je vous \u00e9cris car j\u2019ai fait subir un acte de violence a ma partenaire et je ne sais pas comment appr\u00e9hender la suite. Nous \u00e9tions en train de coucher ensemble et ma partenaire a...<\/p><\/div><\/div><div class='item_body'><div class='quesion_response_block'><div class='question'><h5>Question<\/h5><div class='vqf_fixed_width_text'><p>16 mai 2022 - Pse...<br \/>\r\n<br \/>\r\nBonjour,<br \/>\r\n<br \/>\r\nJe vous \u00e9cris car j\u2019ai fait subir un acte de violence a ma partenaire et je ne sais pas comment appr\u00e9hender la suite. Nous \u00e9tions en train de coucher ensemble et ma partenaire a exprim\u00e9 le fait que elle pouvait \u00eatre excit\u00e9e par l\u2019\u00e9tranglement. Nous avons donc commenc\u00e9 \u00e0 coucher ensemble de mani\u00e8re plus dure et \u00ab rough \u00bb.<br \/>\r\n<br \/>\r\nDans le feu de l\u2019action, je lui ai mis un gifle. Or, ma partenaire m\u2019avais d\u00e9j\u00e0 dit \u00e0 plusieurs reprises que c\u2019\u00e9tait quelque chose qui n\u2019\u00e9tait pas du ok pour elle, en m\u2019expliquant son passif relationnel. En effet, elle a \u00e9t\u00e9 victime de violences sexuelles et son ex-partenaire l\u2019avait \u00e9galement gifl\u00e9 un fois, chose qu\u2019elle m\u2019a dit l\u2019avait boulevers\u00e9e.<br \/>\r\n<br \/>\r\nJe ne saurais expliquer l\u2019origine de mon geste, \u00e7a a vraiment \u00e9t\u00e9 spontan\u00e9 et je m\u2019en suis retrouv\u00e9 surpris. Nous avons tout de suite arr\u00eat\u00e9 de coucher ensemble et elle m\u2019a direct dit que ce n\u2019\u00e9tait pas ok. Pour ma part, je m\u2019en suis tout de suite excus\u00e9, sachant tr\u00e8s bien que j\u2019avais franchi une limite et que je l\u2019avais heurt\u00e9. Nous avons ensuite continu\u00e9. Plus tard dans la soir\u00e9e, elle a relanc\u00e9 le sujet et nous en avons rediscut\u00e9. Je pensais que la chose \u00e9tait r\u00e9gl\u00e9e et que j\u2019allais juste faire en sorte que \u00e7a ne se reproduise plus.<br \/>\r\n<br \/>\r\nElle m\u2019a envoy\u00e9 un long message dans la nuit pour me dire qu\u2019elle avait vraiment \u00e9t\u00e9 boulevers\u00e9 par la gifle, que ce n\u2019\u00e9tait pas ok, qu\u2019elle \u00e9tait particuli\u00e8rement bless\u00e9e parce que je connaissais son passif et qu\u2019elle \u00e9tait bless\u00e9e que ce soit elle qui ait d\u00fb relancer le sujet. Elle m\u2019a \u00e9galement dit que c\u2019\u00e9tait dur parce qu\u2019elle se sentait tr\u00e8s en s\u00e9curit\u00e9 de base avec moi et qu\u2019ensuite elle a vraiment \u00e9t\u00e9 sur ces gardes.<br \/>\r\n<br \/>\r\nJe me sens hyper triste par le situation. Je suis vraiment tr\u00e8s amoureux de cette fille et \u00e7a me peine vraiment beaucoup de savoir que je l\u2019ai heurt\u00e9. Je suis terroris\u00e9 a l\u2019id\u00e9e d\u2019avoir cass\u00e9 quelque dans notre dynamique, qu\u2019on ne puisse jamais aller de l\u2019avant et de la perdre de cette mani\u00e8re. Je prends compl\u00e8tement responsabilit\u00e9 pour mon acte et je mettrais tout en place pour qu\u2019il ne se reproduise jamais. Je veux aussi pouvoir respecter au maximum ses sentiments et ce qui est le mieux pour elle.<br \/>\r\n<br \/>\r\nJe vous \u00e9cris car je ne sais pas comment approcher la suite. J\u2019aimerais pouvoir faire en sorte que tout s\u2019arrange et d\u2019aller de l\u2019avant tout en respectant ses besoins. Y\u2019a t\u2019il de bonnes mani\u00e8res de s\u2019excuser? Comment savoir quelle distance\/temps je dois lui laisser ? Comment accepter et vivre avec moi-m\u00eame si j\u2019ai r\u00e9ellement cass\u00e9 quelque chose ? Avez-vous des ressources ou des services vers lesquels me tourner?<br \/>\r\n<h4><\/h4><br \/>\r\n<h4><\/p><\/div><\/div><div class='response'><h5>Response<\/h5><div class='vqf_fixed_width_text'><p><\/h4><br \/>\r\n<p style=\"text-align: justify;\">Bonjour,<\/p><br \/>\r\n<p style=\"text-align: justify;\">Tu as gifl\u00e9 ta partenaire lors d\u2019un acte sexuel ce qui a caus\u00e9 un bouleversement dans votre relation. Tu mesures le fait d\u2019avoir d\u00e9pass\u00e9 une limite qui a bless\u00e9 ta partenaire, que ta relation en a \u00e9t\u00e9 fragilis\u00e9e et tu souhaites y rem\u00e9dier. Tu nous demandes conseils et orientation.<\/p><br \/>\r\n<p style=\"text-align: justify;\">Nous imaginons la difficult\u00e9 et la tristesse qui est la tienne en constatant les effets de ton geste sur ta partenaire. Nous soulignons positivement ta capacit\u00e9 \u00e0 reconna\u00eetre les faits et l\u2019inad\u00e9quation d\u2019une utilisation de la violence. Ta recherche de solutions et conseils en nous \u00e9crivant montre ta volont\u00e9 de r\u00e9parer et changer de comportements. Tu restes n\u00e9anmoins, il nous semble, dans une part d\u2019incompr\u00e9hension.<\/p><br \/>\r\n<p style=\"text-align: justify;\">Il est important que tu retiennes qu\u2019avec le geste de gifler ta compagne tu as utilis\u00e9 de la violence physique dans la mesure o\u00f9, dans la situation qui a \u00e9t\u00e9 la v\u00f4tre, il n\u2019y avait pas le consentement de ta partenaire. Contrairement \u00e0 l\u2019\u00e9tranglement mutuellement et consciemment d\u00e9cid\u00e9, la gifle a impliqu\u00e9 l\u2019utilisation de la force contre la volont\u00e9 de l\u2019autre et constitue forc\u00e9ment un acte blessant ind\u00e9pendamment du pass\u00e9 de ta partenaire. Il est fr\u00e9quent aussi que la confiance soit amoindrie, voire remise en question, par un tel \u00e9v\u00e8nement. La peur que cela puisse se reproduire cumul\u00e9e \u00e0 la souffrance engendr\u00e9e par le geste implique un temps complexe pour d\u00e9passer le v\u00e9cu. Le fait que tu te sois excus\u00e9 est certainement un pas important et incontournable pour avancer. Il nous est difficile de\u00a0 t'orienter sur \"le bon moment\" et la mani\u00e8re la plus ad\u00e9quate pour \u00ab\u00a0aller de l\u2019avant\u00a0\u00bb comme tu dis, tant la r\u00e9ponse est personnelle. Tu es \u00e9galement la personne la mieux plac\u00e9e puisque tu connais ta partenaire. Il nous semble n\u00e9anmoins important que tu saches le plus pr\u00e9cis\u00e9ment possible quel sont les besoins actuels de ta partenaire et\/ou les v\u00e9rifier.<\/p><br \/>\r\n<p style=\"text-align: justify;\">Qu\u2019est-ce qui t'indique que tu as bien compris ses besoins\u00a0\u00e0 pr\u00e9sent et \u00e0 la lumi\u00e8re de cet acte de violences? As-tu song\u00e9 \u00e0 lui poser la question directement\u00a0? Ceci t'aidera \u00e0 \u00eatre au plus pr\u00e8s de la situation actuelle de ta partenaire et de t'ajuster si tu le souhaites.<\/p><br \/>\r\n<p style=\"text-align: justify;\">Quant \u00e0 tes besoins, il nous semble incontournable que tu comprennes mieux l\u2019origine de ton geste. D\u2019une mani\u00e8re g\u00e9n\u00e9rale nous observons que les manifestations de violence dans un couple tendent \u00e0 se reproduire comme dans un cycle, \u00e0 se r\u00e9p\u00e9ter et malheureusement \u00e9galement \u00e0 s'intensifier au fil du temps si elles ne sont prises au s\u00e9rieux et comprises. Le fait de t'\u00eatre emport\u00e9 lors des \u00e9lans ne serait expliquer suffisamment ton geste sans courir le risque de le reproduire. Ta partenaire t'avait explicit\u00e9 son d\u00e9saccord et tu as n\u00e9anmoins utilis\u00e9 cette forme de violence. Quels sentiments t'ont travers\u00e9 avant et pendant cet acte de violence ?<\/p><br \/>\r\n<p style=\"text-align: justify;\">Il arrive que ce travail de compr\u00e9hension et de changement ne soit pas ais\u00e9 lorsqu\u2019il est men\u00e9 d\u2019une mani\u00e8re solitaire. C\u2019est pourquoi, si tu le souhaites, nous te conseillons de trouver une aide professionnelle pour prendre soin du sujet et ainsi prot\u00e9ger la personne que tu aimes. Il existe \u00e0 Gen\u00e8ve l'association <a href=\"http:\/\/www.vires.ch\/\" target=\"_blank\" rel=\"noopener\">VIRES<\/a>, un centre sp\u00e9cialis\u00e9 dans cette th\u00e9matique et tu y trouveras une aide concr\u00e8te dans la gestion des situations que tu vis. Une premi\u00e8re \u00e9valuation lors du premier contact te permettra d\u2019investir tes \u00e9nergies pour des changements concrets que tu souhaites pour toi-m\u00eame et ta relation.<\/p><br \/>\r\n<p style=\"text-align: justify;\">Nous t'encourageons \u00e0 trouver tous les b\u00e9n\u00e9fices possibles d\u2019une telle \u00e9preuve pour continuer \u00e0 investir dans une relation de couple qui t'est importante et qui ne manquera pas de grandir \u00e0 la suite de tes avancements et changements.<\/p><\/p><\/div><\/div><\/div><\/div><\/div><div class='qa_acc_item'><span class='acc_toggler'><\/span><div class='item_header'><h3>A qui m&#8217;adresser pour trouver de l&#8217;aide?<h3><div class='vqf_fixed_width_text'><p>14 mai 2022 - Aby... Bonjour Je suis mari\u00e9e avec un diplomate j'ai des enfants et je subis de la violence psychologique depuis plusieurs ann\u00e9es (10 ans que nous sommes en Suisse). Je ne sais pas o\u00f9 aller pour conna\u00eetre...<\/p><\/div><\/div><div class='item_body'><div class='quesion_response_block'><div class='question'><h5>Question<\/h5><div class='vqf_fixed_width_text'><div class=\"box-question p2\"><br \/>\r\n<p class=\"color-grey small mt1 mb0\">14 mai 2022 - Aby...<\/p><br \/>\r\nBonjour Je suis mari\u00e9e avec un diplomate j'ai des enfants et je subis de la violence psychologique depuis plusieurs ann\u00e9es (10 ans que nous sommes en Suisse). Je ne sais pas o\u00f9 aller pour conna\u00eetre mes droits je n'ai aucune information ou contact... Merci<br \/>\r\n<br \/>\r\n<\/div><br \/>\r\n<div class=\"bg-grey p2\"><br \/>\r\n<h3><\/p><\/div><\/div><div class='response'><h5>Response<\/h5><div class='vqf_fixed_width_text'><p><\/h3><br \/>\r\nBonjour Madame,<br \/>\r\n<br \/>\r\nVous faites bien de nous \u00e9crire car vous semblez tr\u00e8s seule depuis bien trop d'ann\u00e9es en \u00e9tant victime de violences psychologiques. Vous aimeriez savoir \u00e0 qui vous adresser pour sortir de cet isolement et enfin conna\u00eetre vos droits.<br \/>\r\n<br \/>\r\nLe r\u00e9seau suisse gravitant autour des victimes de violences domestiques est de plus en plus \u00e9toff\u00e9 fort heureusement car cela touche <strong>une femme sur cinq, toutes violences confondues<\/strong>. Il existe\u00a0plusieurs lieux o\u00f9 vous pourriez partager votre v\u00e9cu et surtout demander conseils autour de vos droits. Il est important de ne plus rester seule\u00a0car la violence psychologique peut parfois laisser place \u00e0 des violences <strong>physiques, sexuelles ou \u00e9conomiques<\/strong>. Peut-\u00eatre que le\u00a0\u00a0<a href=\"https:\/\/malleyprairie.ch\/\" target=\"_blank\" rel=\"noopener\">cycle de la violence conjugale<\/a>\u00a0est malheureusement\u00a0un v\u00e9cu connu? Sachez qu'il y a heureusement des pistes \u00e0 entrevoir pour s'en sortir m\u00eame si le parcours n'est de loin pas simple.<br \/>\r\n<br \/>\r\nVotre question est courte mais nous nous permettons de vous en poser quelques-unes dans un but auto-r\u00e9flexif: qu'aimeriez-vous voir changer dans votre situation en connaissant vos droits sur sol suisse? A quoi\u00a0\u00a0ces droits vous permettraient d'acc\u00e9der? Quel a \u00e9t\u00e9 l'\u00e9l\u00e9ment d\u00e9clencheur pour demander de l'aide? \u00a0 Quoiqu'il en soit, vous semblez vouloir que quelque chose change et nous allons vous proposer des orientations en lien avec votre canton de domicile.<br \/>\r\n<br \/>\r\nDans\u00a0le canton de Vaud, vous pourriez prendre contact avec le\u00a0<a href=\"https:\/\/malleyprairie.ch\/\" target=\"_blank\" rel=\"noopener\">Centre Malley Prairie<\/a>. C'est un foyer situ\u00e9 \u00e0 Lausanne qui accueille des femmes -avec ou sans enfant- victimes de violences conjugales. On peut les joindre au num\u00e9ro (<strong>021) 620-76-76<\/strong>. Si l'h\u00e9bergement d'urgence n'est pas une r\u00e9ponse \u00e0 votre demande, le centre propose <strong>\u00e9galement<\/strong> des <a href=\"https:\/\/malleyprairie.ch\/ambulatoire\/\" target=\"_blank\" rel=\"noopener\">consultations en ambulatoire.<\/a>\u00a0Les consultations sont <strong>non payantes\u00a0et confidentielles.\u00a0<\/strong>Pour pouvoir en b\u00e9n\u00e9ficier, vous pouvez faire appel au m\u00eame num\u00e9ro transmis.<br \/>\r\n<br \/>\r\nSi vous \u00eates victime d'infractions \u00e0 la loi suisse, vous pouvez \u00e9galement joindre le\u00a0<a href=\"https:\/\/www.profa.ch\/lavi\" target=\"_blank\" rel=\"noopener\">Centre d'Aide aux Victimes d'Infractions (LAVI)<\/a>\u00a0au num\u00e9ro (<strong>021) 631-03-00. <\/strong>Ces\u00a0professionnel-les peuvent \u00e9galement vous proposez un <strong>entretien gratuit et confidentiel<\/strong> afin de r\u00e9pondre \u00e0 vos droits. Le centre LAVI est situ\u00e9 g\u00e9ographiquement \u00e0 Lausanne, mais il dispose aussi d'une antenne \u00e0 Aigle et une seconde \u00e0 Yverdon-les-Bains. Ils peuvent \u00e9galement vous conseiller sur les possibles proc\u00e9dures p\u00e9nales et \/ ou vous orienter aupr\u00e8s de th\u00e9rapeutes au besoin.<br \/>\r\n<br \/>\r\nNous esp\u00e9rons que ces deux orientations pourront d\u00e9j\u00e0 vous aider \u00e0 vous entourer et \u00e0 vous rassurer. Vous \u00eates d\u00e9j\u00e0 active dans cette recherche et n'\u00eates plus seule. Nous vous encourageons \u00e0 poursuivre. Nous vous souhaitons tout le meilleur pour votre avenir et restons bien entendu \u00e0 votre disposition si vous souhaitiez nous donner des nouvelles dans quelques temps.<br \/>\r\n<br \/>\r\n<\/div><\/div><\/div><\/div><\/div><\/div><div class='qa_acc_item'><span class='acc_toggler'><\/span><div class='item_header'><h3>Je suis inquiet pour un proche victime de violences psychologiques de la part de sa femme.<h3><div class='vqf_fixed_width_text'><p>08 mai 2022 - Sop... Bonjour, je vous \u00e9cris car je me fais du souci pour l'un de mes proche. Dans cette situation il s'agit d'un homme victime de sa femme. Il m'a confi\u00e9 derni\u00e8rement des situations v\u00e9cue au quotidien,...<\/p><\/div><\/div><div class='item_body'><div class='quesion_response_block'><div class='question'><h5>Question<\/h5><div class='vqf_fixed_width_text'><div class=\"box-question p2\"><br \/>\r\n<p class=\"color-grey small mt1 mb0\">08 mai 2022 - Sop...<\/p><br \/>\r\nBonjour,<br \/>\r\n<br \/>\r\nje vous \u00e9cris car je me fais du souci pour l'un de mes proche. Dans cette situation il s'agit d'un homme victime de sa femme. Il m'a confi\u00e9 derni\u00e8rement des situations v\u00e9cue au quotidien, ce qui a expliqu\u00e9 des changements dans son comportement depuis quelques ann\u00e9es. Il s'agit de violence psychologiques et de manipulation.<br \/>\r\n<br \/>\r\nJ'ai effectu\u00e9 des recherches sur internet et d'apr\u00e8s les r\u00e9sultats, sa conjointe correspondrait au profil d'une personne \"pervers narcissique\". Les situations d\u00e9crites correspondent assez \u00e0 cette personne.<br \/>\r\n<br \/>\r\nBien que sa vie ne soit pas directement mise en danger par cette personne, pas de coups ou violences physiques (bien qu'il m'ait avou\u00e9 avoir \u00e9t\u00e9 frapp\u00e9 deux fois), je m'inqui\u00e8te pour sa sant\u00e9 mentale, j'ai peur qu'il se fasse du mal. Il a perdu confiance en lui, est d\u00e9prim\u00e9 et souffre de cette situation, il dit qu'il n'en peut plus. Lors de disputes il m'a dit s'\u00eatre recroquevill\u00e9 par terre , en pleurs. Elle peut se montrer tr\u00e8s blessante avec lui et est polie et appr\u00e9ci\u00e9e par ses amis et coll\u00e8gues. Mon ami \u00e0 deux enfants. Ils ont plusieurs fois assist\u00e9s \u00e0 des disputes plut\u00f4t violentes. Il a peur de partir et d'\u00eatre celui qui abandonne sa famille et il a peur de ne plus voir ses enfants. Il est tr\u00e8s ambivalent lorsqu'il me parle, a un moment il me dit les choses qu'il subit puis il dit combien elle l'aide et que c'est \u00e0 lui de faire des efforts. Je suis consciente que cette situation est moins grave qu'un cas de violence physiques et que beaucoup de gens vivent des situations d'urgences.<br \/>\r\n<br \/>\r\nAuriez-vous des pistes \u00e0 me donner? Qui peut-il contacter pour obtenir de l'aide? Que puis-je faire?<br \/>\r\n<br \/>\r\nD'avance merci pour votre r\u00e9ponse.<br \/>\r\n<br \/>\r\n<\/div><br \/>\r\n<div class=\"bg-grey p2\"><br \/>\r\n<h3><\/p><\/div><\/div><div class='response'><h5>Response<\/h5><div class='vqf_fixed_width_text'><p><\/h3><br \/>\r\nBonjour Madame,<br \/>\r\n<br \/>\r\nVous nous \u00e9crivez au sujet d'un ami victime de violences conjugales pour qui vous vous faites du souci. Le couple est parent de deux enfants. Il vous a confi\u00e9 r\u00e9cemment subir des violences psychologiques mais aussi plus rarement des \u00e9pisodes de violences physiques. Vous comprenez maintenant davantage pourquoi il a chang\u00e9 depuis quelques ann\u00e9es en perdant confiance en lui, en \u00e9tant tr\u00e8s d\u00e9prim\u00e9. Vous vous inqui\u00e9tez pour sa sant\u00e9 psychique, craigniez qu'il se fasse du mal. Il semblerait cependant ambivalent quant \u00e0 des d\u00e9cisions \u00e0 prendre. Vous aimeriez savoir o\u00f9 il pourrait trouver de l'aide et ce que vous pouvez faire pour lui.<br \/>\r\n<br \/>\r\nVotre message d\u00e9crit parfaitement <a href=\"https:\/\/dev-vqf.creatives.com\/la-violence-dans-le-couple\/la-violence-cest-quoi\/\" target=\"_blank\" rel=\"noopener\">le cycle de la violence conjugale<\/a>. Ce cycle est g\u00e9n\u00e9ralement d\u00e9crit en <strong>4<\/strong> <strong>phases<\/strong>. La personne qui en est victime est d\u00e9stabilis\u00e9e par les violences subies quelque soit sa forme (\u00e9conomique, psychologique, physique ou sexuelle). Elle perd petit \u00e0 petit ses rep\u00e8res et la confiance en elle. \u00a0L'auteur-e des agissements la culpabilise en remettant la faute sur elle. \u00a0Survient ensuite une p\u00e9riode d'accalmie qui s'appelle la <strong>lune de miel<\/strong>. Ces diff\u00e9rentes phases <strong>suscitent beaucoup d'ambivalence<\/strong> chez la personne qui est en victime car elles\u00a0g\u00e9n\u00e8rent de la confusion dans leur esprit. La personne victime finit souvent par se sentir responsable de ce qui lui arrive. Les d\u00e9cisions de protection, de s\u00e9paration, de changements prennent donc souvent beaucoup de temps.<br \/>\r\n<br \/>\r\nLe premier pas a d\u00e9j\u00e0 \u00e9t\u00e9 fait: votre ami a pu se confier \u00e0 vous en sortant du silence et vous avez pu \u00eatre une oreille tr\u00e8s attentive. Vous avez probablement\u00a0d\u00fb valider le fait de s'\u00eatre ouvert \u00e0 vous, ce qui est sans doute encore plus compliqu\u00e9 pour un homme, les violences faites aux hommes \u00e9tant plus rares mais bien s\u00fbre existantes. Vous-m\u00eames \u00eates en action en nous \u00e9crivant pour le conseiller, intention clairement salutaire. Il est effectivement important que votre ami puisse \u00eatre accompagn\u00e9 par ses amis mais aussi par des professionnel-le-s qui viendront lui donner de l'information plus formelle sur les d\u00e9marches possibles et l'\u00e9pauler dans ses choix.<br \/>\r\n<br \/>\r\nDans le canton de Berne, vous pourriez lui transmettre le contact du <a href=\"https:\/\/www.opferhilfe-bern.ch\/fr\/nos-prestations\/a-qui-s-adresse-l-offre\" target=\"_blank\" rel=\"noopener\">Centre LAVI de Berne qui est le Centre d'Aide aux Victimes d'Infractions<\/a>. Il peut les joindre par t\u00e9l\u00e9phone afin de convenir d'un rendez-vous ceci au:\u00a0<strong>031 370-30-70.\u00a0<\/strong>Ces professionnel-les pourront le conseiller sur le plan psychologique, juridique, mat\u00e9riel et social. Les consultations sont <strong>gratuites et confidentielles<\/strong>. Au besoin et selon sa situation, il peut consulter\u00a0<a href=\"https:\/\/www.aide-aux-victimes.ch\/fr\/ou-puis-je-trouver-de-laide\/\" target=\"_blank\" rel=\"noopener\">le Centre LAVI de son choix<\/a>, sachant que dans chaque canton il existe un ou plusieurs centres. Votre ami pourrait se rendre \u00e0 ce rendez-vous accompagn\u00e9 d'une personne de confiance.<br \/>\r\n<br \/>\r\nS'il devait malheureusement \u00eatre victime de nouvelles violences physiques ou de menaces graves, il est en droit d'appeler la police au <strong>117.<\/strong>\u00a0Depuis quelques ann\u00e9es d\u00e9j\u00e0, la police peut intervenir dans ces cas-l\u00e0 en urgence en expulsant la personne qui a agi de violences du domicile. C'est une mesure de protection imm\u00e9diate pour la ou les victime-s.<br \/>\r\n<br \/>\r\nNous restons \u00e0 votre enti\u00e8re disposition mais aussi celle de votre ami s'il voulait aussi nous \u00e9crire en pr\u00e9cisant s'il souhaite que sa question soit publi\u00e9e ou non.<br \/>\r\n<br \/>\r\n<\/div><\/div><\/div><\/div><\/div><\/div><div class='qa_acc_item'><span class='acc_toggler'><\/span><div class='item_header'><h3>J\u2019ai l\u2019impression de subir et d\u2019\u00eatre auteur de violence psychologique<h3><div class='vqf_fixed_width_text'><p>30 avril 2022 - Lio... Je vis actuellement une situation difficile dans ma relation amoureuse. La personne que j\u2019aime \u00e0 commenc\u00e9 \u00e0 vivre une relation amoureuse et sexuelle avec une tierce personne. D\u00e8s son annonce, je lui ai exprim\u00e9 que...<\/p><\/div><\/div><div class='item_body'><div class='quesion_response_block'><div class='question'><h5>Question<\/h5><div class='vqf_fixed_width_text'><div class=\"box-question p2\"><br \/>\r\n<p class=\"color-grey small mt1 mb0\">30 avril 2022 - Lio...<\/p><br \/>\r\nJe vis actuellement une situation difficile dans ma relation amoureuse. La personne que j\u2019aime \u00e0 commenc\u00e9 \u00e0 vivre une relation amoureuse et sexuelle avec une tierce personne. D\u00e8s son annonce, je lui ai exprim\u00e9 que cela me faisait beaucoup de peine, je lui ai expliqu\u00e9 que je me comparais, que j\u2019avais peur d\u2019\u00eatre remplac\u00e9 et de la perdre, que cela me serrait le c\u0153ur. Nous avons essay\u00e9 de trouver ensemble une solution qui \u00e9tait peut-\u00eatre un lien moins intime entre eux, mais finalement leur lien a \u00e9volu\u00e9 d\u2019une mani\u00e8re diff\u00e9rente et leurs relations continue.<br \/>\r\n<br \/>\r\nNous nous \u00e9tions mis d\u2019accord pour que ces liens soient compatibles mais ce n\u2019est pas le cas pour moi, je sens de la douleur rien qu\u2019en pensant \u00e0 la situation ou en essayant d\u2019accepter qu\u2019ils sont ensemble. Alors j\u2019exprime ma douleur, mon refus de la situation - mais vu notre historique relationnel o\u00f9 je n\u2019ai moi-m\u00eame souvent pas pris en compte la personne que j\u2019aime - la situation ne change pas. Il devient alors difficile pour moi d\u2019\u00eatre en lien car je me sens fragile, je ne me sens plus en s\u00e9curit\u00e9, je ne me sens plus pris en compte et je n\u2019arrive pas \u00e0 penser \u00e0 autre chose. J\u2019entre souvent dans des \u00e9tats autre d\u2019angoisse, col\u00e8re, obsessions ou je n\u2019ai plus l\u2019impression d\u2019\u00eatre moi-m\u00eame ou de pouvoir me contr\u00f4ler. Ces \u00e9tats font souvent peur \u00e0 la personne que j\u2019aime et il est difficile d\u2019\u00eatre en lien lorsque je suis dans ces \u00e9tats. Ils surviennent de mani\u00e8re r\u00e9p\u00e9titive quand je sais\/sens qu\u2019elle est avec l\u2019autre personne, quand je pense \u00e0 la situation, donc plut\u00f4t souvent ces derniers mois. J\u2019ai l\u2019impression que la personne que j\u2019aime ne comprend pas ma douleur car elle continue d\u2019agir d\u2019une mani\u00e8re qui me fait de la peine. Cela m\u2019\u00e9nerve beaucoup, me fait de la peine et je lui en veux de ne pas agir diff\u00e9remment.<br \/>\r\n<br \/>\r\nAlors souvent je fais pleins de reproche, j\u2019essaye de clarifier ce qui me fait de la peine et cela fait beaucoup de mal \u00e0 la personne que j\u2019aime, car j\u2019ai besoin de distance, car je deviens dur, car je suis souvent dans des \u00e9tats trop fragiles et col\u00e9riques pour m\u2019expliquer de mani\u00e8re constructive. Je ne sais plus quoi faire.<br \/>\r\n<br \/>\r\nExprimer ma col\u00e8re ne change rien, cela fait m\u00eame de la peine \u00e0 la personne que j\u2019aime. J\u2019essaye d\u2019\u00eatre \u00e0 l\u2019\u00e9coute et de comprendre que la situation est aussi difficile pour l\u2019autre, mais chaque fois qu\u2019elle m\u2019explique sa souffrance due \u00e0 ma mani\u00e8re de r\u00e9agir, je n\u2019arrive pas \u00e0 m\u2019emp\u00eacher de me dire qu\u2019elle ne comprend pas ce que je vis, qu\u2019elle ne comprend pas que je r\u00e9agis ainsi car je suis profond\u00e9ment bless\u00e9 par ses actes.<br \/>\r\n<br \/>\r\nJ\u2019ai besoin aide pour g\u00e9rer les \u00e9tats dans lesquels cette situation me met (je peut recourir \u00e0 la violence sur les objets, moi-meme et \u00e0 la violence psychologique sur la personne que j\u2019aime) et pour comprendre pourquoi cela me met dans de tels \u00e9tats et ne plus r\u00e9agir de telle mani\u00e8re.<br \/>\r\n<br \/>\r\nPouvez-vous m\u2019aider ou m\u2019indiquer o\u00f9 m\u2019adresser ?<br \/>\r\n<br \/>\r\n<\/div><br \/>\r\n<div class=\"bg-grey p2\"><br \/>\r\n<h3><\/p><\/div><\/div><div class='response'><h5>Response<\/h5><div class='vqf_fixed_width_text'><p><\/h3><br \/>\r\nBonjour Monsieur,<br \/>\r\n<br \/>\r\nVous nous d\u00e9crivez les difficult\u00e9s rencontr\u00e9es au sein de votre couple depuis plusieurs mois suite \u00e0 des choix de votre partenaire. Vous recherchez de l\u2019aide pour trouver des solutions tout en tentant des comportements plus ad\u00e9quats et constructifs pour changer la situation. Parfois vous agissez de la violence en r\u00e9action \u00e0 ce que vous vivez et vous vous sentez perdu.<br \/>\r\n<br \/>\r\nVotre v\u00e9cu est certainement difficile et tr\u00e8s douloureux comme vous le d\u00e9crivez. Vous vous d\u00e9crivez comme tr\u00e8s sensible face \u00e0 la possibilit\u00e9 de perdre votre partenaire qui a entam\u00e9 une relation en parall\u00e8le de la v\u00f4tre. Vos r\u00e9actions renvoient \u00e0 un \u00e9tat d\u2019\u00e2me et une instabilit\u00e9 affective difficile \u00e0 vivre au quotidien.<br \/>\r\n<br \/>\r\nSi nous vous avons bien compris\u00a0: vous souhaitez une relation de couple exclusive avec votre partenaire et pour ce faire vous tentez de trouver une coh\u00e9rence face aux choix diff\u00e9rents de cette derni\u00e8re. Nous avons l\u2019impression que vous vous sentez dans une impasse et \u00e9galement impuissant. De part et d\u2019autre, il s\u2019agit de choix personnels\u00a0: d\u2019un c\u00f4t\u00e9 votre partenaire a fait le choix d\u2019une relation intime avec une autre personne que vous et de votre c\u00f4t\u00e9 vous souhaitez une relation exclusive et avez d\u00e9cid\u00e9 de chercher un moyen pour rendre compatibles ces deux choix.<br \/>\r\n<br \/>\r\nPouvoir faire des choix en toute connaissance de cause constitue la libert\u00e9 et la force que nous avons\u00a0toutes et tous: que souhaitez-vous pour vous-m\u00eame et pour ce couple\u00a0dans la situation actuelle ? Si votre d\u00e9sir profond ne peut pas \u00eatre combl\u00e9, quel choix avez-vous\u00a0? L\u2019impasse vient souvent de l\u2019absence de r\u00e9ponses \u00e0 ces questions.<br \/>\r\n<br \/>\r\nLa tristesse et l'angoisse qui peuvent se manifester dans ces situations complexes sont souvent accompagn\u00e9es de col\u00e8re, voire de rage, envers celles et ceux qui nous font traverser des \u00e9motions douloureuses, des manques profonds et lorsqu\u2019elles\/ils nous font vivre un sentiment subjectif d\u2019injustice. La jalousie peut \u00e9galement appara\u00eetre si l'objet de notre amour trouve \u00e0 l'ext\u00e9rieur de la relation une source de gratification et de plaisir autre que celui qu'on lui apporte.<br \/>\r\n<br \/>\r\nCes r\u00e9actions trouvent ainsi une explication. Cependant si ressentir de la col\u00e8re est une r\u00e9action humaine \u00e0 la peur de perdre ou au sentiment d\u2019injustice, il est possible qu\u2019elle devienne agressivit\u00e9 et violence lorsqu\u2019elle se traduit en actes ou tentatives d\u00e9sesp\u00e9r\u00e9es de maintenir l\u2019autre ou le\/la forcer \u00e0 changer de comportements. Ainsi du contr\u00f4le et de la domination \u00e9mergent comme la seule mani\u00e8re de se rassurer puisqu'on ne parvient pas \u00e0 faire confiance \u00e0 l'autre.<br \/>\r\n<br \/>\r\nAu bout de ce processus nous arrivons aux questions fondamentales de toute relation humaine\u00a0: peut-on exiger des comportements en fonction de nos propres attentes si l\u2019autre en choisit d\u2019autres\u00a0? Puis-je lui en vouloir, revendiquer une injustice, exercer des pressions et de la force pour que l\u2019autre fasse ce que j\u2019attends de lui\u00a0? Nous sommes l\u00e0 aux origines de l\u2019utilisation possible de la violence elle-m\u00eame sous plusieurs formes\u2026<br \/>\r\n<br \/>\r\nPour initier un processus de changement il est tout d\u2019abord n\u00e9cessaire de viser une <strong>ma\u00eetrise et gestion<\/strong> <strong>de vos \u00e9motions<\/strong> dans les moments plus difficiles. Les r\u00e9actions de col\u00e8re ou d\u2019agressivit\u00e9 sont \u00e9vitables et il est possible d'apprendre \u00e0 les anticiper et \u00e0 les g\u00e9rer car elles occasionnent davantage de souffrance et ne laissent aucune place aux solutions. Nous sommes confiant-e-s quant \u00e0 votre capacit\u00e9 \u00e0 mener des choix avec courage dans cette situation pr\u00e9cise et difficile, y compris si ces choix peuvent impliquer des pertes, des deuils\u2026<br \/>\r\n<br \/>\r\nSi vous arriver \u00e0 identifier ce que vous pouvez accepter, ce qui vous convient et ce qui au contraire est au-del\u00e0 de vos forces, de vos besoins et vous blesse alors un autre choix des possibles se pr\u00e9sentera \u00e0 vous. Des choix qui soient respectueux de vous-m\u00eame, de vos besoins tout en \u00e9tant respectueux de votre partenaire.<br \/>\r\n<br \/>\r\nVoil\u00e0 un chemin complexe et exigeant, nous en convenons, ceci peut parler en faveur d\u2019un soutien que vous pourriez trouver dans la psychoth\u00e9rapie. Une aide pr\u00e9cieuse serait de consulter des professionnel-le-s afin de pouvoir \u00e9changer autour des probl\u00e9matiques qui vous d\u00e9stabilisent et engendrent autant de d\u00e9tresse. Dans le canton de Neuch\u00e2tel, vous pouvez vous adresser par exemple:<br \/>\r\n<br \/>\r\n<a href=\"https:\/\/csp.ch\/neuchatel\/services\/questions-de-couple\/\" target=\"_blank\" rel=\"noopener\">secteur de consultation conjugale du CSP<\/a> pr\u00e9sent \u00e0 Neuch\u00e2tel et \u00e0 La Chaux-de-Fonds:<br \/>\r\n<br \/>\r\n<strong>CSP Neuch\u00e2tel<\/strong><br \/>\r\nRue des Parcs 11<br \/>\r\nCase postale<br \/>\r\n2002 Neuch\u00e2tel 2<br \/>\r\n<br \/>\r\n<strong>La Chaux-de-Fonds<\/strong><br \/>\r\nRue du Temple-Allemand 23<br \/>\r\n2300 La Chaux-de-Fonds<br \/>\r\n<br \/>\r\n<strong>Ligne unique pour prendre rendez-vous: <\/strong>T\u00e9l. 032 886 91 00<br \/>\r\n<br \/>\r\nSur le site de F\u00e9d\u00e9ration Suisse des Psychologues (FSP), vous trouvez \u00e9galement un annuaire recensant les psychologues qualifi\u00e9-e-s en conseils et\/ou en th\u00e9rapie: https:\/\/www.psychologie.ch\/fr.<br \/>\r\n<br \/>\r\nN\u2019h\u00e9sitez pas \u00e0 nous \u00e9crire si vous en sentez encore le besoin et\/ou si vous avez d'autres questions, Nous vous souhaitons beaucoup de force et de courage et surtout beaucoup bienveillance envers vous-m\u00eame et votre conjointe.<br \/>\r\n<br \/>\r\n<\/div><\/div><\/div><\/div><\/div><\/div><div class='qa_acc_item'><span class='acc_toggler'><\/span><div class='item_header'><h3>Agression: o\u00f9 la faire constater en Valais ?<h3><div class='vqf_fixed_width_text'><p>29 avril 2022 - Eli... Qui peut constater les blessures suite \u00e0 une agression dans le canton de valais, en vue d un d\u00e9p\u00f4t de plainte?<\/p><\/div><\/div><div class='item_body'><div class='quesion_response_block'><div class='question'><h5>Question<\/h5><div class='vqf_fixed_width_text'><div class=\"box-question p2\"><br \/>\r\n<p class=\"color-grey small mt1 mb0\">29 avril 2022 - Eli...<\/p><br \/>\r\nQui peut constater les blessures suite \u00e0 une agression dans le canton de valais, en vue d un d\u00e9p\u00f4t de plainte?<br \/>\r\n<br \/>\r\n<\/div><br \/>\r\n<div class=\"bg-grey p2\"><br \/>\r\n<h3><\/p><\/div><\/div><div class='response'><h5>Response<\/h5><div class='vqf_fixed_width_text'><p><\/h3><br \/>\r\nBonjour Monsieur,<br \/>\r\n<br \/>\r\nVotre question est tr\u00e8s courte mais nous restons bien entendu disponible si vous souhaitiez nous en dire plus par rapport \u00e0 l'agression que vous avez subi, ceci\u00a0pour autant qu'elle\u00a0concerne les violences dans le couple, sujet de notre site.<br \/>\r\n<br \/>\r\nPour vous r\u00e9pondre, vous pouvez vous adresser \u00e0<a href=\"https:\/\/www.vs.ch\/documents\/529400\/11835166\/2021+06+07+-+Com+-+Unit%C3%A9+de+m%C3%A9decine+des+violences.pdf\/5a0a1052-5f6c-cb38-6899-6b6d21ed6337?t=1623055088054\" target=\"_blank\" rel=\"noopener\"> l'Unit\u00e9 de M\u00e9decine des Violences\u00a0 (UMV)<\/a>\u00a0qui se situe \u00e0 <strong>Sierre<\/strong> afin de faire constater votre agression en vue d'un d\u00e9p\u00f4t de plainte. Les professionnel-l-e-s de cette unit\u00e9 peuvent documenter\u00a0tout type d'agressions, et non seulement les agressions v\u00e9cues dans le couple. Vous pouvez les contacter au num\u00e9ro <strong>(027) 603-63-70 <\/strong>afin de convenir d'un rendez-vous. Selon le type d'agression v\u00e9cue, la consultation peut parfois prendre plus de deux heures. Il faut donc pr\u00e9voir du temps. M\u00eame si votre question concerne le canton du Valais, vous pourriez aussi vous adresser \u00e0 l'<a href=\"https:\/\/www.hopitalrivierachablais.ch\/\" target=\"_blank\" rel=\"noopener\">H\u00f4pital Riviera-Chablais Vaud Valais \u00e0 Rennaz<\/a>\u00a0et les contacter au num\u00e9ro suivant:\u00a0<strong><a href=\"tel:+41587736477\">058 773 64 77<\/a>.\u00a0<\/strong><br \/>\r\n<br \/>\r\nAutrement tout m\u00e9decin et toute permanence m\u00e9dicale devrait \u00eatre \u00e0 m\u00eame de le faire, peut-\u00eatre simplement de mani\u00e8re plus concise et non sous l'angle m\u00e9dico-l\u00e9gal comme le fait de mani\u00e8re tr\u00e8s d\u00e9taill\u00e9e l'Unit\u00e9 de M\u00e9decine des Violences (UMV).<br \/>\r\n<br \/>\r\nIl est utile de rappeler par ailleurs que toute personne peut d\u00e9poser une plainte p\u00e9nale suite \u00e0 une agression, m\u00eame si elle n'a pas pu faire constater ses blessures. Il est \u00e9vident que de pouvoir le faire est une preuve suppl\u00e9mentaire utile \u00e0 la proc\u00e9dure p\u00e9nale, mais elle n'est pas obligatoire.<br \/>\r\n<br \/>\r\nNous esp\u00e9rons avoir pu vous renseigner et restons \u00e0 votre enti\u00e8re disposition.<br \/>\r\n<br \/>\r\n<\/div><\/div><\/div><\/div><\/div><\/div><div class='qa_acc_item'><span class='acc_toggler'><\/span><div class='item_header'><h3>Comment aider mon fils qui agit de la violence envers son amie ?<h3><div class='vqf_fixed_width_text'><p>29 avril 2022 - Com... Bonjour, Mon fils de 26 ans vit depuis une ann\u00e9e avec son amie mais c'est sans arr\u00eat des bagarres et il est violent avec . Mon fils est hyper actif de naissance , suivis par...<\/p><\/div><\/div><div class='item_body'><div class='quesion_response_block'><div class='question'><h5>Question<\/h5><div class='vqf_fixed_width_text'><div class=\"box-question p2\"><br \/>\r\n<p class=\"color-grey small mt1 mb0\">29 avril 2022 - Com...<\/p><br \/>\r\nBonjour,<br \/>\r\n<br \/>\r\nMon fils de 26 ans vit depuis une ann\u00e9e avec son amie mais c'est sans arr\u00eat des bagarres et il est violent avec .<br \/>\r\n<br \/>\r\nMon fils est hyper actif de naissance , suivis par une p\u00e9dopsychiatre depuis l'\u00e2ge de 3 ans. Il a \u00e9t\u00e9 suivi de fa\u00e7on r\u00e9guli\u00e8re et suivis dans des \u00e9coles sp\u00e9cialis\u00e9es et a fait beaucoup de progr\u00e8s il a une situation professionnelle professionnel. Je peux dialoguer avec lui il me demande de l'aide car il ne ce reconnais pas dans ces col\u00e8re et sa lui fait peur . Je dois trouver quelqu'un mais surtout un psychiatre et non un psychologue . Il prend actuellement la concerta qu'il avait arr\u00eat\u00e9 pendant plusieurs ann\u00e9es. Nous avons vraiment besoin d'aide .<br \/>\r\n<br \/>\r\nJe suis en relation avec sa p\u00e9dopsychiatre mais elle ne peut plus le suivre je n'arrive pas \u00e0 l'atteindre je lui ai demand\u00e9 le nom d'un de ces confr\u00e8re qui pourrais le prendre en charge ,mais je n'ai pas de r\u00e9ponse et n'arrive pas \u00e0 l'avoir au t\u00e9l\u00e9phone . Pourriez vous me conseillez un psychiatre comp\u00e9tent. Nous sommes \u00e0 Lausanne .<br \/>\r\n<br \/>\r\nJe vois remercie de nous aider .<br \/>\r\n<br \/>\r\n<\/div><br \/>\r\n<div class=\"bg-grey p2\"><br \/>\r\n<h3><\/p><\/div><\/div><div class='response'><h5>Response<\/h5><div class='vqf_fixed_width_text'><p><\/h3><br \/>\r\nBonjour Madame,<br \/>\r\n<br \/>\r\nDans votre message, vous nous t\u00e9moignez votre inqui\u00e9tude quant \u00e0 la violence exerc\u00e9e par votre fils sur son amie. Votre inqui\u00e9tude est justifi\u00e9e car si rien n\u2019est entrepris, il y a un risque que la violence continue et s\u2019aggrave. Votre fils, \u00e9galement, a peur de la col\u00e8re qu\u2019il ressent et vous demande de l\u2019aide.<br \/>\r\n<br \/>\r\nVous avez fait l\u2019exp\u00e9rience qu\u2019une aide th\u00e9rapeutique a \u00e9t\u00e9 utile \u00e0 votre fils par le pass\u00e9.<br \/>\r\n<br \/>\r\nDans l\u2019attente de la r\u00e9ponse de la p\u00e9dopsychiatre, nous proposons \u00e0 votre fils de s\u2019adresser aux professionnel-le-s du <a href=\"https:\/\/prevention-ale.ch\/\" target=\"_blank\" rel=\"noopener\">Centre Pr\u00e9vention de l\u2019Ale<\/a> \u00e0 Lausanne si vous souhaitez une r\u00e9ponse rapide. Ces sp\u00e9cialiste pourront proposer un espace de r\u00e9flexion autour de la violence agie ainsi que des diff\u00e9rents enjeux personnels et relationnels dans lesquels il se trouve. Il est possible de les solliciter pour une premi\u00e8re rencontre sans engagement au <strong>021\u00a0321 24 00<\/strong>. Cependant, ce n\u2019est pas un centre m\u00e9dical.<br \/>\r\n<br \/>\r\nSi votre fils souhaite, en parall\u00e8le, un suivi avec un-e psychiatre, nous vous conseillons de vous adresser aux <a href=\"https:\/\/www.chuv.ch\/fr\/fiches-psy\/centre-de-consultation-les-boreales\/\" target=\"_blank\" rel=\"noopener\">Centre de consultation des Bor\u00e9ales<\/a> o\u00f9 des psychiatres sp\u00e9cialis\u00e9s dans la pr\u00e9vention de la violence exercent. En revanche, le d\u00e9lai d\u2019attente sera plus long. Vous pouvez les joindra au <strong>021 314 66 33<\/strong>.<br \/>\r\n<br \/>\r\nNous esp\u00e9rons avoir pu vous\u00a0aider et restons \u00e0 votre enti\u00e8re disposition. Nous recevons volontiers de vos nouvelles.<br \/>\r\n<br \/>\r\nBien cordialement.<br \/>\r\n<br \/>\r\n<\/div><\/div><\/div><\/div><\/div><\/div><div class='qa_acc_item'><span class='acc_toggler'><\/span><div class='item_header'><h3>Violences chez mes voisins: ma voisine et sa petite ont \u00e9t\u00e9 violemment mises \u00e0 la porte en pleine nuit. Que dois-je faire pour les aider?<h3><div class='vqf_fixed_width_text'><p>28 avril 2022 - ldd... Bonjour, La nuit de lundi \u00e0 mardi de cette semaine, j'ai \u00e9t\u00e9 t\u00e9moin d'une certaine violence chez mes voisins \u00e0 4h du matin. L'homme (papa et mari) a mis sa petite fille de 3 ans...<\/p><\/div><\/div><div class='item_body'><div class='quesion_response_block'><div class='question'><h5>Question<\/h5><div class='vqf_fixed_width_text'><div class=\"box-question p2\"><br \/>\r\n<p class=\"color-grey small mt1 mb0\">28 avril 2022 - ldd...<\/p><br \/>\r\nBonjour,<br \/>\r\n<br \/>\r\nLa nuit de lundi \u00e0 mardi de cette semaine, j'ai \u00e9t\u00e9 t\u00e9moin d'une certaine violence chez mes voisins \u00e0 4h du matin. L'homme (papa et mari) a mis sa petite fille de 3 ans \u00e0 la porte dans le corridor de l'immeuble et a commenc\u00e9 \u00e0 l'insutl\u00e9, ce qui m'a r\u00e9veill\u00e9. Je suis all\u00e9e \u00e9couter derri\u00e8re ma porte pali\u00e8re et j'ai entendu des \"t'es une sale peste, \u00e0 la place de ta m\u00e8re je t'aurais mis 5 fois plus, fous le camp\" puis apparemment, la maman est all\u00e9e rejoindre sa petite dans le corridor et il a ensuite lanc\u00e9 des \"t'es une sale arabe, t'es une pute, t'es une sale merde\" et la porte a claqu\u00e9.<br \/>\r\n<br \/>\r\nJ'ai ouvert ma porte et j'ai trouv\u00e9 la maman et sa petite dans les bras, toutes les 2 en pyjama sans chaussette, jet\u00e9e de leur appartement. J'ai fait signe \u00e0 la maman de venir chez nous et elle est venue se r\u00e9fugier quelques heures avec sa fille sur notre canap\u00e9.<br \/>\r\n<br \/>\r\nJe n'ai pas voulu trop m'immiscer dans tout cela, je lui ai demand\u00e9 si \u00e7a allait, j'ai donn\u00e9 une couverture \u00e0 sa fille et de l'eau puis je lui ai dit de rester ici, de se reposer et que je remontais me coucher. A 6h30, je suis venue les voir et nous avons d\u00fb changer la petite qui \u00e9tait compl\u00e8tement mouill\u00e9e de pipi dans sa couche et ses habits. Comme j'ai un petit gar\u00e7on, je lui ai donn\u00e9 des nouveaux habits et une couche propre ainsi qu'une paire de chaussette \u00e0 la maman. Elle m'a dit comme elle pouvait car elle ne parle pas bien fran\u00e7ais qu'elle pouvait rentrer car maintenant son mari devait \u00eatre en train de dormir. Sauf que lorsqu'elle a voulu rentrer chez elle, la porte \u00e9tait ferm\u00e9e \u00e0 cl\u00e9 et apr\u00e8s avoir sonn\u00e9 maintes fois, il n'a pas r\u00e9pondu. Elle n'avait rien avec elle, pas de t\u00e9l\u00e9phone, rien. Je lui ai dit que malheureusement, je pouvais rester jusqu'\u00e0 8h mais que je devais aller travailler ensuite et elle a dit que si elle n'arrivait pas \u00e0 rentrer, elle irait chez une autre voisine. Elles sont donc revenues chez moi 30 minutes puis elle a r\u00e9essay\u00e9 de sonner \u00e0 la porte et a r\u00e9ussi \u00e0 retourner chez elle avec sa fille. Vers 8h00, j'ai entendu sa petite qui \u00e9tait chez eux et le soir m\u00eame, nous avons vu cet homme conduit par une autre personne ainsi que sa femme \u00e0 l'arri\u00e8re, il nous a salu\u00e9 par la fen\u00eatre du v\u00e9hicule, un air ang\u00e9lique !<br \/>\r\n<br \/>\r\nJe me fais du souci car cet homme n'est pas bien psychologiquement. Nous avons entendu qu'il avait d\u00e9j\u00e0 \u00e9t\u00e9 intern\u00e9 et qu'il \u00e9tait sous m\u00e9dication (et passablement d'alcool !). Il doit certainement souffrir de bipolarit\u00e9 et n'a pas un suivi constant, je suppose. Mais ce n'est pas la premi\u00e8re fois qu'il l'insulte dans le couloir du b\u00e2timent, tard dans la nuit. Il met tr\u00e8s souvent la musique tr\u00e8s fort (je l'entends alors qu'il y a 2 autres appartements qui nous s\u00e9parent) et j'ai d\u00e9j\u00e0 averti plusieurs fois la g\u00e9rance qui l'a rappel\u00e9 \u00e0 l'ordre mais cela ne dure jamais tr\u00e8s longtemps. M\u00eame quand la petite avait quelques mois, il mettait la musique \u00e0 coin \u00e0 des heures folles.<br \/>\r\n<br \/>\r\nQue dois-je faire au jour d'aujourd'hui par rapport \u00e0 la maman et sa petite ? Si ce n'est \u00eatre l\u00e0 pour elles en cas de besoin. Je ne sais pas si elle souffre de violence physique en plus. Je n'ai pas os\u00e9 lui demand\u00e9. Elle vient de Syrie et est en Suisse depuis 4 ans je crois et ils se sont mari\u00e9s l'an dernier. Je pense qu'elle ne conna\u00eet pas ses droits ici et elle n'a aucune famille, aucun voire tr\u00e8s peu d'ami car je la vois toujours seule avec sa fille, depuis toujours.<br \/>\r\n<br \/>\r\nMerci pour votre aide et belle journ\u00e9e. Cordialement, Lisa<br \/>\r\n<br \/>\r\n<\/div><br \/>\r\n<div class=\"bg-grey p2\"><br \/>\r\n<h3><\/p><\/div><\/div><div class='response'><h5>Response<\/h5><div class='vqf_fixed_width_text'><p><\/h3><br \/>\r\nBonjour Madame,<br \/>\r\n<br \/>\r\nVous \u00eates inqui\u00e8te pour votre voisine et sa petite fille qui sont victimes de violence domestique. En plus de nuisances sonores \u00e0 toute heure, vous avez plusieurs fois \u00e9t\u00e9 t\u00e9moin de fortes insultes de la part de votre voisin envers sa femme, dans le couloir du b\u00e2timent. La semaine derni\u00e8re, celui-ci les a mises \u00e0 la porte de l\u2019appartement en les d\u00e9nigrant et les insultant. Vous \u00eates venue en aide \u00e0 Madame et sa fille en les invitant \u00e0 venir se r\u00e9fugier chez vous. Vous vous faites du souci pour elles et nous demandez comment agir pour les soutenir au mieux.<br \/>\r\n<br \/>\r\nNous comprenons bien vos inqui\u00e9tudes que nous partageons, vous avez bien fait de nous \u00e9crire. Il n\u2019est pas \u00e9vident de se retrouver confronter \u00e0 ce genre de sc\u00e8nes et de savoir comment r\u00e9agir. La violence domestique a longtemps \u00e9t\u00e9 per\u00e7ue comme appartenant \u00e0 la sph\u00e8re priv\u00e9e, ce qui emp\u00eachait malheureusement l\u2019entourage de prendre action afin de briser ce silence et condamner la violence. Nous aimerions vous f\u00e9liciter d\u2019\u00eatre intervenue aupr\u00e8s de cette m\u00e8re et sa fille. Vous les avez accueillies chez vous afin qu\u2019elles puissent \u00eatre en s\u00e9curit\u00e9 et avez r\u00e9pondu \u00e0 leurs besoins. Votre soutien est pr\u00e9cieux et savoir que votre porte reste ouverte en cas de besoin peut \u00eatre d\u00e9terminant en cas de crise.<br \/>\r\n<br \/>\r\nCe que vous observez s\u2019apparente \u00e0 de <a href=\"https:\/\/dev-vqf.creatives.com\/la-violence-dans-le-couple\/la-violence-psychologique\/\" target=\"_blank\" rel=\"noopener\">la violence psychologique<\/a> (cris, insultes, rabaissement, racisme) mais la violence domestique se d\u00e9roule habituellement sous la forme d\u2019<a href=\"https:\/\/dev-vqf.creatives.com\/la-violence-dans-le-couple\/la-violence-cest-quoi\/\" target=\"_blank\" rel=\"noopener\">un cycle<\/a>. Avec le temps, il existe le risque que l\u2019auteur de violence psychologique recourt \u00e0 <a href=\"https:\/\/dev-vqf.creatives.com\/la-violence-dans-le-couple\/la-violence-physique\/\" target=\"_blank\" rel=\"noopener\">la violence physique<\/a> si ce n'est d\u00e9j\u00e0 le cas. Une instabilit\u00e9 psychique ainsi que la consommation d\u2019alcool sont des facteurs pouvant favoriser l\u2019expression d\u2019une violence d\u00e9j\u00e0 existante mais ne sont pas des causes directes de la violence. Il est important d\u2019agir pour stopper cet engrenage. La violence domestique est interdite par la loi et a de graves cons\u00e9quences pour les <a href=\"https:\/\/dev-vqf.creatives.com\/la-violence-dans-le-couple\/je\/victime\/\" target=\"_blank\" rel=\"noopener\">victimes<\/a> et les<a href=\"https:\/\/dev-vqf.creatives.com\/la-violence-dans-le-couple\/je\/jeunes\/\" target=\"_blank\" rel=\"noopener\"> enfants<\/a>.<br \/>\r\n<br \/>\r\nDe nombreux freins emp\u00eachent les femmes de sortir de la violence domestique, auxquels viennent s\u2019ajouter des obstacles suppl\u00e9mentaires pour les femmes d\u2019origine \u00e9trang\u00e8res, surtout lorsqu\u2019elles ont \u00e9t\u00e9 isol\u00e9es comme semble l\u2019\u00eatre votre voisine\u00a0: l\u2019insuffisante ma\u00eetrise de la langue, la m\u00e9connaissance de leurs droits et des structures d\u2019aide, l\u2019absence de r\u00e9seau social, le risque de mise en danger de leur permis de s\u00e9jour\u2026<br \/>\r\n<br \/>\r\nNous vous encourageons donc \u00e0 engager la discussion avec votre voisine afin de lui donner <a href=\"https:\/\/dev-vqf.creatives.com\/trouver-de-laide\/\" target=\"_blank\" rel=\"noopener\">des conseils pratiques<\/a> ainsi que l\u2019informer des diff\u00e9rentes ressources pouvant lui venir en aide et l\u2019accompagner \u00e0 faire ses d\u00e9marches si elle le souhaite. Dans sa situation, nous conseillons de prendre contact avec <a href=\"https:\/\/www.profa.ch\/lavi\/\" target=\"_blank\" rel=\"noopener\">un centre d\u2019aide au victime (centre LAVI)<\/a>. Dans le canton de Vaud, il existe trois antennes joignables par t\u00e9l\u00e9phone : centre LAVI Aigle<strong> 021 631 03 04<\/strong>, centre LAVI Lausanne <strong>021 631 03 00<\/strong>, centre LAVI Yverdon <strong>021 631 03 08<\/strong>. Les consultations sont gratuites et anonymes. Des professionnel-le-s pourront l\u2019\u00e9couter, l\u2019informer sur ses droits et sur les possibilit\u00e9s qui s\u2019offrent \u00e0 elle. Si elle le souhaite, elle pourrait aussi demander un h\u00e9bergement pour elle et sa fille au <a href=\"https:\/\/malleyprairie.ch\/\" target=\"_blank\" rel=\"noopener\">Centre d\u2019accueil MalleyPrairie <\/a>afin d\u2019\u00eatre en s\u00e9curit\u00e9 et de prendre du recul sur sa situation. Votre voisine peut joindre le centre au <strong>021 620 76 76<\/strong>.<br \/>\r\n<br \/>\r\nEn cas de nouvel \u00e9pisode de violence, nous vous encourageons \u00e9galement \u00e0 appeler la police au <strong>117\u00a0<\/strong>afin qu\u2019elle puisse intervenir et prot\u00e9ger les victimes. Informer une autorit\u00e9 peut parfois repr\u00e9senter un signal clair que ces comportements violents sont intol\u00e9rables et faire \u00e9voluer la situation.<br \/>\r\n<br \/>\r\nSur notre site, \u00a0la section pour l\u2019entourage, vous apportera\u00a0des informations compl\u00e9mentaires. En effet, ces situations peuvent \u00e9galement \u00eatre difficiles \u00e9motionnellement pour les t\u00e9moins. Nous vous invitons \u00e0 \u00e9couter vos ressentis et prendre soin de vous. Nous esp\u00e9rons que notre r\u00e9ponse vous aura aid\u00e9e et que la situation pourra s\u2019am\u00e9liorer. N\u2019h\u00e9sitez pas \u00e0 nous \u00e9crire \u00e0 nouveau si vous avez d\u2019autres questions ou si vous souhaitez nous donner des nouvelles de la situation. Nos meilleures salutations.<br \/>\r\n<br \/>\r\n<\/div><\/div><\/div><\/div><\/div><\/div><div class='qa_acc_item'><span class='acc_toggler'><\/span><div class='item_header'><h3>Soup\u00e7on de violence conjugale chez une amie<h3><div class='vqf_fixed_width_text'><p>27 avril 2022 - bom... Bonjour, J'ai un doute concernant la relation d'une amie. J'ai l'impression qu'elle subit une forme de violence conjugale, car elle aborde le sujet de mani\u00e8re d\u00e9tourn\u00e9e. C'est une femme forte en apparence, s\u00fbre d'elle, mais...<\/p><\/div><\/div><div class='item_body'><div class='quesion_response_block'><div class='question'><h5>Question<\/h5><div class='vqf_fixed_width_text'><div class=\"box-question p2\"><br \/>\r\n<p class=\"color-grey small mt1 mb0\">27 avril 2022 - bom...<\/p><br \/>\r\nBonjour,<br \/>\r\n<br \/>\r\nJ'ai un doute concernant la relation d'une amie. J'ai l'impression qu'elle subit une forme de violence conjugale, car elle aborde le sujet de mani\u00e8re d\u00e9tourn\u00e9e. C'est une femme forte en apparence, s\u00fbre d'elle, mais j'ai parfois constat\u00e9 qu'elle avait un manque de confiance en elle qui n'est pas tr\u00e8s visible. Je ne suis pas s\u00fbr qu'elle subit qqch et j'ai du mal \u00e0 aborder le sujet car \u00e7a me met moi-m\u00eame tr\u00e8s mal \u00e0 l'aise.<br \/>\r\n<br \/>\r\nJ'ai peur qu'elle se ferme en me trouvant insistant par exemple; je n'ai aucune exp\u00e9rience en la mati\u00e8re. J'aimerais avoir des conseils pour savoir comment aborder le sujet, quels sont les bons reflexes, sur quoi je dois porter mon attention. J'aimerais appuyer sur le fait que je ne suis pas s\u00fbr et que c'est justement ce qui est difficile \u00e0 g\u00e9rer. D'un c\u00f4t\u00e9 je sens qu'il faut agir et de l'autre, je pense peut \u00eatre me tromper et je ne sais pas comment interpr\u00e9ter ses paroles. Je dois essayer d'en savoir plus moi-m\u00eame? Je dois essayer de la diriger vers un sp\u00e9cialiste? Merci beaucoup<br \/>\r\n<br \/>\r\n<\/div><br \/>\r\n<div class=\"bg-grey p2\"><br \/>\r\n<h3><\/p><\/div><\/div><div class='response'><h5>Response<\/h5><div class='vqf_fixed_width_text'><p><\/h3><br \/>\r\nBonjour Monsieur,<br \/>\r\n<br \/>\r\nVous soup\u00e7onnez que votre amie subit une forme de violence conjugale. Comme vous n\u2019\u00eates pas s\u00fbr que ce soit le cas vous \u00eates mal \u00e0 l\u2019aise d\u2019aborder ce sujet de mani\u00e8re directe et vous vous questionnez sur les bons r\u00e9flexes \u00e0 avoir.<br \/>\r\n<br \/>\r\nIl n\u2019est jamais facile d\u2019\u00eatre t\u00e9moin ou de soup\u00e7onner de la violence conjugale et nous vous f\u00e9licitons de vous en inqui\u00e9ter et de chercher de l\u2019aide. <a href=\"https:\/\/dev-vqf.creatives.com\/la-violence-dans-le-couple\/je\/victime\/\" target=\"_blank\" rel=\"noopener\">Diff\u00e9rents signes <\/a>peuvent alerter l\u2019entourage : <strong>un manque de<\/strong> <strong>confiance en soi<\/strong>, <strong>certaines allusions<\/strong>, une <strong>tendance \u00e0 l\u2019isolement<\/strong>, un <strong>\u00e9tat d\u2019alerte permanent <\/strong>en sont des exemples.<br \/>\r\nIl est toujours d\u00e9licat de savoir que faire dans ce genre de situation : prendre le risque de s'immiscer dans l'intimit\u00e9 d'autrui ? Ou r\u00e9agir et alerter de ses soup\u00e7ons de violences? Quoiqu'il en soi, il est important de ne pas fermer les yeux. <strong>Dans de nombreuses situations, le soutien de l\u2019entourage est d\u00e9terminant pour aider une personne \u00e0 sortir de la violence<\/strong>.<br \/>\r\n<br \/>\r\nNous vous sugg\u00e9rons quelques pistes possibles pour aborder ce sujet :<br \/>\r\n-aborder le sujet dans un cadre propice quand vous \u00eates seul avec votre amie et que vous avez suffisamment de temps<br \/>\r\n-si votre amie subit de la violence conjugale, il y a souvent l'\u00e9mergence de sentiments de <strong>honte<\/strong>, de <strong>peur<\/strong>, de <strong>culpabilit\u00e9<\/strong>\u00a0qui l\u2019emp\u00eache de parler. Sortir de l\u2019isolement\u00a0est un premier pas important. C\u2019est pourquoi il peut \u00eatre <strong>important d\u2019oser questionner<\/strong> sur cette th\u00e9matique. Vous pouvez lui faire part de vos inqui\u00e9tudes, demander des d\u00e9tails sur les propos qui vous questionnent, d\u2019\u00e9ventuels comportements qu'elle vous explique, questionner comment se passe la vie du couple. Il est important de ne pas \u00eatre trop insistant, ni jugeant mais de <strong>montrer une disponibilit\u00e9<\/strong> si elle souhaite en parler et qu\u2019elle sache que vous \u00eates l\u00e0 au moment o\u00f9 elle en aurait besoin.<br \/>\r\n-vous pouvez lui donner les coordonn\u00e9es de l\u2019<a href=\"https:\/\/www.avvec.ch\/fr\" target=\"_blank\" rel=\"noopener\">association AVVEC<\/a>\u00a0(<strong>022\/ 797 10 10<\/strong>). Les intervenant-e-s de l\u2019association pourront lui donner des conseils, la soutenir, l\u2019informer sur les d\u00e9marches possibles. Vous pouvez aussi appeler leur permanence pour \u00e9changer sur la situation qui vous inqui\u00e8te. Et pourquoi pas parcourir notre site ensemble ? Peut-\u00eatre reconna\u00eetra-t-elle des m\u00e9canismes qui sont pr\u00e9sents dans sa relation avec son partenaire et que cela pourra lui donner des alarmes.<br \/>\r\n-dans des situations de violence conjugale, l\u2019entourage doit bien souvent se montrer patient. La victime a besoin parfois de beaucoup de temps pour faire des d\u00e9marches.<br \/>\r\n<br \/>\r\nEn esp\u00e9rant avoir pu vous r\u00e9pondre au mieux, nous restons \u00e0 votre disposition si vous avez besoin de compl\u00e9ments d'informations ou si vous avez d'autres questions.<br \/>\r\n<br \/>\r\n<\/div><\/div><\/div><\/div><\/div><\/div><div class='qa_acc_item'><span class='acc_toggler'><\/span><div class='item_header'><h3>Maltraitances psychologiques: comment s&#8217;y prendre pour les faire cesser?<h3><div class='vqf_fixed_width_text'><p>26 avril 2022 - Val... Je me fais d\u00e9nigrer par mon ami, il est insistant pour avoir des relations sexuelles alors que j'en ai pas envie \u00e0 cause de douleurs au dos et au genou subie lors d'un accident et...<\/p><\/div><\/div><div class='item_body'><div class='quesion_response_block'><div class='question'><h5>Question<\/h5><div class='vqf_fixed_width_text'><div class=\"box-question p2\"><br \/>\r\n<p class=\"color-grey small mt1 mb0\">26 avril 2022 - Val...<\/p><br \/>\r\nJe me fais d\u00e9nigrer par mon ami, il est insistant pour avoir des relations sexuelles alors que j'en ai pas envie \u00e0 cause de douleurs au dos et au genou subie lors d'un accident et menace de partir et il ne part pas. Il me trouve \u00e0 redire lorsque ma fille vient ou mes petit enfants. Je ne peux pas sortir seule en soir\u00e9e ou lorsque je pars trouver ma maman il me harc\u00e8le pour savoir \u00e0 quelle heure je rentre. Il dit que si je veux pas faire L'Amour avec lui c'est parce que j'ai quelqu'un d'autre. J'ai pas le droit de parler avec les personnes que j'invite chez moi. Je ne sais pas comment proc\u00e9der pour que cel\u00e0 cesse ? Je vous ai dit qu'une petite partie<br \/>\r\n<br \/>\r\n<\/div><br \/>\r\n<div class=\"bg-grey p2\"><br \/>\r\n<h3><\/p><\/div><\/div><div class='response'><h5>Response<\/h5><div class='vqf_fixed_width_text'><p><\/h3><br \/>\r\nBonjour Madame,<br \/>\r\n<br \/>\r\nVous nous transmettez qu\u2019une infime partie de votre v\u00e9cu mais qui fait d\u00e9j\u00e0 mention de d\u00e9nigrements, de contr\u00f4les, d\u2019interdictions, de jalousies et de pressions \u00e0 avoir des relations sexuelles par votre ami. Vous aimeriez trouver des cl\u00e9s pour que ces agissements cessent.<span class=\"Apple-converted-space\">\u00a0<\/span><br \/>\r\n<br \/>\r\nLes d\u00e9nigrements, les interdictions, les contr\u00f4les en tout genre, le harc\u00e8lement sont <a href=\"https:\/\/dev-vqf.creatives.com\/la-violence-dans-le-couple\/la-violence-psychologique\/\" target=\"_blank\" rel=\"noopener\">des actes de violences psychologiques<\/a>. Ces comportements sont <strong>d\u00e9l\u00e9t\u00e8res<\/strong> et <strong>atteignent profond\u00e9ment l'estime de soi et la sant\u00e9 de la personne qui les subit<\/strong>. Vous avez tout \u00e0 fait raison de vouloir que ces agissements cessent et d\u2019\u00eatre en recherche de solutions. Toute personne devrait \u00eatre en droit d\u2019inviter en toute insouciance ses proches \u00e0 son domicile, de sortir sans subir de contr\u00f4les ou de critiques.<br \/>\r\n<br \/>\r\nVous nous parlez \u00e9galement de <a href=\"https:\/\/dev-vqf.creatives.com\/la-violence-dans-le-couple\/la-violence-sexuelle\/\" target=\"_blank\" rel=\"noopener\">violences sexuelles<\/a> car votre ami se montre insistant pour avoir des relations sexuelles et il semble faire du chantage si vous ne le souhaitez pas. Les violences sexuelles ne sont pas rares, elles sont simplement <strong>moins visibles<\/strong> mais elles atteignent aussi fortement les personnes qui en sont victimes. Vous \u00eates en droit de choisir <strong>si et quand<\/strong> vous souhaitez avoir des rapports sexuels. Nous parlons alors de <a href=\"https:\/\/centrelavi-ge.ch\/le-consentement-sexuel-cest-quoi\/\" target=\"_blank\" rel=\"noopener\">consentement sexuel<\/a>, sujet qui fait l\u2019objet de nombreux d\u00e9bats aujourd\u2019hui.<br \/>\r\n<br \/>\r\nNous aimerions vous poser quelques questions dans un but auto-r\u00e9flexif: comment r\u00e9agit votre ami si et quand vous lui faites part de ses comportements oppressants et qui ne vont pas dans le sens d'une relation paisible? Pensez-vous que votre compagnon puisse changer et vous faire confiance afin d'avoir une vie de femme sereine? Comment envisagez-vous la suite de votre relation?<br \/>\r\n<br \/>\r\n<a href=\"https:\/\/malleyprairie.ch\/ambulatoire\/\" target=\"_blank\" rel=\"noopener\">Le Centre Malley Prairie<\/a> pourrait peut-\u00eatre vous aider. C\u2019est un <strong>foyer d\u2019accueil d\u2019urgence pour femmes et enfants<\/strong> qui sont confront\u00e9s \u00e0 des violences domestiques mais il propose \u00e9galement <strong>des prestations en<\/strong> <strong>ambulatoires dans le canton de Vaud<\/strong>. Votre message ne nous dit pas si vous \u00e9prouvez encore et malgr\u00e9 tout des sentiments pour votre ami, ni vos intentions futures. Il faut savoir que le centre Malley Praire peut proposer des <strong>consultations autant individuelles que de couple<\/strong> pour autant que les deux personnes en soient demandeurs.<span class=\"Apple-converted-space\">\u00a0Vous pouvez les contacter au num\u00e9ro <strong>021 620-76-76<\/strong>.<\/span><br \/>\r\n<br \/>\r\n<span class=\"Apple-converted-space\">Nous esp\u00e9rons que cette orientation pourra vous aider \u00e0 trouver des solutions p\u00e9rennes \u00e0 votre situation de couple. N'h\u00e9sitez pas \u00e0 nous joindre si vous aviez d'autres questions ou si vous souhaitiez nous donner des nouvelles.<\/span><br \/>\r\n<br \/>\r\n<\/div><\/div><\/div><\/div><\/div><\/div><div class='qa_acc_item'><span class='acc_toggler'><\/span><div class='item_header'><h3>Un ami est victime de violence au sein de son couple, je souhaiterais les aider, mais je ne sais pas comment.<h3><div class='vqf_fixed_width_text'><p>20 avril 2022 - tem... Bonjour, Un ami m'a envoy\u00e9 un sms ce weekend qui disait que son compagnon l'avait attaqu\u00e9, frapp\u00e9 fort. J'assiste depuis longtemps \u00e0 leurs rapports que je jugeais psychologiquement violents, mais jamais (du plus loin que...<\/p><\/div><\/div><div class='item_body'><div class='quesion_response_block'><div class='question'><h5>Question<\/h5><div class='vqf_fixed_width_text'><div class=\"box-question p2\"><br \/>\r\n<p class=\"color-grey small mt1 mb0\">20 avril 2022 - tem...<\/p><br \/>\r\nBonjour,<br \/>\r\n<br \/>\r\nUn ami m'a envoy\u00e9 un sms ce weekend qui disait que son compagnon l'avait attaqu\u00e9, frapp\u00e9 fort. J'assiste depuis longtemps \u00e0 leurs rapports que je jugeais psychologiquement violents, mais jamais (du plus loin que je me souvienne) mon ami ne m'avait parl\u00e9 de violences physiques.<br \/>\r\n<br \/>\r\nJe souhaiterais les aider, mais ne sais comment faire. Son compagnon est quelqu'un de proche, \u00e9galement. Je pense \u00eatre une des seules personnes \u00e0 \u00eatre au courant et me sens plut\u00f4t d\u00e9munie face \u00e0 cela. J'aurais besoin de conseils sur comment g\u00e9rer au mieux cette situation, pour mes amis et pour moi.<br \/>\r\n<br \/>\r\nPouvez-vous m'aider?<br \/>\r\n<br \/>\r\n<\/div><br \/>\r\n<div class=\"bg-grey p2\"><br \/>\r\n<h3><\/p><\/div><\/div><div class='response'><h5>Response<\/h5><div class='vqf_fixed_width_text'><p><\/h3><br \/>\r\nBonjour,<br \/>\r\n<br \/>\r\nVous prenez contact avec nous car votre ami vous a averti-e-x que son compagnon l\u2019avait attaqu\u00e9 et frapp\u00e9 fort ce week-end. Vous avez d\u00e9j\u00e0 \u00e9t\u00e9 t\u00e9moin de leurs rapports que vous jugez psychologiquement violents, mais c'est la premi\u00e8re fois que la violence physique est nomm\u00e9e. Vous connaissez le couple et vous pensez \u00eatre l\u2019une des seules personnes au courant de cette situation. Vous avez besoin de conseils pour eux et pour vous, c\u2019est pourquoi vous nous demandez de l\u2019aide.<br \/>\r\n<br \/>\r\nAu vu des \u00e9l\u00e9ments que vous avez pu observer, vos amis vivent dans un contexte de violence conjugale. Cette derni\u00e8re peut-\u00eatre de plusieurs types, notamment <a href=\"https:\/\/dev-vqf.creatives.com\/la-violence-dans-le-couple\/la-violence-psychologique\/\" target=\"_blank\" rel=\"noopener\">psychologique<\/a>. Comme vous avez pu le constater, il peut \u00eatre compliqu\u00e9 d\u2019aborder le sujet et d\u2019agir dans ce genre de situation. Vos amis se trouvent dans un <a href=\"https:\/\/dev-vqf.creatives.com\/la-violence-dans-le-couple\/la-violence-cest-quoi\/\" target=\"_blank\" rel=\"noopener\">cycle de violence<\/a> conjugale dont il est difficile d\u2019en sortir seul. Selon l\u2019\u00e9tape du cycle, le discours de la victime peut varier face \u00e0 son agresseur-e-x. Pour la personne victime, il est important de pouvoir compter sur des personnes ext\u00e9rieures \u00e0 la relation pour s\u2019en sortir. C\u2019est pourquoi notre premier conseil serait de verbaliser votre soutien \u00e0 votre ami victime. Le choix de poursuivre ou non cette relation lui appartient, mais vous pouvez rester pr\u00e9sent-e-x \u00e0 ses c\u00f4t\u00e9s au besoin.<br \/>\r\n<br \/>\r\nDe plus, il existe des adresses utiles \u00e0 conna\u00eetre si votre ami victime souhaite un accompagnement. Sur le Canton du Jura, le <a href=\"https:\/\/www.jura.ch\/DIN\/SAS\/Aide-aux-victimes-maltraitance.html\" target=\"_blank\" rel=\"noopener\">Centre de consultation LAVI<\/a> (<strong>032 420 81 00<\/strong>) peut soutenir les personnes victimes sur les plans psychologique, juridique ou de protection. Leur bureau se trouve \u00e0 Del\u00e9mont. Les entretiens sont gratuits et confidentiels. Nous conseillons \u00e9galement de r\u00e9aliser le plus rapidement un constat de coups et blessures \u00e0 l'h\u00f4pital le plus proche de chez lui. En effet, ce document confidentiel peut \u00eatre tr\u00e8s pr\u00e9cieux le jour o\u00f9 il d\u00e9ciderait d'entamer des d\u00e9marches. Effectuer un constat ne l'engage \u00e0 rien et n'est remis qu'\u00e0 lui seul.<br \/>\r\n<br \/>\r\nVotre ami peut aussi\u00a0d\u00e9sirer\u00a0poursuivre la relation avec son compagnon tout en acceptant une aide professionnelle ext\u00e9rieure. Le couple pourrait faire appel \u00e0 des conseillers conjugaux ou th\u00e9rapeutes de couple. Ces profesionnel-le-x-s peuvent \u00eatre contact\u00e9-e-x-s au travers de la consultation de couple du <a href=\"https:\/\/csp.ch\/berne-jura\/services\/couple-et-familles\/#1444661532053-2dff80d4-5fbf\" target=\"_blank\" rel=\"noopener\">Centre social protestant<\/a> \u00e0 Moutier (<strong>032 493 32 21<\/strong>) ou Tramelan (<strong>032 486 91 00<\/strong>).\u00a0De plus, une\u00a0permanence t\u00e9l\u00e9phonique pour les couples existe du lundi au jeudi de 12h30 \u00e0 14h au <strong>0840 420 420<\/strong>. La r\u00e9pondance est effectu\u00e9e par le Centre social protestant et Caritas.<br \/>\r\n<br \/>\r\nPour en revenir \u00e0 votre r\u00f4le, si vous \u00eates \u00e0 nouveau t\u00e9moin d\u2019une sc\u00e8ne de violence, vous pouvez appeler la police au <strong>117. <\/strong>Votre ami victime peut \u00e9galement les contacter si il se sent en danger. Il faudra mentionner les coups et le caract\u00e8re r\u00e9p\u00e9t\u00e9\u00a0des violences v\u00e9cues. En Suisse, la violence conjugale est compos\u00e9e d\u2019infractions punies par la loi. Une partie de celles-ci sont poursuivies d\u2019office. Suite \u00e0 un appel \u00e0 la police, diff\u00e9rentes proc\u00e9dures peuvent s\u2019ouvrir: expulsion du domicile pour la personne auteure, d\u00e9p\u00f4t de plainte et possibilit\u00e9 s\u00e9paration. Des mesures de protection peuvent \u00eatre mises en place pour prot\u00e9ger la personne victime si besoin.<br \/>\r\n<br \/>\r\nNous esp\u00e9rons que vous avez trouv\u00e9 dans ces pistes les conseils que vous cherchiez. Nous restons bien entendu \u00e0 votre disposition si vous avez besoin de compl\u00e9ments d\u2019information.<br \/>\r\n<br \/>\r\n<\/div><\/div><\/div><\/div><\/div><\/div><div class='qa_acc_item'><span class='acc_toggler'><\/span><div class='item_header'><h3>Ma voisine qui vient d&#8217;accoucher est victime de violence conjugale. Comment agir en tant que voisin?<h3><div class='vqf_fixed_width_text'><p>19 avril 2022 - Win... Bonsoir, Ma voisine, qui vient d'accoucher, est victime de violences. J'ai d\u00e9j\u00e0 appel\u00e9 la police, et je ne suis pas le seul \u00e0 l'avoir fait. Aujourd'hui, son compagnon s'est d\u00e9cha\u00een\u00e9 contre elle. Nous l'avons entendu...<\/p><\/div><\/div><div class='item_body'><div class='quesion_response_block'><div class='question'><h5>Question<\/h5><div class='vqf_fixed_width_text'><div class=\"box-question p2\"><br \/>\r\n<p class=\"color-grey small mt1 mb0\">19 avril 2022 - Win...<\/p><br \/>\r\nBonsoir,<br \/>\r\n<br \/>\r\nMa voisine, qui vient d'accoucher, est victime de violences. J'ai d\u00e9j\u00e0 appel\u00e9 la police, et je ne suis pas le seul \u00e0 l'avoir fait. Aujourd'hui, son compagnon s'est d\u00e9cha\u00een\u00e9 contre elle. Nous l'avons entendu hurler et donner des coups, probablement sur des meubles. La fille et son b\u00e9b\u00e9 pleuraient puis sont sortis sur le palier. J'ai constat\u00e9 que la fille n'avait pas de marques de coups. Je lui ai demand\u00e9 si \u00e7a allait, elle m'a r\u00e9pondu que oui. Je lui ai dit que, si elle est en danger, elle pouvait venir se r\u00e9fugier chez moi. Elle n'a pas voulu venir. Comment agir lorsque l'on entend des hurlements, des coups et des pleurs ? Faut-il appeler la police m\u00eame si son compagnon frappe des meubles ? Merci de me renseigner.<br \/>\r\n<br \/>\r\n<\/div><br \/>\r\n<div class=\"bg-grey p2\"><br \/>\r\n<h3><\/p><\/div><\/div><div class='response'><h5>Response<\/h5><div class='vqf_fixed_width_text'><p><\/h3><br \/>\r\nBonjour Monsieur,<br \/>\r\n<br \/>\r\nVous nous faites part de violences que subit votre voisine fra\u00eechement jeune\u00a0maman. Le jour o\u00f9 vous nous \u00e9criviez, son compagnon s'\u00e9tait d\u00e9chain\u00e9 sur elle. M\u00e8re et fille pleuraient puis Madame est sortie sur le palier avec son b\u00e9b\u00e9. Vous leur avez propos\u00e9 le gite mais votre voisine a refus\u00e9 votre aide. Vous nous demandez comment r\u00e9agir et s'il faut rappeler la police dans tous les cas.<br \/>\r\n<br \/>\r\nNous vous remercions pour votre question et saluons l'aide que vous avez d\u00e9j\u00e0 apport\u00e9 \u00e0 cette jeune m\u00e8re et \u00e0 son nouveau-n\u00e9. Les personnes t\u00e9moins de violences et\/ou le voisinage ne savent souvent pas comment r\u00e9agir et restent parfois passifs, ce qui n'est pas votre cas. \u00a0Il est effectivement toujours perturbant pour les <a href=\"https:\/\/dev-vqf.creatives.com\/la-violence-dans-le-couple\/je\/temoin\/\" target=\"_blank\" rel=\"noopener\">t\u00e9moins<\/a>\u00a0d'entendre des hurlements, des cris, des actes de violences sans r\u00e9ellement savoir ce qui se passe entre les murs des concern\u00e9s. On imagine parfois que les actes sont port\u00e9s sur des objets mais pas toujours. \u00a0Avoir en quelque sorte \"le son sans les images\" laisse place \u00e0 un champ de fantasmes\u00a0d\u00e9stabilisants. Il n'est jamais ais\u00e9 de savoir comment r\u00e9agir dans ces cas-l\u00e0 et l'on se sent souvent d\u00e9muni.<br \/>\r\n<br \/>\r\nIl faut savoir que les situations de violences conjugales ne sont plus de nos jours une affaire \"priv\u00e9e\". Depuis plusieurs ann\u00e9es maintenant, elles sont <a href=\"https:\/\/www.vd.ch\/themes\/etat-droit-finances\/egalite-entre-les-femmes-et-les-hommes\/lutte-et-prevention-de-la-violence-dans-le-couple\/legislation-et-violence-domestique\/\" target=\"_blank\" rel=\"noopener\">poursuivies d'office<\/a>\u00a0c'est-\u00e0-dire qu'elles sont p\u00e9nalement r\u00e9pr\u00e9hensibles d\u00e8s qu'une autorit\u00e9 en a connaissance. Il faut pouvoir continuer \u00e0 les d\u00e9noncer pour le bien des victimes et des enfants.<br \/>\r\n<br \/>\r\nPour r\u00e9pondre \u00e0 votre question, une\u00a0des pistes pourrait effectivement \u00eatre\u00a0de rappeler\u00a0\u00e0 la prochaine crise la police, via le <strong>117<\/strong> ceci <strong>24h\/24<\/strong>. Une fois sur site, la police va\u00a0pouvoir prendre connaissance de ce qui se passe au domicile de vos voisins. Elle pourra aussi signaler le cas \u00e0 la <a href=\"https:\/\/www.vd.ch\/toutes-les-autorites\/departements\/departement-de-la-formation-de-la-jeunesse-et-de-la-culture-dfjc\/direction-generale-de-lenfance-et-de-la-jeunesse-dgej\/\" target=\"_blank\" rel=\"noopener\">Direction G\u00e9n\u00e9rale de l'Enfance et de la Jeunesse (DGEJ)<\/a>\u00a0afin qu'elle entre en jeu pour faire une \u00e9valuation de la famille sur plusieurs semaines et s'assurer du bon d\u00e9veloppement de l'enfant du couple.\u00a0Dans l'imm\u00e9diat, la police est aussi en droit <a href=\"https:\/\/www.vd.ch\/themes\/etat-droit-finances\/egalite-entre-les-femmes-et-les-hommes\/lutte-et-prevention-de-la-violence-dans-le-couple\/legislation-et-violence-domestique\/#c2030969\" target=\"_blank\" rel=\"noopener\">d'expulser la personne qui a agi de la violence du domicile conjugal<\/a>\u00a0ceci comme mesure d'\u00e9loignement de la personne responsable des violences et de protection pour les personnes victimes. Cette mesure est valable plusieurs jours jusqu'\u00e0 l'audience de validation de la mesure d'expulsion au Tribunal civil. C'est la personne victime qui pourra d\u00e9cider de la suite \u00e0 donner \u00e0 son couple.<br \/>\r\n<br \/>\r\nLa seconde piste pourait \u00eatre d'\u00e9crire directement un courrier au <a href=\"https:\/\/www.vd.ch\/toutes-les-autorites\/ministere-public\/\" target=\"_blank\" rel=\"noopener\">Minist\u00e8re Public de votre arrondissement<\/a>\u00a0pour d\u00e9noncer les faits de violences domestiques.<br \/>\r\n<br \/>\r\nEnfin, si vous deviez \u00eatre \u00e0 nouveau en lien\u00a0avec votre voisine, vous pourriez lui sugg\u00e9rer de prendre contact avec le\u00a0<a href=\"https:\/\/malleyprairie.ch\/\" target=\"_blank\" rel=\"noopener\">Centre Malley Prairie<\/a>\u00a0qui est un foyer qui accueille femmes et enfants victimes de violences domestiques. Ils sont joignables au (<strong>021) 620 76 76<\/strong>. Elle pourrait aussi faire appel \u00e0\u00a0<a href=\"https:\/\/www.unisante.ch\/fr\/unisante\/actualites\/lequipe-mobile-durgences-sociales-rejoint-unisante\" target=\"_blank\" rel=\"noopener\">l'Equipe Mobile d'Urgences Sociales (EMUS)<\/a>\u00a0qui est une \u00e9quipe qui travaille en bin\u00f4me socio-sanitaire et travaille 24h\/24. L'\u00e9quipe est joignable via le num\u00e9ro de la centrale des m\u00e9decins de garde au <strong>0848 133 133.<\/strong>\u00a0Leur prestation est gratuite. Elle peut se d\u00e9placer aupr\u00e8s de Madame et investiguer avec elle ses <strong>besoins imm\u00e9diats<\/strong> tout comme lui proposer de l'amener dans un lieu <strong>s\u00e9cure<\/strong>.<br \/>\r\n<br \/>\r\nNous esp\u00e9rons avoir pu vous donner quelques r\u00e9ponses \u00e0 vos questions et nous restons bien entendu disponibles.<br \/>\r\n<br \/>\r\n<\/div><\/div><\/div><\/div><\/div><\/div><div class='qa_acc_item'><span class='acc_toggler'><\/span><div class='item_header'><h3>Il m&#8217;arrive d&#8217;\u00eatre violente lors de disputes et j&#8217;ai besoin d&#8217;aide.<h3><div class='vqf_fixed_width_text'><p>19 avril 2022 - mam... Bonjour, Je vous contacte aujourd'hui car il m'arrive d'\u00eatre violente lors de disputes et j'ai besoin d'aide. En effet, lorsque je suis en col\u00e8re et que je me sens dans une situation d'injustice \/ attaqu\u00e9e,...<\/p><\/div><\/div><div class='item_body'><div class='quesion_response_block'><div class='question'><h5>Question<\/h5><div class='vqf_fixed_width_text'><div class=\"box-question p2\"><br \/>\r\n<p class=\"color-grey small mt1 mb0\">19 avril 2022 - mam...<\/p><br \/>\r\nBonjour,<br \/>\r\n<br \/>\r\nJe vous contacte aujourd'hui car il m'arrive d'\u00eatre violente lors de disputes et j'ai besoin d'aide. En effet, lorsque je suis en col\u00e8re et que je me sens dans une situation d'injustice \/ attaqu\u00e9e, je crie, claque les portes et parfois (dans de rare cas) m\u00eame ai recours \u00e0 la violence physique.<br \/>\r\n<br \/>\r\nJe travaille sur ma situation depuis un moment et ai fait de grand progr\u00e8s mais je pense avoir besoin d'aide pour en sortir compl\u00e8tement.... je crois qu'il edt important de souligner que j'ai aussi \u00e9t\u00e9 victime de violence dans de pr\u00e9c\u00e9dentes relations...<br \/>\r\n<br \/>\r\n<\/div><br \/>\r\n<div class=\"bg-grey p2\"><br \/>\r\n<h3><\/p><\/div><\/div><div class='response'><h5>Response<\/h5><div class='vqf_fixed_width_text'><p><\/h3><br \/>\r\nBonjour Madame,<br \/>\r\n<br \/>\r\nVous nous demandez de l\u2019aide pour faire face \u00e0 certains de vos comportements violents notamment lorsque vous \u00eates en col\u00e8re. Vous souhaitez ne plus r\u00e9p\u00e9ter vos actes et vous cherchez des moyens pour y arriver.<br \/>\r\n<br \/>\r\nNous saluons votre d\u00e9marche de nous \u00e9crire aujourd\u2019hui afin de trouver des alternatives \u00e0 la violence. Ce premier pas est important et n\u00e9cessaire pour y rem\u00e9dier et ainsi prot\u00e9ger les personnes qui subissent vos actes de violences. Le fait d\u2019avoir d\u00e9j\u00e0 pu identifier ce qu\u2019il se passe en vous dans les situations o\u00f9 vous recourez \u00e0 la violence est \u00e9galement un bon point de d\u00e9part.<br \/>\r\n<br \/>\r\nNous avons peu d'\u00e9l\u00e9ments concernant votre situation de couple ainsi que sur les situations lors desquelles vous avez pu recourir \u00e0 la violence et allons ici vous orienter vers un service du canton de Vaud pouvant vous proposer un entretien en direct.<br \/>\r\n<br \/>\r\nLors des mont\u00e9es de col\u00e8re\u00a0: il est en effet important que vous en compreniez mieux l\u2019origine\u00a0; c\u2019est-\u00e0-dire les faits concrets qui g\u00e9n\u00e8rent cette col\u00e8re, mais aussi et surtout le \u00ab\u00a0pourquoi\u00a0\u00bb les diff\u00e9rents \u00e9v\u00e9nements peuvent vous percuter et g\u00e9n\u00e9rer dans votre int\u00e9rieur de telles r\u00e9actions. En faisant ce travail d'analyse, il est alors possible d\u2019aller \u00e0 l\u2019origine du probl\u00e8me pour trouver des solutions concr\u00e8tes et ne plus \u00eatre exclusivement sous l\u2019emprise des \u00e9motions.<br \/>\r\n<br \/>\r\nIl est bien possible aussi, comme vous le pr\u00e9cisez, que des anciennes blessures v\u00e9cues dans des relations pr\u00e9c\u00e9dentes soient raviv\u00e9es directement ou indirectement par votre entourage. Bien que ces \u00e9l\u00e9ments de compr\u00e9hension ne justifient en rien vos actes de violence, vous pouvez trouver des pistes plus concr\u00e8tes pour avancer en identifiant mieux l\u2019origine de vos ressentis et en trouvant des outils de gestion. La col\u00e8re devient ainsi un bon indicateur, reste \u00e0 pouvoir la ma\u00eetriser au profit d\u2019autres comportements plus constructifs.<br \/>\r\n<br \/>\r\nCe travail est complexe et demande de l\u2019investissement dans la dur\u00e9e en \u00e9tant bien accompagn\u00e9-e, c\u2019est pourquoi nous vous encourageons \u00e0 faire appel \u00e0 des sp\u00e9cialistes du domaine qui seront \u00e0 m\u00eame de vous accompagner tant pour vos comportements actuels qu\u2019en rapport \u00e0 la violence subie dans votre pass\u00e9.<br \/>\r\n<br \/>\r\nDans le canton de Vaud, nous vous conseillons de contacter le <a href=\"https:\/\/prevention-ale.ch\/\" target=\"_blank\" rel=\"noopener\">Centre Pr\u00e9vention de l\u2019Ale<\/a> \u00e0 Lausanne sp\u00e9cialis\u00e9 dans l'accompagnement des personnes ayant recours \u00e0 la violence. L'\u00e9quipe de sp\u00e9cialistes\u00a0 sera \u00e0 m\u00eame de vous aider avec un soutien et un travail personnel de qualit\u00e9. Pour prendre contact sans plus tarder: <strong>021 321 24 00 <\/strong>ou via:<strong> info@prevention-ale.ch.<\/strong><br \/>\r\n<br \/>\r\nNous vous encourageons vivement \u00e0 ne pas en rester l\u00e0 dans votre d\u00e9marche et recherche d'alternatives \u00e0 la violence.<br \/>\r\n<br \/>\r\nN'h\u00e9sitez pas \u00e0 nous solliciter \u00e0 nouveau si vous avez d'autres questions ou besoins ou encore si vous souhaitez nous en dire un peu plus sur votre situation.<br \/>\r\n<br \/>\r\n<\/div><\/div><\/div><\/div><\/div><\/div><div class='qa_acc_item'><span class='acc_toggler'><\/span><div class='item_header'><h3>Nous entendons notre voisin avoir des acc\u00e8s de col\u00e8re tr\u00e8s intenses, nous nous demandons quoi faire.<h3><div class='vqf_fixed_width_text'><p>19 avril 2022 - Gau... Bonjour, j'habite dans un immeuble avec ma copine et notre fille et nous entendons r\u00e9guli\u00e8rement des exc\u00e8s de col\u00e8re tr\u00e8s intenses provenant de l'homme de la famille du dessous (parents et leurs 2 enfants, environ...<\/p><\/div><\/div><div class='item_body'><div class='quesion_response_block'><div class='question'><h5>Question<\/h5><div class='vqf_fixed_width_text'><div class=\"box-question p2\"><br \/>\r\n<p class=\"color-grey small mt1 mb0\">19 avril 2022 - Gau...<\/p><br \/>\r\nBonjour,<br \/>\r\n<br \/>\r\nj'habite dans un immeuble avec ma copine et notre fille et nous entendons r\u00e9guli\u00e8rement des exc\u00e8s de col\u00e8re tr\u00e8s intenses provenant de l'homme de la famille du dessous (parents et leurs 2 enfants, environ 4 et 13 ans), g\u00e9n\u00e9ralement des hurlements \u00e0 plein poumons et des meubles renvers\u00e9s. Si ces exc\u00e8s sont la plupart du temps courts et \"moyennement\" fr\u00e9quents (1 \u00e0 2 fois par mois, parfois plus), ils sont intenses.<br \/>\r\n<br \/>\r\nDe plus certains comportements de la famille sont \u00e9tranges, comme les stores de toutes les fen\u00eatres ferm\u00e9s toute la journ\u00e9e et toute l'ann\u00e9e, la m\u00e8re fait du porte \u00e0 porte pour emprunter un peu d'argent. D'apr\u00e8s certains de nos voisins de palier le probl\u00e8me serait ancien mais nous n'avons personnellement jamais contact\u00e9 la police ni qui que ce soit. On habite l'immeuble depuis un an et avec le temps notre relation de voisinage s'est d\u00e9grad\u00e9e, je n'appr\u00e9cie pas le contact que j'ai pu avoir avec la m\u00e8re que je trouve \u00e9trange et je ne l'ai jamais int\u00e9rog\u00e9e vis \u00e0 vis de ces hurlements mais j'ai aussi honte de ma passivit\u00e9.<br \/>\r\n<br \/>\r\nQue faire ?<br \/>\r\n<br \/>\r\n<\/div><br \/>\r\n<div class=\"bg-grey p2\"><br \/>\r\n<h3><\/p><\/div><\/div><div class='response'><h5>Response<\/h5><div class='vqf_fixed_width_text'><p><\/h3><br \/>\r\nBonjour Monsieur,<br \/>\r\n<br \/>\r\nVous nous contactez suite \u00e0 des inqui\u00e9tudes que vous avez quant \u00e0 des comportements violents et \u00e9tranges de vos voisins d'immeuble. Vous entendez fr\u00e9quemment des hurlements de l'homme de la famille compos\u00e9e de deux enfants mais aussi des bruits de meubles renvers\u00e9s. Le probl\u00e8me serait ancien selon le voisinage. Vous nous demandez que faire.<br \/>\r\n<br \/>\r\nIl est toujours perturbant pour les <a href=\"https:\/\/dev-vqf.creatives.com\/la-violence-dans-le-couple\/je\/temoin\/\" target=\"_blank\" rel=\"noopener\">t\u00e9moins<\/a>\u00a0d'entendre des hurlements, des cris, des actes de violences. Avoir en quelque sorte \"le son sans les images\" laisse place \u00e0 un champ de fantasmes\u00a0d\u00e9stabilisants. Il n'est jamais ais\u00e9 de savoir comment r\u00e9agir dans ces cas-l\u00e0 et l'on se sent souvent d\u00e9muni-e et \u00e0 la fois coupable de ne rien faire.<br \/>\r\n<br \/>\r\nIl faut savoir que les situations de violences conjugales ne sont plus de nos jours une affaire \"priv\u00e9e\". Depuis plusieurs ann\u00e9es maintenant, elles sont pour la plupart des cas\u00a0<a href=\"https:\/\/www.vd.ch\/themes\/etat-droit-finances\/egalite-entre-les-femmes-et-les-hommes\/lutte-et-prevention-de-la-violence-dans-le-couple\/legislation-et-violence-domestique\/\" target=\"_blank\" rel=\"noopener\">poursuivies d'office<\/a>\u00a0c'est-\u00e0-dire qu'elles sont p\u00e9nalement r\u00e9pr\u00e9hensibles d\u00e8s qu'une autorit\u00e9 en a connaissance. Nous encourageons \u00e0 les d\u00e9noncer pour le bien des victimes et des enfants.<br \/>\r\n<br \/>\r\nUne des pistes pourrait donc \u00eatre d'appeler \u00e0 la prochaine crise la police, via le <strong>117<\/strong> ceci <strong>24h\/24<\/strong>. Une fois sur place, la police va\u00a0pouvoir prendre connaissance de ce qui se passe au domicile de vos voisins. Elle pourra aussi signaler le cas <a href=\"https:\/\/www.vd.ch\/toutes-les-autorites\/departements\/departement-de-la-formation-de-la-jeunesse-et-de-la-culture-dfjc\/direction-generale-de-lenfance-et-de-la-jeunesse-dgej\/\" target=\"_blank\" rel=\"noopener\">\u00e0 la Direction G\u00e9n\u00e9rale de l'Enfance et de la Jeunesse (DGEJ)<\/a>\u00a0 afin qu'elle entre en jeu pour faire une \u00e9valuation de la famille sur plusieurs semaines et s'assurer du bon d\u00e9veloppement des enfants. Dans l'imm\u00e9diat, la police est aussi en droit\u00a0<a href=\"https:\/\/www.vd.ch\/fileadmin\/user_upload\/themes\/vie_privee\/ViolenceDomestique\/pdf\/2_Fiche_Expulsion_CCLVD.pdf\" target=\"_blank\" rel=\"noopener\">d'expulser la personne qui a agi de la violence<\/a>\u00a0ceci comme mesure d'\u00e9loignement de la personne responsable des violences et de protection pour les personnes victimes. Cette mesure est valable plusieurs jours jusqu'\u00e0 l'audience de validation de la mesure d'expulsion au Tribunal civil. C'est la personne victime qui pourra d\u00e9cider de la suite \u00e0 donner \u00e0 son couple.<br \/>\r\n<br \/>\r\nLa seconde piste pourait \u00eatre d'\u00e9crire directement un courrier au <a href=\"https:\/\/www.vd.ch\/toutes-les-autorites\/ministere-public\/\" target=\"_blank\" rel=\"noopener\">Minist\u00e8re Public de votre arrondissement<\/a>\u00a0pour d\u00e9noncer les faits de violences domestiques.\u00a0Si vous \u00eates plusieurs voisin-e-s \u00e0 avoir entendu des cris et des bruits\u00a0inqui\u00e9tants, le courrier pourrait m\u00eame \u00eatre sign\u00e9 \u00e0 plusieurs mains.<br \/>\r\n<br \/>\r\nNous esp\u00e9rons avoir pu vous donner quelques r\u00e9ponses \u00e0 vos questions et nous restons bien entendu disponibles pour toutes autres questions que vous pourriez avoir.<br \/>\r\n<br \/>\r\n<\/div><\/div><\/div><\/div><\/div><\/div><div class='qa_acc_item'><span class='acc_toggler'><\/span><div class='item_header'><h3>Depuis plusieurs ann\u00e9es, je subis de la violence psychologiques de la part de mon mari. Je souhaite qu&#8217;il parte ce qu&#8217;il refuse. Dois-je contacter la police?<h3><div class='vqf_fixed_width_text'><p>13 avril 2022 - Cri... Bonjour, Cela fait plusieurs ann\u00e9es que je vis une situation de violence pdycologique (et parfois physique) de la part de mon mari. Ci-dessous vous trouvez quelques examples. Nous avons deux enfants et je souhaite qu'il...<\/p><\/div><\/div><div class='item_body'><div class='quesion_response_block'><div class='question'><h5>Question<\/h5><div class='vqf_fixed_width_text'><div class=\"box-question p2\"><br \/>\r\n<p class=\"color-grey small mt1 mb0\">13 avril 2022 - Cri...<\/p><br \/>\r\nBonjour, Cela fait plusieurs ann\u00e9es que je vis une situation de violence pdycologique (et parfois physique) de la part de mon mari. Ci-dessous vous trouvez quelques examples. Nous avons deux enfants et je souhaite qu'il parte le plus rapidement possible du domicile conjugal pour les pr\u00e9server mais il n'est pas d'accord. Pensez-vous que je devrais signaler mon cas \u00e0 la police? \u2022 Ne me laisse pas communiquer librement (j\u2019exag\u00e8re, j\u2019utilise les mauvais mots, je parle trop fort, je ne connais pas la signification des mots, je ne connais pas ses intentions, etc). j\u2019ai donc peur de m\u2019exprimer avec lui. \u2022 Graves insultes (cr\u00e8ve sale pute) \u2022 Menaces (ex. tu ne verras plus tes enfants) \u2022 Me rabaisse (je ne te fais pas confiance avec la s\u00e9curit\u00e9 des enfants, tu es une personne n\u00e9gative et \u00e9go\u00efste, tu ne sais pas communiquer, tu ne sers a rien..) \u2022 Ne me regarde pas quand on parle \u2022 Me prive d\u2019intimit\u00e9 depuis 5 ans car je suis trop \u201cautoritaire\u201d \u00e0 son gout \u2022 M\u2019isole de ma\/sa famille et amis (je ne peux pas inviter des gens a la maison, il n\u2019aime pas mes amis et ne veut pas les voir car il trouve qu\u2019ils ont une mauvaise influence sur moi) \u2022 Il ne passe quasiment plus de temps avec moi et me dit que je ne lui apporte rien d\u2019interessant \u2022 Par moment il a \u00e9t\u00e9 violent avec notre fils de 3 ans (ex. l'as pinc\u00e9 tr\u00e8s fort) \u2022 Il est souvent agac\u00e9 et agressif avec notre fils et met une mauvaise ambiance a la maison \u2022 Il est souvent sur la d\u00e9fensive quand je lui parle ou alors il m\u2019ignore \u2022 Il trouve toujours des excuses a ses r\u00e9actions (tu me pousses \u00e0 bout) Merci d'avance pour votre aide.<br \/>\r\n<br \/>\r\n<\/div><br \/>\r\n<div class=\"bg-grey p2\"><br \/>\r\n<h3><\/h3><br \/>\r\n<h3><\/p><\/div><\/div><div class='response'><h5>Response<\/h5><div class='vqf_fixed_width_text'><p><\/h3><br \/>\r\nBonjour Madame,<br \/>\r\n<br \/>\r\nVous nous dites vivre depuis plusieurs ann\u00e9es de la violence psychologique et physique de la part de votre mari. \u00a0Vous \u00eates parents de deux enfants. Votre ain\u00e9 subirait aussi de la violence de la part de son p\u00e8re. Vous souhaiteriez que votre mari quitte le domicile familial pour vous prot\u00e9ger, chose qu'il n'envisage pas. Vous nous demandez s'il faut signaler le cas \u00e0 la police.<br \/>\r\n<br \/>\r\nLes exemples mentionn\u00e9s sont effectivement des actes de <a href=\"https:\/\/dev-vqf.creatives.com\/la-violence-dans-le-couple\/la-violence-psychologique\/\">violences psychologiques<\/a>. <strong>Isoler<\/strong> quelqu'un de ses proches, <strong>rabaisser<\/strong> la personne, l'<strong>insulter<\/strong>, la <strong>menacer<\/strong>, l'<strong>ignorer<\/strong>,<strong> interdire des choses<\/strong> en sont autant d'exemples que vous mentionnez parfaitement. Vous nous \u00e9voquez \u00e9galement des <a href=\"https:\/\/dev-vqf.creatives.com\/la-violence-dans-le-couple\/la-violence-physique\/\" target=\"_blank\" rel=\"noopener\">actes de violences physiques<\/a> plus rares mais pr\u00e9sents. Vous ne nous dites pas de quels actes il s'agit. Quoiqu'il en soit, ces violences multiples doivent cesser imp\u00e9rativement pour votre bien et celui de vos enfants.<br \/>\r\n<br \/>\r\nPour vous r\u00e9pondre, si vous mari venait \u00e0 nouveau \u00e0 agir de la violence physique ou prof\u00e9rer des menaces graves \u00e0 votre encontre ou celle de vos enfants, vous pourriez appeler de suite la police, via le num\u00e9ro du <strong>117, ceci 24h\/24<\/strong>. Ces derniers se rendent dans ce cas en urgence au domicile conjugal pour \u00e9valuer la situation. Ils peuvent\u00a0aussi d\u00e9cider <strong>d'expulser la personne<\/strong> qui a agi de la violence sur le moment m\u00eame, ceci pour plusieurs jours dans l'attente d'une\u00a0audience qui aura lieu au Tribunal civil. C'est lors de cette audience de validation de la mesure d'expulsion que vous pourrez d\u00e9cider de la suite \u00e0 donner \u00e0 votre couple. Cette mesure d'urgence est une mesure de protection pour les victimes. C'est\u00a0<a href=\"https:\/\/www.fedlex.admin.ch\/eli\/cc\/24\/233_245_233\/fr\" target=\"_blank\" rel=\"noopener\">l'article 28b du code civil suisse<\/a>. La personne expuls\u00e9e a l'interdiction formelle de revenir au domicile conjugal ou de prendre contact avec la personne victime ceci jusqu'\u00e0 l'audience de validation de la mesure d'expulsion au Tribunal civil.<br \/>\r\n<br \/>\r\nUne demande de <a href=\"https:\/\/www.guidesocial.ch\/recherche\/fiche\/generatepdfAll\/247\" target=\"_blank\" rel=\"noopener\">mesures protectrices de l'union conjugal (MPUC)<\/a> peut aussi \u00eatre faite\u00a0\u00e0 tout moment, hors crise, si la vie de couple et de famille n'est plus possible pour les motifs \u00e9voqu\u00e9s. Cependant nous savons que d'entamer des d\u00e9marches de s\u00e9paration sous le m\u00eame toit que son conjoint est tr\u00e8s sensible et peut g\u00e9n\u00e9rer un regain de violences. \u00a0Le <a href=\"https:\/\/centrelavi-ge.ch\/\" target=\"_blank\" rel=\"noopener\">Centre LAVI Gen\u00e8ve<\/a>, qui est le <strong>C<\/strong><strong>entre d'Aide aux Victimes d'Infractions,<\/strong>\u00a0pourrait aussi vous renseigner plus en d\u00e9tails sur vos droits de mani\u00e8re g\u00e9n\u00e9rale. Ils sont joignables au <strong>022 320 01 02<\/strong> et proposent<strong> des consultations gratuites et confidentielles.<\/strong><br \/>\r\n<br \/>\r\nA toutes fins utiles, nous pouvons \u00e9galement vous transmettre l'adresse du <a href=\"https:\/\/www.foj.ch\/foyers\/le-pertuis\/\" target=\"_blank\" rel=\"noopener\">foyer Le Pertuis<\/a> qui est un foyer d'accueil pour toutes personnes auteur-es ou victimes de violences conjugales. C'est un petit\u00a0<strong>foyer d'urgence<\/strong> qui peut recevoir les personnes <strong>24h\/24<\/strong> avec ou sans enfants. Ils sont joignables au <strong>022\u00a0309 57 10.\u00a0<\/strong>Le financement peut \u00eatre pris en charge, selon certaines conditions et uniquement pour les personnes victimes,\u00a0par le Centre LAVI.<br \/>\r\n<br \/>\r\nNous esp\u00e9rons avoir pu vous donner les conseils esp\u00e9r\u00e9s pour r\u00e9pondre \u00e0 votre demande et nous vous souhaitons du courage pour la suite. N'h\u00e9sitez pas \u00e0 nous joindre si vous aviez d'autres questions ou\u00a0si vous\u00a0souhaitiez nous donner des nouvelles.<br \/>\r\n<br \/>\r\n<\/div><\/div><\/div><\/div><\/div><\/div><div class='qa_acc_item'><span class='acc_toggler'><\/span><div class='item_header'><h3>Violence et s\u00e9paration<h3><div class='vqf_fixed_width_text'><p>05 avril 2022 - cup... Bonjour, Ma compagne me fait subir des violences psychologiques depuis des ann\u00e9es. Elle me parle toujours mal, insulte \u00e0 r\u00e9p\u00e9tition, 50 sms d\u00e8s qu elle est col\u00e8re, toujours pour des raisons futiles. Impossible de discuter...<\/p><\/div><\/div><div class='item_body'><div class='quesion_response_block'><div class='question'><h5>Question<\/h5><div class='vqf_fixed_width_text'><div class=\"box-question p2\"><br \/>\r\n<p class=\"color-grey small mt1 mb0\">05 avril 2022 - cup...<\/p><br \/>\r\nBonjour,<br \/>\r\n<br \/>\r\nMa compagne me fait subir des violences psychologiques depuis des ann\u00e9es. Elle me parle toujours mal, insulte \u00e0 r\u00e9p\u00e9tition, 50 sms d\u00e8s qu elle est col\u00e8re, toujours pour des raisons futiles. Impossible de discuter sereinement, elle se met \u00e0 hurler et la discussion doit s'arr\u00eater car je ne veux pas m'\u00e9nerver \u00e0 mon tour. Mais malgr\u00e8 cela la temp\u00eate continue. Nous avons un enfant et elle fait toujours des histoires quand il faut voir ma famille, insulte tous les membres de ma famille (en leur absence). Elle deforme la r\u00e9alit\u00e9 sans cesse et il est impossible de lui faire changer d'avis ou tout simplement d'obtenir des excuses une fois la crise pass\u00e9e. J'en suis \u00e0 faire attention \u00e0 ce que je dis pour eviter la temp\u00eate et je vois de moins en moins mes amis et famille. Elle me d\u00e9nigre devant mon enfant. Elle n'a pas de patience avec l'enfant, elle crie beaucoup et perd souvent son sang froid. Maintenant elle menace de me quitter et de partir avec l enfant.<br \/>\r\n<br \/>\r\nLe fait d'\u00eatre victime de ce comportement peut-il m'aider \u00e0 obtenir la garde de mon enfant?<br \/>\r\n<br \/>\r\n<\/div><br \/>\r\n<div class=\"bg-grey p2\"><br \/>\r\n<h3><\/h3><br \/>\r\n<h3><\/p><\/div><\/div><div class='response'><h5>Response<\/h5><div class='vqf_fixed_width_text'><p><\/h3><br \/>\r\nBonjour Monsieur,<br \/>\r\n<br \/>\r\nVous nous confiez \u00eatre victime de violences psychologiques depuis des ann\u00e9es par votre compagne. Vous dites \u00eatre dans l\u2019hyperadaptation pour \u00e9viter des \u00ab\u00a0temp\u00eates\u00a0\u00bb faites de col\u00e8re, d\u2019insultes, de d\u00e9nigrements. Vous \u00eates parents d\u2019un enfant de bas \u00e2ge pour lequel elle ne montrerait pas plus de patience selon vos observations. Elle menace maintenant de vous quitter et de partir avec lui. Vous aimeriez savoir si \u00eatre victime de ces comportements peut privil\u00e9gier le fait d\u2019obtenir la garde de votre enfant.<br \/>\r\n<br \/>\r\nNous vous remercions pour votre question pertinente car effectivement, un enfant ne peut pas se d\u00e9velopper sereinement dans un milieu o\u00f9 de la violence est agie\u00a0et subie. Quelque soit l\u2019\u00e2ge de votre enfant, il souffre \u00e0 sa mani\u00e8re. <strong>Il faut pouvoir le prot\u00e9ger<\/strong> de ce contexte de violences et vous entourer.<br \/>\r\n<br \/>\r\nSi la situation est inchang\u00e9e et que vos inqui\u00e9tudes persistent, vous pourriez prendre contact avec le <a href=\"https:\/\/www.ge.ch\/organisation\/pole-protection-enfance-jeunesse\" target=\"_blank\" rel=\"noopener\">Service Protection des Mineurs<\/a> (SPMi) pour demander conseils. Ils sont joignables au num\u00e9ro suivant: <strong>022 546 10 00 <\/strong>ceci<strong> du lundi au vendredi de 8h \u00e0 12h30 <\/strong>et<strong> de 13h30 \u00e0 17h.<\/strong><br \/>\r\n<br \/>\r\nEn cas de s\u00e9paration, la <a href=\"https:\/\/www.astrame.ch\/separation-parentale\" target=\"_blank\" rel=\"noopener\">Fondation As\u2019trame<\/a> pourrait \u00e9galement venir en aide \u00e0 votre enfant par la suite, comme soutien th\u00e9rapeutique. Ils peuvent \u00e9galement recevoir les parents et les aider dans la co-parentalit\u00e9 malgr\u00e9 la s\u00e9paration. Une s\u00e9paration est une affaire de famille: elle touche les adultes certes mais a aussi un impact direct sur les enfants. Leur contact est le\u00a0tel: <strong>022 340 17 37<\/strong>.<br \/>\r\n<br \/>\r\nEnfin, pour toutes questions relatives aux droits de la famille (s\u00e9paration, divorce, garde, droits de visite) il existe\u00a0<a href=\"https:\/\/www.permanence-juridique-geneve.ch\/\" target=\"_blank\" rel=\"noopener\">l'association d'avocats permanence juridique de Gen\u00e8ve<\/a> qui propose des <strong>consultations sp\u00e9cialis\u00e9es de<\/strong> <strong>30 mns pour 50.-\u00a0<\/strong>. <a href=\"https:\/\/csp.ch\/geneve\/services\/questions-juridiques\/\" target=\"_blank\" rel=\"noopener\">Le Centre Social Protestant (CSP)<\/a> offre eux aussi des conseils juridiques en droits de la famille. Vous pouvez les contacter au num\u00e9ro <strong>022 807 07 07<\/strong>.<br \/>\r\n<br \/>\r\nBien s\u00fbr et s'il devait y avoir une mise en danger imminente, n'h\u00e9sitez pas \u00e0 joindre la police, ceci via le num\u00e9ro du <strong>117<\/strong>, <strong>24h\/24<\/strong>.<br \/>\r\n<br \/>\r\nNous esp\u00e9rons vous avoir donn\u00e9 quelques pistes de r\u00e9flexions afin d\u2019\u00e9voluer vers un avenir plus serein. N'h\u00e9sitez pas \u00e0 nous donner des nouvelles si vous le souhaitez.<br \/>\r\n<br \/>\r\n&nbsp;<br \/>\r\n<br \/>\r\n<\/div><\/div><\/div><\/div><\/div><\/div><div class='qa_acc_item'><span class='acc_toggler'><\/span><div class='item_header'><h3>Je ne sais pas si ce que je vis est de la violence&#8230;<h3><div class='vqf_fixed_width_text'><p>02 avril 2022 - Ary... Je suis en couple depuis quelques ann\u00e9es maintenant et j'ai peur de pas faire ce qu'il faut ou dire quand je parle avec mon copain. Une des phrases de mon copain aujourd'hui parce que je...<\/p><\/div><\/div><div class='item_body'><div class='quesion_response_block'><div class='question'><h5>Question<\/h5><div class='vqf_fixed_width_text'><div class=\"box-question p2\"><br \/>\r\n<p class=\"color-grey small mt1 mb0\">02 avril 2022 - Ary...<\/p><br \/>\r\nJe suis en couple depuis quelques ann\u00e9es maintenant et j'ai peur de pas faire ce qu'il faut ou dire quand je parle avec mon copain. Une des phrases de mon copain aujourd'hui parce que je lui ai pas fait son caf\u00e9 et que j'aurai du le faire c'est : \"je suis le riche et toi la juive dans les camps de concentration\". Je ne vis pas avec<br \/>\r\n<br \/>\r\n<\/div><br \/>\r\n<div class=\"bg-grey p2\"><br \/>\r\n<h3><\/h3><br \/>\r\n<h3><\/p><\/div><\/div><div class='response'><h5>Response<\/h5><div class='vqf_fixed_width_text'><p><\/h3><br \/>\r\nBonjour Madame,<br \/>\r\n<br \/>\r\nVotre message est tr\u00e8s court mais il est d\u00e9j\u00e0 tr\u00e8s r\u00e9v\u00e9lateur de <strong>comportements que personne n'a \u00e0 subir.<\/strong> Quand on est dans une relation saine de couple, on devrait justement <strong>pouvoir s'exprimer librement<\/strong> ce qui ne semble pas \u00eatre le cas dans la v\u00f4tre. La phrase que vous citez pour exemple est tr\u00e8s <strong>d\u00e9nigrante et connot\u00e9e<\/strong>. Vous n'avez<strong> pas \u00e0 subir ce genre de commentaire d\u00e9sobligeant.<\/strong> Il s'agit de <a href=\"https:\/\/dev-vqf.creatives.com\/la-violence-dans-le-couple\/la-violence-psychologique\/\" target=\"_blank\" rel=\"noopener\">violence psychologique<\/a> qui affecte et d\u00e9stabilise grandement les personnes qui la subisse. Il faut aussi savoir que la violence psychologique peut parfois glisser vers des actes de <a href=\"https:\/\/dev-vqf.creatives.com\/la-violence-dans-le-couple\/la-violence-physique\/\" target=\"_blank\" rel=\"noopener\">violences physiques.<\/a>Vous pouvez\u00a0vous en prot\u00e9ger et chercher de l'aide d\u00e8s maintenant comme vous avez commenc\u00e9 \u00e0 le faire en nous \u00e9crivant.<br \/>\r\n<br \/>\r\nLa\u00a0fondation\u00a0<a href=\"http:\/\/www.lessentielles.ch\/\" target=\"_blank\" rel=\"noopener\">L'EssentiELLES<\/a>\u00a0est une fondation valaisanne pour toutes personnes victimes de violences domestiques. Ils sont joignables au num\u00e9ro suivant: <strong>079 320 98 70. <\/strong>Ils proposent<strong> des entretiens gratuits et confidentiels\u00a0<\/strong>via\u00a0une \u00e9coute active et professionnelle. Ils ont \u00e9galement pour prestation des s\u00e9ances de groupe pour les personnes int\u00e9ress\u00e9es.<br \/>\r\n<br \/>\r\nSi vous deviez subir des <strong>menaces,<\/strong> des <strong>actes de violences physiques ou sexuelles<\/strong>, vous pouvez aussi contacter le <a href=\"https:\/\/www.vs.ch\/web\/sas\/lavi-contacts\" target=\"_blank\" rel=\"noopener\">Centre LAVI<\/a>\u00a0qui est le centre d'Aide aux Victimes d'Infractions. Il existe un ou plusieurs centres LAVI par canton. Vous pouvez contacter le centre LAVI de votre choix. Dans le canton du Valais, ils sont situ\u00e9s \u00e0 <strong>Collombey-Muraz<\/strong>, <strong>Sion<\/strong>\u00a0(<strong>027 607 31 00<\/strong> ) ou <strong>Brig <\/strong>(<strong>027 946 85 32<\/strong>). Ils proposent une <strong>\u00e9coute gratuite et confidentielle<\/strong>.<br \/>\r\n<br \/>\r\nN'h\u00e9sitez pas \u00e0 nous contacter si vous \u00a0souhaitez nous donner des nouvelles.<br \/>\r\n<br \/>\r\n<\/div><\/div><\/div><\/div><\/div><\/div><div class='qa_acc_item'><span class='acc_toggler'><\/span><div class='item_header'><h3>Je recours \u00e0 la violence au sein de mon couple. J&#8217;ai besoin d&#8217;aide.<h3><div class='vqf_fixed_width_text'><p>31 mars 2022 - abe... Je suis actrice de violence dans mon couple. Quelques \u00e9pisodes de violence physique et surtout violence psychologique. Je me rends compte qu'on a une relation tr\u00e8s violente et je n'en peux plus. Nous nous quittons...<\/p><\/div><\/div><div class='item_body'><div class='quesion_response_block'><div class='question'><h5>Question<\/h5><div class='vqf_fixed_width_text'><div class=\"box-question p2\"><br \/>\r\n<p class=\"color-grey small mt1 mb0\">31 mars 2022 - abe...<\/p><br \/>\r\nJe suis actrice de violence dans mon couple. Quelques \u00e9pisodes de violence physique et surtout violence psychologique. Je me rends compte qu'on a une relation tr\u00e8s violente et je n'en peux plus. Nous nous quittons r\u00e9guli\u00e8rement et je me sens comme addicte a ma partenaire, donc nous revenons. Notre lien est tr\u00e8s fort. Mon p\u00e8re exerce une violence psychologique sur ma m\u00e8re. J'aimerais analyser ce sch\u00e9ma pour en sortir. Je me sens r\u00e9guli\u00e8rement victime et ce fonctionnement me pousse \u00e0 agir et mettre une pression sur ma partenaire. J'ai besoin d'aide.<br \/>\r\n<br \/>\r\n<\/div><br \/>\r\n<div class=\"bg-grey p2\"><br \/>\r\n<h3><\/h3><br \/>\r\n<h3><\/p><\/div><\/div><div class='response'><h5>Response<\/h5><div class='vqf_fixed_width_text'><p><\/h3><br \/>\r\nBonjour Madame,<br \/>\r\n<br \/>\r\nVous t\u00e9moignez ne plus vouloir de la pr\u00e9sence de la violence psychologique et physique au sein de votre couple et affirmez votre intention d\u2019entreprendre une d\u00e9marche.<br \/>\r\n<br \/>\r\nNous \u00e9crire aujourd\u2019hui t\u00e9moigne d'un <strong>grand courage dont vous faites preuve<\/strong>\u00a0et du <strong>souhait d\u2019amener du changement<\/strong>. Ce sont des ingr\u00e9dients importants pour aller vers un avenir relationnel qui vous convienne davantage. Nous vous f\u00e9licitons pour cette premi\u00e8re action.<br \/>\r\n<br \/>\r\nVous relevez d\u2019ores et d\u00e9j\u00e0 un lien avec la <a href=\"https:\/\/dev-vqf.creatives.com\/la-violence-dans-le-couple\/la-violence-psychologique\/\" target=\"_blank\" rel=\"noopener\">violence psychologique<\/a> qu\u2019exerce votre p\u00e8re sur votre m\u00e8re. Pour vous accompagner dans la <strong>poursuite de cette analyse<\/strong> ainsi que dans la <strong>r\u00e9flexion sur des pistes d\u2019actions \u00e0 entrevoir<\/strong>, une <strong>aide professionnelle est pr\u00e9cieuse<\/strong>.<br \/>\r\n<br \/>\r\nDans le canton de Gen\u00e8ve, les professionnel-le-s de l\u2019<a href=\"https:\/\/www.face-a-face.info\/les-questions-des-femmes\/\" target=\"_blank\" rel=\"noopener\">association face-\u00e0-face<\/a> peuvent vous proposer un suivi individualis\u00e9, en d\u00e9butant par un premier entretien d\u2019accueil dans leurs locaux. Ce dernier pourra vous permettre de pr\u00e9senter plus en d\u00e9tails la situation \u00e0 laquelle vous \u00eates confront\u00e9e et d\u2019obtenir des informations d\u00e9taill\u00e9es sur les diff\u00e9rentes options d\u2019aide \u00e0 votre disposition. Vous pouvez les contacter au <strong>022 345 12 15 <\/strong>ou au<strong> 078 811 91 17<\/strong>.<br \/>\r\n<br \/>\r\nEn esp\u00e9rant que ces quelques lignes vous accompagnent dans la poursuite de votre cheminement, nous restons \u00e0 votre enti\u00e8re disposition si cela vous \u00e9tait utile.<br \/>\r\n<br \/>\r\nBien cordialement.<br \/>\r\n<br \/>\r\n<\/div><\/div><\/div><\/div><\/div><\/div><div class='qa_acc_item'><span class='acc_toggler'><\/span><div class='item_header'><h3>Que faire quand j&#8217;entends mes voisins se disputer violemment?<h3><div class='vqf_fixed_width_text'><p>30 mars 2022 - 123... Bonjour, Je me permets de vous \u00e9crire car je suis d\u00e9munie. Le couple de cinquantenaires qui habitent en-dessous de chez moi se disputent parfois violemment \u00e0 mon sens. Je ne sais pas \u00e0 quelle fr\u00e9quence...<\/p><\/div><\/div><div class='item_body'><div class='quesion_response_block'><div class='question'><h5>Question<\/h5><div class='vqf_fixed_width_text'><div class=\"box-question p2\"><br \/>\r\n<p class=\"color-grey small mt1 mb0\">30 mars 2022 - 123...<\/p><br \/>\r\nBonjour, Je me permets de vous \u00e9crire car je suis d\u00e9munie. Le couple de cinquantenaires qui habitent en-dessous de chez moi se disputent parfois violemment \u00e0 mon sens. Je ne sais pas \u00e0 quelle fr\u00e9quence car je ne suis pas toujours chez moi. Ce matin, ils se sont disput\u00e9s environ 20 minutes. C'\u00e9tait assez repr\u00e9sentatif d'autres disputes. Je n'entends pas ce que dit la femme mais l'homme lui hurle dessus: \"vieille pute\", \"salope\", \"ta gueule\", \"de toute mani\u00e8re tu ne sers \u00e0 rien\". Je crois qu'il n''y a pas de violence physique mais je trouve qu'il s'agit de violence psychologique. J'avoue que sur le moment je suis t\u00e9tanis\u00e9e. J'ai appel\u00e9 une fois apr\u00e8s coup la police qui m'a dit de les rappeler d\u00e8s que cela se reproduit mais je ne suis pas persuad\u00e9e de la d\u00e9marche et quand \u00e7a arrive la t\u00e9tanie m'emp\u00eache de r\u00e9agir comme je le devrais. Je n'ai pas un bon contact avec ce couple: elle est tr\u00e8s retenue et j'ai toujours essay\u00e9 de maintenir une distance avec lui car je l'ai toujours senti comme quelqu'un de malsain, m\u00eame bien avant que leurs disputes ne commencent. J'ai pens\u00e9 par exemple \u00e0 afficher des flyers contre la violence domestique sur les bo\u00eetes aux lettre pour lui laisser sous-entendre que ses actions ne sont pas tol\u00e9rables. Mais je ne sais pas si c'est une bonne id\u00e9e. Pourriez-vous me conseiller svp? Merci d'avance.<br \/>\r\n<br \/>\r\n<\/div><br \/>\r\n<div class=\"bg-grey p2\"><br \/>\r\n<h3><\/h3><br \/>\r\n<h3><\/p><\/div><\/div><div class='response'><h5>Response<\/h5><div class='vqf_fixed_width_text'><p><\/h3><br \/>\r\nBonjour Madame,<br \/>\r\n<br \/>\r\nIl vous arrive d\u2019entendre vos voisins se disputer violemment. L\u2019homme insulte et d\u00e9nigre sa femme. La police vous a conseill\u00e9 de les appeler aux moments des faits, mais la sid\u00e9ration de la sc\u00e8ne vous emp\u00eache de le faire. Vous vous questionnez s\u2019il est possible ou non, d\u2019une quelconque mani\u00e8re, de signifier \u00e0 monsieur que son comportement est inacceptable. C\u2019est pourquoi vous nous demander conseils.<br \/>\r\n<br \/>\r\nTout d\u2019abord, nous tenons \u00e0 saluer votre d\u00e9marche de vouloir intervenir pour prot\u00e9ger cette femme qui est victime de violence de son \u00e9poux. Vos inqui\u00e9tudes et votre t\u00e9tanie sont justifi\u00e9es. Longtemps, la probl\u00e9matique \u00e9tait per\u00e7ue comme une affaire priv\u00e9e. Ce tabou \u00e9tait donc un frein pour que les gens osent d\u00e9noncer et\/ou appeler la police. Il s\u2019av\u00e8re que d\u2019entendre, sans voir les actes de violences, peut \u00e9galement retenir une d\u00e9marche d\u2019aide par peur de se tromper sur ce que nos yeux n\u2019ont pas pu confirmer. Or, l\u2019intervention d\u2019un voisin, comme vous, peut \u00eatre d\u00e9terminante pour la <strong>s\u00e9curit\u00e9 de la victime<\/strong>.<br \/>\r\n<br \/>\r\nEn effet, ce que vous d\u00e9crivez est apparemment de la <a href=\"https:\/\/dev-vqf.creatives.com\/la-violence-dans-le-couple\/la-violence-psychologique\/\" target=\"_blank\" rel=\"noopener\">violence psychologique<\/a>. Il existe un risque de glissement vers des <a href=\"https:\/\/dev-vqf.creatives.com\/la-violence-dans-le-couple\/la-violence-physique\/\" target=\"_blank\" rel=\"noopener\">agressions physiques<\/a>. Si rien ni personne ne stoppe <a href=\"https:\/\/dev-vqf.creatives.com\/la-violence-dans-le-couple\/la-violence-cest-quoi\/\" target=\"_blank\" rel=\"noopener\">cet engrenage<\/a>, la situation pourrait encore s\u2019aggraver. Il est important pour la victime et tout individu, de pouvoir <strong>briser le silence<\/strong>et <strong>nommer<\/strong> <strong>l\u2019interdit<\/strong>. Toutes formes de violence est contraire \u00e0 la loi et l\u00e9gitime une intervention des forces de l\u2019ordre.<br \/>\r\n<br \/>\r\nDans votre cas, c\u2019est ce que nous pr\u00e9conisons. <strong>Appeler la police est la d\u00e9marche la plus s\u00e9cure<\/strong> que ce soit pour vous, comme pour la victime. Toute autre intervention pourrait vous exposer de mani\u00e8re inconfortable, sauf si la femme concern\u00e9e venait vous demander de l\u2019aide. Si vous n'y parvenez pas pour les raisons que vous \u00e9voquez, il y a toujours la possibilit\u00e9 de d\u00e9noncer les faits par \u00e9crit \u00e0 l'autorit\u00e9 comp\u00e9tente, soit le\u00a0<a href=\"https:\/\/justice.ge.ch\/fr\/contenu\/ministere-public\" target=\"_blank\" rel=\"noopener\">Minist\u00e8re Public<\/a>. Les violences domestiques sont effectivement <strong>poursuivies d'office<\/strong> depuis plusieurs ann\u00e9es maintenant.<br \/>\r\n<br \/>\r\nSi vous souhaitez en discuter de vive voix avec des professionnel-l-e-s du domaine, vous pouvez prendre contact par t\u00e9l\u00e9phone avec la <a href=\"http:\/\/centrelavi-ge.ch\/\" target=\"_blank\" rel=\"noopener\">LAVI<\/a>\u00a0qui est la <strong>Loi\u00a0d'Aide aux Victimes d'Infractions<\/strong> au <strong>022.320.01.02<\/strong>\u00a0ou avec l'Association <a href=\"https:\/\/www.avvec.ch\/fr\" target=\"_blank\" rel=\"noopener\">AVVEC<\/a> joignable au <strong>022.797.10.10.<\/strong> Vous trouverez \u00e9coute et conseils pour vous accompagner dans votre questionnement. Il existe \u00e9galement une <strong>ligne d'\u00e9coute cantonale pour les<\/strong> <strong>situations de violences domestiques<\/strong>:\u00a0<strong>0840 110 110.<\/strong><br \/>\r\n<br \/>\r\nNous esp\u00e9rons avoir pu vous donner des pistes utiles \u00e0 votre r\u00e9flexion et vous souhaitons que la situation s\u2019am\u00e9liore bient\u00f4t. Nous restons \u00e0 disposition pour toute autre question et aussi pour recevoir de vos nouvelles.<br \/>\r\n<br \/>\r\nRecevez nos plus cordiaux messages.<br \/>\r\n<br \/>\r\n<\/div><\/div><\/div><\/div><\/div><\/div><div class='qa_acc_item'><span class='acc_toggler'><\/span><div class='item_header'><h3>Violences psychologiques, comment s&#8217;en d\u00e9faire?<h3><div class='vqf_fixed_width_text'><p>28 mars 2022 - ism... Bonjour je ne sais m\u00eame pas o\u00f9 je vais commencer par poser ma question. Voil\u00e0 depuis des ann\u00e9es je subis des violences psychologie (insultes, menaces, manipulation) par le p\u00e8re de mes enfants avec qui je...<\/p><\/div><\/div><div class='item_body'><div class='quesion_response_block'><div class='question'><h5>Question<\/h5><div class='vqf_fixed_width_text'><div class=\"box-question p2\"><br \/>\r\n<p class=\"color-grey small mt1 mb0\">28 mars 2022 - ism...<\/p><br \/>\r\nBonjour je ne sais m\u00eame pas o\u00f9 je vais commencer par poser ma question. Voil\u00e0 depuis des ann\u00e9es je subis des violences psychologie (insultes, menaces, manipulation) par le p\u00e8re de mes enfants avec qui je suis s\u00e9par\u00e9e depuis des ann\u00e9es et je ne sais plus quoi faire. Comment prendre des mesures dans un cas pareille?<br \/>\r\n<br \/>\r\n<\/div><br \/>\r\n<div class=\"bg-grey p2\"><br \/>\r\n<h3><\/h3><br \/>\r\n<h3><\/p><\/div><\/div><div class='response'><h5>Response<\/h5><div class='vqf_fixed_width_text'><p><\/h3><br \/>\r\nBonjour Madame,<br \/>\r\n<br \/>\r\nVous vous confiez au sujet de maltraitances psychologiques subies par le p\u00e8re de vos enfants, ceci depuis des ann\u00e9es et malgr\u00e9 votre s\u00e9paration. Vous ne savez plus comment faire.<br \/>\r\n<br \/>\r\nLes exemples que vous relevez sont effectivement des violences sournoises qui atteignent la personne qui en est victime. <a href=\"https:\/\/dev-vqf.creatives.com\/la-violence-dans-le-couple\/la-violence-psychologique\/\" target=\"_blank\" rel=\"noopener\">Les violences psychologiques<\/a>\u00a0sont des violences qui ne laissent pas de traces physiques certes mais qui en laissent au plus profond de soi. Vous avez pu vous s\u00e9parer de cet homme avec qui vous restez sans doute en lien par rapport \u00e0 vos enfants. Votre message ne le dit pas, mais ces violences se passent-elles lors des passations des enfants pour le droit de visite et\/ou par un autre moyen, par messages?<br \/>\r\n<br \/>\r\nIl est important de vous transmettre que <strong>les insultes<\/strong> et <strong>les menaces<\/strong> peuvent \u00eatre, selon leur gravit\u00e9, \u00a0des infractions punissables par la loi suisse. Elles se retrouvent sous les infractions <strong>177<\/strong> et <strong>180<\/strong> du <a href=\"https:\/\/www.fedlex.admin.ch\/eli\/cc\/54\/757_781_799\/fr\" target=\"_blank\" rel=\"noopener\">code p\u00e9nal suisse<\/a>. Vous seriez donc en droit de d\u00e9poser une plainte p\u00e9nale pour ces faits <strong>dans un d\u00e9lai de trois mois<\/strong>. <a href=\"https:\/\/www.opferhilfe-bern.ch\/fr\" target=\"_blank\" rel=\"noopener\">Le centre LAVI de Berne<\/a>\u00a0pourrait vous r\u00e9pondre avec plus de pr\u00e9cisions \u00e0 ce sujet. Vous pourriez les contacter au num\u00e9ro \u00a0(<strong>031) 370 30 70\u00a0<\/strong>pour convenir d'une consultation gratuite et confidentielle.<br \/>\r\n<br \/>\r\nLa\u00a0voie p\u00e9nale peut parfois mettre un stop aux violences subies mais il y a d'autres moyens \u00e9galement:<br \/>\r\n<br \/>\r\nDes mesures civiles peuvent aussi \u00eatre demand\u00e9es pour mettre fin \u00e0 ces violences. Les <a href=\"https:\/\/www.fedlex.admin.ch\/eli\/cc\/24\/233_245_233\/fr\" target=\"_blank\" rel=\"noopener\">mesures de protections de la personnalit\u00e9<\/a>\u00a0sont des mesures\u00a0d'interdictions \u00e0 entrer en contact avec vous autrement que pour les questions relatives \u00e0 vos enfants. Au besoin, il existe \u00e9galement <strong>des points de rencontre<\/strong> o\u00f9 les passages des enfants pourraient se passer via des professionnels pour \u00e9viter que vous soyez en contact avec leur p\u00e8re. Ce sont des espaces tiers et prot\u00e9g\u00e9s permettant toutefois l'exercice du droit de visite du parent non gardien.<br \/>\r\n<br \/>\r\nEnfin, la voie th\u00e9rapeutique peut bien s\u00fbr \u00eatre de tr\u00e8s bons conseils pour vous aider \u00e0 prendre de la distance avec ces violences psychologiques. La Fondation\u00a0<a href=\"https:\/\/www.astrame.ch\/prestations\/berne-jura\" target=\"_blank\" rel=\"noopener\">Astrame<\/a>\u00a0en collaboration avec le <a href=\"https:\/\/csp.ch\/berne-jura\/\" target=\"_blank\" rel=\"noopener\">Centre Social Protestant (CSP)<\/a>\u00a0propose des consultations pour les parents mais aussi des groupes de paroles pour les enfants dont les parents sont s\u00e9par\u00e9s.<br \/>\r\n<br \/>\r\nNous esp\u00e9rons vous avoir donn\u00e9 quelques pistes utiles et restons bien s\u00fbr \u00e0 votre disposition.<br \/>\r\n<br \/>\r\n<\/div><\/div><\/div><\/div><\/div><\/div><div class='qa_acc_item'><span class='acc_toggler'><\/span><div class='item_header'><h3>Je suis victime d&#8217;un pervers narcissique, \u00e0 qui puis-je m&#8217;adresser ?<h3><div class='vqf_fixed_width_text'><p>27 mars 2022 - AID... A qui pourrai je me confier et raconter ce que je vis avec mon mari, que je consid\u00e8re comme \u00e9tant un pervers narcissique puisqu'il rempli la plupart des crit\u00e8res d'un pervers narcissique.<\/p><\/div><\/div><div class='item_body'><div class='quesion_response_block'><div class='question'><h5>Question<\/h5><div class='vqf_fixed_width_text'><div class=\"box-question p2\"><br \/>\r\n<p class=\"color-grey small mt1 mb0\">27 mars 2022 - AID...<\/p><br \/>\r\nA qui pourrai je me confier et raconter ce que je vis avec mon mari, que je consid\u00e8re comme \u00e9tant un pervers narcissique puisqu'il rempli la plupart des crit\u00e8res d'un pervers narcissique.<br \/>\r\n<br \/>\r\n<\/div><br \/>\r\n<div class=\"bg-grey p2\"><br \/>\r\n<h3><\/h3><br \/>\r\n<h3><\/p><\/div><\/div><div class='response'><h5>Response<\/h5><div class='vqf_fixed_width_text'><p><\/h3><br \/>\r\nBonjour Madame,<br \/>\r\n<br \/>\r\nVous aimeriez vous confier au sujet de votre mari que vous consid\u00e9rez comme pervers narcissique.<br \/>\r\n<br \/>\r\nSur le canton du Valais, il existe notamment la <a href=\"http:\/\/www.lessentielles.ch\/prestations-offertes\/\" target=\"_blank\" rel=\"noopener\">Fondation l\u2019Essentielles<\/a> qui propose une aide confidentielle et gratuite via le num\u00e9ro <strong>079 320 98 70 <\/strong>pour toute personne victime de violences domestiques et donc \u00e9galement pour les personnes victimes de <a href=\"https:\/\/dev-vqf.creatives.com\/la-violence-dans-le-couple\/la-violence-psychologique\/\" target=\"_blank\" rel=\"noopener\">violences psychologiques<\/a><strong>. <\/strong>Ils proposent des entretiens t\u00e9l\u00e9phoniques ou en pr\u00e9sence pour faire le point sur votre situation et vous aiguiller. Ils offrent \u00e9galement des consultations de groupe.<br \/>\r\n<br \/>\r\nS\u2019agissant plus pr\u00e9cis\u00e9ment des personnes au profil de pervers narcissique, vous pourriez aussi vous mettre en lien avec l\u2019association <a href=\"https:\/\/au-dela-des-masques.ch\/impressions.shtml\" target=\"_blank\" rel=\"noopener\">\u00ab\u00a0Au-del\u00e0 des masques\u00a0<\/a>\u00bb. C\u2019est une association suisse de soutien et d\u2019accompagnement des personnes victimes de manipulations \/perversions narcissiques. Leurs prestations sont cependant payantes. Vous pouvez vous r\u00e9f\u00e9rer \u00e0 leur site pour en savoir davantage.<br \/>\r\n<br \/>\r\nVotre message ne nous le dit pas, mais si vous \u00eates victimes d\u2019infractions telles que des violences physiques, sexuelles ou des menaces graves, vous pouvez vous adresser \u00e0 un <a href=\"https:\/\/www.aide-aux-victimes.ch\/fr\/ou-puis-je-trouver-de-laide\/\" target=\"_blank\" rel=\"noopener\">centre LAVI de votre choix.<\/a> Le centre LAVI est le <strong>centre d\u2019Aide aux Victimes d\u2019Infractions<\/strong> qui propose aussi des consultations gratuites et confidentielles. Sur le canton du Valais il <a href=\"https:\/\/dev-vqf.creatives.com\/trouver-de-laide\/\" target=\"_blank\" rel=\"noopener\">existe trois lieux<\/a> o\u00f9 vous pourriez consulter soit \u00e0 Sion, Collombey-Muraz et Brig. Ces derniers seraient \u00e0 m\u00eame de vous adresser au besoin \u00e0 des psychoth\u00e9rapeutes qualifi\u00e9s du canton.<br \/>\r\n<br \/>\r\nNous esp\u00e9rons avoir pu vous donner des \u00e9l\u00e9ments de r\u00e9ponse \u00e0 votre question et restons quoiqu\u2019il en soit \u00e0 votre disposition.<br \/>\r\n<br \/>\r\n<\/div><\/div><\/div><\/div><\/div><\/div><div class='qa_acc_item'><span class='acc_toggler'><\/span><div class='item_header'><h3>Stalking d&#8217;un ancien ami, que faire pour stopper ce cauchemar ?<h3><div class='vqf_fixed_width_text'><p>19 mars 2022 - Coc... Bonjour, Je me permets de vous contacter car je vis depuis bient\u00f4t novembre 2021, un harcelement moral d'une connaissance. J'ai rencontr\u00e9 cette personne en juillet 2021 alors que j'\u00e9tais stage \u00e0 Lausanne. Cette personne se...<\/p><\/div><\/div><div class='item_body'><div class='quesion_response_block'><div class='question'><h5>Question<\/h5><div class='vqf_fixed_width_text'><div class=\"box-question p2\"><br \/>\r\n<p class=\"color-grey small mt1 mb0\">19 mars 2022 - Coc...<\/p><br \/>\r\nBonjour,<br \/>\r\n<br \/>\r\nJe me permets de vous contacter car je vis depuis bient\u00f4t novembre 2021, un harcelement moral d'une connaissance. J'ai rencontr\u00e9 cette personne en juillet 2021 alors que j'\u00e9tais stage \u00e0 Lausanne.<br \/>\r\n<br \/>\r\nCette personne se comportait amicalement avec moi jusqu'au moment o\u00f9 elle a souhait\u00e9 un rapprochement. Suite \u00e0 cela, j'ai souhait\u00e9 couper les ponts avec cet individu. Depuis peu il r\u00e9apparait dans ma vie \u00e0 Lausanne en venant la nuit taper \u00e0 ma porte et en essayant de reprendre contact. D\u00e8s d\u00e9cembre 2021, j'ai chang\u00e9 mon num\u00e9ro de t\u00e9l\u00e9phone mais il connait toujours mon adresse et le code d'entr\u00e9e de l'immeuble.<br \/>\r\n<br \/>\r\nDepuis je n'arrive plus \u00e0 \u00e9tudier, \u00e0 me concentrer. J'ai peur qu'il m'attende dehors de la rue, je suis terroris\u00e9 \u00e0 l'id\u00e9e de le voir.<br \/>\r\n<br \/>\r\nQue dois-je faire pour stopper ce cauchemar ?<br \/>\r\n<br \/>\r\nMerci d'avance<br \/>\r\n<br \/>\r\n<\/div><br \/>\r\n<div class=\"bg-grey p2\"><br \/>\r\n<h3><\/h3><br \/>\r\n<h3><\/p><\/div><\/div><div class='response'><h5>Response<\/h5><div class='vqf_fixed_width_text'><p><\/h3><br \/>\r\nBonjour,<br \/>\r\n<br \/>\r\nL\u2019\u00e9t\u00e9 dernier, lors d\u2019un stage, tu as rencontr\u00e9 un homme qui s\u2019est dans un premier temps montr\u00e9 amicale avec toi puis a souhait\u00e9 un rapprochement. Son d\u00e9sir n\u2019\u00e9tait pas le tiens et tu as alors voulu couper le contact avec cette connaissance. Celui-ci n\u2019accepte pas ta d\u00e9cision et cherche \u00e0 te contacter par tous les moyens et depuis plusieurs mois d\u00e9j\u00e0. Tu as m\u00eame chang\u00e9 de num\u00e9ro de t\u00e9l\u00e9phone mais cet homme conna\u00eet encore ton adresse et le code de ton immeuble. Tu as peur et nous demande conseils pour faire cesser cette situation invivable.<br \/>\r\n<br \/>\r\nNous comprenons tes craintes. Tu as bien fait de nous \u00e9crire car il n\u2019est pas \u00e9vident de savoir comment r\u00e9agir face \u00e0 ce genre de situation angoissante.<br \/>\r\n<br \/>\r\nSelon ce que tu d\u00e9cris dans ton message, ce que tu subis depuis 4 mois s\u2019apparente \u00e0 du \u00ab\u00a0stalking\u00a0\u00bb ou \u00ab\u00a0harc\u00e8lement obsessionnel\u00a0\u00bb. Ces termes d\u00e9signent le fait de pers\u00e9cuter, de harceler et de menacer une personne de mani\u00e8re obsessionnelle, syst\u00e9matique et r\u00e9p\u00e9t\u00e9e qui provoque la peur chez la victime et conduit celle-ci \u00e0 craindre pour sa s\u00e9curit\u00e9. En effet, la recherche de proximit\u00e9 et de contact personnel non d\u00e9sir\u00e9s (par ex. via le t\u00e9l\u00e9phone) ou le fait de s\u2019introduire dans ton immeuble constituent des actes de stalking. Plusieurs motivations peuvent pousser les auteur-e-s de tels actes comme une d\u00e9ception amoureuse ou le d\u00e9sir d\u2019une relation.<br \/>\r\n<br \/>\r\nCes comportements, pris isol\u00e9ment, peuvent para\u00eetre banals. Mais, en raison de leur combinaison, de leur fr\u00e9quence et de leur dur\u00e9e, ils se transforment au fils du temps en stalking. Comme tu le mentionnes, le harc\u00e8lement obsessionnel repr\u00e9sente une situation de stress chronique pour les victimes et a des cons\u00e9quences sur leur sant\u00e9 et leur vie quotidienne (sentiment de peur, angoisse de rencontrer la personne, diminution de la concentration, sentiment d\u2019impuissance, \u2026).<br \/>\r\n<br \/>\r\nHeureusement, il existe des solutions pour te prot\u00e9ger et trouver de l\u2019aide. Les strat\u00e9gies suivantes sont recommand\u00e9es aux personnes victimes de stalking\u00a0: couper tout contact et refuser syst\u00e9matiquement de le r\u00e9tablir (signaler une fois la personne qui harc\u00e8le que les contacts ne sont pas souhait\u00e9s puis ignorer toute tentative de reprise de contact)\u00a0; informer son entourage sur la situation de stalking (pour \u00e9viter qu\u2019il transmette involontairement des informations sur la victime, afin d\u2019avoir d\u2019\u00e9ventuels t\u00e9moins)\u00a0; conserver toutes preuves des actes de stalking\u00a0; prendre des mesures de s\u00e9curit\u00e9 (par ex. changer de num\u00e9ro de t\u00e9l\u00e9phone comme tu l\u2019as fait ou faire une demande de changement de code d\u2019entr\u00e9e de l\u2019immeuble \u00e0 la g\u00e9rance)\u00a0; informer la police (qui peut avoir la possibilit\u00e9 de prendre des mesures pr\u00e9ventives ou imm\u00e9diates)\u00a0; demander de l\u2019aide et des conseils (aupr\u00e8s de sp\u00e9cialistes).<br \/>\r\n<br \/>\r\nEn effet, nous t\u2019encourageons \u00e0 prendre contact avec <a href=\"https:\/\/www.profa.ch\/lavi\/\" target=\"_blank\" rel=\"noopener\">un centre d\u2019aide au victime (centre LAVI)<\/a>. Dans le canton de Vaud, il existe trois antennes que tu peux joindre par t\u00e9l\u00e9phone pour fixer un rendez-vous\u00a0: centre LAVI Aigle <strong>021 631 03 04<\/strong>, centre LAVI Lausanne <strong>021 631 03 00<\/strong>, centre LAVI Yverdon <strong>021<\/strong><strong>631 03 08<\/strong>. Des professionnel-le-s sauront te conseiller au mieux selon ta situation et tes besoins, de mani\u00e8re gratuite et confidentielle. Si tu le souhaites, le centre LAVI pourra \u00e9galement prendre en charge des frais de psychoth\u00e9rapie et solliciter des conseils juridiques aupr\u00e8s d\u2019avocat-e-s sp\u00e9ciali\u00e9-e-s. Car certains actes de stalking peuvent \u00eatre poursuivis p\u00e9nalement, bien qu\u2019il n\u2019existe pas d\u2019infraction sp\u00e9cifique de stalking en Suisse.<br \/>\r\n<br \/>\r\nNous esp\u00e9rons que les quelques pistes donn\u00e9es te seront aidantes et nous te souhaitons beaucoup de courage pour faire face \u00e0 cette situation et entreprendre les prochaines d\u00e9marches. Pour compl\u00e9ter les informations donn\u00e9es, nous t\u2019invitons \u00e9galement \u00e0 aller visiter <a href=\"https:\/\/www.skppsc.ch\/fr\/sujets\/violence\/stalking\/\" target=\"_blank\" rel=\"noopener\">ce site<\/a>. N\u2019h\u00e9site pas \u00e0 nous r\u00e9\u00e9crire si tu as d\u2019autres questions ou simplement pour nous donner des nouvelles de la situation. Prends bien soin de toi.<br \/>\r\n<br \/>\r\n<\/div><\/div><\/div><\/div><\/div><\/div><div class='qa_acc_item'><span class='acc_toggler'><\/span><div class='item_header'><h3>Ma m\u00e8re subit des violences, comment la soutenir?<h3><div class='vqf_fixed_width_text'><p>18 mars 2022 - La ... Bonjour, Je m'adresse \u00e0 vous aujour'hui car j'aimerais aider ma M\u00e8re qui va mal. Plusieurs fois durant ces derniers mois elle m'a ppel\u00e9 en pleurs, elle a besoin d'un exutoire. En effet, elle me...<\/p><\/div><\/div><div class='item_body'><div class='quesion_response_block'><div class='question'><h5>Question<\/h5><div class='vqf_fixed_width_text'><div class=\"box-question p2\"><br \/>\r\n<p class=\"color-grey small mt1 mb0\">18 mars 2022 - La ...<\/p><br \/>\r\nBonjour,<br \/>\r\n<br \/>\r\nJe m'adresse \u00e0 vous aujour'hui car j'aimerais aider ma M\u00e8re qui va mal. Plusieurs fois durant ces derniers mois elle m'a ppel\u00e9 en pleurs, elle a besoin d'un exutoire. En effet, elle me dit que mon p\u00e8re s'acharne sur elle, l'insulte, l'humilie, la fait se sentir comme la derni\u00e8re des m**. Ce sont des personnes qui ont des moyens et qui peuvent \u00eatre sereins quant \u00e0 leur avenir, mais ma m\u00e8re a toujours \u00e9t\u00e9 \u00e9loign\u00e9e des questions de finance ou de paiement...<br \/>\r\n<br \/>\r\nJe pense qu'elle a peur de ne pas s'en sortir seule. Mon p\u00e8re a toujours \u00e9t\u00e9 odieux, nerveux, peu s\u00fbr de lui et le fait payer aux personnes autour de lui. J'aimerais que ma M\u00e8re puisse \u00eatre libre comme ma soeur et moi m\u00eame le sommes aujourd'hui et qu'elle puisse s'aimer et profiter de la vie enfin \u00e0 71ans. Mes questions sont donc les suivantes:<br \/>\r\n<ul><br \/>\r\n \t<li>comment puis-je l'aider<\/li><br \/>\r\n \t<li>comment puis-je lui faire comprendre que son bien \u00eatre devrait \u00eatre sa priorit\u00e9 et que ce qu'elle subit c'est de la violence et que personne ne devrait subir tout \u00e7a? -<\/li><br \/>\r\n \t<li>comment puis-je la rassurer et lui montrer que tout se passera bien ?<\/li><br \/>\r\n<\/ul><br \/>\r\nJe vous remercie pour le temps accord\u00e9 \u00e0 mes requ\u00eate et vous transmets mes meilleures salutations.<br \/>\r\n<br \/>\r\nLa fille<br \/>\r\n<br \/>\r\n<\/div><br \/>\r\n<div class=\"bg-grey p2\"><br \/>\r\n<h3><\/h3><br \/>\r\n<h3><\/p><\/div><\/div><div class='response'><h5>Response<\/h5><div class='vqf_fixed_width_text'><p><\/h3><br \/>\r\nBonjour Madame,<br \/>\r\n<br \/>\r\nVous vous adressez \u00e0 nous au sujet de votre m\u00e8re qui est aux prises avec des violences psychologiques et \u00e9conomiques de la part de votre p\u00e8re, ceci depuis des ann\u00e9es semblerait-il. Vous aimeriez savoir comment l'aider \u00e0 prendre soin d'elle et enfin s'aimer.<br \/>\r\n<br \/>\r\nLes violences d\u00e9crites sont effectivement des <a href=\"https:\/\/dev-vqf.creatives.com\/la-violence-dans-le-couple\/la-violence-psychologique\/\" target=\"_blank\" rel=\"noopener\">violences psychologiques<\/a>. Les insultes, les humiliations, les d\u00e9nigrements en sont tout autant d'exemples. Ce sont des violences perverses car elles sont souvent invisibles aux yeux des autres mais elles s'attaquent tr\u00e8s directement \u00e0 l'estime et \u00e0 la confiance en soi.<br \/>\r\n<br \/>\r\nVous faites aussi mention de possibles <a href=\"https:\/\/dev-vqf.creatives.com\/la-violence-dans-le-couple\/la-violence-economique\/\" target=\"_blank\" rel=\"noopener\">violences \u00e9conomiques<\/a>\u00a0car vous avez l'impression que votre m\u00e8re\u00a0est \u00e9loign\u00e9e de toutes les questions de finances et de paiements au sein de son couple. Cela semble la d\u00e9stabiliser dans une potentielle\u00a0d\u00e9cision \u00e0 prendre.<br \/>\r\n<br \/>\r\nTout d'abord, il est extr\u00eamement important que votre m\u00e8re ait pu se confier au sujet de ce qu'elle vit. Il faut savoir que les violences conjugales existent ind\u00e9pendamment de l'\u00e2ge, de la classe sociale, des origines. Une femme sur 5 en Suisse en est malheureusement victime. \u00a0Cependant, se confier \u00e0 \u00a0l'une de ses filles, vous-m\u00eame, est une position bien d\u00e9licate que vous avez endoss\u00e9 malgr\u00e9 vous.<br \/>\r\n<br \/>\r\nVous avez bien fait d'accueillir son r\u00e9cit et de chercher de l'aide afin qu'elle puisse maintenant se confier \u00e0 des professionnel-le-s du domaine des violences conjugales. Elle pourrait par exemple prendre contact avec l'association\u00a0<a href=\"https:\/\/sfne.ch\/\" target=\"_blank\" rel=\"noopener\">Solidarit\u00e9 Femmes<\/a>\u00a0et les joindre au num\u00e9ro suivant: (<strong>032) 889 66 49<\/strong> pour le <strong>centre \u00e0 Neuch\u00e2tel<\/strong> ou au (<strong>032) 889 66 49<\/strong> pour le <strong>centre \u00e0 la Chaux-de-Fonds<\/strong>. Ils\/elles proposent des consultations <strong>gratuites<\/strong> et <strong>confidentielles<\/strong>. \u00a0Elle pourrait trouver aupr\u00e8s d'eux des conseils avis\u00e9s par rapport \u00e0 sa situation personnelle. Au besoin, les intervenant-e-s ont \u00e9galement une possibilit\u00e9 d'h\u00e9bergement. Prendre de la distance g\u00e9ographique aide souvent \u00e0 y voir plus clair et sortir de l'emprise install\u00e9e depuis tant d'ann\u00e9es.<br \/>\r\n<br \/>\r\nPrendre son t\u00e9l\u00e9phone pour convenir d'un rendez-vous\u00a0est souvent une \u00e9tape en soi, surtout apr\u00e8s des ann\u00e9es de violences. Pour l'aider, vous pourriez peut-\u00eatre lui proposer de l'accompagner physiquement au premier rendez-vous.<br \/>\r\n<br \/>\r\nBien entendu, si votre m\u00e8re devait subir d'autres types de violences comme des violences physiques ou des menaces graves, elle peut appeler la police, le <strong>117<\/strong> ceci\u00a0<strong>24h\/24.<\/strong><br \/>\r\n<br \/>\r\nEn tant que proche, vous \u00eates bien entendu aussi tout \u00e0 fait en droit d'appeler les m\u00eames num\u00e9ros pr\u00e9cit\u00e9s afin de pouvoir \u00eatre accompagn\u00e9e. N'h\u00e9sitez pas \u00e0 reprendre contact avec nous si vous aviez d'autres questions.<br \/>\r\n<br \/>\r\n<\/div><\/div><\/div><\/div><\/div><\/div><div class='qa_acc_item'><span class='acc_toggler'><\/span><div class='item_header'><h3>Au d\u00e9but un jeu, les chatouilles d&#8217;un-e ami-e ont d\u00e9rap\u00e9 alors que j&#8217;avais refus\u00e9. Est-ce un abus ?<h3><div class='vqf_fixed_width_text'><p>14 mars 2022 - HFC... Je passais du temps avec un(e) ami(e) \u00e0 moi et cette personne a voulu me chatouiller mais j'ai refus\u00e9 alors cette personne m'a dit que je devais accepter la defaite car j'etais chatouilleux\/chatouilleuse et j'ai...<\/p><\/div><\/div><div class='item_body'><div class='quesion_response_block'><div class='question'><h5>Question<\/h5><div class='vqf_fixed_width_text'><div class=\"box-question p2\"><br \/>\r\n<p class=\"color-grey small mt1 mb0\">14 mars 2022 - HFC...<\/p><br \/>\r\nJe passais du temps avec un(e) ami(e) \u00e0 moi et cette personne a voulu me chatouiller mais j'ai refus\u00e9 alors cette personne m'a dit que je devais accepter la defaite car j'etais chatouilleux\/chatouilleuse et j'ai refus\u00e9.<br \/>\r\n<br \/>\r\nAlors on s'est battu un peu trop violemment pour un simple jeu et avant que je n'ai eut le temps de cligner, mon ami(e) m'avait plaqu\u00e9 contre le lit avec mon visage contre le matelas. Je detestais ce qui m'arrivait et j'avais deja insiste que cette personne arr\u00eate mais je savais qu'elle n'allait pas arreter tant que je n'accepte la defaite.<br \/>\r\n<br \/>\r\n\u00c0 ce moment la, cette personne \u00e0 commencer \u00e0 me chatouiller mais c'etait different. Cette personne \u00e0 commencer \u00e0 me toucher les c\u00f4tes de mani\u00e8re douce et sensuelle et je lui ai demand\u00e9 d'arr\u00eater mais mon ami(e) m'a dit que non tant que j'accepte d'etre vaincu. Apr\u00e8s, cette personne m'a fait des caresses sur le cou, m'a souffl\u00e9 dans l'oreille et m' a retenu les bras sous ses jambes en me touchant les c\u00f4tes, le cou et \u00e9tant assis(e) sur moi. Finalement, j'ai accept\u00e9 defait et je l'ai repousse et peu apr\u00e8s, je suis rentr\u00e9(e) chez moi.<br \/>\r\n<br \/>\r\nMais je me sentais horrible, d\u00e9gueulasse et j'\u00e9tais rouge de honte et de rage. Je me sentais tellement tellement mal et je n'arrivais pas me concentrer ou faire quoique ce soit. Est-ce que c'\u00e9tait de l'abus ? Est-ce que j'exag\u00e8re ? Aidez-moi s'il vous plait.<br \/>\r\n<br \/>\r\n<\/div><br \/>\r\n<div class=\"bg-grey p2\"><br \/>\r\n<h3><\/h3><br \/>\r\n<h3><\/p><\/div><\/div><div class='response'><h5>Response<\/h5><div class='vqf_fixed_width_text'><p><\/h3><br \/>\r\nBonjour,<span class=\"Apple-converted-space\">\u00a0<\/span><br \/>\r\n<br \/>\r\nTu nous expliques que lors d\u2019un jeu avec un-e ami-e, cette personne te demandait d\u2019accepter la d\u00e9faite. Tu ne l\u2019as pas souhait\u00e9 et elle s\u2019est permise ensuite d\u2019agir avec violence. Puis, elle a chang\u00e9 de comportement et a commenc\u00e9 \u00e0 te chatouiller et te caresser de mani\u00e8re sensuelle, ceci en \u00e9tant assis-e sur toi. En acceptant finalement la d\u00e9faite, tu as pu t\u2019extraire et partir. Tu t\u2019es sentie tr\u00e8s mal en rentrant chez toi. Tu\u00a0te demandes si c\u2019est un abus.<br \/>\r\n<br \/>\r\nLe simple fait que cet-te ami-e\u00a0ne respecte pas ce que tu ne veux pas est d\u00e9j\u00e0 un d\u00e9passement de limites de ta personne et de ton intimit\u00e9. Tu lui as formul\u00e9 ton refus clairement mais elle ne t\u2019a pas \u00e9cout\u00e9-e et a continu\u00e9 d\u2019agir contrairement \u00e0 ta volont\u00e9.\u00a0Cette personne a agi en cela de <a href=\"https:\/\/dev-vqf.creatives.com\/la-violence-dans-le-couple\/la-violence-psychologique\/\" target=\"_blank\" rel=\"noopener\">violence psychologique<\/a>: elle a ni\u00e9 ton choix, celui de ne pas vouloir c\u00e9der ni jouer \u00e0 son \"jeu\". Elle a voulu garder un certain pouvoir, \u00a0en prenant le dessus sur toi. Par ailleurs, par les actes que tu d\u00e9cris, on peut aussi parler de <a href=\"https:\/\/dev-vqf.creatives.com\/la-violence-dans-le-couple\/la-violence-physique\/\" target=\"_blank\" rel=\"noopener\">violence physique<\/a>: elle t'a mis-e dans une position o\u00f9 il a \u00e9t\u00e9 compliqu\u00e9 de t'extraire, notamment ceci en te bloquant les bras et en s'asseyant sur toi. Elle t'a immobilis\u00e9-e et elle t'a emp\u00each\u00e9-e d'agir. Contraindre\u00a0physiquement quelqu'un \u00e0 faire ou ne pas faire quelque chose ou le bloquer dans ses actes repr\u00e9sente de la violence physique. C'est du reste un acte qui peut \u00eatre\u00a0<a href=\"https:\/\/www.fedlex.admin.ch\/eli\/cc\/54\/757_781_799\/fr\" target=\"_blank\" rel=\"noopener\">puni par la loi suisse sous l'article 181 du code p\u00e9nal suisse.<\/a><br \/>\r\n<br \/>\r\nIl est normal que tu ressentes de la honte et de la rage car ce que tu as v\u00e9cu n'est pas normal et contraire \u00e0 ta volont\u00e9. Tu as pu nous en parler et c'est en soi une excellente chose que de chercher de l'information et de v\u00e9rifier que ces actes ne sont pas ok.<br \/>\r\n<br \/>\r\nContinue \u00e0 t'entourer de personnes qui sont bienveillantes et\/ou de professionnel-les. Tu pourrais par exemple consulter\u00a0<a href=\"https:\/\/www.profa.ch\/\" target=\"_blank\" rel=\"noopener\">la Fondation PROFA<\/a>\u00a0pour ce faire, qui propose de nombreuses consultations en lien avec des espaces de paroles autour de l'intimit\u00e9 et\/ou de la violence.<br \/>\r\n<br \/>\r\nN'h\u00e9site pas \u00e0 nous recontacter si tu en ressens le besoin.<br \/>\r\n<br \/>\r\n<\/div><\/div><\/div><\/div><\/div><\/div><div class='qa_acc_item'><span class='acc_toggler'><\/span><div class='item_header'><h3>Ma coll\u00e8gue subit des violences de la part de son conjoint malgr\u00e9 la s\u00e9paration. Elle n&#8217;a pas les moyens de payer un avocat. Qui peut l&#8217;aider ?<h3><div class='vqf_fixed_width_text'><p>13 mars 2022 - Fli... Bonjour, je me permets de vous \u00e9crire car ma coll\u00e8gue m\u2019a demand\u00e9 des conseils car elle a subis des violences de la part de son conjoint. Ils se sont s\u00e9par\u00e9s mais il exerce sur elle...<\/p><\/div><\/div><div class='item_body'><div class='quesion_response_block'><div class='question'><h5>Question<\/h5><div class='vqf_fixed_width_text'><div class=\"box-question p2\"><br \/>\r\n<div class=\"box-question p2\"><br \/>\r\n<p class=\"color-grey small mt1 mb0\">13 mars 2022 - Fli...<\/p><br \/>\r\nBonjour,<br \/>\r\n<br \/>\r\nje me permets de vous \u00e9crire car ma coll\u00e8gue m\u2019a demand\u00e9 des conseils car elle a subis des violences de la part de son conjoint. Ils se sont s\u00e9par\u00e9s mais il exerce sur elle une pression (passe devant chez elle la nuit, v\u00e9rifie si le moteur est chaud quand il vient chercher\/ramener les enfants\/ la menace\/etc). Elle a peur mais la police lui a dit ne rien pouvoir faire tant qu\u2019il ne se passe rien de concret. Elle aimerait qu\u2019une d\u00e9cision soit prise pour que l\u2019\u00e9change des enfants soit fait dans un lieu s\u00e9curis\u00e9 et neutre et que la garde partag\u00e9e soit ordonn\u00e9e (actuellement monsieur fait comme il veut et ne respecte rien, le but \u00e9tant qu\u2019elle ne puisse rien faire en dehors de s\u2019occuper des enfants. Il fait expr\u00e8s de les ramener plus vite ou bien plus tard que pr\u00e9vu juste pour l\u2019emb\u00eater).<br \/>\r\n<br \/>\r\nMais comme ils ne sont pas mari\u00e9s, aucun juge ne prendra cette d\u00e9cision. Elle aimerait prendre un avocat mais c\u2019est en dehors de ses moyens.<br \/>\r\n<br \/>\r\nQui pourrait l\u2019aider financi\u00e8rement ? Vers qui se tourner ? Merci d\u2019avance pour votre r\u00e9ponse. Ps: elle habite dans le canton de Berne<br \/>\r\n<br \/>\r\n<\/div><br \/>\r\n<div class=\"bg-grey p2\"><br \/>\r\n<h3><\/h3><br \/>\r\n<h3><\/p><\/div><\/div><div class='response'><h5>Response<\/h5><div class='vqf_fixed_width_text'><p><\/h3><br \/>\r\nBonjour Madame,<br \/>\r\n<br \/>\r\nVous nous \u00e9crivez ayant \u00e9t\u00e9 sollicit\u00e9e par une de vos coll\u00e8gues qui vit des violences de la part de son ex-conjoint.\u00a0 Vous pr\u00e9cisez qu'ils ne sont pas mari\u00e9s et ne font plus m\u00e9nage commun. Ils ont deux enfants. Monsieur continue d\u2019exercer sur Madame un certain contr\u00f4le, soutenu, notamment lors de la passation de leurs enfants. Elle a peur et n\u2019aurait actuellement pas le soutien de la police du fait qu'il y a peu d'\u00e9l\u00e9ments pour qu'elle puisse intervenir en urgence. Elle souhaiterait que les modalit\u00e9s de garde de leurs enfants soient clairement d\u00e9finies et que le relai\u00a0de ces derniers\u00a0se d\u00e9roulent dans un lieu s\u00e9curis\u00e9.<br \/>\r\n<br \/>\r\nVotre coll\u00e8gue semble effectivement avoir besoin d'aide\u00a0et s'entourer de professionnel-le-s semble n\u00e9cessaire puisque son ex-compagnon et p\u00e8re de leurs enfants ne respecte pas\u00a0les droits de visite qu'ils ont convenus, ni ne la respecte. Vous \u00e9voquez par ailleurs de la <a href=\"https:\/\/dev-vqf.creatives.com\/la-violence-dans-le-couple\/la-violence-psychologique\/\" target=\"_blank\" rel=\"noopener\">violence psychologique<\/a>\u00a0que nous relevons par les contr\u00f4les, des v\u00e9rifications qu'il effectue ainsi que les menaces qu'il adresse \u00e0 son ex-compagne. Ces sont tout autant d'actes qui engendrent de la peur, de la perte de confiance en soi et en l'autre.<br \/>\r\n<br \/>\r\nAu vu de la situation que vous d\u00e9crivez, notamment des menaces prof\u00e9r\u00e9es \u00e0 son encontre, votre coll\u00e8gue serait tout \u00e0 fait en droit de faire appel au <a href=\"https:\/\/www.opferhilfe-bern.ch\/fr\" target=\"_blank\" rel=\"noopener\">Centre LAVI de Berne, (le Centre d'Aide aux Victimes d'Infractions)<\/a>. Elle pourrait les joindre aux num\u00e9ros suivants:\u00a0<strong>031 370 30 70 (Pour le centre de Berne) <\/strong>ou <strong>032 322 56 (pour le centre de Bienne)<\/strong> afin de convenir d'un rendez-vous et \u00e9valuer sa situation personnelle plus en d\u00e9tails. Les Centres\u00a0LAVI, pr\u00e9sents dans chaque canton, proposent des consultations <strong>gratuites<\/strong> et <strong>confidentielles<\/strong>. Les professionnel-le-s de ces centres sont notamment pr\u00e9sent-e-s pour \u00e9couter le v\u00e9cu de tout type de personnes victimes et les conseiller, orienter dans le r\u00e9seau. Quand une personne est reconnue victime au sens de la loi LAVI, elle peut\u00a0b\u00e9n\u00e9ficier de certaines prestations, comme notamment la repr\u00e9sentation d'un-e avocat-e pour le volet p\u00e9nal, mais aussi pour le volet civil dans certains cas lorsqu'il s'agit de <strong>mesures de protection<\/strong> \u00e0 mettre en place. <a href=\"https:\/\/www.vd.ch\/fileadmin\/user_upload\/themes\/vie_privee\/ViolenceDomestique\/pdf\/1_Fiche_28CC_CCLVD.pdf\" target=\"_blank\" rel=\"noopener\">L'article 28b du Code civil suisse<\/a>\u00a0vise justement \u00e0 la protection de la personnalit\u00e9.\u00a0Cela peut \u00eatre une <strong>demande de p\u00e9rim\u00e8tre de s\u00e9curit\u00e9<\/strong>, une <strong>interdiction de fr\u00e9quenter<\/strong> <strong>certains lieux<\/strong> ou une <strong>interdiction de prendre contact<\/strong> avec la personne qui en est victime et\/ou ses enfants concern\u00e9s.<br \/>\r\n<br \/>\r\nPar ailleurs, nous\u00a0avons bien compris que le couple n'est pas mari\u00e9, mais cela n'emp\u00eache pas un-e Juge civil-e de pouvoir statuer sur les modalit\u00e9s de garde et\/ou droits de visite en cas de besoin. Madame pourrait \u00a0aussi s'adresser au\u00a0<a href=\"https:\/\/www.fambe.sites.be.ch\/fr\/guide-des-familles\/crises\/protection-de-lenfance\" target=\"_blank\" rel=\"noopener\">Service Protection des mineurs<\/a>\u00a0pour trouver des conseils quant \u00e0 la protection de ses enfants, voir conna\u00eetre les lieux de points de rencontre sur le canton de Berne et ses modalit\u00e9s.<br \/>\r\n<br \/>\r\nNous esp\u00e9rons vous avoir donn\u00e9 quelques \u00e9clairages afin d'aider votre coll\u00e8gue dans les difficult\u00e9s rencontr\u00e9es. Qu'elle n'h\u00e9site pas \u00e0 nous contacter si elle a d'autres demandes.<br \/>\r\n<br \/>\r\n<\/div><br \/>\r\n<\/div><\/div><\/div><\/div><\/div><\/div><div class='qa_acc_item'><span class='acc_toggler'><\/span><div class='item_header'><h3>Meine Frau wird gewaltt\u00e4tig, was soll ich tun?<h3><div class='vqf_fixed_width_text'><p>13 mars 2022 - 118... Meine Frau dreht manchmal durch und wird mir gegen\u00fcber gewaltt\u00e4tig. Bis jetzt habe ich mich nicht getraut der Polizei anzurufen aus diversen Gr\u00fcnden. Was werden die Nachbaren denken wenn auf einmal bei uns im Quartier...<\/p><\/div><\/div><div class='item_body'><div class='quesion_response_block'><div class='question'><h5>Question<\/h5><div class='vqf_fixed_width_text'><div class=\"box-question p2\"><br \/>\r\n<p class=\"color-grey small mt1 mb0\">13 mars 2022 - 118...<\/p><br \/>\r\nMeine Frau dreht manchmal durch und wird mir gegen\u00fcber gewaltt\u00e4tig. Bis jetzt habe ich mich nicht getraut der Polizei anzurufen aus diversen Gr\u00fcnden. Was werden die Nachbaren denken wenn auf einmal bei uns im Quartier die Polizei auftaucht, Scham und Unsicherheit ob die Polizei mir ueberhaupt glauben w\u00fcrde, und nicht zuletzt will ich meine Frau vor Rassismus seitens der Polizei sch\u00fctzen (sie ist schwarz). Des weiteren hat meine Frau kein Einkommen oder grosse Ersparnisse. Ich habe mal gelesen wenn man die Polizei anruft wird die Gewalt aus\u00fcbende Person des Hauses verwiesen nur wohin verweisen sie jemanden der mittellos ist? Was soll ich tun?<br \/>\r\n<br \/>\r\n<\/div><br \/>\r\n<div class=\"bg-grey p2\"><br \/>\r\n<h3><\/p><\/div><\/div><div class='response'><h5>Response<\/h5><div class='vqf_fixed_width_text'><p><\/h3><br \/>\r\nGuten Tag,<br \/>\r\n<br \/>\r\nSie haben uns anvertraut, dass Ihre Frau manchmal die Beherrschung verliert und Gewalt gegen Sie aus\u00fcbt. Sie haben Angst davor, die Polizei anzurufen, weil Sie sich Sorgen machen, was die Nachbar*innen \u00fcber Sie denken, nicht ernst genommen zu werden oder auch davor, dass Ihre Frau Rassismus ausgesetzt ist oder weggewiesen wird, ohne jegliche finanzielle Mittel.<br \/>\r\n<br \/>\r\nSie haben richtig gehandelt, uns zu schreiben und in dieser Situation nicht allein zu bleiben. Das Schweigen zu brechen ist ein mutiger erster Schritt und f\u00fcr einen Mann ist es aufgrund gesellschaftlicher Vorurteile umso schwieriger, sich zu der erlittenen Gewalt zu bekennen. Wir verstehen auch, dass Sie z\u00f6gern, die Polizei anzurufen. Paargewalt ist jedoch <a href=\"https:\/\/dev-vqf.creatives.com\/fr\/informations\/loi\" target=\"_blank\" rel=\"noopener\">gesetzlich verboten<\/a> und hat <a href=\"https:\/\/dev-vqf.creatives.com\/fr\/informations\/consequences\/pour-les-victimes\" target=\"_blank\" rel=\"noopener\">weitreichende Konsequenzen f\u00fcr die Betroffenen<\/a>. Es ist uns auch wichtig Ihnen zu sagen: In Paargewalt, das Person, das Gewalt aus\u00fcbt, verliert nicht die Beherrschung, sondern es nihmt die Berherrschung.<br \/>\r\n<br \/>\r\nWir werden Ihnen einige M\u00f6glichkeiten aufzeigen, wie Sie sich sch\u00fctzen und den <a href=\"https:\/\/dev-vqf.creatives.com\/fr\/informations\/cycle-de-la-violence\" target=\"_blank\" rel=\"noopener\">Teufelskreis der Gewalt<\/a> durchbrechen k\u00f6nnen. Die Polizei ist nicht ihre einzige Stelle, die Ihnen Hilfe anbieten kann.<br \/>\r\n<br \/>\r\nHaben Sie versucht, in einem ruhigen Moment mit Ihrer Frau \u00fcber die Situation zu sprechen? Ist ihr bewusst, dass ihr Verhalten f\u00fcr Sie schwer zu ertragen ist? Vielleicht k\u00f6nnten Sie versuchen, den Dialog mit Ihrer Frau zu suchen, damit die Situation nicht weiter andauert.<br \/>\r\n<br \/>\r\nAllerdings ist es f\u00fcr das Paar oft schwierig, allein aus der Gewaltproblematik herauszukommen. Es ist wichtig, dass Sie geh\u00f6rt werden und Unterst\u00fctzung erhalten. Ihre Frau braucht Hilfe, um ihre gewaltt\u00e4tigen Handlungen zu stoppen.<br \/>\r\n<br \/>\r\nIn Ihrer Situation m\u00f6chten wir Sie ermutigen, mit einer <a href=\"https:\/\/www.opferhilfe-bern.ch\/de\/sie-sind-betroffen-von\/haeusliche-gewalt\" target=\"_blank\" rel=\"noopener\">Beratungsstelle Opferhilfe<\/a> Kontakt aufzunehmen. Im Kanton Bern k\u00f6nnen Sie diese telefonisch sowie per E-Mail erreichen. In der Stadt Bern :\u00a0<strong>031 370 30 70, beratungsstelle@opferhilfe-bern.ch.\u00a0<\/strong>In Biel :\u00a0<strong>032 322 56 33, beratungsstelle@opferhilfe-biel.ch.<\/strong>\u00a0Es ist auch wichtig, dass Sie wissen, dass Sie auch das Recht haben, <a href=\"https:\/\/www.opferhilfe-schweiz.ch\/de\/wo-finde-ich-hilfe\/\" target=\"_blank\" rel=\"noopener\">eine Beratungsstelle Opferhilfe in einem anderen Kanton<\/a> aufzusuchen. Dort werden Ihnen Fachpersonen zuh\u00f6ren, ohne zu urteilen, Sie \u00fcber Ihre Rechte informieren und Sie entsprechend Ihren Bed\u00fcrfnissen beraten. Falls n\u00f6tig und gew\u00fcnscht, kann auch eine Notunterkunft von der Opferhilfe organisiert werden. Es gibt zum Beispiel <a href=\"https:\/\/www.zwueschehalt.ch\/bern\/\" target=\"_blank\" rel=\"noopener\">das M\u00e4nnerhaus Zw\u00fcscheHalt<\/a>, das m\u00e4nnliche Opfer von h\u00e4uslicher Gewalt aufnimmt, ihnen Unterst\u00fctzung und Beratung bietet. Sie k\u00f6nnen die Verantwortlichen von Zw\u00fcscheHalt auch unter <strong>031 552 08 70<\/strong> oder per E-Mail <strong>bern@zwueschehalt.ch<\/strong>kontaktieren.<br \/>\r\n<br \/>\r\nSie k\u00f6nnen Ihrer Frau auch vorschlagen, sich an die <a href=\"https:\/\/www.big.sid.be.ch\/de\/start\/hilfe\/hilfe-fuer-gewalt-ausuebende\/unser-beratungsangebot.html\" target=\"_blank\" rel=\"noopener\">Berner Interventionsstelle gegen H\u00e4usliche Gewalt<\/a>\u00a0zu wenden, damit sie lernt, Konflikte ohne Gewalt zu l\u00f6sen und nicht die Kontrolle \u00fcber sich zu verlieren. In einem unverbindlichen Erstgespr\u00e4ch k\u00f6nnen Fachleute ihr erkl\u00e4ren, welche Art von Unterst\u00fctzung m\u00f6glich ist. Sie kann sie unter der Nummer <strong>079 308 84 05<\/strong> oder per E-Mail an <strong>info.big.sid@be.ch<\/strong> erreichen. Eine Alternative w\u00e4re, dass sie bei einer Psychotherapeut*in ihrer Wahl an ihrem Umgang mit Emotionen arbeitet.<br \/>\r\n<br \/>\r\nWir hoffen, dass unsere Antwort f\u00fcr Sie hilfreich war und dass sie Ihnen hilft, die notwendigen Schritte zu unternehmen, um aus dieser schwierigen Situation herauszukommen. Z\u00f6gern Sie nicht, uns erneut zu schreiben, wenn Sie weitere Fragen haben oder uns einfach nur mitteilen m\u00f6chten, wie sich Ihre Situation entwickelt.<br \/>\r\n<br \/>\r\n<\/div><\/div><\/div><\/div><\/div><\/div><div class='qa_acc_item'><span class='acc_toggler'><\/span><div class='item_header'><h3>Comment savoir si je suis victime de violence \u00e0 la maison?<h3><div class='vqf_fixed_width_text'><p>09 mars 2022 - Fer... Bonjour, comment savoir ce que je soufre est de la violence \u00e0 la maison? J'ai immigr\u00e9 pour me marrier avec un Suisse et depuis l\u00e0, moi et mon fils, nous soufrons de maltraitance \u00e0 la...<\/p><\/div><\/div><div class='item_body'><div class='quesion_response_block'><div class='question'><h5>Question<\/h5><div class='vqf_fixed_width_text'><div class=\"box-question p2\"><br \/>\r\n<p class=\"color-grey small mt1 mb0\">09 mars 2022 - Fer...<\/p><br \/>\r\nBonjour,<br \/>\r\n<br \/>\r\ncomment savoir ce que je soufre est de la violence \u00e0 la maison? J'ai immigr\u00e9 pour me marrier avec un Suisse et depuis l\u00e0, moi et mon fils, nous soufrons de maltraitance \u00e0 la maison. Humiliations \u00e0 cause de l'argent, d\u00e9nigre ma r\u00e9ligion, humilie mons fils adolescent tout le jour, se sont 8 ans de marriage et deux enfants avec mon mari. Il ne veut pas se s\u00e9parer, on a une maison ensemble et il dit que ne veut pas sortir de la maison.<br \/>\r\n<br \/>\r\nQuoi faire? Appeler la police? S'il n'y a pas d'agression physique, la police ne va pas se mettre la d\u00e9dans. J'habite proche de Zurique.<br \/>\r\n<br \/>\r\n<\/div><br \/>\r\n<div class=\"bg-grey p2\"><br \/>\r\n<h3><\/h3><br \/>\r\n<h3><\/p><\/div><\/div><div class='response'><h5>Response<\/h5><div class='vqf_fixed_width_text'><p><\/h3><br \/>\r\nBonjour Madame,<br \/>\r\n<br \/>\r\nVous nous dites \u00eatre immigr\u00e9e et mari\u00e9e avec un homme suisse avec lequel vous \u00eates en couple depuis 8 ans. De votre union, sont n\u00e9s deux enfants. Vous-m\u00eames avez un gar\u00e7on adolescent d'une premi\u00e8re relation. Votre mari ne souhaite ni se s\u00e9parer, ni quitter votre maison ceci dans un contexte de violences faites d'humiliations et de d\u00e9nigrements quotidiens \u00e0 votre encontre et envers votre fils a\u00een\u00e9. Vous nous questionnez si vous vivez bien de la violence psychologique et si vous pouvez\u00a0appeler la police en pr\u00e9cisant qu'il n'y a pas de violences physiques. Vous mettez en doute que la police se d\u00e9place dans ce cas.<br \/>\r\n<br \/>\r\nVous\u00a0semblez effectivement \u00eatre victime de \u00a0<a href=\"https:\/\/dev-vqf.creatives.com\/la-violence-dans-le-couple\/la-violence-psychologique\/\" target=\"_blank\" rel=\"noopener\">violence psychologique<\/a>\u00a0de la part de votre mari. Les d\u00e9nigrements en tout genre, les rabaissements, les contr\u00f4les, les interdictions font parties de ces violences psychologiques qui sont invisibles. Elles sont cependant tout autant d\u00e9vastatrices car cela impacte grandement l'estime de soi mais aussi le d\u00e9veloppement des enfants qu'ils soient eux-m\u00eames\u00a0<a href=\"https:\/\/dev-vqf.creatives.com\/la-violence-dans-le-couple\/je\/jeunes\/\" target=\"_blank\" rel=\"noopener\">victimes, t\u00e9moins directs ou indirects<\/a>. Si vous souhaitez une s\u00e9paration, vous pourriez demander des <a href=\"https:\/\/www.guidesocial.ch\/recherche\/fiche\/generatepdfAll\/140\" target=\"_blank\" rel=\"noopener\">mesures protectrices de l'union conjugale.<\/a>\u00a0Ces mesures peuvent \u00eatre demand\u00e9es, selon les cas, en urgence et de mani\u00e8re unilat\u00e9rale si la vie commune n'est tout simplement plus possible au vu des violences que vous d\u00e9crivez. Le ou la Juge peut d\u00e9cider temporairement dans ces cas qui du couple reste au domicile, qui a la garde des enfants et propose un droit de visite pour l'autre parent.\u00a0<a href=\"https:\/\/www.obzh.ch\/\" target=\"_blank\" rel=\"noopener\">Le centre LAVI du canton de Zurich, (le centre d'Aide aux Victimes d'Infractions<\/a>) pourrait vous renseigner \u00e0 ce sujet. Ce centre propose des consultations gratuites et confidentielles autant pour les adultes que pour les adolescent-e-s. Vous pouvez les contacter au num\u00e9ro:\u00a0<strong>044 299 40 50. <\/strong>Au besoin, Les inter peuvent \u00e9galement organiser, ceci sans frais, une consultation avec un interpr\u00e8te de votre langue maternelle. Il faut encore savoir que dans chaque canton il existe un ou plusieurs centres LAVI et que vous pouvez consulter le centre LAVI de votre choix, peu importe le lieu de votre domicile.<br \/>\r\n<br \/>\r\nSi votre fils adolescent a besoin de se confier au sujet des humiliations dont il est victime, il peut s'adresser au site\u00a0<a href=\"https:\/\/www.ciao.ch\/\" target=\"_blank\" rel=\"noopener\">\"ciao.ch\"<\/a>. Il pourrait aussi appeler la ligne d'\u00e9coute t\u00e9l\u00e9phonique pour les jeunes, le <strong>147<\/strong>\u00a0et\/ou consulter\u00a0<a href=\"https:\/\/www.147.ch\/fr\/\" target=\"_blank\" rel=\"noopener\">leur site internet<\/a>.<br \/>\r\n<br \/>\r\nBien entendu, si ces violences devaient \u00eatre ou devenir des menaces et\/ou de la violence physique, vous \u00eates tout \u00e0 fait en droit d'appeler la police via le num\u00e9ro national le\u00a0<strong>117, <\/strong>ceci<strong> 24h\/24. \u00a0 \u00a0 \u00a0 \u00a0 \u00a0 \u00a0 \u00a0 \u00a0 \u00a0 \u00a0 \u00a0 \u00a0 \u00a0 \u00a0 \u00a0 \u00a0<\/strong>Dans les cas de menaces ou de violences physiques, la police peut prendre des mesures imm\u00e9diates. \u00a0Ils sont en droit d'expulser\u00a0du domicile l'auteur des violences, ceci pour un certain nombre de jours, avant que la d\u00e9cision ne soit ratifi\u00e9e par un-e Juge. C'est une mesure civile qui vise \u00e0 la protection des personnes qui sont victimes.<br \/>\r\n<br \/>\r\nNous esp\u00e9rons vous avoir \u00e9clair\u00e9 au sujet de votre situation et nous\u00a0vous souhaitons beaucoup de courage dans cette p\u00e9riode difficile.<br \/>\r\n<br \/>\r\n<\/div><\/div><\/div><\/div><\/div><\/div><div class='qa_acc_item'><span class='acc_toggler'><\/span><div class='item_header'><h3>Ma copine a \u00e9t\u00e9 victime d&#8217;un viol, comment l&#8217;aider ?<h3><div class='vqf_fixed_width_text'><p>01 mars 2022 - CJF... Ma copine a pass\u00e9 un week-end dans un chalet avec des ami-e-s et a \u00e9t\u00e9 victime d'un viol. Cependant elle ne m'en a pas parl\u00e9 je l'ai appris au travers d'un post qu'elle a fait...<\/p><\/div><\/div><div class='item_body'><div class='quesion_response_block'><div class='question'><h5>Question<\/h5><div class='vqf_fixed_width_text'><div class=\"box-question p2\"><br \/>\r\n<p class=\"color-grey small mt1 mb0\">01 mars 2022 - CJF...<\/p><br \/>\r\nMa copine a pass\u00e9 un week-end dans un chalet avec des ami-e-s et a \u00e9t\u00e9 victime d'un viol. Cependant elle ne m'en a pas parl\u00e9 je l'ai appris au travers d'un post qu'elle a fait sur un r\u00e9seau social (reddit).<br \/>\r\n<br \/>\r\nMa question est comment je peux l'aider au mieux. Dois-je lui dire que je suis au courant ou lui laisser le temps pour qu'elle me le dise? Je sais qu'elle a prit contact avec un-e psychologue pour \u00e7a (elle le dit sur le post).<br \/>\r\n<br \/>\r\n<\/div><br \/>\r\n<div class=\"bg-grey p2\"><br \/>\r\n<h3><\/h3><br \/>\r\n<h3><\/p><\/div><\/div><div class='response'><h5>Response<\/h5><div class='vqf_fixed_width_text'><p><\/h3><br \/>\r\nBonjour,<br \/>\r\n<br \/>\r\nTu as appris par un message post\u00e9 sur un r\u00e9seau social par ta copine qu\u2019elle a \u00e9t\u00e9 victime d\u2019un viol lors d\u2019un weekend. Tu te fais du souci pour elle et souhaites la soutenir au mieux mais tu te sens coinc\u00e9 car elle ne t\u2019en a pas parl\u00e9 directement. Tu as bien fait de nous \u00e9crire car il n\u2019est pas \u00e9vident de savoir comment r\u00e9agir face \u00e0 ce genre de situation d\u00e9licate.<br \/>\r\n<br \/>\r\nPlusieurs raisons peuvent expliquer le fait qu\u2019elle ne se soit pas confier \u00e0 toi pour le moment. Souvent les personnes victimes de viol ressentent des sentiments de honte ou de culpabilit\u00e9. L\u2019humiliation et la d\u00e9gradation v\u00e9cues provoquent cette honte vis-\u00e0-vis des autres. Puis, nous vivons dans une soci\u00e9t\u00e9 qui met souvent en cause la victime (ph\u00e9nom\u00e8ne social appel\u00e9 \u00ab\u00a0culture du viol\u00a0\u00bb)\u00a0en accusant la victime de \u00ab\u00a0l\u2019avoir bien cherch\u00e9\u00a0\u00bb avec son comportement ou sa tenue vestimentaire par exemple. Pourtant, le seul responsable est la personne auteure des violences et rien ne peut justifier de tels actes, ce sont des d\u00e9lits graves. Il n\u2019est pas non plus \u00e9vident de parler de cette agression \u00e0 son copain \u00e0 cause notamment de la crainte que cet \u00e9v\u00e9nement mette fin \u00e0 la relation ou change le regard de ce dernier. Il est important que ta copine sente que ce qu'elle a v\u00e9cu ne d\u00e9finit pas \"qui elle est\" et que cela n'impacte pas ton regard sur elle ni votre relation.<br \/>\r\n<br \/>\r\nTa copine a \u00e9t\u00e9 capable de sortir du silence et a voulu se confier sur les r\u00e9seaux sociaux. Nous te conseillons donc de ne pas ignorer le fait que tu aies eu connaissance de cette agression mais de lui en parler ouvertement et de mani\u00e8re non-jugeante, tout en respectant son choix si elle ne se sent pas pr\u00eate \u00e0 t'en parler. En effet, pour une personne victime, recevoir du soutien de son entourage est tr\u00e8s important. Les attitudes aidantes aupr\u00e8s d\u2019une victime d\u2019agression sexuelle sont de l\u2019\u00e9couter, de la croire, de ne pas minimiser ce qu\u2019elle a v\u00e9cu, de la d\u00e9culpabiliser, de valider ses \u00e9motions, et de respecter son rythme.<br \/>\r\n<br \/>\r\nTa copine a eu le bon r\u00e9flexe de prendre contact avec un-e psychologue. Tu peux \u00e9galement lui indiquer les ressources venant en aide aux personnes victimes de violences sexuelles et lui proposer de l\u2019accompagner \u00e0 faire ses d\u00e9marches si elle le souhaite. Dans le canton du Valais, <a href=\"https:\/\/www.espas.info\/\" target=\"_blank\" rel=\"noopener\">l\u2019association Espas<\/a> est sp\u00e9cialis\u00e9e dans le soutien th\u00e9rapeutique des personnes ayant subi des abus sexuels. Leur antenne est situ\u00e9e \u00e0 Sion et elle peut les contacter par t\u00e9l\u00e9phone au <strong>0848.515.000<\/strong> ou par mail \u00e0 l\u2019adresse\u00a0<a href=\"mailto:contact@espas.info\">contact@espas.info<\/a>. Nous lui conseillons aussi prendre contact avec le <a href=\"https:\/\/www.vs.ch\/web\/sas\/lavi-contacts\" target=\"_blank\" rel=\"noopener\">centre LAVI<\/a>, joignable au <strong>027\u00a0607 31 00<\/strong>. Des professionnel-le-x-s l\u2019\u00e9couteront, la conseilleront, et l\u2019informeront sur ses droits de mani\u00e8re gratuite et confidentielle. Les frais de psychoth\u00e9rapie pourront \u00e9galement \u00eatre pris en charge par la LAVI et les proches des victimes peuvent aussi\u00a0\u00eatre re\u00e7u-e-x-s en consultation. <strong>Aussi et surtout, si ce n'est pas d\u00e9j\u00e0 fait, il serait tr\u00e8s pr\u00e9cieux si ta copine pouvait se rendre \u00e0 l'<a href=\"https:\/\/www.hopitalduvalais.ch\/disciplines-medicales\/disciplines-de-a-a-z\/violences\" target=\"_blank\" rel=\"noopener\">Unit\u00e9 de m\u00e9decine des violences<\/a> de l'H\u00f4pital pour v\u00e9rifier son \u00e9tat de sant\u00e9 mais aussi pour effectuer un constat d'agression sexuel si cela est encore possible<\/strong>. Pour prendre rendez-vous: ces au <strong>027 603 63 70<\/strong>.<br \/>\r\n<br \/>\r\nNous esp\u00e9rons que les conseils donn\u00e9s t\u2019aideront \u00e0 soutenir ta copine de mani\u00e8re adapt\u00e9e. Nous t\u2019invitons \u00e0 \u00e9galement prendre soin de toi car ces situations peuvent aussi \u00eatre lourdes \u00e9motionnellement, d\u00e9stabilisantes et douloureuse pour les proches. N\u2019h\u00e9site pas \u00e0 nous r\u00e9\u00e9crire si tu as d\u2019autres questions ou pour nous donner des nouvelles de la situation.<br \/>\r\n<br \/>\r\n<\/div><\/div><\/div><\/div><\/div><\/div><div class='qa_acc_item'><span class='acc_toggler'><\/span><div class='item_header'><h3>Ma soeur enceinte est victime de violence conjugal, que puis-je faire pour lui venir en aide?<h3><div class='vqf_fixed_width_text'><p>11 f\u00e9vrier 2022 - Sop... Bonjour, je me permets de vous contacter car je suis t\u00e9moins depuis un certain temps des violences faites envers ma soeur par son copain. Apr\u00e8s plusieurs ruptures, ils sont \u00e0 nouveau ensemble et il vit...<\/p><\/div><\/div><div class='item_body'><div class='quesion_response_block'><div class='question'><h5>Question<\/h5><div class='vqf_fixed_width_text'><div class=\"box-question p2\"><br \/>\r\n<p class=\"color-grey small mt1 mb0\">11 f\u00e9vrier 2022 - Sop...<\/p><br \/>\r\nBonjour,<br \/>\r\n<br \/>\r\nje me permets de vous contacter car je suis t\u00e9moins depuis un certain temps des violences faites envers ma soeur par son copain.<br \/>\r\n<br \/>\r\nApr\u00e8s plusieurs ruptures, ils sont \u00e0 nouveau ensemble et il vit d\u00e9sormais chez elle. Elle est actuellement enceinte et subit des violences physiques et psychologiques. Elle n'ose pas en parler car elle a peur des repr\u00e9sailles envers elle et son b\u00e9b\u00e9 ainsi qu'envers sa famille car elle a re\u00e7u plusieurs menaces de la part de son copain ainsi que de la famille de celui-ci. J'ai essay\u00e9 de me renseigner aupr\u00e8s des autorit\u00e9s comp\u00e9tentes en Suisse sans r\u00e9ussir \u00e0 obtenir de questions pr\u00e9cises et je ne sais plus vers qui me tourner mais il est ABSOLUMENT hors de questions que je reste passive sans essayer au mieux d'aider ma soeur.<br \/>\r\n<br \/>\r\nJe souhaiterai donc savoir s'il je peux me tourner aupr\u00e8s de quelqu'un afin d'avoir des r\u00e9ponses \u00e0 mes multiples questions ainsi que conna\u00eetre les droits dont dispose ma soeur et des \u00e9ventuelles possibilit\u00e9s. Merci d'avance pour votre temps<br \/>\r\n<br \/>\r\n<\/div><br \/>\r\n<div class=\"bg-grey p2\"><br \/>\r\n<h3><\/h3><br \/>\r\n<h3><\/p><\/div><\/div><div class='response'><h5>Response<\/h5><div class='vqf_fixed_width_text'><p><\/h3><br \/>\r\nBonjour Madame,<br \/>\r\n<br \/>\r\nVotre s\u0153ur enceinte subit des violences <a href=\"https:\/\/dev-vqf.creatives.com\/la-violence-dans-le-couple\/la-violence-physique\/\" target=\"_blank\" rel=\"noopener\">physiques<\/a> et <a href=\"https:\/\/dev-vqf.creatives.com\/la-violence-dans-le-couple\/la-violence-psychologique\/\" target=\"_blank\" rel=\"noopener\">psychologiques<\/a> de la part de son copain. Vous ne supportez pas ces violences et vous ne souhaitez pas fermer les yeux face \u00e0 cette situation. Votre inqui\u00e9tude vis-\u00e0-vis des violences que subit votre s\u0153ur est l\u00e9gitime et nous la partageons.<br \/>\r\n<br \/>\r\nOser sortir du silence et briser le cycle de la violence prend un certain temps pour les victimes de violence. En effet, votre s\u0153ur doit probablement ressentir des \u00e9motions n\u00e9gatives telles que de la honte et de la culpabilit\u00e9. Ces \u00e9motions l\u2019emp\u00eachent d\u2019oser parler de sa situation. De plus, <a href=\"https:\/\/dev-vqf.creatives.com\/la-violence-dans-le-couple\/je\/jeunes\/\" target=\"_blank\" rel=\"noopener\">l\u2019enfant<\/a> que porte votre s\u0153ur doit \u00e9galement ressentir sa d\u00e9tresse et la violence physique pourrait nuire au bon d\u00e9roulement de la grossesse. En effet, les enfants, m\u00eame dans le ventre de leur m\u00e8re, ressentent les \u00e9motions n\u00e9gatives que provoque la violence, il est donc important de les prot\u00e9ger. Le soutien de proches comme vous dans ces moments difficiles est pr\u00e9cieux, nous saluons votre courage d\u2019avoir bris\u00e9 le silence en nous \u00e9crivant.<br \/>\r\n<br \/>\r\nNous vous sugg\u00e9rons de proposer \u00e0 votre s\u0153ur de prendre contact avec le centre d\u2019accueil <a href=\"https:\/\/malleyprairie.ch\/\" target=\"_blank\" rel=\"noopener\">Malleyprairie<\/a> au num\u00e9ro suivant\u00a0: <strong>021 620 76 76<\/strong>. Votre s\u0153ur aura droit \u00e0 un entretien gratuit et confidentiel au cours duquel elle pourra parler de sa situation sans subir de jugements. Les professionnel-le-s du centre pourront conseiller votre s\u0153ur quant \u00e0 ses droits et m\u00eame l\u2019accueillir dans l\u2019h\u00e9bergement d\u2019urgence si elle en a le besoin pour se prot\u00e9ger de son agresseur.<br \/>\r\n<br \/>\r\nAussi, nous conseillons vivement \u00e0 votre soeur et\/ou \u00e0 vous m\u00eame de prendre contact rapidement avec le\u00a0<a href=\"https:\/\/www.aide-aux-victimes.ch\/fr\/\" target=\"_blank\" rel=\"noopener\">Centre LAVI<\/a> de votre choix afin d'\u00eatre inform\u00e9e et conseill\u00e9e sur ses droits et les aides dont elle pourrait b\u00e9n\u00e9ficier. Dans le canton de Vaud, le Centre LAVI est sur <a href=\"https:\/\/www.profa.ch\/horaires-et-telephones\/lavi-telephones\/\" target=\"_blank\" rel=\"noopener\">plusieurs sites<\/a> (Lausanne, Aigle, Yverdon-les-Bains). Les intervenant-e-s pourront infomer, conseiller et soutenir dans les d\u00e9marches juridiques de votre soeur. <strong>Les consultations sont gratuites et confidentielles.<\/strong><br \/>\r\n<br \/>\r\nAussi, nous aimerions vous rappeler que la violence est interdite par la loi. Le compagnon de votre s\u0153ur n\u2019a pas le droit d\u2019avoir des comportements violents envers elle. En cas de crise au domicile, votre s\u0153ur ou vous-m\u00eame pouvez \u00e0 tout moment contacter la police au <strong>117<\/strong>. Les forces de l\u2019ordre sont habitu\u00e9es \u00e0 ce genre de crises et peuvent, au cours d\u2019une intervention, expulser l\u2019agresseur de votre s\u0153ur du domicile conjugal.<br \/>\r\n<br \/>\r\nNous esp\u00e9rons avoir pu vous amener quelques pistes et r\u00e9ponses. N\u2019h\u00e9sitez pas \u00e0 nous recontacter si vous avez d\u2019autres questions ou si vous souhaitez nous tenir au courant de la situation. Nous vous adressons nos meilleures salutations, prenez bien soin de vous et de votre soeur.<br \/>\r\n<br \/>\r\n<\/div><\/div><\/div><\/div><\/div><\/div><div class='qa_acc_item'><span class='acc_toggler'><\/span><div class='item_header'><h3>J\u2019ai peur de ses r\u00e9actions, que faire?<h3><div class='vqf_fixed_width_text'><p>11 f\u00e9vrier 2022 - Dal... Bonjour, j'ai rencontr\u00e9 un homme, tr\u00e8s doux et gentil. Vraiment un prince charmant. Malheureusement, je d\u00e9couvre depuis peu qu'il peut subitement changer de personnalit\u00e9, se mettre en col\u00e8re ou \u00eatre jaloux. Si je parle aux...<\/p><\/div><\/div><div class='item_body'><div class='quesion_response_block'><div class='question'><h5>Question<\/h5><div class='vqf_fixed_width_text'><div class=\"box-question p2\"><br \/>\r\n<p class=\"color-grey small mt1 mb0\">11 f\u00e9vrier 2022 - Dal...<\/p><br \/>\r\nBonjour,<br \/>\r\n<br \/>\r\nj'ai rencontr\u00e9 un homme, tr\u00e8s doux et gentil. Vraiment un prince charmant. Malheureusement, je d\u00e9couvre depuis peu qu'il peut subitement changer de personnalit\u00e9, se mettre en col\u00e8re ou \u00eatre jaloux. Si je parle aux autres hommes (caissier, serveur, etc), il me reproche de draguer quelque d'autre devant lui, ce qui est absolument faux. Par peur, je le laisse d\u00e9sormais commander lorsque nous sommes au restaurant.<br \/>\r\n<br \/>\r\nL'autre jour, il s'est \u00e0 nouveau mis en col\u00e8re et m'a dit qu'il allait me quitter, que je n'aurais plus de nouvelles de lui. Je ne savais pas ce que j'avais fait et je lui ai demand\u00e9 de parler. Il m'a r\u00e9pondu qu'il avait la flemme et avait autre chose \u00e0 faire que r\u00e9gler ce genre de b\u00eatises. Je l'ai suppli\u00e9 de me parler, de m'expliquer ce que j'avais fait. Je me suis m\u00eame excus\u00e9e si je l'avais bless\u00e9, tout en sachant que je n'ai rien fait... Pendant 24h, je n'ai pas eu de nouvelles, je pensais que c'\u00e9tait fini.<br \/>\r\n<br \/>\r\nAujourd'hui, il m'\u00e9crit qu'il a absolument besoin de moi, qu'il ne peut pas vivre sans moi. Je lui ai demand\u00e9 d'en parler face \u00e0 face mais il dit qu'il ne peut pas pour le moment. Il me dit aussi qu'il a peur de me perdre et qu'il sait qu'il a un mauvais caract\u00e8re. Je lui ai dit que ces paroles me blessent et il s'est excus\u00e9 et veut une deuxi\u00e8me chance car je suis tout pour lui.<br \/>\r\n<br \/>\r\nMoi aussi je l'aime mais j'ai peur de cette relation, j'ai peur de ces r\u00e9actions et j'ai m\u00eame peur de lui dire ceci. Je lui ai dit qu'on pouvait reprendre contact mais gentiment et il ne m'a pas encore r\u00e9pondu.<br \/>\r\n<br \/>\r\nIl n'a jamais \u00e9t\u00e9 violent physiquement. C'est juste ses paroles qui m'ont bless\u00e9es. Que faire ?<br \/>\r\n<br \/>\r\n<\/div><br \/>\r\n<div class=\"bg-grey p2\"><br \/>\r\n<h3><\/h3><br \/>\r\n<h3><\/p><\/div><\/div><div class='response'><h5>Response<\/h5><div class='vqf_fixed_width_text'><p><\/h3><br \/>\r\nBonjour Madame,<br \/>\r\n<br \/>\r\nSuite \u00e0 une rencontre avec un homme qui s\u2019est montr\u00e9 tendre et sympathique, dans un premier temps, vous constatez depuis quelques temps une autre facette de lui-m\u00eame. En effet, il s\u2019av\u00e8re \u00eatre excessivement jaloux et a des acc\u00e8s soudain de col\u00e8re. Vous craignez ses r\u00e9actions et nous demandez que faire face \u00e0 cette situation compliqu\u00e9e. Vous avez bien fait de nous \u00e9crire et de ne pas rester seule face \u00e0 ces difficult\u00e9s.<br \/>\r\n<br \/>\r\n<a href=\"https:\/\/dev-vqf.creatives.com\/la-violence-dans-le-couple\/la-violence-psychologique\/\" target=\"_blank\" rel=\"noopener\">La violence psychologique<\/a> est plus sournoise que la violence physique mais vous avez su d\u00e9tecter certaines attitudes et comportements de votre partenaire qui s\u2019y rapportent\u00a0: jalousie et reproches lors que vous interagissez avec d\u2019autres hommes, crises de col\u00e8re impr\u00e9visibles, menaces de vous quitter, refus de vous parler sans donner d\u2019explication.<br \/>\r\n<br \/>\r\nLe conflit dans une relation est quelque chose de sain, \u00e0 condition qu\u2019il soit accompagn\u00e9 d\u2019une communication constructive entre les deux partenaires et que chacun\u00b7e se sente libre de s\u2019exprimer. Refuser le dialogue, comme il le fait, peut \u00eatre une mani\u00e8re de garder le contr\u00f4le et le pouvoir sur vous et la situation. Ses r\u00e9actions violentes entra\u00eenent chez vous la peur et une certaine forme de soumission \u00e0 son \u00e9gard, vous n\u2019osez plus commander au restaurant ni lui partager vos pr\u00e9occupations. Vous vous retrouvez \u00e0 marcher constamment sur des \u0153ufs par crainte de d\u00e9clencher une crise de fureur. Ce sont des cons\u00e9quences normales \u00e0 des agissements qui ne le sont pas. \u00catre col\u00e9rique n\u2019est pas un \u00ab\u00a0trait de caract\u00e8re\u00a0\u00bb, ce sont des habitudes de fonctionnement qui peuvent \u00eatre modifi\u00e9es en faisant un travail sur soi.<br \/>\r\n<br \/>\r\nDans votre description des \u00e9v\u00e9nements, nous constatons \u00e9galement que la violence semble se d\u00e9rouler sous forme d\u2019<a href=\"https:\/\/dev-vqf.creatives.com\/la-violence-dans-le-couple\/la-violence-cest-quoi\/\" target=\"_blank\" rel=\"noopener\">un cycle<\/a>. Apr\u00e8s l\u2019explosion de violence, viennent les justifications, les excuses et les promesses. Cependant, la lune de miel ne dure rarement et les \u00e9pisodes de violence augmentent en fr\u00e9quence et en intensit\u00e9 avec le temps. Il est souvent difficile d\u2019interrompre cette spirale de violence sans aide professionnelle.<br \/>\r\n<br \/>\r\nComme vous tentez de le faire, nous vous encourageons \u00e0 ouvrir le dialogue avec votre partenaire afin de ne pas laisser cette situation perdurer. Vous pouvez lui proposer de s\u2019adresser \u00e0 l\u2019<a href=\"http:\/\/www.ex-pression.ch\/fr\" target=\"_blank\" rel=\"noopener\">association EX-pression<\/a> afin de travailler sa gestion de la col\u00e8re. Des professionnel\u00b7l\u00b7es pourront, lors d\u2019un premier entretien sans engagement, lui expliquer le type d\u2019accompagnement possible. Il peut les joindre au <strong>0848 08 08 08<\/strong> ou par mail \u00e0 l\u2019adresse info@ex-pression.ch. Nous vous encourageons \u00e9galement \u00e0 prendre contact avec le <a href=\"https:\/\/www.officefamilial.ch\/fr\/\" target=\"_blank\" rel=\"noopener\">Service de consultation conjugale et familiale de l\u2019Office familial Fribourg<\/a> au <strong>026 322 10 14<\/strong>. Les consultations peuvent avoir lieu \u00e0 Fribourg, Bulle ou Morat et le tarif est fix\u00e9 selon votre revenu. Si votre partenaire n\u2019est pas pr\u00eat \u00e0 faire la d\u00e9marche, vous pouvez vous y rendre seule dans un premier temps.<br \/>\r\n<br \/>\r\nNous esp\u00e9rons que notre r\u00e9ponse vous aura \u00e9t\u00e9 utile et qu\u2019elle vous permettra d\u2019activer les ressources n\u00e9cessaires pour sortir de cette impasse. N\u2019h\u00e9sitez pas \u00e0 nous r\u00e9\u00e9crire si vous avez d\u2019autres questions ou si vous souhaitez simplement nous donner des nouvelles par rapport \u00e0 l\u2019\u00e9volution de votre situation. Prenez bien soin de vous.<br \/>\r\n<br \/>\r\n<\/div><\/div><\/div><\/div><\/div><\/div><div class='qa_acc_item'><span class='acc_toggler'><\/span><div class='item_header'><h3>Que faire de plus pour aider mon amie victime de violences psychologiques?<h3><div class='vqf_fixed_width_text'><p>10 f\u00e9vrier 2022 - Car... Bonjour, Mon amie est avec son compagnon depuis une dizaine d'ann\u00e9es. La violence verbalement s'est install\u00e9e et s'accentue ces derniers temps. Il l'insulte, la d\u00e9nigre, lui parle tr\u00e8s mal. Je n'ai pas assister personnellement \u00e0...<\/p><\/div><\/div><div class='item_body'><div class='quesion_response_block'><div class='question'><h5>Question<\/h5><div class='vqf_fixed_width_text'><div class=\"box-question p2\"><br \/>\r\n<p class=\"color-grey small mt1 mb0\">10 f\u00e9vrier 2022 - Car...<\/p><br \/>\r\nBonjour, Mon amie est avec son compagnon depuis une dizaine d'ann\u00e9es. La violence verbalement s'est install\u00e9e et s'accentue ces derniers temps. Il l'insulte, la d\u00e9nigre, lui parle tr\u00e8s mal. Je n'ai pas assister personnellement \u00e0 de telles sc\u00e8nes. Elle m'en a fait part. La situation s'est d\u00e9t\u00e9rior\u00e9e depuis quelques mois surtout lorsqu'il consomme de l'alcool. Il ne s'excuse plus de ces comportements, ce qu'il faisait avant. Il attend juste qu'elle parte et se trouve un appartement. Elle a essay\u00e9 de proposer d'aller voir qqn mais il refuse syst\u00e9matiquement. Ils n'ont pas d'enfant. Ils viennent d'emm\u00e9nager dans un endroit idyllique mais elle ne peut pas garder l'appartement toute seule avec son salaire. Elle a peur de partir. Pour moi et sa famille la situation est limpide, elle doit partir, se soustraire de cette situation toxique mais elle n'en a pas le courage, elle a Elle a peur de ne pas retrouver un logement, pas envie de retourner vivre chez ses parents...J'ai peur qu'elle se fasse du mal, elle me dit avoir des id\u00e9es suicidaires...Je ne peux pas la forcer \u00e0 partir, je lui ai juste propos\u00e9 mon aide pour l'accueillir chez moi, de l'aider pratiquement \u00e0 faire ses cartons mais la d\u00e9cision finale lui appartient. Que puis-je faire de plus? Auriez-vous qqn un th\u00e9rapeute \u00e0 me conseiller qui soit pris en charge financi\u00e8rement?<br \/>\r\n<br \/>\r\n<\/div><br \/>\r\n<div class=\"bg-grey p2\"><br \/>\r\n<h3><\/h3><br \/>\r\n<h3><\/p><\/div><\/div><div class='response'><h5>Response<\/h5><div class='vqf_fixed_width_text'><p><\/h3><br \/>\r\nBonjour,<br \/>\r\n<br \/>\r\nVous exposez les difficult\u00e9s de couple de votre amie. Vous n\u2019en avez jamais \u00e9t\u00e9 t\u00e9moin mais c\u2019est elle qui vous raconte que son compagnon lui parle mal, la d\u00e9nigre et l\u2019insulte. La situation se p\u00e9jore de plus en plus, toutefois votre amie ne semble pas avoir le courage de partir. Vous \u00eates \u00e0 la recherche de pistes pour vous, pour elle, afin de pouvoir lui venir en aide.<br \/>\r\n<br \/>\r\nNous tenons tout d\u2019abord \u00e0 valoriser votre d\u00e9marche de nous contacter. C\u2019est r\u00e9v\u00e9lateur de l\u2019amie pr\u00e9cieuse que vous \u00eates. C\u2019est aussi le t\u00e9moignage de vos inqui\u00e9tudes qui sont tout \u00e0 fait compr\u00e9hensibles.<br \/>\r\n<br \/>\r\nLes actes qui sont rapport\u00e9s par votre amie sont des faits de violence dite <a href=\"https:\/\/dev-vqf.creatives.com\/la-violence-dans-le-couple\/la-violence-psychologique\/\" target=\"_blank\" rel=\"noopener\">psychologique<\/a>. Cette derni\u00e8re est sournoise et s\u2019installe par le biais du ph\u00e9nom\u00e8ne appeler \u00ab <a href=\"https:\/\/dev-vqf.creatives.com\/la-violence-dans-le-couple\/la-violence-cest-quoi\/\" target=\"_blank\" rel=\"noopener\">cycle de la violence<\/a> \u00bb. Ce m\u00e9canisme qui se r\u00e9p\u00e8te engendre un risque d\u2019augmentation de la violence en termes de fr\u00e9quence et d\u2019intensit\u00e9, comme ce que nous percevons dans le r\u00e9cit de votre amie. Il est utile de savoir que c\u2019est gr\u00e2ce \u00e0 ce processus que l\u2019auteur annihile l\u2019identit\u00e9 de la victime et la met sous son emprise. Les cons\u00e9quences de cet \u00e9tat sont\u00a0entre autres : peur, confusion- perte de rep\u00e8res \u00e0 la r\u00e9alit\u00e9, perte d\u2019estime et de confiance en soi. Ces sympt\u00f4mes ont pour impact d\u2019hypnotiser la victime et de l\u2019emp\u00eacher d\u2019agir pour se mettre en protection, alors que la solution est si \u00e9vidente pour l\u2019entourage. Partir, et non mettre en danger sa vie.<br \/>\r\n<br \/>\r\nNous pouvons vous conforter dans votre positionnement et affirmer que la violence, sous toutes ses formes, est interdite. Votre amie a toute l\u00e9gitimit\u00e9 de pouvoir s\u2019en prot\u00e9ger et il existe des alternatives pour le faire. Sachez que ce que vous lui avez propos\u00e9 et votre pr\u00e9sence \u00e0 ses c\u00f4t\u00e9s repr\u00e9sentent d\u00e9j\u00e0 beaucoup\u00a0!<br \/>\r\n<br \/>\r\nVous avez d\u00e9j\u00e0 compris que la demande d\u2019aide doit venir d\u2019elle. Si tel est le cas, vous pouvez lui proposer de prendre contact avec le <a href=\"https:\/\/malleyprairie.ch\/\" target=\"_blank\" rel=\"noopener\">Centre d\u2019accueil Malleyprairie<\/a> au <strong>021.620.76.76<\/strong>. Cette institution offre les prestations suivantes\u00a0: permanence t\u00e9l\u00e9phonique, entretiens ambulatoires \u00e0 Lausanne ou ailleurs dans le canton, de l\u2019h\u00e9bergement. C\u2019est gratuit et confidentiel. Les professionnel-l-e-s qui l\u2019accueilleront pourront apporter \u00e9coute, soutien et orientation. De m\u00eame pour vous si vous souhaitez obtenir plus d\u2019informations en tant que personne de l\u2019entourage, en les joignant par t\u00e9l\u00e9phone.<br \/>\r\n<br \/>\r\nPour commencer, est-il possible d\u2019inviter votre amie \u00e0 consulter notre site si elle ne l\u2019a pas encore fait\u00a0?<br \/>\r\n<br \/>\r\nNous esp\u00e9rons vivement avoir pu vous renseigner au mieux et souhaitons que la situation de votre amie s\u2019am\u00e9liore bient\u00f4t. N\u2019h\u00e9sitez pas \u00e0 nous solliciter \u00e0 nouveau pour d\u2019autres questions ou nous donner des nouvelles.<br \/>\r\n<br \/>\r\nBien \u00e0 vous.<br \/>\r\n<br \/>\r\n<\/div><\/div><\/div><\/div><\/div><\/div><div class='qa_acc_item'><span class='acc_toggler'><\/span><div class='item_header'><h3>Conflits violents chez mes voisins, que faire pour aider?<h3><div class='vqf_fixed_width_text'><p>09 f\u00e9vrier 2022 - Gen... bonjour, Mes voisins du dessus ont des disputes de plus en plus violentes ou j'entends monsieur \u00eatre tr\u00e8s injurieux avec madame, il la menace aussi de la frapper si elle n'arr\u00eate pas. Hier soir la...<\/p><\/div><\/div><div class='item_body'><div class='quesion_response_block'><div class='question'><h5>Question<\/h5><div class='vqf_fixed_width_text'><div class=\"box-question p2\"><br \/>\r\n<p class=\"color-grey small mt1 mb0\">09 f\u00e9vrier 2022 - Gen...<\/p><br \/>\r\nbonjour,<br \/>\r\n<br \/>\r\nMes voisins du dessus ont des disputes de plus en plus violentes ou j'entends monsieur \u00eatre tr\u00e8s injurieux avec madame, il la menace aussi de la frapper si elle n'arr\u00eate pas. Hier soir la dispute \u00e9tait particuli\u00e8rement fortes et avec mes autres voisins nous avons h\u00e9sit\u00e9s \u00e0 avertir la police. Apr\u00e8s h\u00e9sitations ceux-ci sont mont\u00e9s sonner et Mme est venue ouvrir toute tremblante ...Ils ont demand\u00e9 si tout allait bien et que l'on \u00e9tait en soucis pour elle et sa fille de 2ans. Elle s'est excus\u00e9e des d\u00e9sagr\u00e9ments et n'a pas voulu trop parler Aujourd'hui je l'ai crois\u00e9 et nous avons discut\u00e9 un moment elle \u00e9tait plus d\u00e9tendue et m'a expliqu\u00e9 sa situation que son conjoint s'\u00e9nervait de plus en plus qu'elle avait l'impression qu'il buvait et prenait des drogues et que c'\u00e9tait toujours \u00e0 ces moments l\u00e0 que la situation se d\u00e9gradait qu'il se mettait dans des col\u00e8res terribles ou il la menace et lance tout ce qui est \u00e0 c\u00f4t\u00e9 de lui. Elle se sent coupable de la situation et voudrait lui venir en aide en l'envoyant dans un centre pour les personnes addictes Comment puis-je lui venir en aide car elle le plus important c'est qu'elle soit en s\u00e9curit\u00e9 Est-il utile de contacter la police pour avertir de la situation ou faut-il attendre une prochaine dispute... Je suis un peu d\u00e9sempar\u00e9e avec toutes ces informations Merci pour votre r\u00e9poonse<br \/>\r\n<br \/>\r\n<\/div><br \/>\r\n<div class=\"bg-grey p2\"><br \/>\r\n<h3><\/h3><br \/>\r\n<h3><\/p><\/div><\/div><div class='response'><h5>Response<\/h5><div class='vqf_fixed_width_text'><p><\/h3><br \/>\r\nBonjour Madame,<br \/>\r\n<br \/>\r\nIl y a souvent des disputes avec de la <a href=\"https:\/\/dev-vqf.creatives.com\/la-violence-dans-le-couple\/la-violence-psychologique\/\" target=\"_blank\" rel=\"noopener\">violence psychologique<\/a> chez vos voisins. Votre voisine vous a expliqu\u00e9 la situation, vous \u00eates inqui\u00e8te pour elle et aimeriez l'aider.<br \/>\r\n<br \/>\r\nNous saluons votre d\u00e9marche, vous avez raison, votre voisine et <a href=\"https:\/\/dev-vqf.creatives.com\/la-violence-dans-le-couple\/je\/jeunes\/\" target=\"_blank\" rel=\"noopener\">son enfant<\/a> ont besoin de s\u00e9curit\u00e9.<br \/>\r\n<br \/>\r\nEn cas de nouvelle forte dispute, nous vous encourageons \u00e0 appeler la police au <strong>117<\/strong> pour qu'elle puisse intervenir et assurer la s\u00e9curit\u00e9 de votre voisine. Lorsqu'une autorit\u00e9 est inform\u00e9e, cela peut aussi\u00a0avoir l'effet d'un stop plus clair \u00e0 ces comportements et faire bouger la situation. Votre voisine peut aussi le faire elle-m\u00eame si elle se sent en danger.<br \/>\r\n<br \/>\r\nLes sentiments de honte et de culpabilit\u00e9 sont des cons\u00e9quences des violences et emp\u00eachent la victime de partager ce qu'elle vit pour trouver un moyen d'en sortir. Elle essayera aussi de trouver une solution par elle-m\u00eame en ayant l'espoir que cela s'arr\u00eate si elle se comporte autrement. Or, ce n'est pas de sa faute. Le responsable est l'auteur des actes de violences. Il peut \u00eatre soutenu dans ces d\u00e9marches mais doit les faire par lui-m\u00eame car il est n\u00e9cessaire d'\u00eatre conscient des comportements probl\u00e9matiques pour arr\u00eater d'agir ainsi.<br \/>\r\n<br \/>\r\nVotre \u00e9coute sans jugement et vos conseils sont pr\u00e9cieux pour elle. Avoir pu vous partager ce qui se passe dans leur m\u00e9nage est un grand pas. Connaissant son v\u00e9cu, vous pouvez d\u00e9sormais lui proposer une orientation avec des professionnel-le-s qui pourront l'accompagner pour sortir de cette situation. Elle peut contacter <a href=\"http:\/\/www.lessentielles.ch\/\" target=\"_blank\" rel=\"noopener\">l'Association L'EssentiElles<\/a> et recevoir une aide gratuite et confidentielle en appelant au 0<strong>79 320 98 70<\/strong>.<br \/>\r\n<br \/>\r\nNous esp\u00e9rons que votre voisine poursuivra ces d\u00e9marches et restons \u00e0 disposition si vous avez d'autres questions. Nos meilleures messages.<br \/>\r\n<br \/>\r\n<\/div><\/div><\/div><\/div><\/div><\/div><div class='qa_acc_item'><span class='acc_toggler'><\/span><div class='item_header'><h3>Violence verbale: punissable par la loi suisse?<h3><div class='vqf_fixed_width_text'><p>06 f\u00e9vrier 2022 - Sam... Est-ce que la violence verbale, avec humiliation, rabaissement etc. dans un couple, un puni par la loi?<\/p><\/div><\/div><div class='item_body'><div class='quesion_response_block'><div class='question'><h5>Question<\/h5><div class='vqf_fixed_width_text'><div class=\"box-question p2\"><br \/>\r\n<p class=\"color-grey small mt1 mb0\">06 f\u00e9vrier 2022 - Sam...<\/p><br \/>\r\nEst-ce que la violence verbale, avec humiliation, rabaissement etc. dans un couple, un puni par la loi?<br \/>\r\n<br \/>\r\n<\/div><br \/>\r\n<div class=\"bg-grey p2\"><br \/>\r\n<h3><\/h3><br \/>\r\n<h3><\/p><\/div><\/div><div class='response'><h5>Response<\/h5><div class='vqf_fixed_width_text'><p><\/h3><br \/>\r\nBonjour,<br \/>\r\n<br \/>\r\nNous avons envie de te dire pour commencer que quoi qu'il en soit, la violence verbale tout comme la violence physique, sexuelle ou \u00e9conomique n'est tout simplement pas tol\u00e9r\u00e9e et vient impacter le bon d\u00e9veloppement de tout humain.\u00a0<a href=\"https:\/\/dev-vqf.creatives.com\/la-violence-dans-le-couple\/la-violence-psychologique\/\" target=\"_blank\" rel=\"noopener\">La violence psychologique<\/a> est souvent discr\u00e8te mais elle nuit \u00e9norm\u00e9ment et vient d\u00e9stabiliser la confiance en soi. Il est important qu'elle puisse cesser rapidement.<br \/>\r\n<br \/>\r\nPour r\u00e9pondre \u00e0 ta question, l'humiliation et le rabaissement ne sont pas encore punissables par la loi car cela reste compliqu\u00e9, au niveau des moyens de preuve, de les rendre visibles. Cependant et heureusement, il y a d'autres actes de violences psychologiques qui sont d\u00e9j\u00e0 punissables par le code p\u00e9nal suisse. Les injures le sont, sous <a href=\"https:\/\/fedlex.data.admin.ch\/filestore\/fedlex.data.admin.ch\/eli\/cc\/54\/757_781_799\/20200701\/fr\/pdf-a\/fedlex-data-admin-ch-eli-cc-54-757_781_799-20200701-fr-pdf-a.pdf\" target=\"_blank\" rel=\"noopener\">l'article 177 du code p\u00e9nal suisse<\/a> avec un d\u00e9lai de trois mois pour d\u00e9poser plainte p\u00e9nale. Les menaces graves sont \u00e9galement punies par la loi suisse sous <a href=\"https:\/\/fedlex.data.admin.ch\/filestore\/fedlex.data.admin.ch\/eli\/cc\/54\/757_781_799\/20200701\/fr\/pdf-a\/fedlex-data-admin-ch-eli-cc-54-757_781_799-20200701-fr-pdf-a.pdf\" target=\"_blank\" rel=\"noopener\">l'article 180 du code p\u00e9nal suisse.\u00a0<\/a>\u00a0Les d\u00e9lais d\u00e9pendent du contexte. Si tu subis des menaces et souhaites avoir plus d'informations \u00e0 ce sujet, tu peux joindre le <a href=\"https:\/\/www.profa.ch\/lavi\/\" target=\"_blank\" rel=\"noopener\">Centre LAVI<\/a>, le centre d'Aide aux Victimes d'Infractions au <strong>021 631 03 00<\/strong> de<strong> 9h \u00e0 12h<\/strong> et de <strong>14h \u00e0 17h<\/strong>.<br \/>\r\n<br \/>\r\nSaches aussi qu'il y a des lieux sp\u00e9cifiques o\u00f9 tu peux partager tous les v\u00e9cus de violences. <a href=\"https:\/\/malleyprairie.ch\/ambulatoire\/\" target=\"_blank\" rel=\"noopener\">Le Centre Malley Prairie<\/a> propose par exemple des consultations ambulatoires. Ils ont \u00e9galement un groupe de paroles en quinzaine. Pour plus d'informations, tu peux les joindre au num\u00e9ro suivant: <strong>021 620 76 76.<\/strong><br \/>\r\n<br \/>\r\nSi tu as d'autres questions en lien avec les violences, n'h\u00e9sites pas \u00e0 nous recontacter.<br \/>\r\n<br \/>\r\n<\/div><\/div><\/div><\/div><\/div><\/div><div class='qa_acc_item'><span class='acc_toggler'><\/span><div class='item_header'><h3>Mon amie subit des violences, comment l&#8217;aider si elle semble malheureuse mais qu&#8217;elle ne change pas sa situation?<h3><div class='vqf_fixed_width_text'><p>06 f\u00e9vrier 2022 - Jes... Bonjour, Une amie proche est en couple depuis plusieurs ann\u00e9es avec un homme qui l\u2019a viole et qui lui fait subir de la violence psychologique et financi\u00e8re. Elle en parle tr\u00e8s peu mais s\u2019est confi\u00e9e...<\/p><\/div><\/div><div class='item_body'><div class='quesion_response_block'><div class='question'><h5>Question<\/h5><div class='vqf_fixed_width_text'><div class=\"box-question p2\"><br \/>\r\n<p class=\"color-grey small mt1 mb0\">06 f\u00e9vrier 2022 - Jes...<\/p><br \/>\r\nBonjour,<br \/>\r\n<br \/>\r\nUne amie proche est en couple depuis plusieurs ann\u00e9es avec un homme qui l\u2019a viole et qui lui fait subir de la violence psychologique et financi\u00e8re. Elle en parle tr\u00e8s peu mais s\u2019est confi\u00e9e derni\u00e8rement \u00e0 une autre amie et \u00e0 moi-m\u00eame!<br \/>\r\n<br \/>\r\nPar moment elle veut le quitter et le lendemain elle fait comme si de rien n\u2019\u00e9tait\u2026 et nous dit qu\u2019elle est amoureuse\u2026!<br \/>\r\n<br \/>\r\nIls ont une fille de 3 ans qui commence \u00e0 comprendre un peu ce qu\u2019il se passe. Cette situation me mets mal-\u00e0-l\u2019aise, je sais qu\u2019elle n\u2019ai pas heureuse dans sa vie mais qu\u2019elle ne va rien entreprendre pour quitter cette situation compliqu\u00e9e par peur\u2026! Que pouvons-nous faire face \u00e0 \u00e7a?<br \/>\r\n<br \/>\r\n<\/div><br \/>\r\n<div class=\"bg-grey p2\"><br \/>\r\n<h3><\/h3><br \/>\r\n<h3><\/p><\/div><\/div><div class='response'><h5>Response<\/h5><div class='vqf_fixed_width_text'><p><\/h3><br \/>\r\nBonjour Madame,<br \/>\r\n<br \/>\r\nUne amie proche s\u2019est confi\u00e9e \u00e0 vous r\u00e9cemment au sujet des <a href=\"https:\/\/dev-vqf.creatives.com\/la-violence-dans-le-couple\/la-violence-sexuelle\/\" target=\"_blank\" rel=\"noopener\">violences sexuelles<\/a>, <a href=\"https:\/\/dev-vqf.creatives.com\/la-violence-dans-le-couple\/la-violence-psychologique\/\" target=\"_blank\" rel=\"noopener\">psychologique<\/a> et <a href=\"https:\/\/dev-vqf.creatives.com\/la-violence-dans-le-couple\/la-violence-economique\/\" target=\"_blank\" rel=\"noopener\">financi\u00e8res<\/a> dont elle est victime. Vous ressentez un malaise face \u00e0 cette situation car vous savez votre amie malheureuse mais ambivalente \u00e0 l\u2019id\u00e9e de se s\u00e9parer de son conjoint. Vous craigniez que ses craintes soient trop importantes pour qu\u2019elle change sa situation.<br \/>\r\n<br \/>\r\nAccompagner une personne victime de violence n\u2019est pas \u00e9vident et peut amener l\u2019entourage \u00e0 ressentir de l\u2019impuissance. Il est alors tout \u00e0 fait normal que vous vous questionniez sur la meilleure mani\u00e8re de vous y prendre. Le fait que votre amie ait pu se confier montre la confiance qu\u2019elle vous t\u00e9moigne. Il est tr\u00e8s important qu\u2019elle sente que vous \u00eatre disponible en cas de besoin, elle pourra ainsi se confier \u00e0 nouveau \u00e0 vous.<br \/>\r\n<br \/>\r\nVotre amie semble vivre des violences conjugales graves dans sa relation de couple et \u00eatre ambivalente quant au fait de prendre la d\u00e9cision de se s\u00e9parer. Il faut parfois du temps aux personnes victimes pour se positionner ce qui peut se r\u00e9v\u00e9ler difficile \u00e0 vivre pour l\u2019entourage. La peur et la honte sont souvent des cons\u00e9quences de la violence et emp\u00eachent les victimes d'agir. En tant qu'amie, si vous voulez la soutenir au mieux, il est important que vous respectiez son rythme et ses d\u00e9cisions au risque notamment qu'elle ne s'isole encore plus et ne se confie plus \u00e0 vous.<br \/>\r\n<br \/>\r\nVous pouvez cependant lui transmettre des adresses utiles et lui sugg\u00e9rer de recevoir de l\u2019aide de professionnel-le-s pour l\u2019\u00e9couter et l\u2019accompagner dans sa situation de vie. Elle peut par exemple, faire appel \u00e0 la <strong><a href=\"https:\/\/fondationmalleyprairie.ch\/\" target=\"_blank\" rel=\"noopener\">Fondation MalleyPrairie <\/a><\/strong>qui s\u2019occupe des personnes victimes de violence et qui pourra lui proposer un entretien gratuit et confidentiel. Pour cela, elle doit prendre rendez-vous elle-m\u00eame au <strong>021\/620.76.76<\/strong>. Les professionnel-le-s du Centre <strong><a href=\"https:\/\/www.profa.ch\/lavi\" target=\"_blank\" rel=\"noopener\">LAVI Vaud<\/a> <\/strong>peuvent \u00e9galement la renseigner sur ses droits en tant que victime et r\u00e9pondent au <strong>021\/631.03.00<\/strong>. Concernant sp\u00e9cifiquement les violences sexuelles, il serait extr\u00eamement important qu'elle puisse faire un constat m\u00e9dico-l\u00e9gal aupr\u00e8s de l'<a href=\"https:\/\/www.curml.ch\/prestations-de-lunite-de-medecine-des-violences-umv\" target=\"_blank\" rel=\"noopener\">Unit\u00e9 de m\u00e9decine des violences <\/a>du CHUV. Ce document est confidentiel et n'est remis qu'\u00e0 elle. Il pourrait \u00eatre tr\u00e8s pr\u00e9cieux le jour o\u00f9 elle d\u00e9cide d'entreprendre des d\u00e9marches. Pour tout renseignement et prise de rendez-vous:<br \/>\r\n<br \/>\r\nDu lundi au vendredi de 08h00 \u00e0 12h00 et de 14h00 \u00e0 16h00, les week-ends et jours f\u00e9ri\u00e9s de 08h00 \u00e0 12h00.<br \/>\r\n<ul><br \/>\r\n \t<li><strong>Lausanne\u00a0<\/strong>:\u00a0<a href=\"tel:+41213140060\">021 314 00 60<\/a><\/li><br \/>\r\n \t<li><strong>Yverdon-les-Bains\u00a0<\/strong>:\u00a0<a href=\"tel:+41244244220\">024 424 42 20<\/a><\/li><br \/>\r\n \t<li><strong>Rennaz<\/strong>\u00a0:\u00a0<a href=\"tel:+41587736477\">058 773 64 77<\/a><\/li><br \/>\r\n \t<li><strong>Nyon<\/strong>\u00a0:\u00a0<a href=\"tel:+41213140851\">021 314 08 51<\/a><\/li><br \/>\r\n<\/ul><br \/>\r\nConcernant la fille du couple, il est important de savoir que <a href=\"https:\/\/dev-vqf.creatives.com\/la-violence-dans-le-couple\/je\/jeunes\/\" target=\"_blank\" rel=\"noopener\">les enfants sont consid\u00e9r\u00e9s comme des victimes direct des violences dont ils sont t\u00e9moins. <\/a>Il est de la responsabilit\u00e9 des parents de les en prot\u00e9ger. Parfois le fait de rendre attentive la personne victime de l'impact n\u00e9gatif sur l'enfant expos\u00e9 \u00e0 la violence au sein du couple parental, est un levier qui permet \u00e0 la personne de faire quelque chose pour changer sa situation. L'<a href=\"https:\/\/dev-vqf.creatives.com\/podcast\/episode-3-face-a-la-justice\/\" target=\"_blank\" rel=\"noopener\">\u00e9pisode 4<\/a> de notre podcast Poussi\u00e8re traite sp\u00e9ciquement des enfants expos\u00e9s \u00e0 la violence au sein du couple parental, vous pourriez sugg\u00e9rer \u00e0 votre amie de l'\u00e9couter.<br \/>\r\n<br \/>\r\nEn esp\u00e9rant avoir r\u00e9pondu \u00e0 vos questions, nous restons \u00e0 disposition pour d\u2019\u00e9ventuelles pr\u00e9cisions et recevons volontiers des nouvelles de la situation.<br \/>\r\n<br \/>\r\nNous vous transmettons nos meilleures messages.<br \/>\r\n<br \/>\r\n<\/div><\/div><\/div><\/div><\/div><\/div><div class='qa_acc_item'><span class='acc_toggler'><\/span><div class='item_header'><h3>Ma femme me tape, j&#8217;aimerais nous aider \u00e0 sortir de cette situation de violence, comment faire?<h3><div class='vqf_fixed_width_text'><p>05 f\u00e9vrier 2022 - Jul... Comment puis-je nous aider \u00e0 sortir de \u00e7a . Suite \u00e0 la naissance de notre premier fils elle est agressive . Elle doit accoucher de notre deuxi\u00e8me b\u00e9b\u00e9 pour Mars et cela augmente les fr\u00e9quences...<\/p><\/div><\/div><div class='item_body'><div class='quesion_response_block'><div class='question'><h5>Question<\/h5><div class='vqf_fixed_width_text'><div class=\"box-question p2\"><br \/>\r\n<p class=\"color-grey small mt1 mb0\">05 f\u00e9vrier 2022 - Jul...<\/p><br \/>\r\nComment puis-je nous aider \u00e0 sortir de \u00e7a .<br \/>\r\n<br \/>\r\nSuite \u00e0 la naissance de notre premier fils elle est agressive . Elle doit accoucher de notre deuxi\u00e8me b\u00e9b\u00e9 pour Mars et cela augmente les fr\u00e9quences de l\u2019a violence<br \/>\r\n<br \/>\r\n<\/div><br \/>\r\n<div class=\"bg-grey p2\"><br \/>\r\n<h3><\/h3><br \/>\r\n<h3><\/p><\/div><\/div><div class='response'><h5>Response<\/h5><div class='vqf_fixed_width_text'><p><\/h3><br \/>\r\nBonjour Monsieur,<br \/>\r\n<br \/>\r\nVous aimeriez aider votre couple \u00e0 sortir de la violence. Vous avez bien fait de nous \u00e9crire et de ne pas rester seul plus longtemps.<br \/>\r\n<br \/>\r\nLa violence a tendance \u00e0 s\u2019intensifier avec le temps et notamment lors d\u2019\u00e9v\u00e9nements comme l\u2019arriv\u00e9e d\u2019enfants. La grossesse ainsi que la naissance peuvent \u00eatre source de stress et chamboulent la relation des parents qui doivent op\u00e9rer plusieurs changements dans leur vie quotidienne afin d\u2019accueillir une troisi\u00e8me personne au sein de la famille et s\u2019en occuper, puis une quatri\u00e8me personne dans votre cas. La communication est mise \u00e0 l\u2019\u00e9preuve et peut devenir difficile, laissant place \u00e0 l\u2019agressivit\u00e9.<br \/>\r\n<br \/>\r\nCela demande du courage de briser le silence, bravo! Nous esp\u00e9rons que vous avez pu recevoir les soins n\u00e9cessaires, notamment s\u2019il y a eu de <a href=\"https:\/\/dev-vqf.creatives.com\/la-violence-dans-le-couple\/la-violence-psychologique\/\" target=\"_blank\" rel=\"noopener\">la violence physique pouvant laisser des blessure<\/a>s. Si ce n\u2019est pas le cas, n\u2019h\u00e9sitez pas \u00e0 consulter votre m\u00e9decin traitant afin de faire un constat m\u00e9dical.<br \/>\r\n<br \/>\r\nEn voulant vous prot\u00e9ger et sortir de cette situation, vous vous souciez aussi du bien-\u00eatre de votre enfant et de votre b\u00e9b\u00e9 que porte votre femme. Tous deux sont aussi expos\u00e9s aux tensions qu\u2019il peut y avoir entre vous, c\u2019est pourquoi ils doivent aussi \u00eatre prot\u00e9g\u00e9s.<br \/>\r\n<br \/>\r\nVotre femme a-t-elle conscience de ses comportements\u00a0? Souhaite-t-elle faire des d\u00e9marches pour stopper ses actes de violences\u00a0? Il est possible d\u2019apprendre \u00e0 g\u00e9rer ses \u00e9motions et faire un travail sur soi afin d\u2019utiliser des moyens alternatifs \u00e0 la violence. Cependant, pour que cela cesse, il est imp\u00e9ratif que votre femme veuille changer et soit pr\u00eate \u00e0 demander de l'aide.<br \/>\r\n<br \/>\r\nDans le canton de Fribourg, elle peut contacter <a href=\"http:\/\/www.ex-pression.ch\/fr\">l\u2019Association EX-pression<\/a> qui propose une \u00e9coute, un soutien et un accompagnement professionnel aux personnes auteures de violence pour les aider \u00e0 surmonter leur comportement et \u00e9viter la r\u00e9cidive. Les intervenant-e-s sont joignables par t\u00e9l\u00e9phone au\u00a0<strong>0848 08 08 08*\u00a0<\/strong>(co\u00fbt r\u00e9duit : Fr. 0.04\/min) et par SMS au\u00a0<strong>079 703 36 57.<\/strong> Il est aussi possible de recevoir leurs conseils par e-mail en \u00e9crivant \u00e0 l\u2019adresse :\u00a0<a href=\"mailto:info@ex-pression.ch\">info@ex-pression.ch<\/a><br \/>\r\n<br \/>\r\nSi votre femme n\u2019a pas conscience de la gravit\u00e9 de ses agisssements, nous vous encourageons \u00e0 vous prot\u00e9ger ainsi qu\u2019\u00e0 assurer la s\u00e9curit\u00e9 de vos enfants. Il est de la responsabilit\u00e9 des parents de prot\u00e9ger les enfants en cas de violence et si votre femme ne peut pas le faire, c\u2019est \u00e0 vous de prendre les d\u00e9cisions n\u00e9cessaires \u00e0 leur besoin de s\u00e9curit\u00e9. Pour vous accompagner dans ces d\u00e9marches, vous pouvez appeler les professionnel-le-s du <a href=\"https:\/\/www.sf-lavi.ch\/centre-de-consultation\/\" target=\"_blank\" rel=\"noopener\">Centre LAVI <\/a>\u00a0(<strong>026 322 22 02<\/strong>)\u00a0qui pourront r\u00e9pondre \u00e0 vos questions et vous soutenir.<br \/>\r\n<br \/>\r\nNous esp\u00e9rons que votre famille trouvera la paix et vous envoyons nos meilleures pens\u00e9es pour la suite. Prenez-soin de vous. Notre porte reste ouverte si vous avez d'autres questions et recevons bien volontiers de vos nouvelles.<br \/>\r\n<br \/>\r\n<\/div><\/div><\/div><\/div><\/div><\/div><div class='qa_acc_item'><span class='acc_toggler'><\/span><div class='item_header'><h3>Merci !<h3><div class='vqf_fixed_width_text'><p>27 janvier 2022 - lum... C est un merci que je vous adresse car l'\u00e9t\u00e9 pass\u00e9, j'\u00e9tais d\u00e9sempar\u00e9e face au tsunami qui atteignait notre famille. J'ai pu consulter votre site, y trouver des r\u00e9ponses et orienter notre fille. Elle a...<\/p><\/div><\/div><div class='item_body'><div class='quesion_response_block'><div class='question'><h5>Question<\/h5><div class='vqf_fixed_width_text'><div class=\"box-question p2\"><br \/>\r\n<p class=\"color-grey small mt1 mb0\">27 janvier 2022 - lum...<\/p><br \/>\r\nC est un merci que je vous adresse car l'\u00e9t\u00e9 pass\u00e9, j'\u00e9tais d\u00e9sempar\u00e9e face au tsunami qui atteignait notre famille. J'ai pu consulter votre site, y trouver des r\u00e9ponses et orienter notre fille. Elle a os\u00e9 faire le pas pour sortir de cette violence conjugale. Certes tout n'est de loin pas r\u00e9gl\u00e9 ... 2 enfants en bas \u00e2ge... il y a un sacr\u00e9 travail encore! Nous la soutenons au mieux et l'entourons ainsi que ses 2 gar\u00e7ons. Bravo pour tout votre travail si utile pour nous, t\u00e9moins de cette violence.<br \/>\r\n<br \/>\r\n<\/div><br \/>\r\n<div class=\"bg-grey p2\"><br \/>\r\n<h3><\/h3><br \/>\r\n<h3><\/p><\/div><\/div><div class='response'><h5>Response<\/h5><div class='vqf_fixed_width_text'><p><\/h3><br \/>\r\nBonjour Madame,<br \/>\r\n<br \/>\r\nVotre message nous va droit au coeur et nous vous remercions de partager votre histoire avec nous.\u00a0Vos retours nous motivent \u00e0 am\u00e9liroer notre service d'aide aux personnes touch\u00e9es par la violence au sein du couple.<br \/>\r\n<br \/>\r\nBravo \u00e0 elle, ses enfants ainsi qu'\u00e0 vous qui avez su la soutenir et qui l'accompagnez encore vers un chemin de vie meilleur. Nous sommes heureu-x-ses que les\u00a0informations sur notre site aient\u00a0r\u00e9pondu \u00e0 vos questionnements durant cette p\u00e9riode difficile.<br \/>\r\n<br \/>\r\nCourage pour la suite et tout de bon!<br \/>\r\n<br \/>\r\n<\/div><\/div><\/div><\/div><\/div><\/div><div class='qa_acc_item'><span class='acc_toggler'><\/span><div class='item_header'><h3>Ma fille continue de subir de la violence psychologique malgr\u00e9 la s\u00e9paration, que faire ?<h3><div class='vqf_fixed_width_text'><p>21 janvier 2022 - Liv... Bonjour Ma fille continue de subir une violence psychologique de la part du papa de sa fille malgr\u00e9 une s\u00e9paration non termin\u00e9e juridiquement et ses avocats minimisent toutes les situations\u2026. Que faire?<\/p><\/div><\/div><div class='item_body'><div class='quesion_response_block'><div class='question'><h5>Question<\/h5><div class='vqf_fixed_width_text'><div class=\"box-question p2\"><br \/>\r\n<p class=\"color-grey small mt1 mb0\">21 janvier 2022 - Liv...<\/p><br \/>\r\nBonjour<br \/>\r\n<br \/>\r\nMa fille continue de subir une violence psychologique de la part du papa de sa fille malgr\u00e9 une s\u00e9paration non termin\u00e9e juridiquement et ses avocats minimisent toutes les situations\u2026. Que faire?<br \/>\r\n<br \/>\r\n<\/div><br \/>\r\n<div class=\"bg-grey p2\"><br \/>\r\n<h3><\/h3><br \/>\r\n<h3><\/p><\/div><\/div><div class='response'><h5>Response<\/h5><div class='vqf_fixed_width_text'><p><\/h3><br \/>\r\nBonjour Madame,<br \/>\r\n<br \/>\r\nVous aimeriez venir en aide \u00e0 votre fille qui subit toujours de la <a href=\"https:\/\/dev-vqf.creatives.com\/la-violence-dans-le-couple\/la-violence-psychologique\/\" target=\"_blank\" rel=\"noopener\">violence psychologique<\/a> malgr\u00e9 une s\u00e9paration.<br \/>\r\n<br \/>\r\nVous avez bien fait de nous contacter, la s\u00e9paration peut-\u00eatre une p\u00e9riode \u00e0 risque et propice \u00e0 l'augmentation de violence car l'auteur essaie de garder un contr\u00f4le sur la victime.<br \/>\r\n<br \/>\r\nSelon le type de violence psychologique, votre fille peut porter plainte ou demander des mesures de protection de la personnalit\u00e9.<br \/>\r\n<br \/>\r\nPour l'aider dans ces d\u00e9marches, elle peut recourir \u00e0 un-e avocat-e sp\u00e9cialis\u00e9 dans les violences domestiques afin que la situation ne soit plus minimis\u00e9e. <a href=\"https:\/\/arvd.ch\/contact\/\" target=\"_blank\" rel=\"noopener\">L'ARVD<\/a> (avocats ressources en mati\u00e8re de violences domestiques) est une association d'avocat qui peut vous transmettre le contact d'un sp\u00e9cialiste de leur liste. Elle peut appeler au\u00a0<strong>021 317 50 81<\/strong> pour se renseigner.<br \/>\r\n<br \/>\r\nVotre fille peut \u00e9galement recevoir un soutien psychologique et un accompagnement pour sortir de cette situation de violence. Les intervenant-e-s du <a href=\"https:\/\/malleyprairie.ch\/\" target=\"_blank\" rel=\"noopener\">Centre d'accueil MalleyPrairie<\/a> proposent des entretiens <strong>gratuits et confidentiels<\/strong> ainsi qu'une permanence t\u00e9l\u00e9phonique (<strong>021 620 76 76<\/strong>).<br \/>\r\n<br \/>\r\nNous esp\u00e9rons que ces pistes aideront votre fille et restons \u00e0 disposition si vous avez d'autres questions. Elle peut aussi nous \u00e9crire si elle le souhaite et nous recevons volontiers des nouvelles. Nos meilleures pens\u00e9es vous accompagnent.<br \/>\r\n<br \/>\r\n<\/div><\/div><\/div><\/div><\/div><\/div><div class='qa_acc_item'><span class='acc_toggler'><\/span><div class='item_header'><h3>Je cherche \u00e0 d\u00e9samorcer des comportements inacceptables mais je ne sais o\u00f9 m&#8217;adresser.<h3><div class='vqf_fixed_width_text'><p>11 janvier 2022 - Moi... Bonjour. La situation d\u00e9g\u00e9n\u00e8re dans mon couple, nous avons 2 enfants et je pense que la vie en famille ne sera plus possible sans une action de ma part. Je cherche \u00e0 d\u00e9samorcer des comportements...<\/p><\/div><\/div><div class='item_body'><div class='quesion_response_block'><div class='question'><h5>Question<\/h5><div class='vqf_fixed_width_text'><div class=\"box-question p2\"><br \/>\r\n<p class=\"color-grey small mt1 mb0\">11 janvier 2022 - Moi...<\/p><br \/>\r\nBonjour.<br \/>\r\n<br \/>\r\nLa situation d\u00e9g\u00e9n\u00e8re dans mon couple, nous avons 2 enfants et je pense que la vie en famille ne sera plus possible sans une action de ma part. Je cherche \u00e0 d\u00e9samorcer des comportements inacceptables mais je ne sais o\u00f9 m'adresser. Je suis sur Fribourg. Avez-vous des listes de personnes ou associations dans le domaine, dans ma r\u00e9gion ? Merci, meilleures salutations<br \/>\r\n<br \/>\r\n<\/div><br \/>\r\n<div class=\"bg-grey p2\"><br \/>\r\n<h3><\/h3><br \/>\r\n<h3><\/p><\/div><\/div><div class='response'><h5>Response<\/h5><div class='vqf_fixed_width_text'><p><\/h3><br \/>\r\nBonjour Monsieur,<br \/>\r\n<br \/>\r\nVous partagez avec nous votre inqui\u00e9tude et votre recherche d\u2019aide pour trouver des solutions et des changements de comportements afin de ne plus recourir \u00e0 la violence. Votre d\u00e9marche est tr\u00e8s importante.<br \/>\r\n<br \/>\r\nPour vous r\u00e9pondre pr\u00e9cis\u00e9ment, vous pouvez trouver une aide sp\u00e9cialis\u00e9e \u00e0 Fribourg aupr\u00e8s de <a href=\"http:\/\/www.ex-pression.ch\/\" target=\"_blank\" rel=\"noopener\">l\u2019Association EX-pression<\/a> joignable au <strong>0848 08 08 08 <\/strong>ou \u00e0 l'adresse \u00e9lectronique<strong> <a class=\"mailto \" href=\"mailto:info@ex-pression.ch\">info@ex-pression.ch<\/a><\/strong>. Les professionnel-le-s de cette structure serons \u00e0 m\u00eame de vous comprendre et vous proposer un suivi adapt\u00e9 \u00e0 votre situation. Un premier entretien d\u2019information vous permettra sans engagement de bien comprendre le type d\u2019accompagnement propos\u00e9 et les objectifs possibles.<br \/>\r\n<br \/>\r\nNous ne pouvons que vous encourager \u00e0 entamer une d\u00e9marche de demande d\u2019aide, votre prise de conscience et votre souhait de ne plus passer par des comportements inacceptables est fondamentale, ne vous d\u00e9couragez pas.<br \/>\r\n<br \/>\r\nN\u2019h\u00e9sitez pas \u00e0 nous \u00e9crire en cas de besoin.<br \/>\r\n<br \/>\r\n<\/div><\/div><\/div><\/div><\/div><\/div><div class='qa_acc_item'><span class='acc_toggler'><\/span><div class='item_header'><h3>La fille d&#8217;une amie vit de la violence physique de la part de son copain, que dois-je faire ?<h3><div class='vqf_fixed_width_text'><p>08 janvier 2022 - JC... Que dois-je faire? Je n\u2019ai pas de preuves tangibles. Les ami(e)s de cette jeune femme ont tent\u00e9 de lui parler et lui ont donn\u00e9 le contact de l\u2019association LAVI. Mais elle ni et affirme qu\u2019elle...<\/p><\/div><\/div><div class='item_body'><div class='quesion_response_block'><div class='question'><h5>Question<\/h5><div class='vqf_fixed_width_text'><div class=\"box-question p2\"><br \/>\r\n<p class=\"color-grey small mt1 mb0\">08 janvier 2022 - JC...<\/p><br \/>\r\nQue dois-je faire? Je n\u2019ai pas de preuves tangibles. Les ami(e)s de cette jeune femme ont tent\u00e9 de lui parler et lui ont donn\u00e9 le contact de l\u2019association LAVI. Mais elle ni et affirme qu\u2019elle s\u2019occupe de sa situation tr\u00e8s bien toute seule.<br \/>\r\n<br \/>\r\nDois-je essayer de lui parler; mais quoi dire? Ou dois-je sensibiliser sa maman qui est ma meilleure amie? Il y a quand m\u00eame des bleus suspects sur les bras qui ont \u00e9t\u00e9 observ\u00e9s, la fa\u00e7on dont son petit copain lui parle ou la traite et la t\u00eate tap\u00e9e par terre suite \u00e0 une chute \u00e0 nouvel an. Ses ami(e)s sont inquiets du coup moi aussi.<br \/>\r\n<br \/>\r\n<\/div><br \/>\r\n<div class=\"bg-grey p2\"><br \/>\r\n<h3><\/h3><br \/>\r\n<h3><\/p><\/div><\/div><div class='response'><h5>Response<\/h5><div class='vqf_fixed_width_text'><p><\/h3><br \/>\r\nBonjour Madame,<br \/>\r\n<br \/>\r\nVous \u00eates\u00a0inqui\u00e8te pour la fille de votre meilleure amie car vous craignez qu'elle subisse de la violence de la part de son copain. Vous nous demandez que faire, si vous devez lui en parler \u00e0 elle ou sa m\u00e8re et quoi\u00a0dire.<br \/>\r\n<br \/>\r\nVous avez bien fait de nous contacter et de partager votre inqui\u00e9tude.\u00a0Il n'est pas facile d'intervenir dans une situation de violence conjugale. On se sent souvent d\u00e9muni-e et on a peur de ne pas dire ce qu'il faut. Cependant l'entourage\u00a0repr\u00e9sente bien souvent un pr\u00e9cieux soutien qui permet de briser le silence autour de la violence; un premier pas n\u00e9cessaire pour en sortir.<br \/>\r\n<br \/>\r\nSi vous vous sentez suffisamment \u00e0 l'aise pour aborder ce sujet avec elle, nous vous encourageons \u00e0 lui parler. Vous pouvez lui partager votre inqui\u00e9tude et lui signifier que vous \u00eates l\u00e0 pour elle. Vous pouvez\u00a0poser des questions sur\u00a0la relation en g\u00e9n\u00e9rale, lui demander comment cela se passe quand le couple est en conflit, ou encore si elle\u00a0a d\u00e9j\u00e0\u00a0eu peur d'une r\u00e9action de\u00a0son copain. Il est important\u00a0d'\u00eatre \u00e0 son \u00e9coute de mani\u00e8re respectueuse et ouverte, sans la juger quelques soit ses choix\u00a0sur la suite donn\u00e9e \u00e0 sa relation.\u00a0Il faut parfois du temps pour que la personne prenne conscience de ce qui lui arrive et d\u00e9cide de faire des d\u00e9marches. Le moment venu, il lui sera pr\u00e9cieux de savoir que vous \u00eates l\u00e0 pour la soutenir.<br \/>\r\n<br \/>\r\nVous pouvez aussi lui parler\u00a0de\u00a0<a href=\"https:\/\/dev-vqf.creatives.com\">www.violencequefaire.ch<\/a>\u00a0et l'inviter \u00e0 consulter le site, elle pourra peut-\u00eatre se reconna\u00eetre et mieux comprendre ce qui lui arrive.<br \/>\r\n<br \/>\r\nSi vous n'\u00eates pas \u00e0 l'aise pour lui parler, peut-\u00eatre qu'une ou un-e de ses ami-e-s proche\u00a0pourrait le faire. Vous pouvez partager notre r\u00e9ponse avec les ami-e-s qui la soutiennent.<br \/>\r\n<br \/>\r\nEn ce qui concerne votre question si vous devez\u00a0en parler \u00e0\u00a0sa maman,\u00a0nous n'avons pas suffisamment d'informations sur la situation pour vous r\u00e9pondre. Cela d\u00e9pend de votre ressenti, de votre connaissance de la relation entre m\u00e8re et fille et si vous percevez que cette jeune femme est en danger. Ce que nous pouvons vous conseiller est d'informer la jeune femme de votre d\u00e9marche aupr\u00e8s de sa m\u00e8re avant de lui en parler.<br \/>\r\n<br \/>\r\nDans tous les cas, il est important que l'entourage\u00a0ait une position claire\u00a0sur la violence car elle\u00a0n'est pas tol\u00e9rable et elle est punie par\u00a0la loi. Cependant condamner les actes de violence ne signifie pas condamner l'auteur dans sa personne, c'est son comportement violent qui n'est pas acceptable.<br \/>\r\n<br \/>\r\nAussi, au vu des \u00e9l\u00e9ments pr\u00e9sents dans votre message, il serait tr\u00e8s utile que cette jeune femme aille effectuer un constat m\u00e9dical de coups et blessures \u00e0 l'h\u00f4pital le plus proche de chez elle. Cela permettrait de v\u00e9rifier son \u00e9tat de sant\u00e9 mais aussi d'avoir ce document de preuves qui pourrait lui \u00eatre tr\u00e8s utile par la suite si elle d\u00e9cidait de porter plainte. Ce document est confidentielle et n'est remis qu'\u00e0 elle, cela ne l'engage \u00e0 rien.<br \/>\r\n<br \/>\r\nDans le cas o\u00f9 elle se trouve en danger, n'h\u00e9sitez pas \u00e0 lui dire d'appeler la police au\u00a0<strong>117<\/strong>, ou de l'appeler vous-m\u00eame si besoin.<br \/>\r\n<br \/>\r\nNous esp\u00e9rons avoir r\u00e9pondu \u00e0 vos demandes. Nous restons \u00e0 votre disposition si vous avez d'autres questions ou si vous souhaitez nous donner des nouvelles de la situations.<br \/>\r\n<br \/>\r\nNous vous transmettons nos meilleures pens\u00e9es pour la suite.<br \/>\r\n<br \/>\r\n<\/div><\/div><\/div><\/div><\/div><\/div><div class='qa_acc_item'><span class='acc_toggler'><\/span><div class='item_header'><h3>Alcool et violences de mon compagnon, dois-je faire quelque chose?<h3><div class='vqf_fixed_width_text'><p>08 janvier 2022 - @Se... Bonjour mon compagnon ma insult\u00e9 durant plusieurs heures ,et aussi ma secou\u00e9 ensuite \u00e9trangler pas de gifle ,il montait la voix,il avait bu ! Dois-je faire quelque chose<\/p><\/div><\/div><div class='item_body'><div class='quesion_response_block'><div class='question'><h5>Question<\/h5><div class='vqf_fixed_width_text'><div class=\"box-question p2\"><br \/>\r\n<p class=\"color-grey small mt1 mb0\">08 janvier 2022 - @Se...<\/p><br \/>\r\nBonjour mon compagnon ma insult\u00e9 durant plusieurs heures ,et aussi ma secou\u00e9 ensuite \u00e9trangler pas de gifle ,il montait la voix,il avait bu ! Dois-je faire quelque chose<br \/>\r\n<br \/>\r\n<\/div><br \/>\r\n<div class=\"bg-grey p2\"><br \/>\r\n<h3><\/h3><br \/>\r\n<h3><\/p><\/div><\/div><div class='response'><h5>Response<\/h5><div class='vqf_fixed_width_text'><p><\/h3><br \/>\r\nBonjour Madame,<br \/>\r\n<br \/>\r\nVous avez bien fait de nous \u00e9crire. Briser le silence autour des violences n'est jamais facile et vous l\u2019avez fait\u00a0!<br \/>\r\n<br \/>\r\nLa situation que vous nous d\u00e9crivez est grave et nous sommes inqui\u00e8t-e-s pour vous. \u00c0 votre question de savoir si vous devez faire quelque chose, nous vous r\u00e9pondons qu'il est primordial que vous puissiez vous prot\u00e9ger des violences et allons vous indiquer quelques pistes.<br \/>\r\n<br \/>\r\n<a href=\"https:\/\/dev-vqf.creatives.com\/la-violence-dans-le-couple\/la-violence-physique\/\" target=\"_blank\" rel=\"noopener\">Les comportements physiquements\u00a0violents<\/a> qu'a eus votre compagnon \u00e0 votre \u00e9gard sont graves, inacceptables et interdits par la loi. Les violences verbales font parties d'une forme de\u00a0<a href=\"https:\/\/dev-vqf.creatives.com\/la-violence-dans-le-couple\/la-violence-psychologique\/\" target=\"_blank\" rel=\"noopener\">violence psychologique<\/a>, qui elle aussi a des\u00a0cons\u00e9quences n\u00e9fastes\u00a0sur la sant\u00e9 mentale.\u00a0Nous savons que la violence au sein du couple prend souvent la forme\u00a0<a href=\"https:\/\/dev-vqf.creatives.com\/la-violence-dans-le-couple\/la-violence-cest-quoi\/\" target=\"_blank\" rel=\"noopener\">d'un cycle<\/a>\u00a0qui se r\u00e9p\u00e8te et qui augmente en intensit\u00e9 si rien n'est entrepris pour la stopper et sans une aide ext\u00e9rieure.<br \/>\r\n<br \/>\r\nVous nous dites que votre conjoint \u00e9tait sous l'emprise de l'alcool au moment des faits. Or, l'alcool ou l'abus d'autres substances n'est pas la cause directe de la violence. Elle peut amener une violence d\u00e9j\u00e0 pr\u00e9sente en soi \u00e0 se manifester plus rapidement ou plus intens\u00e9ment. Par cons\u00e9quent, si boire de l'alcool fait ressortir des r\u00e9actions violentes en lui, il est de sa reponsabilit\u00e9 de trouver des solutions pour arr\u00eater sa consommation. Pour ce faire et s'il en a besoin, il peut demander de l'aide et s<a href=\"https:\/\/www.chuv.ch\/fr\/fiches-psy\/policlinique-du-service-de-medecine-des-addictions\" target=\"_blank\" rel=\"noopener\">'orienter vers des professionnel-le-<\/a>s prenant en charge les probl\u00e8mes d'addictions.<br \/>\r\n<br \/>\r\nNous nous permettons de vous poser les questions suivantes: apr\u00e8s cet incident, comment envisagez-vous la suite de la relation ? Comment votre compagnon per\u00e7oit-il ses actes d'agressions physiques?<br \/>\r\n<br \/>\r\nNous vous invitons \u00e0 consulter la rubique\u00a0\"Que Faire\"\u00a0sur notre site internet qui explique les d\u00e9marches \u00e0 prendre selon les d\u00e9cisions que vous prenez quant \u00e0 votre relation. <strong>Le plus important est que vous pensiez \u00e0 vous en priorit\u00e9 et \u00e0 vous prot\u00e9ger.\u00a0<\/strong>Nous vous encourageons fortement \u00e0\u00a0parler de ce vous vivez\u00a0avec une ou des personnes de confiance (entourage comme ami-e, coll\u00e8gue, famille etc). Il est important que vous soyez soutenue et que vous ne restiez pas seule.<br \/>\r\n<br \/>\r\nSi vous d\u00e9cidez de faire appel \u00e0 une aide ext\u00e9rieure, nous vous conseillons de contacter\u00a0 le <a href=\"https:\/\/centrelavi-ge.ch\/\" target=\"_blank\" rel=\"noopener\">Centre LAVI du canton de Gen\u00e8ve,<\/a> qui est un service d'aide et d'accompagnement des personnes victimes de violences. <strong>Le centre LAVI offre un espace confidentiel et gratuit<\/strong>. Pour un premier rendez-vous ou si vous souhaitez simplement parler de votre situation, vous pouvez appeler au <strong>022 320 01 02<\/strong>.\u00a0 Des professionne-le-s sont l\u00e0 pour r\u00e9pondre \u00e0 vos questions, vous conseiller ou vous offrir un soutien psychologique et\/ou juridique.<br \/>\r\n<br \/>\r\nIl est important que vous puissiez faire un constat d'agression <strong>le plus rapidement possible \u00e0 l'h\u00f4pital<\/strong>. Il est en effet important de v\u00e9rifier votre \u00e9tat de sant\u00e9 et ensuite faire un constat de coups et blessures qui peut vous \u00eatre tr\u00e8s utile par la suite. Pour ce faire, vous pouvez vous rendre \u00e0 l' UIMPV (Unit\u00e9 interdisciplinaire de m\u00e9decine et de pr\u00e9vention de la violence) aux h\u00f4pitaux HUG \u00e0 Gen\u00e8ve. Pour obtenir un rendez-vous ou tout simplement obtenir des informations, vous pouvez appeler au num\u00e9ro suivant: <strong>022 372 96 41<\/strong>. <strong>Ce constat m\u00e9dical est confidentiel et gratuit et n'engage \u00e0 rien, il n'est remis qu'\u00e0 vous<\/strong>. Toutefois, ce constat peut vous etre utile si vous d\u00e9cidez de porter plainte par la suite.<br \/>\r\n<br \/>\r\nSi vous souhaitez partir de toute urgence et n'avez nul part o\u00f9 aller, vous pouvez contacter le foyer d'accueil le <a href=\"https:\/\/www.foj.ch\/foyers\/le-pertuis\/\" target=\"_blank\" rel=\"noopener\">Pertuis<\/a>. Vous pouvez les appeler au\u00a0<strong>022 879 62 14<\/strong>. Les intervenant-e-s vous renseigneront sur le nombre d'h\u00e9bergements disponibles et peuvent vous orienter vers d'autres foyers au besoin.\u00a0\u00a0Vous trouverez ici sur notre site internet\u00a0des conseils pratiques pour les personnes qui doivent partir du domicile dans l'urgence (le mat\u00e9riel \u00e0 prendre, les d\u00e9marches \u00e0 entreprendre etc).<br \/>\r\n<br \/>\r\nSi une sc\u00e8ne de violence explose \u00e0 nouveau ou que vous vous sentez menac\u00e9e, nous vous encourageons fortement d' appeler imm\u00e9diatement la police au\u00a0<strong>117<\/strong>.<br \/>\r\n<br \/>\r\nNous nous tenons \u00e0 disposition si vous d\u00e9sirez nous en dire un peu plus ou si vous avez d'autres questions. Nous sommes de tout coeur avec vous et attendons de vos nouvelles.<br \/>\r\n<br \/>\r\n<\/div><\/div><\/div><\/div><\/div><\/div><div class='qa_acc_item'><span class='acc_toggler'><\/span><div class='item_header'><h3>Suspicions de violence pour une amie: que faire?<h3><div class='vqf_fixed_width_text'><p>08 janvier 2022 - Eli... Une amie \u00e0 moi a de gros probl\u00e8mes de couples depuis deux ans, peut \u00eatre plus. Elle a failli partir plusieurs fois mais se trouve trop seule pour aller au bout. Hier elle est apparue...<\/p><\/div><\/div><div class='item_body'><div class='quesion_response_block'><div class='question'><h5>Question<\/h5><div class='vqf_fixed_width_text'><div class=\"box-question p2\"><br \/>\r\n<p class=\"color-grey small mt1 mb0\">08 janvier 2022 - Eli...<\/p><br \/>\r\nUne amie \u00e0 moi a de gros probl\u00e8mes de couples depuis deux ans, peut \u00eatre plus. Elle a failli partir plusieurs fois mais se trouve trop seule pour aller au bout. Hier elle est apparue avec un \u0153il bleu, elle dit \u00eatre tomb\u00e9e mais elle ne veut plus sortir de chez elle, ne veut plus voir personne, elle semble extr\u00eamement pr\u00e9occup\u00e9e. Je soup\u00e7onne fortement son mari et je sens qu\u2019il est important qu\u2019elle ai de l\u2019aide. Merci de me dire ce que je peux faire.<br \/>\r\n<br \/>\r\n<\/div><br \/>\r\n<div class=\"bg-grey p2\"><br \/>\r\n<h3><\/h3><br \/>\r\n<h3><\/p><\/div><\/div><div class='response'><h5>Response<\/h5><div class='vqf_fixed_width_text'><p><\/h3><br \/>\r\nBonjour Madame,<br \/>\r\n<br \/>\r\nVous t\u00e9moignez de votre inqui\u00e9tude pour une amie, car vous craignez qu'elle subisse de la violence au sein de son couple, et nous demandez quoi faire dans cette situation.<br \/>\r\n<br \/>\r\nNous saluons votre implication envers votre amie et vous encourageons \u00e0 parler avec elle si vous vous sentez \u00e0 l'aise ou, dans le cas contraire, \u00e0 une autre personne de confiance dans son entourage qui pourrait le faire. Vous pouvez lui faire part de votre pr\u00e9occupation concernant son \u00e9tat. Il est parfois difficile pour les personnes victimes de reconna\u00eetre la violence conjugale et de pouvoir en parler. L'isolement, la peur ou encore la honte font partie des cons\u00e9quences possibles de la violence et cela prend donc du temps.\u00a0Il est\u00a0particuli\u00e8rement\u00a0important de lui signifier que vous \u00eates l\u00e0 pour elle, sans jugement et dans le respect de ses choix. Vous pouvez l'inviter \u00e0 parcourir notre site <a href=\"https:\/\/dev-vqf.creatives.com\">www.violencequefaire.ch<\/a>; cela pourrait l'aider \u00e0\u00a0mieux comprendre ce qui lui arrive si c'est le cas. Vous pouvez aussi lui transmettre les coordonn\u00e9es du <a href=\"https:\/\/www.vs.ch\/web\/sas\/lavi-beneficiaires\" target=\"_blank\" rel=\"noopener\">Centre LAVI du canton du Valais <\/a>qui offre une consultation gratuite et confidentielle.<br \/>\r\n<br \/>\r\nAu vu de vos observations, il serait utile que votre amie puisse consulter l'h\u00f4pital\u00a0de sa r\u00e9gion pour \u00e9tablir un constat m\u00e9dical de coups et blessures. Ce document confidentiel n'est \u00e9tabli qu'\u00e0 son attention et elle peut en disposer librement. Cela permettrait de v\u00e9rifier son \u00e9tat de sant\u00e9, mais pourrait aussi \u00eatre utile si elle d\u00e9cidait de d\u00e9noncer les faits ou porter plainte un jour.<br \/>\r\n<br \/>\r\nEn cas de danger, n'h\u00e9sitez pas \u00e0 lui dire d'appeler la police au 117 ou de la contacter vous-m\u00eame si besoin. La violence est interdite par la loi et la police a la possibilit\u00e9 d'expulser la personne auteure de violence durant une p\u00e9riode limit\u00e9e pour prot\u00e9ger la personne victime.<br \/>\r\n<br \/>\r\nNous esp\u00e9rons avoir r\u00e9pondu \u00e0 vos attentes et restons \u00e0 disposition si vous avez d'autres questions ou que vous souhaitez nous donner des nouvelles.<br \/>\r\n<br \/>\r\nNous vous transmettons nos meilleurs messages pour la suite.<br \/>\r\n<br \/>\r\n<\/div><\/div><\/div><\/div><\/div><\/div><div class='qa_acc_item'><span class='acc_toggler'><\/span><div class='item_header'><h3>Mon conjoint et moi avons des comportements violents l&#8217;un envers l&#8217;autre, que pouvons nous faire pour arr\u00eater cette escalade de violence?<h3><div class='vqf_fixed_width_text'><p>07 janvier 2022 - Fem... Bonjour, Je suis en couple, nous avons un b\u00e9b\u00e9. Nous avons r\u00e9guli\u00e8rement des disputes. R\u00e9guli\u00e8rement, mon conjoint me critique ou critique ma famille de fa\u00e7on r\u00e9p\u00e9t\u00e9e et insistante. Je suis tr\u00e8s fatigu\u00e9e le soir. Il...<\/p><\/div><\/div><div class='item_body'><div class='quesion_response_block'><div class='question'><h5>Question<\/h5><div class='vqf_fixed_width_text'><div class=\"box-question p2\"><br \/>\r\n<p class=\"color-grey small mt1 mb0\">07 janvier 2022 - Fem...<\/p><br \/>\r\nBonjour,<br \/>\r\n<br \/>\r\nJe suis en couple, nous avons un b\u00e9b\u00e9. Nous avons r\u00e9guli\u00e8rement des disputes. R\u00e9guli\u00e8rement, mon conjoint me critique ou critique ma famille de fa\u00e7on r\u00e9p\u00e9t\u00e9e et insistante. Je suis tr\u00e8s fatigu\u00e9e le soir. Il me r\u00e9p\u00e8te aussi les critiques de sa m\u00e8re \u00e0 mon \u00e9gard. J'ai l'impression qu'il le fait expr\u00e8s, je me sens harcel\u00e9e alors que j'ai besoin de repos le soir.<br \/>\r\n<br \/>\r\nCela m'exasp\u00e8re et me fait sortir de mes gonds \u00e0 tel point que je l'ai d\u00e9j\u00e0 secou\u00e9 et frapp\u00e9. Cela l'a presque amus\u00e9. Jusqu'\u00e0 ce que je lui fasse mal et l\u00e0 il s'est \u00e9nerv\u00e9 et m'a frapp\u00e9e en retour sans me faire trop mal mais j'ai eu peur car il est tr\u00e8s fort et je pourrai me faire taper fort si \u00e7a d\u00e9g\u00e9n\u00e8re. Je lui ai dit de partir dormir dans une autre pi\u00e8ce, ce qu'il a fait. Je trouve cette situation tr\u00e8s malsaine. La journ\u00e9e, il est \"normal\" et nous arrivons \u00e2 avoir de bonnes relations mais parfois le soir il boit de l'alcool et son comportement est modifi\u00e9.<br \/>\r\n<br \/>\r\nJe ne sais pas quoi faire pour am\u00e9liorer cette situation.<br \/>\r\n<br \/>\r\nMerci pour votre aide.<br \/>\r\n<br \/>\r\n<\/div><br \/>\r\n<div class=\"bg-grey p2\"><br \/>\r\n<h3><\/h3><br \/>\r\n<h3><\/p><\/div><\/div><div class='response'><h5>Response<\/h5><div class='vqf_fixed_width_text'><p><\/h3><br \/>\r\nBonjour Madame,<br \/>\r\n<br \/>\r\nVotre compagnon et vous avez r\u00e9guli\u00e8rement des disputes. Vous nous dites qu'il exerce de <a href=\"https:\/\/dev-vqf.creatives.com\/la-violence-dans-le-couple\/la-violence-psychologique\/\" target=\"_blank\" rel=\"noopener\">la violence psychologique <\/a>(critiques constantes \u00e0 votre \u00e9gard)\u00a0 envers vous de mani\u00e8re insistante et r\u00e9p\u00e9t\u00e9e. Vous sentant harcel\u00e9e et exasp\u00e9r\u00e9e par ses attaques, vous vous en \u00eates pris physiquement \u00e0 lui et lui a r\u00e9pondu par de <a href=\"https:\/\/dev-vqf.creatives.com\/la-violence-dans-le-couple\/la-violence-physique\/\" target=\"_blank\" rel=\"noopener\">la violence physique <\/a>\u00e9galement. Vous trouvez cette situation malsaine et vous souhaiteriez savoir ce que vous pourriez faire pour l'am\u00e9liorer.<br \/>\r\n<br \/>\r\nVous avez bien fait de nous \u00e9crire. Vous faites un pas important aujourd'hui en nous parlant des violences que vous vivez au sein de votre couple. En effet, La situation que vous nous d\u00e9crivez nous inqui\u00e8te, vous avez raison de demander de l'aide ext\u00e9rieure. Nous comprenons votre peur quant au risque que la situation \"d\u00e9g\u00e9n\u00e8re\".\u00a0Nous savons que la violence au sein du couple prend souvent la forme\u00a0<a href=\"https:\/\/dev-vqf.creatives.com\/la-violence-dans-le-couple\/la-violence-cest-quoi\/\" target=\"_blank\" rel=\"noopener\">d'un cycle<\/a>\u00a0qui se r\u00e9p\u00e8te et qui augmente en intensit\u00e9 si rien n'est entrepris pour le stopper.<br \/>\r\n<br \/>\r\nLes <a href=\"https:\/\/dev-vqf.creatives.com\/la-violence-dans-le-couple\/la-violence-physique\/\" target=\"_blank\" rel=\"noopener\">violences physiques<\/a> sont des comportements graves et\u00a0r\u00e9pressibles par la loi.\u00a0 Nous comprenons \u00e9galement votre sentiment d'exasp\u00e9ration face aux violences verbales constantes de votre conjoint, car les violences psychologiques sont elles aussi inacceptables et ont\u00a0cons\u00e9quences\u00a0sur le bien \u00eatre psychique.\u00a0 Toutefois, cela ne justifie pas de r\u00e9agir par l'agression physique\u00a0<strong>d'un c\u00f4t\u00e9 comme de l'autre<\/strong>.\u00a0Il revient \u00e0 chacun-e des partenaires de ne pas user de la violence et de trouver d'autres moyens pour g\u00e9rer la col\u00e8re ou le d\u00e9saccord. La violence au sein du couple n'est pas une fatalit\u00e9 et il est possible de trouver des alternatives.<br \/>\r\n<br \/>\r\nNous nous permettons de vous proposer quelques questions \u00e0 titre de r\u00e9flexion:<br \/>\r\n<ul><br \/>\r\n \t<li>Lorsque que vous discutez \u00e0 froid (une fois les disputes pass\u00e9es), comment per\u00e7oit-il ses critiques \"insistantes et r\u00e9pet\u00e9es\" envers vous ?<\/li><br \/>\r\n \t<li>Comment r\u00e9agit-il lorsque vous lui faites part de vos sentiments et besoins de repos?<\/li><br \/>\r\n \t<li>Pensez-vous qu'il serait possible d'aller consulter ensemble un-e professionel-le pour mettre un terme \u00e0 l'escalade de violence qui s'est install\u00e9e au sein de votre couple?<\/li><br \/>\r\n<\/ul><br \/>\r\nVous nous dites que votre conjoint adopte des comportements agressifs lorsqu'il boit de l'alcool. Nous aimerions souligner le fait que l'alcool ou l'abus d'autres substances n'est pas la cause directe de la violence. Elle peut amener une violence d\u00e9j\u00e0 pr\u00e9sente en soi \u00e0 se manifester plus rapidement ou plus intens\u00e9ment. Par cons\u00e9quent, si boire de l'alcool r\u00e9guli\u00e8rement fait ressortir des r\u00e9actions violentes en lui, il est de sa reponsabilit\u00e9 de trouver des solutions pour arr\u00eater sa consommation. Pour ce faire et s'il en a besoin, il peut demander de l'aide et s<a href=\"https:\/\/www.chuv.ch\/fr\/fiches-psy\/policlinique-du-service-de-medecine-des-addictions\" target=\"_blank\" rel=\"noopener\">'orienter vers des professionnel-le-<\/a>s prenant en charge les probl\u00e8mes d'addictions.<br \/>\r\n<br \/>\r\nVous avez mentionn\u00e9 votre b\u00e9b\u00e9. Nous aimerions vous rendre attentive au fait que les violences au sein couple\u00a0<a href=\"https:\/\/dev-vqf.creatives.com\/la-violence-dans-le-couple\/je\/jeunes\/\" target=\"_blank\" rel=\"noopener\">impactent \u00e9galement la sant\u00e9 des enfants<\/a> m\u00eame lorsque ces derniers ne sont pas pr\u00e9sents au moment des \u00e9v\u00e9nements et m\u00eame lorsque la violence n'est pas directement exerc\u00e9e \u00e0 leur encontre.\u00a0 Les b\u00e9b\u00e9s ressentent fortement les tensions et absorbent le stress des parents comme des \"petites \u00e9ponges\". Il est donc primordial que vous et votre conjoint mettiez tout en oeuvre pour prot\u00e9ger votre b\u00e9b\u00e9 d'un environnement violent.<br \/>\r\n<br \/>\r\nDans le canton de Vaud, vous pouvez contacter le Centre Malley-Prairie (<a href=\"https:\/\/malleyprairie.ch\/\" target=\"_blank\" rel=\"noopener\">CMP<\/a>)\u00a0\u00e0 Lausanne qui propose <a href=\"https:\/\/malleyprairie.ch\/suivi-de-couple\/\" target=\"_blank\" rel=\"noopener\">un suivi pour les couples <\/a>qui vivent des situations de violences. Vous trouverez des professionnel-le-s qui seront l\u00e0 pour vous \u00e9couter et aider vous et votre conjoint \u00e0 trouver des alternatives \u00e0 la violence. Si vous souhaitez prendre rendez-vous ou simplement vous renseiger, vous pouvez les appeler au<strong> 021 620 76 76<\/strong>. Ces entretiens sont gratuits et confidentiels.<br \/>\r\n<br \/>\r\nPour finir, si vous vous sentez menac\u00e9e ou qu'une situation devient violente,\u00a0 nous vous encourageons \u00e0 appeler imm\u00e9diatement la police au\u00a0<strong>117<\/strong>.<br \/>\r\n<br \/>\r\nNous esp\u00e9rons que notre r\u00e9ponse puisse vous \u00eatre utile. Notre porte reste ouverte si vous souhaitez nous en dire en plus ou nous poser d'autres questions. N'h\u00e9sitez pas \u00e0 nous donner de vos nouvelles. Nous vous souhaitons tout le meilleur pour la suite de vos d\u00e9marches.<br \/>\r\n<br \/>\r\n<\/div><\/div><\/div><\/div><\/div><\/div><div class='qa_acc_item'><span class='acc_toggler'><\/span><div class='item_header'><h3>Educatrice au sein d&#8217;un foyer pour adultes, nous recherchons des conseils pour soutenir une jeune femme victime de violence au sein de son couple.<h3><div class='vqf_fixed_width_text'><p>06 janvier 2022 - pho... Bonjour, Je suis \u00e9ducatrice en foyer pour adultes. Une de nos jeunes r\u00e9sidente se fait violenter (physiquement et psychologiquement) par le gar\u00e7on qu'elle voit. Elle est sous emprise totale, retourne le voir, l'excuse, explique les...<\/p><\/div><\/div><div class='item_body'><div class='quesion_response_block'><div class='question'><h5>Question<\/h5><div class='vqf_fixed_width_text'><div class=\"box-question p2\"><br \/>\r\n<p class=\"color-grey small mt1 mb0\">06 janvier 2022 - pho...<\/p><br \/>\r\nBonjour,<br \/>\r\n<br \/>\r\nJe suis \u00e9ducatrice en foyer pour adultes. Une de nos jeunes r\u00e9sidente se fait violenter (physiquement et psychologiquement) par le gar\u00e7on qu'elle voit. Elle est sous emprise totale, retourne le voir, l'excuse, explique les violences...<br \/>\r\n<br \/>\r\nAvec l'\u00e9quipe \u00e9ducative nous avons signaler le cas \u00e0 la police, qui ne peut rien faire tant que la personne elle-m\u00eame ne fait rien, nous avons pr\u00e9venu la psychologue et la psychiatre de cette jeune femme, contacter la LAVI.<br \/>\r\n<br \/>\r\nNous ne pouvons rien faire et cela est d\u00e9sesp\u00e9rant... Avez-vous des conseils, des pistes ? Nous accompagnons au mieux cette jeune femme, la soutenons, l'accueillons d\u00e8s qu'elle le demande, lui montrons qu'elle a de la valeur etc..<br \/>\r\n<br \/>\r\n<\/div><br \/>\r\n<div class=\"bg-grey p2\"><br \/>\r\n<h3><\/h3><br \/>\r\n<h3><\/p><\/div><\/div><div class='response'><h5>Response<\/h5><div class='vqf_fixed_width_text'><p><\/h3><br \/>\r\nBonjour Madame,<br \/>\r\n<br \/>\r\nVous travaillez dans un foyer pour adultes. Une r\u00e9sidente est sous emprise d\u2019un gar\u00e7on par lequel elle se fait violenter. Vous avez d\u00e9j\u00e0 fait des d\u00e9marches aupr\u00e8s de diff\u00e9rents partenaires du r\u00e9seau mais tant que la personne ne souhaite pas faire quelque chose, il para\u00eet difficile de faire \u00e9voluer la situation. Vous vous montrez accueillante et soutenante pour la r\u00e9sidente et demandez d\u2019autres pistes et conseils.<br \/>\r\n<br \/>\r\nEtre t\u00e9moin de violence est toujours difficile, d\u2019autant plus si la victime n\u2019est pas pr\u00eate \u00e0 faire des d\u00e9marches. Le r\u00f4le de l\u2019entourage est cependant pr\u00e9cieux pour les victimes et nous vous f\u00e9licitions pour l\u2019implication que vous prenez avec votre \u00e9quipe dans cette situation.<br \/>\r\n<br \/>\r\nUne cons\u00e9quence importante des violences conjugales est l\u2019isolement. Et l\u2019isolement augmente l\u2019emprise de l\u2019auteur sur la victime et la met souvent dans un \u00e9tat de d\u00e9ni, de passivit\u00e9 voire de dissociation.<br \/>\r\n<br \/>\r\nRompre le silence est donc un \u00e9l\u00e9ment central. Le fait que la r\u00e9sidente vous confie ce qu\u2019elle vit montre qu\u2019elle a confiance en vous et qu\u2019elle sait qu\u2019elle peut compter sur vous. L\u2019\u00e9coute, la disponibilit\u00e9 de l\u2019entourage sont donc primordiales. Il est important de croire la victime et lui transmettre que vous savez qu\u2019elle n\u2019est pas responsable de la violence. Il est aussi important de ne pas mettre trop de pressions, ni de la bl\u00e2mer mais de lui laisser le temps de prendre ses d\u00e9cisions dans le rythme qui est le sien. Cela ne veut pas dire minimiser ou banaliser les violences. Vous pouvez partager votre inqui\u00e9tude, vous pouvez aussi mentionner que les violences sont interdites par la loi\u00a0tout en respectant son rythme, ses possibilit\u00e9s de se mettre ou non en mouvement pour le moment.<br \/>\r\n<br \/>\r\nSi elle est ouverte \u00e0 un \u00e9change, il peut \u00eatre int\u00e9ressant de l\u2019interroger\u00a0en essayant d\u2019ext\u00e9rioriser sa situation\u00a0: \u00ab\u00a0Et si ta meilleure amie te racontait la m\u00eame chose que ce que tu vis, est-ce que tu trouverais cela normal ? comment r\u00e9agirais-tu\u00a0?\u00a0\u00bb<br \/>\r\n<br \/>\r\nVous pouvez \u00e9galement lui proposer de faire un journal personnel durant quelques temps dans lequel elle peut marquer ce qui est ok ou non pour elle dans la relation qu\u2019elle vit, r\u00e9fl\u00e9chir aussi \u00e0 ce qui ne serait plus acceptable.<br \/>\r\n<br \/>\r\nSerait-elle pr\u00eate \u00e0 aller en consultation dans un centre LAVI\u00a0? Elle pourrait s\u2019adresser \u00e0 <a href=\"https:\/\/www.sf-lavi.ch\/\" target=\"_blank\" rel=\"noopener\">Solidarit\u00e9 femmes-centre LAVI \u00e0 Fribourg<\/a> (<strong>026\/322 22 02<\/strong>). Les entretiens propos\u00e9s sont gratuits et confidentiels. Les intervenantes respecteront ses choix mais pourront l\u2019aider \u00e0 r\u00e9fl\u00e9chir \u00e0 diff\u00e9rentes strat\u00e9gies pour se prot\u00e9ger, mettre des mots sur ce qu\u2019elle vit, l\u2019informer sur ses droits.<br \/>\r\n<br \/>\r\nAuriez-vous l\u2019occasion de parcourir notre site ensemble\u00a0? Lui en avez-vous d\u00e9j\u00e0 parl\u00e9\u00a0? Peut-\u00eatre reconna\u00eetra-t-elle des m\u00e9canismes qui sont pr\u00e9sents dans sa relation avec son partenaire et cela pourra lui donner des alarmes. Lire les <a href=\"https:\/\/dev-vqf.creatives.com\/questions-reponses\/\" target=\"_blank\" rel=\"noopener\">questions<\/a> d'autres internautes ou encore \u00e9couter le podcast <a href=\"https:\/\/dev-vqf.creatives.com\/podcasts\/\" target=\"_blank\" rel=\"noopener\">Poussi\u00e8re<\/a> qui contient des t\u00e9moignages anonymes de personnes victimes\u00a0 pourraient l'aider \u00e0 se reconnaitre dans les r\u00e9cits. Ce premier pas pourrait peut-\u00eatre lui permettre une prise de conscience.<br \/>\r\n<br \/>\r\nEnfin une derni\u00e8re piste qui nous vient\u00a0: favoriser tout ce qui peut sortir de l\u2019isolement, favoriser la confiance en elle\u00a0: \u00a0cr\u00e9er des occasions de rencontres, de contacts \u00e0 travers les loisirs, la vie professionnelle, les relations familiales.<br \/>\r\n<br \/>\r\nEn esp\u00e9rant avoir pu vous r\u00e9pondre au mieux, nous restons \u00e0 votre disposition si vous avez besoin de compl\u00e9ments d'informations ou si vous avez d'autres questions.<br \/>\r\n<br \/>\r\n<\/div><\/div><\/div><\/div><\/div><\/div><div class='qa_acc_item'><span class='acc_toggler'><\/span><div class='item_header'><h3>Est-ce que la violence peut s&#8217;arr\u00eater si nous r\u00e9glons nos probl\u00e8me de couple? Comment savoir comment agir sans porter plainte?<h3><div class='vqf_fixed_width_text'><p>06 janvier 2022 - Cha... Nous avons eu deux grosses disputes, une avec empoignement, crachat, insulte, intimidation et menace et une avec mat\u00e9riel cass\u00e9 et \u00e9nervement. En dehors de ces situations, mon partenaire s'est souvent montr\u00e9 inappropri\u00e9 oralement avec moi....<\/p><\/div><\/div><div class='item_body'><div class='quesion_response_block'><div class='question'><h5>Question<\/h5><div class='vqf_fixed_width_text'><div class=\"box-question p2\"><br \/>\r\n<p class=\"color-grey small mt1 mb0\">06 janvier 2022 - Cha...<\/p><br \/>\r\nNous avons eu deux grosses disputes, une avec empoignement, crachat, insulte, intimidation et menace et une avec mat\u00e9riel cass\u00e9 et \u00e9nervement. En dehors de ces situations, mon partenaire s'est souvent montr\u00e9 inappropri\u00e9 oralement avec moi. Tu sers \u00e0 rien, tu es b\u00eate, tu n'as pas de cerveau etc.<br \/>\r\n<br \/>\r\nEst-ce que si nous r\u00e9glons nos probl\u00e8mes de couple, que nous retrouvons une entente, nos relations peuvent s'am\u00e9liorer ? Est-ce une spirale n\u00e9gative qui peut nous amener \u00e0 \u00e7a sans pour autant condamner l'auteur a 100% et agir dans l'extr\u00eame (d\u00e9nonciation, plainte, etc)? Comment savoir comment agir dans ce contexte ? Essayer de trouver un terrain d'entente ou contacter les institutions sup\u00e9rieures ? Merci d'avance et meilleures salutations<br \/>\r\n<br \/>\r\n<\/div><br \/>\r\n<div class=\"bg-grey p2\"><br \/>\r\n<h3><\/h3><br \/>\r\n<h3><\/p><\/div><\/div><div class='response'><h5>Response<\/h5><div class='vqf_fixed_width_text'><p><\/h3><br \/>\r\nBonjour Madame,<br \/>\r\n<br \/>\r\nVous nous faites part <a href=\"https:\/\/dev-vqf.creatives.com\/la-violence-dans-le-couple\/la-violence-physique\/\" target=\"_blank\" rel=\"noopener\">des violences physiques<\/a> et <a href=\"https:\/\/dev-vqf.creatives.com\/la-violence-dans-le-couple\/la-violence-psychologique\/\" target=\"_blank\" rel=\"noopener\">psychologiques<\/a> de la part de votre partenaire lors de deux disputes. Il vous humilie \u00e9galement fr\u00e9quemment. Dans le titre de votre question vous nous demandez \"comment savoir si la violence est acceptable ?\" et par la suite vous nous demandez si vos relations peuvent s'am\u00e9liorer et comment agir dans votre contexte.<br \/>\r\n<br \/>\r\nNous tenons tout d'abord \u00e0 saluer votre d\u00e9marche de nous \u00e9crire et poser vos questions. Nous savons qu'il n'est jamais facile de faire ce pas et de chercher de l'aide lorsque l'on se retrouve confront\u00e9e \u00e0 de la violence au sein de son couple.<br \/>\r\n<br \/>\r\nPour r\u00e9pondre \u00e0 votre premi\u00e8re question, la violence, qu'elle que soit sa forme (psychologique, physique, <a href=\"https:\/\/dev-vqf.creatives.com\/la-violence-dans-le-couple\/la-violence-sexuelle\/\" target=\"_blank\" rel=\"noopener\">sexuelle<\/a> ou <a href=\"https:\/\/dev-vqf.creatives.com\/la-violence-dans-le-couple\/la-violence-economique\/\" target=\"_blank\" rel=\"noopener\">\u00e9conomique<\/a>) n'est jamais acceptable et elle est interdite par la loi. La violence au sein du couple d\u00e9truit la relation et a des cons\u00e9quences n\u00e9fastes sur la sant\u00e9 des personnes qui la subissent c'est pourquoi il est important que vous puissiez vous en prot\u00e9ger.<br \/>\r\n<br \/>\r\nVous nous demandez si vos relations peuvent s'am\u00e9liorer si vous r\u00e9glez vos probl\u00e8mes de couple. Nous n'avons pas la r\u00e9ponse \u00e0 cette question puisqu'elle d\u00e9pend de votre partenaire et de vous-m\u00eame et que chaque relation est unique. Nous savons que la violence au sein du couple prend souvent la forme <a href=\"https:\/\/dev-vqf.creatives.com\/la-violence-dans-le-couple\/la-violence-cest-quoi\/\">d'un cycle<\/a> qui se r\u00e9p\u00e8te et qui augmente en intensit\u00e9 si rien n'est entrepris pour le stopper. Cependant la violence au sein du couple n'est pas une fatalit\u00e9 et il est possible de \"d\u00e9sapprendre\" la violence. Cela n\u00e9cessite un travail sur soi, une reconnaissance de la part de la personne auteure de violence que quelque chose ne va pas, une volont\u00e9 de changement et du temps. Nous savons qu'un tel processus de changement a plus de chance d'aboutir avec l'aide et le soutien de <a href=\"https:\/\/dev-vqf.creatives.com\/trouver-de-laide\/\" target=\"_blank\" rel=\"noopener\">professionnel-l-e-s sp\u00e9cialis\u00e9-e-s<\/a>.<br \/>\r\n<br \/>\r\nNous nous permettons de vous posez les questions suivantes \u00e0 titre de r\u00e9flexion:<br \/>\r\n<ul><br \/>\r\n \t<li>\u00a0Votre conjoint est-il conscient de la gravit\u00e9 de ses actes ?<\/li><br \/>\r\n \t<li>Serait-il pr\u00eat \u00e0 demander de l'aide aupr\u00e8s d'un-e professionnel-l-e sp\u00e9cialis\u00e9-e?<\/li><br \/>\r\n \t<li>De votre c\u00f4t\u00e9, que souhaitez-vous pour vous-m\u00eame et comment imaginez-vous la suite de votre relation ?<\/li><br \/>\r\n \t<li>Quelles sont vos attentes \u00e0 l'\u00e9gard de votre partenaire ?<\/li><br \/>\r\n<\/ul><br \/>\r\nSi votre conjoint est pr\u00eat \u00e0 demander de l'aide, il peut s'adresser, dans le canton de Berne au <a href=\"https:\/\/www.big.sid.be.ch\/fr\/start\/hilfe\/hilfe-fuer-gewalt-ausuebende.html\" target=\"_blank\" rel=\"noopener\">Service de lutte contre la violence domestique<\/a><br \/>\r\n<div class=\"css-a7vinc e24e71b6\" data-testid=\"authority\">Direction de la s\u00e9curit\u00e9 du canton de Berne DSE<\/div><br \/>\r\n<div class=\"css-a7vinc e24e71b6\" data-testid=\"address\">Kramgasse 20<\/div><br \/>\r\n<div class=\"css-a7vinc e24e71b6\" data-testid=\"post\">3011 Berne<\/div><br \/>\r\n<div class=\"css-1ys84ta e24e71b4\"><a class=\"e24e71b5 css-rf7ri6 elh1daz0\" href=\"tel:+41 31 633 50 33\" target=\"_self\" rel=\"noopener\" data-testid=\"phone\">T\u00e9l.: +41 31 633 50 33<\/a><\/div><br \/>\r\n<div class=\"css-1ys84ta e24e71b4\"><a href=\"mailto:info.big.sid@be.ch\">info.big.sid@be.ch<\/a><\/div><br \/>\r\n<div class=\"css-1ys84ta e24e71b4\">Pour une inscription au groupe de parole et aux entrevues individuelles:\u00a0<a href=\"tel:+41%2079%20308%2084%2005\" target=\"_self\" rel=\"noopener\">+41 79 308 84 05<\/a><\/div><br \/>\r\n<div class=\"css-1ys84ta e24e71b4\">Pour une inscription au groupe de parole en fran\u00e7ais: <a href=\"tel:+41%2032%20886%2080%2008\" target=\"_self\" rel=\"noopener\">+41 32 886 80 08<\/a>.<\/div><br \/>\r\n<div class=\"css-1ys84ta e24e71b4\"><br \/>\r\n<div class=\"css-1bznv1h e1p0h6il0\" data-testid=\"accordion-content\"><br \/>\r\n<div class=\"e1iu3sir0 css-1gxvoed eqiuk0t0\" data-testid=\"richtext\"><br \/>\r\n<br \/>\r\nDe votre c\u00f4t\u00e9, il pourrait \u00eatre b\u00e9n\u00e9fique de pouvoir faire le point sur votre situation de mani\u00e8re confidentielle et gratuite aupr\u00e8s d'une professionnelle du domaine des violences domestiques. Dans le canton de Berne, vous pouvez vous adresser \u00e0 <a href=\"https:\/\/solfemmes.ch\/index.php\/fr\/\" target=\"_blank\" rel=\"noopener\">Solidarit\u00e9 Femmes Bienne et r\u00e9gion<\/a>:<br \/>\r\n<br \/>\r\n<strong>Solidarit\u00e9 Femmes<\/strong><br \/>\r\nCentre de consultation de Solidarit\u00e9 femmes r\u00e9gion biennoise<br \/>\r\nRue du Contr\u00f4le 12<br \/>\r\n2503 Bienne<br \/>\r\nT\u00e9l. : 032 322 03 44<br \/>\r\n<a href=\"http:\/\/www.solfemmes.ch\/\" target=\"_blank\" rel=\"noopener\">www.solfemmes.ch<\/a><br \/>\r\n<br \/>\r\nEnfin, en cas de nouvelle crise, si vous \u00eates en danger, nous vous encourageons \u00e0 appeler imm\u00e9diatement la police au <strong>117<\/strong>.<br \/>\r\n<br \/>\r\nNous esp\u00e9rons que ces quelques pistes vous aideront \u00e0 r\u00e9pondre \u00e0 vos interrogations. Notre porte reste ouverte si vous souhaitez nous en dire, nous poser d'autres questions et recevons volontiers de vos nouvelles. Nos meilleurs messages vous accompagnent,<br \/>\r\n<br \/>\r\n<\/div><br \/>\r\n<\/div><br \/>\r\n<\/div><br \/>\r\n<\/div><\/div><\/div><\/div><\/div><\/div><div class='qa_acc_item'><span class='acc_toggler'><\/span><div class='item_header'><h3>Elle me rabaisse, m\u2019insulte et me menace. Ce n\u2019est pas tenable.<h3><div class='vqf_fixed_width_text'><p>05 janvier 2022 - bri... Bonjour, Je vous \u00e9crit parce que ma femme et moi somme dans une situation difficile. Elle me rabaisse quotidiennement, me dit qu'elle n'a pas confiance en moi, que je suis stupide. Elle a parfois des...<\/p><\/div><\/div><div class='item_body'><div class='quesion_response_block'><div class='question'><h5>Question<\/h5><div class='vqf_fixed_width_text'><div class=\"box-question p2\"><br \/>\r\n<p class=\"color-grey small mt1 mb0\">05 janvier 2022 - bri...<\/p><br \/>\r\nBonjour,<br \/>\r\n<br \/>\r\nJe vous \u00e9crit parce que ma femme et moi somme dans une situation difficile. Elle me rabaisse quotidiennement, me dit qu'elle n'a pas confiance en moi, que je suis stupide. Elle a parfois des crises de col\u00e8res effrayantes et aussi devant nos enfants.<br \/>\r\n<br \/>\r\nElle me reproche le temps que je ne passe pas \u00e0 travailler ou m'occuper des enfants, et je doit renoncer \u00e0 voir mes amis ou ma famille. Parfois elle part et me laisse \u00e0 g\u00e9rer la maison alors que je doit aller travailler. Et r\u00e9cemment elle me parle de se suicider. Nous ne sommes pas dans une situation typique: Je ne suis pas en danger. Par bien des aspects, ma femme est plus vuln\u00e9rable que moi: elle ne parle pas couramment Fran\u00e7ais, elle ne travaille pas. Les chose allaient beaucoup mieux avant que nous n'ayons des enfants et je pense qu'il pourrait s'agir d'une d\u00e9pression post-partum. Mais je sais que la situation actuelle n'est pas tenable, je m'inqui\u00e8te des cons\u00e9quences pour nos enfants et je ne sais pas comment faire pour trouver de l'aide. Id\u00e9alement, je souhaiterais avoir les coordonn\u00e9e d'un conseiller ou d'une conseill\u00e8re conjugal anglophone dans la ville de Biel\/Bienne (BE) ou \u00e0 proximit\u00e9. Ou tout autre conseil. Par avance, Merci<br \/>\r\n<br \/>\r\n<\/div><br \/>\r\n<div class=\"bg-grey p2\"><br \/>\r\n<h3><\/h3><br \/>\r\n<h3><\/p><\/div><\/div><div class='response'><h5>Response<\/h5><div class='vqf_fixed_width_text'><p><\/h3><br \/>\r\nBonjour Monsieur,<br \/>\r\n<br \/>\r\nVotre femme vous rabaisse quotidiennement, elle vous fait des reproches sur votre occupation du temps et celle que vous consacrez aux enfants. Elle a parfois des crises de col\u00e8re que vous qualifiez d\u2019effrayantes et qui peuvent se passer devant les enfants. Elle a r\u00e9cemment parl\u00e9 de se suicider. Il s\u2019agit de <a href=\"https:\/\/dev-vqf.creatives.com\/la-violence-dans-le-couple\/la-violence-psychologique\/\" target=\"_blank\" rel=\"noopener\">violences psychologiques<\/a> et vous vous rendez compte que cette situation n\u2019est pas tenable.<br \/>\r\n<br \/>\r\nVous en \u00eates inquiet, pour vous et vos enfants et vous avez raison de vous pr\u00e9occuper des violences que vous subissez car leurs r\u00e9p\u00e9titions sont d\u00e9l\u00e9t\u00e8res, non seulement pour les enfants, mais certainement aussi pour votre \u00e9quilibre personnel.<br \/>\r\n<br \/>\r\nPour trouver de l\u2019aide, vous recherchez des conseillers conjugaux et nous pouvons vous adresser \u00e0 la <a href=\"https:\/\/csp.ch\/berne-jura\/services\/couple-et-familles\/\" target=\"_blank\" rel=\"noopener\">Consultation Conjugale et Familiale<\/a>\u00a0du CSP\/Bienne, qui propose, comme vous le demandez, des consultations en anglais.<br \/>\r\n<br \/>\r\nPour les couples binationaux, vous pouvez vous adresser \u00e0 l\u2019Association <a href=\"https:\/\/www.frabina.ch\/fr\/conseil\/\" target=\"_blank\" rel=\"noopener\">Frabina<\/a>, qui propose des consultations, aussi en <a href=\"https:\/\/www.frabina.ch\/fr\/portrait\/\" target=\"_blank\" rel=\"noopener\">anglais<\/a>.<br \/>\r\n<br \/>\r\nNous vous rendons attentif au fait qu\u2019une consultation de couple n\u2019est possible qu\u2019avec la participation active des deux partenaires, qui s\u2019engagent pr\u00e9alablement \u00e0 vouloir changer quelque chose dans leur comportement.<br \/>\r\n<br \/>\r\nSi vous \u00eates incertain sur l\u2019engagement de votre \u00e9pouse \u00e0 entamer un travail psychoth\u00e9rapeutique de couple, vous pouvez demander \u00e0 l\u2019un des centres propos\u00e9s une consultation uniquement pour vous, afin de v\u00e9rifier la possibilit\u00e9 d\u2019entamer ce processus.<br \/>\r\n<br \/>\r\nSi votre femme n\u2019est pas dispos\u00e9e \u00e0 commencer une th\u00e9rapie de couple, ne restez pas seul et adressez-vous soit aux institutions cit\u00e9es pr\u00e9c\u00e9demment pour une consultation individuelle, ou au <a href=\"https:\/\/www.opferhilfe-bern.ch\/fr\/contact\" target=\"_blank\" rel=\"noopener\">Centre LAVI<\/a> de Bienne, qui vous recevra dans ses consultations pour homme victimes de violences conjugales. Vous pouvez aussi vous adresser aupr\u00e8s de l\u2019<a href=\"https:\/\/www.zwueschehalt.ch\/\" target=\"_blank\" rel=\"noopener\">Association Zw\u00fcscheHalt<\/a>, qui soutient sp\u00e9cifiquement les hommes victimes de violences conjugales.<br \/>\r\n<br \/>\r\nLe cas \u00e9ch\u00e9ant, votre femme peut aussi trouver de l\u2019aide aupr\u00e8s du Centre de consultations de <a href=\"https:\/\/solfemmes.ch\/index.php\/fr\/\" target=\"_blank\" rel=\"noopener\">Solidarit\u00e9 femme<\/a> de Bienne. Comme vous le sugg\u00e9rez, si elle souffre d\u2019une d\u00e9pression post partum, elle peut consulter et trouver du soutien aupr\u00e8s d\u2019un-e <a href=\"https:\/\/www.psychologie.ch\/fr\/Recherche-de-psy\/R%C3%A9sultats?radius=radius&amp;location=Bienne\" target=\"_blank\" rel=\"noopener\">psychoth\u00e9rapeute<\/a>.<br \/>\r\n<br \/>\r\nIl est essentiel pour vous et vos enfants de trouver une stabilit\u00e9 relationnelle de couple et un fonctionnement familial propice au d\u00e9veloppement des enfants. Nous esp\u00e9rons que vous trouverez les appuis n\u00e9cessaires aupr\u00e8s des prestataires propos\u00e9s pour entamer des changements dans la dynamique familiale afin que vous puissiez trouver un climat relationnel paisible.<br \/>\r\n<br \/>\r\nNous restons \u00e0 votre disposition pour d\u2019autres renseignements et nous vous adressons, Monsieur, la force et le courage pour vous prot\u00e9ger et vivre sereinement avec vos enfants.<br \/>\r\n<br \/>\r\n<\/div><\/div><\/div><\/div><\/div><\/div><div class='qa_acc_item'><span class='acc_toggler'><\/span><div class='item_header'><h3>Quel est le risque de r\u00e9cidive si l&#8217;auteur de violence ne fait pas de travail personnel ?<h3><div class='vqf_fixed_width_text'><p>04 janvier 2022 - 3 c... quel est le taux de r\u00e9cidive lorsqu'il y a eu de la violence (verbale et physique) dans un couple? quel est le risque si l'auteur de violence ne fait pas un travail personnel? et...<\/p><\/div><\/div><div class='item_body'><div class='quesion_response_block'><div class='question'><h5>Question<\/h5><div class='vqf_fixed_width_text'><div class=\"box-question p2\"><br \/>\r\n<p class=\"color-grey small mt1 mb0\">04 janvier 2022 - 3 c...<\/p><br \/>\r\nquel est le taux de r\u00e9cidive lorsqu'il y a eu de la violence (verbale et physique) dans un couple? quel est le risque si l'auteur de violence ne fait pas un travail personnel? et s'il en fait un? est-il possible qu'il n'y ai pas de r\u00e9cidive? le couple est s\u00e9par\u00e9 et la personne qui a subi de la violence se pose ces questions, que lui r\u00e9pondre?<br \/>\r\n<br \/>\r\n<\/div><br \/>\r\n<div class=\"bg-grey p2\"><br \/>\r\n<h3><\/h3><br \/>\r\n<h3><\/p><\/div><\/div><div class='response'><h5>Response<\/h5><div class='vqf_fixed_width_text'><p><\/h3><br \/>\r\nBonjour Madame,<br \/>\r\n<br \/>\r\nLes questions que vous nous adressez au sujet de la r\u00e9cidive sont des questions importantes, et bien l\u00e9gitimes \u00e0 poser.<br \/>\r\n<br \/>\r\nIl est complexe d\u2019y r\u00e9pondre pour plusieurs raisons. Notamment parce qu\u2019il n\u2019existe malheureusement que peu d\u2019\u00e9tudes \u00e0 ce propos. Les quelques statistiques suisses qui existent sont b\u00e2loises et zurichoises. Elles concluent \u00e0 une r\u00e9duction de moiti\u00e9 du risque de r\u00e9cidive pour les personnes ayant suivi un programme de pr\u00e9vention (<a href=\"https:\/\/www.google.com\/url?sa=t&amp;rct=j&amp;q=&amp;esrc=s&amp;source=web&amp;cd=&amp;cad=rja&amp;uact=8&amp;ved=2ahUKEwj8hZCw3Zr1AhWvg_0HHUt0B3QQFnoECAIQAQ&amp;url=https%3A%2F%2Fwww.ebg.admin.ch%2Fdam%2Febg%2Ffr%2Fdokumente%2Fhaeusliche_gewalt%2Finfoblaetter%2Fb7.pdf.download.pdf%2Fb7_interventions-aupres-des-auteurs-de-violence.pdf&amp;usg=AOvVaw17YGGFB71IIkDbw2MGCccb\" target=\"_blank\" rel=\"noopener\">BFEG<\/a>).<br \/>\r\n<br \/>\r\nUn autre \u00e9l\u00e9ment de complexit\u00e9 est de d\u00e9terminer ce que l\u2019on consid\u00e8re comme de la r\u00e9cidive. En effet, pour \u00e9tablir des chiffres, on peut d\u00e9cider par exemple d\u2019observer le nombre de personnes qui font \u00e0 nouveau appel \u00e0 la police pour un \u00e9v\u00e9nement de violence domestique, apr\u00e8s un suivi de la personne auteure. Le risque ici serait alors de consid\u00e9rer un appel \u00ab\u00a0pr\u00e9ventif\u00a0\u00bb qui serait fait pour \u00e9viter une escalade de violence comme une r\u00e9cidive, alors qu\u2019il s\u2019agit peut-\u00eatre au contraire d\u2019une am\u00e9lioration. Les chiffres sont ainsi des indicateurs \u00e0 prendre avec pr\u00e9caution, car leur interpr\u00e9tation reste toujours subjective.<br \/>\r\n<br \/>\r\nNous ne pouvons bien entendu pas nous positionner en affirmant qu\u2019il soit possible ou non qu\u2019il y ait de nouvel \u00e9pisode de violence dans cette situation de couple.<br \/>\r\n<br \/>\r\nToutefois, il y a en effet davantage de risque qu\u2019un nouvel \u00e9v\u00e9nement de violence ait lieu si la personne auteure n\u2019entreprend pas de d\u00e9marche th\u00e9rapeutique sp\u00e9cifique. Ce risque existe d\u2019ailleurs \u00e9galement dans le cadre de couples s\u00e9par\u00e9s.<br \/>\r\n<br \/>\r\nLa possibilit\u00e9 de changement existe. Il est en effet possible qu\u2019une personne qui a agi de la violence dans le pass\u00e9 n\u2019en agisse plus. Cela ne d\u00e9pend en revanche pas de la personne victime - quels que soient les changements qu\u2019elle mette en place \u2013 mais de la personne qui a agi les violences.<br \/>\r\n<br \/>\r\nEn tant que proche, vous pouvez assurer \u00e0 la personne qui a subi les violences que son ex-partenaire peut \u00eatre soutenu\u00b7e pour amorcer un changement par des sp\u00e9cialistes. Dans le canton de Fribourg, l\u2019<a href=\"http:\/\/www.ex-pression.ch\/fr\" target=\"_blank\" rel=\"noopener\">Association Ex-Pression<\/a> propose ce type d\u2019accompagnement. Vous pouvez \u00e9galement r\u00e9pondre qu\u2019une d\u00e9marche de changement prend du temps, et que par cons\u00e9quent cela demande d\u2019observer sur la dur\u00e9e si l\u2019ex-partenaire entreprend concr\u00e8tement et r\u00e9ellement un changement.<br \/>\r\n<br \/>\r\nEn esp\u00e9rant avoir pu r\u00e9pondre \u00e0 vos interrogations, nous restons disponibles si vous le souhaitiez.<br \/>\r\n<br \/>\r\nBien cordialement.<br \/>\r\n<br \/>\r\n<\/div><\/div><\/div><\/div><\/div><\/div><div class='qa_acc_item'><span class='acc_toggler'><\/span><div class='item_header'><h3>Que puis-je faire pour rester chez moi avec mon enfant et pour que la papa parte ?<h3><div class='vqf_fixed_width_text'><p>02 janvier 2022 - 100... Salut, je suis dans une relation depuis 6 ann\u00e9es, avec un fils de 4ans. Mon ex-compagnon (le pap\u00e1) \u00e9tait toujours agressif et instable. Tout les ann\u00e9es je le demand\u00e9 2 ou 3x pour sortir de...<\/p><\/div><\/div><div class='item_body'><div class='quesion_response_block'><div class='question'><h5>Question<\/h5><div class='vqf_fixed_width_text'><div class=\"box-question p2\"><br \/>\r\n<p class=\"color-grey small mt1 mb0\">02 janvier 2022 - 100...<\/p><br \/>\r\nSalut,<br \/>\r\n<br \/>\r\nje suis dans une relation depuis 6 ann\u00e9es, avec un fils de 4ans. Mon ex-compagnon (le pap\u00e1) \u00e9tait toujours agressif et instable. Tout les ann\u00e9es je le demand\u00e9 2 ou 3x pour sortir de notre maison et nous laisser vivre bien. Toujours il y \u00e0 retourner apr\u00e8s 1 mois avec des belles mots.<br \/>\r\n<br \/>\r\nIl \u00e9tait d\u00e9j\u00e0 hospitalis\u00e9 avec un diagnostique bipolaire. J\u2019ai \u00e9tait toujours dans sont c\u00f4t\u00e9 pour l\u2019aider et je suis faible, je crois toujours \u00e0 lui. Mais maintenant notre fils \u00e0 grandi et commence d\u00e9j\u00e0 \u00e0 d\u00e9montrer des effets de cette ambiance lourd et instable. Dans les derni\u00e8res mois il m\u2019a commenc\u00e9 \u00e0 dire pour moi d\u00e9gager de notre maison mais seul. Il fait 2 mois que j\u2019ai sorti mais toujours par que je peux voir mon fils il est pr\u00e9sent aussi et les agressions verbaux, casser les affaires, taper les murs\u2026 continue. Il m\u2019a obliger de payer la moiti\u00e9 d\u00fb loyer + supermarch\u00e9.. etc etc. Je travail mais il est \u00e0 ch\u00f4mage.<br \/>\r\n<br \/>\r\nEst-ce que je peux rester \u00e0 la maison avec mon fils et il pas? Comment je peux retourner chez moi, demander \u00e0 lui de sortir mais \u00eatre prot\u00e9ger qu\u2019il ne peut pas rentrer quand il veut? J\u2019ai jamais pr\u00e9sent\u00e9 une plainte de violence domestique mais la police \u00e0 d\u00e9j\u00e0 contact\u00e9 la protection d\u2019enfants comme une maison de risque. Qu\u2019est-ce que je peux\/doit faire ?<br \/>\r\n<br \/>\r\nMerci<br \/>\r\n<br \/>\r\n<\/div><br \/>\r\n<div class=\"bg-grey p2\"><br \/>\r\n<h3><\/h3><br \/>\r\n<h3><\/p><\/div><\/div><div class='response'><h5>Response<\/h5><div class='vqf_fixed_width_text'><p><\/h3><br \/>\r\nBonjour Madame,<br \/>\r\n<br \/>\r\nVous vivez des violences depuis 6 ans, et depuis 2 mois, vous \u00eates parties de votre domicile. Cependant, votre fils vit toujours avec son papa et vous ne pouvez pas \u00eatre seule avec votre enfant. Bien que vous ayez quitt\u00e9 le domicile, votre ex-compagnon continue \u00e0 avoir des comportements de violence <a href=\"https:\/\/dev-vqf.creatives.com\/la-violence-dans-le-couple\/la-violence-economique\/\" target=\"_blank\" rel=\"noopener\">\u00e9conomique<\/a> en vous obligeant m\u00eame \u00e0 payer le loyer et d\u2019autres frais d\u2019entretiens. Vous vous demandez comment retourner chez vous pour y vivre seule avec votre fils et vous prot\u00e9ger.<br \/>\r\n<br \/>\r\nNous vous f\u00e9licitons d\u2019avoir fait le pas de nous partager votre situation et demander de l\u2019aide pour vous et votre enfant. La violence a des effets n\u00e9fastes pour vous et lui.\u00a0Elle est interdite par la loi et vous avez le droit de recevoir de l\u2019aide et devez prot\u00e9ger votre fils.<br \/>\r\n<br \/>\r\nVous nous dites que la protection de l\u2019enfant est au courant de la situation de danger pour votre fils. Vous pouvez les contacter \u00e0 tout moment si vous avez des questions ou pour leur demander des informations\u00a0sur ce qui se passe.<br \/>\r\n<br \/>\r\nLe bail \u00e0 loyer (ou la propri\u00e9t\u00e9) est-t-il \u00e0 votre nom ou celui de votre ex-compagnon\u00a0? S\u2019il est \u00e0 votre nom uniquement, vous avez le droit de demander \u00e0 votre ex-compagnon de partir. Vous pouvez soit demander de vous restituer toutes les clefs ou \u00e9ventuellement faire changer votre serrure si vous avez peur qu\u2019il revienne. N\u2019h\u00e9sitez pas \u00e0 appeler la police s\u2019il ne part pas.<br \/>\r\n<br \/>\r\nS\u2019il vous agresse, vous avez le droit d\u2019appeler la police au <strong>117<\/strong> qui interviendra. La police peut l\u2019expulser du domicile momentan\u00e9ment si elle le juge n\u00e9cessaire.<br \/>\r\n<br \/>\r\nDans le cas o\u00f9 le bail \u00e0 loyer ou la propri\u00e9t\u00e9 est \u00e0 vos deux noms ou seulement le sien, il n\u2019est pas dans l\u2019obligation de partir. O\u00f9 vivez-vous en ce moment\u00a0? Envisageriez-vous de trouver un nouveau lieu de vie pour vous et votre enfant\u00a0?<br \/>\r\n<br \/>\r\nNous vous encourageons \u00e0 contacter <a href=\"https:\/\/pointdujour.ch\/\" target=\"_blank\" rel=\"noopener\">le Point du Jour<\/a>\u00a0(<strong>078 883 38 07<\/strong>)\u00a0qui est un lieu d\u2019accueil et d'accompagnement pour femmes victimes de violences domestiques. Vous serez ainsi conseill\u00e9e et soutenue afin de vous prot\u00e9ger et sortir de cette situation de violence, discuter de vos droits de garde de votre enfant et retrouver la s\u00e9curit\u00e9 et la stabilit\u00e9 pour vous et lui.<br \/>\r\n<br \/>\r\nAussi, nous vous encourageons \u00e0 contacter le <a href=\"https:\/\/dev-vqf.creatives.com\/sitemanager\/Centre%20de%20consultation%20LAVI%20Valais%20Romand%20T%C3%A9l.%20027%20607%2031%2000%20Rue%20des%20Vergers%201%20%E2%80%93%201950%20Sion%20Entretien%20sur%20rendez-vous%20%C3%A0%20Sion%20et%20%C3%A0%20la%20Maison%20Sant%C3%A9%20Chablais%20de%20Collombey-Muraz\" target=\"_blank\" rel=\"noopener\">Centre LAVI du canton du Valais<\/a> afin d'avoir un conseil juridique et \u00e9ventuellement financi\u00e8re:<br \/>\r\n<br \/>\r\n<strong>Centre de consultation LAVI Valais Romand<\/strong><br \/>\r\n<strong>T\u00e9l. 027\u00a0607 31 00<\/strong><br \/>\r\nRue des Vergers 1 \u2013 1950 Sion<br \/>\r\nEntretien sur rendez-vous \u00e0 Sion et \u00e0 la Maison Sant\u00e9 Chablais de Collombey-Muraz<br \/>\r\n<br \/>\r\nN\u2019h\u00e9sitez pas \u00e0 nous \u00e9crire si vous avez de nouvelles questions ou que vous souhaitez nous donner des nouvelles et\/ou r\u00e9pondre \u00e0 nos questions. Nous esp\u00e9rons que vous poursuivrez vos d\u00e9marches et vous envoyons nos meilleures pens\u00e9es pour la suite.<br \/>\r\n<br \/>\r\n<\/div><\/div><\/div><\/div><\/div><\/div><div class='qa_acc_item'><span class='acc_toggler'><\/span><div class='item_header'><h3>Est-ce possible de rester apr\u00e8s un \u00e9pisode de violence ?<h3><div class='vqf_fixed_width_text'><p>01 janvier 2022 - pip... Bonjour, Il y a trois jours, mon compagnon, avec qui je suis depuis 9 mois et avec lequel j'habite depuis 9 mois aussi a \u00e9t\u00e9 violent pour la premi\u00e8re fois. Le soir m\u00eame c'est la...<\/p><\/div><\/div><div class='item_body'><div class='quesion_response_block'><div class='question'><h5>Question<\/h5><div class='vqf_fixed_width_text'><div class=\"box-question p2\"><br \/>\r\n<p class=\"color-grey small mt1 mb0\">01 janvier 2022 - pip...<\/p><br \/>\r\nBonjour,<br \/>\r\n<br \/>\r\nIl y a trois jours, mon compagnon, avec qui je suis depuis 9 mois et avec lequel j'habite depuis 9 mois aussi a \u00e9t\u00e9 violent pour la premi\u00e8re fois. Le soir m\u00eame c'est la police qui l'a forc\u00e9 \u00e0 quitter le domicile conjugal, puis le lendemain, c'est moi qui suis partie car je ne souhaitais pas rester dans l'appartement et que j'avais besoin d'\u00eatre entour\u00e9e. Je suis donc all\u00e9e chez une amie.<br \/>\r\n<br \/>\r\nAujourd'hui je me pose \u00e9norm\u00e9ment de questions et notamment si c'est possible de rester avec lui, pour autant qu'il des entreprenne des d\u00e9marches pour se faire aider? Une th\u00e9rapie individuelle et de couple peut-elle \u00eatre possible et porter ses fruits?<br \/>\r\n<br \/>\r\nDe son c\u00f4t\u00e9, et d'apr\u00e8s ses dires, il est rong\u00e9 par la culpabilit\u00e9 et ne s'explique pas son comportement. Il a d\u00e9j\u00e0 contact\u00e9 sa psychologue et une association. Je suis perdue et ne sais pas quoi faire.<br \/>\r\n<br \/>\r\nJe ne sais pas s'il peut y avoir de l'espoir ou si je dois absolument mettre un terme \u00e0 cette relation... Pouvez-vous m'\u00e9clairer s'il vous pla\u00eet?<br \/>\r\n<br \/>\r\n<\/div><br \/>\r\n<div class=\"bg-grey p2\"><br \/>\r\n<h3><\/h3><br \/>\r\n<h3><\/p><\/div><\/div><div class='response'><h5>Response<\/h5><div class='vqf_fixed_width_text'><p><\/h3><br \/>\r\nBonjour Madame,<br \/>\r\n<br \/>\r\nApr\u00e8s un \u00e9pisode de violence de la part de votre compagnon, vous ne savez pas si vous devez mettre un terme \u00e0 cette relation r\u00e9cente ou s'il y a de l'espoir que son comportement change. Vous souhaitez savoir si une th\u00e9rapie peut \u00eatre envisag\u00e9e et avoir de l'effet.<br \/>\r\n<br \/>\r\nVous avez bien fait de nous contacter, il est important de ne pas rester seule face \u00e0 la violence. Briser le silence est une \u00e9tape n\u00e9cessaire pour se prot\u00e9ger. Vous dites \u00eatre perdue et ne pas savoir quoi faire, ceci est une r\u00e9action normale dans une\u00a0situation qui ne l'est pas. Prendre du recul en vous \u00e9loignant est une \u00e9tape qui peut\u00a0vous aider \u00e0 vous recentrer et\u00a0\u00e0 identifier vos besoins. Vous pourrez ainsi choisir vous-m\u00eame\u00a0ce que vous souhaitez\u00a0et prendre votre propre d\u00e9cision.<br \/>\r\n<br \/>\r\nIl ne nous est pas possible de pouvoir vous r\u00e9pondre par un \"oui\" ou \u00e0 un \"non\" \u00e0 la question de savoir si une th\u00e9rapie individuelle peut porter ses fruits et\u00a0 si vous devez quitter votre conjoint. Les r\u00e9ponses \u00e0 ces questions se trouvent en vous et en votre conjoint, notamment \u00e0 sa capacit\u00e9 \u00e0 faire un travail sur lui-m\u00eame et \u00e0 comprendre ce qui l'a amen\u00e9 \u00e0 recourir \u00e0 la violence.<br \/>\r\n<br \/>\r\nSi vous choisissez de poursuivre la relation, Il est indispensable que votre compagnon se fasse aider et que vous-m\u00eame soyez soutenue. Pour vous soutenir et faire le point sur votre situation nous vous conseillons d'appeler\u00a0<a href=\"http:\/\/www.lessentielles.ch\/prestations-offertes\/\" target=\"_blank\" rel=\"noopener\">La Fondation L'Essentielles<\/a>\u00a0au <strong>079\/320.98.78.\u00a0<\/strong>Des sp\u00e9cialistes vous \u00e9couteront et vous aideront \u00e0 chercher les solutions\u00a0qui vous conviennent de mani\u00e8re confidentielle et gratuite.<br \/>\r\n<br \/>\r\nPour votre compagnon, il peut trouver des informations sur des consultations individuelles dans la partie destin\u00e9e aux auteur-e-s de notre site. S'il souhaite plus d'informations ou nous poser des questions, il peut aussi nous contacter.<br \/>\r\n<br \/>\r\nPour vous aider dans votre r\u00e9flexion, nous nous permettons de vous poser les questions suivantes:<br \/>\r\n<ul><br \/>\r\n \t<li>Quels seraient les signaux qui montrent que votre conjoint est dans une d\u00e9marche de changement? Et au contraire, quels seraient les signaux qui montrent que votre conjoint n'engage aucun ou pas suffisament de travail sur lui-m\u00eame ?<\/li><br \/>\r\n \t<li>Quels changements concrets attendez-vous de voir de la part de votre compagnon ? Dans quels d\u00e9lais ?<\/li><br \/>\r\n<\/ul><br \/>\r\nQuand on se retrouve dans une situation o\u00f9 nous sommes perdu-e-s, il peut \u00eatre utile de se fixer un d\u00e9lai pour prendre une d\u00e9cision. Vous pourriez par exemple vous fixer dans votre agenda une date \u00e0 laquelle vous faites le point avec vous-m\u00eame et sur votre relation de couple. L'id\u00e9e est que cette date ne soit pas communiqu\u00e9e \u00e0 votre conjoint.<br \/>\r\n<br \/>\r\nQuel que soit votre choix, nous vous rendons attentive que la violence au sein du couple est interdite et punie par la loi.\u00a0D\u00e8s lors, si vous vous sentez en danger, n'h\u00e9sitez pas \u00e0 appeler la police au <strong>117.<\/strong><br \/>\r\n<br \/>\r\nNous esp\u00e9rons que les\u00a0quelques pistes que nous vous proposons, pourront vous aider \u00e0 faire \u00e9voluer positivement votre situation.<br \/>\r\n<br \/>\r\nNous restons \u00e0 votre disposition si vous avez d'autres questions ou si vous souhaitez nous donner de vos nouvelles.<br \/>\r\n<br \/>\r\nNous vous souhaitons courage et nous vous envoyons nos meilleures pens\u00e9es.<br \/>\r\n<br \/>\r\n<\/div><\/div><\/div><\/div><\/div><\/div><div class='qa_acc_item'><span class='acc_toggler'><\/span><div class='item_header'><h3>Ma m\u00e8re est violence avec mon p\u00e8re, est-ce que je dois faire quelque chose ? Que puis-je faire?<h3><div class='vqf_fixed_width_text'><p>30 d\u00e9cembre 2021 - pel... Bonjour, je vous \u00e9cris car ma m\u00e8re a des comportements violents envers mon p\u00e8re. Lorsque j'habitais chez eux, elle \u00e9tait particuli\u00e8rement impulsive et violente, aussi avec nous, ma soeur et moi. Pas toujours, bien s\u00fbr,...<\/p><\/div><\/div><div class='item_body'><div class='quesion_response_block'><div class='question'><h5>Question<\/h5><div class='vqf_fixed_width_text'><div class=\"box-question p2\"><br \/>\r\n<p class=\"color-grey small mt1 mb0\">30 d\u00e9cembre 2021 - pel...<\/p><br \/>\r\nBonjour,<br \/>\r\n<br \/>\r\nje vous \u00e9cris car ma m\u00e8re a des comportements violents envers mon p\u00e8re. Lorsque j'habitais chez eux, elle \u00e9tait particuli\u00e8rement impulsive et violente, aussi avec nous, ma soeur et moi.<br \/>\r\n<br \/>\r\nPas toujours, bien s\u00fbr, elle nous montrait aussi de l'affection r\u00e9guli\u00e8rement. Maintenant, j'ai appris hier qu'elle s'\u00e9tait \u00e9nerv\u00e9e contre mon p\u00e8re et qu'elle l'avait frapp\u00e9 avec des canes. J'ai vu les griffures sur son cou. En en parlant avec mon p\u00e8re, il m'a aussi appris qu'elle lui avait lanc\u00e9 un couteau dessus, derni\u00e8rement. Elle ne l'a pas touch\u00e9 mais le geste est terriblement meurtrier, je trouve. Voil\u00e0, donc je ne sais pas quoi faire. Si mon p\u00e8re avait frapp\u00e9 ma m\u00e8re, je serais all\u00e9e \u00e0 la police mais malheureusement, les clich\u00e9s ont la vie dure...j'aurais peur de ne pas \u00eatre cr\u00e9dible et que mon p\u00e8re se sente humili\u00e9.<br \/>\r\n<br \/>\r\nQue puis-je faire ? et dois-je faire tout simplement quelque chose ?<br \/>\r\n<br \/>\r\nj'h\u00e9site entre \"ce ne sont pas mes affaires\" et \"d\u00e8s qu'on est t\u00e9mointe, \u00e7a devient notre affaire\", vous voyez ?<br \/>\r\n<br \/>\r\nPour information, mes parents vivent dans le canton de Neuch\u00e2tel. Merci beaucoup !<br \/>\r\n<br \/>\r\n<\/div><br \/>\r\n<div class=\"bg-grey p2\"><br \/>\r\n<h3><\/h3><br \/>\r\n<h3><\/p><\/div><\/div><div class='response'><h5>Response<\/h5><div class='vqf_fixed_width_text'><p><\/h3><br \/>\r\nBonjour,<br \/>\r\n<br \/>\r\nTon p\u00e8re vit une situation difficile et tu aimerais l\u2019aider. Tu te demandes que faire car tu crains qu\u2019en allant \u00e0 la police ton p\u00e8re se sente humili\u00e9 et que tu perdes cr\u00e9dibilit\u00e9 en d\u00e9non\u00e7ant les violences d\u2019une femme contre un homme.<br \/>\r\n<br \/>\r\nNous te remercions de nous avoir \u00e9crit et de te \u00ab\u00a0m\u00ealer des affaires\u00a0\u00bb de tes parents lorsqu\u2019il s\u2019agit de violences. Ton p\u00e8re a v\u00e9cu de <a href=\"https:\/\/dev-vqf.creatives.com\/la-violence-dans-le-couple\/la-violence-physique\/\" target=\"_blank\" rel=\"noopener\">la violence physique<\/a>, et quel que soit son genre, c\u2019est dangereux pour lui et c\u2019est interdit par la loi. Nous encourageons donc toute personne t\u00e9moin de violence \u00e0 agir pour aider les victimes \u00e0 se prot\u00e9ger et responsabiliser\u00a0les auteurs.<br \/>\r\n<br \/>\r\nTon p\u00e8re a pu t\u2019en parler, ce qui est d\u00e9j\u00e0 tr\u00e8s pr\u00e9cieux. Nous lui conseillons d\u2019aller faire rapidement un constat m\u00e9dical des coups et blessures chez son m\u00e9decin traitant ou \u00e0 l\u2019h\u00f4pital le plus proche. Ce constat permettra de contr\u00f4ler son \u00e9tat de sant\u00e9 mais aussi de constituer une preuve des violences en cas de d\u00e9marches juridiques. Il est important qu'il puisse faire ce constat m\u00eame s'il ne d\u00e9cide pas dans l'imm\u00e9diat d'entamer de quelconque d\u00e9marche. S'il change un jour d'avis, ce document pourrait lui \u00eatre tr\u00e8s pr\u00e9cieux.<br \/>\r\n<br \/>\r\nSi ton p\u00e8re est en danger, il peut appeler la police \u00e0 tout moment au <strong>117<\/strong>.\u00a0Penses-tu qu\u2019il signalerait les violences qu\u2019il vit \u00e0 la police si tu lui en parles\u00a0? Tu pourrais m\u00eame lui proposer de l\u2019accompagner.<br \/>\r\n<br \/>\r\nNous te sugg\u00e9rons de l\u2019encourager \u00e0 aller discuter de sa situation au <a href=\"https:\/\/savi-ne.ch\/\" target=\"_blank\" rel=\"noopener\">Service d\u2019aide aux victimes de Neuch\u00e2tel<\/a>\u00a0qui peuvent lui apporter une aide psychologique, juridique et \u00e9ventuellement financi\u00e8re. Les intervenant-e-s pourront soutenir ton p\u00e8re, l\u2019aider \u00e0 se prot\u00e9ger et le guider dans ses d\u00e9cisions, quelles qu\u2019elles soient. Les entretiens sont <strong>gratuits et confidentiels<\/strong>.\u00a0Une permanence t\u00e9l\u00e9phonique pour la violence domestique est \u00e0 \u00a0disposition au <strong>032 886 46 36<\/strong> tous les jours de 14h00 \u00e0 21h00, sauf le samedi de 9h00 \u00e0 12h00 et le dimanche de 18h00 \u00e0 21h00. Tu as aussi le droit de les appeler pour demander des conseils en tant que t\u00e9moin.<br \/>\r\n<br \/>\r\nNous esp\u00e9rons que ces pistes aideront ton p\u00e8re. Il peut aussi nous \u00e9crire s\u2019il souhaite d\u2019abord parler de sa situation de mani\u00e8re anonyme, notamment s\u2019il ressent de la honte. Nous restons \u00e0 ta disposition pour toute autre question et t\u2019envoyons nos meilleures pens\u00e9es.<br \/>\r\n<br \/>\r\n<\/div><\/div><\/div><\/div><\/div><\/div><div class='qa_acc_item'><span class='acc_toggler'><\/span><div class='item_header'><h3>Je me demande si ce que je subis est de la violence?<h3><div class='vqf_fixed_width_text'><p>27 d\u00e9cembre 2021 - Li... Bonjour, Je ne sais pas si ce que je subis constitue de la violence. Mon ami est une personne lunatique et nerveuse. Il lui arrive de me crier dessus. Derni\u00e8rement, alors qu'il \u00e9tait tr\u00e8s \u00e9nerv\u00e9,...<\/p><\/div><\/div><div class='item_body'><div class='quesion_response_block'><div class='question'><h5>Question<\/h5><div class='vqf_fixed_width_text'><div class=\"box-question p2\"><br \/>\r\n<p class=\"color-grey small mt1 mb0\">27 d\u00e9cembre 2021 - Li...<\/p><br \/>\r\nBonjour, Je ne sais pas si ce que je subis constitue de la violence. Mon ami est une personne lunatique et nerveuse. Il lui arrive de me crier dessus. Derni\u00e8rement, alors qu'il \u00e9tait tr\u00e8s \u00e9nerv\u00e9, il m'a lanc\u00e9 une couverture au visage, m'a serr\u00e9 le bras et m'a bouscul\u00e9e. Que dois-je faire ?<br \/>\r\n<br \/>\r\n<\/div><br \/>\r\n<div class=\"bg-grey p2\"><br \/>\r\n<h3><\/h3><br \/>\r\n<h3><\/p><\/div><\/div><div class='response'><h5>Response<\/h5><div class='vqf_fixed_width_text'><p><\/h3><br \/>\r\nBonjour Madame,<br \/>\r\n<br \/>\r\nDans votre message, vous vous demandez si les actes de votre ami envers vous constituent de la violence et vous aimeriez savoir ce que vous devez faire face \u00e0 cela.<br \/>\r\n<br \/>\r\nVous avez bien fait de nous \u00e9crire. Briser le silence autour des violences n'est jamais facile. C'est un pas important que vous avez franchi en venant nous demander de l'aide.<br \/>\r\n<br \/>\r\nEn effet, les actes que vous nous d\u00e9crivez peuvent \u00eatre qualifi\u00e9s de violents. Les bousculades, lancer des objets au visage et serrer le bras sont des <a href=\"https:\/\/dev-vqf.creatives.com\/la-violence-dans-le-couple\/la-violence-physique\/\" target=\"_blank\" rel=\"noopener\">comportements physiquement violents<\/a>. Les cris, notamment lorsqu'ils sont accompagn\u00e9s de violences verbales font partie d'une forme de <a href=\"https:\/\/dev-vqf.creatives.com\/la-violence-dans-le-couple\/la-violence-psychologique\/\" target=\"_blank\" rel=\"noopener\">violence psychologique.<\/a><br \/>\r\n<br \/>\r\nLes actes qu'exercent votre ami envers vous sont graves et\u00a0punissables par la loi.\u00a0 De plus, sur le long et court terme, elles peuvent avoir des cons\u00e9quences n\u00e9gatives\u00a0sur votre bien-\u00eatre. Vous nous dites que ce dernier est \"lunatique\", \"nerveux\" et se met en col\u00e8re. Or, ces traits de personnalit\u00e9s quels qu'ils soient n'excusent et ne justifient en rien le recours \u00e0 la violence. Si votre ami passe par une p\u00e9riode difficile ou qu'il rencontre des probl\u00e8mes particuliers, c'est \u00e0 lui que revient la responsabilit\u00e9 de g\u00e9rer son stress et mal-\u00eatre plut\u00f4t que de s'en prendre \u00e0 sa partenaire.<br \/>\r\n<br \/>\r\nNous avons peu d'information quant \u00e0 votre situation. Seriez-vous d'accord de nous en dire un peu plus ? Y-a-t-il eu d'autres \u00e9pisodes de violence\u00a0? Vivez-vous avec votre ami ?<br \/>\r\n<br \/>\r\nVoici quelques questions qui peuvent vous aider \u00e0 faire le point de votre situation: comment envisagez-vous le reste de la relation maintenant que vous avez identifi\u00e9 les violences? En avez-vous parl\u00e9 avec lui ? Pensez-vous qu'il puisse reconnaitre la nature violente de ses comportements? Nous vous conseillons de consulter la rubique\u00a0\"Que Faire\"\u00a0sur notre site internet qui explique les d\u00e9marches \u00e0 prendre selon les d\u00e9cisions que vous prenez quant \u00e0 votre relation. Le plus important est que vous pensiez \u00e0 vous en priorit\u00e9 et \u00e0 vous prot\u00e9ger.<br \/>\r\n<br \/>\r\nNous vous conseillons\u00a0de parler de ce vous vivez\u00a0avec une ou des personnes de confiance (entourage comme ami-e, coll\u00e8gue, famille etc). Il est important que vous soyez soutenue et que vous ne restiez pas seule avec votre souffrance.<br \/>\r\n<br \/>\r\nVous pouvez \u00e9galement parler avec des professionnel-e-s en faisant appel \u00e0 <strong>Solidarit\u00e9 Femmes Fribourg<\/strong>. Il s'agit d'une association qui soutien les femmes victimes de toutes sortes de violences. Vous y trouverez\u00a0 des professionnelles form\u00e9es dans ce domaine qui offrent de l'\u00e9coute, informent et soutiennent les personnes concern\u00e9es. Vous pouvez <a href=\"https:\/\/www.sf-lavi.ch\/\" target=\"_blank\" rel=\"noopener\">les contacter par mail, t\u00e9l\u00e9phone ou obtenir une consultation sur rendez-vous<\/a>, gratuite et confidentielle. Vous pouvez les joindre au\u00a0<strong>026 322 22 02<\/strong>.<br \/>\r\n<br \/>\r\nPour finir, si une sc\u00e8ne de violence explose ou que vous avez peur pour vous-m\u00eame, n'h\u00e9sitez pas \u00e0 appeler \u00e0 la police au <strong>117<\/strong> \u00e0 tout moment. La police intervient d'office dans les situations de violences conjugales et preserve l'anonymat de la personne qui a appel\u00e9.<br \/>\r\n<br \/>\r\nNous nous tenons \u00e0 disposition si vous d\u00e9sirez nous en dire un peu plus ou si vous avez d'autres questions. Nous sommes de tout coeur avec vous et attendons de vos nouvelles.<br \/>\r\n<br \/>\r\n<\/div><\/div><\/div><\/div><\/div><\/div><div class='qa_acc_item'><span class='acc_toggler'><\/span><div class='item_header'><h3>Un couple \u00e2g\u00e9 vit une situation de violence, que faire?<h3><div class='vqf_fixed_width_text'><p>17 d\u00e9cembre 2021 - dpi... Bonjour, depuis quelques temps, je me suis rendu compte qu'une voisine (+70 ans) vivant dans mon immeuble souffre de violence conjugale que je qualifierais de psychologique. En effet lorsque je la croise dans les couloirs...<\/p><\/div><\/div><div class='item_body'><div class='quesion_response_block'><div class='question'><h5>Question<\/h5><div class='vqf_fixed_width_text'><div class=\"box-question p2\"><br \/>\r\n<p class=\"color-grey small mt1 mb0\">17 d\u00e9cembre 2021 - dpi...<\/p><br \/>\r\nBonjour,<br \/>\r\n<br \/>\r\ndepuis quelques temps, je me suis rendu compte qu'une voisine (+70 ans) vivant dans mon immeuble souffre de violence conjugale que je qualifierais de psychologique. En effet lorsque je la croise dans les couloirs de notre immeuble, elle est souvent triste et parfois m\u00eame en train de pleurer. J'ai eu l'occasion de lui poser quelques questions derni\u00e8rement et elle m'a confi\u00e9 que son mari est devenu tr\u00e8s difficile avec l'\u00e2ge: il contr\u00f4le tous ses faits et gestes, lui interdit de sortir quand elle le souhaite, limite m\u00eame les contacts qu'elle essaie d'entretenir avec sa fille (il ne lui permet quasimment jamais de la voir).<br \/>\r\n<br \/>\r\nCette femme semble souffrir \u00e9norm\u00e9ment. Savez-vous ce qu'il serait possible de faire pour l'aider \u00e0 sortir de cette situation toxique?<br \/>\r\n<br \/>\r\nId\u00e9alememnt si elle en trouve le courage, il faudrait qu'elle quitte d\u00e9j\u00e0 son domicile actuel, mais elle m'a confi\u00e9 ne pas en avoir l'\u00e9nergie, losque je lui ai sugg\u00e9rl cela. Je n'ai pour ma part pas \u00e9t\u00e9 t\u00e9moin de violences physiques entre eux et elle ne m'en a pas parl\u00e9. Je ne crois pas que ce couple soit mari\u00e9. Merci d'avance pour votre prise de contact et vos conseils.<br \/>\r\n<br \/>\r\n<\/div><br \/>\r\n<div class=\"bg-grey p2\"><br \/>\r\n<h3><\/h3><br \/>\r\n<h3><\/p><\/div><\/div><div class='response'><h5>Response<\/h5><div class='vqf_fixed_width_text'><p><\/h3><br \/>\r\nBonjour Monsieur,<br \/>\r\n<br \/>\r\nVous nous \u00e9crivez car vous aimeriez venir en aide \u00e0 votre voisine qui vit des <a href=\"https:\/\/dev-vqf.creatives.com\/la-violence-dans-le-couple\/la-violence-psychologique\/\">violences psychologiques<\/a>. Vous lui avez propos\u00e9 de quitter son domicile, cependant elle vous a confi\u00e9 ne pas en avoir le courage.<br \/>\r\n<br \/>\r\nVous avez bien fait de nous \u00e9crire, cette situation est touchante et nous imaginons les souffrances de cette dame.<br \/>\r\n<br \/>\r\nAvec l\u2019\u00e2ge, il est parfois plus difficile de s\u2019imaginer vivre seul pour le restant de ses jours. Cela peut d\u00e9courager, en plus des habitudes et de l\u2019attachement malgr\u00e9 les violences.<br \/>\r\n<br \/>\r\nVotre voisine pourrait en parler avec son m\u00e9decin traitant qui pourra lui sugg\u00e9rer une aide m\u00e9dicale par rapport \u00e0 l\u2019\u00e9tat de son partenaire ou des moyens pour elle de s\u2019en prot\u00e9ger. En effet, des troubles psychologiques ou de la rigidit\u00e9 peuvent survenir en vieillissant.<br \/>\r\n<br \/>\r\nVous pouvez aussi lui sugg\u00e9rer de contacter le <a href=\"https:\/\/malleyprairie.ch\/\" target=\"_blank\" rel=\"noopener\">Centre d\u2019accueil MalleyPrairie<\/a>. Elle pourra ainsi \u00eatre soutenue par des professionnel-le-s dans le cas o\u00f9 elle souhaite rester mais aussi si elle veut partir. Les intervenant-e-s proposent des entretiens confidentiels et gratuits dans plusieurs r\u00e9gions du canton de Vaud et conseillent \u00e9galement par t\u00e9l\u00e9phone au <strong>021 620 76 76<\/strong>.<br \/>\r\n<br \/>\r\nNous esp\u00e9rons que ces pistes pourront aider votre voisine \u00e0 sortir de cette situation. Nous restons \u00e0 disposition pour toute autre question et vous envoyons nos meilleures pens\u00e9es.<br \/>\r\n<br \/>\r\n<\/div><\/div><\/div><\/div><\/div><\/div><div class='qa_acc_item'><span class='acc_toggler'><\/span><div class='item_header'><h3>Je ne sais pas si ma voisine va bien, que faire?<h3><div class='vqf_fixed_width_text'><p>15 d\u00e9cembre 2021 - Mir... Bonjour, Ma voisine de palier subit des violences. J'ai appel\u00e9 la police et ils sont venus vendredi pass\u00e9 et dimanche. Les agents ont frapp\u00e9 \u00e0 la porte, mais personne n'a r\u00e9pondu. Lundi, un peintre est...<\/p><\/div><\/div><div class='item_body'><div class='quesion_response_block'><div class='question'><h5>Question<\/h5><div class='vqf_fixed_width_text'><div class=\"box-question p2\"><br \/>\r\n<p class=\"color-grey small mt1 mb0\">15 d\u00e9cembre 2021 - Mir...<\/p><br \/>\r\nBonjour,<br \/>\r\n<br \/>\r\nMa voisine de palier subit des violences. J'ai appel\u00e9 la police et ils sont venus vendredi pass\u00e9 et dimanche. Les agents ont frapp\u00e9 \u00e0 la porte, mais personne n'a r\u00e9pondu.<br \/>\r\n<br \/>\r\nLundi, un peintre est venu faire des travaux dans l'appartement et, l\u00e0, quelqu'un a ouvert. J'ai voulu, plus tard, contacter ce peintre pour savoir s'il avait vu la femme et si elle allait bien, mais son patron a refus\u00e9 de me donner son num\u00e9ro de t\u00e9l\u00e9phone en disant que c'\u00e9tait \u00e0 la police de faire cela.<br \/>\r\n<br \/>\r\nLes flics ont aussi d'autres affaires sur les bras et il me semble qu'il aurait au moins pu me transmettre les coordonn\u00e9es de ce peintre afin que je puisse savoir si ma voisine allait bien. Mais il semble que les gens s'en foutent.<br \/>\r\n<br \/>\r\nComment voulez-vous que les femmes puissent \u00eatre d\u00e9fendues si les gens ne collaborent pas entre eux ? D'autres femmes mourront \u00e0 cause de cela.<br \/>\r\n<br \/>\r\nMeilleures salutations.<br \/>\r\n<br \/>\r\n<\/div><br \/>\r\n<div class=\"bg-grey p2\"><br \/>\r\n<h3><\/h3><br \/>\r\n<h3><\/p><\/div><\/div><div class='response'><h5>Response<\/h5><div class='vqf_fixed_width_text'><p><\/h3><br \/>\r\nBonjour Monsieur,<br \/>\r\n<br \/>\r\nVotre voisine est victime de violences et vous aimeriez savoir si elle va bien depuis la derni\u00e8re crise. Vous avez essay\u00e9 de demander \u00e0 un peintre qui est pass\u00e9 chez vos voisins seulement le patron ne veut pas vous donner son num\u00e9ro de t\u00e9l\u00e9phone. Vous vous demandez comment faire pour d\u00e9fendre les femmes dans ces situations.<br \/>\r\n<br \/>\r\nNous saluons votre d\u00e9marche et votre appel \u00e0 la police. Avez-vous eu un retour de cette derni\u00e8re\u00a0? La police peut aussi informer et conseiller sur que faire dans certaines situations pour lesquelles elle a l\u2019habitude d\u2019intervenir. N\u2019h\u00e9sitez pas \u00e0 faire part de vos inqui\u00e9tudes et de les rappeler si vous avez d'autres suspicions.<br \/>\r\n<br \/>\r\nConnaissez-vous votre voisine\u00a0? L\u2019avez-vous vu sortir de chez elle avant l\u2019\u00e9v\u00e9nement\u00a0? Et maintenant\u00a0? Avez-vous entendu des bruits r\u00e9cemment\u00a0? Peut-\u00eatre que d\u2019autres voisin-e-s sont t\u00e9moins de ces violences. Partager vos craintes avec d\u2019autres personnes de confiance permet d\u2019avoir d\u2019autres informations sur la situation, de mieux la comprendre et d\u2019agir en cons\u00e9quence.<br \/>\r\n<br \/>\r\nMalheureusement, comme le patron de ce peintre, tout le monde n\u2019est pas pr\u00eat \u00e0 en parler ou \u00e0 d\u00e9noncer les situations de violence. Cela est frustrant et nous laisse un sentiment d\u2019impuissance.<br \/>\r\n<br \/>\r\nVous pourriez sensibiliser vos voisin-e-s et atteindre indirectement votre voisine en mettant une affiche \u00e0 l'entr\u00e9e du batiment. Ainsi, des contacts\u00a0d'aides ou \u00a0num\u00e9ros d'urgence sont \u00e0 la port\u00e9e de toutes et tous. L'affiche que nous vous proposons d'imprimer est sur <a href=\"https:\/\/www.newsd.admin.ch\/newsd\/message\/attachments\/61101.pdf\" target=\"_blank\" rel=\"noopener\">ce lien<\/a>.<br \/>\r\n<br \/>\r\nNous restons \u00e0 disposition si vous avez d'autres questions et vous envoyons nos meilleurs messages.<br \/>\r\n<br \/>\r\n<\/div><\/div><\/div><\/div><\/div><\/div><div class='qa_acc_item'><span class='acc_toggler'><\/span><div class='item_header'><h3>Je cherche un-e th\u00e9rapeute pour ma fille<h3><div class='vqf_fixed_width_text'><p>15 d\u00e9cembre 2021 - imt... Bonjour, Je me permet de vous contacter car je suis \u00e0 la recherche d'un\/une th\u00e9rapeute pour ma fille, qui a v\u00e9cu, et des fois vi toujour encore, des situations de violence entre moi et son...<\/p><\/div><\/div><div class='item_body'><div class='quesion_response_block'><div class='question'><h5>Question<\/h5><div class='vqf_fixed_width_text'><div class=\"box-question p2\"><br \/>\r\n<p class=\"color-grey small mt1 mb0\">15 d\u00e9cembre 2021 - imt...<\/p><br \/>\r\nBonjour,<br \/>\r\n<br \/>\r\nJe me permet de vous contacter car je suis \u00e0 la recherche d'un\/une th\u00e9rapeute pour ma fille, qui a v\u00e9cu, et des fois vi toujour encore, des situations de violence entre moi et son papa.<br \/>\r\n<br \/>\r\n<\/div><br \/>\r\n<div class=\"bg-grey p2\"><br \/>\r\n<h3><\/h3><br \/>\r\n<h3><\/p><\/div><\/div><div class='response'><h5>Response<\/h5><div class='vqf_fixed_width_text'><p><\/h3><br \/>\r\nBonjour Madame,<br \/>\r\n<br \/>\r\nVous mentionnez des situations de violence entre vous et le p\u00e8re de votre fille et vous cherchez un-e thr\u00e9rapeute pour votre fille.<br \/>\r\n<br \/>\r\nNous vous conseillons de vous adresser \u00e0 un-e p\u00e9dopsychiatre, qui vous proposera des consultations sp\u00e9cialis\u00e9es pour les enfants et nous vous proposons les contacts suivants.<br \/>\r\n<br \/>\r\nLe <a href=\"https:\/\/www.chuv.ch\/fr\/fiches-psy\/service-universitaire-de-psychiatrie-de-lenfant-et-de-ladolescent-supea\" target=\"_blank\" rel=\"noopener\">Service universitaire de psychiatrie de l'enfant et de l'adolescent<\/a> (SUPEA) et le Centre de consultation <a href=\"https:\/\/www.chuv.ch\/fr\/fiches-psy\/centre-de-consultation-les-boreales\" target=\"_blank\" rel=\"noopener\">Les Bor\u00e9ales<\/a> sont tous deux des d\u00e9partements du CHUV pouvant vous recevoir dans des consultations sp\u00e9cialis\u00e9es pour les enfants.<br \/>\r\n<br \/>\r\nLa fondation <a href=\"https:\/\/www.astrame.ch\/organisation\" target=\"_blank\" rel=\"noopener\">As\u2019tram<\/a>e a pour mission d'accompagner et soutenir les familles ayant v\u00e9cu des bouleversements.<br \/>\r\n<br \/>\r\nLe centre des <a href=\"https:\/\/www.lestoises.ch\/groupes-therapeutiques\/\" target=\"_blank\" rel=\"noopener\">Toises<\/a> propose \u00e9galement des consultations psychoth\u00e9rapeutiques sp\u00e9cialis\u00e9es pour les enfants.<br \/>\r\n<br \/>\r\nSi vous cherche un-e psychologue ind\u00e9pendante, le site de la <a href=\"https:\/\/www.psychologie.ch\/fr\/Recherche-de-psy\/R%C3%A9sultats?f%5B0%5D=clients%3A193&amp;f%5B1%5D=waiting_time%3A2weeks\" target=\"_blank\" rel=\"noopener\">F\u00e9d\u00e9ration suisse des Psychologues<\/a>(FSP) vous permettra de trouver une-e professionnel-le sp\u00e9cialis\u00e9-e pour les enfants et proposant des <a href=\"https:\/\/www.psychologie.ch\/fr\/Recherche-de-psy\/R%C3%A9sultats?f%5B0%5D=clients%3A193&amp;f%5B1%5D=methods%3A184&amp;f%5B2%5D=waiting_time%3A2weeks\" target=\"_blank\" rel=\"noopener\">m\u00e9thodes <\/a>de travail adapt\u00e9es \u00e0 votre situation.<br \/>\r\n<br \/>\r\nNous vous f\u00e9licitons pour votre d\u00e9marche visant \u00e0 pendre soin de votre fille et nous profitons de notre r\u00e9ponse pour vous informer qu\u2019il existe aussi la possibilit\u00e9 de trouver de l\u2019aide aupr\u00e8s du <a href=\"https:\/\/malleyprairie.ch\/\" target=\"_blank\" rel=\"noopener\">Centre MalleyPrairie<\/a> dans le contexte de violences que vous vivez avec le p\u00e8re de votre fille.<br \/>\r\n<br \/>\r\nLes professionnel-le-s peuvent vous recevoir lors de <a href=\"https:\/\/malleyprairie.ch\/ambulatoire\/\" target=\"_blank\" rel=\"noopener\">consultations ambulatoires non payantes \u00e0 Lausanne ou dans votre r\u00e9gion<\/a> afin d\u2019aborder les impacts de la violence ainsi que les questions de protections, dans un contexte de <a href=\"https:\/\/dev-vqf.creatives.com\/fr\/informations\/violence\" target=\"_blank\" rel=\"noopener\">violences conjugales et familiales<\/a>, pour vous et votre fille.<br \/>\r\n<br \/>\r\nVous pouvez aussi nous <a href=\"https:\/\/dev-vqf.creatives.com\/fr\/questions\/formulaire\" target=\"_blank\" rel=\"noopener\">solliciter<\/a> pour d\u2019autres questions que vous auriez, ou nous donner plus d\u2019informations sur votre situation.<br \/>\r\n<br \/>\r\nNous esp\u00e9rons que ces quelques \u00e9l\u00e9ments de r\u00e9ponses vous permettront de vous orienter au mieux dans vos d\u00e9marches et, en plus de nos meilleures pens\u00e9es, nous vous souhaitons, Madame, de vivre sereinement avec votre fille.<br \/>\r\n<br \/>\r\n<\/div><\/div><\/div><\/div><\/div><\/div><div class='qa_acc_item'><span class='acc_toggler'><\/span><div class='item_header'><h3>Mari\u00e9e, j&#8217;aimerais savoir si je subis de la violence psychologique.<h3><div class='vqf_fixed_width_text'><p>14 d\u00e9cembre 2021 - Bel... Bonjour, Je suis mari\u00e9e depuis plus de 10 ans et j'ai deux enfants pr\u00e9-adolescents. J'aimerais savoir si je subis de la violence psychologique de la part de mon mari ? Voici les faits : Il...<\/p><\/div><\/div><div class='item_body'><div class='quesion_response_block'><div class='question'><h5>Question<\/h5><div class='vqf_fixed_width_text'><div class=\"box-question p2\"><br \/>\r\n<p class=\"color-grey small mt1 mb0\">14 d\u00e9cembre 2021 - Bel...<\/p><br \/>\r\nBonjour,<br \/>\r\n<br \/>\r\nJe suis mari\u00e9e depuis plus de 10 ans et j'ai deux enfants pr\u00e9-adolescents. J'aimerais savoir si je subis de la violence psychologique de la part de mon mari ?<br \/>\r\n<br \/>\r\nVoici les faits :<br \/>\r\n<ul><br \/>\r\n \t<li>Il m'emp\u00eache de sortir seule, si je sors quand m\u00eame il me harc\u00e8le par message ou me t\u00e9l\u00e9phone et me fais une sc\u00e8ne quand je rentre comme quoi il souffre.<\/li><br \/>\r\n \t<li>\u00a0Il m'emp\u00eache de voir mes amis ou une sortie de travail<\/li><br \/>\r\n \t<li>Il m'a suivi ou me suis encore pour voir si j'\u00e9tais bien \u00e0 un rdv ou tel endroit<\/li><br \/>\r\n \t<li>Il a \u00e9t\u00e9 voir mes messages sur mon t\u00e9l\u00e9phone<\/li><br \/>\r\n \t<li>Il me d\u00e9nigre<\/li><br \/>\r\n \t<li>Je n'ai pas exc\u00e8s \u00e0 mon salaire<\/li><br \/>\r\n \t<li>Si je le quitte, il me fait du chantage affectif<\/li><br \/>\r\n \t<li>Si je le quitte il menace de casser des objets, comme la voiture par exemple<\/li><br \/>\r\n \t<li>Il ne supporte pas mon succ\u00e8s au niveau professionnel<\/li><br \/>\r\n \t<li>Si je le quitte, il dit que je ne vais pas m'en sortir seule - Que les autres sont tous des cons - c'est lui la victime et moi la coupable.<\/li><br \/>\r\n<\/ul><br \/>\r\nMerci pour votre aide et retour. Meilleures salutations.<br \/>\r\n<br \/>\r\n<\/div><br \/>\r\n<div class=\"bg-grey p2\"><br \/>\r\n<h3><\/h3><br \/>\r\n<h3><\/p><\/div><\/div><div class='response'><h5>Response<\/h5><div class='vqf_fixed_width_text'><p><\/h3><br \/>\r\nBonjour Madame,<br \/>\r\n<br \/>\r\nMari\u00e9e depuis une dizaine d'ann\u00e9e vous vous demandez si vous \u00eates confront\u00e9e \u00e0 des violences psychologiques en nous partageant ce que vous vivez au quotidien.<br \/>\r\n<br \/>\r\nTout d\u2019abord nous saluons votre d\u00e9marche et vous encourageons \u00e0 les poursuivre car oui, ce que vous vivez est bien de la violence.<br \/>\r\n<br \/>\r\nVous emp\u00eacher de sortir seule, vous harceler, vous surveiller, vous d\u00e9nigrer, vous menacer de toute sorte sont des comportements de <a href=\"https:\/\/dev-vqf.creatives.com\/fr\/informations\/violence\/psychologique\" target=\"_blank\" rel=\"noopener\">violence psychologique<\/a>. Le fait que vous n\u2019ayez pas acc\u00e8s \u00e0 votre propre salaire est <a href=\"https:\/\/dev-vqf.creatives.com\/fr\/informations\/violence\/economique\" target=\"_blank\" rel=\"noopener\">une violence \u00e9conomique<\/a>\u00a0car il s'approprie votre argent.<br \/>\r\n<br \/>\r\nCes deux types de comportements servent \u00e0 vous contr\u00f4ler. Le fait qu\u2019il ne supporte pas votre succ\u00e8s professionnel montre aussi une sorte de comp\u00e9tition. Il veut certainement garder le plus haut statut, le pouvoir dans votre couple \u00e0 chaque niveau pour toujours avoir le contr\u00f4le de la situation.<br \/>\r\n<br \/>\r\nCette situation nous inqui\u00e8te. Les violences psychologiques et \u00e9conomiques ont <a href=\"https:\/\/dev-vqf.creatives.com\/fr\/informations\/consequences\" target=\"_blank\" rel=\"noopener\">des cons\u00e9quences n\u00e9fastes<\/a> sur l\u2019estime de soi et la sant\u00e9 mentale. De plus, vous \u00eates priv\u00e9e de libert\u00e9.<br \/>\r\n<br \/>\r\nLes enfants doivent aussi voir ou entendre ces comportements et <a href=\"https:\/\/dev-vqf.creatives.com\/fr\/informations\/enfants-violence\" target=\"_blank\" rel=\"noopener\">peut-\u00eatre se sentir apeur\u00e9 ou m\u00eame banaliser les actes de violence en les int\u00e9grant comme une normalit\u00e9 pour leurs relations pr\u00e9sentes et futures<\/a>. Il est donc aussi important de les en prot\u00e9ger.<br \/>\r\n<br \/>\r\nVous nous parlez de s\u00e9paration. S'\u00e9loigner est\u00a0une solution pour sortir d\u2019une situation de violence et prendre du recul. Cependant, nous vous rendons attentive au fait que la violence \u00e0 tendance \u00e0 <a href=\"https:\/\/dev-vqf.creatives.com\/fr\/victimes\/victimes_que-faire\/saccorder-un-temps-de-repit\" target=\"_blank\" rel=\"noopener\">s\u2019intensifier au moment de la s\u00e9paration et qu\u2019il est n\u00e9cessaire de prendre des pr\u00e9cautions<\/a>.<br \/>\r\n<br \/>\r\nPour vous aider \u00e0 faire le point de votre situation et trouver des moyens pour vous prot\u00e9ger, nous vous sugg\u00e9rons de contacter le <a href=\"http:\/\/www.malleyprairie.ch\/\" target=\"_blank\" rel=\"noopener\">Centre d\u2019accueil MalleyPrairie<\/a>. Les professionnel-le-s pourront vous soutenir quelles que soient vos d\u00e9cisions pour l\u2019avenir et vous accompagner dans vos r\u00e9flexions. Vous pourrez aussi \u00eatre conseill\u00e9e pour la s\u00e9curit\u00e9 de vos enfants. Vous pouvez les appeler au <strong>021 620 76 76<\/strong>. Les entretiens sont <strong>gratuits et condifentiels<\/strong>. Vous pouvez aussi leur demander conseil par t\u00e9l\u00e9phone.<br \/>\r\n<br \/>\r\nSachez que vous n\u2019\u00eates pas seule, il existe beaucoup d\u2019aides pour les personnes victimes de violence. Nous restons \u00e0 disposition si vous avez d\u2019autres questions ou que vous souhaitez nous donner des nouvelles. Nos meilleurs messages.<br \/>\r\n<br \/>\r\n<\/div><\/div><\/div><\/div><\/div><\/div><div class='qa_acc_item'><span class='acc_toggler'><\/span><div class='item_header'><h3>Je subis des agressions psychologiques, que faire?<h3><div class='vqf_fixed_width_text'><p>11 d\u00e9cembre 2021 - Nan... C\u2019est normal qui je subit des agressions devant mes enfants et je r\u00e9agit pas?<\/p><\/div><\/div><div class='item_body'><div class='quesion_response_block'><div class='question'><h5>Question<\/h5><div class='vqf_fixed_width_text'><div class=\"box-question p2\"><br \/>\r\n<p class=\"color-grey small mt1 mb0\">11 d\u00e9cembre 2021 - Nan...<\/p><br \/>\r\nC\u2019est normal qui je subit des agressions devant mes enfants et je r\u00e9agit pas?<br \/>\r\n<br \/>\r\n<\/div><br \/>\r\n<div class=\"bg-grey p2\"><br \/>\r\n<h3><\/h3><br \/>\r\n<h3><\/p><\/div><\/div><div class='response'><h5>Response<\/h5><div class='vqf_fixed_width_text'><p><\/h3><br \/>\r\nBonjour Madame,<br \/>\r\n<br \/>\r\nVous nous partagez une situation inqui\u00e9tante. Vous avez bien fait de nous \u00e9crire et de ne pas rester seule plus longtemps.<br \/>\r\n<br \/>\r\nNous avons peu de d\u00e9tails des agressions que vous vivez et du contexte. Souhaiteriez-vous nous en dire plus pour que nous puissions vous conseiller au mieux\u00a0?<br \/>\r\n<br \/>\r\nLa passivit\u00e9 lors d\u2019une agression peut-\u00eatre un m\u00e9canisme de d\u00e9fense par peur de d\u00e9clencher plus de violence. Dans ce cas, il se peut que vous \u00ab\u00a0ravaliez vos sentiments\u00a0\u00bb par peur de vous exprimer.<br \/>\r\n<br \/>\r\nIl est toutefois important d\u2019agir pour vous prot\u00e9ger, vous et vos enfants. <a href=\"https:\/\/dev-vqf.creatives.com\/fr\/informations\/violence\" target=\"_blank\" rel=\"noopener\">Les agressions psychologiques, physiques ou sexuelles<\/a> sont <a href=\"https:\/\/dev-vqf.creatives.com\/fr\/informations\/consequences\/pour-les-victimes\" target=\"_blank\" rel=\"noopener\">n\u00e9fastes pour vous<\/a>\u00a0mais aussi <a href=\"https:\/\/dev-vqf.creatives.com\/fr\/informations\/enfants-violence\" target=\"_blank\" rel=\"noopener\">pour vos enfants<\/a>, expos\u00e9s \u00e0 ces sc\u00e8nes violentes.<br \/>\r\n<br \/>\r\nNous vous sugg\u00e9rons de continuer cette d\u00e9marche en nous \u00e9crivant \u00e0 nouveau ou en appelant rapidement l\u2019<a href=\"http:\/\/www.avvec.ch\/\" target=\"_blank\" rel=\"noopener\">Association AVVEC<\/a> (aide aux victimes de violence en couple, 022 797 10 10). Vous pourrez ainsi \u00eatre renseign\u00e9e gratuitement et de mani\u00e8re confidentielle sur ce que vous pouvez faire pour vous prot\u00e9ger et mettre en s\u00e9curit\u00e9 vos enfants.<br \/>\r\n<br \/>\r\nVous n\u2019\u00eates pas seule et des professionnel-le-s peuvent vous aider \u00e0 sortir de cette situation de violence. Nous attendons de vous nouvelles et restons \u00e0 disposition pour toute autre question. Bien \u00e0 vous.<br \/>\r\n<br \/>\r\n<\/div><\/div><\/div><\/div><\/div><\/div><div class='qa_acc_item'><span class='acc_toggler'><\/span><div class='item_header'><h3>Je vis des violences psychologiques, que faire?<h3><div class='vqf_fixed_width_text'><p>08 d\u00e9cembre 2021 - Kva... Comment faire si dans ma relation plus rien ne va mais j\u2019ai pas envie de le quitter mais je souffre<\/p><\/div><\/div><div class='item_body'><div class='quesion_response_block'><div class='question'><h5>Question<\/h5><div class='vqf_fixed_width_text'><div class=\"box-question p2\"><br \/>\r\n<p class=\"color-grey small mt1 mb0\">08 d\u00e9cembre 2021 - Kva...<\/p><br \/>\r\nComment faire si dans ma relation plus rien ne va mais j\u2019ai pas envie de le quitter mais je souffre<br \/>\r\n<br \/>\r\n<\/div><br \/>\r\n<div class=\"bg-grey p2\"><br \/>\r\n<h3><\/h3><br \/>\r\n<h3><\/p><\/div><\/div><div class='response'><h5>Response<\/h5><div class='vqf_fixed_width_text'><p><\/h3><br \/>\r\nBonjour,<br \/>\r\n<br \/>\r\nNous te f\u00e9licitions de nous avoir \u00e9crit, demander de l'aide lorsqu'une relation\u00a0nous fait souffrir\u00a0demande du courage. Nous avons peu de d\u00e9tails sur ta situation pour te conseiller pr\u00e9cisement. Souhaiterais-tu nous en dire plus sur ce qui te fait souffrir?<br \/>\r\n<br \/>\r\nNous comprenons que tu as rep\u00e9r\u00e9 des <a href=\"https:\/\/dev-vqf.creatives.com\/fr\/informations\/violence\/psychologique\" target=\"_blank\" rel=\"noopener\">violences psychologiques<\/a>\u00a0dans ton couple. Nous imaginons que cette situation est difficile car la violence a des\u00a0<a href=\"https:\/\/dev-vqf.creatives.com\/fr\/informations\/consequences\" target=\"_blank\" rel=\"noopener\">cons\u00e9quences n\u00e9fastes<\/a> pour la personne qui la subit. Malheureusement, elle d\u00e9truit les relations.\u00a0D'ailleurs, tu as pens\u00e9 \u00e0 rompre cette relation pour ne plus souffrir et te prot\u00e9ger. Seulement, tu es attach\u00e9e \u00e0 lui. Sache que les personnes victimes de violence sont souvent\u00a0sous une emprise psychologique, qui n'est pas de l'amour mais de la manipulation, et qui rend difficile la s\u00e9paration.<br \/>\r\n<br \/>\r\nPeut-\u00eatre qu'en sachant que la violence que tu vis n'est pas normale et <a href=\"https:\/\/dev-vqf.creatives.com\/fr\/informations\/loi\" target=\"_blank\" rel=\"noopener\">interdite par la loi<\/a> te fera r\u00e9fl\u00e9chir pour prendre les meilleures d\u00e9cisions pour toi-m\u00eame.<br \/>\r\n<br \/>\r\nNous te sugg\u00e9rons de faire le point sur ta situation. A quoi t'attends-tu en poursuivant cette relation? Et \u00e0 l'inverse, qu'est-ce que cela t'apporterait de la quitter?<br \/>\r\n<br \/>\r\nNous recevons volontiers des d\u00e9tails ainsi que de tes nouvelles. N'oublie pas qu'il est important que tu te prot\u00e8ges quoi qu'il arrive. Prends bien soin de toi et n'h\u00e9site pas \u00e0 nous contacter si tu as d'autres questions.<br \/>\r\n<br \/>\r\n<\/div><\/div><\/div><\/div><\/div><\/div><div class='qa_acc_item'><span class='acc_toggler'><\/span><div class='item_header'><h3>Il m&#8217;insulte et me dit des choses blessantes, j&#8217;essaie de tout faire au mieux mais je ne suis jamais assez bien.<h3><div class='vqf_fixed_width_text'><p>06 d\u00e9cembre 2021 - Jen... Bonjour, Je suis en couple depuis 6 mois seulement. C'est assez court mais je suis tr\u00e8s attach\u00e9e \u00e0 lui. Je pense avoir peur de l'abandon ce qui n'aide pas mais je travail dessus. Depuis plusieurs...<\/p><\/div><\/div><div class='item_body'><div class='quesion_response_block'><div class='question'><h5>Question<\/h5><div class='vqf_fixed_width_text'><div class=\"box-question p2\"><br \/>\r\n<p class=\"color-grey small mt1 mb0\">06 d\u00e9cembre 2021 - Jen...<\/p><br \/>\r\nBonjour,<br \/>\r\n<br \/>\r\nJe suis en couple depuis 6 mois seulement. C'est assez court mais je suis tr\u00e8s attach\u00e9e \u00e0 lui. Je pense avoir peur de l'abandon ce qui n'aide pas mais je travail dessus. Depuis plusieurs mois, il m'insulte, me dit des choses tr\u00e8s blessantes, s'\u00e9nerve pour un rien, frappe dans les murs\/portes, me pousse violemment si j'essaie quand m\u00eame de le calmer... j'essaie tant bien que mal de tout faire au mieux mais je ne suis jamais assez bien.<br \/>\r\n<br \/>\r\nSi je suis de bonne humeur et que lui pas ca l'\u00e9nerve et il pete les plombs. Si je n'appr\u00e9cie pas quelque chose (qui ne le concerne pas) il s'\u00e9nerve aussi. Si je suis triste il s'\u00e9nerve, si je pleure, n'appr\u00e9cie pas quelqu'un, me sens mal, lui pose une question au mauvais moment, lui parle d'un sujet quelconque mais dont il ne veut visiblement pas parler \u00e0 cet instant, donn\u00e9 mon avis sur les infos,... il s'\u00e9nerve. En gros il s'\u00e9nerve pour tout et je ne peux pas l'anticiper car ce n'est jamais pour les m\u00eames choses. J'essaie de tout faire au mieux mais je n'y arrive pas.<br \/>\r\n<br \/>\r\nEn dehors de \u00e7a il est adorable, gentil attentionn\u00e9 et il est tr\u00e8s tr\u00e8s gentil avec les personnes ext\u00e9rieures (surtout les femmes qu'il prot\u00e8ge en toutes circonstances). Quand il se rend compte de \u00e7a (souvent 24h plus tard), il s'excuse, me dit qu'il s'en veut, qu'il ne veut pas me perdre car il a besoin de moi,...<br \/>\r\n<br \/>\r\nMais la je n'en peux vraiment plus, je me sens de plus en plus mal dans ma peau ce qui me rend de plus en plus jalouse et malheureuse ce qui l'\u00e9nerve encore plus. Je voudrais arranger cela et l'aider mais je ne sais pas comment faire. Il refuse de consulter (il me l'interdit m\u00eame \u00e0 moi m\u00eame sous peine de me quitter).<br \/>\r\n<br \/>\r\nIl a subi de nombreuses commotions suite au hockey, de nombreuses personnes voulait qu'il fasse des tests mais il refuse. Est-ce que je peux faire quelque chose pour aider ou est-ce que \u00e7a ne changera jamais et je dois apprendre a vivre avec quelqu'un qui m'aimera un jour et me detestera le lendemain et ce sans raison ? Est ce que je peux faire quelque chose pour moi ne pas me sentir en dessous de tout dans ces moments l\u00e0 ?<br \/>\r\n<br \/>\r\nMerci de votre aide et d\u00e9sol\u00e9 pour le long message.<br \/>\r\n<br \/>\r\n<\/div><br \/>\r\n<div class=\"bg-grey p2\"><br \/>\r\n<h3><\/h3><br \/>\r\n<h3><\/p><\/div><\/div><div class='response'><h5>Response<\/h5><div class='vqf_fixed_width_text'><p><\/h3><br \/>\r\nBonjour Madame,<br \/>\r\n<br \/>\r\nDepuis plusieurs mois, vous vivez des <a href=\"https:\/\/dev-vqf.creatives.com\/fr\/informations\/violence\/psychologique\" target=\"_blank\" rel=\"noopener\">violences psychologiques<\/a>, et <a href=\"https:\/\/dev-vqf.creatives.com\/fr\/informations\/violence\/physique\" target=\"_blank\" rel=\"noopener\">physiques<\/a> lorsqu\u2019il vous pousse, et \u00ab\u00a0vous n\u2019en pouvez plus\u00a0\u00bb. Vous vous demandez si vous pouvez faire quelque chose pour aider ou si vous devez apprendre \u00e0 vivre avec les changements de comportements de votre partenaire. Vous vous demandez comment faire pour ne pas vous sentir rabaiss\u00e9e dans les moments de crise.<br \/>\r\n<br \/>\r\nNous vous remercions de votre long message, les d\u00e9tails sont pr\u00e9cieux pour comprendre la situation et vous conseiller au mieux.<br \/>\r\n<br \/>\r\nLa violence dans un couple n\u2019est pas \u00ab\u00a0normale\u00a0\u00bb. Elle d\u00e9truit la relation ainsi que l\u2019estime de soi, la sant\u00e9 mentale et physique de celui ou celle qui la subit. C\u2019est aussi pour cela qu\u2019elle est <a href=\"https:\/\/dev-vqf.creatives.com\/fr\/informations\/loi\" target=\"_blank\" rel=\"noopener\">interdite par la loi<\/a>. Vous n\u2019avez donc pas \u00e0 apprendre \u00e0 vivre avec les comportements violents de votre partenaire qui sont <a href=\"https:\/\/dev-vqf.creatives.com\/fr\/informations\/consequences\" target=\"_blank\" rel=\"noopener\">n\u00e9fastes pour vous.<\/a> Que vous vous \"suradaptiez\" ou non \u00e0 votre partenaire, comme vous le d\u00eetes, \"il s'\u00e9nerve pour tout\" et vous ne pouvez pas l'anticiper.<br \/>\r\n<br \/>\r\nAvant tout, il est primordial que vous vous en prot\u00e9giez, d\u2019autant plus que la violence \u00e0 tendance \u00e0 s\u2019intensifier avec le temps.<br \/>\r\n<br \/>\r\nNous comprenons que vous soyez attach\u00e9e \u00e0 lui, que vous craignez d\u2019\u00eatre seule et que vous ayez envie de l\u2019aider. Cependant, il est responsable de sa sant\u00e9 et de ses comportements. Seul lui peut fournir des efforts et des d\u00e9marches pour se sentir mieux et arr\u00eater d\u2019user de la violence. Le fait qu\u2019il s\u2019excuse lorsqu\u2019il se rend compte que c\u2019est mal ou qu\u2019il vous interdit de consulter un-e professionnel-le sont des mani\u00e8res de garder le contr\u00f4le sur vous et cela nous inqui\u00e8te. Cela vous donne de l\u2019espoir pour continuer la relation et renforce <a href=\"https:\/\/dev-vqf.creatives.com\/fr\/informations\/cycle-de-la-violence\" target=\"_blank\" rel=\"noopener\">le cycle<\/a> des violences qui reviennent de plus belle.<br \/>\r\n<br \/>\r\nNous vous invitons \u00e0 vous questionner sur vos besoins dans votre couple. Ne souhaiteriez-vous pas que quand vous ne vous sentez pas bien, vous ayez du soutien de votre partenaire pour passer ce moment difficile\u00a0? Lorsque vous vivez un moment de joie, ne voudriez-vous pas l\u2019appr\u00e9cier et le partager sans que cela se termine en crise\u00a0?<br \/>\r\n<br \/>\r\nSachez que vous avez le droit de vivre une vie de couple remplie d\u2019amour et surtout de s\u00e9curit\u00e9.<br \/>\r\n<br \/>\r\nLorsqu\u2019il vous insulte et qu\u2019il vous rabaisse, votre estime personnelle est touch\u00e9e et vous vous sentez d\u00e9valoris\u00e9e. \u00c0 cout terme, vous pouvez vous \u00e9loigner (changer de pi\u00e8ce ou partir) lorsqu'il y a une crise pour ne plus l'entendre. Vous pouvez aussi choisir de mettre une limite \u00e0 cela et ne plus accepter ces actes. D\u00e9cider que votre personne a de la valeur et du m\u00e9rite comme tout le monde et que vous n\u2019\u00eates pas ce qu\u2019il dit. Vous pouvez renforcer votre estime \u00e0 l\u2019aide de litt\u00e9rature sur le sujet ou avec du soutien psychologique professionnel. Vous pourriez en parler avec des sp\u00e9cialistes du <a href=\"https:\/\/www.vs.ch\/web\/sas\/lavi-contacts\" target=\"_blank\" rel=\"noopener\">Centre LAVI<\/a> du canton du Valais (<strong>027\u00a0607 31 00<\/strong>) qui pourront vous proposer\u00a0un accompagnement psychologique ou contacter de votre c\u00f4t\u00e9 un-e psychologue\/psychoth\u00e9rapeute.<br \/>\r\n<br \/>\r\nNous vous encourageons \u00e0 poursuivre votre r\u00e9flexion et vos d\u00e9marches pour vous sentir mieux. Vous n\u2019\u00eates pas seule, notre porte reste ouverte si vous souhaitez nous donner des nouvelles ou nous poser d\u2019autres questions. Prenez soin de vous.<br \/>\r\n<br \/>\r\n<\/div><\/div><\/div><\/div><\/div><\/div><div class='qa_acc_item'><span class='acc_toggler'><\/span><div class='item_header'><h3>Mes voisins se disputent violemment r\u00e9guli\u00e8rement et il y a eu des coups, que puis-je faire?<h3><div class='vqf_fixed_width_text'><p>01 d\u00e9cembre 2021 - Nat... Bonjour, je suis voisin et je peux entendre chaque jours quasiment que mes voisins se disputent tr\u00e8s violemment et j'ai entendu \u00e0 travers le mur que la femme avait re\u00e7u des coups hier soir. Que...<\/p><\/div><\/div><div class='item_body'><div class='quesion_response_block'><div class='question'><h5>Question<\/h5><div class='vqf_fixed_width_text'><div class=\"box-question p2\"><br \/>\r\n<p class=\"color-grey small mt1 mb0\">01 d\u00e9cembre 2021 - Nat...<\/p><br \/>\r\nBonjour, je suis voisin et je peux entendre chaque jours quasiment que mes voisins se disputent tr\u00e8s violemment et j'ai entendu \u00e0 travers le mur que la femme avait re\u00e7u des coups hier soir. Que dois je faire. Puis je appeler la police. J'ai d\u00e9j\u00e0 essay\u00e9 de discuter avec la femme dans la cage d'escalier mais elle m'a envoy\u00e9 sur les roses.....<br \/>\r\n<br \/>\r\n<\/div><br \/>\r\n<div class=\"bg-grey p2\"><br \/>\r\n<h3><\/p><\/div><\/div><div class='response'><h5>Response<\/h5><div class='vqf_fixed_width_text'><p><\/h3><br \/>\r\nBonjour Monsieur,<br \/>\r\n<br \/>\r\nVous entendez\u00a0vos voisins se disputer tr\u00e8s violemment et r\u00e9cemment, vous avez entendu des coups. Vous vous demandez si vous pouvez appeler la police dans ce cas.<br \/>\r\n<br \/>\r\nVous avez bien fait de nous contacter. Nous saluons votre d\u00e9marche ainsi que celle d'avoir essayer de discuter avec votre voisine.<br \/>\r\n<br \/>\r\nLes victimes de violence ont souvent <a href=\"https:\/\/dev-vqf.creatives.com\/fr\/informations\/consequences\" target=\"_blank\" rel=\"noopener\">peur et honte<\/a> de parler de ce qu'elles vivent. Toutefois, vous pouvez\u00a0 laisser comprendre \u00e0 votre voisine que si elle souhaite se confier, <a href=\"https:\/\/dev-vqf.creatives.com\/fr\/entourage\/entourage_victime\/ecouter-et-soutenir\" target=\"_blank\" rel=\"noopener\">vous pouvez \u00eatre \u00e0 l'\u00e9coute et\u00a0l'orienter<\/a>.<br \/>\r\n<br \/>\r\nEn cas de nouvelle crise de violence, nous vous encourageons \u00e0 appeler la police au <strong>117<\/strong>, qui pourra \u00e9valuer la situation et intervenir. Toute personne ayant connaissance d'une personne en danger peut l'appeler. Vous pouvez aussi les appeler pour signaler ce que vous avez entendu l'autre jour et leur demander conseil pour la suite. La police a l'habitude d'informer et d'intervenir pour ce type de situation.<br \/>\r\n<br \/>\r\nNous vous remercions de la\u00a0vigilence\u00a0que vous portez \u00e0 cette situation et restons \u00e0 disposition en cas de nouvelle question. Nos meilleurs messages.<br \/>\r\n<br \/>\r\n<\/div><\/div><\/div><\/div><\/div><\/div><div class='qa_acc_item'><span class='acc_toggler'><\/span><div class='item_header'><h3>Une amie enceinte subit de la violence. Que faire?<h3><div class='vqf_fixed_width_text'><p>29 novembre 2021 - Ict... Une jeune amie est \u00e0 2 semaines d\u2019accoucher et vient de m\u2019avouer ce que je soup\u00e7onnais depuis longtemps: son compagnon (avec laquelle elle vit et dont elle est tr\u00e8s amoureuse) la bat. Son lourd pass\u00e9...<\/p><\/div><\/div><div class='item_body'><div class='quesion_response_block'><div class='question'><h5>Question<\/h5><div class='vqf_fixed_width_text'><div class=\"box-question p2\"><br \/>\r\n<p class=\"color-grey small mt1 mb0\">29 novembre 2021 - Ict...<\/p><br \/>\r\nUne jeune amie est \u00e0 2 semaines d\u2019accoucher et vient de m\u2019avouer ce que je soup\u00e7onnais depuis longtemps: son compagnon (avec laquelle elle vit et dont elle est tr\u00e8s amoureuse) la bat.<br \/>\r\n<br \/>\r\nSon lourd pass\u00e9 judiciaire l\u2019expose \u00e0 des sanctions imm\u00e9diates, ce que ma jeune amie veut lui \u00e9viter. Que faire?<br \/>\r\n<br \/>\r\n<\/div><br \/>\r\n<div class=\"bg-grey p2\"><br \/>\r\n<h3><\/h3><br \/>\r\n<h3><\/p><\/div><\/div><div class='response'><h5>Response<\/h5><div class='vqf_fixed_width_text'><p><\/h3><br \/>\r\nBonjour Madame,<br \/>\r\n<br \/>\r\nUne amie qui est \u00e0 2 semaines du terme vous a confi\u00e9 subir de la violence de la part de son compagnon. Elle ne souhaite pas qu\u2019il ait des ennuis avec la justice et vous vous demandez comment l\u2019aider.<br \/>\r\n<br \/>\r\nVous avez bien fait de nous \u00e9crire et de nous faire part de votre inqui\u00e9tude. Vous devez avoir une belle relation de confiance avec votre amie pour qu\u2019elle ose vous confier ce qu\u2019elle vit dans son couple. Briser le silence est un premier pas important pour les victimes. Mais recevoir de telles confidences est souvent difficile et d\u00e9licat pour la personne qui les re\u00e7oit.<br \/>\r\n<br \/>\r\nLa grossesse et la venue d\u2019un enfant sont malheureusement souvent des moments o\u00f9 la violence augmente. Et ce n\u2019est pas la p\u00e9riode durant laquelle la maman a le plus d\u2019\u00e9nergie pour entamer des d\u00e9marches.<br \/>\r\n<br \/>\r\nVous nous \u00e9crivez\u00a0qu\u2019elle est encore tr\u00e8s amoureuse de son compagnon et donc certainement dans une position tr\u00e8s ambivalente \u00e0 son \u00e9gard. C\u2019est un processus qui peut durer longtemps pour sortir de cette ambivalence. Le fait qu\u2019elle s\u2019est confi\u00e9e laisse entrevoir qu\u2019elle souhaite des changements dans ce qu\u2019elle vit. De nombreuses victimes ne souhaitent pas d\u00e9poser une plainte et ce n\u2019est pas toujours n\u00e9cessaire pour sortir de la violence, m\u00eame si cela peut \u00eatre une mesure importante.<br \/>\r\n<br \/>\r\nVous pourriez lui proposer plusieurs pistes\u00a0:<br \/>\r\n<br \/>\r\n- l\u2019encourager \u00e0 parler aux <strong>sages-femmes<\/strong> lors de l\u2019accouchement. Elles sont souvent tr\u00e8s sensibles \u00e0 la th\u00e9matique de la violence conjugale et pourront la soutenir. Elles pourront aussi l\u2019aider \u00e0 r\u00e9fl\u00e9chir aux <a href=\"https:\/\/dev-vqf.creatives.com\/fr\/informations\/enfants-violence\" target=\"_blank\" rel=\"noopener\">cons\u00e9quences de la violence conjugale sur son enfant<\/a>.<br \/>\r\n<br \/>\r\n- l\u2019orienter vers<strong> <a href=\"https:\/\/sfne.ch\/\" target=\"_blank\" rel=\"noopener\">le service d\u2019aide aux victimes\u00a0: Centre LAVI &amp; Solidarit\u00e9s femmes<\/a><\/strong> joignable au n\u00b0<strong>032\u00a0886 46 36<\/strong>. Des intervenant-e-s pourront l\u2019\u00e9couter, r\u00e9fl\u00e9chir avec elle aux pistes possibles, l\u2019informer sur ses droits. Les consultations sont gratuites et confidentielles. Les intervenant-e-s n\u2019iront pas d\u00e9noncer sa situation \u00e0 la police si elle ne le souhaite pas, mais pourront la soutenir dans ce sens si \u00e0 un moment cela semble important de le faire. Les centres LAVI peuvent aussi proposer un h\u00e9bergement d\u2019urgence dans certaines situations. Les proches peuvent \u00e9galement appeler le centre LAVI pour \u00e9changer et avoir des informations.<br \/>\r\n<br \/>\r\n- vous pouvez bien \u00e9videmment lui donner <strong>l\u2019adresse de notre site<\/strong>. Parfois lire des informations sur cette th\u00e9matique peut aider \u00e0 prendre conscience de ce qui est v\u00e9cu et se mettre en mouvement.<br \/>\r\n<br \/>\r\nNous conseillons aussi aux victimes de faire des constats m\u00e9dicaux si des blessures peuvent \u00eatre observ\u00e9es. Cela permettra d\u2019attester des violences selon les mesures qui devront \u00eatre prises par la suite. Il est pr\u00e9f\u00e9rable de faire un constat m\u00e9dical m\u00eame si elle ne souhaite pas entamer de d\u00e9marches pour le moment. Si un jour elle change d'avis, elle aura ce document comme preuve. Dans tous les cas, consulter un m\u00e9decin pourrait permettre de v\u00e9rifier son \u00e9tat de sant\u00e9 ainsi que celle de son b\u00e9b\u00e9.<br \/>\r\n<br \/>\r\nEt bien s\u00fbr elle ne doit pas h\u00e9siter \u00e0 appeler la police au n\u00b0<strong> 117<\/strong> si elle se sent en danger, elle et son b\u00e9b\u00e9.<br \/>\r\n<br \/>\r\nPrenez bien soin de vous \u00e9galement, si cette situation vous p\u00e8se trop, ne restez pas seule et demandez du soutien.<br \/>\r\n<br \/>\r\nEn esp\u00e9rant avoir pu vous r\u00e9pondre au mieux, nous restons \u00e0 votre disposition si vous avez besoin de compl\u00e9ments d'informations ou si vous avez d'autres questions.<br \/>\r\n<br \/>\r\n<\/div><\/div><\/div><\/div><\/div><\/div><div class='qa_acc_item'><span class='acc_toggler'><\/span><div class='item_header'><h3>Je suis dans une relation toxique et n&#8217;arrive pas \u00e0 le quitter. Quels conseils?<h3><div class='vqf_fixed_width_text'><p>27 novembre 2021 - lis... Je suis dans une relation toxique, dont je pensais pouvoir m\u2019\u00e9chapper facilement mais apr\u00e8s l\u2018avoir quitt\u00e9e, je suis revenue vers lui par sentiment de culpabilit\u00e9 et de peur qu\u2018il soit triste\u2026 je l\u2018ai d\u00e9j\u00e0 quitt\u00e9...<\/p><\/div><\/div><div class='item_body'><div class='quesion_response_block'><div class='question'><h5>Question<\/h5><div class='vqf_fixed_width_text'><div class=\"box-question p2\"><br \/>\r\n<p class=\"color-grey small mt1 mb0\">27 novembre 2021 - lis...<\/p><br \/>\r\nJe suis dans une relation toxique, dont je pensais pouvoir m\u2019\u00e9chapper facilement mais apr\u00e8s l\u2018avoir quitt\u00e9e, je suis revenue vers lui par sentiment de culpabilit\u00e9 et de peur qu\u2018il soit triste\u2026 je l\u2018ai d\u00e9j\u00e0 quitt\u00e9 une dizaine de fois mais toujours sans succ\u00e8s puisque ma culpabilit\u00e9 est trop forte a chaque fois, qu\u2018importe le mal qu\u2018il peut me faire.<br \/>\r\n<br \/>\r\nJe suis totalement consciente des sch\u00e9mas toxiques, mon entourage me conseille de le quitter, je souhaite le faire mais Je ne sais absolument pas comment me lib\u00e9rer concr\u00e8tement de cette culpabilit\u00e9\u2026<br \/>\r\n<br \/>\r\nAuriez-vous des conseils ? Je suis actuellement \u00e9tudiante et n\u2018ai pas les moyens de suivre de nombreuses s\u00e9ances psychiatriques\u2026 un grand merci de votre aide !!<br \/>\r\n<br \/>\r\n<\/div><br \/>\r\n<div class=\"bg-grey p2\"><br \/>\r\n<h3><\/h3><br \/>\r\n<h3><\/p><\/div><\/div><div class='response'><h5>Response<\/h5><div class='vqf_fixed_width_text'><p><\/h3><br \/>\r\nBonjour,<br \/>\r\n<br \/>\r\nTu \u00e9prouves des difficult\u00e9s \u00e0 quitter d\u00e9finitivement ton copain, avec qui tu nous dis vivre une relation toxique. Tu as d\u00e9j\u00e0 stopp\u00e9 la relation \u00e0 plusieurs reprises mais un lourd sentiment de culpabilit\u00e9 te fait revenir \u00e0 chaque fois revenir, malgr\u00e9 le mal qu'il te fait. Tu aimerais avoir des conseils sur comment faire pour te lib\u00e9rer concr\u00e8tement de ta culpabilit\u00e9 afin de parvenir \u00e0 sortir d\u00e9finitivement de cette relation.<br \/>\r\n<br \/>\r\nTu as bien fait de nous \u00e9crire. Tu as conscience que cette relation ne te convient pas et tu es parvenue \u00e0 identifier le principal frein \u00e0 la s\u00e9paration qui est ton sentiment de culpabilit\u00e9. C'est un tr\u00e8s bon d\u00e9but et nous te f\u00e9licitons pour cela.<br \/>\r\n<br \/>\r\nD'apr\u00e8s ce que tu nous dis, nous imaginons que tu es dans une situation o\u00f9 il y a de la violence au sein de ton couple. Nous avons cependant tr\u00e8s peu d'\u00e9l\u00e9ments sur ce que tu vis pour te r\u00e9pondre pr\u00e9cis\u00e9ment. Est-ce que tu aimerais nous en dire un peu plus sur les comportements que tu identifies comme toxiques?<br \/>\r\n<br \/>\r\nPour t'aider \u00e0 identifier ce qui se cache derri\u00e8re ton sentiment de culpabilit\u00e9, nous t'invitons \u00e0 te poser les questions suivantes :<br \/>\r\n<br \/>\r\nDe quoi est-ce que je me sens couple\u00a0 ?<br \/>\r\n<br \/>\r\nPourquoi est-ce que je me sens coupable?<br \/>\r\n<br \/>\r\nQue dois-je faire pour ne plus me sentir coupable ? Est-ce r\u00e9aliste ?<br \/>\r\n<br \/>\r\nAussi, nous nous permettons de te poser la question suivante: si tu d\u00e9cides de continuer cette relation, comment imagines-tu ton avenir dans 2, 3 ou 5 ans avec lui?<br \/>\r\n<br \/>\r\nTu nous dis que ta situation financi\u00e8re ne te permet pas de commmencer une psychoth\u00e9rapie. Or, comprendre et te d\u00e9livrer du poids de cette culpabilit\u00e9 est un travail qui peut prendre du temps. Ce sentiment peut \u00eatre d\u00fb \u00e0 des anciennes blessures personnelles que tu as v\u00e9cues par le pass\u00e9 et il est important pour ton bien \u00eatre et pour tes futures relations de comprendre son origine et son fonctionnement.<br \/>\r\n<br \/>\r\nC'est pourquoi, dans un premier temps, nous te proposons de contacter l'association <a href=\"https:\/\/www.sf-lavi.ch\/\" target=\"_blank\" rel=\"noopener\">Solidarit\u00e9 Femmes Fribourg<\/a>. Il s'agit d'un centre qui s'occupe des femmes victimes de violences dans leur couple. L'association n'offre pas directement de prestations psychoth\u00e9rapeutiques. Les intervenant-e-s sociales qui travaillent dans ce centre sont l\u00e0 pour t'\u00e9couter, te soutenir mais aussi te donner des conseils sur tous types. Selon ta situation, les professionnel-le-s pourront t'orienter vers des services gratuis si tu le souhaites. Tu peux les contacter par mail ou t\u00e9l\u00e9phone et obtenir une consultation sur rendez vous.\u00a0<strong>Ce services sont gratuis et confidentiels<\/strong>.<br \/>\r\n<br \/>\r\nN'h\u00e9site pas \u00e0 nous \u00e9crire \u00e0 nouveau pour donner plus de d\u00e9tails sur ta situation si tu le d\u00e9sires, cela nous permettrait de te r\u00e9pondre avec plus de pr\u00e9cision. Nous t'envoyons nos meilleures pens\u00e9es.<br \/>\r\n<br \/>\r\n<\/div><\/div><\/div><\/div><\/div><\/div><div class='qa_acc_item'><span class='acc_toggler'><\/span><div class='item_header'><h3>J&#8217;ai quitt\u00e9 mon conjoint violent, comment faire pour que mes enfants soient prot\u00e9g\u00e9s alors que nous avons l&#8217;autorit\u00e9 parentale conjointe ?<h3><div class='vqf_fixed_width_text'><p>26 novembre 2021 - Ste... Bonjour, J\u2019ai quitt\u00e9 le domicile familiale il y\u2019a deux semaines a cause d\u2019un conjoint violent et alcoolique. L\u2019avocate a demand\u00e9 des mesures temporaire, mais on a pas pu les avoir, car j\u2019avais pos\u00e9 aucune plainte...<\/p><\/div><\/div><div class='item_body'><div class='quesion_response_block'><div class='question'><h5>Question<\/h5><div class='vqf_fixed_width_text'><div class=\"box-question p2\"><br \/>\r\n<p class=\"color-grey small mt1 mb0\">26 novembre 2021 - Ste...<\/p><br \/>\r\nBonjour,<br \/>\r\n<br \/>\r\nJ\u2019ai quitt\u00e9 le domicile familiale il y\u2019a deux semaines a cause d\u2019un conjoint violent et alcoolique. L\u2019avocate a demand\u00e9 des mesures temporaire, mais on a pas pu les avoir, car j\u2019avais pos\u00e9 aucune plainte au paravant et qu\u2019ils estiment que les enfants ne sont pas en danger imminent.<br \/>\r\n<br \/>\r\nNous ne sommes pas mari\u00e9s, mais avons l\u2019autorit\u00e9 parental conjoint. Donc il a autant de droit que moi, mais veut absolument les prendre \u00e0 temps partiel chez lui et en faire ce qu\u2019il veut. Tant qu\u2019on a pas \u00e9t\u00e9 convoqu\u00e9 par le juge je suis coinc\u00e9, et on risque d\u2019attendre d\u00e9cembre-janvier avant que quelque chose ce passe. Donc j\u2019ai besoin de conseils sur la fa\u00e7on dont je peut prot\u00e9ger mes enfants et \u00e9viter qu\u2019ils restent trop souvent seuls avec lui.<br \/>\r\n<br \/>\r\nSi pouvez m\u2019aider la dessus serait vraiment une grande aide pour nous. Je vous remercie \u00e0 l\u2019avance pour votre aide<br \/>\r\n<br \/>\r\n<\/div><br \/>\r\n<div class=\"bg-grey p2\"><br \/>\r\n<h3><\/h3><br \/>\r\n<h3><\/p><\/div><\/div><div class='response'><h5>Response<\/h5><div class='vqf_fixed_width_text'><p><\/h3><br \/>\r\nBonjour Madame,<br \/>\r\n<br \/>\r\nVous avez quitt\u00e9 votre conjoint violent et alcoolique. Pour l'instant il a\u00a0le droit de garde partag\u00e9 de vos enfants. Vous mentionnez \u00e9galement \u00eatre soutenue par une avocate pour vos d\u00e9marches. Mais vous avez peur pour eux et vous souhaitez savoir comment les prot\u00e9ger lorsqu'ils sont avec leur p\u00e8re.<br \/>\r\n<br \/>\r\nNous comprenons vos inqui\u00e9tudes et saluons votre volont\u00e9 de prot\u00e9ger vos enfants. Nous allons, ici, vous orienter vers les organismes qui pourraient vous aider. N'h\u00e9sitez \u00e0 nous \u00e9crire \u00e0 nouveau si ces d\u00e9marches ont d\u00e9j\u00e0 \u00e9t\u00e9 faites.<br \/>\r\n<br \/>\r\nPour les questions de protection d'enfants\u00a0nous vous conseillons de vous adresser au <a href=\"https:\/\/www.ge.ch\/organisation\/pole-protection-enfance-jeunesse\" target=\"_blank\" rel=\"noopener\">Service de la Protection des Mineurs<\/a> au <strong>022\/546.10.00.<\/strong> Nous vous conseillons de les informer de votre situation et de vos inqui\u00e9tudes quant \u00e0 une mise en danger de vos enfants s'ils sont seuls avec leur p\u00e8re. Il est important que vous puissiez faire part de votre v\u00e9cu de violences afin que les sp\u00e9cialistes puissent avoir tous les \u00e9l\u00e9ments \u00e0 leur disposition pour vous aider au mieux et prot\u00e9ger vos enfants.<br \/>\r\n<br \/>\r\nQuant\u00a0aux violences\u00a0dont vous avez \u00e9t\u00e9 victime,\u00a0nous vous encourageons, si vous ne l'avez pas\u00a0d\u00e9j\u00e0 fait, \u00e0 vous informer sur vos droits aupr\u00e8s du\u00a0<a href=\"http:\/\/centrelavi-ge.ch\/victime-lavi-definition\/droits-de-la-victime\/\" target=\"_blank\" rel=\"noopener\">Centre LAVI<\/a>\u00a0au <strong>022\/320.01.02.<br \/>\r\n<\/strong>Les professionnel-le-s du Centre LAVI sont sp\u00e9cialis\u00e9es dans l'aide aux victimes et connaissent tr\u00e8s bien les situations de violence au sein du couple. Ils ou elles pourront vous informer au mieux et vous soutenir dans vos d\u00e9marches. Cette aide peut \u00eatre compl\u00e9mentaire \u00e0 celle de votre avocate.<br \/>\r\n<br \/>\r\nNous esp\u00e9rons que vous trouverez l'aide n\u00e9cessaire dans les diff\u00e9rentes pistes propos\u00e9es et nous restons \u00e0 votre disposition pour d'autres questions.<br \/>\r\n<br \/>\r\nNous vous envoyons nos meilleures pens\u00e9es.<br \/>\r\n<br \/>\r\n<\/div><\/div><\/div><\/div><\/div><\/div><div class='qa_acc_item'><span class='acc_toggler'><\/span><div class='item_header'><h3>Mon mari m&#8217;ignore et ne participe pas toujours financi\u00e8rement.<h3><div class='vqf_fixed_width_text'><p>25 novembre 2021 - HKS... Mon mari m'ignore, se d\u00e9sinvestit de la famille, me laisse toutes les responsabilit\u00e9s, dort toute la journ\u00e9e, me cache ses revenus, ne participe pas toujours financi\u00e8rement<\/p><\/div><\/div><div class='item_body'><div class='quesion_response_block'><div class='question'><h5>Question<\/h5><div class='vqf_fixed_width_text'><div class=\"box-question p2\"><br \/>\r\n<p class=\"color-grey small mt1 mb0\">25 novembre 2021 - HKS...<\/p><br \/>\r\nMon mari m'ignore, se d\u00e9sinvestit de la famille, me laisse toutes les responsabilit\u00e9s, dort toute la journ\u00e9e, me cache ses revenus, ne participe pas toujours financi\u00e8rement<br \/>\r\n<br \/>\r\n<\/div><br \/>\r\n<div class=\"bg-grey p2\"><br \/>\r\n<h3><\/h3><br \/>\r\n<h3><\/p><\/div><\/div><div class='response'><h5>Response<\/h5><div class='vqf_fixed_width_text'><p><\/h3><br \/>\r\nBonjour Madame,<br \/>\r\n<br \/>\r\nVous nous dites que votre mari vous ignore, se d\u00e9sinvestit de la famille et qu'il vous cache des choses concernant sa situation financi\u00e8re. Vous vous retrouvez \u00e0 devoir g\u00e9rer toutes les responsabilit\u00e9s familiales.<br \/>\r\n<br \/>\r\nVous avez bien fait de nous \u00e9crire. Devoir g\u00e9rer toutes les t\u00e2ches dans un couple et dans un foyer est pesant.<br \/>\r\n<br \/>\r\nL'ignorance est <a href=\"https:\/\/dev-vqf.creatives.com\/la-violence-dans-le-couple\/la-violence-psychologique\/\" target=\"_blank\" rel=\"noopener\">un acte de violence psychologique<\/a>. Ne\u00a0pas vous \u00e9couter et\u00a0ne pas vous\u00a0r\u00e9pondre constamment ou refuser de vous\u00a0parler pendant plusieurs jours sans donner d'explications par exemple en font partie.<br \/>\r\n<br \/>\r\nVous nous dites qu'il ne participe pas toujours financi\u00e8rement et qu'il cache ses revenus.\u00a0Ces comportements pourraient \u00eatre de la <a href=\"https:\/\/dev-vqf.creatives.com\/la-violence-dans-le-couple\/la-violence-economique\/\" target=\"_blank\" rel=\"noopener\">violence \u00e9conomique<\/a>. Vous sentez-vous oblig\u00e9e de prendre en charge fianci\u00e8rement toutes les d\u00e9penses alors qu'il travaille ou que ce ne soit pas r\u00e9parti \u00e9quitablement?<br \/>\r\n<br \/>\r\nNous nous demandions depuis combien de temps cela dure. Pour mieux vous conseiller, serait-il possible de nous donner plus d'informartions sur la situation que vous vivez avec votre mari ?<br \/>\r\n<br \/>\r\nEn esp\u00e9rant avoir de nouvelles bient\u00f4t, nous vous envoyons nos meilleures pens\u00e9es.<br \/>\r\n<br \/>\r\n<\/div><\/div><\/div><\/div><\/div><\/div><div class='qa_acc_item'><span class='acc_toggler'><\/span><div class='item_header'><h3>Victime de viol, quoi faire?<h3><div class='vqf_fixed_width_text'><p>24 novembre 2021 - Kay... Je me fais violer souvent, j'ai peur, je ne sais pas quoi faire ?<\/p><\/div><\/div><div class='item_body'><div class='quesion_response_block'><div class='question'><h5>Question<\/h5><div class='vqf_fixed_width_text'><div class=\"box-question p2\"><br \/>\r\n<p class=\"color-grey small mt1 mb0\">24 novembre 2021 - Kay...<\/p><br \/>\r\nJe me fais violer souvent, j'ai peur, je ne sais pas quoi faire ?<br \/>\r\n<br \/>\r\n<\/div><br \/>\r\n<div class=\"bg-grey p2\"><br \/>\r\n<h3><\/h3><br \/>\r\n<h3><\/p><\/div><\/div><div class='response'><h5>Response<\/h5><div class='vqf_fixed_width_text'><p><\/h3><br \/>\r\nBonjour,<br \/>\r\n<br \/>\r\nTu as bien fait de nous \u00e9crire et de nous partager ce que tu vis. En parler et demander de l'aide sont les premi\u00e8res \u00e9tapes pour trouver un moyen de te prot\u00e9ger de <a href=\"https:\/\/dev-vqf.creatives.com\/fr\/informations\/violence\/sexuelle\" target=\"_blank\" rel=\"noopener\">cette violence sexuelle<\/a>. La priorit\u00e9 est de prendre soin de toi, sur les plans physique et psychologique et de te mettre en s\u00e9curit\u00e9.<br \/>\r\n<br \/>\r\nSais-tu que le viol est <a href=\"https:\/\/dev-vqf.creatives.com\/fr\/informations\/loi\" target=\"_blank\" rel=\"noopener\">interdit par la loi<\/a> et qu'il est punissable? C'est un acte de violence grave et il a de nombreuses <a href=\"https:\/\/dev-vqf.creatives.com\/fr\/informations\/consequences\" target=\"_blank\" rel=\"noopener\">cons\u00e9quences n\u00e9fastes<\/a> sur la personne qui le subit. Nous comprenons que tu aies peur. Rappelle-toi que tu n'es pas seule et que des professionnel-le-s peuvent t'aider.<br \/>\r\n<br \/>\r\nEst-ce que tu as pu faire constater ces viols aupr\u00e8s d'un-e m\u00e9decin? Si non, nous te sugg\u00e9rons vivement d'aller chez un-e docteur-esse ou \u00e0 l'h\u00f4pital le plus proche. Tu pourras v\u00e9rifier ton \u00e9tat de sant\u00e9 mais aussi garder une preuve si tu d\u00e9cides par la suite de faire des d\u00e9marches juridiques. Tu peux demander un <strong>constat d'agression sexuelle<\/strong>. Il est tr\u00e8s important de garder des preuves de l'agression, m\u00eame si tu n'as pas l'intention de porter plainte dans l'imm\u00e9diat.<br \/>\r\n<br \/>\r\nNous t'encourageons \u00e9galement \u00e0 contacter le Centre LAVI le plus proche de chez toi afin d'\u00eatre accompagn\u00e9e et soutenue par des professionnel-le-s. Les victimes d'infractions ont le droit \u00e0 une aide psychologique, juridique et financi\u00e8re de mani\u00e8re gratuite et confidentielle. Les intervenant-e-s pourront t'\u00e9couter avec bienveillance, te conseiller pour te prot\u00e9ger et te soutenir dans ce que tu traverses. Voici les coordonn\u00e9es pour le Canton du Valais:<br \/>\r\n<br \/>\r\n<strong>VS Centres LAVI<\/strong><br \/>\r\n<strong>Centre de consultation Valais Romand<\/strong><br \/>\r\nRue des Vergers 1 \u2013 1950 Sion<br \/>\r\nT\u00e9l. 027 607 31 00<br \/>\r\n<a href=\"https:\/\/www.vs.ch\/web\/sas\/lavi-beneficiaires\" target=\"_blank\" rel=\"noopener\">www.vs.ch\/web\/sas\/lavi-beneficiaires<\/a><br \/>\r\n<br \/>\r\nNous t'invitons \u00e0 nous en dire plus si tu te sens pr\u00eate et notre porte reste ouverte si tu as d'autres questions ou si tu souhaites donner de tes nouvelles. Nous t'envoyons nos meilleures pens\u00e9es.<br \/>\r\n<br \/>\r\n<\/div><\/div><\/div><\/div><\/div><\/div><div class='qa_acc_item'><span class='acc_toggler'><\/span><div class='item_header'><h3>Mon compagnon ne peut pas g\u00e9rer sa col\u00e8re, peut-il s&#8217;en sortir? Y-a-t-il de l&#8217;espoir?<h3><div class='vqf_fixed_width_text'><p>21 novembre 2021 - Sun... Bonsoir, Tout d'abord, je suis contente de voir qu'il existe de l'aide pour les personnes qui pensent vivre une situation de violence. Je suis en couple depuis 3 ans et je suis devenue maman \u00e0...<\/p><\/div><\/div><div class='item_body'><div class='quesion_response_block'><div class='question'><h5>Question<\/h5><div class='vqf_fixed_width_text'><div class=\"box-question p2\"><br \/>\r\n<p class=\"color-grey small mt1 mb0\">21 novembre 2021 - Sun...<\/p><br \/>\r\nBonsoir,<br \/>\r\n<br \/>\r\nTout d'abord, je suis contente de voir qu'il existe de l'aide pour les personnes qui pensent vivre une situation de violence. Je suis en couple depuis 3 ans et je suis devenue maman \u00e0 un mgnifique gar\u00e7on qui a quelques mois.<br \/>\r\n<br \/>\r\nDepuis 2 ans environs, mon compagnon monte tr\u00e8s vite dans les tours et apr\u00e8s au lieu de s'excuser, il me fait culpabiliser en m'expliquant pourquoi il a eu ce comportement. Les col\u00e8res s'intensifient de plus en plus. Dimanche dernier, tout est all\u00e9 trop loin car il a p\u00e9t\u00e9 les plombs, il m'a cri\u00e9 et a tap\u00e9 dans les murs (ce n'est pas la premi\u00e8re fois ...) mais cette fois ci il a lev\u00e9 la main sur ma grande m\u00e8re qui tenait notre fils dans les bras. Ensuite, je lui ai donn\u00e9 une claque pour prot\u00e9ger mon fils et ma grande m\u00e8re et pour le sortir de cet \u00e9tat de col\u00e8re intense.<br \/>\r\n<br \/>\r\nCette fois ci, tout est all\u00e9 trop loin et il ne s'est m\u00eame pas excus\u00e9. D'ailleurs, il nie avoir lev\u00e9 la main mais nous sommes 2 \u00e0 l'avoir vu (moi m\u00eame est ma grande m\u00e8re)<br \/>\r\n<br \/>\r\nIl avoue avoir un probl\u00e8me avec la gestion de la col\u00e8re et me demande de ne pas rompre et lui laisser une derni\u00e8re chance. Il me demande de l'aider en ne pas l'agressant mais je ne suis pas s\u00fbre que je l'agresse, en ce moment je fais tout le temps attention \u00e0 ce que je dis car il s'\u00e9nerve vite et j'ai peur de ses r\u00e9actions. Il me dit aussi avoir peur de mes r\u00e9actions. Il va \u00e9galement se faire aider par un psychologue. C'est compliqu\u00e9 d'expliquer le contexte en quelques mots mais j'esp\u00e8re que je suis assez claire.<br \/>\r\n<br \/>\r\nJe souhaite vous demander quelques questions -Lors de nos discussions apr\u00e8s les incidents violents ou agressifs, je suis souvent frustr\u00e9e car il reparle de situations pr\u00e9c\u00e9dentes quand je l'ai bless\u00e9. Ensuite, il me fait culpabiliser et je n'arrive pas a le convaincre que son comportement est inacceptable. Comment garder sang froid et prendre du recul pour qu'il comprenne que son comportement ne doit pas continuer ? - Est-ce que les personnes qui ont du mal \u00e0 g\u00e9rer leur col\u00e8re et p\u00e8tent les plombs vite peuvent s'en sortir ? Y a-t-il de l'espoir ?<br \/>\r\n<br \/>\r\nJe vous remercie beaucoup de votre aide et soutient. Je me r\u00e9jouis de lire votre avis et vos conseils. Meilleures salutations<br \/>\r\n<br \/>\r\n<\/div><br \/>\r\n<div class=\"bg-grey p2\"><br \/>\r\n<h3><\/h3><br \/>\r\n<h3><\/p><\/div><\/div><div class='response'><h5>Response<\/h5><div class='vqf_fixed_width_text'><p><\/h3><br \/>\r\nBonjour Madame,<br \/>\r\n<br \/>\r\nVous \u00eates en couple depuis 3 ans et maman d\u2019un gar\u00e7on de 8 mois. Vous \u00e9crivez que votre partenaire monte vite dans les tours et a de la difficult\u00e9 \u00e0 g\u00e9rer sa col\u00e8re. Vous constatez que les col\u00e8res s\u2019intensifient. Dans ces moments, il crie, casse du mat\u00e9riel. Lors de la derni\u00e8re sc\u00e8ne que vous nous d\u00e9crivez, il a lev\u00e9 la main sur votre grand-m\u00e8re qui tenait votre enfant dans ses bras. Vous nous d\u00e9crivez qu\u2019il remet la faute sur vous et vous reproche de l\u2019agresser si bien que vous faites attention \u00e0 votre attitude.Suite \u00e0 la derni\u00e8re sc\u00e8ne il a demand\u00e9 de lui laisser une chance et cherche de l\u2019aide aupr\u00e8s d\u2019un psychologue. Vous nous posez la question comment prendre du recul, et s\u2019il y a de l\u2019espoir qu\u2019il puisse travailler la gestion de ses col\u00e8res.<br \/>\r\n<br \/>\r\nLes \u00e9l\u00e9ments que vous nous d\u00e9crivez nous font penser \u00e0 de la violence conjugale.<br \/>\r\n<br \/>\r\nLa violence peut prendre diff\u00e9rentes formes. Les insultes, rabaissement, menaces, contraintes font partie de la <a href=\"https:\/\/dev-vqf.creatives.com\/fr\/informations\/violence\/psychologique\" target=\"_blank\" rel=\"noopener\">violence psychologique<\/a>, casser du mat\u00e9riel \u00e9galement. La violence psychologique peut avoir des <a href=\"https:\/\/dev-vqf.creatives.com\/fr\/informations\/consequences\/pour-les-victimes\" target=\"_blank\" rel=\"noopener\">cons\u00e9quences<\/a><strong>\u00a0<\/strong>sur la sant\u00e9 physique et psychique des victimes. La perte de confiance en soi, le doute, la culpabilisation, l\u2019isolement, la perte de rep\u00e8res sont des \u00e9l\u00e9ments qui reviennent fr\u00e9quemment. La violence conjugale a aussi des cons\u00e9quences sur les <a href=\"https:\/\/dev-vqf.creatives.com\/fr\/informations\/enfants-violence\" target=\"_blank\" rel=\"noopener\">enfants<\/a>\u00a0qui y sont expos\u00e9s. Vous nous \u00e9crivez d\u2019ailleurs que votre enfant \u00e9tait dans les bras de votre Grand-m\u00e8re quand il a lev\u00e9 la main sur elle.<br \/>\r\n<br \/>\r\nLa violence conjugale s\u2019inscrit souvent dans un<strong> <a href=\"https:\/\/dev-vqf.creatives.com\/fr\/informations\/cycle-de-la-violence\" target=\"_blank\" rel=\"noopener\">cycle<\/a><\/strong>\u00a0au cours duquel les violences deviennent plus graves. Nous retrouvons dans votre situation l\u2019augmentation des tensions, l\u2019explosion, la phase durant laquelle l\u2019auteur de violence essaie de se d\u00e9responsabiliser et de mettre la faute sur un facteur ext\u00e9rieur, puis les promesses et la demande de redonner une chance. Le probl\u00e8me est que malheureusement bien souvent, les violences s\u2019intensifient, le cycle s\u2019acc\u00e9l\u00e8re. Et sans aide ext\u00e9rieure il peut \u00eatre difficile de s\u2019en sortir.<br \/>\r\n<br \/>\r\nLe fait de parler des violences, demander de l\u2019aide, chercher des informations est d\u00e9j\u00e0 un pas important. Nous vous encourageons \u00e0 ne pas vous isoler dans cette situation. Si votre partenaire a conscience qu\u2019il a besoin d\u2019aide et est d\u00e9cid\u00e9 \u00e0 \u00eatre soutenu par un-e th\u00e9rapeute, c\u2019est aussi un signe que quelque chose peut \u00e9voluer. Cela n\u00e9cessite du temps. Un \u00e9l\u00e9ment important est qu\u2019il prenne la responsabilit\u00e9 de ses actes. \u00a0Une possibilit\u00e9 serait aussi qu\u2019il prenne contact avec <a href=\"http:\/\/www.ex-pression.ch\/fr\" target=\"_blank\" rel=\"noopener\">Ex-pression<\/a>\u00a0au\u00a0<strong>0848 08 08 08<\/strong>\u00a0, une association qui aide les auteur-e-s de violence \u00e0 surmonter leur comportement et \u00e0 \u00e9viter la r\u00e9cidive.<br \/>\r\n<br \/>\r\nSi votre partenaire n\u2019est pas pr\u00eat \u00e0 faire un travail sur lui-m\u00eame, vous ne pourrez pas le faire \u00e0 sa place. Mais vous pouvez faire des d\u00e9marches pour vous, r\u00e9fl\u00e9chir \u00e0 ce que vous attendez de cette situation, de cette relation, o\u00f9 est la limite de ce qui est acceptable ou non pour vous, quelles mesures devez-vous prendre pour votre s\u00e9curit\u00e9 et celle de votre enfant. A titre de r\u00e9flexion, nous vous posons \u00e9galement la question suivante: A quoi verrez-vous que la situation s\u2019am\u00e9liore\u00a0?<br \/>\r\n<br \/>\r\nPour vous aider dans cette r\u00e9flexion, vous pouvez vous adresser \u00e0 <a href=\"https:\/\/www.sf-lavi.ch\/\" target=\"_blank\" rel=\"noopener\">Solidarit\u00e9 Femmes Fribourg-centre LAVI<\/a>\u00a0<strong>au 026\u00a0322 22 02<\/strong>. Des intervenantes pourront \u00e9valuer avec vous votre situation, r\u00e9fl\u00e9chir \u00e0 des pistes, vous informer sur vos droits, trouver des strat\u00e9gies pour vous d\u00e9fendre sans entrer dans la violence. Ces prestations sont gratuites et confidentielles.<br \/>\r\n<br \/>\r\nEt si \u00e0 un moment donn\u00e9, vous vous sentez en danger, n\u2019h\u00e9sitez pas \u00e0 contacter <strong>la police au 117<\/strong>.<br \/>\r\n<br \/>\r\nEn esp\u00e9rant que ces quelques pistes vous auront aid\u00e9e \u00e0 vous orienter, nous vous souhaitons beaucoup de courage et restons \u00e0 votre disposition pour d'autres questions.<br \/>\r\n<br \/>\r\n<\/div><\/div><\/div><\/div><\/div><\/div><div class='qa_acc_item'><span class='acc_toggler'><\/span><div class='item_header'><h3>Des cris \u00e9manent de l&#8217;appartement voisin, que faire?<h3><div class='vqf_fixed_width_text'><p>21 novembre 2021 - Lav... Presque tous les jours j'entends mon voisin hurler, cela ressemble \u00e0 de fortes crises de col\u00e8re. Parfois, il m'a sembl\u00e9 qu'il s'adressait \u00e0 ses enfants. Je sais qu'il vit avec sa femme et ses enfants...<\/p><\/div><\/div><div class='item_body'><div class='quesion_response_block'><div class='question'><h5>Question<\/h5><div class='vqf_fixed_width_text'><div class=\"box-question p2\"><br \/>\r\n<p class=\"color-grey small mt1 mb0\">21 novembre 2021 - Lav...<\/p><br \/>\r\nPresque tous les jours j'entends mon voisin hurler, cela ressemble \u00e0 de fortes crises de col\u00e8re. Parfois, il m'a sembl\u00e9 qu'il s'adressait \u00e0 ses enfants. Je sais qu'il vit avec sa femme et ses enfants en bas \u00e2ge. Cette situation me stresse et je ne sais pas quoi faire<br \/>\r\n<br \/>\r\n1) pour \u00e9ventuellement leur venir en aide et<br \/>\r\n<br \/>\r\n2) me prot\u00e9ger \/ vivre avec cette situation.<br \/>\r\n<br \/>\r\nQue me conseillez-vous ?<br \/>\r\n<br \/>\r\nMerci d'avance<br \/>\r\n<br \/>\r\n<\/div><br \/>\r\n<div class=\"bg-grey p2\"><br \/>\r\n<h3><\/h3><br \/>\r\n<h3><\/p><\/div><\/div><div class='response'><h5>Response<\/h5><div class='vqf_fixed_width_text'><p><\/h3><br \/>\r\nBonjour Madame,<br \/>\r\n<br \/>\r\nVous prenez contact avec nous car vous entendez votre voisin hurler presque tous les jours et cela ressemble \u00e0 des crises de col\u00e8re. Il vous semble que ces cris sont dirig\u00e9s contre les enfants de la famille. Cette situation vous stresse et vous ne savez pas quoi faire\u00a0; c\u2019est pourquoi vous nous demandez conseil.<br \/>\r\n<br \/>\r\nAu vu du peu d\u2019\u00e9l\u00e9ments que vous poss\u00e9dez sur la situation, il est difficile d\u2019estimer le degr\u00e9 de violence pr\u00e9sente dans\u00a0cette famille et pour nous de vous r\u00e9pondre pr\u00e9cis\u00e9ment.<br \/>\r\n<br \/>\r\nVous pouvez toutefois faire appel \u00e0 la Police cantonale vaudoises qui peut vous renseigner sur la pr\u00e9vention dans les cas de violence familiale. Ils-elles sont joignables au <strong>O21 644 44 44<\/strong>. Ces dernier-\u00e8re-s peuvent intervenir \u00e0 domicile en tout temps et prendre les mesures n\u00e9cessaires selon leur \u00e9valuation de la situation.<br \/>\r\n<br \/>\r\nDans le canton de Vaud, un autre service qui s\u2019occupe de la violence particuli\u00e8rement sur l\u2019enfant est la Direction g\u00e9n\u00e9rale de l\u2019enfance et la jeunesse (DGEJ). Ce dernier dispose d\u2019une permanence t\u00e9l\u00e9phonique pour r\u00e9pondre aux questions, anonymement si vous le souhaitez. Cette permanence est assur\u00e9e par les intervenant-e-s en protection des mineur-e-s dans leurs centres r\u00e9gionaux du lundi au vendredi, de 8:30 \u00e0 12:00 et 13:30 \u00e0 17:00 . Vous trouverez leur t\u00e9l\u00e9phone selon votre r\u00e9gion d\u2019habitation sur leur site internet: <a href=\"https:\/\/www.vd.ch\/toutes-les-autorites\/departements\/departement-de-la-formation-de-la-jeunesse-et-de-la-culture-dfjc\/direction-generale-de-lenfance-et-de-la-jeunesse-dgej\/orpm\/\" target=\"_blank\" rel=\"noopener\">https:\/\/www.vd.ch\/toutes-les-autorites\/departements\/departement-de-la-formation-de-la-jeunesse-et-de-la-culture-dfjc\/direction-generale-de-lenfance-et-de-la-jeunesse-dgej\/orpm\/<\/a><br \/>\r\n<br \/>\r\nNous restons \u00e0 disposition si vous obtenez d\u2019autres \u00e9l\u00e9ments quant \u00e0 cette situation et esp\u00e9rons que les contacts transmis sauront vous orientez au mieux.<br \/>\r\n<br \/>\r\n<\/div><\/div><\/div><\/div><\/div><\/div><div class='qa_acc_item'><span class='acc_toggler'><\/span><div class='item_header'><h3>Conselhos sobro como sair de uma situac\u00e3o de viol\u00eancia dom\u00e9stica quando se tem filhos.<h3><div class='vqf_fixed_width_text'><p>20 novembre 2021 - Cho... O que fazer quando se esta a viver em uma situa\u00e7\u00e3o de viol\u00eancia dom\u00e9stica e tens filhos e n\u00e3o quer alterar a rotina deles, mi sinto desorientada n\u00e3o sei o que fazer e n\u00e3o sei...<\/p><\/div><\/div><div class='item_body'><div class='quesion_response_block'><div class='question'><h5>Question<\/h5><div class='vqf_fixed_width_text'><div class=\"box-question p2\"><br \/>\r\n<p class=\"color-grey small mt1 mb0\">20 novembre 2021 - Cho...<\/p><br \/>\r\nO que fazer quando se esta a viver em uma situa\u00e7\u00e3o de viol\u00eancia dom\u00e9stica e tens filhos e n\u00e3o quer alterar a rotina deles, mi sinto desorientada n\u00e3o sei o que fazer e n\u00e3o sei o que fazer ou proceder nessa situa\u00e7\u00e3o. Por isso preciso do vosso conselho<br \/>\r\n<br \/>\r\n&nbsp;<br \/>\r\n<br \/>\r\n<\/div><br \/>\r\n<div class=\"bg-grey p2\"><br \/>\r\n<h3><\/p><\/div><\/div><div class='response'><h5>Response<\/h5><div class='vqf_fixed_width_text'><p><\/h3><br \/>\r\nBom dia, Senhora<br \/>\r\n<br \/>\r\nEst\u00e1 a perguntar-nos o que pode ser feito quando se encontra numa situa\u00e7\u00e3o de viol\u00eancia dom\u00e9stica. Disse-nos \u00a0que preferia de evitar de alterar a rotina dos seus filhos e gostaria de obter conselhos sobre como sair dessa situa\u00e7\u00e3o.<br \/>\r\n<br \/>\r\nVoc\u00ea fez bem em escrever-nos. Viver a viol\u00eancia num casal \u00e9 dif\u00edcil e \u00e9 normal sentir-se desorientada e desamparada. Tem raz\u00e3o em querer agir e encontrar solu\u00e7\u00f5es, \u00e9 um passo corajoso.<br \/>\r\n<br \/>\r\nEntendemos a sua vontade de preservar os seus filhos. No entanto, gostar\u00edamos de chamar a sua aten\u00e7\u00e3o para o facto de que a viol\u00eancia dom\u00e9stica tem um impacto negativo sobre as crian\u00e7as. As crian\u00e7as, que estejam fisicamente presentes ou n\u00e3o na altura, sentem e s\u00e3o v\u00edtimas de viol\u00eancia. Ou seja, o facto de viver num ambiente de viol\u00eancia dom\u00e9stica implica que as rotinas deles j\u00e0 s\u00e3o alteradas. A longo prazo, isto pode ter consequ\u00eancias muito graves para o bem-estar psicol\u00f3gico deles. \u00c9 importante para si e para os seus filhos poderem viver num ambiente livre de viol\u00eancia.<br \/>\r\n<br \/>\r\nTendo em conta que temos pouca informa\u00e7\u00e3o sobre a sua situa\u00e7\u00e3o, \u00e9 dif\u00edcil\u00a0para n\u00f3s dar-lhe uma resposta completa.<br \/>\r\n<br \/>\r\nPara o cant\u00e3o de Berna, pode come\u00e7ar por contactar o <a href=\"https:\/\/www.opferhilfe-bern.ch\/fr\/vous-etes-touche-e-par\/violence-conjugale\" target=\"_blank\" rel=\"noopener\">Centro LAVI<\/a> . Este \u00e9 um servi\u00e7o que presta ajuda e apoio \u00e0s v\u00edtimas de viol\u00eancia. Esses servi\u00e7os s\u00e3o gr\u00e1tis e confidenciais. Os profissionais deste centro est\u00e3o l\u00e1 para a ouvir, apoiar e inform\u00e1-la dos seus direitos legais e n\u00e3o a comprometem com nada. No entanto, \u00e9 poss\u00edvel obter ajuda mais especializada se quiser falar com um advogado. <a href=\"https:\/\/www.opferhilfe-bern.ch\/fr\/contact\" target=\"_blank\" rel=\"noopener\">Aqui <\/a>est\u00e3o os n\u00fameros e os endere\u00e7os de correio electr\u00f3nico. Voc\u00ea pode primeiro enviar-lhes um e-mail se estiver mais \u00e0 vontade. Neste e-mail, a senhora pode explicar a sua situa\u00e7\u00e3o e perguntar se \u00e9 poss\u00edvel ter contacto com um profissional que fala portugu\u00eas.<br \/>\r\n<br \/>\r\nEsperamos que esta resposta seja \u00fatil para si. N\u00e3o hesite em escrever-nos novamente no caso em que voc\u00ea gostaria de dar-nos mais pormenores sobre a sua situa\u00e7\u00e3o.<br \/>\r\n<br \/>\r\nColoco-me \u00e0 sua inteira disposi\u00e7\u00e3o para quaisquer esclarecimentos e desejamos-lhe boa sorte para o futuro.<br \/>\r\n<br \/>\r\n<\/div><\/div><\/div><\/div><\/div><\/div><div class='qa_acc_item'><span class='acc_toggler'><\/span><div class='item_header'><h3>J&#8217;ai besoin d&#8217;aide pour prot\u00e9ger ma maman victime de violence conjugale<h3><div class='vqf_fixed_width_text'><p>20 novembre 2021 - Bet... Bonjour, Ma maman subit des violences de la part de son mari (mon p\u00e8re) de plus de 40 ans. Les violences sont physiques, \u00e9motionnelles et psychologiques. Elle refuse de le quitter. De plus, m\u00eame quand...<\/p><\/div><\/div><div class='item_body'><div class='quesion_response_block'><div class='question'><h5>Question<\/h5><div class='vqf_fixed_width_text'><div class=\"box-question p2\"><br \/>\r\n<p class=\"color-grey small mt1 mb0\">20 novembre 2021 - Bet...<\/p><br \/>\r\nBonjour,<br \/>\r\n<br \/>\r\nMa maman subit des violences de la part de son mari (mon p\u00e8re) de plus de 40 ans. Les violences sont physiques, \u00e9motionnelles et psychologiques. Elle refuse de le quitter. De plus, m\u00eame quand elle a d\u00e9couvert qu\u2019il m\u2019avait attaqu\u00e9 en mettant ses mains autour de mon cou \u00e0 deux reprises, elle n\u2019a pas voulu partir.<br \/>\r\n<br \/>\r\nJ\u2019ai d\u00e9cid\u00e9 de quitter la maison et le pays parce que je ne peux plus vivre dans cet environnement. J\u2019essaie de convaincre ma maman de venir avec moi mais elle refuse.<br \/>\r\n<br \/>\r\nQue faire? J\u2019ai besoin d\u2019aide pour soit la convaincre a quitter son mari ou au moins, j\u2019ai besoin d\u2019aide pour prot\u00e9ger ma maman lorsque je serai hors du pays. Merci.<br \/>\r\n<br \/>\r\n<\/div><br \/>\r\n<div class=\"bg-grey p2\"><br \/>\r\n<h3><\/h3><br \/>\r\n<h3><\/p><\/div><\/div><div class='response'><h5>Response<\/h5><div class='vqf_fixed_width_text'><p><\/h3><br \/>\r\nBonjour Madame,<br \/>\r\n<br \/>\r\nVotre maman subit des violences conjugales et elle refuse de quitter son mari. Vous souhaitez de l'aide\u00a0pour\u00a0la convaincre de partir de\u00a0la maison ou pour la prot\u00e9ger lorsque vous ne serez\u00a0pas l\u00e0.<br \/>\r\n<br \/>\r\nNous comprenons votre inqui\u00e9tude pour votre maman et nous la partageons. M\u00eame si elle refuse les propositions de quitter le domicile que vous lui faites, le soutien que vous lui apportez est important. U<a href=\"https:\/\/dev-vqf.creatives.com\/fr\/entourage\/entourage_victime\/ecouter-et-soutenir\" target=\"_blank\" rel=\"noopener\">ne victime fait de son mieux<\/a> pour survivre et souvent elle a besoin d'\u00eatre\u00a0pr\u00eate pour\u00a0se s\u00e9parer. Il faut beaucoup de courage pour prendre cette\u00a0d\u00e9cision et\u00a0<a href=\"https:\/\/dev-vqf.creatives.com\/fr\/informations\/consequences\/pour-les-victimes\" target=\"_blank\" rel=\"noopener\">la perte de la confiance en soi<\/a>\u00a0qui d\u00e9coule de la violence subit n'aide pas dans ce choix. Il est donc important d'<a href=\"https:\/\/dev-vqf.creatives.com\/fr\/entourage\/entourage_victime\/repondre-aux-besoins\" target=\"_blank\" rel=\"noopener\">aller \u00e0 son rythme<\/a>, sans la forcer ou faire \u00e0 sa place. Afin qu'elle puisse identifier elle-m\u00eame ses propres besoins et reprendre le contr\u00f4le de sa vie.<br \/>\r\n<br \/>\r\nNous\u00a0saluons votre engagement pour venir en aide \u00e0 votre maman\u00a0et nous vous encourageons \u00e0 poursuivre votre soutien. Vous pouvez l'informer qu'elle n'est pas seule et que si elle le souhaite, elle peut trouver de l'aide et du soutien aupr\u00e8s du <a href=\"https:\/\/malleyprairie.ch\/\" target=\"_blank\" rel=\"noopener\">Centre MalleyPrairie<\/a>\u00a0au\u00a0<strong>021\/620.76.76. <\/strong>Des sp\u00e9cialistes lui r\u00e9pondront et la conseilleront de mani\u00e8re confidentielle et gratuite. Vous pouvez lui dire que cette prise de contact avec le Centre MalleyPrairie ne l'engage \u00e0 rien. Au cas o\u00f9 votre maman d\u00e9ciderait de quitter la maison pour se mettre \u00e0 l'abri, ce centre offre la possibilit\u00e9 aux femmes victimes de violence conjugale d'<a href=\"https:\/\/malleyprairie.ch\/hebergement\/\" target=\"_blank\" rel=\"noopener\">\u00eatre h\u00e9berg\u00e9e<\/a>s\u00a0temporairement dans un lieu s\u00e9curis\u00e9.<br \/>\r\n<br \/>\r\nUne autre piste est de parler du site <a href=\"https:\/\/dev-vqf.creatives.com\/\">www.violencequefaire.ch<\/a> \u00e0 votre maman sur lequel elle peut trouver des informations sur la violence, des adresses utiles et avoir la possibilit\u00e9 d'\u00e9crire de mani\u00e8re anonyme et gratuite. Peut-\u00eatre que ce pas \"en ligne\" serait plus facile pour votre maman dans un premier temps.<br \/>\r\n<br \/>\r\nDans tous les cas si votre maman ou vous-m\u00eame, vous vous sentez en danger,\u00a0nous vous conseillons vivement d'appeler la police au <strong>117.\u00a0<\/strong>La police a l<a href=\"https:\/\/dev-vqf.creatives.com\/fr\/entourage\/entourage_victime\/orienter\" target=\"_blank\" rel=\"noopener\">a possibilit\u00e9 d'expulser du domicile<\/a> la personne auteure de violence pour une dur\u00e9e d\u00e9termin\u00e9e.<br \/>\r\n<br \/>\r\nEnfin, vous nous faites part \u00e9galement de la violence qu'a exerc\u00e9 votre p\u00e8re \u00e0 votre encontre. Vous ne mentionnez pas quand cela s'est produit mais vous seriez en droit de <a href=\"https:\/\/dev-vqf.creatives.com\/fr\/informations\/loi\" target=\"_blank\" rel=\"noopener\">porter plainte (<\/a>dans un d\u00e9lai de trois mois). Nous vous encourageons \u00e0 vous adresser au <a href=\"https:\/\/www.profa.ch\/lavi\/\" target=\"_blank\" rel=\"noopener\">Centre LAVI<\/a> du canton Vaud afin d'obtenir une aide juridique et un soutien psychologique de mani\u00e8re confidentielle et gratuite.<br \/>\r\n<br \/>\r\nPorter plainte, si cela est toujours possible, serait un message fort \u00e0 l'\u00e9gard de votre p\u00e8re (et de votre m\u00e8re) comme quoi la violence est inadmissible et interdite par la loi. Dans tous les cas, nous vous conseillons de parler de votre situation directement avec un-e intervenant-e du Centre LAVI qui pourra vous accompagner au mieux dans vos d\u00e9marches.<br \/>\r\n<br \/>\r\nNous esp\u00e9rons que nos r\u00e9ponses vous ont apport\u00e9 l'aide n\u00e9cessaire. Nous restons volontiers \u00e0 votre disposition pour d'autres questions ou si vous souhaitez nous donner de vos nouvelles.<br \/>\r\n<br \/>\r\nNous vous envoyons nos meilleures pens\u00e9es.<br \/>\r\n<br \/>\r\n<\/div><\/div><\/div><\/div><\/div><\/div><div class='qa_acc_item'><span class='acc_toggler'><\/span><div class='item_header'><h3>Mon ami est victime de violence: comment l&#8217;aider?<h3><div class='vqf_fixed_width_text'><p>16 novembre 2021 - ISA... Bonjour, J\u2019ai un ami qui subit des choses qui pour moi sont des violences (insultes, gros mots, objets lanc\u00e9s, les lunettes ont \u00e9t\u00e9 cass\u00e9es intentionnellement, l\u2019ordinateur personnel emport\u00e9 durant une journ\u00e9e\u2026). Je me demande comment...<\/p><\/div><\/div><div class='item_body'><div class='quesion_response_block'><div class='question'><h5>Question<\/h5><div class='vqf_fixed_width_text'><div class=\"box-question p2\"><br \/>\r\n<p class=\"color-grey small mt1 mb0\">16 novembre 2021 - ISA...<\/p><br \/>\r\nBonjour,<br \/>\r\n<br \/>\r\nJ\u2019ai un ami qui subit des choses qui pour moi sont des violences (insultes, gros mots, objets lanc\u00e9s, les lunettes ont \u00e9t\u00e9 cass\u00e9es intentionnellement, l\u2019ordinateur personnel emport\u00e9 durant une journ\u00e9e\u2026).<br \/>\r\n<br \/>\r\nJe me demande comment l\u2019aider? Que puis-je faire??? Merci pour votre r\u00e9ponse<br \/>\r\n<br \/>\r\n<\/div><br \/>\r\n<div class=\"bg-grey p2\"><br \/>\r\n<h3><\/h3><br \/>\r\n<h3><\/p><\/div><\/div><div class='response'><h5>Response<\/h5><div class='vqf_fixed_width_text'><p><\/h3><br \/>\r\nBonjour Madame,<br \/>\r\n<br \/>\r\nVous nous faites part de la situation de votre ami qui re\u00e7oit notamment des insultes et des objets. Cela vous pr\u00e9occupe et vous nous demandez comment l'aider.<br \/>\r\n<br \/>\r\nLe contr\u00f4le, les insultes ou l\u2019intimidation par la destruction d\u2019objets personnels rel\u00e8vent effectivement de la <a href=\"https:\/\/dev-vqf.creatives.com\/fr\/informations\/violence\/psychologique\" target=\"_blank\" rel=\"noopener\">violence psychologique<\/a> voire de la <a href=\"https:\/\/dev-vqf.creatives.com\/fr\/informations\/violence\/physique\" target=\"_blank\" rel=\"noopener\">violence physique<\/a> pour ce qui est des objets lanc\u00e9s. Ces agissements sont interdits par la <a href=\"https:\/\/dev-vqf.creatives.com\/fr\/informations\/loi\" target=\"_blank\" rel=\"noopener\">loi<\/a> et peuvent faire l\u2019objet d\u2019une plainte p\u00e9nale. De plus, si elles sont commises dans le cadre d\u2019une relation de couple, certaines de ces infractions sont <a href=\"https:\/\/dev-vqf.creatives.com\/fr\/informations\/loi\" target=\"_blank\" rel=\"noopener\">poursuivies d\u2019office<\/a>, du moment o\u00f9 une autorit\u00e9 en est avertie, sans que la personne victime ait besoin de porter plainte. En cas de violence conjugale, il peut toutefois \u00eatre difficile pour la personne de reconna\u00eetre qu\u2019elle est victime en raison du <a href=\"https:\/\/dev-vqf.creatives.com\/fr\/informations\/cycle-de-la-violence\" target=\"_blank\" rel=\"noopener\">cycle de la violence<\/a>.<br \/>\r\n<br \/>\r\nNous comprenons votre\u00a0inqui\u00e9tude en tant qu\u2019ami et saluons votre d\u00e9marche. L\u2019entourage repr\u00e9sente un pr\u00e9cieux soutien, tout comme les informations et l\u2019accompagnement pouvant \u00eatre fournis par le r\u00e9seau professionnel. Nous vous encourageons en ce sens \u00e0 transmettre \u00e0 votre ami les coordonn\u00e9es du <a href=\"https:\/\/www.fr.ch\/vie-quotidienne\/en-cas-de-difficultes\/centre-de-consultation-lavi-pour-enfants-hommes-et-victimes-de-la-circulation\" target=\"_blank\" rel=\"noopener\">Centre de consultation LAVI (pour enfants, hommes et victimes de la circulation) du canton de Fribourg<\/a> au <strong>026 305 15 80<\/strong> pour une consultation gratuite et confidentielle. En cas d\u2019urgence et de danger, vous ou votre ami pouvez solliciter l\u2019intervention de la police au <strong>117<\/strong> pour sa protection.\u00a0En cas de violence dans le couple, la police a la possibilit\u00e9 d\u2019expulser la personne\u00a0auteure pour une dur\u00e9e d\u00e9termin\u00e9e.<br \/>\r\n<br \/>\r\nEn esp\u00e9rant avoir r\u00e9pondu \u00e0 votre demande, nous restons \u00e0 disposition si vous souhaitez pr\u00e9ciser la situation ou si vous avez d\u2019autres questions. Nous vous transmettons \u00e0 vous et votre ami nos meilleures pens\u00e9es pour la suite.<br \/>\r\n<br \/>\r\n<\/div><\/div><\/div><\/div><\/div><\/div><div class='qa_acc_item'><span class='acc_toggler'><\/span><div class='item_header'><h3>Une proche de ma famille subit des violences de la part de son mari depuis plus de 40 ans. Que puis-je faire pour l&#8217;aider ?<h3><div class='vqf_fixed_width_text'><p>15 novembre 2021 - Nov... Bonjour, j'ai besoin d'aide pour un proche de ma famille qui subit des violences physiques morales et psychologiques de la part de son mari depuis plus de 40 ans . Comment puis je l'aider \u00e0...<\/p><\/div><\/div><div class='item_body'><div class='quesion_response_block'><div class='question'><h5>Question<\/h5><div class='vqf_fixed_width_text'><div class=\"box-question p2\"><br \/>\r\n<p class=\"color-grey small mt1 mb0\">15 novembre 2021 - Nov...<\/p><br \/>\r\nBonjour,<br \/>\r\n<br \/>\r\nj'ai besoin d'aide pour un proche de ma famille qui subit des violences physiques morales et psychologiques de la part de son mari depuis plus de 40 ans .<br \/>\r\n<br \/>\r\nComment puis je l'aider \u00e0 le quitter elle qui ne se sent pas la force .<br \/>\r\n<br \/>\r\n<\/div><br \/>\r\n<div class=\"bg-grey p2\"><br \/>\r\n<h3><\/h3><br \/>\r\n<h3><\/p><\/div><\/div><div class='response'><h5>Response<\/h5><div class='vqf_fixed_width_text'><p><\/h3><br \/>\r\n<p class=\"p1\">Bonjour Madame,<span class=\"Apple-converted-space\">\u00a0<\/span><\/p><br \/>\r\n<p class=\"p1\">Une proche de votre famille subit des violences <a href=\"https:\/\/dev-vqf.creatives.com\/fr\/informations\/violence\/physique\" target=\"_blank\" rel=\"noopener\">physiques<\/a> et <a href=\"https:\/\/dev-vqf.creatives.com\/fr\/informations\/violence\/psychologique\" target=\"_blank\" rel=\"noopener\">psychologiques<\/a> de la part de son mari depuis plus de 40 ans. En tant que <a href=\"https:\/\/dev-vqf.creatives.com\/fr\/entourage\/entourage_section\" target=\"_blank\" rel=\"noopener\">t\u00e9moin<\/a>\u00a0de cette situation, vous vous demandez comment lui venir en aide. Nous comprenons et partageons votre inqui\u00e9tude vis-\u00e0-vis de cette situation. Votre amie n\u2019est pas seule, il existe des solutions pour lui venir en aide.<span class=\"Apple-converted-space\">\u00a0<\/span><\/p><br \/>\r\n<p class=\"p1\">La violence conjugale d\u00e9bute souvent par une insulte et peut, au fil des ann\u00e9es, \u00e9voluer vers des actes juridiquement plus graves tels que des coups et des blessures corporelles. Il existe un nom pour expliquer ce processus\u00a0: <a href=\"https:\/\/dev-vqf.creatives.com\/fr\/informations\/cycle-de-la-violence\" target=\"_blank\" rel=\"noopener\">le cycle de la violence conjugale<\/a>. Nous vous invitons vous et votre amie \u00e0 lire ce qu\u2019explique notre site afin de savoir si votre amie se reconnait dans l\u2019explication ou non. Ensuite, nous vous rendons attentives au fait que la violence est punie par la <a href=\"https:\/\/dev-vqf.creatives.com\/fr\/informations\/loi\" target=\"_blank\" rel=\"noopener\">loi<\/a>. Votre amie a le droit de demander de l\u2019aide afin de prot\u00e9ger son int\u00e9grit\u00e9 physique et psychique.<\/p><br \/>\r\n<p class=\"p1\">Pour venir en aide et offrir du soutien aux victimes de violence, il existe le <a href=\"https:\/\/www.vs.ch\/web\/sas\/lavi-beneficiaires\" target=\"_blank\" rel=\"noopener\">centre LAVI du canton du Vala<\/a>is.<span class=\"Apple-converted-space\">\u00a0 <\/span>Des professionnel-le-s du centre pourront proposer \u00e0 votre amie une \u00e9coute, des informations sur ces droits ainsi qu\u2019une aide plus sp\u00e9cialis\u00e9e comme des consultations chez un-e psychoth\u00e9rapeute ou un-e avocat-e. Le centre LAVI offre \u00e9galement un h\u00e9bergement d\u2019urgence dans le but de prot\u00e9ger les victimes de leur agresseur. Les consultations dans le centre LAVI sont confidentielles et gratuites. Rencontrer les professionnel-le-s de ce centre ne l'engage \u00e0 rien et cela lui permettrait de faire le point sur sa situation afin de prendre la d\u00e9cision qui sera la meilleure pour elle-m\u00eame.<\/p><br \/>\r\n<p class=\"p1\">Pour le canton du Valais, nous vous conseillons d'inviter votre amie \u00e0 prendre contact avec le Centre LAVI<span class=\"Apple-converted-space\">\u00a0 <\/span>au <strong>027\u00a0607 31 00.<\/strong> Les professionnel-le-s du centre LAVI sont l\u00e0 pour soutenir votre amie, en aucun cas, elle ne sera jug\u00e9e ou encore mise en doute. Et en cas d\u2019urgence, nous vous conseillons de sugg\u00e9rer \u00e0 votre amie de faire appel imm\u00e9diatement \u00e0 la police au <strong>117<\/strong>. En cas de crise, la police peut, dans le cadre de son intervention, expulser imm\u00e9diatement le\/la partenaire violent-e du logement commun.<\/p><br \/>\r\n<p class=\"p1\">Nous esp\u00e9rons avoir pu vous amener quelques \u00e9l\u00e9ments de r\u00e9ponses \u00e0 vous et votre amie. N\u2019h\u00e9sitez pas \u00e0 nous \u00e9crire \u00e0 nouveau si vous avez d\u2019autres questions, ainsi que si vous souhaitez nous tenir au courant de la situation. Nos meilleures pens\u00e9es vous accompagnent vous et votre amie.<span class=\"Apple-converted-space\">\u00a0<\/span><\/p><br \/>\r\n<br \/>\r\n<\/div><\/div><\/div><\/div><\/div><\/div><div class='qa_acc_item'><span class='acc_toggler'><\/span><div class='item_header'><h3>Comment aider une amie victime de violence ?<h3><div class='vqf_fixed_width_text'><p>15 novembre 2021 - Bab... Bonjour, J\u2019ai une amie de longue date qui est victime de violences. Physique assur\u00e9ment \u00e0 une reprise: elle a eu une commotion. Et psychologique au quotidien. Elle en parle, mais n\u2019a pas la force de...<\/p><\/div><\/div><div class='item_body'><div class='quesion_response_block'><div class='question'><h5>Question<\/h5><div class='vqf_fixed_width_text'><div class=\"box-question p2\"><br \/>\r\n<p class=\"color-grey small mt1 mb0\">15 novembre 2021 - Bab...<\/p><br \/>\r\nBonjour,<br \/>\r\n<br \/>\r\nJ\u2019ai une amie de longue date qui est victime de violences. Physique assur\u00e9ment \u00e0 une reprise: elle a eu une commotion. Et psychologique au quotidien. Elle en parle, mais n\u2019a pas la force de partir. Elle est d\u00e9truite. Nous (sa famille et ses amis) sommes d\u00e9munis. Surtout qu\u2019il l\u2019a forc\u00e9e \u00e0 couper les ponts avec nous tous. Comment l\u2019aider?<br \/>\r\n<br \/>\r\n<\/div><br \/>\r\n<div class=\"bg-grey p2\"><br \/>\r\n<h3><\/h3><br \/>\r\n<h3><\/p><\/div><\/div><div class='response'><h5>Response<\/h5><div class='vqf_fixed_width_text'><p><\/h3><br \/>\r\nBonjour Madame,<br \/>\r\n<br \/>\r\nVotre amie est victime de violence conjugale. Elle n'a pas la force de quitter son conjoint. Vous vous sentez d\u00e9munie et vous souhaitez savoir comment l'aider.<br \/>\r\n<br \/>\r\nLes violences physiques sont interdites par <a href=\"https:\/\/dev-vqf.creatives.com\/fr\/informations\/loi\" target=\"_blank\" rel=\"noopener\">la loi.<\/a>\u00a0La plupart de ces actes sont\u00a0<a href=\"https:\/\/dev-vqf.creatives.com\/fr\/informations\/loi\" target=\"_blank\" rel=\"noopener\">poursuivis d'office<\/a> sans que la victime ait besoin de porter plainte. <a href=\"https:\/\/dev-vqf.creatives.com\/fr\/informations\/violence\/psychologique\" target=\"_blank\" rel=\"noopener\">La violence psychologique<\/a> m\u00eame si elle ne laisse pas de trace peut atteindre profond\u00e9ment l'estime de soi et la sant\u00e9 de la personne. Le fait d'isoler une personne de sa famille et de ses amis est consid\u00e9r\u00e9 comme de la violence psychologique.<br \/>\r\n<br \/>\r\nNous saluons votre engagement aupr\u00e8s de votre amie et nous\u00a0vous encourageons \u00e0 poursuivre <a href=\"https:\/\/dev-vqf.creatives.com\/fr\/entourage\/entourage_victime\/ecouter-et-soutenir\" target=\"_blank\" rel=\"noopener\">votre soutien<\/a> qui peut \u00eatre d\u00e9t\u00e9rminant. Il est important de <strong>garder le contact<\/strong> et de<strong> lui signifier que vous \u00eates l\u00e0 pour elle<\/strong>.\u00a0La victime de violence fait de son mieux pour survivre, il s'agit d'essayer de la comprendre sans la juger ou la bl\u00e2mer. Vous pouvez lui dire qu'elle n'est pas seule et qu'il existe des solutions. Le <a href=\"https:\/\/malleyprairie.ch\/\" target=\"_blank\" rel=\"noopener\">Centre MalleyPrairie<\/a>\u00a0soutient les personnes victimes de violences conjugales de mani\u00e8re confidentelle et gratuite. Si elle le souhaite,\u00a0\u00a0elle peut les appeler au <strong>021\/620.76.76. <\/strong>Des sp\u00e9cialistes l'aideront \u00e0 faire le point sur sa situation et la conseilleront sur ses droits afin qu'elle puisse prendre les d\u00e9cisions qui lui semble les meilleures pour elle-m\u00eame. Ce centre\u00a0offre aussi un <a href=\"https:\/\/malleyprairie.ch\/hebergement\/\" target=\"_blank\" rel=\"noopener\">h\u00e9bergement s\u00e9curis\u00e9<\/a> au cas o\u00f9 votre amie a besoin de quitter le domicile conjugale pour se prot\u00e9ger.<br \/>\r\n<br \/>\r\nLa violence se d\u00e9roule sous la forme d'un <a href=\"https:\/\/dev-vqf.creatives.com\/fr\/informations\/cycle-de-la-violence\" target=\"_blank\" rel=\"noopener\">cycle<\/a> avec des\u00a0phases de plus en plus rapproch\u00e9es et des agressions de plus en plus fortes.\u00a0Nous conseillons vivement \u00e0 votre amie et vous-m\u00eame de ne pas h\u00e9siter \u00e0 appeler la police au <strong>117<\/strong>\u00a0en cas de danger. La police a la possibilit\u00e9 d'expulser du domicile\u00a0la personne auteure\u00a0de violence pour une dur\u00e9e d\u00e9termin\u00e9e.<br \/>\r\n<br \/>\r\nVous pouvez aussi parler de www.violencequefaire.ch \u00e0 votre amie et l'inviter \u00e0 consulter le site afin de mieux comprendre ce qui lui arrive. Parfois, ce premier pas est plus facile \u00e0 franchir.<br \/>\r\n<br \/>\r\nNous esp\u00e8rons que les pistes propos\u00e9es puissent venir en aide \u00e0 vous et votre amie. Nous restons \u00e0 votre disposition si vous avez d'autres questions et recevons volontiers des nouvelles de la situation.<br \/>\r\n<br \/>\r\nNous vous envoyons nos meilleures pens\u00e9es.<br \/>\r\n<br \/>\r\n<\/div><\/div><\/div><\/div><\/div><\/div><div class='qa_acc_item'><span class='acc_toggler'><\/span><div class='item_header'><h3>Suis-je victime de violence ou ai-je surr\u00e9agi?<h3><div class='vqf_fixed_width_text'><p>10 novembre 2021 - Cpg... Mon mari a des acc\u00e8s de col\u00e8re et ajd il m\u2019a fait peur en me hurlant dessus et en levant le poing vers moi. Il ne m\u2019a pas frapp\u00e9 mais j\u2019ai eu tellement peur que...<\/p><\/div><\/div><div class='item_body'><div class='quesion_response_block'><div class='question'><h5>Question<\/h5><div class='vqf_fixed_width_text'><div class=\"box-question p2\"><br \/>\r\n<p class=\"color-grey small mt1 mb0\">10 novembre 2021 - Cpg...<\/p><br \/>\r\nMon mari a des acc\u00e8s de col\u00e8re et ajd il m\u2019a fait peur en me hurlant dessus et en levant le poing vers moi. Il ne m\u2019a pas frapp\u00e9 mais j\u2019ai eu tellement peur que j\u2019ai cri\u00e9 stop et cri\u00e9 qu\u2019en levant le poing sur moi, il avait commis quelque chose d\u2019inacceptable et de violent. Je lui ai dit que je le quittais et suis d\u00e9sormais perdue. Ai-je sur-r\u00e9agi! Est ce vraiment inacceptable?Que faire<br \/>\r\n<br \/>\r\n<\/div><br \/>\r\n<div class=\"bg-grey p2\"><br \/>\r\n<h3><\/h3><br \/>\r\n<h3><\/p><\/div><\/div><div class='response'><h5>Response<\/h5><div class='vqf_fixed_width_text'><p><\/h3><br \/>\r\nBonjour Madame,<br \/>\r\n<br \/>\r\nVotre mari a des exc\u00e8s de col\u00e8re et derni\u00e8rement il a eu des comportements d'intimidation qui vous ont\u00a0fait tr\u00e8s peur. Vous lui avez dit que vous le quittiez, cependant, vous vous demandez si c'\u00e9tait vraiment innacceptable ou si vous avez surr\u00e9agi.<br \/>\r\n<br \/>\r\nNous comprenons que vous soyez choqu\u00e9e et perdue face \u00e0 cet \u00e9pisode de violence psychologique. Vous avez bien fait de demander conseil. En parler est la premi\u00e8re \u00e9tape pour identifier la violence afin de s'en prot\u00e9ger.<br \/>\r\n<br \/>\r\nOui, la violence n'est pas acceptable. D'une part, elle est interdite par la loi et d'autre part, elle d\u00e9truit la relation \u00e0 cause de <a href=\"https:\/\/dev-vqf.creatives.com\/fr\/informations\/consequences\" target=\"_blank\" rel=\"noopener\">ses cons\u00e9quences n\u00e9fastes<\/a>. La r\u00e9action de peur est l\u00e9gitime, c'est une d\u00e9fense naturelle. Le fait de lui dire que lever le poing est de la violence est juste. Lui affirmer que c'est innacceptable pour vous est une mani\u00e8re de mettre une limite \u00e0 des comportements n\u00e9fastes pour vous.<br \/>\r\n<br \/>\r\nEn avez-vous discuter par la suite? A-t-il conscience de ce qui s'est pass\u00e9? Est-ce la premi\u00e8re fois que \u00e7a arrive ou ses exc\u00e8s de col\u00e8re sont toujours accompagn\u00e9s de comportements de violence? Vous pouvez vous aider de <a href=\"https:\/\/dev-vqf.creatives.com\/fr\/informations\/violence\/psychologique\" target=\"_blank\" rel=\"noopener\">cette liste<\/a> pour identifier les actes de violence. Nous vous pr\u00e9venons que les difficult\u00e9s \u00e0 g\u00e9rer la col\u00e8re et la violence r\u00e9p\u00e9t\u00e9e peuvent continuer dans le temps et devenir de plus en plus probl\u00e9matique (et dangereux) si l'auteur n'en prends pas conscience et ne d\u00e9cide pas d'y rem\u00e9dier. Pensez-vous qu'il serait pr\u00eat \u00e0 faire un travail th\u00e9rapeutique pour apprendre \u00e0 g\u00e9rer sa col\u00e8re et ne pas utiliser la violence?<br \/>\r\n<br \/>\r\nNous imaginons que la confiance en votre mari est perturb\u00e9e. Envisageriez-vous de prendre un temps\u00a0pour faire le point sur votre relation? Cela vous permettrait de r\u00e9flechir \u00e0 votre d\u00e9cision de le quitter mais aussi mettre en place des moyens pour vous prot\u00e9ger. Nous vous sugg\u00e9rons de\u00a0discuter de la situation avec des sp\u00e9cialistes de vive-voix. <a href=\"http:\/\/www.avvec.ch\/\" target=\"_blank\" rel=\"noopener\">L'association AVVEC<\/a> propose des entretiens t\u00e9l\u00e9phoniques ou des consultations pour venir en aide aux personnes victimes de violence au sein du couple. N'h\u00e9sitez pas \u00e0 les contacter au\u00a0<strong>022 797 10 10<\/strong>.<br \/>\r\n<br \/>\r\nNous sommes \u00e0 disposition si vous avez d'autres questions ou que vous souhaitez nous en dire plus. Nos meilleures pens\u00e9es vous accompagnent, prenez soin de vous.<br \/>\r\n<br \/>\r\n<\/div><\/div><\/div><\/div><\/div><\/div><div class='qa_acc_item'><span class='acc_toggler'><\/span><div class='item_header'><h3>Comment stopper mes comportements de violence?<h3><div class='vqf_fixed_width_text'><p>10 novembre 2021 - Pau... Bonjour, Je suis une personne violente envers mes partenaires quand suis en couple. De plus, ma fille de 16 mois assiste r\u00e9guli\u00e8rement \u00e0 ses actes de violence et je culpabilise \u00e9norm\u00e9ment. Comment puis-je soigner cette...<\/p><\/div><\/div><div class='item_body'><div class='quesion_response_block'><div class='question'><h5>Question<\/h5><div class='vqf_fixed_width_text'><div class=\"box-question p2\"><br \/>\r\n<p class=\"color-grey small mt1 mb0\">10 novembre 2021 - Pau...<\/p><br \/>\r\nBonjour,<br \/>\r\n<br \/>\r\nJe suis une personne violente envers mes partenaires quand suis en couple. De plus, ma fille de 16 mois assiste r\u00e9guli\u00e8rement \u00e0 ses actes de violence et je culpabilise \u00e9norm\u00e9ment. Comment puis-je soigner cette violence et stopper ces comportements incontr\u00f4lables ?<br \/>\r\n<br \/>\r\n<\/div><br \/>\r\n<div class=\"bg-grey p2\"><br \/>\r\n<h3><\/h3><br \/>\r\n<h3><\/p><\/div><\/div><div class='response'><h5>Response<\/h5><div class='vqf_fixed_width_text'><p><\/h3><br \/>\r\nBonjour Madame,<br \/>\r\n<br \/>\r\nAvant toute chose, nous tenons \u00e0 souligner la d\u00e9marche que vous avez entreprise en \u00e9crivant sur notre site. Identifier qu\u2019il y a de la violence lorsque vous \u00eates en couple peut \u00eatre difficile \u00e0 reconna\u00eetre et c\u2019est un pas important vers votre souhait d\u2019arr\u00eat de ces comportements. Il est n\u00e9cessaire de pouvoir \u00eatre soutenue dans cette r\u00e9flexion.<br \/>\r\n<br \/>\r\nDe la culpabilit\u00e9 vous accompagne aujourd\u2019hui en pensant \u00e0 l\u2019<a href=\"https:\/\/dev-vqf.creatives.com\/fr\/informations\/enfants-violence\" target=\"_blank\" rel=\"noopener\">impact<\/a> que ces actes de violence en pr\u00e9sence de votre fille de 16 mois peuvent avoir sur elle. Vous avez, en effet, de bonnes raisons de vous inqui\u00e9ter de leurs effets sur son d\u00e9veloppement.<br \/>\r\n<br \/>\r\nProche de chez vous, les professionnel-le-s de l'<a href=\"http:\/\/www.ex-pression.ch\/fr\" target=\"_blank\" rel=\"noopener\">Association EX-pression<\/a>, sp\u00e9cialistes des th\u00e9matiques de violence au sein du couple, pourront vous proposer un premier entretien lors duquel vous pourrez expliquer plus en d\u00e9tail votre situation et les d\u00e9fis auxquels vous \u00eates confront\u00e9es. Vous pouvez les joindre au <strong>0848 08 08 08<\/strong> ou par SMS au <strong>079\u00a0703 36 57<\/strong>.<br \/>\r\n<br \/>\r\nEn esp\u00e9rant que ces quelques lignes vous seront utiles pour la suite, nous restons volontiers \u00e0 disposition.<br \/>\r\n<br \/>\r\nBien cordialement.<br \/>\r\n<br \/>\r\n<\/div><\/div><\/div><\/div><\/div><\/div><div class='qa_acc_item'><span class='acc_toggler'><\/span><div class='item_header'><h3>Quand les disputes d\u00e9g\u00e9n\u00e8rent, je me gifle et me fais du mal. J&#8217;ai aussi d\u00e9j\u00e0 agress\u00e9 ma femme, qu&#8217;est-ce que vous me recommanderiez pour que cela ne se reproduise plus?<h3><div class='vqf_fixed_width_text'><p>08 novembre 2021 - Kon... Bonjour, Ma femme et moi sommes ensemble depuis 6 ans et parfois quand nos disputes d\u00e9g\u00e9n\u00e8rent, je ne sais pas comment exprimer mon d\u00e9sespoir et mon impuissance et je m'inflige des douleurs en me tapant...<\/p><\/div><\/div><div class='item_body'><div class='quesion_response_block'><div class='question'><h5>Question<\/h5><div class='vqf_fixed_width_text'><div class=\"box-question p2\"><br \/>\r\n<p class=\"color-grey small mt1 mb0\">08 novembre 2021 - Kon...<\/p><br \/>\r\nBonjour,<br \/>\r\n<br \/>\r\nMa femme et moi sommes ensemble depuis 6 ans et parfois quand nos disputes d\u00e9g\u00e9n\u00e8rent, je ne sais pas comment exprimer mon d\u00e9sespoir et mon impuissance et je m'inflige des douleurs en me tapant contre le mur, en me giflant, en me mordant ou autre. Ma femme ne r\u00e9agit jamais parce qu'elle ne veut pas m'encourager \u00e0 ce genre d'actes mais r\u00e9sultat je me sens encore plus d\u00e9munie. Je pense que j'essaie de lui faire voir physiquement la douleur qu'elle me cause pendant ces disputes.<br \/>\r\n<br \/>\r\nMa femme est l\u00e9g\u00e8rement autiste et quand nous nous disputons elle devient extr\u00eamement froide, distante et agit comme si notre histoire ne comptait pas pour elle. Alors que nous sommes en g\u00e9n\u00e9ral un couple tr\u00e8s uni, tr\u00e8s fusionnel et tr\u00e8s aimant. Nous ne nous disputons pas souvent, mais hier, nous manquions les deux de sommeil et je m'appr\u00eatais \u00e0 partir \u00e0 l'\u00e9tranger sans elle pendant une semaine donc nous \u00e9tions tendues. Au moment du coucher, une br\u00e8ve interaction a mal tourn\u00e9 et nous nous sommes disput\u00e9es pour rien du tout. Mais je voulais absolument dormir ET \u00eatre en bon terme avec elle au moment de m'endormir et la situation s'est donc rapidement envenim\u00e9e et finalement je me suis donn\u00e9e deux claques et me suis fortement mordue au bras. Maintenant j'ai un l\u00e9ger bleu au bras. Au printemps dernier, une dispute avait tr\u00e8s mal tourn\u00e9 et je l'avais empoign\u00e9e et plaqu\u00e9e contre le mur de mani\u00e8re tr\u00e8s brutale. Cet incident nous a beaucoup marqu\u00e9 parce que je n'avais jamais us\u00e9 de violence contre elle auparavant. Je voyais une psychologue \u00e0 cet \u00e9poque et j'ai pu en parler avec elle mais elle ne m'a pas donn\u00e9 d'outils pratiques dont j'ai besoin pour briser le cercle de la violence. Sortir de la maison ou se soustraire au probl\u00e8me n'est pas toujours une option.<br \/>\r\n<br \/>\r\nHier j'avais \u00e9galement envie de la gifler mais je ne veux plus jamais lui faire de mal raison pour laquelle je me suis gifl\u00e9e moi-m\u00eame. Mais je crois que ce n'est pas une solution durable et j'ai tr\u00e8s peur d'avoir des enfants et de subir le m\u00eame genre de besoin soudain de faire mal \u00e0 quelque chose.<br \/>\r\n<br \/>\r\nAujourd'hui je ne vois plus ma psychologue pour des raisons financi\u00e8res et parce que mes demandes de conseils pratiques n'ont pas \u00e9t\u00e9 \u00e9cout\u00e9es.<br \/>\r\n<br \/>\r\nQu'est-ce que vous recommanderiez? Je comprends qu'il n'y a pas de solution facile mais j'aimerais mettre en place des strat\u00e9gies d'\u00e9vitement de la violence le plus rapidement possible.<br \/>\r\n<br \/>\r\n<\/div><br \/>\r\n<div class=\"bg-grey p2\"><br \/>\r\n<h3><\/h3><br \/>\r\n<h3><\/p><\/div><\/div><div class='response'><h5>Response<\/h5><div class='vqf_fixed_width_text'><p><\/h3><br \/>\r\nBonjour Madame,<br \/>\r\n<br \/>\r\nNous vous remercions de votre message que nous avons lu avec attention. Le fait que vous ayez pu nous \u00e9crire constitue d\u00e9j\u00e0 un pas tr\u00e8s important et nous relevons le courage que vous d\u00e9montrez en nous contactant.<br \/>\r\n<br \/>\r\nVous nous \u00e9crivez que vous vous sentez d\u00e9munie, vous ne savez pas comment exprimer votre d\u00e9sespoir, votre impuissance et vous vous infligez des douleurs en vous tapant contre le mur, vous giflant et vous mordant pour essayer de montrer \u00e0 votre femme la douleur que vous causent ces disputes. Vous relatez \u00e9viter \u00e0 tout prix de faire du mal \u00e0 votre femme. Vous vous en voulez d\u2019avoir eu recours \u00e0 la <a href=\"https:\/\/dev-vqf.creatives.com\/fr\/informations\/violence\/physique\" target=\"_blank\" rel=\"noopener\">violence physique<\/a> lorsque vos \u00e9motions vous ont d\u00e9pass\u00e9es et que vous l\u2019avez empoign\u00e9e et plaqu\u00e9e contre le mur.<br \/>\r\n<br \/>\r\nRecourir \u00e0 la violence sous quelque forme que ce soit, contre sa femme, ou soi-m\u00eame est source de<a href=\"https:\/\/dev-vqf.creatives.com\/fr\/informations\/consequences\" target=\"_blank\" rel=\"noopener\">grande souffrance chez toutes les personnes impliqu\u00e9es<\/a> d\u2019o\u00f9 l\u2019importance d\u2019agir pour mettre fin \u00e0 ce cercle de violence et de souffrance. Vous avez connaissance de certains outils pour faire face \u00e0 la violence comme sortir de la maison ou se soustraire au probl\u00e8me. Vous expliquez qu\u2019il ne vous est pas toujours possible de les utiliser.<br \/>\r\n<br \/>\r\nLa violence n'est pas une fatalit\u00e9, des solutions existent. Il est possible d\u2019apprendre \u00e0 g\u00e9rer la col\u00e8re et \u00e0 la mettre en mots avant l\u2019escalade.\u00a0Nous vous encourageons vivement \u00e0 prendre contact avec un service sp\u00e9cialis\u00e9. Pour le canton de Vaud, le Centre Pr\u00e9vention de l\u2019Ale (<a href=\"https:\/\/prevention-ale.ch\/\" target=\"_blank\" rel=\"noopener\">CPAle<\/a>) au<strong> 021\/321.24.00<\/strong> ou par email \u00e0 info@prevention-ale.ch est l\u2019organisme sp\u00e9cialis\u00e9 pour soutenir les personnes dans votre situation. Des professionnel-le-s pourront vous proposer une premi\u00e8re rencontre non payante qui vous permettra de pr\u00e9senter votre situation en d\u00e9tail. Par la suite, ils ou elles vous accompagneront dans le d\u00e9veloppement de nouvelles strat\u00e9gies permettant la gestion de ces situations dans le respect de votre femme et de vous-m\u00eame.<br \/>\r\n<br \/>\r\nAfin de vous aider \u00e0 comprendre votre situation, nous vous invitons de r\u00e9fl\u00e9chir \u00e0 ces questions. Lorsque vous vous infligez ces douleurs, quelles \u00e9motions sont li\u00e9es \u00e0 ces gestes\u00a0? Pensez-vous qu\u2019il pourrait s\u2019agir d\u2019un sentiment de <a href=\"https:\/\/dev-vqf.creatives.com\/fr\/auteurs\/auteurs_que-faire\/eviter-les-crises\" target=\"_blank\" rel=\"noopener\">col\u00e8re<\/a> envers votre femme que vous retournez contre vous\u00a0pour ne pas lui faire de mal\u00a0?<br \/>\r\n<br \/>\r\nNous esp\u00e9rons que ces quelques lignes vous seront utiles. Dans l\u2019espoir que votre situation pourra se r\u00e9soudre, nous vous souhaitons de trouver les moyens de renforcer un mode de communication plus sain avec votre femme.<br \/>\r\n<br \/>\r\n<\/div><\/div><\/div><\/div><\/div><\/div><div class='qa_acc_item'><span class='acc_toggler'><\/span><div class='item_header'><h3>Ma ni\u00e8ce est victime de violences conjugales, comment est-ce que l&#8217;entourage peut aider?<h3><div class='vqf_fixed_width_text'><p>07 novembre 2021 - bra... comment cr\u00e9er un r\u00e9seau des proches, parents et oncles-tantes? quels messages vers la victime? quelles mesures envers l'auteur pour expulsion du domicile squatt\u00e9?<\/p><\/div><\/div><div class='item_body'><div class='quesion_response_block'><div class='question'><h5>Question<\/h5><div class='vqf_fixed_width_text'><div class=\"box-question p2\"><br \/>\r\n<p class=\"color-grey small mt1 mb0\">07 novembre 2021 - bra...<\/p><br \/>\r\n<br \/>\r\n<ul><br \/>\r\n \t<li>comment cr\u00e9er un r\u00e9seau des proches, parents et oncles-tantes?<\/li><br \/>\r\n \t<li>quels messages vers la victime?<\/li><br \/>\r\n \t<li>quelles mesures envers l'auteur pour expulsion du domicile squatt\u00e9?<\/li><br \/>\r\n<\/ul><br \/>\r\n<\/div><br \/>\r\n<div class=\"bg-grey p2\"><br \/>\r\n<h3><\/h3><br \/>\r\n<h3><\/p><\/div><\/div><div class='response'><h5>Response<\/h5><div class='vqf_fixed_width_text'><p><\/h3><br \/>\r\nBonjour Monsieur,<br \/>\r\n<br \/>\r\nPlusieurs questions \u00e9manent de votre requ\u00eate et concernent votre ni\u00e8ce. Vous nous demandez comment cr\u00e9er un r\u00e9seau de proches, quels messages d\u00e9livrer \u00e0 la victime et quelles mesures prendre pour expulser du domicile l\u2019auteur-e des violences.<br \/>\r\n<br \/>\r\nDans une situation de <a href=\"https:\/\/dev-vqf.creatives.com\/fr\/informations\/violence\" target=\"_blank\" rel=\"noopener\">violences conjugales,<\/a> il est en effet essentiel de prendre soin de la victime pour qu\u2019elle puisse \u00eatre inform\u00e9e de ses droits en lui proposant un r\u00e9seau de professionnel-le-s \u00e0 m\u00eame de l\u2019entendre, de l\u2019orienter et de la soutenir. En premier lieu, vous pouvez l\u2019accompagner \u00e0 prendre un rendez-vous aupr\u00e8s du <a href=\"https:\/\/www.vs.ch\/web\/sas\/lavi-beneficiaires\" target=\"_blank\" rel=\"noopener\">Centre LAVI - Centre de consultation Valais Romand<\/a> \u2013 en appelant au <strong>027 607 31<\/strong> <strong>00<\/strong>.\u00a0 Dans le cas o\u00f9 votre ni\u00e8ce subirait des violences psychologiques uniquement, dans le canton du Valais, la <strong><a href=\"http:\/\/www.lessentielles.ch\/\" target=\"_blank\" rel=\"noopener\">Fondation EssentiElles<\/a> <\/strong>est la ressource ad\u00e9quate et est joignable au <strong>079 320 98 70<\/strong>.<br \/>\r\n<br \/>\r\nLes <a href=\"https:\/\/dev-vqf.creatives.com\/fr\/entourage\/entourage_section\" target=\"_blank\" rel=\"noopener\">proches <\/a>peuvent constituer un appui important pour la victime et vous semblez ne pas n\u00e9gliger cet aspect. N'ayant pas de d\u00e9tails concernant la situation sp\u00e9cifique de votre ni\u00e8ce, nous allons vous r\u00e9pondre ici de mani\u00e8re g\u00e9n\u00e9rale. Il est important que l'entourage d'une personne victime de violence conjugale ait un message clair en indiquant que la violence n'est pas tol\u00e9rable, qu'elle a des <a href=\"https:\/\/dev-vqf.creatives.com\/fr\/informations\/consequences\/pour-les-victimes\" target=\"_blank\" rel=\"noopener\">cons\u00e9quences n\u00e9fastes<\/a> sur la personne qui la subit et qu'elle est interdite par <a href=\"https:\/\/dev-vqf.creatives.com\/fr\/informations\/loi\" target=\"_blank\" rel=\"noopener\">la loi<\/a>. Quelle que soit la justification de l'auteur-e, la personne victime n'est jamais responsable de la violence subit. Aussi, il est important pour la victime de sentir de la part des personnes de l'entourage, qu'elle n'est pas jug\u00e9e quoi qu'elle d\u00e9cide par rapport \u00e0 la suite de sa relation et qu'elle peut compter sur le soutien de ces personnes. Il faut parfois du temps pour que la personne entame des d\u00e9marches pour que la situation change. \u00catre un soutien non jugeant peut s'av\u00e9rer \u00eatre d'une grande utilit\u00e9 le jour o\u00f9 elle d\u00e9cidera d'entamer ces d\u00e9marches.<br \/>\r\n<br \/>\r\nConcernant une mesure d\u2019expulsion de l\u2019auteur, le Centre LAVI pourra vous renseigner pr\u00e9cis\u00e9ment sur les modalit\u00e9s de cette proc\u00e9dure. En cas d\u2019urgence et pour se prot\u00e9ger de violences, les proches comme la victime peuvent faire appel \u00e0 la police en composant le <strong>117<\/strong>. Une fois sur place, la police peut \u00e9galement expulser du domicile l'auteur-e des violences pour une dur\u00e9e d\u00e9termin\u00e9e.<br \/>\r\n<br \/>\r\nNous esp\u00e9rons que ces quelques \u00e9l\u00e9ments de r\u00e9ponses vous am\u00e8neront \u00e0 une prise charge soutenante pour la victime comme pour toutes les personnes concern\u00e9es par la situation qui vous pr\u00e9occupe et nous vous souhaitons plein succ\u00e8s dans vos d\u00e9marches. Nous restons \u00e0 disposition si vous avez d'autres questions et recevons volontiers des nouvelles de la situation.<br \/>\r\n<br \/>\r\n<\/div><\/div><\/div><\/div><\/div><\/div><div class='qa_acc_item'><span class='acc_toggler'><\/span><div class='item_header'><h3>Me siento amenazado, que puedo hacer?<h3><div class='vqf_fixed_width_text'><p>01 novembre 2021 - Bor... Mi ex y toda su familia me amenazan, que puedo hacer?<\/p><\/div><\/div><div class='item_body'><div class='quesion_response_block'><div class='question'><h5>Question<\/h5><div class='vqf_fixed_width_text'><div class=\"box-question p2\"><br \/>\r\n<p class=\"color-grey small mt1 mb0\">01 novembre 2021 - Bor...<\/p><br \/>\r\nMi ex y toda su familia me amenazan, que puedo hacer?<br \/>\r\n<br \/>\r\n<\/div><br \/>\r\n<div class=\"bg-grey p2\"><br \/>\r\n<h3><\/p><\/div><\/div><div class='response'><h5>Response<\/h5><div class='vqf_fixed_width_text'><p><\/h3><br \/>\r\nBuenos d\u00edas se\u00f1or,<br \/>\r\n<br \/>\r\nRespondiendo a sus preguntas, usted nos comenta que su ex- pareja y su familia lo est\u00e1n amenazando y que \u00e9l\/ ella lo agredi\u00f3 hoy. Seg\u00fan lo que entendemos, usted nos est\u00e1 preguntado que hacer.<br \/>\r\n<br \/>\r\nLo primero, que me gustar\u00eda comentarle es que usted ha hecho bien en comunicar est\u00e1 situaci\u00f3n y no quedarse solo. Es importante se\u00f1alar, que la violencia est\u00e1 prohibida por la ley y usted tiene derecho a denunciar cualquier tipo de violencia a la justicia. En ese sentido, encontramos que las amenazas de muertes o agresiones y tambi\u00e9n, la violencia f\u00edsica son actos que pueden ser vistos de oficio por los tribunales. En otras palabras, esto quiere decir que no hace falta presentar una denuncia para que se abra un proceso penal. Solo se requiere que las autoridades (polic\u00eda o el Ministerio p\u00fablico) tengan conocimiento sobre estos delitos.<br \/>\r\n<br \/>\r\nEn ese sentido, le recomendamos las siguientes acciones:<br \/>\r\n<br \/>\r\nPrimero le sugerimos que vaya a la <a href=\"https:\/\/dev-vqf.creatives.com\/sitemanager\/l%E2%80%99Unit%C3%A9%20de%20m%C3%A9decine%20des%20violences\" target=\"_blank\" rel=\"noopener\">Unidad de Medicina de la Violencia del CHUV<\/a> para verificar su estado de salud y tener pruebas de lo que ha experimentado. M\u00e1s informaci\u00f3n disponible en espa\u00f1ol <a href=\"https:\/\/dev-vqf.creatives.com\/sitemanager\/ici\" target=\"_blank\" rel=\"noopener\">aqu\u00ed<\/a>.<br \/>\r\n<br \/>\r\nEs importante precisar que los insultos aislados y la violencia f\u00edsica que no dejan rastros visibles, como bofetadas, tirones de pelo, uso indebido de un medio de comunicaci\u00f3n para molestar, difamaci\u00f3n, calumnias y da\u00f1os a la propiedad, como llantas pinchadas, vidrios rotos, puertas hundidas, son violencias perseguibles previa denuncia.<br \/>\r\n<br \/>\r\nAsimismo, le se\u00f1alamos que presentar una denuncia penal, o incluso renovar una queja tan a menudo como sea necesario, puede conducir a una condena penal. Ir a los tribunales es una manera de poner fin a esos tipos de comportamientos.<br \/>\r\n<br \/>\r\nAdem\u00e1s, en caso de acoso, amenazas o violencia, es posible solicitar al sistema de justicia civil medidas de protecci\u00f3n y expulsi\u00f3n. Esto facilita que la polic\u00eda intervenga en caso de transgresi\u00f3n por parte de la persona autora. Sin embargo, la obtenci\u00f3n de estas medidas requiere pruebas de violencia, amenazas o acoso. Le sugerimos que consulte al <a href=\"https:\/\/dev-vqf.creatives.com\/sitemanager\/centre%20LAVI\" target=\"_blank\" rel=\"noopener\">centro LAVI<\/a> (Lausana: 021 631 03 00, Aigle: 021 631 03 04, Yverdon: 021 631 03 08) o a un abogado. Puede pedir ayuda a profesionales hispanohablantes o pedir ayuda a un traductor para entrevistas.<br \/>\r\n<br \/>\r\nHasta que se completen estos pasos, le recomendamos que no se quede solo. Es importante, s\u00ed hace actividades que elija lugares p\u00fablicos y que deje constancia a su c\u00edrculo cercano donde se encuentra. De preferencia pedirles que lo acompa\u00f1en. En caso de emergencia, no dude en llamar a la polic\u00eda al <strong>117<\/strong>.<br \/>\r\n<br \/>\r\nEsperamos que este correo le haya sido \u00fatil. Le mandamos los mejores deseos y sobre todo, calma y seguridad en su proceso. No dude en escribirnos s\u00ed tiene m\u00e1s preguntas y estamos a la orden de poder ayudarlo. Con los mejores deseos.<br \/>\r\n<br \/>\r\n<\/div><\/div><\/div><\/div><\/div><\/div><div class='qa_acc_item'><span class='acc_toggler'><\/span><div class='item_header'><h3>Ma fille est victime mais n&#8217;ose pas porter plainte, que faire pour l&#8217;aider?<h3><div class='vqf_fixed_width_text'><p>01 novembre 2021 - Cha... Ma fille est mal trait\u00e9 par son ami physiquement et mentalement je suis all\u00e9 \u00e0 la police pour signaler la mal traitance de ma fille mai vue quelle est majeur je ne peut rien faire...<\/p><\/div><\/div><div class='item_body'><div class='quesion_response_block'><div class='question'><h5>Question<\/h5><div class='vqf_fixed_width_text'><div class=\"box-question p2\"><br \/>\r\n<p class=\"color-grey small mt1 mb0\">01 novembre 2021 - Cha...<\/p><br \/>\r\nMa fille est mal trait\u00e9 par son ami physiquement et mentalement je suis all\u00e9 \u00e0 la police pour signaler la mal traitance de ma fille mai vue quelle est majeur je ne peut rien faire je suis d\u00e9chir\u00e9 de l'int\u00e9rieur j'ai tellement peur pour elle. Elle n'est pas mari\u00e9 et n'a pas d'enfants mai elle \u00e0 tellement peur de lui quelle n'ose pas porter plainte quesque je peut faire pour l'aider \u00e0 sortir de se cauchemar.<br \/>\r\n<br \/>\r\n<\/div><br \/>\r\n<div class=\"bg-grey p2\"><br \/>\r\n<h3><\/h3><br \/>\r\n<h3><\/p><\/div><\/div><div class='response'><h5>Response<\/h5><div class='vqf_fixed_width_text'><p><\/h3><br \/>\r\nBonjour Madame,<br \/>\r\n<br \/>\r\nVotre fille vit des violences <a href=\"https:\/\/dev-vqf.creatives.com\/fr\/informations\/violence\/psychologique\" target=\"_blank\" rel=\"noopener\">psychologiques<\/a> et <a href=\"https:\/\/dev-vqf.creatives.com\/fr\/informations\/violence\/physique\" target=\"_blank\" rel=\"noopener\">physiques<\/a> et n\u2019ose pas porter plainte contre son partenaire. Vous avez d\u00e9j\u00e0 signal\u00e9 ces violences \u00e0 la police mais vous avez tr\u00e8s peur pour elle.<br \/>\r\n<br \/>\r\nNous comprenons votre \u00ab\u00a0d\u00e9chirement\u00a0\u00bb et imaginons votre appr\u00e9hension en tant que m\u00e8re. Vous avez bien fait de nous contacter. Votre aide lui sera tr\u00e8s pr\u00e9cieuse pour sortir de cette situation.<br \/>\r\n<br \/>\r\nEn cas d\u2019urgence et de danger, elle ou vous, pouvez appeler la police au <strong>117<\/strong> \u00e0 tout moment pour qu\u2019elle intervienne et prot\u00e8ge votre fille.<br \/>\r\n<br \/>\r\n<a href=\"https:\/\/dev-vqf.creatives.com\/fr\/informations\/cycle-de-la-violence\" target=\"_blank\" rel=\"noopener\">L\u2019emprise de l\u2019auteur et la peur emp\u00eache d\u2019agir<\/a> mais lorsque les victimes prennent connaissance de leurs droits et des moyens pour se prot\u00e9ger, cela leur laisse plus de possibilit\u00e9s pour s\u2019actionner et sortir d\u2019une situation difficile.<br \/>\r\n<br \/>\r\nEn dehors des d\u00e9marches juridiques (comme porter plainte), votre fille peut recourir \u00e0 diff\u00e9rentes solutions pour se prot\u00e9ger d\u00e9j\u00e0 physiquement en s\u2019\u00e9loignant de son partenaire. Serait-elle pr\u00eate \u00e0 partir (m\u00eame momentan\u00e9ment) pour reprendre confiance et faire le point sur cette situation\u00a0?<br \/>\r\n<br \/>\r\nSi oui, pourriez-vous l\u2019h\u00e9berger\u00a0? Ou se sentirait-elle plus en s\u00e9curit\u00e9 en allant dans un endroit confidentiel et s\u00e9curis\u00e9\u00a0? L\u2019h\u00e9bergement d\u2019urgence le plus proche de votre r\u00e9gion serait chez <a href=\"https:\/\/solfemmes.ch\/index.php\/fr\/\">Solidarit\u00e9 Femmes Bienne<\/a>\u00a0(<strong>032 322 03 44<\/strong>) qui a une maison d\u2019accueil. Les intervenantes proposent aussi des entretiens pour informer et soutenir les victimes dans leurs d\u00e9marches.<br \/>\r\n<br \/>\r\nLorsque les violences sont signal\u00e9es \u00e0 la police, elles peuvent \u00eatre poursuivies d\u2019office. C\u2019est-\u00e0-dire qu\u2019il n\u2019y a pas besoin de porter plainte car elles sont consid\u00e9r\u00e9es comme graves et font automatiquement l\u2019objet d\u2019un d\u00e9lit p\u00e9nal r\u00e9pr\u00e9hensible. Cela a pour but de mieux prot\u00e9ger les victimes et de les all\u00e9ger. Vous trouverez sur <a href=\"https:\/\/dev-vqf.creatives.com\/fr\/informations\/loi\" target=\"_blank\" rel=\"noopener\">notre site la liste des violences<\/a> poursuivies d\u2019offices et celles poursuivies sur plainte.<br \/>\r\n<br \/>\r\nSi votre fille souhaite <a href=\"https:\/\/dev-vqf.creatives.com\/fr\/victimes\/victimes_que-faire\/vos-droits\" target=\"_blank\" rel=\"noopener\">porter plainte<\/a> plus tard, il y a un d\u00e9lais de trois mois depuis l'acte de violence. Nous lui conseillons de garder des preuves et de demander l\u2019aide d\u2019un Centre LAVI pour \u00eatre accompagn\u00e9e au mieux dans cette d\u00e9marche. Elle pourra aussi voir avec eux si elle veut mettre en place des mesures de protections, notamment s\u2019il y a des menaces importantes.<br \/>\r\n<br \/>\r\nRappelez \u00e0 votre fille qu\u2019elle n\u2019est pas seule et que des professionnel-le-s peuvent l\u2019aider \u00e0 se prot\u00e9ger et sortir de cette situation.<br \/>\r\n<br \/>\r\nNous esp\u00e9rons que nos pistes encourageront votre fille. Nous sommes \u00e0 disposition si vous avez d\u2019autres questions ou si elle-m\u00eame souhaite nous \u00e9crire. Nous vous envoyons \u00e0 toutes les deux nos meilleures pens\u00e9es pour la suite. Prenez soin de vous.<br \/>\r\n<br \/>\r\n<\/div><\/div><\/div><\/div><\/div><\/div><div class='qa_acc_item'><span class='acc_toggler'><\/span><div class='item_header'><h3>Ma meilleure amie a subi une agression sexuelle. Que puis-je faire pour l&#8217;aider ?<h3><div class='vqf_fixed_width_text'><p>01 novembre 2021 - Val... Bonjour, Je vous \u00e9cris \u00e0 ce jour car ma meilleures amie a subi une agression sexuelle il y a un mois. Elle n'est pas pr\u00eate encore \u00e0 en parler, mais le vit tr\u00e8s mal. J'ai...<\/p><\/div><\/div><div class='item_body'><div class='quesion_response_block'><div class='question'><h5>Question<\/h5><div class='vqf_fixed_width_text'><div class=\"box-question p2\"><br \/>\r\n<p class=\"color-grey small mt1 mb0\">01 novembre 2021 - Val...<\/p><br \/>\r\nBonjour,<br \/>\r\n<br \/>\r\nJe vous \u00e9cris \u00e0 ce jour car ma meilleures amie a subi une agression sexuelle il y a un mois. Elle n'est pas pr\u00eate encore \u00e0 en parler, mais le vit tr\u00e8s mal. J'ai besoin de conseils pour l'aider et l'accompagner au mieux dans cette situation. Merci d'avance !<br \/>\r\n<br \/>\r\n<\/div><br \/>\r\n<div class=\"bg-grey p2\"><br \/>\r\n<h3><\/h3><br \/>\r\n<h3><\/p><\/div><\/div><div class='response'><h5>Response<\/h5><div class='vqf_fixed_width_text'><p><\/h3><br \/>\r\n<p class=\"p1\">Bonjour Madame,<span class=\"Apple-converted-space\">\u00a0<\/span><\/p><br \/>\r\n<p class=\"p1\">Vous avez appris que votre meilleure amie a subi une agression sexuelle.<span class=\"Apple-converted-space\">\u00a0<\/span>En tant qu\u2019amie proche, vous \u00eates <a href=\"https:\/\/dev-vqf.creatives.com\/fr\/entourage\/entourage_section\" target=\"_blank\" rel=\"noopener\">t\u00e9moin<\/a> de la d\u00e9tresse de votre amie et vous vous demandez comment l\u2019aider.<span class=\"Apple-converted-space\">\u00a0<\/span><\/p><br \/>\r\n<p class=\"p1\">\u00c0 la suite d\u2019une telle agression, les victimes de <a href=\"https:\/\/dev-vqf.creatives.com\/fr\/informations\/violence\/sexuelle\" target=\"_blank\" rel=\"noopener\">violence sexuelle<\/a>\u00a0ressentent souvent un sentiment de <a href=\"https:\/\/dev-vqf.creatives.com\/fr\/informations\/consequences\/pour-les-victimes\" target=\"_blank\" rel=\"noopener\">honte<\/a> et\/ou de culpabilit\u00e9 qui bloque la parole. Le soutien de proche comme vous est donc important pour permettre \u00e0 votre meilleure amie de sortir du silence et d\u2019oser demander de l\u2019aide.<span class=\"Apple-converted-space\">\u00a0<\/span><\/p><br \/>\r\n<p class=\"p1\">Pour venir en aide et offrir du soutien aux victimes d\u2019agressions sexuelles, il existe le <a href=\"https:\/\/www.vs.ch\/web\/sas\/lavi-beneficiaires\" target=\"_blank\" rel=\"noopener\">centre LAVI<\/a>du Valais.<span class=\"Apple-converted-space\">\u00a0 <\/span>Les professionnel-le-s du centre pourront proposer \u00e0 votre meilleure amie une \u00e9coute, des informations sur ses droits ainsi qu\u2019une aide plus sp\u00e9cialis\u00e9e comme des consultations chez un-e psychoth\u00e9rapeute ou un-e avocat-e. Les consultations\u00a0du centre LAVI sont confidentielles et gratuites. Il n\u2019est pas n\u00e9cessaire que l\u2019auteur de violence soit d\u00e9couvert ou que votre meilleure amie d\u00e9pose plainte. Lorsque votre meilleure amie se sentira pr\u00eate \u00e0 parler, nous vous invitons \u00e0 lui transmettre le num\u00e9ro du centre LAVI\u00a0: <strong>027\u00a0607 31 00<\/strong>.<\/p><br \/>\r\n<p class=\"p1\">Nous vous conseillons d'indiquer \u00e0 votre amie que les professionnel-le-s du Centre LAVI sont l\u00e0 pour l'\u00e9couter et pour r\u00e9pondre \u00e0 ses questions. <strong>En aucun cas, elle ne sera jug\u00e9e ou encore mise en doute, les professionnel-le-s sont l\u00e0 pour la soutenir<\/strong>.<\/p><br \/>\r\n<p class=\"p1\">Aussi, en cas d'agression sexuelle, il est toujours recommand\u00e9 d'effectuer <strong>un constat d'agression sexuelle le plus rapidement possible<\/strong> apr\u00e8s l'agression \u00e0 l'h\u00f4pital. Cela permet de mettre en \u00e9vidence les preuves si plus tard elle d\u00e9cidait de porter plainte. Cependant, il est toujours utile de faire un bilan m\u00e9dical de contr\u00f4le, m\u00eame plus tardivement. M\u00eame si cela est difficile, nous conseillons \u00e0 votre amie de pr\u00e9ciser les raisons pour lesquelles elle consulte. Votre soutien et accompagnement lors de ces d\u00e9marches pourraient certainement \u00eatre d'une grande aide pour votre amie.<\/p><br \/>\r\n<p class=\"p1\">Nous esp\u00e9rons avoir pu vous amener quelques \u00e9l\u00e9ments de r\u00e9ponses. N\u2019h\u00e9sitez pas \u00e0 nous \u00e9crire \u00e0 nouveau si vous avez d\u2019autres questions, ainsi que si vous souhaitez nous tenir au courant de la situation. Prenez bien soin de vous.<\/p><br \/>\r\n<br \/>\r\n<\/div><\/div><\/div><\/div><\/div><\/div><div class='qa_acc_item'><span class='acc_toggler'><\/span><div class='item_header'><h3>La personne avec qui je vis m&#8217;ordonne de lui ob\u00e9ir et me rabaisse, que faire?<h3><div class='vqf_fixed_width_text'><p>25 octobre 2021 - C\u0153... La personne avec qui je vis me ordonne de lui obeir ... j'ai d\u00e9j\u00e0 \u00e9t\u00e9 frapp\u00e9 enceinte et m\u00eame apr\u00e8s... la personne me dit que je parle trop et que je m\u00e9rite \u00e7a car je...<\/p><\/div><\/div><div class='item_body'><div class='quesion_response_block'><div class='question'><h5>Question<\/h5><div class='vqf_fixed_width_text'><div class=\"box-question p2\"><br \/>\r\n<p class=\"color-grey small mt1 mb0\">25 octobre 2021 - C\u0153...<\/p><br \/>\r\nLa personne avec qui je vis me ordonne de lui obeir ... j'ai d\u00e9j\u00e0 \u00e9t\u00e9 frapp\u00e9 enceinte et m\u00eame apr\u00e8s... la personne me dit que je parle trop et que je m\u00e9rite \u00e7a car je l'ai provoqu\u00e9... la personne a des reaction extr\u00eamement violente ... a d\u00e9j\u00e0 cass\u00e9 des objets et crie fort ..la personne m'a d\u00e9j\u00e0 pouss\u00e9e a boue alors que je suis g\u00e9n\u00e9ralement une personne calme.. et maintenant je suis h24 en stress et la peur au fond de moi<br \/>\r\n<br \/>\r\n<\/div><br \/>\r\n<div class=\"bg-grey p2\"><br \/>\r\n<h3><\/h3><br \/>\r\n<h3><\/p><\/div><\/div><div class='response'><h5>Response<\/h5><div class='vqf_fixed_width_text'><p><\/h3><br \/>\r\nBonjour Madame,<br \/>\r\n<br \/>\r\nVous vivez des <a href=\"https:\/\/dev-vqf.creatives.com\/fr\/informations\/violence\/psychologique\" target=\"_blank\" rel=\"noopener\">violences psychologiques<\/a> graves et avez \u00e9galement \u00e9t\u00e9 <a href=\"https:\/\/dev-vqf.creatives.com\/fr\/informations\/violence\/physique\" target=\"_blank\" rel=\"noopener\">frapp\u00e9e<\/a> lorsque vous \u00e9tiez enceinte. Vous \u00eates tr\u00e8s stress\u00e9e et ressentez de la peur profonde au quotidien.<br \/>\r\n<br \/>\r\nNous imaginons la d\u00e9tresse dans laquelle vous vous trouvez et vous f\u00e9licitons d\u2019avoir bris\u00e9 le silence malgr\u00e9 tout. Vous \u00eates courageuse\u00a0! Des professionnel-le-s sont l\u00e0 pour vous aider, vous n\u2019\u00eates pas seule.<br \/>\r\n<br \/>\r\nLa violence est <a href=\"https:\/\/dev-vqf.creatives.com\/fr\/informations\/loi\" target=\"_blank\" rel=\"noopener\">interdite par la loi<\/a>\u00a0et personne n'a le droit de vous donner des ordres. Rien ne peut justifier la violence et dire que \"vous parler trop\" est une mani\u00e8re de vous faire culpabiliser ainsi que de donner un excuse non valable \u00e0 son acte.<br \/>\r\n<br \/>\r\nUne fois la violence apparue, <a href=\"https:\/\/dev-vqf.creatives.com\/fr\/informations\/cycle-de-la-violence\" target=\"_blank\" rel=\"noopener\">elle a tendance \u00e0 s\u2019intensifier avec le temps<\/a> et c\u2019est pourquoi nous vous conseillons de vous en prot\u00e9ger. La peur et le stress peuvent en \u00eatre <a href=\"https:\/\/dev-vqf.creatives.com\/fr\/informations\/consequences\/pour-les-victimes\" target=\"_blank\" rel=\"noopener\">des cons\u00e9quences<\/a> et malheureusement, <a href=\"https:\/\/dev-vqf.creatives.com\/fr\/informations\/enfants-violence\" target=\"_blank\" rel=\"noopener\">votre enfant aussi en est victime<\/a>. Il est de votre responsabilit\u00e9 de faire des d\u00e9marches pour \u00e9galement prot\u00e9ger votre enfant.<br \/>\r\n<br \/>\r\nIl y a plusieurs mani\u00e8res de se prot\u00e9ger. Tout d\u2019abord, en cas d\u2019urgence et de danger, vous pouvez appeler la police qui interviendra et expulsera du domicile l\u2019auteur de violence momentan\u00e9ment. L\u2019\u00e9loignement ou la s\u00e9paration en est une autre. Si vous avez des proches qui peuvent vous h\u00e9berger une petite p\u00e9riode, vous pourriez prendre le temps de vous reposer, reprendre des forces et de l\u2019assurance pour faire le point sur ce que vous d\u00e9sirez pour la suite de votre vie de couple. Vous pouvez aussi <a href=\"https:\/\/dev-vqf.creatives.com\/fr\/informations\/loi\" target=\"_blank\" rel=\"noopener\">signaler les violences que vous avez v\u00e9cu \u00e0 la justice ou porter plainte<\/a>. Pour cela, nous vous conseillons d\u2019\u00eatre accompagn\u00e9e par des professionnel-le-s d\u2019un <a href=\"http:\/\/www.profa.ch\/services-2\/centre-lavi\" target=\"_blank\" rel=\"noopener\">Centre LAVI<\/a> (Lausanne: 021 631 03 00, Aigle: 021 631 03 04, Yverdon: 021 631 03 08).<br \/>\r\n<br \/>\r\nNous vous sugg\u00e9rons de discuter de votre situation avec des sp\u00e9cialistes du domaine des violences au sein du couple par t\u00e9l\u00e9phone ou en entretien. Les intervenant-e-s du <a href=\"http:\/\/www.malleyprairie.ch\/\" target=\"_blank\" rel=\"noopener\">Centre d\u2019accueil MalleyPrairie<\/a>(021 620 76 76) peuvent vous soutenir dans cette situation difficile et si vous souhaitez partir de votre domicile avec votre enfant et demander un h\u00e9b\u00e9rgement d\u2019urgence, n\u2019h\u00e9sitez pas \u00e0 leur en parler. Vous pourrez ainsi \u00eatre soutenue de mani\u00e8re <strong>gratuite et confidentielle<\/strong>.<br \/>\r\n<br \/>\r\nNous esp\u00e9rons que notre r\u00e9ponse vous apportera un sentiment de s\u00e9curit\u00e9 et que ces pistes vous permettront de continuer vos d\u00e9marches. Nous restons \u00e0 dispositions si vous avez d\u2019autres questions et recevons volontiers de vos nouvelles. Nos meilleurs messages vous accompagnent.<br \/>\r\n<br \/>\r\n<\/div><\/div><\/div><\/div><\/div><\/div><div class='qa_acc_item'><span class='acc_toggler'><\/span><div class='item_header'><h3>Une personne de mon entourage vit des violences sexuelles au sein de son couple. Comment \u00e7a se passe si elle porte plainte?<h3><div class='vqf_fixed_width_text'><p>21 octobre 2021 - Cro... Bonjour, Une personne mari\u00e9e de mon entourage a subit pendant au moins 10 ans des violences conjugales. Elle posait nue et attach\u00e9e avec du scotch pour son mari qui prenait des photos. Puis apr\u00e8s \u00e0...<\/p><\/div><\/div><div class='item_body'><div class='quesion_response_block'><div class='question'><h5>Question<\/h5><div class='vqf_fixed_width_text'><div class=\"box-question p2\"><br \/>\r\n<p class=\"color-grey small mt1 mb0\">21 octobre 2021 - Cro...<\/p><br \/>\r\nBonjour,<br \/>\r\n<br \/>\r\nUne personne mari\u00e9e de mon entourage a subit pendant au moins 10 ans des violences conjugales.<br \/>\r\n<br \/>\r\nElle posait nue et attach\u00e9e avec du scotch pour son mari qui prenait des photos. Puis apr\u00e8s \u00e0 chaque fois, une relation sexuelle non consentie. Elle se laissait faire car pression du mari.<br \/>\r\n<br \/>\r\nIl \u00e9changeait aussi du sexe contre des choses qu'elle souhaitait avoir. \"Je suis d'accord que tu ach\u00e8tes cela seulement si on fait l'amour ce soir\"...<br \/>\r\n<br \/>\r\nElle me dit qu'on ne va pas la croire car elle n'a pas dit non. Elle a \"seulement\" dit qu'elle n'aimait pas \u00e7a \u00e0 plusieurs reprises. Elle a 2 enfants.<br \/>\r\n<br \/>\r\nComment leur dire si elle porte plainte ? Comment se passe les proc\u00e9dures dans ce cas-l\u00e0 ?<br \/>\r\n<br \/>\r\n<\/div><br \/>\r\n<div class=\"bg-grey p2\"><br \/>\r\n<h3><\/h3><br \/>\r\n<h3><\/p><\/div><\/div><div class='response'><h5>Response<\/h5><div class='vqf_fixed_width_text'><p><\/h3><br \/>\r\nBonjour Madame,<br \/>\r\n<br \/>\r\nUne personne de votre entourage a v\u00e9cu des <a href=\"https:\/\/dev-vqf.creatives.com\/fr\/informations\/violence\/sexuelle\" target=\"_blank\" rel=\"noopener\">violences sexuelles<\/a> pendant au moins 10 ans. Elle a peur de ne pas \u00eatre cr\u00e9dible et ne sait pas comment le dire \u00e0 leurs deux enfants. Vous nous demandez aussi quelles sont les d\u00e9marches pour porter plainte.<br \/>\r\n<br \/>\r\nVous avez bien fait de nous \u00e9crire pour venir en aide \u00e0 cette personne. La violence sexuelle n\u2019est pas rare et les victimes ont <a href=\"https:\/\/dev-vqf.creatives.com\/fr\/informations\/consequences\" target=\"_blank\" rel=\"noopener\">souvent trop honte<\/a> pour en parler et poursuivre des d\u00e9marches. Le soutien d\u2019un-e proche est tr\u00e8s pr\u00e9cieux et une grande ressource pour elle.<br \/>\r\n<br \/>\r\nLa loi pr\u00e9voit que les violences sexuelles, telles que contraindre sa partenaire \u00e0 un acte sexuel, tenter de la contraindre, violer ou tenter de la violer, qui sont commises au sein d'une relation de couple sont\u00a0<a href=\"https:\/\/dev-vqf.creatives.com\/fr\/informations\/loi\" target=\"_blank\" rel=\"noopener\">poursuivies d'office<\/a>\u00a0(y compris lorsqu'elles sont commises durant l'ann\u00e9e qui suit la s\u00e9paration). Cela signifie que son mari peut \u00eatre poursuivi sans qu\u2019elle ait \u00e0 porter plainte. Une tierce personne (ami\u00b7e, parent\u00b7e, professionnel\u00b7le, etc.) ou elle- m\u00eame peut signaler la situation \u00e0 la police ce qui d\u00e9bouchera sur une l'ouverture d'une proc\u00e9dure p\u00e9nale. Un rapport de police sera alors adress\u00e9 au minist\u00e8re public qui pourra ouvrir une enqu\u00eate. Cette disposition soulage souvent la victime du fardeau de porter plainte.<br \/>\r\n<br \/>\r\nCes actes peuvent \u00eatre poursuivis dans un d\u00e9lai de cinq \u00e0 trente ans selon leur gravit\u00e9. Toutefois, l'\u00e9coulement du temps peut parfois rendre difficile la collecte de preuves. C\u2019est pourquoi nous encourageons les victimes \u00e0 garder toutes les preuves possibles (les photos, les \u00e9changes par sms, \u00e9tablir un constat m\u00e9dical \u00e0 l'h\u00f4pital etc\u2026)<br \/>\r\n<br \/>\r\nPour entreprendre cette d\u00e9marche et en conna\u00eetre les d\u00e9nouements possibles, nous sugg\u00e9rons vivement de contacter un <a href=\"https:\/\/www.opferhilfe-bern.ch\/fr\" target=\"_blank\" rel=\"noopener\">Centre LAVI<\/a>\u00a0(Berne: 031 370 30 70 Bienne: 032 322 56 33). Les intervenant-e-s pourront apporter \u00e0 cette personne des informations encore plus pr\u00e9cises sur sa situation lors d\u2019un entretien gratuit et confidentiel et proposer un accompagnement ad\u00e9quat.<br \/>\r\n<br \/>\r\nEn ce qui concerne les enfants, en fonction de leur \u00e2ge, il est n\u00e9cessaire d'expliquer avec des mots adapt\u00e9s qu'elle a v\u00e9cu des violences de leur p\u00e8re et qu'il y aura des cons\u00e9quences pour lui au niveau de la justice car ce sont des comportements interdits par la loi. Dire aussi que ni eux ni elles ne sont pas responsables et rester \u00e0 leur \u00e9coute, notamment s'ils ont des questions ou besoin d'\u00eatre rassur\u00e9s. Elle peut aussi demander une aide psychologique au Centre LAVI pour la soutenir dans cette d\u00e9marche. Les professionnel-l-e-s d'<a href=\"https:\/\/www.astrame.ch\/organisation\/sites-cantonaux\/berne-jura\" target=\"_blank\" rel=\"noopener\">Astrame<\/a> pourraient accompagner cette personne de votre entourage \u00e0 en parler avec ses enfants:<br \/>\r\n<h4>Equipe As\u2019trame Arc Berne\/Jura\/Neuchatel - 077 400 77 22 - arc-bejune@astrame.ch<\/h4><br \/>\r\nNous esp\u00e9rons que votre amie ne vit plus de violences actuellement et si c'est encore le cas, nous l'encourageons \u00e0 demander l'aide professsionnelle n\u00e9cessaire.<br \/>\r\n<br \/>\r\nNos meilleures pens\u00e9es vous accompagnent.<br \/>\r\n<br \/>\r\n<\/div><\/div><\/div><\/div><\/div><\/div><div class='qa_acc_item'><span class='acc_toggler'><\/span><div class='item_header'><h3>Ma meilleure amie est victime de violence conjugale, que puis-je faire?<h3><div class='vqf_fixed_width_text'><p>20 octobre 2021 - Ann... Bonjour, je viens d\u2019apprendre que ma meilleure amie se fait frapper par son conjoint. Que puis-je faire pour l\u2019aider<\/p><\/div><\/div><div class='item_body'><div class='quesion_response_block'><div class='question'><h5>Question<\/h5><div class='vqf_fixed_width_text'><div class=\"box-question p2\"><br \/>\r\n<p class=\"color-grey small mt1 mb0\">20 octobre 2021 - Ann...<\/p><br \/>\r\nBonjour,<br \/>\r\n<br \/>\r\nje viens d\u2019apprendre que ma meilleure amie se fait frapper par son conjoint.<br \/>\r\n<br \/>\r\nQue puis-je faire pour l\u2019aider<br \/>\r\n<br \/>\r\n<\/div><br \/>\r\n<div class=\"bg-grey p2\"><br \/>\r\n<h3><\/h3><br \/>\r\n<h3><\/p><\/div><\/div><div class='response'><h5>Response<\/h5><div class='vqf_fixed_width_text'><p><\/h3><br \/>\r\nBonjour,<br \/>\r\n<br \/>\r\nTu viens d'apprendre que ta meilleure amie se fait frapper par son conjoint et tu te demandes comment l'aider.<br \/>\r\n<br \/>\r\nCette nouvelle doit engendrer chez toi un m\u00e9lange d'\u00e9motions et d'inqui\u00e9tudes et tu as donc bien fait de demander conseil. Nous t'encourageons \u00e0 poursuivre tes d\u00e9marches avec ces quelques pistes.<br \/>\r\n<br \/>\r\nTout d'abord, une personne qui vit des violences est dans une situation difficile et douloureuse, elle a souvent honte et peur.\u00a0Elle pourra sortir de cette situation\u00a0si elle sent qu\u2019elle sera crue et \u00e9cout\u00e9e sans jugement. Dans un premier temps, ton \u00e9coute lui sera donc tr\u00e8s pr\u00e9cieuse pour qu'elle puisse briser le silence, comprendre ce qui lui arrive et oser demander ton aide ou une autre aide ext\u00e9rieure.<br \/>\r\n<br \/>\r\nPour l'aider \u00e0 r\u00e9flechir, tu peux d\u00e9j\u00e0 lui dire que la violence est grave et qu'elle est <a href=\"https:\/\/dev-vqf.creatives.com\/sitemanager\/fr\/informations\/loi\">interdite par la loi<\/a>. Quelles que soient les raisons invoqu\u00e9es, la violence est inexcusable et personne ne m\u00e9rite un tel traitement. R\u00e9aliser la gravit\u00e9 de la situation est une \u00e9tape importante pour commencer des d\u00e9marches afin de se prot\u00e9ger.<br \/>\r\n<br \/>\r\nLorsqu'il y a de la violence physique nous conseillons vivement d'aller faire <a href=\"https:\/\/dev-vqf.creatives.com\/fr\/victimes\/victimes_que-faire\/conseils-pratiques\" target=\"_blank\" rel=\"noopener\">un constat<\/a> des coups et blessures \u00e0 <a href=\"https:\/\/www.curml.ch\/prestations-de-lunite-de-medecine-des-violences-umv\" target=\"_blank\" rel=\"noopener\">l'Unit\u00e9 des m\u00e9decines des violences<\/a>\u00a0o\u00f9 les consultations sont gratuites et confidentielles (<strong>Lausanne\u00a0<\/strong>:\u00a0<a href=\"tel:+41213140060\">021 314 00 60<\/a>;\u00a0<strong>Yverdon-les-Bains\u00a0<\/strong>:\u00a0<a href=\"tel:+41244244220\">024 424 42 20<\/a>\u00a0;\u00a0<strong>Rennaz<\/strong>\u00a0:\u00a0<a href=\"tel:+41587736477\">058 773 64 77<\/a>\u00a0;<strong>Nyon<\/strong>\u00a0:\u00a0<a href=\"tel:+41213140851\">021 314 08 51<\/a>.\u00a0Le constat pourra aider ton\u00a0amie le jour o\u00f9 elle d\u00e9cide de faire des d\u00e9marches et porter plainte par exemple.<br \/>\r\n<br \/>\r\nHabite-t-elle avec son conjoint? Pourrait-elle partir et se r\u00e9fugier chez toi ou dans sa famille un moment? S'\u00e9loigner de l'auteur-e de violence est une mani\u00e8re de se prot\u00e9ger physiquement, de prendre du recul et de faire le point sur la situation. Elle peut aussi appeler le <a href=\"https:\/\/malleyprairie.ch\/\" target=\"_blank\" rel=\"noopener\">Centre d'accueil MalleyPrairie<\/a>\u00a0(<strong>021 620 76 76<\/strong>) pour un h\u00e9b\u00e9rgement d'urgence. Ce centre qui aide les victimes de violence au sein du couple peut \u00e9galement soutenir ton amie dans cette situation en proposant des entretiens gratuits et confidentiels avec des sp\u00e9cialistes.<br \/>\r\n<br \/>\r\nEn cas de crise ou de danger, elle peut appeler la police au <strong>117<\/strong> \u00e0 tout moment. Celle-ci peut intervenir et expulser du logement la personne auteure pour une dur\u00e9e d\u00e9termin\u00e9e.<br \/>\r\n<br \/>\r\nD'autres pistes pour l'aider sont list\u00e9es <a href=\"https:\/\/dev-vqf.creatives.com\/fr\/entourage\/entourage_victime\/ecouter-et-soutenir\" target=\"_blank\" rel=\"noopener\">ici<\/a> et nous t'encourageons \u00e0 lui parler de notre site afin qu'elle puisse s'informer en cas d'autres questions.<br \/>\r\n<br \/>\r\nNous restons aussi \u00e0 disposition si toi tu as d'autres demandes et nous esp\u00e9rons avoir pu r\u00e9pondre \u00e0 celle-ci. Nous t'envoyons beaucoup de courage ainsi qu'\u00e0 ta meilleure amie.<br \/>\r\n<br \/>\r\n<\/div><\/div><\/div><\/div><\/div><\/div><div class='qa_acc_item'><span class='acc_toggler'><\/span><div class='item_header'><h3>J\u2019entends de grosses disputes chez nos voisins et j\u2019ai d\u00e9j\u00e0 remarqu\u00e9 des marques sur le visage de la voisine, que puis-je faire?<h3><div class='vqf_fixed_width_text'><p>20 octobre 2021 - Lor... Bonjour, C\u2019est la 2e fois que j\u2019entends de grosses disputes chez nos voisins, il me semblait entendre des coups de Monsieur sur Madame\u2026et j\u2019ai d\u00e9j\u00e0 remarqu\u00e9 des marques sur le visage de la voisine. Ce...<\/p><\/div><\/div><div class='item_body'><div class='quesion_response_block'><div class='question'><h5>Question<\/h5><div class='vqf_fixed_width_text'><div class=\"box-question p2\"><br \/>\r\n<p class=\"color-grey small mt1 mb0\">20 octobre 2021 - Lor...<\/p><br \/>\r\nBonjour,<br \/>\r\n<br \/>\r\nC\u2019est la 2e fois que j\u2019entends de grosses disputes chez nos voisins, il me semblait entendre des coups de Monsieur sur Madame\u2026et j\u2019ai d\u00e9j\u00e0 remarqu\u00e9 des marques sur le visage de la voisine.<br \/>\r\n<br \/>\r\nCe qui m\u2019interpelle \u00e9galement c\u2019est l\u2019odeur de cannabis 24h\/24 et le fait qu\u2019ils aient un b\u00e9b\u00e9 de quelques mois (qu\u2019ils ne gardent que 2 jours\/semaines sous d\u00e9cision des services sociaux d\u2019apr\u00e8s ce qu\u2019elle m\u2019a dit lors de nos rares conversations). Je ne veux en aucun cas leur apporter plus de probl\u00e8mes.<br \/>\r\n<br \/>\r\nJ\u2019ai \u00e9t\u00e9 moi m\u00eame victime de violence conjugale et je pense avoir une certaine sensibilit\u00e9 Jai vraiment l\u2019impression qu\u2019il se passe quelque chose\u2026 je ne peux pas laisser faire, mais je ne suis pas sure de quoique ce soit \u00e0 100%. Je n\u2019ai jamais os\u00e9 aller taper chez eux ou essayer quoique ce soit car j\u2019ai \u00e9galement 2 b\u00e9b\u00e9s et je veux les prot\u00e9ger.<br \/>\r\n<br \/>\r\nQue puis-je faire svp??<br \/>\r\n<br \/>\r\n<\/div><br \/>\r\n<div class=\"bg-grey p2\"><br \/>\r\n<h3><\/h3><br \/>\r\n<h3><\/p><\/div><\/div><div class='response'><h5>Response<\/h5><div class='vqf_fixed_width_text'><p><\/h3><br \/>\r\n<p class=\"p1\">Bonjour Madame,<span class=\"Apple-converted-space\">\u00a0<\/span><\/p><br \/>\r\n<p class=\"p1\">Vous avez des inqui\u00e9tudes vis-\u00e0-vis de vos voisin-e-s, vous entendez des coups et vous avez m\u00eame remarqu\u00e9 des marques sur le visage de votre voisine, vous \u00eates donc <a href=\"https:\/\/dev-vqf.creatives.com\/fr\/entourage\/entourage_section\" target=\"_blank\" rel=\"noopener\">t\u00e9moin<\/a> de violence. Vous \u00eates \u00e9galement pr\u00e9occup\u00e9e par le b\u00e9b\u00e9 de vos voisin-e-s et vous vous demandez comment agir.<span class=\"Apple-converted-space\">\u00a0<\/span><\/p><br \/>\r\n<p class=\"p1\">Vous dites avoir \u00e9t\u00e9 vous-m\u00eame victime de violence conjugale, nous imaginons alors que cette situation doit encore plus vous toucher. Les \u00e9motions n\u00e9gatives et le malaise que provoquent les situations de violence dont vous \u00eates t\u00e9moins sont l\u00e9gitimes. Vous avez bien fait d\u2019\u00eatre \u00e0 l\u2019\u00e9coute de votre sensibilit\u00e9 et de nous avoir \u00e9crit.<\/p><br \/>\r\n<p class=\"p1\">Dans le cas o\u00f9 vous entendriez une nouvelle dispute avec des coups, ou que l\u2019odeur de cannabis persiste et vous d\u00e9range, nous vous sugg\u00e9rons de faire appel \u00e0 la police au <strong>117<\/strong>. Pour votre s\u00e9curit\u00e9 et celle de vos voisin-e-s, il est pr\u00e9f\u00e9rable de faire appel \u00e0 une autorit\u00e9 comp\u00e9tente comme la police. Elle est habitu\u00e9e \u00e0 intervenir \u00e0 domicile et \u00e0 g\u00e9rer des situations de violence conjugale.<\/p><br \/>\r\n<p class=\"p1\">Il existe \u00e9galement le <a href=\"http:\/\/centrelavi-ge.ch\/\" target=\"_blank\" rel=\"noopener\">centre LAVI<\/a> de Gen\u00e8ve qui offre un soutien et des aides financi\u00e8res pour les victimes de violence conjugale. Nous ne connaissons pas exactement la relation que vous entretenez avec votre voisine, mais si vous vous sentez suffisamment proche d\u2019elle et que les conditions le permettent, vous pourriez lui faire part de vos inqui\u00e9tudes et lui transmettre ce num\u00e9ro\u00a0: <strong>022 320 01 02.<span class=\"Apple-converted-space\">\u00a0<\/span><\/strong><\/p><br \/>\r\n<p class=\"p1\">Le b\u00e9b\u00e9 de votre voisine semble d\u00e9j\u00e0 suivi par un service social. N\u00e9anmoins, si vos pr\u00e9occupations concernant la s\u00e9curit\u00e9 de cet enfant persistent, nous vous invitons \u00e0 prendre contact avec <a href=\"https:\/\/www.ge.ch\/organisation\/pole-protection-enfance-jeunesse\" target=\"_blank\" rel=\"noopener\">le service de protection des mineurs<\/a> afin de leur transmettre votre inqui\u00e9tude au num\u00e9ro suivant : <strong>022 546 10 00<\/strong>.<\/p><br \/>\r\n<p class=\"p1\">Nous esp\u00e9rons avoir pu vous amener quelques \u00e9l\u00e9ments de r\u00e9ponses. N\u2019h\u00e9sitez pas \u00e0 nous \u00e9crire \u00e0 nouveau si vous avez d\u2019autres questions, ainsi que si vous souhaitez nous tenir au courant de la situation. Prenez bien soin de vous.<\/p><br \/>\r\n<br \/>\r\n<\/div><\/div><\/div><\/div><\/div><\/div><div class='qa_acc_item'><span class='acc_toggler'><\/span><div class='item_header'><h3>Je suis enseignante et je soup\u00e7onne qu&#8217;une de mes \u00e9l\u00e8ves subissent de la violence au sein de son couple. Que puis-je faire?<h3><div class='vqf_fixed_width_text'><p>15 octobre 2021 - saa... Bonjour, Je suis enseignante au Gymnase pour Adultes, et je soup\u00e7onne qu'une de mes \u00e9l\u00e8ves subisse des violences conjugales, \u00e0 cause de plusieurs signes apparents. Elle a un enfant. Que puis-je faire ? Pour l'instant,...<\/p><\/div><\/div><div class='item_body'><div class='quesion_response_block'><div class='question'><h5>Question<\/h5><div class='vqf_fixed_width_text'><div class=\"box-question p2\"><br \/>\r\n<p class=\"color-grey small mt1 mb0\">15 octobre 2021 - saa...<\/p><br \/>\r\nBonjour,<br \/>\r\n<br \/>\r\nJe suis enseignante au Gymnase pour Adultes, et je soup\u00e7onne qu'une de mes \u00e9l\u00e8ves subisse des violences conjugales, \u00e0 cause de plusieurs signes apparents. Elle a un enfant.<br \/>\r\n<br \/>\r\nQue puis-je faire ? Pour l'instant, elle nie, mais j'ai peur de ce qu'il pourrait se passer pendant les vacances scolaires qui commencent demain...<br \/>\r\n<br \/>\r\n<\/div><br \/>\r\n<div class=\"bg-grey p2\"><br \/>\r\n<h3><\/h3><br \/>\r\n<h3><\/p><\/div><\/div><div class='response'><h5>Response<\/h5><div class='vqf_fixed_width_text'><p><\/h3><br \/>\r\nBonjour Madame,<br \/>\r\n<br \/>\r\nVous soup\u00e7onnez de la violence au sein du couple d'une de vos \u00e9l\u00e8ves qui est majeure. Vous dites que pour le moment elle le nie mais vous avez peur de ce qui pourrait se passer pendant les vacances qui ont d\u00e9but\u00e9.<br \/>\r\n<br \/>\r\nNous comprenons vos inqui\u00e9tudes pour cette \u00e9l\u00e8ve\u00a0et son enfant. Nous imaginons que vous avez d\u00e9j\u00e0 essay\u00e9 de lui en parler, sachant qu'elle nie une telle situation.<br \/>\r\n<br \/>\r\nLa violence conjugale est entretenue par le silence et le refus de voir l'\u00e9vidence. Il est important de l'aider \u00e0 sortir du silence, cependant, cela peut prendre du temps \u00e0 cause de la peur et de la honte qui accompagnent souvent les personnes victimes. Il suffira peut-\u00eatre d'un geste ou d'une parole pour que votre \u00e9l\u00e8ve vous en parle ou demande de l'aide.\u00a0Nous devons nous rappeler que la victime de violence fait de son mieux pour survivre dans un environnement hostile. Nous ne pouvons pas lui dire quoi faire ni entreprendre des d\u00e9marches \u00e0 sa place.<br \/>\r\n<br \/>\r\nSi vous l'avez l'occasion de la questionner, vous pouvez lui demander comment elle va ou\u00a0comment va\u00a0sa famille. Vous pouvez lui parler des signes que vous avez observ\u00e9s et lui partager\u00a0que cela vous inqui\u00e8te. N'h\u00e9sitez pas \u00e0 lui dire que\u00a0si elle souhaite parler d'une situation difficile \u00e0 la maison, vous \u00eates l\u00e0 pour l'\u00e9couter.<br \/>\r\n<br \/>\r\nUne fois que la victime reconna\u00eet ce qui lui arrive, vous pouvez <a href=\"https:\/\/dev-vqf.creatives.com\/fr\/entourage\/entourage_victime\/ecouter-et-soutenir\" target=\"_blank\" rel=\"noopener\">consulter cette page<\/a> de notre site pour la soutenir dans cette situation.<br \/>\r\n<br \/>\r\nAussi, nous nous demandons si, au sein de votre \u00e9tablissement, vous pouvez faire appel \u00e0 un-e psychologue scolaire ou \u00e0 un-e infirmi\u00e8r-e scolaire pour \u00e9changer sur la situation et discuter ensemble des actions \u00e0 mettre en place. Par exemple, il pourrait \u00eatre int\u00e9ressant d'organiser aupr\u00e8s des \u00e9l\u00e8ves un demi-journ\u00e9e ou quelques heures de sensibilisation \u00e0 la violence au sein du couple et d'informer sur les ressources d'aides disponibles. Ainsi, l'\u00e9l\u00e8ve en question ne serait pas directement confront\u00e9e mais recevrez par ce biais l\u00e0 des informations.<br \/>\r\n<br \/>\r\nSi vous souhaitez nous partager les signes en question ainsi que la situation de mani\u00e8re plus d\u00e9taill\u00e9e, nous pourrions vous donner des conseils plus pr\u00e9cis.<br \/>\r\n<br \/>\r\nNous restons \u00e0 disposition pour toute autre demande et vous envoyons nos meilleures salutations.<br \/>\r\n<br \/>\r\n<\/div><\/div><\/div><\/div><\/div><\/div><div class='qa_acc_item'><span class='acc_toggler'><\/span><div class='item_header'><h3>Que puis-je faire alors que ma fille se fait battre et s\u00e9questrer par son copain ?<h3><div class='vqf_fixed_width_text'><p>14 octobre 2021 - Mim... Que puis je faire ? J ai peur que son copain aie des actes irr\u00e9versibles<\/p><\/div><\/div><div class='item_body'><div class='quesion_response_block'><div class='question'><h5>Question<\/h5><div class='vqf_fixed_width_text'><div class=\"box-question p2\"><br \/>\r\n<p class=\"color-grey small mt1 mb0\">14 octobre 2021 - Mim...<\/p><br \/>\r\nQue puis je faire ? J ai peur que son copain aie des actes irr\u00e9versibles<br \/>\r\n<br \/>\r\n<\/div><br \/>\r\n<div class=\"bg-grey p2\"><br \/>\r\n<h3><\/h3><br \/>\r\n<h3><\/p><\/div><\/div><div class='response'><h5>Response<\/h5><div class='vqf_fixed_width_text'><p><\/h3><br \/>\r\nBonjour Madame,<br \/>\r\n<br \/>\r\nVous avez peur pour votre fille, qui se fait <a href=\"https:\/\/dev-vqf.creatives.com\/fr\/informations\/violence\/physique\" target=\"_blank\" rel=\"noopener\">battre et enfermer<\/a>\u00a0par son copain et vous craigniez que ces violences d\u00e9g\u00e9n\u00e8rent en des actes irr\u00e9versibles.<br \/>\r\n<br \/>\r\nLa premi\u00e8re chose \u00e0 faire serait de parler \u00e0 votre fille de votre peur et de votre besoin de la prot\u00e9ger de ces <a href=\"https:\/\/dev-vqf.creatives.com\/fr\/informations\/violence\/physique\" target=\"_blank\" rel=\"noopener\">actes violents que sont les coups et la s\u00e9questration<\/a>.<br \/>\r\n<br \/>\r\nCeci pourrait permettre d\u2019ouvrir un dialogue afin d\u2019\u00e9laborer avec elle un moyen de se prot\u00e9ger, en lui disant non seulement combien cela est intol\u00e9rable selon vous, mais aussi qu\u2019il existe des aides auxquelles elle peut faire appel. Par exemple, lorsqu\u2019elle est s\u00e9questr\u00e9e et lorsqu\u2019elle re\u00e7oit des coups, elle peut appeler la police en composant le <strong>117<\/strong>. Si vous savez qu'une crise de violence est en cours et qu'elle est en danger, vous pouvez aussi appeler la police. Vous pouvez \u00e9galement\u00a0l\u2019orienter vers notre site <a href=\"https:\/\/dev-vqf.creatives.com\/fr\/informations\/violence\" target=\"_blank\" rel=\"noopener\">Violence que Faire<\/a> pour qu\u2019elle puisse y trouver des ressources \u00e0 travers les informations donn\u00e9es et les <a href=\"https:\/\/dev-vqf.creatives.com\/fr\/victimes\/adresses-utiles\" target=\"_blank\" rel=\"noopener\">adresses <\/a>qui lui sont propos\u00e9es dans son canton.<br \/>\r\n<br \/>\r\nSi votre fille est mineure et que la situation ne change pas, vous pouvez faire appel \u00e0 l<a href=\"https:\/\/www.vs.ch\/web\/scj\/ope\" target=\"_blank\" rel=\"noopener\">\u2019Office de Protection de l\u2019Enfance<\/a>, qui pourront agir selon leurs r\u00e8gles pour la prot\u00e9ger.<br \/>\r\n<br \/>\r\nVotre position peut s\u2019av\u00e9rer d\u00e9licate et si vous en sentez le besoin, n\u2019h\u00e9sitez pas \u00e0 revenir vers nous afin de nous questionner.<br \/>\r\n<br \/>\r\nNous vous adressons Madame tout notre soutient pour avancer dans votre situation afin que votre fille puisse se prot\u00e9ger.<br \/>\r\n<br \/>\r\n<\/div><\/div><\/div><\/div><\/div><\/div><div class='qa_acc_item'><span class='acc_toggler'><\/span><div class='item_header'><h3>N&#8217;ayant pas les moyens pour consulter un psy, je cherche \u00e0 qui m&#8217;adresser pour parler de mon v\u00e9cu dans mon couple<h3><div class='vqf_fixed_width_text'><p>14 octobre 2021 - Nic... J'aimerais pouvoir raconter ce que j'ai v\u00e9cu. Mais je ne sais pas vers qui m'adresser mais j'ai besoin de parler \u00e0 un \/ une professionnel\/le de vive voix et en face. J'ai post\u00e9 un post...<\/p><\/div><\/div><div class='item_body'><div class='quesion_response_block'><div class='question'><h5>Question<\/h5><div class='vqf_fixed_width_text'><div class=\"box-question p2\"><br \/>\r\n<p class=\"color-grey small mt1 mb0\">14 octobre 2021 - Nic...<\/p><br \/>\r\nJ'aimerais pouvoir raconter ce que j'ai v\u00e9cu. Mais je ne sais pas vers qui m'adresser mais j'ai besoin de parler \u00e0 un \/ une professionnel\/le de vive voix et en face. J'ai post\u00e9 un post anonyme sur un groupe facebook et on m'a conseill\u00e9 votre page... mais j'ai pas les moyens pour un\/une psy. Merci infiniment.<br \/>\r\n<br \/>\r\n<\/div><br \/>\r\n<div class=\"bg-grey p2\"><br \/>\r\n<h3><\/h3><br \/>\r\n<h3><\/p><\/div><\/div><div class='response'><h5>Response<\/h5><div class='vqf_fixed_width_text'><p><\/h3><br \/>\r\nBonjour,<br \/>\r\n<br \/>\r\nVous \u00eates \u00e0 la recherche d'une orientation afin de pouvoir parler de votre situation \u00e0 une-e professionnel-l-e-s, tenant compte du fait que vous n'avez pas les moyens financiers pour voir un th\u00e9rapeute. C'est suite \u00e0 une demande par poste anonyme que l'on vous a dirig\u00e9 vers nous.<br \/>\r\n<br \/>\r\nTout d'abord, nous tenons \u00e0 saluer votre courage et votre d\u00e9marche de demande d'aide!<br \/>\r\n<br \/>\r\nN'ayant pas d'informations ou de questions plus pr\u00e9cises sur votre v\u00e9cu, nous nous permettons de nous baser sur votre \"titre\" pour vous r\u00e9pondre. En premier, lieu, vous pouvez vous renseignez <a href=\"https:\/\/dev-vqf.creatives.com\/fr\/informations\/violence\" target=\"_blank\" rel=\"noopener\">ici<\/a> sur les formes de violences et ses cons\u00e9quences, et en savoir plus sur l'apsect juridique en cliquant sur <a href=\"https:\/\/dev-vqf.creatives.com\/fr\/informations\/loi\" target=\"_blank\" rel=\"noopener\">ce lien<\/a>.<br \/>\r\n<br \/>\r\nPour recevoir de l'\u00e9coute et du soutien \"de vive voix\" comme vous le souhaitez, nous vous conseillons de vous adressez au <a href=\"https:\/\/malleyprairie.ch\/\" target=\"_blank\" rel=\"noopener\">Centre d'accueilMalleyPrairie<\/a> au <strong>021 620 76 76<\/strong>. Cette d\u00e9marche est gratuite et confidentielle. Vous serez accueillie par des professionel-l-e-s dans la probl\u00e9matique de la violence conjugale qui pourront vous rencontrer lors d'entretiens ambulatoires que ce soit \u00e0 Lausanne ou dans d'autres r\u00e9gions du canton de Vaud.<br \/>\r\n<br \/>\r\nSi vous avez v\u00e9cu\u00a0des abus\u00a0sexuels vous pouvez aussi contacter <a href=\"https:\/\/www.espas.info\/prestations\/faire-le-pas\/adultes\/\" target=\"_blank\" rel=\"noopener\">l'Association ESPAS<\/a> qui propose un espace de parole et une \u00e9coute confidentielle pour en parler. Les prestations sont financ\u00e9es par le Centre LAVI. Pour les personnes qui ne rentrent pas ou plus dans le cadre de la\u00a0loi LAVI, l'association a cr\u00e9er un\u00a0\u00a0<strong>Fonds de solidarit\u00e9 <\/strong>qui permet de garantir un acc\u00e8s aux soins \u00e0 des tarifs adapt\u00e9s au revenu. N'h\u00e9sitez pas \u00e0 les appeler au\u00a00848 515 000\u00a0pour discuter de ces modalit\u00e9s.<br \/>\r\n<br \/>\r\nSachez aussi que les psychologues\/psychoth\u00e9rapeutes travaillant en d\u00e9l\u00e9gation avec un m\u00e9decin offrent des prestations\u00a0qui sont remboursables par l'assurance maladie de base. Si vous souhaitez tout de m\u00eame aller consulter dans un cabinet priv\u00e9, vous pouvez demander au\/\u00e0 la\u00a0profesionnel-le\u00a0si les consultations sont remboursables avec votre assurance.<br \/>\r\n<br \/>\r\nNous esp\u00e9rons avoir pu r\u00e9pondre \u00e0 votre besoin et restons volontiers \u00e0 dispositons pour vous donner des compl\u00e9ments d'informations. Bon courage \u00e0 vous pour la suite.<br \/>\r\n<br \/>\r\nMeilleurs messages.<br \/>\r\n<br \/>\r\n<\/div><\/div><\/div><\/div><\/div><\/div><div class='qa_acc_item'><span class='acc_toggler'><\/span><div class='item_header'><h3>Comment soutenir mon amie victime de violence?<h3><div class='vqf_fixed_width_text'><p>13 octobre 2021 - Sdz... Bonjour, Je cr\u00e9e une relation d\u2019amiti\u00e9 avec une femme victime de violence \u00e9conomique et physique. Je ne sais pas comment lui venir en aide autrement que par la mise \u00e0 disposition de mes r\u00e9seau professionnel...<\/p><\/div><\/div><div class='item_body'><div class='quesion_response_block'><div class='question'><h5>Question<\/h5><div class='vqf_fixed_width_text'><div class=\"box-question p2\"><br \/>\r\n<p class=\"color-grey small mt1 mb0\">13 octobre 2021 - Sdz...<\/p><br \/>\r\nBonjour,<br \/>\r\n<br \/>\r\nJe cr\u00e9e une relation d\u2019amiti\u00e9 avec une femme victime de violence \u00e9conomique et physique. Je ne sais pas comment lui venir en aide autrement que par la mise \u00e0 disposition de mes r\u00e9seau professionnel et personnel. Pourriez-vous m\u2019aiguiller? Merci et belle journ\u00e9e<br \/>\r\n<br \/>\r\n<\/div><br \/>\r\n<div class=\"bg-grey p2\"><br \/>\r\n<h3><\/p><\/div><\/div><div class='response'><h5>Response<\/h5><div class='vqf_fixed_width_text'><p><\/h3><br \/>\r\nBonjour Madame,<br \/>\r\n<br \/>\r\nVotre amie vit des violences <a href=\"https:\/\/dev-vqf.creatives.com\/fr\/informations\/violence\/economique\" target=\"_blank\" rel=\"noopener\">\u00e9conomiques<\/a> et <a href=\"https:\/\/dev-vqf.creatives.com\/fr\/informations\/violence\/physique\" target=\"_blank\" rel=\"noopener\">physiques<\/a> et vous aimeriez l\u2019aider autrement que par des orientations dans votre r\u00e9seau personnel et professionnel.<br \/>\r\n<br \/>\r\nNous comprenons que vous souhaitiez la soutenir dans cette situation difficile, vous avez bien fait de nous \u00e9crire.\u00a0Orienter une personne est d\u00e9j\u00e0 une grande aide car la personne peut commencer \u00e0 faire des d\u00e9marches pour sortir de cette situation et ne pas rester seule, nous vous en f\u00e9licitons.<br \/>\r\n<br \/>\r\nCela n\u2019est parfois pas suffisant car la personne a besoin <a href=\"https:\/\/dev-vqf.creatives.com\/fr\/entourage\/entourage_victime\/ecouter-et-soutenir\" target=\"_blank\" rel=\"noopener\">d\u2019\u00e9coute et de soutien<\/a> d\u2019une personne de confiance de son entourage pour avoir le courage de demander une aide ext\u00e9rieure. Une oreille ouverte \u00e0 entendre ce qu\u2019elle vit est donc tr\u00e8s pr\u00e9cieux. Elle pourra ainsi vous en dire plus sur sa situation si elle souhaite se confier et vous demander du soutien si n\u00e9cessaire. N\u2019h\u00e9sitez pas \u00e0 la questionner directement sur ce dont <a href=\"https:\/\/dev-vqf.creatives.com\/fr\/entourage\/entourage_victime\/repondre-aux-besoins\">elle aurait besoin<\/a>. Selon vos moyens, vous pourrez ainsi l\u2019accompagner dans ses d\u00e9marches pour sortir de la situation.<br \/>\r\n<br \/>\r\nSe sent-elle en s\u00e9curit\u00e9\u00a0? Tant qu'elle se sentira en danger, il ne lui sera pas possible de concentrer son attention sur les solutions possibles. Vous pouvez lui transmettre le <a href=\"https:\/\/dev-vqf.creatives.com\/fr\/victimes\/victimes_que-faire\/conseils-pratiques\" target=\"_blank\" rel=\"noopener\">plan d'urgence<\/a> disponible sur ce site, appeler la police si elle est en danger ou lui proposer ou l\u2019aider \u00e0 trouver un lieu d'h\u00e9bergement en s\u00e9curit\u00e9. <a href=\"https:\/\/www.avvec.ch\/fr\/find-help\/i-need-help\/hebergement\" target=\"_blank\" rel=\"noopener\">L' Association AVVEC<\/a>\u00a0(\u00a0022 797 10 10\u00a0), qui aide\u00a0les victimes au sein du couple, en propose.<br \/>\r\n<br \/>\r\nEn cas de coups ou blessures, il est important qu'elle aille v\u00e9rifier son \u00e9tat de sant\u00e9 et faire un <a href=\"https:\/\/dev-vqf.creatives.com\/fr\/victimes\/victimes_que-faire\/conseils-pratiques\" target=\"_blank\" rel=\"noopener\">constat m\u00e9dical<\/a> au pr\u00e8s de son m\u00e9decint traitant ou \u00e0 <a href=\"https:\/\/www.hug.ch\/medecine-premier-recours\/uimpv\" target=\"_blank\" rel=\"noopener\">l'UIMPV<\/a>\u00a0(unit\u00e9 de m\u00e9decine et pr\u00e9vention de la violence).<br \/>\r\n<br \/>\r\nVous pouvez aussi lui donner le lien de notre site si elle souhaite s\u2019informer d\u2019elle-m\u00eame sur la violence. Elle pourra ainsi s\u2019informer sur ses droits, mieux identifier ce qu\u2019elle vit et ses besoins en fonction. Elle peut \u00e9galement nous poser une question directement.<br \/>\r\n<br \/>\r\nEn tant que personne proche, vous pouvez consulter <a href=\"https:\/\/dev-vqf.creatives.com\/fr\/entourage\/entourage_victime\/ecouter-et-soutenir\" target=\"_blank\" rel=\"noopener\">sur notre page d'autres conseils<\/a> pour la soutenir au mieux.<br \/>\r\n<br \/>\r\nNous esp\u00e9rons que ces pistes aideront votre amie dans sa situation. Nous restons \u00e0 disposition si vous avez d\u2019autres questions et vous envoyons nos meilleures pens\u00e9es.<br \/>\r\n<br \/>\r\n<\/div><\/div><\/div><\/div><\/div><\/div><div class='qa_acc_item'><span class='acc_toggler'><\/span><div class='item_header'><h3>Je vis une situation anormale dans mon couple, cela ressemble \u00e0 de la violence. Que faire?<h3><div class='vqf_fixed_width_text'><p>11 octobre 2021 - C_1... Bonjour, Je suis navr\u00e9e de vous d\u00e9ranger mais je vis actuellement une situation compliqu\u00e9e au sein de mon couple. Je ne sais pas vraiment comment la qualifier mais je trouve cela anormal. Cela ressemble \u00e0...<\/p><\/div><\/div><div class='item_body'><div class='quesion_response_block'><div class='question'><h5>Question<\/h5><div class='vqf_fixed_width_text'><div class=\"box-question p2\"><br \/>\r\n<p class=\"color-grey small mt1 mb0\">11 octobre 2021 - C_1...<\/p><br \/>\r\nBonjour,<br \/>\r\n<br \/>\r\nJe suis navr\u00e9e de vous d\u00e9ranger mais je vis actuellement une situation compliqu\u00e9e au sein de mon couple. Je ne sais pas vraiment comment la qualifier mais je trouve cela anormal. Cela ressemble \u00e0 de la violence, du contr\u00f4le..<br \/>\r\n<br \/>\r\nJe suis \u00e9puis\u00e9e et ne sais plus vers qui me tourner. C\u2019est difficile d\u2019en parler avec nos proches\u2026<br \/>\r\n<br \/>\r\nMerci pour votre aide et soutien.<br \/>\r\n<br \/>\r\n<\/div><br \/>\r\n<div class=\"bg-grey p2\"><br \/>\r\n<h3><\/h3><br \/>\r\n<h3><\/p><\/div><\/div><div class='response'><h5>Response<\/h5><div class='vqf_fixed_width_text'><p><\/h3><br \/>\r\nBonjour Madame,<br \/>\r\n<br \/>\r\nVous vivez actuellement une situation compliqu\u00e9e dans votre couple et vous suspectez de la <a href=\"https:\/\/dev-vqf.creatives.com\/fr\/informations\/violence\/psychologique\" target=\"_blank\" rel=\"noopener\">violence psychologique<\/a>, plus particuli\u00e8rement du contr\u00f4le de votre partenaire. Cela vous \u00e9puise et vous cherchez de l\u2019aide.<br \/>\r\n<br \/>\r\nNous saluons votre courage et votre demande de soutien. Briser le silence est le premier pas \u00e0 faire lorsqu\u2019on rencontre des difficult\u00e9s et l\u2019aide ext\u00e9rieure est n\u00e9cessaire pour sortir d\u2019une situation de violence.<br \/>\r\n<br \/>\r\nNous comprenons tout \u00e0 fait qu\u2019il soit difficile d\u2019en parler \u00e0 vos proches. La honte et la culpabilit\u00e9 sont des \u00e9motions qu\u2019on peut ressentir lorsque nous vivons une telle situation. Ce sont souvent <a href=\"https:\/\/dev-vqf.creatives.com\/fr\/informations\/consequences\" target=\"_blank\" rel=\"noopener\">des cons\u00e9quences<\/a> de la violence qui nous emprisonne dans <a href=\"https:\/\/dev-vqf.creatives.com\/fr\/informations\/cycle-de-la-violence\" target=\"_blank\" rel=\"noopener\">un cercle vicieux<\/a> et nous emp\u00eache ainsi d\u2019en parler autour de nous pour trouver des solutions. L\u2019\u00e9puisement que vous ressentez en est une \u00e9galement.<br \/>\r\n<br \/>\r\nRassurez-vous, vous n\u2019\u00eates pas seule. Nous sommes l\u00e0 pour vous aider \u00e0 identifier ce que vous vivez et r\u00e9fl\u00e9chir aux moyens que vous avez pour faire face \u00e0 ces difficult\u00e9s, les traverser et retrouver une situation meilleure qui r\u00e9ponde \u00e0 vos besoins. Vous ne nous d\u00e9rangez donc absolument pas\u00a0! Notre service est fait pour soutenir et conseiller les personnes victimes de violence au sein du couple ou personnes se questionnant sur leur situation.<br \/>\r\n<br \/>\r\nVous avez raison, vivre de la violence psychologique n\u2019est pas normale ! Elle\u00a0est n\u00e9faste pour la sant\u00e9, elle d\u00e9truit les liens et peut-\u00eatre parfois\u00a0<a href=\"https:\/\/dev-vqf.creatives.com\/fr\/informations\/loi\" target=\"_blank\" rel=\"noopener\"> interdite par la loi<\/a> en fonction des actes qui peuvent relev\u00e9s d'infractions au sens de la loi.<br \/>\r\n<br \/>\r\nDans tous les cas, vous avez donc le droit de recourir \u00e0 de l\u2019aide pour vous prot\u00e9ger et nous tenons \u00e0 vous dire que vous n\u2019\u00eates pas coupable de ce qui vous arrive. Seule la personne, qui d\u00e9cide de recourir \u00e0 la violence, en est fautive.<br \/>\r\n<br \/>\r\nSur <a href=\"https:\/\/dev-vqf.creatives.com\/fr\/informations\/violence\/psychologique\" target=\"_blank\" rel=\"noopener\">cette liste<\/a> vous trouverez toutes les violences psychologiques et pourrez mieux identifier les comportements dans votre relation de couple. La violence psychologique inclut les actes li\u00e9s \u00e0 la jalousie, \u00e0 la volont\u00e9 de poss\u00e9der l'autre. Le contr\u00f4le exerc\u00e9 par le\/la partenaire peut d\u00e9boucher sur du harc\u00e8lement: questionner \u00e0 r\u00e9p\u00e9tition, l'accuser, arriver \u00e0 l'improviste ou l'appeler sans cesse pour v\u00e9rifier son emploi du temps par exemple.<br \/>\r\n<br \/>\r\nMaintenant que vous savez que le contr\u00f4le de l'autre est une violence psychologique, <a href=\"https:\/\/dev-vqf.creatives.com\/fr\/victimes\/victimes_que-faire\" target=\"_blank\" rel=\"noopener\">que pensez-vous faire<\/a>?<br \/>\r\n<br \/>\r\nMettre de la distance quelque temps permettrait de vous reposer, vous retrouver, de reprendre confiance en vous et de faire le point sur vos besoins dans votre\u00a0relation. L'envisageriez-vous? Et si oui, serait-ce possible dans votre situation?<br \/>\r\n<br \/>\r\nEst-ce que vous auriez besoin de nous en dire un peu plus ou \u00e9ventuellement d'en parler par t\u00e9l\u00e9phone avec des professionnel-le-s? Vous pouvez nous \u00e9crire \u00e0 nouveau ou, pour le Valais, contacter la fondation l'<a href=\"http:\/\/www.lessentielles.ch\/\" target=\"_blank\" rel=\"noopener\">Essentielles<\/a> gratuitement au <strong>079 320 98 70<\/strong>.<br \/>\r\n<br \/>\r\nNous esp\u00e9rons que notre r\u00e9ponse vous donnera du courage et des r\u00e9ponses pour poursuivre votre d\u00e9marche et vous envoyons nos meilleures pens\u00e9es.<br \/>\r\n<br \/>\r\n<\/div><\/div><\/div><\/div><\/div><\/div><div class='qa_acc_item'><span class='acc_toggler'><\/span><div class='item_header'><h3>Comment accompagner mon amie au mieux sans \u00eatre trop intrusive ou la brusquer dans ses d\u00e9marches?<h3><div class='vqf_fixed_width_text'><p>09 octobre 2021 - Ami... Bonsoir, je viens d'avoir une Amie qui m'\u00e9cris que son copain et p\u00e8re de ses 2 enfants l avait frapp\u00e9 pour la deuxi\u00e8me fois et quelle avait peur. Heureusement elle a appel\u00e9 la police je...<\/p><\/div><\/div><div class='item_body'><div class='quesion_response_block'><div class='question'><h5>Question<\/h5><div class='vqf_fixed_width_text'><div class=\"box-question p2\"><br \/>\r\n<p class=\"color-grey small mt1 mb0\">09 octobre 2021 - Ami...<\/p><br \/>\r\nBonsoir,<br \/>\r\n<br \/>\r\nje viens d'avoir une Amie qui m'\u00e9cris que son copain et p\u00e8re de ses 2 enfants l avait frapp\u00e9 pour la deuxi\u00e8me fois et quelle avait peur. Heureusement elle a appel\u00e9 la police je lui au dis de bienes \u00e9couter et suivre leur conseils mon mari \u00e9tant lui-m\u00eame gendarme. J'ai donn\u00e9 l'adresse de votre site afin quelle vous contacte, je l'ai rassur\u00e9e mais je ne sais pas ce que je peux faire de plus si vous pouviez. M aider a l'accompagner au mieux sans trop \u00eatre intrusive ou la brusquer dans ses d\u00e9marches<br \/>\r\n<br \/>\r\n<\/div><br \/>\r\n<div class=\"bg-grey p2\"><br \/>\r\n<h3><\/h3><br \/>\r\n<h3><\/p><\/div><\/div><div class='response'><h5>Response<\/h5><div class='vqf_fixed_width_text'><p><\/h3><br \/>\r\nBonjour Madame,<br \/>\r\n<br \/>\r\nUne de vos amies s'est confi\u00e9e \u00e0 vous. Elle vous a d\u00e9voil\u00e9 que son compagnon qui est le p\u00e8re de ses deux enfants l'a frapp\u00e9e pour la deuxi\u00e8me fois, et qu'elle en avait peur. Lors des faits, elle a t\u00e9l\u00e9phon\u00e9 \u00e0 la police. Vous \u00eates pr\u00e9occup\u00e9e et vous vous demandez comment la soutenir et l'aider sans la brusquer dans ses d\u00e9marches ou \u00eatre trop intrusive.<br \/>\r\n<br \/>\r\nTout d'abord, nous tenons \u00e0 saluer vos d\u00e9marches, aussi bien d'avoir conseill\u00e9 \u00e0 votre amie de joindre la police mais aussi de nous \u00e9crire pour trouver comment la soutenir au mieux. Votre soutien est tr\u00e8s pr\u00e9cieux! La <a href=\"https:\/\/dev-vqf.creatives.com\/fr\/informations\/violence\/physique\" target=\"_blank\" rel=\"noopener\">violence physique<\/a> est grave et <a href=\"https:\/\/dev-vqf.creatives.com\/fr\/informations\/loi\" target=\"_blank\" rel=\"noopener\">interdite par la loi<\/a>.\u00a0 Souvent, <a href=\"https:\/\/dev-vqf.creatives.com\/fr\/entourage\/entourage_section\" target=\"_blank\" rel=\"noopener\">les proches<\/a> de la personne victime se sentent impuissant-e-es et ne savent pas quelle attitude adopter. Pourtant leur soutien peut-\u00eatre d\u00e9terminant. Nous allons donc vous donner quelques pistes pour accompagner votre amie.<br \/>\r\n<br \/>\r\n<a href=\"https:\/\/dev-vqf.creatives.com\/fr\/victimes\/victimes_que-faire\/briser-le-silence\" target=\"_blank\" rel=\"noopener\">Briser le silence<\/a> est un premier pas important. Nous vous encourageons \u00e0 maintenir le contact, de lui faire savoir que vous \u00eates l\u00e0 pour elle et qu'elle peut compter sur vous <strong>quoi qu'elle d\u00e9cide<\/strong>. Vous pouvez aussi\u00a0lui indiquer des ressources venant en aide aux personnes concern\u00e9es par la violence dans le couple.<br \/>\r\n<br \/>\r\n<strong>En cas de nouvel \u00e9pisode de violence<\/strong>, elle ne doit jamais h\u00e9siter \u00e0 appeler \u00e0 nouveau la police au\u00a0<strong>117<\/strong>. Celle-ci pourra alors intervenir au domicile et proposer son aide, voir expulser l\u2019auteur du logement pour une dur\u00e9e de quelques jours.<br \/>\r\n<br \/>\r\nDans un premier temps, il serait important que votre amie puisse effectuer un constat de coups et blessures aupr\u00e8s d'un m\u00e9decin. Dans le canton de Vaud, elle peut s'adresser \u00e0 l'<a href=\"https:\/\/www.curml.ch\/unite-de-medecine-des-violences-umv\" target=\"_blank\" rel=\"noopener\">Unit\u00e9 de m\u00e9decine des violences du CHUV<\/a>.<br \/>\r\n<br \/>\r\nPour prendre rendez-vous, il suffit de contacter le centre de consultation de son choix par t\u00e9l\u00e9phone au:<br \/>\r\n<ul><br \/>\r\n \t<li>+41 (0)21 314 08 51, H\u00f4pital de Nyon ;<\/li><br \/>\r\n \t<li>+41 (0)21 314 00 60, CHUV ;<\/li><br \/>\r\n \t<li>+41 (0)24 424 42 20, H\u00f4pital d\u2019Yverdon-les-Bains ;<\/li><br \/>\r\n \t<li>+41 (0)58 773 64 77, H\u00f4pital Riviera-Chablais.<\/li><br \/>\r\n<\/ul><br \/>\r\nLe constat m\u00e9dical ne l'engage \u00e0 rien et n'est remis qu'\u00e0 elle. Ce document pourrait lui \u00eatre utile par la suite si elle d\u00e9cide d'entreprendre des d\u00e9marches. Aussi une consultation m\u00e9dicale permettrait de contr\u00f4ler son \u00e9tat de sant\u00e9.<br \/>\r\n<br \/>\r\nDans un second temps ou simultan\u00e9ment, votre amie peut prendre contact avec le Centre\u00a0<a href=\"https:\/\/www.profa.ch\/services-2\/centre-lavi\/\" target=\"_blank\" rel=\"noopener\">LAVI<\/a>\u00a0(aide aux victimes d'infractions) du canton de Vaud ou <a href=\"https:\/\/www.aide-aux-victimes.ch\/fr\/\" target=\"_blank\" rel=\"noopener\">d'un autre canton<\/a>. Elle pourra obtenir un soutien aussi bien juridique que psychologique, social ou mat\u00e9rielle. Les prestations des centres LAVI sont gratuites et confidentielles<strong>.<\/strong> Dans le canton de Vaud il existe\u00a0<a href=\"http:\/\/www.profa.ch\/horaires-et-telephones\/lavi-telephones\/\" target=\"_blank\" rel=\"noopener\">trois centre de consultations<\/a> (Lausanne, Aigle, Yverdon-les-bains).<br \/>\r\n<br \/>\r\nEnfin, elle peut \u00e9galement s'adresser au\u00a0<a href=\"https:\/\/malleyprairie.ch\/\" target=\"_blank\" rel=\"noopener\">Centre MalleyPrairie\u00a0<\/a>en composant le\u00a0<strong>021\u00a0620 76 76<\/strong>. Ce centre propose des\u00a0<a href=\"https:\/\/malleyprairie.ch\/ambulatoire\/\" target=\"_blank\" rel=\"noopener\">entretiens ambulatoires<\/a>\u00a0pour accompagner dans la compr\u00e9hension de violences conjugales, des moyens de s\u2019en prot\u00e9ger et de s\u2019en sortir.\u00a0Des professionnel-le-s l'\u00e9couteront et la conseilleront de mani\u00e8re <strong>gratuite et confidentielle. <\/strong>Un h\u00e9bergement d'urgence peut aussi lui \u00eatre propos\u00e9 pour elle et ses enfants si elle le souhaite.<strong><br \/>\r\n<\/strong><br \/>\r\n<br \/>\r\nComme vous l'avez d\u00e9j\u00e0 propos\u00e9, il y a \u00e9galement le site <a href=\"https:\/\/dev-vqf.creatives.com,\/\">www.violencequefaire.ch<\/a> sur lequel elle peut se rendre pour s'informer mais aussi pour poser des questions ou d\u00e9poser son v\u00e9cu. Parfois ce premier pas est plus facile.<br \/>\r\n<br \/>\r\nNous sommes \u00e9galement concern\u00e9-e-s par les enfants de votre amie. En effet, les enfants lorsqu'ils sont t\u00e9moins de la violence au sein du couple parentale, <a href=\"https:\/\/dev-vqf.creatives.com\/fr\/informations\/enfants-violence\" target=\"_blank\" rel=\"noopener\">ils sont \u00e9galement fragilis\u00e9s<\/a> et sont eux aussi directememt impact\u00e9s. Informer votre amie de l'impact d\u00e9l\u00e9t\u00e8re pour ses enfants de cette situation peut aussi \u00eatre un levier afin qu'elle engage des d\u00e9marches pour changer la situation. Pour d'informations sur le sujet: <a href=\"https:\/\/dev-vqf.creatives.com\/fr\/informations\/podcats-poussiere\/episode-4\" target=\"_blank\" rel=\"noopener\">ici<\/a>.<br \/>\r\n<br \/>\r\nNous esp\u00e9rons que ces quelques pistes vous permettront de venir en aide \u00e0 votre amie et nous vous souhaitons bon courage dans cet accompagnement. Si vous avez d'autres questions ou si nous n'avons pas r\u00e9pondu compl\u00e8tement \u00e0 votre demande n'h\u00e9sitez pas \u00e0 nous recontacter.<br \/>\r\n<br \/>\r\nNos meilleures pens\u00e9es vous accompagnent.<br \/>\r\n<br \/>\r\n<\/div><\/div><\/div><\/div><\/div><\/div><div class='qa_acc_item'><span class='acc_toggler'><\/span><div class='item_header'><h3>Viol conjugal: comment s&#8217;en sortir ?<h3><div class='vqf_fixed_width_text'><p>06 octobre 2021 - Pig... Bonjour, \u00e7a fait des ann\u00e9es que je subis des rapports sexuels non consentis de mon mari. Jusqu\u2019ici je me culpabilisais de \u00ab\u00a0ne pas vouloir\u00a0\u00bb puis je me rends compte que je suis en \u00e9tat d\u2019alerte...<\/p><\/div><\/div><div class='item_body'><div class='quesion_response_block'><div class='question'><h5>Question<\/h5><div class='vqf_fixed_width_text'><div class=\"box-question p2\"><br \/>\r\n<p class=\"color-grey small mt1 mb0\">06 octobre 2021 - Pig...<\/p><br \/>\r\nBonjour,<br \/>\r\n<br \/>\r\n\u00e7a fait des ann\u00e9es que je subis des rapports sexuels non consentis de mon mari. Jusqu\u2019ici je me culpabilisais de \u00ab\u00a0ne pas vouloir\u00a0\u00bb puis je me rends compte que je suis en \u00e9tat d\u2019alerte constant surtout quand je dors o\u00f9 j\u2019ai m\u00eame peur de me lever la nuit parce que s\u2019il voit que je suis r\u00e9veill\u00e9e il va \u00ab\u00a0essayer\u00a0\u00bb bref je me vois mal \u00ab\u00a0porter plainte et rester mari\u00e9e avec lui\u00a0\u00bb le divorce est-il la seule solution ? Je pr\u00e9f\u00e9rerais divorcer et ne pas porter plainte que de porter plainte et continuer \u00e0 vivre avec lui qu\u2019elles sont les options les possibilit\u00e9s en Suisse ?<br \/>\r\n<br \/>\r\n<\/div><br \/>\r\n<div class=\"bg-grey p2\"><br \/>\r\n<h3><\/h3><br \/>\r\n<h3><\/p><\/div><\/div><div class='response'><h5>Response<\/h5><div class='vqf_fixed_width_text'><p><\/h3><br \/>\r\nBonjour Madame,<br \/>\r\n<br \/>\r\nDepuis des ann\u00e9es vous subissez des <a href=\"https:\/\/dev-vqf.creatives.com\/fr\/informations\/violence\/sexuelle\" target=\"_blank\" rel=\"noopener\">violences sexuelles<\/a> de la part de\u00a0votre mari. Ce sont les violences conjugales les plus cach\u00e9es. Les personnes qui en sont victimes ressentent souvent de la culpabilit\u00e9 et de la honte, il leur est donc\u00a0difficile d'en parler. Vous faites preuve de courage en nous \u00e9crivant. Nous vous f\u00e9licitons d'avoir os\u00e9 briser le silence.<br \/>\r\n<br \/>\r\nVous vous demandez si vous devez porter plainte ou divorcer. Tout d'abord, nous vous recommandons d'\u00eatre prudente. Lors de violence conjugale, les moments de s\u00e9paration ou de d\u00e9p\u00f4t de plainte sont souvent <a href=\"https:\/\/dev-vqf.creatives.com\/fr\/victimes\/victimes_que-faire\/saccorder-un-temps-de-repit\" target=\"_blank\" rel=\"noopener\">les plus dangereux<\/a>. Le risque de violence est alors tr\u00e8s \u00e9lev\u00e9. Si vous vous sentez\u00a0en danger\u00a0n'h\u00e9sitez pas \u00e0 appeler la Police au <strong>117<\/strong>.<br \/>\r\n<br \/>\r\nSi vous souhaitez d\u00e9poser plainte il est important de pouvoir prouver au mieux ce que vous avancez en disposant de <a href=\"https:\/\/dev-vqf.creatives.com\/fr\/victimes\/victimes_que-faire\/procedure-penale\" target=\"_blank\" rel=\"noopener\">preuves<\/a>.\u00a0Tel que\u00a0:<br \/>\r\n<ul><br \/>\r\n \t<li>Noter les dates, les heures et les faits de chaque acte non consenti.<\/li><br \/>\r\n \t<li>Conservez les v\u00eatements, sous-v\u00eatements ou draps.<\/li><br \/>\r\n \t<li>Il est aussi possible de faire un constat m\u00e9dical chez votre m\u00e9decin ou aux urgences d'un h\u00f4pital.<\/li><br \/>\r\n<\/ul><br \/>\r\nAfin de conna\u00eetre vos droits et les cons\u00e9quences d'une plainte, nous vous\u00a0proposons de prendre contact avec le <a href=\"https:\/\/www.profa.ch\/services-2\/centre-lavi\/#1525268514379-f98f76dd-1965\" target=\"_blank\" rel=\"noopener\">Centre LAVI<\/a>\u00a0au <strong>021\/631.03.00<\/strong>. Vous pourrez y recevoir des premiers conseils juridiques et si besoin b\u00e9n\u00e9ficier d'une \u00e9valuation juridique de votre situation chez un avocat.<br \/>\r\n<br \/>\r\nSi vous souhaitez divorcer. Nous vous encourageons \u00e0 pr\u00e9parer votre s\u00e9paration afin d'\u00e9viter tout risque d'augmentation de la\u00a0violence.\u00a0Vous pouvez contacter\u00a0le\u00a0<a href=\"https:\/\/malleyprairie.ch\/\" target=\"_blank\" rel=\"noopener\">Centre MalleyPraire<\/a> au <strong>021\/620.76.76. <\/strong>Des sp\u00e9cialistes vous \u00e9couterons et vous conseillerons de mani\u00e8re confidentielle et gratuite. Un h\u00e9bergement provisoire peut aussi vous \u00eatre propos\u00e9.<br \/>\r\n<br \/>\r\nNous esp\u00e9rons que ces diff\u00e9rentes pistes vous aideront et nous vous souhaitons beaucoup de courage.<br \/>\r\n<br \/>\r\nNous restons \u00e0 votre disposition pour d'autres questions ou pour nous donner de vos nouvelles.<br \/>\r\n<br \/>\r\nNos meilleures pens\u00e9es vous accompagnent.<br \/>\r\n<br \/>\r\n&nbsp;<br \/>\r\n<br \/>\r\n<\/div><\/div><\/div><\/div><\/div><\/div><div class='qa_acc_item'><span class='acc_toggler'><\/span><div class='item_header'><h3>Je subis de la violence psychologique de la part de ma femme. Je suis d\u00e9sempar\u00e9 car je vois mes enfants en souffrance.<h3><div class='vqf_fixed_width_text'><p>06 octobre 2021 - Mar... Bonjour Monsieur, Je suis un homme mari\u00e9 depuis plus de 10 ans. Nous avons deux enfants adolescents. Notre couple a v\u00e9cu des phases de violence aussi bien physique que psychologique. C'est violences \u00e9tait aussi bien...<\/p><\/div><\/div><div class='item_body'><div class='quesion_response_block'><div class='question'><h5>Question<\/h5><div class='vqf_fixed_width_text'><div class=\"box-question p2\"><br \/>\r\n<p class=\"color-grey small mt1 mb0\">06 octobre 2021 - Mar...<\/p><br \/>\r\nBonjour Monsieur,<br \/>\r\n<br \/>\r\nJe suis un homme mari\u00e9 depuis plus de 10 ans. Nous avons deux enfants adolescents. Notre couple a v\u00e9cu des phases de violence aussi bien physique que psychologique. C'est violences \u00e9tait aussi bien de mon fait que du fait de Madame. Nous avons tent\u00e9 de faire une th\u00e9rapie de couple mais sans succ\u00e8s car elle ne voulait pas continuer et elle m'a forc\u00e9 \u00e0 l'arr\u00eater.<br \/>\r\n<br \/>\r\nJ'ai de mon c\u00f4t\u00e9 fait (et continue) une th\u00e9rapie aupr\u00e8s d'une psychiatre et sous d\u00e9l\u00e9gation avec une psychologue. J'ai beaucoup chang\u00e9 ces derni\u00e8res ann\u00e9es mais malheureusement Madame n'a pas profit\u00e9 de mes changements pour en faire aussi. Je parle avec respect et je ne suis plus violent. Je cherche \u00e0 aider Madame et la soutenir mais elle ne veut pas de mon aide. J'ai d\u00e9cid\u00e9 de demander le divorce.<br \/>\r\n<br \/>\r\nMadame ne voulait pas en entendre parler donc j'ai commenc\u00e9 \u00e0 faire les documents seuls pour une demande unilat\u00e9rale.<br \/>\r\n<br \/>\r\nFinalement, elle a \u00e9t\u00e9 d'accord de faire une demande commune pour s'\u00e9viter des histoires et en essayant de trouver des solutions qui nous semblent le mieux pour tout le monde. Nous avons envoy\u00e9 les documents au tribunal de premi\u00e8re instance et depuis Madame a litt\u00e9ralement \"p\u00eat\u00e9\" un cable.<br \/>\r\n<br \/>\r\nElle m'insulte, est immature, cherche \u00e0 me rabaisser constamment, me menace en me disant que quand je l'aurai quitt\u00e9 elle ira raconter mes \u00e9pisodes de violence pass\u00e9e autour de nous.<br \/>\r\n<br \/>\r\nNous sommes tous en souffrance \u00e0 cause de son attitude violente et immature. Elle a une telle haine en elle qu'elle cherche \u00e0 me faire le plus de mal possible. Elle dit que c'est de ma faute si notre famille va mal car je veux divorcer. C'est selon elle, mon choix de vouloir divorcer qui \"d\u00e9truit\" tout. Alors que cela fait des ann\u00e9es que je lui demande d'\u00eatre plus sereine et calme. Elle est persuad\u00e9e que je lui veux du mal et que je cherche \u00e0 la rabaiss\u00e9 alors que pas du tout au contraire. Mais c'est une telle certitude chez elle qu'elle se met dans une position de victime pour se donner le droit de m'agresser. Alors que j'essaye d'\u00eatre le plus bienveillant possible avec elle.<br \/>\r\n<br \/>\r\nJe suis \u00e0 la recherche d'un appartement pour pouvoir accueillir mes deux enfants. La situation tra\u00eene car nous n'avons toujours pas \u00e9t\u00e9 convoqu\u00e9 pour une audition aupr\u00e8s du juge et surtout je ne trouve pas d'appartement qui me permettrai de sortir de cette situation malsaine et violente. Un endroit s\u00e9curis\u00e9 ou je pourrai vivre et accueillir mes enfants. C'est ce dont j'ai le plus envie dans ma vie, un cadre s\u00e9curisant, \u00e9panouissant, de soutien et d'amour pour mes enfants. Je suis d\u00e9sempar\u00e9 car je vois mes enfants en souffrance et nous en tant que parents nous souffrons aussi. Je suis ouvert \u00e0 trouver des solutions pour le bien-\u00eatre de tous.<br \/>\r\n<br \/>\r\n<\/div><br \/>\r\n<div class=\"bg-grey p2\"><br \/>\r\n<h3><\/h3><br \/>\r\n<h3><\/p><\/div><\/div><div class='response'><h5>Response<\/h5><div class='vqf_fixed_width_text'><p><\/h3><br \/>\r\nBonjour Monsieur,<br \/>\r\n<br \/>\r\nVous \u00eates mari\u00e9 depuis plus de 10 ans et vous avez deux enfants. Votre couple a v\u00e9cu des phases de <a href=\"https:\/\/dev-vqf.creatives.com\/la-violence-dans-le-couple\/la-violence-physique\/\">violences physiques<\/a> et <a href=\"https:\/\/dev-vqf.creatives.com\/la-violence-dans-le-couple\/la-violence-psychologique\/\">psychologiques<\/a>. Vous d\u00e9crivez\u00a0 avoir \u00e9t\u00e9 \u00e0 la fois auteur et victime. Apr\u00e8s une tentative de th\u00e9rapie de couple qui n'a pas eu de succ\u00e8s, vous avez continu\u00e9 seul un suivi th\u00e9rapeutique.\u00a0\u00c0 pr\u00e9sent vous ne recourez plus \u00e0 la violence et vous\u00a0avez d\u00e9but\u00e9 une proc\u00e9dure de\u00a0divorce. Depuis votre femme exerce de la <a href=\"https:\/\/dev-vqf.creatives.com\/fr\/informations\/violence\/psychologique\" target=\"_blank\" rel=\"noopener\">violence psychologique<\/a> \u00e0 votre \u00e9gard. Vous souhaitez trouver une solution pour le bien-\u00eatre de chacun et plus sp\u00e9cifiquement celui de vos enfants.<br \/>\r\n<br \/>\r\nTout d'abord, nous saluons vos diff\u00e9rentes d\u00e9marches, celles en lien avec vos agissements violents et celle que vous entreprenez aujourd'hui afin de prot\u00e9ger vos enfants ainsi que vous m\u00eame. En effet, la violence psychologique ne laisse pas de traces sur le corps, mais elle atteint profond\u00e9ment l'estime de soi et la sant\u00e9 des personnes qui en sont victimes.<br \/>\r\n<br \/>\r\nNous partageons votre inqui\u00e9tude quant \u00e0 la souffrance de vos enfants.\u00a0En effet lorsque <a href=\"https:\/\/dev-vqf.creatives.com\/fr\/informations\/enfants-violence\" target=\"_blank\" rel=\"noopener\">les enfants<\/a> sont expos\u00e9s \u00e0 la violence au sein du couple de leurs parents, ils sont eux aussi affect\u00e9s. Ils en souffrent et cela peut avoir des cons\u00e9quences n\u00e9gatives\u00a0sur leur d\u00e9veloppement. L'exposition des enfants \u00e0 <a href=\"https:\/\/dev-vqf.creatives.com\/fr\/informations\/podcats-poussiere\/episode-4\" target=\"_blank\" rel=\"noopener\">la violence au sein du couple parentale est aujourd'hui reconnu comme une forme de maltraitance<\/a>.\u00a0Votre devoir, en tant que parent, est donc de les prot\u00e9ger d'un environnement nocif pour leur bien \u00eatre et leur d\u00e9veloppement.<br \/>\r\n<br \/>\r\nSortir seul d'une situation de violence n'est pas facile et votre r\u00e9cit montre que la s\u00e9paration n'arr\u00eate pas forc\u00e9ment la violence. Nous allons vous proposer ici quelques pistes.<br \/>\r\n<br \/>\r\nTout d'abord, en ce qui concerne votre recherche de logement afin de ne plus vivre sous le m\u00eame to\u00eet que votre femme en attendant que le divorce soit prononc\u00e9, nous nous demandons si <a href=\"https:\/\/justice.ge.ch\/fr\/theme\/separation-et-divorce\" target=\"_blank\" rel=\"noopener\">vous avez demand\u00e9 des mesures de protection de l'union conjugale<\/a> (MPUC). Ces MPUC peuvent \u00eatre demand\u00e9es en cas de situation conflictuelle afin que la ou le juge prononce ainsi la s\u00e9paration par jugement et r\u00e8gle principalement:<br \/>\r\n<ul><br \/>\r\n \t<li>L'attribution du logement familial et du mobilier<\/li><br \/>\r\n \t<li>L\u2019attribution de la garde du ou des enfant-s mineur-e-s et les modalit\u00e9s d\u2019exercice du droit de visite<\/li><br \/>\r\n \t<li>La fixation d\u2019une contribution d'entretien en faveur du ou des enfant?s et de l\u2019\u00e9pouse ou de l\u2019\u00e9poux<\/li><br \/>\r\n<\/ul><br \/>\r\nEn ce qui concerne la souffrance de vos enfants dont vous nous faites part, nous pensons qu'il pourrait \u00eatre aidant pour eux d'avoir un espace de parole. En ce sens, nous pouvons vous recommander la <a href=\"https:\/\/www.astrame.ch\/\" target=\"_blank\" rel=\"noopener\">Fondation Astrame<\/a> qui pourrait vous recevoir avec vos enfants afin de parler de cette situation perturbante et difficile. <a href=\"https:\/\/www.astrame.ch\/fileadmin\/user_upload\/documents\/Documents___flyers\/ASTRAME_BROCHURE_DIVORCE-2020.pdf\" target=\"_blank\" rel=\"noopener\">Cette brochure<\/a> pourrait \u00e9galement vous \u00eatre utile. Pour prendre contact ainsi qu'un rendez-vous:<br \/>\r\n<br \/>\r\nAs'trame Gen\u00e8ve<br \/>\r\n<br \/>\r\nRue du L\u00e9opard 3<br \/>\r\n1227 Carouge<br \/>\r\n<br \/>\r\n022 340 17 37<br \/>\r\ngeneve@astrame.ch<br \/>\r\n<br \/>\r\nEnfin \u00e0 Gen\u00e8ve, nous pouvons \u00e9galement vous recommander l'association <a href=\"https:\/\/www.avvec.ch\/fr\" target=\"_blank\" rel=\"noopener\">AVVEC<\/a> qui pourra vous conseiller au sujet des violences psychologiques que vous subissez ainsi que par rapport aux d\u00e9marches que vous entreprenez pour vous prot\u00e9ger ainsi que vos enfants. Pour prendre contact:<br \/>\r\n<br \/>\r\nAVVEC<br \/>\r\n46, rue de Montchoisy<br \/>\r\n1207 Gen\u00e8ve<br \/>\r\n<br \/>\r\nT\u00e9l. 022 797 10 10<br \/>\r\n<br \/>\r\nNous esp\u00e9rons que vous trouverez l'aide dont vous avez besoin afin de vous permettre ainsi qu'\u00e0 vos enfants de vivre dans un climat s\u00e9curisant.<br \/>\r\n<br \/>\r\nNous restons \u00e0 votre disposition pour d'autres questions ou\u00a0si vous souhaitez\u00a0nous donner de vos nouvelles.<br \/>\r\n<br \/>\r\n<\/div><\/div><\/div><\/div><\/div><\/div><div class='qa_acc_item'><span class='acc_toggler'><\/span><div class='item_header'><h3>Mon ex me menace de mort, que faire?<h3><div class='vqf_fixed_width_text'><p>03 octobre 2021 - spc... bonjour ou bonsoir j ai subis des violence conjugale et m\u00eame de menace de mort si je sortais pas de ou j habite mon ex compagnon a finir part sortir de chez moi mais ma...<\/p><\/div><\/div><div class='item_body'><div class='quesion_response_block'><div class='question'><h5>Question<\/h5><div class='vqf_fixed_width_text'><div class=\"box-question p2\"><br \/>\r\n<p class=\"color-grey small mt1 mb0\">03 octobre 2021 - spc...<\/p><br \/>\r\nbonjour ou bonsoir j ai subis des violence conjugale et m\u00eame de menace de mort si je sortais pas de ou j habite mon ex compagnon a finir part sortir de chez moi mais ma menacer de me tuer si je sortais pas du village o\u00f9 j habite il n'accepte pas de me laisser ne paix<br \/>\r\n<br \/>\r\n<\/div><br \/>\r\n<div class=\"bg-grey p2\"><br \/>\r\n<h3><\/h3><br \/>\r\n<h3><\/p><\/div><\/div><div class='response'><h5>Response<\/h5><div class='vqf_fixed_width_text'><p><\/h3><br \/>\r\nMadame,<br \/>\r\n<br \/>\r\nVous nous t\u00e9moignez que votre ex-compagnon est parti du domicile conjugal, qu\u2019il ne vous laisse pas en paix et qu\u2019il vous menace de mort si vous ne partez pas du village ou vous habitez.<br \/>\r\n<br \/>\r\nVous mentionnez le terme de violences conjugales et vous avez raison, car les menaces de mort sont des <a href=\"https:\/\/dev-vqf.creatives.com\/fr\/informations\/violence\/psychologique\" target=\"_blank\" rel=\"noopener\">violences psychologiques<\/a>, tout comme le harc\u00e8lement et vous faites bien de vous en inqui\u00e9ter.<br \/>\r\n<br \/>\r\nLes menaces de mort sont consid\u00e9r\u00e9es par la <a href=\"https:\/\/dev-vqf.creatives.com\/fr\/informations\/loi\" target=\"_blank\" rel=\"noopener\">loi <\/a>comme une infraction et il vous est possible de d\u00e9poser <a href=\"https:\/\/www.vd.ch\/themes\/justice\/la-justice-penale\/comment-deposer-une-plainte-penale\/\" target=\"_blank\" rel=\"noopener\">plainte <\/a>contre votre ex-partenaire. Cette d\u00e9marche permet de vous affirmer face \u00e0 lui en lui signifiant, avec l\u2019appuis de la loi, que cette fa\u00e7on de faire est inacceptable.<br \/>\r\n<br \/>\r\nSi ce Monsieur venait \u00e0 r\u00e9it\u00e9rer ses menaces, n\u2019h\u00e9sitez pas \u00e0 appeler la police pour vous prot\u00e9ger en composant le <strong>117<\/strong>.<br \/>\r\n<br \/>\r\nM\u00eame s\u2019il est probable que vous ayez d\u00e9j\u00e0 fait ces d\u00e9marches visant \u00e0 vous prot\u00e9ger, il est possible de faire reconnaitre son droit d\u2019habiter dans son logement en passant par un tribunal. Le choix du tribunal est en fonction de votre statut de couple <a href=\"https:\/\/www.vd.ch\/themes\/justice\/la-justice-civile\/divorce-mesures-protectrices-de-lunion-conjugale-separation\/\" target=\"_blank\" rel=\"noopener\">mari\u00e9 <\/a>ou en concubinage. Dans le cas de concubinage, c'est la <a href=\"https:\/\/www.vd.ch\/toutes-les-autorites\/ordre-judiciaire-vaudois-ojv\/justices-de-paix\/\" target=\"_blank\" rel=\"noopener\">Justice de Paix<\/a> qui fait autorit\u00e9 en la mati\u00e8re.<br \/>\r\n<br \/>\r\nLe <a href=\"http:\/\/www.profa.ch\/horaires-et-telephones\/lavi-telephones\/\" target=\"_blank\" rel=\"noopener\">Centre LAVI<\/a> peut vous vous accompagner et vous apporter leur <a href=\"https:\/\/www.profa.ch\/services-2\/centre-lavi\/#1525268514379-f98f76dd-1965\" target=\"_blank\" rel=\"noopener\">aide <\/a>pour ce qui concerne un d\u00e9p\u00f4t de plainte est ses cons\u00e9quences.<br \/>\r\n<br \/>\r\nVous pouvez aussi vous adresser au <a href=\"https:\/\/malleyprairie.ch\/\" target=\"_blank\" rel=\"noopener\">Centre MalleyPrairie <\/a>en composant le <strong>021\u00a0620 76 76<\/strong>. Ils vous proposeront des <a href=\"https:\/\/malleyprairie.ch\/ambulatoire\/\" target=\"_blank\" rel=\"noopener\">entretiens ambulatoires<\/a> pour vous accompagner dans la compr\u00e9hension de violences conjugales, des moyens de s\u2019en prot\u00e9ger et de s\u2019en sortir.<br \/>\r\n<br \/>\r\nAutant la LAVI que le Centre MalleyPrairie proposent des consultations confidentielles, non payantes et dans votre r\u00e9gion.<br \/>\r\n<br \/>\r\nVous avez raison de d\u00e9noncer la violence, d'autant plus que celle-ci a de nombreuses <a href=\"https:\/\/dev-vqf.creatives.com\/fr\/informations\/consequences\/pour-les-victimes\" target=\"_blank\" rel=\"noopener\">cons\u00e9quences <\/a>sur votre \u00e9quilibre physique et psychique. Nous savons que ce n'est pas une d\u00e9marche ais\u00e9e mais en nous \u00e9crivant vous avez fait le premier pas pour les faire cesser. Nous vous invitons donc \u00e0 poursuivre sur cette voie et \u00e0 vous entourer de personnes qui connaissent bien cette probl\u00e9matique.<br \/>\r\n<br \/>\r\nNous vous envoyons nos meilleures pens\u00e9es pour vous accompagner dans ces moments difficiles et restons \u00e0 disposition en cas de besoin.<br \/>\r\n<br \/>\r\n<\/div><\/div><\/div><\/div><\/div><\/div><div class='qa_acc_item'><span class='acc_toggler'><\/span><div class='item_header'><h3>Est-ce de la violence?<h3><div class='vqf_fixed_width_text'><p>03 octobre 2021 - Jea... Bonjour, Je ne vis pas avec mon compagnon mais il s\u2019en prend r\u00e9guli\u00e8rement \u00e0 moi quand nous nous voyons. Enfin je ne sais pas si c\u2019est le terme. Il s\u2019\u00e9nerve sans raison, me d\u00e9pr\u00e9cie en...<\/p><\/div><\/div><div class='item_body'><div class='quesion_response_block'><div class='question'><h5>Question<\/h5><div class='vqf_fixed_width_text'><div class=\"box-question p2\"><br \/>\r\n<p class=\"color-grey small mt1 mb0\">03 octobre 2021 - Jea...<\/p><br \/>\r\nBonjour, Je ne vis pas avec mon compagnon mais il s\u2019en prend r\u00e9guli\u00e8rement \u00e0 moi quand nous nous voyons. Enfin je ne sais pas si c\u2019est le terme. Il s\u2019\u00e9nerve sans raison, me d\u00e9pr\u00e9cie en me disant que je suis un poids, que je n\u2019ai jamais rien de bon \u00e0 annoncer que des probl\u00e8mes, que s\u2019il devait vivre ma vie il y a longtemps qu\u2019il aurait fait une overdose pour r\u00e9gler \u00e7a (aucun de nous ne se drogue). Il remet en doute ma sant\u00e9 mentale en me traitant de folle, de schizophr\u00e8ne. Quand je fuis la dispute m\u00eame en partant physiquement il m\u2019en emp\u00eache pour me harceler des nuits enti\u00e8res parfois. Il me dit que la cause de son \u00e9nervement c\u2019est moi ou ce que je dis quand je parle et qu\u2019en supprimant la cause, on supprime la cons\u00e9quence (sa col\u00e8re). Il a d\u00e9j\u00e0 eu frapp\u00e9 dans des meubles \u00e0 s\u2019en faire tr\u00e8s mal. Il ne m\u2019a secou\u00e9e qu\u2019une seule fois en disant que c\u2019\u00e9tait pour me faire r\u00e9agir. Apr\u00e8s chaque \u00e9pisode, il s\u2019excuse et me dit qu\u2019il m\u2019aime plus que tout et va soigner son probl\u00e8me de col\u00e8re mais il ne fait rien et \u00e7a recommence \u00e0 chaque fois. Je vis actuellement une p\u00e9riode compliqu\u00e9e dans ma vie priv\u00e9e et je suis compl\u00e8tement perdue. Je ne sais plus ce que je peux supporter ou non, j\u2019ai besoin d\u2019aide pour savoir si je me mets en danger ou pas. Merci pour votre r\u00e9ponse.<br \/>\r\n<br \/>\r\n<\/div><br \/>\r\n<div class=\"bg-grey p2\"><br \/>\r\n<h3><\/h3><br \/>\r\n<h3><\/p><\/div><\/div><div class='response'><h5>Response<\/h5><div class='vqf_fixed_width_text'><p><\/h3><br \/>\r\nBonjour Madame,<br \/>\r\n<br \/>\r\nVous \u00eates en couple et votre compagnon s\u2019\u00e9nerve souvent en disant que vous en \u00eates la cause. Il vous d\u00e9nigre souvent et vous rabaisse en vous traitant de folle. Quand vous fuyez les disputes il vous harc\u00e8le et a d\u00e9j\u00e0 tap\u00e9 dans des meubles, ce qui est intimidant. Vous vous demandez ce que vous pouvez supporter ou non et si vous \u00eates en danger.<br \/>\r\n<br \/>\r\nCe sont bien des comportements de <a href=\"https:\/\/dev-vqf.creatives.com\/fr\/informations\/violence\/psychologique\" target=\"_blank\" rel=\"noopener\">violence psychologique<\/a> que vous subissez. Dans la situation que vous nous d\u00e9crivez, nous pouvons identifier clairement un <a href=\"https:\/\/dev-vqf.creatives.com\/fr\/informations\/cycle-de-la-violence\" target=\"_blank\" rel=\"noopener\">cycle de violence<\/a> : la tension monte, il vous blesse psychiquement et met la faute sur vous, pour ensuite s\u2019excuser de son comportement. Malgr\u00e9 les promesses de soin, cela recommence.<br \/>\r\n<br \/>\r\nLe risque est que cela revienne plus fr\u00e9quemment, plus intens\u00e9ment et que d\u2019autres formes de violences apparaissent avec le temps. Il est important de vous en prot\u00e9ger car la violence a des<a href=\"https:\/\/dev-vqf.creatives.com\/fr\/informations\/consequences\/pour-les-victimes\" target=\"_blank\" rel=\"noopener\">cons\u00e9quences n\u00e9fastes<\/a>. Douter de vous en est d\u00e9j\u00e0 une.<br \/>\r\n<br \/>\r\nVous n\u2019\u00eates pas fautive de ses actes et personne n\u2019a \u00ab\u00a0\u00e0 supporter\u00a0\u00bb de la violence, qui de plus est <a href=\"https:\/\/dev-vqf.creatives.com\/fr\/informations\/loi\" target=\"_blank\" rel=\"noopener\">interdite par la loi<\/a>.<br \/>\r\n<br \/>\r\nEn sachant cela, que pensez-vous faire\u00a0? Vous pouvez aussi vous demander quelles sont vos attentes dans un couple\u00a0? Est-ce que votre compagnon r\u00e9pond toujours \u00e0 ces attentes\u00a0?<br \/>\r\n<br \/>\r\nSi vous souhaitez en discuter de vive-voix avec des professionnel-le-s de mani\u00e8re confidentielle et gratuite, vous pouvez appeler <a href=\"https:\/\/malleyprairie.ch\/ligne-telephonique\/\" target=\"_blank\" rel=\"noopener\">la ligne t\u00e9l\u00e9phonique du Centre d\u2019accueil MalleyPrairie<\/a>, sp\u00e9cialis\u00e9 dans les violences au sein du couple. Leur num\u00e9ro est le <strong>021 620 76 76<\/strong>.<br \/>\r\n<br \/>\r\nNous restons \u00e0 disposition pour toute autre question ou si vous souhaitez r\u00e9pondre \u00e0 nos questions. Nous recevons \u00e9galement volontiers de vos nouvelles et vous envoyons plein de courage pour cette p\u00e9riode difficile.<br \/>\r\n<br \/>\r\n<\/div><\/div><\/div><\/div><\/div><\/div><div class='qa_acc_item'><span class='acc_toggler'><\/span><div class='item_header'><h3>Je subis du harc\u00e8lement psychologique de la part de ma femme. O\u00f9 puis-je m&#8217;adresser pour avoir de l&#8217;aide en tant qu&#8217;homme?<h3><div class='vqf_fixed_width_text'><p>01 octobre 2021 - Als... Bonjour Je ne trouve absolument personne qui puisse aider un homme. J ai besoin d aide rapide mais tout traine... Je suis mari\u00e9 et pour diverses raisons Je subis un harc\u00e8lement psychologique de la part...<\/p><\/div><\/div><div class='item_body'><div class='quesion_response_block'><div class='question'><h5>Question<\/h5><div class='vqf_fixed_width_text'><div class=\"box-question p2\"><br \/>\r\n<p class=\"color-grey small mt1 mb0\">01 octobre 2021 - Als...<\/p><br \/>\r\nBonjour Je ne trouve absolument personne qui puisse aider un homme. J ai besoin d aide rapide mais tout traine... Je suis mari\u00e9 et pour diverses raisons Je subis un harc\u00e8lement psychologique de la part de ma femme de rabaissement des insultes et des obligations de faire ce qu'elle demande de faire avec humiliation de pression psychologique sur mon lieu de travail. Elle a fait en sorte que je sois en froid avec ma famille elle n'aime pas mes amis. Quasiment tous les jours elle me harc\u00e8le au t\u00e9l\u00e9phone elle mon gueule je ne sais vraiment plus quoi faire j'ai d\u00e9pos\u00e9 ce jour une demande de s\u00e9paration urgentes Et surtout je demande une mesure d'\u00e9loignement rapide car je n'en peux plus je passe ma vie dehors alors qu'on est dans la maison et en plus de cela elle veut la voiture pour me laisser vraiment \u00e0 la rue et me demandent de revenir mais d\u00e8s que je reviens c'est pour que les engueulades continuent alors que moi j'essaie de fuir cela. Du fait que c'est une femme Mes voisins ou m\u00eame la police partent du principe que c'est moi le m\u00e9chant alors que je suis une simple victime certes ce sont mes voix que l'on entend et on en d\u00e9duit un peu trop facilement que c'est l'homme le coupable tu d\u00e9signer je veux partir je ne veux pas qu'il se passe un drame mais personne ne m'aide personne.<br \/>\r\n<br \/>\r\n<\/div><br \/>\r\n<div class=\"bg-grey p2\"><br \/>\r\n<h3><\/h3><br \/>\r\n<h3><\/p><\/div><\/div><div class='response'><h5>Response<\/h5><div class='vqf_fixed_width_text'><p><\/h3><br \/>\r\nBonjour Monsieur,<br \/>\r\n<br \/>\r\nVous avez besoin d'une aide urgente et vous ne trouvez personne qui puisse vous aider.<br \/>\r\n<br \/>\r\nVous subissez du harc\u00e8lement psychologique de la part de votre femme. Elle vous rabaisse, vous insulte et vous humilie et cela m\u00eame sur votre lieu de travail. Vous avez perdu contact avec votre famille et certains de vos amis, car votre \u00e9pouse ne les appr\u00e9cie pas. A ce jour, vous avez entrepris des d\u00e9marches pour une demande de s\u00e9partation urgente, car vous ne pouvez plus vivre dans ce climat de <a href=\"https:\/\/dev-vqf.creatives.com\/fr\/informations\/violence\/psychologique\" target=\"_blank\" rel=\"noopener\">violences psychologiques.\u00a0<\/a><br \/>\r\n<br \/>\r\nVous avez bien fait de nous contacter, <a href=\"https:\/\/dev-vqf.creatives.com\/fr\/victimes\/victimes_que-faire\/briser-le-silence\" target=\"_blank\" rel=\"noopener\">briser le silence<\/a>\u00a0est un premier pas n\u00e9cessaire afin de sortir de la violence.\u00a0 Nous saluons votre d\u00e9marches de demander de l'aide!<br \/>\r\n<br \/>\r\nEn Valais, il existe la <a href=\"http:\/\/www.lessentielles.ch\/\" target=\"_blank\" rel=\"noopener\">Fondation L'EssentiElles<\/a>, qui aide toutes les victimes de violence domestique, homme ou femme. Elle vient en aide sp\u00e9cifiquement aux vicitmes de violences psychologiques, sociales et \u00e9conomiques. Vous pouvez les contacter au 079 320 98 70, pour un premier entretien t\u00e9l\u00e9phonique puis ensuite fixer un entretien individuel pour faire le point sur votre situation et ainsi trouver un soutien et un accompagnement. <a href=\"http:\/\/www.lessentielles.ch\/prestations-offertes\/\" target=\"_blank\" rel=\"noopener\">Cette aide est gratuite et confidentielle.<\/a><br \/>\r\n<br \/>\r\nNous esp\u00e9rons que la piste mentionn\u00e9e vous apportera l'aide dont vous avez besoin.<br \/>\r\n<br \/>\r\nNous restons \u00e0 votre disposition pour d'autres questions ou si vous souhaitez nous donner des nouvelles.<br \/>\r\n<br \/>\r\nNos meilleures pens\u00e9es vous accompagnent.<br \/>\r\n<br \/>\r\n&nbsp;<br \/>\r\n<br \/>\r\n<\/div><\/div><\/div><\/div><\/div><\/div><div class='qa_acc_item'><span class='acc_toggler'><\/span><div class='item_header'><h3>Mon amie a un copain violent<h3><div class='vqf_fixed_width_text'><p>30 septembre 2021 - Dyz... Mon amie sort depuis trois mois avec un jeune homme violent. Tr\u00e8s col\u00e9rique, il la malm\u00e8ne. Il l'a enferm\u00e9 seule chez elle ce soir, en la privant de son t\u00e9l\u00e9phone. Il est revenu peu apr\u00e8s...<\/p><\/div><\/div><div class='item_body'><div class='quesion_response_block'><div class='question'><h5>Question<\/h5><div class='vqf_fixed_width_text'><div class=\"box-question p2\"><br \/>\r\n<p class=\"color-grey small mt1 mb0\">30 septembre 2021 - Dyz...<\/p><br \/>\r\nMon amie sort depuis trois mois avec un jeune homme violent. Tr\u00e8s col\u00e9rique, il la malm\u00e8ne. Il l'a enferm\u00e9 seule chez elle ce soir, en la privant de son t\u00e9l\u00e9phone. Il est revenu peu apr\u00e8s en s'excusant. Quand on lui dit qu'elle doit le quitter, elle dit \"je sais, mais c'est dommage\".<br \/>\r\n<br \/>\r\n<\/div><br \/>\r\n<div class=\"bg-grey p2\"><br \/>\r\n<h3><\/h3><br \/>\r\n<h3><\/p><\/div><\/div><div class='response'><h5>Response<\/h5><div class='vqf_fixed_width_text'><p><\/h3><br \/>\r\nBonjour Monsieur,<br \/>\r\n<br \/>\r\nVous \u00eates pr\u00e9occup\u00e9 par la mani\u00e8re dont votre amie est trait\u00e9e par son nouveau partenaire. Vous avez raison de vous alerter car la situation d\u00e9crite est inqui\u00e9tante. En effet, les actes \u00e9voqu\u00e9s (enfermement, privation du t\u00e9l\u00e9phone) montrent une volont\u00e9 de contr\u00f4ler et d\u2019isoler qui s\u2019apparente \u00e0 de la <a href=\"https:\/\/dev-vqf.creatives.com\/fr\/informations\/violence\/psychologique\" target=\"_blank\" rel=\"noopener\">violence psychologique<\/a>. Celle-ci est grave et <a href=\"https:\/\/dev-vqf.creatives.com\/fr\/informations\/loi\" target=\"_blank\" rel=\"noopener\">interdite par la loi<\/a>.<br \/>\r\n<br \/>\r\nNous vous f\u00e9licitons d\u2019avoir pris action en nous \u00e9crivant. Souvent, les proches de la personne victime se sentent impuissant\u00b7e\u00b7s et ne savent pas quelle attitude adopter. Pourtant leur soutien peut \u00eatre d\u00e9terminant. Nous allons donc vous donner quelques pistes comment accompagner votre amie.<br \/>\r\n<br \/>\r\nVotre amie a r\u00e9ussi \u00e0 briser le silence en se confiant \u00e0 vous, c\u2019est un premier pas important. \u00a0Nous vous encourageons \u00e0 maintenir le contact, prendre r\u00e9guli\u00e8rement de ses nouvelles et lui faire <strong>savoir que vous \u00eates l\u00e0 pour elle<\/strong> et qu\u2019elle peut vous contacter en tout temps. En effet, les risques augmentent pour une victime isol\u00e9e qui se retrouve seule face \u00e0 son probl\u00e8me.<br \/>\r\n<br \/>\r\nIl est \u00e9galement important d\u2019<strong>\u00e9viter les jugements. <\/strong>T\u00e9moin de violence conjugale, l\u2019entourage peut parfois ressentir de la col\u00e8re envers la personne auteure de violence ou de l\u2019incompr\u00e9hension face \u00e0 l\u2019inaction de la personne victime. Mais plusieurs raisons peuvent expliquer la difficult\u00e9 de votre amie \u00e0 mettre un terme \u00e0 la relation\u00a0: les sentiments amoureux qui persistent, la peur de la r\u00e9action du partenaire, le renoncement au couple, la honte et la culpabilit\u00e9\u2026 De plus, comme vous le mentionnez (\u00ab\u00a0il est revenu peu apr\u00e8s en s\u2019excusant\u00a0\u00bb), la violence conjugale survient souvent \u00e0 l\u2019int\u00e9rieur d\u2019<a href=\"https:\/\/dev-vqf.creatives.com\/fr\/informations\/cycle-de-la-violence\" target=\"_blank\" rel=\"noopener\">un cycle de violence<\/a>. Suite \u00e0 l\u2019explosion de la violence viennent les excuses et les promesses du partenaire. Votre amie peut alors s\u2019accrocher \u00e0 l\u2019espoir d\u2019un changement.<br \/>\r\n<br \/>\r\nSortir de l\u2019emprise est un processus qui peut prendre du temps. Il s\u2019agit alors pour vous <strong>d\u2019aider votre amie \u00e0 prendre conscience de cette emprise et condamner les actes de violence <\/strong>tout en <strong>respectant ses choix et son rythme<\/strong>.<br \/>\r\n<br \/>\r\nVous pouvez lui indiquer des ressources venant en aide aux personnes concern\u00e9es par la violence dans le couple et lui proposer de l\u2019accompagner \u00e0 faire ces d\u00e9marches quand elle se sentira pr\u00eate. Elle peut elle-m\u00eame consulter notre site <a href=\"https:\/\/dev-vqf.creatives.com\/\" target=\"_blank\" rel=\"noopener\">www.violencequefaire.ch<\/a> ou prendre contact avec <a href=\"https:\/\/savi-ne.ch\/\" target=\"_blank\" rel=\"noopener\">le centre LAVI du canton de Neuch\u00e2tel<\/a> (032 886 46 36 tous les jours de 14h00 \u00e0 21h00, sauf le samedi de 9h00 \u00e0 12h00 et le dimanche de 18h00 \u00e0 21h00). Des professionnel\u00b7e\u00b7s l\u2019\u00e9couteront et la conseilleront de mani\u00e8re gratuite et confidentielle. En tant que t\u00e9moin, il est aussi possible de les appeler pour obtenir des informations. Finalement, en cas de danger imm\u00e9diat, appelez la <strong>police au 117.<\/strong><br \/>\r\n<br \/>\r\nNous esp\u00e9rons que notre r\u00e9ponse vous sera aidante et nous vous souhaitons bon courage dans le soutien de votre amie face \u00e0 cette situation difficile. N\u2019h\u00e9sitez pas \u00e0 consulter notre <a href=\"https:\/\/dev-vqf.creatives.com\/fr\/entourage\/entourage_victime\/ecouter-et-soutenir\" target=\"_blank\" rel=\"noopener\">session l\u2019entourage<\/a> pour des compl\u00e9ments d\u2019information et \u00e0 nous r\u00e9\u00e9crire si vous avez d\u2019autres questions ou pour nous donner des nouvelles de la situation. Bien \u00e0 vous.<br \/>\r\n<br \/>\r\n<\/div><\/div><\/div><\/div><\/div><\/div><div class='qa_acc_item'><span class='acc_toggler'><\/span><div class='item_header'><h3>Violences psychologiques de la part de la m\u00e8re de mes enfants, comment faire pour les prot\u00e9ger?<h3><div class='vqf_fixed_width_text'><p>26 septembre 2021 - Gro... Bonsoir, je subit actuellement enormement de violence psychologique de la part de la maman de mes enfants je me trouve dans un moment difficile actuellement nous somme en mesure de divorce mais elle vit encore...<\/p><\/div><\/div><div class='item_body'><div class='quesion_response_block'><div class='question'><h5>Question<\/h5><div class='vqf_fixed_width_text'><div class=\"box-question p2\"><br \/>\r\n<p class=\"color-grey small mt1 mb0\">26 septembre 2021 - Gro...<\/p><br \/>\r\nBonsoir,<br \/>\r\n<br \/>\r\nje subit actuellement enormement de violence psychologique de la part de la maman de mes enfants je me trouve dans un moment difficile actuellement nous somme en mesure de divorce mais elle vit encore sous le toit conjugale et elle trouve chaque pretext pour me denigree devant les enfant elle va m\u00eame jusqu a dire de aller me suicide devant eux.<br \/>\r\n<br \/>\r\nEn tant que papa je veux protege mes enfants de cette situation mais je ne sais pas vraiment comment m y prendre.. Dois je contacter mon avocat pour entreprendre une mesure de protection contre elle pour le bien de mes enfants ou directement passer a la police pour faire un constat et etablir une main courante.<br \/>\r\n<br \/>\r\nActuellement elle ne s occupe plus du tout des enfants cela fais deja 3 mois que elle devrai avoir son appartement mais fais tra\u00eener les chose. Elle monte les enfants contre moi avec l aide de sa maman..<br \/>\r\n<br \/>\r\nCette situation est vraiment difficile psychologiquement elle me detruit tout les jours, pendant tout notre marriage j ai subit de la tromperie de \u00e7a part et aujourd hui elle me manque totalement de respect. Aider moi !!<br \/>\r\n<br \/>\r\n<\/div><br \/>\r\n<div class=\"bg-grey p2\"><br \/>\r\n<h3><\/h3><br \/>\r\n<h3><\/p><\/div><\/div><div class='response'><h5>Response<\/h5><div class='vqf_fixed_width_text'><p><\/h3><br \/>\r\nBonjour Monsieur,<br \/>\r\n<br \/>\r\nActuellement en proc\u00e9dure de divorce avec la m\u00e8re de vos enfants, la cohabitation avec cette derni\u00e8re se passe mal et vous nous informez \u00eatre victime de violences psychologiques de sa part. Ces <a href=\"https:\/\/dev-vqf.creatives.com\/fr\/informations\/violence\/psychologique\" target=\"_blank\" rel=\"noopener\">violences psychologiques<\/a> se produisent devant vos enfants et vous souhaitez savoir comment les prot\u00e9ger.<br \/>\r\n<br \/>\r\nTout d'abord, nous partageons votre avis quant \u00e0 la n\u00e9cessit\u00e9 de prot\u00e9ger vos enfants. En effet, les enfants, lorsqu'ils sont expos\u00e9s \u00e0 la violence au sein du couple de leurs parents, sont <a href=\"https:\/\/dev-vqf.creatives.com\/fr\/informations\/enfants-violence\" target=\"_blank\" rel=\"noopener\">eux aussi directement impact\u00e9s<\/a> et aujourd'hui cette exposition est reconnue comme <a href=\"https:\/\/dev-vqf.creatives.com\/fr\/informations\/podcats-poussiere\/episode-4\" target=\"_blank\" rel=\"noopener\">une forme de maltraitance<\/a>. Pour vous aider et vous accompagner \u00e0 prot\u00e9ger vos enfants, plusieurs pistes s'offrent \u00e0 vous. Vous pouvez parler de la situation \u00e0 la ou au p\u00e9diatre qui suit vos enfants afin qu'il ou elle puisse vous donner son avis et vous conseiller au mieux. Vous pourrez discuter avec elle ou lui de la possibilit\u00e9 de contacter le <a href=\"https:\/\/www.hopitalrivierachablais.ch\/jcms\/hrc_68160\/fr\/can-team-hrc\" target=\"_blank\" rel=\"noopener\">CAN-Team<\/a> de l'H\u00f4pital Riviera Chablais qui est compos\u00e9 d'une \u00e9quipe pluridiscinaire ayant pour mission la protection des enfants contre toute forme de maltraitance.<br \/>\r\n<br \/>\r\nVous mentionnez \u00e9galement avoir un avocat et vous nous demandez si vous devez entamer des d\u00e9marches telles que la mise en place de mesure de protection de l'union conjugale. Comme vous avez d\u00e9j\u00e0 un avocat, il nous semble effectivement judicieux que vous puissiez adresser ces questions juridiques directement \u00e0 celui-ci qui conna\u00eet d\u00e9j\u00e0 votre situation.<br \/>\r\n<br \/>\r\nNous esp\u00e9rons que ces quelques pistes vous permettront d'avancer dans votre recherche de protection de vos enfants. Si avez d'autres questions ou si nous n'avons pas r\u00e9pondu compl\u00e8tement \u00e0 votre demande, n'h\u00e9sitez pas \u00e0 nous recontacter. Nous recevons \u00e9galement volontiers de vos nouvelles. Nos meilleures pens\u00e9es vous accompagnent.<br \/>\r\n<br \/>\r\n<\/div><\/div><\/div><\/div><\/div><\/div><div class='qa_acc_item'><span class='acc_toggler'><\/span><div class='item_header'><h3>Je me questionne sur mes r\u00e9actions \u00e0 l&#8217;\u00e9gard de ma femme. J&#8217;aimerais v\u00e9rifier si mes actes sont de la violence.<h3><div class='vqf_fixed_width_text'><p>21 septembre 2021 - Don... Bonjour, Je me retrouve dans certains comportements d'agresseur en vers ma femme. J'ai r\u00e9pondu au test le plus honn\u00eatement possible, mais je trouve les question mal con\u00e7ues car elle aggravent artificiellement une situation. Je prends...<\/p><\/div><\/div><div class='item_body'><div class='quesion_response_block'><div class='question'><h5>Question<\/h5><div class='vqf_fixed_width_text'><div class=\"box-question p2\"><br \/>\r\n<p class=\"color-grey small mt1 mb0\">21 septembre 2021 - Don...<\/p><br \/>\r\nBonjour,<br \/>\r\n<br \/>\r\nJe me retrouve dans certains comportements d'agresseur en vers ma femme. J'ai r\u00e9pondu au test le plus honn\u00eatement possible, mais je trouve les question mal con\u00e7ues car elle aggravent artificiellement une situation. Je prends par exemple la question qui dit \"Il m'arrive ou il m'est d\u00e9j\u00e0 arriv\u00e9 de prendre des d\u00e9cisions importantes sans le\/la consulter\" j'ai r\u00e9pondu oui. Cependant dans le contexte c'est arriver 2 fois, une fois faute de temps pour l'achat de sa voiture et la seconde pour le nom de famille de notre b\u00e9b\u00e9 alors qu'elle se remettait de l'accouchement. Objectivement si je r\u00e9ponds au question de fa\u00e7on absolue, j'ai 12 oui, alors que si je contextualise, je n'ai que 3 oui. Mais dans les deux cas le r\u00e9sultat me sugg\u00e8res de consulter. Du coup j'en viens \u00e0 mes questions :<br \/>\r\n<br \/>\r\n1) Y a-t-il une s\u00e9ance d'information ou je pourrais me rendre compte si je suis vraiment mauvais pour ma femme ?<br \/>\r\n<br \/>\r\n2) Si c'est le cas, quel est la suite ?<br \/>\r\n<br \/>\r\n3) Comment tout cela est-il financ\u00e9 ?<br \/>\r\n<br \/>\r\nCordialement,<br \/>\r\n<br \/>\r\n<\/div><br \/>\r\n<div class=\"bg-grey p2\"><br \/>\r\n<h3><\/h3><br \/>\r\n<h3><\/p><\/div><\/div><div class='response'><h5>Response<\/h5><div class='vqf_fixed_width_text'><p><\/h3><br \/>\r\nBonjour Monsieur,<br \/>\r\n<br \/>\r\nVous nous partagez vos questionnements par rapport \u00e0 vos r\u00e9actions envers votre femme \u00e0 la suite du test <a href=\"https:\/\/dev-vqf.creatives.com\/fr\/tests?test=5\" target=\"_blank\" rel=\"noopener\">\u00ab Ai-je des comportements violents ? \u00bb<\/a> que vous avez r\u00e9alis\u00e9 sur notre site internet. Vous vous questionnez sur la pertinence de certaines r\u00e9ponses au test, mais vous souhaitez aussi pouvoir v\u00e9rifier vos doutes et trouver de l\u2019aide.<br \/>\r\n<br \/>\r\nSelon vos indications, vous vous reconnaissez dans certains comportements (qu\u2019ils soient au nombre de 3 ou 12 selon le test effectu\u00e9 sur le site) qui constituent des formes de violence.<br \/>\r\n<br \/>\r\nVotre questionnement est tr\u00e8s pr\u00e9cieux et indispensable pour que vous puissiez aller vers le plus essentiel\u00a0: une modification des comportements qui peuvent poser des probl\u00e8mes, conflits et engager une possible violence au sein de votre couple.<br \/>\r\n<br \/>\r\nLa responsabilit\u00e9 des diff\u00e9rents comportements violents revient \u00e0 la personne auteure des faits, il revient donc \u00e0 vous de trouver de l\u2019aide, mieux comprendre ce qui engendre ces r\u00e9actions et avoir des ressources pour modifier les comportements ou pour les pr\u00e9venir concr\u00e8tement.<br \/>\r\n<br \/>\r\nNotre exp\u00e9rience nous montre par exemple que les manifestations de violences verbales et psychologiques tendent \u00e0 se r\u00e9p\u00e9ter et \u00e0 s'intensifier au fil du temps lorsque rien n\u2019est entrepris pour y mettre un terme. Il est donc indispensable de prendre au s\u00e9rieux la situation actuelle comme vous le faites en nous \u00e9crivant m\u00eame s\u2019il ne s\u2019agit \u00ab\u00a0que\u00a0\u00bb de 3 \u00ab\u00a0oui\u00a0\u00bb \u00e0 notre test<br \/>\r\n<br \/>\r\nPour trouver un accompagnement dans le canton de Vaud, vous pouvez contacter \u00e0 Lausanne le <a href=\"http:\/\/prevention-ale.ch\/\" target=\"_blank\" rel=\"noopener\">Centre de Pr\u00e9vention de l'Ale<\/a> (CPAle) qui propose une aide sp\u00e9cialis\u00e9e et qui pourra r\u00e9pondre \u00e0 tous vos doutes et r\u00e9fl\u00e9chir avec vous \u00e0 des alternatives aux comportements violents.<br \/>\r\n<br \/>\r\nLe premier entretien au CPAle est gratuit et sans engagement. Ensuite, une participation financi\u00e8re est demand\u00e9e \u00e0 hauteur des moyens financiers de la personne.<br \/>\r\n<br \/>\r\nNous saluons votre d\u00e9marche de questionnements ainsi que celle de nous \u00e9crire sur notre site. Ce premier pas est important pour entrer dans un processus de changement et ne plus recourir \u00e0 la violence quelle que soit la forme ou son intensit\u00e9. Nous vous encourageons vivement \u00e0 poursuivre vos d\u00e9marches. Avec nos meilleures salutations.<br \/>\r\n<br \/>\r\n<\/div><\/div><\/div><\/div><\/div><\/div><div class='qa_acc_item'><span class='acc_toggler'><\/span><div class='item_header'><h3>Que puis-je faire pour aider ma voisine victime de violence ?<h3><div class='vqf_fixed_width_text'><p>12 septembre 2021 - Suz... Bonjour, Je ne sais pas quoi faire, j'entends les violences dont elle est victime une voisine, c'est un jeune couple, je suis all\u00e9e une fois \u00e0 4h du matin sonner chez eux le jeune homme...<\/p><\/div><\/div><div class='item_body'><div class='quesion_response_block'><div class='question'><h5>Question<\/h5><div class='vqf_fixed_width_text'><div class=\"box-question p2\"><br \/>\r\n<p class=\"color-grey small mt1 mb0\">12 septembre 2021 - Suz...<\/p><br \/>\r\nBonjour,<br \/>\r\n<br \/>\r\nJe ne sais pas quoi faire, j'entends les violences dont elle est victime une voisine, c'est un jeune couple, je suis all\u00e9e une fois \u00e0 4h du matin sonner chez eux le jeune homme il m'a r\u00e9pondu d'une mani\u00e8re agressive et j'ai essay\u00e9 de parler lui une fois mais il \u00e9tait tr\u00e8s violent verbalement<br \/>\r\n<br \/>\r\nAujourd'hui je l'ai entendu lui cri\u00e9 dessus et la frapper je suis d\u00e9sempar\u00e9e, tress\u00e9e et apeur\u00e9e je ne sais pas quoi faire<br \/>\r\n<br \/>\r\n<\/div><br \/>\r\n<div class=\"bg-grey p2\"><br \/>\r\n<h3><\/h3><br \/>\r\n<h3><\/p><\/div><\/div><div class='response'><h5>Response<\/h5><div class='vqf_fixed_width_text'><p><\/h3><br \/>\r\nBonjour Madame,<br \/>\r\n<br \/>\r\nVous nous expliquez \u00eatre t\u00e9moin des violences conjugales que subit votre voisine. Vous avez d\u00e9j\u00e0 essay\u00e9 d\u2019intervenir en allant sonner \u00e0 leur porte durant la nuit ou en parlant avec votre voisin. Celui-ci s\u2019est alors montr\u00e9 agressif verbalement envers vous. Cette situation vous effraie et vous vous sentez d\u00e9munie.<br \/>\r\n<br \/>\r\nVous avez bien fait de nous contacter, en effet il est difficile de se retrouver face \u00e0 ce genre de situation et de savoir comment r\u00e9agir. Nous vous f\u00e9licitons pour vos interventions courageuses qui indiquent \u00e0 votre voisin que la violence n\u2019est pas acceptable et que vous ne la tol\u00e9rez pas. En effet, la violence au sein du couple, qu\u2019elle soit <a href=\"https:\/\/dev-vqf.creatives.com\/fr\/informations\/violence\/psychologique\" target=\"_blank\" rel=\"noopener\">psychologique<\/a> ou <a href=\"https:\/\/dev-vqf.creatives.com\/fr\/informations\/violence\/physique\" target=\"_blank\" rel=\"noopener\">physique<\/a>, est <a href=\"https:\/\/dev-vqf.creatives.com\/fr\/informations\/loi\" target=\"_blank\" rel=\"noopener\">interdite par la loi <\/a>et peut avoir de graves <a href=\"https:\/\/dev-vqf.creatives.com\/fr\/informations\/consequences\/pour-les-victimes\">cons\u00e9quences sur la personne victime<\/a>.<br \/>\r\n<br \/>\r\nNous aimerions vous donner quelques pistes pour venir en aide \u00e0 votre voisine, tout en vous prot\u00e9geant vous-m\u00eame des agressions verbales de son conjoint.<br \/>\r\n<br \/>\r\nEn cas de nouvel \u00e9pisode de violence, nous vous encourageons vivement \u00e0 appeler imm\u00e9diatement la police au <strong>117<\/strong>. Celle-ci pourra alors intervenir au domicile et proposer de l\u2019aide \u00e0 la victime, voire expulser l\u2019auteur du logement durant quelques jours.<br \/>\r\n<br \/>\r\nSi vous vous sentez \u00e0 l\u2019aise, vous pouvez \u00e9galement essayer d\u2019entrer en contact avec Madame en lui demandant comment elle va et en lui faisant part de votre inqui\u00e9tude. Vous pourrez alors lui indiquer les associations qui viennent en aide aux personnes confront\u00e9\u00b7e\u00b7s \u00e0 la violence conjugale comme <a href=\"https:\/\/dev-vqf.creatives.com\/\">www.violencequefaire.ch<\/a> (via son conseil en ligne anonyme) ou, dans le canton de Gen\u00e8ve, l\u2019association <a href=\"https:\/\/www.avvec.ch\/fr\" target=\"_blank\" rel=\"noopener\">AAVEC<\/a>. Elle peut les contacter au <strong>022 797 10 10<\/strong> afin d\u2019\u00eatre soutenue et conseill\u00e9e gratuitement et de mani\u00e8re confidentielle par des professionnel\u00b7l\u00b7es. Si elle le souhaite, elle pourrait \u00e9galement \u00eatre h\u00e9berg\u00e9e dans un logement s\u00e9curis\u00e9 afin de prendre du recul sur sa situation.<br \/>\r\n<br \/>\r\nFinalement, nous vous conseillons de consulter <a href=\"https:\/\/dev-vqf.creatives.com\/fr\/entourage\/entourage_section\" target=\"_blank\" rel=\"noopener\">la section pour l\u2019entourage<\/a> dans laquelle vous trouverez des informations suppl\u00e9mentaires pouvant vous \u00eatre utile en tant que t\u00e9moin. Comme vous le mentionn\u00e9, ces situations peuvent \u00e9galement avoir un fort impact \u00e9motionnel sur vous et il est important que vous preniez soin de vous.<br \/>\r\n<br \/>\r\nNous esp\u00e9rons que notre r\u00e9ponse vous aura aid\u00e9e et nous vous souhaitons bon courage pour les d\u00e9marches \u00e0 venir. N\u2019h\u00e9sitez pas \u00e0 nous r\u00e9\u00e9crire pour nous poser d\u2019autres questions ou nous donner des nouvelles de l\u2019\u00e9volution de la situation. Nos meilleures salutations.<br \/>\r\n<br \/>\r\n<\/div><\/div><\/div><\/div><\/div><\/div><div class='qa_acc_item'><span class='acc_toggler'><\/span><div class='item_header'><h3>Auteur de violence verbale sur mon conjoint<h3><div class='vqf_fixed_width_text'><p>08 septembre 2021 - Dav... Bonjour, je souhaite me faire aider pour comprendre d\u2019o\u00f9 vient ce probl\u00e8me et le r\u00e9soudre. Pouvez vous m\u2019\u00e9clairer. Merci d avance.<\/p><\/div><\/div><div class='item_body'><div class='quesion_response_block'><div class='question'><h5>Question<\/h5><div class='vqf_fixed_width_text'><div class=\"box-question p2\"><br \/>\r\n<p class=\"color-grey small mt1 mb0\">08 septembre 2021 - Dav...<\/p><br \/>\r\nBonjour, je souhaite me faire aider pour comprendre d\u2019o\u00f9 vient ce probl\u00e8me et le r\u00e9soudre. Pouvez vous m\u2019\u00e9clairer. Merci d avance.<br \/>\r\n<br \/>\r\n<\/div><br \/>\r\n<div class=\"bg-grey p2\"><br \/>\r\n<h3><\/h3><br \/>\r\n<h3><\/p><\/div><\/div><div class='response'><h5>Response<\/h5><div class='vqf_fixed_width_text'><p><\/h3><br \/>\r\nBonjour Monsieur,<br \/>\r\n<br \/>\r\nVous souhaitez comprendre d\u2019o\u00f9 vient votre probl\u00e8me d\u2019utilisation de la violence verbale et comment vous pouvez le r\u00e9soudre.<br \/>\r\n<br \/>\r\nSans avoir plus de pr\u00e9cisions sur votre v\u00e9cu et les situations o\u00f9 vous recourez \u00e0 la violence, nous ne pouvons que vous r\u00e9pondre d\u2019une mani\u00e8re g\u00e9n\u00e9rale.<br \/>\r\n<br \/>\r\nLa violence, quelle que soit sa forme, n\u2019a pas une cause unique mais <a href=\"https:\/\/dev-vqf.creatives.com\/fr\/informations\/informations_origines\" target=\"_blank\" rel=\"noopener\">plusieurs facteurs de risques<\/a>: individuels, relationnel et familiaux, communautaires et sociaux. En plus de l\u2019histoire personnelle de chacun\u00b7e, des pr\u00e9dispositions \u00e0 l\u2019utilisation de la violence peuvent aussi \u00eatre identifi\u00e9es dans le contexte et l\u2019environnement du couple. Les \u00e9v\u00e9nements importants de la vie comme la naissance d'un enfant, la perte de l\u2019emploi, le commencement ou la s\u00e9paration du couple augmentent aussi significativement le risque de violence. De m\u00eame l\u2019isolement social aussi bien qu'un milieu tol\u00e9rant ou banalisant la violence peuvent favoriser \u00e9galement l\u2019apparition de comportements violents. Il n'en reste pas moins que des aspects fondamentaux et individuels, qui sont de la responsabilit\u00e9 de la personne qui recourt \u00e0 la violence envers le ou la partenaire, entrent en ligne de compte\u00a0comme les capacit\u00e9s \u00e0 respecter autrui, la gestion de la frustration, les comp\u00e9tences de communication, etc. Mais il faut retenir qu\u2019aucun facteur ne d\u00e9termine \u00e0 lui seul l\u2019apparition de comportements violents.<br \/>\r\n<br \/>\r\nSi on tente d\u2019en venir \u00e0 votre cas pr\u00e9cis, l\u2019utilisation de la violence verbale est souvent reli\u00e9e \u00e0 l\u2019expression de la col\u00e8re, la frustration et\/ou un sentiment subjectif d\u2019injustice. Ce qui caract\u00e9rise ces moments de violence est qu\u2019ils sont fondamentalement ax\u00e9s autour du th\u00e8me du contr\u00f4le et le pouvoir sur l'autre partenaire. Ces manifestations sont donc <strong>des signaux importants<\/strong> qui sont \u00e0 prendre au s\u00e9rieux puisqu'ils g\u00e9n\u00e8rent de la souffrance aupr\u00e8s du conjoint et mettent en p\u00e9ril la continuit\u00e9 du couple.<br \/>\r\n<br \/>\r\nIl nous semble donc important de ne pas les banaliser et de chercher \u00e0 trouver des solutions pour stopper la violence au risque que celle-ci ne s'intensifie. C\u2019est pourquoi nous ne pouvons que vous conseiller de vous appuyer sur l\u2019aide de sp\u00e9cialistes qui vous aideront dans votre situation sp\u00e9cifique pour trouver des alternatives. Pour trouver cet accompagnement dans le canton de Vaud, qu\u2019il soit de mani\u00e8re individuelle ou en couple, vous pouvez trouver \u00e0 Lausanne de l'aide sp\u00e9cialis\u00e9e en contactant le <a href=\"http:\/\/prevention-ale.ch\/\" target=\"_blank\" rel=\"noopener\">Centre de Pr\u00e9vention de l'Ale<\/a> au <strong>021 321 24 00.<\/strong><br \/>\r\n<br \/>\r\nNous vous souhaitons du courage et de la pers\u00e9v\u00e9rance dans votre recherche de changement. Nous restons \u00e0 disposition si vous souhaitez nous en dire plus ou si vous avez d'autres questions.<br \/>\r\n<br \/>\r\n<\/div><\/div><\/div><\/div><\/div><\/div><div class='qa_acc_item'><span class='acc_toggler'><\/span><div class='item_header'><h3>Suis-je responsable?<h3><div class='vqf_fixed_width_text'><p>07 septembre 2021 - Har... Bonjour. Voil\u00e0 cette question me ronge depuis plusieurs mois. Mon copain et moi sommes s\u00e9parer depuis quelques mois. Mais je m\u2019en veux et je me sens coupable de tout. J\u2019ai le ressenti que tout est...<\/p><\/div><\/div><div class='item_body'><div class='quesion_response_block'><div class='question'><h5>Question<\/h5><div class='vqf_fixed_width_text'><div class=\"box-question p2\"><br \/>\r\n<p class=\"color-grey small mt1 mb0\">07 septembre 2021 - Har...<\/p><br \/>\r\nBonjour.<br \/>\r\n<br \/>\r\nVoil\u00e0 cette question me ronge depuis plusieurs mois. Mon copain et moi sommes s\u00e9parer depuis quelques mois. Mais je m\u2019en veux et je me sens coupable de tout. J\u2019ai le ressenti que tout est de ma faute et que je l\u2019ai perdu \u00e0 cause de moi, et moi seule. En lisant plusieurs sites, j\u2019ai commencer \u00e0 r\u00e9fl\u00e9chir. Il est arriver \u00e0 mon conjoint, lors de discussion, lorsque je lui reprochait quelque choses, qu\u2019il se mette \u00e0 me hurler dessus en m\u2019insultant. Parfois en jetant des objets ou en frappant fort un meuble, j\u2019\u00e9tais en permanence en train de m\u2019excuser. Il m\u2019avait fait plusieurs menace, de me quitter si je ne fesait pas quelques choses et diff\u00e9rents ultimatum. Il lui est arriver \u00e9galement d\u2019avoir des propos peu respectueux, me disant que je n\u2019en valais pas la peine ou que \u00ab\u00a0Je suis d\u00e9soler mais tu es conne.\u00a0\u00bb Il voulait rester en contacte quand il a arr\u00eater notre relation en me disant. \u00ab\u00a0Pour le moment c\u2019est mort et sans espoir entre nous, mais si le destin le veut, peut \u00eatre dans le futur parce que j\u2019ai encore des sentiments..\u00a0\u00bb J\u2019ai finis par mettre de la distance entre nous, sans aucun contacte. Aujourd\u2019hui j\u2019ai peur d\u2019avoir perdu une chance de reconstruire quelques choses avec lui. Et d\u2019un autre coter je me demande si il fessait preuve de violence. Il avait d\u00e9j\u00e0 aussi crier sur sa m\u00e8re ou sa s\u0153ur.<br \/>\r\n<br \/>\r\n<\/div><br \/>\r\n<div class=\"bg-grey p2\"><br \/>\r\n<h3><\/h3><br \/>\r\n<h3><\/p><\/div><\/div><div class='response'><h5>Response<\/h5><div class='vqf_fixed_width_text'><p><\/h3><br \/>\r\nBonjour,<br \/>\r\n<br \/>\r\nTon copain et toi \u00eates s\u00e9par\u00e9s depuis quelques mois et tu te demandes si c\u2019est ta faute. En coupant contact, tu crains avoir perdu une chance de construire une relation avec lui et d\u2019un autre c\u00f4t\u00e9 tu te demandes s\u2019il avait recours \u00e0 la violence.<br \/>\r\n<br \/>\r\nLes hurlements, les insultes, les menaces, le d\u00e9nigrement lorsqu\u2019il te disait que tu \u00ab\u00a0n\u2019en valais pas la peine\u00a0\u00bb sont bien des <a href=\"https:\/\/dev-vqf.creatives.com\/fr\/informations\/violence\/psychologique\">actes de violence psychologique<\/a>. Ces violences ne laissent pas de marques sur ton corps mais font tr\u00e8s mal et ont de nombreuses cons\u00e9quences n\u00e9fastes sur la sant\u00e9. La culpabilit\u00e9 que tu ressens en est certainement une. Lorsqu\u2019on est victime, on commence \u00e0 douter de nos comportements et on pense que c\u2019est \u00e0 nous de changer pour que la situation s\u2019am\u00e9liore. Or, ce n\u2019est pas ta faute s\u2019il a agi ainsi car c\u2019est la personne qui a recourt \u00e0 la violence qui est responsable de ses actes et ses r\u00e9actions violentes.<br \/>\r\n<br \/>\r\nTu sembles regretter d\u2019avoir coup\u00e9 contact. Cependant, ce que tu as fait c\u2019est de te prot\u00e9ger en t\u2019\u00e9loignant de cette situation de violence, o\u00f9 ton copain avait une emprise sur toi. La violence d\u00e9truit une relation, il est donc difficile de construire une relation si un cycle de violence s\u2019est install\u00e9.<br \/>\r\n<br \/>\r\nAfin d'\u00e9valuer simplement si une relation prend la direction d'une relation abusive, il y a le \"<a href=\"https:\/\/www.centre-hubertine-auclert.fr\/sites\/default\/files\/images\/violentometre_maj_10072019_web.pdf\" target=\"_blank\" rel=\"noopener\">violentometre<\/a>\" qui permet avec des exemples concrets de cerner si de la violence est pr\u00e9sente au sein du couple.<br \/>\r\n<br \/>\r\nNous te proposons \u00e9galement de consulter notre page <a href=\"https:\/\/dev-vqf.creatives.com\/fr\/jeunes\/jeunes_tendrement\/saimer-cest-quoi\">\u00ab\u00a0s\u2019aimer c\u2019est quoi\u00a0?\u00a0\u00bb<\/a> qui d\u00e9crit les bases d\u2019une relation amoureuse sans violence.<br \/>\r\n<br \/>\r\n&nbsp;<br \/>\r\n<br \/>\r\nNous esp\u00e9rons que ces pistes t\u2019aideront dans ta r\u00e9flexion et restons \u00e0 dispositions si tu as d\u2019autres questions. Bien \u00e0 toi.<br \/>\r\n<br \/>\r\n<\/div><\/div><\/div><\/div><\/div><\/div><div class='qa_acc_item'><span class='acc_toggler'><\/span><div class='item_header'><h3>Une amie souffre de stalking de la part de son ex, puis-je aviser la police?<h3><div class='vqf_fixed_width_text'><p>05 septembre 2021 - cab... Est-ce l\u00e9gale si j'avise la police de ce harc\u00e8llement ? Car je crains le pire, pour cette amie. Cet homme est instable. L'amie en question se trouve dans un \u00e9tat d\u00e9pressif, vid\u00e9 de courage ......<\/p><\/div><\/div><div class='item_body'><div class='quesion_response_block'><div class='question'><h5>Question<\/h5><div class='vqf_fixed_width_text'><div class=\"box-question p2\"><br \/>\r\n<p class=\"color-grey small mt1 mb0\">05 septembre 2021 - cab...<\/p><br \/>\r\nEst-ce l\u00e9gale si j'avise la police de ce harc\u00e8llement ?<br \/>\r\n<br \/>\r\nCar je crains le pire, pour cette amie. Cet homme est instable. L'amie en question se trouve dans un \u00e9tat d\u00e9pressif, vid\u00e9 de courage ... c'est pourquoi je me permets de poser ces questions.<br \/>\r\n<br \/>\r\n<\/div><br \/>\r\n<div class=\"bg-grey p2\"><br \/>\r\n<h3><\/h3><br \/>\r\n<h3><\/p><\/div><\/div><div class='response'><h5>Response<\/h5><div class='vqf_fixed_width_text'><p><\/h3><br \/>\r\nBonjour Madame,<br \/>\r\n<br \/>\r\nVotre amie est victime de harc\u00e8lement et de diffamation d\u2019un ex-ami. Vous vous demandez si vous avez le droit d\u2019en aviser la police, votre amie \u00e9tant dans un \u00e9tat d\u00e9pressif vous aimeriez l\u2019aider.<br \/>\r\n<br \/>\r\nVous avez bien fait de nous \u00e9crire et ne pas laisser votre amie seule dans cette situation. Son \u00e9tat semble inqui\u00e9tant et si ce n\u2019est pas d\u00e9j\u00e0 fait, nous sugg\u00e9rons vivement\u00a0qu\u2019elle consulte son m\u00e9decin ou un-e <a href=\"https:\/\/www.psychologie.ch\/fr\/recherche-de-psy\" target=\"_blank\" rel=\"noopener\">psychologue\/psychoth\u00e9rapeute<\/a> pour \u00e9valuer son \u00e9tat de sant\u00e9 et recevoir les soins n\u00e9cessaires.<br \/>\r\n<br \/>\r\nVous pouvez appeler la police si votre amie se trouve en danger ou si son ex-ami se rend \u00e0 son domicile par exemple. Cependant dans le cas de diffamation et d'utilisation abusive d'un moyen de communication pour inqui\u00e9ter ou importuner, il est n\u00e9cessaire que la personne concern\u00e9e porte plainte.<br \/>\r\n<br \/>\r\nPour\u00a0commencer, votre amie peut lui envoyer un message clair en disant qu\u2019elle ne veut plus qu\u2019il la contacte et le bloquer de son t\u00e9l\u00e9phone.<br \/>\r\n<br \/>\r\nSi cet ex-ami continue, vous pouvez l\u2019accompagner aupr\u00e8s d\u2019un poste de police pour qu'elle\u00a0<a href=\"https:\/\/dev-vqf.creatives.com\/fr\/victimes\/victimes_que-faire\/vos-droits\" target=\"_blank\" rel=\"noopener\">porte plainte<\/a>\u00a0contre lui\u00a0pour diffamation et utilisation abusive d'un moyen de communication pour inqui\u00e9ter ou importuner. Il est parfois n\u00e9cessaire de le faire plusieurs fois avant que l\u2019auteur-e de violence arr\u00eate ces comportements. Ces actes qui peuvent \u00eatre poursuivis sur plainte doivent \u00eatre signal\u00e9s dans un d\u00e9lai de trois mois depuis les actes de violence.<br \/>\r\n<br \/>\r\nUne\u00a0plainte p\u00e9nale peut\u00a0\u00eatre d\u00e9pos\u00e9e aupr\u00e8s de la police ou du minist\u00e8re public, par \u00e9crit ou oralement. Elle peut\u00a0adresser un courrier au minist\u00e8re public. Dans le canton de Fribourg, votre amie peut demander du soutien aupr\u00e8s de Solidarit\u00e9 femmes- <a href=\"https:\/\/www.sf-lavi.ch\/\" target=\"_blank\" rel=\"noopener\">Centre LAVI<\/a>\u00a0(<strong>026 322 22 02<\/strong>) pour la r\u00e9daction de ce courrier.\u00a0 Elle pourra aussi recevoir des informations pr\u00e9cises tout au long de sa d\u00e9marche et \u00eatre accompagn\u00e9e par des professionnelles qui pourront \u00e9valuer la situation et la conseiller au mieux. Les entretiens avec les professionnelles du Centre LAVI sont gratuits et confidentiels.<br \/>\r\n<br \/>\r\nNous restons \u00e0 disposition si vous avez d'autres questions ou que vous souhaitez nous donner des nouvelles. Meilleures salutations.<br \/>\r\n<br \/>\r\n<\/div><\/div><\/div><\/div><\/div><\/div><div class='qa_acc_item'><span class='acc_toggler'><\/span><div class='item_header'><h3>Est-ce de ma faute?<h3><div class='vqf_fixed_width_text'><p>02 septembre 2021 - Azu... Tout allait bien dans mon couple mais pendant plusieurs mois j\u2019ai commencer \u00e0 avoir une l\u00e9g\u00e8re d\u00e9pression. Moi est mon copain pouvions difficilement nous voir \u00e0 cause du Covid. J\u2019\u00e9tais un peu plus paniqu\u00e9e. Et...<\/p><\/div><\/div><div class='item_body'><div class='quesion_response_block'><div class='question'><h5>Question<\/h5><div class='vqf_fixed_width_text'><div class=\"box-question p2\"><br \/>\r\n<p class=\"color-grey small mt1 mb0\">02 septembre 2021 - Azu...<\/p><br \/>\r\nTout allait bien dans mon couple mais pendant plusieurs mois j\u2019ai commencer \u00e0 avoir une l\u00e9g\u00e8re d\u00e9pression. Moi est mon copain pouvions difficilement nous voir \u00e0 cause du Covid. J\u2019\u00e9tais un peu plus paniqu\u00e9e. Et durant certaines discussions, je lui reprochait doucement de para\u00eetre un peu froid ou distant parfois.<br \/>\r\n<br \/>\r\nA chaque fois il s\u2019\u00e9nerverait criait en m\u2019insultant, me disant d\u2019aller me faire foutre, d\u2019aller chier. Un jour il m\u2019a menacer de me quitter si je ne venais pas faire ce qu\u2019il voulait. Puis avec les mois les sch\u00e9mas se r\u00e9p\u00e9tait, je n\u2019\u00e9tais pas heureuse en quand j\u2019en parlais, du manque ou des petites choses que j\u2019aimais qui me manques, je finissais par culpabiliser. Pendant un moment j\u2019ai eu peur, je fesais attention \u00e0 mes mots, je ne voulais pas dire quelque chose qui l\u2019enerve ou me prendre une nouvelle remarque peu agr\u00e9able en pleine face. A chaques reproches de ma part, \u00e0 nouveau des insultes et de la col\u00e8re, parfois il lan\u00e7ait des objets dans la pi\u00e8ce ou frappait fort sur son bureau. Il finissait par hurler \u00ab\u00a0C\u2019est toujours moi le fautif, moi le grand m\u00e9chant.\u00a0\u00bb je n\u2019arrivais pas \u00e0 avoir une discussion avec lui, au finale je finissais toujours par m\u2019excuser, regrettant de m\u2019\u00eatre plainte.<br \/>\r\n<br \/>\r\nIl m\u2019a fait plusieurs ultimatum, me demandant de redevenir comme avant, je ne comprenais pas, je n\u2019arrivais pas \u00e0 cerner ce que je devais faire, dire. J\u2019essayais d\u2019\u00eatre moi-m\u00eame mais avec lui je n\u2019y arrivais plus, et je ne pouvais plus vraiment lui parler simplement, je r\u00e9fl\u00e9chissais \u00e0 tout, tout le temps.<br \/>\r\n<br \/>\r\nAu finale j\u2019ai c\u00e9der \u00e0 ces demandes, j\u2019ai essayer de faire tout les efforts possible, en le suppliant \u00e0 chaque menace et ultimatum.<br \/>\r\n<br \/>\r\nSuis-je responsable de quoi que se soit ? Les reproches \u00e9tait-il d\u00e9plac\u00e9, ou est-ce sa r\u00e9action qui semblait d\u00e9plac\u00e9 ? J\u2019aimerais comprendre pour pouvoir avancer et arr\u00eater de continuellement me remettre en question.<br \/>\r\n<br \/>\r\n<\/div><br \/>\r\n<div class=\"bg-grey p2\"><br \/>\r\n<h3><\/h3><br \/>\r\n<h3><\/p><\/div><\/div><div class='response'><h5>Response<\/h5><div class='vqf_fixed_width_text'><p><\/h3><br \/>\r\nBonjour,<br \/>\r\n<br \/>\r\nCela fait plusieurs mois que ton copain et toi vivez une p\u00e9riode difficile. Lorsque tu lui communiquais ce que tu ressentais et ce dont tu avais besoin, ton copain usait de <a href=\"https:\/\/dev-vqf.creatives.com\/fr\/informations\/violence\/psychologique\" target=\"_blank\" rel=\"noopener\">violence psychologique<\/a> (insultes, cris, ignorance, chantage, intimidations) qui t\u2019ont fait perdre confiance en toi et culpabiliser. Tu craignais de faire quoi que ce soit qui ne lui convienne pas et tu as fait beaucoup d\u2019efforts pour changer et t\u2019adapter, ne pouvant finalement plus \u00eatre toi-m\u00eame avec lui. Tu te demandes si tu es fautive ou si ce sont ses r\u00e9actions qui sont d\u00e9plac\u00e9es.<br \/>\r\n<br \/>\r\nTout d\u2019abord nous te f\u00e9licitons d\u2019avoir eu le courage de nous parler de ta relation et nous esp\u00e9rons que tu as demand\u00e9 de l\u2019aide pour ta d\u00e9pression l\u00e9g\u00e8re. Si ce n\u2019est pas le cas, nous te sugg\u00e9rons vivement d\u2019en parler \u00e0 ton m\u00e9decin traitant ou directement \u00e0 un-e <a href=\"https:\/\/www.psychologie.ch\/fr\/recherche-de-psy\" target=\"_blank\" rel=\"noopener\">psychologue\/psychoth\u00e9rapeute<\/a> qui pourra \u00e9valuer ton \u00e9tat de sant\u00e9 et te proposer un petit suivi si n\u00e9cessaire. Lorsque tu as des moments o\u00f9 \u00e7a ne va pas, tu peux toujours appeler quelqu\u2019un en qui tu as confiance pour discuter (entourage) ou <strong>la Main Tendue au 143<\/strong>.<br \/>\r\n<br \/>\r\nComme dit plus haut, ton copain a r\u00e9agi de mani\u00e8re violente lorsque tu lui faisais des reproches (qui ne sont pas de la violence s\u2019il s\u2019agit bien de la communication de tes besoins et de tes attentes dans cette relation). Sache que ce n\u2019est jamais la faute de la victime si la personne auteure de violence a ces comportements car il y a d\u2019autres mani\u00e8res possibles de r\u00e9agir pour donner son avis ou montrer son d\u00e9saccord dans une situation. Chacun-e est responsable de ses propres actions et r\u00e9actions.<br \/>\r\n<br \/>\r\nLorsque l\u2019autre recourt \u00e0 la violence avec nous, on peut facilement avoir peur, se remettre en question sans cesse, culpabiliser et donc vouloir se rattraper en pensant que c\u2019est notre faute. <a href=\"https:\/\/dev-vqf.creatives.com\/fr\/informations\/consequences\/pour-les-victimes\" target=\"_blank\" rel=\"noopener\">Ces cons\u00e9quences<\/a> de la violence font qu\u2019on est facilement pris dans un <a href=\"https:\/\/dev-vqf.creatives.com\/fr\/informations\/cycle-de-la-violence\" target=\"_blank\" rel=\"noopener\">engrenage qui ne s\u2019arr\u00eate plus, qui se r\u00e9p\u00e8te et souvent s\u2019intensifie avec le temps<\/a>. C\u2019est pourquoi il est n\u00e9cessaire de s\u2019en prot\u00e9ger en mettant des limites ou en s\u2019\u00e9loignant. Afin d'\u00e9valuer simplement si une relation prend la direction d'une relation abusive, il y a le \"<a href=\"https:\/\/www.centre-hubertine-auclert.fr\/sites\/default\/files\/images\/violentometre_maj_10072019_web.pdf\" target=\"_blank\" rel=\"noopener\">violentometre<\/a>\" qui permet avec des exemples concr\u00eats de cerner si de la violence est pr\u00e9sente au sein du couple.<br \/>\r\n<br \/>\r\nNous esp\u00e9rons que ces explications t\u2019\u00e9claireront sur ce qui s\u2019est pass\u00e9. A pr\u00e9sent, que penses-tu faire pour la suite\u00a0?<br \/>\r\n<br \/>\r\nTu peux contacter le <a href=\"https:\/\/savi-ne.ch\/\" target=\"_blank\" rel=\"noopener\">SAVI<\/a> (service d'aide aux victimes, <strong>032 886 46 36<\/strong>) si tu as besoin de soutien dans cette situation.\u00a0Leur ligne t\u00e9l\u00e9phonique\u00a0est ouverte tous les jours\u00a0de 14h00 \u00e0 21h00, sauf le samedi de 9h00 \u00e0 12h00 et le dimanche de 18h00 \u00e0 21h00.<br \/>\r\n<br \/>\r\nNous restons \u00e0 disposition si tu as d\u2019autres questions ou que tu souhaites nous r\u00e9pondre. Nos meilleures pens\u00e9es t\u2019accompagnent.<br \/>\r\n<br \/>\r\n<\/div><\/div><\/div><\/div><\/div><\/div><div class='qa_acc_item'><span class='acc_toggler'><\/span><div class='item_header'><h3>Je n&#8217;arrive pas \u00e0 canaliser toute la violence en moi et j&#8217;ai honte. comment faire?<h3><div class='vqf_fixed_width_text'><p>30 ao\u00fbt 2021 - kob... comment je fais pour calmer toute cette violence en moi ? en lisant certains points j\u2019ai limite l\u2019impression qu\u2019on me d\u00e9crit. toute cette violence que j\u2019arrive pas a canaliser me remplit de honte.<\/p><\/div><\/div><div class='item_body'><div class='quesion_response_block'><div class='question'><h5>Question<\/h5><div class='vqf_fixed_width_text'><div class=\"box-question p2\"><br \/>\r\n<p class=\"color-grey small mt1 mb0\">30 ao\u00fbt 2021 - kob...<\/p><br \/>\r\ncomment je fais pour calmer toute cette violence en moi ? en lisant certains points j\u2019ai limite l\u2019impression qu\u2019on me d\u00e9crit. toute cette violence que j\u2019arrive pas a canaliser me remplit de honte.<br \/>\r\n<br \/>\r\n<\/div><br \/>\r\n<div class=\"bg-grey p2\"><br \/>\r\n<h3><\/h3><br \/>\r\n<h3><\/p><\/div><\/div><div class='response'><h5>Response<\/h5><div class='vqf_fixed_width_text'><p><\/h3><br \/>\r\nBonjour,<br \/>\r\n<br \/>\r\nAvant toute chose, nous tenons \u00e0 souligner la d\u00e9marche que tu as entreprise en \u00e9crivant sur notre site. Identifier que tu as exerc\u00e9 des actes de violence peut \u00eatre difficile \u00e0 reconna\u00eetre ; cela demande du courage que de consid\u00e9rer cela comme un probl\u00e8me et de vouloir changer la situation.<br \/>\r\n<br \/>\r\nDans ta question, tu as nomm\u00e9 ressentir de la honte. Cela s\u2019apparente \u00e0 un sentiment d\u00e9sagr\u00e9able, bien que nous tenions aussi \u00e0 souligner qu\u2019il est parfois porteur d\u2019une remise en question et d\u2019une volont\u00e9 de changement. Peut-\u00eatre est-ce le cas pour toi\u00a0? Dans tous les cas, face \u00e0 ce sentiment lourd et par moment envahissant, il est important de ne pas rester seul et de contacter une aide sp\u00e9cialis\u00e9e.<br \/>\r\n<br \/>\r\nEn vue de trouver des solutions et afin de s\u2019approcher du calme dans les situations difficiles, nous te proposons d\u2019appeler <a href=\"https:\/\/www.vires.ch\/\" target=\"_blank\" rel=\"noopener\">l\u2019Association Vires<\/a> \u00e0 Gen\u00e8ve qui prend en charge les personnes ayant eu recours \u00e0 la violence\u00a0; voici leur num\u00e9ro\u00a0: <strong>022\/328.44.33<\/strong>.<br \/>\r\n<br \/>\r\nDans l\u2019attente d\u2019un premier rendez-vous, nous te recommandons d\u2019aller consulter le plan d\u2019urgence sur cette<a href=\"https:\/\/dev-vqf.creatives.com\/fr\/auteurs\/auteurs_que-faire\/plan-durgence\" target=\"_blank\" rel=\"noopener\"> page<\/a>. Celle-ci te permettra peut-\u00eatre de d\u00e9velopper des strat\u00e9gies dans les moments o\u00f9 tu risquerais d\u2019exercer de la violence.<br \/>\r\n<br \/>\r\nDans l\u2019espoir que tu puisses trouver des d\u00e9buts de r\u00e9ponse dans nos lignes, nous te souhaitons d\u2019oser d\u00e9passer la honte qui t\u2019habite pour obtenir l\u2019aide que tu m\u00e9rites. Notre porte reste ouverte si tu souhaites \u00e9galement nous en dire un peu plus sur ta situation.<br \/>\r\n<br \/>\r\n<\/div><\/div><\/div><\/div><\/div><\/div><div class='qa_acc_item'><span class='acc_toggler'><\/span><div class='item_header'><h3>T\u00e9moin de violence conjugale<h3><div class='vqf_fixed_width_text'><p>30 ao\u00fbt 2021 - eli... Bonsoir, Mon amie et moi sommes t\u00e9moins de violence de plus en plus r\u00e9p\u00e9titives de la part d'une amie envers sa copine.(partenaire) Hier soir, elles sont fini a l'h\u00f4pital car notre amie (l'agresseure) a p\u00e9t\u00e9...<\/p><\/div><\/div><div class='item_body'><div class='quesion_response_block'><div class='question'><h5>Question<\/h5><div class='vqf_fixed_width_text'><div class=\"box-question p2\"><br \/>\r\n<p class=\"color-grey small mt1 mb0\">30 ao\u00fbt 2021 - eli...<\/p><br \/>\r\nBonsoir, Mon amie et moi sommes t\u00e9moins de violence de plus en plus r\u00e9p\u00e9titives de la part d'une amie envers sa copine.(partenaire) Hier soir, elles sont fini a l'h\u00f4pital car notre amie (l'agresseure) a p\u00e9t\u00e9 les plombs pour la \u00e9ni\u00e8me fois. Les psychiatres qu'elle a vu expliquent qu'elle a un r\u00e9el trouble. Nous ne savons pas quoi faire car sa partenaire n'a plus les id\u00e9es claires et n'arrive m\u00eame plus ni \u00e0 manger ni a dormir, elle vit dans la peur car en plus elles habitent ensemble. Du point de vue des personnes qui les entourent, elle est totalement prise au pi\u00e8ge dans ce couple. Il semblerait que m\u00eame le p\u00e8re de cette fille n'a pas envie de la ravoir a la maison car elle a d\u00e9j\u00e0 \u00e9t\u00e9 tr\u00e8s toxique pour sa famille. Nous ne savons plus quoi faire et notre amie est r\u00e9ellement en danger<br \/>\r\n<br \/>\r\n<\/div><br \/>\r\n<div class=\"bg-grey p2\"><br \/>\r\n<h3><\/h3><br \/>\r\n<h3><\/p><\/div><\/div><div class='response'><h5>Response<\/h5><div class='vqf_fixed_width_text'><p><\/h3><br \/>\r\nBonjour,<br \/>\r\n<br \/>\r\nTon amie et toi, vous \u00eates t\u00e9moin de violence de plus en plus r\u00e9p\u00e9titives de la part d'une amie envers sa partenaire. Votre amie, qui subit les violences, n'a plus les id\u00e9es claires, elle ne mange plus, elle ne dort plus et vit dans la peur. Vous pensez qu'elle est en danger et vous ne savez plus quoi faire.<br \/>\r\n<br \/>\r\nNous te f\u00e9licitons pour ton engagement envers ton amie et nous t'encourageons \u00e0 continuer d'\u00e9couter tes ressentis. La violence se manifeste la plupart du temps sous forme de\u00a0<a href=\"https:\/\/dev-vqf.creatives.com\/fr\/informations\/cycle-de-la-violence\" target=\"_blank\" rel=\"noopener\">cycles<\/a>, avec des phases de plus en plus rapproch\u00e9es et des violences de plus en plus graves. Il\u00a0est difficile pour la\u00a0personne victime de s'en sortir seule. Sous la pression et la peur elle est souvent dans un \u00e9tat de confusion et elle perd ses rep\u00e8res.\u00a0<a href=\"https:\/\/dev-vqf.creatives.com\/fr\/entourage\/entourage_victime\/ecouter-et-soutenir\" target=\"_blank\" rel=\"noopener\">Le soutien<\/a><span class=\"apple-converted-space\">\u00a0<\/span>que ton amie et toi lui apportez peut donc \u00eatre d\u00e9terminant. Vous deux ne pouvez\u00a0pas r\u00e9soudre leur situation \u00e0 leur place. Mais vous\u00a0pouvez, selon vos moyens, les aider \u00e0 utiliser leur \u00e9nergie non plus pour tenir face \u00e0 la violence mais pour en sortir.<br \/>\r\n<br \/>\r\nNous vous\u00a0conseillons de parler avec votre amie de l'association<span class=\"apple-converted-space\">\u00a0<\/span><a href=\"https:\/\/www.avvec.ch\/fr\/intimate-partner-violence\/la-violence-conjugale\" target=\"_blank\" rel=\"noopener\">AVVEC<\/a>\u00a0qui aide les personnes victimes de violence dans le couple. Elle peut les appeler au<span class=\"apple-converted-space\">\u00a0<\/span><strong>022\/797.10.10.<\/strong><span class=\"apple-converted-space\">\u00a0<\/span>Des sp\u00e9cialistes l'\u00e9couteront et la conseilleront de mani\u00e8re confidentielle et gratuite. Si besoin un h\u00e9bergement d'urgence provisoire et gratuit pourra lui \u00eatre propos\u00e9, le temps qu'une solution soit trouv\u00e9e. Une aide psychologique pourra aussi lui \u00eatre offerte.<br \/>\r\n<br \/>\r\nSi la situation venait \u00e0 s'empirer et qu'il y a un danger pour ton amie, elle ou toi-m\u00eame, vous pouvez appeler la police au\u00a0<strong>117 <\/strong>qui interviendra si n\u00e9cessaire<strong>.\u00a0<\/strong>La violence dans une relation de couple est<span class=\"apple-converted-space\">\u00a0<\/span><a href=\"https:\/\/dev-vqf.creatives.com\/fr\/informations\/loi\" target=\"_blank\" rel=\"noopener\">interdite par la loi<\/a>.<br \/>\r\n<br \/>\r\nElle peut aussi nous \u00e9crire via notre site si elle le souhaite. Nous esp\u00e9rons que ces pistes vous aideront et nous restons \u00e0 votre disposition pour d'autres questions, car soutenir une personne dans cette situation n'est pas facile.<br \/>\r\n<br \/>\r\nNous vous souhaitons courage et nous vous envoyons nos meilleures pens\u00e9es.<br \/>\r\n<br \/>\r\n<\/div><\/div><\/div><\/div><\/div><\/div><div class='qa_acc_item'><span class='acc_toggler'><\/span><div class='item_header'><h3>Je suis t\u00e9moin auditive de violences conjugales chez mes voisins, vers qui me tourner?<h3><div class='vqf_fixed_width_text'><p>28 ao\u00fbt 2021 - cha... Bonjour, je suis dans une situation d\u00e9licate, j\u2019entends des bruits fort, des pleurs, des insultes de mes voisins, je soup\u00e7onne qu\u2019il y a des coups mais j\u2019en suis pas s\u00fbre. Je ne sais pas vers...<\/p><\/div><\/div><div class='item_body'><div class='quesion_response_block'><div class='question'><h5>Question<\/h5><div class='vqf_fixed_width_text'><div class=\"box-question p2\"><br \/>\r\n<p class=\"color-grey small mt1 mb0\">28 ao\u00fbt 2021 - cha...<\/p><br \/>\r\nBonjour,<br \/>\r\n<br \/>\r\nje suis dans une situation d\u00e9licate, j\u2019entends des bruits fort, des pleurs, des insultes de mes voisins, je soup\u00e7onne qu\u2019il y a des coups mais j\u2019en suis pas s\u00fbre.<br \/>\r\n<br \/>\r\nJe ne sais pas vers qui me retourner pour l\u2019aider?<br \/>\r\n<br \/>\r\n<\/div><br \/>\r\n<div class=\"bg-grey p2\"><br \/>\r\n<h3><\/h3><br \/>\r\n<h3><\/p><\/div><\/div><div class='response'><h5>Response<\/h5><div class='vqf_fixed_width_text'><p><\/h3><br \/>\r\nBonjour Madame,<br \/>\r\n<br \/>\r\nVous suspectez de la violence au sein du couple de vos voisins et vous nous demandez \u00e0 qui vous adresser pour obtenir de l'aide.<br \/>\r\n<br \/>\r\nVous avez bien fait de ne pas ignorer cette situation, l'entourage, comme les voisin-e-s, peuvent jouer un r\u00f4le important afin de permettre \u00e0 une personne victime de sortir du silence et lui permettre de se prot\u00e9ger.<br \/>\r\n<br \/>\r\nSi vous entendez \u00e0 nouveau des bruits qui laissent penser qu'une situation de violence explose \u00e0 nouveau, m\u00eame si vous n'\u00eates pas certaine, nous vous conseillons d'appeler la police au <strong>117<\/strong>. Cela permettra \u00e0 la police de venir constater sur place s'il s'agit d'une situation de violence domestique et expulser l'auteur-e du domicile pour une dur\u00e9e de 14 jours. Une fois l'expulsion du domicile prononc\u00e9e, une proc\u00e9dure se met en place et au besoin le tribunal peut prolonger cette interdiction d'acc\u00e8s au domicile de l'auteur-e. Ce laps de temps permet souvent \u00e0 la personne victime de r\u00e9fl\u00e9chir \u00e0 sa situation et \u00e9ventuellement mettre en place certaines d\u00e9marches juridiques pour se prot\u00e9ger.<br \/>\r\n<br \/>\r\nAussi, nous ne savons pas quels sont vos liens avec vos voisin-e-s. Si vous \u00eates suffisamment proche de votre voisin-e subissant de la violence, vous pourriez \u00e9galement ouvrir la discussion et demander si tout vas bien. Si il ou elle se confie \u00e0 vous, alors vous pourriez lui conseiller de s'adresser au <a href=\"https:\/\/www.profa.ch\/services-2\/centre-lavi\/\" target=\"_blank\" rel=\"noopener\">Centre LAVI<\/a> du canton de Vaud pour une aide juridique et un soutien psychologique. Les entretiens sont gratuits et confidentiels.<br \/>\r\n<br \/>\r\nEn esp\u00e9rant avoir r\u00e9pondu \u00e0 votre demande, nous restons \u00e0 votre disposition si ce n'est pas le cas ou si vous avez d'autres questions. Avec nos meilleurs messages.<br \/>\r\n<br \/>\r\n<\/div><\/div><\/div><\/div><\/div><\/div><div class='qa_acc_item'><span class='acc_toggler'><\/span><div class='item_header'><h3>Suite \u00e0 mon appel, la police a expuls\u00e9 mon mari du domicile. Sans moyen de garde pour mes enfants, est ce que j\u2019ai le droit de le faire rentrer vivre avec nous?<h3><div class='vqf_fixed_width_text'><p>28 ao\u00fbt 2021 - poi... Mon mari s\u2019est fait expulser du domicile suite \u00e0 mon appel \u00e0 la police il m\u2019a pas le droit de revenir. Mais moi je dois reprendre le travail dans une semaine et c\u2019est lui qui...<\/p><\/div><\/div><div class='item_body'><div class='quesion_response_block'><div class='question'><h5>Question<\/h5><div class='vqf_fixed_width_text'><div class=\"box-question p2\"><br \/>\r\n<p class=\"color-grey small mt1 mb0\">28 ao\u00fbt 2021 - poi...<\/p><br \/>\r\nMon mari s\u2019est fait expulser du domicile suite \u00e0 mon appel \u00e0 la police il m\u2019a pas le droit de revenir. Mais moi je dois reprendre le travail dans une semaine et c\u2019est lui qui garde les enfants vu qu\u2019il\u2019 il es au ch\u00f4mage. Je n\u2019ai pas les moyens financiers d\u2019engager une nounou. Est ce que j\u2019ai le droit de le faire rentrer vivre avec nous . M\u00eame si c\u2019est pendant les 30 jours d\u2019expulsion Car si je ne retourne pas travailler je serai licenci\u00e9e<br \/>\r\n<br \/>\r\n<\/div><br \/>\r\n<div class=\"bg-grey p2\"><br \/>\r\n<h3><\/h3><br \/>\r\n<h3><\/p><\/div><\/div><div class='response'><h5>Response<\/h5><div class='vqf_fixed_width_text'><p><\/h3><br \/>\r\nBonjour Madame,<br \/>\r\n<br \/>\r\nSuite \u00e0 votre appel, la police a expuls\u00e9 votre mari du domicile pour une dur\u00e9e de 30 jours. Sans moyen de garde pour vos enfants et devant retourner au travail, vous nous demandez si vous avez le droit de faire rentrer votre conjoint au domicile pour qu'il puisse assurer la garde de vos enfants.<br \/>\r\n<br \/>\r\nNous comprenons votre pr\u00e9occupation par rapport \u00e0 la garde de vos enfants. Pour r\u00e9pondre \u00e0 votre question, vous pouvez effectivement autoriser votre mari \u00e0 rentrer au domicile mais cela rendra la mesure d'expulsion caduque. Une possibilit\u00e9 serait d'appeler \u00e9galement le Tribunal d'arrondissement pour expliquer votre situation.<br \/>\r\n<br \/>\r\nNous nous permettons de proposer une autre option pour la garde de vos enfants:<br \/>\r\n<br \/>\r\nDans le canton de Vaud, la Croix rouge propose le service <a href=\"https:\/\/croixrougevaudoise.ch\/prestations\/parents-rescousse\/\" target=\"_blank\" rel=\"noopener\">Parents-Rescousse<\/a> pour les parents rencontrant des difficult\u00e9s personnelles qui ont besoin d'une solution de garde urgente pour leurs enfants. Vous pouvez appeler au <strong>021 340 00 80\/81 <\/strong>et vous renseigner sur ce que vous pouvez b\u00e9n\u00e9ficier.<br \/>\r\n<br \/>\r\nNous restons \u00e0 votre disposition si vous souhaitez nous donner des nouvelles de la situation ou pour toute autre question. Nos meilleures pens\u00e9es vous accompagnent.<br \/>\r\n<br \/>\r\n<\/div><\/div><\/div><\/div><\/div><\/div><div class='qa_acc_item'><span class='acc_toggler'><\/span><div class='item_header'><h3>Mon mari peut me pousser mais ne me frappe pas. Mon fils vit la m\u00eame chose que moi.<h3><div class='vqf_fixed_width_text'><p>20 ao\u00fbt 2021 - Sko... Mon mari n'est pas toujours correcte avec mou, il crie souvent, hausse la voix, insulte , peut me pousser mais ne frappe pas. Par contre, mon fils qui subit la m\u00eame chose que moi, r\u00e9agit...<\/p><\/div><\/div><div class='item_body'><div class='quesion_response_block'><div class='question'><h5>Question<\/h5><div class='vqf_fixed_width_text'><div class=\"box-question p2\"><br \/>\r\n<p class=\"color-grey small mt1 mb0\">20 ao\u00fbt 2021 - Sko...<\/p><br \/>\r\nMon mari n'est pas toujours correcte avec mou, il crie souvent, hausse la voix, insulte , peut me pousser mais ne frappe pas. Par contre, mon fils qui subit la m\u00eame chose que moi, r\u00e9agit \u00e0 ce comportement en cassant des objets ou en frappant son p\u00e8re.<br \/>\r\n<br \/>\r\n<\/div><br \/>\r\n<div class=\"bg-grey p2\"><br \/>\r\n<h3><\/h3><br \/>\r\n<h3><\/p><\/div><\/div><div class='response'><h5>Response<\/h5><div class='vqf_fixed_width_text'><p><\/h3><br \/>\r\nBonjour Madame,<br \/>\r\n<br \/>\r\nVous nous \u00e9crivez pour nous dire que votre mari crie souvent, vous insulte et vous pousse.Votre fils, qui subit les m\u00eames agissements de la part de son p\u00e8re, r\u00e9agit diff\u00e9remment en cassant des objets ou en le frappant.<br \/>\r\n<br \/>\r\nVous ne formulez pas \u00e0 proprement dit de questions, mais l\u2019on peut imaginer que vous cherchiez de l\u2019aide.<br \/>\r\n<br \/>\r\nTout d\u2019abord il est important de vous dire que les violences que vous \u00e9voquez sont non seulement d\u2019ordre <a href=\"https:\/\/dev-vqf.creatives.com\/fr\/informations\/violence\/psychologique\" target=\"_blank\" rel=\"noopener\">psychologique <\/a>(cris, insultes) mais aussi<a href=\"https:\/\/dev-vqf.creatives.com\/fr\/informations\/violence\/physique\" target=\"_blank\" rel=\"noopener\"> physique<\/a> (le fait de pousser quelqu\u2019un).<br \/>\r\n<br \/>\r\nEffectivement, au niveau de la loi suisse, le fait de pousser \u00e0 plusieurs reprises quelqu\u2019un est consid\u00e9r\u00e9 comme une infraction au code p\u00e9nal suisse et est interdite par <a href=\"https:\/\/dev-vqf.creatives.com\/fr\/informations\/loi\" target=\"_blank\" rel=\"noopener\">la loi.<\/a> Ce sont ce que l'on appelle des voies de fait (art. 126 du code p\u00e9nal suisse). Votre mari ne vous \u00ab\u00a0frappe\u00a0\u00bb peut-\u00eatre pas, mais le fait de vous pousser quelques fois est d\u00e9j\u00e0 une violence physique en soi.<br \/>\r\n<br \/>\r\nVotre fils, qui subit les m\u00eames actes que vous, est \u00e9galement victime de son p\u00e8re. Il r\u00e9agit \u00e0 sa mani\u00e8re, par un retour de violence certes, mais sans doute ne sachant pas comment r\u00e9agir et on peut imaginer, pour vous prot\u00e9ger aussi.<br \/>\r\n<br \/>\r\nIl est important que ces violences intrafamiliales cessent au plus vite car vous devez \u00eatre tous les trois en souffrance. Ces violences sournoises, qu'on tend souvent \u00e0 minimiser, atteignent pourtant profond\u00e9ment l'estime de soi et la sant\u00e9 des victimes directes et des enfants lorsqu'ils en sont t\u00e9moins.<br \/>\r\n<br \/>\r\nPour trouver de l\u2019aide relative \u00e0 votre situation, vous pouvez contacter le <a href=\"https:\/\/www.vs.ch\/web\/sas\/lavi-beneficiaires\" target=\"_blank\" rel=\"noopener\">Centre d\u2019Aide aux Victimes d\u2019Infractions \u00e0 Sio<\/a>n qui propose des consultations gratuites et confidentielles pour vous et pour votre fils. Les professionnel-le-s peuvent vous orienter au besoin vers un-e th\u00e9rapeute, vers un-e avocat-e et vous donner des conseils en lien direct avec votre situation. Vous pouvez les appeler au num\u00e9ro suivant: <strong>027\u00a0607 31 00\u00a0 <\/strong>afin de convenir d'un rendez-vous. <strong>Les entretiens sont gratuits et confidentiels<\/strong>.<br \/>\r\n<br \/>\r\nIl existe aussi la <a href=\"http:\/\/www.lessentielles.ch\/\" target=\"_blank\" rel=\"noopener\">fondation l'Essentielles <\/a>qui vient en aide aux personnes victimes de violences au sein du couple et propose une permanence t\u00e9l\u00e9phonique au num\u00e9ro: <strong>079 320 98 70 , <\/strong>un entretien individuel permettant de faire le point sur votre situation.<strong><br \/>\r\n<\/strong><br \/>\r\n<br \/>\r\nEnfin pour votre s\u00e9curit\u00e9 et celle de votre fils, en cas de nouvelle situation de violences, vous pouvez aussi faire appel \u00e0 la police, au <strong>117.<\/strong> Ces derniers pourraient prendre la d\u00e9cision d'expulser votre mari du domicile pour quelques jours, en attendant une audience au tribunal civil. C'est une mesure de protection que la police peut d\u00e9cider en toute urgence en cas de violences physiques ou psychiques (menaces importantes).<br \/>\r\n<br \/>\r\nVotre message ne le dit pas, mais si votre fils devait encore \u00eatre mineur, vous pouvez aussi faire appel \u00e0 <a href=\"https:\/\/www.vs.ch\/web\/scj\/ope\" target=\"_blank\" rel=\"noopener\">l'Office de la Protection pour les Enfants.<\/a><br \/>\r\n<br \/>\r\nNous esp\u00e9rons vous avoir donn\u00e9 quelques pistes et restons bien entendu \u00e0 votre disposition si vous aviez des questions ou des commentaires \u00e0 nous faire. Notre porte reste ouverte, prenez bien soin de vous et de votre fils.<br \/>\r\n<br \/>\r\n<\/div><\/div><\/div><\/div><\/div><\/div><div class='qa_acc_item'><span class='acc_toggler'><\/span><div class='item_header'><h3>Je subis des violences verbales de mon ex-mari. J&#8217;ai besoin d&#8217;aide.<h3><div class='vqf_fixed_width_text'><p>17 ao\u00fbt 2021 - Pet... Bonjour, Je subis depuis 11 ans des violences verbales de mon ex-mari. Je ne sais plus comment faire... et mes deux ados en souffrent aussi. J'aurai besoin d'aide car je suis fatigu\u00e9e de cette situation.<\/p><\/div><\/div><div class='item_body'><div class='quesion_response_block'><div class='question'><h5>Question<\/h5><div class='vqf_fixed_width_text'><div class=\"box-question p2\"><br \/>\r\n<p class=\"color-grey small mt1 mb0\">17 ao\u00fbt 2021 - Pet...<\/p><br \/>\r\nBonjour,<br \/>\r\n<br \/>\r\nJe subis depuis 11 ans des violences verbales de mon ex-mari. Je ne sais plus comment faire... et mes deux ados en souffrent aussi. J'aurai besoin d'aide car je suis fatigu\u00e9e de cette situation.<br \/>\r\n<br \/>\r\n<\/div><br \/>\r\n<div class=\"bg-grey p2\"><br \/>\r\n<h3><\/h3><br \/>\r\n<h3><\/p><\/div><\/div><div class='response'><h5>Response<\/h5><div class='vqf_fixed_width_text'><p><\/h3><br \/>\r\nBonjour Madame,<br \/>\r\n<br \/>\r\nVous avez bien fait de nous contacter, <a href=\"https:\/\/dev-vqf.creatives.com\/fr\/victimes\/victimes_que-faire\/briser-le-silence\" target=\"_blank\" rel=\"noopener\">briser le silence<\/a> est un premier pas n\u00e9cessaire afin de sortir de la violence.\u00a0 Nous saluons votre d\u00e9marches de demander de l'aide! Les violences verbales constituent de la <a href=\"https:\/\/dev-vqf.creatives.com\/fr\/informations\/violence\/psychologique\" target=\"_blank\" rel=\"noopener\">violence psychologique<\/a> et ne plus savoir quoi faire et \u00eatre \u00e9puis\u00e9e\u00a0sont des r\u00e9actions normales dans une situation qui elle ne l'est pas.<br \/>\r\n<br \/>\r\n<a href=\"https:\/\/dev-vqf.creatives.com\/fr\/informations\/enfants-violence\" target=\"_blank\" rel=\"noopener\">Les enfants<\/a> sont aussi touch\u00e9s par la violence conjugale, m\u00eame si eux m\u00eame ne la subissent pas, le fait d'en \u00eatre t\u00e9moins peut avoir des cons\u00e9quences graves sur leur d\u00e9veloppement.<br \/>\r\n<br \/>\r\nNous vous encourageons \u00e0 poursuivre vos d\u00e9marches et \u00e0 faire le deuxi\u00e8me pas en ne restant pas seule face \u00e0 cette situation. Dans le canton de Vaud, le <a href=\"https:\/\/malleyprairie.ch\/\" target=\"_blank\" rel=\"noopener\">Centre MalleyPraire<\/a>\u00a0soutient les personnes victimes de violences domestiques. Vous pouvez les contacter au <strong>021\/620.76.76 <\/strong>ou par Email \u00e0<strong>info@malleyprairie.ch<\/strong> et demander un entretien \u00e0 Lausanne ou dans d'<a href=\"https:\/\/malleyprairie.ch\/ambulatoire\/\" target=\"_blank\" rel=\"noopener\">autres parties du canton de Vaud <\/a>en fonction de votre lieu de domicile.<strong>\u00a0<\/strong>Des sp\u00e9cialistes vous \u00e9couteront et vous conseilleron. Vous pourrez ainsi faire le point sur votre situation et r\u00e9fl\u00e9chir ensemble aux pistes possibles pour mettre un terme au <a href=\"https:\/\/dev-vqf.creatives.com\/fr\/informations\/cycle-de-la-violence\" target=\"_blank\" rel=\"noopener\">cycle de la violence<\/a>. <strong>Les entretiens sont gratuits et confidentiels.<\/strong><br \/>\r\n<br \/>\r\nNous esp\u00e9rons que la piste mentionn\u00e9e vous apportera l'aide dont vous avez besoin.<br \/>\r\n<br \/>\r\nNous restons \u00e0 votre disposition pour d'autres questions ou si vous souhaitez nous donner des nouvelles.<br \/>\r\n<br \/>\r\nNos meilleures pens\u00e9es vous accompagnent!<br \/>\r\n<br \/>\r\n<\/div><\/div><\/div><\/div><\/div><\/div><div class='qa_acc_item'><span class='acc_toggler'><\/span><div class='item_header'><h3>Je maltraite mon copain, nous n&#8217;arrivons pas \u00e0 communiquer&#8230;<h3><div class='vqf_fixed_width_text'><p>13 ao\u00fbt 2021 - Pha... Bonjour, Je maltraite mon copain car on n'arrive pas communiquer. De temp\u00e9rament calme, je ne me reconnais plus depuis que je suis avec lui.<\/p><\/div><\/div><div class='item_body'><div class='quesion_response_block'><div class='question'><h5>Question<\/h5><div class='vqf_fixed_width_text'><div class=\"box-question p2\"><br \/>\r\n<p class=\"color-grey small mt1 mb0\">13 ao\u00fbt 2021 - Pha...<\/p><br \/>\r\nBonjour,<br \/>\r\n<br \/>\r\nJe maltraite mon copain car on n'arrive pas communiquer. De temp\u00e9rament calme, je ne me reconnais plus depuis que je suis avec lui.<br \/>\r\n<br \/>\r\n<\/div><br \/>\r\n<div class=\"bg-grey p2\"><br \/>\r\n<h3><\/h3><br \/>\r\n<h3><\/p><\/div><\/div><div class='response'><h5>Response<\/h5><div class='vqf_fixed_width_text'><p><\/h3><br \/>\r\nBonjour Madame,<br \/>\r\n<br \/>\r\nVous nous \u00e9crivez pour nous faire part de maltraitance \u00e0 l'\u00e9gard de votre conjoint et c'est un premier pas courageux.<br \/>\r\n<br \/>\r\nVous nous faites part de difficult\u00e9s dans la communication.\u00a0Vous avez peut-\u00eatre de la peine \u00e0 exprimer vos besoins, vos d\u00e9saccords. Vous accumulez ainsi des frustrations ou des m\u00e9contentements jusqu'au moment o\u00f9 vous d\u00e9bordez. Votre difficult\u00e9 \u00e0 communiquer ne peut excuser le recours \u00e0 la violence. Il vous appartient d'apprendre \u00e0 rep\u00e9rer vos sentiments et de dire les choses avec respect.<br \/>\r\n<br \/>\r\nLa violence n'est pas une fatalit\u00e9 et vous pouvez en sortir. Il est important de noter qu'il est difficile de briser l'engrenage de la violence sans aide ext\u00e9rieure. Vous avez besoin d'aide et il est important que vous puissiez b\u00e9n\u00e9ficier d'une \u00e9coute et d'un soutien dans votre situation.<br \/>\r\n<br \/>\r\nDans le canton de Fribourg, vous pouvez faire appel \u00e0 l'association <a href=\"http:\/\/www.ex-pression.ch\/fr\">EX-pression<\/a>. Les intervenant-e-s\u00a0sont sp\u00e9cialis\u00e9-e-s dans les questions de violence et vous proposeront un accompagnement professionnel pour vous aider \u00e0 surmonter ces comportements et \u00e9viter la r\u00e9cidive. Vous pouvez les contacter par t\u00e9l\u00e9phone au <strong>0848 08 08 08<\/strong> ainsi que par email \u00e0 l'adresse : <a href=\"mailto:info@ex-pression.ch\">info@ex-pression.ch<\/a><br \/>\r\n<br \/>\r\nEn esp\u00e9rant avoir r\u00e9pondu au moins en partie \u00e0 vos interrogations, nous vous souhaitons bonne chance pour la suite et restons volontiers \u00e0 votre disposition pour r\u00e9pondre \u00e0 vos questions.<br \/>\r\n<br \/>\r\n<\/div><\/div><\/div><\/div><\/div><\/div><div class='qa_acc_item'><span class='acc_toggler'><\/span><div class='item_header'><h3>Je me sens maltrait\u00e9e psychologiquement et je subis de la violence verbale, que faire?<h3><div class='vqf_fixed_width_text'><p>10 ao\u00fbt 2021 - S&amp;A... J\u2019aimerais trouver une sortie ou une porte de secours pour pouvoir vivre ma vie avec deux enfants , mais je vis constamment dans le peut dans le doute j\u2019ai confiance en plus personne , je...<\/p><\/div><\/div><div class='item_body'><div class='quesion_response_block'><div class='question'><h5>Question<\/h5><div class='vqf_fixed_width_text'><div class=\"box-question p2\"><br \/>\r\n<p class=\"color-grey small mt1 mb0\">10 ao\u00fbt 2021 - S&amp;A...<\/p><br \/>\r\nJ\u2019aimerais trouver une sortie ou une porte de secours pour pouvoir vivre ma vie avec deux enfants , mais je vis constamment dans le peut dans le doute j\u2019ai confiance en plus personne , je me reconnais plus en tant que femme je veux vivre ma vie comme je l\u2019\u00e9tais avant de l\u2019avoir connu et d\u2019absout eu mes enfants que faire ?<br \/>\r\n<br \/>\r\n<\/div><br \/>\r\n<div class=\"bg-grey p2\"><br \/>\r\n<h3><\/h3><br \/>\r\n<h3><\/p><\/div><\/div><div class='response'><h5>Response<\/h5><div class='vqf_fixed_width_text'><p><\/h3><br \/>\r\nBonjour Madame,<br \/>\r\n<br \/>\r\nVous aimeriez vivre votre vie comme avant d\u2019avoir connu votre partenaire et avoir eu vos enfants. Vous \u00e9prouvez de la peur et vous vous m\u00e9fiez des autres. Vous nous \u00e9crivez car vous aimeriez trouver une sortie de secours.<span class=\"Apple-converted-space\">\u00a0<\/span><br \/>\r\n<br \/>\r\nNous pouvons imaginer\u00a0ce que vous ressentez, la <a href=\"https:\/\/dev-vqf.creatives.com\/fr\/informations\/violence\/psychologique\" target=\"_blank\" rel=\"noopener\">violence psychologique<\/a> a beaucoup de <a href=\"https:\/\/dev-vqf.creatives.com\/fr\/informations\/consequences\" target=\"_blank\" rel=\"noopener\">cons\u00e9quences n\u00e9fastes<\/a> sur la sant\u00e9 et la vie au quotidien. <a href=\"https:\/\/dev-vqf.creatives.com\/fr\/informations\/enfants-violence\" target=\"_blank\" rel=\"noopener\">Les enfants<\/a> en sont aussi touch\u00e9s car ils vivent sous ce climat de tensions. En demandant de l\u2019aide, vous avez fait un grand premier pas pour sortir de cette situation.<span class=\"Apple-converted-space\">\u00a0Nous vous remercions de votre confiance.<\/span><br \/>\r\n<br \/>\r\nNous vous sugg\u00e9rons de continuer vos d\u00e9marches en contactant des personnes sp\u00e9cialistes du domaine des violences qui pourront vous \u00e9couter et vous aider \u00e0 trouver des solutions concr\u00e8tes dans votre situation. Vous pouvez appeler la <a href=\"https:\/\/www.frauenhaus-schweiz.ch\/de\/frauenhaus-luzern\" target=\"_blank\" rel=\"noopener\">Frauenhaus<\/a> \u00e0 Lucerne au <a title=\"Telefon Frauenhaus Luzern 041 360 70 00\" href=\"tel:+41413607000\">041 360 70 00<\/a>.\u00a0Vous et vos enfants pourrez \u00eatre accompagn\u00e9s au mieux, discuter de vos besoins et savoir comment vous pouvez y r\u00e9pondre.<br \/>\r\n<br \/>\r\nUne fois que vous aurez trouver un moyen de vous prot\u00e9ger de ces violences psychologiques, souvenez-vous de ce qui vous remplissait lorsque vous vous sentiez bien. Demandez-vous quelles actions vous faisiez pour vous-m\u00eame et comment vous pouvez \u00e0 pr\u00e9sent remettre en place ces actions quotidiennes qui rendaient votre vie meilleure.<span class=\"Apple-converted-space\">\u00a0<\/span><br \/>\r\n<br \/>\r\nNous vous envoyons plein de courage pour la suite et restons \u00e0 disposition en cas de nouvelle question ou si vous souhaitez nous en dire plus. Nos meilleurs messages vous accompagnent.<span class=\"Apple-converted-space\">\u00a0<\/span><br \/>\r\n<br \/>\r\n<\/div><\/div><\/div><\/div><\/div><\/div><div class='qa_acc_item'><span class='acc_toggler'><\/span><div class='item_header'><h3>Comment quitter mon conjoint qui exerce des violences psychologiques?<h3><div class='vqf_fixed_width_text'><p>09 ao\u00fbt 2021 - Eni... J\u2019essaie de quitter mon conjoint qui a exerc\u00e9 et qui exerce encore maintenant des violences psychologiques, mais j\u2019ai peur qu\u2019il mette ses menaces \u00e0 ex\u00e9cution vis-\u00e0-vis de mes enfants (perte de garde, non soutien financier...<\/p><\/div><\/div><div class='item_body'><div class='quesion_response_block'><div class='question'><h5>Question<\/h5><div class='vqf_fixed_width_text'><div class=\"box-question p2\"><br \/>\r\n<p class=\"color-grey small mt1 mb0\">09 ao\u00fbt 2021 - Eni...<\/p><br \/>\r\nJ\u2019essaie de quitter mon conjoint qui a exerc\u00e9 et qui exerce encore maintenant des violences psychologiques, mais j\u2019ai peur qu\u2019il mette ses menaces \u00e0 ex\u00e9cution vis-\u00e0-vis de mes enfants (perte de garde, non soutien financier aux charges li\u00e9s aux enfants), je me sens fragile face au cycle de violence\/disputes r\u00e9currentes, m\u00eame si j\u2019ai l\u2019impression de devenir plus forte en voulant partir, et de r\u00e9aliser que je vis terroris\u00e9e et sous son emprise. Est-ce que vous avez des conseils \u00e0 me donner pour sortir de cette situation sans que les enfants souffrent et le quitter sans qu\u2019il soit trop terrorisant\/violant, et que j\u2019arrive \u00e0 ne pas sombrer psychologiquement? Merci infiniment pour votre aide.<br \/>\r\n<br \/>\r\n<\/div><br \/>\r\n<div class=\"bg-grey p2\"><br \/>\r\n<h3><\/h3><br \/>\r\n<h3><\/p><\/div><\/div><div class='response'><h5>Response<\/h5><div class='vqf_fixed_width_text'><p><\/h3><br \/>\r\nBonjour Madame,<br \/>\r\n<br \/>\r\nVous essayez de quitter votre conjoint mais vous avez peur de perdre la garde de vos enfants et de ne pas avoir de soutien financier. Vous souhaitez savoir comment le quitter sans faire souffrir vos enfants et sans que la violence augmente.<br \/>\r\n<br \/>\r\nVous avez bien fait de nous contacter,\u00a0en\u00a0brisant le silence et en d\u00e9cidant de partir vous avez d\u00e9j\u00e0 fait un pas afin de sortir de cette situation. Nous vous encourageons \u00e0 poursuivre vos d\u00e9marches pour sortir de la violence, vos enfants et vous-m\u00eame.<br \/>\r\n<br \/>\r\nLa\u00a0<a href=\"https:\/\/dev-vqf.creatives.com\/fr\/informations\/violence\/psychologique\" target=\"_blank\" rel=\"noopener\">violence psychologique<\/a> n'est pas anodine, elle nuit gravement \u00e0 l'estime de soi et la sant\u00e9 de la personne qui en est victime. Il est difficile d'en sortir sans soutien. Dans le canton de Z\u00fcrich, il existe le <a href=\"https:\/\/www.bif-frauenberatung.ch\/sprachen\/franzoesisch\/\" target=\"_blank\" rel=\"noopener\">BIF<\/a>\u00a0qui est un centre d'aide aux femmes victimes de violence conjugale.\u00a0Nous vous conseillons de\u00a0les contacter au\u00a0<strong>044\/278.99.99<\/strong>. Des sp\u00e9cialistes vous soutiendront et vous conseillerons au mieux selon\u00a0votre situation. Ce service est confidentiel et gratuit.<br \/>\r\n<br \/>\r\nNous esp\u00e9rons que vous trouverez l'aide n\u00e9cessaire et que vous ne resterez pas seule face \u00e0 la situation.<br \/>\r\n<br \/>\r\nNous vous souhaitons de tout coeur beaucoup de courage.<br \/>\r\n<br \/>\r\nMeilleures pens\u00e9es.<br \/>\r\n<br \/>\r\n<\/div><\/div><\/div><\/div><\/div><\/div><div class='qa_acc_item'><span class='acc_toggler'><\/span><div class='item_header'><h3>J&#8217;ai peur de croiser mon ex-mari dans la rue.<h3><div class='vqf_fixed_width_text'><p>09 ao\u00fbt 2021 - kak... Bonjour \u00e0 tous, J'ai \u00e9t\u00e9 victime de violences conjugales et j'ai port\u00e9 plainte envers mon ex-mari. C'est maintenant le minist\u00e8re public qui est en charge de l'affaire mais il y a d\u00e9j\u00e0 des mesures d'\u00e9loignements...<\/p><\/div><\/div><div class='item_body'><div class='quesion_response_block'><div class='question'><h5>Question<\/h5><div class='vqf_fixed_width_text'><div class=\"box-question p2\"><br \/>\r\n<p class=\"color-grey small mt1 mb0\">09 ao\u00fbt 2021 - kak...<\/p><br \/>\r\nBonjour \u00e0 tous, J'ai \u00e9t\u00e9 victime de violences conjugales et j'ai port\u00e9 plainte envers mon ex-mari. C'est maintenant le minist\u00e8re public qui est en charge de l'affaire mais il y a d\u00e9j\u00e0 des mesures d'\u00e9loignements qui ont \u00e9t\u00e9 mis en place. Il n'a donc pas le droit de s'approcher de moi ni de mon appartement \u00e0 moins de 300m. Mais cela ne me rassure pas pour autant, je sais qu'il n'y rien \u00e0 perdre et j'ai peur qu'il ne respect pas cette d\u00e9cision. Donc \u00e0 chaque fois que je sors de chez moi, j'ai peur de le croiser, j'ai peur qu'il soit en bas de chez moi et qu'il me fasse quelque chose ou qu'il soit violent. Et si cela arrive ou si je le croise dans la rue, je ne saurai pas quoi faire et je pense que je serait terrifi\u00e9e. Comment pourrai-je me comporter ou r\u00e9agir si je le vois?<br \/>\r\n<br \/>\r\n<\/div><br \/>\r\n<div class=\"bg-grey p2\"><br \/>\r\n<h3><\/h3><br \/>\r\n<h3><\/p><\/div><\/div><div class='response'><h5>Response<\/h5><div class='vqf_fixed_width_text'><p><\/h3><br \/>\r\nBonjour Madame,<br \/>\r\n<br \/>\r\nVous avez \u00e9t\u00e9 victime de violences conjugales de la part de votre ex-mari. Maintenant il n'a plus le droit de s'approcher de vous, ni de votre appartement \u00e0 moins de 300 m\u00e8tres. Cependant vous avez peur de le croiser \u00e0 chaque fois que vous sortez de chez vous et vous vous demandez comment r\u00e9agir si vous le voyez.<br \/>\r\n<br \/>\r\nLes mesures d'\u00e9loignement qui ont \u00e9t\u00e9 mis en place vont permettre \u00e0 la police d'intervenir plus rapidement si votre ex-mari ne les respecte pas. Il est important de leur <a href=\"https:\/\/dev-vqf.creatives.com\/fr\/victimes\/victimes_que-faire\/violence-continue\" target=\"_blank\" rel=\"noopener\">signaler<\/a> chaque fois que les mesures ne sont pas respect\u00e9es. Ses \u00e9l\u00e9ments p\u00e8seront dans la proc\u00e9dure p\u00e9nale en d\u00e9faveur de votre ex-mari.<br \/>\r\n<br \/>\r\nNous vous conseillons d'avoir toujours un t\u00e9l\u00e9phone charg\u00e9 sur vous et de ne pas h\u00e9siter \u00e0 appeler la police au <strong>117<\/strong>\u00a0si votre ex-mari venait \u00e0 s'approcher de vous ou \u00e0 vous suivre. Dans un tel cas, nous vous recommandons de ne pas rester seule et de vous approcher d'autres personnes ou d'entrer dans un commerce, restaurant, etc.<br \/>\r\n<br \/>\r\nNous vous encourageons \u00e0 vous faire accompagner afin de r\u00e9tablir votre sentiment de s\u00e9curit\u00e9. En effet, vous ne pouvez pas agir sur la personne auteure des violences, mais vous pouvez agir sur vous afin de ne plus \u00eatre terrifi\u00e9e en sortant de chez vous. Un <a href=\"https:\/\/dev-vqf.creatives.com\/fr\/victimes\/victimes_que-faire\/violence-continue\" target=\"_blank\" rel=\"noopener\">accompagnement th\u00e9rapeutique<\/a> pourrait vous soutenir dans cette d\u00e9marche.\u00a0Dans le canton de Gen\u00e8ve il existe <a href=\"https:\/\/www.hug.ch\/medecine-premier-recours\/medecine-prevention-violence\" target=\"_blank\" rel=\"noopener\">l\u2019Unit\u00e9 interdisciplinaire de m\u00e9decine et de pr\u00e9vention de la violence (UIMPV)<\/a>. Des sp\u00e9cialistes vous r\u00e9pondent au <strong>022\/372.96.45<\/strong>\u00a0en toute confidentialit\u00e9.<br \/>\r\n<br \/>\r\nCette prestation peut \u00eatre prise en charge par la <a href=\"https:\/\/dev-vqf.creatives.com\/fr\/victimes\/victimes_que-faire\/vos-droits\" target=\"_blank\" rel=\"noopener\">LAVI<\/a>, (Loi d'aide aux victimes d'infractions).\u00a0Avez-vous d\u00e9j\u00e0 fait appel \u00e0\u00a0un <a href=\"http:\/\/centrelavi-ge.ch\/\" target=\"_blank\" rel=\"noopener\">Centre LAVI<\/a> ? Si ce n'est pas le cas, vous pouvez les contacter au <strong>022\/320.01.02.<\/strong>\u00a0D'autres prestations peuvent vous \u00eatre accord\u00e9es.<br \/>\r\n<br \/>\r\nNous esp\u00e9rons que ces pistes vous aideront \u00e0 faire face et \u00e0 retrouver une s\u00e9r\u00e9nit\u00e9.<br \/>\r\n<br \/>\r\nNous restons \u00e0 votre disposition pour d'autres questions ou si vous souhaitez nous donner des nouvelles.\u00a0Meilleures pens\u00e9es.<br \/>\r\n<br \/>\r\n<\/div><\/div><\/div><\/div><\/div><\/div><div class='qa_acc_item'><span class='acc_toggler'><\/span><div class='item_header'><h3>Une femme est menac\u00e9e de violence, que peut-elle faire?<h3><div class='vqf_fixed_width_text'><p>02 ao\u00fbt 2021 - Cyc... Bonjour, une femme avec une permis B mari\u00e9e \u00e0 un suisse et ont un b\u00e9b\u00e9. Le mari la menace toujours de la frapper et elle a peur, sachant qu'il a d\u00e9j\u00e0 des ant\u00e9c\u00e9dents avec ses...<\/p><\/div><\/div><div class='item_body'><div class='quesion_response_block'><div class='question'><h5>Question<\/h5><div class='vqf_fixed_width_text'><div class=\"box-question p2\"><br \/>\r\n<p class=\"color-grey small mt1 mb0\">02 ao\u00fbt 2021 - Cyc...<\/p><br \/>\r\nBonjour, une femme avec une permis B mari\u00e9e \u00e0 un suisse et ont un b\u00e9b\u00e9. Le mari la menace toujours de la frapper et elle a peur, sachant qu'il a d\u00e9j\u00e0 des ant\u00e9c\u00e9dents avec ses ex \u00e9pouses. La femme d\u00e9j\u00e0 elle se sent seule et tr\u00e8s d\u00e9prim\u00e9e de cette situation. Que peut-elle faire ? Merci<br \/>\r\n<br \/>\r\n<\/div><br \/>\r\n<div class=\"bg-grey p2\"><br \/>\r\n<h3><\/h3><br \/>\r\n<h3><\/p><\/div><\/div><div class='response'><h5>Response<\/h5><div class='vqf_fixed_width_text'><p><\/h3><br \/>\r\nBonjour,<br \/>\r\n<br \/>\r\nUne femme est menac\u00e9e par son mari, qui a d\u00e9j\u00e0 des ant\u00e9c\u00e9dents de violences avec ses \u00e9pouses pr\u00e9c\u00e9dentes. Elle a peur, se sent seule et d\u00e9prim\u00e9e et tu aimerais l\u2019aider.<br \/>\r\n<br \/>\r\nNous saluons ta volont\u00e9 d\u2019en savoir sur ce qu\u2019elle peut faire dans cette situation pour l\u2019aider au mieux.<br \/>\r\n<br \/>\r\nEn effet, il ne faut pas prendre \u00e0 la l\u00e9g\u00e8re ces menaces qui peuvent se r\u00e9aliser si rien n\u2019est entrepris pour se prot\u00e9ger. Si cette femme est en en situation de danger, elle peut en tout temps appeler la police au 117 qui pourra \u00e9valuer l\u2019appel au secours et intervenir si besoin.<br \/>\r\n<br \/>\r\nNous te sugg\u00e9rons de l\u2019orienter au pr\u00e8s du <a href=\"https:\/\/malleyprairie.ch\/\">Centre d\u2019accueil MalleyPrairie<\/a>, qu\u2019elle peut appeler au 021 620 76 76. Les intervenant-e-s de ce centre pourront la soutenir et la guider dans les d\u00e9marches \u00e0 faire pour sortir de cette situation de <a href=\"https:\/\/dev-vqf.creatives.com\/fr\/informations\/violence\/psychologique\" target=\"_blank\" rel=\"noopener\">violence psychologique<\/a>. Elles-ils proposent des entretiens gratuits et confidentiels pour les femmes, m\u00e8res et enfants.<br \/>\r\n<br \/>\r\nSi elle craint de se s\u00e9parer \u00e0 cause de son statut civil, elle peut aussi demander des informations concernant les d\u00e9marches possibles au <a href=\"https:\/\/csp.ch\/vaud\/\">Centre Social Protestant<\/a> (021 560 60 60), en pr\u00e9cisant qu\u2019elle vit une situation de violence conjugale.<br \/>\r\n<br \/>\r\nNous esp\u00e9rons que ces pistes l\u2019aideront. Ton soutien est une ressource pr\u00e9cieuse et nous t\u2019encourageons \u00e0 lui pr\u00eater oreille si tu peux et qu'elle en ressent le besoin. Nous restons \u00e0 disposition pour toute autre question et t\u2019envoyons nos meilleurs messages.<br \/>\r\n<br \/>\r\n<\/div><\/div><\/div><\/div><\/div><\/div><div class='qa_acc_item'><span class='acc_toggler'><\/span><div class='item_header'><h3>Comment agir lorsqu&#8217;on est t\u00e9moin de violence psychologique?<h3><div class='vqf_fixed_width_text'><p>01 ao\u00fbt 2021 - ste... Bonjour, J'ai r\u00e9cemment \u00e9t\u00e9 t\u00e9moin d'un \u00e9pisode de violence psychologique et de comportement suspect \u00e0 l'\u00e9gard d'un voisin. Apr\u00e8s minuit, alors que je rentrais dans mon appartement avec ma compagne, nous avons rencontr\u00e9 une jeune...<\/p><\/div><\/div><div class='item_body'><div class='quesion_response_block'><div class='question'><h5>Question<\/h5><div class='vqf_fixed_width_text'><div class=\"box-question p2\"><br \/>\r\n<p class=\"color-grey small mt1 mb0\">01 ao\u00fbt 2021 - ste...<\/p><br \/>\r\nBonjour, J'ai r\u00e9cemment \u00e9t\u00e9 t\u00e9moin d'un \u00e9pisode de violence psychologique et de comportement suspect \u00e0 l'\u00e9gard d'un voisin. Apr\u00e8s minuit, alors que je rentrais dans mon appartement avec ma compagne, nous avons rencontr\u00e9 une jeune fille qui est entr\u00e9e dans notre immeuble dans un \u00e9tat d'essoufflement \u00e9vident. Nous lui avons demand\u00e9 si tout allait bien et elle a expliqu\u00e9 que son partenaire se tenait devant la porte de son immeuble et qu'elle avait peur de le voir et de lui parler. En m\u00eame temps, elle \u00e9tait en contact t\u00e9l\u00e9phonique avec sa colocataire et un ami. Nous avons essay\u00e9 de r\u00e9fl\u00e9chir ensemble \u00e0 la mani\u00e8re de g\u00e9rer la situation, car elle ne voulait pas appeler la police pour ne pas lui causer d'ennuis, et finalement nous avons r\u00e9ussi \u00e0 la ramener chez elle en passant par les jardins communaux situ\u00e9s derri\u00e8re notre immeuble et le sien, en escaladant les cl\u00f4tures et en atteignant sa terrasse qui se trouve au rez-de-chauss\u00e9e de l'immeuble. Le lendemain matin, nous sommes all\u00e9s lui parler pour voir si tout allait bien et pour lui faire savoir que nous la soutenions. Nous lui avons dit que si elle avait besoin de quelque chose \u00e0 l'avenir, elle pouvait nous contacter et passer \u00e0 notre appartement. Elle nous a dit qu'ils ont fini par se parler parce qu'il l'a vue entrer, elle n'a pas \u00e9t\u00e9 pr\u00e9cise mais elle nous a fait savoir que la situation n'\u00e9tait pas tr\u00e8s positive. \u00c0 ce stade, nous nous sommes demand\u00e9s ce que nous pouvions faire concr\u00e8tement pour soutenir cette fille. Outre le fait de lui offrir notre aide en tant que r\u00e9seau de soutien dans un contexte comme celui du quartier, nous recommandez-vous de faire quelque chose pour nous assurer de lui apporter un soutien meilleur et plus efficace ?<br \/>\r\n<br \/>\r\n<\/div><br \/>\r\n<div class=\"bg-grey p2\"><br \/>\r\n<h3><\/h3><br \/>\r\n<h3><\/p><\/div><\/div><div class='response'><h5>Response<\/h5><div class='vqf_fixed_width_text'><p><\/h3><br \/>\r\nBonjour Monsieur,<br \/>\r\n<br \/>\r\nR\u00e9cemment, votre compagne et vous avez \u00e9t\u00e9 t\u00e9moin d\u2019un \u00e9pisode de <a href=\"https:\/\/dev-vqf.creatives.com\/fr\/informations\/violence\/psychologique\" target=\"_blank\" rel=\"noopener\">violence psychologique<\/a> \u00e0 l'\u00e9gard d\u2019une jeune fille de votre quartier. Vous \u00eates aussi intervenu pour l\u2019aider \u00e0 rentrer chez elle et lui avez rendu visite le lendemain en proposant votre contact ainsi que de passer \u00e0 votre appartement en cas de besoin.<br \/>\r\n<br \/>\r\nNous saluons votre attitude dans cette situation et votre soutien pour cette jeune fille. Concr\u00e8tement, les pistes que vous lui avez propos\u00e9 sont des aides tr\u00e8s pr\u00e9cieuses! Elle pourra ainsi vous contacter si elle ressent le besoin d\u2019en discuter ou si elle se retrouve \u00ab\u00a0coinc\u00e9e\u00a0\u00bb comme cette nuit-l\u00e0. Elle sait \u00e9galement qu\u2019elle peut appeler la police en cas d\u2019urgence, bien que, cette fois-l\u00e0, elle ne l\u2019ait pas jug\u00e9 n\u00e9cessaire. Si vous la savez en danger, vous pouvez aussi appeler la police pour qu'elle \u00e9value la situation et inervienne.<br \/>\r\n<br \/>\r\nLors d'une prochaine rencontre ou discussion avec elle, vous pouvez lui transmettre les contacts des associations aupr\u00e8s desquelles elle peut trouver de l'aide. Nous vous conseillons de lui proposer de prendre contact avec le <a href=\"https:\/\/malleyprairie.ch\/\">Centre Malleyprairie<\/a>\u00a0\u00e0 Lausanne qui offre des consultations gratuites et confidentielles. Et si elle le souhaite, elle peut joindre le centre au <strong>021 620 76 76<\/strong>.<span class=\"Apple-converted-space\">\u00a0<\/span><br \/>\r\n<br \/>\r\nVous pouvez aussi lui parler de <a href=\"https:\/\/dev-vqf.creatives.com\/\" target=\"_blank\" rel=\"noopener\">notre site<\/a> pour un premier pas anonyme et peut-\u00eatre moins engageant pour elle. Elle pourra aussi lire les informations concernant la violence psychologique, ce qui peut l'aider \u00e0 prendre conscience que ce qu\u2019elle vit n\u2019est pas normal. Il est n\u00e9cessaire qu\u2019elle d\u00e9cide par elle-m\u00eame d\u2019entreprendre ces d\u00e9marches.<span class=\"Apple-converted-space\">\u00a0<\/span>La victime doit identifier ses propres besoins pour reprendre le contr\u00f4le de sa vie. Il lui faut pouvoir compter sur une pr\u00e9sence respectueuse de ses choix et de son rythme. Les mouvements d\u2019aller-retour vers le partenaire ou l\u2019inaction dans des situations peuvent nous d\u00e9semparer, mais ils font partie du processus.<span class=\"Apple-converted-space\">\u00a0<\/span><br \/>\r\n<br \/>\r\nNous esp\u00e9rons que ces pistes aideront au mieux cette jeune fille et vous rassurerons aussi. Une situation de violence n\u2019est pas anodine et peut nous remuer \u00e9motionnellement. Notre porte reste ouverte en cas de nouvelle question. Nos meilleurs messages.<br \/>\r\n<br \/>\r\n&nbsp;<br \/>\r\n<br \/>\r\n<\/div><\/div><\/div><\/div><\/div><\/div><div class='qa_acc_item'><span class='acc_toggler'><\/span><div class='item_header'><h3>Comment prot\u00e9ger mes enfants de leur p\u00e8re ?<h3><div class='vqf_fixed_width_text'><p>31 juillet 2021 - Col... Bonjour, J'ai r\u00e9cemment r\u00e9alis\u00e9 que je suis victime de m\u00e9canisme d'annulation de la pens\u00e9e, d'action et d'\u00eatre de la part de mon mari et mes enfants ont peur de lui. Plus je me renseigne sur...<\/p><\/div><\/div><div class='item_body'><div class='quesion_response_block'><div class='question'><h5>Question<\/h5><div class='vqf_fixed_width_text'><div class=\"box-question p2\"><br \/>\r\n<p class=\"color-grey small mt1 mb0\">31 juillet 2021 - Col...<\/p><br \/>\r\nBonjour, J'ai r\u00e9cemment r\u00e9alis\u00e9 que je suis victime de m\u00e9canisme d'annulation de la pens\u00e9e, d'action et d'\u00eatre de la part de mon mari et mes enfants ont peur de lui. Plus je me renseigne sur les diff\u00e9rentes violentes, plus j'identifie le pervers narcissique en lui mais je fais attention car ce mot est \u00e0 la mode et comme mon mari n'utilise pas les insultes ouvertement, il ne para\u00eet pas \"violent\" c'est plus subtil que \u00e7a. Cela se manifeste surtout par le manque de libert\u00e9 d'\u00eatre et de choix justement. Tout doit \u00eatre fait \u00e0 sa fa\u00e7on sinon je suis nulle. Les enfants re\u00e7oivent parfois des fess\u00e9es, mais surtout ils ont peur de lui au quotidien. J'ai d\u00e9cid\u00e9 de le quitter mais comme il est dou\u00e9 pour nier l'\u00e9vidence, comment faire comprendre au juge qu'il ne faut pas laisser les enfants seuls avec lui lors des visites ? Comment faire reconna\u00eetre un pervers narcissique devant le Tribunal puisqu'ils savent manipuler les psy pour para\u00eetre normaux ?<br \/>\r\n<br \/>\r\n<\/div><br \/>\r\n<div class=\"bg-grey p2\"><br \/>\r\n<h3><\/h3><br \/>\r\n<h3><\/p><\/div><\/div><div class='response'><h5>Response<\/h5><div class='vqf_fixed_width_text'><p><\/h3><br \/>\r\nBonjour Madame,<br \/>\r\n<br \/>\r\nVous avez r\u00e9cemment r\u00e9alis\u00e9 que vous \u00eates victime de m\u00e9canisme d'annulation de la pens\u00e9e, d'action et d'\u00eatre\u00a0de la part de votre mari et vos enfants re\u00e7oivent parfois des fess\u00e9es et ont peur de lui. Vous pensez que c'est peut-\u00eatre un pervers narcissique. Vous avez d\u00e9cid\u00e9 de le quitter, mais vous ne souhaitez pas que vos enfants se retrouvent seul avec lui lors des visites. Vous vous demandez comment faire reconna\u00eetre un pervers narcissique devant le Tribunal.<br \/>\r\n<br \/>\r\nVous avez bien fait de nous contacter. La situation que vous vivez avec votre mari semble tr\u00e8s difficile. \u00a0<a href=\"https:\/\/dev-vqf.creatives.com\/fr\/informations\/violence\/psychologique\" target=\"_blank\" rel=\"noopener\">La violence psychologique <\/a>que vous subissez, qu'elle soit de la perversion narcissique ou de la manipulation,\u00a0reste difficile \u00e0 identifier, car elle est tr\u00e8s subtile et ne laisse pas de trace. Cependant cette violence atteint profond\u00e9ment l'estime de soi et la sant\u00e9 de la personne victime.<br \/>\r\n<br \/>\r\nIl est l\u00e9gitime que vous vous inqui\u00e9tiez <a href=\"https:\/\/dev-vqf.creatives.com\/fr\/informations\/enfants-violence\" target=\"_blank\" rel=\"noopener\">pour vos enfants.<\/a> Nous vous encourageons \u00e0 demander conseil \u00e0 un des\u00a0<a href=\"https:\/\/www.vd.ch\/themes\/population\/enfance-jeunesse-et-famille\/protection-des-mineurs\/\" target=\"_blank\" rel=\"noopener\">Offices R\u00e9gionaux de Protection des Mineurs<\/a>. Dans le canton de Vaud, vous pouvez un contacter un selon <a href=\"https:\/\/www.vd.ch\/toutes-les-autorites\/departements\/departement-de-la-formation-de-la-jeunesse-et-de-la-culture-dfjc\/direction-generale-de-lenfance-et-de-la-jeunesse-dgej\/orpm\/\" target=\"_blank\" rel=\"noopener\">votre r\u00e9gion<\/a>. Des professionnel-le-s de l'enfance peuvent encadrer le droit de visite de mani\u00e8re s\u00fbre pour vos enfants.<br \/>\r\n<br \/>\r\nNous vous conseillons aussi de prendre contact avec l'association <a href=\"https:\/\/au-dela-des-masques.ch\/impressions.shtml\" target=\"_blank\" rel=\"noopener\">Au-del\u00e0 des Masques<\/a>. Cette association est\u00a0sp\u00e9cialis\u00e9e dans le soutien et l'accompagnement des victimes de manipulation\/perversion narcissique. Le premier contacte se fait en remplissant <a href=\"https:\/\/au-dela-des-masques.ch\/contact.shtml\" target=\"_blank\" rel=\"noopener\">le formulaire<\/a> sur le site internet <a href=\"https:\/\/www.au-dela-des-masques.ch\/\" target=\"_blank\" rel=\"noopener\">https:\/\/www.au-dela-des-masques.ch.<\/a>\u00a0Des sp\u00e9cialistes de cette probl\u00e9matique\u00a0pourront vous \u00e9coutez et vous conseillez, notamment sur vos interrogations au sujet\u00a0des visites de vos enfants chez leur p\u00e8re.<br \/>\r\n<br \/>\r\nNous esp\u00e9rons que ces diff\u00e9rentes pistes vous aideront et que vous trouverez le soutien n\u00e9cessaire.<br \/>\r\n<br \/>\r\nNous vous souhaitons bon courage et nous restons \u00e0 votre disposition pour d'autres questions.<br \/>\r\n<br \/>\r\nMeilleures pens\u00e9es.<br \/>\r\n<br \/>\r\n<\/div><\/div><\/div><\/div><\/div><\/div><div class='qa_acc_item'><span class='acc_toggler'><\/span><div class='item_header'><h3>Il ne supporte pas la rupture et menace de d\u00e9truire mes affaires. Que faire?<h3><div class='vqf_fixed_width_text'><p>26 juillet 2021 - Din... Je suis mari\u00e9 mais separ\u00e9 cependant il ne supporte pas la rupture et quand je sort tard le soir il menace de tout cass\u00e9 cher moi. Il habite cher moi et en attendant de trouver...<\/p><\/div><\/div><div class='item_body'><div class='quesion_response_block'><div class='question'><h5>Question<\/h5><div class='vqf_fixed_width_text'><div class=\"box-question p2\"><br \/>\r\n<p class=\"color-grey small mt1 mb0\">26 juillet 2021 - Din...<\/p><br \/>\r\nJe suis mari\u00e9 mais separ\u00e9 cependant il ne supporte pas la rupture et quand je sort tard le soir il menace de tout cass\u00e9 cher moi. Il habite cher moi et en attendant de trouver une solution lors de dispute il menace de prendre mon appart sous son nom, de detruire mes affaire, mettre le feu que faire.<br \/>\r\n<br \/>\r\n<\/div><br \/>\r\n<div class=\"bg-grey p2\"><br \/>\r\n<h3><\/h3><br \/>\r\n<h3><\/p><\/div><\/div><div class='response'><h5>Response<\/h5><div class='vqf_fixed_width_text'><p><\/h3><br \/>\r\nBonjour Madame,<br \/>\r\n<br \/>\r\nVous \u00eates s\u00e9par\u00e9e de votre ex-partenaire mais vivez encore avec. Il ne supporte pas la rupture et menace de tout casser et de prendre votre appartement. Vous nous demandez que faire dans cette situation.<br \/>\r\n<br \/>\r\nVous faites bien de nous \u00e9crire. Cependant, nous n\u2019avons pas beaucoup\u00a0de d\u00e9tails\u00a0pour vous donner des r\u00e9ponses pr\u00e9cises.<br \/>\r\n<br \/>\r\nDans la situation que vous nous d\u00e9crivez, il y a des indices qui nous font penser \u00e0 de la violence <a href=\"https:\/\/dev-vqf.creatives.com\/fr\/informations\/violence\/psychologique\" target=\"_blank\" rel=\"noopener\">psychologique<\/a>: le fait qu\u2019il n\u2019accepte pas que vous sortiez, les menaces de s\u2019en prendre \u00e0 vos affaires et de mettre le feu.<br \/>\r\n<br \/>\r\nLa p\u00e9riode de la s\u00e9paration est un des moments durant lequel la violence peut s\u2019aggraver. Vous avez raison de vous inqui\u00e9ter et de demander de l\u2019aide. Pensez-vous qu\u2019il pourra mettre ses menaces \u00e0 ex\u00e9cution\u00a0? Avez-vous peur\u00a0? Si \u00e0 un moment donn\u00e9, vous vous sentez en danger, il est important d\u2019appeler la police (117). Il est \u00e9galement possible de porter plainte pour les menaces.<br \/>\r\n<br \/>\r\nAvez-vous entrepris des d\u00e9marches au niveau juridique pour la s\u00e9paration\u00a0? Y a-t-il d\u00e9j\u00e0 eu des d\u00e9cisions par rapport \u00e0 l\u2019attribution du domicile\u00a0? Si le domicile vous a \u00e9t\u00e9 attribu\u00e9, vous pouvez faire intervenir la police pour expulser votre mari du domicile. Si vous n\u2019avez pas encore entam\u00e9 de proc\u00e9dure au niveau juridique, nous vous conseillons de prendre contact avec un avocat pour entamer ces d\u00e9marches.<br \/>\r\n<br \/>\r\nVous pouvez \u00e9galement contacter l\u2019association <a href=\"https:\/\/www.avvec.ch\/fr\" target=\"_blank\" rel=\"noopener\">AVEEC<\/a> (022 797 10 10 ). Une intervenante pourra vous \u00e9couter, \u00e9valuer avec vous votre situation et vous expliquer les d\u00e9marches qu\u2019il est possible de faire. Les entretiens sont gratuits et confidentiels.<br \/>\r\n<br \/>\r\nIl existe \u00e9galement le foyer le <a href=\"https:\/\/www.foj.ch\/foyers\/le-pertuis\/\" target=\"_blank\" rel=\"noopener\">Pertuis \u00e0 Onex<\/a>\u00a0(022 309 57 27)\u00a0qui accueille les victimes ainsi que les auteurs de violence. Il est possible que vous proposiez cette adresse \u00e0 votre ex-partenaire si vous souhaitez qu'il parte en attendant de trouver un appartement. Il est n\u00e9cessaire d'appeler pour avoir un premier entretien d'admission.<br \/>\r\n<br \/>\r\nNous esp\u00e9rons que ces pistes vous aideront \u00e0 trouver l\u2019aide que vous recherchez. N\u2019h\u00e9sitez pas \u00e0 nous r\u00e9\u00e9crire si vous avez une autre question, si vous souhaitez nous donner plus d'informations sur votre situation ou pour nous donner de vos nouvelles. Prenez bien soin de vous.<br \/>\r\n<br \/>\r\n<\/div><\/div><\/div><\/div><\/div><\/div><div class='qa_acc_item'><span class='acc_toggler'><\/span><div class='item_header'><h3>Il contr\u00f4le mes messages et devient furieux<h3><div class='vqf_fixed_width_text'><p>22 juillet 2021 - Mor... Bonjour, Je me permets de vous \u00e9crire car mon partenaire est persuad\u00e9 que je le trompe car j ai effac\u00e9 quelques messages avec mon patron. J'efface les messages avec mes coll\u00e8gues car je veux \u00e9viter...<\/p><\/div><\/div><div class='item_body'><div class='quesion_response_block'><div class='question'><h5>Question<\/h5><div class='vqf_fixed_width_text'><div class=\"box-question p2\"><br \/>\r\n<p class=\"color-grey small mt1 mb0\">22 juillet 2021 - Mor...<\/p><br \/>\r\nBonjour,<br \/>\r\n<br \/>\r\nJe me permets de vous \u00e9crire car mon partenaire est persuad\u00e9 que je le trompe car j ai effac\u00e9 quelques messages avec mon patron. J'efface les messages avec mes coll\u00e8gues car je veux \u00e9viter des probl\u00e8mes car mon compagnon est tr\u00e8s jaloux et je ne veux pas qu'il pense que je parle avec mes coll\u00e8gues toute la journ\u00e9e. Il y a quelques jours il a appris que j ai effac\u00e9 un message. Il est devenu furieux. Il m'insulte, me pousse violemment et dit qu'il a envie de me tuer. Je ne sais pas quoi faire.<br \/>\r\n<br \/>\r\n<\/div><br \/>\r\n<div class=\"bg-grey p2\"><br \/>\r\n<h3><\/h3><br \/>\r\n<h3><\/p><\/div><\/div><div class='response'><h5>Response<\/h5><div class='vqf_fixed_width_text'><p><\/h3><br \/>\r\nBonjour Madame,<br \/>\r\n<br \/>\r\nVous nous confiez que votre partenaire est convaincu de votre infid\u00e9lit\u00e9 \u00e0 son \u00e9gard. Il surveille vos messages et s\u2019il apprend que vous les\u00a0avez effac\u00e9s, il vous suspecte et se met en col\u00e8re. En plus de cela, il vous insulte, vous pousse brutalement et vous menace de mort. Face \u00e0 ses agissements, vous avez peur et vous sentez d\u00e9munie, ceci est tout \u00e0 fait compr\u00e9hensible.<br \/>\r\n<br \/>\r\nVous avez bien fait de nous \u00e9crire. Briser le silence et ne pas rester seule avec cette situation difficile est un premier pas courageux et important pour entamer tout changement.<br \/>\r\n<br \/>\r\nLes \u00e9l\u00e9ments de votre r\u00e9cit d\u00e9crivent des formes de violences psychologiques et physiques. Si la jalousie est une \u00e9motion naturelle et saine \u00e0 la base, elle peut \u00e9galement \u00eatre excessive et mener \u00e0 de la m\u00e9fiance, de la surveillance, des accusations et faire place \u00e0 la violence. Ce contr\u00f4le exerc\u00e9 par votre partenaire ainsi que les insultes et les menaces de mort que vous subissez sont des <a href=\"https:\/\/dev-vqf.creatives.com\/fr\/informations\/violence\/psychologique\" target=\"_blank\" rel=\"noopener\">agressions psychologiques<\/a>. Le fait de vous pousser brutalement repr\u00e9sente de la <a href=\"https:\/\/dev-vqf.creatives.com\/fr\/informations\/violence\/physique\" target=\"_blank\" rel=\"noopener\">violence physique<\/a>. Ce sont des actes graves et <a href=\"https:\/\/dev-vqf.creatives.com\/fr\/informations\/loi\" target=\"_blank\" rel=\"noopener\">interdits par la loi<\/a>. De plus, ces violences, qu\u2019elles soient psychologiques ou physiques, ont des <a href=\"https:\/\/dev-vqf.creatives.com\/fr\/informations\/consequences\/pour-les-victimes\" target=\"_blank\" rel=\"noopener\">cons\u00e9quences<\/a> sur les personnes qui en sont victimes.<br \/>\r\n<br \/>\r\nBien souvent, il est difficile pour le couple de sortir de cette dynamique de violence sans aide ext\u00e9rieure. Votre partenaire a besoin d\u2019aide pour arr\u00eater d\u2019agir de mani\u00e8re violente et il est important que vous receviez vous-m\u00eame de l\u2019\u00e9coute et du soutien. Pour cela, plusieurs options sont possibles.<br \/>\r\n<br \/>\r\nDans un premier temps, nous vous conseillons de prendre contact avec un <a href=\"https:\/\/centrelavi-ge.ch\/\" target=\"_blank\" rel=\"noopener\">Centre LAVI<\/a>. Dans le canton de Gen\u00e8ve, les prises de rendez-vous pour une consultation gratuite et confidentielle se font au <strong>022 320 01 02<\/strong> du lundi au vendredi entre 14h et 17h. Des professionnel\u00b7le\u00b7s pourront vous informer sur vos droits en tant que victime, r\u00e9fl\u00e9chir avec vous aux diff\u00e9rentes possibilit\u00e9s qui s\u2019offrent \u00e0 vous, en fonction de vos besoins et de votre rythme et vous accompagner dans les d\u00e9marches que vous d\u00e9ciderez d\u2019entreprendre.<br \/>\r\n<br \/>\r\nS\u2019il vous est possible d\u2019aborder le sujet avec votre partenaire et qu\u2019il est lui-m\u00eame pr\u00eat \u00e0 entreprendre des d\u00e9marches pour stopper la violence et am\u00e9liorer votre relation de couple, il peut s\u2019adresser \u00e0 <a href=\"https:\/\/www.vires.ch\/welcome#association-violences-domestiques\" target=\"_blank\" rel=\"noopener\">l\u2019association VIRES<\/a> qui vient en aide aux personnes auteures de violence. Vous pouvez \u00e9galement contacter <a href=\"http:\/\/coupleetfamille.ch\/wp\/nos-services\/consultation-conjugale\/\" target=\"_blank\" rel=\"noopener\">un service de consultation conjugale<\/a> afin de recevoir un accompagnement pour faire \u00e9voluer votre relation pour qu\u2019elle ne soit plus empreinte de violence.<br \/>\r\n<br \/>\r\nFinalement, en cas de nouvel \u00e9pisode de violence et si vous vous sentez en danger, n\u2019h\u00e9sitez pas \u00e0 appeler <strong>la police au 117.<\/strong><br \/>\r\n<br \/>\r\nNous esp\u00e9rons que ces quelques lignes vous auront donn\u00e9 des pistes pour vous prot\u00e9ger et am\u00e9liorer votre situation. Nous restons bien s\u00fbr \u00e0 disposition si vous avez d\u2019autres questions ou si vous souhaitez simplement nous donner de vos nouvelles. Prenez bien soin de vous.<br \/>\r\n<br \/>\r\n<\/div><\/div><\/div><\/div><\/div><\/div><div class='qa_acc_item'><span class='acc_toggler'><\/span><div class='item_header'><h3>Je ne me sens plus en s\u00e9curit\u00e9 \u00e0 la maison. Existe-t-il un lieu pour m&#8217;h\u00e9berger temporairement?<h3><div class='vqf_fixed_width_text'><p>16 juillet 2021 - Lui... Bonjour, Je suis int\u00e9ress\u00e9e en Savoir si vous donnez de soutien en question de h\u00e9bergement temporaire, pour le femmes victimes de violence psychologique? Je ne me sens plus en s\u00e9curit\u00e9 chez moi avec mon mari....<\/p><\/div><\/div><div class='item_body'><div class='quesion_response_block'><div class='question'><h5>Question<\/h5><div class='vqf_fixed_width_text'><div class=\"box-question p2\"><br \/>\r\n<p class=\"color-grey small mt1 mb0\">16 juillet 2021 - Lui...<\/p><br \/>\r\nBonjour,<br \/>\r\n<br \/>\r\nJe suis int\u00e9ress\u00e9e en Savoir si vous donnez de soutien en question de h\u00e9bergement temporaire, pour le femmes victimes de violence psychologique? Je ne me sens plus en s\u00e9curit\u00e9 chez moi avec mon mari. J'ai peur d'\u00eatre battu en quelque moment. La derni\u00e8re p\u00e9riode je ne dor pas. je cherche un travail. mais je n'ai pas assez d'argent pour quitter la maison. je suis immigr\u00e9 je viens d'arriver \u00e0 Gen\u00e8ve l'ann\u00e9e derni\u00e8re. mon permis a \u00e9t\u00e9 fait juste en avril cette ann\u00e9e 2021 Merci,<br \/>\r\n<br \/>\r\n<\/div><br \/>\r\n<div class=\"bg-grey p2\"><br \/>\r\n<h3><\/h3><br \/>\r\n<h3><\/p><\/div><\/div><div class='response'><h5>Response<\/h5><div class='vqf_fixed_width_text'><p><\/h3><br \/>\r\nBonjour Madame,<br \/>\r\n<br \/>\r\nVous \u00e9voquez \u00eatre victime de <a href=\"https:\/\/dev-vqf.creatives.com\/la-violence-dans-le-couple\/la-violence-psychologique\/\">violence psychologique<\/a> de la part de votre \u00e9poux et vous craignez un passage \u00e0 l\u2019acte au niveau physique. Vous avez peur pour votre s\u00e9curit\u00e9, votre sant\u00e9 et votre avenir au vu votre arriv\u00e9e relativement r\u00e9cente en Suisse. Vous cherchez \u00e0 savoir s\u2019il existe un h\u00e9bergement pour fuir et trouver de la protection.<br \/>\r\n<br \/>\r\nNous comprenons bien que votre situation doit \u00eatre \u00e9prouvante. En effet, votre peur de la violence est l\u00e9gitime et elle est accentu\u00e9e par l\u2019incertitude li\u00e9e \u00e0 votre permis et vos conditions de vie en Suisse. Toutefois, nous tenons \u00e0 vous dire combien votre d\u00e9marche de nous \u00e9crire et demander du soutien est courageuse. Mais aussi, elle est bienvenue vu le risque que vous ressentez.<br \/>\r\n<br \/>\r\nVous nous donnez peu d\u2019\u00e9l\u00e9ments sur le contexte dans lequel vous vivez avec votre mari, mais nous entendons votre peur et votre besoin de s\u00e9curit\u00e9. Sachez que la violence est interdite et qu\u2019il est l\u00e9gitime de demander de l\u2019aide pour s\u2019en sortir et surtout se prot\u00e9ger. Vous trouverez des informations pouvant vous servir sur <a href=\"https:\/\/www.avvec.ch\/fr\/intimate-partner-violence\/la-violence-conjugale\" target=\"_blank\" rel=\"noopener\">le lien suivant<\/a>.<br \/>\r\n<br \/>\r\nEn cas de danger, d\u2019urgence imm\u00e9diate, il est conseill\u00e9 de faire appel \u00e0 <a href=\"https:\/\/www.avvec.ch\/fr\/find-help\/jai-besoin-daide\" target=\"_blank\" rel=\"noopener\">la police<\/a> au <strong>117.<\/strong> Et pour r\u00e9pondre \u00e0 votre demande, oui, il existe un lieu d\u2019h\u00e9bergement temporaire qui accueille des femmes victimes de violence dans leur couple, auquel vous pouvez faire appel.<br \/>\r\n<br \/>\r\nPour plus d\u2019informations et pour \u00e9valuer votre situation, vous pouvez prendre contact avec l\u2019association <a href=\"https:\/\/www.avvec.ch\/fr\" target=\"_blank\" rel=\"noopener\">AVVEC <\/a>au <strong>022.797.10.10<\/strong>. Des professionnel-l-e-s pourront vous \u00e9couter et vous renseigner selon votre situation et vos besoins. <strong>Cette d\u00e9marche est gratuite et confidentielle.<\/strong><br \/>\r\n<br \/>\r\nNous esp\u00e9rons avoir pu vous renseigner de mani\u00e8re utile et restons volontiers \u00e0 votre disposition pour d\u2019autres questions ou pour nous apporter des compl\u00e9ments. Nous vous souhaitons vivement de trouver l\u2019aide dont vous avez besoin et que votre situation s\u2019am\u00e9liore.<br \/>\r\n<br \/>\r\nAvec nos meilleurs messages<br \/>\r\n<br \/>\r\n<\/div><\/div><\/div><\/div><\/div><\/div><div class='qa_acc_item'><span class='acc_toggler'><\/span><div class='item_header'><h3>J&#8217;ai \u00e9t\u00e9 victime de violences sexuelles<h3><div class='vqf_fixed_width_text'><p>16 juillet 2021 - Mak... J\u2019ai \u00e9t\u00e9 victime de quelques choses mais je ne sais pas si c\u2019est qualifi\u00e9 comme viole. Il a profit\u00e9 de mon \u00e9tat d\u2019\u00e9bri\u00e9t\u00e9 pour abuser de moi. Il m\u2019a p\u00e9n\u00e9tr\u00e9 \u00e0 plusieurs reprise et j\u2019ai...<\/p><\/div><\/div><div class='item_body'><div class='quesion_response_block'><div class='question'><h5>Question<\/h5><div class='vqf_fixed_width_text'><div class=\"box-question p2\"><br \/>\r\n<p class=\"color-grey small mt1 mb0\">16 juillet 2021 - Mak...<\/p><br \/>\r\nJ\u2019ai \u00e9t\u00e9 victime de quelques choses mais je ne sais pas si c\u2019est qualifi\u00e9 comme viole. Il a profit\u00e9 de mon \u00e9tat d\u2019\u00e9bri\u00e9t\u00e9 pour abuser de moi. Il m\u2019a p\u00e9n\u00e9tr\u00e9 \u00e0 plusieurs reprise et j\u2019ai \u00e0 plusieurs reprise essayer de dire d\u2019arr\u00eater mais rien ne sortait. Puis je lui disais que je voulais pas mais il me d\u00e9shabillais, j\u2019avais aucune force, aucun maintien de mon corps j\u2019\u00e9tais comme un morceau de viande qu\u2019on bouge d\u2019un c\u00f4t\u00e9 \u00e0 l\u2019autre. Il ne m\u2019a pas frapp\u00e9 rien, mais il m\u2019a p\u00e9n\u00e9tr\u00e9 de partout.<br \/>\r\n<br \/>\r\n<\/div><br \/>\r\n<div class=\"bg-grey p2\"><br \/>\r\n<h3><\/h3><br \/>\r\n<h3><\/p><\/div><\/div><div class='response'><h5>Response<\/h5><div class='vqf_fixed_width_text'><p><\/h3><br \/>\r\nBonjour,<br \/>\r\n<br \/>\r\nTu nous confies avoir \u00e9t\u00e9 victime de <a href=\"https:\/\/dev-vqf.creatives.com\/la-violence-dans-le-couple\/la-violence-sexuelle\/\">violences sexuelles<\/a>. L\u2019auteur de l\u2019agression a profit\u00e9 de ton \u00e9tat d\u2019ivresse pour te contraindre \u00e0 un acte sexuel, il t\u2019a d\u00e9shabill\u00e9 et p\u00e9n\u00e9tr\u00e9 dans plusieurs orifices. Tu lui as dit que tu ne consentais pas mais il a continu\u00e9 \u00e0 te d\u00e9shabiller. Tu \u00e9tais d\u00e9pourvue de force et tu as \u00e9galement essay\u00e9 de lui dire d\u2019arr\u00eater plusieurs fois mais aucun mot ne pouvait sortir de ta bouche.<br \/>\r\n<br \/>\r\nEn nous \u00e9crivant et en osant briser le silence, tu as fait un pas important et courageux. En effet, malgr\u00e9 les \u00e9motions difficiles souvent ressenties (honte, culpabilit\u00e9, \u2026), il est important de ne pas rester seule avec cette situation.<br \/>\r\n<br \/>\r\nCe que tu nous d\u00e9cris avoir v\u00e9cu sont des <a href=\"https:\/\/dev-vqf.creatives.com\/fr\/informations\/violence\/sexuelle\" target=\"_blank\" rel=\"noopener\">violences sexuelles<\/a>. Elles sont graves et <a href=\"https:\/\/dev-vqf.creatives.com\/fr\/informations\/loi\" target=\"_blank\" rel=\"noopener\">interdites par la loi.<\/a>Elles sont responsables d\u2019une atteinte \u00e0 l\u2019int\u00e9grit\u00e9 physique et psychique des victimes et ont des <a href=\"https:\/\/dev-vqf.creatives.com\/fr\/informations\/consequences\/pour-les-victimes\" target=\"_blank\" rel=\"noopener\">cons\u00e9quences sur la sant\u00e9<\/a> de celles-ci. \u00a0En Suisse, le terme l\u00e9gal de \u00ab\u00a0viol\u00a0\u00bb renvoie \u00e0 toute situation o\u00f9 un homme contraint une femme \u00e0 subir une p\u00e9n\u00e9tration vaginale par menace ou pression. Dans les autres cas, la loi parle de \u00ab\u00a0contrainte sexuelle\u00a0\u00bb (<a href=\"https:\/\/www.fedlex.admin.ch\/eli\/cc\/54\/757_781_799\/fr#art_189\" target=\"_blank\" rel=\"noopener\">art. 189 CP<\/a>, <a href=\"https:\/\/www.fedlex.admin.ch\/eli\/cc\/54\/757_781_799\/fr#art_190\" target=\"_blank\" rel=\"noopener\">art. 190 CP<\/a>). Les \u00e9l\u00e9ments expos\u00e9s correspondent \u00e0 <a href=\"https:\/\/dev-vqf.creatives.com\/fr\/informations\/loi\" target=\"_blank\" rel=\"noopener\">des actes poursuivis d\u2019office<\/a>. Ce qui veut dire qu\u2019il n\u2019est pas n\u00e9cessaire de d\u00e9poser une plainte. Si tu le souhaites, tu peux d\u00e9noncer ces infractions \u00e0 la police ou au Minist\u00e8re Public, ceci pourrait ensuite aboutir \u00e0 l\u2019ouverture de l\u2019enqu\u00eate. Il peut \u00e9galement \u00eatre utiles d\u2019avoir des <a href=\"https:\/\/dev-vqf.creatives.com\/fr\/victimes\/victimes_que-faire\/procedure-penale\" target=\"_blank\" rel=\"noopener\">preuves des violences subies<\/a> (draps, v\u00eatements, <a href=\"https:\/\/dev-vqf.creatives.com\/fr\/victimes\/victimes_que-faire\/conseils-pratiques\" target=\"_blank\" rel=\"noopener\">constat m\u00e9dical<\/a>) qui pourront appuyer tes paroles.<br \/>\r\n<br \/>\r\nLors de relations sexuelles, chacun\u00b7e est responsable de s\u2019assurer du <a href=\"https:\/\/dev-vqf.creatives.com\/fr\/informations\/violence\/sexuelle\" target=\"_blank\" rel=\"noopener\">consentement<\/a> de sa ou son partenaire. Peu importent les circonstances d\u2019une agression sexuelle, la victime n\u2019est pas responsable, quel que soit son habillement, son \u00e9tat ou son comportement. Le fait que tu \u00e9tais comme paralys\u00e9e, que tu n\u2019arrivais plus \u00e0 r\u00e9agir (les mots ne sortaient pas de ta bouche, ton corps \u00e9tait comme un bout de viande mou) est une r\u00e9action normale. Elle s\u2019explique par un ph\u00e9nom\u00e8ne neurobiologique qui s\u2019appelle la <a href=\"https:\/\/www.youtube.com\/watch?v=_AwW_Pxfzp0\" target=\"_blank\" rel=\"noopener\">sid\u00e9ration psychique<\/a>. C\u2019est un m\u00e9canisme de d\u00e9fense qui peut se produire dans des situations dangereuses.<br \/>\r\n<br \/>\r\nNous t\u2019encourageons \u00e0 prendre contact avec un service d\u2019aide aux victimes pour te soutenir. <a href=\"https:\/\/www.profa.ch\/services-2\/centre-lavi\/\" target=\"_blank\" rel=\"noopener\">Les centres LAVI du canton de Vaud <\/a>(Lausanne 021 631 03 00, Yverdon 021 631 03 08, Aigle 021 631 03 04), atteignables de 9h \u00e0 12h et de 14h \u00e0 17h, offrent des consultations gratuites et confidentielles. Des professionnel\u00b7le\u00b7s pourront t\u2019\u00e9couter, t\u2019informer sur tes droits et t\u2019accompagner dans les d\u00e9marches selon ton rythme et tes besoins.<br \/>\r\n<br \/>\r\nTu peux \u00e9galement t\u2019adresser \u00e0 <a href=\"https:\/\/www.espas.info\/\" target=\"_blank\" rel=\"noopener\">l\u2019association ESPAS<\/a> qui propose un soutien th\u00e9rapeutique pour les personnes victimes d\u2019abus sexuels.<br \/>\r\n<br \/>\r\nNous esp\u00e9rons que notre r\u00e9ponse t\u2019aidera \u00e0 y voir plus clair et nous te souhaitons beaucoup de courage dans la suite de tes d\u00e9marches. N\u2019h\u00e9site pas \u00e0 nous \u00e9crire \u00e0 nouveau si tu as d\u2019autres questions ou si tu souhaites simplement nous donner de tes nouvelles. Prends bien soin de toi.<br \/>\r\n<br \/>\r\n<\/div><\/div><\/div><\/div><\/div><\/div><div class='qa_acc_item'><span class='acc_toggler'><\/span><div class='item_header'><h3>Je prends conscience que mon mari a pris un certain contr\u00f4le sur ma famille. Je ne sais pas si je suis &#8222;victime de violence&#8220; et si je dois divorcer.<h3><div class='vqf_fixed_width_text'><p>02 juillet 2021 - Col... Bonjour, C\u2019est le p\u00e9diatre de mon fils qui veut faire appel au SPJ\/l\u2019AEMO pour mon mari et je prends conscience qu\u2019il a pris un certain contr\u00f4le sur notre famille. Il n\u2019est pas violent physiquement (quelques...<\/p><\/div><\/div><div class='item_body'><div class='quesion_response_block'><div class='question'><h5>Question<\/h5><div class='vqf_fixed_width_text'><div class=\"box-question p2\"><br \/>\r\n<p class=\"color-grey small mt1 mb0\">02 juillet 2021 - Col...<\/p><br \/>\r\nBonjour,<br \/>\r\n<br \/>\r\nC\u2019est le p\u00e9diatre de mon fils qui veut faire appel au SPJ\/l\u2019AEMO pour mon mari et je prends conscience qu\u2019il a pris un certain contr\u00f4le sur notre famille. Il n\u2019est pas violent physiquement (quelques rares fess\u00e9es aux enfants mais je vois bien qu\u2019ils ont peur de lui) mes enfants eux-m\u00eames ne veulent plus vivre avec leur papa. Je ne sais pas si le SPJ va suffit ou si je dois le quitter.<br \/>\r\n<br \/>\r\nJe voudrais retrouver la libert\u00e9 de choisir les v\u00eatements de mes enfants par exemple. Mais j\u2019ai du mal \u00e0 me reconna\u00eetre comme \u00ab\u00a0victime de violence\u00a0\u00bb alors j\u2019ai peur que mes d\u00e9cisions soient trop radicales par rapport \u00e0 lui.<br \/>\r\n<br \/>\r\nEst-ce moi qui vit les choses trop intens\u00e9ment ou je suis vraiment sous emprise m\u00eame minime et je dois me sortir de l\u00e0 ?<br \/>\r\n<br \/>\r\n<\/div><br \/>\r\n<div class=\"bg-grey p2\"><br \/>\r\n<h3><\/h3><br \/>\r\n<h3><\/p><\/div><\/div><div class='response'><h5>Response<\/h5><div class='vqf_fixed_width_text'><p><\/h3><br \/>\r\nBonjour Madame,<br \/>\r\n<br \/>\r\nVous vous questionnez sur l\u2019avenir de votre couple ne sachant pas si vous devez vous s\u00e9parer ou non. Vos doutes semblent \u00eatre intervenus lorsque le p\u00e9diatre de vos enfant a dit vouloir contacter le SPJ \u00e0 propos du comportement de votre mari. Peut-\u00eatre ces doutes sont-ils apparus plus t\u00f4t encore\u00a0? Vous nous dites prendre conscience que votre \u00e9poux exerce un certain contr\u00f4le sur vous mais il vous est toutefois difficile de vous reconna\u00eetre en tant que victime. Vous vous interrogez sur la l\u00e9gitimit\u00e9 de votre ressenti, sur les d\u00e9cisions \u00e0 prendre ainsi que sur une \u00e9ventuelle emprise de votre mari sur vous.<br \/>\r\n<br \/>\r\nNous avons peu d\u2019\u00e9l\u00e9ments concernant les actes de votre mari qui ont pouss\u00e9 le p\u00e9diatre \u00e0 faire un signalement au SPJ. Il y a aussi peu de description de son comportement au sein de votre couple mais nous allons n\u00e9anmoins pouvoir faire exister ceci\u00a0:<br \/>\r\n<br \/>\r\nLa violence existe sous plusieurs <a href=\"https:\/\/dev-vqf.creatives.com\/fr\/informations\/violence\" target=\"_blank\" rel=\"noopener\">formes<\/a> et n\u2019est pas que physique. Elle peut \u00eatre aussi psychologique, \u00e9conomique et sexuelle. Le contr\u00f4le est une violence de <a href=\"https:\/\/dev-vqf.creatives.com\/fr\/informations\/violence\/psychologique\" target=\"_blank\" rel=\"noopener\">type psychologique<\/a>. Cette derni\u00e8re peut en effet, sur du plus ou moins long terme, permettre \u00e0 l\u2019auteur-e d\u2019exercer de l\u2019emprise sur son\/sa conjoint-e ou m\u00eame sur les enfants. L\u2019emprise s\u2019installe en principe par le biais d\u2019une dynamique r\u00e9p\u00e9titive dans la relation nomm\u00e9 <a href=\"https:\/\/dev-vqf.creatives.com\/fr\/informations\/cycle-de-la-violence\" target=\"_blank\" rel=\"noopener\">cycle de la violence<\/a>. Les <a href=\"https:\/\/dev-vqf.creatives.com\/fr\/informations\/consequences\" target=\"_blank\" rel=\"noopener\">cons\u00e9quences de la violence<\/a>, de l\u2019emprise peuvent se manifester entre autres par de la perte de confiance, de la peur et de la confusion.<br \/>\r\n<br \/>\r\nLa violence est <a href=\"https:\/\/dev-vqf.creatives.com\/fr\/informations\/loi\" target=\"_blank\" rel=\"noopener\">interdite <\/a>et la plupart des actes peuvent \u00eatre sanctionn\u00e9s par le droit p\u00e9nal, et celle exerc\u00e9e sur <a href=\"https:\/\/dev-vqf.creatives.com\/fr\/informations\/enfants-violence\" target=\"_blank\" rel=\"noopener\">les enfants<\/a> est motif \u00e0 d\u00e9nonciation aux services de protection de la jeunesse. Les parents ont le devoir de protection envers leurs enfants et si l\u2019un est inad\u00e9quat, l\u2019autre doit les en prot\u00e9ger. Mais quelles mesures l'autre parent peut-il mettre en place et doivent-elles \u00eatre \"radicales\"?<br \/>\r\n<br \/>\r\nCeci nous emm\u00e8ne \u00e0 votre question sur le divorce. Ce n\u2019est pas forc\u00e9mment LA solution, la seule et unique, mais elle peut l\u2019\u00eatre si vous estimez que le seul moyen de vous prot\u00e9ger vous et vos enfants est de partir. Toutefois, le premier pas qui peut conduire \u00e0 trouver de l\u2019aide est de sortir du silence et vous l\u2019avez d\u2019ores et d\u00e9j\u00e0 fait. Bravo pour cet acte courageux qui est souvent le plus difficile\u00a0!<br \/>\r\n<br \/>\r\nNous ne pouvons passer outre le sujet de la reconnaissance du statut de victime. C\u2019est une d\u00e9marche difficile mais n\u00e9cessaire car elle am\u00e8ne sur le chemin de la prise de conscience et c\u2019est certes douloureux. En parall\u00e8le, elle a le m\u00e9rite de mettre du sens et d'aider \u00e0 d\u00e9buter une reconstruction.<br \/>\r\n<br \/>\r\nVictime de violence ou non\u00a0? Sous emprise\u00a0? Partir\u00a0? Divorcer\u00a0? Nous ne pouvons r\u00e9pondre \u00e0 toutes ces questions et par ailleurs il nous manque des informations pour vous r\u00e9pondre pr\u00e9cis\u00e9ment mais quelques \u00e9l\u00e9ments pourraient mettre la puce \u00e0 l\u2019oreille, notamment quand vous mentionnez ne pas avoir la libert\u00e9 de choisir les v\u00eatements de vos enfants. C\u2019est pourquoi, pour \u00e9valuer votre situation et trouver de l\u2019aide nous pouvons vous aiguiller vers le <a href=\"https:\/\/malleyprairie.ch\/\" target=\"_blank\" rel=\"noopener\">Centre d\u2019accueil MalleyPrairie<\/a> qui est sp\u00e9cialis\u00e9 dans la probl\u00e9matique de violence dans le couple et de la famille. Vous pouvez contacter les professionnel-le-s au <strong>021.620.76.76<\/strong>. Les prestations sont <strong>gratuites et confidentielles<\/strong>, et vous pourrez recevoir des conseils par t\u00e9l\u00e9phone ou lors de RDV ambulatoires sur place. Avec elles\/eux,\u00a0 vous pourrez r\u00e9fl\u00e9chir aux diverses questions qui vous habitent.<br \/>\r\n<br \/>\r\nNous esp\u00e9rons avoir pu vous apporter des \u00e9clairages utiles et vous souhaitons plein de courage pour la suite. Nous restons volontiers \u00e0 disposition pour d\u2019autres questions ou aussi pour recevoir de vos nouvelles.<br \/>\r\n<br \/>\r\n<\/div><\/div><\/div><\/div><\/div><\/div><div class='qa_acc_item'><span class='acc_toggler'><\/span><div class='item_header'><h3>Ma fille baffe son copain, que faire?<h3><div class='vqf_fixed_width_text'><p>02 juillet 2021 - Elf... Ma fille de 15 ans donne des baffes \u00e0 son ami de 17 ans<\/p><\/div><\/div><div class='item_body'><div class='quesion_response_block'><div class='question'><h5>Question<\/h5><div class='vqf_fixed_width_text'><div class=\"box-question p2\"><br \/>\r\n<p class=\"color-grey small mt1 mb0\">02 juillet 2021 - Elf...<\/p><br \/>\r\nMa fille de 15 ans donne des baffes \u00e0 son ami de 17 ans<br \/>\r\n<br \/>\r\n<\/div><br \/>\r\n<div class=\"bg-grey p2\"><br \/>\r\n<h3><\/h3><br \/>\r\n<h3><\/p><\/div><\/div><div class='response'><h5>Response<\/h5><div class='vqf_fixed_width_text'><p><\/h3><br \/>\r\nBonjour Madame,<br \/>\r\n<br \/>\r\nVotre fille donne des baffes \u00e0 son copain. Tous les deux sont mineurs et nous imaginons que vous ne savez pas quoi faire dans cette situation.<br \/>\r\n<br \/>\r\nVous avez bien fait de nous \u00e9crire. C\u2019est un comportement de <a href=\"https:\/\/dev-vqf.creatives.com\/fr\/informations\/violence\/physique\" target=\"_blank\" rel=\"noopener\">violence physique<\/a> qu\u2019il est important de ne pas banaliser.<span class=\"Apple-converted-space\">\u00a0<\/span><br \/>\r\n<br \/>\r\nAvez-vous eu d\u00e9j\u00e0 une discussion \u00e0 ce sujet avec votre fille? Tout d\u2019abord, nous pensons qu\u2019il est primordial que vous lui expliquiez clairement que la violence n\u2019est pas une mani\u00e8re ad\u00e9quate pour r\u00e9agir dans une relation. N\u2019h\u00e9sitez pas \u00e0 le lui r\u00e9p\u00e9ter. Donner une baffe est une action blessante, psychologiquement et physiquement et ne va pas l\u2019aider \u00e0 r\u00e9soudre un conflit. Au contraire, la violence aggrave les situations difficiles et peut briser une relation. Rappelez-lui aussi que la violence est interdite <a href=\"https:\/\/dev-vqf.creatives.com\/fr\/informations\/loi\" target=\"_blank\" rel=\"noopener\">par la loi<\/a> et que son copain ou toute personne qui subit de la violence a le droit de porter plainte contre elle.<span class=\"Apple-converted-space\">\u00a0<\/span><br \/>\r\n<br \/>\r\nEnsuite, vous pouvez lui demander pourquoi elle agit de cette mani\u00e8re. S\u2019il y a de la col\u00e8re ou de la frustration sous-jacente qui la pousse \u00e0 agir ainsi, dites-lui qu\u2019elle peut lib\u00e9rer ses \u00e9motions d\u2019une autre mani\u00e8re que par de la violence sur autrui. Pour commencer elle peut sortir de la pi\u00e8ce et marcher lorsque l\u2019envie de baffer son copain lui vient. De cette mani\u00e8re, elle pourra en prendre conscience, s\u2019arr\u00eater \u00e0 temps et revenir quand la tension est redescendue en ce demandant ce qui la f\u00e2che ou la frustre dans cette situation.<br \/>\r\n<br \/>\r\nSi malgr\u00e9 vos discussions et ces conseils, cela ne s\u2019arr\u00eate pas, elle peut nous \u00e9crire directement ou contacter au\u00a0<strong>147<\/strong> l'association <a href=\"https:\/\/www.projuventute.ch\/\" target=\"_blank\" rel=\"noopener\">Projuventute<\/a> pour demander d\u2019autres conseils.<br \/>\r\n<br \/>\r\nSi votre fille est pr\u00eate \u00e0 faire ce pas, nous pouvons lui conseillons de prendre contact avec le <a href=\"https:\/\/www.chuv.ch\/fr\/fiches-psy\/centre-de-consultation-les-boreales\" target=\"_blank\" rel=\"noopener\">Centre de consultation les Bor\u00e9ales <\/a>au\u00a0 <strong>021 314 66 33<\/strong> qui propose diff\u00e9rentes prises en charge: th\u00e9rapies individuelles, de couple ou de famille etc... Cet espace pourrait lui permettre de comprendre pourquoi elle recourt \u00e0 la violence et trouver des alternatives.<br \/>\r\n<br \/>\r\nNotre porte reste ouverte en cas de nouvelles questions. Nous esp\u00e9rons que nous avons r\u00e9pondu \u00e0 votre demande et vous envoyons nos meilleurs messages.<br \/>\r\n<br \/>\r\n<\/div><\/div><\/div><\/div><\/div><\/div><div class='qa_acc_item'><span class='acc_toggler'><\/span><div class='item_header'><h3>Violences conjugales, quels droits pour la victime de nationalit\u00e9 \u00e9trang\u00e8re?<h3><div class='vqf_fixed_width_text'><p>27 juin 2021 - Kev... Bonjour, Mon beau-fr\u00e8re (fr\u00e8re de mon \u00e9pouse), frappe r\u00e9guli\u00e8rement sa femme, car il est nottamment sous l'emprise de l'alcohl. Les 2 enfants (1 et 3 ans) en sont t\u00e9moin et le vivent \u00e9videmment tr\u00e8s mal....<\/p><\/div><\/div><div class='item_body'><div class='quesion_response_block'><div class='question'><h5>Question<\/h5><div class='vqf_fixed_width_text'><div class=\"box-question p2\"><br \/>\r\n<p class=\"color-grey small mt1 mb0\">27 juin 2021 - Kev...<\/p><br \/>\r\nBonjour,<br \/>\r\n<br \/>\r\nMon beau-fr\u00e8re (fr\u00e8re de mon \u00e9pouse), frappe r\u00e9guli\u00e8rement sa femme, car il est nottamment sous l'emprise de l'alcohl. Les 2 enfants (1 et 3 ans) en sont t\u00e9moin et le vivent \u00e9videmment tr\u00e8s mal. Le couple est mari\u00e9 depuis 3 ans, lui a le passeport suisse et elle a le passeport serbe.<br \/>\r\n<br \/>\r\nElle h\u00e9site \u00e0 d\u00e9poser plainte car elle a peur de perdre ses enfants vu qu'elle n'est pas suisse. Quels sont ses droits en \u00e9tant qu'\u00e9trang\u00e8re et que pouvons-nous faire pour elle ?<br \/>\r\n<br \/>\r\nMerci pour votre aide car \u00e7a devient vraiement difficile car \u00e7a fait plusieurs mois ou ann\u00e9es que \u00e7a dure, il y a des hauts et des bas. Bref l\u00e0 j'ai envie de r\u00e9ag8r et de ne plus me taire.<br \/>\r\n<br \/>\r\nDans l'attente de votre r\u00e9ponse, une bonne fin de dimanche.<br \/>\r\n<br \/>\r\n<\/div><br \/>\r\n<div class=\"bg-grey p2\"><br \/>\r\n<h3><\/h3><br \/>\r\n<h3><\/p><\/div><\/div><div class='response'><h5>Response<\/h5><div class='vqf_fixed_width_text'><p><\/h3><br \/>\r\nBonjour Monsieur,<br \/>\r\n<br \/>\r\nSi nous comprenons bien, votre beau fr\u00e8re frappe r\u00e9guli\u00e8rement sa femme lorsqu\u2019il est sous l\u2019emprise de l\u2019alcool. Les enfants en sont t\u00e9moins. Votre belle-s\u0153ur h\u00e9site \u00e0 entreprendre des d\u00e9marches car elle ne connait pas ses droits en tant que personne de nationalit\u00e9 \u00e9trang\u00e8re. Vous souhaitez r\u00e9agir et avez besoin de conseils pour la soutenir, c\u2019est pourquoi vous nous contactez.<br \/>\r\n<br \/>\r\nAu vu des \u00e9l\u00e9ments que vous nous transmettez, votre belle-s\u0153ur est victime de violence conjugale, principalement <a href=\"https:\/\/dev-vqf.creatives.com\/fr\/informations\/violence\/physique\" target=\"_blank\" rel=\"noopener\">physique<\/a>, depuis plusieurs ann\u00e9es. Leur enfants sont t\u00e9moins de ces violences et cela peut avoir un\u00a0<a href=\"https:\/\/dev-vqf.creatives.com\/fr\/informations\/enfants-violence\" target=\"_blank\" rel=\"noopener\">impact sur leur bon d\u00e9veloppement<\/a>. C\u2019est pourquoi il est important de pouvoir les prot\u00e9ger de ce contexte. Pour ce faire, il existe plusieurs d\u00e9marches que peut entreprendre la victime, quelque soit sa nationalit\u00e9.<br \/>\r\n<br \/>\r\nLa violence conjugale est compos\u00e9e <a href=\"https:\/\/dev-vqf.creatives.com\/fr\/informations\/loi\" target=\"_blank\" rel=\"noopener\">d\u2019infractions punies par la loi<\/a>. Une partie de celles-ci sont poursuivies d\u2019office. La victime peut en tout temps d\u00e9poser plainte p\u00e9nale pour les violences qu\u2019elle subit. Elle peut \u00e9galement contacter la police en cas de nouvelles violences, au <strong>117<\/strong>. Lors de leur intervention \u00e0 domicile au moment de la crise, les policier-\u00e8re-s peuvent expulser l\u2019auteur des violences. L\u2019appel \u00e0 la police peut \u00eatre fait par un t\u00e9moin de la sc\u00e8ne. Suite \u00e0 cet appel \u00e0 la police, diff\u00e9rentes proc\u00e9dures peuvent s\u2019ouvrir en plus de l\u2019expulsion du domicile pour la personne auteure, \u00e0 savoir un d\u00e9p\u00f4t de plainte et une possibilit\u00e9 de s\u00e9paration. Des mesures de protection peuvent \u00eatre mises en place pour prot\u00e9ger la personne victime.<br \/>\r\n<br \/>\r\nLors de mesures de s\u00e9paration, la justice civile va attribuer le droit de\u00a0d\u00e9terminer le lieu de r\u00e9sidence\u00a0au parent qui est le plus \u00e0 m\u00eame de s\u2019occuper des enfants. En Suisse, les deux parents ont des droits \u00e9gaux face \u00e0 leur enfant, ind\u00e9pendamment de leur sexe et de leur nationalit\u00e9. Pour les questions de permis de s\u00e9jour suite \u00e0 une s\u00e9paration, le Centre Social Protestant et son service de la fraternit\u00e9 est le sp\u00e9cialiste du Canton de Vaud sur ce sujet. Il existe <a href=\"https:\/\/csp.ch\/vaud\/fraternite-permanences\/#1607429302736-74a059a5-0936\" target=\"_blank\" rel=\"noopener\">plusieurs permanences<\/a>atteignables au travers du num\u00e9ro direct <strong>021 560 60 98.<\/strong><br \/>\r\n<br \/>\r\nIl y a d\u2019autres adresses sur le canton de Vaud d\u2019organismes qui soutiennent les personnes victimes de violences conjugales. Le <a href=\"https:\/\/malleyprairie.ch\/\" target=\"_blank\" rel=\"noopener\">Centre d\u2019accueil Malley Prairie<\/a> (<strong>021 620 76 76<\/strong>) est sp\u00e9cialis\u00e9 dans l\u2019accompagnement des personnes victimes. Un h\u00e9bergement est \u00e9galement possible sur Lausanne, pour la victime et ses enfants. Le <a href=\"https:\/\/www.profa.ch\/services-2\/centre-lavi\/\" target=\"_blank\" rel=\"noopener\">Centre LAVI<\/a> (<strong>021 631 03 00<\/strong>) peut \u00e9galement soutenir les personnes victimes sur les plans psychologique, juridique ou de protection. Ils se basent sur la Loi f\u00e9d\u00e9rale d'aide aux victimes. Leurs bureaux se trouvent \u00e0 Aigle, Lausanne et Yverdon-les-bains. Ils sont joignables 24\/24h et les entretiens sont gratuits et confidentiels.\u00a0L'<a href=\"https:\/\/www.urgences-sante.ch\/partenaires\/item\/21-urgences-sociales\" target=\"_blank\" rel=\"noopener\">Equipe Mobile d'Urgences Sociales<\/a>\u00a0(<strong>0848 133 133<\/strong>)\u00a0peut se d\u00e9placer en tout temps\u00a0\u00e0 domicile ou dans tout autre lieu souhait\u00e9 pour une rencontre afin de soutenir les personnes en difficult\u00e9s.<br \/>\r\n<br \/>\r\nNous esp\u00e9rons que vous avez trouv\u00e9 dans ces pistes les conseils que vous cherchiez pour soutenir votre belle-s\u0153ur. Nous restons bien entendu \u00e0 votre disposition si vous avez besoin de compl\u00e9ments d\u2019information.<br \/>\r\n<br \/>\r\n<\/div><\/div><\/div><\/div><\/div><\/div><div class='qa_acc_item'><span class='acc_toggler'><\/span><div class='item_header'><h3>Je sais que ma voisine subit des violences de son mari et je ne sais pas quoi faire<h3><div class='vqf_fixed_width_text'><p>27 juin 2021 - Ine... Bonjour, Depuis un peu plus d'une ann\u00e9e, j'habite c\u00f4te \u00e0 c\u00f4te avec un couple au sein duquel existent des violences. J'entends des bruits de dispute tr\u00e8s forts, des cris, des portes qui claquent, parfois des...<\/p><\/div><\/div><div class='item_body'><div class='quesion_response_block'><div class='question'><h5>Question<\/h5><div class='vqf_fixed_width_text'><div class=\"box-question p2\"><br \/>\r\n<p class=\"color-grey small mt1 mb0\">27 juin 2021 - Ine...<\/p><br \/>\r\nBonjour,<br \/>\r\n<br \/>\r\nDepuis un peu plus d'une ann\u00e9e, j'habite c\u00f4te \u00e0 c\u00f4te avec un couple au sein duquel existent des violences. J'entends des bruits de dispute tr\u00e8s forts, des cris, des portes qui claquent, parfois des coups. La police vient r\u00e9guli\u00e8rement, mais n'expulse pas cet homme violent de son appartement.<br \/>\r\n<br \/>\r\nJ'ai tent\u00e9 d'en discuter avec mes voisins, mais je ne pouvais jamais avoir acc\u00e8s \u00e0 ma voisine et lui me disait toujours que \u00e7a allait. Or, il y a deux semaines, je suis all\u00e9e sonner un matin o\u00f9 j'ai entendu une dispute tr\u00e8s violente. C'est ma voisine qui m'a ouvert, elle \u00e9tait terroris\u00e9e, avait des marques de violence sur elle et est venue se r\u00e9fugier chez moi. Elle m'a expliqu\u00e9 la situation de violence physique, verbale, psychique et \u00e9motionnelle que son mari lui inflige. Elle a tent\u00e9 plusieurs fois de partir, mais son conjoint la retrouve toujours et la force \u00e0 revenir \u00e0 la maison. Comme elle est immigr\u00e9e, elle a tr\u00e8s peu de personnes autour d'elle qui peuvent la soutenir. Cette fois encore, elle est revenue \u00e0 la maison.<br \/>\r\n<br \/>\r\nDepuis, je suis dans l'incapacit\u00e9 de rentrer en contact avec elle et je pense qu'il lui enl\u00e8ve son t\u00e9l\u00e9phone - elle m'a dit qu'il lui faisait cela. Hier, je les ai crois\u00e9s dans notre rue, j'ai vu que tout de suite il l'a agripp\u00e9e par le bras et elle s'est retourn\u00e9e vers moi tout en continuant \u00e0 marcher, j'ai eu l'impression qu'elle essayait de me dire quelque chose mais je ne sais pas quoi. Ce matin, je lui ai envoy\u00e9 un message tout simple, disant que si elle voulait boire un caf\u00e9 sur une terrasse un de ces jours, \u00e7a me ferait plaisir. Je n'en ai pas dit plus, car j'ai peur de g\u00e9n\u00e9rer la rage de son mari et qu'il la punisse en devenant violent. Je n'ai pas re\u00e7u de r\u00e9ponse. Je suis d\u00e9sempar\u00e9e car je sais qu'il y a de la violence dans l'appartement juste \u00e0 c\u00f4t\u00e9 du mien et je n'ai pas de moyen de rentrer en contact avec cette femme, car son mari violent qui, en plus, est au ch\u00f4mage depuis le d\u00e9but du covid, ne la laisse jamais seule.<br \/>\r\n<br \/>\r\nJe ne sais pas quelle est la meilleure chose \u00e0 faire dans cette situation, mais il est tr\u00e8s difficile de rester sans rien faire. Merci d'avance pour votre aide.<br \/>\r\n<br \/>\r\n<\/div><br \/>\r\n<div class=\"bg-grey p2\"><br \/>\r\n<h3><\/h3><br \/>\r\n<h3><\/p><\/div><\/div><div class='response'><h5>Response<\/h5><div class='vqf_fixed_width_text'><p><\/h3><br \/>\r\nBonjour Madame,<br \/>\r\n<br \/>\r\nDepuis un peu plus d'une ann\u00e9e, vous habitez \u00e0 cot\u00e9 d'un couple au sein duquel existent des violences. Vous entendez des bruits, des cris, et parfois des coups. Il y a deux semaines vous avez pu rentrer en contact avec votre voisine. Celle-ci \u00e9tait terroris\u00e9e et avait des marques de violences sur elle. Vous l'avez alors accueilli chez vous et vous lui avait offert une \u00e9coute bienveillante. Depuis, elle est retourn\u00e9e chez elle et vous ne pouvez plus rentrer en contact avec elle, car son mari est au ch\u00f4mage, donc toujours \u00e0 la maison et avec elle. Vous vous inquitez pour votre voisine qui est victime de violences. Vous nous demandez comment agir au mieux dans cette situation.<br \/>\r\n<br \/>\r\nNous vous remercions pour votre demande, vous f\u00e9licitons pour l'attention port\u00e9e \u00e0 votre voisine et tout ce que vous mettez en place pour l'aider. Nous comprenons bien que vous vous faites du soucis et vous avez bien fait de nous contacter. Il n'est pas \u00e9vident de se trouver t\u00e9moins de ce genre de sc\u00e8nes et\u00a0 savoir comment r\u00e9agir.<br \/>\r\n<br \/>\r\nDans les situations de violence au sein du couple, il arrive souvent que le voisinage soit une ressource et intervienne par expemple en appelant la police.<br \/>\r\n<br \/>\r\nLa violence au sein du couple r\u00e9pond souvent \u00e0 un <a href=\"https:\/\/dev-vqf.creatives.com\/fr\/informations\/cycle-de-la-violence\" target=\"_blank\" rel=\"noopener\">cycle<\/a>\u00a0qui se r\u00e9p\u00e8te et s'intensifie. Nous vous encourageons donc \u00e0 rester attentive par la suite, et en cas de nouvel \u00e9pisode, nous vous encourageons effectivement \u00e0 appeler la police au <strong>117<\/strong>, afin de prot\u00e8ger la victime. La violence conjugale est interdite par la <a href=\"https:\/\/dev-vqf.creatives.com\/fr\/informations\/loi\" target=\"_blank\" rel=\"noopener\">loi<\/a>. Dans le canton de Vaud, la police pourra expulser l'auteur du domicile pour une dur\u00e9e de 14 jours. Vous nous dites que la police vient r\u00e9guli\u00e8rement mais n'expulse pas l'auteur du domicile, peut-\u00eatre que l'auteur a bien \u00e9t\u00e9 expuls\u00e9 mais revient au domicile?<br \/>\r\n<br \/>\r\nEn cas de nouvel \u00e9pisode de violence, si votre voisine venait \u00e0 se r\u00e9fugier chez vous, nous vous conseillons d'appeler L'Equipe Mobile d'Urgences sociales (<a href=\"https:\/\/www.urgences-sante.ch\/partenaires\/item\/21-urgences-sociales\" target=\"_blank\" rel=\"noopener\">EMUS<\/a>) au <strong>0848 133 133. <\/strong>Non seulement, cette \u00e9quipe pourra proc\u00e9der aux premiers soins mais pourra aussi accompagner votre voisine \u00e0 la police et\/ou au <a href=\"https:\/\/malleyprairie.ch\/\" target=\"_blank\" rel=\"noopener\">Centre d'accueil MalleyPrairie<\/a> pour un h\u00e9bergement d'urgence si voisine est d'accord.<br \/>\r\n<br \/>\r\nEtant donn\u00e9 que vous avez d\u00e9j\u00e0 un lien avec votre voisine, lors d'une prochaine rencontre ou discussion avec elle, vous pouvez lui transmettre les contacts des associations aupr\u00e8s desquelles elle peut trouver de l'aide. Nous vous conseillons aussi de lui proposer de prendre contact avec le <a href=\"https:\/\/malleyprairie.ch\/\" target=\"_blank\" rel=\"noopener\">Centre Malleyprairie<\/a>\u00a0\u00e0 Lausanne qui offre des consultations gratuites et confidentielles. Et si, elle le souhaite, elle pourrait aussi demander un h\u00e9bergement d'urgence au <a href=\"https:\/\/malleyprairie.ch\/hebergement\/\" target=\"_blank\" rel=\"noopener\">Centre d'accueil Malleyprairie<\/a>\u00a0afin d'\u00eatre en s\u00e9curit\u00e9 et de prendre du recul sur sa situation. Votre voisine peut joindre le centre au <strong>021 620 76 76<\/strong>.<br \/>\r\n<br \/>\r\nSur notre site, dans la section <a href=\"https:\/\/dev-vqf.creatives.com\/fr\/entourage\/entourage_section\" target=\"_blank\" rel=\"noopener\">pour l'entrourage<\/a>, vous trouverez des informations compl\u00e9mentaires.<br \/>\r\n<br \/>\r\nNous vous invitons \u00e0 \u00e9couter vos ressentis et \u00e0 prendre soin de vous, votre soutien est d\u00e9j\u00e0 tr\u00e8s pr\u00e9cieux pour votre voisine et vous ne pouvez agir \u00e0 sa place.<br \/>\r\n<br \/>\r\nNous esp\u00e8rons que notre r\u00e9ponse vous aura aid\u00e9e et que la situation pourra s'am\u00e9liorer.<br \/>\r\n<br \/>\r\nNous restons \u00e0 votre disposition si vous avez d'autres questions et si vous souhaitez nous donner des nouvelles de la situations.<br \/>\r\n<br \/>\r\nAvec nos meilleures salutations<br \/>\r\n<br \/>\r\n<\/div><\/div><\/div><\/div><\/div><\/div><div class='qa_acc_item'><span class='acc_toggler'><\/span><div class='item_header'><h3>Como hago para lograr un refugio para protegerme de el<h3><div class='vqf_fixed_width_text'><p>21 juin 2021 - Gab... Hola . Mi novio me trata verbalmente y sufro maltrato como hago para lograr un refugio para protegerme de el<\/p><\/div><\/div><div class='item_body'><div class='quesion_response_block'><div class='question'><h5>Question<\/h5><div class='vqf_fixed_width_text'><div class=\"box-question p2\"><br \/>\r\n<p class=\"color-grey small mt1 mb0\">21 juin 2021 - Gab...<\/p><br \/>\r\nHola .<br \/>\r\n<br \/>\r\nMi novio me trata verbalmente y sufro maltrato como hago para lograr un refugio para protegerme de el<br \/>\r\n<br \/>\r\n<\/div><br \/>\r\n<div class=\"bg-grey p2\"><br \/>\r\n<h3><\/p><\/div><\/div><div class='response'><h5>Response<\/h5><div class='vqf_fixed_width_text'><p><\/h3><br \/>\r\nBuenos d\u00edas,<br \/>\r\n<br \/>\r\n<span class=\"colour\">Su situaci\u00f3n es dif\u00edcil y entendemos que busque ayuda y consejo. Vosotros hay\u00e1is hecho un paso importante al decidir hablar de lo que vosotros est\u00e1is viviendo.<\/span><br \/>\r\n<br \/>\r\n<span class=\"colour\">La violencia conyugal puede adoptar muchas\u00a0<a href=\"https:\/\/dev-vqf.creatives.com\/languages\/es\/es-violence\" target=\"_blank\" rel=\"noopener\">formas\u00a0<\/a>y a veces puede ser un\u00a0<a href=\"https:\/\/dev-vqf.creatives.com\/languages\/es\/es-cycle\" target=\"_blank\" rel=\"noopener\">ciclo<\/a>.\u00a0La felicitamos por su voluntad de salir de la violencia, <strong>vosotros no est\u00e1is sola<\/strong>.<\/span><br \/>\r\n<br \/>\r\n<span class=\"colour\">En Suiza, la violencia dom\u00e9stica est\u00e1 prohibida por la ley, puede llamar a la polic\u00eda\u00a0<strong>en cualquier momento\u00a0al numero 117<\/strong>, y \u00e9sta intervendr\u00e1 en el domicilio y podr\u00e1 expulsar a su c\u00f3nyuge del domicilio por un periodo de tiempo limitado. <\/span><br \/>\r\n<br \/>\r\n<span class=\"colour\">Los profesionales est\u00e1n aqu\u00ed para ayudarla a salir de la violencia. Si vosotros est\u00e1is buscando un lugar para protegerse, en Ginebra puede irse al\u00a0<a href=\"https:\/\/www.geneve.ch\/fr\/foyer-pertuis\" target=\"_blank\" rel=\"noopener\">Foyer Le Pertuis<\/a>. Vosotros pod\u00e1is llamarlos a las\u00a0<strong>+41 22 309 57 27<\/strong>\u00a0y en caso de emergencia su l\u00ednea\u00a0<strong>+41 22 879 62 14<\/strong>\u00a0est\u00e1 disponible las 24 horas del d\u00eda y los 7 d\u00edas de la semana.<\/span><br \/>\r\n<br \/>\r\n<span class=\"colour\">Si vosotros habl\u00e1is franc\u00e9s, tenemos una p\u00e1gina en nuestro sitio web con\u00a0<a href=\"https:\/\/dev-vqf.creatives.com\/fr\/victimes\/victimes_que-faire\/conseils-pratiques\" target=\"_blank\" rel=\"noopener\">consejos pr\u00e1cticos<\/a>\u00a0para salir de casa.<\/span><br \/>\r\n<br \/>\r\n<span class=\"colour\">No dud\u00e9is en volver a escribirnos si ten\u00e9is alguna pregunta o si quer\u00e9is darnos noticias. Le deseamos mucho coraje, con nuestros mejores pensamientos.<\/span><br \/>\r\n<br \/>\r\n<\/div><\/div><\/div><\/div><\/div><\/div><div class='qa_acc_item'><span class='acc_toggler'><\/span><div class='item_header'><h3>Je suis sortie d&#8217;une relation tr\u00e8s violente mais je souffre de stress post traumatique. Je suis \u00e0 la recherche d&#8217;un groupe de parole.<h3><div class='vqf_fixed_width_text'><p>21 juin 2021 - lab... Bonjour. Je suis sortie d\u2019une relation tr\u00e8s violente il y a une ann\u00e9e mnt. Je souffre d\u2019un stress post traumatique important que je traite par th\u00e9rapie. Mais il y a des moments o\u00f9 je revis...<\/p><\/div><\/div><div class='item_body'><div class='quesion_response_block'><div class='question'><h5>Question<\/h5><div class='vqf_fixed_width_text'><div class=\"box-question p2\"><br \/>\r\n<p class=\"color-grey small mt1 mb0\">21 juin 2021 - lab...<\/p><br \/>\r\nBonjour.<br \/>\r\n<br \/>\r\nJe suis sortie d\u2019une relation tr\u00e8s violente il y a une ann\u00e9e mnt. Je souffre d\u2019un stress post traumatique important que je traite par th\u00e9rapie. Mais il y a des moments o\u00f9 je revis tout et c\u2019est tr\u00e8s dur. J\u2019ai un nouveau conjoint qui est adorable mais \u00e7a p\u00e8se sur notre couple. Je pleurs bcp alors que je suis tr\u00e8s amoureuse. Je voulais savoir s\u2019il existait des groupes de parole pour parler avec d\u2019autres femmes. J\u2019ai besoin de m\u2019exprimer et de dialoguer avec des gens qui connaissent de l\u2019int\u00e9rieur ces \u00e9motions. Merci<br \/>\r\n<br \/>\r\n<\/div><br \/>\r\n<div class=\"bg-grey p2\"><br \/>\r\n<h3><\/h3><br \/>\r\n<h3><\/p><\/div><\/div><div class='response'><h5>Response<\/h5><div class='vqf_fixed_width_text'><p><\/h3><br \/>\r\nBonjour Madame,<br \/>\r\n<br \/>\r\nVous souffrez de stress post-traumatique faisant suite \u00e0 une relation que vous qualifiez de tr\u00e8s <a href=\"https:\/\/dev-vqf.creatives.com\/fr\/informations\/violence\" target=\"_blank\" rel=\"noopener\">violente <\/a>et que vous avez quitt\u00e9e il y a une ann\u00e9e. A ce jour, vous en subissez encore les <a href=\"https:\/\/dev-vqf.creatives.com\/fr\/informations\/consequences\/pour-les-victimes\" target=\"_blank\" rel=\"noopener\">cons\u00e9quences<\/a>, qui viennent alt\u00e9rer votre nouvelle vie de couple.<br \/>\r\n<br \/>\r\nVous avez raison de vous inqui\u00e9ter de ce que ces violences ont marqu\u00e9 en vous en consultant un-e th\u00e9rapeute, car les troubles li\u00e9es au stress post-traumatique sont une souffrance.<br \/>\r\n<br \/>\r\nPour r\u00e9pondre \u00e0 votre demande, le <a href=\"https:\/\/malleyprairie.ch\/\" target=\"_blank\" rel=\"noopener\">Centre MalleyPrairie<\/a> propose aux femmes victimes de violences conjugales la possibilit\u00e9 de participer, en soir\u00e9e et \u00e0 quinzaine, \u00e0 un <a href=\"https:\/\/malleyprairie.ch\/ambulatoire\/\" target=\"_blank\" rel=\"noopener\">groupe de soutien<\/a>, destin\u00e9 \u00e0 favoriser le partage des v\u00e9cus autour de la probl\u00e9matique de la violence.<br \/>\r\n<br \/>\r\nVous pouvez prendre contact en appelant le<strong> 021\u00a0620 76 76<\/strong> et fixer un rendez-vous avec une animatrice pour obtenir les informations n\u00e9cessaires \u00e0 votre adh\u00e9sion \u00e0 ce groupe.<br \/>\r\n<br \/>\r\nNous esp\u00e9rons que ces \u00e9l\u00e9ments de r\u00e9ponse vous permettront d\u2019acc\u00e9der \u00e0 ce que vous recherchez comme soutient et nous vous souhaitons le meilleur dans vos d\u00e9marches, comme vous le mentionnez, vers une gu\u00e9rison. N\u2019h\u00e9sitez pas \u00e0 reprendre contact si vous en sentez le besoin.<br \/>\r\n<br \/>\r\n<\/div><\/div><\/div><\/div><\/div><\/div><div class='qa_acc_item'><span class='acc_toggler'><\/span><div class='item_header'><h3>Il dit que j&#8217;exerce de la violence psychologique sur lui car je lui dicte les comportements \u00e0 avoir et ne lui laisse pas d&#8217;air. Que faire ?<h3><div class='vqf_fixed_width_text'><p>20 juin 2021 - Her... Bonjour, Je suis en couple avec mon mari depuis une dizaine d'ann\u00e9es, nous sommes mari\u00e9s depuis quelques ann\u00e9es. Nous avons un fils en bas \u00e2ge. Depuis que nous avons un enfant, nous nous disputoms beaucoup....<\/p><\/div><\/div><div class='item_body'><div class='quesion_response_block'><div class='question'><h5>Question<\/h5><div class='vqf_fixed_width_text'><div class=\"box-question p2\"><br \/>\r\n<p class=\"color-grey small mt1 mb0\">20 juin 2021 - Her...<\/p><br \/>\r\nBonjour,<br \/>\r\n<br \/>\r\nJe suis en couple avec mon mari depuis une dizaine d'ann\u00e9es, nous sommes mari\u00e9s depuis quelques ann\u00e9es. Nous avons un fils en bas \u00e2ge. Depuis que nous avons un enfant, nous nous disputoms beaucoup. Nous nous sommes \u00e9loign\u00e9s l'un de l'autre.<br \/>\r\n<br \/>\r\nNous aimons notre fils plus que tout au monde et il va tr\u00e8s bien. Pour moi (la maman, donc), mon fils passe avant mon mari. Et j'ai malheureusement perdu de l'int\u00e9r\u00eat pour mon mari. Parfois je regrette de l'avoir choisi comme partenaire. Je m'\u00e9nerve beaucoup de ses comportements. Ce sont de petites choses... Je lui reproche d'\u00eatre d\u00e9sordonn\u00e9, de ne pas avoir de bonnes mani\u00e8res \u00e0 table, de ne pas m'\u00e9couter quand je lui parle. Lui me reproche d'\u00eatre trop accapar\u00e9e par notre fils. Lorsque nous nous disputons, il lance des objets par terre ou claque des portes. Il dit qu'il est \u00e0 bout de nerfs.<br \/>\r\n<br \/>\r\nIl dit que j'exerce de la violence psychologique sur lui car je lui dicte les comportements \u00e0 avoir et ne lui laisse pas d'air. Que faire ? J'ai peur que notre fils ressente cette mauvaise ambiance et que cela s'imprime en lui... Merci pour votre aide !<br \/>\r\n<br \/>\r\n<\/div><br \/>\r\n<div class=\"bg-grey p2\"><br \/>\r\n<h3><\/h3><br \/>\r\n<h3><\/p><\/div><\/div><div class='response'><h5>Response<\/h5><div class='vqf_fixed_width_text'><p><\/h3><br \/>\r\nBonjour Madame,<br \/>\r\n<br \/>\r\nAvant toute chose, nous tenons \u00e0 souligner la d\u00e9marche que vous avez entreprise en \u00e9crivant sur notre site. Identifier qu\u2019il y a de la violence dans son couple peut \u00eatre difficile \u00e0 reconna\u00eetre ; cela demande du courage que de consid\u00e9rer cela comme un probl\u00e8me et de vouloir changer la situation.<br \/>\r\n<br \/>\r\nVous relatez des disputes fr\u00e9quentes avec votre mari qui vont jusqu\u2019\u00e0 l\u2019exercice de la violence. Vous mentionnez notamment la violence que votre mari exerce sur des objets en votre pr\u00e9sence. Et vous relevez \u00e9galement le v\u00e9cu de votre mari quant \u00e0 la violence psychologique que vous exercez sur lui (si vous d\u00e9sirez plus d'informations sur ce type de violence, nous vous invitant \u00e0 cliquer sur ce <a href=\"https:\/\/dev-vqf.creatives.com\/fr\/informations\/violence\/psychologique\" target=\"_blank\" rel=\"noopener\">lien<\/a>).<br \/>\r\n<br \/>\r\nDe plus, vous vous montrez sensible \u00e0 la souffrance que ressent votre fils en \u00e9tant expos\u00e9 \u00e0 des \u00e9pisodes de violence entre ses parents et vous soulignez votre peur que cela l\u2019affecte \u00e0 long terme. Si vous souhaitez avoir\u00a0une meilleure compr\u00e9hension\u00a0des impacts de l'exposition des enfants \u00e0 des sc\u00e8nes de violence, nous vous proposons de cliquer sur ce <a href=\"https:\/\/dev-vqf.creatives.com\/fr\/informations\/enfants-violence\" target=\"_blank\" rel=\"noopener\">lien<\/a>.<br \/>\r\n<br \/>\r\nDans votre message, vous adressez une question pratique\u00a0: \u00ab\u00a0que faire\u00a0?\u00a0\u00bb. Si vous avez le souhait de mieux comprendre comment \u00e9tablir une communication sereine dans votre couple, et que vous \u00eates \u00e0 la recherche de strat\u00e9gies alternatives \u00e0 la violence, nous vous proposons de contacter un lieu sp\u00e9cialis\u00e9 dans les dynamiques relationnelles violentes au sein du couple. Cela pourrait vous soutenir et vous aider \u00e0 pr\u00e9ciser vos besoins dans la p\u00e9riode difficile que vous vivez.<br \/>\r\n<br \/>\r\nNotre association \u00e9tant active en Suisse romande, nous connaissons moins bien l'offre existante \u00e0 Zurich. Nous avons cependant trouv\u00e9 cette adresse: <a href=\"http:\/\/fbhg.ch\/\" target=\"_blank\" rel=\"noopener\">Fachberatung Hausliche Gewalt<\/a> qui propose notamment des consultations de couple. Nous vous conseillons de prendre contact afin d'en savoir plus sur <a href=\"http:\/\/fbhg.ch\/Ueber-uns\/Kontakt\/\" target=\"_blank\" rel=\"noopener\">leur offre<\/a>. Enfin si vous souhaitez obtenir d'autres adresses \u00e0 Zurich, nous vous conseillons d'\u00e9crire au <a href=\"https:\/\/www.onlineopferberatung.ch\/\" target=\"_blank\" rel=\"noopener\">Beratungstelle f\u00fcr Frauen <\/a>via leur service de conseils en ligne qui est similaire \u00e0 celui que propose l'association VIOLENCE QUE FAIRE.<br \/>\r\n<br \/>\r\nDans l\u2019espoir que votre situation pourra se r\u00e9soudre, nous vous souhaitons de trouver les moyens de renforcer un mode de communication avec votre mari qui permettra un climat de s\u00e9curit\u00e9 pour votre couple et votre enfant.<br \/>\r\n<br \/>\r\n<\/div><\/div><\/div><\/div><\/div><\/div><div class='qa_acc_item'><span class='acc_toggler'><\/span><div class='item_header'><h3>Qui paie une consultation m\u00e9dicale\/constat de coups et blessures suite \u00e0 une atteinte physique?<h3><div class='vqf_fixed_width_text'><p>20 juin 2021 - Cro... Bonjour, Je travaille dans un centre d'urgence. Je constate qu'en r\u00e8gle g\u00e9n\u00e9ral certaines personnes ne souhaite pas consulter \u00e0 cause de la franchise trop haute. Ces gens ne peuvent pas se permettre une d\u00e9pense \"inutile\"...<\/p><\/div><\/div><div class='item_body'><div class='quesion_response_block'><div class='question'><h5>Question<\/h5><div class='vqf_fixed_width_text'><div class=\"box-question p2\"><br \/>\r\n<p class=\"color-grey small mt1 mb0\">20 juin 2021 - Cro...<\/p><br \/>\r\nBonjour,<br \/>\r\n<br \/>\r\nJe travaille dans un centre d'urgence. Je constate qu'en r\u00e8gle g\u00e9n\u00e9ral certaines personnes ne souhaite pas consulter \u00e0 cause de la franchise trop haute. Ces gens ne peuvent pas se permettre une d\u00e9pense \"inutile\" et pr\u00e9f\u00e8re \u00e9viter de se faire soigner.<br \/>\r\n<br \/>\r\nEtant t\u00e9moin d'une situation de violence conjugale d'une coll\u00e8gue je comprends que chaque d\u00e9pense financi\u00e8re est compliqu\u00e9 pour elle. Son \"copain\",violent et s\u00fbrement pervers narcissique lui impose un contr\u00f4le financier et la prive dune partie de son salaire. Il y a 5 jours, elle a \u00e9t\u00e9 violemment agress\u00e9 par lui, il avait introduit un traceur dans son mobile pour la suivre et a d\u00e9fonc\u00e9 la vitre de la voiture pour la frapper. Puis, il est revenu l'attendre \u00e0 son domicile pour la frapper, \u00e9trangler et tout ce dont elle ne m'a pas parler.<br \/>\r\n<br \/>\r\nJ'ai beaucoup parl\u00e9 avec elle, lui ai expliqu\u00e9 ses droits, la loi en Suisse. La possibilit\u00e9 de d\u00e9poser une main courante, faire un constat m\u00e9dical (dans notre urgence, elle ne veut pas \u00e9videmment elle souhaite pas ne m\u00e9langer la vie priv\u00e9e et professionnelle). Mais je l'ai encourag\u00e9 a aller dans une autre urgence ou chez un m\u00e9decin traitant. Elle a quitt\u00e9 son domicile et dort chez une amie, elle a trouv\u00e9 un nouvel appartement libre d'ici quelques semaines (devra payer 2 loyers ?) Plusieurs frais vont en d\u00e9couler, \u00e0 20 ans, on a pas de r\u00e9serve financi\u00e8re, un salaire pas bien \u00e9lev\u00e9.<br \/>\r\n<br \/>\r\nJe pense qu'il serait utile d'expliquer clairement sur votre site qui paie une consultation m\u00e9dicale lors d'atteinte physique: j'ose imaginer que c'est un cas accident (sans franchise) et non maladie. Mais je ne trouve nulle part une explication \u00e0 cette question. D'avance je vous remercie et vous adresse mes meilleures salutations.<br \/>\r\n<br \/>\r\n<\/div><br \/>\r\n<div class=\"bg-grey p2\"><br \/>\r\n<h3><\/h3><br \/>\r\n<h3><\/p><\/div><\/div><div class='response'><h5>Response<\/h5><div class='vqf_fixed_width_text'><p><\/h3><br \/>\r\nBonjour Madame,<br \/>\r\n<br \/>\r\nVous travaillez dans un centre d\u2019urgence. Une de vos coll\u00e8gues vous a confi\u00e9 qu\u2019elle subit de la violence conjugale de la part de son partenaire. Suite \u00e0 une sc\u00e8ne de violence il y a 5 jours, elle a quitt\u00e9 son domicile et dort chez une amie. Vous avez pu l\u2019\u00e9couter, la renseigner sur ses droits, lui conseiller de faire un constat m\u00e9dical. Cependant elle a de nombreux frais suppl\u00e9mentaires li\u00e9s \u00e0 sa situation et ne peut pas assumer des frais pour une consultation m\u00e9dicale. Vous trouveriez utile qu\u2019il y ait davantage d\u2019indications sur notre site concernant la prise en charge des frais m\u00e9dicaux suite \u00e0 une agression.<br \/>\r\n<br \/>\r\nNous vous remercions pour votre question et vous f\u00e9licitons pour tout le soutien que vous apportez \u00e0 votre coll\u00e8gue.<br \/>\r\n<br \/>\r\nVotre question aborde la question des assurances. Nous ne sommes pas sp\u00e9cialis\u00e9-e-s dans ce domaine qui est complexe mais nous vous proposons quelques \u00e9l\u00e9ments de r\u00e9ponse.<br \/>\r\n<br \/>\r\nComme vous le mentionnez de nombreux faits de violence domestique et sexuelle peuvent \u00eatre consid\u00e9r\u00e9s comme <strong>des accidents<\/strong>, juridiquement parlant. Ce qui pour la couverture d\u2019assurance est d\u2019une grande importance.<br \/>\r\n<br \/>\r\nEn principe, les personnes qui exercent une activit\u00e9 salari\u00e9e de plus de 8 heures par semaine sont couvertes par l\u2019assurance-accident obligatoire (LAA). Il n\u2019y a alors ni franchise, ni quote-part \u00e0 payer par la patiente. L\u2019\u00e9tablissement d\u2019un constat de coups et les soins d\u00e9coulant de l'agression devraient d\u00e8s lors \u00eatre couvert enti\u00e8rement par l\u2019assurance accident.<br \/>\r\nLes personnes non salari\u00e9es n\u2019ont pas le droit aux prestations de l\u2019assurance-accident obligatoire. Les frais d\u00e9coulant d\u2019un accident sont alors pris en charge par la <strong>couverture accident de la LAMal<\/strong> qui propose les m\u00eames prestations qu\u2019en cas de maladie. Tout comme pour la maladie, l\u2019assur\u00e9-e doit alors payer une participation aux frais (franchise et quote-part) y compris pour l\u2019\u00e9tablissement d\u2019un constat de coups.<br \/>\r\n<br \/>\r\nDans certaines situations, la personne touch\u00e9e par un accident peut b\u00e9n\u00e9ficier des prestations pr\u00e9vues par la <strong>LAVI (loi sur l\u2019aide aux victimes d\u2019infractions)<\/strong>. La prise en charge de frais m\u00e9dicaux (dont des constats de coups) peut faire partie de ces prestations. L\u2019aide apport\u00e9e par la <strong>LAVI<\/strong> est cependant toujours subsidiaire aux prestations des assurances.<br \/>\r\n<br \/>\r\nIl peut \u00eatre int\u00e9ressant de savoir que la victime peut refuser que son employeur-e soit inform\u00e9-e de la violence subie, l\u2019annonce de l\u2019accident peut \u00eatre remise directement \u00e0 l\u2019assurance-accident.<br \/>\r\n<br \/>\r\nIl est parfois \u00e9galement indiqu\u00e9, en proc\u00e9dant \u00e0 la d\u00e9claration d\u2019accident, de demander \u00e0 l\u2019assurance de s\u2019abstenir de toute action r\u00e9cursoire contre la personne ayant exerc\u00e9 les violences, afin de prot\u00e9ger la victime.<br \/>\r\n<br \/>\r\nUne personne touch\u00e9e par une infraction peut de toute mani\u00e8re prendre contact avec un centre LAVI. A Fribourg, votre coll\u00e8gue peut s\u2019adresser \u00e0 <a href=\"https:\/\/www.sf-lavi.ch\/\" target=\"_blank\" rel=\"noopener\">Solidarit\u00e9 femmes-centre LAVI<\/a><strong>\u00a0au 026 \/ 322 22 02<\/strong>. Des intervenantes pourront l\u2019\u00e9couter, la conseiller, l\u2019orienter et la soutenir par rapport aux options qu\u2019elle choisit. Les consultations sont gratuites et confidentielles.<br \/>\r\n<br \/>\r\nComme vous le mentionnez pour \u00e9tablir un constat de coups \u00e0 Fribourg, il est possible de le faire en allant aux urgences de l\u2019h\u00f4pital cantonal ou chez son m\u00e9decin traitant.<br \/>\r\n<br \/>\r\nA Lausanne, il est possible de faire des constats de coups \u00e0 <strong>l\u2019<a href=\"https:\/\/www.curml.ch\/faq-unite-de-medecine-des-violences-umv\" target=\"_blank\" rel=\"noopener\">Unit\u00e9 de m\u00e9decine des violences<\/a><\/strong><strong>.<\/strong><strong> La consultation et l\u2019\u00e9tablissement du constat sont gratuits.<\/strong><strong> Il faut prendre un rendez-vous au<\/strong><strong> 021 \/314 00 60<\/strong>. Des personnes provenant d\u2019autres cantons peuvent aussi s\u2019adresser \u00e0 ce service.<br \/>\r\n<br \/>\r\nNous esp\u00e9rons vous avoir amener des \u00e9l\u00e9ments de r\u00e9ponse. Votre coll\u00e8gue peut bien s\u00fbr \u00e9galement nous \u00e9crire ou trouver des informations sur notre site. Nous restons \u00e0 votre disposition pour d\u2019autres questions.<br \/>\r\n<br \/>\r\nPrenez bien soin de vous<br \/>\r\n<br \/>\r\n<\/div><\/div><\/div><\/div><\/div><\/div><div class='qa_acc_item'><span class='acc_toggler'><\/span><div class='item_header'><h3>Violences pass\u00e9es, existe-t-il un accompagnement sp\u00e9cialis\u00e9 pour les t\u00e9moins de violence= M\u00eame des ann\u00e9es plus tard?<h3><div class='vqf_fixed_width_text'><p>20 juin 2021 - Nat... Pr\u00e9-adolescente j\u2019ai v\u00e9cu des situations de violences entre ma m\u00e8re et mon fr\u00e8re. Plus tard j\u2019ai d\u00e9velopp\u00e9 des probl\u00e8mes alimentaires et d\u2019addiction. J\u2019ai aussi reproduit ce sch\u00e9ma avec un mari violent, violence que ma fille...<\/p><\/div><\/div><div class='item_body'><div class='quesion_response_block'><div class='question'><h5>Question<\/h5><div class='vqf_fixed_width_text'><div class=\"box-question p2\"><br \/>\r\n<p class=\"color-grey small mt1 mb0\">20 juin 2021 - Nat...<\/p><br \/>\r\nPr\u00e9-adolescente j\u2019ai v\u00e9cu des situations de violences entre ma m\u00e8re et mon fr\u00e8re. Plus tard j\u2019ai d\u00e9velopp\u00e9 des probl\u00e8mes alimentaires et d\u2019addiction. J\u2019ai aussi reproduit ce sch\u00e9ma avec un mari violent, violence que ma fille a vu petite. Aujourd\u2019hui je me demande s\u2019il ne serait pas n\u00e9cessaire pour elle et pour moi de faire le point et se faire accompagner pour \u00ab\u00a0nettoyer\u00a0\u00bb tout cela.<br \/>\r\n<br \/>\r\nExiste il un accompagnement sp\u00e9cialis\u00e9 pour les t\u00e9moins de la violence? M\u00eame des ann\u00e9es plus tard ? Merci d\u2019avance<br \/>\r\n<br \/>\r\n<\/div><br \/>\r\n<div class=\"bg-grey p2\"><br \/>\r\n<h3><\/h3><br \/>\r\n<h3><\/p><\/div><\/div><div class='response'><h5>Response<\/h5><div class='vqf_fixed_width_text'><p><\/h3><br \/>\r\nBonjour Madame,<br \/>\r\n<br \/>\r\nPar le pass\u00e9, vous avez v\u00e9cu des situations de violences entre votre m\u00e8re et votre fr\u00e8re. Par la suite le sch\u00e9ma s'est reproduit avec votre mari et votre fille en \u00e9tait t\u00e9moin. Actuellement vous souhaitez faire le point et avoir un accompagnement sp\u00e9cialis\u00e9 pour les t\u00e9moins de violence.<br \/>\r\n<br \/>\r\nVous avez bien fait de nous contacter, se poser des questions et avoir la volont\u00e9 de se faire accompagner afin de \"nettoyer\" les violences v\u00e9cues est un grand pas vers l'arr\u00eat du sch\u00e9ma de la violence qui se r\u00e9p\u00e8te. Cela vous permet de\u00a0reprendre les r\u00eanes de votre vie.<br \/>\r\n<br \/>\r\nVous vous posez des questions sur les s\u00e9quelles laiss\u00e9e par la violence \u00e0 vous et votre fille. En effet \u00eatre\u00a0<a href=\"https:\/\/dev-vqf.creatives.com\/fr\/informations\/enfants-violence\" target=\"_blank\" rel=\"noopener\">t\u00e9moin de violence entre\u00a0ses parents\u00a0<\/a>n'est pas anodin. Lorsque les enfants grandissent dans un climat de violence, ils d\u00e9veloppent une haute tol\u00e9rance \u00e0 celle-ci et cela les am\u00e8ne \u00e0 croire que c'est normal d'utiliser la violence dans le conflit. C'est pourquoi \u00e0 l'\u00e2ge adulte, il n'est pas rare que la personne se retrouve dans une situation de violence, soit comme auteur ou en tant que victime. La violence affecte les enfants, chacun\u00a0peut r\u00e9agir diff\u00e9remment selon son \u00e2ge, la fr\u00e9quence et la gravit\u00e9 des violences. Vous-m\u00eame avez eu des probl\u00e8mes alimentaires et d'addiction.<br \/>\r\n<br \/>\r\nVous cherchez un accompagnement sp\u00e9cialis\u00e9. \u00c0 Gen\u00e8ve, nous vous proposons de contacter le <a href=\"http:\/\/centrelavi-ge.ch\/index.php\/soutien\/\" target=\"_blank\" rel=\"noopener\">Centre LAVI<\/a>. Des professionnels-les vous r\u00e9pondront et vous orienteront, de mani\u00e8re confidentielle et gratuite, vers des psychoth\u00e9rapeutes sp\u00e9cialis\u00e9s. Si vous ou\/et votre fille \u00eates reconnues en tant que\u00a0<a href=\"http:\/\/centrelavi-ge.ch\/index.php\/victime-lavi-definition\/\" target=\"_blank\" rel=\"noopener\">victime selon la loi<\/a>, le co\u00fbt des consultations peut \u00eatre pris en charge par le Centre. Pour r\u00e9pondre sinon plus sp\u00e9cifiquement \u00e0 votre question, \u00e0 Gen\u00e8ve, vous pouvez vous adresser au <a href=\"https:\/\/www.ctas.ch\/index.php?id=2\" target=\"_blank\" rel=\"noopener\">Centre Th\u00e9rapeutique pour Traumatismes<\/a> qui aide les personnes \u00e0 se lib\u00e9rer de leurs s\u00e9quelles traumatiques et leur permettre de reprendre le contr\u00f4le de leur vie. Pour prendre <a href=\"https:\/\/www.ctas.ch\/index.php?id=9\" target=\"_blank\" rel=\"noopener\">rendez-vous<\/a>: <strong>+41 22 800 08 50<\/strong>.<br \/>\r\n<br \/>\r\nNous esp\u00e9rons que vous trouverez l'aide que vous d\u00e9sirez et nous restons \u00e0 votre disposition pour toutes questions ou si vous souhaitez nous donner des nouvelles.<br \/>\r\n<br \/>\r\nRecevez nos meilleures pens\u00e9es.<br \/>\r\n<br \/>\r\n<\/div><\/div><\/div><\/div><\/div><\/div><div class='qa_acc_item'><span class='acc_toggler'><\/span><div class='item_header'><h3>Malgr\u00e9 la s\u00e9paration, le harc\u00e8lement se poursuit. Que faire?<h3><div class='vqf_fixed_width_text'><p>20 juin 2021 - @Kn... En raison de plusieurs ann\u00e9es de maltraitance psychologique dans ma vie conjugale (insultes, rabaissement, chantage au suicide), j ai d\u00e9cid\u00e9 il y a bient\u00f4t 6 mois de me s\u00e9parer. Cependant, malgr\u00e9 la s\u00e9paration j ai...<\/p><\/div><\/div><div class='item_body'><div class='quesion_response_block'><div class='question'><h5>Question<\/h5><div class='vqf_fixed_width_text'><div class=\"box-question p2\"><br \/>\r\n<p class=\"color-grey small mt1 mb0\">20 juin 2021 - @Kn...<\/p><br \/>\r\nEn raison de plusieurs ann\u00e9es de maltraitance psychologique dans ma vie conjugale (insultes, rabaissement, chantage au suicide), j ai d\u00e9cid\u00e9 il y a bient\u00f4t 6 mois de me s\u00e9parer. Cependant, malgr\u00e9 la s\u00e9paration j ai l impression de vivre encore plus sous pression. Mon ex appelle mes amis et ma famille dans mon dos pour savoir ce que je fais et avec qui, questionne les enfants et leur demande d investiguer pour lui alors qu'ils sont tr\u00e8s jeune et j en passe. Il m envoie des messages pour me dire que je brise notre famille etc. Je n en peux plus.<br \/>\r\n<br \/>\r\nJe veux demander le divorce mais il menace de se suicider et j ai peur. Et j avoue aussi que jbai honte de ma situation. Que faire?<br \/>\r\n<br \/>\r\n<\/div><br \/>\r\n<div class=\"bg-grey p2\"><br \/>\r\n<h3><\/h3><br \/>\r\n<h3><\/p><\/div><\/div><div class='response'><h5>Response<\/h5><div class='vqf_fixed_width_text'><p><\/h3><br \/>\r\nBonjour Madame,<br \/>\r\n<br \/>\r\nApr\u00e8s plusieurs ann\u00e9es de violence psychologique dans votre vie conjugale, vous avez d\u00e9cid\u00e9 de vous s\u00e9parer. Cependant votre mari questionne votre entourage\u00a0et demande \u00e0 vos enfants de l'informer sur ce que vous faites et avec qui. Il vous envoie aussi des messages culpabilisants. Vous n'en pouvez plus de cette situation et vous vous demandez que faire.<br \/>\r\n<br \/>\r\nVous avez bien fait de nous contacter, en effet il n'est pas facile de sortir d'une situation de <a href=\"https:\/\/dev-vqf.creatives.com\/fr\/informations\/violence\/psychologique\" target=\"_blank\" rel=\"noopener\">violence psychologique<\/a>\u00a0et cela prend du temps.\u00a0Nous vous f\u00e9licitons, vous avez d\u00e9j\u00e0 fait un grand pas un vous s\u00e9parant.\u00a0Votre <a href=\"https:\/\/dev-vqf.creatives.com\/fr\/informations\/consequences\/pour-les-victimes\" target=\"_blank\" rel=\"noopener\">sentiment de honte<\/a> est une r\u00e9action normale. C'est la situation qui ne l'est pas, d'ailleurs la violence est interdite et peut \u00eatre condamn\u00e9e par <a href=\"https:\/\/dev-vqf.creatives.com\/fr\/informations\/loi\" target=\"_blank\" rel=\"noopener\">la loi<\/a>.<br \/>\r\n<br \/>\r\nMalgr\u00e9 que vous soyez partie, vous subissez encore du <a href=\"https:\/\/dev-vqf.creatives.com\/fr\/informations\/violence\/psychologique\" target=\"_blank\" rel=\"noopener\">harc\u00e8lement<\/a>\u00a0par les messages et les investigations de votre ex-mari aupr\u00e8s de vos enfants et vos proches. <a href=\"https:\/\/dev-vqf.creatives.com\/fr\/informations\/violence\/psychologique\" target=\"_blank\" rel=\"noopener\">La menace<\/a> fait aussi partie de ce type de violence, tel que menace de suicide en cas de divorce.<br \/>\r\n<br \/>\r\nNous vous encourageons\u00a0\u00e0 prendre contact avec le <a href=\"https:\/\/www.profa.ch\/services-2\/centre-lavi\/#1524067228582-3c02948e-bde0\" target=\"_blank\" rel=\"noopener\">Centre LAVI Vaud<\/a> au <strong>021\/631.03.00<\/strong>. Des sp\u00e9cialistes vous \u00e9couterons et vous conseillerons de mani\u00e8re confidentielle et gratuite. Par leur interm\u00e9diaire, il est aussi possible de b\u00e9n\u00e9ficier de consultations juridiques gratuites, afin de conna\u00eetre vos droits en cas de divorce.<br \/>\r\n<br \/>\r\nNous vous conseillons\u00a0aussi d'appeler le <a href=\"https:\/\/malleyprairie.ch\/ambulatoire\/\" target=\"_blank\" rel=\"noopener\">Centre MalleyPraire<\/a>\u00a0sp\u00e9cialis\u00e9 en violence conjugale au\u00a0<strong>021\/620.76.76<\/strong>. Lors d'un entretien des professionnels-les vous conseilleront afin de vous aider \u00e0 vous prot\u00e9gez et sortir de cette situation.<br \/>\r\n<br \/>\r\nNous vous rappelons que vos enfants sont aussi affect\u00e9s par cette situation. Ils sont pris dans un conflit de loyaut\u00e9 entre leurs parents. <a href=\"https:\/\/www.astrame.ch\/trouver-du-soutien\/lors-dune-separation.html\" target=\"_blank\" rel=\"noopener\">La Fondation As'Trame <\/a>,\u00a0<strong>021\/648.56.56<\/strong>,\u00a0peut apporter \u00e0 vous et <a href=\"https:\/\/www.astrame.ch\/uploads\/astrame\/Astrame\/COVER_BROCHURE\/ASTRAME_BROCHURE_DIVORCE-2018.pdf\" target=\"_blank\" rel=\"noopener\">vos enfants<\/a> conseils et soutien afin\u00a0de les aider \u00e0 traverser cette p\u00e9riode de s\u00e9paration.<br \/>\r\n<br \/>\r\nNous esp\u00e9rons qu'au travers de ces diff\u00e9rentes pistes vous trouverez l'aide n\u00e9cessaire pour poursuivre votre chemin vers plus de s\u00e9r\u00e9nit\u00e9.<br \/>\r\n<br \/>\r\nNous restons \u00e0 votre disposition pour toutes questions ou si vous souhaitez nous donner de vos nouvelles.<br \/>\r\n<br \/>\r\nRecevez nos meilleures pens\u00e9es.<br \/>\r\n<br \/>\r\n<\/div><\/div><\/div><\/div><\/div><\/div><div class='qa_acc_item'><span class='acc_toggler'><\/span><div class='item_header'><h3>Consommation d&#8217;alcool et de substances, je ne sais pas si je suis coupable de violence et j&#8217;ai besoin d&#8217;aide.<h3><div class='vqf_fixed_width_text'><p>19 juin 2021 - los... Bonjour vendredi soir je suis all\u00e9 voir ma copine par surpise apres un concert arros\u00e9 au moins 3 litres de biere, je suis arriv\u00e9 bourr\u00e9 et elle avait bu et pris du speed a un...<\/p><\/div><\/div><div class='item_body'><div class='quesion_response_block'><div class='question'><h5>Question<\/h5><div class='vqf_fixed_width_text'><div class=\"box-question p2\"><br \/>\r\n<p class=\"color-grey small mt1 mb0\">19 juin 2021 - los...<\/p><br \/>\r\nBonjour<br \/>\r\n<br \/>\r\nvendredi soir je suis all\u00e9 voir ma copine par surpise apres un concert arros\u00e9 au moins 3 litres de biere, je suis arriv\u00e9 bourr\u00e9 et elle avait bu et pris du speed a un moment donn\u00e9 elle m 'as dis que je la faisais chier qu je devais lui foutre la paix et m as sorti des insultes qui m ont fais pleurer elle m 'as ensuite gifler puis pousser pour que je sorte .<br \/>\r\n<br \/>\r\nje me souviens pas de la suite mais elle m as dis que je l avais etrangler et empecher de sortir pour qu on continue a parler . ensuite nous avons travailler une heure ou deux ensemble et elle venu se reposer dans le meme lit sans au matin elle m as dit qu elle ne voulait jamais plus que je le regarde plusieurs fois dans le couple elle m as hurler dessus et se montre irrespectueuse elle consomme souvent des drogues et moi souvent de l alcoll depuis quelques temps .<br \/>\r\n<br \/>\r\nje lui ai envoyer un message d excuse lui parlant de mon ressenti que je suis choqu\u00e9 et que je me trouve comme un sous homme et que je regrette ma reaction . je precise que j amais je ne l ai violent\u00e9e apres une annee de relation .<br \/>\r\n<br \/>\r\nje me sens mal et j ai peur qu elle en parle a tout les gens que je cotoye nous avons tout les deux des atelier su le meme terrain . je veux me soigner je suis profondement atteint par mon attitude je precise que je suis absolument contre toute violence .<br \/>\r\n<br \/>\r\ncomment me guerir comment me faire pardonner sans espoir qu elle revienne mais juste par respect pour la femme je me sens terriblement mal j aimerais que cela ne ce sois jamais pass\u00e9 . j ai besoin d aide . merci pour votre lecture .<br \/>\r\n<br \/>\r\n<\/div><br \/>\r\n<div class=\"bg-grey p2\"><br \/>\r\n<h3><\/h3><br \/>\r\n<h3><\/p><\/div><\/div><div class='response'><h5>Response<\/h5><div class='vqf_fixed_width_text'><p><\/h3><br \/>\r\nBonjour Monsieur,<br \/>\r\n<br \/>\r\nLe fait que vous ayez pu nous \u00e9crire constitue un pas tr\u00e8s important et nous relevons le courage que vous d\u00e9montrez en nous contactant. Vous vivez une situation difficile dans votre couple et vous reconnaissez que cela vous fait souffrir. Vous d\u00e9crivez des violences verbales, <a href=\"https:\/\/dev-vqf.creatives.com\/fr\/informations\/violence\/physique\">physiques<\/a> et <a href=\"https:\/\/dev-vqf.creatives.com\/fr\/informations\/violence\/psychologique\">psychologiques <\/a>agies tant de votre part que de la part de votre partenaire et vous exprimez regretter cette situation. Vous ne savez pas si vous \u00eates coupable des agissements dont votre copine vous accuse et vous souhaitez de l'aide.<br \/>\r\n<br \/>\r\nTout d'abord, reconna\u00eetre la pr\u00e9sence de la violence dans votre relation de couple est un premier pas essentiel et n\u00e9cessaire pour tout changement.<br \/>\r\n<br \/>\r\nLa consommation d\u2019alcool ou de drogue augmente significativement le risque d\u2019\u00eatre impliqu\u00e9 dans une situation violente, que ce soit en tant que victime ou auteur-e, elle n\u2019excuse cependant pas le recours \u00e0 la violence, soit-elle psychologique, verbale, physique, ou autre. Les <a href=\"https:\/\/dev-vqf.creatives.com\/fr\/informations\/consequences\" target=\"_blank\" rel=\"noopener\">cons\u00e9quences de la violence<\/a> sont source de grande souffrance chez toutes les personnes impliqu\u00e9es. Chacun et chacune est responsable de la mani\u00e8re de r\u00e9agir aux attitudes du ou de la partenaire et le fait de ne pas supporter certains comportements n\u2019autorise pas le recours \u00e0 la violence. Dans un premier temps, il vous revient donc la responsabilit\u00e9 de veiller \u00e0 votre consommation d'alcool puisqu'elle constitue un facteur de risque de recourir \u00e0 la violence. Si vous pensez avoir besoin d'aide en lien avec un probl\u00e8me d'addiction, vous pouvez vous adresser \u00e0 la <a href=\"https:\/\/www.croix-bleue.ch\/alcool-dependance\/conseiller-56.html\" target=\"_blank\" rel=\"noopener\">Croix Bleue romande<\/a> \u00e0 <a href=\"mailto:info@croix-bleue.ch\">info@croix-bleue.ch <\/a>ou par t\u00e9l\u00e9phone au <strong>0848 805 005 (ligne d'\u00e9coute 24h\/24 7j\/7)<\/strong>.<br \/>\r\n<br \/>\r\nDans votre r\u00e9cit,vous faites part que votre copine a us\u00e9 de violences \u00e0 votre \u00e9gard et que de votre c\u00f4t\u00e9 vous avez \u00e9galement pu recourir \u00e0 la violence physique (\u00e9tranglement, emp\u00eacher de sortir...) mais vous n'avez aucun souvenir. Il arrive parfois qu'au sein d'un couple que la violence soit sym\u00e9trique et chacun des partenaires se retrouve \u00e0 la fois victime et auteur-e. Dans tous les cas, il nous semble important que vous puissiez trouver de l\u2019aide professionnelle qualifi\u00e9e dans ce domaine. Dans le canton de Vaud, vous pouvez trouver \u00e0 Lausanne de l'aide sp\u00e9cialis\u00e9e dans la violence domestique en contactant le\u00a0<a href=\"https:\/\/prevention-ale.ch\/\" target=\"_blank\" rel=\"noopener\">Centre Pr\u00e9vention de l'Ale<\/a>\u00a0qui sera \u00e0 m\u00eame de r\u00e9pondre \u00e0 toutes vos questions et vous accueillir rapidement. Les professionnel-le-s de ce centre pourront vous offrir une \u00e9coute et une aide concr\u00e8te, un suivi sp\u00e9cialis\u00e9, pour trouver des alternatives aux actes de violence. Vous pourrez \u00e9galement trouver de l\u2019orientation et de l\u2019aide pour votre copine si elle le souhaite. Nous vous encourageons vivement \u00e0 prendre contact rapidement avec ce centre au:\u00a0<strong>021 321 24 00<\/strong>. Le <a href=\"https:\/\/malleyprairie.ch\/\" target=\"_blank\" rel=\"noopener\">Centre d'accueil MalleyPrairie<\/a> qui s'adresse \u00e0 toute personne victime de violences dans le couple et la famille peut \u00e9galement vous recevoir et vous proposer <a href=\"https:\/\/malleyprairie.ch\/ambulatoire\/\" target=\"_blank\" rel=\"noopener\">une consultation<\/a> (gratuite et confidentielle) avec un-e professionnel-le \u00e0 Lausanne ou diff\u00e9rentes villes du canton de Vaud. Pour prendre rendez-vous: <strong>021 620 76 76<\/strong>.<br \/>\r\n<br \/>\r\nLe fait que vous soyez conscient de la gravit\u00e9 de la situation et que vous souhaitiez y rem\u00e9dier est un pas tr\u00e8s important pour entamer un changement. Nous ne pouvons donc que vous encourager \u00e0 concr\u00e9tiser votre d\u00e9marche en appelant soit le <a href=\"https:\/\/prevention-ale.ch\/\" target=\"_blank\" rel=\"noopener\">Centre Pr\u00e9vention de l'Ale <\/a>.soit le <a href=\"https:\/\/malleyprairie.ch\/ambulatoire\/\" target=\"_blank\" rel=\"noopener\">Centre d'accueil MalleyPrairie<\/a> en fonction de votre ressenti.<br \/>\r\n<br \/>\r\nN'h\u00e9sitez pas \u00e0 nous recontacter si vous en ressentez le besoin ou si vous avez d'autres questions.<br \/>\r\n<br \/>\r\n<\/div><\/div><\/div><\/div><\/div><\/div><div class='qa_acc_item'><span class='acc_toggler'><\/span><div class='item_header'><h3>Les violences psychologiques ne laissent pas de traces visibles. Comment les d\u00e9clarer ?<h3><div class='vqf_fixed_width_text'><p>16 juin 2021 - GAB... Bonjour, pouvez vous m'informer comment faire pour d\u00e9clarer la violence psychologique qui ne laisse pas de traces visible pour les autres ?existent psychologue sp\u00e9cialistes? Merci infiniment pour vos conseils.<\/p><\/div><\/div><div class='item_body'><div class='quesion_response_block'><div class='question'><h5>Question<\/h5><div class='vqf_fixed_width_text'><div class=\"box-question p2\"><br \/>\r\n<p class=\"color-grey small mt1 mb0\">16 juin 2021 - GAB...<\/p><br \/>\r\nBonjour,<br \/>\r\n<br \/>\r\npouvez vous m'informer comment faire pour d\u00e9clarer la violence psychologique qui ne laisse pas de traces visible pour les autres ?existent psychologue sp\u00e9cialistes? Merci infiniment pour vos conseils.<br \/>\r\n<br \/>\r\n<\/div><br \/>\r\n<div class=\"bg-grey p2\"><br \/>\r\n<h3><\/h3><br \/>\r\n<h3><\/p><\/div><\/div><div class='response'><h5>Response<\/h5><div class='vqf_fixed_width_text'><p><\/h3><br \/>\r\nBonjour Madame,<br \/>\r\n<br \/>\r\nVous avez raison de dire que les <a href=\"https:\/\/dev-vqf.creatives.com\/fr\/informations\/violence\/psychologique\" target=\"_blank\" rel=\"noopener\">violences psychologiques<\/a> ne laissent pas de traces visibles pour les autres. En effet, elles ne laissent pas de marques sur le corps, mais elles font tr\u00e8s mal et peuvent terroriser. Ces violences peuvent atteindre profond\u00e9ment l'estime de soi, la confiance en soi et la sant\u00e9 des personnes qui en sont\u00a0<a href=\"https:\/\/dev-vqf.creatives.com\/fr\/informations\/consequences\/pour-les-victimes\" target=\"_blank\" rel=\"noopener\">victimes<\/a>.<br \/>\r\n<br \/>\r\nVous nous demandez comment faire pour les \u00ab\u00a0d\u00e9clarer\u00a0\u00bb. \u00a0Si ces violences constituent une <a href=\"https:\/\/www.vd.ch\/themes\/aides-financieres-et-soutien-social\/soutien-aux-victimes-de-violence\/aide-aux-victimes-atteints-dans-leur-integrite-physique-sexuelle-ou-psychique-et-aide-aux-conjoints-concubins-ou-autres-proches-du-victime\/\" target=\"_blank\" rel=\"noopener\">infraction<\/a>, comme par exemple une menace de mort, vous pouvez vous adresser au <a href=\"https:\/\/www.profa.ch\/services-2\/centre-lavi\/#1524067228582-3c02948e-bde0\" target=\"_blank\" rel=\"noopener\">centre LAVI<\/a> de votre r\u00e9gion et vous informer aupr\u00e8s des professionnel-le-s pour connaitre vos droits, comme de d\u00e9poser une <a href=\"https:\/\/www.vd.ch\/themes\/justice\/la-justice-penale\/comment-deposer-une-plainte-penale\/\" target=\"_blank\" rel=\"noopener\">plainte p\u00e9nale<\/a>.<br \/>\r\n<br \/>\r\nVous pouvez aussi demander au <a href=\"https:\/\/malleyprairie.ch\/\" target=\"_blank\" rel=\"noopener\">Centre MalleyPrairie<\/a>\u00a0un <a href=\"https:\/\/malleyprairie.ch\/ambulatoire\/\" target=\"_blank\" rel=\"noopener\">entretien ambulatoire, dans votre r\u00e9gion<\/a>, \u00a0Les intervenant-e-s sont sp\u00e9cialis\u00e9-e-s pour recevoir des personnes victimes de violences dans le couple et il-elle-s vous accueilleront pour vous entendre, mais aussi pour \u00e9laborer avec vous des mani\u00e8res de vous prot\u00e9ger de ce que vous vivez en termes de violences. Ces entretiens sont confidentiels et non payant.<br \/>\r\n<br \/>\r\nVous pouvez aussi consulter aupr\u00e8s d'un-e <a href=\"https:\/\/www.psy-vd.ch\/\" target=\"_blank\" rel=\"noopener\">psychologue<\/a>\u00a0de votre choix, en \u00e9tant attentive \u00e0 vous adresser \u00e0 une personne sp\u00e9cialis\u00e9e dans les violences domestiques. Soyez attentive \u00e0 la couverture d\u2019assurance que vous avez pour couvrir <a href=\"https:\/\/www.psychologie.ch\/fr\/patients-clients\/qui-paie-quoi?gclid=Cj0KCQjw5auGBhDEARIsAFyNm9HXCkLoE3UsHKym5VPHu1cFlie-K4gYXfVtnZnpX1awUlQgK0JC6RkaAqVdEALw_wcB\" target=\"_blank\" rel=\"noopener\">les frais de consultations<\/a>.<br \/>\r\n<br \/>\r\nLes d\u00e9marches que vous entreprendrez vous am\u00e8neront \u00e0 mieux comprendre les <a href=\"https:\/\/dev-vqf.creatives.com\/fr\/informations\/cycle-de-la-violence\" target=\"_blank\" rel=\"noopener\">m\u00e9canismes de la violence psychologique<\/a> et comment vous en prot\u00e9ger. Nous vous souhaitons d\u2019ores et d\u00e9j\u00e0, Madame, le meilleur dans vos d\u00e9marches. Nous restons bien s\u00fbr \u00e0 disposition si vous souhaitez nous en dire plus ou nous poser d'autres questions.<br \/>\r\n<br \/>\r\n<\/div><\/div><\/div><\/div><\/div><\/div><div class='qa_acc_item'><span class='acc_toggler'><\/span><div class='item_header'><h3>J&#8217;ai \u00e9t\u00e9 accus\u00e9 de violences psychologiques. Il s&#8217;agit de violences sym\u00e9triques, j&#8217;aimerais que cela s&#8217;arr\u00eate et cherche des conseils.<h3><div class='vqf_fixed_width_text'><p>08 juin 2021 - lef... Bonjour, Depuis de nombreuses ann\u00e9es j'ai \u00e9t\u00e9 accus\u00e9 de violences verbales et psychologiques par mon ex-compagne, cette situation c'est amplifi\u00e9e, plus encore aujourd'hui, \u00e0 la s\u00e9paration survenue il y a bient\u00f4t trois ans et un...<\/p><\/div><\/div><div class='item_body'><div class='quesion_response_block'><div class='question'><h5>Question<\/h5><div class='vqf_fixed_width_text'><div class=\"box-question p2\"><br \/>\r\n<p class=\"color-grey small mt1 mb0\">08 juin 2021 - lef...<\/p><br \/>\r\nBonjour,<br \/>\r\n<br \/>\r\nDepuis de nombreuses ann\u00e9es j'ai \u00e9t\u00e9 accus\u00e9 de violences verbales et psychologiques par mon ex-compagne, cette situation c'est amplifi\u00e9e, plus encore aujourd'hui, \u00e0 la s\u00e9paration survenue il y a bient\u00f4t trois ans et un conflit juridique concernant le droit de visite, le refus de m'accorder l'autorit\u00e9 parentale partag\u00e9e et un conflit de propri\u00e9t\u00e9.<br \/>\r\n<br \/>\r\nDepuis 2015, je consulte aupr\u00e8s de psychiatre-psychoth\u00e9rapeute pour toutes les raisons de violences qui m'ont \u00e9t\u00e9 reproch\u00e9, instabilit\u00e9, col\u00e8res, violences verbales, harc\u00e8lement, manipulation ,etc... Je reconnais avoir laiss\u00e9 exprim\u00e9 ma col\u00e8re lors disputes dans des situations incompr\u00e9hensibles menant souvent \u00e0 perdre la raison et des comportements totalement inad\u00e9quats.<br \/>\r\n<br \/>\r\nJ'ai v\u00e9cu des situations de silence, de m\u00e9pris, d'indiff\u00e9rence, de culpabilisation, de d\u00e9nigrement insidieux, et de rejets chaque fois que je pouvais montrer un d\u00e9saccord. Tout cela souvent de mani\u00e8re anodine, presque innocente. il \u00e9tait impossible d'\u00e9voquer des sujets d\u00e9rangeants, les discussions pouvant cr\u00e9er un d\u00e9saccord ou situation disfonctionnante, impossible de chlore une dispute correctement mais enfermer cela dans une boite et ne plus y revenir.<br \/>\r\n<br \/>\r\nSuite \u00e0 la s\u00e9paration que j'ai extr\u00eamement mal v\u00e9cu, gr\u00e2ce au suivi th\u00e9rapeutique qui m'aide \u00e0 d\u00e9tricoter la dynamique dans laquelle nous \u00e9tions enferm\u00e9s je prends conscience que cette \"violence\" ne semble finalement pas \u00e0 sens unique et beaucoup moins franche que mes comportements. Il m'est encore difficile de sortir d'une forme d'emprise install\u00e9e pas \u00e0 pas depuis le d\u00e9bit de notre relation.<br \/>\r\n<br \/>\r\nJ'ai toujours cherch\u00e9 \u00e0 r\u00e9pondre \u00e0 ces besoins m\u00eame quand cela ne respectait mon point de vue ou mes int\u00e9r\u00eats pensant qu'il n'y avait qu'elle qui avait raison et \u00e9tait dans le juste. Lorsque la violence conjugale est cit\u00e9e, la majeur partie des cas exposent tr\u00e8s souvent la violence faite aux femmes. C'est d'ailleurs le cas dans votre podcast.<br \/>\r\n<br \/>\r\nJe ne sais plus ou me tourner et ne suis pas \u00e0 l'aise avec les diff\u00e9rents groupes de paroles masculins et tout forme de militantisme. Le fait que mon ex-compagne, brandisse sans cesse la violence verbale et psychologique pour ce justifier \u00e0 encore un effet sur moi rendant difficile la reprise de confiance et estime de soi.<br \/>\r\n<br \/>\r\nJ'aimerai trouver une solution pour que cela s'arr\u00eate sachant que la seule issue sera \u00e9ventuellement la fin du conflit juridique et encore uniquement si l'issue lui est favorable.<br \/>\r\n<br \/>\r\nQuel conseil pourriez vous me donner, vers qui me tourner ? Est ce qu'une tentative de consultation avec mon ex-compagne aupr\u00e8s d'un sp\u00e9cialiste afin d'\u00e9voquer ce que chacun \u00e0 v\u00e9cu peut \u00eatre une piste ?<br \/>\r\n<br \/>\r\nJe vous remercie sinc\u00e8rement de votre r\u00e9ponse, recevez, Madame, Monsieur, mes sinc\u00e8res salutations.<br \/>\r\n<br \/>\r\n<\/div><br \/>\r\n<div class=\"bg-grey p2\"><br \/>\r\n<h3><\/h3><br \/>\r\n<h3><\/p><\/div><\/div><div class='response'><h5>Response<\/h5><div class='vqf_fixed_width_text'><p><\/h3><br \/>\r\nBonjour Monsieur,<br \/>\r\n<br \/>\r\nVous d\u00e9crivez bien dans votre t\u00e9moignage la complexit\u00e9 relationnelle, la confusion ainsi que la souffrance que g\u00e9n\u00e8rent, chez tous les membres de la famille, les interactions violentes au sein du couple.<br \/>\r\n<br \/>\r\nDans certaines situations, les terminologies auteur\/victime ne refl\u00e8tent pas cette complexit\u00e9.<br \/>\r\n<br \/>\r\nVous t\u00e9moignez \u00e9galement des enjeux juridiques de cette s\u00e9paration conflictuelle, qui dure depuis 3 ans. Dans cette p\u00e9riode, vous expliquez comment vous avez pu, avec l\u2019accompagnement d\u2019un th\u00e9rapeute, \u00ab\u00a0d\u00e9tricoter\u00a0\u00bb la dynamique relationnelle et constater que les violences ont \u00e9t\u00e9 sym\u00e9triques.<br \/>\r\n<br \/>\r\nVous touchez \u00e0 un point pertinent et important en mentionnant les limites, le respect de ses besoins, ses valeurs. Un positionnement clair et assum\u00e9 diminue le risque d\u2019acte violent. Cette analyse et ce travail sur vous entrepris dans une d\u00e9marche th\u00e9rapeutique sont sans nul doute profitables \u00e0 votre vie future, ainsi qu\u2019\u00e0 vos enfants. Parall\u00e8lement, vous constatez un d\u00e9calage entre ce travail r\u00e9flexif et les accusations de votre ex-\u00e9pouse. Ainsi qu\u2019un d\u00e9calage entre votre r\u00e9alit\u00e9 et celle transmise dans notre podcast. En effet, ces d\u00e9calages, ces \u00e9carts de r\u00e9cits existent.<br \/>\r\n<br \/>\r\nNous souhaitons vous soumettre l\u2019hypoth\u00e8se suivante, dont vous \u00eates le seul \u00e0 pouvoir d\u00e9cider de la pertinence\u00a0:<br \/>\r\n<br \/>\r\nLes situations de violence au sein du couple et la famille cr\u00e9ent des imbrications relationnelles complexes. Celles-ci suscitent de la souffrance. Cette souffrance peut \u00eatre nourrie par un sentiment d\u2019injustice, ou de non-respect de ses propres limites, valeurs, aspirations. Deux personnes peuvent ainsi se sentir victimes. Dans le travail th\u00e9rapeutique que vous avez entrepris, vous avez pu travailler la reconnaissance des faits agis, ainsi que des faits subis. Les questions que vous posez nous semblent parler d\u2019un souhait d\u2019un autre niveau de reconnaissance\u00a0: une reconnaissance de la part de votre ex-compagne, ainsi que d\u2019un souhait de reconnaissance plus large de la soci\u00e9t\u00e9.<br \/>\r\n<br \/>\r\nCes questions sont pointues et pertinentes et nous ne sommes pas certains de parvenir \u00e0 y r\u00e9pondre ici.<br \/>\r\n<br \/>\r\nVis-\u00e0-vis de la reconnaissance soci\u00e9tale, la voie du militantisme est en effet un possible, et vous nous dites que vous ne souhaitez pas entrer dans une telle d\u00e9marche.<br \/>\r\n<br \/>\r\nR\u00e9pondre \u00e0 votre interrogation quant \u00e0 une consultation conjointe demanderait d\u2019en savoir davantage sur la situation actuelle et d\u2019investiguer avec vous les enjeux et risques. Nous vous encourageons \u00e0 en parler avec le ou la professionnel-le qui vous a accompagn\u00e9 jusqu\u2019ici. Si cela vous semblait plus pertinent, il est \u00e9galement possible de pouvoir vous adresser aux professionnel-le-s du <a href=\"https:\/\/malleyprairie.ch\/ambulatoire\/\" target=\"_blank\" rel=\"noopener\">Centre d'accueil MalleyPrairie<\/a> \u00e0 Lausanne qui pourront vous proposer un espace de r\u00e9flexion autour des diff\u00e9rents enjeux personnels, relationnels et juridiques dans lesquels vous vous trouvez. Vous pouvez les solliciter pour une premi\u00e8re rencontre sans engagement au <strong>021 620 76 76<\/strong>.<br \/>\r\n<br \/>\r\nEn esp\u00e9rant lire de vos nouvelles,<br \/>\r\n<br \/>\r\nBien cordialement.<br \/>\r\n<br \/>\r\n<\/div><\/div><\/div><\/div><\/div><\/div><div class='qa_acc_item'><span class='acc_toggler'><\/span><div class='item_header'><h3>En attente de s\u00e9paration, la situation devient insupportable. Que faire?<h3><div class='vqf_fixed_width_text'><p>04 juin 2021 - Gap... Bonjour, Avec mon mari la situation est difficile. Nous souhaitons nous s\u00e9parer mais pour des questions financi\u00e8res nous sommes coinc\u00e9s jusqu\u2019\u00e0 la fin de l\u2019ann\u00e9e 2021. Hors la situation devient de plus en plus insupportable....<\/p><\/div><\/div><div class='item_body'><div class='quesion_response_block'><div class='question'><h5>Question<\/h5><div class='vqf_fixed_width_text'><div class=\"box-question p2\"><br \/>\r\n<p class=\"color-grey small mt1 mb0\">04 juin 2021 - Gap...<\/p><br \/>\r\nBonjour,<br \/>\r\n<br \/>\r\nAvec mon mari la situation est difficile. Nous souhaitons nous s\u00e9parer mais pour des questions financi\u00e8res nous sommes coinc\u00e9s jusqu\u2019\u00e0 la fin de l\u2019ann\u00e9e 2021.<br \/>\r\n<br \/>\r\nHors la situation devient de plus en plus insupportable. Hier soir, il m\u2019a empoign\u00e9 par le bras en hurlant devant nos enfants et il m\u2019a dit qu\u2019il allait me tuer! Qu\u2019un jour il le ferait! Il s\u2019est calm\u00e9 quand nos enfants ont cri\u00e9s et lui ont demand\u00e9 d\u2019arr\u00eater. Il m\u2019a accus\u00e9 d\u2019\u00eatre le probl\u00e8me face \u00e0 eux. Que tout \u00e9tait de ma faute. Je sais qu\u2019il souffre de la situation et qu\u2019il sature mais son degr\u00e9s de haine face \u00e0 moi, me fait peur. Je ne sais pas quoi faire.<br \/>\r\n<br \/>\r\n<\/div><br \/>\r\n<div class=\"bg-grey p2\"><br \/>\r\n<h3><\/h3><br \/>\r\n<h3><\/p><\/div><\/div><div class='response'><h5>Response<\/h5><div class='vqf_fixed_width_text'><p><\/h3><br \/>\r\nBonjour Madame,<br \/>\r\n<br \/>\r\nVous nous \u00e9crivez car vous vivez une situation difficile avec votre mari. Vous souhaitez vous s\u00e9parer mais ce n\u2019est pas possible rapidement pour des raisons financi\u00e8res. Votre mari a une attitude qui vous fait peur. Il vous a d\u00e9j\u00e0 empoign\u00e9e, a menac\u00e9e de vous tuer devant vos enfants et vous fait porter la responsabilit\u00e9 de la situation. Vous ne savez pas quoi faire.<br \/>\r\n<br \/>\r\nVous avez bien fait de nous \u00e9crire. Les \u00e9l\u00e9ments que vous nous d\u00e9crivez sont des signes de <a href=\"https:\/\/dev-vqf.creatives.com\/fr\/informations\/violence\" target=\"_blank\" rel=\"noopener\">violence au sein du co<\/a>uple avec de la <a href=\"https:\/\/dev-vqf.creatives.com\/fr\/informations\/violence\/psychologique\" target=\"_blank\" rel=\"noopener\">violence psychologique<\/a> et de la <a href=\"https:\/\/dev-vqf.creatives.com\/fr\/informations\/violence\/physique\" target=\"_blank\" rel=\"noopener\">violence physique<\/a>. Est-ce que c\u2019\u00e9tait la premi\u00e8re fois qu\u2019il y a eu de la violence\u00a0? La violence conjugale peut avoir de nombreuses <a href=\"https:\/\/dev-vqf.creatives.com\/fr\/informations\/consequences\/pour-les-victimes\" target=\"_blank\" rel=\"noopener\">cons\u00e9quences <\/a>sur les victimes. Les enfants expos\u00e9s \u00e0 de la violence domestique souffrent \u00e9galement de cette situation. Il est important de les prot\u00e9ger.<br \/>\r\n<br \/>\r\nLa p\u00e9riode de la s\u00e9paration est un moment compliqu\u00e9 et d\u00e9licat o\u00f9 les violences peuvent augmenter. Vous faites bien d\u2019\u00eatre vigilante et demander de l\u2019aide. La violence est <a href=\"https:\/\/dev-vqf.creatives.com\/fr\/informations\/loi\" target=\"_blank\" rel=\"noopener\">interdite par la loi<\/a> et certains actes peuvent \u00eatre d\u00e9nonc\u00e9s \u00e0 la justice.<br \/>\r\n<br \/>\r\nSi vous vous sentez en danger et en cas de nouvelle sc\u00e8ne de violence (que ce soit physique ou psychologique), vous pouvez appeler la <strong>police au 117<\/strong>. La police pourra dans certaines situations expulser l\u2019auteur des violences du domicile pour une dur\u00e9e de maximum 20 jours. Une prolongation pourra \u00eatre demand\u00e9e par la suite aupr\u00e8s d\u2019un tribunal.<br \/>\r\n<br \/>\r\nVous pouvez \u00e9galement prendre contact avec <a href=\"https:\/\/www.sf-lavi.ch\/\" target=\"_blank\" rel=\"noopener\">Solidarit\u00e9 femmes-centre LAVI <\/a>au <strong>026\u00a0322 22 02.<\/strong> Des professionnelles pourront vous \u00e9couter, r\u00e9fl\u00e9chir avec vous \u00e0 des strat\u00e9gies pour garantir au maximum votre s\u00e9curit\u00e9, vous expliquer vos droits. Ces consultations sont gratuites et confidentielles. Vous pourrez \u00e9galement r\u00e9fl\u00e9chir avec elles sur les besoins et les soutiens possibles pour vos enfants durant cette p\u00e9riode d\u00e9licate.<br \/>\r\n<br \/>\r\nSi une discussion est encore possible avec votre mari, il est \u00e9galement possible de faire une m\u00e9diation de couple aupr\u00e8s de l\u2019<a href=\"https:\/\/www.officefamilial.ch\/fr\/services\/mediation-familiale\/notre-offre\" target=\"_blank\" rel=\"noopener\">Office familial (<\/a><strong>026\/ 322 10 14)<\/strong> pour discuter des enjeux de la s\u00e9paration et essayer de trouver des moyens pour qu\u2019elle se passe de la mani\u00e8re la plus apais\u00e9e possible.<br \/>\r\n<br \/>\r\nNous esp\u00e9rons que ces pistes vous aideront \u00e0 trouver l\u2019aide que vous recherchez. N\u2019h\u00e9sitez pas \u00e0 nous r\u00e9\u00e9crire si vous avez une autre question, si vous souhaitez nous donner plus d'informations sur votre situation ou pour nous donner de vos nouvelles. Nos pens\u00e9es vous accompagnent et prenez bien soin de vous.<br \/>\r\n<br \/>\r\n<\/div><\/div><\/div><\/div><\/div><\/div><div class='qa_acc_item'><span class='acc_toggler'><\/span><div class='item_header'><h3>Je ne sais pas si ma soeur est victime de violence psychologique.<h3><div class='vqf_fixed_width_text'><p>03 juin 2021 - Ilo... Bonjour, Je ne sais pas si ma s\u0153ur est victime de violence psychologique de la part de son compagnon et si c\u2019est le cas, comment lui venir en aide. Ma s\u0153ur est mari\u00e9e depuis plusieurs...<\/p><\/div><\/div><div class='item_body'><div class='quesion_response_block'><div class='question'><h5>Question<\/h5><div class='vqf_fixed_width_text'><div class=\"box-question p2\"><br \/>\r\n<p class=\"color-grey small mt1 mb0\">03 juin 2021 - Ilo...<\/p><br \/>\r\nBonjour,<br \/>\r\n<br \/>\r\nJe ne sais pas si ma s\u0153ur est victime de violence psychologique de la part de son compagnon et si c\u2019est le cas, comment lui venir en aide. Ma s\u0153ur est mari\u00e9e depuis plusieurs ann\u00e9es et ensemble ils ont un enfant en bas \u00e2ge. Ils ont toujours projet\u00e9 une image de couple parfait.<br \/>\r\n<br \/>\r\nDepuis un an, elle m\u2019appelle souvent, en pleurs, en me disant qu\u2019elle s\u2019est disput\u00e9 avec son mari. Au d\u00e9but je pensais qu\u2019ils traversaient juste une mauvaise phase, mais un jour elle m\u2019a avou\u00e9 \u00e0 demi-mot qu\u2019il en venait souvent \u00e0 l\u2019insulter et \u00e0 lui dire qu\u2019elle \u00e9tait trop difficile \u00e0 vivre, instable et compl\u00e8tement folle. Il a cass\u00e9 plusieurs choses dans leur maison. Pendant ces \u00ab\u00a0episodes\u00a0\u00bb, il menace souvent de la quitter et lui dit que s\u2019ils divorcent, il fera en sorte qu\u2019elle perde la garde de leur enfant. Je sais que cela est peu probable, mais elle en est d\u00e9sormais convaincue, ce qui, a mon avis, fait qu\u2019elle finit toujours par retourner vers lui apr\u00e8s chaque dispute. Elle me r\u00e9p\u00e8te qu\u2019elle ne veut absolument pas qu\u2019il parte alors que je pense plut\u00f4t que c\u2019est elle qui devrait partir. Malheureusement, elle n\u2019a pas l\u2019air d\u2019aller dans ce sens. D\u2019ailleurs apr\u00e8s chaque dispute, elle m\u2019envoie un message en disant que tout est rentr\u00e9 dans l\u2019ordre et que \u00ab\u00a0c\u2019est son manque de confiance en elle qui lui fait imaginer des choses\u00a0\u00bb.<br \/>\r\n<br \/>\r\nDerni\u00e8rement, elle est devenu sujette \u00e0 l\u2019anxi\u00e9t\u00e9 et ne dort pas bien. Un jour, je lui ai dit \u00ab\u00a0si tu as peur, pars de la maison et va chez des amis\u00a0\u00bb. Elle m\u2019a hurl\u00e9 dessus qu\u2019elle n\u2019avait pas peur et qu\u2019il fallait arr\u00eater de lui faire chier avec ces conneries. Depuis, je me dis que j\u2019ai peut-\u00eatre trop regard\u00e9 de films et que j\u2019ai mal interpr\u00e9t\u00e9 la situation. Pourtant il me semble que je remarque qu\u2019elle va de plus en plus mal. Par peur de faire faux, je ne fais rien et je regarde la situation se d\u00e9grader. Je vois qu\u2019elle fait son maximum pour \u00ab\u00a0le r\u00e9parer\u00a0\u00bb mais j\u2019ai l\u2019impression qu\u2019elle esp\u00e8re un miracle \u00e0 ce stade.<br \/>\r\n<br \/>\r\nQuelles sont les \u00e9tapes que je peux prendre pour l\u2019aider? Je ne suis pas professionnelle et je ne me sens pas apte \u00e0 porter toute la charge \u00e9motionnelle pour l\u2019aider, \u00e0 qui est-ce qu\u2019elle peut s\u2019adresser ? Et enfin, afin de calmer ces craintes en cas de s\u00e9paration, est-ce que la violence psychologique est diagnosticable par un professionnelle en cas de divorce ?<br \/>\r\n<br \/>\r\nMerci pour tout votre merveilleux travail et merci pour votre temps (et d\u00e9sol\u00e9 pour le tr\u00e8s long texte).<br \/>\r\n<br \/>\r\n<\/div><br \/>\r\n<div class=\"bg-grey p2\"><br \/>\r\n<h3><\/h3><br \/>\r\n<h3><\/p><\/div><\/div><div class='response'><h5>Response<\/h5><div class='vqf_fixed_width_text'><p><\/h3><br \/>\r\nBonjour Madame,<br \/>\r\n<br \/>\r\nVous vous demandez si votre soeur est victime de violence psychologique de la part de son compagnon et si c'est le cas comment vous pouvez lui venir en aide.\u00a0Vous n'osez plus lui en parler par peur de faire faux, cependant vous voyez la situation se d\u00e9grader et votre soeur aller de plus en plus mal.<br \/>\r\n<br \/>\r\nVous avez bien fait de nous \u00e9crire, vos interrogations sont l\u00e9gitimes. Les insultes, le d\u00e9nigrement, le rabaissement et\u00a0des menaces, tel que de\u00a0perdre la garde de l'enfant, font partie de <a href=\"https:\/\/dev-vqf.creatives.com\/fr\/informations\/violence\/psychologique\" target=\"_blank\" rel=\"noopener\">la violence psychologique<\/a>. \u00a0Cette violence atteint l'estime de soi et peut cr\u00e9er le manque de confiance en soi de la personne victime. <a href=\"https:\/\/dev-vqf.creatives.com\/fr\/informations\/consequences\/pour-les-victimes\" target=\"_blank\" rel=\"noopener\">Des troubles importants<\/a>\u00a0peuvent se manifester, anxi\u00e9t\u00e9, insomnie, stress, fatigue chronique, d\u00e9pression...\u00a0Des cons\u00e9quences graves sur la sant\u00e9 peuvent en d\u00e9couler.<br \/>\r\n<br \/>\r\nIl n'est pas facile de <a href=\"https:\/\/dev-vqf.creatives.com\/fr\/entourage\/entourage_section\" target=\"_blank\" rel=\"noopener\">r\u00e9agir face \u00e0 la violence<\/a> dans un couple d'autant plus quand celle-ci est psychologique car elle est insidieuse et pas toujours facile \u00e0 identifier. On est souvent d\u00e9muni et on a peur de ne pas faire ce qu'il faut. Or <a href=\"https:\/\/dev-vqf.creatives.com\/fr\/entourage\/entourage_section\" target=\"_blank\" rel=\"noopener\">le silence<\/a> entretien la violence conjugale. Nous vous encourageons \u00e0 ne pas baisser les bras. Votre soutien et votre \u00e9coute peuvent \u00eatre d\u00e9terminants et peuvent amorcer un changement dans cette situation de violence. Nous souhaitons vous dire que vous ne pouvez pas \"tout faire\" tout comme vous ne pouvez pas \"ne rien faire\". \u00catre l\u00e0 pour votre soeur sans agir \u00e0 sa place est d\u00e9j\u00e0 une aide pr\u00e9cieuse qui peut \u00eatre d\u00e9terminante.<br \/>\r\n<br \/>\r\nUne premi\u00e8re \u00e9tape serait d'exprimer \u00e0 votre soeur vos inqui\u00e9tudes et l'\u00e9couter <a href=\"https:\/\/dev-vqf.creatives.com\/fr\/entourage\/entourage_victime\/ecouter-et-soutenir\" target=\"_blank\" rel=\"noopener\">sans jugement, ni bl\u00e2mer <\/a>ses choix. Ainsi vous lui montrer que vous \u00eates \u00e0 ses c\u00f4t\u00e9s quelques soient ses d\u00e9cisions. Une personne victime de violence conjugale fait de son mieux et \u00e0 son rythme dans une situation hostile. Il est important qu'elle puisse reprendre <a href=\"https:\/\/dev-vqf.creatives.com\/fr\/entourage\/entourage_victime\/ecouter-et-soutenir\" target=\"_blank\" rel=\"noopener\">le contr\u00f4le de sa vie<\/a> par elle-m\u00eame. Par exemple, insister pour qu'elle quitte son conjoint si elle n'est pas pr\u00eate peut s'av\u00e9rer contre productif et l'ambivalence fait malheureusement partie de la violence au sein du couple. Malgr\u00e9 les disputes et violences r\u00e9guli\u00e8res, elle peut vouloir par moment prot\u00e9ger son conjoint et prendre sa d\u00e9fense.<br \/>\r\n<br \/>\r\nQuand vous sentirez que votre soeur est pr\u00eate, une autre \u00e9tape peut \u00eatre de contacter\u00a0<a href=\"https:\/\/malleyprairie.ch\/\" target=\"_blank\" rel=\"noopener\">le Centre MalleyPrairie\u00a0<\/a>au <strong>021\/620.76.76.\u00a0<\/strong>Des sp\u00e9cialistes pourront l'\u00e9couter et la conseiller de mani\u00e8re confidentielle et gratuite. En cas de besoin, ce centre est \u00e9quip\u00e9 d'<a href=\"https:\/\/malleyprairie.ch\/hebergement\/\" target=\"_blank\" rel=\"noopener\">un h\u00e9bergement<\/a>\u00a0s\u00e9curis\u00e9 pour accueillir des femmes victimes de violence conjugale et leurs enfants.<br \/>\r\n<br \/>\r\nPour des questions d'ordre juridique sur ses droits et la garde de son enfant, elle peut s'adresser au\u00a0<a href=\"https:\/\/www.profa.ch\/services-2\/centre-lavi\/\" target=\"_blank\" rel=\"noopener\">Centre LAVI<\/a>.\u00a0Il est possible de b\u00e9n\u00e9ficier d'une s\u00e9ance de conseils juridiques gratuite chez un-e avocat-e.<br \/>\r\n<br \/>\r\nLa violence psychologique peut \u00eatre reconnue par les professionnel-le-s mais pour s'en assurer il faudrait que votre soeur puisse exposer l'ensemble de sa situation aupr\u00e8s d'un centre LAVI.<br \/>\r\n<br \/>\r\nLa plupart des\u00a0actes de violence sont poursuivis\u00a0<a href=\"https:\/\/dev-vqf.creatives.com\/fr\/informations\/loi\" target=\"_blank\" rel=\"noopener\">d'office et punis par la loi<\/a>.<br \/>\r\n<br \/>\r\nNous esp\u00e9rons que les pistes propos\u00e9es vous permettront d'aider votre soeur au mieux. Nous restons \u00e0 votre disposition pour d'autres questions ou si vous souhaitez nous donner des nouvelles.<br \/>\r\n<br \/>\r\nNous vous envoyons nos meilleures pens\u00e9es.<br \/>\r\n<br \/>\r\n<\/div><\/div><\/div><\/div><\/div><\/div><div class='qa_acc_item'><span class='acc_toggler'><\/span><div class='item_header'><h3>Je vis avec un pervers narcissique, o\u00f9 puis-je trouver de l&#8217;aide?<h3><div class='vqf_fixed_width_text'><p>02 juin 2021 - Cla... Bonsoir j\u2019aimerais savoir sur Nyon si vous avez une organisation ou je puisse m\u2019adresser en cas d\u2019\u00eatre en couple avec un pervers narcissique, et si j\u2019ai besoin de parler et avoir soutien.<\/p><\/div><\/div><div class='item_body'><div class='quesion_response_block'><div class='question'><h5>Question<\/h5><div class='vqf_fixed_width_text'><div class=\"box-question p2\"><br \/>\r\n<p class=\"color-grey small mt1 mb0\">02 juin 2021 - Cla...<\/p><br \/>\r\nBonsoir<br \/>\r\n<br \/>\r\nj\u2019aimerais savoir sur Nyon si vous avez une organisation ou je puisse m\u2019adresser en cas d\u2019\u00eatre en couple avec un pervers narcissique, et si j\u2019ai besoin de parler et avoir soutien.<br \/>\r\n<br \/>\r\n<\/div><br \/>\r\n<div class=\"bg-grey p2\"><br \/>\r\n<h3><\/h3><br \/>\r\n<h3><\/p><\/div><\/div><div class='response'><h5>Response<\/h5><div class='vqf_fixed_width_text'><p><\/h3><br \/>\r\nBonjour Madame,<br \/>\r\n<br \/>\r\nVous prenez contact avec nous concernant votre couple. Vous nous dites \u00eatre dans une relation avec un pervers narcissique et souhaitez des adresses sur Nyon pour pouvoir en parler et \u00eatre soutenue.<br \/>\r\n<br \/>\r\nAu vu des \u00e9l\u00e9ments que vous nous donnez, nous pouvons \u00e9mettre l\u2019hypoth\u00e8se que vous subissez une forme de violence conjugale, probablement d\u2019ordre <a href=\"https:\/\/dev-vqf.creatives.com\/fr\/informations\/violence\/psychologique\" target=\"_blank\" rel=\"noopener\">psychologique<\/a>, de la part de votre partenaire. Celle-ci peut prendre la forme de d\u00e9nigrements et rabaissements \u00e0 votre \u00e9gard. Il peut y avoir des insultes voire des menaces.<br \/>\r\n<br \/>\r\nSi vous ne souffrez pas de violence, mais que les comportements de votre partenaire \u00e0 votre \u00e9gard ne vous semblent pas ad\u00e9quats, vous pouvez faire appel au <a href=\"https:\/\/www.profa.ch\/ccs\" target=\"_blank\" rel=\"noopener\">Service de consultation de couple<\/a> de la fondation PROFA. Pour l\u2019Ouest vaudois, la consultation se trouve \u00e0 Morges et est joignable au <strong>021 631 01 62<\/strong>.<br \/>\r\n<br \/>\r\nSi par contre, la violence est pr\u00e9sente dans votre couple, vous pouvez en tout temps contacter le\u00a0<a href=\"https:\/\/www.profa.ch\/services-2\/centre-lavi\/\" target=\"_blank\" rel=\"noopener\">Centre d\u2019aide aux victimes LAVI<\/a> (<strong>021 631 03 00)<\/strong>\u00a0. Les intervenant-e-s peuvent vous soutenir sur les plans psychologique, juridique ou de protection. Les rendez-vous peuvent s\u2019effectuer dans leur locaux ou par t\u00e9l\u00e9phone. Les entretiens avec les professionnel-le-s du Centre LAVI sont gratuits et confidentiels.<br \/>\r\n<br \/>\r\nVous pouvez \u00e9galement faire appel au <a href=\"https:\/\/malleyprairie.ch\/\" target=\"_blank\" rel=\"noopener\">Centre d\u2019accueil Malley Prairie<\/a>\u00a0(<strong>021 620 76 76<\/strong>), une organisation sp\u00e9cialis\u00e9e dans l\u2019accompagnement de personnes victimes de violence conjugale. Ils proposent des entretiens avec des professionnel-le-s ainsi qu\u2019un groupe de parole pour femmes. \u00a0<a href=\"https:\/\/malleyprairie.ch\/ambulatoire\/\" target=\"_blank\" rel=\"noopener\">Des permanences<\/a>\u00a0existent dans les diff\u00e9rentes r\u00e9gions du canton.<br \/>\r\n<br \/>\r\nNous esp\u00e9rons que vous avez trouv\u00e9 quelques pistes d\u2019aides pour votre situation. Nous restons bien entendu \u00e0 votre disposition si vous avez besoin de compl\u00e9ments d\u2019information.<br \/>\r\n<br \/>\r\n<\/div><\/div><\/div><\/div><\/div><\/div><div class='qa_acc_item'><span class='acc_toggler'><\/span><div class='item_header'><h3>J&#8217;ai subi des violences psychiques et physique de la part de mon copain, je souhaite porter plainte, quel recours et quelle d\u00e9marche dois-je faire?<h3><div class='vqf_fixed_width_text'><p>31 mai 2021 - Ede... Bjr, j'avais emm\u00e9nager mes affaires chez mon copain sur le canton de Fr en attendant de finir ma formation en France et d'aller m'installer officiellement. J'ai d\u00e9m\u00e9nag\u00e9 mes affaires chez lui et j'ai subit violences...<\/p><\/div><\/div><div class='item_body'><div class='quesion_response_block'><div class='question'><h5>Question<\/h5><div class='vqf_fixed_width_text'><div class=\"box-question p2\"><br \/>\r\n<p class=\"color-grey small mt1 mb0\">31 mai 2021 - Ede...<\/p><br \/>\r\nBjr,<br \/>\r\n<br \/>\r\nj'avais emm\u00e9nager mes affaires chez mon copain sur le canton de Fr en attendant de finir ma formation en France et d'aller m'installer officiellement. J'ai d\u00e9m\u00e9nag\u00e9 mes affaires chez lui et j'ai subit violences psychique et physique je souhaites porter plainte et r\u00e9cup\u00e9rer mes affaires dans l'appartement. Quels recours et quel d\u00e9marche je peut faire ? J'ai contact\u00e9 son ex femme et ses 3 enfants qui ont subit pdt pr\u00e8s de 20 ans les m\u00eames violences que moi.<br \/>\r\n<br \/>\r\n<\/div><br \/>\r\n<div class=\"bg-grey p2\"><br \/>\r\n<h3><\/h3><br \/>\r\n<h3><\/p><\/div><\/div><div class='response'><h5>Response<\/h5><div class='vqf_fixed_width_text'><p><\/h3><br \/>\r\nBonjour Madame,<br \/>\r\n<br \/>\r\nVous avez subi des violences <a href=\"https:\/\/dev-vqf.creatives.com\/fr\/informations\/violence\/psychologique\" target=\"_blank\" rel=\"noopener\">psychologiques <\/a>et <a href=\"https:\/\/dev-vqf.creatives.com\/fr\/informations\/violence\/physique\" target=\"_blank\" rel=\"noopener\">physiques <\/a>de la part de votre conjoint et vous souhaitez r\u00e9cup\u00e9rer vos affaires chez lui et porter plainte.<br \/>\r\n<br \/>\r\nEtant donn\u00e9 que les violences ont \u00e9t\u00e9 commises en Suisse, vous avez le droit \u00e0 <a href=\"https:\/\/www.aide-aux-victimes.ch\/fr\/je-suis-victime-de\/violence-domestique\/\" target=\"_blank\" rel=\"noopener\">une aide aux victimes d'infractions<\/a>. Cela veut dire que vous pouvez \u00eatre accompagn\u00e9e gratuitement dans toutes vos d\u00e9marches, comme celle de porter plainte. Nous vous encourageons vivement \u00e0 prendre contact avec\u00a0le centre LAVI du canton de Fribourg,\u00a0des professionnelles pourront vous aider dans vos d\u00e9marches et selon vos besoins.<br \/>\r\n<br \/>\r\nDans le canton de Fribourg,\u00a0les consultations du\u00a0<a href=\"https:\/\/www.sf-lavi.ch\/\" target=\"_blank\" rel=\"noopener\">Centre LAVI cantonal<\/a>\u00a0peuvent s'effectuer par t\u00e9l\u00e9phone au <strong>+41 26 322 22 02,<\/strong>\u00a0notamment si vous n'\u00eates pas en Suisse. Il est n\u00e9cessaire de\u00a0pr\u00e9ciser que les violences ont eu lieu \u00e0 Fribourg, en Suisse.<br \/>\r\n<br \/>\r\nNous conseillons \u00e9galement de faire constater les violences physiques le plus rapidement possible et cela m\u00eame si les violences ne sont pas r\u00e9centes. Des professionnel-le-s de la sant\u00e9 pourront \u00e9valuer votre \u00e9tat de sant\u00e9 physique et mental. Ce constat m\u00e9dico-l\u00e9gal peut \u00eatre utilis\u00e9 comme preuve lors d'une proc\u00e9dure judiciaire. Si vous pouvez vous d\u00e9placer \u00e0 Lausanne, <a href=\"https:\/\/www.curml.ch\/unite-de-medecine-des-violences-umv\" target=\"_blank\" rel=\"noopener\">l'Unit\u00e9 de m\u00e9decine des violences<\/a> est sp\u00e9cialis\u00e9e dans ce type de constat m\u00e9dical, le constat n'est remis qu'\u00e0 vous et ne vous engage pas \u00e0 porter plainte.<br \/>\r\n<br \/>\r\nVous avez contact\u00e9 l'ex-femme de votre conjoint qui a \u00e9galement subi des violences de sa part, nous saluons cette d\u00e9marche courageuse qui vous permet de <a href=\"https:\/\/dev-vqf.creatives.com\/fr\/victimes\/victimes_que-faire\/briser-le-silence\" target=\"_blank\" rel=\"noopener\">briser le silence<\/a> et de ne pas rester seule avec vos \u00e9motions. Si vous souhaitez \u00e9galement en parler \u00e0 des professionnel-le-s en France, le num\u00e9ro <a href=\"https:\/\/arretonslesviolences.gouv.fr\/\" target=\"_blank\" rel=\"noopener\">3919 <\/a>vous \u00e9coute de mani\u00e8re bienveillante et confidentielle. Au besoin, leurs \u00e9quipes pourront \u00e9galement vous orienter dans le r\u00e9seau fran\u00e7ais.<br \/>\r\n<br \/>\r\nNous esp\u00e9rons avoir r\u00e9pondu \u00e0 vos questions et notre porte reste ouverte si vous souhaitez nous poser une nouvelle question ou nous donner de vos nouvelles. Nous vous souhaitons beaucoup de courage pour la suite de vos d\u00e9marches, avec nos meilleures pens\u00e9es.<br \/>\r\n<br \/>\r\n<\/div><\/div><\/div><\/div><\/div><\/div><div class='qa_acc_item'><span class='acc_toggler'><\/span><div class='item_header'><h3>Mon mari me maltraite psychologiquement et me demande de l&#8217;argent. Si je ne donne pas, il m&#8217;insulte et crie tout le temps.<h3><div class='vqf_fixed_width_text'><p>31 mai 2021 - Ani... Il dit que si je divorce je n\u2019a pas de permis et que je doit quitter la maison. C\u2019est vrai?<\/p><\/div><\/div><div class='item_body'><div class='quesion_response_block'><div class='question'><h5>Question<\/h5><div class='vqf_fixed_width_text'><div class=\"box-question p2\"><br \/>\r\n<p class=\"color-grey small mt1 mb0\">31 mai 2021 - Ani...<\/p><br \/>\r\nIl dit que si je divorce je n\u2019a pas de permis et que je doit quitter la maison. C\u2019est vrai?<br \/>\r\n<br \/>\r\n<\/div><br \/>\r\n<div class=\"bg-grey p2\"><br \/>\r\n<h3><\/h3><br \/>\r\n<h3><\/p><\/div><\/div><div class='response'><h5>Response<\/h5><div class='vqf_fixed_width_text'><p><\/h3><br \/>\r\nBonjour Madame,<br \/>\r\n<br \/>\r\nVous vivez des violences <a href=\"https:\/\/dev-vqf.creatives.com\/fr\/informations\/violence\/psychologique\" target=\"_blank\" rel=\"noopener\">psychologiques<\/a> et <a href=\"https:\/\/dev-vqf.creatives.com\/fr\/informations\/violence\/economique\" target=\"_blank\" rel=\"noopener\">\u00e9conomiques<\/a> et vous vous questionnez \u00e0 propos du divorce et d'une perte de domicile et de permis si cela arrive.<br \/>\r\n<br \/>\r\nNous saluons votre courage pour oser en parler et demander l'avis de professionnel-le-s sur vos craintes.<br \/>\r\n<br \/>\r\nNous n'avons pas beaucoup de d\u00e9tails sur votre situation civile et sociale. Nous ne pouvons donc pas\u00a0r\u00e9pondre pr\u00e9cisement \u00e0 votre\u00a0question.<br \/>\r\n<br \/>\r\nToutefois, nous vous orientons vers un service sp\u00e9cialis\u00e9 dans les questions de permis de s\u00e9jour et divorce en cas de violences conjugales. <a href=\"https:\/\/csp.ch\/vaud\/\" target=\"_blank\" rel=\"noopener\">Le Centre Social Prostant<\/a>\u00a0(<a href=\"tel:0215606060\">021 560 60 60<\/a>) pourrait analyser votre situation et vous aider dans vos d\u00e9marches, quels que soient vos choix. Vous pourrez ainsi faire le point sur les cons\u00e9quences d'un divorce et trouver des solutions pour sortir de cette situation de violence.<br \/>\r\n<br \/>\r\nVous pouvez aussi nous \u00e9crire \u00e0 nouveau en nous donnant plus de d\u00e9tails. Notre porte reste ouverte et nous sommes l\u00e0 pour vous aider.<br \/>\r\n<br \/>\r\nNous esp\u00e9rons que vous pourrez trouver r\u00e9ponse \u00e0 votre question et que vous pourrez <a href=\"https:\/\/dev-vqf.creatives.com\/fr\/victimes\/victimes_que-faire\" target=\"_blank\" rel=\"noopener\">vous \u00e9loigner<\/a>\u00a0de la violence. Nous vous encourageons \u00e0 poursuivre vos d\u00e9marches dans ce sens. Nos meilleures pens\u00e9es vous accompagnent pour la suite.<br \/>\r\n<br \/>\r\n<\/div><\/div><\/div><\/div><\/div><\/div><div class='qa_acc_item'><span class='acc_toggler'><\/span><div class='item_header'><h3>J&#8217;ai \u00e9t\u00e9 violence en \u00e9tat d&#8217;\u00e9bri\u00e9t\u00e9, comment me traiter?<h3><div class='vqf_fixed_width_text'><p>30 mai 2021 - fav... J'ai \u00e9t\u00e9 violent en \u00e9tat d'\u00e9bri\u00e9t\u00e9 avec ma compagne. Je lui ai cri\u00e9 dessus, lanc\u00e9 mes cl\u00e9 de voiture, j'ai menac\u00e9 de rentrer en voiture ivre et je l'ai insult\u00e9e devant ses amis. Je suis...<\/p><\/div><\/div><div class='item_body'><div class='quesion_response_block'><div class='question'><h5>Question<\/h5><div class='vqf_fixed_width_text'><div class=\"box-question p2\"><br \/>\r\n<p class=\"color-grey small mt1 mb0\">30 mai 2021 - fav...<\/p><br \/>\r\nJ'ai \u00e9t\u00e9 violent en \u00e9tat d'\u00e9bri\u00e9t\u00e9 avec ma compagne. Je lui ai cri\u00e9 dessus, lanc\u00e9 mes cl\u00e9 de voiture, j'ai menac\u00e9 de rentrer en voiture ivre et je l'ai insult\u00e9e devant ses amis. Je suis all\u00e9 chez elle et heureusement un ami \u00e0 elle m'a repouss\u00e9 et raccompagn\u00e9. Je ne veux plus jamais vivre cela surtout ne plus jamais faire vivre cela \u00e0 qui que ce soit. Je consulte d\u00e9j\u00e0 une psychologue pour ma confiance en moi. Comment me traiter encore ?<br \/>\r\n<br \/>\r\n<\/div><br \/>\r\n<div class=\"bg-grey p2\"><br \/>\r\n<h3><\/h3><br \/>\r\n<h3><\/p><\/div><\/div><div class='response'><h5>Response<\/h5><div class='vqf_fixed_width_text'><p><\/h3><br \/>\r\nBonjour Monsieur,<br \/>\r\n<br \/>\r\nVous nous expliquez que vous avez eu recours \u00e0 la violence envers votre compagne en \u00e9tant ivre. \u00c0 pr\u00e9sent vous recherchez un accompagnement compl\u00e9mentaire \u00e0 celui de\u00a0 votre psychologue.<br \/>\r\n<br \/>\r\nLes comportements \u00e0 l\u2019encontre de votre compagne que vous nous d\u00e9crivez constituent incontestablement des formes de violence. La consommation d\u2019alcool (ou d\u2019autres produits comme les drogues et l\u2019abus de m\u00e9dicaments) est souvent en lien avec des comportements de violence sans en \u00eatre la cause. La consommation de ces produits a essentiellement la caract\u00e9ristique de r\u00e9duire la capacit\u00e9 de ma\u00eetrise de soi, d\u2019offusquer la pens\u00e9e et les perceptions ainsi que de r\u00e9duire consid\u00e9rablement la capacit\u00e9 de percevoir les interdits.<br \/>\r\n<br \/>\r\nVotre consommation excessive d\u2019alcool ne vous a pas rendu violent mais vous a amen\u00e9 \u00e0 manifester plus rapidement ou plus intens\u00e9ment une violence d\u00e9j\u00e0 pr\u00e9sente en vous. Tant que cette consommation se reproduit, vous ne serez pas \u00e0 l\u2019abri de revivre des situations similaires et de ce fait r\u00e9utiliser la violence comme d\u00e9foulement de vos sensations et pr\u00e9occupations int\u00e9rieures. Vous le savez \u00e0 pr\u00e9sent, il vous revient donc d\u2019en prendre la part qui vous revient en entier et trouver des solutions.<br \/>\r\n<br \/>\r\nTout comportement de violence ainsi que chaque abus d\u2019alcool restent des actes sous votre responsabilit\u00e9. Aucune attitude de l\u2019entourage, ni aucun contexte ne sauraient les justifier. Vous pouvez portant modifier les comportements violents et y renoncer d\u00e9finitivement. Pour cela il vous est indispensable de comprendre vos r\u00e9actions internes comme votre rage, m\u00e9contentement ou sentiment d\u2019injustice ainsi que le sens de vos ivresses. Qu\u2019est-ce qui se r\u00e9veille en vous \u00e0 ces occasions\u00a0? Quelles sont les tensions qui se sont accumul\u00e9es en vous et qui cherchent \u00e0 se d\u00e9charger\u00a0? L\u2019exc\u00e8s d\u2019alcool est-elle une forme d\u2019apaisement de ces tensions\u00a0que vous vivez mal ?<br \/>\r\n<p class=\"bodytext\">Les situations, m\u00eames conflictuelles, tout comme l\u2019alcool en fortes doses, ne sont jamais la cause de la violence, mais les d\u00e9clencheurs. C\u2019est pourquoi nous vous conseillons de veiller \u00e0 comprendre ce qui se passe en vous et qui vous permettra de ne plus reproduire des actes de violence. Des aides professionnelles dans ce sens existent, nous vous conseillons fortement d\u2019en parler avec votre psychologue pour \u00e9valuer la pertinence d\u2019un suivi plus sp\u00e9cialis\u00e9 tant en relation avec vos consommations d\u2019alcool que dans le contexte des comportements violents. Sur ce dernier aspect, pour votre information, il existe \u00e0 Neuch\u00e2tel le <a href=\"https:\/\/www.cnp.ch\/soins-et-prestations\/adultes\/consultation-ambulatoire\/\" target=\"_blank\" rel=\"noopener\">Service pour les auteur-e-s de violence conjugale (SAVC)<\/a> qui \u0153uvre dans ce sens et qui propose un accompagnement sp\u00e9cialis\u00e9 pour trouver des alternatives et solutions en termes de comportements violents. Pour prendre contact par t\u00e9l\u00e9phone :032 886 80 08, ou pas e-mail: <a class=\"mail\" title=\"Opens window for sending email\">savc@cnp.ch<\/a><\/p><br \/>\r\n<br \/>\r\n<div class=\"col-lg-1 col-md-1\">Nous restons \u00e0 votre disposition et nous vous encourageons \u00e0 poursuivre votre recherche de changement et n\u2019h\u00e9sitez pas \u00e0 nous \u00e9crire encore si vous en sentez le besoin. Nous recevons aussi volontiers des nouvelles de vos d\u00e9marches.<\/div><br \/>\r\n<\/div><\/div><\/div><\/div><\/div><\/div><div class='qa_acc_item'><span class='acc_toggler'><\/span><div class='item_header'><h3>Mon mari est violent verbalement et a cass\u00e9 la porte de ma chambre. Que faire?<h3><div class='vqf_fixed_width_text'><p>24 mai 2021 - Din... Mon mari veut que du relation sexuel et il a des doutes sur moi et ainsi il a cass\u00e9 la porte de ma chambre o\u00f9 j\u2019\u00e9tais en s\u00e9curit\u00e9 avec mon fils que faire? Comment l\u2019expulser...<\/p><\/div><\/div><div class='item_body'><div class='quesion_response_block'><div class='question'><h5>Question<\/h5><div class='vqf_fixed_width_text'><div class=\"box-question p2\"><br \/>\r\n<p class=\"color-grey small mt1 mb0\">24 mai 2021 - Din...<\/p><br \/>\r\nMon mari veut que du relation sexuel et il a des doutes sur moi et ainsi il a cass\u00e9 la porte de ma chambre o\u00f9 j\u2019\u00e9tais en s\u00e9curit\u00e9 avec mon fils que faire? Comment l\u2019expulser du pays d\u00e9finitivement?<br \/>\r\n<br \/>\r\n<\/div><br \/>\r\n<div class=\"bg-grey p2\"><br \/>\r\n<h3><\/h3><br \/>\r\n<h3><\/p><\/div><\/div><div class='response'><h5>Response<\/h5><div class='vqf_fixed_width_text'><p><\/h3><br \/>\r\nBonjour Madame,<br \/>\r\n<br \/>\r\nNous comprenons que votre mari insiste afin d'avoir des relations sexuelles et doute de vous. Vous devez vous r\u00e9fugier dans une chambre avec votre fils pour \u00eatre en s\u00e9curit\u00e9. Maintenant il a cass\u00e9 la porte et vous ne savez pas que faire.<br \/>\r\n<br \/>\r\nVous avez bien fait de nous contacter. Ce que vous vivez constitue de la <a href=\"https:\/\/dev-vqf.creatives.com\/fr\/informations\/violence\/sexuelle\" target=\"_blank\" rel=\"noopener\">violence sexuelle <\/a>(harc\u00e8lement) et <a href=\"https:\/\/dev-vqf.creatives.com\/fr\/informations\/violence\/psychologique\" target=\"_blank\" rel=\"noopener\">psychologique (<\/a>casser la porte de chambre). Le <a href=\"https:\/\/dev-vqf.creatives.com\/fr\/informations\/violence\/sexuelle\" target=\"_blank\" rel=\"noopener\">harc\u00e8lement sexuel<\/a> en fait partie. La plupart des actes de violence\u00a0au sein du couple sont interdits et poursuivis par <a href=\"https:\/\/dev-vqf.creatives.com\/fr\/informations\/loi\" target=\"_blank\" rel=\"noopener\">la loi<\/a>.<br \/>\r\n<br \/>\r\n<strong>Votre fils est lui aussi affect\u00e9<\/strong>\u00a0par cette violence. En tant que parent, <strong>vous \u00eates responsable de la prot\u00e9ger tout comme votre mari. <\/strong>Cependant, actuellement, votre mari en usant de violence, ne garanti pas la protection de votre enfant, il vous revient alors d'agir afin que votre fils ne soit pas expos\u00e9 \u00e0 la violence. En effet lorsqu'il y a des violences entre les parents, <a href=\"https:\/\/dev-vqf.creatives.com\/fr\/informations\/enfants-violence\" target=\"_blank\" rel=\"noopener\">les enfants souffrent<\/a>\u00a0et cela perturbe leur bon d\u00e9veloppement.<br \/>\r\n<br \/>\r\nExpulser quelqu'un du pays n'est pas facile. En cas de nouvelle crise, nous vous encourageons \u00e0 appeler imm\u00e9diatement la police au <strong>117 <\/strong>qui pourra intervenir chez vous et expulser votre conjoint du domicile pour une dur\u00e9e d\u00e9termin\u00e9e.<br \/>\r\n<br \/>\r\nVous avez \u00e9galement <a href=\"https:\/\/dev-vqf.creatives.com\/fr\/victimes\/victimes_que-faire\/vos-droits\" target=\"_blank\" rel=\"noopener\">le droit<\/a> de quitter votre domicile et vous mettre en s\u00e9curit\u00e9 avec votre fils. Dans le canton de Vaud\u00a0<a href=\"https:\/\/malleyprairie.ch\/\" target=\"_blank\" rel=\"noopener\">le Centre d'accueil MalleyPrairie<\/a> aide les femmes dans votre situation de mani\u00e8re <strong>confidentielle et gratuite<\/strong>. Nous vous conseillons de prendre contact avec ces professionnel-le-s au <strong>021\/620.76.76<\/strong>. Des sp\u00e9cialistes vous r\u00e9pondrons et vous aideront \u00e0 sortir de cette situation.<br \/>\r\n<br \/>\r\nNous esp\u00e9rons que les pistes propos\u00e9es vous aideront \u00e0 vous mettre en s\u00e9curit\u00e9.<br \/>\r\n<br \/>\r\nNous restons \u00e0 votre disposition pour toutes questions ou si vous souhaitez nous donner de vos nouvelles.<br \/>\r\n<br \/>\r\nNos meilleures pens\u00e9es vous accompagnent.<br \/>\r\n<br \/>\r\n<\/div><\/div><\/div><\/div><\/div><\/div><div class='qa_acc_item'><span class='acc_toggler'><\/span><div class='item_header'><h3>Depuis quelques temps, on ne se comprend plus avec mon amie et il y a des engueulades, des bousculades.<h3><div class='vqf_fixed_width_text'><p>23 mai 2021 - ale... Bonjour, Depuis plusieurs temps, on ne se comprends plus avec mon amie. Engueulades, voir se pousser..... Je n'aime pas cette situation. On a de la peine \u00e0 \u00e9changer et bien se comprendre. Ceci depuis f\u00e9vrier...<\/p><\/div><\/div><div class='item_body'><div class='quesion_response_block'><div class='question'><h5>Question<\/h5><div class='vqf_fixed_width_text'><div class=\"box-question p2\"><br \/>\r\n<p class=\"color-grey small mt1 mb0\">23 mai 2021 - ale...<\/p><br \/>\r\nBonjour,<br \/>\r\n<br \/>\r\nDepuis plusieurs temps, on ne se comprends plus avec mon amie. Engueulades, voir se pousser..... Je n'aime pas cette situation. On a de la peine \u00e0 \u00e9changer et bien se comprendre. Ceci depuis f\u00e9vrier environ, depuis aussi que son fils ain\u00e9 \u00e0 tout plant\u00e9, apprentissage.... Je ne dis pas que c'est sa faute, mais \u00e7a n'aide pas vraiment<br \/>\r\n<br \/>\r\n<\/div><br \/>\r\n<div class=\"bg-grey p2\"><br \/>\r\n<h3><\/h3><br \/>\r\n<h3><\/p><\/div><\/div><div class='response'><h5>Response<\/h5><div class='vqf_fixed_width_text'><p><\/h3><br \/>\r\nBonjour Monsieur,<br \/>\r\n<br \/>\r\nAvant toute chose, nous tenons \u00e0 souligner la d\u00e9marche que vous avez entreprise en \u00e9crivant sur notre site. Identifier qu\u2019il y a de la violence dans son couple peut \u00eatre difficile \u00e0 reconna\u00eetre ; cela demande du courage que de consid\u00e9rer cela comme un probl\u00e8me et de vouloir changer la situation.<br \/>\r\n<br \/>\r\nVous d\u00e9crivez que depuis 4 mois environ, vous avez des difficult\u00e9s de communication avec votre amie et cela prend la forme de <a href=\"https:\/\/dev-vqf.creatives.com\/fr\/informations\/violence\/psychologique\" target=\"_blank\" rel=\"noopener\">violences verbales<\/a> et <a href=\"https:\/\/dev-vqf.creatives.com\/fr\/informations\/violence\/physique\" target=\"_blank\" rel=\"noopener\">physiques<\/a>.<br \/>\r\n<br \/>\r\nNous comprenons aussi que vous \u00eates pr\u00e9occup\u00e9 par l\u2019avenir professionnel du fils a\u00een\u00e9 de votre amie. Est-ce un des sujets sur lequel vous n\u2019arrivez pas \u00e0 vous comprendre\u00a0avec votre amie ? Y-a-t-il d\u2019autres sujets sp\u00e9cifiques qui convergent r\u00e9guili\u00e8rement vers des violences verbales ou physiques\u00a0?<br \/>\r\n<br \/>\r\nSi vous avez le souhait de mieux comprendre en quoi la communication s\u2019est enraill\u00e9e dans votre couple, et que vous \u00eates \u00e0 la recherche de strat\u00e9gies alternatives \u00e0 la violence, nous vous proposons de contacter, \u00e0 Fribourg,\u00a0 l'<a href=\"http:\/\/www.ex-pression.ch\/fr\" target=\"_blank\" rel=\"noopener\">association Ex-Pression<\/a> qui est un lieu sp\u00e9cialis\u00e9 dans les dynamiques relationnelles violentes au sein du couple.\u00a0 Les professionnel-le-s sont joignables par t\u00e9l\u00e9phone au <strong>0848 08 08 08<\/strong> et par SMS au <strong>079\u00a0703 36 57<\/strong>, ou encore par e-mail \u00e0 l\u2019adresse:\u00a0<a href=\"mailto:info@ex-pression.ch\">info@ex-pression.ch<\/a>.<br \/>\r\n<br \/>\r\nDans l\u2019espoir que votre situation pourra se r\u00e9soudre, nous vous souhaitons de trouver les moyens de renforcer un mode de communication plus sain avec votre amie.<br \/>\r\n<br \/>\r\nNous restons \u00e0 disposition si vous avez d'autres questions ou si vous souhaitez nous en dire plus sur votre situation.<br \/>\r\n<br \/>\r\nAvec nos meilleures salutations,<br \/>\r\n<br \/>\r\n<\/div><\/div><\/div><\/div><\/div><\/div><div class='qa_acc_item'><span class='acc_toggler'><\/span><div class='item_header'><h3>Violence conjugale: puis-je faire un constat de coups et blessures sans d\u00e9poser plainte?<h3><div class='vqf_fixed_width_text'><p>22 mai 2021 - Kab... Est il possible de faire une constatation de coups (h\u00e9matomes) sans d\u00e9poser de plainte pour le moment mais afin de garder une trace en vue de constituer un dossier?<\/p><\/div><\/div><div class='item_body'><div class='quesion_response_block'><div class='question'><h5>Question<\/h5><div class='vqf_fixed_width_text'><div class=\"box-question p2\"><br \/>\r\n<p class=\"color-grey small mt1 mb0\">22 mai 2021 - Kab...<\/p><br \/>\r\nEst il possible de faire une constatation de coups (h\u00e9matomes) sans d\u00e9poser de plainte pour le moment mais afin de garder une trace en vue de constituer un dossier?<br \/>\r\n<br \/>\r\n<\/div><br \/>\r\n<div class=\"bg-grey p2\"><br \/>\r\n<h3><\/h3><br \/>\r\n<h3><\/p><\/div><\/div><div class='response'><h5>Response<\/h5><div class='vqf_fixed_width_text'><p><\/h3><br \/>\r\nBonjour Madame,<br \/>\r\n<br \/>\r\nVous aimeriez savoir si il est possible de faire un constat de coups et blessures sans d\u00e9poser automatiquement plainte.<br \/>\r\n<br \/>\r\nLa r\u00e9ponse est oui. Dans le canton de Vaud, pour r\u00e9aliser un constat de coups et blessures, il est possible de s'adresser \u00e0 <a href=\"https:\/\/www.curml.ch\/unite-de-medecine-des-violences-umv\" target=\"_blank\" rel=\"noopener\">l'Unit\u00e9 de m\u00e9decine des violences (UMV)<\/a> qui est pr\u00e9sente sur 4 sites: au CHUV \u00e0 Lausanne, \u00e0 l'H\u00f4pital d'Yverdon-les-Bains, au centre hospitalier de Rennaz et \u00e0 Nyon. Ces consultations sont gratuites et confidentielles. Elles se font sur rendez-vous, puis le dossier vous est rendu personnellement, sans obligation de d\u00e9poser plainte.<br \/>\r\n<br \/>\r\nNous vous encourageons grandement \u00e0 le faire afin de garder des preuves de l'agression m\u00eame si vous n'avez pas l'intention de porter plainte dans l'imm\u00e9diat. Le constat ne sera remis qu'\u00e0 vous et il pourrait vous aider par la suite si vous souhaitez engager des d\u00e9marches.<br \/>\r\n<br \/>\r\nNous vous envoyons nos meilleures pens\u00e9es pour la suite. Nous restons disponibles si vous avez d'autres questions et\/ou si vous souhaitez nous en dire plus sur votre situation.<br \/>\r\n<br \/>\r\n<\/div><\/div><\/div><\/div><\/div><\/div><div class='qa_acc_item'><span class='acc_toggler'><\/span><div class='item_header'><h3>Demande de renseignements \u00e9tant t\u00e9moin de violences conjugales chez nos voisins<h3><div class='vqf_fixed_width_text'><p>19 mai 2021 - Voi... Bonjour, Nous vous contactons car nous avons malheureusement constat\u00e9 que le couple \u00e0- c\u00f4t\u00e9 se disputent fr\u00e9quemment. Ces derniers temps nous avons remarqu\u00e9 que l'intensit\u00e9 des disputes a augment\u00e9 et que Monsieur hurle, l'insulte, donne...<\/p><\/div><\/div><div class='item_body'><div class='quesion_response_block'><div class='question'><h5>Question<\/h5><div class='vqf_fixed_width_text'><div class=\"box-question p2\"><br \/>\r\n<p class=\"color-grey small mt1 mb0\">19 mai 2021 - Voi...<\/p><br \/>\r\nBonjour,<br \/>\r\n<br \/>\r\nNous vous contactons car nous avons malheureusement constat\u00e9 que le couple \u00e0- c\u00f4t\u00e9 se disputent fr\u00e9quemment. Ces derniers temps nous avons remarqu\u00e9 que l'intensit\u00e9 des disputes a augment\u00e9 et que Monsieur hurle, l'insulte, donne des coups dans les murs, les meubles, ... Madame, dit ne jamais avoir \u00e9t\u00e9 frapp\u00e9e (mais est-ce vrai ?), mais avoir peur que cela arrive un jour. Ils n'ont heureusement pas d'enfants.<br \/>\r\n<br \/>\r\nDerni\u00e8rement, alors que nous allions appeler la police, car cette fois-ci \u00e7a devenait trop violent de notre point de vue et nous avions peur pour notre voisine, Madame c'est retrouv\u00e9 violemment jet\u00e9e dehors sur le palier avec ses affaires. Nous avons donc intervenus et essay\u00e9 de parler avec elle pour l'inviter chez nous afin de la mettre en s\u00e9curit\u00e9, mais elle a pr\u00e9f\u00e9r\u00e9 partir pour tristement revenir au domicile d\u00e8s le lendemain.<br \/>\r\n<br \/>\r\nEt aujourd'hui les cris ont d\u00e9j\u00e0 recommenc\u00e9 c'est pour cela que nous vous \u00e9crivons maintenant. Nous avons parl\u00e9 avec elle et lui avons fait part de nos inqui\u00e9tudes et nous lui avons \u00e9galement dit que nous \u00e9tions l\u00e0 pour elle et qu'elle pouvait venir chez nous quand elle le souhaitait, de jour comme de nuit. A l'avenir nous n'allons pas h\u00e9siter \u00e0 faire intervenir directement la police vu la sc\u00e8ne de la derni\u00e8re fois.<br \/>\r\n<br \/>\r\nPourriez-vous s'il vous pla\u00eet nous conseiller sur la meilleure mani\u00e8re de faire dans cette situation l\u00e0? Nous envisageons \u00e9galement d'avertir la g\u00e9rance, est-ce une bonne id\u00e9e?<br \/>\r\n<br \/>\r\nMerci d'avance pour votre attention et meilleures salutations<br \/>\r\n<br \/>\r\n<\/div><br \/>\r\n<div class=\"bg-grey p2\"><br \/>\r\n<h3><\/h3><br \/>\r\n<h3><\/p><\/div><\/div><div class='response'><h5>Response<\/h5><div class='vqf_fixed_width_text'><p><\/h3><br \/>\r\nBonjour Madame,<br \/>\r\n<br \/>\r\nVous vous inqui\u00e9tez pour votre voisine qui est victime de violence conjugale. Vous avez \u00e9t\u00e9 t\u00e9moins, \u00e0 plusieurs reprises, de violentes disputes lors desquelles vous entendiez son partenaire hurler, l\u2019insulter et frapper dans les murs et les objets. R\u00e9cemment, \u00e0 l\u2019issue d\u2019une dispute, votre voisin l\u2019a brutalement mis \u00e0 la porte du domicile conjugale. Vous avez parl\u00e9 avec Madame, lui avez fait part de vos inqui\u00e9tudes et lui avez propos\u00e9 votre aide, notamment en l\u2019invitant \u00e0 venir se r\u00e9fugier chez vous en cas de danger. Vous avez peur pour votre voisine et nous demandez comment agir au mieux dans cette situation.<br \/>\r\n<br \/>\r\nNous comprenons bien que vous vous faites du souci et vous avez bien fait de nous contacter. \u00a0Il n\u2019est pas \u00e9vident de se retrouver t\u00e9moins de ce genre de sc\u00e8nes et de savoir comment r\u00e9agir. Nous aimerions vous f\u00e9liciter d\u2019\u00eatre intervenu\u00b7e\u00b7s aupr\u00e8s de votre voisine. Vous vous \u00eates montr\u00e9s soutenant\u00b7e\u00b7s et lui offrir la possibilit\u00e9 de prendre refuge chez vous peut lui \u00eatre utile en cas de crise.<br \/>\r\n<br \/>\r\nComme vous l\u2019avez remarqu\u00e9, la violence conjugale s\u2019inscrit dans un <a href=\"https:\/\/dev-vqf.creatives.com\/fr\/informations\/cycle-de-la-violence\" target=\"_blank\" rel=\"noopener\">cycle<\/a> qui se r\u00e9p\u00e8te et s\u2019intensifie. Bien souvent, l\u2019auteur\u00b7e de <a href=\"https:\/\/dev-vqf.creatives.com\/fr\/informations\/violence\/psychologique\" target=\"_blank\" rel=\"noopener\">violences psychologiques<\/a> a tendance \u00e0 recourir \u00e0 la <a href=\"https:\/\/dev-vqf.creatives.com\/fr\/informations\/violence\/physique\" target=\"_blank\" rel=\"noopener\">violence physique<\/a> avec le temps. Ce cycle explique \u00e9galement, en partie, comment la personne victime est amen\u00e9e \u00e0 rester ou \u00e0 retourner avec l\u2019auteur\u00b7e malgr\u00e9 ce qu\u2019elle subit dans la relation. Il est donc important de ne pas la juger et de <a href=\"https:\/\/dev-vqf.creatives.com\/fr\/entourage\/entourage_victime\/ecouter-et-soutenir\" target=\"_blank\" rel=\"noopener\">respecter son rythme et ses besoins.<\/a><br \/>\r\n<br \/>\r\nEn cas de nouvel \u00e9pisode de violence, nous vous encourageons effectivement \u00e0 appeler la police au <strong>117<\/strong> afin de prot\u00e9ger la victime. Elle viendra sur place et \u00e9valuera la situation. Elle pourra alors rappeler que la violence domestique est <a href=\"https:\/\/dev-vqf.creatives.com\/fr\/informations\/loi\" target=\"_blank\" rel=\"noopener\">interdite par la loi<\/a>, prot\u00e9ger la victime et dans le canton de Vaud, la police pourra \u00e9ventuellement expulser l\u2019auteur du domicile pour une dur\u00e9e d\u00e9termin\u00e9e de 14 jours.<br \/>\r\n<br \/>\r\n\u00c9tant donn\u00e9 que vous d\u00e9j\u00e0 un lien avec votre voisine, lors d\u2019une discussion avec elle, vous pouvez lui transmettre les contacts des associations aupr\u00e8s desquelles elle peut trouver de l\u2019aide. N\u2019h\u00e9sitez pas \u00e0 lui parler du site <a href=\"https:\/\/dev-vqf.creatives.com\/\" target=\"_blank\" rel=\"noopener\">www.violencequefaire.ch<\/a> afin qu'elle puisse par elle-m\u00eame et \u00e0 son rythme prendre des informations. Nous vous conseillons aussi de lui proposer de prendre contact avec le <a href=\"https:\/\/malleyprairie.ch\/\" target=\"_blank\" rel=\"noopener\">Centre d\u2019accueil MalleyPrairie<\/a> \u00e0 Lausanne qui offre des consultations gratuites et confidentielles aux personnes qui vivent de la violence au sein du couple. Des professionnel\u00b7le\u00b7s pourront l\u2019\u00e9couter et lui donner des informations par rapport aux diff\u00e9rentes possibilit\u00e9s qui s\u2019offrent \u00e0 elle. Si elle le souhaite, elle pourrait aussi demander\u00a0un <a href=\"https:\/\/malleyprairie.ch\/hebergement\/\" target=\"_blank\" rel=\"noopener\">h\u00e9bergement au Centre d\u2019accueil MalleyPrairie<\/a> afin d\u2019\u00eatre en s\u00e9curit\u00e9 et de prendre du recul sur sa situation. Votre voisine peut joindre le centre au <strong>021 620 76 76<\/strong>.<br \/>\r\n<br \/>\r\nPar rapport \u00e0 votre demande concernant le fait d\u2019avertir votre g\u00e9rance, ceci ne nous para\u00eet pas indispensable dans le sens o\u00f9 vous avez d\u00e9j\u00e0 \u00e9tabli un contact direct avec votre voisine et que vous semblez \u00e0 l\u2019aise de discuter de la situation avec elle. Cependant, il vous est \u00e9videmment possible d\u2019informer la g\u00e9rance si vous souhaiter avoir un soutien de sa part ou lui demander d\u2019intervenir afin de r\u00e9tablir le calme.<br \/>\r\n<br \/>\r\nEnfon, sur notre site, dans la <a href=\"https:\/\/dev-vqf.creatives.com\/fr\/entourage\/entourage_section\" target=\"_blank\" rel=\"noopener\">section pour l\u2019entourage<\/a>, vous trouverez des informations compl\u00e9mentaires. En effet, ces situations peuvent \u00e9galement \u00eatre difficiles \u00e9motionnellement pour les t\u00e9moins. Nous vous invitons \u00e0 \u00e9couter vos ressentis et prendre soin de vous. Nous esp\u00e9rons que notre r\u00e9ponse vous aura aid\u00e9s et que la situation pourra s\u2019am\u00e9liorer.<br \/>\r\n<br \/>\r\nN\u2019h\u00e9sitez pas \u00e0 nous \u00e9crire \u00e0 nouveau si vous avez d\u2019autres questions ou si vous souhaitez nous donner des nouvelles de la situation. Nos meilleures salutations.<br \/>\r\n<br \/>\r\n<\/div><\/div><\/div><\/div><\/div><\/div><div class='qa_acc_item'><span class='acc_toggler'><\/span><div class='item_header'><h3>J&#8217;ai bless\u00e9 ma femme, j&#8217;ai besoin d&#8217;aide.<h3><div class='vqf_fixed_width_text'><p>18 mai 2021 - Thi... Bonjour Nous nous sommes disput\u00e9s avec ma femme, elle m'a lanc\u00e9 un verre en pleine figure qui m'a ouvert un peu\u00a0le frond, elle a cri\u00e9e qu'elle allait me tuer, je lui ai dit qu'elle arrivera...<\/p><\/div><\/div><div class='item_body'><div class='quesion_response_block'><div class='question'><h5>Question<\/h5><div class='vqf_fixed_width_text'><div class=\"box-question p2\"><br \/>\r\n<p class=\"color-grey small mt1 mb0\">18 mai 2021 - Thi...<\/p><br \/>\r\nBonjour<br \/>\r\n<br \/>\r\nNous nous sommes disput\u00e9s avec ma femme, elle m'a lanc\u00e9 un verre en pleine figure qui m'a ouvert un peu\u00a0le frond, elle a cri\u00e9e qu'elle allait me tuer, je lui ai dit qu'elle arrivera jamais et je l'ai frapp\u00e9 sur le nez. Ensuite durant la nuit elle m'a pouss\u00e9 pour avoir plus de place, je mis mon point dans le dos et j'ai pouss\u00e9, tap\u00e9 fort, je lui ai cass\u00e9 5 c\u00f4te. Je suis d\u00e9pit\u00e9, j'ai peur que cela ne vienne pire, j'ai besoin d'aide<br \/>\r\n<br \/>\r\n<\/div><br \/>\r\n<div class=\"bg-grey p2\"><br \/>\r\n<h3><\/h3><br \/>\r\n<h3><\/p><\/div><\/div><div class='response'><h5>Response<\/h5><div class='vqf_fixed_width_text'><p><\/h3><br \/>\r\nBonjour Monsieur,<br \/>\r\n<br \/>\r\nVous nous demandez de l\u2019aide suite \u00e0 la derni\u00e8re dispute avec votre femme qui a d\u00e9g\u00e9n\u00e9r\u00e9 en des gestes de violences r\u00e9ciproques et entrainant de graves blessures pour votre femme.<br \/>\r\n<br \/>\r\nVos inqui\u00e9tudes concernant vos comportements violents et une aggravation de la situation sont justifi\u00e9es. La violence au sein du couple est punissable par <a href=\"https:\/\/dev-vqf.creatives.com\/fr\/informations\/loi\" target=\"_blank\" rel=\"noopener\">la loi<\/a> et les <a href=\"https:\/\/dev-vqf.creatives.com\/la-violence-dans-le-couple\/la-violence-physique\/\">violences physiques<\/a> graves comme celles que vous d\u00e9crivez sont des infractions poursuivies d\u2019office qui peuvent engendrer une ouverture d\u2019une proc\u00e9dure p\u00e9nale. Ce sont donc des actes graves et il est possible que vous deviez r\u00e9pondre de vos actes devant les autorit\u00e9s.<br \/>\r\n<br \/>\r\nSi cela n'est pas d\u00e9j\u00e0 fait, il est urgent que votre femme consulte un m\u00e9decin afin qu'elle puisse soigner ses blessures et v\u00e9rifier son \u00e9tat de sant\u00e9. De votre c\u00f4t\u00e9, il est urgent que vous trouviez des solutions pour stopper la violence et ainsi garantir la s\u00e9curit\u00e9 de votre femme et de vous-m\u00eame. La violence prenant la forme <a href=\"https:\/\/dev-vqf.creatives.com\/fr\/informations\/cycle-de-la-violence\" target=\"_blank\" rel=\"noopener\">d\u2019un cycle<\/a>, il arrive fr\u00e9quemment qu\u2019apr\u00e8s une phase d'accalmie, que la violence se reproduise de mani\u00e8re plus intense et plus grave encore. G\u00e9n\u00e9ralement avec le temps les ressentiments persistent et se rajoutent aux difficult\u00e9s plus r\u00e9centes.<br \/>\r\n<br \/>\r\nIl est donc important que vous puissiez trouver rapidement de l\u2019aide professionnelle qualifi\u00e9e dans ce domaine. Vous pouvez trouver \u00e0 Lausanne de l'aide sp\u00e9cialis\u00e9e dans la violence domestique en contactant le <a href=\"http:\/\/prevention-ale.ch\/\" target=\"_blank\" rel=\"noopener\">Centre Pr\u00e9vention de l'Ale<\/a> qui sera \u00e0 m\u00eame de r\u00e9pondre \u00e0 toutes vos questions et vous accueillir rapidement. Les professionnel-le-s de ce centre pourront vous offrir une \u00e9coute et une aide concr\u00e8te, un suivi sp\u00e9cialis\u00e9, pour trouver des alternatives aux actes de violence. Vous pourrez \u00e9galement trouver de l\u2019orientation et de l\u2019aide pour votre femme qui en n\u00e9cessite \u00e9galement. Nous vous encourageons vivement \u00e0 prendre contact rapidement avec ce centre au: <strong>021 321 24 00<\/strong>.<br \/>\r\n<br \/>\r\nLe fait que vous soyez conscient de la gravit\u00e9 de la situation et vous souhaitiez y rem\u00e9dier est un pas tr\u00e8s important pour entamer un changement car vous \u00eates responsable de vos actes. Nous ne pouvons donc que vous encourager \u00e0 chercher rapidement l\u2019aide n\u00e9cessaire.<br \/>\r\n<br \/>\r\nN'h\u00e9sitez pas \u00e0 nous recontacter si vous en ressentez le besoin ou si vous avez d'autres questions.<br \/>\r\n<br \/>\r\n<\/div><\/div><\/div><\/div><\/div><\/div><div class='qa_acc_item'><span class='acc_toggler'><\/span><div class='item_header'><h3>J\u2019ai entendu mon voisin menacer verbalement ma voisine<h3><div class='vqf_fixed_width_text'><p>18 mai 2021 - Jea... Bonsoir, Mon compagnon et moi avons entendu beaucoup de cris chez mes voisins et des menaces de mort (\u00ab\u00a0je vais t\u2019\u00e9gorger\u00a0\u00bb) ! Nous ne savons pas ce que nous pouvons faire ! Les cris et...<\/p><\/div><\/div><div class='item_body'><div class='quesion_response_block'><div class='question'><h5>Question<\/h5><div class='vqf_fixed_width_text'><div class=\"box-question p2\"><br \/>\r\n<p class=\"color-grey small mt1 mb0\">18 mai 2021 - Jea...<\/p><br \/>\r\nBonsoir, Mon compagnon et moi avons entendu beaucoup de cris chez mes voisins et des menaces de mort (\u00ab\u00a0je vais t\u2019\u00e9gorger\u00a0\u00bb) ! Nous ne savons pas ce que nous pouvons faire ! Les cris et les hurlements, claquement de portes etc sont tr\u00e8s fr\u00e9quents chez eux .. mais ce soir c\u2019\u00e9tait particuli\u00e8rement violent dans les paroles ! Merci d\u2019avance pour votre r\u00e9ponse<br \/>\r\n<br \/>\r\n<\/div><br \/>\r\n<div class=\"bg-grey p2\"><br \/>\r\n<h3><\/h3><br \/>\r\n<h3><\/p><\/div><\/div><div class='response'><h5>Response<\/h5><div class='vqf_fixed_width_text'><p><\/h3><br \/>\r\nBonjour,<br \/>\r\n<br \/>\r\nVotre compagnon et vous avez entendu <a href=\"https:\/\/dev-vqf.creatives.com\/fr\/informations\/violence\/psychologique\" target=\"_blank\" rel=\"noopener\">des menaces de mort ainsi que d'autres violences psychologiques<\/a> chez vos voisins. Vous vous inqui\u00e9tez car ce soir-l\u00e0, c\u2019\u00e9tait particuli\u00e8rement violent. Vous aimeriez savoir que faire dans cette situation.<br \/>\r\n<br \/>\r\nNous saluons votre premier pas en venant chercher de l\u2019aide au pr\u00e8s de professionnel-le-s. La situation de vos voisins ne laisse pas indiff\u00e9rent-e et semble difficile.<span class=\"Apple-converted-space\">\u00a0<\/span><br \/>\r\n<br \/>\r\nLorsque vous soup\u00e7onnez de la violence, vous pouvez appeler la police en urgence pour qu\u2019elle intervienne. Tout personne peut signaler une situation de violence, de mani\u00e8re anonyme <strong>au 117<\/strong>. Celle-ci pourra analyser la situation, leur rappeler que la violence est interdite ainsi que prot\u00e9ger la victime si besoin, voir expulser l\u2019auteur en cas de violences physiques.<br \/>\r\n<br \/>\r\n<a href=\"https:\/\/dev-vqf.creatives.com\/fr\/informations\/cycle-de-la-violence\" target=\"_blank\" rel=\"noopener\">La violence a tendance \u00e0 s\u2019intensifier avec le temps. <\/a>Vous pouvez d\u00e9j\u00e0 informer la police de ce que vous avez entendu ce soir-l\u00e0. <a href=\"https:\/\/www.skppsc.ch\/fr\/sujets\/violence\/menaces\/\">Toute menace de mort doit \u00eatre d\u00e9nonc\u00e9e \u00e0 la police, qui l\u2019\u00e9valuera.<\/a><br \/>\r\n<br \/>\r\nNous nous demandions quelle est la proximit\u00e9 que vous avez avec vos voisins. Si l\u2019occasion se pr\u00e9sente lors d\u2019une discussion, vous pouvez demander \u00e0 la personne victime comment elle va. Vous pourriez ajouter que vous avez entendu des disputes et que cela vous inqui\u00e8te. Si la personne \u00e9voque la violence, n\u2019h\u00e9sitez pas \u00e0 lui parler de notre <a href=\"https:\/\/dev-vqf.creatives.com\/\" target=\"_blank\" rel=\"noopener\">site.<\/a> Nous vous sugg\u00e9rons aussi de l\u2019informer de l\u2019existence du <a href=\"https:\/\/malleyprairie.ch\/\">Centre d\u2019accueil Malley-Prairie<\/a>, qui propose des t\u00e9l\u00e9phones ou consultations gratuites pour discuter de la violence au sein du couple. Votre voisine\u00a0peut les contacter au <strong>021 620 76 76<\/strong>.<span class=\"Apple-converted-space\">\u00a0<\/span><br \/>\r\n<br \/>\r\n<span class=\"Apple-converted-space\">Nous esp\u00e9rons que ces pistes aideront vos voisins. Nous vous remercions pour votre demande et sommes \u00e0 disposition si vous avez d'autres questions. Nos meilleurs messages.<\/span><br \/>\r\n<br \/>\r\n<\/div><\/div><\/div><\/div><\/div><\/div><div class='qa_acc_item'><span class='acc_toggler'><\/span><div class='item_header'><h3>Les disputes d\u00e9rapent et je recours \u00e0 la violence, \u00e0 qui puis-je m&#8217;adresser pour faire une th\u00e9rapie?<h3><div class='vqf_fixed_width_text'><p>16 mai 2021 - gen... Bonjour, Je suis en couple depuis 2008, nous avons un enfant en bas \u00e2ge et nous attendons un deuxi\u00e8me enfant. Depuis que nous nous connaissons nous avons eu des disputes qui souvent ont d\u00e9g\u00e9n\u00e9r\u00e9es de...<\/p><\/div><\/div><div class='item_body'><div class='quesion_response_block'><div class='question'><h5>Question<\/h5><div class='vqf_fixed_width_text'><div class=\"box-question p2\"><br \/>\r\n<p class=\"color-grey small mt1 mb0\">16 mai 2021 - gen...<\/p><br \/>\r\nBonjour,<br \/>\r\n<br \/>\r\nJe suis en couple depuis 2008, nous avons un enfant en bas \u00e2ge et nous attendons un deuxi\u00e8me enfant. Depuis que nous nous connaissons nous avons eu des disputes qui souvent ont d\u00e9g\u00e9n\u00e9r\u00e9es de mon c\u00f4t\u00e9 vers des insultes et des violences physiques sur ma personnes c\u2019est \u00e0 dire que je me brutalise au lieu de la brutaliser!<br \/>\r\n<br \/>\r\nLa dispute se termine souvent ainsi et un gros malaise s\u2019installe...Je pensais que je pourrais r\u00e9gler \u00e7a seul mais je vois que je n\u2019y arrive pas, ce qui me fait extr\u00eamement peur car notre fils\u00a0 a d\u00e9j\u00e0 \u00e9t\u00e9 t\u00e9moin de ces sc\u00e8nes de dispute \u00e0 plusieurs reprises et je souhaite que \u00e7a n\u2019arrive plus, je veux mettre un terme \u00e0 tout \u00e7a pour le bien de ma famille. A qui puis-je m\u2019adresser, je souhaite faire une th\u00e9rapie au plus vite. Je me sens trop mal. Merci pour votre aide.<br \/>\r\n<br \/>\r\n<\/div><br \/>\r\n<div class=\"bg-grey p2\"><br \/>\r\n<h3><\/h3><br \/>\r\n<h3><\/p><\/div><\/div><div class='response'><h5>Response<\/h5><div class='vqf_fixed_width_text'><p><\/h3><br \/>\r\nBonjour Monsieur,<br \/>\r\n<br \/>\r\nVous nous contactez afin de trouver de l\u2019aide suite \u00e0 vos fr\u00e9quentes disputes de couple qui d\u00e9g\u00e9n\u00e8rent en <a href=\"https:\/\/dev-vqf.creatives.com\/fr\/informations\/violence\/psychologique\" target=\"_blank\" rel=\"noopener\">violence psychologique<\/a> et physique \u00e0 l'encontre de vous-m\u00eame. Vous craignez pour votre fils et vous voulez mettre un terme \u00e0 vos agissements.<br \/>\r\n<br \/>\r\nFaire le constat que l\u2019on recourt \u00e0 la violence n\u2019est pas chose ais\u00e9e, mais cela est un premier pas important et pr\u00e9cieux. Retourner l\u2019agressivit\u00e9 contre soi est aussi une forme de violence qui am\u00e8ne \u00e0 des s\u00e9quelles pour tout le monde y compris votre fils. M\u00eame si ce recours \u00e0 la violence se produit de mani\u00e8re irr\u00e9guli\u00e8re, ce n'est pas un comportement excusable pour autant. Entamer un processus de changement est tout \u00e0 fait possible et nous saluons votre d\u00e9marche de nous \u00e9crire aujourd\u2019hui.<br \/>\r\n<br \/>\r\nNous partageons \u00e9galement votre inqui\u00e9tude au sujet de votre fils qui est expos\u00e9 \u00e0 la violence puisque celle-ci a<a href=\"https:\/\/dev-vqf.creatives.com\/fr\/informations\/enfants-violence\" target=\"_blank\" rel=\"noopener\"> un impact d\u00e9l\u00e9t\u00e8re sur l\u2019\u00e9quilibre psychique et la sant\u00e9 des enfants<\/a> m\u00eame s\u2019ils n\u2019en sont\u00a0\u00ab\u00a0que\u00a0\u00bb t\u00e9moins. Nous savons en effet que l\u2019exposition \u00e0 une forte et fr\u00e9quente agressivit\u00e9 exerc\u00e9e entre les parents, cause des r\u00e9actions de d\u00e9fense et d\u2019ins\u00e9curit\u00e9 \u00e0 long terme. Lorsque les r\u00e9actions agressives se succ\u00e8dent, les enfants sont affect\u00e9s, ils peuvent garder des r\u00e9actions de peur et d\u2019\u00e9vitement longtemps m\u00eame en l'absence de menaces r\u00e9elles.<br \/>\r\n<br \/>\r\nNous vous encourageons donc \u00e0 entreprendre un suivi th\u00e9rapeutique qui permettra d'apprendre ainsi \u00e0 mieux vous conna\u00eetre et \u00e0 g\u00e9rer concr\u00e8tement votre col\u00e8re. C'est pourquoi nous partageons votre avis et il nous semble indispensable que vous trouviez de l'aide aupr\u00e8s de professionnel-le-s pour comprendre l'origine de vos comportements et trouvez des strat\u00e9gies afin de mettre fin \u00e0 vos comportements violents.<br \/>\r\n<br \/>\r\n\u00c0 Neuch\u00e2tel le <strong><a href=\"https:\/\/www.ne.ch\/autorites\/DEF\/OPFE\/violence-conjugale\/Documents\/CNP-SAVC.pdf\" target=\"_blank\" rel=\"noopener\">Service pour les auteur-e-s de violence conjugale (SAVC)<\/a> <\/strong>\u0153uvre dans ce sens et propose un travail th\u00e9rapeutique aux personnes auteures de violence. Le SAVC r\u00e9pond aux appels 7 jours sur 7 de 8h \u00e0 20h au <strong>032 886 80 08<\/strong> et le premier entretien est gratuit.<br \/>\r\n<br \/>\r\nNous vous encourageons \u00e0 vous confier \u00e0 ces professionnel-e-s de confiance et qualifi\u00e9-e-s qui pourront vous apporter un soutien et un soulagement important pour vous, votre femme et vos enfants.<br \/>\r\n<br \/>\r\nN\u2019h\u00e9sitez pas \u00e0 nous recontacter si vous en ressentez le besoin et nous souhaitons bonne chance pour la suite de vos d\u00e9marches.<br \/>\r\n<br \/>\r\n<\/div><\/div><\/div><\/div><\/div><\/div><div class='qa_acc_item'><span class='acc_toggler'><\/span><div class='item_header'><h3>Nous entendons des violences chez nos voisin-e-s, que pouvons-nous faire en plus d&#8217;appeler la police?<h3><div class='vqf_fixed_width_text'><p>06 mai 2021 - pas... Bonjour, Nous vivons dans un immeuble en location \u00e0 Lausanne, o\u00f9 nous entendons \u00e0 l'\u00e9tage au-dessus une femme hurler de douleur comme une d\u00e9mente jours et nuits depuis plusieurs semaines. Nous avons appel\u00e9 la police...<\/p><\/div><\/div><div class='item_body'><div class='quesion_response_block'><div class='question'><h5>Question<\/h5><div class='vqf_fixed_width_text'><div class=\"box-question p2\"><br \/>\r\n<p class=\"color-grey small mt1 mb0\">06 mai 2021 - pas...<\/p><br \/>\r\nBonjour,<br \/>\r\n<br \/>\r\nNous vivons dans un immeuble en location \u00e0 Lausanne, o\u00f9 nous entendons \u00e0 l'\u00e9tage au-dessus une femme hurler de douleur comme une d\u00e9mente jours et nuits depuis plusieurs semaines. Nous avons appel\u00e9 la police (117), qui est venue hier et aujourd'hui. Les bruits de violence reprennent d\u00e8s qu'elle repart. Que pouvons-nous faire de plus ? Merci de vos conseils et meilleures salutations.<br \/>\r\n<br \/>\r\n<\/div><br \/>\r\n<div class=\"bg-grey p2\"><br \/>\r\n<h3><\/h3><br \/>\r\n<h3><\/p><\/div><\/div><div class='response'><h5>Response<\/h5><div class='vqf_fixed_width_text'><p><\/h3><br \/>\r\nBonjour Monsieur,<br \/>\r\n<br \/>\r\nVous nous transmettez entendre \u00e0 l\u2019\u00e9tage au-dessus de vous une femme hurler de douleurs jour et nuit et ceci depuis plusieurs semaines. Vous avez appel\u00e9 la police qui est intervenue hier et en ce jour mais \u00e0 vous lire les violences semblent reprendre une fois les agents de police partis. Vous vous demandez que faire de plus.<br \/>\r\n<br \/>\r\nTout d\u2019abord, nous aimerions vous f\u00e9liciter pour votre action en appelant le <strong>117<\/strong>. Effectivement, il est toujours d\u00e9licat d\u2019intervenir directement aupr\u00e8s de tiers, de surcro\u00eet ses voisin-e-s. Votre r\u00e9flexe a \u00e9t\u00e9 le bon.<br \/>\r\n<br \/>\r\nNous pouvons imaginer plusieurs cas de figures \u00e0 la situation d\u00e9crite\u00a0:\u00a0 s\u2019il s\u2019agit de violences conjugales, la police peut proc\u00e9der \u00e0 une <a href=\"https:\/\/www.vd.ch\/fileadmin\/user_upload\/themes\/vie_privee\/ViolenceDomestique\/pdf\/2_Fiche_Expulsion_CCLVD.pdf\" target=\"_blank\" rel=\"noopener\">mesure d\u2019expulsion de la personne qui a agi de la violence<\/a>, ceci pour 30 jours maximum ou jusqu\u2019\u00e0 l\u2019audience de validation de cette mesure au Tribunal d\u2019Arrondissement. C\u2019est une mesure de protection pour la personne victime. S\u2019il devait y avoir des enfants pr\u00e9sents dans cet appartement, la police ferait aussi un signalement au service de la <a href=\"https:\/\/www.vd.ch\/toutes-les-autorites\/departements\/departement-de-la-formation-de-la-jeunesse-et-de-la-culture-dfjc\/direction-generale-de-lenfance-et-de-la-jeunesse-dgej\/protection\/\" target=\"_blank\" rel=\"noopener\">protection des mineurs<\/a> (DGEJ). Il faut de plus savoir que la violence conjugale est poursuivie d'office en Suisse et qu'une proc\u00e9dure p\u00e9nale sera ouverte.<br \/>\r\n<br \/>\r\nOn pourrait cependant aussi imaginer, selon votre description de la situation, que Mme souffre peut-\u00eatre de troubles psychiques et dans ce cas, la police peut faire appel au <a href=\"https:\/\/www.svmed.ch\/patients\/garde-medicale\/\" target=\"_blank\" rel=\"noopener\">m\u00e9decin de garde<\/a> pour une \u00e9valuation somatique et psychique sur site et\/ou faire appel \u00e0 <a href=\"https:\/\/www.urgences-sante.ch\/partenaires\/item\/21-urgences-sociales\" target=\"_blank\" rel=\"noopener\">l\u2019Equipe Mobile d\u2019Urgences Sociales (EMUS)<\/a> joignables au <strong>0848 133 133<\/strong> et ceci<strong> 24h\/24<\/strong> tous les jours de l'ann\u00e9e. Ces derniers intervienennent en bin\u00f4me socio-sanitaire et de mani\u00e8re gratuite. C'est une \u00e9quipe v\u00e9hicul\u00e9e qui peut, au besoin et selon la volont\u00e9 de la personne, l'amener vers un service que ce soit la police, l'h\u00f4pital, un foyer ou trouver refuge chez des ami-e-s.<br \/>\r\n<br \/>\r\nQuoiqu\u2019il en soit cette femme semble effectivement \u00eatre en d\u00e9tresse. Si la situation devait malheureusement perdurer, nous vous conseillerions de rappeler le <strong>117<\/strong> d\u00e8s que vous entendez des cris.<br \/>\r\n<br \/>\r\nEn esp\u00e9rant avoir r\u00e9pondu \u00e0 votre question, nous restons \u00e0 disposition si ce n'est pas le cas ou si vous souhaitez nous donner des nouvelles de la situation, Avec nos meilleures salutations.<br \/>\r\n<br \/>\r\n<\/div><\/div><\/div><\/div><\/div><\/div><div class='qa_acc_item'><span class='acc_toggler'><\/span><div class='item_header'><h3>Nous sommes t\u00e9moins de bruits chez nos voisins, que faire?<h3><div class='vqf_fixed_width_text'><p>01 mai 2021 - R.... Bonjour, mon ami et moi avons entendu plusieurs hurlements de femme venant de chez nos voisins et des esp\u00e8ces de sanglots nous n\u2019arrivons pas \u00e0 entendre distinctement ce qui est dit mais c\u2019est tr\u00e8s \u00e9trange...<\/p><\/div><\/div><div class='item_body'><div class='quesion_response_block'><div class='question'><h5>Question<\/h5><div class='vqf_fixed_width_text'><div class=\"box-question p2\"><br \/>\r\n<p class=\"color-grey small mt1 mb0\">01 mai 2021 - R....<\/p><br \/>\r\nBonjour,<br \/>\r\n<br \/>\r\nmon ami et moi avons entendu plusieurs hurlements de femme venant de chez nos voisins et des esp\u00e8ces de sanglots nous n\u2019arrivons pas \u00e0 entendre distinctement ce qui est dit mais c\u2019est tr\u00e8s \u00e9trange et la femme a l\u2019air angoiss\u00e9e. C\u2019est la premi\u00e8re fois que nous entendons \u00e7a depuis qu\u2019ils sont ensemble (plusieurs mois) La dispute s\u2019est calm\u00e9e et nous avons envoy\u00e9 un message \u00e0 notre voisin pour lui demander si tout se passait bien, mais il n\u2019a pas encore \u00e9t\u00e9 lu (nous n\u2019avons pas acc\u00e8s \u00e0 sa porte d\u2019entr\u00e9e si non nous serions all\u00e9 sonner) nous ne savons pas trop quoi faire, nous n\u2019avons entendu que la femme parler jamais la voix de notre voisin et sachant que ce sont de bons f\u00eatards, nous nous demandons si ces cris ne sont pas \u00ab\u00a0juste\u00a0\u00bb des \u00ab\u00a0s\u00e9quelles\u00a0\u00bb de substances possiblement ing\u00e9r\u00e9es dans la soir\u00e9e... nous tendons l\u2019oreille attentivement mais nous ne savons pas trop quoi faire..<br \/>\r\n<br \/>\r\n<\/div><br \/>\r\n<div class=\"bg-grey p2\"><br \/>\r\n<h3><\/h3><br \/>\r\n<h3><\/p><\/div><\/div><div class='response'><h5>Response<\/h5><div class='vqf_fixed_width_text'><p><\/h3><br \/>\r\nBonjour Madame,<br \/>\r\n<br \/>\r\nVous avez \u00e9t\u00e9 t\u00e9moins de bruits de la part de vos voisins et avez pens\u00e9 \u00e0 une dispute entre eux. Vous avez pris contact avec l'un d'eux pour demander des nouvelles sans succ\u00e8s et vous demandez quoi faire dans cette situation.<br \/>\r\n<br \/>\r\nNous vous remercions pour votre demande et vous f\u00e9licitons pour l'attention port\u00e9e \u00e0 vos voisins. Dans les situations de violence conjugale, il arrive fr\u00e9quemment que le voisinage soit une ressource et intervienne par exemple en appelant la police. Les \u00e9l\u00e9ments que vous d\u00e9crivez pourraient avoir trait \u00e0 une situation de violence conjugale, mais cela n'est pas forc\u00e9ment le cas.<br \/>\r\n<br \/>\r\nLa violence conjugale r\u00e9pond souvent \u00e0 un <a href=\"https:\/\/dev-vqf.creatives.com\/fr\/informations\/cycle-de-la-violence\" target=\"_blank\" rel=\"noopener\">cycle<\/a>. Si tel est le cas pour vos voisins, il est donc possible que ce type d'\u00e9v\u00e9nement se r\u00e9p\u00e8te. Nous vous encourageons donc \u00e0 rester attentive par la suite. Si vous en avez l'occasion et vous sentez \u00e0 l'aise, vous pouvez approcher votre voisine et leur t\u00e9moigner de votre pr\u00e9occupation comme vous semblez d\u00e9j\u00e0 avoir un lien avec elle. Vous pouvez leur transmettre l'adresse de cette <a href=\"https:\/\/www.problemedecouple.ch\/\" target=\"_blank\" rel=\"noopener\">plateforme qui propose de l'aide et des conseils pour les couples<\/a>, celle de notre site www.violencequefaire.ch, voire celle du <a href=\"https:\/\/savi-ne.ch\/\" target=\"_blank\" rel=\"noopener\">Service d'aide aux victimes (SAVI) pour le canton de Neuch\u00e2tel<\/a>.<br \/>\r\n<br \/>\r\nLa violence conjugale est par ailleurs interdite par la <a href=\"https:\/\/dev-vqf.creatives.com\/fr\/informations\/loi\" target=\"_blank\" rel=\"noopener\">loi<\/a>. En cas de nouvelle crise, si vous entendez par exemple des cris ou des appels \u00e0 l'aide, vous pouvez contacter la police au num\u00e9ro <strong>117<\/strong>.<br \/>\r\n<br \/>\r\nNous restons volontiers \u00e0 disposition si vous souhaitez nous donner des nouvelles ou nous contacter ult\u00e9rieurement.<br \/>\r\n<br \/>\r\nEn vous souhaitant bonne continuation, nous vous transmettons nos meilleurs messages.<br \/>\r\n<br \/>\r\n<\/div><\/div><\/div><\/div><\/div><\/div><div class='qa_acc_item'><span class='acc_toggler'><\/span><div class='item_header'><h3>Comment puis-je faire lorsque je me sens &#8222;oblig\u00e9e&#8220; d&#8217;utiliser la violence?<h3><div class='vqf_fixed_width_text'><p>23 avril 2021 - Lim... Bonjour, J'ai \u00e9t\u00e9 frapp\u00e9e par mon p\u00e8re quand j'\u00e9tais jeune, avant mes 10-11 ans. Cela servait de punition. J'ai eu l'occasion de voir que j'avais tendance \u00e0 reproduire des sch\u00e9mas violents. Physique, notamment avec mes...<\/p><\/div><\/div><div class='item_body'><div class='quesion_response_block'><div class='question'><h5>Question<\/h5><div class='vqf_fixed_width_text'><div class=\"box-question p2\"><br \/>\r\n<p class=\"color-grey small mt1 mb0\">23 avril 2021 - Lim...<\/p><br \/>\r\nBonjour,<br \/>\r\n<br \/>\r\nJ'ai \u00e9t\u00e9 frapp\u00e9e par mon p\u00e8re quand j'\u00e9tais jeune, avant mes 10-11 ans. Cela servait de punition. J'ai eu l'occasion de voir que j'avais tendance \u00e0 reproduire des sch\u00e9mas violents. Physique, notamment avec mes soeurs, quand j'avais 12-15 ans, mais aussi verbale et\/ou psychologique, avec elles ou d'autres personnes, des amants ou copains. Je le regrette et j'aimerais que \u00e7a change. Je ne ressens pas vraiment de la col\u00e8re, mais la volont\u00e9 qu'on me respecte et qu'on m'\u00e9coute et je sais que \u00e7a ne devrait pas passer par ce genre de comportement. Je devrais en parler, mais il y a de grandes chances que mes parents se sentent accus\u00e9s et prennent la mouche. Je ne veux pas les mettre au pied du mur non plus. Comment puis-je faire, lorsque je me sens \"oblig\u00e9e\" d'utiliser la violence ? Y a-t-il d'autres conseils que respirer ou ce genre de blabla peu applicable car on n'a pas forc\u00e9ment le temps d'y penser, en situation ?<br \/>\r\n<br \/>\r\nMerci pour votre aide, Cordialement.<br \/>\r\n<br \/>\r\n<\/div><br \/>\r\n<div class=\"bg-grey p2\"><br \/>\r\n<h3><\/h3><br \/>\r\n<h3><\/p><\/div><\/div><div class='response'><h5>Response<\/h5><div class='vqf_fixed_width_text'><p><\/h3><br \/>\r\nBonjour Madame,<br \/>\r\n<br \/>\r\nVous constatez l'installation dans vos comportements de r\u00e9actions de violences et vous faites des liens avec votre pass\u00e9 et des sch\u00e9mas de violence que vous aimeriez changer \u00e0 pr\u00e9sent.<br \/>\r\n<br \/>\r\nTout d\u2019abord il est important de relever que le recours \u00e0 la violence n\u2019est pas un fait in\u00e9luctable et il ne d\u00e9pend pas exclusivement de l\u2019exp\u00e9rience pass\u00e9e. En effet avoir malheureusement subi de la violence dans le cadre de votre famille n\u2019implique pas que vous soyez automatiquement conditionner \u00e0 l\u2019utiliser \u00e0 votre tour dans votre vie. Il est cependant possible que vous ayez int\u00e9gr\u00e9 ce mode de r\u00e9action comme un moyen de vous d\u00e9fendre ou de vous prot\u00e9ger, moyen qui reste cependant inacceptable et sources de souffrances.<br \/>\r\n<br \/>\r\nIl est au contraire tout \u00e0 fait possible d'apprendre \u00e0 anticiper et \u00e0 g\u00e9rer par exemple les r\u00e9actions de col\u00e8re, tout comme apprendre \u00e0 \u00e9viter d'agir agressivement. Pour cela il est aussi indispensable de d\u00e9velopper de comprendre ce qui d\u00e9clenche en vous cette violence. G\u00e9n\u00e9ralement, il s'agit de sentiments d\u2019injustices subies, sentiments non exprim\u00e9s ou non encore bien identifi\u00e9s.<br \/>\r\n<br \/>\r\nVotre volont\u00e9 d\u2019\u00eatre respect\u00e9e et \u00e9cout\u00e9e est tout \u00e0 fait l\u00e9gitime et la violence que vous avez subie reste \u00e9galement inacceptable, mais il vous revient aujourd\u2019hui de trouver des comportements qui vous permettent de l\u2019obtenir sans violence, car cela m\u00eame est \u00e9galement un manque de respect et d\u2019\u00e9coute de l\u2019autre. Parfois c'est en posant des limites claires en lien avec vos besoins d'\u00eatre respect\u00e9e et entendue que vous pouvez le mieux cheminer dans le sens que vous souhaitez et sans violence. Il vous appartient donc \u00e9galement de vous d\u00e9terminer lorsque vos limites sont d\u00e9pass\u00e9es et de poser par exemple des conditions.<br \/>\r\n<br \/>\r\nConcernant vos relations avec vos parents, il est possible qu'il y ait des \u00e9l\u00e9ments inexprim\u00e9s, des non-dits, il est alors indispensable de pouvoir les identifier. Nous ignorons en revanche s\u2019il est indispensable de les exprimer \u00e0 vos parents directement aujourd\u2019hui pour \u00e9viter des ressentiments ou des col\u00e8res qui peuvent g\u00e9n\u00e9rer des agressions.<br \/>\r\n<br \/>\r\nNous ne pouvons que conseiller de consulter des sp\u00e9cialistes avec lesquel-le-s vous pourrez trouver un terrain propice pour comprendre, tisser des liens avec votre pass\u00e9 et surtout \u00e9laborer des strat\u00e9gies utiles pour \u00e9viter toute forme de violence. C\u2019est un parcours personnel qui vous fera certainement du bien non seulement par rapport \u00e0 votre famille d\u2019origine, mais \u00e9galement dans toute relation affective ou vous pourriez reproduire les sch\u00e9mas que vous souhaitez \u00e9viter durablement.<br \/>\r\n<br \/>\r\nDe l'aide existe pour surmonter les actes de violences subis par le pass\u00e9, notamment aupr\u00e8s d\u2019un centre d'aide aux victimes d'infractions (LAVI). Dans le canton du Valais, deux <a href=\"https:\/\/www.vs.ch\/web\/sas\/lavi-contacts\" target=\"_blank\" rel=\"noopener\">centres<\/a> existent\u00a0:<br \/>\r\n<ul><br \/>\r\n \t<li>Centre de consultation LAVI Valais Romand<br \/>\r\nT\u00e9l. 027\u00a0607 31 00<br \/>\r\nPratifori 27 \u2013 1950 Sion<\/li><br \/>\r\n \t<li>Centre de consultation LAVI Haut-Valais<br \/>\r\nT\u00e9l. 027 946 85 32<br \/>\r\nPostfach 686 \u2013 3900 Brig<\/li><br \/>\r\n<\/ul><br \/>\r\nNous vous conseillons vivement de trouver de l\u2019aide contre vos r\u00e9actions de violence pour apprendre \u00e0 les anticiper et \u00e0 les g\u00e9rer. Pour cela vous pouvez prendre contact avec\u00a0:<br \/>\r\n<ul><br \/>\r\n \t<li><a href=\"https:\/\/www.caritas-valais.ch\/fr\/depasser-violence-2.html\" target=\"_blank\" rel=\"noopener\">Alternative-Violence<\/a><br \/>\r\nCARITAS-Valais<br \/>\r\nRue de Lo\u00e8che 19<br \/>\r\n1950 Sion<br \/>\r\nT\u00e9l. 079 158 26 41<br \/>\r\n<a href=\"mailto:alternative-violence@caritas-valais.ch\">alternative-violence@caritas-valais.ch<\/a><\/li><br \/>\r\n<\/ul><br \/>\r\nTout en vous encourageant dans vos efforts et vos recherches de solutions, nous restons \u00e0 votre disposition si vous souhaitez encore nous solliciter pour des pr\u00e9cisions ou tout simplement pour donner de vos nouvelles.<br \/>\r\n<br \/>\r\n<\/div><br \/>\r\n<a class=\"back js-back right mt1-5 mr1\">retour aux questions<\/a><\/p><\/div><\/div><\/div><\/div><\/div><div class='qa_acc_item'><span class='acc_toggler'><\/span><div class='item_header'><h3>Ma voisine se fait r\u00e9guli\u00e8rement taper, que faire?<h3><div class='vqf_fixed_width_text'><p>22 avril 2021 - Lum... Mon voisin esf alcoolique, r\u00e9guli\u00e8rement il frappe violemment sa compagne. Il m'est arriv\u00e9 d'intervenir et de m'interposee, j'ai \u00e9galement appel\u00e9 la Police \u00e0 plusieurs reprises car je pouvais entendre distinctement ma voisine appeler \"ausecours\". Elle...<\/p><\/div><\/div><div class='item_body'><div class='quesion_response_block'><div class='question'><h5>Question<\/h5><div class='vqf_fixed_width_text'><div class=\"box-question p2\"><br \/>\r\n<p class=\"color-grey small mt1 mb0\">22 avril 2021 - Lum...<\/p><br \/>\r\nMon voisin esf alcoolique, r\u00e9guli\u00e8rement il frappe violemment sa compagne. Il m'est arriv\u00e9 d'intervenir et de m'interposee, j'ai \u00e9galement appel\u00e9 la Police \u00e0 plusieurs reprises car je pouvais entendre distinctement ma voisine appeler \"ausecours\". Elle refuse de le quitter. Que faire ?<br \/>\r\n<br \/>\r\nIl va y avoir un drame, cela est une question de temps ... L'avenir le dira, mais les faits sont l\u00e0 et la violence ne fait qu'empirer. Merci pour vos conseils.<br \/>\r\n<br \/>\r\n<\/div><br \/>\r\n<div class=\"bg-grey p2\"><br \/>\r\n<h3><\/h3><br \/>\r\n<h3><\/p><\/div><\/div><div class='response'><h5>Response<\/h5><div class='vqf_fixed_width_text'><p><\/h3><br \/>\r\nBonjour Madame,<br \/>\r\n<br \/>\r\nVotre voisin frappe r\u00e9guli\u00e8rement et violemment sa compagne. Vous \u00eates intervenue et vous avez appel\u00e9 la police \u00e0 plusieurs reprises, mais cela continue et empire. Vous craignez un drame et ne savez pas quoi faire pour l'emp\u00eacher.<br \/>\r\n<br \/>\r\nVos inqui\u00e9tudes sont l\u00e9gitimes et nous vous remercions de nous contacter. En effet la violence conjugale s'inscrit souvent dans un <a href=\"https:\/\/dev-vqf.creatives.com\/fr\/informations\/cycle-de-la-violence\" target=\"_blank\" rel=\"noopener\">cycle<\/a> qui se r\u00e9p\u00e8te et s'intensifie avec le temps. L'abus\u00a0d'alcool n'est pas forc\u00e9ment la cause de la violence, mais cela peut faciliter l'expression d'une violence d\u00e9j\u00e0 existante. Nous vous f\u00e9licitons pour vos interventions, elles sont courageuses et utiles. Ainsi vous montrez que la violence n'est pas acceptable et que <a href=\"https:\/\/dev-vqf.creatives.com\/fr\/entourage\/entourage_victime\/ecouter-et-soutenir\" target=\"_blank\" rel=\"noopener\">vous ne la cautionnez pas<\/a>. La violence conjugale est d'ailleurs punie par <a href=\"https:\/\/dev-vqf.creatives.com\/fr\/informations\/loi\" target=\"_blank\" rel=\"noopener\">la loi<\/a>.<br \/>\r\n<br \/>\r\nIl arrive que la victime se sente <a href=\"https:\/\/dev-vqf.creatives.com\/fr\/entourage\/entourage_victime\/repondre-aux-besoins\" target=\"_blank\" rel=\"noopener\">pi\u00e9g\u00e9e dans la relation<\/a> et que pour diff\u00e9rentes raisons elle pense ne pas pouvoir en sortir. Il est important de ne pas la juger et de <a href=\"https:\/\/dev-vqf.creatives.com\/fr\/entourage\/entourage_victime\/repondre-aux-besoins\" target=\"_blank\" rel=\"noopener\">respecter son rythme et ses besoins<\/a>.<br \/>\r\n<br \/>\r\nSi vous vous sentez suffisamment \u00e0 l'aise, nous vous conseillons de vous approcher d'elle et de lui parler de vos inqui\u00e9tudes. Vous pouvez lui proposer de consulter notre site www.violencequefaire.ch. A Gen\u00e8ve, vous pouvez aussi l'informer de l'existence de l'association\u00a0<a href=\"https:\/\/www.avvec.ch\/fr\/intimate-partner-violence\/la-violence-conjugale\" target=\"_blank\" rel=\"noopener\">AVVEC<\/a>. Elle peut les appeler au num\u00e9ro <strong>022\/797.10.10<\/strong>. Des sp\u00e9cialistes l'\u00e9couteront et la conseilleront de mani\u00e8re confidentielle et gratuite. Cette association offre aussi un h\u00e9bergement s\u00e9curis\u00e9,\u00a0provisoire et gratuit, si elle le souhaite.<br \/>\r\n<br \/>\r\nDans le cas o\u00f9 vous entendez \u00e0 nouveau des cris et des appels \u00e0 l'aide, nous vous encourageons \u00e0 ne pas abandonner et\u00a0\u00e0 appeler \u00e0 nouveau et imm\u00e9diatement la police au<strong> 117.<\/strong><br \/>\r\n<br \/>\r\nNous esp\u00e9rons que ces quelques pistes vous aideront et que la situation pourra s'am\u00e9liorer. Nous\u00a0restons bien \u00e9videment \u00e0 votre disposition pour toutes questions ou pour nous donner de vos nouvelles.<br \/>\r\n<br \/>\r\nRecevez nos meilleures pens\u00e9es.<br \/>\r\n<br \/>\r\n<\/div><\/div><\/div><\/div><\/div><\/div><div class='qa_acc_item'><span class='acc_toggler'><\/span><div class='item_header'><h3>Une voisine se fait frapper, que faire?<h3><div class='vqf_fixed_width_text'><p>21 avril 2021 - Cat... Il y a des cris chez mes voisins la nuit et cela me r\u00e9veille. La femme porte sur elle des traces de violences physiques, mais je ne la conna\u00eet pas personnellement. Que puis-je faire? Dois-je...<\/p><\/div><\/div><div class='item_body'><div class='quesion_response_block'><div class='question'><h5>Question<\/h5><div class='vqf_fixed_width_text'><div class=\"box-question p2\"><br \/>\r\n<p class=\"color-grey small mt1 mb0\">21 avril 2021 - Cat...<\/p><br \/>\r\nIl y a des cris chez mes voisins la nuit et cela me r\u00e9veille. La femme porte sur elle des traces de violences physiques, mais je ne la conna\u00eet pas personnellement. Que puis-je faire? Dois-je appeler la police? Je ne veux pas avoir d'ennui et aimerais rester anonyme.<br \/>\r\n<br \/>\r\n<\/div><br \/>\r\n<div class=\"bg-grey p2\"><br \/>\r\n<h3><\/h3><br \/>\r\n<h3><\/p><\/div><\/div><div class='response'><h5>Response<\/h5><div class='vqf_fixed_width_text'><p><\/h3><br \/>\r\nBonjour Madame,<br \/>\r\n<br \/>\r\nVous nous \u00e9crivez car vous \u00eates r\u00e9veill\u00e9e la nuit par des <a href=\"https:\/\/dev-vqf.creatives.com\/fr\/informations\/violence\/psychologique\" target=\"_blank\" rel=\"noopener\">cris<\/a> chez vos voisins. Vous avez remarqu\u00e9 que votre voisine a des traces de <a href=\"https:\/\/dev-vqf.creatives.com\/fr\/informations\/violence\/physique\" target=\"_blank\" rel=\"noopener\">violence physique<\/a>. Ne la connaissant pas et d\u00e9sirant rester anonyme, vous ne savez pas quoi faire pour l\u2019aider.<span class=\"Apple-converted-space\">\u00a0<\/span><br \/>\r\n<br \/>\r\nTout d\u2019abord, nous vous f\u00e9licitons de vous pr\u00e9occuper de votre voisine et comprenons vos inqui\u00e9tudes. De plus, se faire r\u00e9veiller au milieu par des bruits de voisins est d\u00e9sagr\u00e9able et cela doit \u00eatre d\u2019autant plus difficile en imaginant que cette femme est en danger.<br \/>\r\n<br \/>\r\nSi vous entendez encore des cris ou des signes qui vous alertent nous vous encourageons \u00e0 appeler la police au <strong>117<\/strong> et pr\u00e9ciser que vous souhaitez garder l\u2019anonymat. Toute personne peut signaler des situations dans lesquelles il semble y avoir des actes de violence. La police \u00e9valuera la situation et interviendra si n\u00e9cessaire.<span class=\"Apple-converted-space\">\u00a0<\/span><br \/>\r\n<br \/>\r\nSi vous osez lui parler de vos craintes pour elle ou simplement lui demander comment elle va lorsque vous la croiser, vous pouvez ensuite lui proposer de contacter \u00e0 Lausanne <a href=\"https:\/\/www.avvec.ch\/fr\">l\u2019association AVVEC<\/a> au<span class=\"Apple-converted-space\">\u00a0 <\/span><strong>022 797 10 10<\/strong> qui propose une permanence t\u00e9l\u00e9phonique ainsi que des consultations individuelles pour des personnes qui vivent de la violence conjugale . Des professionnel-le-s pourront l\u2019\u00e9couter, l\u2019informer et explorer avec elle diff\u00e9rentes pistes selon ses projets. Si elle le d\u00e9sire, elle pourrait aussi demander un h\u00e9bergement afin de pouvoir se mettre \u00e0 l'abri et prendre du recul sur sa situation quelques temps.<br \/>\r\n<br \/>\r\nBien \u00e9videmment, il est important de vous sentir \u00e0 l\u2019aise avec la deuxi\u00e8me piste. Il s\u2019agit d\u2019une suggestion qui pourra lui ouvrir une porte de secours. C\u2019est elle qui fera ensuite les d\u00e9marches pour sortir de cette situation.<span class=\"Apple-converted-space\">\u00a0<\/span><br \/>\r\n<br \/>\r\nEn esp\u00e9rant que ces quelques pistes vous aideront, nous vous souhaitons beaucoup de courage et restons \u00e0 votre disposition pour d'autres questions.<br \/>\r\n<br \/>\r\n<\/div><\/div><\/div><\/div><\/div><\/div><div class='qa_acc_item'><span class='acc_toggler'><\/span><div class='item_header'><h3>Sur le point de me marier afin de r\u00e9gulariser la situation du p\u00e8re de ma fille, j&#8217;ai peur qu&#8217;il me fasse mal si je le quitte. Je suis perdue, je ne sais pas quoi faire.<h3><div class='vqf_fixed_width_text'><p>20 avril 2021 - Jan... Bonjour, Je suis actuellement en couple depuis deux ans avec un homme. Nous sommes en situation de mariage car c\u2019est un homme d\u2019origine \u00e9trang\u00e8re. Nous avons aussi une petite fille de quelques mois. Au d\u00e9but,...<\/p><\/div><\/div><div class='item_body'><div class='quesion_response_block'><div class='question'><h5>Question<\/h5><div class='vqf_fixed_width_text'><div class=\"box-question p2\"><br \/>\r\n<p class=\"color-grey small mt1 mb0\">20 avril 2021 - Jan...<\/p><br \/>\r\nBonjour,<br \/>\r\n<br \/>\r\nJe suis actuellement en couple depuis deux ans avec un homme. Nous sommes en situation de mariage car c\u2019est un homme d\u2019origine \u00e9trang\u00e8re. Nous avons aussi une petite fille de quelques mois.<br \/>\r\n<br \/>\r\nAu d\u00e9but, c\u2019\u00e9tait un homme parfait. Il \u00e9tait toujours l\u00e0 pour moi me r\u00e9conforter aller jusqu\u2019\u00e0 lacer mes chaussures ouvrir les portes bref il faisait tout pour moi il me valorisait tous le temps. Par la suite j\u2019ai compris que je n\u2019avais plus trop le choix d\u2019avoir mes propres envies ou mes propres d\u00e9cisions. Et par exemple longtemps il m\u2019a reproch\u00e9 de trop voir mes amis. Il me reprocher aussi d\u2019\u00eatre trop gentil avec ma famille ne pas assez \u00eatre autoritaire avec eux car je suis une personne trop gentille et je dis trop souvent oui.<br \/>\r\n<br \/>\r\nLes violences ont commenc\u00e9 quand j\u2019\u00e9tais enceinte c\u2019\u00e9tait des des gifles des bousculades et \u00e0 chaque fois que je lui fais des reproches il va d\u2019abord m\u2019insulter violemment: Ta m\u00e8re est une pute tu es une pute tu es une merde tu seras jamais rien sans moi je vais te prendre la petite tu n\u2019es pas une bonne m\u00e8re tu es fain\u00e9ante etc... mon compagnon actuellement ne travaille pas je sais que cela le ronge quand je l\u2019ai connu il n\u2019\u00e9tait pas comme \u00e7a je ne sais pas si il est en d\u00e9pression je n\u2019arrive pas \u00e0 voir clair dans cette situation.<br \/>\r\n<br \/>\r\nJ\u2019ai peur qu\u2019il me fasse du mal si j\u2019arrive \u00e0 le quitter j\u2019ai peur des repr\u00e9sailles. Il y a toujours une part de moi qui pense que \u00e7a va s\u2019arranger mais j\u2019en doute je suis vraiment Dans le flou. Actuellement j\u2019ai la garde exclusive de ma fille car mon compagnon n\u2019a pas pu la reconna\u00eetre \u00e9tant donn\u00e9 qu\u2019il n\u2019a pas de permis de s\u00e9jour en Suisse et que nous sommes dans l\u2019obligation de nous marier pour qu\u2019il reconnaisse ses droits en Suisse.<br \/>\r\n<br \/>\r\nCependant je ne sais pas si se marier avec lui est une solution ou une bonne id\u00e9e, j\u2019ai l\u2019espoir qu\u2019il change si il peut s\u2019\u00e9panouir en travaillant mais je suis tellement perdue que je ne sais pas quoi faire.<br \/>\r\n<br \/>\r\n<\/div><br \/>\r\n<div class=\"bg-grey p2\"><br \/>\r\n<h3><\/h3><br \/>\r\n<h3><\/p><\/div><\/div><div class='response'><h5>Response<\/h5><div class='vqf_fixed_width_text'><p><\/h3><br \/>\r\nBonjour Madame,<br \/>\r\n<br \/>\r\nVous \u00eates en couple depuis 2 ans et maintenant maman d\u2019une petite fille de quelques mois. Vous avez v\u00e9cu de tr\u00e8s bons moments au d\u00e9but de votre relation, puis votre compagnon a commenc\u00e9 \u00e0 vous reprocher de voir votre entourage et vous dicter votre fa\u00e7on d\u2019\u00eatre; ces agissements constituent des <a href=\"https:\/\/dev-vqf.creatives.com\/fr\/informations\/violence\/psychologique\" target=\"_blank\" rel=\"noopener\">violences psychologiques<\/a>. Les violences <a href=\"https:\/\/dev-vqf.creatives.com\/fr\/informations\/violence\/physique\" target=\"_blank\" rel=\"noopener\">physiques<\/a> sont ensuite apparues lorsque vous \u00e9tiez enceinte ainsi que des insultes tr\u00e8s violentes. Vous nous expliquez ensuite qu\u2019il ne travaille pas et que vous soup\u00e7onnez une d\u00e9pression, ce qui pourrait expliquer son comportement changeant selon vous.<br \/>\r\n<br \/>\r\nVous vous demandez si vous devez rester avec lui, si le mariage serait une solution \u00e0 cela. Vous avez l\u2019espoir qu\u2019il change et vous \u00eates perdue.<span class=\"Apple-converted-space\">\u00a0\u00a0<\/span>Vous avez bien fait de nous demander de l\u2019aide, les violences que vous vivez nous inqui\u00e8tent. <a href=\"https:\/\/dev-vqf.creatives.com\/fr\/informations\/cycle-de-la-violence\" target=\"_blank\" rel=\"noopener\">La violence a tendance \u00e0 s\u2019accentuer avec le temps<\/a> si rien n\u2019est entrepris pour la stopper et ont des cons\u00e9quences n\u00e9fastes <a href=\"https:\/\/dev-vqf.creatives.com\/fr\/informations\/consequences\" target=\"_blank\" rel=\"noopener\">sur vous<\/a> mais aussi <a href=\"https:\/\/dev-vqf.creatives.com\/fr\/informations\/enfants-violence\" target=\"_blank\" rel=\"noopener\">votre fille<\/a> qui ressent et voit ce qui se passe entre ses parents.\u00a0\u00a0Nous comprenons que vous vous sentiez perdue et souhaitons vous dire que vous n'\u00eates pas seule.<br \/>\r\n<br \/>\r\nDans un premier temps, il est important de savoir si votre compagnon est conscient de ses actes et s\u2019il serait pr\u00eat \u00e0 faire des entretiens avec des professionnel-le-s pour en discuter et apprendre \u00e0 ne plus user de violence. Pensez-vous qu'il serait pr\u00eat \u00e0 contacter un service afin de trouver de l'aide pour ne plus recourir \u00e0 la violence?<br \/>\r\n<br \/>\r\nNous imaginons que dans sa situation il doit \u00eatre difficile de ne pas pouvoir travailler. Cependant, ce n\u2019est pas une raison d\u2019user de violence contre vous, rien ne justifie le recours \u00e0 la violence. Sa situation sociale, financi\u00e8re et sa sant\u00e9 sont de sa responsabilit\u00e9. Il est aussi de sa responsabilit\u00e9 d'agir autrement que par la violence pour g\u00e9rer sa frustration, \u00a0sa col\u00e8re ou son mal-\u00eatre. A part le soutenir dans ses d\u00e9marches si vous le souhaitez, le reste d\u00e9pend de lui.<br \/>\r\n<br \/>\r\nDe votre c\u00f4t\u00e9, sachant comment il agit actuellement avec vous, quelles sont vos attentes vis-\u00e0-vis de votre couple? Est-ce le bon moment pour vous pour penser \u00e0 un mariage?<span class=\"Apple-converted-space\">\u00a0Quelles seraient <strong>vos<\/strong>attentes <strong>\u00e0 vous<\/strong> de ce mariage ? Nous vous encourageons \u00e0 r\u00e9fl\u00e9chir en priorit\u00e9 \u00e0 vos besoins, \u00e0 ceux de votre enfant ainsi qu'\u00e0 votre s\u00e9curit\u00e9 \u00e0 toute les deux.<br \/>\r\n<\/span><br \/>\r\n<br \/>\r\nDans le canton du Jura, nous vous sugg\u00e9rons fortement de discuter de la probl\u00e9matique de violence de votre couple avec un-e des professionnel-le du <a href=\"https:\/\/www.jura.ch\/DIN\/SAS\/Aide-aux-victimes-maltraitance\/Aide-aux-victimes.html\" target=\"_blank\" rel=\"noopener\">Centre LAVI<\/a> (<strong>032 420 81 00<\/strong>).<span class=\"Apple-converted-space\"> Vous pourrez ainsi \u00eatre accompagn\u00e9e au mieux quels que soient vos choix et r\u00e9fl\u00e9chir avec du soutien ext\u00e9rieur \u00e0 des\u00a0solutions pour votre famille. Les consultations sont uniquement sur rendez-vous et une permanence t\u00e9l\u00e9phonique est accessible le l<\/span>undi (8h30 - 11h30) , Mercredi (8h30 - 11h30 et 14h00 - 16h30) et le vendredi (11h00 - 14h00).<br \/>\r\n<br \/>\r\nIl est important que vous vous prot\u00e9giez, toutes les deux, de ces violences en premier lieu et que vous r\u00e9fl\u00e9chissiez dans un deuxi\u00e8me temps \u00e0 la suite pour votre couple. Nous vous encourageons aussi grandement \u00e0 ne pas rester seule avec vos questionnements et \u00e0 garder le contact avec vos proches et vos ami-e-s. Si vous vous sentez suffisamment en confiance avec une personne de votre entourage, nous vous conseillons \u00e9galement de parler de votre situation afin d'avoir du soutien.<br \/>\r\n<br \/>\r\nNous esp\u00e9rons que vous poursuivrez vos d\u00e9marches et vous envoyons nos meilleures pens\u00e9es pour la suite. Nous restons disponibles si vous avez d\u2019autres questions ou que vous souhaitez nous donner des nouvelles quelles que soient vos d\u00e9cisions futures.<br \/>\r\n<br \/>\r\n<\/div><\/div><\/div><\/div><\/div><\/div><div class='qa_acc_item'><span class='acc_toggler'><\/span><div class='item_header'><h3>J&#8217;ai besoin d&#8217;aide pour me s\u00e9parer.<h3><div class='vqf_fixed_width_text'><p>15 avril 2021 - Ste... Bonjour, J\u2019ai rompu avec mon ex conjoint il y a plus d\u2019une ann\u00e9e. Il est d\u2019un caract\u00e8re pervers narcissique et anti social. Nous avons deux enfants ensembles et il ne veut pas les l\u00e2cher, il...<\/p><\/div><\/div><div class='item_body'><div class='quesion_response_block'><div class='question'><h5>Question<\/h5><div class='vqf_fixed_width_text'><div class=\"box-question p2\"><br \/>\r\n<p class=\"color-grey small mt1 mb0\">15 avril 2021 - Ste...<\/p><br \/>\r\nBonjour,<br \/>\r\n<br \/>\r\nJ\u2019ai rompu avec mon ex conjoint il y a plus d\u2019une ann\u00e9e. Il est d\u2019un caract\u00e8re pervers narcissique et anti social. Nous avons deux enfants ensembles et il ne veut pas les l\u00e2cher, il veut m\u2019enlever la garde et les placer en foyer. Il est pr\u00eat \u00e0 tout pour se venger de moi.<br \/>\r\n<br \/>\r\nNous habitons toujours ensembles, j\u2019avais arr\u00eat\u00e9 de travailler pour m\u2019occuper des enfants, ce qui fait que c\u2019est lui qui a le seul revenu. \u00c7a fait environ 1 an qu\u2019il m\u2019a enti\u00e8rement coup\u00e9 les vivres, j\u2019ai juste de quoi manger. Il me menace \u00e9galement de me mettre dehors, car c\u2019est lui qui paient le loyer. Aujourd\u2019hui ses menaces deviennent s\u00e9rieuses, il a contact\u00e9 ma famille en leur disant que j\u2019\u00e9tais en d\u00e9pression que je m\u2019occupe pas des enfants, esp\u00e9rant me mettre sous tutelle, donc que c\u2019est lui qui sera responsable de moi.<br \/>\r\n<br \/>\r\nAujourd\u2019hui, sans argent je ne peux mm pas payer une consultation juridique, les enfants qui sont menac\u00e9s d\u2019\u00eatre envoy\u00e9 et foyer, c\u2019est la cata Je suis preneuse de tout les conseils que vous pouvez me donner<br \/>\r\n<br \/>\r\n<\/div><br \/>\r\n<div class=\"bg-grey p2\"><br \/>\r\n<h3><\/h3><br \/>\r\n<h3><\/p><\/div><\/div><div class='response'><h5>Response<\/h5><div class='vqf_fixed_width_text'><p><\/h3><br \/>\r\nBonjour Madame,<br \/>\r\n<br \/>\r\nVous avez rompu avec votre ex-conjoint et habitez toujours ensemble. Cela fait une ann\u00e9e qu\u2019il vous a coup\u00e9 les vivres, vous avez seulement de quoi manger, il vous menace de vous mettre dehors et de placer les enfants en foyer. Il aimerait \u00e9galement vous mettre sous tutelle et l\u2019a communiqu\u00e9 \u00e0 votre famille.<br \/>\r\n<br \/>\r\nSans moyens financiers,\u00a0vous aimeriez trouver de l\u2019aide juridique et souhaitez recevoir des conseils dans cette situation difficile.Vous avez bien fait de nous contacter et de ne pas rester seule plus longtemps.\u00a0Vous vivez des violences <a href=\"https:\/\/dev-vqf.creatives.com\/fr\/informations\/violence\/economique\" target=\"_blank\" rel=\"noopener\">\u00e9conomiques<\/a> et <a href=\"https:\/\/dev-vqf.creatives.com\/fr\/informations\/violence\/psychologique\" target=\"_blank\" rel=\"noopener\">psychologiques<\/a> inqui\u00e9tantes.<br \/>\r\n<br \/>\r\nTout d\u2019abord nous vous rassurons sur deux points importants qui sont des sources de peur. Si vous \u00eates\u00a0capable de discernement, de vous organiser, de travailler et de vous occuper des enfants, il n\u2019y a pas de raisons valables pour que vous soyez sous tutelle, ni qu\u2019on vous enl\u00e8ve vos enfants.<br \/>\r\n<br \/>\r\nDans votre situation, ce qui semble prioritaire est une s\u00e9paration dans un premier temps pour que vous ne d\u00e9pendiez plus de votre ex-conjoint. Pour vous aider \u00e0 trouver les ressources n\u00e9cessaires \u00e0 cette s\u00e9paration, nous vous conseillons de contacter le\u00a0<a href=\"https:\/\/centrelavi-ge.ch\/\" target=\"_blank\" rel=\"noopener\">Centre LAVI<\/a>\u00a0au 022 320 01 02\u00a0ainsi que\u00a0<a href=\"https:\/\/www.avvec.ch\/fr\" target=\"_blank\" rel=\"noopener\">l'Association d'aide aux victimes de violence en couple<\/a>\u00a0au\u00a0022 797 10 10.\u00a0Vous serez ainsi accompagn\u00e9e pour les diff\u00e9rentes d\u00e9marches et soutenue par des professionnel-le-s <strong>gratuitement et en toute confidentialit\u00e9<\/strong>.<br \/>\r\n<br \/>\r\nIl est aussi possible de demander une aide juridique au pr\u00e8s du\u00a0<a href=\"https:\/\/csp.ch\/geneve\/\" target=\"_blank\" rel=\"noopener\">Centre social protestant<\/a>, en pr\u00e9cisant qu'il s'agit d'une situation de violence conjugale. Vous pouvez les contacter du lundi au jeudi au\u00a0022 807 07 07.<br \/>\r\n<br \/>\r\nTant que vous \u00eates mari\u00e9e, votre mari a l\u2019obligation d\u2019entretien et ne peut pas continuer \u00e0 user des violences. Vous pouvez demander\u00a0<a href=\"https:\/\/dev-vqf.creatives.com\/fr\/victimes\/victimes_que-faire\/vos-droits\" target=\"_blank\" rel=\"noopener\">les mesures protectrices de l\u2019union conjugale<\/a>\u00a0et des am\u00e9nagements au tribunal civil \u00e0 cet effet. Les intervenant-e-s des deux institutions cit\u00e9es au-dessus pourront vous aider \u00e0 faire cette d\u00e9marche.<br \/>\r\n<br \/>\r\nLa violence a des <a href=\"https:\/\/dev-vqf.creatives.com\/fr\/informations\/consequences\/pour-les-victimes\" target=\"_blank\" rel=\"noopener\">cons\u00e9quences n\u00e9fastes sur la sant\u00e9 psychique<\/a>, ainsi que <a href=\"https:\/\/dev-vqf.creatives.com\/fr\/informations\/enfants-violence\" target=\"_blank\" rel=\"noopener\">pour vos enfants.<\/a> Il est important de prendre soin de vous et eux.\u00a0Si vous sentez votre moral au plus bas, vous pouvez en parler \u00e0 votre m\u00e9decin qui pourra vous sugg\u00e9rer un traitement.<br \/>\r\n<br \/>\r\nNous esp\u00e9rons que ces pistes vous aideront \u00e0 sortir de cette situation. Nous restons \u00e0 disposition pour toute autre question ou si vous souhaitez nous donner des nouvelles. Nos meilleures pens\u00e9es vous accompagnent.<span class=\"Apple-converted-space\">\u00a0<\/span><br \/>\r\n<br \/>\r\n<\/div><\/div><\/div><\/div><\/div><\/div><div class='qa_acc_item'><span class='acc_toggler'><\/span><div class='item_header'><h3>Mon ex petit ami \u00ab m\u2019harc\u00e8le \u00bb sur les r\u00e9seaux sociaux<h3><div class='vqf_fixed_width_text'><p>12 avril 2021 - Com... Je ne sais pas ce que je peux faire pour qu\u2019il me laisse tranquille<\/p><\/div><\/div><div class='item_body'><div class='quesion_response_block'><div class='question'><h5>Question<\/h5><div class='vqf_fixed_width_text'><div class=\"box-question p2\"><br \/>\r\n<p class=\"color-grey small mt1 mb0\">12 avril 2021 - Com...<\/p><br \/>\r\nJe ne sais pas ce que je peux faire pour qu\u2019il me laisse tranquille<br \/>\r\n<br \/>\r\n<\/div><br \/>\r\n<div class=\"bg-grey p2\"><br \/>\r\n<h3><\/h3><br \/>\r\n<h3><\/p><\/div><\/div><div class='response'><h5>Response<\/h5><div class='vqf_fixed_width_text'><p><\/h3><br \/>\r\nBonjour,<br \/>\r\n<br \/>\r\nTon petit-ami te harc\u00e8le sur les r\u00e9seaux sociaux et tu aimerais savoir comment faire pour qu'il te laisse tranquille.<br \/>\r\n<br \/>\r\nTu as bien fait de nous contacter et de ne pas rester seule dans cette situation. Le harc\u00e8lement une forme de <a href=\"https:\/\/dev-vqf.creatives.com\/fr\/informations\/violence\/psychologique\" target=\"_blank\" rel=\"noopener\">violence psychologique<\/a> qui a des <a href=\"https:\/\/dev-vqf.creatives.com\/fr\/informations\/consequences\" target=\"_blank\" rel=\"noopener\">cons\u00e9quences n\u00e9fastes\u00a0sur le quotidien et l'\u00e9tat de sant\u00e9.<\/a><br \/>\r\n<br \/>\r\nPour qu'il te laisse tranquille, nous te proposons tout d'abord de lui \u00e9crire une seule fois sur les r\u00e9seaux sociaux en expliquant clairement que tu ne souhaites plus qu'il te contacte et que tu ne r\u00e9ponderas plus \u00e0 ses messages s'il continue.<br \/>\r\n<br \/>\r\nDans un deuxi\u00e8me temps, nous te sugg\u00e9rons de le bloquer sur tous les r\u00e9seaux sociaux ainsi que de bloquer son num\u00e9ro de t\u00e9l\u00e9phone sur ton natel.<br \/>\r\n<br \/>\r\nNous esp\u00e9rons qu'avec ces pistes, tu trouveras enfin la paix!<br \/>\r\n<br \/>\r\nNous restons \u00e0 disposition si tu as d'autres questions ou que tu souhaites nous donner des nouvelles.<br \/>\r\n<br \/>\r\n<\/div><\/div><\/div><\/div><\/div><\/div><div class='qa_acc_item'><span class='acc_toggler'><\/span><div class='item_header'><h3>J&#8217;ai l&#8217;impression que ma voisine est victime de violence conjugale, que puis-je faire?<h3><div class='vqf_fixed_width_text'><p>27 mars 2021 - lal... Bonjour, J'ai l'impression que ma voisine est victime de violence conjugale. Je les entends se disputer, hurler, j'entends des bruits bizarres aussi parfois et je ne sais pas quoi faire. J'ai l'impression que son conjoint...<\/p><\/div><\/div><div class='item_body'><div class='quesion_response_block'><div class='question'><h5>Question<\/h5><div class='vqf_fixed_width_text'><div class=\"box-question p2\"><br \/>\r\n<p class=\"color-grey small mt1 mb0\">27 mars 2021 - lal...<\/p><br \/>\r\nBonjour,<br \/>\r\n<br \/>\r\nJ'ai l'impression que ma voisine est victime de violence conjugale. Je les entends se disputer, hurler, j'entends des bruits bizarres aussi parfois et je ne sais pas quoi faire. J'ai l'impression que son conjoint la bats mais je ne suis pas sure. J'ai pas envi d'appeler la police pour \"rien\" parce que peut-\u00eatre que ce n'est pas \u00e7a mais franchement j'en doutes fortement.<br \/>\r\n<br \/>\r\nDe lus, j'a peur de son conjoint, peur qu'il s'en prenne a moi ou \u00e0 mes proches. Que puis-je faire ?<br \/>\r\n<br \/>\r\n<\/div><br \/>\r\n<div class=\"bg-grey p2\"><br \/>\r\n<h3><\/h3><br \/>\r\n<h3><\/p><\/div><\/div><div class='response'><h5>Response<\/h5><div class='vqf_fixed_width_text'><p><\/h3><br \/>\r\nBonjour Madame,<br \/>\r\n<br \/>\r\nVous entendez vos voisins se disputer et hurler, avec parfois des bruits qui vous inqui\u00e8tent. Vous pensez que votre voisin bat sa compagne et vous ne savez que faire de cette situation, que vous suspectez \u00eatre de la <a href=\"https:\/\/dev-vqf.creatives.com\/fr\/informations\/violence\" target=\"_blank\" rel=\"noopener\">violence conjugale<\/a>.<br \/>\r\n<br \/>\r\nCes violences vous font peur au point de vous sentir potentiellement menac\u00e9e par cet homme.<br \/>\r\n<br \/>\r\nVos inqui\u00e9tudes sont l\u00e9gitimes et nous vous encourageons \u00e0 ne pas laisser la situation ainsi perdurer, voire s\u2019empirer, car g\u00e9n\u00e9ralement, les violences sont inscrites dans un <a href=\"https:\/\/dev-vqf.creatives.com\/fr\/informations\/cycle-de-la-violence\" target=\"_blank\" rel=\"noopener\">cycle <\/a>qui ne fait que de se r\u00e9p\u00e9ter.<br \/>\r\n<br \/>\r\nEn cas d\u2019urgence, vous pouvez effectivement appeler la police en faisant le <strong>117<\/strong>, pour <a href=\"https:\/\/dev-vqf.creatives.com\/fr\/informations\/loi\" target=\"_blank\" rel=\"noopener\">prot\u00e9ger la victime<\/a> de ces violences.<br \/>\r\n<br \/>\r\nIl pourrait \u00eatre judicieux, dans un premier temps, d\u2019aborder votre voisine ou votre voisin pour lui dire que vous entendez leurs disputes et que cela vous inqui\u00e8te tant que, si cela venait \u00e0 se reproduire, vous appelleriez la police. Cette attitude permet d\u2019aller dans le sens de prot\u00e9ger la victime, mais aussi de vous affirmer en disant substantiellement que vous n\u2019\u00eates pas pr\u00eate \u00e0 vous laisser faire et qu\u2019en cas de besoin, vous \u00eates dispos\u00e9e \u00e0 faire appel aux forces de l\u2019ordre pour vous prot\u00e9ger.<br \/>\r\n<br \/>\r\nVous n\u2019\u00eates peut-\u00eatre pas la seule dans votre immeuble \u00e0 entendre ce qui se passe et \u00e0 en \u00eatre inqui\u00e9t\u00e9e. Si cela vous rassure, parlez-en autour de vous et demandez de l\u2019aide \u00e0 vos voisin-e-s pour approcher ce couple. durant cette d\u00e9marche, vous pourrez les informer qu\u2019il est possible, dans le canton de Vaud, de trouver de l\u2019aide dans ce qui leur arrive, en faisant appel au <a href=\"https:\/\/prevention-ale.ch\/\" target=\"_blank\" rel=\"noopener\">Centre de Pr\u00e9vention de l\u2019Ale<\/a> (<strong>021 321 24 00<\/strong>) qui travaille avec les personnes auteures de violence ou au <a href=\"https:\/\/malleyprairie.ch\/\" target=\"_blank\" rel=\"noopener\">Centre MalleyPrairie<\/a>, (<strong>021 620 76 76<\/strong>) qui en fera de m\u00eame avec les personnes victimes de violence.<br \/>\r\n<br \/>\r\nSi par la suite ce Monsieur venait \u00e0 vous intimider ou s\u2019en prendre \u00e0 vous ou vos proches, n\u2019h\u00e9sitez pas \u00e0 appeler la police et \u00e0 porter plainte.<br \/>\r\n<br \/>\r\nSi vous d\u00e9sirez intervenir de fa\u00e7on plus anonyme, il vous est possible d\u2019informer votre g\u00e9rance de ce que vous entendez, de leur faire part de vos craintes et de leur demander d\u2019intervenir pour ramener le calme. Vous pouvez mentionner que, pour des raisons de s\u00e9curit\u00e9, vous ne d\u00e9sirez pas que vos voisin-e-s apprennent que vous \u00eates \u00e0 l\u2019origine de cette plainte.<br \/>\r\n<br \/>\r\nNous vous encourageons \u00e0 ne pas laisser cette situation perdurer et ne pas vous laisser enfermer dans la peur, g\u00e9n\u00e9r\u00e9e par les comportements violents de votre voisin.<br \/>\r\n<br \/>\r\nNous esp\u00e9rons par ces quelques lignes vous avoir apport\u00e9, Madame, quelques \u00e9l\u00e9ments vous permettant d\u2019aller de l\u2019avant dans votre situation et nous vous adressons nos meilleurs v\u0153ux pour en sortir. N'h\u00e9sitez pas \u00e0 nous solliciter \u00e0 nouveau en cas de besoin.<br \/>\r\n<br \/>\r\n<\/div><\/div><\/div><\/div><\/div><\/div><div class='qa_acc_item'><span class='acc_toggler'><\/span><div class='item_header'><h3>Mon mari me menace de me gifler, me lance des objets au visage et m&#8217;a secou\u00e9e, je ne sais plus quoi penser et je culpabilise<h3><div class='vqf_fixed_width_text'><p>15 mars 2021 - Nat... Bonjour, Mon conjoint a des difficult\u00e9s \u00e0 g\u00e9rer ses \u00e9motions et il peut arriver qu'il s'emporte et se mette en col\u00e8re pour des raisons que je ne comprends pas. Dans ces moments l\u00e0, il me...<\/p><\/div><\/div><div class='item_body'><div class='quesion_response_block'><div class='question'><h5>Question<\/h5><div class='vqf_fixed_width_text'><div class=\"box-question p2\"><br \/>\r\n<p class=\"color-grey small mt1 mb0\">15 mars 2021 - Nat...<\/p><br \/>\r\nBonjour,<br \/>\r\n<br \/>\r\nMon conjoint a des difficult\u00e9s \u00e0 g\u00e9rer ses \u00e9motions et il peut arriver qu'il s'emporte et se mette en col\u00e8re pour des raisons que je ne comprends pas. Dans ces moments l\u00e0, il me menace souvent de me gifler ou de vouloir me faire du mal.<br \/>\r\n<br \/>\r\nQuand il est tr\u00e8s f\u00e2ch\u00e9, il est arriv\u00e9 qu'il me lance des objets au visage, mais toujours des objets qui ne laissent pas de trace et qui ne font pas mal. Derni\u00e8rement, il m'a serr\u00e9 tr\u00e8s fort le bras, m'a tenu le pull et m'a secou\u00e9 et m'a tap\u00e9 sur le visage avec son doigt. Au d\u00e9but, il s'est excus\u00e9 et a dit que c'\u00e9tait all\u00e9 trop loin mais quand il a vu que je continuais \u00e0 rester distante, il m'a dit que j'\u00e9tais une menteuse, qu'il m'avait juste tenu le bras et que ce n'\u00e9tait pas de la violence. Je ne sais plus quoi penser et je culpabilise beaucoup. J'aurais besoin d'avoir l'avis d'une personne neutre pour y voir plus clair.<br \/>\r\n<br \/>\r\nJe vois remercie pour votre r\u00e9ponse.<br \/>\r\n<br \/>\r\n<\/div><br \/>\r\n<div class=\"bg-grey p2\"><br \/>\r\n<h3><\/h3><br \/>\r\n<h3><\/p><\/div><\/div><div class='response'><h5>Response<\/h5><div class='vqf_fixed_width_text'><p><\/h3><br \/>\r\nBonjour Madame,<br \/>\r\n<br \/>\r\nVous nous dites que votre mari vous menace verbalement ou physiquement, allant jusqu'\u00e0 vous frapper derni\u00e8rement.\u00a0Vous nous faites part de votre sentiment de culpabilit\u00e9 et\u00a0vous demandez que penser de ces comportements; vous aimeriez avoir notre avis.<br \/>\r\n<br \/>\r\nVous avez bien fait de nous contacter; partager sa situation est un premier pas pour trouver des pistes et aller mieux.<br \/>\r\n<br \/>\r\nLes faits que vous d\u00e9crivez sont\u00a0des actes de violence. Les acc\u00e8s de col\u00e8re, les d\u00e9nigrements, intimidations ou encore les menaces\u00a0rel\u00e8vent de la <a href=\"https:\/\/dev-vqf.creatives.com\/fr\/informations\/violence\/psychologique\" target=\"_blank\" rel=\"noopener\">violence psychologique<\/a>. Le fait de lancer des objets, de pousser, secouer, serrer voire frapper l'autre constituent bien des <a href=\"https:\/\/dev-vqf.creatives.com\/fr\/informations\/violence\/physique\" target=\"_blank\" rel=\"noopener\">violences physiques<\/a>.<br \/>\r\n<br \/>\r\nLa plupart de ces actes sont <a href=\"https:\/\/dev-vqf.creatives.com\/fr\/informations\/loi\" target=\"_blank\" rel=\"noopener\">interdits par la loi<\/a> en Suisse. Dans le cadre d'une relation de couple, les menaces ou encore les voies de fait r\u00e9p\u00e9t\u00e9es (le fait d'\u00eatre pouss\u00e9e par exemple) sont des infractions qui peuvent \u00eatre poursuivies d'office depuis 2004. Cela signifie qu'une enqu\u00eate pourrait \u00eatre ouverte si la police avait connaissance de ces\u00a0agissements, sans besoin de plainte de votre part.<br \/>\r\n<br \/>\r\nSi vous veniez \u00e0 contacter le <strong>117<\/strong> lors d'une situation de crise, il est important de savoir que la police peut expulser du domicile la personne auteure de violence conjugale pour une dur\u00e9e maximale de 10 jours dans le canton de Fribourg. Pour\u00a0votre protection, la personne vis\u00e9e par cette mesure a l'interdiction stricte\u00a0de revenir au domicile et de vous contacter.<br \/>\r\n<br \/>\r\nVous soulevez l'absence de douleur physique ou encore de trace visible. Nous savons que, m\u00eame dans ce cas, la violence peut fortement affecter l'int\u00e9grit\u00e9 psychique\u00a0de la personne victime. Les sentiments que vous exprimez, tels que la culpabilit\u00e9 ou la confusion, font partie des <a href=\"https:\/\/dev-vqf.creatives.com\/fr\/informations\/consequences\/pour-les-victimes\" target=\"_blank\" rel=\"noopener\">r\u00e9actions <\/a>normales face \u00e0 ce type de situation, qui elle ne l'est pas. Il est important de pouvoir mettre des mots sur votre v\u00e9cu et nous vous invitons\u00a0\u00e0 poursuivre cette d\u00e9marche\u00a0tout en \u00e9tant aid\u00e9e, pour pouvoir sortir du <a href=\"https:\/\/dev-vqf.creatives.com\/fr\/informations\/cycle-de-la-violence\" target=\"_blank\" rel=\"noopener\">cycle de la violence<\/a>.<br \/>\r\n<br \/>\r\nPour plus de soutien si vous le souhaitez, nous vous encourageons \u00e0 prendre contact avec <a href=\"https:\/\/www.sf-lavi.ch\/\" target=\"_blank\" rel=\"noopener\">Solidarit\u00e9 Femmes - Centre LAVI du canton de Fribourg<\/a> - au <strong>026 322 22 02<\/strong> ou avec <a href=\"https:\/\/dev-vqf.creatives.com\/fr\/victimes\/adresses-utiles\" target=\"_blank\" rel=\"noopener\">le centre LAVI du canton de votre choix<\/a>. Des intervenant-e-s sp\u00e9cialis\u00e9-e-s peuvent vous proposer une consultation gratuite et confidentielle et vous accompagner dans ces questions complexes. Le but est de r\u00e9pondre \u00e0 vos besoins et vous permettre de choisir les d\u00e9marches qui vous conviennent (mesures de protection, soutien psychologique d'un-e th\u00e9rapeute, etc.). A noter que Solidarit\u00e9 Femmes dispose \u00e9galement d'une structure d'accueil en cas de besoin d'h\u00e9bergement d'urgence.<br \/>\r\n<br \/>\r\nNous restons volontiers \u00e0 disposition si vous souhaitez nous donner de vos nouvelles ou nous contacter pour d'autres questions.<br \/>\r\n<br \/>\r\nEn vous souhaitant bon courage pour la suite, nous vous transmettons nos meilleurs messages.<br \/>\r\n<br \/>\r\n<\/div><\/div><\/div><\/div><\/div><\/div><div class='qa_acc_item'><span class='acc_toggler'><\/span><div class='item_header'><h3>Puis-je d\u00e9poser une main courante afin que la police intervienne rapidement en cas d&#8217;appel ?<h3><div class='vqf_fixed_width_text'><p>12 mars 2021 - dan... Bonjour, J'aimerais savoir si en Suisse il existe la possibilit\u00e9 de d\u00e9poser une main courante comme en France. J'aimerais le faire car je suis en danger et j'aimerais que la police vienne rapidement chez moi...<\/p><\/div><\/div><div class='item_body'><div class='quesion_response_block'><div class='question'><h5>Question<\/h5><div class='vqf_fixed_width_text'><div class=\"box-question p2\"><br \/>\r\n<p class=\"color-grey small mt1 mb0\">12 mars 2021 - dan...<\/p><br \/>\r\nBonjour,<br \/>\r\n<br \/>\r\nJ'aimerais savoir si en Suisse il existe la possibilit\u00e9 de d\u00e9poser une main courante comme en France. J'aimerais le faire car je suis en danger et j'aimerais que la police vienne rapidement chez moi en cas d'appel sans devoir expliquer pendant 10 minutes. Merci pour votre aide et mes meilleures salutations<br \/>\r\n<br \/>\r\n<\/div><br \/>\r\n<div class=\"bg-grey p2\"><br \/>\r\n<h3><\/h3><br \/>\r\n<h3><\/p><\/div><\/div><div class='response'><h5>Response<\/h5><div class='vqf_fixed_width_text'><p><\/h3><br \/>\r\nBonjour Madame,<br \/>\r\n<br \/>\r\nIl faut savoir qu\u2019en Suisse, toute personne en danger peut faire appel \u00e0 la police au num\u00e9ro du <strong>117 <\/strong>et ceci<strong> 24h\/24<\/strong>. En principe, si urgence il y a, la personne n\u2019a pas n\u00e9cessit\u00e9 d\u2019 expliquer sa situation pendant de longues minutes. Il suffit de <strong>donner au plus vite votre adresse<\/strong>, de dire que vous \u00eates victime de violences conjugales et que vous \u00eates actuellement<strong> en danger imminent<\/strong> pour qu\u2019elle intervienne de suite tout feux bleus.<br \/>\r\n<br \/>\r\nPour r\u00e9pondre pr\u00e9cis\u00e9ment \u00e0 votre question, si vous allez dans un poste de police pour \u00e9voquer les agissements de votre compagnon, il faut savoir que la police peut ouvrir, selon les actes de violences d\u00e9crits, une enqu\u00eate pr\u00e9liminaire, soit au-del\u00e0 d'une \"main courante\". Effectivement,<strong>\u00a0 la plupart des actes dans le cadre des violences conjugales sont <a href=\"https:\/\/dev-vqf.creatives.com\/fr\/informations\/loi\" target=\"_blank\" rel=\"noopener\">poursuivis d\u2019office en Suisse<\/a> <\/strong>depuis 2004<strong> c\u2019est-\u00e0-dire sans que la victime n\u2019ait \u00e0 d\u00e9poser une plainte p\u00e9nale<\/strong>.<br \/>\r\n<br \/>\r\nA notre connaissance, il n'y a plus \u00e0 proprement parl\u00e9 de \"main courante\" en Suisse mais il y a le journal de police. Ainsi, si les actes dont vous \u00eates victime ne sont pas des actes poursuivis d'office mais uniquement sur plainte et que vous ne souhaitez pas d\u00e9poser plainte, alors la police peut conserver \u00e0 l'interne les faits dans le journal de police.<br \/>\r\n<br \/>\r\nPar ailleurs, si vous deviez faire appel \u00e0 la police via le <strong>117<\/strong> lors d\u2019un acte de violence physique, sexuelle ou de menace, la police peut prononcer \u00e0 l\u2019encontre de la personne qui a agi de ces violences, une <strong>mesure d\u2019expulsion imm\u00e9diate du domicile<\/strong>. Il s\u2019agit de l\u2019article <a title=\"28b du code civil suisse\" href=\"https:\/\/www.humanrights.ch\/fr\/pfi\/droits-humains\/famille\/dossier\/situation-en-suisse\/droit-civil\/\" target=\"_blank\" rel=\"noopener\"><strong>28b du code civil suisse<\/strong> <\/a>qui autorise la police \u00e0 prononcer cette mesure pour 14 \u00e0 30 jours maximum (selon les cantons) ou jusqu\u2019\u00e0 l\u2019audience de validation de ladite mesure d\u2019expulsion au Tribunal de votre arrondissement. C\u2019est une mesure imm\u00e9diate de protection pour la victime. Pendant ce laps de temps et jusqu\u2019\u00e0 l\u2019audience, l\u2019auteur-e des violences a l\u2019interdiction formelle de revenir au domicile ou de vous contacter de quelque mani\u00e8re soit-elle. Cette distance impos\u00e9e par la loi suisse permet \u00e0 chacun de marquer une pause dans le <strong><a href=\"https:\/\/dev-vqf.creatives.com\/fr\/informations\/cycle-de-la-violence\" target=\"_blank\" rel=\"noopener\">cycle de la violence conjugale<\/a><\/strong> et envisager d\u2019autres possibles.<br \/>\r\n<br \/>\r\nPour plus d\u2019informations sur ce sujet complexe, nous vous conseillons vivement de prendre contact avec le <strong>Centre LAVI<\/strong> de votre choix, <a href=\"https:\/\/www.opferhilfe-beiderbasel.ch\/de\/sprachen\/francais.html\" target=\"_blank\" rel=\"noopener\">\u00e0 B\u00e2le<\/a> au num\u00e9ro <strong>061 205 09 10<\/strong>\u00a0ou <a href=\"https:\/\/www.aide-aux-victimes.ch\/fr\/ou-puis-je-trouver-de-laide\/\" target=\"_blank\" rel=\"noopener\">dans un autre canton<\/a>. Ce centre de consultation est le centre d\u2019Aide aux Victimes d\u2019Infractions, qui propose des consultations gratuites et confidentielles. Les travailleurs sociaux ou psychologues qui y travaillent seront \u00e0 m\u00eame de vous expliquer toutes les mesures de protections que vous pourriez mettre en place en amont. Si danger il y a, ils peuvent \u00e9galement et au besoin financer un s\u00e9jour en foyer d\u2019accueil d\u2019urgence ou \u00e0 l\u2019h\u00f4tel. Ils ou elles peuvent aussi vous orienter aupr\u00e8s d\u2019un-e avocat-e ou d\u2019un-e th\u00e9rapeute au besoin. Quoiqu\u2019il en soit, l\u2019intervenant.e LAVI sera l\u00e0 pour vous conseiller mais aucunement pour vous imposer des d\u00e9marches.<br \/>\r\n<br \/>\r\nNous restons bien entendu \u00e0 votre enti\u00e8re disposition si vous aviez d\u2019autres questions et esp\u00e9rons que vous trouverez l'aide souhait\u00e9e.<br \/>\r\n<br \/>\r\n<\/div><\/div><\/div><\/div><\/div><\/div><div class='qa_acc_item'><span class='acc_toggler'><\/span><div class='item_header'><h3>Comment aider une amie qui subit du stalking de son ex-compagnon?<h3><div class='vqf_fixed_width_text'><p>12 mars 2021 - San... Une amie est suivie constamment par un EX qui agressif que tante de force se la r\u00e9cup\u00e9rer. Il l'attend le matin quand elle va travailler et le soir quand elle revient, elle doit se cacher...<\/p><\/div><\/div><div class='item_body'><div class='quesion_response_block'><div class='question'><h5>Question<\/h5><div class='vqf_fixed_width_text'><div class=\"box-question p2\"><br \/>\r\n<p class=\"color-grey small mt1 mb0\">12 mars 2021 - San...<\/p><br \/>\r\nUne amie est suivie constamment par un EX qui agressif que tante de force se la r\u00e9cup\u00e9rer. Il l'attend le matin quand elle va travailler et le soir quand elle revient, elle doit se cacher pour rentrer chez elle parce qu'il force l'entr\u00e9e dans sont appartement, il l'appelle toute la journ\u00e9e de num\u00e9ros diff\u00e9rents. La police le fait rien parce que, selon eux, il n'a encore rien fait.<br \/>\r\n<br \/>\r\nComment puis-je l'aider ?<br \/>\r\n<br \/>\r\n<\/div><br \/>\r\n<div class=\"bg-grey p2\"><br \/>\r\n<h3><\/h3><br \/>\r\n<h3><\/p><\/div><\/div><div class='response'><h5>Response<\/h5><div class='vqf_fixed_width_text'><p><\/h3><br \/>\r\nBonjour Madame,<br \/>\r\n<br \/>\r\nVotre amie est victime <a href=\"https:\/\/www.skppsc.ch\/fr\/sujets\/violence\/stalking\/\" target=\"_blank\" rel=\"noopener\">de harc\u00e8lement (stalking)<\/a> de la part de son ex-compagon.<span class=\"Apple-converted-space\">\u00a0<\/span>Cela l\u2019emp\u00eache de vivre normalement et vous nous dites que la police ne fait rien car il n\u2019a encore rien fait.<br \/>\r\n<br \/>\r\nVous avez bien fait de nous \u00e9crire, nous comprenons votre inqui\u00e9tude pour votre amie et vous encourageons \u00e0 continuer \u00e0 la soutenir dans cette p\u00e9riode difficile.<span class=\"Apple-converted-space\">\u00a0<\/span><br \/>\r\n<br \/>\r\nDans les actes d\u2019harc\u00e8lement que vous nous d\u00e9crivez, il y a deux infractions qui pourraient \u00eatre poursuivies si votre amie <a href=\"https:\/\/dev-vqf.creatives.com\/fr\/informations\/loi\" target=\"_blank\" rel=\"noopener\">porte plainte<\/a> contre son ex-compagnon. La premi\u00e8re est l\u2019utilisation abusive d\u2019une installation de t\u00e9l\u00e9communication (art. 179 CP) et la deuxi\u00e8me la Violation de domicile (art. 186 CP).<span class=\"Apple-converted-space\">\u00a0<\/span><br \/>\r\n<br \/>\r\nC\u2019est seulement lorsque votre amie portera plainte que la situation pourra \u00eatre \u00e9tudi\u00e9e plus attentivement par la police et que celle-ci interviendra en fonction de ce qui lui a \u00e9t\u00e9 rapport\u00e9.<span class=\"Apple-converted-space\">\u00a0<\/span><br \/>\r\n<br \/>\r\nPour l\u2019aider \u00e0 formuler la plainte et trouver des solutions quotidiennes en attendant, nous vous conseillons vivement de lui sugg\u00e9rer de contacter un <a href=\"https:\/\/www.aide-aux-victimes.ch\/fr\/\" target=\"_blank\" rel=\"noopener\">Centre LAVI<\/a> rapidement. Les intervenant-e-s d'un centre LAVI pourront \u00e9tudier en d\u00e9tails la situation de votre amie et la soutenir au mieux dans ses d\u00e9marches.<span class=\"Apple-converted-space\"> En attendant, il est important qu'elle garde les preuves et note dans un cahier ou sur une note \u00e9l\u00e9ctronique tous les comportements abusifs de son ex-compagnon. Dans le canton de Vaud, il y a trois centres: celui de\u00a0<\/span>Lausanne <strong>021 631 03 00<\/strong>, d'Aigle <strong>021 631 03 04<\/strong> et d'Yverdon <strong>021 631 03 08<\/strong>, qu'elle peut contacter selon la proximit\u00e9 de\u00a0sa localit\u00e9.<br \/>\r\n<br \/>\r\nLorsque vous appelez la police, elle intervient si la personne est en danger imm\u00e9diat. Si votre amie se trouve dans une situation de danger un jour, qu\u2019elle n\u2019h\u00e9site pas \u00e0 les contacter au <strong>117 en urgence<\/strong>.<br \/>\r\n<br \/>\r\nNous esp\u00e9rons que votre amie trouvera le courage n\u00e9cessaire pour effectuer les d\u00e9marches que nous proposons et lui souhaitons de retrouver la paix. Prenez-soin de vous \u00e9galement. Meilleurs messages.<br \/>\r\n<br \/>\r\n<\/div><\/div><\/div><\/div><\/div><\/div><div class='qa_acc_item'><span class='acc_toggler'><\/span><div class='item_header'><h3>Il ne m&#8217;a jamais battue, mais est-ce tout de m\u00eame de la violence ?<h3><div class='vqf_fixed_width_text'><p>10 mars 2021 - She... Bonjour, Je sors de 6 sns de relation que le monde d\u00e9crivait comme idyllique mais pas \u00e0 l'int\u00e9rieur du couple Mais la \u00e9tant partie me r\u00e9fugier chez un ami, je vois que j'ai un gros...<\/p><\/div><\/div><div class='item_body'><div class='quesion_response_block'><div class='question'><h5>Question<\/h5><div class='vqf_fixed_width_text'><div class=\"box-question p2\"><br \/>\r\n<p class=\"color-grey small mt1 mb0\">10 mars 2021 - She...<\/p><br \/>\r\nBonjour,<br \/>\r\n<br \/>\r\nJe sors de 6 sns de relation que le monde d\u00e9crivait comme idyllique mais pas \u00e0 l'int\u00e9rieur du couple Mais la \u00e9tant partie me r\u00e9fugier chez un ami, je vois que j'ai un gros contrecoup<br \/>\r\n<br \/>\r\nMon ex avait des acc\u00e8s col\u00e9rique, jetais des choses, hurlait faisait parfois silence pendant des jours, contr\u00f4lait mes comptes et mes fr\u00e9quentations, refisait des achats de n\u00e9cessit\u00e9 alors que c'\u00e9tait mon salaire, exigeait que je travaille en payant tout en disant qu'il \u00e9tait au foyer. Refusait que je postule \u00e0 certains postes car pas assez pay\u00e9s \u00e0 ses yeux, Maintenant que je suis plus dedans, je panique a l'id\u00e9e de sortir seule, j'angoisse de d\u00e9penser 5 francs pour mes besoins, je peux annuler rdv avec mes amis proches que je retrouve enfin par peur de sortir...<br \/>\r\n<br \/>\r\nIl ne m'a jamais battue mais on est d'accord que c'\u00e9tait de la violence ? Ca peut faire des s\u00e9quelles pareilles ? Jetais tr\u00e8s vive et ind\u00e9pendante avant.<br \/>\r\n<br \/>\r\n<\/div><br \/>\r\n<div class=\"bg-grey p2\"><br \/>\r\n<h3><\/h3><br \/>\r\n<h3><\/p><\/div><\/div><div class='response'><h5>Response<\/h5><div class='vqf_fixed_width_text'><p><\/h3><br \/>\r\nBonjour Madame,<br \/>\r\n<br \/>\r\nVous avez v\u00e9cu une relation\u00a0durant 6 ans. Votre entourage d\u00e9crivait votre relation comme idyllique mais ce n'\u00e9tait pas la r\u00e9alit\u00e9 que vous viviez \u00e0 l'int\u00e9rieur du couple. Maintenant que vous vous \u00eates r\u00e9fugi\u00e9e chez un ami vous vous rendez compte de s\u00e9quelles psychiques et vous vous demandez si c'est bien de la violence que vous avez subit.<br \/>\r\n<br \/>\r\nVous avez bien fait de nous \u00e9crire et de partager votre situation. Ne pas rester seule avec votre souffrance est une premi\u00e8re \u00e9tape pour aller mieux.<br \/>\r\n<br \/>\r\n<strong>Ce que vous avez v\u00e9cu est bien de la violence<\/strong>. Il existe plusieurs sortes de violences. Les acc\u00e8s\u00a0de col\u00e8re, ignorer l'autre et contr\u00f4ler\u00a0vos fr\u00e9quentations font parties des <a href=\"https:\/\/dev-vqf.creatives.com\/la-violence-dans-le-couple\/la-violence-psychologique\/\" target=\"_blank\" rel=\"noopener\">violences psychologiques<\/a>. Contr\u00f4ler vos comptes, ne pas vous permettre de disposer de votre argent et vous emp\u00eacher de postuler pour un emploi sont des\u00a0<a href=\"https:\/\/dev-vqf.creatives.com\/la-violence-dans-le-couple\/la-violence-economique\/\" target=\"_blank\" rel=\"noopener\">violences \u00e9conomiques<\/a>. Ces actes de violences conjugales sont interdits par la loi.<br \/>\r\n<br \/>\r\n<strong>Les\u00a0r\u00e9actions\u00a0que vous d\u00e9crivez sont normales apr\u00e8s avoir v\u00e9cu cette situation<\/strong>. La violence cr\u00e9e des troubles importants, tel que la peur, l'anxi\u00e9t\u00e9, le stress... Nous vous conseillons de continuer de mettre des mots sur ce qui s'est pass\u00e9 en parlant avec un-e th\u00e9rapeute ou un sp\u00e9cialiste de la violence.<br \/>\r\n<br \/>\r\nSur ce site <a href=\"https:\/\/www.santepsy.ch\/fr\/aides-et-soutiens\/\" target=\"_blank\" rel=\"noopener\">https:\/\/www.santepsy.ch\/fr\/aides-et-soutiens\/ <\/a>,\u00a0vous pouvez trouver des adresses de th\u00e9rapeutes et d'organisations. Vous pouvez aussi contacter\u00a0le <a href=\"https:\/\/malleyprairie.ch\/j-ai-besoin-d-aide\/\" target=\"_blank\" rel=\"noopener\">Centre d'accueil MalleyPrairie<\/a> au <a href=\"https:\/\/malleyprairie.ch\/ligne-telephonique\/\" target=\"_blank\" rel=\"noopener\">021\/620.76.76<\/a>. Ce Centre propose <a href=\"https:\/\/malleyprairie.ch\/ambulatoire\/\" target=\"_blank\" rel=\"noopener\">des consultations<\/a> gratuites sur rendez-vous. Des professionnel-le-s vous \u00e9couterons et vous conseillerons selon vos besoins.\u00a0Si pour une raison ou une autre vous ne pouvez plus rester chez votre ami o\u00f9 vous vous \u00eates r\u00e9fugi\u00e9e, le Centre MalleyPrairie peut aussi vous <a href=\"https:\/\/malleyprairie.ch\/hebergement\/\" target=\"_blank\" rel=\"noopener\">h\u00e9berger<\/a> provisoirement et gratuitement.<br \/>\r\n<br \/>\r\nNous esp\u00e9rons que les pistes propos\u00e9es\u00a0vous aideront \u00e0 prendre soin de vous et que vous trouverez l'aide n\u00e9cessaire pour vous sentir mieux. Si vous avez d'autres questions ou que vous souhaitez nous donner des nouvelles, n'h\u00e9sitez pas \u00e0 nous contacter.<br \/>\r\n<br \/>\r\nNous vous transmettons nos meilleures pens\u00e9es et vous souhaitons bon courage.<br \/>\r\n<br \/>\r\n<\/div><\/div><\/div><\/div><\/div><\/div><div class='qa_acc_item'><span class='acc_toggler'><\/span><div class='item_header'><h3>Je suis t\u00e9moin de violences<h3><div class='vqf_fixed_width_text'><p>10 mars 2021 - Sis... Je vous explique la situation... Je pr\u00e9f\u00e8re ne donner aucun nom afin de prot\u00e9ger les personnes concern\u00e9es. J'ai malheureusement eu affaire \u00e0 plusieurs signes de violence dans un couple: des bousculades, des menaces, du chantage...<\/p><\/div><\/div><div class='item_body'><div class='quesion_response_block'><div class='question'><h5>Question<\/h5><div class='vqf_fixed_width_text'><div class=\"box-question p2\"><br \/>\r\n<p class=\"color-grey small mt1 mb0\">10 mars 2021 - Sis...<\/p><br \/>\r\nJe vous explique la situation... Je pr\u00e9f\u00e8re ne donner aucun nom afin de prot\u00e9ger les personnes concern\u00e9es.<br \/>\r\n<br \/>\r\nJ'ai malheureusement eu affaire \u00e0 plusieurs signes de violence dans un couple: des bousculades, des menaces, du chantage pour la personne et sa famille aussi, des bleus apparents, et j'en passe...<br \/>\r\n<br \/>\r\nIl y a d\u00e9j\u00e0 eu une intervention de la police parce que les voisins les ont avertis. Mais quand ils sont arriv\u00e9s, la personne a su manipuler la situation afin de faire passer la victime r\u00e9elle comme le\/la coupable. M\u00eame les voisins du b\u00e2timent ont fait une p\u00e9tition contre eux afin de les faire partir du b\u00e2timent parce que les disputes et la violence sont bien pr\u00e9sentes.<br \/>\r\n<br \/>\r\nCependant, par peur qu'il arrive quelque chose \u00e0 une des deux personnes, je voulais savoir s'il \u00e9tait possible de poser une main courante tout en restant dans l'anonymat. La personne violente en question m'a \u00e9crit hier sur WhatsApp. Il ne m'a rien dit de grave, cependant c'est de l'insistance. Plusieurs fois il me demande pour me voir et \u00e0 chaque fois je refuse. Mais hier il m'a bloqu\u00e9 d'une fois que je lui ai dis que je ne voulais pas le voir face \u00e0 face.<br \/>\r\n<br \/>\r\nCette personne m'a enregistr\u00e9 \u00e0 mon insu pour utiliser mon audio contre son\/sa copain\/copine.<br \/>\r\n<br \/>\r\n<\/div><br \/>\r\n<div class=\"bg-grey p2\"><br \/>\r\n<h3><\/p><\/div><\/div><div class='response'><h5>Response<\/h5><div class='vqf_fixed_width_text'><p><\/h3><br \/>\r\nBonjour,<br \/>\r\n<br \/>\r\nTu connais un couple qui vit de la violence <a href=\"https:\/\/dev-vqf.creatives.com\/la-violence-dans-le-couple\/la-violence-psychologique\/\" target=\"_blank\" rel=\"noopener\">psychologique<\/a> et <a href=\"https:\/\/dev-vqf.creatives.com\/la-violence-dans-le-couple\/la-violence-physique\/\" target=\"_blank\" rel=\"noopener\">physique<\/a>. Il y a d\u00e9j\u00e0 eu une intervention de la police et les voisins se sont \u00e9galement m\u00eal\u00e9s \u00e0 la situation. Tu te demandes s\u2019il est possible de porter plainte tout en restant dans l\u2019anonymat. Tu nous dis \u00e9galement que la personne auteur de violence aimerait te voir en face \u00e0 face et a utilis\u00e9 un audio \u00e0 toi contre sa copine.<br \/>\r\n<br \/>\r\nNous comprenons tes inqui\u00e9tudes face \u00e0 cette situation ainsi que pour les personnes concern\u00e9es. Merci de nous avoir \u00e9crit pour en parler. \u00a0La violence est malheureusement destructrices des relations et entrainent de lourdes cons\u00e9quences pour le couple et aussi pour l\u2019entourage.<span class=\"Apple-converted-space\">\u00a0<\/span><br \/>\r\n<br \/>\r\nIl n\u2019est pas possible de porter plainte sans donner de nom. Par contre, il est\u00a0possible d\u2019appeler la police \u00e0 nouveau en cas de danger en anonymat ainsi que de recourir \u00e0 des professionnel-le-s en toute confidentialit\u00e9 pour discuter de ce qui te pr\u00e9occupe et trouver des solutions concr\u00e8tes pour y faire face.<br \/>\r\n<br \/>\r\nC\u2019est \u00e0 la personne qui subit les violences de porter plainte. Sache que les violences physiques sont poursuivies d\u2019office par la loi. Il n\u2019y a donc pas besoin de porter plainte mais de signaler la situation \u00e0 la police ou \u00e0 la justice pour que des d\u00e9marches juridiques d\u00e9butent. La loi en Suisse interdit la violence, quelle qu\u2019en soit la forme.<span class=\"Apple-converted-space\">\u00a0<\/span><br \/>\r\n<br \/>\r\nNous te conseillons donc d\u2019encourager la personne victime \u00e0 demander de l\u2019aide de sp\u00e9cialistes qui pourront l\u2019aider \u00e0 sortir de cette situation. Elle pourra choisir que faire selon ses besoins et d\u00e9sirs. Le r\u00e9seau de la violence domestique en Valais peut \u00eatre une grande ressource, n'h\u00e9site pas \u00e0 donner <a href=\"https:\/\/www.violences-domestiques.ch\/\" target=\"_blank\" rel=\"noopener\">ce lien<\/a> \u00e0 ton ami-e ou ce num\u00e9ro:\u00a0<strong><span class=\"bold\">027 607 31 00. <\/span><\/strong><span class=\"bold\">Tu peux \u00e9galement<\/span><span class=\"bold\"> contacter ce r\u00e9seau toi-m\u00eame pour demander conseil ainsi que nous \u00e9crire \u00e0 nouveau.\u00a0<\/span><br \/>\r\n<br \/>\r\nTu as bien fait de bloquer la personne insistante et tu as le droit de ne pas vouloir la voir. Si tu te sens en danger, n\u2019h\u00e9site pas \u00e0 en parler \u00e0 ton entourage et contacter la police au besoin.<span class=\"Apple-converted-space\">\u00a0<\/span><br \/>\r\n<br \/>\r\nConcernant l\u2019audio, nous aurions besoin de plus de d\u00e9tails pour t\u2019aiguiller sur ce sujet.<span class=\"Apple-converted-space\">\u00a0<\/span><br \/>\r\n<br \/>\r\nNous esp\u00e9rons que nos pistes de r\u00e9ponses te rassureront et t\u2019aideront \u00e0 poursuivre tes d\u00e9marches. N\u2019oublie pas de prendre soin de toi \u00e9galement. Bien \u00e0 toi.<span class=\"Apple-converted-space\">\u00a0<\/span><br \/>\r\n<br \/>\r\n&nbsp;<br \/>\r\n<br \/>\r\n<\/div><\/div><\/div><\/div><\/div><\/div><div class='qa_acc_item'><span class='acc_toggler'><\/span><div class='item_header'><h3>A partir de quand\/quoi les enfants sont-ils r\u00e9ellement en danger ? Devons-nous agir en tant que personne de l&#8217;entourage?<h3><div class='vqf_fixed_width_text'><p>10 mars 2021 - Mup... Une amie, m\u00e8re avec de jeunes enfants enfants, vit avec un homme qui lui fait peur (grosse col\u00e8re) et la contr\u00f4le depuis plusieurs ann\u00e9es.\u00a0 Jusqu'\u00e0 pr\u00e9sent, on l'a \u00e9cout\u00e9e et c'est tout. La violence \u00e9tait...<\/p><\/div><\/div><div class='item_body'><div class='quesion_response_block'><div class='question'><h5>Question<\/h5><div class='vqf_fixed_width_text'><p>10 mars 2021 - Mup...<br \/>\r\n<div class=\"box-question p2\"><br \/>\r\n<br \/>\r\nUne amie, m\u00e8re avec de jeunes enfants enfants, vit avec un homme qui lui fait peur (grosse col\u00e8re) et la contr\u00f4le depuis plusieurs ann\u00e9es.\u00a0 Jusqu'\u00e0 pr\u00e9sent, on l'a \u00e9cout\u00e9e et c'est tout. La violence \u00e9tait dirig\u00e9e vers des objets qu'il casse.<br \/>\r\n<br \/>\r\nHier, il a frapp\u00e9 un des enfants (h\u00e9matome, mais pas n\u00e9cessaire d'aller chez le p\u00e9diatre). Notre question (on est 2 amies \u00e0 s'inqui\u00e9ter) : a partir de quand \/quoi, les enfants sont ils r\u00e9ellement en danger ? Est-ce notre r\u00f4le de d\u00e9noncer ? Sommes nous complices de ne pas annoncer ces coups ? Faut il \"lui laisser une autre chance\" et faire des d\u00e9marches au 2e\/3e passage \u00e0 l'acte ?<br \/>\r\n<br \/>\r\n<\/div><br \/>\r\n<div class=\"bg-grey p2\"><br \/>\r\n<h3><\/h3><br \/>\r\n<h3><\/p><\/div><\/div><div class='response'><h5>Response<\/h5><div class='vqf_fixed_width_text'><p><\/h3><br \/>\r\nBonjour Madame,<br \/>\r\n<br \/>\r\nNous vous remercions pour votre question pertinente et tentons de vous amener quelques \u00e9clairages souhait\u00e9s.<br \/>\r\n<br \/>\r\nJusqu\u2019\u00e0 maintenant, vous avez \u00e9cout\u00e9 et \u00e9paul\u00e9 votre amie. Vous vous questionnez aujourd\u2019hui, avec une autre amie, \u00e0 partir de quand les enfants sont en r\u00e9el danger et quelles sont vos responsabilit\u00e9s face \u00e0 ces agissements\u00a0: devez-vous agir ou attendre\u00a0?<br \/>\r\n<br \/>\r\nTout d\u2019abord nous vous f\u00e9licitons pour votre d\u00e9marche qui d\u00e9montre bien votre implication dans cette situation d\u00e9licate. Ecouter le r\u00e9cit de votre amie lui est d\u00e9j\u00e0 d\u2019une aide non n\u00e9gligeable. Nous vous encourageons vivement \u00e0 <strong>maintenir autant que possible ce lien avec votre amie<\/strong>.<br \/>\r\n<br \/>\r\nS\u2019agissant de vos questions, les enfants de votre amie sont effectivement d\u00e9j\u00e0 en danger. Le seul fait d\u2019\u00e9voluer dans un milieu dans lequel il y a de la violence est n\u00e9faste pour leur d\u00e9veloppement. Entendre des cris, voir des objets se briser, ressentir la d\u00e9tresse de leur m\u00e8re face aux agissements de cet homme les met d\u00e9j\u00e0 dans une situation de grande vuln\u00e9rabilit\u00e9 et d\u2019ins\u00e9curit\u00e9 importante. De plus, vous \u00e9voquez un acte de violence dirig\u00e9 contre l\u2019un d\u2019entre eux. Ils doivent \u00eatre prot\u00e9g\u00e9s et votre amie en est actuellement sans doute incapable \u00e9tant elle-m\u00eame terroris\u00e9e par cet homme.<br \/>\r\n<br \/>\r\nIl serait cependant important que votre amie puisse consulter la\/le p\u00e9diatre de ses enfants pour \u00e9voquer cette ambiance d\u00e9l\u00e9t\u00e8re dans son domicile et faire constater l\u2019h\u00e9matome de son enfant. La\/le p\u00e9diatre pourra la diriger vers le <a href=\"https:\/\/www.chuv.ch\/fr\/dfme\/dfme-home\/enfants-famille\/specialites-medicales\/maltraitance-can-team\" target=\"_blank\" rel=\"noopener\">CAN-Team<\/a> qui est une unit\u00e9 pluridisciplinaire du CHUV, comp\u00e9tente dans les violences agies sur les enfants. Les urgences p\u00e9diatriques peuvent aussi la mettre en lien avec cette unit\u00e9 bienveillante. Sans toutefois avoir un discours culpabilisateur, vous pourriez partager avec votre amie votre inqui\u00e9tude pour les enfants qui sont directement impact\u00e9s et l'encourager \u00e0 en parler \u00e0 leur p\u00e9diatre.<br \/>\r\n<br \/>\r\nBien entendu, la <a href=\"https:\/\/www.vd.ch\/toutes-les-autorites\/departements\/departement-de-la-formation-de-la-jeunesse-et-de-la-culture-dfjc\/direction-generale-de-lenfance-et-de-la-jeunesse-dgej\/\" target=\"_blank\" rel=\"noopener\">Direction G\u00e9n\u00e9rale de l\u2019Enfance et de la Jeunesse<\/a> (DGEJ), anciennement plus connue sous le nom du Service Protection de la Jeunesse (SPJ), joignable au num\u00e9ro <strong><a href=\"tel:+41213165353\">021 316 53 53<\/a><\/strong>, peut aussi venir en aide \u00e0 ses enfants. Pour des tiers, qui souhaitent d\u00e9noncer une situation de maltraitance envers un mineur, un<a href=\"https:\/\/www.vd.ch\/prestation-detail\/prestation\/signaler-un-mineur-en-danger-dans-son-developpement\/?tx_vdprestations_pi4%5Bcontroller%5D=Prestation&amp;tx_vdprestations_pi4%5Baction%5D=show&amp;cHash=0b829f8eff3acfb13dda0303fbc08170\" target=\"_blank\" rel=\"noopener\"> formulaire de signalement<\/a> existe en ligne. Cette ressource peut donc \u00eatre sollicit\u00e9e par vous-m\u00eame, si vous voyez que votre amie ne peut absolument rien mettre en place pour prot\u00e9ger ses enfants.<br \/>\r\n<br \/>\r\nDe plus, la <a href=\"https:\/\/www.profa.ch\/services-2\/centre-lavi\/\" target=\"_blank\" rel=\"noopener\">LAVI<\/a>, la Loi d\u2019Aide aux Victimes d\u2019Infractions, r\u00e9pondant au num\u00e9ro <strong>021 631 03 00<\/strong> de 9h \u00e0 12h et de <strong>14h \u00e0 17h<\/strong> du lundi au vendredi peut aussi recevoir de mani\u00e8re gratuite et confidentielle votre amie pour \u00e9voquer des pistes de solutions quant au quotidien de violences qu\u2019elle vit. Une personne de confiance peut bien entendu l\u2019y accompagner lors de cette consultation si cette d\u00e9marche devait \u00eatre facilit\u00e9e. Actuellement, et en lien avec la pand\u00e9mie du COVID 19, des entretiens t\u00e9l\u00e9phoniques sont \u00e9galement possibles si cela devait soulager son agenda.<br \/>\r\n<br \/>\r\nPar ailleurs toute personne en connaissance de violences conjugales et domestiques chez un tiers peut faire appel \u00e0 la police au <strong>117<\/strong> qui interviendrait au domicile de la personne concern\u00e9e pour faire la lumi\u00e8re sur les violences agies et les mesures de protections \u00e0 mettre en place dans l\u2019urgence.<br \/>\r\n<br \/>\r\nPour finir, nous vous transmettons encore un num\u00e9ro important qui est celui d\u2019<a href=\"https:\/\/www.urgences-sante.ch\/partenaires\/item\/21-urgences-sociales\" target=\"_blank\" rel=\"noopener\">EMUS<\/a>, l'Equipe Mobile d\u2019Urgences Sociales au <strong>0848 133 133.<\/strong> Cette \u00e9quipe compos\u00e9e d\u2019un-e travailleur-e social-e et d\u2019un-e infirmier-i\u00e8re peut intervenir 24h\/24, tous les jours de l'ann\u00e9e, de mani\u00e8re gratuite, au domicile de votre amie ou dans un autre lieu neutre si votre amie vivait un \u00e9pisode traumatisant mais ne souhaitait pas pour autant faire intervenir la police par exemple. Effectivement, selon ce qu\u2019il se passe au domicile et selon l\u2019heure de la crise, votre amie pourrait ne pas vouloir\/pouvoir se confier \u00e0 ses amies. Cette \u00e9quipe peut intervenir en ce sens, comme accompagner votre amie si elle voulait se mettre en s\u00e9curit\u00e9 de mani\u00e8re imm\u00e9diate. Ils sont par ailleurs v\u00e9hicul\u00e9s.<br \/>\r\n<br \/>\r\nNous restons bien entendu \u00e0 votre enti\u00e8re disposition et celle de votre amie si vous aviez d'autres questions.<br \/>\r\n<br \/>\r\n<\/div><\/div><\/div><\/div><\/div><\/div><div class='qa_acc_item'><span class='acc_toggler'><\/span><div class='item_header'><h3>Lors de disputes avec ma femme, je n&#8217;arrive plus \u00e0 contr\u00f4ler ma col\u00e8re et je me montre violent. Pouvez-vous m&#8217;aider?<h3><div class='vqf_fixed_width_text'><p>04 mars 2021 - hyd... Bonjour, Depuis quelque temps d\u00e9j\u00e0, ma femme et moi traversons une crise qui nous am\u00e8ne r\u00e9guli\u00e8rement \u00e0 avoir des disputes qui parfois d\u00e9g\u00e9n\u00e8rent dans la violence. Lors de ces disputes, il arrive un moment o\u00f9...<\/p><\/div><\/div><div class='item_body'><div class='quesion_response_block'><div class='question'><h5>Question<\/h5><div class='vqf_fixed_width_text'><div class=\"box-question p2\"><br \/>\r\n<p class=\"color-grey small mt1 mb0\">04 mars 2021 - hyd...<\/p><br \/>\r\nBonjour,<br \/>\r\n<br \/>\r\nDepuis quelque temps d\u00e9j\u00e0, ma femme et moi traversons une crise qui nous am\u00e8ne r\u00e9guli\u00e8rement \u00e0 avoir des disputes qui parfois d\u00e9g\u00e9n\u00e8rent dans la violence. Lors de ces disputes, il arrive un moment o\u00f9 je n'arrive plus \u00e0 contr\u00f4ler ma col\u00e8re et o\u00f9 je me montre violent envers elle. J'ai honte de cette situation et je veux que cela s'arr\u00eate, mais je ne sais pas comment faire pour me contr\u00f4ler.<br \/>\r\n<br \/>\r\nEst-ce que vous pouvez m'aider ? Merci d'avance.<br \/>\r\n<br \/>\r\n<\/div><br \/>\r\n<div class=\"bg-grey p2\"><br \/>\r\n<h3><\/h3><br \/>\r\n<h3><\/p><\/div><\/div><div class='response'><h5>Response<\/h5><div class='vqf_fixed_width_text'><p><\/h3><br \/>\r\nBonjour Monsieur,<br \/>\r\n<br \/>\r\nVous t\u00e9moignez dans votre message de disputes, devenues r\u00e9guli\u00e8res dans votre couple, lors desquelles vous ressentez de la col\u00e8re que vous ne parvenez plus \u00e0 contr\u00f4ler et que vous exprimez par des actes de violence envers votre femme. Des actes qui vous font ensuite ressentir de la <a href=\"https:\/\/dev-vqf.creatives.com\/fr\/informations\/consequences\/pour-les-auteurs\" target=\"_blank\" rel=\"noopener\">honte<\/a>.<br \/>\r\n<br \/>\r\nTout d'abord, nous tenons \u00e0 vous dire que la d\u00e9marche entreprise en nous \u00e9crivant est courageuse.<br \/>\r\n<br \/>\r\nVotre souhait que cette violence n'ait plus lieu dans votre couple peut \u00eatre soutenu par des professionnel\u00b7le\u00b7s. Dans votre canton, l'association <a href=\"http:\/\/www.ex-pression.ch\/fr\" target=\"_blank\" rel=\"noopener\">EX-Pression<\/a> pourra vous proposer un premier entretien sans engagement, qui vous permettra d'expliquer en d\u00e9tail votre situation et de d\u00e9couvrir les soutiens possibles. Vous pouvez les joindre au <strong>0848 08 08 08<\/strong>.<br \/>\r\n<br \/>\r\nD'ici \u00e0 ce premier rendez-vous, nous pouvons vous proposer d'observer dans quelles situations ce sentiment de col\u00e8re appara\u00eet en vous. Y a-t-il des sujets ou des moments particuliers ? Quelles pens\u00e9es vous traversent l'esprit dans ces moments-la ? Aussi, existe-t-il des disputes lors desquelles il n'y a pas de violence ?<br \/>\r\n<br \/>\r\nEn esp\u00e9rant avoir pu vous \u00eatre utile, nous restons \u00e0 dispositon pour toute \u00e9ventuelle autre question.<br \/>\r\n<br \/>\r\nBien cordialement.<br \/>\r\n<br \/>\r\n<\/div><\/div><\/div><\/div><\/div><\/div><div class='qa_acc_item'><span class='acc_toggler'><\/span><div class='item_header'><h3>Je veux savoir comment me calmer pour pas devenir violent envers mes proches<h3><div class='vqf_fixed_width_text'><p>04 mars 2021 - Ann... Bonsoir, je voulais savoir comment me calmer pour pas devenir violent envers mes proche... je souffre \u00e9norm\u00e9ment et je suis conscient du mal que je peux faire et j en peux plus en ce moment...<\/p><\/div><\/div><div class='item_body'><div class='quesion_response_block'><div class='question'><h5>Question<\/h5><div class='vqf_fixed_width_text'><div class=\"box-question p2\"><br \/>\r\n<p class=\"color-grey small mt1 mb0\">04 mars 2021 - Ann...<\/p><br \/>\r\nBonsoir,<br \/>\r\n<br \/>\r\nje voulais savoir comment me calmer pour pas devenir violent envers mes proche... je souffre \u00e9norm\u00e9ment et je suis conscient du mal que je peux faire et j en peux plus en ce moment la police est au courant et depuis je n est pas \u00eates violent mais je sens que je m \u00e9nerve vite et j ai plus envie d \u00eatre violent<br \/>\r\n<br \/>\r\n<\/div><br \/>\r\n<div class=\"bg-grey p2\"><br \/>\r\n<h3><\/h3><br \/>\r\n<h3><\/p><\/div><\/div><div class='response'><h5>Response<\/h5><div class='vqf_fixed_width_text'><p><\/h3><br \/>\r\nBonjour,<br \/>\r\n<br \/>\r\nLe fait que tu nous \u00e9crives constitue un pas tr\u00e8s important et nous relevons le courage dont tu fais preuve en nous contactant. Nous comprenons que tu souhaites trouver une fa\u00e7on de te calmer afin de ne pas exercer de la violence envers tes proches, car tu as pris conscience du mal que tu peux leur faire, et du mal que tu te fais \u00e9galement. La violence a effectivement des cons\u00e9quences pour les personnes qui en sont victimes, mais aussi pour les personnes qui y recourent<br \/>\r\n<br \/>\r\nDans tous les cas, il est important d'agir pour mettre fin \u00e0 la violence.\u00a0Pour ce faire, nous t'encourageons \u00e0 contacter des professionnel-le-s qui seront en mesure de t'accompagner dans ta volont\u00e9 de parler de ta situation et de trouver d\u2019autres alternatives que la violence pour exprimer ta col\u00e8re. <strong>Face \u00e0 la violence, des solutions existent<\/strong>.<br \/>\r\n<br \/>\r\nDans ce but, nous te proposons de contacter le Centre d\u2019accueil <a href=\"https:\/\/zip.ch\/fr\/association-basta-couvet-jmJ45agBEv\/\" target=\"_blank\" rel=\"noopener\"><strong>Association B.a.s.t.A<\/strong><\/a> au \u00a0<strong>032 863 30 60<\/strong> ou le<a href=\"https:\/\/www.cnp.ch\/soins-et-prestations\/adultes\/consultation-ambulatoire\/\" target=\"_blank\" rel=\"noopener\"> service pour auteur-e-s de violence conjugale<\/a> (SAVC) au <strong>032 886 80 08<\/strong> ou par email \u00e0 <a href=\"mailto:savc@cnp.ch\">savc@cnp.ch<\/a><br \/>\r\n<br \/>\r\nEn attendant, nous pouvons te proposer d'observer dans quelles situations pr\u00e9cises tu ressens de l'\u00e9nervement et o\u00f9 tu sens que tu pourrais recourir \u00e0 la violence. Y a-t-il des sujets ou des moments particuliers ? Quelles pens\u00e9es te traversent l'esprit dans ces moments-la ?<br \/>\r\n<br \/>\r\nDans ces moments l\u00e0, avant de recourir \u00e0 la violence, nous pouvons te conseiller de sortir un moment, d'aller marcher afin de faire redescendre la tension et \u00e9viter de recourir \u00e0 la violence.<br \/>\r\n<br \/>\r\nNous t'encourageons \u00e0 ne pas t'arr\u00eater l\u00e0 dans tes d\u00e9marches et \u00e0 prendre contact avec les professionnel\u00b7le\u00b7s qui pourront\u00a0 t'aider \u00e0 faire un travail sur toi afin de ne plus recourir \u00e0 la violence.<br \/>\r\n<br \/>\r\nEn esp\u00e9rant que ces quelques pistes te seront utiles, nous restons bien \u00e9videmment \u00e0 disposition et te transmettons tous nous encouragements.<br \/>\r\n<br \/>\r\nBien cordialement.<br \/>\r\n<br \/>\r\n<\/div><\/div><\/div><\/div><\/div><\/div><div class='qa_acc_item'><span class='acc_toggler'><\/span><div class='item_header'><h3>Il m&#8217;arrive d&#8217;\u00eatre violent, je cherche \u00e0 parler pour comprendre et stopper ma violence.<h3><div class='vqf_fixed_width_text'><p>04 mars 2021 - Sfo... Bonjour, il m\u2019arrive souvent d\u2019\u00eatre violent. Non pas que je sois de nature agressive mais plut\u00f4t en r\u00e9ponse \u00e0 ce que j\u2019estime \u00eatre soit du harc\u00e8lement, de l\u2019invasion, de l\u2019injustice ou de l\u2019agression. Malheureusement, c\u2019est...<\/p><\/div><\/div><div class='item_body'><div class='quesion_response_block'><div class='question'><h5>Question<\/h5><div class='vqf_fixed_width_text'><div class=\"box-question p2\"><br \/>\r\n<p class=\"color-grey small mt1 mb0\">04 mars 2021 - Sfo...<\/p><br \/>\r\nBonjour,<br \/>\r\n<br \/>\r\nil m\u2019arrive souvent d\u2019\u00eatre violent. Non pas que je sois de nature agressive mais plut\u00f4t en r\u00e9ponse \u00e0 ce que j\u2019estime \u00eatre soit du harc\u00e8lement, de l\u2019invasion, de l\u2019injustice ou de l\u2019agression. Malheureusement, c\u2019est devenu un m\u00e9canisme de d\u00e9fense qui au fil du temps est devenu quasiment un r\u00e9flexe.<br \/>\r\n<br \/>\r\nDe victime initialement je suis finalement toujours coupable \u00e0 la fin car bien souvent ma r\u00e9action est disproportionn\u00e9e. D\u2019autant plus fort que ce sont ceux que j\u2019aime. J\u2019en ai marre de faire peur, de faire vivre les autres dans la tyrannie et surtout peur de moi-m\u00eame.<br \/>\r\n<br \/>\r\nJe cherche \u00e0 parler pour comprendre mais aussi un sport ou une activit\u00e9 qui m\u2019apaiserait.<br \/>\r\n<br \/>\r\n<\/div><br \/>\r\n<div class=\"bg-grey p2\"><br \/>\r\n<h3><\/h3><br \/>\r\n<h3><\/p><\/div><\/div><div class='response'><h5>Response<\/h5><div class='vqf_fixed_width_text'><p><\/h3><br \/>\r\nBonjour Monsieur,<br \/>\r\n<br \/>\r\nVous avez tendance \u00e0 recourir \u00e0 la violence lorsque vous avez un sentiment d\u2019injustice, que vous vous sentez harcel\u00e9 ou encore agress\u00e9. Vous prenez conscience que vos r\u00e9actions \u00ab\u00a0sont disproportionn\u00e9es\u00a0\u00bb et qu\u2019elles portent atteinte \u00e0 vos proches ainsi qu\u2019\u00e0 vous-m\u00eame. Nous comprenons que vous \u00eates en recherche de compr\u00e9hension de vos comportements violents afin d\u2019y mettre un terme ainsi que d\u2019une activit\u00e9 qui puisse servir d\u2019exutoire.<br \/>\r\n<br \/>\r\nNous ignorons les formes que prennent vos agissements violents, les situations exactes dans lesquelles vous agissez ainsi et envers qui cette violence est plus pr\u00e9cis\u00e9ment adress\u00e9e. Il n\u2019en reste pas moins que votre recherche de solutions et d\u2019aide est justifi\u00e9e et nous saluons votre d\u00e9marche de nous \u00e9crire. D\u2019une mani\u00e8re g\u00e9n\u00e9rale nous observons que les manifestations de violence dans un syst\u00e8me familial ou de couple tendent \u00e0 se reproduire comme dans un <a href=\"https:\/\/dev-vqf.creatives.com\/la-violence-dans-le-couple\/la-violence-cest-quoi\/\" target=\"_blank\" rel=\"noopener\">cycle<\/a>, \u00e0 se r\u00e9p\u00e9ter et malheureusement \u00e9galement \u00e0 s'intensifier au fil du temps. Il est donc possible que vos r\u00e9actions vous soient tr\u00e8s connues en vous donnant l'impression de \u00ab\u00a0r\u00e9flexe\u00bb, alors qu\u2019en r\u00e9alit\u00e9 il est possible d'agir autrement.<br \/>\r\n<br \/>\r\nPour initier un processus de changement il est tout d\u2019abord n\u00e9cessaire de viser une ma\u00eetrise et gestion de vos \u00e9motions dans les moments plus difficiles. Une des \u00e9motions les plus observ\u00e9es est celle de la col\u00e8re, une \u00e9motion qui est principalement g\u00e9n\u00e9r\u00e9e par une sensation subjective d\u2019injustice et qui peut se traduire en agressivit\u00e9 et autres formes de violence. Les r\u00e9actions de col\u00e8re ou d\u2019agressivit\u00e9 sont n\u00e9anmoins \u00e9vitables et il est possible d'apprendre \u00e0 les anticiper et \u00e0 les g\u00e9rer. Ce qui est important \u00e0 retenir c\u2019est que bien qu\u2019il soit possible que vous vous sentiez l\u00e9s\u00e9, la r\u00e9ponse syst\u00e9matique par la violence n\u2019est ni acceptable, ni une solution, bien au contraire, comme vous le constatez certainement dans le climat de peur que vous g\u00e9n\u00e9rez, elle occasionne davantage de souffrance pour votre entourage et pour vous-m\u00eame.<br \/>\r\n<br \/>\r\nIl est indispensable que vous puissiez identifier pr\u00e9cis\u00e9ment la source de vos \u00e9nervements et que vous compreniez pourquoi elle vous atteint autant. Arrivez-vous \u00e0 mieux reconna\u00eetre en quoi certaines situations r\u00e9veillent en vous contrari\u00e9t\u00e9, agacement ou irritation\u00a0? Pourquoi et comment vous sentez-vous envahi\u00a0? Qu\u2019est-ce qui vous est insupportable ou inacceptable dans ces moments\u00a0? Craignez-vous quelque chose en ces instants\u00a0?<br \/>\r\n<br \/>\r\nIl est souvent possible que ce travail de compr\u00e9hension et de changement ne soit pas ais\u00e9 lorsqu\u2019il est men\u00e9 d\u2019une mani\u00e8re solitaire.\u00a0 Une activit\u00e9 sportive et plaisante est certainement une mani\u00e8re utile pour diminuer vos tensions internes, cependant comme il s'agit de r\u00e9p\u00e9titions et de r\u00e9actions que vous constatez d\u00e9j\u00e0 comme \u00e9tant disproportionn\u00e9es, un travail avec des professionnel-le-s nous semble indispensable.<br \/>\r\n<br \/>\r\nIl existe \u00e0 Gen\u00e8ve l\u2019association <a href=\"http:\/\/www.vires.ch\/\">Vires<\/a>, un centre de psychoth\u00e9rapie, de recherche et de pr\u00e9vention de la violence o\u00f9 vous y trouverez une aide concr\u00e8te dans la gestion des situations que vous font recourir \u00e0 la violence. Nous vous conseillons vivement de prendre contact par t\u00e9l\u00e9phone au <strong>022 328.44.33 <\/strong>ou par courriel \u00e0 <strong>vires@bluewin.ch<\/strong>.<br \/>\r\n<br \/>\r\nPlus vite vous agirez sur les th\u00e8mes qui alimentent le recourt de violence, plus vous augmenterez les chances d\u2019un changement rapide et durable. D\u00e8s lors nous ne pouvons que vous encourager \u00e0 poursuivre vos efforts.<br \/>\r\n<br \/>\r\nN\u2019h\u00e9sitez pas \u00e0 nous recontacter si vous avez d'autres questions ou si vous souhaitez nous donner de vos nouvelles.<br \/>\r\n<br \/>\r\n<\/div><\/div><\/div><\/div><\/div><\/div><div class='qa_acc_item'><span class='acc_toggler'><\/span><div class='item_header'><h3>Ich bin h\u00e4uslicher Gewalt durch meinen Mann ausgesetz.<h3><div class='vqf_fixed_width_text'><p>03 mars 2021 - Mag... Guten Tag ich bin h\u00e4uslicher Gewalt durch meinen Mann ausgesetzt. Ich habe mit solidarit\u00e9 femmes gesprochen (dort habe ich n\u00e4chste Woche einen Gespr\u00e4chstermin) und den bureau d'\u00e9galit\u00e9 entre femmes et hommes. Sie haben mir von...<\/p><\/div><\/div><div class='item_body'><div class='quesion_response_block'><div class='question'><h5>Question<\/h5><div class='vqf_fixed_width_text'><div class=\"box-question p2\"><br \/>\r\n<p class=\"color-grey small mt1 mb0\">03 mars 2021 - Mag...<\/p><br \/>\r\nGuten Tag<br \/>\r\n<br \/>\r\nich bin h\u00e4uslicher Gewalt durch meinen Mann ausgesetzt. Ich habe mit solidarit\u00e9 femmes gesprochen (dort habe ich n\u00e4chste Woche einen Gespr\u00e4chstermin) und den bureau d'\u00e9galit\u00e9 entre femmes et hommes. Sie haben mir von Ihrem Angebot erz\u00e4hlt.<br \/>\r\n<br \/>\r\nEr hat zugestimmt, therapeutische Hilfe in Anspruch zu nehmen, wenn auch ich etwas gegen meine Frustrationen mit ihm unternehme (ich \u00fcber keine physische Gewalt aus, aber manchmal werde ich w\u00fctend und schreie. Ich bin unsicher, ob das als psychische Gewalt gilt). Ich habe als Bedingung daf\u00fcr, dass er das Haus nicht verlassen muss, gesetzt, dass er\/wir etwas unternehmen. Wir waren schon in Ehetherapie. Mein Mann findet den Gedanken, dass er eine Therapie machen soll, fast inakzeptabel. Er erkennt aber an, dass sein Verhalten nicht akzeptabel ist. W\u00e4re es m\u00f6glich, einen ersten Beratungstermin zu vereinbaren?<br \/>\r\n<br \/>\r\nMit freundlichen Gr\u00fcssen<br \/>\r\n<br \/>\r\n<\/div><br \/>\r\n<div class=\"bg-grey p2\"><br \/>\r\n<h3><\/p><\/div><\/div><div class='response'><h5>Response<\/h5><div class='vqf_fixed_width_text'><p><\/h3><br \/>\r\n<em><strong>Diese Antwort wurde \u00fcber DeepL \u00fcbersetzt.<\/strong><\/em><br \/>\r\n<br \/>\r\nGuten Morgen,<br \/>\r\n<br \/>\r\nSie schreiben, dass Sie von Ihrem Mann missbraucht werden. Sie haben bereits Solidarit\u00e9 Femme und das B\u00fcro f\u00fcr die Gleichstellung von Frauen und M\u00e4nnern kontaktiert.<br \/>\r\n<br \/>\r\nGewalt kann schwerwiegende Folgen f\u00fcr die physische und psychische Gesundheit der Opfer haben, wenn sie nicht behandelt und versorgt wird. Es kann jedoch schwierig sein, \u00fcber dieses Trauma zu sprechen. Dar\u00fcber hinaus halten Scham und Schuldgef\u00fchle die Opfer oft davon ab, Ma\u00dfnahmen zu ergreifen. Das Schweigen zu brechen ist der erste Schritt im Behandlungsprozess und wir loben Sie f\u00fcr die Schritte, die Sie unternommen haben.<br \/>\r\n<br \/>\r\nSie erz\u00e4hlen uns, dass Sie manchmal w\u00fctend werden und Ihren Partner anschreien und fragen sich, ob Ihr Verhalten als psychische Gewalt gilt. <a href=\"https:\/\/dev-vqf.creatives.com\/languages\/de\/de-violence\" target=\"_blank\" rel=\"noopener\">Psychische Gewalt<\/a> ist in der Tat schwieriger zu erkennen, weil sie so subtil ist. Es scheint uns wichtig zu sein, <a href=\"https:\/\/dev-vqf.creatives.com\/languages\/de\/de-dispute\" target=\"_blank\" rel=\"noopener\">einen Paarkonflikt von einer Situation ehelicher Gewalt zu unterscheiden<\/a>. Ein Konflikt kann entstehen, wenn es Meinungsverschiedenheiten oder Widerspr\u00fcche zu einem bestimmten Thema gibt. Beide Personen k\u00f6nnen ihre jeweiligen Standpunkte gleichberechtigt \u00e4u\u00dfern. W\u00e4hrend eines Konflikts kann es vorkommen, dass der Ton ansteigt, ohne gewaltt\u00e4tig zu werden. In einem Konflikt kann oft ein Kompromiss gefunden werden.<br \/>\r\nIm Kontext von ehelicher Gewalt versucht die Person, die Gewalt anwendet, Macht \u00fcber die andere Person zu haben, und Gewalt wird unter jedem Vorwand ausgel\u00f6st. Menschen sind nicht gleich und jede Krise schw\u00e4cht das Opfer ein wenig mehr (Angst, Scham, Schuldgef\u00fchle, Enge, Zweifel). Hier kann kein Kompromiss gefunden werden und oft setzt eine <a href=\"https:\/\/dev-vqf.creatives.com\/languages\/de\/de-cycle\" target=\"_blank\" rel=\"noopener\">Gewaltspirale<\/a> ein. Finden Sie diese Elemente in Ihrer Situation wieder?<br \/>\r\n<br \/>\r\nwww.violencequefaire.ch ist eine Seite, die sich auf Gewalt in Paarbeziehungen spezialisiert hat und sich an Opfer, T\u00e4ter und Zeugen von Gewalt wendet. Wir beraten und verweisen Menschen, die uns schreiben, an Organisationen in ihrer N\u00e4he. Sie fragen uns, ob es m\u00f6glich w\u00e4re, einen Termin zu vereinbaren. Leider ist es nicht m\u00f6glich, einen Termin zu vereinbaren. Der Verein VIOLENCE QUE FAIRE DE FAIRE verwaltet und bietet lediglich die Website und die kostenlose, anonyme Online-Beratung an. Die Opferhilfestelle von Solidarit\u00e9 Femmes hingegen kann Ihnen den Kontakt zu Therapeuten vermitteln, die mit Opfern h\u00e4uslicher Gewalt arbeiten.<br \/>\r\n<br \/>\r\nWir m\u00f6chten Ihre Bem\u00fchungen begr\u00fc\u00dfen, \u00fcber das, was Sie in Ihrer Beziehung erleben, mit Fachleuten zu sprechen und nicht allein gelassen zu werden. Wir sind sicher, dass die Fachleute von Solidarit\u00e9 femmes Fribourg Sie bestm\u00f6glich beraten k\u00f6nnen.<br \/>\r\n<br \/>\r\nWir w\u00fcnschen Ihnen alles Gute f\u00fcr die Zukunft und senden Ihnen unsere besten Gedanken. Sollten Sie weitere Fragen haben, z\u00f6gern Sie bitte nicht, uns zu kontaktieren.<br \/>\r\n<br \/>\r\nMit freundlichen Gr\u00fc\u00dfen<br \/>\r\n<br \/>\r\n<\/div><\/div><\/div><\/div><\/div><\/div><div class='qa_acc_item'><span class='acc_toggler'><\/span><div class='item_header'><h3>T\u00e9moin de violences psychologiques et \u00e9conomiques de mon p\u00e8re envers ma m\u00e8re.<h3><div class='vqf_fixed_width_text'><p>20 f\u00e9vrier 2021 - Sol... Bonsoir, mon p\u00e8re menace, intimide ma m\u00e8re qui apr\u00e8s 30 ans de dispute et de menace s'est d\u00e9cid\u00e9e de se s\u00e9parer de lui. Pendant plus de vingt ans j'ai assist\u00e9 \u00e0 mon p\u00e8re constamment \u00e9nerv\u00e9,...<\/p><\/div><\/div><div class='item_body'><div class='quesion_response_block'><div class='question'><h5>Question<\/h5><div class='vqf_fixed_width_text'><div class=\"box-question p2\"><br \/>\r\n<p class=\"color-grey small mt1 mb0\">20 f\u00e9vrier 2021 - Sol...<\/p><br \/>\r\nBonsoir,<br \/>\r\n<br \/>\r\nmon p\u00e8re menace, intimide ma m\u00e8re qui apr\u00e8s 30 ans de dispute et de menace s'est d\u00e9cid\u00e9e de se s\u00e9parer de lui. Pendant plus de vingt ans j'ai assist\u00e9 \u00e0 mon p\u00e8re constamment \u00e9nerv\u00e9, qui rabaissent mon fr\u00e8re, moi et ma m\u00e8re. Actuellement, il est devenu encore plus mena\u00e7ant car il veut que ma m\u00e8re soit pas dans le possible de trouver un appartement ou de vivre car elle a un salaire tr\u00e8s bas.<br \/>\r\n<br \/>\r\nIl a cass\u00e9 de nombreux meubles, il menace toujours encore plus ma m\u00e8re. L'intimide car lui a l'argent mais pas elle. J'en peu plus de voir ma m\u00e8re comme \u00e7a, sans pouvoir. Il devient tr\u00e8s difficile de respirer \u00e0 la maison. J'aimerais savoir si vous pensiez que je devrais appeler la police si \u00e0 nouveau mon p\u00e8re a de violente dispute avec ma m\u00e8re et qu'est-ce qui se passerait si j'app\u00e8lerais la police? ou qu'est-ce que vous me conseillerez? Merci d'avance<br \/>\r\n<br \/>\r\n<\/div><br \/>\r\n<div class=\"bg-grey p2\"><br \/>\r\n<h3><\/h3><br \/>\r\n<h3><\/p><\/div><\/div><div class='response'><h5>Response<\/h5><div class='vqf_fixed_width_text'><p><\/h3><br \/>\r\nBonjour,<br \/>\r\n<br \/>\r\nTa m\u00e8re s'est d\u00e9cid\u00e9e \u00e0 se s\u00e9parer de ton p\u00e8re et les manifestations de <a href=\"https:\/\/dev-vqf.creatives.com\/la-violence-dans-le-couple\/la-violence-psychologique\/\" target=\"_blank\" rel=\"noopener\">violences psychologiques<\/a> et de <a href=\"https:\/\/dev-vqf.creatives.com\/la-violence-dans-le-couple\/la-violence-economique\/\" target=\"_blank\" rel=\"noopener\">violences \u00e9conomiques<\/a> ont augment\u00e9. Tu te sens d\u00e9munie face aux menaces de ton p\u00e8re et tu te demandes si tu dois appeler la police.<br \/>\r\n<br \/>\r\nLa situation que tu d\u00e9cris semble lourde et difficile \u00e0 vivre. Tu as raison de vouloir faire quelque chose pour que cela change. La violence fonctionne comme une <a href=\"https:\/\/dev-vqf.creatives.com\/la-violence-dans-le-couple\/la-violence-cest-quoi\/\" target=\"_blank\" rel=\"noopener\">spirale<\/a>\u00a0avec des passages violents de plus en plus rapproch\u00e9s et la violence devient de plus en plus forte. Si rien n'est fait cela peut devenir tr\u00e8s grave.\u00a0Les actes de violences au sein du couple sont interdits par la loi. Si tu sens ta m\u00e8re, ton fr\u00e8re ou toi m\u00eame en danger lors d'une violente dispute, n'h\u00e9site pas \u00e0 appeller la police au num\u00e9ro <strong>117<\/strong>. Si besoin la police peut expulser du logement pour une dur\u00e9e d\u00e9termin\u00e9e la personne auteure de violence ou vous mettre \u00e0 l'abri. L'expulsion permet aux personnes de pouvoir prendre du recul sur leur situation et aussi r\u00e9fl\u00e9chir \u00e0 ce qu'elle souhaite pour la suite. Dans les jours qui suivent l'expulsion, la personne auteure doit prendre contact avec le\u00a0<a href=\"https:\/\/prevention-ale.ch\/\" target=\"_blank\" rel=\"noopener\">Centre Pr\u00e9vention de l'Ale<\/a> pour un entretien socio-\u00e9ducatif qui a pour but de l'aider \u00e0 \u00e9valuer sa situation et l'encourager \u00e0 avoir un suivi afin de ne plus recourir \u00e0 la violence.<br \/>\r\n<br \/>\r\nNous pensons qu'il est tr\u00e8s important que ta m\u00e8re puisse \u00eatre soutenue par des professionnel-le-s. Dans le canton de Vaud, il existe le <a href=\"https:\/\/malleyprairie.ch\/j-ai-besoin-d-aide\/\" target=\"_blank\" rel=\"noopener\">Centre d'accueil Malley-Prairie <\/a>qui propose des <a href=\"https:\/\/malleyprairie.ch\/ambulatoire\/\" target=\"_blank\" rel=\"noopener\">entretiens ambulatoires<\/a>. Ta m\u00e8re peut les appeler au <strong>021\/620.76.76<\/strong>, du lundi au vendredi de 8h \u00e0 12h et de 14h \u00e0 18h. En s'adressant \u00e0 ce centre, ta m\u00e8re peut \u00eatre <a href=\"https:\/\/malleyprairie.ch\/nous-pouvons-vous-aider\/\" target=\"_blank\" rel=\"noopener\">soutenue dans sa s\u00e9paration<\/a> avec ton p\u00e8re. Elle peut \u00eatre conseill\u00e9e sur ses droits <a href=\"https:\/\/malleyprairie.ch\/ligne-telephonique\/\" target=\"_blank\" rel=\"noopener\">par t\u00e9l\u00e9phone<\/a>\u00a0ou lors d'un <a href=\"https:\/\/malleyprairie.ch\/ambulatoire\/\" target=\"_blank\" rel=\"noopener\">entretien<\/a>. Si n\u00e9cessaire le centre peut vous <a href=\"https:\/\/malleyprairie.ch\/hebergement\/\" target=\"_blank\" rel=\"noopener\">h\u00e9berger<\/a>\u00a0provisoirement en toute s\u00e9curit\u00e9. Leur aide imm\u00e9diate est gratuite.<br \/>\r\n<br \/>\r\nNous esp\u00e9rons avoir r\u00e9pondu \u00e0 tes questions et que le Centre d'accueil Malley-Prairie pourra vous aider. Si tu as d'autres questions ou si tu as besoin de pr\u00e9cisions n'h\u00e9site pas \u00e0 nous \u00e9crire \u00e0 nouveau.<br \/>\r\n<br \/>\r\nNous te souhaitons beaucoup de courage et nous t'envoyons nos meilleures pens\u00e9es.<br \/>\r\n<br \/>\r\n<\/div><\/div><\/div><\/div><\/div><\/div><div class='qa_acc_item'><span class='acc_toggler'><\/span><div class='item_header'><h3>Comment lui faire quitter le domicile ?<h3><div class='vqf_fixed_width_text'><p>18 f\u00e9vrier 2021 - Mid... Bonjour, Je suis dans une relation depuis trois ans dont deux ans et demi de vie commune. Il a un temp\u00e9rament fort et s\u2019emporte facilement. Je suis plut\u00f4t calme et j\u2019ai une aversion profonde pour...<\/p><\/div><\/div><div class='item_body'><div class='quesion_response_block'><div class='question'><h5>Question<\/h5><div class='vqf_fixed_width_text'><div class=\"box-question p2\"><br \/>\r\n<p class=\"color-grey small mt1 mb0\">18 f\u00e9vrier 2021 - Mid...<\/p><br \/>\r\nBonjour,<br \/>\r\n<br \/>\r\nJe suis dans une relation depuis trois ans dont deux ans et demi de vie commune. Il a un temp\u00e9rament fort et s\u2019emporte facilement. Je suis plut\u00f4t calme et j\u2019ai une aversion profonde pour le conflit. Les d\u00e9saccords sont apparus assez rapidement et si au d\u00e9but nous arrivions \u00e0 trouver un terrain d\u2019entente, assez rapidement les compromis sont devenus \u00e0 sens unique et lorsque Le compromis n\u2019\u00e9tait pas possible, c\u2019est la violence verbale et psychologique qui a d\u00e9but\u00e9.<br \/>\r\n<br \/>\r\nLa situation n\u2019a fait qu\u2019empirer depuis une ann\u00e9e et va crescendo. Insultes, menaces, humiliations, vexations, etc. Je me retrouve aujourd\u2019hui dans une situation que je ne peux plus supporter, de plus en plus isol\u00e9e et de plus en plus stress\u00e9e. Il ne travaille pas et a un proc\u00e8s pour violences conjugales avec son ex-\u00e9pouse en attente. Je travaille et je subviens \u00e0 tous les besoins mat\u00e9riels du m\u00e9nage. Nous habitons un appartement dont je suis propri\u00e9taire et je ne peux donc pas le quitter. Je r\u00e9alise \u00e0 quel point la situation est grotesque en \u00e9crivant ces lignes...<br \/>\r\n<br \/>\r\nJe souhaite savoir quelles sont mes options pour lui faire quitter la maison sans porter plainte si possible. D\u2019autre part, il a un fils ado qui habite avec nous une semaine sur deux et je souhaite le pr\u00e9server autant que possible. Je vous remercie d\u2019avance.<br \/>\r\n<br \/>\r\n<\/div><br \/>\r\n<div class=\"bg-grey p2\"><br \/>\r\n<h3><\/h3><br \/>\r\n<h3><\/p><\/div><\/div><div class='response'><h5>Response<\/h5><div class='vqf_fixed_width_text'><p><\/h3><br \/>\r\nBonjour Madame,<br \/>\r\n<br \/>\r\nVous \u00eates avec votre conjoint depuis trois ans. Lorsque cela n\u2019est pas possible de trouver un compromis lors de d\u00e9saccords, votre conjoint fait usage de violence verbale et <a href=\"https:\/\/dev-vqf.creatives.com\/la-violence-dans-le-couple\/la-violence-psychologique\/\">psychologique<\/a>.\u00a0Depuis une ann\u00e9e, ces violences empirent. Vous ne pouvez plus supporter la situation et vous souhaiteriez savoir quelles options sont possibles pour que votre conjoint quitte votre logement sans devoir porter plainte.<br \/>\r\n<br \/>\r\nVotre situation est difficile et vous avez bien fait de nous \u00e9crire. Vous d\u00e9crivez des violences qui empirent et qui montent \u00ab\u00a0crescendo\u00a0\u00bb\u00a0: vous reconnaissez peut-\u00eatre dans votre situation les diff\u00e9rentes phases du <a href=\"https:\/\/dev-vqf.creatives.com\/la-violence-dans-le-couple\/la-violence-cest-quoi\/\" target=\"_blank\" rel=\"noopener\">cycle de la violence<\/a>. Avec le temps les formes de violence peuvent empirer, il est donc important de les reconna\u00eetre dans ce cycle et de demander de l\u2019aide afin de pouvoir en sortir. En effet, avec un soutien ext\u00e9rieur il est possible de le briser et vous avez fait un premier pas dans ce sens en nous partageant ce que vous vivez.<br \/>\r\n<br \/>\r\nAfin de r\u00e9pondre au mieux \u00e0 votre demande concernant le d\u00e9part de votre conjoint de l'appartement, nous avons besoin de savoir si votre conjoint a nomm\u00e9 cette adresse comme lieu de r\u00e9sidence principale aupr\u00e8s de la commune. Si ce n'est pas le cas, vous \u00eates propri\u00e9taire de la maison et vous avez tout \u00e0 fait le droit de lui demander de partir. S'il refuse, vous pouvez appeler la police pour <a href=\"https:\/\/www.fedlex.admin.ch\/eli\/cc\/54\/757_781_799\/fr#a186\" target=\"_blank\" rel=\"noopener\">violation de domicile<\/a> et la police l'expulsera.<br \/>\r\n<br \/>\r\nSi votre conjoint a nomm\u00e9 l'adresse de votre appartement comme lieu de r\u00e9sidence principale, vous avez le choix entre deux options :<br \/>\r\n<br \/>\r\n1) Vous pouvez appeler la police et expliquer qu'il y a des <strong>violences<\/strong> <strong>r\u00e9currentes<\/strong> de la part de votre conjoint et que vous souhaitez qu'il quitte le domicile. La police pourra alors intervenir et l'expulserimm\u00e9diatement du domicile. Une proc\u00e9dure p\u00e9nale se mettra alors en route : certaines infractions sont poursuivies d'office, c'est-\u00e0-dire qu'une proc\u00e9dure p\u00e9nale se d\u00e9clenche sans qu'il n'y ait besoin de porter plainte.<br \/>\r\n<br \/>\r\n2) Si vous ne voulez pas passer par une proc\u00e9dure p\u00e9nale, vous pouvez \u00e9galement \u00e9crire une lettre au <a href=\"https:\/\/www.vd.ch\/toutes-les-autorites\/ordre-judiciaire-vaudois-ojv\/tribunaux-darrondissement\/\" target=\"_blank\" rel=\"noopener\">tribunal d'arrondissement<\/a> avec l'aide d'un-e avocat ou d'un-e juriste afin de demander des mesures civiles de protection de la personnalit\u00e9. Dans cette lettre vous sp\u00e9cifiez que vous souhaiteriez que votre conjoint quitte le domicile en raison de violences conjugales (<a href=\"https:\/\/www.fedlex.admin.ch\/eli\/cc\/24\/233_245_233\/fr#art_28_b\" target=\"_blank\" rel=\"noopener\">cf. art. 28b du CC<\/a>). Une proc\u00e9dure civile se met alors en place, sans que vous ayez besoin de porter plainte.<br \/>\r\n<br \/>\r\nSi vous choisissez la deuxi\u00e8me option, nous vous conseillons d'\u00eatre accompagn\u00e9e par un-e avocat-e ou un-e juriste afin de r\u00e9diger la lettre. Vous pouvez faire appel au\u00a0<a href=\"https:\/\/csp.ch\/vaud\/services\/questions-juridiques\/\" target=\"_blank\" rel=\"noopener\">service juridique<\/a>\u00a0du CSP (par t\u00e9l\u00e9phone au\u00a0<strong>021 560 60 60<\/strong>\u00a0ou par email \u00e0 l\u2019adresse\u00a0<strong><a href=\"mailto:info@csp-vd.ch\">info@csp-vd.ch<\/a><\/strong>) ou \u00e0 la <a href=\"https:\/\/www.oav.ch\/publique\/permanences-juridiques\/\" target=\"_blank\" rel=\"noopener\">permanence des avocat-e-s<\/a>.<br \/>\r\n<br \/>\r\nNous esp\u00e9rons de tout c\u0153ur que ces renseignements vous seront utiles et nous vous souhaitons du courage dans vos futures d\u00e9marches. Si nous n'avons pas enti\u00e8rement r\u00e9pondu \u00e0 votre question ou si\u00a0vous avez d'autres questions,\u00a0nous sommes \u00e0 votre \u00e9coute et n'h\u00e9sitez pas \u00e0 nous \u00e9crire. Avec nos meilleures pens\u00e9es.<br \/>\r\n<br \/>\r\n<\/div><\/div><\/div><\/div><\/div><\/div><div class='qa_acc_item'><span class='acc_toggler'><\/span><div class='item_header'><h3>T\u00e9moin de violence de couple, comment agir sans briser notre amiti\u00e9?<h3><div class='vqf_fixed_width_text'><p>17 f\u00e9vrier 2021 - Eli... Bonjour, Je vous \u00e9cris pour demander conseil, concernant la situation d'une amie. Celle-ci ne sait pas que j'entreprends cette d\u00e9marche. Pour simplifier ma question, je vais l'appeler Lucie. Voici en bref, la situation: Mon amie...<\/p><\/div><\/div><div class='item_body'><div class='quesion_response_block'><div class='question'><h5>Question<\/h5><div class='vqf_fixed_width_text'><div class=\"box-question p2\"><br \/>\r\n<p class=\"color-grey small mt1 mb0\">17 f\u00e9vrier 2021 - Eli...<\/p><br \/>\r\nBonjour,<br \/>\r\n<br \/>\r\nJe vous \u00e9cris pour demander conseil, concernant la situation d'une amie. Celle-ci ne sait pas que j'entreprends cette d\u00e9marche. Pour simplifier ma question, je vais l'appeler Lucie. Voici en bref, la situation:<br \/>\r\n<br \/>\r\nMon amie Lucie s'est mise en couple il y a quelques ann\u00e9es avec un homme que nous ne connaissions pas. Avec d'autres amies communes, nous avons d\u00e9couvert qu'il y avait un s\u00e9rieux probl\u00e8me lors d'une f\u00eate qui avait lieu au sein du village o\u00f9 vit ce couple. Je pr\u00e9cise que ce village est assez \u00e9loign\u00e9 de la vile o\u00f9 nous (les amies de Lucie) vivons, et nous avions fait le d\u00e9placement sp\u00e9cialement pour la voir. Nous avions pr\u00e9vu de dormir chez elle.<br \/>\r\n<br \/>\r\nCe soir-l\u00e0, son compagnon a eu une crise d'agressivit\u00e9 parce que Lucie n'\u00e9tait pas rentr\u00e9e avec lui mais \u00e9tait rest\u00e9e danser avec moi et une autre amie. Quand nous sommes rentr\u00e9es, nous avons d\u00e9couvert nos affaires (\u00e0 moi et \u00e0 l'autre amie) \u00e9parpill\u00e9es dans le jardin, le compagnon de Lucie les avait lanc\u00e9es par la fen\u00eatre. Mon t\u00e9l\u00e9phone portable \u00e9tait cass\u00e9 en 4 morceaux. Apparemment, il aurait lanc\u00e9 des meubles \u00e0 travers l'appartement et c'est comme cela qu'il aurait \u00e9t\u00e9 cass\u00e9... Durant toute la soir\u00e9e, nous avons entendu crier. Nous \u00e9tions tr\u00e8s inqui\u00e8tes, mais Lucie nous a \u00e9crit pour nous dire que \u00e7a allait, mais qu'il fallait qu'on aille dormir chez sa voisine. C'\u00e9tait le premier et le seul \u00e9pisode de violence physique auquel j'ai assist\u00e9.<br \/>\r\n<br \/>\r\nToutefois, d' autres \u00e9pisodes ont eu lieu par la suite, lors desquels nous avons eu l'impression que le conjoint de Lucie \u00e9tait jaloux, culpabilisant et r\u00e9ticent \u00e0 la laisser s'\u00e9loigner du village (elle culpabilise d\u00e8s qu'elle est absente plus d'un jour). Lucie nous avait expliqu\u00e9 que son conjoint avait des probl\u00e8mes d'alcool et que quand il boit trop il a parfois des crises d'agressivit\u00e9, mais \"jamais dirig\u00e9es contre elle\". Quand on l'appelle pour prendre des nouvelles, elle dit que \u00e7a va mieux, que c'est de l'histoire ancienne, elle relativise...<br \/>\r\n<br \/>\r\nToutefois, il est parfois arriv\u00e9 qu'elle nous envoie un message pour dire vouloir s'en aller mais ne pas y arriver. De mani\u00e8re g\u00e9n\u00e9rale, il nous est difficile de la voir, puisqu'elle habite loin et nous sommes inqui\u00e8tes pour elle.<br \/>\r\n<br \/>\r\nMa question est la suivante : Face \u00e0 cette situation, comment devrions-nous r\u00e9agir? D'une part, nous avons peur de confronter Lucie, de lui dire directement nos craintes ou ce que nous pensons des r\u00e9actions de son compagnon parce que nous avons peur que cela la blesse et l'am\u00e8ne \u00e0 ne plus nous faire part de ce qu'elle vit. Nous avons peur de perdre le contact avec elle, comme elle est d\u00e9j\u00e0 tr\u00e8s isol\u00e9e g\u00e9ographiquement. D'autre part, en ne disant rien, nous avons peur de banaliser la situation...<br \/>\r\n<br \/>\r\nAuriez-vous des conseils \u00e0 me donner?<br \/>\r\n<br \/>\r\n<\/div><br \/>\r\n<div class=\"bg-grey p2\"><br \/>\r\n<h3><\/h3><br \/>\r\n<h3><\/p><\/div><\/div><div class='response'><h5>Response<\/h5><div class='vqf_fixed_width_text'><p><\/h3><br \/>\r\nBonjour Madame,<br \/>\r\n<br \/>\r\nSi nous comprenons bien, votre amie vit de la violence conjugale dont vous avez \u00e9t\u00e9 t\u00e9moin.\u00a0Votre amie minimise\u00a0la situation et \u00e0 d\u2019autres moments\u00a0vous envoie des message d\u2019appels \u00e0 l\u2019aide. Vous aimeriez savoir comment r\u00e9agir sans perdre contact avec elle ni banaliser la situation. Vous craignez une rupture de lien et un renforcement de son isolement. Vous vous sentez impuissante et c\u2019est pourquoi vous nous contactez.<br \/>\r\n<br \/>\r\nAu vu des \u00e9l\u00e9ments que vous avez pu observer, votre amie vit dans un contexte de violence conjugale. Cette derni\u00e8re peut-\u00eatre de plusieurs types, notamment <a href=\"https:\/\/dev-vqf.creatives.com\/la-violence-dans-le-couple\/la-violence-psychologique\/\" target=\"_blank\" rel=\"noopener\">psychologique<\/a>. Comme vous avez pu le constater, il peut \u00eatre compliqu\u00e9 d\u2019aborder le sujet et d\u2019agir dans ce genre de situation. Votre amie se trouve dans un <a href=\"https:\/\/dev-vqf.creatives.com\/la-violence-dans-le-couple\/la-violence-cest-quoi\/\" target=\"_blank\" rel=\"noopener\">cycle de violence<\/a> conjugale dont il est difficile d\u2019en sortir seule. Selon l\u2019\u00e9tape du cycle, le discours de la victime peut varier face \u00e0 son agresseur\u00b7e. Pour ces personnes victimes, il est important de pouvoir compter sur des personnes ext\u00e9rieures \u00e0 la relation pour s\u2019en sortir. <strong>C\u2019est pourquoi notre premier conseil serait de verbaliser votre soutien \u00e0 votre amie, quoiqu\u2019il advienne<\/strong>. Le choix de poursuivre cette relation lui appartient, mais vous pouvez rester pr\u00e9sente \u00e0 ses c\u00f4t\u00e9s au besoin, vous montrer soutenante et non jugeante face \u00e0 sa volont\u00e9 de poursuivre ou non sa relation. Nous vous recommandons de respecter son rythme afin de ne pas la brusquer et risquer effectivement qu'elle s'isole de ses ami-e-s qui sont pourtant une ressource importante.<br \/>\r\n<br \/>\r\nDe plus, il existe des adresses utiles \u00e0 conna\u00eetre si votre amie souhaitait \u00e0 un moment donn\u00e9 votre accompagnement. Sur le Canton de Vaud, le <a href=\"https:\/\/malleyprairie.ch\/\" target=\"_blank\" rel=\"noopener\">Centre d\u2019accueil Malley Prairie<\/a> (<strong>021 620 76 76<\/strong>) est sp\u00e9cialis\u00e9 dans l\u2019accompagnement de personnes victimes de violence conjugale. Les intervenant\u00b7e\u00b7s peuvent se d\u00e9placer dans les diff\u00e9rentes r\u00e9gions du canton de Vaud, il s'agit de la prestation <a href=\"https:\/\/malleyprairie.ch\/ambulatoire\/\" target=\"_blank\" rel=\"noopener\">Itin\u00e9rance<\/a>. Un h\u00e9bergement est \u00e9galement possible sur Lausanne. Le <a href=\"https:\/\/www.profa.ch\/services-2\/centre-lavi\/\" target=\"_blank\" rel=\"noopener\">Centre LAVI<\/a> (<strong>021 631 03 00<\/strong>) peut \u00e9galement soutenir les personnes victimes sur les plans psychologique, juridique ou de protection. Ce centre se base sur la Loi f\u00e9d\u00e9rale d'aide aux victimes. Leurs bureaux se trouvent \u00e0 Aigle, Lausanne et Yverdon-les-bains. Ils sont joingables 24\/24h et les entretiens sont gratuits et confidentiels.\u00a0L'<a href=\"https:\/\/www.urgences-sante.ch\/partenaires\/item\/21-urgences-sociales\" target=\"_blank\" rel=\"noopener\">Equipe Mobile d'Urgences Sociales<\/a>\u00a0(<strong>0848 133 133<\/strong>)\u00a0peut se d\u00e9placer en tout temps\u00a0\u00e0 domicile ou dans tout autre lieu souhait\u00e9 pour une rencontre afin de soutenir les personnes en difficult\u00e9s.<br \/>\r\n<br \/>\r\nVotre amie peut aussi\u00a0d\u00e9sirer\u00a0poursuivre la relation avec son compagnon tout en acceptant une aide professionnelle ext\u00e9rieure. Le couple pourrait faire appel \u00e0 des conseillers conjugaux ou th\u00e9rapeutes de couple. Ces profesionnel\u00b7le\u00b7s peuvent \u00eatre contact\u00e9\u00b7e\u00b7s au travers des consultations de couple du <a href=\"https:\/\/csp.ch\/vaud\/services\/questions-de-couple\/\" target=\"_blank\" rel=\"noopener\">Centre social protestant<\/a> (<strong>021 560 60 70<\/strong>) ou de la <a href=\"https:\/\/www.profa.ch\/ccs\" target=\"_blank\" rel=\"noopener\">Fondation PROFA<\/a> <strong>(021 631 01 62<\/strong>), selon le lieu de vie du couple. Il existe aussi la ligne info couple (<strong>0840 860\u00a0860<\/strong>).<br \/>\r\n<br \/>\r\nConcernant les probl\u00e8mes\u00a0de consommation excessive d\u2019alcool, une ressource pour eux pourrait \u00eatre la <a href=\"https:\/\/www.croix-bleue.ch\/\" target=\"_blank\" rel=\"noopener\">Croix bleue romande<\/a> (<strong>021 633 44 32<\/strong>) ainsi que la ligne d\u2019\u00e9coute SOS alcool (<strong>0848 805 005<\/strong>).<br \/>\r\n<br \/>\r\nPour en revenir \u00e0 votre r\u00f4le, si vous \u00eates \u00e0 nouveau t\u00e9moin d\u2019une sc\u00e8ne de violence, vous pouvez appeler la police au <strong>117<\/strong>. En effet, la violence conjugale peut \u00eatre compos\u00e9e d\u2019infractions punies par la loi. Une partie de celles-ci peuvent \u00eatre poursuivies d\u2019office. Suite \u00e0 un appel \u00e0 la police, diff\u00e9rentes proc\u00e9dures peuvent s\u2019ouvrir: expulsion du domicile pour la personne auteure, d\u00e9p\u00f4t de plainte et possibilit\u00e9 s\u00e9paration. Des mesures de protection peuvent \u00eatre mises en place pour prot\u00e9ger la personne victime.<br \/>\r\n<br \/>\r\nNous esp\u00e9rons que vous avez trouv\u00e9 dans ces pistes les conseils que vous cherchiez. Nous restons bien entendu \u00e0 votre disposition si vous avez besoin de compl\u00e9ments d\u2019information.<br \/>\r\n<br \/>\r\n<\/div><\/div><\/div><\/div><\/div><\/div><div class='qa_acc_item'><span class='acc_toggler'><\/span><div class='item_header'><h3>J&#8217;ai \u00e9t\u00e9 auteure de comportements violents, j&#8217;aimerais apprendre \u00e0 g\u00e9rer ma col\u00e8re<h3><div class='vqf_fixed_width_text'><p>15 f\u00e9vrier 2021 - Laf... Bonjour, J'entre en contact avec vous car j'ai \u00e9t\u00e9 auteure de comportements violents envers mon ex-compagnon. Nous \u00e9tions ensemble depuis plus de 10 ans. Au mois de d\u00e9cembre, mon compagnon a souhait\u00e9 une pause sans...<\/p><\/div><\/div><div class='item_body'><div class='quesion_response_block'><div class='question'><h5>Question<\/h5><div class='vqf_fixed_width_text'><div class=\"box-question p2\"><br \/>\r\n<p class=\"color-grey small mt1 mb0\">15 f\u00e9vrier 2021 - Laf...<\/p><br \/>\r\nBonjour,<br \/>\r\n<br \/>\r\nJ'entre en contact avec vous car j'ai \u00e9t\u00e9 auteure de comportements violents envers mon ex-compagnon.<br \/>\r\n<br \/>\r\nNous \u00e9tions ensemble depuis plus de 10 ans. Au mois de d\u00e9cembre, mon compagnon a souhait\u00e9 une pause sans contact de 5 mois et je devais choisir de quitter ou non notre appartement car il souhaitait que nous vivions s\u00e9par\u00e9ment \u00e0 la fin des cinq mois. Dans l'intervalle, il a trouv\u00e9 un autre logement dans lequel il vit seul. Durant le mois de janvier, je n'ai pas \u00e9t\u00e9 capable de tenir l'engagement fait et l'appelai tous les 15 jours pour a) lui demander qu'il revienne sur sa d\u00e9cision de pause et b) l'accuser d'avoir une ma\u00eetresse (ce dont j'\u00e9tais persuad\u00e9e \u00e0 l'\u00e9poque). D\u00e9but f\u00e9vrier, il m'annonce avoir pris sa d\u00e9cision et me quitte.<br \/>\r\n<br \/>\r\nJ'accepte sa d\u00e9cision et la discussion se d\u00e9roule de mani\u00e8re tr\u00e8s calme. Apr\u00e8s cette rupture, nous continuons de nous \u00e9crire par email et les propos sont tendres et affectueux de part et d'autres. Il me dit avoir perdu tout d\u00e9sir sexuel depuis notre s\u00e9paration et n'\u00eatre pas capable de regarder d'autres filles. J'interpr\u00e8te mal ses messages (ou plut\u00f4t les interpr\u00e8te de la mani\u00e8re dont j'ai envie de les entendre) et d\u00e9cide de me rendre chez lui. Sur place, je d\u00e9couvre qu'il est en compagnie d'une autre femme. Il me dit qu'il \"passe du bon temps\" avec cette femme dans une \"relation pansement\" parce qu'il s'ennuie trop le soir \u00e0 la maison. Je n'ai pas su contr\u00f4ler ma col\u00e8re et l'ai gifl\u00e9. C'est la premi\u00e8re fois que je levai la main sur mon compagnon mais j'ai conscience que c'est absolument inacceptable. J'ai \u00e9galement trait\u00e9 cette femme de tous les noms et ai insist\u00e9 pour savoir qui c'\u00e9tait. Nous nous sommes disput\u00e9s pendant plusieurs heures devant chez lui.<br \/>\r\n<br \/>\r\nJe me sens terriblement coupable de l'avoir gifl\u00e9 et le regrette profond\u00e9ment. Je ne veux plus jamais que cela arrive. Je me rends compte qu'il y a un fonds de violence en moi, que je n'arrive pas \u00e0 le g\u00e9rer sous le coup d'\u00e9motions fortes. De mani\u00e8re g\u00e9n\u00e9rale, il m'est \u00e9galement arriv\u00e9 d'avoir un comportement contr\u00f4lant envers les personnes auxquelles je tiens le plus.<br \/>\r\n<br \/>\r\nJ'aimerais \u00e0 tout prix apprendre \u00e0 g\u00e9rer et canaliser la col\u00e8re que je ressens parfois et qu'il m'arrive de reporter sur mon entourage ou des objets. Par avance, je vous remercie de votre retour et de votre aide.<br \/>\r\n<br \/>\r\n<\/div><br \/>\r\n<div class=\"bg-grey p2\"><br \/>\r\n<h3><\/h3><br \/>\r\n<h3><\/p><\/div><\/div><div class='response'><h5>Response<\/h5><div class='vqf_fixed_width_text'><p><\/h3><br \/>\r\nBonjour Madame,<br \/>\r\n<br \/>\r\nDans votre message, vous t\u00e9moignez d'agissements qui pourraient s'apparenter \u00e0 du <a href=\"https:\/\/dev-vqf.creatives.com\/la-violence-dans-le-couple\/la-violence-psychologique\/\" target=\"_blank\" rel=\"noopener\">harc\u00e8lement <\/a>\u00e0 l\u2019\u00e9gard de votre ex-compagnon dans le cadre d\u2019une rupture difficile apr\u00e8s plus de 10 ans de relation. Dans cette p\u00e9riode de deuil, vous interpr\u00e9tez ses messages comme un espoir de reprise de relation, et le d\u00e9couvrez en pr\u00e9sence d\u2019une autre femme. Vous agissez alors de la violence verbale contre cette derni\u00e8re, et <a href=\"https:\/\/dev-vqf.creatives.com\/la-violence-dans-le-couple\/la-violence-physique\/\" target=\"_blank\" rel=\"noopener\">physique <\/a>\u00e0 l\u2019encontre de votre ex-compagnon.<br \/>\r\n<br \/>\r\nDes regrets et de la culpabilit\u00e9 vous accompagnent aujourd\u2019hui en repensant aux choix qui vous ont conduite jusqu\u2019\u00e0 ces extr\u00eames. Nous souhaitons tout d\u2019abord relever le courage dont vous faites preuve en nous \u00e9crivant et en vous montrant transparente quant \u00e0 la violence que vous pouvez exercer envers les autres ou envers les objets. C\u2019est un pas important vers votre souhait que de tels \u00e9v\u00e9nements ne se reproduisent plus.<br \/>\r\n<br \/>\r\nSi vous d\u00e9montrez dans votre message une prise de recul en vous montrant critique vis-\u00e0-vis de vous-m\u00eame, un soutien professionnel sp\u00e9cialis\u00e9 demeure essentiel afin de sortir des pi\u00e8ges de ces dynamiques relationnelles de contr\u00f4le qui, nous pouvons l\u2019imaginer, cr\u00e9ent de la souffrance tant chez vous que chez vos proches. Dans le canton de Fribourg, les professionnel.le.s de l\u2019<a href=\"http:\/\/www.ex-pression.ch\/fr\" target=\"_blank\" rel=\"noopener\">Association EX-pression <\/a>pourront vous proposer une premi\u00e8re rencontre qui n\u2019engage en rien et vous permettra de pr\u00e9senter plus en d\u00e9tails votre situation. Vous pouvez les joindre au <strong>0848 08 08 08.<\/strong><br \/>\r\n<br \/>\r\nPour poursuivre d\u2019ici \u00e0 ce rendez-vous, vous pouvez continuer d\u2019observer et d\u2019\u00e9valuer aussi pr\u00e9cis\u00e9ment que possible les situations dans lesquelles vous vous sentez \u00e0 risque. Remarquez-vous par exemple que certaines \u00e9motions sont pour vous plus difficiles \u00e0 vivre que d\u2019autres\u00a0? Ou encore, dans quels contextes la col\u00e8re se manifeste-t-elle\u00a0?<br \/>\r\n<br \/>\r\nEn esp\u00e9rant que ces quelques pistes vous seront utiles pour la suite, nous restons volontiers \u00e0 disposition.<br \/>\r\n<br \/>\r\nBien cordialement.<br \/>\r\n<br \/>\r\n<\/div><\/div><\/div><\/div><\/div><\/div><div class='qa_acc_item'><span class='acc_toggler'><\/span><div class='item_header'><h3>Confidence d&#8217;un \u00e9l\u00e8ve qui a \u00e9t\u00e9 t\u00e9moin de violences au sein du couple de ses parents, comment r\u00e9agir?<h3><div class='vqf_fixed_width_text'><p>12 f\u00e9vrier 2021 - Cha... Bonjour, Je suis enseignante et je vous \u00e9cris suite \u00e0 un \u00e9v\u00e9nement qui s'est d\u00e9roul\u00e9 cette semaine...un \u00e9v\u00e8nement qui me pr\u00e9occupe et face auquel je ne sais pas comment r\u00e9agir. Voici l'\u00e9v\u00e8nement: 1 \u00e9l\u00e8ve (de...<\/p><\/div><\/div><div class='item_body'><div class='quesion_response_block'><div class='question'><h5>Question<\/h5><div class='vqf_fixed_width_text'><div class=\"box-question p2\"><br \/>\r\n<p class=\"color-grey small mt1 mb0\">12 f\u00e9vrier 2021 - Cha...<\/p><br \/>\r\nBonjour,<br \/>\r\n<br \/>\r\nJe suis enseignante et je vous \u00e9cris suite \u00e0 un \u00e9v\u00e9nement qui s'est d\u00e9roul\u00e9 cette semaine...un \u00e9v\u00e8nement qui me pr\u00e9occupe et face auquel je ne sais pas comment r\u00e9agir. Voici l'\u00e9v\u00e8nement: 1 \u00e9l\u00e8ve (de 4-5 ans) g\u00e9n\u00e9ralement tr\u00e8s discret s'est subitement mis \u00e0 parler lors d'une promenade en relatant que: \"l'autre jour, papa \u00e9tait tr\u00e8s f\u00e2ch\u00e9 et a tap\u00e9 tr\u00e8s fort maman \u00e0 la t\u00eate...elle pleurait et elle a \u00e9t\u00e9 s'enfermer dans la chambre \u00e0 coucher...le soir il \u00e9tait encore tr\u00e8s f\u00e2ch\u00e9...\"... L'\u00e9l\u00e8ve a relat\u00e9, quelques instants plus tard, la m\u00eame situation \u00e0 l'un de ses camarades. Avec 1 coll\u00e8gue, nous avons parl\u00e9 \u00e0 l'enfant en abordant le sujet de ses \u00e9motions...en lui disant que c'\u00e9tait une situation qui ne devait pas arriver, qu'il avait bien fait de parler, qu'il doit parler \u00e0 un adulte quand quelque chose du genre lui p\u00e8se sur le coeur, que si \u00e7a se reproduit il faut qu'il en reparle et qu'on pourra l'aider etc. On a aussi essay\u00e9 de lui donner 1-2 \"trucs\" pour ne pas \u00eatre seul avec ses \u00e9motions.<br \/>\r\n<br \/>\r\nMais voil\u00e0...faudrait-il faire quelque chose de plus \u00e0 ce stade? Et si oui, quoi et comment? La surveillance du comportement de l'\u00e9l\u00e8ve durant des semaines \u00e0 venir est clairement de mise...mais faudrait-il faire autre chose? En parler \u00e0 la maman ou autres? C'est tr\u00e8s d\u00e9licat...que faire pour bien faire? \u00e7a me tracasse...<br \/>\r\n<br \/>\r\nMerci d'avance pour votre r\u00e9ponse.<br \/>\r\n<br \/>\r\n<\/div><br \/>\r\n<div class=\"bg-grey p2\"><br \/>\r\n<h3><\/h3><br \/>\r\n<h3><\/p><\/div><\/div><div class='response'><h5>Response<\/h5><div class='vqf_fixed_width_text'><p><\/h3><br \/>\r\nBonjour Madame,<br \/>\r\n<br \/>\r\nVous \u00eates enseignante et un \u00e9l\u00e8ve vous a confi\u00e9 que son papa \u00e9tait tr\u00e8s f\u00e2ch\u00e9 et a frapp\u00e9 tr\u00e8s fort sa maman \u00e0 la t\u00eate. Il s\u2019est \u00e9galement confi\u00e9 \u00e0 un autre \u00e9l\u00e8ve. Vous avez pu avec une coll\u00e8gue entrer en dialogue avec cet enfant, l\u2019encourager \u00e0 parler de ces \u00e9v\u00e8nements douloureux et lui donner des pistes pour ne pas \u00eatre seul avec ses \u00e9motions. Vous vous demandez ce que vous pouvez faire de plus dans cette situation.<br \/>\r\n<br \/>\r\nLa violence conjugale a de lourdes cons\u00e9quences sur la victime mais \u00e9galement <a href=\"https:\/\/dev-vqf.creatives.com\/la-violence-dans-le-couple\/je\/jeunes\/\" target=\"_blank\" rel=\"noopener\">sur les enfants<\/a> qui vivent dans ce contexte et qui sont \u00e9galement victimes. Nous comprenons bien votre inqui\u00e9tude dans cette situation d\u00e9licate. Recevoir de telles confidences n\u2019est jamais \u00e9vident. Le fait que cet \u00e9l\u00e8ve ait pu vous parler montre la confiance qu\u2019il a en vous et c\u2019est d\u00e9j\u00e0 une grande aide pour lui. Vous avez pu l\u2019\u00e9couter, lui donner des outils pour faire face au mieux \u00e0 son v\u00e9cu.<br \/>\r\n<br \/>\r\nUn pas suppl\u00e9mentaire serait de pouvoir en parler avec la m\u00e8re en l'absence du p\u00e8re. Avez-vous un lien avec elle\u00a0? Avez-vous l\u2019occasion de lui parler\u00a0? Si c\u2019est possible, il nous semblerait important de pouvoir lui dire que vous \u00eates en soucis pour son fils qui a \u00e9t\u00e9 t\u00e9moin de ces violences et pour elle \u00e9galement. Prendre conscience des impacts que la violence peut avoir sur un enfant est parfois un levier pour essayer de changer quelque chose \u00e0 la situation. Dans le canton de Fribourg, vous pouvez lui donner les coordonn\u00e9es de <a href=\"https:\/\/www.sf-lavi.ch\/\" target=\"_blank\" rel=\"noopener\">Solidarit\u00e9 Femmes-centre LAVI<\/a> <strong>(026\u00a0322 22 02<\/strong>). Des intervenantes pourront l\u2019\u00e9couter, la conseiller, lui expliquer ses droits, lui pr\u00e9senter les proc\u00e9dures possibles. Ce sont des entretiens gratuits et confidentiels. Aucune d\u00e9marche ne sera faite sans son consentement. Vous pouvez aussi lui donner le lien vers notre site pour de premi\u00e8res informations.<br \/>\r\n<br \/>\r\nVous ne mentionnez pas de violence directe sur l\u2019enfant. Soup\u00e7onnez-vous qu\u2019il puisse y en avoir\u00a0? Si c\u2019est le cas, il est important alors d\u2019en informer votre direction afin de faire un signalement aupr\u00e8s de la justice de paix.\u00a0Est-ce que la violence conjugale est th\u00e9matis\u00e9e dans votre \u00e9tablissement\u00a0? Existe-t-il des proc\u00e9dures internes\u00a0? Toute situation de violence m\u00eame sur des personnes majeures peut \u00eatre signaler\u00a0 la justice de paix.<br \/>\r\n<br \/>\r\nComme vous nous l\u2019\u00e9crivez il est important d\u2019observer le comportement de votre \u00e9l\u00e8ve. Un enfant expos\u00e9 \u00e0 de la violence peut avoir de graves s\u00e9quelles. Dans certains cas, l\u2019organisation d\u2019un soutien psychologique peut \u00eatre important.<br \/>\r\n<br \/>\r\nNous vous souhaitons beaucoup de courage dans l\u2019accompagnement de cet \u00e9l\u00e8ve et esp\u00e9rons que des pistes s\u2019ouvrent pour lui et sa famille.<br \/>\r\n<br \/>\r\nEn esp\u00e9rant que ces quelques \u00e9l\u00e9ments vous auront aid\u00e9e, nous vous souhaitons beaucoup de courage et restons \u00e0 votre disposition pour d'autres questions ou nous donner des nouvelles.<br \/>\r\n<br \/>\r\n<\/div><\/div><\/div><\/div><\/div><\/div><div class='qa_acc_item'><span class='acc_toggler'><\/span><div class='item_header'><h3>Est-ce de la violence ou pas?<h3><div class='vqf_fixed_width_text'><p>11 f\u00e9vrier 2021 - viv... Bonjour, Je vous \u00e9cris car je vis une situation difficile. J'ai rompu avec mon compagnon car j'ai \u00e9t\u00e9 souvent heurt\u00e9e et effray\u00e9e par son comportement et non pas parce que je ne l'aime plus. Notre...<\/p><\/div><\/div><div class='item_body'><div class='quesion_response_block'><div class='question'><h5>Question<\/h5><div class='vqf_fixed_width_text'><div class=\"box-question p2\"><br \/>\r\n<p class=\"color-grey small mt1 mb0\">11 f\u00e9vrier 2021 - viv...<\/p><br \/>\r\nBonjour,<br \/>\r\n<br \/>\r\nJe vous \u00e9cris car je vis une situation difficile. J'ai rompu avec mon compagnon car j'ai \u00e9t\u00e9 souvent heurt\u00e9e et effray\u00e9e par son comportement et non pas parce que je ne l'aime plus. Notre relation a dur\u00e9 10 ans. Dix ann\u00e9es de bons moments mais \u00e9galement de moments plus difficiles. Il n'y a pas eu de violence physique mais j'ai subi des crises de rage assez impressionnantes et souvent pour des raisons qui me semblaient relativement banales comme par exemple si j'insistais trop avec une question (pos\u00e9e 2-3 fois), si je lui coupais la parole ou si je voulais discuter et lui pas.<br \/>\r\n<br \/>\r\nTout \u00e9tait souvent de ma faute. Ses r\u00e9actions d\u00e9sagr\u00e9ables \u00e9taient de ma faute, il fallait que je r\u00e9flechisse moi \u00e0 ce qui avait provoqu\u00e9 de la col\u00e8re chez lui. Si on avait des difficult\u00e9s, c'\u00e9tait parce que je n'\u00e9tais pas assez tendre, pas assez sexuellement active. Par exemple, une fois, alors qu'on \u00e9tait dans un moment d'intimit\u00e9 et qu'il n'\u00e9tait pas satisfait de moi, il m'a d\u00e9nigr\u00e9e ouvertement en me disant que je n'\u00e9tais pas assez active.<br \/>\r\n<br \/>\r\nJe me sens perdue, j'ai du mal \u00e0 comprendre, j'ai du mal \u00e0 avancer.<br \/>\r\n<br \/>\r\n<\/div><br \/>\r\n<div class=\"bg-grey p2\"><br \/>\r\n<h3><\/h3><br \/>\r\n<h3><\/p><\/div><\/div><div class='response'><h5>Response<\/h5><div class='vqf_fixed_width_text'><p><\/h3><br \/>\r\nBonjour Madame,<br \/>\r\n<br \/>\r\nVous avez v\u00e9cu une relation de 10 ans avec votre ex-compagnon, avec des hauts et des bas. Les moments difficiles comptaient des crises de rage importantes et pour des raisons banales. La faute vis-\u00e0-vis de ses difficult\u00e9s revenait sur vous, vous n\u2019\u00e9tiez \u00ab\u00a0pas assez tendre et pas assez active sexuellement\u00a0\u00bb selon lui.\u00a0 Apr\u00e8s cette longue relation, vous avez du mal \u00e0 avancer, vous vous sentez perdue et vous vous demandez s\u2019il s\u2019agissait de comportements de violences.<br \/>\r\n<br \/>\r\nVous avez bien fait de nous \u00e9crire et de vous \u00e9couter. Lorsque\u2019on se sent bloqu\u00e9 \u00e0 cause d\u2019une situation, c\u2019est important d\u2019y revenir et de mettre des mots sur ce qui s\u2019est pass\u00e9. Apr\u00e8s cette \u00e9tape, il sera certainement plus facile pour vous de faire votre bout de chemin.<br \/>\r\n<br \/>\r\nLes comportements que vous nous d\u00e9crivez sont bien des <a href=\"https:\/\/dev-vqf.creatives.com\/la-violence-dans-le-couple\/la-violence-psychologique\/\" target=\"_blank\" rel=\"noopener\">violences psychologiques<\/a>. Quelle que soit la raison, il n\u2019est pas normal de subir des crises de rages excessives, ni d\u2019\u00eatre d\u00e9nigr\u00e9e. Lui seul est responsable de ses r\u00e9actions face \u00e0 quelque chose qu\u2019il n\u2019appr\u00e9cie pas. Ce n\u2019est pas de votre faute s\u2019il a r\u00e9agit violemment.<span class=\"Apple-converted-space\">\u00a0Vous \u00e9voquez aussi\u00a0des d\u00e9nigrements dans votre intimit\u00e9. Est-ce que vous vous \u00eates aussi sentie forc\u00e9e ou contrainte d\u2019avoir des rapports sexuels? Si oui, il s\u2019agit de <a href=\"https:\/\/dev-vqf.creatives.com\/la-violence-dans-le-couple\/la-violence-sexuelle\/\" target=\"_blank\" rel=\"noopener\">violences sexuelles.\u00a0<\/a><\/span><br \/>\r\n<br \/>\r\nVous nous dites aussi avoir \u00e9t\u00e9 heurt\u00e9e et effray\u00e9e. Ce sont l\u00e0 des cons\u00e9quences des agissements violents.<span class=\"Apple-converted-space\">\u00a0<\/span><br \/>\r\n<br \/>\r\nLorsque vous quittez une relation longue, il s\u2019ensuit tout un processus de \u00ab\u00a0deuil\u00a0\u00bb de la relation qui peut prendre le temps qu\u2019il est n\u00e9cessaire pour s\u2019habituer \u00e0 vivre sans l\u2019autre. Beaucoup de changements sont n\u00e9cessaires et lors de situations de violences, ce temps peut \u00eatre plus tumultueux car les cons\u00e9quences de la violence restent et n\u00e9cessitent un soin particulier.<br \/>\r\n<br \/>\r\nNous vous conseillons de continuer \u00e0 mettre des mots sur ce qui s\u2019est pass\u00e9 et prendre soin de vous en discutant avec un th\u00e9rapeute ou un sp\u00e9cialiste des violences.<span class=\"Apple-converted-space\">\u00a0<\/span><br \/>\r\n<br \/>\r\nSur ce site <a href=\"https:\/\/www.santepsy.ch\/fr\/aides-et-soutiens\/\">https:\/\/www.santepsy.ch\/fr\/aides-et-soutiens\/<\/a> , vous pouvez trouver des adresses d\u2019organisations et th\u00e9rapeutes.<span class=\"Apple-converted-space\">\u00a0<\/span>Si vous vous sentez \u00e0 l\u2019aise, vous pouvez \u00e9galement en parler \u00e0 votre m\u00e9decin traitant qui peut vous sugg\u00e9rer des sp\u00e9cialistes proches de votre r\u00e9gion qu\u2019il conna\u00eet.<br \/>\r\n<br \/>\r\n<a href=\"https:\/\/savi-ne.ch\/contact\/bureau-neuchatel\/\" target=\"_blank\" rel=\"noopener\">Le SAVI (service d\u2019aide aux victimes)<\/a> propose \u00e9galement des consultations gratuites, sur rendez-vous au <strong>032 889 66 49. <\/strong>Les intervenant-e-s pourront vous \u00e9couter attentivement et vous aider \u00e0 trouver ce qui pourrait vous permettre de vous sentir mieux.<br \/>\r\n<br \/>\r\nNous esp\u00e9rons que vous trouverez dans nos lignes des solutions qui vous permettront\u00a0de\u00a0faire quelques pas de plus. Si vous avez d\u2019autres questions ou que vous souhaitez nous donner des nouvelles, n\u2019h\u00e9sitez pas \u00e0 nous \u00e9crire \u00e0 nouveau. Prenez bien soin de vous.<br \/>\r\n<br \/>\r\n<\/div><\/div><\/div><\/div><\/div><\/div><div class='qa_acc_item'><span class='acc_toggler'><\/span><div class='item_header'><h3>Mon mari est violent depuis 15 ans. Comment puis-je m&#8217;en sortir psychologiquement?<h3><div class='vqf_fixed_width_text'><p>10 f\u00e9vrier 2021 - St... Mon mari est agressif et violent depuis 15 ans. J ai toujours eu peur d \u00eatre frapp\u00e9 quand il cassait tout dans l appartement. La violence physique a laiss\u00e9 place \u00e0 de la violence verbale....<\/p><\/div><\/div><div class='item_body'><div class='quesion_response_block'><div class='question'><h5>Question<\/h5><div class='vqf_fixed_width_text'><div class=\"box-question p2\"><br \/>\r\n<p class=\"color-grey small mt1 mb0\">10 f\u00e9vrier 2021 - St...<\/p><br \/>\r\nMon mari est agressif et violent depuis 15 ans. J ai toujours eu peur d \u00eatre frapp\u00e9 quand il cassait tout dans l appartement. La violence physique a laiss\u00e9 place \u00e0 de la violence verbale. Comment puis je m en sortir psychologiquement ?<br \/>\r\n<br \/>\r\n<\/div><br \/>\r\n<div class=\"bg-grey p2\"><br \/>\r\n<h3><\/p><\/div><\/div><div class='response'><h5>Response<\/h5><div class='vqf_fixed_width_text'><p><\/h3><br \/>\r\nBonjour Madame,<br \/>\r\n<br \/>\r\nVous avez peur d'\u00eatre frapp\u00e9e lorsque votre mari casse tout dans l'appartement. D\u00e9sormais, c'est surtout la violence verbale dont vous \u00eates victime qui vous interpelle et vous pousse aujourd'hui \u00e0 nous \u00e9crire.<br \/>\r\n<br \/>\r\nVotre situation est difficile et vous avez bien fait de nous \u00e9crire. La violence verbale fait partie de la\u00a0<a href=\"https:\/\/dev-vqf.creatives.com\/la-violence-dans-le-couple\/la-violence-psychologique\/\" target=\"_blank\" rel=\"noopener\">violence psychologique<\/a> : les insultes, les humiliations, les menaces, intimider l'autre. A contrario de la violence physique, elle ne laisse pas de traces sur le corps mais n'est pas pour autant anodine. Insidieuse et souvent difficile \u00e0 identifier, la violence psychologique a des r\u00e9percussions sur la sant\u00e9 de la personne qui la subit: effondrement de l'estime de soi, sentiment de culpabilit\u00e9, anxi\u00e9t\u00e9, d\u00e9pression etc. La violence, quelle que soit sa forme, est inacceptable et est\u00a0interdite par la loi.<br \/>\r\n<br \/>\r\nVous avez peut-\u00eatre remarqu\u00e9 qu'avec le temps,\u00a0les violences ont tendance \u00e0 devenir de plus en plus graves et de plus en plus fr\u00e9quentes.\u00a0La violence psychologique plonge souvent les personnes qui la subissent dans l'isolement par sentiment de honte et de culpabilit\u00e9 et\/ou parce que la personne auteure a progressivement coup\u00e9 tout contact ext\u00e9rieur afin de garder son\/sa conjoint-e sous emprise. Ainsi pour r\u00e9pondre \u00e0 votre question, nous vous encourageons \u00e0 parler de ce que vous vivez \u00e0 une personne de confiance et\/ou \u00e0 des professionnel-le-s qui pourront vous soutenir. En nous \u00e9crivant de mani\u00e8re anonyme sur notre site, vous avez fait un premier pas que nous saluons et nous vous encourageons \u00e0 poursuivre sur cette voie en prenant par exemple directement contact avec des professionnel-le-s qui pourront vous offrir un entretien en direct.<br \/>\r\n<br \/>\r\nDans le canton de Z\u00fcrich, vous pouvez contacter le\u00a0<a href=\"https:\/\/bif-frauenberatung.ch\/sprachen\/franzoesisch\/\" target=\"_blank\" rel=\"noopener\">Beratungsstelle f\u00fcr Frauen<\/a>\u00a0(BIF), qui propose un soutien aux femmes victimes de violence dans leur relation de couple. Une \u00e9quipe de sp\u00e9cialistes pourra vous fournir un soutien psychologique de mani\u00e8re totalement confidentielle et gratuite. Vous pouvez les contacter au<strong>\u00a0044\u00a0278 9999.<\/strong><br \/>\r\n<br \/>\r\nNous esp\u00e9rons que vous allez pouvoir trouver l'aide que vous recherchez.\u00a0 Nous restons \u00e0 disposition si vous avez d\u2019autres questions ou\u00a0si vous souhaitez nous donner des nouvelles. Prenez bien soin de vous.<br \/>\r\n<br \/>\r\n<\/div><\/div><\/div><\/div><\/div><\/div><div class='qa_acc_item'><span class='acc_toggler'><\/span><div class='item_header'><h3>Je suis t\u00e9moin de violences<h3><div class='vqf_fixed_width_text'><p>05 f\u00e9vrier 2021 - Cyn... Bonjour, Apr\u00e8s avoir discut\u00e9 avec plusieurs voisins qui sont tous du m\u00eame avis, je me tourne vers vous car je ne sais pas quoi faire pour ves voisins. C\u2019est un couple avec 2 tr\u00e8s jeunes...<\/p><\/div><\/div><div class='item_body'><div class='quesion_response_block'><div class='question'><h5>Question<\/h5><div class='vqf_fixed_width_text'><div class=\"box-question p2\"><br \/>\r\n<p class=\"color-grey small mt1 mb0\">05 f\u00e9vrier 2021 - Cyn...<\/p><br \/>\r\nBonjour,<br \/>\r\n<br \/>\r\nApr\u00e8s avoir discut\u00e9 avec plusieurs voisins qui sont tous du m\u00eame avis, je me tourne vers vous car je ne sais pas quoi faire pour ves voisins. C\u2019est un couple avec 2 tr\u00e8s jeunes enfants. Les disputes violentes sont quotidiennes, les enfants passent leur temps \u00e0 hurler (de pleurs!), les parents s\u2019insultent et se jettent des objets dessus (pour les objets, nous le soup\u00e7onnons \u00e0 cause du bruit!)<br \/>\r\n<br \/>\r\nS\u2019il est certain que \u00e7a occasionne une r\u00e9elle g\u00eane pour tout le monde, ce qui me pose le plus de probl\u00e8me aujourd\u2019hui et de me dire que si un jour \u00e7a va plus loin, je m\u2019en voudrais de n\u2019avoir rien fait! J\u2019ai d\u00e9j\u00e0 pos\u00e9 un mot pour les nuisances sonores l ann\u00e9e derni\u00e8re (les enfants hurlent et courent jusqu\u2019\u00e0 parfois 1h du matin!), je me suis rendue compte que de les d\u00e9noncer \u00e0 la r\u00e9gie ne serait pas une bonne idee car il me semble qu\u2019ils ont d\u00e9j\u00e0 assez de probl\u00e8mes!<br \/>\r\n<br \/>\r\nLa situation me pr\u00e9occupe surtout pour les enfants qui \u00e9voluent dans un cadre malsain et pour Monsieur, qui bien qu\u2019il insulte beaucoup Madame, se fait humilier constamment... Le pire c est le weekend, lorsqu\u2019ils doivent \u00eatre ensemble toute la journ\u00e9e! \u00c7a commence d\u00e8s 6:30 du matin pour ne s arr\u00eater qu\u2019\u00e0 23:00 minimum...<br \/>\r\n<br \/>\r\nQue peut-on faire sachant que le dialogue est impossible? Qu\u2019engendrerait un appel \u00e0 la police? Que puis je faire pour ces enfants ne sachant pas exactement ce qui se passe? Merci pour votre aide...<br \/>\r\n<br \/>\r\n<\/div><br \/>\r\n<div class=\"bg-grey p2\"><br \/>\r\n<h3><\/h3><br \/>\r\n<h3><\/p><\/div><\/div><div class='response'><h5>Response<\/h5><div class='vqf_fixed_width_text'><p><\/h3><br \/>\r\nBonjour Madame,<br \/>\r\n<br \/>\r\nVous et vous voisin-e-s \u00eates r\u00e9guli\u00e8rement\u00a0t\u00e9moins\u00a0auditifs\u00a0de disputes violentes provenant de l'appartement d'un couple qui a deux tr\u00e8s jeunes enfants. Vous \u00eates inqui\u00e8te car vous entendez \u00e9galement des jets d'objets et des cris d'enfants. Vous vous demandez comment r\u00e9agir face \u00e0 cette situation et\u00a0ce qu'engendrerait un appel \u00e0 la police.<br \/>\r\n<br \/>\r\nLa situation que vous nous d\u00e9crivez est difficile et nous comprenons que vous\u00a0cherchiez de l'aide. Nous vous f\u00e9licitons pour votre volont\u00e9 d'agir contre ces violences\u00a0<a href=\"https:\/\/dev-vqf.creatives.com\/la-violence-dans-le-couple\/la-violence-psychologique\/\" target=\"_blank\" rel=\"noopener\">psychologiques\u00a0<\/a>et\u00a0<strong>suspicion de violence<\/strong>s\u00a0<a href=\"https:\/\/dev-vqf.creatives.com\/la-violence-dans-le-couple\/la-violence-physique\/\" target=\"_blank\" rel=\"noopener\">physiques<\/a>. Nous partageons votre inqui\u00e9tude concernant les\u00a0<a href=\"https:\/\/dev-vqf.creatives.com\/la-violence-dans-le-couple\/je\/jeunes\/\" target=\"_blank\" rel=\"noopener\">enfants\u00a0<\/a>qui\u00a0subissent de graves cons\u00e9quences lorsqu'ils sont expos\u00e9s \u00e0 des violences\u00a0<strong>m\u00eame lorsque celles-ci se produisent au sein du couple de leurs parents.<\/strong><br \/>\r\n<br \/>\r\nSi vous entendez \u00e0 nouveau des cris, des insultes ou des jets d'objets n'h\u00e9sitez pas \u00e0 contacter imm\u00e9diatement <strong>la police<\/strong>\u00a0au\u00a0<strong>117<\/strong>. Elle est form\u00e9e\u00a0pour\u00a0\u00e9valuer les situations de violences domestiques. Une fois au domicile, elle sera \u00e0 m\u00eame de constater s'il s'agit d'une situation de violences domestiques et pourra \u00e9ventuellement expulser la personne auteure des violences pour une dur\u00e9e de 14 jours dans le canton de Vaud. Cet expulsion de la personne auteure a pour but de prot\u00e9ger la ou les personnes victimes et leur laisser le temps de r\u00e9fl\u00e9chir \u00e0 leur situation avec l'aide de professionnel-le-s. Une liste des services d\u2019aide est \u00e9galement transmise au couple. Si la police estime qu'il y a mise en danger des enfants, elle pourra alors contacter le Service de Protection de la Jeunesse du canton de Vaud (SPJ).\u00a0Si les violences persistent, nous vous encourageons \u00e0 continuer d'appeler la police qui pourra alors constater la r\u00e9currence des violences.<br \/>\r\n<br \/>\r\nNous vous comprenons lorsque vous dites que le dialogue est impossible. Il n'est pas facile\u00a0de discuter avec les personnes concern\u00e9es, m\u00eame lorsque la situation nous inqui\u00e8te. Nous pouvons vous proposer d'afficher dans votre immeuble\u00a0<a href=\"https:\/\/www.ebg.admin.ch\/ebg\/fr\/home\/themes\/violence-domestique\/coordination-et-reseautage.html\" target=\"_blank\" rel=\"noopener\">ce flyer<\/a>\u00a0dressant la liste des ressources d'aide disponibles pour les victimes de violence dans le couple.<br \/>\r\n<br \/>\r\nNous esp\u00e9rons que ces quelques lignes vous sont utiles. Nous sommes de tout coeur avec vous et vous envoyons nos meilleures pens\u00e9es.<br \/>\r\n<br \/>\r\n<\/div><\/div><\/div><\/div><\/div><\/div><div class='qa_acc_item'><span class='acc_toggler'><\/span><div class='item_header'><h3>Il me hurle dessus et me frappe alors que j&#8217;ai l&#8217;impression de n&#8217;avoir rien fait. Dois-je appeler la police?<h3><div class='vqf_fixed_width_text'><p>04 f\u00e9vrier 2021 - Oli... Nous sommes agriculteurs et nous parlons \u00e0 midi de ce qu'il faut planter. Je regarde les semences et lui dit \"ne pas choisir du Raygras car il y en a beaucoup sur une parcelle\". Son...<\/p><\/div><\/div><div class='item_body'><div class='quesion_response_block'><div class='question'><h5>Question<\/h5><div class='vqf_fixed_width_text'><div class=\"box-question p2\"><br \/>\r\n<p class=\"color-grey small mt1 mb0\">04 f\u00e9vrier 2021 - Oli...<\/p><br \/>\r\nNous sommes agriculteurs et nous parlons \u00e0 midi de ce qu'il faut planter. Je regarde les semences et lui dit \"ne pas choisir du Raygras car il y en a beaucoup sur une parcelle\".<br \/>\r\n<br \/>\r\nSon fils l'a plant\u00e9 il y a quelques ann\u00e9es alors il se f\u00e2che et me hurle que je suis une saloperie, la pire saloperie de la terre, une salope et une vieille truie. Il dit que je cherche le conflit car j'ai critiqu\u00e9 les choix de son fils.... il me donne des gifles car je veux lui dire que je n'ai rien fait. Il persiste dans ses insultes pendant des heures. Je le suis pour lui redire que je n'ai rien fait et obtenir des excuses alors il me frappe. C'est comme cela tous les jours.<br \/>\r\n<br \/>\r\nPlus j'essaie de faire bien et plus je ne suis que le paratonnerre de tout ce qu'il se passe. Chaque phrase peut tourner en drame. Dois-je appeler la police? J'aimerais tellement qu'il arrive \u00e0 comprendre une fois que son comportement n'est pas normal. C'est comme si il ne savait pas et maintient qu'il a raison et que je suis une salope et qu'il n'a rien \u00e0 se reprocher. Mais j'ai beau le suivre pour lui expliquer que cela ne va pas, il ne comprend pas et me frappe au final pour me faire taire. Comment le faire r\u00e9aliser que son comportement est celui d'un fou? Hurler, insulter et frapper pour une histoire d'herbe n'est pas normal.<br \/>\r\n<br \/>\r\n<\/div><br \/>\r\n<div class=\"bg-grey p2\"><br \/>\r\n<h3><\/h3><br \/>\r\n<h3><\/p><\/div><\/div><div class='response'><h5>Response<\/h5><div class='vqf_fixed_width_text'><p><\/h3><br \/>\r\nBonjour Madame,<br \/>\r\n<br \/>\r\nVotre partenaire et vous \u00eates agriculteurs. Lorsque vous donnez votre avis et que lui n\u2019est pas d\u2019accord, il use de violences <a href=\"https:\/\/dev-vqf.creatives.com\/fr\/informations\/violence\/psychologique\" target=\"_blank\" rel=\"noopener\">psychologiques<\/a> et <a href=\"https:\/\/dev-vqf.creatives.com\/fr\/informations\/violence\/physique\" target=\"_blank\" rel=\"noopener\">physiques<\/a>. Vous vous efforcez de bien faire et vous aimeriez qu\u2019il comprenne que son comportement n\u2019est pas normal. Vous vous demandez si vous devez appeler la police lorsque cela tourne en drame.<br \/>\r\n<br \/>\r\n<strong>Madame, ce que vous vivez n\u2019est pas normal!<\/strong> Vous avez bien fait de nous \u00e9crire et de ne pas rester seule avec ce quotidien plus longtemps.<a href=\"https:\/\/dev-vqf.creatives.com\/fr\/informations\/loi\" target=\"_blank\" rel=\"noopener\"> La violence est interdite par la loi en Suisse<\/a>. Elle vous met en <a href=\"https:\/\/dev-vqf.creatives.com\/fr\/informations\/consequences\/pour-les-victimes\" target=\"_blank\" rel=\"noopener\">danger et a de nombreuses cons\u00e9quences sur votre sant\u00e9<\/a>.<br \/>\r\n<br \/>\r\nDans votre situation, nous voyons bien que votre partenaire use de la violence pour garder un rapport de force et contr\u00f4ler la situation.\u00a0Or, peu importe ce que vous faites, rien ne peut justifier ses comportements violents. Ses agissement ne sont pas excusables et <strong>ce n\u2019est pas de votre faute!<\/strong> Nous vous rassurons, vous n\u2019avez rien fait de mal et ne m\u00e9ritez pas \u00e7a.<span class=\"Apple-converted-space\">\u00a0<\/span><br \/>\r\n<br \/>\r\nEn cas de crise de violence (lorsque\u2019il vous frappe), nous vous sugg\u00e9rons d\u2019appeler <strong>la police au 117<\/strong>. Elle\u00a0interviendra pour vous prot\u00e9ger, vous interrogera tous les deux et pourra lui demander de quitter le domicile momentan\u00e9ment. G\u00e9n\u00e9ralement, il s\u2019agit d\u2019une dur\u00e9e de 30 jours, pour que vous puissiez faire le point de votre c\u00f4t\u00e9, qu\u2019il ne vous violente plus et que vous commenciez des d\u00e9marches pour vous en prot\u00e9ger.<br \/>\r\n<br \/>\r\n<strong>Cela peut \u00eatre un d\u00e9but pour lui dire STOP<\/strong> et qu\u2019il comprenne que ses comportements ne sont pas admissibles.<br \/>\r\n<br \/>\r\nS\u2019il vous a frapp\u00e9e r\u00e9cemment, n\u2019h\u00e9sitez pas \u00e0 aller consulter votre m\u00e9decin traitant ou l\u2019h\u00f4pital le plus proche afin de faire un constat m\u00e9dical des coups et blessures. C\u2019est important de garder une preuve pour les d\u00e9marches futures mais surtout de contr\u00f4ler votre \u00e9tat de sant\u00e9 et soigner les blessures, m\u00eame superficielles.<span class=\"Apple-converted-space\">\u00a0<\/span><br \/>\r\n<br \/>\r\nAvant qu\u2019une nouvelle crise se passe, nous vous conseillons vivement d\u2019appeler <a href=\"https:\/\/www.sf-lavi.ch\/\" target=\"_blank\" rel=\"noopener\">Solidarit\u00e9 Femmes et le Centre LAVI <\/a>(<strong>026 322 22 02<\/strong>). Les intervenant-e-s vous aideront \u00e0 trouver des solutions pour que cette situation cesse. Les consultations sont gratuites et confidentielles. Vous serez ainsi inform\u00e9e des vos droits et des possibilit\u00e9s qui s\u2019offrent \u00e0 vous. Vous avez \u00e9galement le droit de partir de votre domicile pour vous prot\u00e9ger en urgence si la situation se p\u00e9jore encore et que vous vous sentez en danger. Sur notre site, vous trouverez un plan d'urgence et les pr\u00e9paratifs de d\u00e9part.<br \/>\r\n<br \/>\r\nNous esp\u00e9rons que vous oserez en parler \u00e0 ces professionnel-le-s et poursuivrez vos d\u00e9marches pour vous prot\u00e9ger. Votre vie est importante et nous nous inqui\u00e9tons pour vous. Nous restons \u00e0 disposition si vous avez d\u2019autres questions, que vous avez besoin de soutien pour faire des pas suppl\u00e9mentaires ou que vous souhaitez nous donner des nouvelles. Prenez soin de vous.<br \/>\r\n<br \/>\r\n<\/div><\/div><\/div><\/div><\/div><\/div><div class='qa_acc_item'><span class='acc_toggler'><\/span><div class='item_header'><h3>Je subis de la violence conjugale mais je l\u2019aime et je ne trouve pas la force de partir<h3><div class='vqf_fixed_width_text'><p>30 janvier 2021 - Ber... Je subi de la violence conjugale, j\u2019 a chaque fois un changement de sa part. J\u2019ai peur pour moi, mais \u00e0 la fois je l\u2019aime et je ne trouve pas la force de partir... il...<\/p><\/div><\/div><div class='item_body'><div class='quesion_response_block'><div class='question'><h5>Question<\/h5><div class='vqf_fixed_width_text'><div class=\"box-question p2\"><br \/>\r\n<p class=\"color-grey small mt1 mb0\">30 janvier 2021 - Ber...<\/p><br \/>\r\nJe subi de la violence conjugale, j\u2019 a chaque fois un changement de sa part. J\u2019ai peur pour moi, mais \u00e0 la fois je l\u2019aime et je ne trouve pas la force de partir... il aimerait consulter et soigner ce probl\u00e8me de col\u00e8re excessive. pourriez-vous m\u2019aider et \u00e9galement l\u2019aider lui \u00e0 se calmer ? S\u2019il vous plait, merci .<br \/>\r\n<br \/>\r\n<\/div><br \/>\r\n<div class=\"bg-grey p2\"><br \/>\r\n<h3><\/h3><br \/>\r\n<h3><\/p><\/div><\/div><div class='response'><h5>Response<\/h5><div class='vqf_fixed_width_text'><p><\/h3><br \/>\r\nBonjour Madame,<br \/>\r\n<br \/>\r\nLes violences que vous subissez de votre partenaire vous font peur, mais en m\u00eame vos sentiment vous retiennent de partir. Vous mentionnez que vous\u00a0et lui cherchiez de l\u2019aide pour sortir de ce cycle infernal qu\u2019est la spirale de la violence.<br \/>\r\n<br \/>\r\nVous avez bien fait de nous demander de l\u2019aide car il est difficile de rompre ce cycle sans soutien ext\u00e9rieur. Briser le silence et l\u2019isolement et parler de votre situation constituent une \u00e9tape importante pour y parvenir.<br \/>\r\n<br \/>\r\nDans le canton de Vaud, le <a href=\"https:\/\/malleyprairie.ch\/\" target=\"_blank\" rel=\"noopener\">Centre MalleyPrairie<\/a> peut <a href=\"https:\/\/malleyprairie.ch\/nous-pouvons-vous-aider\/\" target=\"_blank\" rel=\"noopener\">vous aider<\/a> dans la <a href=\"https:\/\/malleyprairie.ch\/je-veux-comprendre\/\" target=\"_blank\" rel=\"noopener\">compr\u00e9hension <\/a>de ce que vous vivez et vous accompagner vers des changements. Nous vous encourageons \u00e0 p<a href=\"https:\/\/malleyprairie.ch\/contact\/\" target=\"_blank\" rel=\"noopener\">rendre contact <\/a>avec ces professionnel-le-s en appelant le<strong> 021\u00a0620 76 76<\/strong> et en demandant un <a href=\"https:\/\/malleyprairie.ch\/ambulatoire\/\" target=\"_blank\" rel=\"noopener\">entretien ambulatoire<\/a>. Les entretiens sont confidentiels, non payant et vous pourrez consulter \u00e0 Lausanne ou dans votre r\u00e9gion.<br \/>\r\n<br \/>\r\nConcernant votre partenaire, il peut s\u2019adresser au <a href=\"https:\/\/prevention-ale.ch\/\" target=\"_blank\" rel=\"noopener\">Centre de Pr\u00e9vention de l\u2019Ale<\/a>, qui propose une \u00e9coute et une aide concr\u00e8te aux personnes auteures de violence. En appelant au <a href=\"https:\/\/prevention-ale.ch\/contact\/\" target=\"_blank\" rel=\"noopener\">021\u00a0321 24 00<\/a>, il pourra fixer un <a href=\"https:\/\/prevention-ale.ch\/suivi-individuel-ou-groupe\/\" target=\"_blank\" rel=\"noopener\">entretien <\/a>avec des intervenant-e-s qui l\u2019accompagneront pour <a href=\"https:\/\/prevention-ale.ch\/je-veux-comprendre\/\" target=\"_blank\" rel=\"noopener\">comprendre <\/a>et se <a href=\"https:\/\/prevention-ale.ch\/nous-pouvons-vous-aider\/\" target=\"_blank\" rel=\"noopener\">faire aider<\/a> \u00e0 trouver des alternatives \u00e0 ses comportements violents.<br \/>\r\n<br \/>\r\nNous vous conseillons de ne pas attendre que votre partenaire s\u2019engage dans un processus de changement pour prendre les devants. La violence conjugale est inacceptable, a des cons\u00e9quences n\u00e9fastes pour les personnes qui la subisse et il est donc important de s\u2019en occuper sans d\u00e9lai.<br \/>\r\n<br \/>\r\nNous esp\u00e9rons par ces quelques lignes vous apporter les \u00e9l\u00e9ments de r\u00e9ponses que vous attendiez. Nous restons \u00e0 votre disposition pour d\u2019autres renseignements et nous vous adressons, Madame, nos meilleurs v\u0153ux de courage pour avancer vers une vie calme et sereine.<br \/>\r\n<br \/>\r\n<\/div><\/div><\/div><\/div><\/div><\/div><div class='qa_acc_item'><span class='acc_toggler'><\/span><div class='item_header'><h3>Un couple d&#8217;amis vit de la violence, que faire pour leur venir en aide?<h3><div class='vqf_fixed_width_text'><p>28 janvier 2021 - Mor... Bonjour, Je vois un couple d'amis ou la femme fait preuve de violence verbales (n\u00e9gativit\u00e9, insultes, menaces) vis-\u00e0-vis de son mari et plus rarement de son enfant. Je souhaiterai savoir comment les aider \u00e0 g\u00e9rer...<\/p><\/div><\/div><div class='item_body'><div class='quesion_response_block'><div class='question'><h5>Question<\/h5><div class='vqf_fixed_width_text'><div class=\"box-question p2\"><br \/>\r\n<p class=\"color-grey small mt1 mb0\">28 janvier 2021 - Mor...<\/p><br \/>\r\nBonjour, Je vois un couple d'amis ou la femme fait preuve de violence verbales (n\u00e9gativit\u00e9, insultes, menaces) vis-\u00e0-vis de son mari et plus rarement de son enfant. Je souhaiterai savoir comment les aider \u00e0 g\u00e9rer cette aggressivit\u00e9, avez-vous des ressources disponibles, des outils, etc.<br \/>\r\n<br \/>\r\n<\/div><br \/>\r\n<div class=\"bg-grey p2\"><br \/>\r\n<h3><\/h3><br \/>\r\n<h3><\/p><\/div><\/div><div class='response'><h5>Response<\/h5><div class='vqf_fixed_width_text'><p><\/h3><br \/>\r\nBonjour Monsieur,<br \/>\r\n<br \/>\r\nDans un couple d\u2019amis, la femme fait preuve de <a href=\"https:\/\/dev-vqf.creatives.com\/la-violence-dans-le-couple\/la-violence-psychologique\/\" target=\"_blank\" rel=\"noopener\">violences psychologiques<\/a> envers son mari et son enfant. Vous aimeriez les aider \u00e0 g\u00e9rer cette violence, ce pourquoi vous nous demandez conseil.<br \/>\r\n<br \/>\r\nVous avez bien fait de ne pas les laisser seuls dans cette situation et nous saluons votre volont\u00e9 de leur venir en aide.<span class=\"Apple-converted-space\">\u00a0<\/span><br \/>\r\n<br \/>\r\nSavez-vous si votre amie a conscience de la violence au sein de sa famille? Est-elle pr\u00eate \u00e0 se faire aider?<br \/>\r\n<br \/>\r\nPrendre conscience que la violence blesse l\u2019autre et qu\u2019elle d\u00e9truit la relation et l\u2019estime de son mari ainsi que de son enfant est important pour commencer. La violence a des cons\u00e9quences sur lui et son enfant ainsi que pour elle, qui doit \u00e9galement porter en elle beaucoup de\u00a0souffrance.<br \/>\r\n<br \/>\r\nUne fois cette prise de conscience, il faut comprendre le m\u00e9canisme de la violence\u00a0et d'o\u00f9 elle provient. Comment elle s\u2019est install\u00e9e, \u00e0 quel moment votre amie use de la violence, dans quel contexte et pour r\u00e9pondre \u00e0 quoi.<br \/>\r\n<br \/>\r\nElle doit savoir que d\u2019autres moyens que la violence existent pour exprimer sa col\u00e8re, son d\u00e9saccord ou son m\u00e9contentement.<span class=\"Apple-converted-space\">\u00a0<\/span><br \/>\r\n<br \/>\r\nLorsqu\u2019elle sent la col\u00e8re monter, elle peut d\u00e9samorcer la violence en sortant de la pi\u00e8ce, en allant marcher, ou encore en se concentrant sur sa respiration pour canaliser ses \u00e9motions et ses pens\u00e9ees. Cela permettra de ne pas r\u00e9agir mais de comprendre d\u2019abord les raisons de son \u00e9tat \u00e9motionnel et de r\u00e9fl\u00e9chir \u00e0 ce dont elle a besoin.<span class=\"Apple-converted-space\">\u00a0<\/span><br \/>\r\n<br \/>\r\nN\u2019h\u00e9sitez pas \u00e0 donner <a href=\"https:\/\/dev-vqf.creatives.com\" target=\"_blank\" rel=\"noopener\">le lien de notre site<\/a> \u00e0 ce couple, qui leur permettra d\u2019identifier ce qu\u2019ils vivent. Ils pourront aussi se confier et demander de l\u2019aide via notre service de conseil en ligne s\u2019ils le souhaitent.<br \/>\r\n<br \/>\r\nLe mieux que vous puissiez conseiller \u00e0 votre amie et d\u2019accepter l\u2019aide d\u2019un th\u00e9rapeute. Sans aide ext\u00e9rieure, il est difficile d\u2019arr\u00eater par soi-m\u00eame la violence. Vous pourriez lui donner le contact du <a href=\"https:\/\/prevention-ale.ch\/\" target=\"_blank\" rel=\"noopener\">CP-Ale<\/a> (<strong>021 321 24 00<\/strong>) qui est un service pour les personnes ayant recours \u00e0 des agressions ou actes de violences au sein du couple ou\/et de la famille.<span class=\"Apple-converted-space\">\u00a0Elle pourra ainsi avoir acc\u00e8s \u00e0 des consultations de mani\u00e8re confidentielle et \u00e0 un tarif adapt\u00e9 \u00e0\u00a0sa situation financi\u00e8re.<\/span><br \/>\r\n<br \/>\r\nNous esp\u00e9rons que ces pistes vous permettront de venir en aide \u00e0 vos amis. Nos meilleurs messages vous accompagnent.<br \/>\r\n<br \/>\r\n&nbsp;<br \/>\r\n<br \/>\r\n<\/div><\/div><\/div><\/div><\/div><\/div><div class='qa_acc_item'><span class='acc_toggler'><\/span><div class='item_header'><h3>Que dois-je faire pour ma voisine qui subit des violences?<h3><div class='vqf_fixed_width_text'><p>27 janvier 2021 - Lun... Bonsoir Ma voisine subit des violences verbal et physique de sont partenaires j ai d\u00e9j\u00e0 t\u00e9l\u00e9phoner au 117 \u00e0 voir y\u2019a rien bouge pas car depuis lundi et l\u00e0 nous sommes mercredi il y a...<\/p><\/div><\/div><div class='item_body'><div class='quesion_response_block'><div class='question'><h5>Question<\/h5><div class='vqf_fixed_width_text'><div class=\"box-question p2\"><br \/>\r\n<p class=\"color-grey small mt1 mb0\">27 janvier 2021 - Lun...<\/p><br \/>\r\nBonsoir<br \/>\r\n<br \/>\r\nMa voisine subit des violences verbal et physique de sont partenaires j ai d\u00e9j\u00e0 t\u00e9l\u00e9phoner au 117 \u00e0 voir y\u2019a rien bouge pas car depuis lundi et l\u00e0 nous sommes mercredi il y a des scandales des coups des choses qu ils lance dans tout les sens etc et Mme qui lui demande de partir et rien ne change dois-je continuer \u00e0 t\u00e9l\u00e9phoner au 117 \u00e0 chaque fois ou pas que dois-je faire Merci<br \/>\r\n<br \/>\r\n<\/div><br \/>\r\n<div class=\"bg-grey p2\"><br \/>\r\n<h3><\/h3><br \/>\r\n<h3><\/p><\/div><\/div><div class='response'><h5>Response<\/h5><div class='vqf_fixed_width_text'><p><\/h3><br \/>\r\nBonjour Madame,<br \/>\r\n<br \/>\r\nVous nous \u00e9crivez que votre voisine subit des violences verbales et <a href=\"https:\/\/dev-vqf.creatives.com\/la-violence-dans-le-couple\/la-violence-physique\/\">physiques<\/a> de la part de son partenaire. Vous entendez aussi des bruits quand il lance des choses. Vous avez appel\u00e9 la police mais rien ne semble bouger.<br \/>\r\n<br \/>\r\nNous comprenons bien que vous \u00eates en soucis et vous faites bien de nous \u00e9crire. Nous vous f\u00e9licitons de vous pr\u00e9occuper de votre voisine. Avec les mesures actuelles li\u00e9es \u00e0 la crise sanitaire, l\u2019entourage est d\u2019autant plus important pour d\u00e9tecter les violences et donner des signaux d\u2019alerte. Bien trop souvent la violence reste dans l\u2019intimit\u00e9 des foyers et cela d'autant plus dans cette p\u00e9riode de crise sanitaire.<br \/>\r\n<br \/>\r\nSi vous entendez encore des coups, le bruit d\u2019objets qui sont lanc\u00e9s, des cris, des signes qui vous alertent nous vous encourageons \u00e0 appeler \u00e0 nouveau la police au <strong>117<\/strong>. Toute personne peut signaler des situations dans lesquelles il semble y avoir des actes de violence. Savez-vous si la police est intervenue suite \u00e0 votre premier appel ?<br \/>\r\nSi la police intervient dans un contexte de violence conjugale, elle peut apr\u00e8s avoir \u00e9valuer la situation expulser l\u2019auteur-e du domicile pour quelques jours. Si la victime ne dit pas ce qu\u2019il s\u2019est pass\u00e9, ou qu\u2019elle ne souhaite pas l\u2019expulsion la police a moins de moyens d\u2019agir. Cependant les violences conjugales sont en principe poursuivie d\u2019office m\u00eame si la victime ne porte pas elle-m\u00eame plainte.<br \/>\r\n<br \/>\r\nAvez-vous un contact avec votre voisine ? Avez-vous l\u2019occasion de lui parler de vos craintes pour elle ? Si vous avez la possibilit\u00e9, vous pouvez lui proposer de contacter \u00e0 Lausanne le <a href=\"https:\/\/malleyprairie.ch\/\" target=\"_blank\" rel=\"noopener\">centre d\u2019accueil MalleyPrairie<\/a> au <strong>021 620 76 76<\/strong> qui propose des consultations individuelles pour des personnes qui vivent de la violence conjugale. Des professionnel-le-s pourront l\u2019\u00e9couter, l\u2019informer et explorer avec elle diff\u00e9rentes pistes selon ses projets. Si elle le d\u00e9sire, elle pourrait aussi demander un <a href=\"https:\/\/malleyprairie.ch\/hebergement\/\" target=\"_blank\" rel=\"noopener\">h\u00e9bergement au centre d'accueil MalleyPrairie <\/a>afin de pouvoir se mettre \u00e0 l'abri et prendre du recul sur sa situation quelques temps.<br \/>\r\n<br \/>\r\nEn esp\u00e9rant que ces quelques pistes vous auront aid\u00e9e, nous vous souhaitons beaucoup de courage et restons \u00e0 votre disposition pour d'autres questions.<br \/>\r\n<br \/>\r\n<\/div><\/div><\/div><\/div><\/div><\/div><div class='qa_acc_item'><span class='acc_toggler'><\/span><div class='item_header'><h3>Nous avons un couple d&#8217;amis qui vivent des violences physiques et nous sommes d\u00e9sempar\u00e9s. Que faire?<h3><div class='vqf_fixed_width_text'><p>20 janvier 2021 - Faf... Bonjour Nous avons un couple d\u2019amis et elle nous a dit \u00e0 plusieurs reprises qu\u2019elle se faisait battre, nous sommes d\u00e9sempar\u00e9s.<\/p><\/div><\/div><div class='item_body'><div class='quesion_response_block'><div class='question'><h5>Question<\/h5><div class='vqf_fixed_width_text'><div class=\"box-question p2\"><br \/>\r\n<p class=\"color-grey small mt1 mb0\">20 janvier 2021 - Faf...<\/p><br \/>\r\nBonjour Nous avons un couple d\u2019amis et elle nous a dit \u00e0 plusieurs reprises qu\u2019elle se faisait battre, nous sommes d\u00e9sempar\u00e9s.<br \/>\r\n<br \/>\r\n<\/div><br \/>\r\n<div class=\"bg-grey p2\"><br \/>\r\n<h3><\/h3><br \/>\r\n<h3><\/p><\/div><\/div><div class='response'><h5>Response<\/h5><div class='vqf_fixed_width_text'><p><\/h3><br \/>\r\nBonjour Monsieur,<br \/>\r\n<br \/>\r\nVous et votre partenaire connaissez un couple qui vit <a href=\"https:\/\/dev-vqf.creatives.com\/fr\/informations\/violence\/physique\" target=\"_blank\" rel=\"noopener\">des violences physiques<\/a> et vous vous sentez d\u00e9sempar\u00e9s par la connaissance de ces faits.<br \/>\r\n<br \/>\r\nNous comprenons vos ressentiments. Cette situation est difficile et nous imaginons que vous aimeriez les aider.\u00a0Vous avez bien fait de nous contacter, c\u2019est important de ne pas laisser ces personnes seules lorsqu'il y a de la violence.<br \/>\r\n<br \/>\r\nPremi\u00e8rement, le fait que vous soyez \u00e0 l\u2019\u00e9coute de votre amie lorsqu\u2019elle vous confie cela est d\u00e9j\u00e0 d\u2019une grande aide. Cela permet de ne pas laisser la victime isol\u00e9e et l\u2019encourager \u00e0 en parler \u00e0 des professionnel-le-s serait le prochain pas \u00e0 faire. Vous pouvez lui parler de notre site et l\u2019inviter \u00e0 nous poser des questions. Toutefois, nous vous conseillons vivement de l\u2019orienter directement vers un-e sp\u00e9cialiste du <a href=\"https:\/\/savi-ne.ch\/\" target=\"_blank\" rel=\"noopener\">Service d'aide aux victimes<\/a>\u00a0,qui pourra l\u2019accompagner et l\u2019aider \u00e0 sortir de cette situation de violence.\u00a0Une permanence t\u00e9l\u00e9phonique pour la violence domestique est \u00e0 disposition au<strong>032 886 46 36<\/strong> tous les jours de 18h00 \u00e0 21h00 sauf le samedi de 09h00 \u00e0 12h00.<br \/>\r\n<br \/>\r\nVous pouvez aussi lui sugg\u00e9rer d\u2019en parler \u00e0 son m\u00e9decin traitant, qui pourra v\u00e9rifier son \u00e9tat de sant\u00e9 en faisant <a href=\"https:\/\/dev-vqf.creatives.com\/fr\/victimes\/victimes_que-faire\/conseils-pratiques\" target=\"_blank\" rel=\"noopener\">un constat m\u00e9dical des coups et blessures<\/a> et\u00a0lui apporter le soin dont elle a besoin.<br \/>\r\n<br \/>\r\nSi vous avez connaissance d\u2019une dispute violente, vous avez le droit d\u2019appeler imm\u00e9diatement la police au <strong>117<\/strong> pour intervenir et prot\u00e9ger la victime. Ceci en tout anonymat.<span class=\"Apple-converted-space\">\u00a0<\/span><br \/>\r\n<br \/>\r\nNous esp\u00e9rons que ces lignes vous aideront \u00e0 aider vos amie-s et que la situation s\u2019arrangera pour eux. Si vous avez d\u2019autres questions ou que vous souhaitez nous partagez r\u00e9flexions et \u00e9motions li\u00e9es \u00e0 cette situation, notre porte reste ouverte. Nos meilleurs messages.<br \/>\r\n<br \/>\r\n<\/div><\/div><\/div><\/div><\/div><\/div><div class='qa_acc_item'><span class='acc_toggler'><\/span><div class='item_header'><h3>Connaissez-vous un groupe de parole pour femmes victimes de violences?<h3><div class='vqf_fixed_width_text'><p>19 janvier 2021 - fl0... Bonsoir, Je vous \u00e9cris car je sors d'une relation abusive de 2 ans avec une personne qui a abus\u00e9 de moi sexuellement et \u00e9motionnellement. Je suis bien entour\u00e9e, suivie par une psychologue depuis 2 ans...<\/p><\/div><\/div><div class='item_body'><div class='quesion_response_block'><div class='question'><h5>Question<\/h5><div class='vqf_fixed_width_text'><div class=\"box-question p2\"><br \/>\r\n<p class=\"color-grey small mt1 mb0\">19 janvier 2021 - fl0...<\/p><br \/>\r\nBonsoir,<br \/>\r\n<br \/>\r\nJe vous \u00e9cris car je sors d'une relation abusive de 2 ans avec une personne qui a abus\u00e9 de moi sexuellement et \u00e9motionnellement. Je suis bien entour\u00e9e, suivie par une psychologue depuis 2 ans et je commence gentiment \u00e0 comprendre le m\u00e9canisme des abus que j'ai subi, mais le traumatisme reste tr\u00e8s pr\u00e9sent quotidiennement. J'aimerais beaucoup pouvoir partager \u00e7a avec des femmes* ayant v\u00e9cu la m\u00eame chose et je voulais savoir si vous aviez connaissance de groupes de parole pour les personnes ayant subi des violences psychologiques et \u00e9motionnelles? J'ai contact\u00e9 MalleyPrairie, mais pour l'instant il n'y pas de groupe actif par rapport \u00e0 ce sujet. Merci d'avance pour votre r\u00e9ponse et bonne soir\u00e9e !<br \/>\r\n<br \/>\r\n<\/div><br \/>\r\n<div class=\"bg-grey p2\"><br \/>\r\n<h3><\/h3><br \/>\r\n<h3><\/p><\/div><\/div><div class='response'><h5>Response<\/h5><div class='vqf_fixed_width_text'><p><\/h3><br \/>\r\nBonjour,<br \/>\r\n<br \/>\r\nApr\u00e8s avoir \u00e9t\u00e9 confront\u00e9e \u00e0 des violences <a href=\"https:\/\/dev-vqf.creatives.com\/la-violence-dans-le-couple\/la-violence-psychologique\/\">psychologiques<\/a> et <a href=\"https:\/\/dev-vqf.creatives.com\/la-violence-dans-le-couple\/la-violence-sexuelle\/\">sexuelles<\/a> au sein de votre ancien couple, vous avez d\u00e9cid\u00e9 de suivre une th\u00e9rapie personnelle. Malgr\u00e9 les efforts, les cons\u00e9quences de ces violences demandant plus de temps et de soin et vous ressentez le besoin de\u00a0partager votre v\u00e9cu avec d\u2019autres femmes et cherchez un groupe de parole.<br \/>\r\n<br \/>\r\nA notre connaissance actuelle, il n\u2019existe pas de groupe de parole \u00e0 cet effet pour le moment dans le canton de Vaud. Cependant, il existe un association d\u2019entraide entre femmes qui pourrait peut-\u00eatre vous int\u00e9resser. Il s\u2019agit d\u2019Elles Entr\u2019Aid. Vous pourriez les contacter (\u00a0<strong>021 311 86 76<\/strong>) \u00a0et demander s\u2019il est possible d\u2019organiser un groupe de parole \u00e0 cet effet. Beaucoup de femmes seront certainement int\u00e9ress\u00e9es par ce projet.<br \/>\r\n<br \/>\r\nSinon, \u00e0 Gen\u00e8ve, il existe des groupes de paroles en pleine conscience <a href=\"https:\/\/www.ctas.ch\/index.php?id=46\" target=\"_blank\" rel=\"noopener\">au Centre Th\u00e9rapeutique Traumatisme Agressions sexuelles<\/a>\u00a0(CTAS, <strong>022 800 08 50<\/strong>). Il y a un cycle de 4 s\u00e9ances \u00e0 suivre. Si vous pouvez vous d\u00e9placer, n\u2019h\u00e9sitez donc pas \u00e0 les contacter pour rejoindre un de leurs groupes de paroles.<span class=\"Apple-converted-space\">\u00a0<\/span><br \/>\r\n<br \/>\r\nNous esp\u00e9rons que vous trouverez ce dont vous avez besoin pour gu\u00e9rir des blessures laiss\u00e9es par cette relation. Nos meilleurs pens\u00e9es vous accompagnent.<span class=\"Apple-converted-space\">\u00a0<\/span><br \/>\r\n<br \/>\r\n&nbsp;<br \/>\r\n<br \/>\r\n<\/div><\/div><\/div><\/div><\/div><\/div><div class='qa_acc_item'><span class='acc_toggler'><\/span><div class='item_header'><h3>Je subis de la violence de la part de ma femme depuis des ann\u00e9es, que me conseillez-vous?<h3><div class='vqf_fixed_width_text'><p>16 janvier 2021 - Xan... Bonjour, Je me permets de vous \u00e9crire parce que je subi de la violence de la part de ma femme depuis quelques ann\u00e9es. Cela se traduit par des gifles, griffures, humiliations, insultes entre autres... Et...<\/p><\/div><\/div><div class='item_body'><div class='quesion_response_block'><div class='question'><h5>Question<\/h5><div class='vqf_fixed_width_text'><div class=\"box-question p2\"><br \/>\r\n<p class=\"color-grey small mt1 mb0\">16 janvier 2021 - Xan...<\/p><br \/>\r\nBonjour, Je me permets de vous \u00e9crire parce que je subi de la violence de la part de ma femme depuis quelques ann\u00e9es. Cela se traduit par des gifles, griffures, humiliations, insultes entre autres... Et Il se trouve que ma femme a v\u00e9cu des situations de violences pendant son enfance car son p\u00e8re frappait sa m\u00e8re. Je ne sais pas si cela peut servir de \"circonstance att\u00e9nuante\".<br \/>\r\n<br \/>\r\nJe me trouve aussi dans une situation de d\u00e9pendance vis-\u00e0-vis de ma femme parce que nous avons deux enfants en bas \u00e2ge et que je suis sans travail et n'ai pas de revenus. Cela fait en sorte de me sentir contraint de \"rester\".<br \/>\r\n<br \/>\r\nJe me sens sans aucune confiance en moi et ressens comme du stress en sachant que ma femme rentre \u00e0 la maison, par exemple. Je vous serais reconnaissant de me conseiller au mieux. Merci beaucoup. Cordialement.<br \/>\r\n<br \/>\r\n<\/div><br \/>\r\n<div class=\"bg-grey p2\"><br \/>\r\n<h3><\/h3><br \/>\r\n<h3><\/p><\/div><\/div><div class='response'><h5>Response<\/h5><div class='vqf_fixed_width_text'><p><\/h3><br \/>\r\nBonjour Monsieur,<br \/>\r\n<br \/>\r\nDepuis plusieurs ann\u00e9es, vous vivez des violences <a href=\"https:\/\/dev-vqf.creatives.com\/la-violence-dans-le-couple\/la-violence-psychologique\/\" target=\"_blank\" rel=\"noopener\">psychologiques<\/a> et <a href=\"https:\/\/dev-vqf.creatives.com\/la-violence-dans-le-couple\/la-violence-physique\/\" target=\"_blank\" rel=\"noopener\">physiques<\/a>. Vous nous dites d\u00e9pendre de votre femme financi\u00e8rement et vous avez aussi deux enfants en bas \u00e2ge, ce qui fait que vous vous sentez contraint de rester. La perte de confiance en vous et l\u2019appr\u00e9hension du retour de votre femme \u00e0 la maison, qui sont des\u00a0cons\u00e9quences de la violence, font partie de votre quotidien.<br \/>\r\n<br \/>\r\nVous aimeriez nos conseils pour sortir de cette situation. Oser en parler et demander de l\u2019aide est un grand pas et nous vous en f\u00e9licitons.<span class=\"Apple-converted-space\">\u00a0<\/span><br \/>\r\n<br \/>\r\nTout d\u2019abord, il est vrai que si votre femme a v\u00e9cu des violences dans son enfance, cela peut \u00eatre \u00e0 l\u2019origine de ses comportements. Cependant, cela ne justifie pas la violence, qui est d\u2019ailleurs interdite par la loi en Suisse.<span class=\"Apple-converted-space\">\u00a0<\/span><br \/>\r\n<br \/>\r\nNous comprenons que se s\u00e9parer de votre femme dans ce contexte est d\u00e9licat. Malheureusement, la violence d\u00e9truit la relation et d\u00e9favorise l\u2019ambiance propice au d\u00e9veloppement de vos enfants\u00a0dans votre foyer. Il est donc important d\u2019agir, pour vous et pour eux.<span class=\"Apple-converted-space\">\u00a0<\/span><br \/>\r\n<br \/>\r\nEn plus de vous prot\u00e9ger de la violence, qu\u2019aimeriez vous pour votre couple? Pensez-vous que votre femme est consciente que la situation est grave et qu\u2019il est n\u00e9cessaire que cela change?<br \/>\r\n<br \/>\r\nPour vous aider \u00e0 vous prot\u00e9ger et trouver des moyens financiers si vous souhaitez partir, nous vous conseillons de contacter le <a href=\"https:\/\/savi-ne.ch\/\" target=\"_blank\" rel=\"noopener\">Service d'aide aux victimes (SAVI<\/a>) pour discuter de votre situation. Les intervenant-e-s vous accompagneront dans cette p\u00e9riode difficile, quels que soient vos choix, et pourront vous soutenir ainsi que\u00a0vous informer sur vos droits. Les entretiens sont sur\u00a0rendez-vous, gratuits et confidentiels. Une permanence t\u00e9l\u00e9phonique, tous les jours de la semaine de 18h-21h ou le samedi de 9h \u00e0 12h est \u00e0 disposition (<strong>032 886 46 36<\/strong>). Ces professionnel-le-s de la violence sont l\u00e0 pour vous aider, n\u2019h\u00e9sitez donc pas \u00e0 les appeler au plus vite.<br \/>\r\n<br \/>\r\nSi vous avez d\u2019autres questions ou que vous souhaitez nous donner des nouvelles, notre porte reste ouverte. Nos meilleures pens\u00e9es vous accompagnent.<span class=\"Apple-converted-space\">\u00a0<\/span><br \/>\r\n<br \/>\r\n<\/div><\/div><\/div><\/div><\/div><\/div><div class='qa_acc_item'><span class='acc_toggler'><\/span><div class='item_header'><h3>Expulsion du conjoint de l&#8217;appartement<h3><div class='vqf_fixed_width_text'><p>12 janvier 2021 - Alb... Il est fait mention de situation aig\u00fce pour obtenir le d\u00e9part du conjoint de l appartement. Le fait d' \u00eatre insult\u00e9e et menac\u00e9e est - il suffisant ? Ce soir il y a eu une...<\/p><\/div><\/div><div class='item_body'><div class='quesion_response_block'><div class='question'><h5>Question<\/h5><div class='vqf_fixed_width_text'><div class=\"box-question p2\"><br \/>\r\n<p class=\"color-grey small mt1 mb0\">12 janvier 2021 - Alb...<\/p><br \/>\r\nIl est fait mention de situation aig\u00fce pour obtenir le d\u00e9part du conjoint de l appartement. Le fait d' \u00eatre insult\u00e9e et menac\u00e9e est - il suffisant ? Ce soir il y a eu une petite gifle et essay\u00e9 de casser mon natel quand j ai dit que je voulais appeler la police. Comment \u00e7a se passe quand la police arrive ?<br \/>\r\n<br \/>\r\n<\/div><br \/>\r\n<div class=\"bg-grey p2\"><br \/>\r\n<h3><\/h3><br \/>\r\n<h3><\/p><\/div><\/div><div class='response'><h5>Response<\/h5><div class='vqf_fixed_width_text'><p><\/h3><br \/>\r\nBonjour Madame,<br \/>\r\n<br \/>\r\nVous avez \u00e9t\u00e9 confront\u00e9e \u00e0 des <a href=\"https:\/\/dev-vqf.creatives.com\/la-violence-dans-le-couple\/la-violence-psychologique\/\" target=\"_blank\" rel=\"noopener\">violences psychologiques<\/a> et <a href=\"https:\/\/dev-vqf.creatives.com\/la-violence-dans-le-couple\/la-violence-physique\/\" target=\"_blank\" rel=\"noopener\">physiques<\/a> au sein de votre couple. Vous nous \u00e9crivez pour nous demander dans quelle situation il y a une expulsion de l'auteur de violence et si cela se fait si vous \u00eates insult\u00e9e et menac\u00e9e. Vous aimeriez aussi savoir comment cela se passe une fois la police sur place.<span class=\"Apple-converted-space\">\u00a0<\/span><br \/>\r\n<br \/>\r\n<strong>Dans les situations de violences conjugales, en cas de domicile commun, l\u2019auteur-e peut \u00eatre expuls\u00e9-e du domicile commun, soit sur demande de la victime, soit par un service d\u00e9sign\u00e9 par les cantons en cas de crise (art. 28b al. 4 du Code Civil), soit par la police judiciaire dans le canton de Vaud.<\/strong><br \/>\r\n<br \/>\r\nEn cas de crise (menaces graves ou de violences physiques), vous pouvez appeler la police en urgence\u00a0au <strong>117<\/strong>. Celle-ci interviendra au plus vite pour vous prot\u00e9ger et vous interrogera ainsi que votre conjoint pour \u00e9valuer la situation. Apr\u00e8s cette audition, il peut y avoir une expulsion de l\u2019auteur de violence du lieu d\u2019habitation <strong>pendant 30 jours<\/strong> (art. 28b, CC).\u00a0 L\u2019auteur-e des faits devra rendre les cl\u00e9s \u00e0 la police (qui les remettra \u00e0 la victime) et faire un rapide sac avec le n\u00e9cessaire puis quitter les lieux.<br \/>\r\n<br \/>\r\nPendant ces 30 jours, l\u2019auteur-e ne peut reprendre contact avec la victime ni encore moins retourner au domicile. Une proc\u00e9dure judiciaire sera ouverte, et \u00e0 terme, une d\u00e9cision quant au retour \u00e0 la vie commune ou \u00e0 une s\u00e9paration temporaire devra \u00eatre prise selon le souhait de la victime. S\u2019il y a une demande de s\u00e9paration provisoire, le juge civile peut statuer dans l\u2019urgence l\u2019attribution du domicile, de la garde des enfants et de la pension.<br \/>\r\n<br \/>\r\nS'il y a des violences, des menaces ou du harc\u00e8lement, la victime peut aussi demander <strong>des mesures de protection civiles<\/strong>. Le juge peut ainsi interdire \u00e0 la ou au partenaire de s\u2019approcher de la victime, et\/ou de son domicile et d\u2019autres lieux comme de son lieu de travail, ainsi que de prendre contact avec elle de quelque mani\u00e8re que ce soit (art. 28b, CC).<br \/>\r\n<br \/>\r\nNous esp\u00e9rons que ces informations vous aideront \u00e0 vous prot\u00e9ger et nous restons \u00e0 disposition pour toute autre question. Nous recevons aussi volontiers de\u00a0vos nouvelles. Prenez bien soin de vous.<br \/>\r\n<br \/>\r\n<\/div><\/div><\/div><\/div><\/div><\/div><div class='qa_acc_item'><span class='acc_toggler'><\/span><div class='item_header'><h3>J&#8217;ai eu recours \u00e0 la violence envers ma femme et j&#8217;ai besoin d&#8217;aide.<h3><div class='vqf_fixed_width_text'><p>11 janvier 2021 - Bal... Bonjour, apr\u00e8s 9 ans de relation, 4 An de mariage et l\u2019arriv\u00e9e de 2 enfants (2018-2020) je rencontre des grandes difficult\u00e9s dans ma relation et ai eu recours \u00e0 la violence envers ma femme hier...<\/p><\/div><\/div><div class='item_body'><div class='quesion_response_block'><div class='question'><h5>Question<\/h5><div class='vqf_fixed_width_text'><div class=\"box-question p2\"><br \/>\r\n<p class=\"color-grey small mt1 mb0\">11 janvier 2021 - Bal...<\/p><br \/>\r\nBonjour,<br \/>\r\n<br \/>\r\napr\u00e8s 9 ans de relation, 4 An de mariage et l\u2019arriv\u00e9e de 2 enfants (2018-2020) je rencontre des grandes difficult\u00e9s dans ma relation et ai eu recours \u00e0 la violence envers ma femme hier soir. Je me sens Tr\u00e8s mal et me d\u00e9go\u00fbte profond\u00e9ment. J\u2019aimerais de L\u2019aide svp. Merci<br \/>\r\n<br \/>\r\n<\/div><br \/>\r\n<div class=\"bg-grey p2\"><br \/>\r\n<h3><\/h3><br \/>\r\n<h3><\/p><\/div><\/div><div class='response'><h5>Response<\/h5><div class='vqf_fixed_width_text'><p><\/h3><br \/>\r\nBonjour Monsieur,<br \/>\r\n<br \/>\r\nVous nous d\u00e9crivez avoir eu des comportements violents \u00e0 l\u2019encontre de votre partenaire, agissements qui suscitent en vous un grand malaise. Vous souhaitez de l\u2019aide et nous saluons votre d\u00e9marche.<br \/>\r\n<br \/>\r\nVotre malaise et votre souffrance viennent certainement de votre prise de conscience que vos agissements sont n\u00e9fastes pour votre relation et mettent en p\u00e9ril l\u2019int\u00e9grit\u00e9 physique et\/ou psychique de votre femme et de vos enfants. Le fait que vous reconnaissiez que le recours \u00e0 la violence est inadmissible est d\u00e9j\u00e0 un premier pas qui peut vous permettre d\u2019entreprendre un travail sur vous-m\u00eame. Il est en effet important que vous puissiez identifier ce qui s\u2019est pass\u00e9 en vous qui a d\u00e9clench\u00e9 vos r\u00e9actions violentes afin que cela ne se reproduise plus. Pour vous accompagner dans cette d\u00e9marche et trouver des strat\u00e9gies afin de ne plus recourir \u00e0 la violence, nous pouvons vous conseiller de prendre contact, \u00e0 Lausanne, avec les profesionnel-le-s du <a href=\"https:\/\/prevention-ale.ch\/\" target=\"_blank\" rel=\"noopener\">Centre Pr\u00e9vention de l\u2019Ale<\/a> par t\u00e9l\u00e9phone au <strong>021\u00a0321 24 00<\/strong> ou par email\u00a0: info@prevention-ale.ch. Le premier entretien est non payant. Une participation financi\u00e8re calcul\u00e9e sur la base du salaire est demand\u00e9e par la suite s\u2019adaptant ainsi \u00e0 chaque budget.<br \/>\r\n<br \/>\r\nEnfin vous mentionnez vos jeunes enfants et nous souhaitons attirer votre attention sur <a href=\"https:\/\/dev-vqf.creatives.com\/la-violence-dans-le-couple\/je\/jeunes\/\" target=\"_blank\" rel=\"noopener\">l\u2019impact n\u00e9gatif sur les enfants lorsqu\u2019ils sont t\u00e9moins de violence.<\/a> Ceci est \u00e9galement valable lorsqu\u2019ils per\u00e7oivent les tensions tout en n\u2019\u00e9tant pas pr\u00e9sents lors des disputes entre les parents. C\u2019est donc une raison de plus pour que vous cherchiez des solutions et de l\u2019aide, premier pas que vous avez amorc\u00e9 en nous \u00e9crivant.<br \/>\r\n<br \/>\r\nEn esp\u00e9rant que vous ne vous arr\u00eaterez pas l\u00e0 dans votre recherche d\u2019aide et en restant \u00e0 disposition si vous souhaitez nous r\u00e9\u00e9crire, nous vous adressons nos meilleurs messages.<br \/>\r\n<br \/>\r\n<\/div><\/div><\/div><\/div><\/div><\/div><div class='qa_acc_item'><span class='acc_toggler'><\/span><div class='item_header'><h3>Ma soeur subit la violence de son mari<h3><div class='vqf_fixed_width_text'><p>11 janvier 2021 - Ela... Je soup\u00e7onne ma soeur d\u2019avoir des \u00e9tats de col\u00e8re elle aussi. Comment faire pour savoir pour lui demander sans la blesser. Son mari est un vrai manipulateur. Je ne sais pas s\u2019il dit la v\u00e9rit\u00e9!...<\/p><\/div><\/div><div class='item_body'><div class='quesion_response_block'><div class='question'><h5>Question<\/h5><div class='vqf_fixed_width_text'><div class=\"box-question p2\"><br \/>\r\n<p class=\"color-grey small mt1 mb0\">11 janvier 2021 - Ela...<\/p><br \/>\r\nJe soup\u00e7onne ma soeur d\u2019avoir des \u00e9tats de col\u00e8re elle aussi. Comment faire pour savoir pour lui demander sans la blesser. Son mari est un vrai manipulateur. Je ne sais pas s\u2019il dit la v\u00e9rit\u00e9! Et qu\u2019il essaye de tout mettre sur le dos de ma soeur.<br \/>\r\n<br \/>\r\n<\/div><br \/>\r\n<div class=\"bg-grey p2\"><br \/>\r\n<h3><\/h3><br \/>\r\n<h3><\/p><\/div><\/div><div class='response'><h5>Response<\/h5><div class='vqf_fixed_width_text'><p><\/h3><br \/>\r\nBonjour Madame,<br \/>\r\n<br \/>\r\nVotre soeur est confront\u00e9e \u00e0 de <a href=\"https:\/\/dev-vqf.creatives.com\/la-violence-dans-le-couple\/la-violence-physique\/\" target=\"_blank\" rel=\"noopener\">la violence<\/a> dans son couple. Vous soup\u00e7onnez qu\u2019elle agit aussi par la violence et vous ne savez pas comment lui en parler sans la blesser.<br \/>\r\n<br \/>\r\nVous avez bien fait de nous en parler. Nous imaginons que vous vous inqui\u00e9tez pour elle et que cela vous touche aussi.<br \/>\r\n<br \/>\r\nPour parler de la violence a votre soeur, vous pouvez l\u2019interroger sur\u00a0leurs comportements en couple qui la d\u00e9rangent ou qui la font souffrir, sans \u00e9mettre de jugement. Demandez lui comment elle se sent, ce qui se passe quand cela va mal pour qu\u2019elle vous en dise plus, sans nommer directement la violence au d\u00e9part. C\u2019est lorsqu\u2019elle vous raconte par\u00a0elle-m\u00eame les agissements violents que vous pouvez lui dire\u00a0qu\u2019il s\u2019agit de comportements violents et que cela vous inqui\u00e8te. Il y a plusieurs types de violence que l\u2019on a r\u00e9pertori\u00e9 sur notre site pour vous aider \u00e0 les identifier. N\u2019h\u00e9sitez pas \u00e0 lui dire ce que vous ressentez pour elle \u00e9galement. Une \u00e9coute et un \u00e9change est toujours d\u2019un grand soutien pour les personnes qui vivent des difficult\u00e9s dans leur couple.\u00a0D'autres pistes pour aider les personnes de l'entourage sont ici.<br \/>\r\n<br \/>\r\nLes personnes qui vivent des violences ont parfois besoin de temps pour prendre conscience de la situation, c\u2019est pourquoi en parler permet de reconna\u00eetre ce qui se passe.<span class=\"Apple-converted-space\">\u00a0Une fois cette \u00e9tape pass\u00e9e, il est important qu'elle puisse trouver des moyens pour se prot\u00e9ger et ne plus user de la violence si c'est le cas.<\/span><br \/>\r\n<br \/>\r\nSi elle ne souhaite pas partager cela avec la famille (\u00e0 cause d\u2019un sentiment de honte qui est souvent une cons\u00e9quence de la violence) vous pouvez lui dire qu\u2019elle peut nous \u00e9crire sur notre site en tout anonymat et gratuitement.<br \/>\r\n<br \/>\r\nSi vous avez d\u2019autres questions, notre porte reste ouverte. Nous sommes de tout coeur avec vous et votre soeur.<br \/>\r\n<br \/>\r\n<\/div><\/div><\/div><\/div><\/div><\/div><div class='qa_acc_item'><span class='acc_toggler'><\/span><div class='item_header'><h3>Mon mari ne contr\u00f4le pas ses nerfs avec moi<h3><div class='vqf_fixed_width_text'><p>10 janvier 2021 - Yol... Toujours sur les nerfs tr\u00e8s nerveux contr\u00f4le pas ses nerfs envers moi , injures rabaisser regards d\u00e9plac\u00e9s tout ce que je dis fais c\u2019est mal .ma fa\u00e7on d\u2019\u00eatre est inconsciente immature inad\u00e9quate gamine inadmissible insupportable...<\/p><\/div><\/div><div class='item_body'><div class='quesion_response_block'><div class='question'><h5>Question<\/h5><div class='vqf_fixed_width_text'><div class=\"box-question p2\"><br \/>\r\n<p class=\"color-grey small mt1 mb0\">10 janvier 2021 - Yol...<\/p><br \/>\r\nToujours sur les nerfs tr\u00e8s nerveux contr\u00f4le pas ses nerfs envers moi , injures rabaisser regards d\u00e9plac\u00e9s tout ce que je dis fais c\u2019est mal .ma fa\u00e7on d\u2019\u00eatre est inconsciente immature inad\u00e9quate gamine inadmissible insupportable ing\u00e9rable inqui\u00e9tante ce qui dit mari filles . Que je suis malade que je vais jamais changer je suis tr\u00e8s seule .quitter un domicile avec pression tension pour vivre dans le calme que des inconv\u00e9nients j\u2019ai subi cela . Je suis bloqu\u00e9e choqu\u00e9e peurs humili\u00e9e seule isol\u00e9e enferm\u00e9e chambre pas \u00e0 table irritable sensibilit\u00e9 larmes .m\u2019a jeter sur le lit en me giflant et me tenant fort et disant tu peux crier j\u2019ai rien \u00e0 foutre peur de personnes . Ma m\u00e2choire je la sentais plus j\u2019avais mal .<br \/>\r\n<br \/>\r\n<\/div><br \/>\r\n<div class=\"bg-grey p2\"><br \/>\r\n<h3><\/h3><br \/>\r\n<h3><\/p><\/div><\/div><div class='response'><h5>Response<\/h5><div class='vqf_fixed_width_text'><p><\/h3><br \/>\r\nBonjour Madame,<br \/>\r\n<br \/>\r\nVous nous d\u00e9crivez de fortes\u00a0<a href=\"https:\/\/dev-vqf.creatives.com\/la-violence-dans-le-couple\/la-violence-psychologique\/\">violences psychologiques<\/a> et <a href=\"https:\/\/dev-vqf.creatives.com\/la-violence-dans-le-couple\/la-violence-physique\/\">physiques<\/a> de votre mari envers vous. Vous vous sentez seule, bloqu\u00e9e, humili\u00e9e et isol\u00e9e et vous avez peur.<span class=\"Apple-converted-space\">\u00a0<\/span><br \/>\r\n<br \/>\r\nNous comprenons votre \u00e9tat qui est alarmant. Nous nous inqui\u00e9tons beaucoup pour vous. Vous avez bien fait de ne pas rester seule et de nous \u00e9crire. Ces ressentiments difficiles sont des cons\u00e9quences directes de la violence dont vous \u00eates victime.<span class=\"Apple-converted-space\">\u00a0<\/span><br \/>\r\n<br \/>\r\nPouvez-vous aller voir un m\u00e9decin? Il est important de soigner vos blessures et contr\u00f4ler votre \u00e9tat de sant\u00e9. Dans le canton de Vaud, vous pouvez y aller gratuitement sur rendez-vous \u00e0 <a href=\"https:\/\/www.curml.ch\/prestations-de-lunite-de-medecine-des-violences-umv\">l\u2019Unit\u00e9 des M\u00e9decine des Violences <\/a>(UMV) le plus proche de chez vous et faire un constat m\u00e9dical confidentiel.<br \/>\r\n<br \/>\r\nSi vous souhaitez quitter votre domicile pour vous prot\u00e9ger avec vos filles vous avez le droit de partir \u00e0 tout moment. La violence est interdite par la loi en Suisse.<a href=\"https:\/\/malleyprairie.ch\/\"> Au Centre d\u2019accueil MalleyPrairie<\/a>, il existe des h\u00e9bergements d\u2019urgence pour les personnes victimes de violence conjugale. Vous pouvez les appeler (<strong>021 620 76 76<\/strong>) au plus vite et leur demander de l\u2019aide. Ces professionnel-le-s pourront vous aider \u00e0 sortir de cette situation et vous accompagneront tout au long des d\u00e9marches n\u00e9cessaires pour vous.<span class=\"Apple-converted-space\">\u00a0<\/span><br \/>\r\n<br \/>\r\n<strong>Vous n\u2019\u00eates pas seule et les professionnel-le-s sont l\u00e0 pour vous aider, n\u2019h\u00e9sitez pas \u00e0 les contacter rapidement.<\/strong><br \/>\r\n<br \/>\r\nSi vous avez d\u2019autres questions ou que vous souhaitez nous donner des nouvelles, notre porte reste ouverte. Nos meilleures pens\u00e9es vous accompagnent pour la suite. Courage!<br \/>\r\n<br \/>\r\n<\/div><\/div><\/div><\/div><\/div><\/div><div class='qa_acc_item'><span class='acc_toggler'><\/span><div class='item_header'><h3>Violence durant la grossesse que faire?<h3><div class='vqf_fixed_width_text'><p>06 janvier 2021 - Noo... Je suis avec mon conjoint depuis 2018, en 2019 on a eu notre premier enfant, il ma gifler pendant la grossesse et tromper. Je lai pardonner... mois apr\u00e8s, pendant l'ete 2020, il m'as agresser a...<\/p><\/div><\/div><div class='item_body'><div class='quesion_response_block'><div class='question'><h5>Question<\/h5><div class='vqf_fixed_width_text'><div class=\"box-question p2\"><br \/>\r\n<p class=\"color-grey small mt1 mb0\">06 janvier 2021 - Noo...<\/p><br \/>\r\nJe suis avec mon conjoint depuis 2018, en 2019 on a eu notre premier enfant, il ma gifler pendant la grossesse et tromper.<br \/>\r\n<br \/>\r\nJe lai pardonner... mois apr\u00e8s, pendant l'ete 2020, il m'as agresser a coups de poing pendant que j'avais l'enfant dans mes bras (heureusement elle n'as pas pris un seule coup).<br \/>\r\n<br \/>\r\nMaintenant, d\u00e9but 2021, me voil\u00e0 enceinte du 2eme enfant, toujours sans travail (le covid n'aide pas ma situation, car j'ai toujours travailler dans la restauration) il recommence a montrer son agressivite envers moi, il me jete des affaires, dis que je sers a rien, que je fais rien de bien et qu'il me prendrera les enfants et me laissera das la m...<br \/>\r\n<br \/>\r\nqu'est que je peux faire pour eviter cette situation? J'en ai marre de tout \u00e7a..<br \/>\r\n<br \/>\r\n<\/div><br \/>\r\n<div class=\"bg-grey p2\"><br \/>\r\n<h3><\/p><\/div><\/div><div class='response'><h5>Response<\/h5><div class='vqf_fixed_width_text'><p><\/h3><br \/>\r\nBonjour Madame,<br \/>\r\n<br \/>\r\nVous d\u00e9crivez \u00eatre victime de <a href=\"https:\/\/dev-vqf.creatives.com\/la-violence-dans-le-couple\/la-violence-physique\/\" target=\"_blank\" rel=\"noopener\">violence physique<\/a> de la part de votre conjoint depuis 2019. La violence a d\u00e9but\u00e9 durant votre premi\u00e8re grossesse et a perdur\u00e9 suite \u00e0 votre accouchement en pr\u00e9sence de votre enfant. Vous \u00eates actuellement enceinte et subissez \u00e0 nouveau de la <a href=\"https:\/\/dev-vqf.creatives.com\/la-violence-dans-le-couple\/la-violence-physique\/\" target=\"_blank\" rel=\"noopener\">violence psychologique <\/a>importante et vous dites ne plus supporter cette situation. Vous souhaitez savoir ce que vous pouvez faire afin de vous prot\u00e9ger ainsi que vos enfants.<br \/>\r\n<br \/>\r\n<strong>Les actes de violences que vous subissez sont inacceptables et r\u00e9pr\u00e9hensibles par la loi.<\/strong> Vous en avez marre de cette situation et cela est tout \u00e0 fait normal: la violence, qu'elle soit physique ou psychologique n'est pas sans <strong>cons\u00e9quences sur la sant\u00e9 des personnes qui la subissent.<\/strong>Actuellement enceinte, vous subissez \u00e9galement les violences et cela en pr\u00e9sence de votre petite fille et nous sommes inqui\u00e8t-e-s pour vous et le bon d\u00e9roulement de votre grossesse, votre fille mais aussi pour la sant\u00e9 de votre b\u00e9b\u00e9 \u00e0 na\u00eetre. Nous tenons \u00e0 souligner que m\u00eame si votre fille n'a, jusqu'\u00e0 maintenant, pas re\u00e7u directement des coups, elle est aussi impact\u00e9e par ce contexte de violences auquel elle est confront\u00e9e.<br \/>\r\n<br \/>\r\nLa violence semble revenir r\u00e9guli\u00e8rement au sein de votre relation et cela laisse penser que vous \u00eates dans\u00a0<strong> un cycle de la violence<\/strong> qui se r\u00e9p\u00e8te et qui a tendance \u00e0 s'intensifier. Nous savons que, tr\u00e8s souvent, <strong>sans aide ext\u00e9rieure<\/strong>,<strong> il est difficile de briser ce cycle<\/strong>. Dans le canton de Vaud, vous pouvez obtenir de l\u2019aide et du soutien aupr\u00e8s du r\u00e9seau de professionnel-le-s qui accompagnent les personnes victimes de violences au sein du couple ainsi que leurs enfants.<br \/>\r\n<br \/>\r\nPour ce faire, vous pouvez sans attendre prendre contact avec <a href=\"https:\/\/malleyprairie.ch\/\" target=\"_blank\" rel=\"noopener\"><strong>le Centre d\u2019accueil MalleyPrairie<\/strong> <strong>au 021\/620.76.76<\/strong><\/a> et demander une<a href=\"https:\/\/malleyprairie.ch\/ambulatoire\/\" target=\"_blank\" rel=\"noopener\"> consultation ambulatoire<\/a>\u00a0 \u00e0 Lausanne ou dans d'autres villes du canton en fonction de votre lieu de domicile et\/ou de vos possibilit\u00e9s de d\u00e9placements ou non. Vous pourrez parler de votre situation avec un-e intervenant-e qui pourra vous accompagner et r\u00e9fl\u00e9chir avec vous \u00e0 toutes les options qui s\u2019offrent \u00e0 vous afin de vous prot\u00e9ger ainsi que vos enfants et mettre un terme \u00e0 cette situation empreinte de violences. <strong>Ces entretiens sont gratuits et confidentiels<\/strong>. Le Centre d\u2019accueil MalleyPrairie peut \u00e9galement vous h\u00e9berger avec votre fille en urgence si vous souhaitez quitter votre domicile pour b\u00e9n\u00e9ficier d\u2019une protection et d\u2019un accompagnement individualis\u00e9. Mais sachez que vous pouvez en tout temps faire appel \u00e0 la<strong> police au 117<\/strong>\u00a0si une nouvelle sc\u00e8ne de violence \u00e9merge et que vous vous sentez en danger. La police pourra alors expulser imm\u00e9diatement votre conjoint du logement commun pour une dur\u00e9e maximale de 30 jours.<br \/>\r\n<br \/>\r\n<strong><a href=\"http:\/\/www.profa.ch\/services-2\/centre-lavi\/#1525268514379-f98f76dd-1965\" target=\"_blank\" rel=\"noopener\">Le Centre LAVI<\/a> du canton de Vaud peut \u00e9galement vous recevoir sur rendez-vous \u00e0 Lausanne, Aigle ou Yverdon <\/strong>et vous aiguiller par rapport \u00e0 <strong>vos droits<\/strong> en tant que victime d\u2019infraction et vous accompagner dans vos d\u00e9marches juridiques. Vous trouverez <a href=\"http:\/\/www.profa.ch\/horaires-et-telephones\/lavi-telephones\/\" target=\"_blank\" rel=\"noopener\">ici<\/a> les num\u00e9ros de t\u00e9l\u00e9phones des diff\u00e9rents centres mentionn\u00e9s. Les services du Centre LAVI sont \u00e9galement gratuits et confidentiels.<br \/>\r\n<br \/>\r\nVous avez fait un premier pas en vous confiant sur notre site et nous esp\u00e9rons de tout coeur que vous poursuivrez vos d\u00e9marches aupr\u00e8s des professionnel-le-s qui pourront vous accompagner afin de vous prot\u00e9ger vous et\u00a0 vos enfants de toute forme de violence.<br \/>\r\n<br \/>\r\nEn esp\u00e9rant que notre r\u00e9ponse vous aide \u00e0 y voir plus clair dans votre situation nous restons \u00e0 votre disposition si vous souhaitez plus d'informations ou nous donner de vos nouvelles. Nos meilleures pens\u00e9es vous accompagnent.<br \/>\r\n<br \/>\r\n<\/div><\/div><\/div><\/div><\/div><\/div><div class='qa_acc_item'><span class='acc_toggler'><\/span><div class='item_header'><h3>Mon \u00e9pouse pr\u00e9sente des troubles psychiques et recourt \u00e0 la violence verbale<h3><div class='vqf_fixed_width_text'><p>05 janvier 2021 - Lec... Je vis avec mon \u00e9pouse qui pr\u00e9sente \u00e0 quasi 100% de certitude des troubles psychiques probablement de type maniaco-d\u00e9pressif et narcissique. Or, elle ne veut pas aller consulter un m\u00e9decin. A part le divorce qui...<\/p><\/div><\/div><div class='item_body'><div class='quesion_response_block'><div class='question'><h5>Question<\/h5><div class='vqf_fixed_width_text'><div class=\"box-question p2\"><br \/>\r\n<p class=\"color-grey small mt1 mb0\">05 janvier 2021 - Lec...<\/p><br \/>\r\nJe vis avec mon \u00e9pouse qui pr\u00e9sente \u00e0 quasi 100% de certitude des troubles psychiques probablement de type maniaco-d\u00e9pressif et narcissique. Or, elle ne veut pas aller consulter un m\u00e9decin.<br \/>\r\n<br \/>\r\nA part le divorce qui n'entre pas en consid\u00e9ration, y-a-t-il une possibilit\u00e9 de l'inciter \u00e0 consulter AVANT que quelque chose de grave ne se produise ?<br \/>\r\n<br \/>\r\nEst-ce par exemple qu'une assistante sociale pourrait intervenir, faut-il enregistrer les injures subies, etc. ?<br \/>\r\n<br \/>\r\n<\/div><br \/>\r\n<div class=\"bg-grey p2\"><br \/>\r\n<h3><\/p><\/div><\/div><div class='response'><h5>Response<\/h5><div class='vqf_fixed_width_text'><p><\/h3><br \/>\r\nBonjour Monsieur,<br \/>\r\n<br \/>\r\nVous \u00e9voquez dans votre r\u00e9cit votre \u00e9pouse, qui pr\u00e9sente des troubles psychiques et ne veut pas consulter un m\u00e9decin. Vous semblez inquiet que quelque chose de grave se passe, sans pour autant pr\u00e9ciser quelle en serait la nature, et vous demandez si vous pourriez recevoir de l\u2019aide.<br \/>\r\n<br \/>\r\nFace \u00e0 une personne pr\u00e9sentant des troubles psychiques, il est en effet difficile de trouver une solution pouvant la mettre en s\u00e9curit\u00e9 sans obtenir son consentement.<br \/>\r\n<br \/>\r\nLa possibilit\u00e9 de lui venir en aide sans son consentement est un <a href=\"https:\/\/www.vd.ch\/themes\/sante-soins-et-handicap\/patients-et-residents-droits-et-qualite-de-soins\/les-droits-des-patients\/placements-a-des-fins-dassistance-plafa\/\" target=\"_blank\" rel=\"noopener\">PLAFA <\/a>(placement \u00e0 fin d\u2019assistance). Il peut \u00eatre prononc\u00e9 par l\u2019autorit\u00e9 de protection (Justice de paix) ou par les m\u00e9decins de premier recours, les m\u00e9decins de garde et les m\u00e9decins d\u00e9l\u00e9gu\u00e9s au M\u00e9decin cantonal.<br \/>\r\n<br \/>\r\nVotre m\u00e9decin personnel pourrait vous apporter une aide circonstanci\u00e9e en lui faisant part de ce que vous vivez et des inqui\u00e9tudes que vous avez, pour vous et pour votre \u00e9pouse.<br \/>\r\n<br \/>\r\nEn cas d\u2019urgence, vous pouvez faire appel \u00e0 la police en t\u00e9l\u00e9phonant au <strong>117<\/strong>.<br \/>\r\n<br \/>\r\nToutefois, vous aimeriez anticiper les choses avant que se produise quelque chose de grave. Ne sachant pas de quoi il en retourne exactement, nous vous conseillons de ne pas rester seul dans votre situation et de vous confier \u00e0 des professionnel-le-s<br \/>\r\n<br \/>\r\nEn plus de votre m\u00e9decin, vous avez la possibilit\u00e9 de consulter le <a href=\"https:\/\/malleyprairie.ch\/\" target=\"_blank\" rel=\"noopener\">Centre MalleyPrairie<\/a>, qui propose des <a href=\"https:\/\/malleyprairie.ch\/ambulatoire\/\" target=\"_blank\" rel=\"noopener\">consultations ambulatoires<\/a> confidentielles et non payantes pour des hommes victimes de violences conjugales, \u00e0 plusieurs endroits dans le canton de Vaud.<br \/>\r\n<br \/>\r\nElles ou Ils pourront vous entendre dans ce que vous vivez et vous renseigner sur les possibilit\u00e9s qui vous sont offertes tout en vous \u00e9paulant dans vos d\u00e9marches.<br \/>\r\n<br \/>\r\nNous esp\u00e9rons que ces quelques conseils vous permettront de vous orienter au mieux dans les d\u00e9marches que vous entreprendrez pour vous mettre, vous et votre \u00e9pouse, en s\u00e9curit\u00e9.<br \/>\r\n<br \/>\r\nNous vous souhaitons tout le meilleur pour la suite. N'h\u00e9sitez pas \u00e0 nous \u00e9crire pour nous donner de vos nouvelles. Cordialement.<br \/>\r\n<br \/>\r\n<\/div><\/div><\/div><\/div><\/div><\/div><div class='qa_acc_item'><span class='acc_toggler'><\/span><div class='item_header'><h3>Comment refuser de se laisser insulter?<h3><div class='vqf_fixed_width_text'><p>04 janvier 2021 - LN2... Bonjour, mon conjoint est sous tr\u00e8s forte pression dans son travail, une r\u00e9elle pression qui s'ajoute \u00e0 une personnalit\u00e9 \u00e9gocentrique et autoritaire. Il s'\u00e9nerve pour des riens, n'est jamais disponible pour discuter, s'isole et m'ignore...<\/p><\/div><\/div><div class='item_body'><div class='quesion_response_block'><div class='question'><h5>Question<\/h5><div class='vqf_fixed_width_text'><div class=\"box-question p2\"><br \/>\r\n<p class=\"color-grey small mt1 mb0\">04 janvier 2021 - LN2...<\/p><br \/>\r\nBonjour,<br \/>\r\n<br \/>\r\nmon conjoint est sous tr\u00e8s forte pression dans son travail, une r\u00e9elle pression qui s'ajoute \u00e0 une personnalit\u00e9 \u00e9gocentrique et autoritaire. Il s'\u00e9nerve pour des riens, n'est jamais disponible pour discuter, s'isole et m'ignore comme si j'\u00e9tais la cause de tous ses malheurs.<br \/>\r\n<br \/>\r\nLorsqu'il en arrive aux insultes, notamment devant les enfants, c'est absolument inacceptable. Mais concr\u00e8tement, que faire pour refuser cette situation? Dire que c'est inacceptable ne suffit pas. Et je ne peux pas partir. J'ai expliqu\u00e9 mon point de vue, redit que rien ne pouvait justifier de telles insultes, mais il refuse d'\u00e9couter, r\u00e9p\u00e9tant en boucle sa version des faits (qui justifie donc les insultes). Alors concr\u00e8tement, comment refuser de se laisser insulter?<br \/>\r\n<br \/>\r\n<\/div><br \/>\r\n<div class=\"bg-grey p2\"><br \/>\r\n<h3><\/p><\/div><\/div><div class='response'><h5>Response<\/h5><div class='vqf_fixed_width_text'><p><\/h3><br \/>\r\nBonjour Madame,<br \/>\r\n<br \/>\r\nLes insultes de votre conjoint vous sont insupportables. Vous les qualifiez d\u2019inacceptables lorsque les enfants sont pr\u00e9sents et vous ne savez que faire de ses comportements o\u00f9 il s\u2019\u00e9nerve pour un rien.<br \/>\r\n<br \/>\r\nVous dites que vous positionner ne suffit pas et vous recherchez une solution concr\u00e8te pour que ces violences s\u2019arr\u00eatent.<br \/>\r\n<br \/>\r\nFace \u00e0 ces <a href=\"https:\/\/dev-vqf.creatives.com\/la-violence-dans-le-couple\/la-violence-psychologique\/\" target=\"_blank\" rel=\"noopener\">violences verbales et psychologiques<\/a>, vous avez d\u00e9j\u00e0 fait beaucoup en lui expliquant votre point de vue et en \u00e9voquant l\u2019aspect inacceptable de son comportement.<br \/>\r\n<br \/>\r\nQue votre conjoint soit sous tr\u00e8s forte pression au travail et qu\u2019il ait une personnalit\u00e9 \u00e9gocentrique et autoritaire, comme vous le mentionnez, n\u2019excuse en rien les insultes. Car elles sont, comme vous le dites, inacceptables et rien ne les justifie.<br \/>\r\n<br \/>\r\nVotre positionnement est juste mais pour autant, votre conjoint continue \u00e0 agir sans tenir compte de vos remarques et en restant coll\u00e9 \u00e0 sa version des faits. Ceci vous pousse \u00e0 chercher des mesures diff\u00e9rentes, pour vous prot\u00e9ger, vous et vos enfants, car ces derniers sont particuli\u00e8rement vuln\u00e9rablesaux violences qu\u2019ils subissent, directement ou indirectement.<br \/>\r\n<br \/>\r\nCe que vous pouvez changer est la hauteur de la \"barricade\" que vous tentez de mettre en place pour vous prot\u00e9ger, en annon\u00e7ant clairement quelles sont vos limites dans le refus des comportements violents de votre conjoint. Si les violences ne diminuent pas et finalement ne disparaissent pas, ces limites pourraient \u00eatre une mise \u00e0 distance de votre conjoint, ce qui vous prot\u00e9gera de ce climat d\u00e9l\u00e9t\u00e8re.<br \/>\r\n<br \/>\r\nVous dites ne pas pouvoir partir. Pourtant, il existe certainement des possibilit\u00e9s pour que soit vous ou votre conjoint puissiez-vous \u00e9loigner l\u2019un de l\u2019autre, de fa\u00e7on \u00e0 retrouver la paix et la s\u00e9r\u00e9nit\u00e9 dans votre foyer.<br \/>\r\n<br \/>\r\nCes d\u00e9marches sont difficiles et m\u00eame si vous avez tent\u00e9 \u00e0 plusieurs reprises d\u2019avancer avec votre savoir faire et vos forces, vous pouvez, vous comme lui, demander de l\u2019aide.<br \/>\r\n<br \/>\r\nAdressez-vous au <a href=\"https:\/\/malleyprairie.ch\/\" target=\"_blank\" rel=\"noopener\">Centre MalleyPrairie,<\/a> qui propose des <a href=\"https:\/\/malleyprairie.ch\/ambulatoire\/\" target=\"_blank\" rel=\"noopener\">consultations ambulatoires<\/a> confidentielles et non payantes aux femmes victimes de violences, ceci \u00e0 plusieurs endroits dans le canton de Vaud.<br \/>\r\n<br \/>\r\nLe <a href=\"https:\/\/prevention-ale.ch\/\" target=\"_blank\" rel=\"noopener\">Centre de Pr\u00e9vention de l\u2019Ale <\/a>pourrait accompagner votre conjoint dans un processus de reconnaissance de ses violences et dans des changements significatifs.\u00a0Charge \u00e0 votre mari de prendre contact avec eux.<br \/>\r\n<br \/>\r\nVous pouvez aussi consulter en couple. La <a href=\"https:\/\/www.problemedecouple.ch\/\" target=\"_blank\" rel=\"noopener\">plateforme couple<\/a> propose des entretiens pour sortir de situations violentes.<br \/>\r\n<br \/>\r\nNous esp\u00e9rons que ces pistes vous donneront le courage de continuer \u00e0 vous prot\u00e9ger ainsi que vos enfants. Rappelez-vous que vous n\u2019\u00eates pas seule, les professionnel-le-s sont l\u00e0 pour vous \u00e9pauler et vous accompagner dans cette situation difficile. Si vous avez d\u2019autres questions, vous pouvez nous \u00e9crire \u00e0 nouveau ainsi que nous donner de vos nouvelles.<br \/>\r\n<br \/>\r\nPrenez bien soin de vous et de vos enfants. Nos meilleures pens\u00e9es vous accompagnent.<br \/>\r\n<br \/>\r\n<\/div><\/div><\/div><\/div><\/div><\/div><div class='qa_acc_item'><span class='acc_toggler'><\/span><div class='item_header'><h3>Il m\u2019a pouss\u00e9 contre le mur et m&#8217;a menac\u00e9e de mort.<h3><div class='vqf_fixed_width_text'><p>04 janvier 2021 - Chi... Je eu un dispute avec mon marie lui m\u2019a puce tr\u00e8s fort contre le murs j\u2019ai lui dit q je ne laisser passer plus ce maltraitance est lui m\u2019a menac\u00e9 de mort je ne c...<\/p><\/div><\/div><div class='item_body'><div class='quesion_response_block'><div class='question'><h5>Question<\/h5><div class='vqf_fixed_width_text'><div class=\"box-question p2\"><br \/>\r\n<p class=\"color-grey small mt1 mb0\">04 janvier 2021 - Chi...<\/p><br \/>\r\nJe eu un dispute avec mon marie lui m\u2019a puce tr\u00e8s fort contre le murs j\u2019ai lui dit q je ne laisser passer plus ce maltraitance est lui m\u2019a menac\u00e9 de mort je ne c pas qu\u2019\u00e0 faire on suit lui se calme mais je penser q doit pas laisser continue m\u00eame que lui a eu un an\u00e9vrisme c\u00e9r\u00e9bral je ne crois pas q ce justifie<br \/>\r\n<br \/>\r\n<\/div><br \/>\r\n<div class=\"bg-grey p2\"><br \/>\r\n<h3><\/p><\/div><\/div><div class='response'><h5>Response<\/h5><div class='vqf_fixed_width_text'><p><\/h3><br \/>\r\nBonjour Madame,<br \/>\r\n<br \/>\r\nLorsque votre mari vous a pouss\u00e9 tr\u00e8s fort contre le mur, vous avez dit que vous ne laisserez plus passer ce genre de comportement. Face \u00e0 ce positionnement de votre part, il a renforc\u00e9 les violences en vous mena\u00e7ant de mort. Vous ne savez plus quoi faire de tout \u00e7a, et c\u2019est bien compr\u00e9hensible.<br \/>\r\n<br \/>\r\nLes violences <a href=\"https:\/\/dev-vqf.creatives.com\/la-violence-dans-le-couple\/la-violence-psychologique\/\" target=\"_blank\" rel=\"noopener\">psychologiques<\/a> et <a href=\"https:\/\/dev-vqf.creatives.com\/la-violence-dans-le-couple\/la-violence-physique\/\" target=\"_blank\" rel=\"noopener\">physiques <\/a>que vous subissez de votre mari ne sont en rien justifiables, ni par son \u00e9tat de sant\u00e9, ni par quoi que ce soit d\u2019autre. Vous avez raison de dire que cela ne doit pas continuer, car les violences ont des\u00a0cons\u00e9quences\u00a0sur les personnes qui y sont confront\u00e9es<br \/>\r\n<br \/>\r\nPourtant, il est probable que votre mari continue \u00e0 vous maltraiter et mettre votre vie en danger. Sachez que si vous vous sentez menac\u00e9e, vous pouvez en tout temps appeler la police en faisant le<strong>117<\/strong>. Durant leur intervention, ils ont <a href=\"https:\/\/www.vd.ch\/themes\/etat-droit-finances\/egalite-entre-les-femmes-et-les-hommes\/lutte-et-prevention-de-la-violence-dans-le-couple\/actualite\/news\/6567i-qui-frappe-part\/\" target=\"_blank\" rel=\"noopener\">la possibilit\u00e9 d\u2019expulser votre mari<\/a> de la maison.<br \/>\r\n<br \/>\r\nVous pouvez aussi chercher de l\u2019aide aupr\u00e8s de services pouvant vous accompagner dans une d\u00e9marche de compr\u00e9hension des violences et vous informer des droits que vous avez.<br \/>\r\n<br \/>\r\nAdressez-vous au <a href=\"https:\/\/malleyprairie.ch\/\" target=\"_blank\" rel=\"noopener\">Centre MalleyPrairie,<\/a> qui propose des <a href=\"https:\/\/malleyprairie.ch\/ambulatoire\/\" target=\"_blank\" rel=\"noopener\">consultations ambulatoires<\/a> confidentielles et non payantes aux femmes victimes de violences, ceci \u00e0 plusieurs endroits dans le canton de Vaud. Si vous avez des difficult\u00e9s \u00e0 comprendre et parler le fran\u00e7ais, l\u2019entretien pourra se d\u00e9rouler avec l\u2019aide d\u2019un-e interpr\u00e8te.<br \/>\r\n<br \/>\r\nDe vous pousser ainsi contre le mur ou de vous menacer de mort sont des infractions et vous pouvez contacter le <a href=\"https:\/\/www.profa.ch\/services-2\/centre-lavi\/\" target=\"_blank\" rel=\"noopener\">Centre LAVI<\/a> afin de connaitre vos droits en la mati\u00e8re.<br \/>\r\n<br \/>\r\nLe <a href=\"https:\/\/prevention-ale.ch\/\" target=\"_blank\" rel=\"noopener\">Centre de Pr\u00e9vention de l\u2019Ale<\/a> pourrait accompagner votre conjoint dans un processus de reconnaissance de ses violences et dans des changements significatifs. Charge \u00e0 votre mari de prendre contact avec eux.<br \/>\r\n<br \/>\r\nNous esp\u00e9rons que ces quelques \u00e9l\u00e9ments de r\u00e9ponses vous permettront de vous orienter au mieux dans vos d\u00e9marches. Rappelez-vous que vous n\u2019\u00eates pas seule, les professionnel-le-s sont l\u00e0 pour vous \u00e9pauler et vous accompagner dans ce que vous vivez<br \/>\r\n<br \/>\r\nAvec nos meilleures pens\u00e9es, nous esp\u00e9rons, Madame, que ces pistes vous donneront la force et le courage pour vous prot\u00e9ger. N'h\u00e9sitez pas \u00e0 nous recontacter si vous avez d'autres questions ou pour nous donner de vos nouvelles.<br \/>\r\n<br \/>\r\n<\/div><\/div><\/div><\/div><\/div><\/div><div class='qa_acc_item'><span class='acc_toggler'><\/span><div class='item_header'><h3>Comment venir en aide \u00e0 mon demi-fr\u00e8re?<h3><div class='vqf_fixed_width_text'><p>30 d\u00e9cembre 2020 - Vol... Bonsoir, je me permets de vous contacter car mon demi-fr\u00e8re a \u00e9t\u00e9 victime de violence conjugale par sa compagne dimanche soir dernier, en pr\u00e9sence des enfants. Les voisins ont fait appel \u00e0 la Police et...<\/p><\/div><\/div><div class='item_body'><div class='quesion_response_block'><div class='question'><h5>Question<\/h5><div class='vqf_fixed_width_text'><div class=\"box-question p2\"><br \/>\r\n<p class=\"color-grey small mt1 mb0\">30 d\u00e9cembre 2020 - Vol...<\/p><br \/>\r\nBonsoir, je me permets de vous contacter car mon demi-fr\u00e8re a \u00e9t\u00e9 victime de violence conjugale par sa compagne dimanche soir dernier, en pr\u00e9sence des enfants. Les voisins ont fait appel \u00e0 la Police et lui-m\u00eame a r\u00e9ussi \u00e0 contacter son meilleur ami, qui m'a contact\u00e9e afin que l'on se rende imm\u00e9diatement chez lui. Une fois sur place, la Police \u00e9tait d\u00e9j\u00e0 l\u00e0. Quelques minutes apr\u00e8s la Police a fait appel \u00e0 une ambulance afin que sa compagne soit prise en charge par les HUG. Son fils \u00e2g\u00e9 de 8 ans \u00e9tait en \u00e9tat de choc, et son deuxi\u00e8me fils \u00e9tait dans ses bras. Nous avons pu prendre en charge l'a\u00een\u00e9. Le cadet est \u00e0 ce jour en s\u00e9curit\u00e9 chez mes parents. Mon demi-fr\u00e8re a \u00e9t\u00e9 tr\u00e8s clairement agress\u00e9 physiquement par de graves\/grosses morsures. Aujourd'hui ma question est de savoir comment pouvons-nous l'accompagner pour porter plainte, ce qu'il refuse de faire, et comment interagir avec lui, d\u00e8s lors qu'il est \u00e9vident qu'il se trouve en \u00e9tat de choc. Je suis aujourd'hui tr\u00e8s inqui\u00e8te pour lui et aimerais avoir de l'aide pour savoir comment r\u00e9ussir \u00e0 l'accompagner. Merci pour votre r\u00e9ponse et suis \u00e9videmment dispos\u00e9e \u00e0 en parler.<br \/>\r\n<br \/>\r\n<\/div><br \/>\r\n<div class=\"bg-grey p2\"><br \/>\r\n<h3><\/p><\/div><\/div><div class='response'><h5>Response<\/h5><div class='vqf_fixed_width_text'><p><\/h3><br \/>\r\nMadame<br \/>\r\n<br \/>\r\nVotre demi-fr\u00e8re a \u00e9t\u00e9 victime de <a href=\"https:\/\/dev-vqf.creatives.com\/la-violence-dans-le-couple\/la-violence-physique\/\" target=\"_blank\" rel=\"noopener\">violences physiques<\/a> de la part de sa compagne, qui l\u2019a mordu gravement, en pr\u00e9sence des enfants. Les voisins ayant fait appel \u00e0 la police, il s\u2019en est suivi une hospitalisation de l\u2019auteur des violences. Vous vous \u00eates rendue sur place pour aider votre fr\u00e8re et prendre soin des enfants. En plus de cette aide pr\u00e9cieuse, vous aimeriez pouvoir accompagner votre demi-fr\u00e8re dans une proc\u00e9dure de plainte et qu\u2019il puisse recevoir une aide circonstanci\u00e9e.<br \/>\r\n<br \/>\r\nVous \u00e9voquez le fait que votre demi-fr\u00e8re est en \u00e9tat de choc et que cela vous inqui\u00e8te. Ceci est bien compr\u00e9hensible et vous pouvez en effet l\u2019accompagner et le soutenir dans ce qu\u2019il a v\u00e9cu. Commencez par lui faire part de vos inqui\u00e9tudes pour sa s\u00e9curit\u00e9 psychique et physique, pour lui et ses enfants, en mentionnant qu\u2019il a la possibilit\u00e9 de chercher de l\u2019aide aupr\u00e8s de services sp\u00e9cialis\u00e9s.<br \/>\r\n<br \/>\r\nEn tant qu\u2019homme victime de violences, il peut \u00eatre accompagn\u00e9 et soutenu par l\u2019association <a href=\"https:\/\/www.pharos-geneve.ch\/pharos\/\" target=\"_blank\" rel=\"noopener\">Pharos<\/a>, qui l\u2019informera de ses droits et des possibilit\u00e9s pour se sortir des violences conjugales.<br \/>\r\n<br \/>\r\nLes morsures qu\u2019il a subies sont, aux yeux de la loi, une infraction et il a la possibilit\u00e9 de porter plainte. A ce propos, il est probable que la police ait proc\u00e9d\u00e9 \u00e0 une <a href=\"https:\/\/www.vd.ch\/themes\/etat-droit-finances\/egalite-entre-les-femmes-et-les-hommes\/lutte-et-prevention-de-la-violence-dans-le-couple\/legislation-et-violence-domestique\/\" target=\"_blank\" rel=\"noopener\">plainte d\u2019office<\/a> durant leur intervention. Dans les deux cas, votre demi-fr\u00e8re a la possibilit\u00e9 de d\u00e9poser plainte contre sa compagne. Cet acte est une fa\u00e7on de montrer clairement une limite face aux violences subies et de signifier qu\u2019elles sont intol\u00e9rables, \u00e0 ses yeux et aux yeux de la loi. Il peut se renseigner et se faire aider \u00e0 ce propos en s\u2019adressant au Centre <a href=\"https:\/\/centrelavi-ge.ch\/\" target=\"_blank\" rel=\"noopener\">LAVI<\/a>.<br \/>\r\n<br \/>\r\nConcernant<a href=\"https:\/\/dev-vqf.creatives.com\/la-violence-dans-le-couple\/je\/jeunes\/\" target=\"_blank\" rel=\"noopener\"> les enfants<\/a>, il est possible que la police ait signal\u00e9 la situation au <a href=\"https:\/\/www.hospicegeneral.ch\/fr\/service-de-protection-des-mineurs\" target=\"_blank\" rel=\"noopener\">Service de Protection des Mineurs<\/a> (SPMi), ceci dans le but de les prot\u00e9ger. Dans ce cas, ce service contactera votre demi-fr\u00e8re ult\u00e9rieurement. <a href=\"https:\/\/dev-vqf.creatives.com\/la-violence-dans-le-couple\/je\/jeunes\/\" target=\"_blank\" rel=\"noopener\">Les enfants confront\u00e9s \u00e0 des sc\u00e8nes de violences peuvent \u00eatre traumatis\u00e9s<\/a> et il est important et judicieux de s\u2019en occuper. Votre demi-fr\u00e8re a la responsabilit\u00e9 de prot\u00e9ger ses enfants et il peut demander de l\u2019aide aupr\u00e8s de son p\u00e9diatre, d\u2019un p\u00e9dopsychiatre ou en s\u2019adressant directement aupr\u00e8s du SPMi.<br \/>\r\n<br \/>\r\nNous esp\u00e9rons que ces informations vous permettront d\u2019apporter \u00e0 votre demi-fr\u00e8re un soutien significatif pour qu\u2019il puisse, avec votre aide et celle qu\u2019il trouvera aupr\u00e8s des services mentionn\u00e9s, s\u2019orienter pour se prot\u00e9ger des violences, lui et ses enfants. En plus de nos meilleures pens\u00e9es, nous vous adressons, Madame, nos v\u0153ux de force et de courage dans votre accompagnement.<br \/>\r\n<br \/>\r\nPour information, les adresses donn\u00e9es dans notre r\u00e9ponse font mention des organismes travaillant sur Gen\u00e8ve. Si votre fr\u00e8re est \u00e9tabli dans un autre canton, vous pouvez nous contacter ou consulter le site <a href=\"https:\/\/dev-vqf.creatives.com\" target=\"_blank\" rel=\"noopener\">Violence que Faire<\/a> pour trouver les adresses appropri\u00e9es \u00e0 sa r\u00e9gion.<br \/>\r\n<br \/>\r\n<\/div><\/div><\/div><\/div><\/div><\/div><div class='qa_acc_item'><span class='acc_toggler'><\/span><div class='item_header'><h3>Quels moyens juridiques a-t-on \u00e0 disposition pour faire constater une violence psychologique \u00e0 son encontre ?<h3><div class='vqf_fixed_width_text'><p>20 d\u00e9cembre 2020 - Tar... Bonjour, Quels moyens juridiques, l\u00e9gaux a-t-on \u00e0 disposition pour faire constater une violence psychologique \u00e0 son encontre ?<\/p><\/div><\/div><div class='item_body'><div class='quesion_response_block'><div class='question'><h5>Question<\/h5><div class='vqf_fixed_width_text'><div class=\"box-question p2\"><br \/>\r\n<p class=\"color-grey small mt1 mb0\">20 d\u00e9cembre 2020 - Tar...<\/p><br \/>\r\nBonjour, Quels moyens juridiques, l\u00e9gaux a-t-on \u00e0 disposition pour faire constater une violence psychologique \u00e0 son encontre ?<br \/>\r\n<br \/>\r\n<\/div><br \/>\r\n<div class=\"bg-grey p2\"><br \/>\r\n<h3><\/p><\/div><\/div><div class='response'><h5>Response<\/h5><div class='vqf_fixed_width_text'><p><\/h3><br \/>\r\nBonjour Monsieur,<br \/>\r\n<br \/>\r\nVous souhaitez savoir quels sont les moyens juridiques pour faire constater <a href=\"https:\/\/dev-vqf.creatives.com\/la-violence-dans-le-couple\/la-violence-psychologique\/\" target=\"_blank\" rel=\"noopener\">la violence psychologique<\/a>.<br \/>\r\n<br \/>\r\nIl nous est difficile de r\u00e9pondre avec pr\u00e9cision \u00e0 votre question car nous n'avons que peu d'informations sur le contexte. N'h\u00e9sitez pas \u00e0 nous \u00e9crire une deuxi\u00e8me fois si notre r\u00e9ponse ne correspond pas \u00e0 vos attentes et\/ou \u00e0 votre situation.<br \/>\r\n<br \/>\r\nPour ce qui est des questions d'ordre juridique, nous vous conseillons de contacter la <strong><a href=\"https:\/\/csp.ch\/geneve\/services\/questions-juridiques\/?v=77c15b8369ec#1444226522902-11fb9749-fc50\" target=\"_blank\" rel=\"noopener\">Permanence juridique du CSP<\/a><\/strong>\u00a0au <strong>022 807 07 07<\/strong>. Un-e juriste pourra vous \u00e9couter et vous renseigner en fonction de votre situation. Pendant les f\u00eates, la permanence est\u00a0ouverte les 28 et 29 d\u00e9cembre de 10h \u00e0 12h et de 14h \u00e0 16h. A partir du 4 janvier, les horaires habituels reprennent : une consulation peut \u00eatre demand\u00e9e par t\u00e9l\u00e9phone du lundi au vendredi de 8h30 \u00e0 12h (sauf mardis matins 10h-12h) et de 14h \u00e0 17h30.<br \/>\r\n<br \/>\r\nLe <strong><a href=\"https:\/\/centrelavi-ge.ch\/index.php\/le-centre-lavi\/\" target=\"_blank\" rel=\"noopener\">centre LAVI<\/a><\/strong> (Loi f\u00e9d\u00e9rale sur l'aide aux victimes d'infraction) de Gen\u00e8ve peut \u00e9galement \u00eatre contact\u00e9 au <strong>022 320 01 02<\/strong> du lundi au vendredi de 14h \u00e0 17. En fonction de votre situation, un-e professionnel-le pourra vous recevoir pour un entretien gratuit et confidentiel pour vous informer sur vos droits et vous accompagner dans vos d\u00e9marches.<br \/>\r\n<br \/>\r\nNous esp\u00e9rons que ces renseignements sauront vous \u00eatre utile. Nous vous souhaitons le meilleur pour la suite.<br \/>\r\n<br \/>\r\n<\/div><\/div><\/div><\/div><\/div><\/div><div class='qa_acc_item'><span class='acc_toggler'><\/span><div class='item_header'><h3>Violences lors des visites \u00e0 domicile avec le p\u00e8re de mes enfants, que faire pour me prot\u00e9ger ?<h3><div class='vqf_fixed_width_text'><p>18 d\u00e9cembre 2020 - Mam... Bonsoir, Nous sommes s\u00e9par\u00e9s avec le papa des enfants. Nous ne sommes pas mari\u00e9s. Une requ\u00eate aupr\u00e8s de la justice a \u00e9t\u00e9 d\u00e9pos\u00e9e il y a peu de temps. Depuis, la relation coparentale ne fait...<\/p><\/div><\/div><div class='item_body'><div class='quesion_response_block'><div class='question'><h5>Question<\/h5><div class='vqf_fixed_width_text'><div class=\"box-question p2\"><br \/>\r\n<p class=\"color-grey small mt1 mb0\">18 d\u00e9cembre 2020 - Mam...<\/p><br \/>\r\nBonsoir,<br \/>\r\n<br \/>\r\nNous sommes s\u00e9par\u00e9s avec le papa des enfants. Nous ne sommes pas mari\u00e9s. Une requ\u00eate aupr\u00e8s de la justice a \u00e9t\u00e9 d\u00e9pos\u00e9e il y a peu de temps. Depuis, la relation coparentale ne fait que de se d\u00e9grader (violence psychologique, chantage, et j'en passe...). Derni\u00e8rement, j'ai d\u00fb faire intervenir la police pour faire sortir le p\u00e8re des enfants de chez moi. Mon avocat est \u00e9videmment au courant. Seulement voil\u00e0, je ne sais plus quoi faire. Je ne souhaite plus que le p\u00e8re des enfants vienne chez moi (sachant que tant qu'il n'y a pas de d\u00e9cision de justice, le p\u00e8re peut prendre les enfants chez lui pour la journ\u00e9e \u00e0 titre occasionnel. Sinon, c'est lui qui vient en visite \u00e0 domicile).<br \/>\r\n<br \/>\r\nQue faire? Comment faire? Surtout que c'est l'hiver maintenant et se retrouver dehors pendant plusieurs heures n'est pas possible. Et sachant que je suis terroris\u00e9e par lui, surtout depuis les derniers \u00e9v\u00e8nements.<br \/>\r\n<br \/>\r\n<\/div><br \/>\r\n<div class=\"bg-grey p2\"><br \/>\r\n<h3><\/p><\/div><\/div><div class='response'><h5>Response<\/h5><div class='vqf_fixed_width_text'><p><\/h3><br \/>\r\nBonjour Madame,<br \/>\r\n<br \/>\r\nDepuis votre s\u00e9paration, la relation avec le p\u00e8re de vos enfants s'est fortement d\u00e9grad\u00e9e. Vous vivez des <a href=\"https:\/\/dev-vqf.creatives.com\/la-violence-dans-le-couple\/la-violence-psychologique\/\" target=\"_blank\" rel=\"noopener\">violences psychologiques<\/a>\u00a0et nous expliquez \u00eatre terrifi\u00e9e de lui. Il y a peu, vous avez d\u00fb faire appel \u00e0 la police pour qu'il sorte de chez vous. Vous avez inform\u00e9 votre avocat de la situation et ne voulez plus que votre ex-conjoint entre dans votre domicile.<br \/>\r\n<br \/>\r\nLes comportements et propos violents peuvent apparaitre ou s'aggraver pendant la p\u00e9riode suivant la s\u00e9paration. <strong>Il est important que vous ne restiez pas seule face \u00e0 cette situation.<\/strong> Vous avez fait un pas important en d\u00e9cidant de parler de ce que vous vivez.<br \/>\r\n<br \/>\r\nVous nous expliquez avoir inform\u00e9 votre avocat des comportements violents de votre ex-conjoint. Qu'en a-t-il dit ? Vous a-t-il propos\u00e9 des ressources pour vous prot\u00e9ger ?<br \/>\r\n<br \/>\r\nLes professionnelles du centre <strong><a href=\"https:\/\/solfemmes.ch\/index.php\/fr\/\" target=\"_blank\" rel=\"noopener\">Solidarit\u00e9 Femmes<\/a> <\/strong>de Bienne sont form\u00e9es pour \u00e9couter, soutenir et conseiller les femmes dont les (ex-)conjoints ont des propos et\/ou des comportements violents.\u00a0Cela inclut toutes les questions relatives au <a href=\"https:\/\/solfemmes.ch\/index.php\/fr\/themes\/enfants?start=4\" target=\"_blank\" rel=\"noopener\">droit de visite<\/a> suite \u00e0 une s\u00e9paration.\u00a0\u00a0Nous vous encourageons vivement \u00e0 les appeler au<strong> 032 322 03 04\u00a0<\/strong>du lundi au vendredi aux <a href=\"https:\/\/solfemmes.ch\/index.php\/fr\/contact\" target=\"_blank\" rel=\"noopener\">horaires suivants<\/a>\u00a0ou sur leur ligne d'urgence, le <strong>031 533 03 03<\/strong>. Vous pourrez prendre rendez-vous pour un premier entretien (gratuit et confidentiel) pour faire le point sur votre situation et d\u00e9finir clairement vos options.<br \/>\r\n<br \/>\r\nS'il d\u00e9sire voir les enfants, pr\u00e9f\u00e9rez l'option o\u00f9 il les prend chez lui pour la journ\u00e9e afin d'\u00e9viter qu'il vienne \u00e0 votre domicile longuement. Si d'ici l\u00e0 une nouvelle confrontation venait \u00e0 se produire avec votre ex-conjoint, n'h\u00e9sitez pas \u00e0 appeler une deuxi\u00e8me fois la police au <strong>117<\/strong>.<br \/>\r\n<br \/>\r\nNous vous invitons chaleureusement \u00e0 nous\u00a0\u00e9crire \u00e0 nouveau\u00a0si vous avez d'autres questions et\/ou pour nous informer de l'\u00e9volution de votre situation. Nous vous souhaitons tout le meilleur pour la suite et vous envoyons nos meilleures pens\u00e9es.<br \/>\r\n<br \/>\r\n<\/div><\/div><\/div><\/div><\/div><\/div><div class='qa_acc_item'><span class='acc_toggler'><\/span><div class='item_header'><h3>J&#8217;ai peur de d\u00e9noncer mon mari. Pourrais-je perdre mon enfant?<h3><div class='vqf_fixed_width_text'><p>13 d\u00e9cembre 2020 - Tou... J ai des conflits avec mon mari, qui est aggressif et me menace avec des enregistrements qu'il veut utiliser contre moi si je me separe. J ai peur de denoncer. Pourais-je perdre mon enfant?<\/p><\/div><\/div><div class='item_body'><div class='quesion_response_block'><div class='question'><h5>Question<\/h5><div class='vqf_fixed_width_text'><div class=\"box-question p2\"><br \/>\r\n<p class=\"color-grey small mt1 mb0\">13 d\u00e9cembre 2020 - Tou...<\/p><br \/>\r\nJ ai des conflits avec mon mari, qui est aggressif et me menace avec des enregistrements qu'il veut utiliser contre moi si je me separe. J ai peur de denoncer. Pourais-je perdre mon enfant?<br \/>\r\n<br \/>\r\n<\/div><br \/>\r\n<div class=\"bg-grey p2\"><br \/>\r\n<h3><\/p><\/div><\/div><div class='response'><h5>Response<\/h5><div class='vqf_fixed_width_text'><p><\/h3><br \/>\r\nBonjour Madame,<br \/>\r\n<br \/>\r\nVotre mari menace de vous nuire si vous le quittez, ce qui est une forme de\u00a0<a href=\"https:\/\/dev-vqf.creatives.com\/la-violence-dans-le-couple\/la-violence-psychologique\/\" target=\"_blank\" rel=\"noopener\">Violence psychologique<\/a>. Vous nous dites aussi qu'il est agressif et que vous \u00eates en conflit.<br \/>\r\n<br \/>\r\nNous entendons que votre inqui\u00e9tude principale est votre enfant et que vous avez peur de d\u00e9noncer les comportements de votre mari.\u00a0<strong>Vous n'\u00eates pas seule.\u00a0<\/strong>Des professionnel-le-s bienveillant-e-s sont l\u00e0 pour vous informer, vous conseiller quant \u00e0 la possibilit\u00e9 de d\u00e9noncer les comportements abusifs de votre mari et vous aider, vous et votre enfant.<br \/>\r\n<br \/>\r\nIl nous est difficile de r\u00e9pondre \u00e0 votre question sans conna\u00eetre plus en d\u00e9tails votre situation et vous encourageons \u00e0 poursuivre votre d\u00e9marche aupr\u00e8s de professionnel-le-s qui pourront vous informer et vous accompagner.<br \/>\r\n<br \/>\r\nNous vous encourageons vivement \u00e0 contacter le\u00a0<strong><a href=\"http:\/\/www.sf-lavi.ch\/\" target=\"_blank\" rel=\"noopener\">centre\u00a0Solidarit\u00e9 Femmes \/ LAVI<\/a><\/strong> de Fribourg au\u00a0<strong>026 322 22 02 <\/strong>(num\u00e9ro gratuit et confidentiel)\u00a0entre<span class=\"information\">\u00a09h-12h et 14h-17h30\u00a0les jours de semaine et de 11h \u00e0 17h le weekend, ainsi que<\/span><span class=\"information\">\u00a0toutes les nuits de 19h30 \u00e0 7h. Une professionnelle pourra vous informer sur vos droits et les d\u00e9marches que vous pouvez entreprendre pour vous et votre enfant. Demander des informations et des conseils ne vous engage bien s\u00fbr \u00e0 rien, vous restez libre d'entreprendre les d\u00e9marches que vous souhaitez.<br \/>\r\n<\/span><br \/>\r\n<br \/>\r\nNous vous proposons aussi de\u00a0prendre contact avec\u00a0<strong><a href=\"https:\/\/www.officefamilial.ch\/fr\/services\/consultation-conjugale-et-familiale\/notre-offre\" target=\"_blank\" rel=\"noopener\">l'office familial<\/a><\/strong>\u00a0de Fribourg. Leurs professionnel-le-s proposent une \u00e9coute attentive, des conseils et diverses formes de soutien aux parents faisant face \u00e0 de la violence dans leur couple et\/ou souhaitant se s\u00e9parer de leur conjoint-e.\u00a0Vous pouvez\u00a0les appeler au\u00a0<strong>026 322 10 14<\/strong> ou leur \u00e9crire via <a href=\"https:\/\/www.officefamilial.ch\/fr\/office-familial-fribourg\/nous-contacter\" target=\"_blank\" rel=\"noopener\">ce formulaire<\/a>.<br \/>\r\n<br \/>\r\nNous aussi restons \u00e0 votre disposition si vous souhaitez nous \u00e9crire \u00e0 nouveau avec d'autres questions et\/ou pour nous informer sur l'\u00e9volution de votre situation. Nous sommes de tout coeur avec vous et vous souhaitons le meilleur pour la suite.<br \/>\r\n<br \/>\r\n<\/div><\/div><\/div><\/div><\/div><\/div><div class='qa_acc_item'><span class='acc_toggler'><\/span><div class='item_header'><h3>Mon mari me menace parce que j&#8217;ai port\u00e9 plainte, j&#8217;ai besoin d&#8217;aide.<h3><div class='vqf_fixed_width_text'><p>13 d\u00e9cembre 2020 - SJL... mon mari a menac\u00e9 aujourd'hui qu'en raison du d\u00e9p\u00f4t d'une plainte \u00e0 la police, il ferait tout ce qu'il pouvait pour payer les frais \u00e0 ma place. il a \u00e9galement d\u00e9clar\u00e9 que personne ne portait...<\/p><\/div><\/div><div class='item_body'><div class='quesion_response_block'><div class='question'><h5>Question<\/h5><div class='vqf_fixed_width_text'><div class=\"box-question p2\"><br \/>\r\n<p class=\"color-grey small mt1 mb0\">13 d\u00e9cembre 2020 - SJL...<\/p><br \/>\r\nmon mari a menac\u00e9 aujourd'hui qu'en raison du d\u00e9p\u00f4t d'une plainte \u00e0 la police, il ferait tout ce qu'il pouvait pour payer les frais \u00e0 ma place. il a \u00e9galement d\u00e9clar\u00e9 que personne ne portait m\u00eame plainte pour avoir pouss\u00e9, gifl\u00e9 et que la violence psychologique n'avait aucune preuve - quelqu'un peut-il s'il vous pla\u00eet aider<br \/>\r\n<br \/>\r\n<\/div><br \/>\r\n<div class=\"bg-grey p2\"><br \/>\r\n<h3><\/p><\/div><\/div><div class='response'><h5>Response<\/h5><div class='vqf_fixed_width_text'><p><\/h3><br \/>\r\nBonjour Madame,<br \/>\r\n<br \/>\r\nApr\u00e8s une plainte contre des violences exerc\u00e9es par votre mari, celui-ci vous menace et nie l\u2019effet d\u2019une plainte contre la violence psychologique et physique (bousculade et gifle). Vous aimeriez de l\u2019aide.<br \/>\r\n<br \/>\r\nLa violence, quelle qu\u2019elle soit est interdite par la loi et vous avez fait des d\u00e9marches qui vont dans ce sens. Nous saluons votre volont\u00e9 de ne plus tol\u00e9rer ces actes et de demander de l\u2019aide.<br \/>\r\n<br \/>\r\nEn effet, la plainte est une mani\u00e8re plus forte de dire stop et votre mari essaie certainement de vous faire peur \u00e0 nouveau pour que vous laissiez tomber vos d\u00e9marches et reprendre le dessus de la situation.<br \/>\r\n<br \/>\r\nPour information, vous pouvez trouver toutes les violences psychologique <a href=\"https:\/\/dev-vqf.creatives.com\/fr\/informations\/violence\/psychologique\" target=\"_blank\" rel=\"noopener\">ici<\/a>. Il est possible de garder des preuves des \u00e9changes de conversations (t\u00e9l\u00e9phonique ou messages) ainsi que d\u2019avoir des t\u00e9moignages de personnes connaissant et ayant vu ou entendu vos disputes violentes. Vous pouvez aussi noter ce que vous vivez dans un carnet ou dans votre t\u00e9l\u00e9phone avec les dates et heures.<br \/>\r\n<br \/>\r\nLes violences physiques ne laissant pas de traces visibles comme bousculer, gifler ainsi que les menaces peuvent bien \u00eatre poursuivies sur plainte dans un d\u00e9lai de trois mois.<span class=\"Apple-converted-space\">\u00a0<\/span><br \/>\r\n<br \/>\r\nLa violence ayant tendance \u00e0 se r\u00e9p\u00e9ter et s\u2019intensifier avec le temps, nous vous encourageons \u00e0 vous prot\u00e9ger et continuer vos d\u00e9marches pour sortir de cette situation. Nous vous conseillons vivement de contacter des professionnel-le-s qui pourront vous soutenir et vous informer pendant cette p\u00e9riode difficile. Vous pouvez donc contacter le <a href=\"https:\/\/www.profa.ch\/services-2\/centre-lavi\/\" target=\"_blank\" rel=\"noopener\">Centre LAVI<\/a>\u00a0(\u00a0Lausanne <strong>021 631 03 00<\/strong> ;\u00a0Aigle <strong>021 631 03 04<\/strong>; \u00a0Yverdon <strong>021 631 03 08<\/strong>)\u00a0pour les questions juridiques et financi\u00e8res en cas de violences conjugales ainsi que le <a href=\"https:\/\/malleyprairie.ch\/\" target=\"_blank\" rel=\"noopener\">Centre MalleyPrairie<\/a>\u00a0(<strong>021 620 76 76<\/strong>) dont les intervenant-e-s proposent des entretiens pour trouver des moyens de vous prot\u00e9ger.<br \/>\r\n<br \/>\r\nN\u2019h\u00e9sitez pas \u00e0 les appeler au plus vite. Vous n\u2019\u00eates pas seule et ces sp\u00e9cialistes vous accompagneront au mieux. Nous vous envoyons nos meilleures pens\u00e9es et restons disponibles si vous avez d\u2019autres questions. Nous recevons volontiers de vos nouvelles. Prenez soin de vous.<br \/>\r\n<br \/>\r\n<\/div><\/div><\/div><\/div><\/div><\/div><div class='qa_acc_item'><span class='acc_toggler'><\/span><div class='item_header'><h3>Je ne suis pas s\u00fbre si ce que je vis est normal<h3><div class='vqf_fixed_width_text'><p>08 d\u00e9cembre 2020 - viv... Bonjour, Je suis s\u00e9par\u00e9e du papa de mes enfants depuis plus de 4 ans. Depuis que je l'ai rencontr\u00e9, j'ai fait mon possible pour qu'il soit heureux, mais son caract\u00e8re insatisfait l'a toujours emp\u00each\u00e9 d'\u00eatre...<\/p><\/div><\/div><div class='item_body'><div class='quesion_response_block'><div class='question'><h5>Question<\/h5><div class='vqf_fixed_width_text'><div class=\"box-question p2\"><br \/>\r\n<p class=\"color-grey small mt1 mb0\">08 d\u00e9cembre 2020 - viv...<\/p><br \/>\r\nBonjour,<br \/>\r\n<br \/>\r\nJe suis s\u00e9par\u00e9e du papa de mes enfants depuis plus de 4 ans. Depuis que je l'ai rencontr\u00e9, j'ai fait mon possible pour qu'il soit heureux, mais son caract\u00e8re insatisfait l'a toujours emp\u00each\u00e9 d'\u00eatre bien. Nous avons eu des enfants et depuis la naissance du dernier il est devenu tr\u00e8s agressif. Il me hurlait dessus, criait dans la maison tout le temps. Je l'ai finalement quitt\u00e9.<br \/>\r\n<br \/>\r\nAujourd'hui, apr\u00e8s 4 ans je me sens encore dans une sorte d'emprise. Il enchaine les proc\u00e9dures au Tribunal pour m'affaiblir. Il n'y a aucun contact entre nous mais quand je dois l'affronter en face \u00e0 face pour discuter pour les enfants, je me sens d\u00e9stabilis\u00e9e et je dois me pr\u00e9parer car j'angoisse. Pour exemple, je dois refaire les passeports des enfants et je lui ai demand\u00e9 de me les donner que je puisse aller au rendez-vous. Il ne veut pas me les remettre et va y aller lui-m\u00eame. Je me sens prise au pi\u00e8ge et sous pression. C'est un moyen pour lui de nous contr\u00f4ler \u00e0 distance, puisque je ne peux pas agir sans son accord et ce n'est pas la premi\u00e8re fois qu'il refuse de me donner les papiers pour m'emp\u00eacher de faire quelque chose. Je sens aussi que mes enfants ont peur de lui demander des choses et ne se sentent pas naturels quand ils sont avec lui.<br \/>\r\n<br \/>\r\nA plusieurs reprises, il m'a cri\u00e9 dessus et je rentre encore dans une peur excessive. Mes amis me disent parfois que j'agis comme une femme battue. Moi je sais qu'il ne m'a jamais frapp\u00e9, qu'il me fait mal au coeur et qu'il ne fait pas expr\u00e8s d'\u00eatre m\u00e9chant. Avant que l'on se s\u00e9pare, je suis quelque fois tomb\u00e9e dans les pommes car je ne supportais plus ses acc\u00e8s de cris.<br \/>\r\n<br \/>\r\nJe lui trouve des excuses constamment et je me demande si ma \"panique\" est bien r\u00e9elle. Je dois faire quelque chose, mais je n'ai pas envie que mes enfants y soient m\u00eal\u00e9s. Quelles sont mes options ?<br \/>\r\n<br \/>\r\n<\/div><br \/>\r\n<div class=\"bg-grey p2\"><br \/>\r\n<h3><\/p><\/div><\/div><div class='response'><h5>Response<\/h5><div class='vqf_fixed_width_text'><p><\/h3><br \/>\r\nBonjour Madame,<br \/>\r\n<br \/>\r\nVous nous faites part des agissements du p\u00e8re de vos enfants ainsi que de l'impact de ceux-ci sur vous et vos enfants bien que vous soyez aujourd'hui s\u00e9par\u00e9e. Nous comprenons que vous cherchiez \u00e0 identifer ce que vous vivez et que faire afin que la situation s'am\u00e9liore.<br \/>\r\n<br \/>\r\nLes cris, les hurlements r\u00e9guliers peuvent \u00eatre des moyens d'intimidation afin d'avoir le pouvoir sur l'autre et ainsi constituer une <a href=\"https:\/\/dev-vqf.creatives.com\/la-violence-dans-le-couple\/la-violence-psychologique\/\" target=\"_blank\" rel=\"noopener\">forme de violence psychologique<\/a>. Maintenant que vous \u00eates s\u00e9par\u00e9e, vous d\u00e9crivez que votre ex-conjoint enchaine les proc\u00e9dures au Tribunal et met tout en place afin de garder le contr\u00f4le, autrement dit, conserver le pouvoir sur vous et votre libert\u00e9 de d\u00e9cision\/action. Ces \u00e9l\u00e9ments nous laissent \u00e9galement penser que vous continuez, malgr\u00e9 la s\u00e9paration, \u00e0 \u00eatre victime de violence psychologique. La violence psychologique est la plus m\u00e9connue et difficile \u00e0 identifier tellement elle peut \u00eatre subtile. Par ailleurs, elle ne laisse pas de marques sur le corps mais n'en est pas moins d\u00e9l\u00e9t\u00e8re pour la sant\u00e9 physique ou psychologique des personnes qui la subissent. Vous le dites dans votre message: vous vous sentez destabilis\u00e9e, angoiss\u00e9e, prise au pi\u00e8ge, sous pression et il vous est m\u00eame arriv\u00e9 de tomber dans les pommes tellement les cris \u00e9taient insupportables et vos enfants ont \u00e9galement peur lorsqu'ils doivent demander quelque chose \u00e0 leur p\u00e8re. Ces \u00e9tats sont les cons\u00e9quences directs de la violence subie dont vous n'\u00eates pas responsable! Seule la personne qui recourt \u00e0 la violence est responsable de ces actes quelle que soient les raisons invoqu\u00e9es.<br \/>\r\n<br \/>\r\nDe votre c\u00f4t\u00e9, vous avez la responsabilit\u00e9 de tout mettre oeuvre afin de vous prot\u00e9ger du mieux possible ainsi que vos enfants de ce climat n\u00e9faste pour votre sant\u00e9 psychique et physique.<br \/>\r\n<br \/>\r\nDans le canton Vaud, nous pouvons vous conseiller de prendre contact avec le <a href=\"https:\/\/malleyprairie.ch\/j-ai-besoin-d-aide\/\" target=\"_blank\" rel=\"noopener\">Centre d'accueil MalleyPrairie<\/a> afin d'obtenir un entretien avec les intervenant-e-s sp\u00e9cialis\u00e9-e-s dans le domaine de la violence au sein du couple. Pour prendre contact: <strong>021 620 76 76 <\/strong>ou par email<strong>: info@malleyprairie.ch.<\/strong>Lors de cet entretien, vous pourrez faire le point sur votre situation et r\u00e9fl\u00e9chir avec les intervenant-e-s \u00e0 ce que vous pourriez mettre en place afin de vous prot\u00e9ger vous et vos enfants des intimidations et agressions verbales de votre ex-conjoint. Les entretiens sont <strong>gratuits et confidentiels<\/strong>.<br \/>\r\n<br \/>\r\nAussi nous nous demandons si vous \u00eates accompagn\u00e9e par un-e avocat-e pour r\u00e9gler les diff\u00e9rents aspects li\u00e9s \u00e0 la s\u00e9paration (organisation de la garde des enfants par exemple) et les diff\u00e9rentes proc\u00e9dures au Tribunal. Dans le canton de Vaud, vous pouvez trouver un-e avocat-e sensibilis\u00e9-e \u00e0 la probl\u00e9matique de la violence conjugale via <a href=\"https:\/\/arvd.ch\/\" target=\"_blank\" rel=\"noopener\">l'association Avocats ressources en mati\u00e8re de violences domestiques.<\/a> Pour prendre contact par t\u00e9l\u00e9phone.: <strong>021 317 50 81<\/strong> ou par email: <a href=\"mailto:info@arvd.ch\">info@arvd.ch.<\/a><br \/>\r\n<br \/>\r\nLe CSP propose \u00e9galement un <a href=\"https:\/\/csp.ch\/vaud\/services\/questions-juridiques\/\" target=\"_blank\" rel=\"noopener\">service juridique<\/a> o\u00f9 vous pouvez poser vos questions juridiques \u00e0 des juristes par t\u00e9l\u00e9phone <strong>021 560 60 60<\/strong> ou email <strong><a href=\"mailto:info@csp-vd.ch\">info@csp-vd.ch.<\/a><\/strong><br \/>\r\n<br \/>\r\nEn esp\u00e9rant que ces pistes r\u00e9pondent \u00e0 votre demande, nous restons bien volontiers \u00e0 votre disposition si vous avez d'autres questions ou si vous souhaitez donner de vos nouvelles. Nous vous souhaitons ainsi qu'\u00e0 vos enfant\u00a0 de trouver l'apaisement et la s\u00e9r\u00e9nit\u00e9 que vous m\u00e9ritez. Nos meilleurs messages vous accompagnent.<br \/>\r\n<br \/>\r\n<\/div><\/div><\/div><\/div><\/div><\/div><div class='qa_acc_item'><span class='acc_toggler'><\/span><div class='item_header'><h3>J&#8217;ai \u00e9t\u00e9 t\u00e9moin d&#8217;une sc\u00e8ne de violence conjugale tr\u00e8s choquante et souhaite savoir si je peux t\u00e9moigner anonymement<h3><div class='vqf_fixed_width_text'><p>06 d\u00e9cembre 2020 - son... Bonjour, Je vous \u00e9crit car hier j'ai \u00e9t\u00e9 t\u00e9moin d'une sc\u00e8ne de violence conjugale tr\u00e8s choquante. Un homme a frapp\u00e9 sa femme et ce combat a dur\u00e9 plus de 5 minutes en pleine rue. Ils...<\/p><\/div><\/div><div class='item_body'><div class='quesion_response_block'><div class='question'><h5>Question<\/h5><div class='vqf_fixed_width_text'><div class=\"box-question p2\"><br \/>\r\n<p class=\"color-grey small mt1 mb0\">06 d\u00e9cembre 2020 - son...<\/p><br \/>\r\nBonjour,<br \/>\r\n<br \/>\r\nJe vous \u00e9crit car hier j'ai \u00e9t\u00e9 t\u00e9moin d'une sc\u00e8ne de violence conjugale tr\u00e8s choquante. Un homme a frapp\u00e9 sa femme et ce combat a dur\u00e9 plus de 5 minutes en pleine rue. Ils avaient deux enfants en bas \u00e2ges qui criaient mais qui n'\u00e9taient pas violent\u00e9s. J'\u00e9tais en voiture et j'ai imm\u00e9diatement appel\u00e9 la police d\u00e8s que j'ai vu la sc\u00e8ne, ils ont envoy\u00e9 une voiture aussit\u00f4t, puis je me suis \u00e9loign\u00e9e. J'ai d\u00fb retourner dans l'immeuble devant lequel s'\u00e9tait d\u00e9roul\u00e9 la sc\u00e8ne car je devais livrer quelque chose, et en y arrivant, \u00e0 pieds cette fois (je m'\u00e9tais gar\u00e9e plus loin) j'ai vu que la femme \u00e9tait au sol et qu'elle n'arrivait pas \u00e0 se relever. La police \u00e9tait sur place, elle \u00e9tait arriv\u00e9e quelques secondes avant moi je pense. Le temps que j'effectue ma livraison et que je ressorte de l'immeuble (environs 10 minutes), il y avait 3 voitures de police et une ambulance. Je ne suis pas s\u00fbre mais \u00e0 mon avis la femme a d\u00fb partir en ambulance, vu son \u00e9tat.<br \/>\r\n<br \/>\r\nLorsque j'avais appel\u00e9 la police au d\u00e9but de la sc\u00e8ne, ils m'ont dit que je n'avais pas besoin de rester sur place, je n'ai donc pas eu le temps de donner mon identit\u00e9 au t\u00e9l\u00e9phone ou quoi que ce soit, c'\u00e9tait tr\u00e8s bref, j'ai juste dit que j'assistais \u00e0 une sc\u00e8ne de violence et qu'ils devaient venir de suite car la femme ne pouvait pas se d\u00e9fendre. Cependant, je me demande maintenant si je dois appeler la police \u00e0 nouveau pour t\u00e9moigner. En effet, j'ai cette image de la femme \u00e0 terre qui me reste dans la t\u00eate depuis hier (\u00e7a s'est produit vers 11h30-12h) et j'ai entendu, lorsque je suis pass\u00e9e \u00e0 proximit\u00e9 \u00e0 pieds, l'homme dire aux policiers qu'elle \u00e9tait juste tomb\u00e9e (vu l'intervention des deux autres voitures de police, les policiers ne l'ont de toute \u00e9vidence pas cru). Je voudrais vraiment t\u00e9moigner, mais je n'ai aucune envie de donner mon identit\u00e9, car l'homme qui frappait sa femme m'a fait tr\u00e8s peur. De plus, je dois me rendre r\u00e9guli\u00e8rement dans ce quartier pour des livraisons et je ne voudrais pas \u00eatre victime de repr\u00e9sailles.<br \/>\r\n<br \/>\r\nJe tiens encore \u00e0 pr\u00e9ciser que je ne suis pas intervenue car l'homme \u00e9tait bien plus fort que moi et que je n'aurait de toute \u00e9vidence pas aid\u00e9 \u00e0 am\u00e9liorer la situation, vu qu'il savait qu'il \u00e9tait vu en frappant sa femme en plein jour dehors. J'ai vraiment eu peur aussi. Merci de me dire si il y a la possibilit\u00e9 de t\u00e9moigner anonymement aupr\u00e8s de la police, sous forme de lettre par exemple. Avec mes meilleures salutations.<br \/>\r\n<br \/>\r\n<\/div><br \/>\r\n<div class=\"bg-grey p2\"><br \/>\r\n<h3><\/p><\/div><\/div><div class='response'><h5>Response<\/h5><div class='vqf_fixed_width_text'><p><\/h3><br \/>\r\nBonjour Madame,<br \/>\r\n<br \/>\r\nCe weekend, vous avez \u00e9t\u00e9 t\u00e9moin d'une sc\u00e8ne de violence. Un homme s'en est pris \u00e0 sa femme, devant leurs enfants en bas \u00e2ge. En r\u00e9action, vous avez appel\u00e9 la police, qui est intervenue de suite. Vous vous demandez s'il est possible de t\u00e9moigner anonymement aupr\u00e8s de la police suite aux actes de violences auxquels vous avez assist\u00e9.<br \/>\r\n<br \/>\r\nLa situation que vous nous d\u00e9crivez est difficile et nous comprenons que vous en soyez choqu\u00e9e. Nous vous f\u00e9licitons d'avoir agi face \u00e0 la violence en d\u00e9pit de\u00a0la peur que vous avez ressenti.<br \/>\r\n<br \/>\r\nPour r\u00e9pondre \u00e0 votre question, il n'est pas possible de t\u00e9moigner anonymement aupr\u00e8s de la police car les t\u00e9moins doivent pouvoir \u00eatre cit\u00e9s lors de la proc\u00e9dure judiciaire. Nous comprenons que vous vous inqui\u00e9tiez pour cette femme victime des violences de son conjoint. Nous tenons \u00e0 vous dire que vous avez eu le bon r\u00e9flexe en appelant imm\u00e9diatement la police qui est par ailleurs intervenue rapidement.\u00a0Vous n'avez pas ferm\u00e9 les yeux et appel\u00e9 de l'aide de suite. Ainsi, la victime a pu \u00eatre prise en charge directement et les faits ont \u00e9t\u00e9 constat\u00e9s par la police.<br \/>\r\n<br \/>\r\nEtre t\u00e9moin d'une sc\u00e8ne de violence n'est pas anodin. Il est important d'\u00eatre \u00e0 l'\u00e9coute des \u00e9motions que cela a pu d\u00e9clencher chez vous et de prendre soin de vous. Souvent, les personnes t\u00e9moins ressentent de la culpabilit\u00e9, de la peur ou un sentiment d'impuissance.\u00a0Si vous en ressentez le besoin, nous vous encourageons \u00e0 parler de ce que vous avez vu et des \u00e9motions qui vous ont travers\u00e9es avec des personnes de confiance de votre entourage et\/ou avec un-e th\u00e9rapeute. N'h\u00e9sitez pas non plus \u00e0 contacter la Main Tendue au <strong>143<\/strong> pour trouver du soutien psychologique si vous en ressentez le besoin.<br \/>\r\n<br \/>\r\nNous esp\u00e9rons que notre message a pu vous apporter des pistes pour la suite et un peu d'apaisement. N'h\u00e9sitez pas \u00e0 nous \u00e9crire \u00e0 nouveau avec d'autres questions et pour nous tenir au courant de l'\u00e9volution de votre situation. Nous sommes de tout coeur avec vous et vous envoyons nos meilleures pens\u00e9es.<br \/>\r\n<br \/>\r\n<\/div><\/div><\/div><\/div><\/div><\/div><div class='qa_acc_item'><span class='acc_toggler'><\/span><div class='item_header'><h3>Est-ce de la violence conjugale?<h3><div class='vqf_fixed_width_text'><p>01 d\u00e9cembre 2020 - L1C... Je suis en couple depuis 5 ans et depuis 3 ans j'ai observ\u00e9 une vraie d\u00e9gringolade de l'ambiance de la relation. Nous sommes en tension constante et il y a plus de conflits que de...<\/p><\/div><\/div><div class='item_body'><div class='quesion_response_block'><div class='question'><h5>Question<\/h5><div class='vqf_fixed_width_text'><div class=\"box-question p2\"><br \/>\r\n<p class=\"color-grey small mt1 mb0\">01 d\u00e9cembre 2020 - L1C...<\/p><br \/>\r\nJe suis en couple depuis 5 ans et depuis 3 ans j'ai observ\u00e9 une vraie d\u00e9gringolade de l'ambiance de la relation. Nous sommes en tension constante et il y a plus de conflits que de moments heureux. Nous sommes en th\u00e9rapie depuis un moment, mais la th\u00e9rapeute m'a derni\u00e8rement propos\u00e9e un suivi en individuel, qui tourne principalement autour de la th\u00e9matique \"pourquoi j'accepte cette relation\"... ce qui m'a \u00e9videmment pouss\u00e9 \u00e0 faire plus de recherches.<br \/>\r\n<br \/>\r\nPour les d\u00e9tails de nos conflits: mon mari se vexe pour un rien et entre dans des bouderies sans fin. Cela peut durer des semaines. On ne peut tout simplement pas \u00eatre d'avis contraires. Une spirale s'enclenche alors, qui ne termine que si je capitule ou par un gros clash o\u00f9 on parle de s\u00e9paration (voire on la concr\u00e9tise, pour revenir sur nos pas le lendemain).<br \/>\r\n<br \/>\r\nQuand cette sensibilit\u00e9 est bless\u00e9e, il va \"chercher\" la tension, en demandant souvent de parler, mais d'une mani\u00e8re non productive, ou tous les probl\u00e8mes sont soulev\u00e9s et aucun ne peut-\u00eatre r\u00e9solu. Nous avons tent\u00e9 d'apprendre les mani\u00e8res de communiquer non agressivement mais il ne veut pas les appliquer parce que \u00e7a fait \"chochotte\"). Entre les discussions, dans les moments de tension, il est passif agressif. Plus rarement, des discussions escaladent et il finit par exemple par taper\/pousser la table, cogner une porte, jeter un coussin au travers de la pi\u00e8ce, etc.<br \/>\r\n<br \/>\r\nLorsque nous allons bien cela ne dure pas 3 jours qu'il lance une bombe \u00e9motionelle et d\u00e9truit ainsi toute la s\u00e9curit\u00e9 qu'on a pu reconstruire. Mais tout cela reste peu \"\u00e9pique\" (par exemple il me lancera que \"malgr\u00e9 notre bonne entente il ne me fait pas confiance\", ou alors apr\u00e8s un serrage de bras il me dira que \"ah oui, je voulais te dire, je trouve ton odeur \u00e9trange. C'est pas ton parfum, c'est ton corps. C'est pas encore d\u00e9sagr\u00e9able, mais je le remarque quand je te serre dans les bras\"... \u00c9videmment \u00e7a me bouscule, mais est-ce qu'il n'est pas juste franc?... Ou alors des injonctions contradictoires qui font penser \u00e0 du double lien (\"tu es trop carr\u00e9e avec la nourriture pour notre enfant\", mais quand notre enfant a des frites et une part de g\u00e2teau un jour il me corrige en disant \"faut que tu arr\u00eates de penser que tu le nourris bien, ton enfant...\") je sais plus quoi faire pour faire bien. Ce sont toutes de petites choses.<br \/>\r\n<br \/>\r\nMais je sens que ma boussole int\u00e9rieure se d\u00e9r\u00e8gle. Je ne suis m\u00eame plus s\u00fbre de ce que je pense (je me questionne beaucoup sur mes limites, peut-\u00eatre \u00e0 \u00eatre trop rigide dans mon \u00e9ducation, ou trop directe dans mes propos, ou peut-\u00eatre \u00e0 vouloir trop...? ) ce sont toutes des pens\u00e9es que je n'avais pas au d\u00e9but et nos 2 premi\u00e8res ann\u00e9es ces caract\u00e9ristiques ne semblaient pas le g\u00eaner...<br \/>\r\n<br \/>\r\nJe ne vous demande pas un diagnostic... il y a bien trop peu d'\u00e9l\u00e9ments et ils ne sont d\u00e9crits que par moi (qui n'ai d'ailleurs pas non plus un temp\u00e9rament \u00e0 subir, d'o\u00f9 les conflits nombreux). Mais je me sens perdre pieds. D'autant plus que je n'arrive pas \u00e0 mettre fin \u00e0 cette relation, alors qu'elle m'agresse bien trop souvent. Il m'a appel\u00e9e \"pute\" et je l'ai laiss\u00e9 revenir... je ne me comprends plus... qu'est ce qui est juste de la r\u00e9partie ou une r\u00e9action sous le coup de la col\u00e8re, et\/ou des aspects culturels\/familiaux (par exemple tout le mond ne r\u00e9agit pas fortement aux insultes, et dans certaines familles elles sont m\u00eame monnaie courante sans cr\u00e9er de probl\u00e8me) et qu'est-ce qui est violence conjugale...?<br \/>\r\n<br \/>\r\nJe suis en zone trouble et je ne sais pas si je me victimise ou si c'est vraiment un glissement vers de la violence... Je pense que j'ai juste besoin de verbaliser mon ressenti de mani\u00e8re clair et voir qu'il est entendu. Je vais \u00e9videmment reprendre cette th\u00e9matique plus directement avec ma th\u00e9rapeute, mais nous avons du annuler les derni\u00e8res s\u00e9ances \u00e0 cause du covid et d'isolement par-ci, par-l\u00e0<br \/>\r\n<br \/>\r\n<\/div><br \/>\r\n<div class=\"bg-grey p2\"><br \/>\r\n<h3><\/p><\/div><\/div><div class='response'><h5>Response<\/h5><div class='vqf_fixed_width_text'><p><\/h3><br \/>\r\nBonjour Madame,<br \/>\r\n<br \/>\r\nEn couple depuis 5 ans, vous observez une d\u00e9t\u00e9rioration de votre relation de couple depuis 3 ans et avez d\u00e9cid\u00e9 d'entreprendre une th\u00e9rapie de couple. Votre th\u00e9rapeute vous a propos\u00e9 un suivi individuel et cette d\u00e9marche suscite en vous des questionnements et des doutes sur votre relation. De mani\u00e8re plus g\u00e9n\u00e9rale, vous vous sentez \"d\u00e9boussoul\u00e9e\" et vous ne savez plus quoi penser. Nous comprenons dans votre message que vous vous questionnez aussi sur la violence conjugale et vous vous demandez si c'est ce que vous vivez ou du moins si c'est la direction que prend votre relation.<br \/>\r\n<br \/>\r\nNous allons vous donner quelques \u00e9l\u00e9ments de r\u00e9flexion qui, nous l'esp\u00e9rons, pourront vous aider.<br \/>\r\n<br \/>\r\nDans une relation de couple comme dans tout type de relation, les conflits peuvent survenir. Un conflit cristallise une opposition ou un d\u00e9saccord sur un objet particulier et il met en pr\u00e9sence deux personnes qui se trouvent sur un m\u00eame plan d\u2019\u00e9galit\u00e9, deux sujets, en capacit\u00e9 l\u2019un et l\u2019autre d\u2019exprimer et de faire valoir leur point de vue.\u00a0 Chaque protagoniste a une libert\u00e9 d'expression et leur intention est d'avoir raison sur le sujet conflictuel. Au final, il n'y a pas d'effets d\u00e9l\u00e9t\u00e8res sur les personnes.<br \/>\r\n<br \/>\r\nA contrario, lorsqu'il y a de la violence au sein d'une relation, l'autre n'est pas plac\u00e9 sur un pied d'\u00e9galit\u00e9 et un compromis ne peut pas \u00eatre trouv\u00e9 puisqu'il s'agit d'avoir le pouvoir sur l'autre, le conflit n'\u00e9tant qu'un pr\u00e9texte pour arriver \u00e0 cela. La personne auteure de violence cherche sous n'importe quel pr\u00e9texte \u00e0 v\u00e9rifier et \u00e0 r\u00e9affirmer sa domination sur la personne victime. Un cycle de la violence, qui se r\u00e9p\u00e8te, se met alors en place. Enfin, la violence a des cons\u00e9quences n\u00e9gatives sur tout le monde: en premier lieu sur la victime (peur, honte, culpabilisation, doutes etc...) mais aussi sur la personne auteure.\u00a0 Les enfants lorsqu'ils sont t\u00e9moins de violence sont aussi impact\u00e9s et eux aussi victimes.<br \/>\r\n<br \/>\r\nLa violence au sein du couple , surtout lorsqu'elle est <a href=\"https:\/\/dev-vqf.creatives.com\/la-violence-dans-le-couple\/la-violence-psychologique\/\" target=\"_blank\" rel=\"noopener\">psychologique<\/a>, n'est pas toujours facile \u00e0 identifier puisqu'elle peut \u00eatre subtile: propos d\u00e9nigrants, contradictions (<em>il est impossible pour la personne victime de \"bien faire\"<\/em>), menaces, intimidations... Elle ne laisse pas de marques sur le corps mais n'est pour autant pas anodine pour la sant\u00e9 psychique et l'estime de soi de la personne victime.<br \/>\r\n<br \/>\r\nEst-ce que ces \u00e9l\u00e9ments font \u00e9cho \u00e0 ce que vous pouvez vivre?<br \/>\r\n<br \/>\r\nNous souhaitons saluer tout ce que vous mettez en place: th\u00e9rapie de couple, th\u00e9rapie individuelle, tentative de mise en place de communication non violente ainsi que nous \u00e9crire afin de verbaliser ce que vous ressentez en attendant d'avoir un entretien avec votre th\u00e9rapeute. Vous faites preuve de grandes ressources pour avancer de mani\u00e8re constructive pour votre bien-\u00eatre, celui de votre couple et de votre famille or cela est loin d'\u00eatre une mani\u00e8re de se victimiser. Pour qu'une th\u00e9rapie de couple porte ses fruits, il est n\u00e9cessaire que chacun-e soit pr\u00eat-e \u00e0 prendre sa part de responsabilit\u00e9 et a r\u00e9\u00e9llement engager un travail sur soi. Nous vous encourageons \u00e9galement \u00e0 rester \u00e0 l'\u00e9coute de vos signaux \"d'alarme\" int\u00e9rieurs: <em>ne plus savoir quoi penser<\/em>, <em>avoir le sentiment de perdre pieds <\/em>, <em>se sentir en zone trouble<\/em>.<br \/>\r\n<br \/>\r\nNous esp\u00e9rons que vous pourrez prochainement pouvoir reprendre ces diff\u00e9rents \u00e9l\u00e9ments avec votre th\u00e9rapeute afin d'avancer dans votre cheminement.<br \/>\r\n<br \/>\r\nNous restons bien s\u00fbr \u00e0 votre disposition si vous souhaitez nous r\u00e9\u00e9crire, nous poser d'autres questions ou tout simplement nous donner de vos nouvelles. Nos meilleures pens\u00e9es vous accompagnent et nous vous souhaitons que \"votre boussole int\u00e9rieure\" retrouve son \u00e9quilibre.<br \/>\r\n<br \/>\r\n<\/div><\/div><\/div><\/div><\/div><\/div><div class='qa_acc_item'><span class='acc_toggler'><\/span><div class='item_header'><h3>Le mari d&#8217;une connaissance fait du chantage affectif et menace de se suicider si elle le quitte<h3><div class='vqf_fixed_width_text'><p>30 novembre 2020 - 083... Pour une connaissance qui a un mari qui fait du chantage affectif chaque fois que la s\u00e9paration est \u00e9voqu\u00e9e (menace de suicide). Souvent des cris devant les petits. Elle et son mari ont pris les...<\/p><\/div><\/div><div class='item_body'><div class='quesion_response_block'><div class='question'><h5>Question<\/h5><div class='vqf_fixed_width_text'><div class=\"box-question p2\"><br \/>\r\n<p class=\"color-grey small mt1 mb0\">30 novembre 2020 - 083...<\/p><br \/>\r\nPour une connaissance qui a un mari qui fait du chantage affectif chaque fois que la s\u00e9paration est \u00e9voqu\u00e9e (menace de suicide). Souvent des cris devant les petits. Elle et son mari ont pris les choses en main pour \u00e9viter le divorce et faire souffrir les enfants. Ils suivent une th\u00e9rapie de couple plus un suivi en parall\u00e8le chez un psychiatre.<br \/>\r\n<br \/>\r\nSeulement ils ont \u00e9t\u00e9 signal\u00e9 \u00e0 l\u2019organe de protection de l\u2019enfant. Elle a fait de ses enfants une priorit\u00e9 depuis leur naissance et s\u2019en occupe tr\u00e8s bien, elle a peur qu\u2019on lui retire ses enfants elle en serait d\u00e9vast\u00e9e.<br \/>\r\n<br \/>\r\n<\/div><br \/>\r\n<div class=\"bg-grey p2\"><br \/>\r\n<h3><\/p><\/div><\/div><div class='response'><h5>Response<\/h5><div class='vqf_fixed_width_text'><p><\/h3><br \/>\r\nBonjour,<br \/>\r\n<br \/>\r\nVous nous \u00e9crivez au sujet d'une\u00a0connaissance qui subit des\u00a0<a href=\"https:\/\/dev-vqf.creatives.com\/la-violence-dans-le-couple\/la-violence-psychologique\/\" target=\"_blank\" rel=\"noopener\">violences psychologiques<\/a> (menace au suicide) dans son couple. Son mari et elle ont d\u00e9j\u00e0 engag\u00e9 plusieurs d\u00e9marches aupr\u00e8s de professionnel-le-s, avec l'objectif de faire perdurer leur couple et prot\u00e9ger leurs enfants. Suite \u00e0 un signalement aupr\u00e8s de l'organe de la protection de l'enfant (OPE), votre connaissance a peur qu'on lui retire ses enfants.<br \/>\r\n<br \/>\r\nNous comprenons de part votre message que vous vous inqui\u00e9tez quant aux cons\u00e9quences de ce signalement. Nous ne pouvons pas nous prononcer sur cette situation qui est actuellement prise en charge par l\u2019OPE.<strong> Nous pouvons cependant vous rassurer sur le fait qu\u2019un signalement ne signifie pas automatiquement que la garde de ses enfants sera retir\u00e9e \u00e0 votre connaissance.<\/strong> L\u2019objectif des intervenant-e-s de l\u2019OPE est d\u2019\u00e9valuer les situations qui lui sont signal\u00e9es afin de s'assurer le bon d\u00e9veloppement des enfants n'est pas mis en danger. Cela peut passer entre autres par des mesures de soutien et de conseil \u00e9ducatif aux parents. De plus, les d\u00e9marches que votre connaissance et son mari ont d\u00e9j\u00e0 entreprises en amont du signalement (th\u00e9rapie de couple et suivi psychiatrique) attestent de leur volont\u00e9 d\u2019agir pour pr\u00e9server le bien-\u00eatre de leurs enfants et leur seront s\u00fbrement favorables dans l\u2019\u00e9valuation de l\u2019OPE.<br \/>\r\n<br \/>\r\nEn compl\u00e9ment, vous pouvez proposer \u00e0 votre connaissance de contacter la\u00a0<strong><a href=\"http:\/\/www.lessentielles.ch\/prestations-offertes\/\" target=\"_blank\" rel=\"noopener\">Fondation L'essentielles<\/a><\/strong>, localis\u00e9e dans le canton du Valais. Elle pourra y trouver<strong>\u00a0<\/strong>une \u00e9coute attentive et du soutien aupr\u00e8s d'une \u00e9quipe form\u00e9e\u00a0\u00e0 venir en aide aux victimes\u00a0de violences psychologiques dans le couple. Leurs prestations sont toutes confidentielles et incluent un accompagnement pour les d\u00e9marches administratives, des entretiens individuels pour faire le point sur sa situation, ainsi que des moments d'\u00e9change en groupe avec des personnes ayant v\u00e9cu une situation similaire. La fondation peut \u00eatre contact\u00e9e tous les jours au <strong>079 320 98 70<\/strong>.<br \/>\r\n<br \/>\r\nNous restons \u00e0 votre disposition si vous souhaitez nous poser une question, donner plus d'informations sur la situation, ou nous informer de sa progression. Nous vous souhaitons le meilleur pour la suite et vous envoyons nos meilleures pens\u00e9es.<br \/>\r\n<br \/>\r\n<\/div><\/div><\/div><\/div><\/div><\/div><div class='qa_acc_item'><span class='acc_toggler'><\/span><div class='item_header'><h3>Sexuelle Gewalt &#8211; wie gehe ich mit Trauma um?<h3><div class='vqf_fixed_width_text'><p>26 novembre 2020 - emi... Guten Tag, Ich bin von meinem Ex-Partner sexuell bel\u00e4stigt worden. Er hat mich, wom\u00f6glich unter Drogenkonsum, an intimen Stellen ber\u00fchrt obwohl ich es nicht wollte und ihm das auch gesagt habe. Einmal ist er gegen...<\/p><\/div><\/div><div class='item_body'><div class='quesion_response_block'><div class='question'><h5>Question<\/h5><div class='vqf_fixed_width_text'><div class=\"box-question p2\"><br \/>\r\n<p class=\"color-grey small mt1 mb0\">26 novembre 2020 - emi...<\/p><br \/>\r\nGuten Tag,<br \/>\r\n<br \/>\r\nIch bin von meinem Ex-Partner sexuell bel\u00e4stigt worden. Er hat mich, wom\u00f6glich unter Drogenkonsum, an intimen Stellen ber\u00fchrt obwohl ich es nicht wollte und ihm das auch gesagt habe.<br \/>\r\n<br \/>\r\nEinmal ist er gegen meinen Willen mit seinen Fingern eingedrungen und hat mich an die Wand gepresst, sodass ich mich nicht wehren konnte. Auf mein Bitten aufzuh\u00f6ren hat er erst nach einer gewissen Zeit geh\u00f6rt, und hat mich dann ausgelacht.<br \/>\r\n<br \/>\r\nJetzt erlebe ich immer wieder Panikattacken, insbesondere beim Geschlechtsverkehr (mit anderen Leuten, nicht mit meinem Exfreund). Ich kann seit diesem Vorfall den Sex nicht mehr geniessen, da sich die beschriebene Szene immer in meinem Kopf auftaucht und ich in Panik gerate.<br \/>\r\n<br \/>\r\nMeine Frage ist, wie kann ich diese Gedanken ausblenden\/ das Geschehene verarbeiten, um wieder normal Sex haben zu k\u00f6nnen? Gibt es bestimmte Techniken? Ich habe bisher noch mit niemandem dar\u00fcber geredet. Vielen Dank f\u00fcr eine Antwort und sch\u00f6ner Tag<br \/>\r\n<br \/>\r\n<\/div><br \/>\r\n<div class=\"bg-grey p2\"><br \/>\r\n<h3><\/p><\/div><\/div><div class='response'><h5>Response<\/h5><div class='vqf_fixed_width_text'><p><\/h3><br \/>\r\nGuten Tag Emika<br \/>\r\n<br \/>\r\nSie beschreiben, dass Sie von Ihrem Ex-Partner sexuell bel\u00e4stigt wurden und dies wom\u00f6glich unter Drogenkonsum. Er hat Sie an intimen Stellen ber\u00fchrt und ist gegen Ihren Willen mit seinen Fingern in Sie eingedrungen. Da er Sie an die Wand gepresst hat, konnten Sie sich nicht wehren und er h\u00f6rte erst nach mehrmaligem Bitten auf. Nun erleben Sie immer wieder Panikattacken und dies vor Allem beim Geschlechtsverkehr. Sie bringen die Bilder des Erlebten nicht mehr aus Ihrem Kopf und geraten deswegen in Panik und k\u00f6nnen Sex nicht mehr geniessen.<br \/>\r\n<br \/>\r\nSie wurden Opfer von sexueller Gewalt und was Sie erlebt haben, ist gem\u00e4ss Strafgesetzbuch<a href=\"https:\/\/www.admin.ch\/opc\/de\/classified-compilation\/19370083\/index.html\" target=\"_blank\" rel=\"noopener\">\u00a0Art.189 (Angriffe auf die sexuelle Freiheit und Ehre \/ Sexuelle N\u00f6tigung<\/a>) strafbar.<br \/>\r\n<br \/>\r\nSexuelle Gewalt kann schwerwiegende Auswirkungen auf die physische und psychische Gesundheit der Opfer haben, wenn sie nicht thematisiert und verarbeitet wird. Es kann jedoch schwierig sein, \u00fcber dieses Trauma zu sprechen. Dar\u00fcber hinaus hindern Scham und Schuld die Opfer oft daran, Massnahmen zu ergreifen. Das Schweigen zu brechen ist ein erster Schritt zu einem Prozess der Verarbeitung. Durch ihren Mut an www.violencequefaire.ch \u00fcber Ihr Erlebtes zu schreiben, haben Sie diesen Schritt geschafft.<br \/>\r\n<br \/>\r\nIn Freiburg gibt es verschiedenen Institutionen\/Vereine, die mit der Thematik von Gewalt spezialisiert sind.<br \/>\r\n<br \/>\r\n- Sie k\u00f6nnen mit dem <a href=\"https:\/\/www.sf-lavi.ch\/?lang=de\" target=\"_blank\" rel=\"noopener\">Frauenhaus Freiburg \u2013 Opferhilfe-Beratungsstelle<\/a> (<strong>026\/ 322 22 02<\/strong>) kontakt aufnehmen. Eine Beraterin wird in der Lage sein, ihnen zuzuh\u00f6ren, Sie zu beraten und Sie bei den Schritten, die sie unternehmen m\u00f6chten, zu begleiten. Die Beratungen sind kostenlos und vertraulich. Die Opferhilfestelle kann Sie mit Therapeuten in Verbindung setzen, die mit Opfer von sexueller Gewalt arbeiten. Durch eine Therapie k\u00f6nnten Sie an der erlebten Straftat arbeiten und Techniken in Bezug auf Ihre Panikattacken lernen.<br \/>\r\n<br \/>\r\n- Sollten Sie auch Franz\u00f6sisch sprechen, k\u00f6nnen Sie den Verein <a href=\"https:\/\/www.espas.info\/\" target=\"_blank\" rel=\"noopener\">ESPAS<\/a> (<strong>0848 515 000<\/strong>) kontaktieren. Der Verein setzt sich f\u00fcr Menschen ein, die von sexuellem Missbrauch betroffen sind, wobei sowohl individuelle- als auch Gruppentherapie angeboten wird. Dieser Verein k\u00f6nnte eine n\u00fctzliche Ressource f\u00fcr die Einrichtung einer therapeutischen Nachsorge sein.<br \/>\r\n<br \/>\r\nWir m\u00f6chten Ihnen sagen, dass Ihr Ansatz, am Geschehen zu arbeiten, der richtige ist und ermutigen Sie, sich an Fachleute zu wenden, die Ihnen in Ihrer schwierigen Situation helfen k\u00f6nnen.<br \/>\r\n<br \/>\r\nWir w\u00fcnschen Ihnen alles Gute f\u00fcr die Zukunft und senden Ihnen unsere besten Gedanken.<br \/>\r\n<br \/>\r\nFreundliche Gr\u00fcsse<br \/>\r\n<br \/>\r\n<\/div><\/div><\/div><\/div><\/div><\/div><div class='qa_acc_item'><span class='acc_toggler'><\/span><div class='item_header'><h3>Mon fils vit de la violence au sein de son couple, pouvez-vous l&#8217;aider?<h3><div class='vqf_fixed_width_text'><p>25 novembre 2020 - Mam... Bonjour, mon fils d'une vingtaine d'ann\u00e9e a une relation avec une fille un peu plus \u00e2g\u00e9e. Ils sont jaloux, m\u00e9fiants. Elle le tape, griffes, mord... elle lui a jet\u00e9 ses habits dehors, le menace en...<\/p><\/div><\/div><div class='item_body'><div class='quesion_response_block'><div class='question'><h5>Question<\/h5><div class='vqf_fixed_width_text'><div class=\"box-question p2\"><br \/>\r\n<p class=\"color-grey small mt1 mb0\">25 novembre 2020 - Mam...<\/p><br \/>\r\nBonjour,<br \/>\r\n<br \/>\r\nmon fils d'une vingtaine d'ann\u00e9e a une relation avec une fille un peu plus \u00e2g\u00e9e. Ils sont jaloux, m\u00e9fiants.<br \/>\r\n<br \/>\r\nElle le tape, griffes, mord... elle lui a jet\u00e9 ses habits dehors, le menace en prenant des photos de si il lui fait un bleus... D\u00e9sormais il pense quand habitant avec tout ira mieux!<br \/>\r\n<br \/>\r\nNous parents allons le laisser partir, mais pouvez-vous l\u2019aider si besoin, car il a honte j\u2019ai l\u2019impression il dis que c\u2019est \u00e7a faute si elle r\u00e9agit comme \u00e7a!<br \/>\r\n<br \/>\r\n<\/div><br \/>\r\n<div class=\"bg-grey p2\"><br \/>\r\n<h3><\/p><\/div><\/div><div class='response'><h5>Response<\/h5><div class='vqf_fixed_width_text'><p><\/h3><br \/>\r\nBonjour Madame,<br \/>\r\n<br \/>\r\nVous nous \u00e9crivez au sujet de\u00a0votre fils et sa compagne. Il subit des violences <a href=\"https:\/\/dev-vqf.creatives.com\/la-violence-dans-le-couple\/la-violence-psychologique\/\" target=\"_blank\" rel=\"noopener\">psychologiques<\/a>\u00a0et <a href=\"https:\/\/dev-vqf.creatives.com\/la-violence-dans-le-couple\/la-violence-physique\/\" target=\"_blank\" rel=\"noopener\">physiques<\/a>\u00a0de sa part. Votre message laisse entendre qu'il a lui aussi recourt \u00e0 la violence physique envers elle. Ces comportements, dont certains peuvent \u00eatre poursuivi par la loi, nous alertent.<br \/>\r\n<br \/>\r\nNous comprenons que vous souhaitiez vous assurer qu'il puisse\u00a0trouver de l'aide s'il le souhaite, d'autant plus qu'il compte quitter le domicile familial pour emm\u00e9nager avec elle. Vous avez fais un pas important en d\u00e9cidant de parler de ce qui lui arrive.<br \/>\r\n<br \/>\r\nVotre fils \u00e9tant majeur, vous ne pouvez ni\u00a0lui interdire de quitter la maison, ni le forcer \u00e0 demander de l'aide, mais il est possible d'avoir un impact en transmettant des messages clairs sur la violence dans le couple et la responsabilit\u00e9 de chacun-e et en l'orientant vers des professionnel-le-s form\u00e9-e-s aux enjeux de la violence dans le couple.<br \/>\r\n<br \/>\r\nUne fois engag\u00e9, le cycle de la violence au sein d'un couple est difficile \u00e0 enrayer sans aide ext\u00e9rieure. Plus le temps passe, plus la fr\u00e9quence et l'intensit\u00e9 des violences tendent \u00e0 augmenter. Les cons\u00e9quences sont multiples, et concernent tant la sant\u00e9 mentale et physique de chaque partenaire, que la qualit\u00e9 de la relation \u00e0 deux. Les personnes se sentent souvent honteuses apr\u00e8s un \u00e9pisode de violence, n'osent pas parler de ce qui leur arrive ou pensent que tout est de leur faute.<br \/>\r\n<br \/>\r\nIl est important de distinguer quelles sont les responsabilit\u00e9s de chacun-e. Rien ne justifie la violence : c'est\u00a0la personne qui d\u00e9cide d'avoir un comportement ou une attitude violente qui en est seule responsable, et qui doit agir pour que cela ne se reproduise plus.\u00a0Les actions de sa compagne ne sont pas de la faute de votre fils, m\u00eame s'il en a l'impression. Par contre,\u00a0votre fils est responsable de toute forme de violence que lui a exerc\u00e9 envers sa compagne, et c'est \u00e0 lui de prendre des mesures pour changer son fonctionnement.<br \/>\r\n<br \/>\r\n<strong>La violence n'est pas une fatalit\u00e9. <\/strong>Avec de l'aide ext\u00e9rieure, il est possible de sortir de la honte, de la culpabilit\u00e9 et de l'isolement, et de trouver des solutions pour briser le cycle de la violence.<br \/>\r\n<br \/>\r\nAu<strong> centre de pr\u00e9vention de l'Ale\u00a0<\/strong>(<a href=\"https:\/\/prevention-ale.ch\/besoin-daide\/\" target=\"_blank\" rel=\"noopener\">CPAle<\/a>), votre fils et sa compagne peuvent\u00a0\u00eatre <a href=\"https:\/\/prevention-ale.ch\/besoin-daide\/\" target=\"_blank\" rel=\"noopener\">accompagn\u00e9s et conseill\u00e9s<\/a> individuellement\u00a0ou en couple. Sur le cours de plusieurs entretiens (confidentiels et gratuits), des professionnel-le-s pourront les aider \u00e0 d'identifier les situations \u00e0 risque et\u00a0 trouver des alternatives \u00e0 la violence. Une premi\u00e8re consultation peut \u00eatre fix\u00e9e de suite au\u00a0<strong>021 321 24 00<\/strong>,<strong>\u00a0<\/strong>du lundi au vendredi de 8h \u00e0 12h et de 13h \u00e0 17h.<br \/>\r\n<br \/>\r\nIl est aussi possible de faire appel au <a href=\"https:\/\/prevention-ale.ch\/besoin-daide\/\" target=\"_blank\" rel=\"noopener\">Centre d'accueil MalleyPraire<\/a>, qui oeuvre de pair avec le CPAle.\u00a0Le centre organise des <a href=\"https:\/\/malleyprairie.ch\/ambulatoire\/\" target=\"_blank\" rel=\"noopener\">consultations ambulatoires<\/a> (confidentielles et gratuites) dans le canton de Vaud visant \u00e0 informer les hommes et les femmes victimes de violences dans leur couple\u00a0des d\u00e9marches qu'elles peuvent entreprendre pour se prot\u00e9ger et faire \u00e9voluer leur situation. La prise de rendez-vous se fait \u00e9galement par t\u00e9l\u00e9phone, au <strong>021 620 76 76<\/strong>, du lundi au vendredi de 8h - 12h et de 14h \u00e0 18h.<br \/>\r\n<br \/>\r\nN'h\u00e9sitez pas \u00e0 nous \u00e9crire \u00e0 nouveau avec d'autres questions, des pr\u00e9cisions suppl\u00e9mentaires\u00a0 et\/ou pour nous tenir au courant de l'\u00e9volution de la situation. Nous sommes \u00e9galement l\u00e0 pour votre fils s'il souhaite nous \u00e9crire directement avec des questions quant \u00e0 sa relation de couple.<br \/>\r\n<br \/>\r\nNous sommes de tout coeur avec vous et vous envoyons nos meilleures pens\u00e9es.<br \/>\r\n<br \/>\r\n<\/div><\/div><\/div><\/div><\/div><\/div><div class='qa_acc_item'><span class='acc_toggler'><\/span><div class='item_header'><h3>Peut-on pardonner \u00e0 un col\u00e9rique s&#8217;il commence une th\u00e9rapie?<h3><div class='vqf_fixed_width_text'><p>22 novembre 2020 - Elf... Au d\u00e9but ses col\u00e8res \u00e9taient d\u00e9j\u00e0 un soucis. Mais cela se limitait \u00e0 quelques objets qui volent, et des mots fait pour \u00eatre blessant. Et puis cela faisait presque un an qu'il n'y avait plus...<\/p><\/div><\/div><div class='item_body'><div class='quesion_response_block'><div class='question'><h5>Question<\/h5><div class='vqf_fixed_width_text'><div class=\"box-question p2\"><br \/>\r\n<p class=\"color-grey small mt1 mb0\">22 novembre 2020 - Elf...<\/p><br \/>\r\nAu d\u00e9but ses col\u00e8res \u00e9taient d\u00e9j\u00e0 un soucis. Mais cela se limitait \u00e0 quelques objets qui volent, et des mots fait pour \u00eatre blessant. Et puis cela faisait presque un an qu'il n'y avait plus eu de grosse col\u00e8re. Avec le confinement il a commenc\u00e9 \u00e0 d\u00e9primer. Et \u00e0 prendre du Xanax en exc\u00e8s. Cela l'avait mit dans un \u00e9tat de col\u00e8re presque permanant, extr\u00eamement irritable et pr\u00eat \u00e0 faire une crise de col\u00e8re pour presque tout et n'importe quoi. Avec beaucoup de n\u00e9gativit\u00e9 en prime.<br \/>\r\n<br \/>\r\nJ'ai tent\u00e9 de le soutenir du mieux possible malgr\u00e9 la situation invivable, et puis c'est mont\u00e9 d'un cran. Pas de coup de points, plus des grosse claque et un coup de boule o\u00f9 il n'a clairement pas mit toute sa force. J'ai pu le faire partir pour me pr\u00e9server. Mais cela l'a remit dans son \u00e9tat normal, il dit m'aimer comme un fou, qu'il regrette et qu'il accepte de faire une th\u00e9rapie de couple ou personnelle pour son soucis de col\u00e8re.<br \/>\r\n<br \/>\r\nDans on \u00e9tat normal c'est quelqu'un d'adorable, doux attentionn\u00e9. Tout le contraire de ce qu'il a montr\u00e9 en confinement.<br \/>\r\n<br \/>\r\nPeut-on pardonner ou ne doit on pas pardonner? Evidemment que je l'aime et ai envie d'y croire mais apr\u00e8s ce qui s'est pass\u00e9...<br \/>\r\n<br \/>\r\nIl m'a menac\u00e9 de mort lors de col\u00e8re, menac\u00e9 ma famille, mes animaux. Enorm\u00e9ment de violence verbale (insulte, rabaissement) alors que ses col\u00e8res d'avant se contentait de dire des choses blessantes.<br \/>\r\n<br \/>\r\nJe suis une personne qui souffre d'une trop forte \u00e9motivit\u00e9 et j'ai v\u00e9cu un vrai enfer confin\u00e9 avec lui.<br \/>\r\n<br \/>\r\nLes choses si je pardonne ne vont-elles pas forcement recommenc\u00e9? Le Xanax n'a t'il pas \u00e9norm\u00e9ment contribuer?Mon caract\u00e8re qui fait que je ne me soumet pas \u00e0 ses col\u00e8res et lui tienne t\u00eate? Etait-ce un concours de circonstance ou forc\u00e9ment une situation qui t\u00f4t ou tard recommencera?<br \/>\r\n<br \/>\r\nJe me sens perdue entre ma t\u00eate et mon coeur.<br \/>\r\n<br \/>\r\n<\/div><br \/>\r\n<div class=\"bg-grey p2\"><br \/>\r\n<h3><\/p><\/div><\/div><div class='response'><h5>Response<\/h5><div class='vqf_fixed_width_text'><p><\/h3><br \/>\r\nBonjour Madame,<br \/>\r\n<br \/>\r\nVous d\u00e9crivez votre partenaire comme quelqu\u2019un de col\u00e9rique et qui a agi violemment <a href=\"https:\/\/dev-vqf.creatives.com\/la-violence-dans-le-couple\/la-violence-psychologique\/\" target=\"_blank\" rel=\"noopener\">psychologiquement<\/a> puis <a href=\"https:\/\/dev-vqf.creatives.com\/la-violence-dans-le-couple\/la-violence-physique\/\" target=\"_blank\" rel=\"noopener\">physiquement<\/a>. Il a \u00e9galement menac\u00e9 votre famille et vos animaux. Son d\u00e9rapage physique l\u2019a fait prendre conscience de ses agissements et il dit regretter ses actes, vous aimer et commencer une th\u00e9rapie pour que la situation de violence s\u2019arr\u00eate. Vous nous demandez si lui pardonner dans le cas o\u00f9 il fait un travail th\u00e9rapeutique pourrait s\u2019envisager et nous comprenons que vous vous posez \u00e9galement la question de la responsabilit\u00e9.<br \/>\r\n<br \/>\r\nNous comprenons vos doutes et vos peurs pour la suite et nous sommes d\u00e9sol\u00e9-e-s de ce que vous avez v\u00e9cu.<br \/>\r\n<br \/>\r\nTout d\u2019abord, il faut savoir que la violence n\u2019est pas une fatalit\u00e9 et il est possible de ne plus y recourir en ayant un soutien ext\u00e9rieur adapt\u00e9. Il est tr\u00e8s important que votre partenaire suivent les recommandations des professionnel-le-s et fasse un r\u00e9el travail sur la gestion de sa col\u00e8re pour agir d\u2019une autre mani\u00e8re que par la violence lorsque celle-ci monte. \u00c0 Gen\u00e8ve, nous pouvons lui conseiller de consulter aupr\u00e8s de <a href=\"http:\/\/www.vires.ch\/\" target=\"_blank\" rel=\"noopener\">VIRES<\/a>, une association qui aide les personnes ayant recours \u00e0 la violence. Pour les contacter par t\u00e9l\u00e9phone: <strong>022 328 44 33<\/strong> ou par Email:<strong> <a href=\"mailto:vires@bluewin.ch\">vires@bluewin.ch <\/a>.<\/strong><span class=\"Apple-converted-space\"><br \/>\r\n<\/span><br \/>\r\n<br \/>\r\nPar ailleurs, nous lui sugg\u00e9rons vivement de contr\u00f4ler sa prise de Xanax avec un-e psychiatre. Les substances psycho-pharmacologiques ont de nombreux effets et doivent \u00eatre pris de mani\u00e8re consciencieuse car elles peuvent \u00eatre dangereuses et influencer son \u00e9tat psychique.<br \/>\r\n<br \/>\r\n<span class=\"Apple-converted-space\"><strong>Par contre, nous tenons \u00e0 souligner que les substances (drogues ou m\u00e9dicaments) ne rendent pas violent-e, elles peuvent par contre amener \u00e0 manifester plus rapidement ou plus intens\u00e9ment une violence d\u00e9j\u00e0 pr\u00e9sente en lui<\/strong>. Quoi qu'il en soit, <strong>la personne qui recourt \u00e0 la violence<\/strong> <strong>est seule responsable de ses actes<\/strong> et pour qu'un travail sur soi puisse porter ses fruits, il est n\u00e9cessaire que votre partenaire reconnaisse sa responsabilit\u00e9.<br \/>\r\n<\/span><br \/>\r\n<br \/>\r\nPar rapport aux comportements de violence que vous nous avez cit\u00e9s, quel que soit le type, tous sont interdits par la loi en Suisse. Ils\u00a0sont source de destruction de la relation de couple et n\u00e9fastes pour la personne qui les subit. Il est donc important de ne pas les minimiser et vous en prot\u00e9ger est important car la violence \u00e0 tendance \u00e0 se r\u00e9p\u00e9ter et s\u2019intensifier avec le temps si rien n'est entrepris pour y mettre un terme. En cas de n\u00e9cessit\u00e9, \u00e0 Gen\u00e8ve, toute personne victime de violence peut contacter l\u2019association <a href=\"https:\/\/www.avvec.ch\/fr\" target=\"_blank\" rel=\"noopener\">AVVEC<\/a> pour \u00eatre soutenue pour trouver des solutions (t\u00e9l.: <strong>022 797 10 10<\/strong>). N\u2019h\u00e9sitez pas \u00e0 les contacter, les intervenant-e-s peuvent vous accompagner jusqu\u2019\u00e0 ce que la situation s\u2019am\u00e9liore, quoi que vous d\u00e9cidiez.<br \/>\r\n<br \/>\r\nDe votre c\u00f4t\u00e9, vous nous dites avoir une souffrance li\u00e9e \u00e0 vos \u00e9motions. La violence a des cons\u00e9quences sur la personne qui la subit (sentiment de culpabilit\u00e9, \u00e9tat d'alerte permanent, estime de soi qui s'effondre etc.) et ce que vous d\u00e9crivez peut \u00eatre le r\u00e9sultat de ces violences. Aussi, votre \"caract\u00e8re\" n'est ni responsable ni un facteur ayant contribu\u00e9 aux agissements de votre conjoint. N\u2019h\u00e9sitez pas \u00e0 demander <a href=\"https:\/\/www.santepsy.ch\/fr\/\" target=\"_blank\" rel=\"noopener\">de l\u2019aide \u00e0 un-e th\u00e9rapeute<\/a> si vous souhaitez en parler et vous sentir mieux.<span class=\"Apple-converted-space\">\u00a0<\/span><br \/>\r\n<br \/>\r\nNous esp\u00e9rons que ces informations aideront votre r\u00e9flexion et que nos orientations vous permettront de sortir de la violence. Si vous avez d\u2019autres questions ou si vous souhaitez nous donner de vos nouvelles, notre porte reste ouverte. Prenez bien soin de vous.<br \/>\r\n<br \/>\r\n<\/div><\/div><\/div><\/div><\/div><\/div><div class='qa_acc_item'><span class='acc_toggler'><\/span><div class='item_header'><h3>Comment r\u00e9ussir \u00e0 r\u00e9ellement mettre fin \u00e0 une relation toxique?<h3><div class='vqf_fixed_width_text'><p>13 novembre 2020 - Nin... Bonjour, Je vous ai d\u00e9j\u00e0 \u00e9crit en parlant de mon ex-compagnon qui \u00e9tait d\u00e9nigrant, contr\u00f4lant, possessif, col\u00e9rique. Je trouve horrible de d\u00e9crire cela comme \u00e7a, j'ai pas envie de dire du mal de lui. J'ai...<\/p><\/div><\/div><div class='item_body'><div class='quesion_response_block'><div class='question'><h5>Question<\/h5><div class='vqf_fixed_width_text'><div class=\"box-question p2\"><br \/>\r\n<p class=\"color-grey small mt1 mb0\">13 novembre 2020 - Nin...<\/p><br \/>\r\nBonjour,<br \/>\r\n<br \/>\r\nJe vous ai d\u00e9j\u00e0 \u00e9crit en parlant de mon ex-compagnon qui \u00e9tait d\u00e9nigrant, contr\u00f4lant, possessif, col\u00e9rique. Je trouve horrible de d\u00e9crire cela comme \u00e7a, j'ai pas envie de dire du mal de lui. J'ai l'impression que on pensera que j'essaye de me d\u00e9doiner de ma responsabilit\u00e9 dans ma propre situation.<br \/>\r\n<br \/>\r\nBref, je l'ai quitt\u00e9. J'ai pris un studio. Il est reparti dans son canton. J'ai pu r\u00e9cup\u00e9rer mes chats. Mon probl\u00e8me actuel : il a tellement insist\u00e9 que je l'ai revu et on a eu une discussion tr\u00e8s \u00e9motionnelle sur ce qui s'est pass\u00e9, sur ce qui m'avait bless\u00e9 aussi. Il a dit que jamais il avait dit \u00e7a, que j'ai mal compris, que si il l'a dit en tous cas pas avec ces mots et que en tous cas il ne se souvient plus. Finalement il s'est excus\u00e9 que je l'aie compris comme \u00e7a....<br \/>\r\n<br \/>\r\nEt il m'a demand\u00e9 pourquoi j'acceptais encore de lui parler vu ce que j'avais compris, que \u00e0 ma place il aurait refus\u00e9 tout contact. Et l\u00e0, je lui ai dit que j'y arrivais pas car je tenais encore \u00e0 lui. Et j'aurai pas d\u00fb. Je regrette de lui avoir dit je t'aime car m\u00eame si c'est vrai, \u00e0 partir de ce moment-l\u00e0, \u00e7a a recommenc\u00e9 le num\u00e9ro de charme. Et je sais que c'est malsain. Il ne veut pas changer, \u00e7a il me l'a dit clairement. Et on a aussi \u00e9tabli que ni lui ni moi ne voulons redevenir un couple. Lui car \u00e0 ses yeux je suis une \"traitresse\" qui ne respecte pas certaines \"valeurs\", moi car je veux plus revivre ce que j'ai v\u00e9cu.<br \/>\r\n<br \/>\r\nMais on se voit tous les dimanches pour regarder un film ensemble, se faire des calins, se raconter sa semaine et dormir dans les bras l'un de l'autre... La seule barri\u00e8re encore effective est que j'ai refus\u00e9 et je continue de refuser de lui donner mon adresse. Car il \u00e9tait venu chez mes parents quand je m'y \u00e9tais r\u00e9fugi\u00e9e et aussi sur mon lieu de travail, alors j'ai pas confiance qu'il aie mon adresse.<br \/>\r\n<br \/>\r\nComment faire pour r\u00e9ussir \u00e0 ne plus lui r\u00e9pondre? A ne plus c\u00e9der et aller le voir? A ne plus \u00eatre comme alcoolique rn sevrage qui est content d'avoir tenu 4 jours puis rechute encore et encore? Je sais que cette relation d\u00e9truit ma sant\u00e9 mentale. Mais l\u00e0, \u00e9tant loin, j'ai \"que le positif\" et je sais que c'est pas viable long terme mais comment faire le pas?<br \/>\r\n<br \/>\r\nJ'ai peur que ce semblant d'\u00e9quilibre, ce win-win soit juste la premi\u00e8re \u00e9tape pour un nouveau tour de man\u00e8ge... Je ne sais plus vraiment comment faire. Lutter contre cette envie de le revoir m'\u00e9puise. Merci par avance pour votre \u00e9coute.<br \/>\r\n<br \/>\r\n<\/div><br \/>\r\n<div class=\"bg-grey p2\"><br \/>\r\n<h3><\/p><\/div><\/div><div class='response'><h5>Response<\/h5><div class='vqf_fixed_width_text'><p><\/h3><br \/>\r\nBonjour Madame,<br \/>\r\n<br \/>\r\nDepuis notre premier \u00e9change, vous avez d\u00e9cid\u00e9 de quitter votre ex-compagnon, vivant chacun dans des cantons diff\u00e9rents. Toutefois, apr\u00e8s quelques temps, vous avez repris contact et vous avez discut\u00e9 de la situation avec plus de recul. Vous vous \u00eates mis d\u2019accord sur le faite que vous ne souhaitiez pas vous remettre en couple car lui ne veut pas changer de comportement. Vous vous voyez tout de m\u00eame tous les week-ends et continuez \u00e0 vous \u00e9crire des messages, ce qui vous \u00e9puise mentalement. Vous nous demandez comment faire pour couper contact d\u00e9finitivement.<span class=\"Apple-converted-space\">\u00a0<\/span><br \/>\r\n<br \/>\r\nIl sembleraient que vous soyez retomb\u00e9e dans de nouvelles\u00a0habitudes relationnelles, ce qui n\u2019aide pas \u00e0 la rupture.<br \/>\r\n<br \/>\r\nVous dites que cela vous \u00e9puise et il est temps de prendre soin de vous. Une mani\u00e8re d\u2019arr\u00eater cette relation \u00e9puisante serait de faire vos adieux en lui expliquant que vous ne souhaitez plus de cette relation sociale, quelle qu\u2019elle soit et d\u2019effacer son num\u00e9ro, ainsi que de le bloquer. Ce serait une fa\u00e7on de ne plus recevoir ses messages et d\u2019\u00eatre tent\u00e9e \u00e0 nouveau.<span class=\"Apple-converted-space\">\u00a0<\/span><br \/>\r\n<br \/>\r\nSi cette solution ne vous semble pas possible pour le moment, quelle est la cause qui vous emp\u00eache de faire le pas?<br \/>\r\n<br \/>\r\nPeut-\u00eatre que vous pourriez y r\u00e9fl\u00e9chir avec un-e <a href=\"https:\/\/www.santepsy.ch\/fr\/aides-et-soutiens\/\" target=\"_blank\" rel=\"noopener\">th\u00e9rapeute<\/a> ou un-e intervenant-e du <a href=\"https:\/\/malleyprairie.ch\/ambulatoire\/\" target=\"_blank\" rel=\"noopener\">Centre d\u2019accueil de MalleyPrairie<\/a> (<strong>021 620 76 7<\/strong>6) qui pourra vous accompagner dans cette d\u00e9marche de fin de relation.<br \/>\r\n<br \/>\r\nUne mani\u00e8re de se d\u00e9tacher de quelqu\u2019un est \u00e9galement le regain de confiance en soi qui permet de ne plus se sentir mal si l\u2019autre n\u2019est pas l\u00e0. Vous pouvez \u00e9galement travailler \u00e0 renforcer votre estime avec ces <a href=\"https:\/\/www.santepsy.ch\/fr\/\" target=\"_blank\" rel=\"noopener\">professionnel-le-s<\/a> qui vous donneront plusieurs outils pour se faire. Il existe \u00e9galement de nombreux livres en librairies sur le d\u00e9veloppement personnel et l\u2019estime de soi.<br \/>\r\n<br \/>\r\nNous esp\u00e9rons que nos conseils vous aideront \u00e0 sortir de cette situation fatigante et nous vous envoyons plein de courage pour la suite. Nous vous adressons nos meilleurs messages.<br \/>\r\n<br \/>\r\n<\/div><\/div><\/div><\/div><\/div><\/div><div class='qa_acc_item'><span class='acc_toggler'><\/span><div class='item_header'><h3>Je cherche un avocat sp\u00e9cialis\u00e9 dans les violences conjugales<h3><div class='vqf_fixed_width_text'><p>11 novembre 2020 - Oli... Bonjour, je cherche un avocat sur Gen\u00e8ve, Nyon et expert en cas de relations conjugales avec narcissiques pervers.<\/p><\/div><\/div><div class='item_body'><div class='quesion_response_block'><div class='question'><h5>Question<\/h5><div class='vqf_fixed_width_text'><div class=\"box-question p2\"><br \/>\r\n<p class=\"color-grey small mt1 mb0\">11 novembre 2020 - Oli...<\/p><br \/>\r\nBonjour,<br \/>\r\n<br \/>\r\nje cherche un avocat sur Gen\u00e8ve, Nyon et expert en cas de relations conjugales avec narcissiques pervers.<br \/>\r\n<br \/>\r\n<\/div><br \/>\r\n<div class=\"bg-grey p2\"><br \/>\r\n<h3><\/p><\/div><\/div><div class='response'><h5>Response<\/h5><div class='vqf_fixed_width_text'><p><\/h3><br \/>\r\nBonjour Madame,<br \/>\r\n<br \/>\r\nVous recherchez un-e avocat-e\u00a0qui conna\u00eet bien le domaine des violences au sein du couple.<br \/>\r\n<br \/>\r\nDans le canton de vaud, il existe l'association des Avocats Ressources en mati\u00e8re de violence domestique. Vous trouverez sur <a href=\"https:\/\/arvd.ch\/membres\/\" target=\"_blank\" rel=\"noopener\">ce site les contacts des membres<\/a>. Vous pouvez \u00e9galement les appeler au\u00a0<strong>021 317 50 81<\/strong> ou leur \u00e9crire par e-mail (<a href=\"mailto:info@arvd.ch\">info@arvd.ch<\/a>).<br \/>\r\n<br \/>\r\nDans le canton de Gen\u00e8ve, vous pouvez contacter le <a href=\"https:\/\/centrelavi-ge.ch\/\" target=\"_blank\" rel=\"noopener\">Centre LAVI<\/a>\u00a0(<strong>022 320 01 02<\/strong>)\u00a0qui pourra vous donner les coordon\u00e9es des avocat-e-s sp\u00e9cialistes de la r\u00e9gion. Il existe \u00e9galement le <a href=\"https:\/\/csp.ch\/geneve\/?v=77c15b8369ec\" target=\"_blank\" rel=\"noopener\">Centre Social Protestant<\/a>\u00a0(<strong>022\u00a0807 07 00<\/strong>) qui r\u00e9pond aux questions juridiques. Les intervenant-e-s sont sensibles \u00e0 la th\u00e9matique de la violence conjugale. Dans\u00a0le canton de Vaud, il existe \u00e9galement ces deux insititutions, que vous pouvez contacter aux num\u00e9ros\u00a0<strong>021 631 03 00<\/strong>\u00a0pour le <a href=\"http:\/\/www.profa.ch\/horaires-et-telephones\/lavi-telephones\/\" target=\"_blank\" rel=\"noopener\">Centre LAVI<\/a> (qui pourra vous fournir un contact sur Nyon) et <strong>021560 60 60<\/strong> pour le<a href=\"https:\/\/csp.ch\/vaud\/\" target=\"_blank\" rel=\"noopener\"> CSP<\/a>.<br \/>\r\n<br \/>\r\nNous esp\u00e9rons que vous trouverez l'accompagnement dont vous avez besoin pendant cette p\u00e9riode, qui nous l'imaginons, est difficile pour vous. Si vous avez d'autres questions ou que vous souhaitez nous donner de vos nouvelles, vous pouvez nous \u00e9crire \u00e0 nouveau. Prenez soin de vous.<br \/>\r\n<br \/>\r\n<\/div><\/div><\/div><\/div><\/div><\/div><\/div><\/div><\/div><\/div><\/section>[\/vc_column][\/vc_row]<\/p>\n<\/div>","protected":false},"excerpt":{"rendered":"<p>[vc_row][vc_column][vc_column_text] Posez votre question [\/vc_column_text][\/vc_column][\/vc_row]<\/p>\n","protected":false},"author":16,"featured_media":0,"parent":0,"menu_order":0,"comment_status":"closed","ping_status":"closed","template":"","meta":{"_acf_changed":false,"footnotes":""},"class_list":["post-3164","page","type-page","status-publish","hentry"],"acf":[],"yoast_head":"<!-- This site is optimized with the Yoast SEO plugin v27.3 - https:\/\/yoast.com\/product\/yoast-seo-wordpress\/ -->\n<title>Fragen von Internetnutzern &#8226; Violence que faire ?<\/title>\n<meta name=\"robots\" content=\"index, follow, max-snippet:-1, max-image-preview:large, max-video-preview:-1\" \/>\n<link rel=\"canonical\" href=\"https:\/\/www.violencequefaire.ch\/de\/fragen-von-internetnutzern\/\" \/>\n<meta property=\"og:locale\" content=\"de_DE\" \/>\n<meta property=\"og:type\" content=\"article\" \/>\n<meta property=\"og:title\" content=\"Fragen von Internetnutzern &#8226; Violence que faire ?\" \/>\n<meta property=\"og:description\" content=\"[vc_row][vc_column][vc_column_text] Posez votre question [\/vc_column_text][\/vc_column][\/vc_row]\" \/>\n<meta property=\"og:url\" content=\"https:\/\/www.violencequefaire.ch\/de\/fragen-von-internetnutzern\/\" \/>\n<meta property=\"og:site_name\" content=\"Violence que faire ?\" \/>\n<meta property=\"article:modified_time\" content=\"2023-12-13T12:29:36+00:00\" \/>\n<meta name=\"twitter:card\" content=\"summary_large_image\" \/>\n<meta name=\"twitter:label1\" content=\"Gesch\u00e4tzte Lesezeit\" \/>\n\t<meta name=\"twitter:data1\" content=\"1\u00a0Minute\" \/>\n<script type=\"application\/ld+json\" class=\"yoast-schema-graph\">{\"@context\":\"https:\\\/\\\/schema.org\",\"@graph\":[{\"@type\":\"WebPage\",\"@id\":\"https:\\\/\\\/www.violencequefaire.ch\\\/de\\\/fragen-von-internetnutzern\\\/\",\"url\":\"https:\\\/\\\/www.violencequefaire.ch\\\/de\\\/fragen-von-internetnutzern\\\/\",\"name\":\"Fragen von Internetnutzern &#8226; Violence que faire ?\",\"isPartOf\":{\"@id\":\"https:\\\/\\\/www.violencequefaire.ch\\\/de\\\/#website\"},\"datePublished\":\"2022-03-24T11:03:09+00:00\",\"dateModified\":\"2023-12-13T12:29:36+00:00\",\"breadcrumb\":{\"@id\":\"https:\\\/\\\/www.violencequefaire.ch\\\/de\\\/fragen-von-internetnutzern\\\/#breadcrumb\"},\"inLanguage\":\"de\",\"potentialAction\":[{\"@type\":\"ReadAction\",\"target\":[\"https:\\\/\\\/www.violencequefaire.ch\\\/de\\\/fragen-von-internetnutzern\\\/\"]}]},{\"@type\":\"BreadcrumbList\",\"@id\":\"https:\\\/\\\/www.violencequefaire.ch\\\/de\\\/fragen-von-internetnutzern\\\/#breadcrumb\",\"itemListElement\":[{\"@type\":\"ListItem\",\"position\":1,\"name\":\"Startseite\",\"item\":\"https:\\\/\\\/www.violencequefaire.ch\\\/de\\\/\"},{\"@type\":\"ListItem\",\"position\":2,\"name\":\"Fragen von Internetnutzern\"}]},{\"@type\":\"WebSite\",\"@id\":\"https:\\\/\\\/www.violencequefaire.ch\\\/de\\\/#website\",\"url\":\"https:\\\/\\\/www.violencequefaire.ch\\\/de\\\/\",\"name\":\"Violence que faire\",\"description\":\"Des sp\u00e9cialistes r\u00e9pondent personnellement \u00e0 vos questions anonymes sur la violence au sein du couple.\",\"publisher\":{\"@id\":\"https:\\\/\\\/www.violencequefaire.ch\\\/de\\\/#organization\"},\"alternateName\":\"Violenza Cosa Fare\",\"potentialAction\":[{\"@type\":\"SearchAction\",\"target\":{\"@type\":\"EntryPoint\",\"urlTemplate\":\"https:\\\/\\\/www.violencequefaire.ch\\\/de\\\/?s={search_term_string}\"},\"query-input\":{\"@type\":\"PropertyValueSpecification\",\"valueRequired\":true,\"valueName\":\"search_term_string\"}}],\"inLanguage\":\"de\"},{\"@type\":\"Organization\",\"@id\":\"https:\\\/\\\/www.violencequefaire.ch\\\/de\\\/#organization\",\"name\":\"Violence que faire ?\",\"url\":\"https:\\\/\\\/www.violencequefaire.ch\\\/de\\\/\",\"logo\":{\"@type\":\"ImageObject\",\"inLanguage\":\"de\",\"@id\":\"https:\\\/\\\/www.violencequefaire.ch\\\/de\\\/#\\\/schema\\\/logo\\\/image\\\/\",\"url\":\"https:\\\/\\\/www.violencequefaire.ch\\\/wp-content\\\/uploads\\\/2022\\\/04\\\/VQF_LOGO_neutre.jpg\",\"contentUrl\":\"https:\\\/\\\/www.violencequefaire.ch\\\/wp-content\\\/uploads\\\/2022\\\/04\\\/VQF_LOGO_neutre.jpg\",\"width\":253,\"height\":376,\"caption\":\"Violence que faire ?\"},\"image\":{\"@id\":\"https:\\\/\\\/www.violencequefaire.ch\\\/de\\\/#\\\/schema\\\/logo\\\/image\\\/\"}}]}<\/script>\n<!-- \/ Yoast SEO plugin. -->","yoast_head_json":{"title":"Fragen von Internetnutzern &#8226; Violence que faire ?","robots":{"index":"index","follow":"follow","max-snippet":"max-snippet:-1","max-image-preview":"max-image-preview:large","max-video-preview":"max-video-preview:-1"},"canonical":"https:\/\/www.violencequefaire.ch\/de\/fragen-von-internetnutzern\/","og_locale":"de_DE","og_type":"article","og_title":"Fragen von Internetnutzern &#8226; Violence que faire ?","og_description":"[vc_row][vc_column][vc_column_text] Posez votre question [\/vc_column_text][\/vc_column][\/vc_row]","og_url":"https:\/\/www.violencequefaire.ch\/de\/fragen-von-internetnutzern\/","og_site_name":"Violence que faire ?","article_modified_time":"2023-12-13T12:29:36+00:00","twitter_card":"summary_large_image","twitter_misc":{"Gesch\u00e4tzte Lesezeit":"1\u00a0Minute"},"schema":{"@context":"https:\/\/schema.org","@graph":[{"@type":"WebPage","@id":"https:\/\/www.violencequefaire.ch\/de\/fragen-von-internetnutzern\/","url":"https:\/\/www.violencequefaire.ch\/de\/fragen-von-internetnutzern\/","name":"Fragen von Internetnutzern &#8226; Violence que faire ?","isPartOf":{"@id":"https:\/\/www.violencequefaire.ch\/de\/#website"},"datePublished":"2022-03-24T11:03:09+00:00","dateModified":"2023-12-13T12:29:36+00:00","breadcrumb":{"@id":"https:\/\/www.violencequefaire.ch\/de\/fragen-von-internetnutzern\/#breadcrumb"},"inLanguage":"de","potentialAction":[{"@type":"ReadAction","target":["https:\/\/www.violencequefaire.ch\/de\/fragen-von-internetnutzern\/"]}]},{"@type":"BreadcrumbList","@id":"https:\/\/www.violencequefaire.ch\/de\/fragen-von-internetnutzern\/#breadcrumb","itemListElement":[{"@type":"ListItem","position":1,"name":"Startseite","item":"https:\/\/www.violencequefaire.ch\/de\/"},{"@type":"ListItem","position":2,"name":"Fragen von Internetnutzern"}]},{"@type":"WebSite","@id":"https:\/\/www.violencequefaire.ch\/de\/#website","url":"https:\/\/www.violencequefaire.ch\/de\/","name":"Violence que faire","description":"Des sp\u00e9cialistes r\u00e9pondent personnellement \u00e0 vos questions anonymes sur la violence au sein du couple.","publisher":{"@id":"https:\/\/www.violencequefaire.ch\/de\/#organization"},"alternateName":"Violenza Cosa Fare","potentialAction":[{"@type":"SearchAction","target":{"@type":"EntryPoint","urlTemplate":"https:\/\/www.violencequefaire.ch\/de\/?s={search_term_string}"},"query-input":{"@type":"PropertyValueSpecification","valueRequired":true,"valueName":"search_term_string"}}],"inLanguage":"de"},{"@type":"Organization","@id":"https:\/\/www.violencequefaire.ch\/de\/#organization","name":"Violence que faire ?","url":"https:\/\/www.violencequefaire.ch\/de\/","logo":{"@type":"ImageObject","inLanguage":"de","@id":"https:\/\/www.violencequefaire.ch\/de\/#\/schema\/logo\/image\/","url":"https:\/\/www.violencequefaire.ch\/wp-content\/uploads\/2022\/04\/VQF_LOGO_neutre.jpg","contentUrl":"https:\/\/www.violencequefaire.ch\/wp-content\/uploads\/2022\/04\/VQF_LOGO_neutre.jpg","width":253,"height":376,"caption":"Violence que faire ?"},"image":{"@id":"https:\/\/www.violencequefaire.ch\/de\/#\/schema\/logo\/image\/"}}]}},"_links":{"self":[{"href":"https:\/\/www.violencequefaire.ch\/de\/wp-json\/wp\/v2\/pages\/3164","targetHints":{"allow":["GET"]}}],"collection":[{"href":"https:\/\/www.violencequefaire.ch\/de\/wp-json\/wp\/v2\/pages"}],"about":[{"href":"https:\/\/www.violencequefaire.ch\/de\/wp-json\/wp\/v2\/types\/page"}],"author":[{"embeddable":true,"href":"https:\/\/www.violencequefaire.ch\/de\/wp-json\/wp\/v2\/users\/16"}],"replies":[{"embeddable":true,"href":"https:\/\/www.violencequefaire.ch\/de\/wp-json\/wp\/v2\/comments?post=3164"}],"version-history":[{"count":9,"href":"https:\/\/www.violencequefaire.ch\/de\/wp-json\/wp\/v2\/pages\/3164\/revisions"}],"predecessor-version":[{"id":5361,"href":"https:\/\/www.violencequefaire.ch\/de\/wp-json\/wp\/v2\/pages\/3164\/revisions\/5361"}],"wp:attachment":[{"href":"https:\/\/www.violencequefaire.ch\/de\/wp-json\/wp\/v2\/media?parent=3164"}],"curies":[{"name":"wp","href":"https:\/\/api.w.org\/{rel}","templated":true}]}}