{"id":2014,"date":"2022-04-22T15:28:19","date_gmt":"2022-04-22T13:28:19","guid":{"rendered":"https:\/\/dev-vqf.creatives.com\/?page_id=2014"},"modified":"2023-12-13T12:12:11","modified_gmt":"2023-12-13T11:12:11","slug":"eine-frage-stellen","status":"publish","type":"page","link":"https:\/\/www.violencequefaire.ch\/de\/eine-frage-stellen\/","title":{"rendered":"Eine Frage stellen"},"content":{"rendered":"<div class=\"wpb-content-wrapper\"><p>[vc_row][vc_column]<section class='vqf_section_block text_n_media_block block_background'><div class='vqf_container'><div class='vqf_row'><div class='vqf_full_col'><h2>EINE FRAGE STELLEN<\/h2><\/div><div><div class='vqf_fixed_width_text'><p>Sie sind Gewaltopfer oder \u00fcben Gewalt aus? Oder gibt es eine Person in Ihrem Umfeld, die von h\u00e4uslicher Gewalt betroffen ist? Bleiben Sie damit nicht allein.<\/p><br \/>\n<p>Sie durchleben eine schwierige, schmerzhafte Situation. Sie f\u00fchlen sich allein und hilflos. Eine Frage besch\u00e4ftigt Sie, Sie ben\u00f6tigen Informationen oder Sie wollen sich jemandem anvertrauen? Auf dieser Website leihen Ihnen erfahrene Fachleute ein offenes Ohr und beantworten Ihre Fragen.<\/p><br \/>\n<p>violencequefaire.ch ist eine Schweizer Website. Pers\u00f6nliche Antworten k\u00f6nnen nur Usern und Userinnen gegeben werden, die in der Schweiz wohnen.<\/p><br \/>\n<p>Um n\u00fctzliche Adressen in Frankreich zu erhalten, k\u00f6nnen Sie die\u00a0<a href=\"http:\/\/www.solidaritefemmes.org\/\" target=\"_blanc\" rel=\"noopener\">Association Solidarit\u00e9 Femmes<\/a>\u00a0kontaktieren, unter der Gratis-Nummer 3919 anrufen oder sich an die Netzwerke\u00a0<a href=\"http:\/\/www.france-victimes.fr\/\" target=\"_blanc\" rel=\"noopener\">INAVEM<\/a>\u00a0oder\u00a0<a href=\"http:\/\/www.fnacav.fr\/\" target=\"_blanc\" rel=\"noopener\">FNACAV<\/a>\u00a0wenden, die sich an Opfer beziehungsweise gewaltaus\u00fcbende Personen richten.<\/p><br \/>\n<p>Sie k\u00f6nnen sich auch an das\u00a0<a href=\"https:\/\/www.wave-network.org\/find-help\/\" target=\"blanc\" rel=\"noopener\">europ\u00e4ische Netzwerk WAVE<\/a>\u00a0richten, bei dem Sie die Kontaktangaben der Hilfsvereinigungen finden, die Ihrem Wohnort am n\u00e4chsten gelegen sind und bei denen Sie konkrete Hilfe f\u00fcr Ihre Situation erhalten.<\/p><\/div><\/div><\/div><div class='vqf_accordion_block'><div class='accordion_item'><div class='accordion_header'><span class='title'>Pers\u00f6nliche Beratung<\/span><\/div><div class='accordion_body'><div class='acc_body_inner'><div class='vqf_fixed_width_text'><p>Unter violencequefaire.ch k\u00f6nnen Sie anonym alle Fragen stellen, die Sie besch\u00e4ftigen. Fachleute aus der Opferhilfe und T\u00e4ter-\/T\u00e4terinnenarbeit werden Ihnen pers\u00f6nlich antworten. Die Fachleute verf\u00fcgen \u00fcber einen grossen Erfahrungsschatz, k\u00f6nnen die Komplexit\u00e4t Ihrer Situation nachvollziehen und Sie entsprechend unterst\u00fctzen. Sie werden wohl\u00fcberlegte und an Ihren besonderen Kontext angepasste Informationen und Ratschl\u00e4ge erhalten.<\/p><\/div><\/div><\/div><\/div><div class='accordion_item'><div class='accordion_header'><span class='title'>Ihre Situation verdient die gr\u00f6sste Aufmerksamkeit<\/span><\/div><div class='accordion_body'><div class='acc_body_inner'><div class='vqf_fixed_width_text'><p>Sie m\u00f6gen vielleicht denken, dass Ihre Situation nicht so schlimm sei, dass Sie anderen Leuten, die \u00abwirklich Hilfe ben\u00f6tigen\u00bb Platz lassen sollten. Ganz im Gegenteil! Ihre Situation verdient genau so viel Aufmerksamkeit, wie die der Anderen. Diese Website richtet sich an alle Personen, die von h\u00e4uslicher Gewalt betroffen sind. Wir haben immer Zeit f\u00fcr Sie!<\/p><\/div><\/div><\/div><\/div><div class='accordion_item'><div class='accordion_header'><span class='title'>Sie sind in die Schweiz eingewandert und haben eine rechtliche Frage<\/span><\/div><div class='accordion_body'><div class='acc_body_inner'><div class='vqf_fixed_width_text'><p>Sie sind in die Schweiz eingewandert, sind in Ihrer Partnerschaft Gewalt ausgesetzt und haben rechtliche Fragen? Kontaktieren Sie uns!<br \/>\n<br \/>\n- F\u00fcr den Kanton Bern:<br \/>\nLe Centre social protestant (CSP) \u2013 info@csp-beju.ch<br \/>\nFabrina Beratungsstelle f\u00fcr Frauen und M\u00e4nner in binationalen Beziehung \u2013 info@frabina.ch<br \/>\n<br \/>\n- F\u00fcr den Kanton Freiburg:<br \/>\nKontaktstelle Schweizer Immigranten (CCSI) \u2013 info@ccsi-fr.ch<br \/>\nCaritas \u2013 info@caritas-fr.ch<br \/>\n<br \/>\n- F\u00fcr den Kanton Genf:<br \/>\nCentre social protestant (CSP) \u2013 info@csp-ge.ch<br \/>\n<br \/>\n- F\u00fcr den Kanton Jura:<br \/>\nCentre social protestant (CSP) \u2013 consultation@csp-beju.ch<br \/>\n<br \/>\n- F\u00fcr den Kanton Neuenburg<br \/>\nCaritas \u2013 caritas.neuchatel@ne.ch<br \/>\n<br \/>\n- F\u00fcr den Kanton Wallis:<br \/>\nCentre Suisse \u2013 Immigr\u00e9s \u2013 csivs@bluewin.ch<br \/>\n<br \/>\n- F\u00fcr den Kanton Waadt:<br \/>\nThe Fraternit\u00e9 du Centre social protestant (CSP) \u2013 frat@csp-vd.ch<\/p><\/div><\/div><\/div><\/div><div class='accordion_item'><div class='accordion_header'><span class='title'>Wie kann ich eine Frage stellen<\/span><\/div><div class='accordion_body'><div class='acc_body_inner'><div class='vqf_fixed_width_text'><p>Registrieren Sie sich mit einem Pseudonym und einem Passwort auf unserer Website \u2013 und schon k\u00f6nnen Sie eine Frage stellen. Dieser Dienst ist gratis.<br \/>\n<br \/>\nWenn Sie noch keinen Zugriff haben, k\u00f6nnen Sie sich unter Espace Perso (Pers\u00f6nlicher Account) unten registrieren. Das geht schnell und einfach. Stellen Sie uns Ihre Frage und wir werden Ihnen sobald als m\u00f6glich antworten.<br \/>\n<br \/>\nNormalerweise dauert es drei Arbeitstage, bis Sie eine Antwort von uns erhalten \u2013 je nach Sprache, in der Sie uns kontaktieren, kann das auch etwas l\u00e4nger dauern.<br \/>\n<br \/>\nMelden Sie sich wieder mit Ihren Zugangsdaten an und klicken Sie auf \u00abMon compte\u00bb (Mein Konto) \u2013 und schon k\u00f6nnen Sie unsere Antwort lesen.<\/p><\/div><\/div><\/div><\/div><\/div><\/div><\/section>[\/vc_column][\/vc_row]<\/p>\n<\/div>","protected":false},"excerpt":{"rendered":"<p>[vc_row][vc_column][\/vc_column][\/vc_row]<\/p>\n","protected":false},"author":16,"featured_media":0,"parent":0,"menu_order":0,"comment_status":"closed","ping_status":"closed","template":"","meta":{"_acf_changed":false,"footnotes":""},"class_list":["post-2014","page","type-page","status-publish","hentry"],"acf":[],"yoast_head":"<!-- This site is optimized with the Yoast SEO plugin v27.3 - https:\/\/yoast.com\/product\/yoast-seo-wordpress\/ -->\n<title>Eine Frage stellen &#8226; Violence que faire ?<\/title>\n<meta name=\"robots\" content=\"index, follow, max-snippet:-1, max-image-preview:large, max-video-preview:-1\" \/>\n<link rel=\"canonical\" href=\"https:\/\/www.violencequefaire.ch\/de\/eine-frage-stellen\/\" \/>\n<meta property=\"og:locale\" content=\"de_DE\" \/>\n<meta property=\"og:type\" content=\"article\" \/>\n<meta property=\"og:title\" content=\"Eine Frage stellen &#8226; Violence que faire ?\" \/>\n<meta property=\"og:description\" content=\"[vc_row][vc_column][\/vc_column][\/vc_row]\" \/>\n<meta property=\"og:url\" content=\"https:\/\/www.violencequefaire.ch\/de\/eine-frage-stellen\/\" \/>\n<meta property=\"og:site_name\" content=\"Violence que faire ?\" \/>\n<meta property=\"article:modified_time\" content=\"2023-12-13T11:12:11+00:00\" \/>\n<meta name=\"twitter:card\" content=\"summary_large_image\" \/>\n<meta name=\"twitter:label1\" content=\"Gesch\u00e4tzte Lesezeit\" \/>\n\t<meta name=\"twitter:data1\" content=\"1\u00a0Minute\" \/>\n<script type=\"application\/ld+json\" class=\"yoast-schema-graph\">{\"@context\":\"https:\\\/\\\/schema.org\",\"@graph\":[{\"@type\":\"WebPage\",\"@id\":\"https:\\\/\\\/www.violencequefaire.ch\\\/de\\\/eine-frage-stellen\\\/\",\"url\":\"https:\\\/\\\/www.violencequefaire.ch\\\/de\\\/eine-frage-stellen\\\/\",\"name\":\"Eine Frage stellen &#8226; Violence que faire ?\",\"isPartOf\":{\"@id\":\"https:\\\/\\\/www.violencequefaire.ch\\\/de\\\/#website\"},\"datePublished\":\"2022-04-22T13:28:19+00:00\",\"dateModified\":\"2023-12-13T11:12:11+00:00\",\"breadcrumb\":{\"@id\":\"https:\\\/\\\/www.violencequefaire.ch\\\/de\\\/eine-frage-stellen\\\/#breadcrumb\"},\"inLanguage\":\"de\",\"potentialAction\":[{\"@type\":\"ReadAction\",\"target\":[\"https:\\\/\\\/www.violencequefaire.ch\\\/de\\\/eine-frage-stellen\\\/\"]}]},{\"@type\":\"BreadcrumbList\",\"@id\":\"https:\\\/\\\/www.violencequefaire.ch\\\/de\\\/eine-frage-stellen\\\/#breadcrumb\",\"itemListElement\":[{\"@type\":\"ListItem\",\"position\":1,\"name\":\"Startseite\",\"item\":\"https:\\\/\\\/www.violencequefaire.ch\\\/de\\\/\"},{\"@type\":\"ListItem\",\"position\":2,\"name\":\"Eine Frage stellen\"}]},{\"@type\":\"WebSite\",\"@id\":\"https:\\\/\\\/www.violencequefaire.ch\\\/de\\\/#website\",\"url\":\"https:\\\/\\\/www.violencequefaire.ch\\\/de\\\/\",\"name\":\"Violence que faire\",\"description\":\"Des sp\u00e9cialistes r\u00e9pondent personnellement \u00e0 vos questions anonymes sur la violence au sein du couple.\",\"publisher\":{\"@id\":\"https:\\\/\\\/www.violencequefaire.ch\\\/de\\\/#organization\"},\"alternateName\":\"Violenza Cosa Fare\",\"potentialAction\":[{\"@type\":\"SearchAction\",\"target\":{\"@type\":\"EntryPoint\",\"urlTemplate\":\"https:\\\/\\\/www.violencequefaire.ch\\\/de\\\/?s={search_term_string}\"},\"query-input\":{\"@type\":\"PropertyValueSpecification\",\"valueRequired\":true,\"valueName\":\"search_term_string\"}}],\"inLanguage\":\"de\"},{\"@type\":\"Organization\",\"@id\":\"https:\\\/\\\/www.violencequefaire.ch\\\/de\\\/#organization\",\"name\":\"Violence que faire ?\",\"url\":\"https:\\\/\\\/www.violencequefaire.ch\\\/de\\\/\",\"logo\":{\"@type\":\"ImageObject\",\"inLanguage\":\"de\",\"@id\":\"https:\\\/\\\/www.violencequefaire.ch\\\/de\\\/#\\\/schema\\\/logo\\\/image\\\/\",\"url\":\"https:\\\/\\\/www.violencequefaire.ch\\\/wp-content\\\/uploads\\\/2022\\\/04\\\/VQF_LOGO_neutre.jpg\",\"contentUrl\":\"https:\\\/\\\/www.violencequefaire.ch\\\/wp-content\\\/uploads\\\/2022\\\/04\\\/VQF_LOGO_neutre.jpg\",\"width\":253,\"height\":376,\"caption\":\"Violence que faire ?\"},\"image\":{\"@id\":\"https:\\\/\\\/www.violencequefaire.ch\\\/de\\\/#\\\/schema\\\/logo\\\/image\\\/\"}}]}<\/script>\n<!-- \/ Yoast SEO plugin. -->","yoast_head_json":{"title":"Eine Frage stellen &#8226; Violence que faire ?","robots":{"index":"index","follow":"follow","max-snippet":"max-snippet:-1","max-image-preview":"max-image-preview:large","max-video-preview":"max-video-preview:-1"},"canonical":"https:\/\/www.violencequefaire.ch\/de\/eine-frage-stellen\/","og_locale":"de_DE","og_type":"article","og_title":"Eine Frage stellen &#8226; Violence que faire ?","og_description":"[vc_row][vc_column][\/vc_column][\/vc_row]","og_url":"https:\/\/www.violencequefaire.ch\/de\/eine-frage-stellen\/","og_site_name":"Violence que faire ?","article_modified_time":"2023-12-13T11:12:11+00:00","twitter_card":"summary_large_image","twitter_misc":{"Gesch\u00e4tzte Lesezeit":"1\u00a0Minute"},"schema":{"@context":"https:\/\/schema.org","@graph":[{"@type":"WebPage","@id":"https:\/\/www.violencequefaire.ch\/de\/eine-frage-stellen\/","url":"https:\/\/www.violencequefaire.ch\/de\/eine-frage-stellen\/","name":"Eine Frage stellen &#8226; Violence que faire ?","isPartOf":{"@id":"https:\/\/www.violencequefaire.ch\/de\/#website"},"datePublished":"2022-04-22T13:28:19+00:00","dateModified":"2023-12-13T11:12:11+00:00","breadcrumb":{"@id":"https:\/\/www.violencequefaire.ch\/de\/eine-frage-stellen\/#breadcrumb"},"inLanguage":"de","potentialAction":[{"@type":"ReadAction","target":["https:\/\/www.violencequefaire.ch\/de\/eine-frage-stellen\/"]}]},{"@type":"BreadcrumbList","@id":"https:\/\/www.violencequefaire.ch\/de\/eine-frage-stellen\/#breadcrumb","itemListElement":[{"@type":"ListItem","position":1,"name":"Startseite","item":"https:\/\/www.violencequefaire.ch\/de\/"},{"@type":"ListItem","position":2,"name":"Eine Frage stellen"}]},{"@type":"WebSite","@id":"https:\/\/www.violencequefaire.ch\/de\/#website","url":"https:\/\/www.violencequefaire.ch\/de\/","name":"Violence que faire","description":"Des sp\u00e9cialistes r\u00e9pondent personnellement \u00e0 vos questions anonymes sur la violence au sein du couple.","publisher":{"@id":"https:\/\/www.violencequefaire.ch\/de\/#organization"},"alternateName":"Violenza Cosa Fare","potentialAction":[{"@type":"SearchAction","target":{"@type":"EntryPoint","urlTemplate":"https:\/\/www.violencequefaire.ch\/de\/?s={search_term_string}"},"query-input":{"@type":"PropertyValueSpecification","valueRequired":true,"valueName":"search_term_string"}}],"inLanguage":"de"},{"@type":"Organization","@id":"https:\/\/www.violencequefaire.ch\/de\/#organization","name":"Violence que faire ?","url":"https:\/\/www.violencequefaire.ch\/de\/","logo":{"@type":"ImageObject","inLanguage":"de","@id":"https:\/\/www.violencequefaire.ch\/de\/#\/schema\/logo\/image\/","url":"https:\/\/www.violencequefaire.ch\/wp-content\/uploads\/2022\/04\/VQF_LOGO_neutre.jpg","contentUrl":"https:\/\/www.violencequefaire.ch\/wp-content\/uploads\/2022\/04\/VQF_LOGO_neutre.jpg","width":253,"height":376,"caption":"Violence que faire ?"},"image":{"@id":"https:\/\/www.violencequefaire.ch\/de\/#\/schema\/logo\/image\/"}}]}},"_links":{"self":[{"href":"https:\/\/www.violencequefaire.ch\/de\/wp-json\/wp\/v2\/pages\/2014","targetHints":{"allow":["GET"]}}],"collection":[{"href":"https:\/\/www.violencequefaire.ch\/de\/wp-json\/wp\/v2\/pages"}],"about":[{"href":"https:\/\/www.violencequefaire.ch\/de\/wp-json\/wp\/v2\/types\/page"}],"author":[{"embeddable":true,"href":"https:\/\/www.violencequefaire.ch\/de\/wp-json\/wp\/v2\/users\/16"}],"replies":[{"embeddable":true,"href":"https:\/\/www.violencequefaire.ch\/de\/wp-json\/wp\/v2\/comments?post=2014"}],"version-history":[{"count":6,"href":"https:\/\/www.violencequefaire.ch\/de\/wp-json\/wp\/v2\/pages\/2014\/revisions"}],"predecessor-version":[{"id":5331,"href":"https:\/\/www.violencequefaire.ch\/de\/wp-json\/wp\/v2\/pages\/2014\/revisions\/5331"}],"wp:attachment":[{"href":"https:\/\/www.violencequefaire.ch\/de\/wp-json\/wp\/v2\/media?parent=2014"}],"curies":[{"name":"wp","href":"https:\/\/api.w.org\/{rel}","templated":true}]}}