{"id":10633,"date":"2024-09-23T13:17:21","date_gmt":"2024-09-23T11:17:21","guid":{"rendered":"https:\/\/www.violencequefaire.ch\/tests\/"},"modified":"2025-10-16T11:50:05","modified_gmt":"2025-10-16T09:50:05","slug":"tests","status":"publish","type":"page","link":"https:\/\/www.violencequefaire.ch\/de\/tests\/","title":{"rendered":"Tests"},"content":{"rendered":"<div class=\"wpb-content-wrapper\"><p>[vc_row][vc_column]<section class='vqf_section_block only_for_tab'><div class='vqf_container'><div class='vqf_row'><div class='vqf_full_col'><h2><\/h2><div class='vqf_tabs'><ul class='tab_btns'><li data-tab='tab_1' class='actv_tab'><span>Je subis de la violence<\/span><\/li><li data-tab='tab_2'><span>J'ai recours \u00e0 la violence<\/span><\/li><li data-tab='tab_3'><span>Je suis t\u00e9moin de violence<\/span><\/li><li data-tab='tab_4'><span>Je suis jeune<\/span><\/li><\/ul><\/div><\/div><\/div><\/div><\/section>[vc_row_inner el_id=&#8220;tab_1&#8243; el_class=&#8220;tab_container_item&#8220;][vc_column_inner]<section class='vqf_section_block'><div class='vqf_container'><div class='vqf_row'><div class='vqf_full_col'><h2>Je subis de la violence - Les tests<\/h2><div class='vqf_intra_links_block innerpage_intra_links'><div class='inner_row'><div class='intra_link_col'><div class='intra_link_item'><a href='https:\/\/www.violencequefaire.ch\/tests-dev\/test-mythes-et-realites\/' aria-label='Mythes et r\u00e9alit\u00e9s'><\/a><div class='intra_item_inner'><div class='intra_body'><span class='intra_title'>Mythes et r\u00e9alit\u00e9s<\/span><p class='intra_info'>Commencer le test<\/p><\/div><div class='intra_footer'><img src='https:\/\/www.violencequefaire.ch\/wp-content\/themes\/vqf\/assets\/img\/icons\/arrow_black.svg' alt=''><\/div><\/div><\/div><\/div><div class='intra_link_col'><div class='intra_link_item'><a href='https:\/\/www.violencequefaire.ch\/tests-dev\/test-suis-je-concerne-e-x-par-la-violence\/' aria-label='Suis-je concern\u00e9-e-x par la violence&nbsp;?'><\/a><div class='intra_item_inner'><div class='intra_body'><span class='intra_title'>Suis-je concern\u00e9-e-x par la violence&nbsp;?<\/span><p class='intra_info'>Commencer le test<\/p><\/div><div class='intra_footer'><img src='https:\/\/www.violencequefaire.ch\/wp-content\/themes\/vqf\/assets\/img\/icons\/arrow_black.svg' alt=''><\/div><\/div><\/div><\/div><div class='intra_link_col'><div class='intra_link_item'><a href='https:\/\/www.violencequefaire.ch\/tests-dev\/test-la-violence-a-t-elle-vraiment-cesse\/' aria-label='La violence a-t-elle vraiment cess\u00e9&nbsp;?'><\/a><div class='intra_item_inner'><div class='intra_body'><span class='intra_title'>La violence a-t-elle vraiment cess\u00e9&nbsp;?<\/span><p class='intra_info'>Commencer le test<\/p><\/div><div class='intra_footer'><img src='https:\/\/www.violencequefaire.ch\/wp-content\/themes\/vqf\/assets\/img\/icons\/arrow_black.svg' alt=''><\/div><\/div><\/div><\/div><\/div><\/div><\/div><\/div><\/div><\/section>[\/vc_column_inner][\/vc_row_inner][vc_row_inner el_id=&#8220;tab_2&#8243; el_class=&#8220;tab_container_item&#8220;][vc_column_inner]<section class='vqf_section_block'><div class='vqf_container'><div class='vqf_row'><div class='vqf_full_col'><h2>J'ai recours \u00e0 la violence - Les tests<\/h2><div class='vqf_intra_links_block innerpage_intra_links'><div class='inner_row'><div class='intra_link_col'><div class='intra_link_item'><a href='https:\/\/www.violencequefaire.ch\/tests\/test-mythes-et-realites-jai-recours-a-la-violence\/' aria-label='Mythes et r\u00e9alit\u00e9s'><\/a><div class='intra_item_inner'><div class='intra_body'><span class='intra_title'>Mythes et r\u00e9alit\u00e9s<\/span><p class='intra_info'>Commencer le test<\/p><\/div><div class='intra_footer'><img src='https:\/\/www.violencequefaire.ch\/wp-content\/themes\/vqf\/assets\/img\/icons\/arrow_black.svg' alt=''><\/div><\/div><\/div><\/div><div class='intra_link_col'><div class='intra_link_item'><a href='https:\/\/www.violencequefaire.ch\/tests\/test-ai-je-des-comportements-violents\/' aria-label='Ai-je des comportements violents&nbsp;?'><\/a><div class='intra_item_inner'><div class='intra_body'><span class='intra_title'>Ai-je des comportements violents&nbsp;?<\/span><p class='intra_info'>Commencer le test<\/p><\/div><div class='intra_footer'><img src='https:\/\/www.violencequefaire.ch\/wp-content\/themes\/vqf\/assets\/img\/icons\/arrow_black.svg' alt=''><\/div><\/div><\/div><\/div><\/div><\/div><\/div><\/div><\/div><\/section>[\/vc_column_inner][\/vc_row_inner][vc_row_inner el_id=&#8220;tab_3&#8243; el_class=&#8220;tab_container_item&#8220;][vc_column_inner]<section class='vqf_section_block'><div class='vqf_container'><div class='vqf_row'><div class='vqf_full_col'><h2>Je suis t\u00e9moin de violence - Les tests<\/h2><div class='vqf_intra_links_block innerpage_intra_links'><div class='inner_row'><div class='intra_link_col'><div class='intra_link_item'><a href='https:\/\/www.violencequefaire.ch\/tests\/test-mythes-et-realites-2\/' aria-label='Mythes et r\u00e9alit\u00e9s'><\/a><div class='intra_item_inner'><div class='intra_body'><span class='intra_title'>Mythes et r\u00e9alit\u00e9s<\/span><p class='intra_info'>Commencer le test<\/p><\/div><div class='intra_footer'><img src='https:\/\/www.violencequefaire.ch\/wp-content\/themes\/vqf\/assets\/img\/icons\/arrow_black.svg' alt=''><\/div><\/div><\/div><\/div><\/div><\/div><\/div><\/div><\/div><\/section>[\/vc_column_inner][\/vc_row_inner][vc_row_inner el_id=&#8220;tab_4&#8243; el_class=&#8220;tab_container_item&#8220;][vc_column_inner]<section class='vqf_section_block'><div class='vqf_container'><div class='vqf_row'><div class='vqf_full_col'><h2>Je suis jeune - Les tests<\/h2><div class='vqf_intra_links_block innerpage_intra_links'><div class='inner_row'><div class='intra_link_col'><div class='intra_link_item'><a href='https:\/\/www.violencequefaire.ch\/tests\/test-mythes-et-realites-jeunes\/' aria-label='Mythes et r\u00e9alit\u00e9s'><\/a><div class='intra_item_inner'><div class='intra_body'><span class='intra_title'>Mythes et r\u00e9alit\u00e9s<\/span><p class='intra_info'>Commencer le test<\/p><\/div><div class='intra_footer'><img src='https:\/\/www.violencequefaire.ch\/wp-content\/themes\/vqf\/assets\/img\/icons\/arrow_black.svg' alt=''><\/div><\/div><\/div><\/div><div class='intra_link_col'><div class='intra_link_item'><a href='https:\/\/www.violencequefaire.ch\/tests\/test-toi-ton-couple-ca-va\/' aria-label='Toi, ton couple, \u00e7a va&nbsp;?'><\/a><div class='intra_item_inner'><div class='intra_body'><span class='intra_title'>Toi, ton couple, \u00e7a va&nbsp;?<\/span><p class='intra_info'>Commencer le test<\/p><\/div><div class='intra_footer'><img src='https:\/\/www.violencequefaire.ch\/wp-content\/themes\/vqf\/assets\/img\/icons\/arrow_black.svg' alt=''><\/div><\/div><\/div><\/div><div class='intra_link_col'><div class='intra_link_item'><a href='https:\/\/www.violencequefaire.ch\/tests\/test-ai-je-des-comportements-violents-2\/' aria-label='Test \u2013 Ai-je des comportements violents ?'><\/a><div class='intra_item_inner'><div class='intra_body'><span class='intra_title'>Test \u2013 Ai-je des comportements violents ?<\/span><p class='intra_info'>Commencer le test<\/p><\/div><div class='intra_footer'><img src='https:\/\/www.violencequefaire.ch\/wp-content\/themes\/vqf\/assets\/img\/icons\/arrow_black.svg' alt=''><\/div><\/div><\/div><\/div><div class='intra_link_col'><div class='intra_link_item'><a href='https:\/\/www.violencequefaire.ch\/tests-dev\/test-sais-tu-reconnaitre-les-differentes-formes-de-violences\/' aria-label='Sais-tu reconna\u00eetre les diff\u00e9rentes formes de violences&nbsp;?'><\/a><div class='intra_item_inner'><div class='intra_body'><span class='intra_title'>Sais-tu reconna\u00eetre les diff\u00e9rentes formes de violences&nbsp;?<\/span><p class='intra_info'>Commencer le test<\/p><\/div><div class='intra_footer'><img src='https:\/\/www.violencequefaire.ch\/wp-content\/themes\/vqf\/assets\/img\/icons\/arrow_black.svg' alt=''><\/div><\/div><\/div><\/div><\/div><\/div><\/div><\/div><\/div><\/section>[\/vc_column_inner][\/vc_row_inner][\/vc_column][\/vc_row]<\/p>\n<\/div>","protected":false},"excerpt":{"rendered":"<p>[vc_row][vc_column][vc_row_inner el_id=&#8220;tab_1&#8243; el_class=&#8220;tab_container_item&#8220;][vc_column_inner][\/vc_column_inner][\/vc_row_inner][vc_row_inner el_id=&#8220;tab_2&#8243; el_class=&#8220;tab_container_item&#8220;][vc_column_inner][\/vc_column_inner][\/vc_row_inner][vc_row_inner el_id=&#8220;tab_3&#8243; el_class=&#8220;tab_container_item&#8220;][vc_column_inner][\/vc_column_inner][\/vc_row_inner][vc_row_inner el_id=&#8220;tab_4&#8243; el_class=&#8220;tab_container_item&#8220;][vc_column_inner][\/vc_column_inner][\/vc_row_inner][\/vc_column][\/vc_row]<\/p>\n","protected":false},"author":16,"featured_media":0,"parent":0,"menu_order":0,"comment_status":"closed","ping_status":"closed","template":"","meta":{"_acf_changed":false,"footnotes":""},"class_list":["post-10633","page","type-page","status-publish","hentry"],"acf":[],"yoast_head":"<!-- This site is optimized with the Yoast SEO plugin v27.3 - https:\/\/yoast.com\/product\/yoast-seo-wordpress\/ -->\n<title>Tests &#8226; Violence que faire ?<\/title>\n<meta name=\"description\" content=\"Victime, auteur ou t\u00e9moin de violence, vous n&#039;\u00eates pas s\u00fbr? Tu es jeune et tu te poses des questions? Testez vous avec nos diff\u00e9rents tests.\" \/>\n<meta name=\"robots\" content=\"index, follow, max-snippet:-1, max-image-preview:large, max-video-preview:-1\" \/>\n<link rel=\"canonical\" href=\"https:\/\/www.violencequefaire.ch\/de\/tests\/\" \/>\n<meta property=\"og:locale\" content=\"de_DE\" \/>\n<meta property=\"og:type\" content=\"article\" \/>\n<meta property=\"og:title\" content=\"Tests &#8226; Violence que faire ?\" \/>\n<meta property=\"og:description\" content=\"Victime, auteur ou t\u00e9moin de violence, vous n&#039;\u00eates pas s\u00fbr? Tu es jeune et tu te poses des questions? Testez vous avec nos diff\u00e9rents tests.\" \/>\n<meta property=\"og:url\" content=\"https:\/\/www.violencequefaire.ch\/de\/tests\/\" \/>\n<meta property=\"og:site_name\" content=\"Violence que faire ?\" \/>\n<meta property=\"article:modified_time\" content=\"2025-10-16T09:50:05+00:00\" \/>\n<meta name=\"twitter:card\" content=\"summary_large_image\" \/>\n<meta name=\"twitter:label1\" content=\"Gesch\u00e4tzte Lesezeit\" \/>\n\t<meta name=\"twitter:data1\" content=\"1\u00a0Minute\" \/>\n<script type=\"application\/ld+json\" class=\"yoast-schema-graph\">{\"@context\":\"https:\\\/\\\/schema.org\",\"@graph\":[{\"@type\":\"WebPage\",\"@id\":\"https:\\\/\\\/www.violencequefaire.ch\\\/de\\\/tests\\\/\",\"url\":\"https:\\\/\\\/www.violencequefaire.ch\\\/de\\\/tests\\\/\",\"name\":\"Tests &#8226; Violence que faire ?\",\"isPartOf\":{\"@id\":\"https:\\\/\\\/www.violencequefaire.ch\\\/de\\\/#website\"},\"datePublished\":\"2024-09-23T11:17:21+00:00\",\"dateModified\":\"2025-10-16T09:50:05+00:00\",\"description\":\"Victime, auteur ou t\u00e9moin de violence, vous n'\u00eates pas s\u00fbr? Tu es jeune et tu te poses des questions? Testez vous avec nos diff\u00e9rents tests.\",\"breadcrumb\":{\"@id\":\"https:\\\/\\\/www.violencequefaire.ch\\\/de\\\/tests\\\/#breadcrumb\"},\"inLanguage\":\"de\",\"potentialAction\":[{\"@type\":\"ReadAction\",\"target\":[\"https:\\\/\\\/www.violencequefaire.ch\\\/de\\\/tests\\\/\"]}]},{\"@type\":\"BreadcrumbList\",\"@id\":\"https:\\\/\\\/www.violencequefaire.ch\\\/de\\\/tests\\\/#breadcrumb\",\"itemListElement\":[{\"@type\":\"ListItem\",\"position\":1,\"name\":\"Startseite\",\"item\":\"https:\\\/\\\/www.violencequefaire.ch\\\/de\\\/\"},{\"@type\":\"ListItem\",\"position\":2,\"name\":\"Tests\"}]},{\"@type\":\"WebSite\",\"@id\":\"https:\\\/\\\/www.violencequefaire.ch\\\/de\\\/#website\",\"url\":\"https:\\\/\\\/www.violencequefaire.ch\\\/de\\\/\",\"name\":\"Violence que faire\",\"description\":\"Des sp\u00e9cialistes r\u00e9pondent personnellement \u00e0 vos questions anonymes sur la violence au sein du couple.\",\"publisher\":{\"@id\":\"https:\\\/\\\/www.violencequefaire.ch\\\/de\\\/#organization\"},\"alternateName\":\"Violenza Cosa Fare\",\"potentialAction\":[{\"@type\":\"SearchAction\",\"target\":{\"@type\":\"EntryPoint\",\"urlTemplate\":\"https:\\\/\\\/www.violencequefaire.ch\\\/de\\\/?s={search_term_string}\"},\"query-input\":{\"@type\":\"PropertyValueSpecification\",\"valueRequired\":true,\"valueName\":\"search_term_string\"}}],\"inLanguage\":\"de\"},{\"@type\":\"Organization\",\"@id\":\"https:\\\/\\\/www.violencequefaire.ch\\\/de\\\/#organization\",\"name\":\"Violence que faire ?\",\"url\":\"https:\\\/\\\/www.violencequefaire.ch\\\/de\\\/\",\"logo\":{\"@type\":\"ImageObject\",\"inLanguage\":\"de\",\"@id\":\"https:\\\/\\\/www.violencequefaire.ch\\\/de\\\/#\\\/schema\\\/logo\\\/image\\\/\",\"url\":\"https:\\\/\\\/www.violencequefaire.ch\\\/wp-content\\\/uploads\\\/2022\\\/04\\\/VQF_LOGO_neutre.jpg\",\"contentUrl\":\"https:\\\/\\\/www.violencequefaire.ch\\\/wp-content\\\/uploads\\\/2022\\\/04\\\/VQF_LOGO_neutre.jpg\",\"width\":253,\"height\":376,\"caption\":\"Violence que faire ?\"},\"image\":{\"@id\":\"https:\\\/\\\/www.violencequefaire.ch\\\/de\\\/#\\\/schema\\\/logo\\\/image\\\/\"}}]}<\/script>\n<!-- \/ Yoast SEO plugin. -->","yoast_head_json":{"title":"Tests &#8226; Violence que faire ?","description":"Victime, auteur ou t\u00e9moin de violence, vous n'\u00eates pas s\u00fbr? Tu es jeune et tu te poses des questions? Testez vous avec nos diff\u00e9rents tests.","robots":{"index":"index","follow":"follow","max-snippet":"max-snippet:-1","max-image-preview":"max-image-preview:large","max-video-preview":"max-video-preview:-1"},"canonical":"https:\/\/www.violencequefaire.ch\/de\/tests\/","og_locale":"de_DE","og_type":"article","og_title":"Tests &#8226; Violence que faire ?","og_description":"Victime, auteur ou t\u00e9moin de violence, vous n'\u00eates pas s\u00fbr? Tu es jeune et tu te poses des questions? Testez vous avec nos diff\u00e9rents tests.","og_url":"https:\/\/www.violencequefaire.ch\/de\/tests\/","og_site_name":"Violence que faire ?","article_modified_time":"2025-10-16T09:50:05+00:00","twitter_card":"summary_large_image","twitter_misc":{"Gesch\u00e4tzte Lesezeit":"1\u00a0Minute"},"schema":{"@context":"https:\/\/schema.org","@graph":[{"@type":"WebPage","@id":"https:\/\/www.violencequefaire.ch\/de\/tests\/","url":"https:\/\/www.violencequefaire.ch\/de\/tests\/","name":"Tests &#8226; Violence que faire ?","isPartOf":{"@id":"https:\/\/www.violencequefaire.ch\/de\/#website"},"datePublished":"2024-09-23T11:17:21+00:00","dateModified":"2025-10-16T09:50:05+00:00","description":"Victime, auteur ou t\u00e9moin de violence, vous n'\u00eates pas s\u00fbr? Tu es jeune et tu te poses des questions? Testez vous avec nos diff\u00e9rents tests.","breadcrumb":{"@id":"https:\/\/www.violencequefaire.ch\/de\/tests\/#breadcrumb"},"inLanguage":"de","potentialAction":[{"@type":"ReadAction","target":["https:\/\/www.violencequefaire.ch\/de\/tests\/"]}]},{"@type":"BreadcrumbList","@id":"https:\/\/www.violencequefaire.ch\/de\/tests\/#breadcrumb","itemListElement":[{"@type":"ListItem","position":1,"name":"Startseite","item":"https:\/\/www.violencequefaire.ch\/de\/"},{"@type":"ListItem","position":2,"name":"Tests"}]},{"@type":"WebSite","@id":"https:\/\/www.violencequefaire.ch\/de\/#website","url":"https:\/\/www.violencequefaire.ch\/de\/","name":"Violence que faire","description":"Des sp\u00e9cialistes r\u00e9pondent personnellement \u00e0 vos questions anonymes sur la violence au sein du couple.","publisher":{"@id":"https:\/\/www.violencequefaire.ch\/de\/#organization"},"alternateName":"Violenza Cosa Fare","potentialAction":[{"@type":"SearchAction","target":{"@type":"EntryPoint","urlTemplate":"https:\/\/www.violencequefaire.ch\/de\/?s={search_term_string}"},"query-input":{"@type":"PropertyValueSpecification","valueRequired":true,"valueName":"search_term_string"}}],"inLanguage":"de"},{"@type":"Organization","@id":"https:\/\/www.violencequefaire.ch\/de\/#organization","name":"Violence que faire ?","url":"https:\/\/www.violencequefaire.ch\/de\/","logo":{"@type":"ImageObject","inLanguage":"de","@id":"https:\/\/www.violencequefaire.ch\/de\/#\/schema\/logo\/image\/","url":"https:\/\/www.violencequefaire.ch\/wp-content\/uploads\/2022\/04\/VQF_LOGO_neutre.jpg","contentUrl":"https:\/\/www.violencequefaire.ch\/wp-content\/uploads\/2022\/04\/VQF_LOGO_neutre.jpg","width":253,"height":376,"caption":"Violence que faire ?"},"image":{"@id":"https:\/\/www.violencequefaire.ch\/de\/#\/schema\/logo\/image\/"}}]}},"_links":{"self":[{"href":"https:\/\/www.violencequefaire.ch\/de\/wp-json\/wp\/v2\/pages\/10633","targetHints":{"allow":["GET"]}}],"collection":[{"href":"https:\/\/www.violencequefaire.ch\/de\/wp-json\/wp\/v2\/pages"}],"about":[{"href":"https:\/\/www.violencequefaire.ch\/de\/wp-json\/wp\/v2\/types\/page"}],"author":[{"embeddable":true,"href":"https:\/\/www.violencequefaire.ch\/de\/wp-json\/wp\/v2\/users\/16"}],"replies":[{"embeddable":true,"href":"https:\/\/www.violencequefaire.ch\/de\/wp-json\/wp\/v2\/comments?post=10633"}],"version-history":[{"count":3,"href":"https:\/\/www.violencequefaire.ch\/de\/wp-json\/wp\/v2\/pages\/10633\/revisions"}],"predecessor-version":[{"id":11849,"href":"https:\/\/www.violencequefaire.ch\/de\/wp-json\/wp\/v2\/pages\/10633\/revisions\/11849"}],"wp:attachment":[{"href":"https:\/\/www.violencequefaire.ch\/de\/wp-json\/wp\/v2\/media?parent=10633"}],"curies":[{"name":"wp","href":"https:\/\/api.w.org\/{rel}","templated":true}]}}