{"id":2628,"date":"2022-03-25T15:03:20","date_gmt":"2022-03-25T14:03:20","guid":{"rendered":"https:\/\/dev-vqf.creatives.com\/?page_id=2628"},"modified":"2023-12-13T08:33:47","modified_gmt":"2023-12-13T07:33:47","slug":"vi-ste-se-doselili-u-svajcarsku-i-zelite-da-postavite-neko-pravno-pitanje","status":"publish","type":"page","link":"https:\/\/www.violencequefaire.ch\/bs\/vi-ste-se-doselili-u-svajcarsku-i-zelite-da-postavite-neko-pravno-pitanje\/","title":{"rendered":"Vi ste se doselili u \u0160vajcarsku i \u017eelite da postavite neko pravno pitanje"},"content":{"rendered":"<div class=\"wpb-content-wrapper\"><p>[vc_row][vc_column]<section class='vqf_section_block'><div class='vqf_container'><div class='vqf_row'><div class='vqf_full_col'><h2>Vi ste se doselili u \u0160vajcarsku i \u017eelite da postavite neko pravno pitanje<\/h2><\/div><\/div><\/div><\/section>[\/vc_column][\/vc_row][vc_row][vc_column]<section class='vqf_section_block'><div class='vqf_container'><div class='vqf_row'><div class='vqf_full_col'><h2>Definicija<\/h2><div class='vqf_fixed_width_text'><\/p>\n<div class=\"vc_row wpb_row vc_row-fluid bg-grey\" data-vc-full-width=\"true\" data-vc-full-width-init=\"true\">\n<div class=\"wpb_column vc_column_container vc_col-sm-12\">\n<div class=\"vc_column-inner\">\n<div class=\"wpb_wrapper\">\n<div class=\"vc_row wpb_row vc_inner vc_row-fluid\">\n<div class=\"wpb_column vc_column_container vc_col-sm-10\">\n<div class=\"vc_column-inner\">\n<div class=\"wpb_wrapper\">\n<div class=\"wpb_text_column wpb_content_element \">\n<div class=\"wpb_wrapper\">\n<p>Vi ste se doselili u \u0160vajcarsku, \u017eivite u paru trpe\u0107i nasilje i hteli biste odgovore na razna pravna pitanja\u00a0? Nemojte oklevati da se obratite slede\u0107im ustanovama\u00a0:<\/p>\n<ul class=\"contact-juridiques-immigre\">\n<li>Kanton Bern:<br \/>\n<a href=\"https:\/\/csp.ch\/berne-jura\/\" target=\"_blanc\" rel=\"noopener\">Le Centre social protestant (CSP)<\/a><a href=\"mailto:info@%63%73p-bej%75%2ech\">\u00a0\u2013\u00a0<\/a><a href=\"mailto:info@%63%73p-bej%75%2ech\">info@csp-beju.ch<\/a><\/li>\n<li>Kanton Fribur:<br \/>\n<a href=\"http:\/\/ccsi-fr.ch\/fr_FR\/\" target=\"_blanc\" rel=\"noopener\">Le CCSI\/SOS<\/a><a href=\"mailto:info@%63a%72i%74as-%66r%2ech\">\u00a0\u2013\u00a0<\/a><a href=\"mailto:i%6ef%6f@cc%73%69-%66r%2ec%68\">info@ccsi-fr.ch<\/a><a href=\"mailto:info@%63a%72i%74as-%66r%2ech\"><br \/>\n<\/a><a href=\"http:\/\/www.caritas-fribourg.ch\/nous-trouver\" target=\"_blanc\" rel=\"noopener\">Caritas<\/a><a href=\"mailto:info@%63a%72i%74as-%66r%2ech\">\u00a0\u2013\u00a0<\/a><a href=\"mailto:info@%63a%72i%74as-%66r%2ech\">info@caritas-fr.ch<\/a><\/li>\n<li>Kanton \u017deneva:<br \/>\n<a href=\"https:\/\/csp.ch\/geneve\/\" target=\"_blanc\" rel=\"noopener\">Centre social protestant (CSP)<\/a>\u00a0\u2013\u00a0<a href=\"mailto:info@cs%70-%67e%2ech\">info@csp-ge.ch<\/a><\/li>\n<li>Kanton Jura:<br \/>\n<a href=\"https:\/\/csp.ch\/berne-jura\/\" target=\"_blanc\" rel=\"noopener\">Le Centre social protestant (CSP)<\/a><a href=\"mailto:%63onsultati%6fn@csp-b%65%6au%2ech\">\u00a0\u2013\u00a0<\/a><a href=\"mailto:%63onsultati%6fn@csp-b%65%6au%2ech\">consultation@csp-beju.ch<\/a><\/li>\n<li>Kanton Noj\u0161atel:<br \/>\n<a href=\"https:\/\/www.caritas-neuchatel.ch\/contact\" target=\"_blanc\" rel=\"noopener\">Caritas<\/a><a href=\"mailto:c%61ritas.n%65%75c%68a%74el@%6ee%2ech\">\u00a0\u2013\u00a0<\/a><a href=\"mailto:c%61ritas.n%65%75c%68a%74el@%6ee%2ech\">caritas.neuchatel@ne.ch<\/a><\/li>\n<li>Kanton Vale:<br \/>\n<a href=\"http:\/\/www.csivs.ch\/permanence-juridique-et-sociale\" target=\"_blanc\" rel=\"noopener\">Le Centre Suisse \u2013 Immigr\u00e9s\u00a0<\/a><a href=\"mailto:c%73ivs@%62lu%65w%69n%2e%63h\">\u2013\u00a0<\/a><a href=\"mailto:c%73ivs@%62lu%65w%69n%2e%63h\">csivs@bluewin.ch<\/a><\/li>\n<li>Kanton Vo:<br \/>\n<a href=\"https:\/\/csp.ch\/vaud\/services\/questions-de-migration\/\" target=\"_blanc\" rel=\"noopener\">La Fraternit\u00e9 du Centre social protestant (CSP)\u00a0<\/a><a href=\"mailto:%66%72at@c%73%70%2dvd%2ec%68\">\u00a0\u2013\u00a0<\/a><a href=\"mailto:%66%72at@c%73%70%2dvd%2ec%68\">frat@csp-vd.ch<\/a><\/li>\n<\/ul>\n<\/div>\n<\/div>\n<\/div>\n<\/div>\n<\/div>\n<div class=\"wpb_column vc_column_container vc_col-sm-1\">\n<div class=\"vc_column-inner\">\n<div class=\"wpb_wrapper\"><\/div>\n<\/div>\n<\/div>\n<\/div>\n<\/div>\n<\/div>\n<\/div>\n<\/div>\n<div class=\"vc_row-full-width vc_clearfix\"><\/div>\n<div class=\"vqf_floating_buttons\">\n<div class=\"vqf_row\"><\/div>\n<div class=\"return_to_top\">\n<p>Retour au sommet<\/p>\n<div class=\"round\"><\/div>\n<\/div>\n<\/div>\n<footer>\n<div id=\"wpadminbar\" class=\"nojq\">\n<p><a class=\"screen-reader-shortcut\" tabindex=\"1\" href=\"https:\/\/dev-vqf.creatives.com\/bs\/vi-ste-se-doselili-u-svajcarsku-i-zelite-da-postavite-neko-pravno-pitanje\/#wp-toolbar\">Idi na alatnu traku<\/a><\/p>\n<div id=\"wp-toolbar\" class=\"quicklinks\" role=\"navigation\" aria-label=\"Alatna traka\">\n<ul id=\"wp-admin-bar-root-default\" class=\"ab-top-menu\">\n<li id=\"wp-admin-bar-wp-logo\" class=\"menupop\"><a class=\"ab-item\" href=\"https:\/\/dev-vqf.creatives.com\/wp-admin\/about.php\" aria-haspopup=\"true\"><span class=\"screen-reader-text\">O WordPressu<\/span><\/a><\/li>\n<li id=\"wp-admin-bar-site-name\" class=\"menupop\"><a class=\"ab-item\" href=\"https:\/\/dev-vqf.creatives.com\/wp-admin\/\" aria-haspopup=\"true\">Violence que faire ?<\/a><\/li>\n<li id=\"wp-admin-bar-customize\" class=\"hide-if-no-customize\"><a class=\"ab-item\" href=\"https:\/\/dev-vqf.creatives.com\/wp-admin\/customize.php?url=https%3A%2F%2Fdev-vqf.creatives.com%2Fbs%2Fvi-ste-se-doselili-u-svajcarsku-i-zelite-da-postavite-neko-pravno-pitanje%2F\">Prilagodi<\/a><\/li>\n<li id=\"wp-admin-bar-updates\"><a class=\"ab-item\" href=\"https:\/\/dev-vqf.creatives.com\/wp-admin\/update-core.php\"><span class=\"ab-label\" aria-hidden=\"true\">10<\/span><span class=\"screen-reader-text updates-available-text\">Dostupno je 10 a\u017euriranja<\/span><\/a><\/li>\n<li id=\"wp-admin-bar-comments\"><a class=\"ab-item\" href=\"https:\/\/dev-vqf.creatives.com\/wp-admin\/edit-comments.php\"><span class=\"ab-label awaiting-mod pending-count count-0\" aria-hidden=\"true\">0<\/span><span class=\"screen-reader-text comments-in-moderation-text\">0 komentara za odobrenje<\/span><\/a><\/li>\n<li id=\"wp-admin-bar-new-content\" class=\"menupop\"><a class=\"ab-item\" href=\"https:\/\/dev-vqf.creatives.com\/wp-admin\/post-new.php\" aria-haspopup=\"true\"><span class=\"ab-label\">Dodaj<\/span><\/a><\/li>\n<li id=\"wp-admin-bar-translate\"><a class=\"ab-item\" href=\"https:\/\/dev-vqf.creatives.com\/wp-admin\/admin.php?page=tm%2Fmenu%2Ftranslations-queue.php&amp;return_url=https%3A%2F%2Fdev-vqf.creatives.com%2Fwp-admin%2Fedit.php%3Fpost_type%3Dpage%26lang%3Dbs&amp;lang=bs&amp;job_id=1029\"><img decoding=\"async\" class=\"ab-icon\" src=\"https:\/\/dev-vqf.creatives.com\/wp-content\/plugins\/sitepress-multilingual-cms\/res\/img\/icon16.png\" \/>Edit Translation<\/a><\/li>\n<li id=\"wp-admin-bar-edit\" class=\"menupop\"><a class=\"ab-item\" href=\"https:\/\/dev-vqf.creatives.com\/wp-admin\/post.php?post=2628&amp;action=edit&amp;lang=bs&amp;classic-editor\" aria-haspopup=\"true\">Uredi stranicu<\/a><\/li>\n<li id=\"wp-admin-bar-wpseo-menu\" class=\"menupop\">\n<div id=\"yoast-ab-icon\" class=\"ab-item yoast-logo svg\"><span class=\"screen-reader-text\">SEO<\/span><\/div>\n<div class=\"wpseo-score-icon bad adminbar-seo-score\" title=\"Focus keyphrase not set\" aria-hidden=\"true\"><span class=\"wpseo-score-text screen-reader-text\">Focus keyphrase not set<\/span><\/div>\n<\/li>\n<li id=\"wp-admin-bar-vc_inline-admin-bar-link\" class=\"vc_inline-link\"><a class=\"ab-item\" href=\"https:\/\/dev-vqf.creatives.com\/wp-admin\/post.php?vc_action=vc_inline&amp;post_id=2628&amp;post_type=page\">Edit with WPBakery Page Builder<\/a><\/li>\n<\/ul>\n<ul id=\"wp-admin-bar-top-secondary\" class=\"ab-top-secondary ab-top-menu\">\n<li id=\"wp-admin-bar-search\" class=\"admin-bar-search\">\n<div class=\"ab-item ab-empty-item\" tabindex=\"-1\">\n<form id=\"adminbarsearch\" action=\"https:\/\/dev-vqf.creatives.com\/bs\/\" method=\"get\"><input id=\"adminbar-search\" class=\"adminbar-input\" maxlength=\"150\" name=\"s\" type=\"text\" value=\"\" \/><label class=\"screen-reader-text\" for=\"adminbar-search\">Pretraga<\/label><\/form>\n<\/div>\n<\/li>\n<li id=\"wp-admin-bar-my-account\" class=\"menupop with-avatar\"><a class=\"ab-item\" href=\"https:\/\/dev-vqf.creatives.com\/wp-admin\/profile.php\" aria-haspopup=\"true\">Pozdrav,\u00a0<span class=\"display-name\">admin<\/span><img loading=\"lazy\" decoding=\"async\" class=\"avatar avatar-26 photo\" src=\"https:\/\/secure.gravatar.com\/avatar\/3f05c6d90da2cc188e95151a8678eb70?s=26&amp;d=mm&amp;r=g\" srcset=\"https:\/\/secure.gravatar.com\/avatar\/3f05c6d90da2cc188e95151a8678eb70?s=52&amp;d=mm&amp;r=g 2x\" alt=\"\" width=\"26\" height=\"26\" \/><\/a><\/li>\n<\/ul>\n<\/div>\n<p><a class=\"screen-reader-shortcut\" href=\"https:\/\/dev-vqf.creatives.com\/en\/wp-login.php?action=logout&amp;_wpnonce=474d7fb6d4\">Odjava<\/a><\/p>\n<\/div>\n<div class=\"vqf_container\">\n<div class=\"vqf_row\">\n<div class=\"footer_logo\"><\/div>\n<div class=\"support_links\"><\/div>\n<\/div>\n<\/div>\n<\/footer>\n<p><\/div><\/div><\/div><\/div><\/section>[\/vc_column][\/vc_row]<\/p>\n<\/div>","protected":false},"excerpt":{"rendered":"<p>[vc_row][vc_column][\/vc_column][\/vc_row][vc_row][vc_column][\/vc_column][\/vc_row]<\/p>\n","protected":false},"author":16,"featured_media":0,"parent":0,"menu_order":0,"comment_status":"closed","ping_status":"closed","template":"templates\/psychologique.php","meta":{"_acf_changed":false,"footnotes":""},"class_list":["post-2628","page","type-page","status-publish","hentry"],"acf":[],"yoast_head":"<!-- This site is optimized with the Yoast SEO plugin v27.3 - https:\/\/yoast.com\/product\/yoast-seo-wordpress\/ -->\n<title>Vi ste se doselili u \u0160vajcarsku i \u017eelite da postavite neko pravno pitanje &#8226; Violence que faire ?<\/title>\n<meta name=\"robots\" content=\"index, follow, max-snippet:-1, max-image-preview:large, max-video-preview:-1\" \/>\n<link rel=\"canonical\" href=\"https:\/\/www.violencequefaire.ch\/bs\/vi-ste-se-doselili-u-svajcarsku-i-zelite-da-postavite-neko-pravno-pitanje\/\" \/>\n<meta property=\"og:locale\" content=\"bs_BA\" \/>\n<meta property=\"og:type\" content=\"article\" \/>\n<meta property=\"og:title\" content=\"Vi ste se doselili u \u0160vajcarsku i \u017eelite da postavite neko pravno pitanje &#8226; Violence que faire ?\" \/>\n<meta property=\"og:description\" content=\"[vc_row][vc_column][\/vc_column][\/vc_row][vc_row][vc_column][\/vc_column][\/vc_row]\" \/>\n<meta property=\"og:url\" content=\"https:\/\/www.violencequefaire.ch\/bs\/vi-ste-se-doselili-u-svajcarsku-i-zelite-da-postavite-neko-pravno-pitanje\/\" \/>\n<meta property=\"og:site_name\" content=\"Violence que faire ?\" \/>\n<meta property=\"article:modified_time\" content=\"2023-12-13T07:33:47+00:00\" \/>\n<meta property=\"og:image\" content=\"https:\/\/dev-vqf.creatives.com\/wp-content\/plugins\/sitepress-multilingual-cms\/res\/img\/icon16.png\" \/>\n<meta name=\"twitter:card\" content=\"summary_large_image\" \/>\n<meta name=\"twitter:label1\" content=\"Est. reading time\" \/>\n\t<meta name=\"twitter:data1\" content=\"1 minuta\" \/>\n<script type=\"application\/ld+json\" class=\"yoast-schema-graph\">{\"@context\":\"https:\\\/\\\/schema.org\",\"@graph\":[{\"@type\":\"WebPage\",\"@id\":\"https:\\\/\\\/www.violencequefaire.ch\\\/bs\\\/vi-ste-se-doselili-u-svajcarsku-i-zelite-da-postavite-neko-pravno-pitanje\\\/\",\"url\":\"https:\\\/\\\/www.violencequefaire.ch\\\/bs\\\/vi-ste-se-doselili-u-svajcarsku-i-zelite-da-postavite-neko-pravno-pitanje\\\/\",\"name\":\"Vi ste se doselili u \u0160vajcarsku i \u017eelite da postavite neko pravno pitanje &#8226; Violence que faire ?\",\"isPartOf\":{\"@id\":\"https:\\\/\\\/www.violencequefaire.ch\\\/bs\\\/#website\"},\"primaryImageOfPage\":{\"@id\":\"https:\\\/\\\/www.violencequefaire.ch\\\/bs\\\/vi-ste-se-doselili-u-svajcarsku-i-zelite-da-postavite-neko-pravno-pitanje\\\/#primaryimage\"},\"image\":{\"@id\":\"https:\\\/\\\/www.violencequefaire.ch\\\/bs\\\/vi-ste-se-doselili-u-svajcarsku-i-zelite-da-postavite-neko-pravno-pitanje\\\/#primaryimage\"},\"thumbnailUrl\":\"https:\\\/\\\/dev-vqf.creatives.com\\\/wp-content\\\/plugins\\\/sitepress-multilingual-cms\\\/res\\\/img\\\/icon16.png\",\"datePublished\":\"2022-03-25T14:03:20+00:00\",\"dateModified\":\"2023-12-13T07:33:47+00:00\",\"breadcrumb\":{\"@id\":\"https:\\\/\\\/www.violencequefaire.ch\\\/bs\\\/vi-ste-se-doselili-u-svajcarsku-i-zelite-da-postavite-neko-pravno-pitanje\\\/#breadcrumb\"},\"inLanguage\":\"bs-BA\",\"potentialAction\":[{\"@type\":\"ReadAction\",\"target\":[\"https:\\\/\\\/www.violencequefaire.ch\\\/bs\\\/vi-ste-se-doselili-u-svajcarsku-i-zelite-da-postavite-neko-pravno-pitanje\\\/\"]}]},{\"@type\":\"ImageObject\",\"inLanguage\":\"bs-BA\",\"@id\":\"https:\\\/\\\/www.violencequefaire.ch\\\/bs\\\/vi-ste-se-doselili-u-svajcarsku-i-zelite-da-postavite-neko-pravno-pitanje\\\/#primaryimage\",\"url\":\"https:\\\/\\\/dev-vqf.creatives.com\\\/wp-content\\\/plugins\\\/sitepress-multilingual-cms\\\/res\\\/img\\\/icon16.png\",\"contentUrl\":\"https:\\\/\\\/dev-vqf.creatives.com\\\/wp-content\\\/plugins\\\/sitepress-multilingual-cms\\\/res\\\/img\\\/icon16.png\"},{\"@type\":\"BreadcrumbList\",\"@id\":\"https:\\\/\\\/www.violencequefaire.ch\\\/bs\\\/vi-ste-se-doselili-u-svajcarsku-i-zelite-da-postavite-neko-pravno-pitanje\\\/#breadcrumb\",\"itemListElement\":[{\"@type\":\"ListItem\",\"position\":1,\"name\":\"Home\",\"item\":\"https:\\\/\\\/www.violencequefaire.ch\\\/bs\\\/\"},{\"@type\":\"ListItem\",\"position\":2,\"name\":\"Vi ste se doselili u \u0160vajcarsku i \u017eelite da postavite neko pravno pitanje\"}]},{\"@type\":\"WebSite\",\"@id\":\"https:\\\/\\\/www.violencequefaire.ch\\\/bs\\\/#website\",\"url\":\"https:\\\/\\\/www.violencequefaire.ch\\\/bs\\\/\",\"name\":\"Violence que faire\",\"description\":\"Des sp\u00e9cialistes r\u00e9pondent personnellement \u00e0 vos questions anonymes sur la violence au sein du couple.\",\"publisher\":{\"@id\":\"https:\\\/\\\/www.violencequefaire.ch\\\/bs\\\/#organization\"},\"alternateName\":\"Violenza Cosa Fare\",\"potentialAction\":[{\"@type\":\"SearchAction\",\"target\":{\"@type\":\"EntryPoint\",\"urlTemplate\":\"https:\\\/\\\/www.violencequefaire.ch\\\/bs\\\/?s={search_term_string}\"},\"query-input\":{\"@type\":\"PropertyValueSpecification\",\"valueRequired\":true,\"valueName\":\"search_term_string\"}}],\"inLanguage\":\"bs-BA\"},{\"@type\":\"Organization\",\"@id\":\"https:\\\/\\\/www.violencequefaire.ch\\\/bs\\\/#organization\",\"name\":\"Violence que faire ?\",\"url\":\"https:\\\/\\\/www.violencequefaire.ch\\\/bs\\\/\",\"logo\":{\"@type\":\"ImageObject\",\"inLanguage\":\"bs-BA\",\"@id\":\"https:\\\/\\\/www.violencequefaire.ch\\\/bs\\\/#\\\/schema\\\/logo\\\/image\\\/\",\"url\":\"https:\\\/\\\/www.violencequefaire.ch\\\/wp-content\\\/uploads\\\/2022\\\/04\\\/VQF_LOGO_neutre.jpg\",\"contentUrl\":\"https:\\\/\\\/www.violencequefaire.ch\\\/wp-content\\\/uploads\\\/2022\\\/04\\\/VQF_LOGO_neutre.jpg\",\"width\":253,\"height\":376,\"caption\":\"Violence que faire ?\"},\"image\":{\"@id\":\"https:\\\/\\\/www.violencequefaire.ch\\\/bs\\\/#\\\/schema\\\/logo\\\/image\\\/\"}}]}<\/script>\n<!-- \/ Yoast SEO plugin. -->","yoast_head_json":{"title":"Vi ste se doselili u \u0160vajcarsku i \u017eelite da postavite neko pravno pitanje &#8226; Violence que faire ?","robots":{"index":"index","follow":"follow","max-snippet":"max-snippet:-1","max-image-preview":"max-image-preview:large","max-video-preview":"max-video-preview:-1"},"canonical":"https:\/\/www.violencequefaire.ch\/bs\/vi-ste-se-doselili-u-svajcarsku-i-zelite-da-postavite-neko-pravno-pitanje\/","og_locale":"bs_BA","og_type":"article","og_title":"Vi ste se doselili u \u0160vajcarsku i \u017eelite da postavite neko pravno pitanje &#8226; Violence que faire ?","og_description":"[vc_row][vc_column][\/vc_column][\/vc_row][vc_row][vc_column][\/vc_column][\/vc_row]","og_url":"https:\/\/www.violencequefaire.ch\/bs\/vi-ste-se-doselili-u-svajcarsku-i-zelite-da-postavite-neko-pravno-pitanje\/","og_site_name":"Violence que faire ?","article_modified_time":"2023-12-13T07:33:47+00:00","og_image":[{"url":"https:\/\/dev-vqf.creatives.com\/wp-content\/plugins\/sitepress-multilingual-cms\/res\/img\/icon16.png","type":"","width":"","height":""}],"twitter_card":"summary_large_image","twitter_misc":{"Est. reading time":"1 minuta"},"schema":{"@context":"https:\/\/schema.org","@graph":[{"@type":"WebPage","@id":"https:\/\/www.violencequefaire.ch\/bs\/vi-ste-se-doselili-u-svajcarsku-i-zelite-da-postavite-neko-pravno-pitanje\/","url":"https:\/\/www.violencequefaire.ch\/bs\/vi-ste-se-doselili-u-svajcarsku-i-zelite-da-postavite-neko-pravno-pitanje\/","name":"Vi ste se doselili u \u0160vajcarsku i \u017eelite da postavite neko pravno pitanje &#8226; Violence que faire ?","isPartOf":{"@id":"https:\/\/www.violencequefaire.ch\/bs\/#website"},"primaryImageOfPage":{"@id":"https:\/\/www.violencequefaire.ch\/bs\/vi-ste-se-doselili-u-svajcarsku-i-zelite-da-postavite-neko-pravno-pitanje\/#primaryimage"},"image":{"@id":"https:\/\/www.violencequefaire.ch\/bs\/vi-ste-se-doselili-u-svajcarsku-i-zelite-da-postavite-neko-pravno-pitanje\/#primaryimage"},"thumbnailUrl":"https:\/\/dev-vqf.creatives.com\/wp-content\/plugins\/sitepress-multilingual-cms\/res\/img\/icon16.png","datePublished":"2022-03-25T14:03:20+00:00","dateModified":"2023-12-13T07:33:47+00:00","breadcrumb":{"@id":"https:\/\/www.violencequefaire.ch\/bs\/vi-ste-se-doselili-u-svajcarsku-i-zelite-da-postavite-neko-pravno-pitanje\/#breadcrumb"},"inLanguage":"bs-BA","potentialAction":[{"@type":"ReadAction","target":["https:\/\/www.violencequefaire.ch\/bs\/vi-ste-se-doselili-u-svajcarsku-i-zelite-da-postavite-neko-pravno-pitanje\/"]}]},{"@type":"ImageObject","inLanguage":"bs-BA","@id":"https:\/\/www.violencequefaire.ch\/bs\/vi-ste-se-doselili-u-svajcarsku-i-zelite-da-postavite-neko-pravno-pitanje\/#primaryimage","url":"https:\/\/dev-vqf.creatives.com\/wp-content\/plugins\/sitepress-multilingual-cms\/res\/img\/icon16.png","contentUrl":"https:\/\/dev-vqf.creatives.com\/wp-content\/plugins\/sitepress-multilingual-cms\/res\/img\/icon16.png"},{"@type":"BreadcrumbList","@id":"https:\/\/www.violencequefaire.ch\/bs\/vi-ste-se-doselili-u-svajcarsku-i-zelite-da-postavite-neko-pravno-pitanje\/#breadcrumb","itemListElement":[{"@type":"ListItem","position":1,"name":"Home","item":"https:\/\/www.violencequefaire.ch\/bs\/"},{"@type":"ListItem","position":2,"name":"Vi ste se doselili u \u0160vajcarsku i \u017eelite da postavite neko pravno pitanje"}]},{"@type":"WebSite","@id":"https:\/\/www.violencequefaire.ch\/bs\/#website","url":"https:\/\/www.violencequefaire.ch\/bs\/","name":"Violence que faire","description":"Des sp\u00e9cialistes r\u00e9pondent personnellement \u00e0 vos questions anonymes sur la violence au sein du couple.","publisher":{"@id":"https:\/\/www.violencequefaire.ch\/bs\/#organization"},"alternateName":"Violenza Cosa Fare","potentialAction":[{"@type":"SearchAction","target":{"@type":"EntryPoint","urlTemplate":"https:\/\/www.violencequefaire.ch\/bs\/?s={search_term_string}"},"query-input":{"@type":"PropertyValueSpecification","valueRequired":true,"valueName":"search_term_string"}}],"inLanguage":"bs-BA"},{"@type":"Organization","@id":"https:\/\/www.violencequefaire.ch\/bs\/#organization","name":"Violence que faire ?","url":"https:\/\/www.violencequefaire.ch\/bs\/","logo":{"@type":"ImageObject","inLanguage":"bs-BA","@id":"https:\/\/www.violencequefaire.ch\/bs\/#\/schema\/logo\/image\/","url":"https:\/\/www.violencequefaire.ch\/wp-content\/uploads\/2022\/04\/VQF_LOGO_neutre.jpg","contentUrl":"https:\/\/www.violencequefaire.ch\/wp-content\/uploads\/2022\/04\/VQF_LOGO_neutre.jpg","width":253,"height":376,"caption":"Violence que faire ?"},"image":{"@id":"https:\/\/www.violencequefaire.ch\/bs\/#\/schema\/logo\/image\/"}}]}},"_links":{"self":[{"href":"https:\/\/www.violencequefaire.ch\/bs\/wp-json\/wp\/v2\/pages\/2628","targetHints":{"allow":["GET"]}}],"collection":[{"href":"https:\/\/www.violencequefaire.ch\/bs\/wp-json\/wp\/v2\/pages"}],"about":[{"href":"https:\/\/www.violencequefaire.ch\/bs\/wp-json\/wp\/v2\/types\/page"}],"author":[{"embeddable":true,"href":"https:\/\/www.violencequefaire.ch\/bs\/wp-json\/wp\/v2\/users\/16"}],"replies":[{"embeddable":true,"href":"https:\/\/www.violencequefaire.ch\/bs\/wp-json\/wp\/v2\/comments?post=2628"}],"version-history":[{"count":3,"href":"https:\/\/www.violencequefaire.ch\/bs\/wp-json\/wp\/v2\/pages\/2628\/revisions"}],"predecessor-version":[{"id":5289,"href":"https:\/\/www.violencequefaire.ch\/bs\/wp-json\/wp\/v2\/pages\/2628\/revisions\/5289"}],"wp:attachment":[{"href":"https:\/\/www.violencequefaire.ch\/bs\/wp-json\/wp\/v2\/media?parent=2628"}],"curies":[{"name":"wp","href":"https:\/\/api.w.org\/{rel}","templated":true}]}}